{"id":1028,"date":"2024-05-14T12:15:57","date_gmt":"2024-05-14T10:15:57","guid":{"rendered":"https:\/\/www.panoramamarbella.com\/?post_type=agents&#038;p=1028"},"modified":"2025-11-18T12:07:35","modified_gmt":"2025-11-18T11:07:35","slug":"alfonso-munoz","status":"publish","type":"agents","link":"https:\/\/www.panoramamarbella.com\/de\/ueber-uns\/team\/alfonso-munoz","title":{"rendered":"Alfonso Mu\u00f1oz"},"content":{"rendered":"\n\n<p>Geboren in M\u00e1laga, ist Alfonso Mu\u00f1oz seit seiner Kindheit im Immobiliengesch\u00e4ft t\u00e4tig. Sein Vater war bekannt f\u00fcr seinen Einsatz als Vorarbeiter beim Bau vieler emblematischer Geb\u00e4ude in Marbella und Umgebung. Im Jahr 2008 kam Alfonso zu Panorama als unterst\u00fctzendes Mitglied der Verwaltungs- und Listing-Abteilung und seine Brillanz und sein Organisationstalent machten ihn schnell zum Verkaufskoordinator.<\/p>\n\n\n\n<p>Es gibt nur wenige Menschen mit dem stets ausgeglichenen Geist und der Arbeitsmoral, die Alfonso verk\u00f6rpert.&nbsp;&nbsp;Er liebt seine Arbeit und geht immer die &#8222;Extrameile&#8220;, um sicherzustellen, dass er sein Bestes getan hat.&nbsp;Er ist so organisiert, dass er eine Aufgabe in Minuten perfekt erledigt, f\u00fcr die ein anderer ein Vielfaches dieser Zeit ben\u00f6tigen w\u00fcrde.&nbsp;Als Vertriebskoordinator ist er eine Schl\u00fcsselfigur in unserer Organisation, da er den \u00dcberblick \u00fcber unsere Kunden, die Aufzeichnung der gesamten Korrespondenz und die Koordination der Zuweisung von Kunden an unser Vertriebsteam beh\u00e4lt.&nbsp;Dar\u00fcber hinaus hat er sich ein umfangreiches Wissen \u00fcber die von uns zum Verkauf angebotenen Immobilien angeeignet.&nbsp;&nbsp;<\/p>\n\n\n\n<p>Um ihre beruflichen Standards und ethischen Werte weiterhin aufrechtzuerhalten, legte Alfonso 2022 erfolgreich die Pr\u00fcfung und die Fallstudien ab und wurde Mitglied der AssocRICS.<br>Nur wenige Menschen in seinem Alter haben die F\u00e4higkeit, Zuverl\u00e4ssigkeit und den guten Willen gezeigt, wie Alfonso es bei Panorama tut.<\/p>\n\n\n\n<p>Alfonso spricht: Spanisch, Englisch und Deutsch.<\/p>\n\n\n\n\n\t\t<section class=\"container wp-block-acf-inmpropselection\">\n\t\t\t<h2>Von Alfonso empfohlene Immobilien<\/h2>\t\t\t<div class=\"row row-cols-1 row-cols-lg-3 gy-5 g-xxl-5\">\n\t\t\t\t\n<article class=\"col card-properties position-relative d-flex flex-column\">\n\t<div id=\"carouselCardProperties-1-0\" class=\"card-properties-images carousel slide carousel-fade lazy\" data-bs-ride=\"carousel\" data-bs-interval=\"200000\" data-id=\"665486\">\n\t\t<div class=\"carousel-inner\">\n\t\t\t<figure class=\"carousel-item mb-0 active ratio ratio-4x3\">\n\t\t\t\t<picture><source sizes=\"(max-width: 575px) calc(100vw - 24px), (max-width: 767px) 516px, (max-width: 991px) 696px, (max-width: 1199px) 296px, (max-width: 1399px) 356px, 400px\" width=\"696\" height=\"522\" srcset=\"https:\/\/media.panoramamarbella.com\/imgV1\/B95mbh8olwFQm~uCUaVOI2kQT0hb0a8sZ9turUNfnwtvuccYCzs0YVPfPbfkc2VnnN1JFDpkYaGfw1gJsS~5hOh_dKWItYKieotsowurC_vjH2MptSjWJTdtqG1H4Zk2hjzeU1uJyeZ1RNZv45e5Fk5WzC6reqxkDZRg9hsgvfbMY2gGGjNFNP2r5f2ObbEEF4dSM_6VGofdFVA2I0XuuteiMwzMRwTPCLrp1NBsNHWZ94ZPsKPXo6PsuIGP8OtTa~l8zITg3anzZZ2UDMcFDqj25wB2dOkR0of1GabQDs6BG~dGEWNgN5inlGdTyOM~5IB8B_dI1D1LCmv3s0OxVdveCHxkyyTAWGuCEN0kxu3Q6qjrAueWxRe_dc0~aRBaoW2DZ_QWhyg~XeJn0BF1I1M7ypJxQV5njNT2N~RwKV7TOhs7QklnKiWwsH8s6PdZxL12wuVNGfzLMrfWbUyb.webp 696w,https:\/\/media.panoramamarbella.com\/imgV1\/B95mbh8olwFQm~uCUaVOI2kQT0hb0a8sZ9turUNfnwtvuccYCzs0YVPfPbfkc2VnnN1JFDpkYaGfw1gJsS~5hOh_dKWItYKieotsowurC_vjH2MptSjWJTdtqG1H4Zk2hjzeU1uJyeZ1RNZv45e5Fk5WzC6reqxkDZRg9hsgv1NqCaNFENV0_SKdPtXccoF1rt~DQJ6AKsdlH2IL~DwccOTfW2D3PHGrpB6NA3UdvRZusCRyEfwnjcZn7pw5BayEABuQ9E8vVpllsofxeVbqJROqcBNSIw7r3CdAD7RXrRmRduFoH4182K9myprlumbJLKxPIGanf17CThC2dehfRps9V9ssIx8_uDpdd2Y16I3A0XxMqjqZWYEX43XWsPfGDfizWIVDxlSRx5~xWizP1sJkRGK2yg75P662ZOrtiPwTrK8xsxillh_5rkv5YzsRwdT0iY9We5CejsD_KSdE.webp 400w\" type=\"image\/webp\"><img decoding=\"async\" class=\"position-absolute w-100 h-100 object-fit-cover\" alt=\"Neues Villenprojekt am Strand in Cortijo Blanco innerhalb einer geschlossenen Wohnanlage\" loading=\"lazy\" width=\"696\" height=\"522\" src=\"https:\/\/media.panoramamarbella.com\/imgV1\/B95mbh8olwFQm~uCUaVOI2kQT0hb0a8sZ9turUNfnwtvuccYCzs0YVPfPbfkc2VnnN1JFDpkYaGfw1gJsS~5hOh_dKWItYKieotsowurC_vjH2MptSjWJTdtqG1H4Zk2hjzeU1uJyeZ1RNZv45e5Fk5WzC6reqxkDZRg9hsgvfbMY2gGGjNFNP2r5f2Oc8Rss9F1SbdZ5oGWafXzkzA~VmZoouwTcxxTeLK2fgf4wXp4cJXIv2PSP~gwGayKmXi4V3Ni1M0ZDfWVnJeqw3jNM40UejoElbA61lq407MOaHGL7~VOAU5mUZCWuSnt_XPZpjD0UbcVDwh0agjQGL66m86Sp2_ej_2RmYlP_uKR1Az~QMAdqzvNasVB4LRhl64PIq3bcSVTfDfeZFxWveYRqgxDaUtObHV_TeJ2xIbcXoRlUmrSASzRADnf_oY-.jpg\"><\/picture>\t\t\t<\/figure>\n\t\t\t\t\t\t<span class=\"card-properties-ref position-absolute z-2 bottom-0 end-0 bg-white text-primary py-1 px-3 me-3\">\n\t\t\t\tPANR-16063\t\t\t<\/span>\n\t\t\t<button class=\"card-properties-portfolio d-flex align-items-center justify-content-center position-absolute z-3 end-0 text-white bg-primary me-3 border-0 px-0\" data-pfl-id=\"665486\" data-pfl-filter=\"sale\" aria-label=\"Add to portfolio\">\n\t\t\t\t<svg width=\"18\" fill=\"currentColor\" viewBox=\"0 0 512 512\">\n\t\t\t\t\t<use href=\"https:\/\/www.panoramamarbella.com\/wp-content\/themes\/panoramamarbella\/dist\/src\/images\/icons.svg#svgHeart\"><\/use>\n\t\t\t\t<\/svg>\n\t\t\t\t<svg width=\"18\" fill=\"currentColor\" viewBox=\"0 0 512 512\">\n\t\t\t\t\t<use href=\"https:\/\/www.panoramamarbella.com\/wp-content\/themes\/panoramamarbella\/dist\/src\/images\/icons.svg#svgHeartIn\"><\/use>\n\t\t\t\t<\/svg>\n\t\t\t<\/button>\n\t\t<\/div>\n\t\t\t\t<button\n\t\t\tclass=\"carousel-control-prev\"\n\t\t\ttype=\"button\"\n\t\t\tdata-bs-target=\"#carouselCardProperties-1-0\"\n\t\t\tdata-bs-slide=\"prev\">\n\t\t\t<span class=\"carousel-control-prev-icon\" aria-hidden=\"true\"><\/span>\n\t\t\t<span class=\"visually-hidden\">Vorherige<\/span>\n\t\t<\/button>\n\t\t<button\n\t\t\tclass=\"carousel-control-next\"\n\t\t\ttype=\"button\"\n\t\t\tdata-bs-target=\"#carouselCardProperties-1-0\"\n\t\t\tdata-bs-slide=\"next\">\n\t\t\t<span class=\"carousel-control-next-icon\" aria-hidden=\"true\"><\/span>\n\t\t\t<span class=\"visually-hidden\">N\u00e4chste<\/span>\n\t\t<\/button>\n\t\t\t<\/div>\n\t<div class=\"d-flex flex-column h-100 px-3 py-4 shadow\">\n\t\t\t\t<h3 class=\"card-properties-title mb-3\">\n\t\t\t<a class=\"stretched-link\" href=\"\/de\/immobilien\/san-pedro-de-alcantara\/cortijo-blanco\/villen\/PANR-16063\">\n\t\t\t\tNeues Villenprojekt am Strand in Cortijo Blanco innerhalb einer geschlossenen Wohnanlage\t\t\t<\/a>\n\t\t<\/h3>\n\t\t<p class=\"mb-3 text-black-dark\">Cortijo Blanco, San Pedro de Alcantara<\/p>\n\t\t\t\t\t\t<p class=\"card-properties-description mb-3\">\n\t\t\tNur wenige Schritte vom Strand und dem lebhaften Yachthafen von Puerto Ban\u00fas entfernt, setzt diese au\u00dfergew\u00f6hnliche Kollektion von sieben Luxusvillen einen neuen Ma\u00dfstab f\u00fcr zeitgem\u00e4\u00dfes Leben an der K\u00fcste. Die Anlage befindet sich in einer&#8230;\t\t<\/p>\n\t\t\t\t<span class=\"card-properties-price mt-auto\">\n\t\t\t\n\t\t\t<span class=\"card-properties-price mt-auto\" data-original-price=\"3990000\">3.990.000\u00a0\u20ac<\/span>\n\t\t\t\t<\/span>\n\t\t\t\t<ul class=\"card-properties-features list-unstyled d-flex flex-wrap align-items-center gap-3 pt-3 border-top mt-3 mb-0\">\n\t\t\t<li class=\"d-flex align-items-center\">4 Schlafzimmer<\/li><li class=\"d-flex align-items-center\">5 B\u00e4der<\/li>\t\t\t\t<li class=\"d-flex align-items-center\">\n\t\t\t\t\t <span class=\"me-1\" data-original-value=\"780\" data-original-unit=\"m&#038;sup2\">780 m&sup2;<\/span>Gesamt\t\t\t\t<\/li>\n\t\t\t\t\t\t\t<li class=\"d-flex align-items-center\">\n\t\t\t\t\t <span class=\"me-1\" data-original-value=\"812\" data-original-unit=\"m&#038;sup2\">812 m&sup2;<\/span>Grundst\u00fcck\t\t\t\t<\/li>\n\t\t\t\t\t\t\t\t<li class=\"d-flex align-items-center\">\n\t\t\t\t\t <span class=\"me-1\" data-original-value=\"602\" data-original-unit=\"m&#038;sup2\">602 m&sup2;<\/span>Gebaut\t\t\t\t<\/li>\n\t\t\t\t\t\t\t<li class=\"d-flex align-items-center\">\n\t\t\t\t\t <span class=\"me-1\" data-original-value=\"178\" data-original-unit=\"m&#038;sup2\">178 m&sup2;<\/span>Terrassen\t\t\t\t<\/li>\n\t\t\t\t\t<\/ul>\n\t\t\t<\/div>\n<\/article>\n\n\n<article class=\"col card-properties position-relative d-flex flex-column\">\n\t<div id=\"carouselCardProperties-1-1\" class=\"card-properties-images carousel slide carousel-fade lazy\" data-bs-ride=\"carousel\" data-bs-interval=\"200000\" data-id=\"622426\">\n\t\t<div class=\"carousel-inner\">\n\t\t\t<figure class=\"carousel-item mb-0 active ratio ratio-4x3\">\n\t\t\t\t<picture><source sizes=\"(max-width: 575px) calc(100vw - 24px), (max-width: 767px) 516px, (max-width: 991px) 696px, (max-width: 1199px) 296px, (max-width: 1399px) 356px, 400px\" width=\"696\" height=\"522\" srcset=\"https:\/\/media.panoramamarbella.com\/imgV1\/B95mbh8olwFQm~uCUaVOI2kQT0hb0a8sZ9turUNfnwtvuccYCzs0YVPfPbfkc2VnnN1JFDpkYaGfw1gJsS~5h5ZjbiWT2F6ASplrWu8_T5_BIzk87L7396YGOCuJXcQd~c__yr_eac6pDH4CYdLLzLrO5zPk3wjn2fdUa1Ro9d6O5snwqC_sm3n6ciJh9YImA8rlrAtv_uvdRcyODTyXX1Fo5PD4cwidKRkPAvWrYboRSYsNsLJkcPNvEqpEbCZAvh48XotMP3ILCPabduhEIsK4sM_wMwvMqEntAP~50Hu91kIzqfqAIcvDKUGktp4BcXd9uzvUOOmRVtFdaaD0CK2pnQTYQ3RnOg2OT55xEnNDSABhII2UZR2~0wBIgoosjnTsndPVPC2otY2Yl1ot1OnmCQtPgyky7bPqlhEAXuc2r0YJHjcH2YtG2LaaGo3bYMAq6qzrEX7iIIKuFfhv.webp 696w,https:\/\/media.panoramamarbella.com\/imgV1\/B95mbh8olwFQm~uCUaVOI2kQT0hb0a8sZ9turUNfnwtvuccYCzs0YVPfPbfkc2VnnN1JFDpkYaGfw1gJsS~5h5ZjbiWT2F6ASplrWu8_T5_BIzk87L7396YGOCuJXcQd~c__yr_eac6pDH4CYdLLzLrO5zPk3wjn2fdUa1Ro9xljcQC_xJH2SXy5omYdo9nZ6zcTNXQcpampqHOltLodDGUa2wSaQqESyiGK_DSV2kzlYOr6JqSmaCrQvJ2shbV6Fm9aY8jzaaHE2b5SzwhR3k4gsrmJoueV9uSBJg1lyWjBy7dX8QDrUPzN9cBUfn8r1FnzUPK0sDikkVubY27GHpAEGTHvjO5~MRJRcYuH5T7ghGGCfe8WaZQpdfvvXNgZOHIPTAVTWidVr2il4ZI2~OdodtqRSZZiJBK81xBxVMVo72qqCBchykH5D5CneshKJtI6SDi5~ScHAZqPjzjE.webp 400w\" type=\"image\/webp\"><img decoding=\"async\" class=\"position-absolute w-100 h-100 object-fit-cover\" alt=\"Villa Althea \u2013 Elegante, moderne Neubauvilla in Hacienda Las Chapas\" loading=\"lazy\" width=\"696\" height=\"522\" src=\"https:\/\/media.panoramamarbella.com\/imgV1\/B95mbh8olwFQm~uCUaVOI2kQT0hb0a8sZ9turUNfnwtvuccYCzs0YVPfPbfkc2VnnN1JFDpkYaGfw1gJsS~5h5ZjbiWT2F6ASplrWu8_T5_BIzk87L7396YGOCuJXcQd~c__yr_eac6pDH4CYdLLzLrO5zPk3wjn2fdUa1Ro9d6O5snwqC_sm3n6ciJh62tNWZeaI4MM31O5EJUcBLsbSK7G1FNV~HHg39YS3lrvfII1pQZg5Cc3Tm0TJT5iD8WnOuJvBySt7HTa47xQnxKa4C5JiQOfgc59DsZzcig5_3HVyQzOHqWH5cLTRSHWPK_Lrqz6LLNi_rO4WlWRZsz5na_47FoNuwOSvhAiHcXxVr9E8~26HC1ljCdwnv9N_M_GL6wm1PtCQaMk8zLvabYmYN8JQi_5Oc1jNJV6yNo4CWHlOH7WPzvVYTrq7Ek-.jpg\"><\/picture>\t\t\t<\/figure>\n\t\t\t\t\t\t<span class=\"card-properties-ref position-absolute z-2 bottom-0 end-0 bg-white text-primary py-1 px-3 me-3\">\n\t\t\t\tPANR-15686\t\t\t<\/span>\n\t\t\t<button class=\"card-properties-portfolio d-flex align-items-center justify-content-center position-absolute z-3 end-0 text-white bg-primary me-3 border-0 px-0\" data-pfl-id=\"622426\" data-pfl-filter=\"sale\" aria-label=\"Add to portfolio\">\n\t\t\t\t<svg width=\"18\" fill=\"currentColor\" viewBox=\"0 0 512 512\">\n\t\t\t\t\t<use href=\"https:\/\/www.panoramamarbella.com\/wp-content\/themes\/panoramamarbella\/dist\/src\/images\/icons.svg#svgHeart\"><\/use>\n\t\t\t\t<\/svg>\n\t\t\t\t<svg width=\"18\" fill=\"currentColor\" viewBox=\"0 0 512 512\">\n\t\t\t\t\t<use href=\"https:\/\/www.panoramamarbella.com\/wp-content\/themes\/panoramamarbella\/dist\/src\/images\/icons.svg#svgHeartIn\"><\/use>\n\t\t\t\t<\/svg>\n\t\t\t<\/button>\n\t\t<\/div>\n\t\t\t\t<button\n\t\t\tclass=\"carousel-control-prev\"\n\t\t\ttype=\"button\"\n\t\t\tdata-bs-target=\"#carouselCardProperties-1-1\"\n\t\t\tdata-bs-slide=\"prev\">\n\t\t\t<span class=\"carousel-control-prev-icon\" aria-hidden=\"true\"><\/span>\n\t\t\t<span class=\"visually-hidden\">Vorherige<\/span>\n\t\t<\/button>\n\t\t<button\n\t\t\tclass=\"carousel-control-next\"\n\t\t\ttype=\"button\"\n\t\t\tdata-bs-target=\"#carouselCardProperties-1-1\"\n\t\t\tdata-bs-slide=\"next\">\n\t\t\t<span class=\"carousel-control-next-icon\" aria-hidden=\"true\"><\/span>\n\t\t\t<span class=\"visually-hidden\">N\u00e4chste<\/span>\n\t\t<\/button>\n\t\t\t<\/div>\n\t<div class=\"d-flex flex-column h-100 px-3 py-4 shadow\">\n\t\t\t\t<h3 class=\"card-properties-title mb-3\">\n\t\t\t<a class=\"stretched-link\" href=\"\/de\/immobilien\/marbella\/marbella-ost\/hacienda-las-chapas\/villen\/PANR-15686\">\n\t\t\t\tVilla Althea \u2013 Elegante, moderne Neubauvilla in Hacienda Las Chapas\t\t\t<\/a>\n\t\t<\/h3>\n\t\t<p class=\"mb-3 text-black-dark\">Hacienda las Chapas, Marbella Ost<\/p>\n\t\t\t\t\t\t<p class=\"card-properties-description mb-3\">\n\t\t\tIn der renommierten Wohnanlage Hacienda Las Chapas gelegen, pr\u00e4sentiert sich die Villa Althea als beeindruckendes Neubauobjekt, das zeitgen\u00f6ssisches Design mit h\u00f6chstem Komfort und Funktionalit\u00e4t perfekt vereint.\r\n\r\nDie auf drei Ebenen verteilte Villa bietet 450 m\u00b2 Wohnfl\u00e4che&#8230;\t\t<\/p>\n\t\t\t\t<span class=\"card-properties-price mt-auto\">\n\t\t\t\n\t\t\t<span class=\"card-properties-price mt-auto\" data-original-price=\"3350000\">3.350.000\u00a0\u20ac<\/span>\n\t\t\t\t<\/span>\n\t\t\t\t<ul class=\"card-properties-features list-unstyled d-flex flex-wrap align-items-center gap-3 pt-3 border-top mt-3 mb-0\">\n\t\t\t<li class=\"d-flex align-items-center\">4 Schlafzimmer<\/li><li class=\"d-flex align-items-center\">4 B\u00e4der<\/li>\t\t\t\t<li class=\"d-flex align-items-center\">\n\t\t\t\t\t <span class=\"me-1\" data-original-value=\"545\" data-original-unit=\"m&#038;sup2\">545 m&sup2;<\/span>Gesamt\t\t\t\t<\/li>\n\t\t\t\t\t\t\t<li class=\"d-flex align-items-center\">\n\t\t\t\t\t <span class=\"me-1\" data-original-value=\"1344\" data-original-unit=\"m&#038;sup2\">1.344 m&sup2;<\/span>Grundst\u00fcck\t\t\t\t<\/li>\n\t\t\t\t\t\t\t\t<li class=\"d-flex align-items-center\">\n\t\t\t\t\t <span class=\"me-1\" data-original-value=\"342\" data-original-unit=\"m&#038;sup2\">342 m&sup2;<\/span>Gebaut\t\t\t\t<\/li>\n\t\t\t\t\t\t\t<li class=\"d-flex align-items-center\">\n\t\t\t\t\t <span class=\"me-1\" data-original-value=\"203\" data-original-unit=\"m&#038;sup2\">203 m&sup2;<\/span>Terrassen\t\t\t\t<\/li>\n\t\t\t\t\t<\/ul>\n\t\t\t<\/div>\n<\/article>\n\n\n<article class=\"col card-properties position-relative d-flex flex-column\">\n\t<div id=\"carouselCardProperties-1-2\" class=\"card-properties-images carousel slide carousel-fade lazy\" data-bs-ride=\"carousel\" data-bs-interval=\"200000\" data-id=\"612683\">\n\t\t<div class=\"carousel-inner\">\n\t\t\t<figure class=\"carousel-item mb-0 active ratio ratio-4x3\">\n\t\t\t\t<picture><source sizes=\"(max-width: 575px) calc(100vw - 24px), (max-width: 767px) 516px, (max-width: 991px) 696px, (max-width: 1199px) 296px, (max-width: 1399px) 356px, 400px\" width=\"696\" height=\"522\" srcset=\"https:\/\/media.panoramamarbella.com\/imgV1\/B95mbh8olwFQm~uCUaVOI2kQT0hb0a8sZ9turUNfnwtvuccYCzs0YVPfPbfkc2VnnN1JFDpkYaGfw1gJsS~5h5UzL0qBFLM5A8U6aWAyUPaQontLoyyWZ9W~zBB7zVuKBRVrNjXR81X5lFjHjMfqYNgQGJRsmF4kcscBvNgJfe4y37MitDsddgPmbL2gzXEhkSAXVYzYRVxJfazPBeJirVpaVaLLEIUkjtuyyAQjBzXHn~YDtPuULuD1wbiQuepNWM_PoMPIRPKh1a8_WLCa1wYkaskV2KdcPD0FPENvVdyBKW9_YDkviVeV9Kan0Q8E7gpLSaAwGj6UIYI3Oh6wrd01vsJUteL6CjPVUp8Seg1V4FZscObu5GSnG9tyJLhgLj7I8HvgKfPbB1fSdqGTwbjp3YzKla_9232c3yLrXbcouuAfVlCwJi~wh1HiTyx1km~1XSOOh2Udq7p~OP8P.webp 696w,https:\/\/media.panoramamarbella.com\/imgV1\/B95mbh8olwFQm~uCUaVOI2kQT0hb0a8sZ9turUNfnwtvuccYCzs0YVPfPbfkc2VnnN1JFDpkYaGfw1gJsS~5h5UzL0qBFLM5A8U6aWAyUPaQontLoyyWZ9W~zBB7zVuKBRVrNjXR81X5lFjHjMfqYNgQGJRsmF4kcscBvNgJfze1fKQtyOWugvGqbJwKsDiJcrEG7IR~wJa0j8qowYCJMpQ8zlrLGYxQMFT5azg1RcuYQbz4W0rNQfFp~1yIz0iexI~zECMWbW9iCdeFIy_tIJX~weQpFBVtmFKl~CU6F2~ng5ZJpDaKvJF9MrK0SNTTjEvJYuSxMhlZPtiIUMBlwyI_TVNcYSeIeRE24l5sY8CSt60OG_accF9MooNAXgAyzz9bP0V~fgrtooj8y~e040h7jySEPlPJZmGyuPH0loB35uUp3VFdRaKYJC4miUTlJAW_c_tAV~IQBwoYOaU4.webp 400w\" type=\"image\/webp\"><img decoding=\"async\" class=\"position-absolute w-100 h-100 object-fit-cover\" alt=\"Exquisite moderne Wohnung in Marina Puente Romano \u2013 Ein seltenes Juwel an Marbellas Goldener Meile\" loading=\"lazy\" width=\"696\" height=\"522\" src=\"https:\/\/media.panoramamarbella.com\/imgV1\/B95mbh8olwFQm~uCUaVOI2kQT0hb0a8sZ9turUNfnwtvuccYCzs0YVPfPbfkc2VnnN1JFDpkYaGfw1gJsS~5h5UzL0qBFLM5A8U6aWAyUPaQontLoyyWZ9W~zBB7zVuKBRVrNjXR81X5lFjHjMfqYNgQGJRsmF4kcscBvNgJfe4y37MitDsddgPmbL2g01eEbHJt~mKJX_Dw2zAbpjRtkYEdZvaTZAazd3z3LTrDL_nEHQEUbetfmNN2Sw9Si~EcV_AEfkGrTPCe41NL1uientnbuxChJ5fR6LKM4YrY86G3~UABBRPfIqOgjJU_l0NaE8uPFvfN_fxP40FV4hyku~gKobf~M_kqC1Xu9xGLDKbYBMG~GPpg1i2n7RZLAb~5~KNHQf3VIGE6wj8NUlwW92JrV4KC2KKOJ9oeVvIHVmlObEHiVPFdgvbO8S8-.jpg\"><\/picture>\t\t\t<\/figure>\n\t\t\t\t\t\t<span class=\"card-properties-ref position-absolute z-2 bottom-0 end-0 bg-white text-primary py-1 px-3 me-3\">\n\t\t\t\tPANR-15580\t\t\t<\/span>\n\t\t\t<button class=\"card-properties-portfolio d-flex align-items-center justify-content-center position-absolute z-3 end-0 text-white bg-primary me-3 border-0 px-0\" data-pfl-id=\"612683\" data-pfl-filter=\"sale\" aria-label=\"Add to portfolio\">\n\t\t\t\t<svg width=\"18\" fill=\"currentColor\" viewBox=\"0 0 512 512\">\n\t\t\t\t\t<use href=\"https:\/\/www.panoramamarbella.com\/wp-content\/themes\/panoramamarbella\/dist\/src\/images\/icons.svg#svgHeart\"><\/use>\n\t\t\t\t<\/svg>\n\t\t\t\t<svg width=\"18\" fill=\"currentColor\" viewBox=\"0 0 512 512\">\n\t\t\t\t\t<use href=\"https:\/\/www.panoramamarbella.com\/wp-content\/themes\/panoramamarbella\/dist\/src\/images\/icons.svg#svgHeartIn\"><\/use>\n\t\t\t\t<\/svg>\n\t\t\t<\/button>\n\t\t<\/div>\n\t\t\t\t<button\n\t\t\tclass=\"carousel-control-prev\"\n\t\t\ttype=\"button\"\n\t\t\tdata-bs-target=\"#carouselCardProperties-1-2\"\n\t\t\tdata-bs-slide=\"prev\">\n\t\t\t<span class=\"carousel-control-prev-icon\" aria-hidden=\"true\"><\/span>\n\t\t\t<span class=\"visually-hidden\">Vorherige<\/span>\n\t\t<\/button>\n\t\t<button\n\t\t\tclass=\"carousel-control-next\"\n\t\t\ttype=\"button\"\n\t\t\tdata-bs-target=\"#carouselCardProperties-1-2\"\n\t\t\tdata-bs-slide=\"next\">\n\t\t\t<span class=\"carousel-control-next-icon\" aria-hidden=\"true\"><\/span>\n\t\t\t<span class=\"visually-hidden\">N\u00e4chste<\/span>\n\t\t<\/button>\n\t\t\t<\/div>\n\t<div class=\"d-flex flex-column h-100 px-3 py-4 shadow\">\n\t\t\t\t<h3 class=\"card-properties-title mb-3\">\n\t\t\t<a class=\"stretched-link\" href=\"\/de\/immobilien\/marbella\/marbella-goldene-meile\/marina-puente-romano\/wohnungen\/PANR-15580\">\n\t\t\t\tExquisite moderne Wohnung in Marina Puente Romano \u2013 Ein seltenes Juwel an Marbellas Goldener Meile\t\t\t<\/a>\n\t\t<\/h3>\n\t\t<p class=\"mb-3 text-black-dark\">Marina Puente Romano, Marbella Goldene Meile<\/p>\n\t\t\t\t\t\t<p class=\"card-properties-description mb-3\">\n\t\t\tEntdecken Sie das Nonplusultra des luxuri\u00f6sen Wohnens in dieser atemberaubenden Drei-Zimmer-Wohnung mit drei Badezimmern, die sich in der exklusiven Wohnanlage Marina Puente Romano befindet. Gelegen im renommierten Puente Romano Resort, bietet dieses wundersch\u00f6n renovierte Zuhause&#8230;\t\t<\/p>\n\t\t\t\t<span class=\"card-properties-price mt-auto\">\n\t\t\t\n\t\t\t<span class=\"card-properties-price mt-auto\" data-original-price=\"2795000\">2.795.000\u00a0\u20ac<\/span>\n\t\t\t\t<\/span>\n\t\t\t\t<ul class=\"card-properties-features list-unstyled d-flex flex-wrap align-items-center gap-3 pt-3 border-top mt-3 mb-0\">\n\t\t\t<li class=\"d-flex align-items-center\">3 Schlafzimmer<\/li><li class=\"d-flex align-items-center\">3 B\u00e4der<\/li>\t\t\t\t<li class=\"d-flex align-items-center\">\n\t\t\t\t\t <span class=\"me-1\" data-original-value=\"136\" data-original-unit=\"m&#038;sup2\">136 m&sup2;<\/span>Gesamt\t\t\t\t<\/li>\n\t\t\t\t\t\t\t<li class=\"d-flex align-items-center\">\n\t\t\t\t\t <span class=\"me-1\" data-original-value=\"118\" data-original-unit=\"m&#038;sup2\">118 m&sup2;<\/span>Gebaut\t\t\t\t<\/li>\n\t\t\t\t\t\t\t<li class=\"d-flex align-items-center\">\n\t\t\t\t\t <span class=\"me-1\" data-original-value=\"18\" data-original-unit=\"m&#038;sup2\">18 m&sup2;<\/span>Terrassen\t\t\t\t<\/li>\n\t\t\t\t\t<\/ul>\n\t\t\t<\/div>\n<\/article>\n\n\n<article class=\"col card-properties position-relative d-flex flex-column\">\n\t<div id=\"carouselCardProperties-1-3\" class=\"card-properties-images carousel slide carousel-fade lazy\" data-bs-ride=\"carousel\" data-bs-interval=\"200000\" data-id=\"602507\">\n\t\t<div class=\"carousel-inner\">\n\t\t\t<figure class=\"carousel-item mb-0 active ratio ratio-4x3\">\n\t\t\t\t<picture><source sizes=\"(max-width: 575px) calc(100vw - 24px), (max-width: 767px) 516px, (max-width: 991px) 696px, (max-width: 1199px) 296px, (max-width: 1399px) 356px, 400px\" width=\"696\" height=\"522\" srcset=\"https:\/\/media.panoramamarbella.com\/imgV1\/B95mbh8olwFQm~uCUaVOI2kQT0hb0a8sZ9turUNfnwtvuccYCzs0YVPfPbfkc2VnnN1JFDpkYaGfw1gJsS~5h5TFxQI5XyQiUty6_thDb3nMwBarss3QN5PFLd3gLUq1vYOnT~IsH5wexM5TKzDt25NFF1oSEPrAVy2SCRFzDKgKmWwLy~gPMOsvPHeWHlT4opsBfplBOU7aOxMofUA5lxfa5BoDhtNEsIk~Thy4hRK_C6JLrZMfR0A_btdXSt1602j_z9bDDEoTmhoQ7CmcjQndrcuS0D7kda2XcUxdKCbLxdVLmH1_Le~BAiE8y7VHQgXOArAdpTcIWyayNuma3nrfO50LEVtrp8V_ZgYMR0D3O3olSg8kcADK3P~tiXcgPJfZKUNegMtbG~txHdowwaDgh_In0dDeMU8GI7Q862KeNY9bIkbCTXTlZlvdeEFn~~DW4gVLHrCFYZOXaoRe.webp 696w,https:\/\/media.panoramamarbella.com\/imgV1\/B95mbh8olwFQm~uCUaVOI2kQT0hb0a8sZ9turUNfnwtvuccYCzs0YVPfPbfkc2VnnN1JFDpkYaGfw1gJsS~5h5TFxQI5XyQiUty6_thDb3nMwBarss3QN5PFLd3gLUq1vYOnT~IsH5wexM5TKzDt25NFF1oSEPrAVy2SCRFzDiBpDCDI5~rGNoKvaqIDllhJ11HYHwtf3_Iwgs~6_hEga8rIoVWT4GKaalhRquvJNwJw8bvMvNXZwrI62FP4e9xXYAutSfZfsbxTYnw8ahwnCj41OR4NZ~CJEqwMuk2QOc0hNqUI3068~Q73e_mPFJnqall~etHiszVKcGSWR6kI6Nj4WkzdDqbCuQDZJFlJJLKBJiO0f4gtJ6iMKPQrJvv8sefB8mEM~ZfRBnoBrA3FoynP4808OsPa1NILmznskLFYDoBC5YbljC8CiuL5XPbJdv7LGahG8ix7KTnoCT8H.webp 400w\" type=\"image\/webp\"><img decoding=\"async\" class=\"position-absolute w-100 h-100 object-fit-cover\" alt=\"Strandnahe Erdgeschosswohnung in der renommierten Wohnanlage Puente Romano Phase II\" loading=\"lazy\" width=\"696\" height=\"522\" src=\"https:\/\/media.panoramamarbella.com\/imgV1\/B95mbh8olwFQm~uCUaVOI2kQT0hb0a8sZ9turUNfnwtvuccYCzs0YVPfPbfkc2VnnN1JFDpkYaGfw1gJsS~5h5TFxQI5XyQiUty6_thDb3nMwBarss3QN5PFLd3gLUq1vYOnT~IsH5wexM5TKzDt25NFF1oSEPrAVy2SCRFzDKgKmWwLy~gPMOsvPHeWALp1o1pKw_v13LyibpHBlTR3SCbMT7TyzFjfqNaeGsKgbPTK01r9emA32Ny3xumIsjJG1gqcp57kFBhWJmdIONdDe_25Kiui8JDeLXN43QdwEb~s5mtSRhxh6SWwq3I34JL7GcWOTyEpBJIc_jZw4ZpboI1umtPxuqknnw4xJjDyPsTkyj0mWa~QqPbIOuAKRS~V3CVBI6AZ_zlhuH1I~Mv6f6kaAYjs0EXd2ezYZig0eQK3R3PFVtbLjcK5v_c-.jpg\"><\/picture>\t\t\t<\/figure>\n\t\t\t\t\t\t<span class=\"card-properties-ref position-absolute z-2 bottom-0 end-0 bg-white text-primary py-1 px-3 me-3\">\n\t\t\t\tPANR-15494\t\t\t<\/span>\n\t\t\t<button class=\"card-properties-portfolio d-flex align-items-center justify-content-center position-absolute z-3 end-0 text-white bg-primary me-3 border-0 px-0\" data-pfl-id=\"602507\" data-pfl-filter=\"sale\" aria-label=\"Add to portfolio\">\n\t\t\t\t<svg width=\"18\" fill=\"currentColor\" viewBox=\"0 0 512 512\">\n\t\t\t\t\t<use href=\"https:\/\/www.panoramamarbella.com\/wp-content\/themes\/panoramamarbella\/dist\/src\/images\/icons.svg#svgHeart\"><\/use>\n\t\t\t\t<\/svg>\n\t\t\t\t<svg width=\"18\" fill=\"currentColor\" viewBox=\"0 0 512 512\">\n\t\t\t\t\t<use href=\"https:\/\/www.panoramamarbella.com\/wp-content\/themes\/panoramamarbella\/dist\/src\/images\/icons.svg#svgHeartIn\"><\/use>\n\t\t\t\t<\/svg>\n\t\t\t<\/button>\n\t\t<\/div>\n\t\t\t\t<button\n\t\t\tclass=\"carousel-control-prev\"\n\t\t\ttype=\"button\"\n\t\t\tdata-bs-target=\"#carouselCardProperties-1-3\"\n\t\t\tdata-bs-slide=\"prev\">\n\t\t\t<span class=\"carousel-control-prev-icon\" aria-hidden=\"true\"><\/span>\n\t\t\t<span class=\"visually-hidden\">Vorherige<\/span>\n\t\t<\/button>\n\t\t<button\n\t\t\tclass=\"carousel-control-next\"\n\t\t\ttype=\"button\"\n\t\t\tdata-bs-target=\"#carouselCardProperties-1-3\"\n\t\t\tdata-bs-slide=\"next\">\n\t\t\t<span class=\"carousel-control-next-icon\" aria-hidden=\"true\"><\/span>\n\t\t\t<span class=\"visually-hidden\">N\u00e4chste<\/span>\n\t\t<\/button>\n\t\t\t<\/div>\n\t<div class=\"d-flex flex-column h-100 px-3 py-4 shadow\">\n\t\t\t\t<h3 class=\"card-properties-title mb-3\">\n\t\t\t<a class=\"stretched-link\" href=\"\/de\/immobilien\/marbella\/marbella-goldene-meile\/puente-romano-ii\/wohnungen\/PANR-15494\">\n\t\t\t\tStrandnahe Erdgeschosswohnung in der renommierten Wohnanlage Puente Romano Phase II\t\t\t<\/a>\n\t\t<\/h3>\n\t\t<p class=\"mb-3 text-black-dark\">Puente Romano II, Marbella Goldene Meile<\/p>\n\t\t\t\t\t\t<p class=\"card-properties-description mb-3\">\n\t\t\tDiese Erdgeschosswohnung befindet sich im renommierten Puente Romano Resort, einer der begehrtesten Wohnanlagen an der Goldenen Meile von Marbella. Sie bietet einen luxuri\u00f6sen Lebensstil in erstklassiger Lage und ist ideal f\u00fcr diejenigen, die Komfort, Exklusivit\u00e4t&#8230;\t\t<\/p>\n\t\t\t\t<span class=\"card-properties-price mt-auto\">\n\t\t\t\n\t\t\t<span class=\"card-properties-price mt-auto\" data-original-price=\"2425000\">2.425.000\u00a0\u20ac<\/span>\n\t\t\t\t<\/span>\n\t\t\t\t<ul class=\"card-properties-features list-unstyled d-flex flex-wrap align-items-center gap-3 pt-3 border-top mt-3 mb-0\">\n\t\t\t<li class=\"d-flex align-items-center\">2 Schlafzimmer<\/li><li class=\"d-flex align-items-center\">2 B\u00e4der<\/li>\t\t\t\t<li class=\"d-flex align-items-center\">\n\t\t\t\t\t <span class=\"me-1\" data-original-value=\"125\" data-original-unit=\"m&#038;sup2\">125 m&sup2;<\/span>Gesamt\t\t\t\t<\/li>\n\t\t\t\t\t\t\t<li class=\"d-flex align-items-center\">\n\t\t\t\t\t <span class=\"me-1\" data-original-value=\"88\" data-original-unit=\"m&#038;sup2\">88 m&sup2;<\/span>Gebaut\t\t\t\t<\/li>\n\t\t\t\t\t\t\t<li class=\"d-flex align-items-center\">\n\t\t\t\t\t <span class=\"me-1\" data-original-value=\"37\" data-original-unit=\"m&#038;sup2\">37 m&sup2;<\/span>Terrassen\t\t\t\t<\/li>\n\t\t\t\t\t<\/ul>\n\t\t\t<\/div>\n<\/article>\n\n\n<article class=\"col card-properties position-relative d-flex flex-column\">\n\t<div id=\"carouselCardProperties-1-4\" class=\"card-properties-images carousel slide carousel-fade lazy\" data-bs-ride=\"carousel\" data-bs-interval=\"200000\" data-id=\"580144\">\n\t\t<div class=\"carousel-inner\">\n\t\t\t<figure class=\"carousel-item mb-0 active ratio ratio-4x3\">\n\t\t\t\t<picture><source sizes=\"(max-width: 575px) calc(100vw - 24px), (max-width: 767px) 516px, (max-width: 991px) 696px, (max-width: 1199px) 296px, (max-width: 1399px) 356px, 400px\" width=\"696\" height=\"522\" srcset=\"https:\/\/media.panoramamarbella.com\/imgV1\/B95mbh8olwFQm~uCUaVOI2kQT0hb0a8sZ9turUNfnwtvuccYCzs0YVPfPbfkc2VnnN1JFDpkYaGfw1gJsS~5h5O7~52sUr6PK08ElsDk~lFo8HU_OXNWG25AArafP64~es_IFg71cJTIRxT7ZeeVL6QAd2HBOxD5bkvcW5EPe_XyPirHHM_TwEDTtQ~EeloCYFc7D9KJjehJDZEJzeUa52EDdI3VTzK8dgEuViWmuu9LAYF3kKOfQnmWh7aME~SDlKzIcWb0gs30n2J3Cqz4yvs90WT~Ayyy6kIn4Fb8m_cm4oJmsd81_crYKkancuItY4ebHz5jEfPQgwqKKtigTCU6xfwQjBk9sLcrf91WGWrxsk_~lWL338PoMrOzNWESDOuG4ZWQO_qRxxMuV2cJUBL0ZNu19rgwpwdfkMZeyzhE15Lls2YAhWHDMRijQGTwZ0fP1XfyNTfVI6wibIxc.webp 696w,https:\/\/media.panoramamarbella.com\/imgV1\/B95mbh8olwFQm~uCUaVOI2kQT0hb0a8sZ9turUNfnwtvuccYCzs0YVPfPbfkc2VnnN1JFDpkYaGfw1gJsS~5h5O7~52sUr6PK08ElsDk~lFo8HU_OXNWG25AArafP64~es_IFg71cJTIRxT7ZeeVL6QAd2HBOxD5bkvcW5EPeWccqbA2fKYM2CxRoBCSWw3rTFCDZRrTozt_B05fXcdDiOhpmf9vrgx46Wn6S8IrxskfVgMoj9nAgRSck_PgQBguazS1AyKEx6Lxh5Cciy3F9HXlItWX1cYQ~QuuvS89xF55f0rSX7GHEWyBVg~1hLkd0vst95Fb3KmxHxEr7tBkYwufve7jxC8G8bgfbE4vsnzsAVIz8ze4rBwbxJu7Xoc9gAudZatSruh47TmiH9gMbmofn7wyXt9vZTZvo7b5xQ8SYPADuSpgT8sJNJLBI4Sf4RDKIGAZ~RnlqN40srjT.webp 400w\" type=\"image\/webp\"><img decoding=\"async\" class=\"position-absolute w-100 h-100 object-fit-cover\" alt=\"Charmante Villa im andalusischen Stil mit Meerblick in Nueva Andaluc\u00eda\" loading=\"lazy\" width=\"696\" height=\"522\" src=\"https:\/\/media.panoramamarbella.com\/imgV1\/B95mbh8olwFQm~uCUaVOI2kQT0hb0a8sZ9turUNfnwtvuccYCzs0YVPfPbfkc2VnnN1JFDpkYaGfw1gJsS~5h5O7~52sUr6PK08ElsDk~lFo8HU_OXNWG25AArafP64~es_IFg71cJTIRxT7ZeeVL6QAd2HBOxD5bkvcW5EPe_XyPirHHM_TwEDTtQ~EZPJsi3CCLlXz6tXD6y2w9CSjvI5GfUfyzdVO3ms247r5E3AIFpp0uhlsrJsInzwFHfdFZooRn~f2LgX2zwtGT1u~ij7z_ZD3kZQn5KI~CddtBxHJojnvr1zG6TFwRahtpYy7v~qMgRgBqDLjss7bfc1O1jyUg5D2w6FdpMPCSBL~sBgfKzi5GIh4XDz7Gpurc4jOlRjEEteogzt_XRlHzLqLZc~idgL3PEcQRrtHiEJB69CljzZBHNnjT~ws_Wk-.jpg\"><\/picture>\t\t\t<\/figure>\n\t\t\t\t\t\t<span class=\"card-properties-ref position-absolute z-2 bottom-0 end-0 bg-white text-primary py-1 px-3 me-3\">\n\t\t\t\tPANR-15309\t\t\t<\/span>\n\t\t\t<button class=\"card-properties-portfolio d-flex align-items-center justify-content-center position-absolute z-3 end-0 text-white bg-primary me-3 border-0 px-0\" data-pfl-id=\"580144\" data-pfl-filter=\"sale\" aria-label=\"Add to portfolio\">\n\t\t\t\t<svg width=\"18\" fill=\"currentColor\" viewBox=\"0 0 512 512\">\n\t\t\t\t\t<use href=\"https:\/\/www.panoramamarbella.com\/wp-content\/themes\/panoramamarbella\/dist\/src\/images\/icons.svg#svgHeart\"><\/use>\n\t\t\t\t<\/svg>\n\t\t\t\t<svg width=\"18\" fill=\"currentColor\" viewBox=\"0 0 512 512\">\n\t\t\t\t\t<use href=\"https:\/\/www.panoramamarbella.com\/wp-content\/themes\/panoramamarbella\/dist\/src\/images\/icons.svg#svgHeartIn\"><\/use>\n\t\t\t\t<\/svg>\n\t\t\t<\/button>\n\t\t<\/div>\n\t\t\t\t<button\n\t\t\tclass=\"carousel-control-prev\"\n\t\t\ttype=\"button\"\n\t\t\tdata-bs-target=\"#carouselCardProperties-1-4\"\n\t\t\tdata-bs-slide=\"prev\">\n\t\t\t<span class=\"carousel-control-prev-icon\" aria-hidden=\"true\"><\/span>\n\t\t\t<span class=\"visually-hidden\">Vorherige<\/span>\n\t\t<\/button>\n\t\t<button\n\t\t\tclass=\"carousel-control-next\"\n\t\t\ttype=\"button\"\n\t\t\tdata-bs-target=\"#carouselCardProperties-1-4\"\n\t\t\tdata-bs-slide=\"next\">\n\t\t\t<span class=\"carousel-control-next-icon\" aria-hidden=\"true\"><\/span>\n\t\t\t<span class=\"visually-hidden\">N\u00e4chste<\/span>\n\t\t<\/button>\n\t\t\t<\/div>\n\t<div class=\"d-flex flex-column h-100 px-3 py-4 shadow\">\n\t\t\t\t<h3 class=\"card-properties-title mb-3\">\n\t\t\t<a class=\"stretched-link\" href=\"\/de\/immobilien\/marbella\/nueva-andalucia\/la-campana\/villen\/PANR-15309\">\n\t\t\t\tCharmante Villa im andalusischen Stil mit Meerblick in Nueva Andaluc\u00eda\t\t\t<\/a>\n\t\t<\/h3>\n\t\t<p class=\"mb-3 text-black-dark\">La Campana, Nueva Andalucia<\/p>\n\t\t\t\t\t\t<p class=\"card-properties-description mb-3\">\n\t\t\tDiese au\u00dfergew\u00f6hnliche Villa im klassischen Stil verbindet traditionellen andalusischen Charme mit allen modernen Annehmlichkeiten und bietet ein einzigartiges Wohnerlebnis an der Costa del Sol. Mit einer Gesamtfl\u00e4che von 510 m\u00b2, einschlie\u00dflich Terrassen, verf\u00fcgt diese Immobilie&#8230;\t\t<\/p>\n\t\t\t\t<span class=\"card-properties-price mt-auto\">\n\t\t\t\n\t\t\t<span class=\"card-properties-price mt-auto\" data-original-price=\"1795000\">1.795.000\u00a0\u20ac<\/span>\n\t\t\t\t<\/span>\n\t\t\t\t<ul class=\"card-properties-features list-unstyled d-flex flex-wrap align-items-center gap-3 pt-3 border-top mt-3 mb-0\">\n\t\t\t<li class=\"d-flex align-items-center\">4 Schlafzimmer<\/li><li class=\"d-flex align-items-center\">3 B\u00e4der<\/li>\t\t\t\t<li class=\"d-flex align-items-center\">\n\t\t\t\t\t <span class=\"me-1\" data-original-value=\"510\" data-original-unit=\"m&#038;sup2\">510 m&sup2;<\/span>Gesamt\t\t\t\t<\/li>\n\t\t\t\t\t\t\t<li class=\"d-flex align-items-center\">\n\t\t\t\t\t <span class=\"me-1\" data-original-value=\"783\" data-original-unit=\"m&#038;sup2\">783 m&sup2;<\/span>Grundst\u00fcck\t\t\t\t<\/li>\n\t\t\t\t\t\t\t\t<li class=\"d-flex align-items-center\">\n\t\t\t\t\t <span class=\"me-1\" data-original-value=\"396\" data-original-unit=\"m&#038;sup2\">396 m&sup2;<\/span>Gebaut\t\t\t\t<\/li>\n\t\t\t\t\t\t\t<li class=\"d-flex align-items-center\">\n\t\t\t\t\t <span class=\"me-1\" data-original-value=\"114\" data-original-unit=\"m&#038;sup2\">114 m&sup2;<\/span>Terrassen\t\t\t\t<\/li>\n\t\t\t\t\t<\/ul>\n\t\t\t<\/div>\n<\/article>\n\n\n<article class=\"col card-properties position-relative d-flex flex-column\">\n\t<div id=\"carouselCardProperties-1-5\" class=\"card-properties-images carousel slide carousel-fade lazy\" data-bs-ride=\"carousel\" data-bs-interval=\"200000\" data-id=\"558019\">\n\t\t<div class=\"carousel-inner\">\n\t\t\t<figure class=\"carousel-item mb-0 active ratio ratio-4x3\">\n\t\t\t\t<picture><source sizes=\"(max-width: 575px) calc(100vw - 24px), (max-width: 767px) 516px, (max-width: 991px) 696px, (max-width: 1199px) 296px, (max-width: 1399px) 356px, 400px\" width=\"696\" height=\"522\" srcset=\"https:\/\/media.panoramamarbella.com\/imgV1\/B95mbh8olwFQm~uCUaVOI2kQT0hb0a8sZ9turUNfnwtvuccYCzs0YVPfPbfkc2VnnN1JFDpkYaGfw1gJsS~5h5FpugcCj3I9S6GcC6Eg_yWpL~1sZp891fW57kGXn37n1_cB81W1ZZDGH24bQbZ1r1fjB9LMir1eRQrXAqtxvR9wFz9C5249AVH9hg6E2CS1mFuFqN3faBWlXNtJ~n40e8PLTqlUMC0p8zARn8Vm3HW_I_oY5iPBgDD5YA1yzZFJ8lO4W01n~xilTDxbmUjfy1F0WYd6A_VlbTWE85oNxg0y~9b8zdjApgw5Ufak~6HkufVzJj3wjxiow704eDA3wj9f_tIYvCLmrpt~dgruuxPc5GXOt74MShds04xLLav13CF1swFVVsCoxn4cqmDDoh_GzPgVdkAdCgeoJMVCrTD~5wM9Uigo2d4FJkLs0pH32mTEqG0UZMEChWQy7X90.webp 696w,https:\/\/media.panoramamarbella.com\/imgV1\/B95mbh8olwFQm~uCUaVOI2kQT0hb0a8sZ9turUNfnwtvuccYCzs0YVPfPbfkc2VnnN1JFDpkYaGfw1gJsS~5h5FpugcCj3I9S6GcC6Eg_yWpL~1sZp891fW57kGXn37n1_cB81W1ZZDGH24bQbZ1r1fjB9LMir1eRQrXAqtxv7kSYeFdc1ulUFMPY38jkpMzNcJkSRVHdVd93wLYVamIn~ofBQYyAxqw1b~WcC6Tahbs1hkpSROuzPfDMq4mqAx5sPxyHf5eZ272krZQkZh1hHtWCzqf5_EhAdsJYtsk6YEjIZOnXPlcsFIe2s_NL_PJHitIshPqKSUb~0mTLJqtQJLOSSWx7rNLN35prkYXnTASMiXE5vcxhcX4JwVcYAWNtHoA7gchO1fEUzVL9B8pq_eNwp7ZFa_g0dI3ToUD0~GwGW_I2btPh6Wia7Ys1ZVjQdCSnc78MBPtPfzoBUAV.webp 400w\" type=\"image\/webp\"><img decoding=\"async\" class=\"position-absolute w-100 h-100 object-fit-cover\" alt=\"Beeindruckende Villa mit Panoramablick auf das Meer in der prestigetr\u00e4chtigen Urbanisation Sierra Blanca\" loading=\"lazy\" width=\"696\" height=\"522\" src=\"https:\/\/media.panoramamarbella.com\/imgV1\/B95mbh8olwFQm~uCUaVOI2kQT0hb0a8sZ9turUNfnwtvuccYCzs0YVPfPbfkc2VnnN1JFDpkYaGfw1gJsS~5h5FpugcCj3I9S6GcC6Eg_yWpL~1sZp891fW57kGXn37n1_cB81W1ZZDGH24bQbZ1r1fjB9LMir1eRQrXAqtxvR9wFz9C5249AVH9hg6ExoSyXgmZlVDCagTD_tbZ~wBdU3BMPmqdYjI0poi8MtFoYkfG_M9nEA_vxDZ0nFnZ~rgpDJ2CaAUV407LBDU97PAf1_g7JhXoVa0DoZESFM4vwC8VjjY6OC0vtNw4odYjOQQ5yKmDp3CJ~TzsKmlHXuh5~3V_CKiJpol54BTn69ISSUaIbaWONmJbvURb2aFWFu7rrn8A_Q7JffqrNjmd90DXV8OPc_vpXZpYcjMQ3VtjQmN7v7YCGzOO0ir55dM-.jpg\"><\/picture>\t\t\t<\/figure>\n\t\t\t\t\t\t<span class=\"card-properties-ref position-absolute z-2 bottom-0 end-0 bg-white text-primary py-1 px-3 me-3\">\n\t\t\t\tPANR-15110\t\t\t<\/span>\n\t\t\t<button class=\"card-properties-portfolio d-flex align-items-center justify-content-center position-absolute z-3 end-0 text-white bg-primary me-3 border-0 px-0\" data-pfl-id=\"558019\" data-pfl-filter=\"sale\" aria-label=\"Add to portfolio\">\n\t\t\t\t<svg width=\"18\" fill=\"currentColor\" viewBox=\"0 0 512 512\">\n\t\t\t\t\t<use href=\"https:\/\/www.panoramamarbella.com\/wp-content\/themes\/panoramamarbella\/dist\/src\/images\/icons.svg#svgHeart\"><\/use>\n\t\t\t\t<\/svg>\n\t\t\t\t<svg width=\"18\" fill=\"currentColor\" viewBox=\"0 0 512 512\">\n\t\t\t\t\t<use href=\"https:\/\/www.panoramamarbella.com\/wp-content\/themes\/panoramamarbella\/dist\/src\/images\/icons.svg#svgHeartIn\"><\/use>\n\t\t\t\t<\/svg>\n\t\t\t<\/button>\n\t\t<\/div>\n\t\t\t\t<button\n\t\t\tclass=\"carousel-control-prev\"\n\t\t\ttype=\"button\"\n\t\t\tdata-bs-target=\"#carouselCardProperties-1-5\"\n\t\t\tdata-bs-slide=\"prev\">\n\t\t\t<span class=\"carousel-control-prev-icon\" aria-hidden=\"true\"><\/span>\n\t\t\t<span class=\"visually-hidden\">Vorherige<\/span>\n\t\t<\/button>\n\t\t<button\n\t\t\tclass=\"carousel-control-next\"\n\t\t\ttype=\"button\"\n\t\t\tdata-bs-target=\"#carouselCardProperties-1-5\"\n\t\t\tdata-bs-slide=\"next\">\n\t\t\t<span class=\"carousel-control-next-icon\" aria-hidden=\"true\"><\/span>\n\t\t\t<span class=\"visually-hidden\">N\u00e4chste<\/span>\n\t\t<\/button>\n\t\t\t<\/div>\n\t<div class=\"d-flex flex-column h-100 px-3 py-4 shadow\">\n\t\t\t\t<h3 class=\"card-properties-title mb-3\">\n\t\t\t<a class=\"stretched-link\" href=\"\/de\/immobilien\/marbella\/marbella-goldene-meile\/sierra-blanca\/villen\/PANR-15110\">\n\t\t\t\tBeeindruckende Villa mit Panoramablick auf das Meer in der prestigetr\u00e4chtigen Urbanisation Sierra Blanca\t\t\t<\/a>\n\t\t<\/h3>\n\t\t<p class=\"mb-3 text-black-dark\">Sierra Blanca, Marbella Goldene Meile<\/p>\n\t\t\t\t\t\t<p class=\"card-properties-description mb-3\">\n\t\t\tVilla La Dimora ist eine elegante Villa mit 5 Schlafzimmern und eigenem Bad, die sorgf\u00e4ltig entworfen wurde, um unvergleichlichen Komfort, Bequemlichkeit und Sicherheit zu bieten, was sie zu einem perfekten Familienhaus macht. Jedes Detail wurde&#8230;\t\t<\/p>\n\t\t\t\t<span class=\"card-properties-price mt-auto\">\n\t\t\t\n\t\t\t<span class=\"card-properties-price mt-auto\" data-original-price=\"20000000\">20.000.000\u00a0\u20ac<\/span>\n\t\t\t\t<\/span>\n\t\t\t\t<ul class=\"card-properties-features list-unstyled d-flex flex-wrap align-items-center gap-3 pt-3 border-top mt-3 mb-0\">\n\t\t\t<li class=\"d-flex align-items-center\">7 Schlafzimmer<\/li><li class=\"d-flex align-items-center\">10 B\u00e4der<\/li>\t\t\t\t<li class=\"d-flex align-items-center\">\n\t\t\t\t\t <span class=\"me-1\" data-original-value=\"1953\" data-original-unit=\"m&#038;sup2\">1.953 m&sup2;<\/span>Gesamt\t\t\t\t<\/li>\n\t\t\t\t\t\t\t<li class=\"d-flex align-items-center\">\n\t\t\t\t\t <span class=\"me-1\" data-original-value=\"2013\" data-original-unit=\"m&#038;sup2\">2.013 m&sup2;<\/span>Grundst\u00fcck\t\t\t\t<\/li>\n\t\t\t\t\t\t\t\t<li class=\"d-flex align-items-center\">\n\t\t\t\t\t <span class=\"me-1\" data-original-value=\"1486\" data-original-unit=\"m&#038;sup2\">1.486 m&sup2;<\/span>Gebaut\t\t\t\t<\/li>\n\t\t\t\t\t\t\t<li class=\"d-flex align-items-center\">\n\t\t\t\t\t <span class=\"me-1\" data-original-value=\"467\" data-original-unit=\"m&#038;sup2\">467 m&sup2;<\/span>Terrassen\t\t\t\t<\/li>\n\t\t\t\t\t<\/ul>\n\t\t\t<\/div>\n<\/article>\n\t\t\t<\/div>\n\t\t\t\t\t<\/section>\n\t\t\n","protected":false},"excerpt":{"rendered":"","protected":false},"template":"","meta":{"_acf_changed":true},"class_list":["post-1028","agents","type-agents","status-publish","hentry"],"acf":[],"_links":{"self":[{"href":"https:\/\/www.panoramamarbella.com\/de\/wp-json\/wp\/v2\/agents\/1028","targetHints":{"allow":["GET"]}}],"collection":[{"href":"https:\/\/www.panoramamarbella.com\/de\/wp-json\/wp\/v2\/agents"}],"about":[{"href":"https:\/\/www.panoramamarbella.com\/de\/wp-json\/wp\/v2\/types\/agents"}],"wp:attachment":[{"href":"https:\/\/www.panoramamarbella.com\/de\/wp-json\/wp\/v2\/media?parent=1028"}],"curies":[{"name":"wp","href":"https:\/\/api.w.org\/{rel}","templated":true}]}}