{"id":15390,"date":"2025-04-23T10:54:55","date_gmt":"2025-04-23T08:54:55","guid":{"rendered":"https:\/\/www.panoramamarbella.com\/about\/team\/eva-kiepel"},"modified":"2025-11-18T17:39:56","modified_gmt":"2025-11-18T16:39:56","slug":"eva-kiepel","status":"publish","type":"agents","link":"https:\/\/www.panoramamarbella.com\/de\/ueber-uns\/team\/eva-kiepel","title":{"rendered":"Eva Kiepel"},"content":{"rendered":"\n\n<p>Geboren und aufgewachsen in Polen, studierte Eva Kiepel Hotelmanagement und Tourismus, bevor sie zu einem inspirierenden globalen Abenteuer aufbrach. Angetrieben von ihrer angeborenen Neugier auf unterschiedliche Kulturen, verlie\u00df sie Polen vor 22 Jahren und lebte seitdem in f\u00fcnf verschiedenen L\u00e4ndern. Zus\u00e4tzlich bereiste sie ausgiebig \u00fcber 30 Nationen. Diese bereichernden Erfahrungen erm\u00f6glichten es Eva, eine au\u00dfergew\u00f6hnliche F\u00e4higkeit zu entwickeln, authentische Verbindungen zu Menschen mit verschiedensten Hintergr\u00fcnden aufzubauen und starke, nachhaltige Beziehungen zu ihren Kunden zu pflegen.<\/p>\n\n\n\n<p>Vor zw\u00f6lf Jahren w\u00e4hlte Eva Spanien als ihren Wohnort \u2013 einen Ort, mit dem sie sich schon immer tief verbunden f\u00fchlte. Ihr beruflicher Hintergrund, fest verwurzelt im Vertrieb und Kundenservice, wird durch ihren dynamischen Unternehmergeist erg\u00e4nzt. Im letzten Jahrzehnt gr\u00fcndete und leitete sie erfolgreich eigene Unternehmen, wodurch sie ihre F\u00e4higkeiten in Verhandlungsf\u00fchrung, Kundenbeziehungen und strategischer Planung weiter verfeinerte.<\/p>\n\n\n\n<p>Immobilien sind seit jeher Evas Leidenschaft, erg\u00e4nzt durch ihre Begeisterung f\u00fcr Innenarchitektur, Immobilienrenovierungen und Hausverwandlungen. Ihr akribisches Auge f\u00fcr Details und ihr fundiertes Verst\u00e4ndnis der Markttrends erm\u00f6glichen es ihr, ihren Kunden nicht nur ein Haus, sondern ein echtes Zuhause zu vermitteln.<\/p>\n\n\n\n<p>Eva trat im April 2025 dem Vertriebsteam von Panorama bei und brachte ihre beeindruckende Erfahrung, ihre lebendige Energie und ihr Engagement f\u00fcr Exzellenz mit \u2013 eine wertvolle Bereicherung f\u00fcr das Team. Mit flie\u00dfenden Sprachkenntnissen in Polnisch, Englisch und Spanisch managt Eva m\u00fchelos internationale Transaktionen und bietet ihren vielf\u00e4ltigen Kunden einen erstklassigen Service.<\/p>\n\n\n\n\n\t\t<section class=\"container wp-block-acf-inmpropselection\">\n\t\t\t<h2>Von Eva empfohlene Immobilien<\/h2>\t\t\t<div class=\"row row-cols-1 row-cols-lg-3 gy-5 g-xxl-5\">\n\t\t\t\t\n<article class=\"col card-properties position-relative d-flex flex-column\">\n\t<div id=\"carouselCardProperties-1-0\" class=\"card-properties-images carousel slide carousel-fade lazy\" data-bs-ride=\"carousel\" data-bs-interval=\"200000\" data-id=\"669948\">\n\t\t<div class=\"carousel-inner\">\n\t\t\t<figure class=\"carousel-item mb-0 active ratio ratio-4x3\">\n\t\t\t\t<picture><source sizes=\"(max-width: 575px) calc(100vw - 24px), (max-width: 767px) 516px, (max-width: 991px) 696px, (max-width: 1199px) 296px, (max-width: 1399px) 356px, 400px\" width=\"696\" height=\"522\" srcset=\"https:\/\/media.panoramamarbella.com\/imgV1\/B95mbh8olwFQm~uCUaVOI2kQT0hb0a8sZ9turUNfnwtvuccYCzs0YVPfPbfkc2VnnN1JFDpkYaGfw1gJsS~5hOhwNAz9S_dSXoy42FoQ_ZUwnqpKaL13Rn5hBcdTrUiLCE~kWGAyXKK2DgCyoVsQtw3cOXbUcMmujbr3EpzHURv8tBReyi2Rf59HITOMibw4kNysRMeY~AG29xbc2ybOs9F1zzsS7y3Sj1WL0RIFjP66nKKjS9oyJOYgKqnjidMve5UAR0u7dJEyEk0BdXzDkHqEKtRc46YkK~YunWQLfmuvqAOGnHuQjNeBWjMUCopLWhnQdzDtAUmwrg2KjVsw2Xq6Fk5iglXgDiK2q9TbJWPX8S8AiA6udRVJLcdKkZ~Midq6HUoGxVu1EbCiMgsOV4XI6a9e61YwwtpH6miWfGeXFUhnvoXHfK_huIadxpL3nspOx7eq1MM26o6enel4.webp 696w,https:\/\/media.panoramamarbella.com\/imgV1\/B95mbh8olwFQm~uCUaVOI2kQT0hb0a8sZ9turUNfnwtvuccYCzs0YVPfPbfkc2VnnN1JFDpkYaGfw1gJsS~5hOhwNAz9S_dSXoy42FoQ_ZUwnqpKaL13Rn5hBcdTrUiLCE~kWGAyXKK2DgCyoVsQtw3cOXbUcMmujbr3EpzHU6r4OKdrg~kzQEXI2CkNSoPxYuINo0KlZ4UBeH9pl7Upya47L22238t9yRrpU7kush4ZghwOACBG7EI_c18T0svys~PcSTLXHofBEWx8p_NFrPbjUefb~Rl8lXJwN5HA0qpMqOSTw1zDyFSbrFYRSt7pRAfS~SydUO_cenGzqJ2PO~~6V39qrBBP1YvjuARYvsmu2VCwKKAFXV3dAejatO39VzdvNg2Dq4bvfeo2ku6kxmv3ahVv_MawFg1MRxSuITrUXsB4UIPojfCVwMU5R1FY3OpCbWT~smWv0nAq_vKC.webp 400w\" type=\"image\/webp\"><img decoding=\"async\" class=\"position-absolute w-100 h-100 object-fit-cover\" alt=\"Skyvilla 6 \u2013 eine luxuri\u00f6se Immobilie mit beeindruckendem Dachsolarium und eigenem Swimmingpool an der Goldenen Meile\" loading=\"lazy\" width=\"696\" height=\"522\" src=\"https:\/\/media.panoramamarbella.com\/imgV1\/B95mbh8olwFQm~uCUaVOI2kQT0hb0a8sZ9turUNfnwtvuccYCzs0YVPfPbfkc2VnnN1JFDpkYaGfw1gJsS~5hOhwNAz9S_dSXoy42FoQ_ZUwnqpKaL13Rn5hBcdTrUiLCE~kWGAyXKK2DgCyoVsQtw3cOXbUcMmujbr3EpzHURv8tBReyi2Rf59HITOMl9Tqzu7ruGWdK8mDLuO_hwJEj1Aj_wuWykky6nDuYorjfmCnsBrUY8tdPWWWKcr9nPqewpYEWNcHlQoQTyVk7Y4SMde_OkOcqoIj31tlfh2SYVmyr5JKDTTCP7X6irLBQmng3cGnrSXM5mNiugsAOeOff~~yzdydaTQ0k6_IoKPs1pgBCdPb4HUrZlSvGPYlbw0UdnU~4a4HlIybN_qy2W~w~ZiLNyfjuEa8nlvZKQBy4TAg2tvou1Coq32pa0s-.jpg\"><\/picture>\t\t\t<\/figure>\n\t\t\t\t\t\t<span class=\"card-properties-ref position-absolute z-2 bottom-0 end-0 bg-white text-primary py-1 px-3 me-3\">\n\t\t\t\tPANR-16084\t\t\t<\/span>\n\t\t\t<button class=\"card-properties-portfolio d-flex align-items-center justify-content-center position-absolute z-3 end-0 text-white bg-primary me-3 border-0 px-0\" data-pfl-id=\"669948\" data-pfl-filter=\"sale\" aria-label=\"Add to portfolio\">\n\t\t\t\t<svg width=\"18\" fill=\"currentColor\" viewBox=\"0 0 512 512\">\n\t\t\t\t\t<use href=\"https:\/\/www.panoramamarbella.com\/wp-content\/themes\/panoramamarbella\/dist\/src\/images\/icons.svg#svgHeart\"><\/use>\n\t\t\t\t<\/svg>\n\t\t\t\t<svg width=\"18\" fill=\"currentColor\" viewBox=\"0 0 512 512\">\n\t\t\t\t\t<use href=\"https:\/\/www.panoramamarbella.com\/wp-content\/themes\/panoramamarbella\/dist\/src\/images\/icons.svg#svgHeartIn\"><\/use>\n\t\t\t\t<\/svg>\n\t\t\t<\/button>\n\t\t<\/div>\n\t\t\t\t<button\n\t\t\tclass=\"carousel-control-prev\"\n\t\t\ttype=\"button\"\n\t\t\tdata-bs-target=\"#carouselCardProperties-1-0\"\n\t\t\tdata-bs-slide=\"prev\">\n\t\t\t<span class=\"carousel-control-prev-icon\" aria-hidden=\"true\"><\/span>\n\t\t\t<span class=\"visually-hidden\">Vorherige<\/span>\n\t\t<\/button>\n\t\t<button\n\t\t\tclass=\"carousel-control-next\"\n\t\t\ttype=\"button\"\n\t\t\tdata-bs-target=\"#carouselCardProperties-1-0\"\n\t\t\tdata-bs-slide=\"next\">\n\t\t\t<span class=\"carousel-control-next-icon\" aria-hidden=\"true\"><\/span>\n\t\t\t<span class=\"visually-hidden\">N\u00e4chste<\/span>\n\t\t<\/button>\n\t\t\t<\/div>\n\t<div class=\"d-flex flex-column h-100 px-3 py-4 shadow\">\n\t\t\t\t<h3 class=\"card-properties-title mb-3\">\n\t\t\t<a class=\"stretched-link\" href=\"\/de\/immobilien\/marbella\/marbella-goldene-meile\/wohnungen\/PANR-16084\">\n\t\t\t\tSkyvilla 6 \u2013 eine luxuri\u00f6se Immobilie mit beeindruckendem Dachsolarium und eigenem Swimmingpool an der Goldenen Meile\t\t\t<\/a>\n\t\t<\/h3>\n\t\t<p class=\"mb-3 text-black-dark\">Marbella Goldene Meile<\/p>\n\t\t\t\t\t\t<p class=\"card-properties-description mb-3\">\n\t\t\tSkyvilla 6 ist ein Ausdruck von raffinierter Luxus, konzipiert f\u00fcr Menschen, die Wert auf Raum, Licht und eine au\u00dfergew\u00f6hnliche Lage legen. Bereits beim Betreten der imposanten Eingangshalle offenbart die Residenz ein Gef\u00fchl von Gr\u00f6\u00dfe und&#8230;\t\t<\/p>\n\t\t\t\t<span class=\"card-properties-price mt-auto\">\n\t\t\t\n\t\t\t<span class=\"card-properties-price mt-auto\" data-original-price=\"11400000\">11.400.000\u00a0\u20ac<\/span>\n\t\t\t\t<\/span>\n\t\t\t\t<ul class=\"card-properties-features list-unstyled d-flex flex-wrap align-items-center gap-3 pt-3 border-top mt-3 mb-0\">\n\t\t\t<li class=\"d-flex align-items-center\">4 Schlafzimmer<\/li><li class=\"d-flex align-items-center\">4 B\u00e4der<\/li>\t\t\t\t<li class=\"d-flex align-items-center\">\n\t\t\t\t\t <span class=\"me-1\" data-original-value=\"961\" data-original-unit=\"m&#038;sup2\">961 m&sup2;<\/span>Gesamt\t\t\t\t<\/li>\n\t\t\t\t\t\t\t<li class=\"d-flex align-items-center\">\n\t\t\t\t\t <span class=\"me-1\" data-original-value=\"425\" data-original-unit=\"m&#038;sup2\">425 m&sup2;<\/span>Gebaut\t\t\t\t<\/li>\n\t\t\t\t\t\t\t<li class=\"d-flex align-items-center\">\n\t\t\t\t\t <span class=\"me-1\" data-original-value=\"536\" data-original-unit=\"m&#038;sup2\">536 m&sup2;<\/span>Terrassen\t\t\t\t<\/li>\n\t\t\t\t\t<\/ul>\n\t\t\t<\/div>\n<\/article>\n\n\n<article class=\"col card-properties position-relative d-flex flex-column\">\n\t<div id=\"carouselCardProperties-1-1\" class=\"card-properties-images carousel slide carousel-fade lazy\" data-bs-ride=\"carousel\" data-bs-interval=\"200000\" data-id=\"665735\">\n\t\t<div class=\"carousel-inner\">\n\t\t\t<figure class=\"carousel-item mb-0 active ratio ratio-4x3\">\n\t\t\t\t<picture><source sizes=\"(max-width: 575px) calc(100vw - 24px), (max-width: 767px) 516px, (max-width: 991px) 696px, (max-width: 1199px) 296px, (max-width: 1399px) 356px, 400px\" width=\"696\" height=\"522\" srcset=\"https:\/\/media.panoramamarbella.com\/imgV1\/B95mbh8olwFQm~uCUaVOI2kQT0hb0a8sZ9turUNfnwtvuccYCzs0YVPfPbfkc2VnnN1JFDpkYaGfw1gJsS~5hOh_cuypW2gCp5R2BNJ0XkF9UEfOx77449_m~r0go1on7A1lvu4CqHsVzXAncArblMbqLhOtSR2O6rsiLylo4C13ulOc188oiPeJa6xl7_wU6uMZPuZqRYX9alc_RFbCkzK~ByrYEa4esyEpo8IqPoYOrPfoeDr_2psONs~FUauZuO3Tc2oVpKyIqXWb7mNzXD2z7LmEDm_9OGu5LMuo12FhHFmecNdJsriy8qzokYjR6ztzJgmGlK~vhVdC8_0u8~Az19J7wucIAShNVITj~~z8EudAE1RjcfTTVcwac71xeeGRjKLpRsb6nlOriiL0CR2dn5hvxHc6ajZU~QEQI2DuNEPGWNqjvZo3UOFCFEVLFcQIXNqWuhMn~7yVA7VF.webp 696w,https:\/\/media.panoramamarbella.com\/imgV1\/B95mbh8olwFQm~uCUaVOI2kQT0hb0a8sZ9turUNfnwtvuccYCzs0YVPfPbfkc2VnnN1JFDpkYaGfw1gJsS~5hOh_cuypW2gCp5R2BNJ0XkF9UEfOx77449_m~r0go1on7A1lvu4CqHsVzXAncArblMbqLhOtSR2O6rsiLylo4vhPI3H2L0xPxEEBeMYuG4j_XsYgRH9A3rpuAoU_ZVUCOaCcl1a9s4lOJKlFqXGrwinfxncpbhKc5U0VE_OtMqFkwLzSmNtqaZ51JRMuERl4Aiwsw4DnRSQ7HqpWGH_L80nDcRErZ4bHRE~W4_kyJAYWyCw7jbnFqlK_s6GdrISAuhL3cCfwdCgMcgcSiX5Wfp2PlD9wwSxyjsIwkytDaCfLIS_voyChXeogDaKzh6AfSmVVc_Yzz1QIMwekiR~Ao_gOgzfXRmf9ZgIuYgT6PfO4soVYy_b8LO43Tmj7dzpf.webp 400w\" type=\"image\/webp\"><img decoding=\"async\" class=\"position-absolute w-100 h-100 object-fit-cover\" alt=\"Villa Isola \u2013 schl\u00fcsselfertiges Projekt in Monte Mayor\" loading=\"lazy\" width=\"696\" height=\"522\" src=\"https:\/\/media.panoramamarbella.com\/imgV1\/B95mbh8olwFQm~uCUaVOI2kQT0hb0a8sZ9turUNfnwtvuccYCzs0YVPfPbfkc2VnnN1JFDpkYaGfw1gJsS~5hOh_cuypW2gCp5R2BNJ0XkF9UEfOx77449_m~r0go1on7A1lvu4CqHsVzXAncArblMbqLhOtSR2O6rsiLylo4C13ulOc188oiPeJa6xl8fxXbhBFgwpboaFUrLsj7gE9Hxv9dcajqGFWSAYjG2MwLzLu746z2j05d__M3A0rVO~Am5ESKlIus1qA6icJ30CNCI2uj32as7AZY_K8sFZZUNFWA~UgOWLfrRHIJRyKezRfBtPWACNeSvmHMgVZG~qZMzVrpl4R61OGgWcaZ8mdJ6bb1hRwYTNRpFBHgbPyVACM6pw7e2GqI~Dq34E5BDaQ0bIMBgI3wKUmD6B686vl2eeX5HAyroqBmyQotI0-.jpg\"><\/picture>\t\t\t<\/figure>\n\t\t\t\t\t\t<span class=\"card-properties-ref position-absolute z-2 bottom-0 end-0 bg-white text-primary py-1 px-3 me-3\">\n\t\t\t\tPANR-16065\t\t\t<\/span>\n\t\t\t<button class=\"card-properties-portfolio d-flex align-items-center justify-content-center position-absolute z-3 end-0 text-white bg-primary me-3 border-0 px-0\" data-pfl-id=\"665735\" data-pfl-filter=\"sale\" aria-label=\"Add to portfolio\">\n\t\t\t\t<svg width=\"18\" fill=\"currentColor\" viewBox=\"0 0 512 512\">\n\t\t\t\t\t<use href=\"https:\/\/www.panoramamarbella.com\/wp-content\/themes\/panoramamarbella\/dist\/src\/images\/icons.svg#svgHeart\"><\/use>\n\t\t\t\t<\/svg>\n\t\t\t\t<svg width=\"18\" fill=\"currentColor\" viewBox=\"0 0 512 512\">\n\t\t\t\t\t<use href=\"https:\/\/www.panoramamarbella.com\/wp-content\/themes\/panoramamarbella\/dist\/src\/images\/icons.svg#svgHeartIn\"><\/use>\n\t\t\t\t<\/svg>\n\t\t\t<\/button>\n\t\t<\/div>\n\t\t\t\t<button\n\t\t\tclass=\"carousel-control-prev\"\n\t\t\ttype=\"button\"\n\t\t\tdata-bs-target=\"#carouselCardProperties-1-1\"\n\t\t\tdata-bs-slide=\"prev\">\n\t\t\t<span class=\"carousel-control-prev-icon\" aria-hidden=\"true\"><\/span>\n\t\t\t<span class=\"visually-hidden\">Vorherige<\/span>\n\t\t<\/button>\n\t\t<button\n\t\t\tclass=\"carousel-control-next\"\n\t\t\ttype=\"button\"\n\t\t\tdata-bs-target=\"#carouselCardProperties-1-1\"\n\t\t\tdata-bs-slide=\"next\">\n\t\t\t<span class=\"carousel-control-next-icon\" aria-hidden=\"true\"><\/span>\n\t\t\t<span class=\"visually-hidden\">N\u00e4chste<\/span>\n\t\t<\/button>\n\t\t\t<\/div>\n\t<div class=\"d-flex flex-column h-100 px-3 py-4 shadow\">\n\t\t\t\t<h3 class=\"card-properties-title mb-3\">\n\t\t\t<a class=\"stretched-link\" href=\"\/de\/immobilien\/benahavis\/monte-mayor\/villen\/PANR-16065\">\n\t\t\t\tVilla Isola \u2013 schl\u00fcsselfertiges Projekt in Monte Mayor\t\t\t<\/a>\n\t\t<\/h3>\n\t\t<p class=\"mb-3 text-black-dark\">Monte Mayor, Benahavis<\/p>\n\t\t\t\t\t\t<p class=\"card-properties-description mb-3\">\n\t\t\tVilla Isola ist eine exklusive schl\u00fcsselfertige Entwicklung innerhalb der privaten und gesicherten Wohnanlage Montemayor in Benahav\u00eds. Auf einem 4.762 m\u00b2 gro\u00dfen Grundst\u00fcck gelegen und mit einer bebauten Fl\u00e4che von 1.840 m\u00b2 bietet diese moderne Residenz&#8230;\t\t<\/p>\n\t\t\t\t<span class=\"card-properties-price mt-auto\">\n\t\t\t\n\t\t\t<span class=\"card-properties-price mt-auto\" data-original-price=\"6870000\">6.870.000\u00a0\u20ac<\/span>\n\t\t\t\t<\/span>\n\t\t\t\t<ul class=\"card-properties-features list-unstyled d-flex flex-wrap align-items-center gap-3 pt-3 border-top mt-3 mb-0\">\n\t\t\t<li class=\"d-flex align-items-center\">6 Schlafzimmer<\/li><li class=\"d-flex align-items-center\">6 B\u00e4der<\/li>\t\t\t\t<li class=\"d-flex align-items-center\">\n\t\t\t\t\t <span class=\"me-1\" data-original-value=\"1840\" data-original-unit=\"m&#038;sup2\">1.840 m&sup2;<\/span>Gesamt\t\t\t\t<\/li>\n\t\t\t\t\t\t\t<li class=\"d-flex align-items-center\">\n\t\t\t\t\t <span class=\"me-1\" data-original-value=\"4762\" data-original-unit=\"m&#038;sup2\">4.762 m&sup2;<\/span>Grundst\u00fcck\t\t\t\t<\/li>\n\t\t\t\t\t\t<\/ul>\n\t\t\t<\/div>\n<\/article>\n\n\n<article class=\"col card-properties position-relative d-flex flex-column\">\n\t<div id=\"carouselCardProperties-1-2\" class=\"card-properties-images carousel slide carousel-fade lazy\" data-bs-ride=\"carousel\" data-bs-interval=\"200000\" data-id=\"662422\">\n\t\t<div class=\"carousel-inner\">\n\t\t\t<figure class=\"carousel-item mb-0 active ratio ratio-4x3\">\n\t\t\t\t<picture><source sizes=\"(max-width: 575px) calc(100vw - 24px), (max-width: 767px) 516px, (max-width: 991px) 696px, (max-width: 1199px) 296px, (max-width: 1399px) 356px, 400px\" width=\"696\" height=\"522\" srcset=\"https:\/\/media.panoramamarbella.com\/imgV1\/B95mbh8olwFQm~uCUaVOI2kQT0hb0a8sZ9turUNfnwtvuccYCzs0YVPfPbfkc2VnnN1JFDpkYaGfw1gJsS~5hOh7bdR59UvUfwyZy1AC8bx~LqkaPfLXrhu0iWJwFes_SxMPPwaD42xFCc8ULE5LdXcavEbOR6GF6O3euIHq3IlPFAjNGdsR1ehusE~jHQYUP1nN35nDau6W1HQgWewevtXsYoIbZmAZErUsw0932t3Vc1fCHBhOyLYxm_i2ntwzfF8IZnfgCFR0blkWzh8UlboFqcr1c~xjIMCgLbg1SfjVIaEioNsYrOnbvoJoowHDVByv1plTh~C9GSCrQv12iGtDCuJ8sGXR1phwxfvr8Zg3b6jsIuB3kISj_Nwf4cWXisdPt_xSssid6TYIH2rDq8EXRP8vBHNaw5hs9s1XIrMrmy_bm13Y~6nXhSVaNeYXyIKS9u2tvhWzYl7URueT.webp 696w,https:\/\/media.panoramamarbella.com\/imgV1\/B95mbh8olwFQm~uCUaVOI2kQT0hb0a8sZ9turUNfnwtvuccYCzs0YVPfPbfkc2VnnN1JFDpkYaGfw1gJsS~5hOh7bdR59UvUfwyZy1AC8bx~LqkaPfLXrhu0iWJwFes_SxMPPwaD42xFCc8ULE5LdXcavEbOR6GF6O3euIHq3sGlFZ9KAls_eBQlQrBwnjMPvicsCaKQnk89p~CUKw0KZ1yiFPgJK1JneuER562LZ9xgndrNslfkNqmNxvZfWmPESEHhWvRQ2KbODVX8uw3qt3zNthhwO7UWaF4HN6vg9IR3DTb8BV2GK54U6~NicWqg72J9Z0U4vZxFlINhM3ihuY3b8N6G1iwj6S8a39CD7AMMnE0noWZLZ9~A9uIGfxp5nwr9tCAojhiAqxX8_pD07JHee9PqmAycL8Ows5kWJjO460r~TOmbUugZIKWJTiNI2uF_0tUVxR1N8YPebHjA.webp 400w\" type=\"image\/webp\"><img decoding=\"async\" class=\"position-absolute w-100 h-100 object-fit-cover\" alt=\"Casa Enea, eine moderne Villa mit privatem Pool in einer ruhigen Boutique-Anlage in Benahav\u00eds\" loading=\"lazy\" width=\"696\" height=\"522\" src=\"https:\/\/media.panoramamarbella.com\/imgV1\/B95mbh8olwFQm~uCUaVOI2kQT0hb0a8sZ9turUNfnwtvuccYCzs0YVPfPbfkc2VnnN1JFDpkYaGfw1gJsS~5hOh7bdR59UvUfwyZy1AC8bx~LqkaPfLXrhu0iWJwFes_SxMPPwaD42xFCc8ULE5LdXcavEbOR6GF6O3euIHq3IlPFAjNGdsR1ehusE~jA9e6h3Uj3hOaXjR4OMXer~DSTo9r2B~xuz3c~BFe7d6uqP~RVRB242AqXJVCM9HYGgohmx_U~C_HNhWa40e0QxmGyWdaD__bS6wW8DVlHCRXHh93jzZDxzW4iN~nlVW7_CYQgKAyTxWecSQ4sluo0pAHFhbANN8uPFr4SiEvEY9SuSmSeejCymxR8arr4HWd8RU0VljxTukVdWl96W4FCg3uLtV0k5nmMhJDaeatypAvAOGPR63eD7GMN4gJskY-.jpg\"><\/picture>\t\t\t<\/figure>\n\t\t\t\t\t\t<span class=\"card-properties-ref position-absolute z-2 bottom-0 end-0 bg-white text-primary py-1 px-3 me-3\">\n\t\t\t\tPANR-16035\t\t\t<\/span>\n\t\t\t<button class=\"card-properties-portfolio d-flex align-items-center justify-content-center position-absolute z-3 end-0 text-white bg-primary me-3 border-0 px-0\" data-pfl-id=\"662422\" data-pfl-filter=\"sale\" aria-label=\"Add to portfolio\">\n\t\t\t\t<svg width=\"18\" fill=\"currentColor\" viewBox=\"0 0 512 512\">\n\t\t\t\t\t<use href=\"https:\/\/www.panoramamarbella.com\/wp-content\/themes\/panoramamarbella\/dist\/src\/images\/icons.svg#svgHeart\"><\/use>\n\t\t\t\t<\/svg>\n\t\t\t\t<svg width=\"18\" fill=\"currentColor\" viewBox=\"0 0 512 512\">\n\t\t\t\t\t<use href=\"https:\/\/www.panoramamarbella.com\/wp-content\/themes\/panoramamarbella\/dist\/src\/images\/icons.svg#svgHeartIn\"><\/use>\n\t\t\t\t<\/svg>\n\t\t\t<\/button>\n\t\t<\/div>\n\t\t\t\t<button\n\t\t\tclass=\"carousel-control-prev\"\n\t\t\ttype=\"button\"\n\t\t\tdata-bs-target=\"#carouselCardProperties-1-2\"\n\t\t\tdata-bs-slide=\"prev\">\n\t\t\t<span class=\"carousel-control-prev-icon\" aria-hidden=\"true\"><\/span>\n\t\t\t<span class=\"visually-hidden\">Vorherige<\/span>\n\t\t<\/button>\n\t\t<button\n\t\t\tclass=\"carousel-control-next\"\n\t\t\ttype=\"button\"\n\t\t\tdata-bs-target=\"#carouselCardProperties-1-2\"\n\t\t\tdata-bs-slide=\"next\">\n\t\t\t<span class=\"carousel-control-next-icon\" aria-hidden=\"true\"><\/span>\n\t\t\t<span class=\"visually-hidden\">N\u00e4chste<\/span>\n\t\t<\/button>\n\t\t\t<\/div>\n\t<div class=\"d-flex flex-column h-100 px-3 py-4 shadow\">\n\t\t\t\t<h3 class=\"card-properties-title mb-3\">\n\t\t\t<a class=\"stretched-link\" href=\"\/de\/immobilien\/benahavis\/be-lagom\/villen\/PANR-16035\">\n\t\t\t\tCasa Enea, eine moderne Villa mit privatem Pool in einer ruhigen Boutique-Anlage in Benahav\u00eds\t\t\t<\/a>\n\t\t<\/h3>\n\t\t<p class=\"mb-3 text-black-dark\">Be Lagom, Benahavis<\/p>\n\t\t\t\t\t\t<p class=\"card-properties-description mb-3\">\n\t\t\tCasa Enea befindet sich in einer ruhigen Wohngegend und ist Teil einer kleinen, sicheren und abgeschlossenen Anlage mit nur dreizehn Villen. Sie bietet eine ruhige, private Atmosph\u00e4re und liegt dennoch nur elf Kilometer von Puerto&#8230;\t\t<\/p>\n\t\t\t\t<span class=\"card-properties-price mt-auto\">\n\t\t\t\n\t\t\t<span class=\"card-properties-price mt-auto\" data-original-price=\"1890000\">1.890.000\u00a0\u20ac<\/span>\n\t\t\t\t<\/span>\n\t\t\t\t<ul class=\"card-properties-features list-unstyled d-flex flex-wrap align-items-center gap-3 pt-3 border-top mt-3 mb-0\">\n\t\t\t<li class=\"d-flex align-items-center\">4 Schlafzimmer<\/li><li class=\"d-flex align-items-center\">3 B\u00e4der<\/li>\t\t\t\t<li class=\"d-flex align-items-center\">\n\t\t\t\t\t <span class=\"me-1\" data-original-value=\"622\" data-original-unit=\"m&#038;sup2\">622 m&sup2;<\/span>Gesamt\t\t\t\t<\/li>\n\t\t\t\t\t\t\t<li class=\"d-flex align-items-center\">\n\t\t\t\t\t <span class=\"me-1\" data-original-value=\"528\" data-original-unit=\"m&#038;sup2\">528 m&sup2;<\/span>Grundst\u00fcck\t\t\t\t<\/li>\n\t\t\t\t\t\t\t\t<li class=\"d-flex align-items-center\">\n\t\t\t\t\t <span class=\"me-1\" data-original-value=\"394\" data-original-unit=\"m&#038;sup2\">394 m&sup2;<\/span>Gebaut\t\t\t\t<\/li>\n\t\t\t\t\t\t\t<li class=\"d-flex align-items-center\">\n\t\t\t\t\t <span class=\"me-1\" data-original-value=\"228\" data-original-unit=\"m&#038;sup2\">228 m&sup2;<\/span>Terrassen\t\t\t\t<\/li>\n\t\t\t\t\t<\/ul>\n\t\t\t<\/div>\n<\/article>\n\n\n<article class=\"col card-properties position-relative d-flex flex-column\">\n\t<div id=\"carouselCardProperties-1-3\" class=\"card-properties-images carousel slide carousel-fade lazy\" data-bs-ride=\"carousel\" data-bs-interval=\"200000\" data-id=\"660739\">\n\t\t<div class=\"carousel-inner\">\n\t\t\t<figure class=\"carousel-item mb-0 active ratio ratio-4x3\">\n\t\t\t\t<picture><source sizes=\"(max-width: 575px) calc(100vw - 24px), (max-width: 767px) 516px, (max-width: 991px) 696px, (max-width: 1199px) 296px, (max-width: 1399px) 356px, 400px\" width=\"696\" height=\"522\" srcset=\"https:\/\/media.panoramamarbella.com\/imgV1\/B95mbh8olwFQm~uCUaVOI2kQT0hb0a8sZ9turUNfnwtvuccYCzs0YVPfPbfkc2VnnN1JFDpkYaGfw1gJsS~5hOh5q3zuI55i9W4g5jGiTJlLouVJ8LyM~pSYiSXZM6BQaZduqtOajFG_HGicX_pvgQ7Ok9x_5ray8S4aJhWe_hgYdsIPgac1z59QC829g11Uj~bA1i~8HfgKjfveg3KiITvmveggUoPuOUyMWctHqQAbW5S~v3UE_utYQzT9dd3_TUrVZOZ8H_XmmlDdmVm68~S38dNsmhEMoucsMa5OxcASjNs2VYwSFPhquN_Q58bMJsdfZ8l1bFy1ZUVLFrK2nxD6ATE4VRT49pg06fDqJnHMFYsvRxi8DD2UfC8iwL20Z2yFB6voUvr_dvFCn4nJV270YYOCFunvrkKbM8eS497PK4d2LL0e~rFlE_5jYqekk8ohFKsJmhxX~5wHRhOK.webp 696w,https:\/\/media.panoramamarbella.com\/imgV1\/B95mbh8olwFQm~uCUaVOI2kQT0hb0a8sZ9turUNfnwtvuccYCzs0YVPfPbfkc2VnnN1JFDpkYaGfw1gJsS~5hOh5q3zuI55i9W4g5jGiTJlLouVJ8LyM~pSYiSXZM6BQaZduqtOajFG_HGicX_pvgQ7Ok9x_5ray8S4aJhWe_NieELapFB9ohdfDLzB1qGIRrzv9tbzGDP9aqoVOy9XSVCeUKlcwUh2OIYTGNm8UvhwyyIlKZcsk2YwuPeTbftnxQLAyD2kZi7XC15q5F8kt_Xutmaq80m~uHLyPgLgWGJqohfWJ_h0gHbyLO1wnaQ~fpip4PdhGf6p95W_aXDQjBCK5sKt1kBudEI2EZNO1AcKdUxvX3Jm~k34Sejak2iaxd~XjJA~zTwX6Dl4RBXlmXuZ6ENAJAz9qzuf5l~ST~LlRcqlTx0_fAzJwD3ShOQQmEaLcJKqHgEXgWSf1DzTW.webp 400w\" type=\"image\/webp\"><img decoding=\"async\" class=\"position-absolute w-100 h-100 object-fit-cover\" alt=\"Villa Haven \u2013 eine au\u00dfergew\u00f6hnliche, zeitgen\u00f6ssische Residenz im renommierten Marbella Hill Club\" loading=\"lazy\" width=\"696\" height=\"522\" src=\"https:\/\/media.panoramamarbella.com\/imgV1\/B95mbh8olwFQm~uCUaVOI2kQT0hb0a8sZ9turUNfnwtvuccYCzs0YVPfPbfkc2VnnN1JFDpkYaGfw1gJsS~5hOh5q3zuI55i9W4g5jGiTJlLouVJ8LyM~pSYiSXZM6BQaZduqtOajFG_HGicX_pvgQ7Ok9x_5ray8S4aJhWe_hgYdsIPgac1z59QC829nQ9SOM1lddEiKE5_PiYWb10hfYUXr5TGBG4YngRvXQNwKj~P9WpTSM1pj0L5PJHIVxC2zV6Ve_xXSxTeVFwa4wJA5x8IN9vqotcJB7WbXj1PMVzAJUHdHiDeSi2_KDUVPDJUdPcBP5gNVHEBkrnAkJ0aajpRNF4W80TIERk2zzSKP3Jl2MqPoB7YPahMQVcaQ3dBaHG580BpcbNSiYkC0YWy1GXcqQx6ADxOREbPluEqmM4op8DXKLSWUVFjN_0-.jpg\"><\/picture>\t\t\t<\/figure>\n\t\t\t\t\t\t<span class=\"card-properties-ref position-absolute z-2 bottom-0 end-0 bg-white text-primary py-1 px-3 me-3\">\n\t\t\t\tPANR-16016\t\t\t<\/span>\n\t\t\t<button class=\"card-properties-portfolio d-flex align-items-center justify-content-center position-absolute z-3 end-0 text-white bg-primary me-3 border-0 px-0\" data-pfl-id=\"660739\" data-pfl-filter=\"sale\" aria-label=\"Add to portfolio\">\n\t\t\t\t<svg width=\"18\" fill=\"currentColor\" viewBox=\"0 0 512 512\">\n\t\t\t\t\t<use href=\"https:\/\/www.panoramamarbella.com\/wp-content\/themes\/panoramamarbella\/dist\/src\/images\/icons.svg#svgHeart\"><\/use>\n\t\t\t\t<\/svg>\n\t\t\t\t<svg width=\"18\" fill=\"currentColor\" viewBox=\"0 0 512 512\">\n\t\t\t\t\t<use href=\"https:\/\/www.panoramamarbella.com\/wp-content\/themes\/panoramamarbella\/dist\/src\/images\/icons.svg#svgHeartIn\"><\/use>\n\t\t\t\t<\/svg>\n\t\t\t<\/button>\n\t\t<\/div>\n\t\t\t\t<button\n\t\t\tclass=\"carousel-control-prev\"\n\t\t\ttype=\"button\"\n\t\t\tdata-bs-target=\"#carouselCardProperties-1-3\"\n\t\t\tdata-bs-slide=\"prev\">\n\t\t\t<span class=\"carousel-control-prev-icon\" aria-hidden=\"true\"><\/span>\n\t\t\t<span class=\"visually-hidden\">Vorherige<\/span>\n\t\t<\/button>\n\t\t<button\n\t\t\tclass=\"carousel-control-next\"\n\t\t\ttype=\"button\"\n\t\t\tdata-bs-target=\"#carouselCardProperties-1-3\"\n\t\t\tdata-bs-slide=\"next\">\n\t\t\t<span class=\"carousel-control-next-icon\" aria-hidden=\"true\"><\/span>\n\t\t\t<span class=\"visually-hidden\">N\u00e4chste<\/span>\n\t\t<\/button>\n\t\t\t<\/div>\n\t<div class=\"d-flex flex-column h-100 px-3 py-4 shadow\">\n\t\t\t\t<h3 class=\"card-properties-title mb-3\">\n\t\t\t<a class=\"stretched-link\" href=\"\/de\/immobilien\/marbella\/marbella-goldene-meile\/marbella-hill-club\/villen\/PANR-16016\">\n\t\t\t\tVilla Haven \u2013 eine au\u00dfergew\u00f6hnliche, zeitgen\u00f6ssische Residenz im renommierten Marbella Hill Club\t\t\t<\/a>\n\t\t<\/h3>\n\t\t<p class=\"mb-3 text-black-dark\">Marbella Hill Club, Marbella Goldene Meile<\/p>\n\t\t\t\t\t\t<p class=\"card-properties-description mb-3\">\n\t\t\tVilla Haven ist eine beeindruckende, zeitgen\u00f6ssische Residenz in der prestigetr\u00e4chtigen, gesicherten Wohnanlage Marbella Hill Club, nur wenige Minuten von der ber\u00fchmten Goldenen Meile Marbellas entfernt. Entworfen vom renommierten Architekten Villarroel und erbaut von B. Solis,&#8230;\t\t<\/p>\n\t\t\t\t<span class=\"card-properties-price mt-auto\">\n\t\t\t\n\t\t\t<span class=\"card-properties-price mt-auto\" data-original-price=\"14900000\">14.900.000\u00a0\u20ac<\/span>\n\t\t\t\t<\/span>\n\t\t\t\t<ul class=\"card-properties-features list-unstyled d-flex flex-wrap align-items-center gap-3 pt-3 border-top mt-3 mb-0\">\n\t\t\t<li class=\"d-flex align-items-center\">5 Schlafzimmer<\/li><li class=\"d-flex align-items-center\">6 B\u00e4der<\/li>\t\t\t\t<li class=\"d-flex align-items-center\">\n\t\t\t\t\t <span class=\"me-1\" data-original-value=\"1191\" data-original-unit=\"m&#038;sup2\">1.191 m&sup2;<\/span>Gesamt\t\t\t\t<\/li>\n\t\t\t\t\t\t\t<li class=\"d-flex align-items-center\">\n\t\t\t\t\t <span class=\"me-1\" data-original-value=\"3560\" data-original-unit=\"m&#038;sup2\">3.560 m&sup2;<\/span>Grundst\u00fcck\t\t\t\t<\/li>\n\t\t\t\t\t\t\t\t<li class=\"d-flex align-items-center\">\n\t\t\t\t\t <span class=\"me-1\" data-original-value=\"799\" data-original-unit=\"m&#038;sup2\">799 m&sup2;<\/span>Gebaut\t\t\t\t<\/li>\n\t\t\t\t\t\t\t<li class=\"d-flex align-items-center\">\n\t\t\t\t\t <span class=\"me-1\" data-original-value=\"392\" data-original-unit=\"m&#038;sup2\">392 m&sup2;<\/span>Terrassen\t\t\t\t<\/li>\n\t\t\t\t\t<\/ul>\n\t\t\t<\/div>\n<\/article>\n\n\n<article class=\"col card-properties position-relative d-flex flex-column\">\n\t<div id=\"carouselCardProperties-1-4\" class=\"card-properties-images carousel slide carousel-fade lazy\" data-bs-ride=\"carousel\" data-bs-interval=\"200000\" data-id=\"655322\">\n\t\t<div class=\"carousel-inner\">\n\t\t\t<figure class=\"carousel-item mb-0 active ratio ratio-4x3\">\n\t\t\t\t<picture><source sizes=\"(max-width: 575px) calc(100vw - 24px), (max-width: 767px) 516px, (max-width: 991px) 696px, (max-width: 1199px) 296px, (max-width: 1399px) 356px, 400px\" width=\"696\" height=\"522\" srcset=\"https:\/\/media.panoramamarbella.com\/imgV1\/B95mbh8olwFQm~uCUaVOI2kQT0hb0a8sZ9turUNfnwtvuccYCzs0YVPfPbfkc2VnnN1JFDpkYaGfw1gJsS~5h5m_pdaM58tO3IgaT1t_Su_bVDliMdeAQ2yxfj7z8EULyBffEzYQmSrgIZ4vtYF1elAcHt39xgDQMqx3cBQz5crmrUNFO501_3GJjDEo4GuRxMZVBdFGLUtXuz4ijQGqHW4MlpCO5G5Gz6cfKqugOc7bd_vUeVdTNN~v1p5R2xJzXoDuqn0MEF8IwA7J9nemjyJmQnsj7H6fboCcQGMz7bgj487y5s~0Qboo303HCMfx~XhFX8bn4LCCsfvrTmrgE0kmk9ZjXkXdY_zo~x_x5IwfjeTogrQyIeXARZYacEIE_sc3V5v427I1eA2OS4BO3BWI4YRpUN9Qb~0sEKaPVu7hyM2IHn_NGmFxA4GPv7ju5zyPfLFf1LWc50gWA8us.webp 696w,https:\/\/media.panoramamarbella.com\/imgV1\/B95mbh8olwFQm~uCUaVOI2kQT0hb0a8sZ9turUNfnwtvuccYCzs0YVPfPbfkc2VnnN1JFDpkYaGfw1gJsS~5h5m_pdaM58tO3IgaT1t_Su_bVDliMdeAQ2yxfj7z8EULyBffEzYQmSrgIZ4vtYF1elAcHt39xgDQMqx3cBQz50BlXfuIr1dvSnLy3Cv2_IcfnK6PzRjb9B~Ty8AxWxsjLVyUfZ5dxKTHp_plr4g3I9iAIWXT7nWpSvc0leaX78MOxg3wqKjUQBtsoVL069cxb~m~OfyhkRs57_iBoKnNeieguQwcROuROZqz41pU8Dcu05u9eyKNQJLJHLQ29o9qaeXkB7Q59Aj8Q6Xggtdtedq63Xet_bA7EwRecW5oNIXKu1tvOkKMY4rVNiS3KYbf087Fqd1TEauvYbBZwiNzjULVcKqV1H9nW~7MbPg2oNtsEfK1pCGDbuLjAgT2G_in.webp 400w\" type=\"image\/webp\"><img decoding=\"async\" class=\"position-absolute w-100 h-100 object-fit-cover\" alt=\"Schl\u00fcsselfertiges Villenprojekt umgeben von wundersch\u00f6nen Bergen und Meerblick in Montemayor\" loading=\"lazy\" width=\"696\" height=\"522\" src=\"https:\/\/media.panoramamarbella.com\/imgV1\/B95mbh8olwFQm~uCUaVOI2kQT0hb0a8sZ9turUNfnwtvuccYCzs0YVPfPbfkc2VnnN1JFDpkYaGfw1gJsS~5h5m_pdaM58tO3IgaT1t_Su_bVDliMdeAQ2yxfj7z8EULyBffEzYQmSrgIZ4vtYF1elAcHt39xgDQMqx3cBQz5crmrUNFO501_3GJjDEo~qaW0n3Kx8RUFH3uFPxidQhEmKQsqAG4z6O4P_NmyvDi5B0nAdclZLd7bZEDpdVJ8GT1eYD_wQV3qBae_5ikl6cbAIVDdYBb3IArDb991OtapHUYuEAjhfbVrsx0QqWY82WLVYcDhoqeFajSUTA0yM8bOqui18LC1~97U7pXpLU0WfzEQEcEZmbmoqQFUPfAJFtanzOIUg_7klWjA9cgMIqiulKksggj8jHIMQIjw3HwdWnFE5hEVXnZfXIum5g-.jpg\"><\/picture>\t\t\t<\/figure>\n\t\t\t\t\t\t<span class=\"card-properties-ref position-absolute z-2 bottom-0 end-0 bg-white text-primary py-1 px-3 me-3\">\n\t\t\t\tPANR-15962\t\t\t<\/span>\n\t\t\t<button class=\"card-properties-portfolio d-flex align-items-center justify-content-center position-absolute z-3 end-0 text-white bg-primary me-3 border-0 px-0\" data-pfl-id=\"655322\" data-pfl-filter=\"sale\" aria-label=\"Add to portfolio\">\n\t\t\t\t<svg width=\"18\" fill=\"currentColor\" viewBox=\"0 0 512 512\">\n\t\t\t\t\t<use href=\"https:\/\/www.panoramamarbella.com\/wp-content\/themes\/panoramamarbella\/dist\/src\/images\/icons.svg#svgHeart\"><\/use>\n\t\t\t\t<\/svg>\n\t\t\t\t<svg width=\"18\" fill=\"currentColor\" viewBox=\"0 0 512 512\">\n\t\t\t\t\t<use href=\"https:\/\/www.panoramamarbella.com\/wp-content\/themes\/panoramamarbella\/dist\/src\/images\/icons.svg#svgHeartIn\"><\/use>\n\t\t\t\t<\/svg>\n\t\t\t<\/button>\n\t\t<\/div>\n\t\t\t\t<button\n\t\t\tclass=\"carousel-control-prev\"\n\t\t\ttype=\"button\"\n\t\t\tdata-bs-target=\"#carouselCardProperties-1-4\"\n\t\t\tdata-bs-slide=\"prev\">\n\t\t\t<span class=\"carousel-control-prev-icon\" aria-hidden=\"true\"><\/span>\n\t\t\t<span class=\"visually-hidden\">Vorherige<\/span>\n\t\t<\/button>\n\t\t<button\n\t\t\tclass=\"carousel-control-next\"\n\t\t\ttype=\"button\"\n\t\t\tdata-bs-target=\"#carouselCardProperties-1-4\"\n\t\t\tdata-bs-slide=\"next\">\n\t\t\t<span class=\"carousel-control-next-icon\" aria-hidden=\"true\"><\/span>\n\t\t\t<span class=\"visually-hidden\">N\u00e4chste<\/span>\n\t\t<\/button>\n\t\t\t<\/div>\n\t<div class=\"d-flex flex-column h-100 px-3 py-4 shadow\">\n\t\t\t\t<h3 class=\"card-properties-title mb-3\">\n\t\t\t<a class=\"stretched-link\" href=\"\/de\/immobilien\/benahavis\/monte-mayor\/villen\/PANR-15962\">\n\t\t\t\tSchl\u00fcsselfertiges Villenprojekt umgeben von wundersch\u00f6nen Bergen und Meerblick in Montemayor\t\t\t<\/a>\n\t\t<\/h3>\n\t\t<p class=\"mb-3 text-black-dark\">Monte Mayor, Benahavis<\/p>\n\t\t\t\t\t\t<p class=\"card-properties-description mb-3\">\n\t\t\tDieses moderne Villenprojekt in Monte Mayor, Benahav\u00eds, bietet die perfekte Kombination aus Ruhe, Natur und modernem Wohnen \u2013 nur 15 Autominuten von Marbella und Puerto Ban\u00fas entfernt. Umgeben von beeindruckenden Bergen und herrlichem Meerblick genie\u00dfen&#8230;\t\t<\/p>\n\t\t\t\t<span class=\"card-properties-price mt-auto\">\n\t\t\t\n\t\t\t<span class=\"card-properties-price mt-auto\" data-original-price=\"4975000\">4.975.000\u00a0\u20ac<\/span>\n\t\t\t\t<\/span>\n\t\t\t\t<ul class=\"card-properties-features list-unstyled d-flex flex-wrap align-items-center gap-3 pt-3 border-top mt-3 mb-0\">\n\t\t\t<li class=\"d-flex align-items-center\">6 Schlafzimmer<\/li><li class=\"d-flex align-items-center\">6 B\u00e4der<\/li>\t\t\t\t<li class=\"d-flex align-items-center\">\n\t\t\t\t\t <span class=\"me-1\" data-original-value=\"1443\" data-original-unit=\"m&#038;sup2\">1.443 m&sup2;<\/span>Gesamt\t\t\t\t<\/li>\n\t\t\t\t\t\t\t<li class=\"d-flex align-items-center\">\n\t\t\t\t\t <span class=\"me-1\" data-original-value=\"2802\" data-original-unit=\"m&#038;sup2\">2.802 m&sup2;<\/span>Grundst\u00fcck\t\t\t\t<\/li>\n\t\t\t\t\t\t\t\t<li class=\"d-flex align-items-center\">\n\t\t\t\t\t <span class=\"me-1\" data-original-value=\"796\" data-original-unit=\"m&#038;sup2\">796 m&sup2;<\/span>Gebaut\t\t\t\t<\/li>\n\t\t\t\t\t\t\t<li class=\"d-flex align-items-center\">\n\t\t\t\t\t <span class=\"me-1\" data-original-value=\"564\" data-original-unit=\"m&#038;sup2\">564 m&sup2;<\/span>Terrassen\t\t\t\t<\/li>\n\t\t\t\t\t<\/ul>\n\t\t\t<\/div>\n<\/article>\n\n\n<article class=\"col card-properties position-relative d-flex flex-column\">\n\t<div id=\"carouselCardProperties-1-5\" class=\"card-properties-images carousel slide carousel-fade lazy\" data-bs-ride=\"carousel\" data-bs-interval=\"200000\" data-id=\"655321\">\n\t\t<div class=\"carousel-inner\">\n\t\t\t<figure class=\"carousel-item mb-0 active ratio ratio-4x3\">\n\t\t\t\t<picture><source sizes=\"(max-width: 575px) calc(100vw - 24px), (max-width: 767px) 516px, (max-width: 991px) 696px, (max-width: 1199px) 296px, (max-width: 1399px) 356px, 400px\" width=\"696\" height=\"522\" srcset=\"https:\/\/media.panoramamarbella.com\/imgV1\/B95mbh8olwFQm~uCUaVOI2kQT0hb0a8sZ9turUNfnwtvuccYCzs0YVPfPbfkc2VnnN1JFDpkYaGfw1gJsS~5h5m_puF7aA~Sr8dRfP330uo1nBwYiuvtXVMzQ7wnBOfhZ9XSZB8E0wlJzo61imT2f4gtct1oEBd8M4DiJzvNYWinRC98unTz6SbxF2FzR0vV1G~L6kjU~Vmc0CmfWgXV3NxPCk4za5qlU9_58YNNeb4b5vYRsOYf005WrMyECBpO5KvXlfexml2gjN9tf7Z2qg01KJ_a0eR1JYD4Hr9E8dex0t0vOk1E8UWgg0hcCQEt1xG_c9UFcPTyJ_0QmxUY9zDjOvOdTNOvOlwM36crKltxdOfgfBHQ9MZqBEwSH4a1H_iuWAfWU1oHYfOsTuyHpmhLuD0W2UEUViJkpQVYqkyzqmw~unjbPAmOioGs2KA1aJTbii6EtIHuun~Qw3xf.webp 696w,https:\/\/media.panoramamarbella.com\/imgV1\/B95mbh8olwFQm~uCUaVOI2kQT0hb0a8sZ9turUNfnwtvuccYCzs0YVPfPbfkc2VnnN1JFDpkYaGfw1gJsS~5h5m_puF7aA~Sr8dRfP330uo1nBwYiuvtXVMzQ7wnBOfhZ9XSZB8E0wlJzo61imT2f4gtct1oEBd8M4DiJzvNYy61idwv3UdF81x~ViVvDm7KOabmSVSnKONG6~7AM9Ot8vJJrQ0tSHq66cvpuvpC_aIBdg_KSxO22LA0DgT98RpUkHdynYwKg_gFIlwQTFIEiVNRFkq8dNKYBVrAoMfpHqwlQ5tqjLIzaczgax9V_5N9zrTcFe7dVTAd2EbDMzF_lxxylY_MExdR57jziCRzzcW3Od1WD3VSjSHQmvs5cGc5PMR7_03xQVNz_6~9gjaxNu8A_NJOhEzfH34TB6uEnK2KbiQ_If~BDewL5gsN~FV8GfbGHbVEMKGSOaueKE~N.webp 400w\" type=\"image\/webp\"><img decoding=\"async\" class=\"position-absolute w-100 h-100 object-fit-cover\" alt=\"Schl\u00fcsselfertiges Villenprojekt in Monte Mayor\" loading=\"lazy\" width=\"696\" height=\"522\" src=\"https:\/\/media.panoramamarbella.com\/imgV1\/B95mbh8olwFQm~uCUaVOI2kQT0hb0a8sZ9turUNfnwtvuccYCzs0YVPfPbfkc2VnnN1JFDpkYaGfw1gJsS~5h5m_puF7aA~Sr8dRfP330uo1nBwYiuvtXVMzQ7wnBOfhZ9XSZB8E0wlJzo61imT2f4gtct1oEBd8M4DiJzvNYWinRC98unTz6SbxF2FzWcYS1qzo3XKy_ykngMSj0PkPJF_~ZPWQNBf4c0Or5qsmjsJYRzQGn~b_wVAnbJbs8FvB1qTtz_b93QYcJkfX2bfxmE1Q9u_oqnyTrxavZ9lqNvH97a6n6kEd4qNPPkMmQ_bjVV~3dPTVN0bfZeipvjy0l0lI6NB4mZ2jocWirUrCEe7f99bsqDPCyF97d7xxajqU3zSLPdqG3FagxUuxhefxsz39XEUw6VNWZNx~vizp4~Gfq9obkaR7VeR2PC0-.jpg\"><\/picture>\t\t\t<\/figure>\n\t\t\t\t\t\t<span class=\"card-properties-ref position-absolute z-2 bottom-0 end-0 bg-white text-primary py-1 px-3 me-3\">\n\t\t\t\tPANR-15961\t\t\t<\/span>\n\t\t\t<button class=\"card-properties-portfolio d-flex align-items-center justify-content-center position-absolute z-3 end-0 text-white bg-primary me-3 border-0 px-0\" data-pfl-id=\"655321\" data-pfl-filter=\"sale\" aria-label=\"Add to portfolio\">\n\t\t\t\t<svg width=\"18\" fill=\"currentColor\" viewBox=\"0 0 512 512\">\n\t\t\t\t\t<use href=\"https:\/\/www.panoramamarbella.com\/wp-content\/themes\/panoramamarbella\/dist\/src\/images\/icons.svg#svgHeart\"><\/use>\n\t\t\t\t<\/svg>\n\t\t\t\t<svg width=\"18\" fill=\"currentColor\" viewBox=\"0 0 512 512\">\n\t\t\t\t\t<use href=\"https:\/\/www.panoramamarbella.com\/wp-content\/themes\/panoramamarbella\/dist\/src\/images\/icons.svg#svgHeartIn\"><\/use>\n\t\t\t\t<\/svg>\n\t\t\t<\/button>\n\t\t<\/div>\n\t\t\t\t<button\n\t\t\tclass=\"carousel-control-prev\"\n\t\t\ttype=\"button\"\n\t\t\tdata-bs-target=\"#carouselCardProperties-1-5\"\n\t\t\tdata-bs-slide=\"prev\">\n\t\t\t<span class=\"carousel-control-prev-icon\" aria-hidden=\"true\"><\/span>\n\t\t\t<span class=\"visually-hidden\">Vorherige<\/span>\n\t\t<\/button>\n\t\t<button\n\t\t\tclass=\"carousel-control-next\"\n\t\t\ttype=\"button\"\n\t\t\tdata-bs-target=\"#carouselCardProperties-1-5\"\n\t\t\tdata-bs-slide=\"next\">\n\t\t\t<span class=\"carousel-control-next-icon\" aria-hidden=\"true\"><\/span>\n\t\t\t<span class=\"visually-hidden\">N\u00e4chste<\/span>\n\t\t<\/button>\n\t\t\t<\/div>\n\t<div class=\"d-flex flex-column h-100 px-3 py-4 shadow\">\n\t\t\t\t<h3 class=\"card-properties-title mb-3\">\n\t\t\t<a class=\"stretched-link\" href=\"\/de\/immobilien\/benahavis\/monte-mayor\/villen\/PANR-15961\">\n\t\t\t\tSchl\u00fcsselfertiges Villenprojekt in Monte Mayor\t\t\t<\/a>\n\t\t<\/h3>\n\t\t<p class=\"mb-3 text-black-dark\">Monte Mayor, Benahavis<\/p>\n\t\t\t\t\t\t<p class=\"card-properties-description mb-3\">\n\t\t\tDiese moderne Villa zum Verkauf befindet sich in Monte Mayor, Benahav\u00eds, einer der exklusivsten Wohnanlagen an der Costa del Sol. Eingebettet in ein privates Tal, umgeben von sanften H\u00fcgeln und atemberaubendem Meerblick, bietet sie Ruhe,&#8230;\t\t<\/p>\n\t\t\t\t<span class=\"card-properties-price mt-auto\">\n\t\t\t\n\t\t\t<span class=\"card-properties-price mt-auto\" data-original-price=\"4958000\">4.958.000\u00a0\u20ac<\/span>\n\t\t\t\t<\/span>\n\t\t\t\t<ul class=\"card-properties-features list-unstyled d-flex flex-wrap align-items-center gap-3 pt-3 border-top mt-3 mb-0\">\n\t\t\t<li class=\"d-flex align-items-center\">6 Schlafzimmer<\/li><li class=\"d-flex align-items-center\">6 B\u00e4der<\/li>\t\t\t\t<li class=\"d-flex align-items-center\">\n\t\t\t\t\t <span class=\"me-1\" data-original-value=\"1179\" data-original-unit=\"m&#038;sup2\">1.179 m&sup2;<\/span>Gesamt\t\t\t\t<\/li>\n\t\t\t\t\t\t\t<li class=\"d-flex align-items-center\">\n\t\t\t\t\t <span class=\"me-1\" data-original-value=\"2395\" data-original-unit=\"m&#038;sup2\">2.395 m&sup2;<\/span>Grundst\u00fcck\t\t\t\t<\/li>\n\t\t\t\t\t\t\t\t<li class=\"d-flex align-items-center\">\n\t\t\t\t\t <span class=\"me-1\" data-original-value=\"796\" data-original-unit=\"m&#038;sup2\">796 m&sup2;<\/span>Gebaut\t\t\t\t<\/li>\n\t\t\t\t\t\t\t<li class=\"d-flex align-items-center\">\n\t\t\t\t\t <span class=\"me-1\" data-original-value=\"383\" data-original-unit=\"m&#038;sup2\">383 m&sup2;<\/span>Terrassen\t\t\t\t<\/li>\n\t\t\t\t\t<\/ul>\n\t\t\t<\/div>\n<\/article>\n\t\t\t<\/div>\n\t\t\t\t\t<\/section>\n\t\t\n","protected":false},"excerpt":{"rendered":"<p>Weltb\u00fcrgerin mit Leidenschaft f\u00fcr Immobilien \u2013 Eva bringt \u00fcber 20 Jahre Erfahrung und pers\u00f6nlichen Service mit.<\/p>\n","protected":false},"template":"","meta":{"_acf_changed":true},"class_list":["post-15390","agents","type-agents","status-publish","hentry"],"acf":[],"_links":{"self":[{"href":"https:\/\/www.panoramamarbella.com\/de\/wp-json\/wp\/v2\/agents\/15390","targetHints":{"allow":["GET"]}}],"collection":[{"href":"https:\/\/www.panoramamarbella.com\/de\/wp-json\/wp\/v2\/agents"}],"about":[{"href":"https:\/\/www.panoramamarbella.com\/de\/wp-json\/wp\/v2\/types\/agents"}],"wp:attachment":[{"href":"https:\/\/www.panoramamarbella.com\/de\/wp-json\/wp\/v2\/media?parent=15390"}],"curies":[{"name":"wp","href":"https:\/\/api.w.org\/{rel}","templated":true}]}}