{"id":1464,"date":"2024-05-22T14:49:01","date_gmt":"2024-05-22T12:49:01","guid":{"rendered":"https:\/\/www.panoramamarbella.com\/?post_type=areas&#038;p=1464"},"modified":"2025-07-02T11:30:33","modified_gmt":"2025-07-02T09:30:33","slug":"san-pedro-de-alcantara","status":"publish","type":"areas","link":"https:\/\/www.panoramamarbella.com\/de\/gegenden\/san-pedro-de-alcantara","title":{"rendered":"San Pedro de Alc\u00e1ntara: Authentisches K\u00fcstenleben bei Marbella entdecken"},"content":{"rendered":"\n\n<h2 class=\"wp-block-heading\">San Pedro de Alc\u00e1ntara: zwischen Tradition und Luxus<\/h2>\n\n\n<div class=\"lead\"><p>San Pedro de Alc\u00e1ntara in Marbella, M\u00e1laga, bietet eine charmante Kombination aus andalusischer Tradition und Moderne. Diese malerische Stadt hat sich das Wesen eines typisch andalusischen Dorfes bewahrt, mit kopfsteingepflasterten Stra\u00dfen, charmanten Pl\u00e4tzen und pulsierendem Leben. Ein Spaziergang durch die Altstadt ist eine Reise in die Vergangenheit, bei der man authentische Tapas genie\u00dfen und kleine familiengef\u00fchrte Gesch\u00e4fte entdecken kann.<\/p>\n<\/div>\n\n\n<ul class=\"table-index list-unstyled p-4 p-lg-5 ms-0 bg-light\"><li class=\"text-uppercase fw-bold mb-3\">Inhaltsverzeichnis<\/li><li><a href=\"#san+pedro+de+alcantara+zwischen+tradition+und+luxus\">\nSan Pedro de Alc\u00e1ntara: zwischen Tradition und Luxus\n<\/a><\/li>\n<li><a href=\"#wohngebiete+in+san+pedro\">\nWohngebiete in San Pedro\n<\/a><\/li>\n<li><a href=\"#exklusive+urbanisationen\">\nExklusive Urbanisationen\n<\/a><\/li><\/ul>\n\n\n\n<h2 class=\"wp-block-heading\">Wohngebiete in San Pedro<\/h2>\n\n\n\n<p>Siehe unten einige Wohngebiete in San Pedro.<\/p>\n\n\n\t\t<div class=\"row row-cols-1 row-cols-lg-2 gx-5 gy-4 mt-4\">\n\t\t<article class=\"col card-guides\">\n\t<figure class=\"d-flex flex-column align-items-start position-relative\">\n\t\t<picture><source width=\"426\" height=\"567\" srcset=\"https:\/\/media.panoramamarbella.com\/imgV1\/B95mbh8olwFQm~uCT2wPZMb8hll4wghQQQq6YWg0~c~U_DrmgY8pGP8pqaDzA6mvjyI_OPtcrHD_aKxCvYKLjaJCWaax6zRLv3FgQomNd_XzQJgVYRfVkd9wWv_8WOWPrR0_TDkhqOLrEnyU6LflzdEqWDdDIojPMbtbkiikmFQ7pMuueQyKPOJyg7DR49zoSrwnDykGLLjW6w--.webp 426w\" type=\"image\/webp\"><img loading=\"lazy\" decoding=\"async\" class=\"position-absolute w-100 h-100 top-0 start-0 object-fit-cover\" width=\"426\" height=\"567\" src=\"https:\/\/media.panoramamarbella.com\/imgV1\/B95mbh8olwFQm~uCT2wPZMb8hll4wghQQQq6YWg0~c~U_DrmgY8pGP8pqaDzA6mvjyI_OPtcrHD_aKxCvYKLjaJCWaax6zRLv3FgQomNd_XzQJgVYRfVkd9wWv_8WOWPrR0_TDkhqOLrEnyU6LflzdEqWDdDIpZlTfaC6rfAGPpD5lZ13jrT.jpg\"><\/picture>\t\t<figcaption class=\"text-white fs-6 fw-semibold shadow py-2 px-4 bottom-0 top-100 mt-n4 ms-0 ms-sm-n2 z-2\">\n\t\t\t<a href=\"https:\/\/www.panoramamarbella.com\/de\/gegenden\/san-pedro-de-alcantara\/guadalmina-baja\" title=\"Guadalmina Baja, Marbella\" class=\"stretched-link\">\n\t\t\t\tGuadalmina Baja, Marbella\t\t\t<\/a>\n\t\t<\/figcaption>\n\t<\/figure>\n<\/article>\n\t<\/div>\n\t\n\n\n<h2 class=\"wp-block-heading\">Exklusive Urbanisationen<\/h2>\n\n\n\t<figure class=\"wp-caption alignright wp-block-acf-wpimage\">\n\t<picture><source width=\"450\" height=\"452\" srcset=\"https:\/\/media.panoramamarbella.com\/imgV1\/B95mbh8olwFQm~uCT2wPZMb8hll4wghQQQq6YWg0~c~U_DrmgY8pGP8pqaDzA6mvjyI_OPtcrHD_aKxCvYKLjauvO6I6RE8OvdVK~FidkzDabH07rn6X1RoBgl3UvDdFAM_ljQyAwFFr4ov4VlS1lCiBsb6c9bN0aova~L1zdNhpWm1im7KIxW99IQONszUlPdhtOSPd.webp 450w\" type=\"image\/webp\"><img decoding=\"async\" class=\"img-fluid\" loading=\"lazy\" width=\"450\" height=\"452\" alt=\"Neues Wohnprojekt in San Pedro\" src=\"https:\/\/media.panoramamarbella.com\/imgV1\/B95mbh8olwFQm~uCT2wPZMb8hll4wghQQQq6YWg0~c~U_DrmgY8pGP8pqaDzA6mvjyI_OPtcrHD_aKxCvYKLjauvO6I6RE8OvdVK~FidkzDabH07rn6X1RoBgl3UvDdFAM_ljQyAwFFr4ov4VlS1lCiBr8v4pUeACgcWY3mw2SxImoA-.jpg\"><\/picture>\t\t\t<figcaption class=\"wp-caption-text\">\n\t\tNeues Wohnprojekt\t\t<\/figcaption>\n\t\t\t<\/figure>\n\t\n\n\n<p>Nur wenige Minuten von der traditionellen Hektik entfernt, befinden sich in San Pedro auch <a href=\"https:\/\/www.panoramamarbella.com\/de\/neubauprojekte\/san-pedro-de-alcantara\">luxuri\u00f6se Wohnanlagen<\/a>, die diejenigen anziehen, die exklusive Wohnungen in einer ruhigen Umgebung suchen. Diese Wohngebiete bieten hochwertige Immobilien, von modernen Villen bis hin zu <a href=\"https:\/\/www.panoramamarbella.com\/de\/neubauprojekte\/san-pedro-de-alcantara\/wohnungen\">Wohnungen mit Meerblick<\/a>. Dar\u00fcber hinaus ist die Lage in der N\u00e4he von Marbella und <a href=\"https:\/\/www.panoramamarbella.com\/de\/gegenden\/puerto-banus\" data-type=\"areas\" data-id=\"7507\">Puerto Ban\u00fas<\/a> ein idealer Ort f\u00fcr diejenigen, die Ruhe genie\u00dfen m\u00f6chten, ohne auf Luxus und die N\u00e4he zu den besten Str\u00e4nden, Restaurants und Dienstleistungen an der Costa del Sol verzichten zu m\u00fcssen.<\/p>\n\n\n\n<p>San Pedro de Alc\u00e1ntara ist zweifellos ein Juwel, das das Beste aus zwei Welten in sich vereint: authentisches andalusisches Leben und den mond\u00e4nen Lebensstil, der Marbella auszeichnet.<\/p>\n\n\n<hr class=\"w-75 mt-3 mt-md-5 mb-3 mb-md-6 mx-auto border-2 border-secondary opacity-50\">\n\n\n\n\n\t\t<section class=\"container wp-block-acf-inmpropselection\">\n\t\t\t<h2>Immobilien zu verkaufen in San Pedro de Alc\u00e1ntara<\/h2>\t\t\t<div class=\"row row-cols-1 row-cols-lg-3 gy-5 g-xxl-5\">\n\t\t\t\t\n<article class=\"col card-properties position-relative d-flex flex-column\">\n\t<div id=\"carouselCardProperties-1-0\" class=\"card-properties-images carousel slide carousel-fade lazy\" data-bs-ride=\"carousel\" data-bs-interval=\"200000\" data-id=\"684584\">\n\t\t<div class=\"carousel-inner\">\n\t\t\t<figure class=\"carousel-item mb-0 active ratio ratio-4x3\">\n\t\t\t\t<picture><source sizes=\"(max-width: 575px) calc(100vw - 24px), (max-width: 767px) 516px, (max-width: 991px) 696px, (max-width: 1199px) 296px, (max-width: 1399px) 356px, 400px\" width=\"696\" height=\"522\" srcset=\"https:\/\/media.panoramamarbella.com\/imgV1\/B95mbh8olwFQm~uCUaVOI2kQT0hb0a8sZ9turUNfnwtvuccYCzs0YVPfPbfkc2VnnN1JFDpkYaGfw1gJsS~5hOpxMc7cFfFHvqMv~s617T0OtAHYjFJSIaBiochEFtY0GIHzRfcUxWb8OzZI5fmklVyeLGp9jcmBEx8iZonusG_d4SygVMDgEW3P2lW9~AC1eUiV2XfVypzvUTc~7evd9RgTq6yxqgnojHRglgZNmg3tqATQlo8z0npcy99gzNKDPsLJEJB5Qac2u_eqJNjC3PQJ8PmiT5PdpUdTyoKZ2a1NAyj28Dv9ofNgsnkiDKPRM~CvIpnawNyK4b8LlL15CvNFx0D55v_rKto0Xu2p2LkWaWfeWCmqe_dT7cj4j~3sDUb6AK4yHHuGGVPGt2TCHq5U0AxjCW6EvcZ_89QiMfENj9A6Xoe9dij0gdB8VduFTYk8KQCPJEnNR~8Z~9zr.webp 696w,https:\/\/media.panoramamarbella.com\/imgV1\/B95mbh8olwFQm~uCUaVOI2kQT0hb0a8sZ9turUNfnwtvuccYCzs0YVPfPbfkc2VnnN1JFDpkYaGfw1gJsS~5hOpxMc7cFfFHvqMv~s617T0OtAHYjFJSIaBiochEFtY0GIHzRfcUxWb8OzZI5fmklVyeLGp9jcmBEx8iZonusiu4MYIoVGV9bdRpVoHfk1Dm2AhBUrnu0c7LT05WgcmgCtX4TL7Z_Md90ucAS~J24gM160ixLlmcKNtv6xYuni1RwFPNm4CTIx30j93LDzjgrhtpf4mrUAXhhP0CEtfuF6jzSjmQjTL4SO7QD1Red~0~1BlLGe~dPHm8mMjrIpQevkMOdSYiRR5f11XPdmtpfbAzhqfov45BySflwZOrowUW91qcrUJfM5lgt7vxo52ErqSIY~QZt0TVOaENO~bh0SMd4Uhoh9FYQ_izZFVBnIm8e59fQfoVCjjyWN_sveYT.webp 400w\" type=\"image\/webp\"><img decoding=\"async\" class=\"position-absolute w-100 h-100 object-fit-cover\" alt=\"Stilvoll renoviertes Doppelhaus nur wenige Schritte vom Strand und den Annehmlichkeiten in San Pedro entfernt\" loading=\"lazy\" width=\"696\" height=\"522\" src=\"https:\/\/media.panoramamarbella.com\/imgV1\/B95mbh8olwFQm~uCUaVOI2kQT0hb0a8sZ9turUNfnwtvuccYCzs0YVPfPbfkc2VnnN1JFDpkYaGfw1gJsS~5hOpxMc7cFfFHvqMv~s617T0OtAHYjFJSIaBiochEFtY0GIHzRfcUxWb8OzZI5fmklVyeLGp9jcmBEx8iZonusG_d4SygVMDgEW3P2lW94lE8QOOApAddL97nibE9g6FEwkRb_JVzdm_BfuEQf512ZzROWd4GFZY1hE7wC9BRgsERdtGBdwpKdBcji2MDat8miQ0aBnwayVkmE9x3_vXwLIJGD4WqL1lYIObOSQtcHRLXKx1R5R9MYfIM5Tyyht6j7nh3KiPWJK51r_0Yi~5uxBzHalXarkr8rV7jLIovHeJtnVy8b3TUVdELF_eL8HSzGtR9MLBCwdJcAMut5eGRonvIExTS_1s2jXT_Lx0-.jpg\"><\/picture>\t\t\t<\/figure>\n\t\t\t\t\t\t<span class=\"card-properties-ref position-absolute z-2 bottom-0 end-0 bg-white text-primary py-1 px-3 me-3\">\n\t\t\t\tPANR-16222\t\t\t<\/span>\n\t\t\t<button class=\"card-properties-portfolio d-flex align-items-center justify-content-center position-absolute z-3 end-0 text-white bg-primary me-3 border-0 px-0\" data-pfl-id=\"684584\" data-pfl-filter=\"sale\" aria-label=\"Add to portfolio\">\n\t\t\t\t<svg width=\"18\" fill=\"currentColor\" viewBox=\"0 0 512 512\">\n\t\t\t\t\t<use href=\"https:\/\/www.panoramamarbella.com\/wp-content\/themes\/panoramamarbella\/dist\/src\/images\/icons.svg#svgHeart\"><\/use>\n\t\t\t\t<\/svg>\n\t\t\t\t<svg width=\"18\" fill=\"currentColor\" viewBox=\"0 0 512 512\">\n\t\t\t\t\t<use href=\"https:\/\/www.panoramamarbella.com\/wp-content\/themes\/panoramamarbella\/dist\/src\/images\/icons.svg#svgHeartIn\"><\/use>\n\t\t\t\t<\/svg>\n\t\t\t<\/button>\n\t\t<\/div>\n\t\t\t\t<button\n\t\t\tclass=\"carousel-control-prev\"\n\t\t\ttype=\"button\"\n\t\t\tdata-bs-target=\"#carouselCardProperties-1-0\"\n\t\t\tdata-bs-slide=\"prev\">\n\t\t\t<span class=\"carousel-control-prev-icon\" aria-hidden=\"true\"><\/span>\n\t\t\t<span class=\"visually-hidden\">Vorherige<\/span>\n\t\t<\/button>\n\t\t<button\n\t\t\tclass=\"carousel-control-next\"\n\t\t\ttype=\"button\"\n\t\t\tdata-bs-target=\"#carouselCardProperties-1-0\"\n\t\t\tdata-bs-slide=\"next\">\n\t\t\t<span class=\"carousel-control-next-icon\" aria-hidden=\"true\"><\/span>\n\t\t\t<span class=\"visually-hidden\">N\u00e4chste<\/span>\n\t\t<\/button>\n\t\t\t<\/div>\n\t<div class=\"d-flex flex-column h-100 px-3 py-4 shadow\">\n\t\t\t\t<h3 class=\"card-properties-title mb-3\">\n\t\t\t<a class=\"stretched-link\" href=\"\/de\/immobilien\/san-pedro-de-alcantara\/las-petunias\/reihenhauser\/PANR-16222\">\n\t\t\t\tStilvoll renoviertes Doppelhaus nur wenige Schritte vom Strand und den Annehmlichkeiten in San Pedro entfernt\t\t\t<\/a>\n\t\t<\/h3>\n\t\t<p class=\"mb-3 text-black-dark\">Las Petunias, San Pedro de Alcantara<\/p>\n\t\t\t\t\t\t<p class=\"card-properties-description mb-3\">\n\t\t\tDieses wundersch\u00f6n renovierte Doppelhaus befindet sich in einer sicheren, abgeschlossenen Wohnanlage im begehrten Gebiet von San Pedro Beach, Marbella, und bietet eine au\u00dfergew\u00f6hnliche Kombination aus Komfort, Design und Lage. Nur einen kurzen Spaziergang vom Strand,&#8230;\t\t<\/p>\n\t\t\t\t<span class=\"card-properties-price mt-auto\">\n\t\t\t\n\t\t\t<span class=\"card-properties-price mt-auto\" data-original-price=\"1595000\">1.595.000\u00a0\u20ac<\/span>\n\t\t\t\t<\/span>\n\t\t\t\t<ul class=\"card-properties-features list-unstyled d-flex flex-wrap align-items-center gap-3 pt-3 border-top mt-3 mb-0\">\n\t\t\t<li class=\"d-flex align-items-center\">4 Schlafzimmer<\/li><li class=\"d-flex align-items-center\">3 B\u00e4der<\/li>\t\t\t\t<li class=\"d-flex align-items-center\">\n\t\t\t\t\t <span class=\"me-1\" data-original-value=\"211\" data-original-unit=\"m&#038;sup2\">211 m&sup2;<\/span>Gesamt\t\t\t\t<\/li>\n\t\t\t\t\t\t\t<li class=\"d-flex align-items-center\">\n\t\t\t\t\t <span class=\"me-1\" data-original-value=\"170\" data-original-unit=\"m&#038;sup2\">170 m&sup2;<\/span>Grundst\u00fcck\t\t\t\t<\/li>\n\t\t\t\t\t\t\t\t<li class=\"d-flex align-items-center\">\n\t\t\t\t\t <span class=\"me-1\" data-original-value=\"163\" data-original-unit=\"m&#038;sup2\">163 m&sup2;<\/span>Gebaut\t\t\t\t<\/li>\n\t\t\t\t\t\t\t<li class=\"d-flex align-items-center\">\n\t\t\t\t\t <span class=\"me-1\" data-original-value=\"48\" data-original-unit=\"m&#038;sup2\">48 m&sup2;<\/span>Terrassen\t\t\t\t<\/li>\n\t\t\t\t\t<\/ul>\n\t\t\t<\/div>\n<\/article>\n\n\n<article class=\"col card-properties position-relative d-flex flex-column\">\n\t<div id=\"carouselCardProperties-1-1\" class=\"card-properties-images carousel slide carousel-fade lazy\" data-bs-ride=\"carousel\" data-bs-interval=\"200000\" data-id=\"683670\">\n\t\t<div class=\"carousel-inner\">\n\t\t\t<figure class=\"carousel-item mb-0 active ratio ratio-4x3\">\n\t\t\t\t<picture><source sizes=\"(max-width: 575px) calc(100vw - 24px), (max-width: 767px) 516px, (max-width: 991px) 696px, (max-width: 1199px) 296px, (max-width: 1399px) 356px, 400px\" width=\"696\" height=\"522\" srcset=\"https:\/\/media.panoramamarbella.com\/imgV1\/B95mbh8olwFQm~uCUaVOI2kQT0hb0a8sZ9turUNfnwtvuccYCzs0YVPfPbfkc2VnnN1JFDpkYaGfw1gJsS~5hOpz2dWx4F~_FC8daH8r4SHhKZQFvWSi5EDbn9DtZ~qZFaevhIwc_nMZkO6N_extBtX~M~lX5AP57yw6Say00ispSnOk18Balp7DI2MoygLoJF02gLLeQyaBPft5tD1kvgBt1wYt3syhB7IOhEUP89P3BEfBgLy3xwJrRlP8ZTXvZKDCwl~unJ87lCkNPV01I2fKOSfmUI9HUDQO2tjDM1YlacvEXCjqa7t5Qut_eLzRC3xp45cNHKfyB0dogA5hONcfwMZ61kKAAyfsoseqOTDZPEFXGiwvZIrH3GVnQHxA0eFj1o06sfwRkyEXy1JYJpV6t3llS_Rzm43M0wLnoPcQVxSv4koHNHiFb2Qetcr99Ic~9snZQBlGUVrkA0eh.webp 696w,https:\/\/media.panoramamarbella.com\/imgV1\/B95mbh8olwFQm~uCUaVOI2kQT0hb0a8sZ9turUNfnwtvuccYCzs0YVPfPbfkc2VnnN1JFDpkYaGfw1gJsS~5hOpz2dWx4F~_FC8daH8r4SHhKZQFvWSi5EDbn9DtZ~qZFaevhIwc_nMZkO6N_extBtX~M~lX5AP57yw6Say00PUjvvanY05IOzAUfPIYd_8EH8pnsot2tkxA5BeS_EOKVq6qMrsurxtjIJeai2vVMZL6jUbZOD3_YBKKYyjVDL~qXuos6rHViHKRgxGodnxSy~9qIuyTSJ0~HDrZX8i3A7gZEOR3hFYZeMBPMwjsufOaZBxNqZZ7QiXWsQ0sjUgxGhAMEwlyL3FL6Z7HNhuAUtnpHs4lDJHRTH3M_f~M~gnbHykhsPxghOvfp9TsP0dQ~C_WYrSXGSPIwWJZb8QZQ~69cEAgaMTnF_oo2N03gFCscfnX3ahXzUdvkooMUlBT.webp 400w\" type=\"image\/webp\"><img decoding=\"async\" class=\"position-absolute w-100 h-100 object-fit-cover\" alt=\"Brandneue freistehende Villen mit privaten Pools in der N\u00e4he des Strandes von San Pedro Alc\u00e1ntara\" loading=\"lazy\" width=\"696\" height=\"522\" src=\"https:\/\/media.panoramamarbella.com\/imgV1\/B95mbh8olwFQm~uCUaVOI2kQT0hb0a8sZ9turUNfnwtvuccYCzs0YVPfPbfkc2VnnN1JFDpkYaGfw1gJsS~5hOpz2dWx4F~_FC8daH8r4SHhKZQFvWSi5EDbn9DtZ~qZFaevhIwc_nMZkO6N_extBtX~M~lX5AP57yw6Say00ispSnOk18Balp7DI2Mo1OCD9UF~WXLyhku1R_kK_czPAUvNL1muoMfeF1gD61oDRifPtWvAYO6f2GmXcQSSM5eQZWDP7BH~09O9BKeDb_jQVCNtlDmtysXrYE3kXrPcZNZM2F6ZPyEfxEfTY6netuhunJvJu_Iyj2AucnqhwMevt1cz3MX79tpVTp1N86mtDMJF~U6i4V8Z1ybM3R32f40sVRL6JWTBdS3BDWvpSiKMXEt0xmH3Hl9sKE3TxzwZXdiMeYOEtiMMpkigx8s-.jpg\"><\/picture>\t\t\t<\/figure>\n\t\t\t\t\t\t<span class=\"card-properties-ref position-absolute z-2 bottom-0 end-0 bg-white text-primary py-1 px-3 me-3\">\n\t\t\t\tPANR-16206\t\t\t<\/span>\n\t\t\t<button class=\"card-properties-portfolio d-flex align-items-center justify-content-center position-absolute z-3 end-0 text-white bg-primary me-3 border-0 px-0\" data-pfl-id=\"683670\" data-pfl-filter=\"sale\" aria-label=\"Add to portfolio\">\n\t\t\t\t<svg width=\"18\" fill=\"currentColor\" viewBox=\"0 0 512 512\">\n\t\t\t\t\t<use href=\"https:\/\/www.panoramamarbella.com\/wp-content\/themes\/panoramamarbella\/dist\/src\/images\/icons.svg#svgHeart\"><\/use>\n\t\t\t\t<\/svg>\n\t\t\t\t<svg width=\"18\" fill=\"currentColor\" viewBox=\"0 0 512 512\">\n\t\t\t\t\t<use href=\"https:\/\/www.panoramamarbella.com\/wp-content\/themes\/panoramamarbella\/dist\/src\/images\/icons.svg#svgHeartIn\"><\/use>\n\t\t\t\t<\/svg>\n\t\t\t<\/button>\n\t\t<\/div>\n\t\t\t\t<button\n\t\t\tclass=\"carousel-control-prev\"\n\t\t\ttype=\"button\"\n\t\t\tdata-bs-target=\"#carouselCardProperties-1-1\"\n\t\t\tdata-bs-slide=\"prev\">\n\t\t\t<span class=\"carousel-control-prev-icon\" aria-hidden=\"true\"><\/span>\n\t\t\t<span class=\"visually-hidden\">Vorherige<\/span>\n\t\t<\/button>\n\t\t<button\n\t\t\tclass=\"carousel-control-next\"\n\t\t\ttype=\"button\"\n\t\t\tdata-bs-target=\"#carouselCardProperties-1-1\"\n\t\t\tdata-bs-slide=\"next\">\n\t\t\t<span class=\"carousel-control-next-icon\" aria-hidden=\"true\"><\/span>\n\t\t\t<span class=\"visually-hidden\">N\u00e4chste<\/span>\n\t\t<\/button>\n\t\t\t<\/div>\n\t<div class=\"d-flex flex-column h-100 px-3 py-4 shadow\">\n\t\t\t\t<h3 class=\"card-properties-title mb-3\">\n\t\t\t<a class=\"stretched-link\" href=\"\/de\/immobilien\/san-pedro-de-alcantara\/villen\/PANR-16206\">\n\t\t\t\tBrandneue freistehende Villen mit privaten Pools in der N\u00e4he des Strandes von San Pedro Alc\u00e1ntara\t\t\t<\/a>\n\t\t<\/h3>\n\t\t<p class=\"mb-3 text-black-dark\">San Pedro de Alcantara<\/p>\n\t\t\t\t\t\t<p class=\"card-properties-description mb-3\">\n\t\t\tEine neue und exklusive Wohnanlage mit nur 32 au\u00dfergew\u00f6hnlichen Residenzen \u2013 dieses Boutique-Projekt ist ideal gelegen, nur wenige Schritte von der funkelnden Mittelmeerk\u00fcste entfernt. Direkt am lebhaften Boulevard von San Pedro de Alc\u00e1ntara gelegen, bietet&#8230;\t\t<\/p>\n\t\t\t\t<span class=\"card-properties-price mt-auto\">\n\t\t\t\n\t\t\t<span class=\"card-properties-price mt-auto\" data-original-price=\"2167000\">2.167.000\u00a0\u20ac<\/span>\n\t\t\t\t<\/span>\n\t\t\t\t<ul class=\"card-properties-features list-unstyled d-flex flex-wrap align-items-center gap-3 pt-3 border-top mt-3 mb-0\">\n\t\t\t<li class=\"d-flex align-items-center\">6 Schlafzimmer<\/li><li class=\"d-flex align-items-center\">5 B\u00e4der<\/li>\t\t\t\t<li class=\"d-flex align-items-center\">\n\t\t\t\t\t <span class=\"me-1\" data-original-value=\"749\" data-original-unit=\"m&#038;sup2\">749 m&sup2;<\/span>Gesamt\t\t\t\t<\/li>\n\t\t\t\t\t\t\t<li class=\"d-flex align-items-center\">\n\t\t\t\t\t <span class=\"me-1\" data-original-value=\"306\" data-original-unit=\"m&#038;sup2\">306 m&sup2;<\/span>Grundst\u00fcck\t\t\t\t<\/li>\n\t\t\t\t\t\t\t\t<li class=\"d-flex align-items-center\">\n\t\t\t\t\t <span class=\"me-1\" data-original-value=\"450\" data-original-unit=\"m&#038;sup2\">450 m&sup2;<\/span>Gebaut\t\t\t\t<\/li>\n\t\t\t\t\t\t\t<li class=\"d-flex align-items-center\">\n\t\t\t\t\t <span class=\"me-1\" data-original-value=\"298\" data-original-unit=\"m&#038;sup2\">298 m&sup2;<\/span>Terrassen\t\t\t\t<\/li>\n\t\t\t\t\t<\/ul>\n\t\t\t<\/div>\n<\/article>\n\n\n<article class=\"col card-properties position-relative d-flex flex-column\">\n\t<div id=\"carouselCardProperties-1-2\" class=\"card-properties-images carousel slide carousel-fade lazy\" data-bs-ride=\"carousel\" data-bs-interval=\"200000\" data-id=\"665486\">\n\t\t<div class=\"carousel-inner\">\n\t\t\t<figure class=\"carousel-item mb-0 active ratio ratio-4x3\">\n\t\t\t\t<picture><source sizes=\"(max-width: 575px) calc(100vw - 24px), (max-width: 767px) 516px, (max-width: 991px) 696px, (max-width: 1199px) 296px, (max-width: 1399px) 356px, 400px\" width=\"696\" height=\"522\" srcset=\"https:\/\/media.panoramamarbella.com\/imgV1\/B95mbh8olwFQm~uCUaVOI2kQT0hb0a8sZ9turUNfnwtvuccYCzs0YVPfPbfkc2VnnN1JFDpkYaGfw1gJsS~5hOh_dKWItYKieotsowurC_vjH2MptSjWJTdtqG1H4Zk2hjzeU1uJyeZ1RNZv45e5Fk5WzC6reqxkDZRg9hsgvfbMY2gGGjNFNP2r5f2ObbEEF4dSM_6VGofdFVA2I0XuuteiMwzMRwTPCLrp1NBsNHWZ94ZPsKPXo6PsuIGP8OtTa~l8zITg3anzZZ2UDMcFDqj25wB2dOkR0of1GabQDs6BG~dGEWNgN5inlGdTyOM~5IB8B_dI1D1LCmv3s0OxVdveCHxkyyTAWGuCEN0kxu3Q6qjrAueWxRe_dc0~aRBaoW2DZ_QWhyg~XeJn0BF1I1M7ypJxQV5njNT2N~RwKV7TOhs7QklnKiWwsH8s6PdZxL12wuVNGfzLMrfWbUyb.webp 696w,https:\/\/media.panoramamarbella.com\/imgV1\/B95mbh8olwFQm~uCUaVOI2kQT0hb0a8sZ9turUNfnwtvuccYCzs0YVPfPbfkc2VnnN1JFDpkYaGfw1gJsS~5hOh_dKWItYKieotsowurC_vjH2MptSjWJTdtqG1H4Zk2hjzeU1uJyeZ1RNZv45e5Fk5WzC6reqxkDZRg9hsgv1NqCaNFENV0_SKdPtXccoF1rt~DQJ6AKsdlH2IL~DwccOTfW2D3PHGrpB6NA3UdvRZusCRyEfwnjcZn7pw5BayEABuQ9E8vVpllsofxeVbqJROqcBNSIw7r3CdAD7RXrRmRduFoH4182K9myprlumbJLKxPIGanf17CThC2dehfRps9V9ssIx8_uDpdd2Y16I3A0XxMqjqZWYEX43XWsPfGDfizWIVDxlSRx5~xWizP1sJkRGK2yg75P662ZOrtiPwTrK8xsxillh_5rkv5YzsRwdT0iY9We5CejsD_KSdE.webp 400w\" type=\"image\/webp\"><img decoding=\"async\" class=\"position-absolute w-100 h-100 object-fit-cover\" alt=\"Neues Villenprojekt am Strand in Cortijo Blanco innerhalb einer geschlossenen Wohnanlage\" loading=\"lazy\" width=\"696\" height=\"522\" src=\"https:\/\/media.panoramamarbella.com\/imgV1\/B95mbh8olwFQm~uCUaVOI2kQT0hb0a8sZ9turUNfnwtvuccYCzs0YVPfPbfkc2VnnN1JFDpkYaGfw1gJsS~5hOh_dKWItYKieotsowurC_vjH2MptSjWJTdtqG1H4Zk2hjzeU1uJyeZ1RNZv45e5Fk5WzC6reqxkDZRg9hsgvfbMY2gGGjNFNP2r5f2Oc8Rss9F1SbdZ5oGWafXzkzA~VmZoouwTcxxTeLK2fgf4wXp4cJXIv2PSP~gwGayKmXi4V3Ni1M0ZDfWVnJeqw3jNM40UejoElbA61lq407MOaHGL7~VOAU5mUZCWuSnt_XPZpjD0UbcVDwh0agjQGL66m86Sp2_ej_2RmYlP_uKR1Az~QMAdqzvNasVB4LRhl64PIq3bcSVTfDfeZFxWveYRqgxDaUtObHV_TeJ2xIbcXoRlUmrSASzRADnf_oY-.jpg\"><\/picture>\t\t\t<\/figure>\n\t\t\t\t\t\t<span class=\"card-properties-ref position-absolute z-2 bottom-0 end-0 bg-white text-primary py-1 px-3 me-3\">\n\t\t\t\tPANR-16063\t\t\t<\/span>\n\t\t\t<button class=\"card-properties-portfolio d-flex align-items-center justify-content-center position-absolute z-3 end-0 text-white bg-primary me-3 border-0 px-0\" data-pfl-id=\"665486\" data-pfl-filter=\"sale\" aria-label=\"Add to portfolio\">\n\t\t\t\t<svg width=\"18\" fill=\"currentColor\" viewBox=\"0 0 512 512\">\n\t\t\t\t\t<use href=\"https:\/\/www.panoramamarbella.com\/wp-content\/themes\/panoramamarbella\/dist\/src\/images\/icons.svg#svgHeart\"><\/use>\n\t\t\t\t<\/svg>\n\t\t\t\t<svg width=\"18\" fill=\"currentColor\" viewBox=\"0 0 512 512\">\n\t\t\t\t\t<use href=\"https:\/\/www.panoramamarbella.com\/wp-content\/themes\/panoramamarbella\/dist\/src\/images\/icons.svg#svgHeartIn\"><\/use>\n\t\t\t\t<\/svg>\n\t\t\t<\/button>\n\t\t<\/div>\n\t\t\t\t<button\n\t\t\tclass=\"carousel-control-prev\"\n\t\t\ttype=\"button\"\n\t\t\tdata-bs-target=\"#carouselCardProperties-1-2\"\n\t\t\tdata-bs-slide=\"prev\">\n\t\t\t<span class=\"carousel-control-prev-icon\" aria-hidden=\"true\"><\/span>\n\t\t\t<span class=\"visually-hidden\">Vorherige<\/span>\n\t\t<\/button>\n\t\t<button\n\t\t\tclass=\"carousel-control-next\"\n\t\t\ttype=\"button\"\n\t\t\tdata-bs-target=\"#carouselCardProperties-1-2\"\n\t\t\tdata-bs-slide=\"next\">\n\t\t\t<span class=\"carousel-control-next-icon\" aria-hidden=\"true\"><\/span>\n\t\t\t<span class=\"visually-hidden\">N\u00e4chste<\/span>\n\t\t<\/button>\n\t\t\t<\/div>\n\t<div class=\"d-flex flex-column h-100 px-3 py-4 shadow\">\n\t\t\t\t<h3 class=\"card-properties-title mb-3\">\n\t\t\t<a class=\"stretched-link\" href=\"\/de\/immobilien\/san-pedro-de-alcantara\/cortijo-blanco\/villen\/PANR-16063\">\n\t\t\t\tNeues Villenprojekt am Strand in Cortijo Blanco innerhalb einer geschlossenen Wohnanlage\t\t\t<\/a>\n\t\t<\/h3>\n\t\t<p class=\"mb-3 text-black-dark\">Cortijo Blanco, San Pedro de Alcantara<\/p>\n\t\t\t\t\t\t<p class=\"card-properties-description mb-3\">\n\t\t\tNur wenige Schritte vom Strand und dem lebhaften Yachthafen von Puerto Ban\u00fas entfernt, setzt diese au\u00dfergew\u00f6hnliche Kollektion von sieben Luxusvillen einen neuen Ma\u00dfstab f\u00fcr zeitgem\u00e4\u00dfes Leben an der K\u00fcste. Die Anlage befindet sich in einer&#8230;\t\t<\/p>\n\t\t\t\t<span class=\"card-properties-price mt-auto\">\n\t\t\t\n\t\t\t<span class=\"card-properties-price mt-auto\" data-original-price=\"3990000\">3.990.000\u00a0\u20ac<\/span>\n\t\t\t\t<\/span>\n\t\t\t\t<ul class=\"card-properties-features list-unstyled d-flex flex-wrap align-items-center gap-3 pt-3 border-top mt-3 mb-0\">\n\t\t\t<li class=\"d-flex align-items-center\">4 Schlafzimmer<\/li><li class=\"d-flex align-items-center\">5 B\u00e4der<\/li>\t\t\t\t<li class=\"d-flex align-items-center\">\n\t\t\t\t\t <span class=\"me-1\" data-original-value=\"780\" data-original-unit=\"m&#038;sup2\">780 m&sup2;<\/span>Gesamt\t\t\t\t<\/li>\n\t\t\t\t\t\t\t<li class=\"d-flex align-items-center\">\n\t\t\t\t\t <span class=\"me-1\" data-original-value=\"812\" data-original-unit=\"m&#038;sup2\">812 m&sup2;<\/span>Grundst\u00fcck\t\t\t\t<\/li>\n\t\t\t\t\t\t\t\t<li class=\"d-flex align-items-center\">\n\t\t\t\t\t <span class=\"me-1\" data-original-value=\"602\" data-original-unit=\"m&#038;sup2\">602 m&sup2;<\/span>Gebaut\t\t\t\t<\/li>\n\t\t\t\t\t\t\t<li class=\"d-flex align-items-center\">\n\t\t\t\t\t <span class=\"me-1\" data-original-value=\"178\" data-original-unit=\"m&#038;sup2\">178 m&sup2;<\/span>Terrassen\t\t\t\t<\/li>\n\t\t\t\t\t<\/ul>\n\t\t\t<\/div>\n<\/article>\n\t\t\t<\/div>\n\t\t\t<ul class=\"mw-100 d-flex flex-column flex-lg-row flex-lg-wrap justify-content-center gap-3 list-unstyled mt-5 mb-0\">\n    <li><a class=\"btn btn-primary w-100 px-4 py-2\" href=\"https:\/\/www.panoramamarbella.com\/de\/immobilien\/san-pedro-de-alcantara\">Immobilien in San Pedro de Alc\u00e1ntara<\/a><\/li><\/ul>\n\t\t<\/section>\n\t\t\n","protected":false},"excerpt":{"rendered":"<p>San Pedro de Alc\u00e1ntara vereint andalusische Authentizit\u00e4t mit luxuri\u00f6sen Wohnanlagen in einer privilegierten Lage nahe Marbella.<\/p>\n","protected":false},"author":8,"featured_media":7218,"parent":0,"menu_order":4,"template":"","meta":{"_acf_changed":true},"tags":[54],"class_list":["post-1464","areas","type-areas","status-publish","has-post-thumbnail","hentry","tag-san-pedro-de-alcantara-mainguide-3"],"acf":[],"_links":{"self":[{"href":"https:\/\/www.panoramamarbella.com\/de\/wp-json\/wp\/v2\/areas\/1464","targetHints":{"allow":["GET"]}}],"collection":[{"href":"https:\/\/www.panoramamarbella.com\/de\/wp-json\/wp\/v2\/areas"}],"about":[{"href":"https:\/\/www.panoramamarbella.com\/de\/wp-json\/wp\/v2\/types\/areas"}],"author":[{"embeddable":true,"href":"https:\/\/www.panoramamarbella.com\/de\/wp-json\/wp\/v2\/users\/8"}],"wp:featuredmedia":[{"embeddable":true,"href":"https:\/\/www.panoramamarbella.com\/de\/wp-json\/wp\/v2\/media\/7218"}],"wp:attachment":[{"href":"https:\/\/www.panoramamarbella.com\/de\/wp-json\/wp\/v2\/media?parent=1464"}],"wp:term":[{"taxonomy":"post_tag","embeddable":true,"href":"https:\/\/www.panoramamarbella.com\/de\/wp-json\/wp\/v2\/tags?post=1464"}],"curies":[{"name":"wp","href":"https:\/\/api.w.org\/{rel}","templated":true}]}}