{"id":43588,"date":"2025-10-01T03:35:15","date_gmt":"2025-10-01T01:35:15","guid":{"rendered":"https:\/\/www.panoramamarbella.com\/ueber-uns\/accreditations-awards-independence"},"modified":"2026-04-27T17:01:09","modified_gmt":"2026-04-27T15:01:09","slug":"immobilienagentur-in-marbella","status":"publish","type":"page","link":"https:\/\/www.panoramamarbella.com\/de\/ueber-uns\/immobilienagentur-in-marbella","title":{"rendered":"Panorama &#8211; RICS-Regulierung, Auszeichnungen, Unabh\u00e4ngigkeit und pionierhafte Meilensteine in Marbella seit 1970"},"content":{"rendered":"\n\n<p><strong>Die traditionsreichste Immobilienagentur in Marbella<br><\/strong>Seit 1970 \u00b7 RICS-reguliert \u00b7 Unabh\u00e4ngig gef\u00fchrt<\/p>\n\n\n<div class=\"lead\"><p>Panorama ist eine familiengef\u00fchrte Immobilienagentur in Marbella, gegr\u00fcndet 1970 und reguliert von der Royal Institution of Chartered Surveyors (RICS). Diese Seite b\u00fcndelt die formalen Akkreditierungen von Panorama, internationale und lokale Auszeichnungen, Publikationen (wie unsere j\u00e4hrlichen Marktberichte) sowie bemerkenswerte Branchenerstleistungen und bietet damit einen klaren und \u00fcberpr\u00fcfbaren \u00dcberblick \u00fcber unsere Referenzen.<\/p>\n<\/div>\n\n\n<p>Bei der Wahl eines Immobilienberaters achten Kunden in der Regel auf formale Regulierung und Kundenschutz, langj\u00e4hrige Erfahrung, unabh\u00e4ngige Entscheidungsfindung, diszipliniertes Leadership, nachweisliche Kundenzufriedenheit und eine \u00fcber die Zeit hinweg konstante Umsetzung. Panorama bietet eine seltene Kombination all dieser St\u00e4rken: <strong>RICS-Unternehmensregulierung<\/strong> (seit 2015), unabh\u00e4ngiges <strong>Familieneigentum<\/strong> (seit 1970), Leadership mit <strong>FRICS und AssocRICS<\/strong>, anerkannte <strong>europ\u00e4ische und lokale Auszeichnungen<\/strong>, umfangreiche <strong>verifizierte Kundentestimonials<\/strong> und offizielle Bewertungen, die \u00fcber akkreditierte Anbieter organisiert werden.<\/p>\n\n\n\t<figure class=\"wp-caption aligncenter wp-block-acf-wpimage\">\n\t<picture><source width=\"1170\" height=\"821.7421875\" srcset=\"https:\/\/media.panoramamarbella.com\/imgV1\/B95mbh8olwFQm~uCT2wPZMb8hll4wghQQQq6YWg0~c~U_DrmgY8pGP8pqaDzA6mvjyI_OPtcrHD_aKxDZZC5gTs47j5uekQET4lBG_pt0tYkO3mFLR3BVbDejuxo1UfQu2p~HTW6ntgHiwaG_8Hb8lo9f8Ti3kDAv9UPuGrcme4ufxkXLmGKgFkGZd2Eo1rrEA--.webp 1170w\" type=\"image\/webp\"><img decoding=\"async\" class=\"img-fluid\" loading=\"lazy\" width=\"1280\" height=\"899\" alt=\"Panorama-Team\" src=\"https:\/\/media.panoramamarbella.com\/imgV1\/B95mbh8olwFQm~uCT2wPZMb8hll4wghQQQq6YWg0~c~U_DrmgY8pGP8pqaDzA6mvjyI_OPtcrHD_aKxDZZC5gTs47j5uekQET4lBG_pt0tYkO3mFLR3BVbDejuxo1UfQu2p~HTW6ntgHiwaG_9_L24iIC5blfmi8t~Wnkmx6.jpg\"><\/picture>\t\t<\/figure>\n\t\n\n\n<p><strong>Highlights<\/strong><br><br>Wichtige Referenzen, Anerkennungen und Zeichen von Marktf\u00fchrerschaft auf dieser Seite auf einen Blick:<\/p>\n\n\n\n<ol class=\"wp-block-list\">\n<li><strong>RICS-regulierte Agentur<\/strong> (seit 2015) &#8211; <strong>einzige RICS-regulierte Wohnimmobilienagentur in Marbella<\/strong> und S\u00fcdspanien<\/li>\n\n\n\n<li><strong>Die traditionsreichste Immobilienagentur in Marbella<\/strong> &#8211; seit 1970 ohne Unterbrechung im Markt t\u00e4tig<\/li>\n\n\n\n<li><strong>Langj\u00e4hrige T\u00e4tigkeit im Luxussegment<\/strong> &#8211; ununterbrochene Pr\u00e4senz im Prime-Markt seit 1970<\/li>\n\n\n\n<li>Zu <strong>100 % unabh\u00e4ngig gef\u00fchrtes Familienunternehmen<\/strong> &#8211; keine Franchise-Geb\u00fchren, Quoten oder Interessenkonflikte<\/li>\n\n\n\n<li><strong>Das spektakul\u00e4rste Immobilienb\u00fcro an der Costa del Sol<\/strong> &#8211; Flaggschiff-Standort im Puente Romano Marbella Resort<\/li>\n\n\n\n<li><strong>Associated Agent &#8211; John D. Wood &amp; Co<\/strong>. (seit Juli 2024) &#8211; Verbindung von Luxusimmobilien in Marbella mit Londons etablierten Prime-Markt-Spezialisten<\/li>\n\n\n\n<li><strong>Mehrere pionierhafte Premieren in Marbella<\/strong>, darunter Besichtigungsfl\u00fcge (1975) und das erste Open House (1982)<\/li>\n\n\n\n<li><strong>Christopher Clover &#8211; RICS Fellowship-Auszeichnung (FRICS)<\/strong> aufgrund herausragender Verdienste (2015)<\/li>\n\n\n\n<li><strong>Gr\u00fcndungsmitglied der LPA<\/strong> (Leading Property Agents of Spain); Christopher Clover wurde 2020 zum Ehrenpr\u00e4sidenten ernannt<\/li>\n\n\n\n<li>Mitgliedschaft bei <strong>GIPE <\/strong>(Gestores Inmobiliarios Profesionales Europeos) von Christopher Clover seit 1997<\/li>\n\n\n\n<li><strong>CIT Marbella &#8211; Auszeichnung Business Leader of the Year<\/strong> (Christopher Clover), November 2024<\/li>\n\n\n\n<li><strong>European Property Awards<\/strong> &#8211; Best Real Estate Agency Spain drei Jahre in Folge (2019\u20132021)<\/li>\n\n\n\n<li>\u00dcber <strong>55 Jahre Marktkommentare zum Immobilienmarkt von Marbella durch Christopher Clover<\/strong>, deren Berichte in lokalen und nationalen Medien vielfach zitiert werden<\/li>\n\n\n\n<li><strong>Full-Service-Agentur und Luxury Concierge<\/strong> &#8211; einschlie\u00dflich regelkonformer Vermietungen, Client Services, juristischer Vorbereitung, unabh\u00e4ngiger Anw\u00e4lte und akkreditierter Bewertungen<\/li>\n\n\n\n<li><strong>Puente Romano Real Estate, betrieben von Panorama<\/strong> &#8211; offizielle Agentur im Resort f\u00fcr Puente Romano Marbella und Nobu Marbella<\/li>\n\n\n\n<li>Mehr als <strong>100 verifizierte Testimonials verm\u00f6gender<\/strong> Kunden in Panoramas Golden-Mile-B\u00fcros<\/li>\n<\/ol>\n\n\n\n<ul class=\"table-index list-unstyled p-4 p-lg-5 ms-0 bg-light\"><li class=\"text-uppercase fw-bold mb-3\">Inhaltsverzeichnis<\/li><li><a href=\"#referenzen+und+regulierung\">\nReferenzen und Regulierung\n<\/a><\/li>\n<li><a href=\"#unabhangig+und+klientenorientiert+ohne+franchisedruck\">\nUnabh\u00e4ngig und klientenorientiert (ohne Franchise-Druck)\n<\/a><\/li>\n<li><a href=\"#fullserviceagentur+client+services+vermietungen+rechtliche+unterstutzung+und+bewertungen\">\nFull-Service-Agentur: Client Services, Vermietungen, rechtliche Unterst\u00fctzung und Bewertungen\n<\/a><\/li>\n<li><a href=\"#auszeichnungen+und+anerkennungen+in+umgekehrt+chronologischer+reihenfolge\">\nAuszeichnungen und Anerkennungen (in umgekehrt chronologischer Reihenfolge)\n<\/a><\/li>\n<li><a href=\"#marktfuhrerschaft+und+luxusreferenzen\">\nMarktf\u00fchrerschaft und Luxus-Referenzen\n<\/a><\/li>\n<li><a href=\"#vordenkerrolle+und+veroffentlichungen\">\nVordenkerrolle und Ver\u00f6ffentlichungen\n<\/a><\/li>\n<li><a href=\"#verbande+und+berufsorganisationen+in+umgekehrt+chronologischer+reihenfolge\">\nVerb\u00e4nde und Berufsorganisationen (in umgekehrt chronologischer Reihenfolge)\n<\/a><\/li>\n<li><a href=\"#kommerzielle+partnerschaften+in+umgekehrt+chronologischer+reihenfolge\">\nKommerzielle Partnerschaften (in umgekehrt chronologischer Reihenfolge)\n<\/a><\/li>\n<li><a href=\"#pionierhafte+meilensteine+chronologisch\">\nPionierhafte Meilensteine (chronologisch)\n<\/a><\/li>\n<li><a href=\"#prasenz+und+buros\">\nPr\u00e4senz und B\u00fcros\n<\/a><\/li><\/ul>\n\n\n<hr class=\"w-75 mt-3 mt-md-5 mb-3 mb-md-6 mx-auto border-2 border-secondary opacity-50\">\n\n\n\n\n<h2 class=\"wp-block-heading clearfix mb-6\">Referenzen und Regulierung<\/h2>\n\n\n\t<figure class=\"wp-caption alignright wp-block-acf-wpimage\">\n\t<picture><source width=\"600\" height=\"275\" srcset=\"https:\/\/media.panoramamarbella.com\/imgV1\/B95mbh8olwFQm~uCT2wPZMb8hll4wghQQQq6YWg0~c~U_DrmgY8pGP8pqaDzA6mvjyI_OPtcrHD_aKxDZZC7LjrY91ToWdJaG2qg0NOHTx_1idINyUlVzHTvGbVgi_51jkiQkJXuYsC7GFTkA5EN9s2zVBzix0_2MRJcOMgzq84Z_xKx0_sfebZDXJGm1II9YAqJN9yhFoWVCQ--.png 600w\" type=\"image\/webp\"><img decoding=\"async\" class=\"img-fluid\" loading=\"lazy\" width=\"600\" height=\"275\" alt=\"Panorama wird von RICS reguliert - die einzige RICS-regulierte Wohnimmobilienagentur mit Sitz in Marbella\" src=\"https:\/\/media.panoramamarbella.com\/imgV1\/B95mbh8olwFQm~uCT2wPZMb8hll4wghQQQq6YWg0~c~U_DrmgY8pGP8pqaDzA6mvjyI_OPtcrHD_aKxDZZC7LjrY91ToWdJaG2qg0NOHTx_1idINyUlVzHTvGbVgi_51jkiQkJXuYsC7GFTkA5EN9s2zVBzix0_2MRJcOMgzq84Z_w--.png\"><\/picture>\t\t<\/figure>\n\t\n\n\n<h3 class=\"wp-block-heading\">Panorama ist die einzige von RICS regulierte Wohnimmobilienagentur in Marbella<\/h3>\n\n\n\n<p>Mai 2016 \u00b7 Akkreditierung \u00b7 International<\/p>\n\n\n\n<p>Seit 2015 wird Panorama von der renommierten Royal Institution of Chartered Surveyors (RICS) reguliert und ist die einzige RICS-regulierte Wohnimmobilienagentur mit Sitz in Marbella und an der Costa del Sol. RICS ist das globale Standardsetzungsgremium f\u00fcr Land, Immobilien, Bauwesen und Infrastruktur mit mehr als 130.000 Mitgliedern in \u00fcber 145 L\u00e4ndern. Anders als ISO-\u00e4hnliche Systeme ist die RICS-Regulierung speziell auf die Immobilienbranche ausgerichtet: Kontrolle von Kundengeldern, Beschwerdemanagement mit unabh\u00e4ngiger Streitbeilegung, Berufshaftpflicht und Rules of Conduct.<\/p>\n\n\n\n<p class=\"clearfix mb-6\">Mehr lesen: <a href=\"https:\/\/www.panoramamarbella.com\/de\/news\/agentur-panorama-reguliert-rics\" data-type=\"post\" data-id=\"1016\">Panorama wird von RICS reguliert &#8211; die einzige RICS-regulierte Wohnimmobilienagentur mit Sitz in Marbella<\/a><\/p>\n\n\n\t<figure class=\"wp-caption alignright wp-block-acf-wpimage\">\n\t<picture><source width=\"600\" height=\"275\" srcset=\"https:\/\/media.panoramamarbella.com\/imgV1\/B95mbh8olwFQm~uCT2wPZMb8hll4wghQQQq6YWg0~c~U_DrmgY8pGP8pqaDzA6mvjyI_OPtcrHD_aKxDZZC7LiJW_ChrG3RqUCPAdwAujhf1rsmN1YVF3of1Ca7IcuLfQ3g2_zgHW9pD~BwbJ5vga1jBLc0360l6qFXgyx6F2v2wclUNuaQL0W0lI2tkSfcuSeYQOYy34dZxdlYtnEywOqE-.webp 600w\" type=\"image\/webp\"><img decoding=\"async\" class=\"img-fluid\" loading=\"lazy\" width=\"600\" height=\"275\" alt=\"So pr\u00fcfen Sie die RICS-Regulierung von Panorama\" src=\"https:\/\/media.panoramamarbella.com\/imgV1\/B95mbh8olwFQm~uCT2wPZMb8hll4wghQQQq6YWg0~c~U_DrmgY8pGP8pqaDzA6mvjyI_OPtcrHD_aKxDZZC7LiJW_ChrG3RqUCPAdwAujhf1rsmN1YVF3of1Ca7IcuLfQ3g2_zgHW9pD~BwbJ5vga1jBLc0360l6qFXgyx6bY9uJohVAzan9z0__CgTLaw--.jpg\"><\/picture>\t\t<\/figure>\n\t\n\n\n<h3 class=\"wp-block-heading\">So pr\u00fcfen Sie die RICS-Regulierung von Panorama (mit Verzeichnisnachweis)<\/h3>\n\n\n\n<p>September 2025 \u00b7 Akkreditierung \u00b7 International<\/p>\n\n\n\n<p>Der RICS-Status von Panorama l\u00e4sst sich direkt im RICS-Verzeichnis \u00fcberpr\u00fcfen, in dem der Firmeneintrag und leitende Mitglieder sichtbar sind. Die RICS-Regulierung bringt anerkannte Standards f\u00fcr Kundengelder, Beschwerden und professionelles Verhalten mit sich und unterst\u00fctzt damit umsichtig strukturierte Transaktionen im Prime-Markt von Marbella. Verifiziert zum Zeitpunkt der Ver\u00f6ffentlichung; eine Anleitung zur richtigen Interpretation der Eintr\u00e4ge ist enthalten.<\/p>\n\n\n\n<p class=\"clearfix mb-6\">Mehr lesen: <a href=\"https:\/\/www.panoramamarbella.com\/de\/news\/panorama-rics-regulierung\" data-type=\"post\" data-id=\"38853\">So pr\u00fcfen Sie die RICS-Regulierung von Panorama<\/a><\/p>\n\n\n\t<figure class=\"wp-caption alignright wp-block-acf-wpimage\">\n\t<picture><source width=\"600\" height=\"275\" srcset=\"https:\/\/media.panoramamarbella.com\/imgV1\/B95mbh8olwFQm~uCT2wPZMb8hll4wghQQQq6YWg0~c~U_DrmgY8pGP8pqaDzA6mvjyI_OPtcrHD_aKxDZZC7LinT2AkYILLGVnfHlbh9J7L5XQtBmEyAL11UWvnkmbm6AykSHUHCJY87HvDq5r15HwGBfu48TM5q2ZZQTf_FcSPlrGss621uFLJ2TCymq3pS3F5gm2aaqg--.webp 600w\" type=\"image\/webp\"><img decoding=\"async\" class=\"img-fluid\" loading=\"lazy\" width=\"600\" height=\"275\" alt=\"Christopher Clover - Eminent Fellow der Royal Institution of Chartered Surveyors (FRICS)\" src=\"https:\/\/media.panoramamarbella.com\/imgV1\/B95mbh8olwFQm~uCT2wPZMb8hll4wghQQQq6YWg0~c~U_DrmgY8pGP8pqaDzA6mvjyI_OPtcrHD_aKxDZZC7LinT2AkYILLGVnfHlbh9J7L5XQtBmEyAL11UWvnkmbm6AykSHUHCJY87HvDq5r15HwGBfvAE5fjRHng9EMUJRjquAfr0.jpg\"><\/picture>\t\t<\/figure>\n\t\n\n\n<h3 class=\"wp-block-heading\">Christopher Clover &#8211; Vooraanstaand lid van de Royal Institution of Chartered Surveyors (FRICS)<\/h3>\n\n\n\n<p>August 2015 \u00b7 Qualifikation \u00b7 International<br><\/p>\n\n\n\n<p>Im Jahr 2015 wurde Christopher Clover, der Managing Director von Panorama, als Fellow der Royal Institution of Chartered Surveyors (FRICS) aufgenommen &#8211; der h\u00f6chsten professionellen Stufe des Instituts &#8211; als Anerkennung f\u00fcr nachhaltiges Leadership, Integrit\u00e4t und seinen Beitrag zum Berufsstand. Das Fellowship erg\u00e4nzt die Regulierung von Panorama auf Unternehmensebene und st\u00e4rkt einen governance-orientierten Ansatz \u00fcber Marktzyklen hinweg.<br><\/p>\n\n\n\n<p class=\"clearfix mb-6\">Mehr lesen: <a href=\"https:\/\/www.panoramamarbella.com\/de\/news\/christopher-clover-frics-marbella\" data-type=\"post\" data-id=\"38853\">Christopher Clover \u2013 FRICS (Mitglied) (2015)<\/a><\/p>\n\n\n\t<figure class=\"wp-caption alignright wp-block-acf-wpimage\">\n\t<picture><source width=\"600\" height=\"275\" srcset=\"https:\/\/media.panoramamarbella.com\/imgV1\/B95mbh8olwFQm~uCT2wPZMb8hll4wghQQQq6YWg0~c~U_DrmgY8pGP8pqaDzA6mvjyI_OPtcrHD_aKxDZZC7LiteeEhGIUA6isHFK_2cFXw8YqGw3mThRRfwYdh5vK4ODr_4UtcJ3Ith6Ok0W2qqG5Qasu0hiR1noESP_SuPscIGGeKQMnzG.webp 600w\" type=\"image\/webp\"><img decoding=\"async\" class=\"img-fluid\" loading=\"lazy\" width=\"600\" height=\"275\" alt=\"Katinka Clover und Alfonso Mu\u00f1oz AssocRICS\" src=\"https:\/\/media.panoramamarbella.com\/imgV1\/B95mbh8olwFQm~uCT2wPZMb8hll4wghQQQq6YWg0~c~U_DrmgY8pGP8pqaDzA6mvjyI_OPtcrHD_aKxDZZC7LiteeEhGIUA6isHFK_2cFXw8YqGw3mThRRfwYdh5vK4ODr_4TGPzq_BXcFEEoshyB3yRi~U-.jpg\"><\/picture>\t\t<\/figure>\n\t\n\n\n<h3 class=\"wp-block-heading\">Katinka Clover und Alfonso Mu\u00f1oz AssocRICS<\/h3>\n\n\n\n<p>2022 \u00b7 Qualifikation \u00b7 International<\/p>\n\n\n\n<p>Im Jahr 2022 erreichten Katinka Clover und Alfonso Mu\u00f1oz den AssocRICS-Status, der angewandte Kompetenz und ethische Standards innerhalb des professionellen RICS-Rahmens belegt. Ihre Qualifikationen unterst\u00fctzen die t\u00e4gliche Arbeit der Agentur \u2014 Bewertungsdisziplin, Dokumentation und Kundenbetreuung \u2014 im Einklang mit einer regulierten Praxis f\u00fcr Prime- und Ultra-Prime-Transaktionen.<\/p>\n\n\n\n<p class=\"clearfix mb-6\">Mehr lesen: <a href=\"https:\/\/www.panoramamarbella.com\/de\/news\/katinka-und-alfonso-assocrics\" data-type=\"post\" data-id=\"39234\">AssocRICS \u2014 Katinka Clover &amp; Alfonso Mu\u00f1oz (2022) \u2014 Umfang, Verifizierung und Client Journey<\/a><\/p>\n\n\n<hr class=\"w-75 mt-3 mt-md-5 mb-3 mb-md-6 mx-auto border-2 border-secondary opacity-50\">\n\n\n\n\n<h2 class=\"wp-block-heading clearfix mb-6\">Unabh\u00e4ngig und klientenorientiert (ohne Franchise-Druck)<\/h2>\n\n\n\t<figure class=\"wp-caption alignright wp-block-acf-wpimage\">\n\t<picture><source width=\"600\" height=\"275\" srcset=\"https:\/\/media.panoramamarbella.com\/imgV1\/B95mbh8olwFQm~uCT2wPZMb8hll4wghQQQq6YWg0~c~U_DrmgY8pGP8pqaDzA6mvjyI_OPtcrHD_aKxDZZC7LjrY91ToWdJaG3FfIGqwIPuuuXbvWLqXMmhTXrioDoM1wOCNqcbhmxCC1JWEWL1YcqgGknfxy4qoPf1M~bnAne5p9mUuK7FPY8ArYAsULtcBsdXck2p1Jg--.webp 600w\" type=\"image\/webp\"><img decoding=\"async\" class=\"img-fluid\" loading=\"lazy\" width=\"600\" height=\"275\" alt=\"Panoramas Unabh\u00e4ngigkeitsrichtlinie: eine klientenorientierte Praxis\" src=\"https:\/\/media.panoramamarbella.com\/imgV1\/B95mbh8olwFQm~uCT2wPZMb8hll4wghQQQq6YWg0~c~U_DrmgY8pGP8pqaDzA6mvjyI_OPtcrHD_aKxDZZC7LjrY91ToWdJaG3FfIGqwIPuuuXbvWLqXMmhTXrioDoM1wOCNqcbhmxCC1JWEWL1YcqgGkmmk6L8khsTIGXFVhYZNRKL9.jpg\"><\/picture>\t\t<\/figure>\n\t\n\n\n<h3 class=\"wp-block-heading\">Panoramas Unabh\u00e4ngigkeitsrichtlinie: eine klientenorientierte Praxis (Marbella, seit 1970)<\/h3>\n\n\n\n<p>Seit 1970 \u00b7 Governance \u00b7 Marbella<\/p>\n\n\n\n<p>Seit 1970 unabh\u00e4ngig in Marbella und zu 100 % in Familienbesitz, trifft Panorama Entscheidungen lokal, ohne Franchise-Quoten oder Druck externer Investoren. Rollen bleiben klar getrennt, Konflikte werden gepr\u00fcft und offengelegt, und juristische Empfehlungen sind unabh\u00e4ngig, wobei die Mandatierung durch den Kunden erfolgt. Die RICS-Regulierung bietet die formalen Schutzmechanismen, die in reifen M\u00e4rkten erwartet werden.<\/p>\n\n\n\n<p class=\"clearfix mb-6\">Mehr lesen: <a href=\"https:\/\/www.panoramamarbella.com\/de\/news\/unabhaengigkeitspolitik-panorama\" data-type=\"post\" data-id=\"39464\">Panoramas Unabh\u00e4ngigkeitsrichtlinie: eine klientenorientierte Praxis (Marbella, seit 1970)<\/a><\/p>\n\n\n<hr class=\"w-75 mt-3 mt-md-5 mb-3 mb-md-6 mx-auto border-2 border-secondary opacity-50\">\n\n\n\n\n<h2 class=\"wp-block-heading clearfix mb-6\">Full-Service-Agentur: Client Services, Vermietungen, rechtliche Unterst\u00fctzung und Bewertungen<\/h2>\n\n\n\t<figure class=\"wp-caption alignright wp-block-acf-wpimage\">\n\t<picture><source width=\"600\" height=\"275\" srcset=\"https:\/\/media.panoramamarbella.com\/imgV1\/B95mbh8olwFQm~uCT2wPZMb8hll4wghQQQq6YWg0~c~U_DrmgY8pGP8pqaDzA6mvjyI_OPtcrHD_aKxDZZC7LinX7GzJ6f0MsUOqqtDRNgA~kzXq7IpHWLNLjvGTn800Dp38cVytMjsO5KM202nEMHFaNUr8N3LptX~_wcb1IVYVfW0nZ3LYWbCJfQu0.webp 600w\" type=\"image\/webp\"><img decoding=\"async\" class=\"img-fluid\" loading=\"lazy\" width=\"600\" height=\"275\" alt=\"Luxury Lifestyle Concierge \u2013 umfassende After-Sales-Betreuung \u00fcber den Abschluss der Transaktion hinaus\" src=\"https:\/\/media.panoramamarbella.com\/imgV1\/B95mbh8olwFQm~uCT2wPZMb8hll4wghQQQq6YWg0~c~U_DrmgY8pGP8pqaDzA6mvjyI_OPtcrHD_aKxDZZC7LinX7GzJ6f0MsUOqqtDRNgA~kzXq7IpHWLNLjvGTn800Dp38cVytMjsO_uhEQ0~WpRQ9RjTRHMZcvwM-.jpg\"><\/picture>\t\t<\/figure>\n\t\n\n\n<h3 class=\"wp-block-heading\">Luxury Lifestyle Concierge \u2013 umfassende After-Sales-Betreuung \u00fcber den Abschluss der Transaktion hinaus<\/h3>\n\n\n\n<p>2016-heute \u00b7 Service \u00b7 Marbella<\/p>\n\n\n\n<p>Panoramas Abteilung Client Services (gegr. 2016) koordiniert die Betreuung nach dem Kauf: Schlosswechsel, Einrichtung von Versorgungsleistungen und Services, Innenausstattung, Projekt\u00fcberwachung, Gartenbau und Sicherheit sowie Polsterarbeiten und Soft Furnishings. Das Team kann zudem Hypotheken mit renommierten Kreditgebern\/Brokern koordinieren und internationale W\u00e4hrungstransfers \u00fcber regulierte Anbieter veranlassen, um Abschluss und Nachbereitungsaufgaben zu vereinfachen.<\/p>\n\n\n\n<p class=\"clearfix mb-6\">Mehr lesen: <a href=\"https:\/\/www.panoramamarbella.com\/de\/kundenservice\" data-type=\"link\" data-id=\"https:\/\/www.panoramamarbella.com\/de\/kundenservice\">Kundenservice \u2013 Kundendienst, Innenausstattung und Projektkoordination<\/a><\/p>\n\n\n\t<figure class=\"wp-caption alignright wp-block-acf-wpimage\">\n\t<picture><source width=\"600\" height=\"275\" srcset=\"https:\/\/media.panoramamarbella.com\/imgV1\/B95mbh8olwFQm~uCT2wPZMb8hll4wghQQQq6YWg0~c~U_DrmgY8pGP8pqaDzA6mvjyI_OPtcrHD_aKxDZZC7LjrY91ToWdJaG2qg2T6cNpFczh_VocWrN4kwFCEcAeaazD6E8XremUkpEWRa6WXsuytUxWoRXxHrSN5BlgOK1lsCGfkMfnGhr3mSkD3haA--.webp 600w\" type=\"image\/webp\"><img decoding=\"async\" class=\"img-fluid\" loading=\"lazy\" width=\"600\" height=\"275\" alt=\"Panorama Rentals \u2013 Compliance, Lizenzen und G\u00e4steverfahren\" src=\"https:\/\/media.panoramamarbella.com\/imgV1\/B95mbh8olwFQm~uCT2wPZMb8hll4wghQQQq6YWg0~c~U_DrmgY8pGP8pqaDzA6mvjyI_OPtcrHD_aKxDZZC7LjrY91ToWdJaG2qg2T6cNpFczh_VocWrN4kwFCEcAeaazD6E8XremUkpEXrlNZWI6d4h8epxQag1cnS6.jpg\"><\/picture>\t\t<\/figure>\n\t\n\n\n<h3 class=\"wp-block-heading\">Panorama Rentals \u2013 Vorschriften, Lizenzen und G\u00e4steverfahren<\/h3>\n\n\n\n<p><br>1995-heute \u00b7 Service \u00b7 Marbella<\/p>\n\n\n\n<p>Vermietungen werden mit praktischer Compliance gesteuert: Lizenzierung\/Registrierung, wo erforderlich, G\u00e4steidentifikation und -registrierung, Kautionen und Inventare sowie klar formulierte Dokumentation. Die Prozesse spiegeln sich ver\u00e4ndernde lokale Anforderungen wider und bewahren zugleich Servicestandards f\u00fcr Eigent\u00fcmer und G\u00e4ste, mit diskreter Koordination durch das Team und auf Wunsch unabh\u00e4ngiger juristischer Beratung.<\/p>\n\n\n\n<p class=\"clearfix mb-6\">Mehr lesen: <a href=\"https:\/\/www.panoramamarbella.com\/de\/warum-mit-panorama-vermieten\" data-type=\"link\" data-id=\"https:\/\/www.panoramamarbella.com\/de\/warum-mit-panorama-vermieten\">Panorama Rentals \u2013 Vorschriften, Lizenzen und G\u00e4steverfahren, Lizenzen und G\u00e4steverfahren<\/a><\/p>\n\n\n\t<figure class=\"wp-caption alignright wp-block-acf-wpimage\">\n\t<picture><source width=\"600\" height=\"275\" srcset=\"https:\/\/media.panoramamarbella.com\/imgV1\/B95mbh8olwFQm~uCT2wPZMb8hll4wghQQQq6YWg0~c~U_DrmgY8pGP8pqaDzA6mvjyI_OPtcrHD_aKxDZZC7LieJ18~WHKrRLUsOUHgYciNVOVR0_8eXg~pyXIwBRKD756kGK7KORr6h4cxQHbW7hgNTta3gljcJZK_lp0bkO2uHwKIi2Xz95gkFCjmQIA--.webp 600w\" type=\"image\/webp\"><img decoding=\"async\" class=\"img-fluid\" loading=\"lazy\" width=\"600\" height=\"275\" alt=\"Unabh\u00e4ngige Anw\u00e4lte in Marbella \u2013 wie Panorama Mandanten mit der richtigen Kanzlei zusammenbringt\" src=\"https:\/\/media.panoramamarbella.com\/imgV1\/B95mbh8olwFQm~uCT2wPZMb8hll4wghQQQq6YWg0~c~U_DrmgY8pGP8pqaDzA6mvjyI_OPtcrHD_aKxDZZC7LieJ18~WHKrRLUsOUHgYciNVOVR0_8eXg~pyXIwBRKD756kGK7KORr6h4dKuFTDquo9bmBU_IKrF7kJW.jpg\"><\/picture>\t\t<\/figure>\n\t\n\n\n<h3 class=\"wp-block-heading\">Unabh\u00e4ngige Anw\u00e4lte in Marbella \u2013 wie Panorama Mandanten mit der richtigen Kanzlei zusammenbringt<\/h3>\n\n\n\n<p>Laufend \u00b7 Beratung \u00b7 Marbella<\/p>\n\n\n\n<p>Empfehlungen werden f\u00fcr unabh\u00e4ngige, mehrsprachige Kanzleien ausgesprochen, die zum jeweiligen Fall passen \u2014 Planung, Abstimmung von m\u00b2, Strukturen, Finanzierung und Abschl\u00fcsse \u2014, ohne Vermittlungsbindungen oder Zugeh\u00f6rigkeiten zu juristischen Beratern. Die Mandanten w\u00e4hlen ihren Anwalt; bei Bedarf werden eine sorgf\u00e4ltige Shortlist und diskrete Abstimmung bereitgestellt, damit Dokumente, Finanzierung und Notartermine im Gleichklang bleiben.<\/p>\n\n\n\n<p class=\"clearfix mb-6\">Mehr lesen: <a href=\"https:\/\/www.panoramamarbella.com\/de\/news\/empfohlene-anwalte-in-marbella\" data-type=\"post\" data-id=\"1431\">Unabh\u00e4ngige Anw\u00e4lte in Marbella \u2013 wie Panorama Mandanten mit der richtigen Kanzlei zusammenbringt<\/a><\/p>\n\n\n\t<figure class=\"wp-caption alignright wp-block-acf-wpimage\">\n\t<picture><source width=\"600\" height=\"275\" srcset=\"https:\/\/media.panoramamarbella.com\/imgV1\/B95mbh8olwFQm~uCT2wPZMb8hll4wghQQQq6YWg0~c~U_DrmgY8pGP8pqaDzA6mvjyI_OPtcrHD_aKxDZZC7LjrLWME8njCbF4pTGJvF~PYnFf_oY~DDSgskheyoGyhyNEPsvMMQ1MdBtdcIxKAxYHc87xoujSfezJ_cV5lKwEi3MsIDoZc3wQ7m1XHZax3m.webp 600w\" type=\"image\/webp\"><img decoding=\"async\" class=\"img-fluid\" loading=\"lazy\" width=\"600\" height=\"275\" alt=\"Bewertungen \u2013 Organisation offizieller Gutachten und Bereitstellung pr\u00e4ziser Agenturbewertungen\" src=\"https:\/\/media.panoramamarbella.com\/imgV1\/B95mbh8olwFQm~uCT2wPZMb8hll4wghQQQq6YWg0~c~U_DrmgY8pGP8pqaDzA6mvjyI_OPtcrHD_aKxDZZC7LjrLWME8njCbF4pTGJvF~PYnFf_oY~DDSgskheyoGyhyNEPsvMMQ1MdBtdcI2mzHmtJot1u2PuzGlN~MwP4-.jpg\"><\/picture>\t\t<\/figure>\n\t\n\n\n<h3 class=\"wp-block-heading\">Bewertungen \u2013 Organisation offizieller Gutachten und Bereitstellung pr\u00e4ziser Agenturbewertungen<\/h3>\n\n\n\n<p>Laufend \u00b7 Service \u00b7 Marbella<\/p>\n\n\n\n<p>Panorama organisiert bei Bedarf offizielle Bewertungen \u00fcber akkreditierte Anbieter (f\u00fcr Finanzierung, Nachlass, Rechnungswesen oder steuerliche Zwecke) und erstellt evidenzbasierte Agenturbewertungen f\u00fcr Preisfindung und Strategie. Die Arbeit orientiert sich an internationalen Standards und wird durch Marktvergleichswerte, Dokumentenpr\u00fcfungen und lokale Marktkenntnis gest\u00fctzt, sodass K\u00e4ufer und Verk\u00e4ufer fundierte Entscheidungen treffen k\u00f6nnen.<\/p>\n\n\n\n<p class=\"clearfix mb-6\">Mehr lesen: <a href=\"https:\/\/www.panoramamarbella.com\/de\/verkaufen\/immobilienbewertungen\" data-type=\"post\" data-id=\"25354\">Bewertungen in Marbella \u2013 offizielle Gutachten und Marktbewertungen der Agentur<\/a><\/p>\n\n\n<hr class=\"w-75 mt-3 mt-md-5 mb-3 mb-md-6 mx-auto border-2 border-secondary opacity-50\">\n\n\n\n\n<h2 class=\"wp-block-heading clearfix mb-6\" id=\"awards\">Auszeichnungen und Anerkennungen (in umgekehrt chronologischer Reihenfolge)<\/h2>\n\n\n\t<figure class=\"wp-caption alignright wp-block-acf-wpimage\">\n\t<picture><source width=\"600\" height=\"275\" srcset=\"https:\/\/media.panoramamarbella.com\/imgV1\/B95mbh8olwFQm~uCT2wPZMb8hll4wghQQQq6YWg0~c~U_DrmgY8pGP8pqaDzA6mvjyI_OPtcrHD_aKxAUQWx6HfuX4E39QRBL2UGn7gF4ey4Iz4RUnDwxjLNHK3WDhomy~EKzE98uL8_Yvj4LWwZSUQ5~fMdq9~wo7NiCjA~hrbRcommAk5pPWmu_Hk-.webp 600w\" type=\"image\/webp\"><img decoding=\"async\" class=\"img-fluid\" loading=\"lazy\" width=\"600\" height=\"275\" alt=\"Christopher Clover mit dem Bellevue 23026 Best Property Agents Award\" src=\"https:\/\/media.panoramamarbella.com\/imgV1\/B95mbh8olwFQm~uCT2wPZMb8hll4wghQQQq6YWg0~c~U_DrmgY8pGP8pqaDzA6mvjyI_OPtcrHD_aKxAUQWx6HfuX4E39QRBL2UGn7gF4ey4Iz4RUnDwxjLNHK3WDhomy~EKzE98uL8gHhXsJAOpBtjADwGsqXfIrg--.jpg\"><\/picture>\t\t<\/figure>\n\t\n\n\n<h3 class=\"wp-block-heading\">Bellevue \u2013 Best Property Agents Award (2010, 2015-2020, 2026)<\/h3>\n\n\n\n<p>Januar 2026 \u00b7 Auszeichnung \u00b7 International<\/p>\n\n\n\n<p>Panorama unter den Bellevue Best Property Agents 2026 \u2014 Im Januar 2026 wurde Panorama erneut in der Liste \u201eBest Property Agents\u201c von Bellevue ausgezeichnet, was nachhaltige Exzellenz, Reputation und Professionalit\u00e4t innerhalb des Luxusimmobilienmarktes von Marbella widerspiegelt. Diese Auszeichnung unterstreicht Panoramas konstante Leistung \u00fcber mehrere Auszeichnungszeitr\u00e4ume hinweg und festigt seine Position innerhalb einer ausgew\u00e4hlten Gruppe f\u00fchrender europ\u00e4ischer Agenturen.<\/p>\n\n\n\n<p class=\"clearfix mb-6\">Mehr lesen: <a href=\"https:\/\/www.panoramamarbella.com\/de\/news\/panorama-und-bellevue\" data-type=\"post\" data-id=\"36143\">Panorama unter den Bellevue Best Property Agents 2026 (Jan. 2026)<\/a><\/p>\n\n\n\t<figure class=\"wp-caption alignright wp-block-acf-wpimage\">\n\t<picture><source width=\"600\" height=\"275\" srcset=\"https:\/\/media.panoramamarbella.com\/imgV1\/B95mbh8olwFQm~uCT2wPZMb8hll4wghQQQq6YWg0~c~U_DrmgY8pGP8pqaDzA6mvjyI_OPtcrHD_aKxAUQWx6HX~hqGy~EbG_YOEqiVcD99LD3uJHIry3mrg1MfWyRzruhnByT96BuDOYV1CiHHrqRU6KIunfLRp5vk0zMIXPzUxFJMTGb6qxHi5BNxj85wCjv96lA--.webp 600w\" type=\"image\/webp\"><img decoding=\"async\" class=\"img-fluid\" loading=\"lazy\" width=\"600\" height=\"275\" alt=\"Christopher Clover: Business Leader of the Year Award von CIT im Jahr 2024\" src=\"https:\/\/media.panoramamarbella.com\/imgV1\/B95mbh8olwFQm~uCT2wPZMb8hll4wghQQQq6YWg0~c~U_DrmgY8pGP8pqaDzA6mvjyI_OPtcrHD_aKxAUQWx6HX~hqGy~EbG_YOEqiVcD99LD3uJHIry3mrg1MfWyRzruhnByT96BuDOYV1CiHHrqQtl8Ony3fyztNfkytMjAnWi.webp\"><\/picture>\t\t<\/figure>\n\t\n\n\n<h3 class=\"wp-block-heading\">CIT Marbella \u2013 Unternehmer des Jahres (Christopher Clover, November 2024)<\/h3>\n\n\n\n<p>November 2024 \u00b7 Auszeichnung \u00b7 Costa del Sol<\/p>\n\n\n\n<p>CIT Marbella ernannte Christopher Clover zum Business Leader of the Year und w\u00fcrdigte damit jahrzehntelange Beitr\u00e4ge zum Wirtschaftsleben der Stadt und ihrem Immobilienmarkt. Die Auszeichnung folgte auf eine Phase kontinuierlicher Investitionen in Governance, B\u00fcros und Publikationen und unterstrich best\u00e4ndige F\u00fchrung statt kurzfristiger Schlagzeilen.<\/p>\n\n\n\n<p class=\"clearfix mb-6\">Mehr lesen: <a href=\"https:\/\/www.panoramamarbella.com\/de\/news\/chris-clover-auszeichnung-cit-marbella\" data-type=\"post\" data-id=\"8821\">Christopher Clover von CIT Marbella zum Unternehmer des Jahres gek\u00fcrt<\/a><\/p>\n\n\n\t<figure class=\"wp-caption alignright wp-block-acf-wpimage\">\n\t<picture><source width=\"600\" height=\"275\" srcset=\"https:\/\/media.panoramamarbella.com\/imgV1\/B95mbh8olwFQm~uCT2wPZMb8hll4wghQQQq6YWg0~c~U_DrmgY8pGP8pqaDzA6mvjyI_OPtcrHD_aKxDZZC7LjmCBq0s1VRVUAAEcBMfZ5LDYBPUDmsmoGXIaogy45idIrATcCA5aJt6OZOh1XqVbJgEjXZysVl7Khsp1_L3SsC_GUkKyc057LG4CM7xtQz7uwM-.webp 600w\" type=\"image\/webp\"><img decoding=\"async\" class=\"img-fluid\" loading=\"lazy\" width=\"600\" height=\"275\" alt=\"SUR in English \u2013 Ehrung zum 40-j\u00e4hrigen Jubil\u00e4um (Okt. 2024)\" src=\"https:\/\/media.panoramamarbella.com\/imgV1\/B95mbh8olwFQm~uCT2wPZMb8hll4wghQQQq6YWg0~c~U_DrmgY8pGP8pqaDzA6mvjyI_OPtcrHD_aKxDZZC7LjmCBq0s1VRVUAAEcBMfZ5LDYBPUDmsmoGXIaogy45idIrATcCA5aJt6OZOh1XqLpOQ9eUq77SXny7~ElAh65w--.jpg\"><\/picture>\t\t<\/figure>\n\t\n\n\n<h3 class=\"wp-block-heading\"><br>SUR in English \u2013 40-j\u00e4hriges Jubil\u00e4um<\/h3>\n\n\n\n<p>Oktober 2024 \u00b7 Auszeichnung \u00b7 Costa del Sol<\/p>\n\n\n\n<p>Anl\u00e4sslich seines 40-j\u00e4hrigen Jubil\u00e4ums w\u00fcrdigte SUR in English Panoramas langj\u00e4hrigen Dienst an der internationalen Gemeinschaft und am lokalen Markt. Die Ehrung spiegelt eine kontinuierliche Praxis seit 1970 und eine best\u00e4ndige Pr\u00e4senz an der Golden Mile \u00fcber mehrere Marktzyklen hinweg wider.<\/p>\n\n\n\n<p class=\"clearfix mb-6\">Mehr lesen: <a href=\"https:\/\/www.panoramamarbella.com\/de\/news\/panorama-sur-in-english-40-jubilaum\" data-type=\"post\" data-id=\"8236\">SUR in English \u2013 Ehrung zum 40-j\u00e4hrigen Jubil\u00e4um (Okt. 2024)<\/a><\/p>\n\n\n\t<figure class=\"wp-caption alignright wp-block-acf-wpimage\">\n\t<picture><source width=\"600\" height=\"275\" srcset=\"https:\/\/media.panoramamarbella.com\/imgV1\/B95mbh8olwFQm~uCT2wPZMb8hll4wghQQQq6YWg0~c~U_DrmgY8pGP8pqaDzA6mvjyI_OPtcrHD_aKxDZZC7LiPXG1C8KWWuLTwMurTOaktfJWoHaJV9ApEMl7plRdPnb6A3wcBfoFn5tDZqPDTQeRPY9Eua4OO4maLg6uHh6ly_JxxH0Tib2kqDaJwbF_gIR28BrLS9RGRTeFNGm5ht.webp 600w\" type=\"image\/webp\"><img decoding=\"async\" class=\"img-fluid\" loading=\"lazy\" width=\"600\" height=\"275\" alt=\"European Property Awards \u2013 Best Real Estate Agency Spain (Single Office), 2019\u20132021\" src=\"https:\/\/media.panoramamarbella.com\/imgV1\/B95mbh8olwFQm~uCT2wPZMb8hll4wghQQQq6YWg0~c~U_DrmgY8pGP8pqaDzA6mvjyI_OPtcrHD_aKxDZZC7LiPXG1C8KWWuLTwMurTOaktfJWoHaJV9ApEMl7plRdPnb6A3wcBfoFn5tDZqPDTQeRPY9Eua4OO4maLg9ISOMXnwOLxwRoq9xYjUPlc-.jpg\"><\/picture>\t\t<\/figure>\n\t\n\n\n<h3 class=\"wp-block-heading\">European Property Awards \u2013 Beste makelaarskantoor Spanje (\u00e9\u00e9n vestiging), 2019 tot en met 2021<\/h3>\n\n\n\n<p>2019, 2020, 2021 \u00b7 Auszeichnung \u00b7 International<\/p>\n\n\n\n<p>Drei European Property Awards in Folge als Best Real Estate Agency Spain (Single Office). Diese Serie w\u00fcrdigt konstante Servicequalit\u00e4t, Pr\u00e4sentation und Ergebnisse unter unterschiedlichen Marktbedingungen und erg\u00e4nzt Panoramas governance-orientierte Basis sowie seine lange Pr\u00e4senz im Prime-Markt von Marbella.<\/p>\n\n\n\n<p class=\"clearfix mb-6\">Mehr lesen: <a href=\"https:\/\/www.panoramamarbella.com\/de\/news\/beste-immobilienagentur-in-spanien\" data-type=\"post\" data-id=\"1261\">European Property Awards \u2013 Beste makelaarskantoor Spanje (\u00e9\u00e9n vestiging), 2019\u20132021<\/a><\/p>\n\n\n\t<figure class=\"wp-caption alignright wp-block-acf-wpimage\">\n\t<picture><source width=\"600\" height=\"275\" srcset=\"https:\/\/media.panoramamarbella.com\/imgV1\/B95mbh8olwFQm~uCT2wPZMb8hll4wghQQQq6YWg0~c~U_DrmgY8pGP8pqaDzA6mvjyI_OPtcrHD_aKxDZZC7LieJ18~WHKrRLUsaax0dshy3cGpVP7F09pQdKHRQTIlxAOjAX34tBWNUEraCtoIbX2wH4rBkGq9YoIuskgIDjcb4AX6zz7aSuKUE6HtQDRMEe9~atMU2vfxC.webp 600w\" type=\"image\/webp\"><img decoding=\"async\" class=\"img-fluid\" loading=\"lazy\" width=\"600\" height=\"275\" alt=\"Marbella Luxury Awards \u2013 Best Estate Agent (2017)\" src=\"https:\/\/media.panoramamarbella.com\/imgV1\/B95mbh8olwFQm~uCT2wPZMb8hll4wghQQQq6YWg0~c~U_DrmgY8pGP8pqaDzA6mvjyI_OPtcrHD_aKxDZZC7LieJ18~WHKrRLUsaax0dshy3cGpVP7F09pQdKHRQTIlxAOjAX34tBWNUEraCtoIbX2wH4rBkBNRNVq6P9WulHNfVY4hqbaI-.jpg\"><\/picture>\t\t<\/figure>\n\t\n\n\n<h3 class=\"wp-block-heading\">Marbella Luxury Awards \u2013 Bester Immobilienmakler (2017)<\/h3>\n\n\n\n<p>November 2017 \u00b7 Auszeichnungen \u00b7 Marbella<\/p>\n\n\n\n<p>Panorama erhielt bei den Marbella Luxury Awards, die von dem Schauspieler Dolph Lundgren moderiert wurden, die Auszeichnung Best Estate Agent und wurde damit f\u00fcr Servicequalit\u00e4t in einer Phase erneuter Marktst\u00e4rke gew\u00fcrdigt. Die Anerkennung steht neben europ\u00e4ischen Auszeichnungen und lokalen Ehrungen, die zusammen konsistente Standards in Pr\u00e4sentation und Umsetzung widerspiegeln.<\/p>\n\n\n\n<p class=\"clearfix mb-6\">Mehr lesen: <a href=\"https:\/\/rocksmag.com\/marbella-awards-2017-2\/\" data-type=\"link\" data-id=\"https:\/\/rocksmag.com\/marbella-awards-2017-2\/\" target=\"_blank\" rel=\"noreferrer noopener nofollow\">Marbella Luxury Awards \u2013 Beste Makelaar (2017)<\/a><\/p>\n\n\n\t<figure class=\"wp-caption alignright wp-block-acf-wpimage\">\n\t<picture><source width=\"600\" height=\"275\" srcset=\"https:\/\/media.panoramamarbella.com\/imgV1\/B95mbh8olwFQm~uCT2wPZMb8hll4wghQQQq6YWg0~c~U_DrmgY8pGP8pqaDzA6mvjyI_OPtcrHD_aKxDZZC7LjjvI4gYUbul~SKKVhcHQ0mT6UDE3clmyEdEVGOGZgHwrNoMY_9eWHKqhPww4n3xl7USGbOKoO04La7SfVwqtUT74f3jHP2~ZrU-.webp 600w\" type=\"image\/webp\"><img decoding=\"async\" class=\"img-fluid\" loading=\"lazy\" width=\"600\" height=\"275\" alt=\"REAS Lifetime achievement award (2016, Christopher Clover)\" src=\"https:\/\/media.panoramamarbella.com\/imgV1\/B95mbh8olwFQm~uCT2wPZMb8hll4wghQQQq6YWg0~c~U_DrmgY8pGP8pqaDzA6mvjyI_OPtcrHD_aKxDZZC7LjjvI4gYUbul~SKKVhcHQ0mT6UDE3clmyEdEVGOGZgHwrNoMY_9Am1Q6F17vzj5ZqjA~F_MRew--.jpg\"><\/picture>\t\t<\/figure>\n\t\n\n\n<h3 class=\"wp-block-heading\">Christopher Clover erh\u00e4lt den j\u00e4hrlichen Excellence Award der REAS<\/h3>\n\n\n\n<p>2016 \u00b7 Auszeichnung \u00b7 Costa del Sol<\/p>\n\n\n\n<p>REAS ehrte Christopher Clover mit dem Lifetime Achievement Award und w\u00fcrdigte damit eine Laufbahn, die von Unabh\u00e4ngigkeit, Bewertungsdisziplin und sorgf\u00e4ltiger Umsetzung \u00fcber mehrere Zyklen hinweg gepr\u00e4gt ist. Die Auszeichnung wurde beim REAS-Galaabend in Anwesenheit von B\u00fcrgermeister Jos\u00e9 Bernal Guti\u00e9rrez \u00fcberreicht und w\u00fcrdigte ein Lebenswerk statt nur eines einzelnen Jahres.<\/p>\n\n\n\n<p class=\"clearfix mb-6\">Mehr lesen: <a href=\"https:\/\/www.panoramamarbella.com\/de\/news\/reas-jahrlichen-excellence-award\" data-type=\"post\" data-id=\"37141\">Excellence Award der REAS (2016, Christopher Clover)<\/a><\/p>\n\n\n\t<figure class=\"wp-caption alignright wp-block-acf-wpimage\">\n\t<picture><source width=\"600\" height=\"275\" srcset=\"https:\/\/media.panoramamarbella.com\/imgV1\/B95mbh8olwFQm~uCT2wPZMb8hll4wghQQQq6YWg0~c~U_DrmgY8pGP8pqaDzA6mvjyI_OPtcrHD_aKxDZZC7Ligc9qityFhxh6akS7Js7ni1TfZvUdAmxG3Nn1WTBa5dp01jE6_7zyGqGyTw~VjKzJVS_FUJnhqK38TGyqmKR4sXKtt0pHXSLcrGjnA2ufM-.webp 600w\" type=\"image\/webp\"><img decoding=\"async\" class=\"img-fluid\" loading=\"lazy\" width=\"600\" height=\"275\" alt=\"REAS \u2013 Biggest Sale of the Year (2016, Alex Clover)\" src=\"https:\/\/media.panoramamarbella.com\/imgV1\/B95mbh8olwFQm~uCT2wPZMb8hll4wghQQQq6YWg0~c~U_DrmgY8pGP8pqaDzA6mvjyI_OPtcrHD_aKxDZZC7Ligc9qityFhxh6akS7Js7ni1TfZvUdAmxG3Nn1WTBa5dp01jE6_7zyGqGyTuEA5gkWcjnY1NLxQed32xSw--.jpg\"><\/picture>\t\t<\/figure>\n\t\n\n\n<h3 class=\"wp-block-heading\">REAS \u2013 Gr\u00f6\u00dfter Verkauf des Jahres (2016, Alex Clover)<\/h3>\n\n\n\n<p>2016 \u00b7 Auszeichnung \u00b7 Costa del Sol<\/p>\n\n\n\n<p>Verliehen f\u00fcr den gr\u00f6\u00dften verifizierten Verkauf des Jahres 2016 an der Costa del Sol, nach vertraulichen Einreichungen von REAS-Mitgliedsagenturen bei unabh\u00e4ngigen Juroren. Das Ultra-Luxus-Haus an der Golden Mile verf\u00fcgte \u00fcber eine private Auffahrt und Panoramablick aufs Meer; das Ergebnis spiegelte einen disziplinierten Prozess und bemerkenswerte agentur\u00fcbergreifende Zusammenarbeit wider.<\/p>\n\n\n\n<p class=\"clearfix mb-6\">Mehr lesen: <a href=\"https:\/\/www.panoramamarbella.com\/de\/news\/grosster-verkauf-des-jahres\" data-type=\"link\" data-id=\"https:\/\/www.panoramamarbella.com\/news\/biggest-sale-of-the-year-alex-clover\">REAS \u2013 Grootste verkoop van het jaar (2016, Alex Clover)<\/a><\/p>\n\n\n<hr class=\"w-75 mt-3 mt-md-5 mb-3 mb-md-6 mx-auto border-2 border-secondary opacity-50\">\n\n\n\n\n<h2 class=\"wp-block-heading clearfix mb-6\">Marktf\u00fchrerschaft und Luxus-Referenzen<\/h2>\n\n\n\t<figure class=\"wp-caption alignright wp-block-acf-wpimage\">\n\t<picture><source width=\"600\" height=\"275\" srcset=\"https:\/\/media.panoramamarbella.com\/imgV1\/B95mbh8olwFQm~uCT2wPZMb8hll4wghQQQq6YWg0~c~U_DrmgY8pGP8pqaDzA6mvjyI_OPtcrHD_aKxDZZC7LjrY91ToWdJaG2yJwGdtpVvO5AFC8_~erz8HLDkW5GPL3GfYwRVq0kG2FyBJHdOz2QGbSZSKZQdfnDkSLYhrNrMhuST6yiy4F9TnsPHJj1J1HzUA.webp 600w\" type=\"image\/webp\"><img decoding=\"async\" class=\"img-fluid\" loading=\"lazy\" width=\"600\" height=\"275\" alt=\"Testimonials verm\u00f6gender Kunden und Anerkennung im Markt\" src=\"https:\/\/media.panoramamarbella.com\/imgV1\/B95mbh8olwFQm~uCT2wPZMb8hll4wghQQQq6YWg0~c~U_DrmgY8pGP8pqaDzA6mvjyI_OPtcrHD_aKxDZZC7LjrY91ToWdJaG2yJwGdtpVvO5AFC8_~erz8HLDkW5GPL3GfYwRVq0kG2FyBJHdOzx6s6uxY4U1RW~kTTHKLtgv4-.jpg\"><\/picture>\t\t<\/figure>\n\t\n\n\n<h3 class=\"wp-block-heading\">Referenzen von verm\u00f6genden Kunden und Anerkennung auf dem Markt<\/h3>\n\n\n\n<p>Laufend \u00b7 Soziale Best\u00e4tigung \u00b7 International<\/p>\n\n\n\n<p>Testimonials verm\u00f6gender Kunden und \u00f6ffentlicher Pers\u00f6nlichkeiten aus ganz Europa und dar\u00fcber hinaus, gesammelt \u00fcber Jahrzehnte von Transaktionen an der Golden Mile und in angrenzenden Prime-Lagen. Die R\u00fcckmeldungen weisen konsistent auf sorgf\u00e4ltige Vorbereitung, diskrete Abwicklung und verl\u00e4ssliche Umsetzung bis zum Abschluss hin. \u00d6ffentliche Bewertungssignale werden als zus\u00e4tzlicher Kontext einbezogen, ohne werblichen Anstrich.<\/p>\n\n\n\n<p class=\"clearfix mb-6\">Mehr lesen: <a href=\"https:\/\/www.panoramamarbella.com\/de\/ueber-uns\/erfahrungsberichte\" data-type=\"link\" data-id=\"https:\/\/www.panoramamarbella.com\/de\/ueber-uns\/erfahrungsberichte\">Referenzen von verm\u00f6genden Kunden und Anerkennung auf dem Markt<\/a><\/p>\n\n\n<hr class=\"w-75 mt-3 mt-md-5 mb-3 mb-md-6 mx-auto border-2 border-secondary opacity-50\">\n\n\n\n\n<h2 class=\"wp-block-heading clearfix mb-6\">Vordenkerrolle und Ver\u00f6ffentlichungen<\/h2>\n\n\n\t<figure class=\"wp-caption alignright wp-block-acf-wpimage\">\n\t<picture><source width=\"600\" height=\"275\" srcset=\"https:\/\/media.panoramamarbella.com\/imgV1\/B95mbh8olwFQm~uCT2wPZMb8hll4wghQQQq6YWg0~c~U_DrmgY8pGP8pqaDzA6mvjyI_OPtcrHD_aKxDZZC7LieJ18~WHKrRLVfMQDRG8SUIVFHIlDwIT4WTjAuxCTZ2_LGa7a6iPtlhdCPUDZt6EM9GqdEt2zao0Kl5_TyG3mHOx0U9~rWYHzEMHy0_zYxtpKnOqg_iemX4zUzrkA--.webp 600w\" type=\"image\/webp\"><img decoding=\"async\" class=\"img-fluid\" loading=\"lazy\" width=\"600\" height=\"275\" alt=\"Testimonials verm\u00f6gender Kunden und Anerkennung im Markt\" src=\"https:\/\/media.panoramamarbella.com\/imgV1\/B95mbh8olwFQm~uCT2wPZMb8hll4wghQQQq6YWg0~c~U_DrmgY8pGP8pqaDzA6mvjyI_OPtcrHD_aKxDZZC7LieJ18~WHKrRLVfMQDRG8SUIVFHIlDwIT4WTjAuxCTZ2_LGa7a6iPtlhdCPUDZt6EM9GqdEt2zao0LcGCgNPHPMiB~3FjHaX9MMM.jpg\"><\/picture>\t\t<\/figure>\n\t\n\n\n<h3 class=\"wp-block-heading\">Immobilienmarktbericht Marbella \u2013 Index und aktuelle Ausgabe (Aktualisiert)<\/h3>\n\n\n\n<p>Laufend \u00b7 Publikation \u00b7 Marbella\/Costa del Sol<\/p>\n\n\n\n<p>Seit 2009 ver\u00f6ffentlicht Christopher Clover umfassende j\u00e4hrliche Marbella Property Market Reports und baut damit auf mehr als 55 Jahre Erfahrung in der Marktanalyse auf. Die Berichte verdichten Preisdynamiken, Nachfragemuster und regulatorischen Kontext zu einer ausgewogenen Darstellung, die von K\u00e4ufern, Verk\u00e4ufern und Fachleuten genutzt wird. Diese Berichte werden in lokalen und nationalen Medien am h\u00e4ufigsten als ma\u00dfgebliche Analyse des Marbella-Marktes zitiert. Der Index f\u00fchrt zur aktuellen Ausgabe und zu einem Teilarchiv.<\/p>\n\n\n\n<p class=\"clearfix mb-6\">Mehr lesen: <a href=\"https:\/\/www.panoramamarbella.com\/de\/marbella-immobilienmarktbericht\" data-type=\"page\" data-id=\"29884\">Immobilienmarktbericht Marbella \u2013 Index und aktuelle Ausgabe (Aktualisierung)<\/a><\/p>\n\n\n\t<figure class=\"wp-caption alignright wp-block-acf-wpimage\">\n\t<picture><source width=\"600\" height=\"275\" srcset=\"https:\/\/media.panoramamarbella.com\/imgV1\/B95mbh8olwFQm~uCT2wPZMb8hll4wghQQQq6YWg0~c~U_DrmgY8pGP8pqaDzA6mvjyI_OPtcrHD_aKxDZZC7LieJwq~QXWQmVZeRBkBf3oZpEMFcEnK0tvK3D0SkPaXH8J6vfJavFMWghJWN7JUupzLmYKE6c4Zdzx1TAyvPHey_cmuuk3E-.webp 600w\" type=\"image\/webp\"><img decoding=\"async\" class=\"img-fluid\" loading=\"lazy\" width=\"600\" height=\"275\" alt=\"Marbella Property Magazine - aktuelle Ausgabe und Archiv\" src=\"https:\/\/media.panoramamarbella.com\/imgV1\/B95mbh8olwFQm~uCT2wPZMb8hll4wghQQQq6YWg0~c~U_DrmgY8pGP8pqaDzA6mvjyI_OPtcrHD_aKxDZZC7LieJwq~QXWQmVZeRBkBf3oZpEMFcEnK0tvK3D0SkPaXH8J6x_Ca3onWu75hwGveEwxeYUw--.jpg\"><\/picture>\t\t<\/figure>\n\t\n\n\n<h3 class=\"wp-block-heading\">Marbella Property Magazine &#8211; aktuelle Ausgabe und Archiv<\/h3>\n\n\n\n<p>2002-heute \u00b7 Publikation \u00b7 Marbella<\/p>\n\n\n\n<p>Das seit 2002 erscheinende Marbella Property Magazine bietet ausgewogene Berichterstattung \u00fcber Wohnlagen, Regulierung, Markttrends und Preisumfeld. Vollst\u00e4ndig intern geschrieben und redigiert und mit einer Auflage von \u00fcber 25.000 Exemplaren ist die Publikation wahrscheinlich das Immobilienmagazin mit der gr\u00f6\u00dften Verbreitung im Raum Marbella. Die aktuelle Ausgabe ist zur besseren \u00dcbersicht auf unserer Website verf\u00fcgbar; die meisten fr\u00fcheren Ausgaben sind auf Issuu als Referenz abrufbar (die fr\u00fchesten Ausgaben sind nicht online). Das Archiv bietet einen kontinuierlichen Blick auf die Praxis \u00fcber Marktzyklen hinweg.<\/p>\n\n\n\n<p class=\"clearfix mb-6\">Mehr lesen: <a href=\"https:\/\/www.panoramamarbella.com\/de\/marbella-immobilien-magazin\" data-type=\"page\" data-id=\"5317\">Marbella Property Magazine &#8211; aktuelle Ausgabe und Archiv<\/a><\/p>\n\n\n\t<figure class=\"wp-caption alignright wp-block-acf-wpimage\">\n\t<picture><source width=\"600\" height=\"275\" srcset=\"https:\/\/media.panoramamarbella.com\/imgV1\/B95mbh8olwFQm~uCT2wPZMb8hll4wghQQQq6YWg0~c~U_DrmgY8pGP8pqaDzA6mvjyI_OPtcrHD_aKxDZZC7LjrMbEMVh9Bozsw85brqVr85d3tfIdmXzEZTz_RlNm0O3dzfTloMmSxqFUDAAZaBwpu8YVE3EDq_NRJuEHsS~pQS3vJLjZUX58W5O14LGU6yn4dAtA--.webp 600w\" type=\"image\/webp\"><img decoding=\"async\" class=\"img-fluid\" loading=\"lazy\" width=\"600\" height=\"275\" alt=\"Puente Romano Real Estate Magazine\" src=\"https:\/\/media.panoramamarbella.com\/imgV1\/B95mbh8olwFQm~uCT2wPZMb8hll4wghQQQq6YWg0~c~U_DrmgY8pGP8pqaDzA6mvjyI_OPtcrHD_aKxDZZC7LjrMbEMVh9Bozsw85brqVr85d3tfIdmXzEZTz_RlNm0O3dzfTloMmSxqFUDAAZaBwoXiHCA_vm4FDpsK27eOo8qi.jpg\"><\/picture>\t\t<\/figure>\n\t\n\n\n<h3 class=\"wp-block-heading\">Puente Romano Real Estate Magazine: exklusive Verteilung im Resort<\/h3>\n\n\n\n<p>2020-heute \u00b7 Publikation \u00b7 Marbella<\/p>\n\n\n\n<p>Seit 2020 betreut und verteilt Panorama das Puente Romano Real Estate Magazine f\u00fcr die offizielle Agentur des Resorts. Es ist das einzige Magazin, das im gesamten Resort verteilt und in jedem Hotelzimmer ausgelegt wird, und bietet damit direkten Zugang zu verm\u00f6genden G\u00e4sten.<\/p>\n\n\n\n<p class=\"clearfix mb-6\">Mehr lesen: <a href=\"https:\/\/www.puenteromanorealestate.com\/about-us\/magazine\" data-type=\"link\" data-id=\"https:\/\/www.puenteromanorealestate.com\/about-us\/magazine\" target=\"_blank\" rel=\"noreferrer noopener nofollow\">Puente Romano Real Estate Magazine: Verteilung im Resort<\/a><\/p>\n\n\n\t<figure class=\"wp-caption alignright wp-block-acf-wpimage\">\n\t<picture><source width=\"600\" height=\"275\" srcset=\"https:\/\/media.panoramamarbella.com\/imgV1\/B95mbh8olwFQm~uCT2wPZMb8hll4wghQQQq6YWg0~c~U_DrmgY8pGP8pqaDzA6mvjyI_OPtcrHD_aKxDZZC7LigA21Gq2OAmacLYiJjE9O13ahvO0s5CEkRp96lUjZ4e8KcExYzpoFZ1w95psJPVDfnP2s~0Cz0upDY1qUf0VzuDiCNh0gnffhklDvm8.webp 600w\" type=\"image\/webp\"><img decoding=\"async\" class=\"img-fluid\" loading=\"lazy\" width=\"600\" height=\"275\" alt=\"K\u00e4uferleitfaden f\u00fcr den Immobilienkauf in Marbella\" src=\"https:\/\/media.panoramamarbella.com\/imgV1\/B95mbh8olwFQm~uCT2wPZMb8hll4wghQQQq6YWg0~c~U_DrmgY8pGP8pqaDzA6mvjyI_OPtcrHD_aKxDZZC7LigA21Gq2OAmacLYiJjE9O13ahvO0s5CEkRp96lUjZ4e8KcExYzpoFZ13fV4saiEOEAMiy9DY8Pa9YM-.jpg\"><\/picture>\t\t<\/figure>\n\t\n\n\n<h3 class=\"wp-block-heading\">Leitfaden f\u00fcr K\u00e4ufer beim Immobilienkauf in Marbella<\/h3>\n\n\n\n<p>Aktualisiert 2025 \u00b7 Publikation \u00b7 Marbella\/Costa del Sol<\/p>\n\n\n\n<p>Verfasst von Christopher Clover und gest\u00fctzt auf seine jahrzehntelange Erfahrung, erl\u00e4utert der Leitfaden, wie ernsthafte K\u00e4ufer den Markt in Marbella angehen: einen qualifizierten Makler einschalten, fr\u00fchzeitig einen Anwalt mandatieren, AML-Pr\u00fcfungen abschlie\u00dfen, eine NIE erhalten und ein Bankkonto er\u00f6ffnen. Er beschreibt Verhandlungspraxis, Anzahlungen, die Abfolge des Kaufprozesses und die Eintragung des Eigentums, mit einem klaren \u00dcberblick \u00fcber typische Kosten und Zeitrahmen f\u00fcr einen unkomplizierten Abschluss.<\/p>\n\n\n\n<p class=\"clearfix mb-6\">Mehr lesen: <a href=\"https:\/\/www.panoramamarbella.com\/de\/marbella-immobilien-kaufberatung\" data-type=\"link\" data-id=\"https:\/\/www.panoramamarbella.com\/de\/marbella-immobilien-kaufberatung\">Leitfaden f\u00fcr K\u00e4ufer beim Immobilienkauf in Marbella (aktuelle Ausgabe)<\/a><\/p>\n\n\n\t<figure class=\"wp-caption alignright wp-block-acf-wpimage\">\n\t<picture><source width=\"600\" height=\"275\" srcset=\"https:\/\/media.panoramamarbella.com\/imgV1\/B95mbh8olwFQm~uCT2wPZMb8hll4wghQQQq6YWg0~c~U_DrmgY8pGP8pqaDzA6mvjyI_OPtcrHD_aKxDZZC7LjrY91ToWdJaG2uIFkcUFd41v2TvpSaXdE0ASKvocOxz3Is4KocdT~JPBCfw9nBZ5T98Y06_dPCmr80G~WzaLOjmzGg4WQg21MDdGMgn4WycamhYWA--.webp 600w\" type=\"image\/webp\"><img decoding=\"async\" class=\"img-fluid\" loading=\"lazy\" width=\"600\" height=\"275\" alt=\"Verk\u00e4uferleitfaden f\u00fcr Vermarktung und Abschluss in Marbella\" src=\"https:\/\/media.panoramamarbella.com\/imgV1\/B95mbh8olwFQm~uCT2wPZMb8hll4wghQQQq6YWg0~c~U_DrmgY8pGP8pqaDzA6mvjyI_OPtcrHD_aKxDZZC7LjrY91ToWdJaG2uIFkcUFd41v2TvpSaXdE0ASKvocOxz3Is4KocdT~JPBCfw9nBZ5SEl4wHpmGQI8RcrsJAVRDSF.jpg\"><\/picture>\t\t<\/figure>\n\t\n\n\n<h3 class=\"wp-block-heading\">Leitfaden f\u00fcr Verk\u00e4ufer f\u00fcr Vermarktung und Abschluss in Marbella<\/h3>\n\n\n\n<p>Aktualisiert 2025 \u00b7 Publikation \u00b7 Marbella\/Costa del Sol<\/p>\n\n\n\n<p>Panoramas Verk\u00e4uferleitfaden basiert auf jahrzehntelanger Praxis im internationalen und \u00fcberwiegend zweitwohnsitzgetriebenen Prime- und Ultra-Prime-Markt im Raum Marbella. Er erl\u00e4utert das Wesentliche: realistische Preisfindung f\u00fcr eine verstreute K\u00e4uferbasis, sorgf\u00e4ltige Vorbereitung und Dokumentation sowie einen Ansatz, der best\u00e4ndige Umsetzung gegen\u00fcber Inszenierung bevorzugt \u2014 damit Listings geordnet vom Angebot bis zum Abschluss gelangen.<\/p>\n\n\n\n<p class=\"clearfix mb-6\">Mehr lesen: <a href=\"https:\/\/www.panoramamarbella.com\/de\/marbella-immobilien-verkaufsberatung\" data-type=\"post\" data-id=\"42191\">Leitfaden f\u00fcr Verk\u00e4ufer f\u00fcr Vermarktung und Abschluss in Marbella (aktuelle Ausgabe)<\/a><\/p>\n\n\n\t<figure class=\"wp-caption alignright wp-block-acf-wpimage\">\n\t<picture><source width=\"600\" height=\"275\" srcset=\"https:\/\/media.panoramamarbella.com\/imgV1\/B95mbh8olwFQm~uCT2wPZMb8hll4wghQQQq6YWg0~c~U_DrmgY8pGP8pqaDzA6mvjyI_OPtcrHD_aKxDZZC7LiwpOK5lwmKOODn3bsa3np8ECnEeInWanEXQTvorrEaNh1fKN_glKGhLOsUsg3cCXMxaIL2n2XPx_Q8u4RGjkkSbXdjj2sQTudgx6pXVCSH5Fstt1aAM.webp 600w\" type=\"image\/webp\"><img decoding=\"async\" class=\"img-fluid\" loading=\"lazy\" width=\"600\" height=\"275\" alt=\"FAQs: Immobilien in Marbella kaufen, besitzen und verkaufen\" src=\"https:\/\/media.panoramamarbella.com\/imgV1\/B95mbh8olwFQm~uCT2wPZMb8hll4wghQQQq6YWg0~c~U_DrmgY8pGP8pqaDzA6mvjyI_OPtcrHD_aKxDZZC7LiwpOK5lwmKOODn3bsa3np8ECnEeInWanEXQTvorrEaNh1fKN_glKGhLOsUsg3cCXMxaPoaCcK4hCRqzcUeHX0igEWc-.jpg\"><\/picture>\t\t<\/figure>\n\t\n\n\n<h3 class=\"wp-block-heading\">FAQs: Immobilien in Marbella kaufen, besitzen und verkaufen<\/h3>\n\n\n\n<p>Aktualisiert 2025 \u00b7 Publikation \u00b7 Marbella<\/p>\n\n\n\n<p>H\u00e4ufig gestellte Fragen, verdichtet aus jahrzehntelanger Praxis: Kaufrahmen, Eigentumsstrukturen, laufende Kosten, Vermietungsaspekte und Ver\u00e4u\u00dferungen. Die Antworten spiegeln lokale Besonderheiten und die Dokumentationsstandards wider, die von ernsthaften K\u00e4ufern, Verk\u00e4ufern und ihren Beratern erwartet werden.<\/p>\n\n\n\n<p class=\"clearfix mb-6\">Mehr lesen: <a href=\"https:\/\/www.panoramamarbella.com\/de\/faq-kauf-besitz-und-verkauf-von-immobilien\" data-type=\"page\" data-id=\"5213\">FAQs: Immobilien in Marbella kaufen, besitzen und verkaufen (aktuelle Ausgabe)<\/a><\/p>\n\n\n<hr class=\"w-75 mt-3 mt-md-5 mb-3 mb-md-6 mx-auto border-2 border-secondary opacity-50\">\n\n\n\n\n<h2 class=\"wp-block-heading clearfix mb-6\">Verb\u00e4nde und Berufsorganisationen (in umgekehrt chronologischer Reihenfolge)<\/h2>\n\n\n\t<figure class=\"wp-caption alignright wp-block-acf-wpimage\">\n\t<picture><source width=\"600\" height=\"275\" srcset=\"https:\/\/media.panoramamarbella.com\/imgV1\/B95mbh8olwFQm~uCT2wPZMb8hll4wghQQQq6YWg0~c~U_DrmgY8pGP8pqaDzA6mvjyI_OPtcrHD_aKxAUQW30XYA25caUCjX1_1L8nNya9wxf3Bor4A0YN46~_dii23V9JfPVXbWTMbZEEipcHKdZtwYs_6MYAr99hGyhvA6Nbo1cg--.png 600w\" type=\"image\/webp\"><img decoding=\"async\" class=\"img-fluid\" loading=\"lazy\" width=\"600\" height=\"275\" alt=\"Panorama tritt DOM3 Marbella bei\" src=\"https:\/\/media.panoramamarbella.com\/imgV1\/B95mbh8olwFQm~uCT2wPZMb8hll4wghQQQq6YWg0~c~U_DrmgY8pGP8pqaDzA6mvjyI_OPtcrHD_aKxAUQW30XYA25caUCjX1_1L8nNya9wxf3Bor4A0YN46~_dii23V9JfPVXbWTMbZEA--.png\"><\/picture>\t\t<\/figure>\n\t\n\n\n<h3 class=\"wp-block-heading\">Panorama schlie\u00dft sich DOM3 in Marbella an<\/h3>\n\n\n\n<p>Februar 2025 \u00b7 Verband \u00b7 Costa del Sol<\/p>\n\n\n\n<p>Panorama ist DOM3 Marbella beigetreten und bekr\u00e4ftigt damit sein Engagement f\u00fcr Professionalit\u00e4t, Ethik und Exzellenz im Luxusimmobiliensektor. Durch diese Partnerschaft reiht sich Panorama in die Riege f\u00fchrender Agenturen ein, die sich Transparenz, Zusammenarbeit und h\u00f6chsten Standards auf dem Luxusimmobilienmarkt von Marbella verschrieben haben.<\/p>\n\n\n\n<p class=\"clearfix mb-6\">Mehr dazu: <a href=\"https:\/\/www.panoramamarbella.com\/news\/panorama-joins-dom3-marbella\" data-type=\"link\" data-id=\"https:\/\/www.panoramamarbella.com\/news\/panorama-joins-dom3-marbella\">DOM3-Mitgliedschaft, Exzellenz, Luxusstandards<\/a><\/p>\n\n\n\t<figure class=\"wp-caption alignright wp-block-acf-wpimage\">\n\t<picture><source width=\"600\" height=\"275\" srcset=\"https:\/\/media.panoramamarbella.com\/imgV1\/B95mbh8olwFQm~uCT2wPZMb8hll4wghQQQq6YWg0~c~U_DrmgY8pGP8pqaDzA6mvjyI_OPtcrHD_aKxDZZC7LiZxYTY7P6~sJAOylDZojqVulvud418htM2D6zH0YvUQwf_KfXhGf_rDjPFrgXRIpU~qPWWOHw7k3x7biSrYXD_e.webp 600w\" type=\"image\/webp\"><img decoding=\"async\" class=\"img-fluid\" loading=\"lazy\" width=\"600\" height=\"275\" alt=\"Leading Property Agents of Spain (LPA) - Gr\u00fcndungsmitglied; Ehrenpr\u00e4sident\" src=\"https:\/\/media.panoramamarbella.com\/imgV1\/B95mbh8olwFQm~uCT2wPZMb8hll4wghQQQq6YWg0~c~U_DrmgY8pGP8pqaDzA6mvjyI_OPtcrHD_aKxDZZC7LiZxYTY7P6~sJAOylDZojqVulvud418htM2D6zH0fBwJ8j1b1NdOU84M2X_HSVg-.jpg\"><\/picture>\t\t<\/figure>\n\t\n\n\n<h3 class=\"wp-block-heading\">Leading Property Agents of Spain (LPA) &#8211; Gr\u00fcndungsmitglied; Ehrenpr\u00e4sident<\/h3>\n\n\n\n<p>Juli 2020 \u00b7 Verband \u00b7 Costa del Sol<\/p>\n\n\n\n<p>Am 23. Juli 2020 half Panorama bei der Gr\u00fcndung der Leading Property Agents of Spain (LPA). Christopher Clover ist Ehrenpr\u00e4sident. Die LPA f\u00f6rdert gemeinsame Standards, transparente Zusammenarbeit und konstruktiven Dialog rund um Planungsthemen an der gesamten Costa del Sol. Sie ist ein starker Branchenverband, der Panoramas governance-orientierte Positionierung im Prime-Markt erg\u00e4nzt.<\/p>\n\n\n\n<p class=\"clearfix mb-6\">Mehr lesen: <a href=\"https:\/\/www.panoramamarbella.com\/de\/news\/christopher-clover-wird-zum-ehrenprasidenten-lpa\" data-type=\"link\" data-id=\"https:\/\/www.panoramamarbella.com\/news\/christopher-clover-honorary-president-of-lpa\">Leading Property Agents of Spain (LPA) \u2014 Gr\u00fcndungsmitglied; Ehrenpr\u00e4sident<\/a><\/p>\n\n\n\t<figure class=\"wp-caption alignright wp-block-acf-wpimage\">\n\t<picture><source width=\"600\" height=\"275\" srcset=\"https:\/\/media.panoramamarbella.com\/imgV1\/B95mbh8olwFQm~uCT2wPZMb8hll4wghQQQq6YWg0~c~U_DrmgY8pGP8pqaDzA6mvjyI_OPtcrHD_aKxDZZC7Li0DPQK6YzEE58htHhgWvWHJljks3mxiUT1Bgzar7l5ctC0XqEgTaf63Tsmx1oqqocdb9wsdZSd0axt0RL5MriuKcQ--.webp 600w\" type=\"image\/webp\"><img decoding=\"async\" class=\"img-fluid\" loading=\"lazy\" width=\"600\" height=\"275\" alt=\"GIPE-Mitgliedschaft - Christopher Clover (seit 1997)\" src=\"https:\/\/media.panoramamarbella.com\/imgV1\/B95mbh8olwFQm~uCT2wPZMb8hll4wghQQQq6YWg0~c~U_DrmgY8pGP8pqaDzA6mvjyI_OPtcrHD_aKxDZZC7Li0DPQK6YzEE58htHhgWvWHJljks3mxiUT1Bgzar7kAFbZrfoWB79fI0MfE6eATp.jpg\"><\/picture>\t\t<\/figure>\n\t\n\n\n<h3 class=\"wp-block-heading\">GIPE-Mitgliedschaft &#8211; Christopher Clover (seit 1997)<\/h3>\n\n\n\n<p>Seit 1997 \u00b7 Verband \u00b7 Spanien\/Europa<\/p>\n\n\n\n<p>Christopher Clover ist langj\u00e4hriges Mitglied der GIPE (Gestores Inmobiliarios Profesionales Europeos). Die Mitgliedschaft umfasst die CEPI-Zugeh\u00f6rigkeit (European Associate of Real Estate Professions) (MMCEPI) und bietet damit eine paneurop\u00e4ische professionelle Einordnung neben der spanischen Praxis. \u00d6ffentliche Verifizierungslinks sind f\u00fcr die Eintr\u00e4ge der Agentur und des Verbandes verf\u00fcgbar; die Mitgliedschaft hilft, geordnete Zusammenarbeit in grenz\u00fcberschreitenden Angelegenheiten zu rahmen.<\/p>\n\n\n\n<p class=\"clearfix mb-6\">Mehr lesen: <a href=\"https:\/\/www.panoramamarbella.com\/de\/news\/gipe-sicherheit\">Christopher Clovers GIPE-Mitgliedschaft \u2013 Profil und Verbraucherschutz (seit 1997)<\/a><\/p>\n\n\n\t<figure class=\"wp-caption alignright wp-block-acf-wpimage\">\n\t<picture><source width=\"600\" height=\"275\" srcset=\"https:\/\/media.panoramamarbella.com\/imgV1\/B95mbh8olwFQm~uCT2wPZMb8hll4wghQQQq6YWg0~c~U_DrmgY8pGP8pqaDzA6mvjyI_OPtcrHD_aKxDZZC7LiwyS8T7FoacLWqG8DGTsYMFwciWm_f1_wiEaIRjiDF0Wja8Rhu~dAV1CA2K1uFqluHAor~sgEz7w3EbV~Q2IvOAxqNi1W8_zZCyrrh3cyo-.webp 600w\" type=\"image\/webp\"><img decoding=\"async\" class=\"img-fluid\" loading=\"lazy\" width=\"600\" height=\"275\" alt=\"FIABCI-Beteiligung \u2014 internationales berufliches Netzwerk (seit den 1970er Jahren)\" src=\"https:\/\/media.panoramamarbella.com\/imgV1\/B95mbh8olwFQm~uCT2wPZMb8hll4wghQQQq6YWg0~c~U_DrmgY8pGP8pqaDzA6mvjyI_OPtcrHD_aKxDZZC7LiwyS8T7FoacLWqG8DGTsYMFwciWm_f1_wiEaIRjiDF0Wja8Rhu~dAV1CA2UfnshUN~WRKDZ~PnI5PbjQA--.jpg\"><\/picture>\t\t<\/figure>\n\t\n\n\n<h3 class=\"wp-block-heading\">FIABCI-Beteiligung \u2014 internationales berufliches Netzwerk (seit den 1970er Jahren)<\/h3>\n\n\n\n<p>Seit den 1970er Jahren \u00b7 Verband \u00b7 International<\/p>\n\n\n\n<p>Panorama ist seit langem in der FIABCI, der International Real Estate Federation \u2014 gegr\u00fcndet 1951 in Paris \u2014, aktiv, einem weltweiten Business-Netzwerk in \u00fcber 70 L\u00e4ndern und vielen Immobiliendisziplinen. FIABCI besitzt beratenden Status beim UN ECOSOC und erleichtert grenz\u00fcberschreitende Verbindungen sowie Wissensaustausch. Auch wenn ihre Rolle keine Regulierung umfasst, ist sie dennoch ein bedeutendes internationales berufliches Netzwerk.<\/p>\n\n\n\n<p class=\"clearfix mb-6\">Mehr lesen: <a href=\"https:\/\/www.panoramamarbella.com\/de\/news\/fiabci-immobilienverband\" data-type=\"post\" data-id=\"20024\">FIABCI-Beteiligung \u2014 internationales berufliches Netzwerk (seit den 1970er Jahren)<\/a><\/p>\n\n\n\t<figure class=\"wp-caption alignright wp-block-acf-wpimage\">\n\t<picture><source width=\"600\" height=\"275\" srcset=\"https:\/\/media.panoramamarbella.com\/imgV1\/B95mbh8olwFQm~uCT2wPZMb8hll4wghQQQq6YWg0~c~U_DrmgY8pGP8pqaDzA6mvjyI_OPtcrHD_aKxDZZC7Ljjlwnoeb5T1moOTLg11USP7poNYSNM_nGqV0df7vVmNMQ7g1XwZmOjuOsG_vBZ4H3BAgtgRLujlMShJwMf8RYByWRo0StwjoLsl03f90OiKx5Y-.webp 600w\" type=\"image\/webp\"><img decoding=\"async\" class=\"img-fluid\" loading=\"lazy\" width=\"600\" height=\"275\" alt=\"Christopher Clover, 12 Jahre lang Mitglied im Rotary Club\" src=\"https:\/\/media.panoramamarbella.com\/imgV1\/B95mbh8olwFQm~uCT2wPZMb8hll4wghQQQq6YWg0~c~U_DrmgY8pGP8pqaDzA6mvjyI_OPtcrHD_aKxDZZC7Ljjlwnoeb5T1moOTLg11USP7poNYSNM_nGqV0df7vVmNMQ7g1XwZmOjuOsG_vBZmGX9KNeG5XWfHT64YAZ3AfQ--.jpg\"><\/picture>\t\t<\/figure>\n\t\n\n\n<h3 class=\"wp-block-heading\">Christopher Clover, 12 Jahre lang Mitglied im Rotary Club<\/h3>\n\n\n\n<p>1990er und 2000er Jahre \u00b7 Verband \u00b7 Marbella<\/p>\n\n\n\n<p>Managing Director Christopher Clover war zw\u00f6lf Jahre lang im Rotary Club Marbella aktiv und engagierte sich f\u00fcr Stipendieninitiativen, K\u00fcstens\u00e4uberungen und lokale Gesundheitsprojekte. Diese Arbeit spiegelt Panoramas Ethos best\u00e4ndigen Dienstes und gesellschaftlichen Engagements wider \u2014 ruhig, praktisch und nachhaltig, parallel zur t\u00e4glichen F\u00fchrungsarbeit im Prime-Markt.<\/p>\n\n\n\n<p class=\"clearfix mb-6\">Mehr lesen: <a href=\"https:\/\/www.panoramamarbella.com\/de\/news\/rotary-club-marbella\" data-type=\"post\" data-id=\"22546\">Christopher Clover, 12 Jahre lang Mitglied im Rotary Club<\/a><\/p>\n\n\n<hr class=\"w-75 mt-3 mt-md-5 mb-3 mb-md-6 mx-auto border-2 border-secondary opacity-50\">\n\n\n\n\n<h2 class=\"wp-block-heading clearfix mb-6\">Kommerzielle Partnerschaften (in umgekehrt chronologischer Reihenfolge)<\/h2>\n\n\n\t<figure class=\"wp-caption alignright wp-block-acf-wpimage\">\n\t<picture><source width=\"600\" height=\"275\" srcset=\"https:\/\/media.panoramamarbella.com\/imgV1\/B95mbh8olwFQm~uCT2wPZMb8hll4wghQQQq6YWg0~c~U_DrmgY8pGP8pqaDzA6mvjyI_OPtcrHD_aKxDZZC7LiAQnFAqItwrpHEEO9mWtSa2M61ZgrREvc0EjIOBka8AVe3LC3A2dKxI1aIPkPxm~6cLAliEI99cwurdHdKzSJ3SzfUuX1acKG9lU2LuibPjvfBkBdw-.webp 600w\" type=\"image\/webp\"><img decoding=\"async\" class=\"img-fluid\" loading=\"lazy\" width=\"600\" height=\"275\" alt=\"Associated Agent \u2013 John D. Wood &amp; Co. (ab Juli 2024)\" src=\"https:\/\/media.panoramamarbella.com\/imgV1\/B95mbh8olwFQm~uCT2wPZMb8hll4wghQQQq6YWg0~c~U_DrmgY8pGP8pqaDzA6mvjyI_OPtcrHD_aKxDZZC7LiAQnFAqItwrpHEEO9mWtSa2M61ZgrREvc0EjIOBka8AVe3LC3A2dKxI1aIPkPxm~6cVJItFr5SVhlMHVKlHvs6qEw--.jpg\"><\/picture>\t\t<\/figure>\n\t\n\n\n<h3 class=\"wp-block-heading\">Associated Agent \u2013 John D. Wood &amp; Co. (ab Juli 2024)<\/h3>\n\n\n\n<p>Juli 2024 \u00b7 Partnerschaften \u00b7 Vereinigtes K\u00f6nigreich\/Marbella<\/p>\n\n\n\n<p>Die Beziehung als Associated Agent mit John D. Wood &amp; Co. (gegr. 1872) verbindet Assets in Marbella mit etablierter Ultra-Prime-Nachfrage in London. Die Zusammenarbeit schafft einen praktischen grenz\u00fcberschreitenden Zugang f\u00fcr qualifizierte Anfragen und bewahrt zugleich Panoramas Unabh\u00e4ngigkeit und seine t\u00e4glichen Governance-Standards.<\/p>\n\n\n\n<p class=\"clearfix mb-6\">Mehr lesen: <a href=\"https:\/\/www.panoramamarbella.com\/de\/news\/panorama-partnerschaft-john-d-wood\" data-type=\"post\" data-id=\"20888\">Panorama kooperiert mit dem britischen Unternehmen John D Wood &amp; Co.(ab Juli 2024)<\/a><\/p>\n\n\n\t<figure class=\"wp-caption alignright wp-block-acf-wpimage\">\n\t<picture><source width=\"600\" height=\"275\" srcset=\"https:\/\/media.panoramamarbella.com\/imgV1\/B95mbh8olwFQm~uCT2wPZMb8hll4wghQQQq6YWg0~c~U_DrmgY8pGP8pqaDzA6mvjyI_OPtcrHD_aKxDZZC7LjrMbEMVh9Bozsw85brqSef0kxsPTLvkHhU4pQKBUFh_BIGq_mJ_25PjrR2KvZYCbj8Ip2ShfoARucNRsClE2vPnfE_DHNVyy6a~JBgo~9BH~8bJpMtbvg--.webp 600w\" type=\"image\/webp\"><img decoding=\"async\" class=\"img-fluid\" loading=\"lazy\" width=\"600\" height=\"275\" alt=\"Puente Romano Real Estate - offizielle Agentur im Resort (betrieben von Panorama)\" src=\"https:\/\/media.panoramamarbella.com\/imgV1\/B95mbh8olwFQm~uCT2wPZMb8hll4wghQQQq6YWg0~c~U_DrmgY8pGP8pqaDzA6mvjyI_OPtcrHD_aKxDZZC7LjrMbEMVh9Bozsw85brqSef0kxsPTLvkHhU4pQKBUFh_BIGq_mJ_25PjrR2KvZYCbj8Ip3pkoJz5WEDTku6HOLyGR345.jpg\"><\/picture>\t\t<\/figure>\n\t\n\n\n<h3 class=\"wp-block-heading\">Puente Romano Real Estate &#8211; offizielle Agentur im Resort (betrieben von Panorama)<\/h3>\n\n\n\n<p>Laufend \u00b7 Partnerschaften \u00b7 Marbella<\/p>\n\n\n\n<p>Puente Romano Real Estate ist die offizielle Agentur im Resort f\u00fcr zwei der renommiertesten Hotels Marbellas \u2013 Puente Romano Marbella und Nobu Marbella \u2013 und wird von Panorama im Auftrag der Hotels betrieben. Die Pr\u00e4senz vor Ort bietet unmittelbaren Zugang f\u00fcr qualifizierte G\u00e4steanfragen und private Besichtigungen innerhalb des Resorts.<\/p>\n\n\n\n<p class=\"clearfix mb-6\">Mehr lesen: <a href=\"https:\/\/www.puenteromanorealestate.com\/about-us\/who-we-are\" target=\"_blank\" rel=\"noreferrer noopener nofollow\">Puente Romano Real Estate &#8211; offizielle Agentur im Resort (betrieben von Panorama)<\/a><\/p>\n\n\n<hr class=\"w-75 mt-3 mt-md-5 mb-3 mb-md-6 mx-auto border-2 border-secondary opacity-50\">\n\n\n\n\n<h2 class=\"wp-block-heading clearfix mb-6\">Pionierhafte Meilensteine (chronologisch)<\/h2>\n\n\n\t<figure class=\"wp-caption alignright wp-block-acf-wpimage\">\n\t<picture><source width=\"600\" height=\"275\" srcset=\"https:\/\/media.panoramamarbella.com\/imgV1\/B95mbh8olwFQm~uCT2wPZMb8hll4wghQQQq6YWg0~c~U_DrmgY8pGP8pqaDzA6mvjyI_OPtcrHD_aKxDZZC7Lnu9zb9UTcenrkniYjIJRUNcZXdkb4ua~MFtWkwVz1Bjj5WG2~skeF5H4XnQZsWNvajEys5aYKVM2B0nnpH8HKmw1iTYHvla.webp 600w\" type=\"image\/webp\"><img decoding=\"async\" class=\"img-fluid\" loading=\"lazy\" width=\"600\" height=\"275\" alt=\"famili\u00e4res Immobilienerbe seit 1904\" src=\"https:\/\/media.panoramamarbella.com\/imgV1\/B95mbh8olwFQm~uCT2wPZMb8hll4wghQQQq6YWg0~c~U_DrmgY8pGP8pqaDzA6mvjyI_OPtcrHD_aKxDZZC7Lnu9zb9UTcenrkniYjIJRUNcZXdkb4ua~MFtWkwVz1Bjj5WGxalDS7Yel_3p82D~q2UroN0-.jpg\"><\/picture>\t\t<\/figure>\n\t\n\n\n<h3 class=\"wp-block-heading\">Ein einzigartiges famili\u00e4res Immobilienerbe seit 1904<\/h3>\n\n\n\n<p class=\"has-text-align-left\">1904 bis heute \u00b7 Geschichte \u00b7 International<\/p>\n\n\n\n<p class=\"has-text-align-left\">\u00dcber vier Generationen seit 1904 reicht die Geschichte von Panorama von den Vororten Chicagos bis zur Golden Mile von Marbella. Lokal 1970 als erste internationale Agentur der Stadt gegr\u00fcndet, war die Familie Clover Pionier bei Besichtigungsfl\u00fcgen und setzte fr\u00fch Ma\u00dfst\u00e4be bei Ethik und Service. Heute f\u00fchren Christopher, Katinka und Alex den langfristigen Ansatz im Luxusimmobiliensektor fort.<\/p>\n\n\n\n<p class=\"has-text-align-left clearfix mb-6\">Mehr lesen: <a href=\"https:\/\/www.panoramamarbella.com\/de\/ueber-uns\/mehr-als-120-jahre-familienbetrieb\" data-type=\"page\" data-id=\"5180\">Entdecken Sie Panoramas 120-j\u00e4hriges Immobilienerbe<\/a><\/p>\n\n\n\t<figure class=\"wp-caption alignright wp-block-acf-wpimage\">\n\t<picture><source width=\"600\" height=\"275\" srcset=\"https:\/\/media.panoramamarbella.com\/imgV1\/B95mbh8olwFQm~uCT2wPZMb8hll4wghQQQq6YWg0~c~U_DrmgY8pGP8pqaDzA6mvjyI_OPtcrHD_aKxDZZC7LieJ18~WHKrRLU44ojswna40qDXAm59b~eZ8i3Mym2to9W7ox93~ABgv9F4qaA14UDuhhf4X4zozjIRiEvXHbqrtftfvTr1BMzBT4urYBmcB9g--.webp 600w\" type=\"image\/webp\"><img decoding=\"async\" class=\"img-fluid\" loading=\"lazy\" width=\"600\" height=\"275\" alt=\"Panorama ist die traditionsreichste Immobilienagentur in Marbella, gegr\u00fcndet 1970\" src=\"https:\/\/media.panoramamarbella.com\/imgV1\/B95mbh8olwFQm~uCT2wPZMb8hll4wghQQQq6YWg0~c~U_DrmgY8pGP8pqaDzA6mvjyI_OPtcrHD_aKxDZZC7LieJ18~WHKrRLU44ojswna40qDXAm59b~eZ8i3Mym2to9W7ox93~ABgv9F4qaBMXaiu0g8_q~k8f0j0dq6sr.jpg\"><\/picture>\t\t<\/figure>\n\t\n\n\n<h3 class=\"wp-block-heading\">Panorama ist die traditionsreichste Immobilienagentur in Marbella, gegr\u00fcndet 1970<\/h3>\n\n\n\n<p class=\"has-text-align-left\">1970 bis heute \u00b7 Geschichte \u00b7 Marbella<\/p>\n\n\n\n<p class=\"has-text-align-left\">Christopher Clovers Erinnerungen an die fr\u00fchen Jahre von Panorama schildern ein Marbella des Jahres 1970 mit Schotterstra\u00dfen und internationaler Intrige. Als erste internationale Agentur an der K\u00fcste f\u00fchrte Panorama neue Praktiken ein, f\u00f6rderte globale Nachfrage und pr\u00e4gte die Luxusentwicklung des Resorts mit \u2014 Grundlagen, die bis heute die ausgewogene Arbeitsweise des Unternehmens bestimmen.<\/p>\n\n\n\n<p class=\"has-text-align-left clearfix mb-6\">Mehr lesen: <a href=\"https:\/\/www.panoramamarbella.com\/de\/ueber-uns\/der-anfang-von-panorama-in-marbella\" data-type=\"page\" data-id=\"5178\">Panoramas Anf\u00e4nge im Marbella der 1970er Jahre<\/a><\/p>\n\n\n\t<figure class=\"wp-caption alignright wp-block-acf-wpimage\">\n\t<picture><source width=\"600\" height=\"275\" srcset=\"https:\/\/media.panoramamarbella.com\/imgV1\/B95mbh8olwFQm~uCT2wPZMb8hll4wghQQQq6YWg0~c~U_DrmgY8pGP8pqaDzA6mvjyI_OPtcrHD_aKxDZZC7LiwyWPovcrNKuS7o~0XoBBhksEjNnekCdeHZNqGg1kY9khGScPqguGfL_qAmJgt1J9NFRU82XiyiEAa9D4QTBSztOVAoabPSCi~JOHQWwwKc8MeC0Ht8.webp 600w\" type=\"image\/webp\"><img decoding=\"async\" class=\"img-fluid\" loading=\"lazy\" width=\"600\" height=\"275\" alt=\"Erste internationale Immobilienagentur in Marbella, die Besichtigungsfl\u00fcge einf\u00fchrte\" src=\"https:\/\/media.panoramamarbella.com\/imgV1\/B95mbh8olwFQm~uCT2wPZMb8hll4wghQQQq6YWg0~c~U_DrmgY8pGP8pqaDzA6mvjyI_OPtcrHD_aKxDZZC7LiwyWPovcrNKuS7o~0XoBBhksEjNnekCdeHZNqGg1kY9khGScPqguGfL_qAmJgt1J9NFW4ka~mNP24Tq_8cMhM8~mQU-.jpg\"><\/picture>\t\t<\/figure>\n\t\n\n\n<h3 class=\"wp-block-heading\">Erste internationale Immobilienagentur in Marbella, die 1968 Immobilien-Besichtigungsfl\u00fcge einf\u00fchrte<\/h3>\n\n\n\n<p>Januar 1975 \u00b7 Meilenstein \u00b7 Costa del Sol<\/p>\n\n\n\n<p>Ab 1968 und \u00fcber mehrere Jahre hinweg war Panorama Pionier bei gecharterten Besichtigungsfl\u00fcgen und brachte qualifizierte internationale K\u00e4ufer an die Costa del Sol, um H\u00e4user zu besichtigen und zu erwerben. Diese Initiative professionalisierte die Nachfragegenerierung, erweiterte die internationale Reichweite und half, Marbella als europ\u00e4isches Ziel f\u00fcr Prime-Immobilien zu etablieren.<\/p>\n\n\n\n<p class=\"clearfix mb-6\">Mehr lesen:<a href=\"https:\/\/www.panoramamarbella.com\/de\/news\/panorama-marbellas-erste-internationale-immobilienagentur\" data-type=\"post\" data-id=\"21531\">Panorama war die erste Agentur an der Costa del Sol, die Besichtigungsfl\u00fcge einf\u00fchrte<\/a><\/p>\n\n\n\t<figure class=\"wp-caption alignright wp-block-acf-wpimage\">\n\t<picture><source width=\"600\" height=\"275\" srcset=\"https:\/\/media.panoramamarbella.com\/imgV1\/B95mbh8olwFQm~uCT2wPZMb8hll4wghQQQq6YWg0~c~U_DrmgY8pGP8pqaDzA6mvjyI_OPtcrHD_aKxDZZC7LiwyWPovcrV8oJIYzxzUmuju_XzWkEuy9Uf3GQ~dGIpqr8bSn13ze_jssQNgUXI4LcimKkXgQI4oFaWT4YniyOyEXf8osCTdPPwNi1WJc84lgkBg7iXfhw__QrJK.webp 600w\" type=\"image\/webp\"><img decoding=\"async\" class=\"img-fluid\" loading=\"lazy\" width=\"600\" height=\"275\" alt=\"Marbellas erstes Open House fand 1982 statt, veranstaltet von Panorama\" src=\"https:\/\/media.panoramamarbella.com\/imgV1\/B95mbh8olwFQm~uCT2wPZMb8hll4wghQQQq6YWg0~c~U_DrmgY8pGP8pqaDzA6mvjyI_OPtcrHD_aKxDZZC7LiwyWPovcrV8oJIYzxzUmuju_XzWkEuy9Uf3GQ~dGIpqr8bSn13ze_jssQNgUXI4LcimKkXgQI4oC_y6OGQTp5c6isxKIKni0NA-.jpg\"><\/picture>\t\t<\/figure>\n\t\n\n\n<h3 class=\"wp-block-heading\">Erstes Open House an der Costa del Sol<\/h3>\n\n\n\n<p>1982 \u00b7 Meilenstein \u00b7 Marbella (Nueva Andaluc\u00eda)<\/p>\n\n\n\n<p>Im Jahr 1982 f\u00fchrte Panorama in Las Brisas, Nueva Andaluc\u00eda, Marbellas erstes Open House ein, lud Kollegen aus der Branche zu einer Objektbesichtigung ein und setzte sich f\u00fcr provisionsgeteilte Zusammenarbeit ein. Unter der Leitung der inzwischen verstorbenen, in Kalifornien ausgebildeten Maklerin Vicky de Rivera und mit Unterst\u00fctzung von Christopher Clover f\u00f6rderte die Initiative Transparenz und ver\u00e4nderte die lokale Vermarktungspraxis nachhaltig.<\/p>\n\n\n\n<p class=\"clearfix mb-6\">Mehr lesen: <a href=\"https:\/\/www.panoramamarbella.com\/de\/news\/erstes-open-house-marbella\" data-type=\"post\" data-id=\"22214\">Panorama war Pionier des ersten Open House an der Costa del Sol<\/a><\/p>\n\n\n<hr class=\"w-75 mt-3 mt-md-5 mb-3 mb-md-6 mx-auto border-2 border-secondary opacity-50\">\n\n\n\n\n<h2 class=\"wp-block-heading clearfix mb-6\">Pr\u00e4senz und B\u00fcros<\/h2>\n\n\n\t<figure class=\"wp-caption alignright wp-block-acf-wpimage\">\n\t<picture><source width=\"600\" height=\"275\" srcset=\"https:\/\/media.panoramamarbella.com\/imgV1\/B95mbh8olwFQm~uCT2wPZMb8hll4wghQQQq6YWg0~c~U_DrmgY8pGP8pqaDzA6mvjyI_OPtcrHD_aKxDZZC7LjrMbEMVh9Bozsw85brqS6Utio5esPk7_eFNJKzQKZd1qgSo7g1nlTs3biAkKXUreKY3qRL2~fg0hMBOXGiBHAxVw5ajcb2FTVV7mPoEyJNVBUyXhQpUVke5HVQ-.webp 600w\" type=\"image\/webp\"><img decoding=\"async\" class=\"img-fluid\" loading=\"lazy\" width=\"600\" height=\"275\" alt=\"Unser renoviertes Verkaufsb\u00fcro neben der Rezeption des Nobu Hotels in Puente Romano\" src=\"https:\/\/media.panoramamarbella.com\/imgV1\/B95mbh8olwFQm~uCT2wPZMb8hll4wghQQQq6YWg0~c~U_DrmgY8pGP8pqaDzA6mvjyI_OPtcrHD_aKxDZZC7LjrMbEMVh9Bozsw85brqS6Utio5esPk7_eFNJKzQKZd1qgSo7g1nlTs3biAkKXUreKY3qRL2~fgqwvgWhTnoFg3RNYYkAF4JjQ--.jpg\"><\/picture>\t\t<\/figure>\n\t\n\n\n<h3 class=\"wp-block-heading\">Panorama-Flaggschiffb\u00fcros &#8211; das spektakul\u00e4rste B\u00fcro an der Costa del Sol im Puente Romano Resort, plus gegen\u00fcber dem Marbella Club<\/h3>\n\n\n\n<p>Dezember 2020 \u00b7 Pr\u00e4senz \u00b7 Marbella (Golden Mile)<\/p>\n\n\n\n<p>Eine doppelte Flaggschiff-Pr\u00e4senz an der Golden Mile: ein B\u00fcro im Puente Romano Beach Resort und ein weiteres gegen\u00fcber dem Marbella Club Hotel. Das Flaggschiff in Puente Romano wurde im Dezember 2020 vom B\u00fcrgermeister eingeweiht und verf\u00fcgt \u00fcber digitale Beschilderung in Retail-Qualit\u00e4t sowie ein acht Meter langes hinterleuchtetes Luftbild-Wandbild.<\/p>\n\n\n\n<p class=\"clearfix mb-6\">Mehr lesen: <a href=\"https:\/\/www.panoramamarbella.com\/de\/news\/buro-in-puente-romano-marbella\">Panorama er\u00f6ffnet sein Flaggschiffb\u00fcro in Marbella und markiert 50 Jahre Exzellenz<\/a><\/p>\n\n\n\t<figure class=\"wp-caption alignright wp-block-acf-wpimage\">\n\t<picture><source width=\"600\" height=\"275\" srcset=\"https:\/\/media.panoramamarbella.com\/imgV1\/B95mbh8olwFQm~uCT2wPZMb8hll4wghQQQq6YWg0~c~U_DrmgY8pGP8pqaDzA6mvjyI_OPtcrHD_aKxDZZC7LjrLRe0dcVGh8TpXng8t9UescEpBimXnQBvFSFUj1R~XF6JG1wqjLxBaSpk9oT7EVyl_06s5RHzr73WLGGSWrEMcu_OcWD0W9mE-.webp 600w\" type=\"image\/webp\"><img decoding=\"async\" class=\"img-fluid\" loading=\"lazy\" width=\"600\" height=\"275\" alt=\"B\u00fcro von Puente Romano Real Estate\" src=\"https:\/\/media.panoramamarbella.com\/imgV1\/B95mbh8olwFQm~uCT2wPZMb8hll4wghQQQq6YWg0~c~U_DrmgY8pGP8pqaDzA6mvjyI_OPtcrHD_aKxDZZC7LjrLRe0dcVGh8TpXng8t9UescEpBimXnQBvFSFUj1R~XF6JG1wq9JCrCg75eQS0txLDmUwpFAg--.jpg\"><\/picture>\t\t<\/figure>\n\t\n\n\n<h3 class=\"wp-block-heading\">B\u00fcro von Puente Romano Real Estate &#8211; separate offizielle Resort-Agentur in der Hotelrezeption &#8211; betrieben von Panorama<\/h3>\n\n\n\n<p>Seit 2020 \u00b7 Pr\u00e4senz \u00b7 Marbella (Puente Romano)<\/p>\n\n\n\n<p>Puente Romano Real Estate ist die offizielle Agentur im Resort f\u00fcr Puente Romano und Nobu Marbella und wird von Panorama aus einem B\u00fcro in der Hotelrezeption betrieben. Es handelt sich um eine separate Agentur mit eigener Website, die von Panorama im Auftrag der Hotels gef\u00fchrt wird und sich von Panoramas Flaggschiffb\u00fcro an der Golden Mile unterscheidet.<\/p>\n\n\n\n<p class=\"clearfix mb-6\">Mehr lesen: <a href=\"https:\/\/www.puenteromanorealestate.com\/contact\" target=\"_blank\" rel=\"noreferrer noopener nofollow\">B\u00fcro von Puente Romano Real Estate &#8211; separate offizielle Resort-Agentur in der Hotelrezeption<\/a><\/p>\n\n\n\n<p>&nbsp;<\/p>\n\n","protected":false},"excerpt":{"rendered":"","protected":false},"author":11,"featured_media":32188,"parent":5178,"menu_order":1,"comment_status":"closed","ping_status":"closed","template":"","meta":{"_acf_changed":false,"footnotes":""},"class_list":["post-43588","page","type-page","status-publish","has-post-thumbnail","hentry"],"acf":[],"_links":{"self":[{"href":"https:\/\/www.panoramamarbella.com\/de\/wp-json\/wp\/v2\/pages\/43588","targetHints":{"allow":["GET"]}}],"collection":[{"href":"https:\/\/www.panoramamarbella.com\/de\/wp-json\/wp\/v2\/pages"}],"about":[{"href":"https:\/\/www.panoramamarbella.com\/de\/wp-json\/wp\/v2\/types\/page"}],"author":[{"embeddable":true,"href":"https:\/\/www.panoramamarbella.com\/de\/wp-json\/wp\/v2\/users\/11"}],"replies":[{"embeddable":true,"href":"https:\/\/www.panoramamarbella.com\/de\/wp-json\/wp\/v2\/comments?post=43588"}],"version-history":[{"count":149,"href":"https:\/\/www.panoramamarbella.com\/de\/wp-json\/wp\/v2\/pages\/43588\/revisions"}],"predecessor-version":[{"id":44976,"href":"https:\/\/www.panoramamarbella.com\/de\/wp-json\/wp\/v2\/pages\/43588\/revisions\/44976"}],"up":[{"embeddable":true,"href":"https:\/\/www.panoramamarbella.com\/de\/wp-json\/wp\/v2\/pages\/5178"}],"wp:featuredmedia":[{"embeddable":true,"href":"https:\/\/www.panoramamarbella.com\/de\/wp-json\/wp\/v2\/media\/32188"}],"wp:attachment":[{"href":"https:\/\/www.panoramamarbella.com\/de\/wp-json\/wp\/v2\/media?parent=43588"}],"curies":[{"name":"wp","href":"https:\/\/api.w.org\/{rel}","templated":true}]}}