{"id":6221,"date":"2024-08-05T10:41:23","date_gmt":"2024-08-05T08:41:23","guid":{"rendered":"https:\/\/www.panoramamarbella.com\/subscription-confirmed"},"modified":"2026-06-17T10:40:48","modified_gmt":"2026-06-17T08:40:48","slug":"abonnementbestatigt","status":"publish","type":"page","link":"https:\/\/www.panoramamarbella.com\/de\/abonnementbestatigt","title":{"rendered":"Vielen Dank f\u00fcr Ihr Abonnement!"},"content":{"rendered":"\n\n<h2 class=\"wp-block-heading\">Willkommen bei Panorama Weekly Property Alerts &amp; News!<\/h2>\n\n\n\n<p class=\"wp-block-paragraph\">Vielen Dank, dass Sie sich f\u00fcr unseren w\u00f6chentlichen Newsletter angemeldet haben! Wir freuen uns sehr, Sie an Bord zu haben. Ihr Abonnement ist jetzt aktiv, und Sie k\u00f6nnen sich darauf freuen, die neuesten Updates zu Immobilienangeboten, Immobiliennachrichten, Markttrends und Expertentipps direkt in Ihrem Posteingang zu erhalten.<\/p>\n\n\n\n<h3 class=\"wp-block-heading\">Das k\u00f6nnen Sie erwarten:<\/h3>\n\n\n\n<ol class=\"wp-block-list\">\n<li><strong>Exklusive Immobilien-Angebote<\/strong>: Erhalten Sie fr\u00fchzeitigen Zugang zu neuen und interessanten Immobilien, bevor diese auf den Markt kommen.<\/li>\n\n\n\n<li><strong>Market Insights<\/strong>: Bleiben Sie auf dem Laufenden mit detaillierten Analysen der Trends und Prognosen auf dem Immobilienmarkt.<\/li>\n\n\n\n<li><strong>Expertenrat<\/strong>: Profitieren Sie von Tipps und Ratschl\u00e4gen von Branchenexperten, um fundierte Entscheidungen zu treffen.<\/li>\n\n\n\n<li><strong>Nachrichten der Gemeinde<\/strong>: Erfahren Sie mehr \u00fcber lokale Veranstaltungen, Highlights in der Nachbarschaft und Entwicklungen in der Gemeinde.<\/li>\n<\/ol>\n\n\n\n<h3 class=\"wp-block-heading\">Was ist als n\u00e4chstes zu tun?<\/h3>\n\n\n\n<ol class=\"wp-block-list\">\n<li><strong>F\u00fcgen Sie uns zu Ihren Kontakten hinzu<\/strong>: Stellen Sie sicher, dass unsere E-Mails Ihren Posteingang erreichen, indem Sie <a>info@panorama.es<\/a> zu Ihren E-Mail-Kontakten oder Ihrer VIP-Liste hinzuf\u00fcgen.<\/li>\n\n\n\n<li><strong>Folgen Sie uns auf den sozialen Medien<\/strong>: Bleiben Sie in Verbindung und werden Sie Teil unserer Gemeinschaft auf <a href=\"https:\/\/www.facebook.com\/PanoramaMarbella\/\" target=\"_blank\" rel=\"noreferrer noopener\">Facebook<\/a>, <a href=\"https:\/\/www.instagram.com\/panoramamarbella\/\" target=\"_blank\" rel=\"noreferrer noopener\">Instagram<\/a> und <a href=\"https:\/\/x.com\/panorama_spain\" target=\"_blank\" rel=\"noreferrer noopener\">Twitter (X)<\/a>, um aktuelle Informationen und mehr zu erhalten.<\/li>\n\n\n\n<li><strong>Werfen Sie einen Blick auf unseren Blog<\/strong>: Bleiben Sie mit den Nachrichten <a href=\"https:\/\/www.panoramamarbella.com\/de\/news\">und Artikeln von Panorama<\/a> auf dem Laufenden \u00fcber die neuesten Entwicklungen im Immobilienbereich<\/li>\n<\/ol>\n\n\n\n<h2 class=\"wp-block-heading\">Sie haben Fragen oder ben\u00f6tigen Hilfe?<\/h2>\n\n\n\n<p class=\"wp-block-paragraph\">Unser Team ist f\u00fcr Sie da! Wenn Sie Fragen haben oder weitere Unterst\u00fctzung ben\u00f6tigen, z\u00f6gern Sie bitte nicht, <a href=\"https:\/\/www.panoramamarbella.com\/de\/kontakt\">uns zu kontaktieren<\/a>.<\/p>\n\n\n\n<p class=\"wp-block-paragraph\">Nochmals vielen Dank, dass Sie uns abonniert haben. Wir freuen uns darauf, Ihnen wertvolle Einblicke in die Welt der Immobilien zu geben und Ihnen zu helfen, Ihr Traumhaus zu finden!<\/p>\n\n\n\n<p class=\"wp-block-paragraph\">Herzliche Gr\u00fc\u00dfe,<br>Das Panorama-Team<\/p>\n\n\n\n\n\t\t<section class=\"container mt-5 mb-5 wp-block-acf-inmpropselection\">\n\t\t\t<h2>Perhaps you might be interested in<\/h2>\t\t\t<div class=\"row row-cols-1 row-cols-lg-3 gy-5 g-xxl-5\">\n\t\t\t\t\n<article class=\"col card-properties position-relative d-flex flex-column\">\n\t<div id=\"carouselCardProperties-1-0\" class=\"card-properties-images carousel slide carousel-fade lazy\" data-bs-ride=\"carousel\" data-bs-interval=\"200000\" data-id=\"732642\">\n\t\t<div class=\"carousel-inner\">\n\t\t\t<figure class=\"carousel-item mb-0 active ratio ratio-4x3\">\n\t\t\t\t<picture><source sizes=\"(max-width: 575px) calc(100vw - 24px), (max-width: 767px) 516px, (max-width: 991px) 696px, (max-width: 1199px) 296px, (max-width: 1399px) 356px, 400px\" width=\"696\" height=\"522\" srcset=\"https:\/\/media.panoramamarbella.com\/imgV1\/B95mbh8olwFQm~uCUaVOI2kQT0hb0a8sZ9turUNfnwtvuccYCzs0YVPfPbfkc2VnnN1JFDpkYaGfw1gJsS~5hO5BQ2t3XfyEbWJx8~4_7YGvPbrVc52TC_pS3UEGxS~gShxGBgE1x8eRmw6oLG5b~UY2MjSnXESrpYpYUtcQZvU_zTJ1ZvqEfJrFlBx7mL3IJ6TvfqBI4IuAf01nuZ4U1qTFZbSLdtmz6OFKA4~xdXzhKDOzaImcYp9yaVUIyZYwsdnAvO1hASEo_73TcfzV_lPJ2sx0B7tSChYSm8uN3Cd1vXhdDG7Po2QvL9_O2OSQ7t89vAZG8FuilsRLo9FdusRZMh_ZClW4JbF3eBskCxvO~JwdKO1WSzhMjiuQDXjYqxTDsXklrOatCr7GwpzZ4jOAnJ6HY~VSOytcUg0cM5PkHEIvVeVQrLBnfdfm2cdm2oO_JO4Wz9Dcs60_hXDW.webp 696w,https:\/\/media.panoramamarbella.com\/imgV1\/B95mbh8olwFQm~uCUaVOI2kQT0hb0a8sZ9turUNfnwtvuccYCzs0YVPfPbfkc2VnnN1JFDpkYaGfw1gJsS~5hO5BQ2t3XfyEbWJx8~4_7YGvPbrVc52TC_pS3UEGxS~gShxGBgE1x8eRmw6oLG5b~UY2MjSnXESrpYpYUtcQZL5crGjelYR3TKUEnOpp2lfv3TNkt7op_9n~hCVGkIkRPpO72oKcBDPUMcs_92nwFg3d3I4ClhR7eLwsIPbjEMx~cJk8gtRe4yBwADd066dI7G0NC52nAYBFHznmy~shBc5D170PiGWSCPtLhtvL1THLVxd0aHd~HsxnNd0iWYZwUY0AU7S3DAKVPx90Hyl_r8zP592kblcipKhDrhU4aNL5XOO7wE12okuY5Q4wdOMjKoIwp1xrUjUCHYbRVnkrQydJ0BU7zZnYbEzJ7QoE~eM6Xa3c7zXjWyDBMx9zE79l.webp 400w\" type=\"image\/webp\"><img decoding=\"async\" class=\"position-absolute w-100 h-100 object-fit-cover\" alt=\"Villa zu verkaufen in La Zagaleta, Benahavis\" loading=\"lazy\" width=\"696\" height=\"522\" src=\"https:\/\/media.panoramamarbella.com\/imgV1\/B95mbh8olwFQm~uCUaVOI2kQT0hb0a8sZ9turUNfnwtvuccYCzs0YVPfPbfkc2VnnN1JFDpkYaGfw1gJsS~5hO5BQ2t3XfyEbWJx8~4_7YGvPbrVc52TC_pS3UEGxS~gShxGBgE1x8eRmw6oLG5b~UY2MjSnXESrpYpYUtcQZvU_zTJ1ZvqEfJrFlBx7hltaa8ienNy9BpiP0a3wt8BW9bnpoJByFJJCGczJ0cb~pN0JdBuSKl_Ht0MT~V33lRE82tvNwT_OEAE2oewm2Ac6jxi_zxfQsbFwiFSbPwZFdwpGGiDeCpWC7nhv_u2oF4jj1wQbEKCSfE1FR3XsU_QKFLsHwHhmwQNDl5Jeu8HdvQBE8mzXfUd1O1B3t4B3e0MYFxjbKnu4JgQ~28dDNa1iIjAx0YZNAe6_wl1ifet4iwAvGabMzVB1IlvnUYw-.jpg\"><\/picture>\t\t\t<\/figure>\n\t\t\t\t\t\t<span class=\"card-properties-ref position-absolute z-2 bottom-0 end-0 bg-white text-primary py-1 px-3 me-3\">\n\t\t\t\tPANR-16656\t\t\t<\/span>\n\t\t\t<button class=\"card-properties-portfolio d-flex align-items-center justify-content-center position-absolute z-3 end-0 text-white bg-primary me-3 border-0 px-0\" data-pfl-id=\"732642\" data-pfl-filter=\"sale\" aria-label=\"Add to portfolio\">\n\t\t\t\t<svg width=\"18\" fill=\"currentColor\" viewBox=\"0 0 512 512\">\n\t\t\t\t\t<use href=\"https:\/\/www.panoramamarbella.com\/wp-content\/themes\/panoramamarbella\/dist\/src\/images\/icons.svg#svgHeart\"><\/use>\n\t\t\t\t<\/svg>\n\t\t\t\t<svg width=\"18\" fill=\"currentColor\" viewBox=\"0 0 512 512\">\n\t\t\t\t\t<use href=\"https:\/\/www.panoramamarbella.com\/wp-content\/themes\/panoramamarbella\/dist\/src\/images\/icons.svg#svgHeartIn\"><\/use>\n\t\t\t\t<\/svg>\n\t\t\t<\/button>\n\t\t<\/div>\n\t\t\t\t<button\n\t\t\tclass=\"carousel-control-prev\"\n\t\t\ttype=\"button\"\n\t\t\tdata-bs-target=\"#carouselCardProperties-1-0\"\n\t\t\tdata-bs-slide=\"prev\">\n\t\t\t<span class=\"carousel-control-prev-icon\" aria-hidden=\"true\"><\/span>\n\t\t\t<span class=\"visually-hidden\">Vorherige<\/span>\n\t\t<\/button>\n\t\t<button\n\t\t\tclass=\"carousel-control-next\"\n\t\t\ttype=\"button\"\n\t\t\tdata-bs-target=\"#carouselCardProperties-1-0\"\n\t\t\tdata-bs-slide=\"next\">\n\t\t\t<span class=\"carousel-control-next-icon\" aria-hidden=\"true\"><\/span>\n\t\t\t<span class=\"visually-hidden\">N\u00e4chste<\/span>\n\t\t<\/button>\n\t\t\t<\/div>\n\t<div class=\"d-flex flex-column h-100 px-3 py-4 shadow\">\n\t\t\t\t<h3 class=\"card-properties-title mb-3\">\n\t\t\t<a class=\"stretched-link\" href=\"\/properties\/benahavis\/la-zagaleta\/villas\/PANR-16656\">\n\t\t\t\tVilla zu verkaufen in La Zagaleta, Benahavis\t\t\t<\/a>\n\t\t<\/h3>\n\t\t<p class=\"mb-3 text-black-dark\">La Zagaleta, Benahavis<\/p>\n\t\t\t\t\t\t<p class=\"card-properties-description mb-3\">\n\t\t\tVilla zum Verkauf in La Zagaleta, Benahavis mit 6 Schlafzimmer, 6 Badezimmer, gebaut in 2006 und hat Schwimmbad (private), Garage (private) und Garten (private). Abmessungen: 1036m&sup2; gebaut, 4418m&sup2; Grundst\u00fcck, 983m&sup2; Innenraum und 53m&sup2; Terrasse.\n\nDiese Immobilie,&#8230;\t\t<\/p>\n\t\t\t\t<span class=\"card-properties-price mt-auto\">\n\t\t\t\n\t\t\t<span class=\"card-properties-price mt-auto\" data-original-price=\"5299000\">5.299.000\u00a0\u20ac<\/span>\n\t\t\t\t<\/span>\n\t\t\t\t<ul class=\"card-properties-features list-unstyled d-flex flex-wrap align-items-center gap-3 pt-3 border-top mt-3 mb-0\">\n\t\t\t<li class=\"d-flex align-items-center\">6 Schlafzimmer<\/li><li class=\"d-flex align-items-center\">6 B\u00e4der<\/li>\t\t\t\t<li class=\"d-flex align-items-center\">\n\t\t\t\t\t <span class=\"me-1\" data-original-value=\"1036\" data-original-unit=\"m&#038;sup2\">1.036 m&sup2;<\/span>Gesamt\t\t\t\t<\/li>\n\t\t\t\t\t\t\t<li class=\"d-flex align-items-center\">\n\t\t\t\t\t <span class=\"me-1\" data-original-value=\"4418\" data-original-unit=\"m&#038;sup2\">4.418 m&sup2;<\/span>Grundst\u00fcck\t\t\t\t<\/li>\n\t\t\t\t\t\t\t\t<li class=\"d-flex align-items-center\">\n\t\t\t\t\t <span class=\"me-1\" data-original-value=\"983\" data-original-unit=\"m&#038;sup2\">983 m&sup2;<\/span>Gebaut\t\t\t\t<\/li>\n\t\t\t\t\t\t\t<li class=\"d-flex align-items-center\">\n\t\t\t\t\t <span class=\"me-1\" data-original-value=\"53\" data-original-unit=\"m&#038;sup2\">53 m&sup2;<\/span>Terrassen\t\t\t\t<\/li>\n\t\t\t\t\t<\/ul>\n\t\t\t<\/div>\n<\/article>\n\n\n<article class=\"col card-properties position-relative d-flex flex-column\">\n\t<div id=\"carouselCardProperties-1-1\" class=\"card-properties-images carousel slide carousel-fade lazy\" data-bs-ride=\"carousel\" data-bs-interval=\"200000\" data-id=\"730739\">\n\t\t<div class=\"carousel-inner\">\n\t\t\t<figure class=\"carousel-item mb-0 active ratio ratio-4x3\">\n\t\t\t\t<picture><source sizes=\"(max-width: 575px) calc(100vw - 24px), (max-width: 767px) 516px, (max-width: 991px) 696px, (max-width: 1199px) 296px, (max-width: 1399px) 356px, 400px\" width=\"696\" height=\"522\" srcset=\"https:\/\/media.panoramamarbella.com\/imgV1\/B95mbh8olwFQm~uCUaVOI2kQT0hb0a8sZ9turUNfnwtvuccYCzs0YVPfPbfkc2VnnN1JFDpkYaGfw1gJsS~5hO5GMj0WoUyVFRTxvTZwFFvbov3X5Qa7KKhNahv__sQLk35_DWR1OK7g3vw8qJOGPU2sBg5~x_yOnFd~Zdq6_oCHo1F4lfnmNEbQqn3wpzfGCs3CipGqRuYfVyvyCrTFcePcORF~Iku9g2rL6kR6CYqQwL3pLK4ZjHN5dDsK6DDFjw9Hf0cDiW2ppnmLjluiF4IrcvML_DumV9DV4YUJ4En~qczJo5ArWP9OGXd_P~VPmCyq7jomS2KSA6amBhOjnxziBz1wEWELKDG2olfjYU4dOJrbya7iqmjUwvptXXvvF~dGagMOm6VxgRQwhYjKsZZpqdxO7hZwPsEJqqjn15V4F9Hsq8jQ9hDz4SVxHSi1Q4h_F0GgNoI164MIweRt.webp 696w,https:\/\/media.panoramamarbella.com\/imgV1\/B95mbh8olwFQm~uCUaVOI2kQT0hb0a8sZ9turUNfnwtvuccYCzs0YVPfPbfkc2VnnN1JFDpkYaGfw1gJsS~5hO5GMj0WoUyVFRTxvTZwFFvbov3X5Qa7KKhNahv__sQLk35_DWR1OK7g3vw8qJOGPU2sBg5~x_yOnFd~Zdq6_GaCH103pmIxDBAqZLr3UJ2UMOqQHwGYWNxVYMDtbOQsNOWZaQgq36JnQXnUPtWXAETYWJpY8GZrJsDgqE~kckORZ27nEYN6_44w9NA5ZwAO6E7IIEf8FbJGHS8_K5wcD263cQiO_FOIaudyhyH33M34VTsk5oVyJzONqANLv15Jgl4aMVswzvkAtpP6d1rlRbJZ1Xri26dh1qvX_Q7_ts5cZqUP5g7xfJaWgV0fC58Gxhtzm3ik9~v72w0BhZZn_ML2ErC3_WzBgd~Bi2Fx~oofzgLkbRy7IjJUUOEEd2Nu.webp 400w\" type=\"image\/webp\"><img decoding=\"async\" class=\"position-absolute w-100 h-100 object-fit-cover\" alt=\"Plot zu verkaufen in Guadalmina Baja, San Pedro de Alcantara\" loading=\"lazy\" width=\"696\" height=\"522\" src=\"https:\/\/media.panoramamarbella.com\/imgV1\/B95mbh8olwFQm~uCUaVOI2kQT0hb0a8sZ9turUNfnwtvuccYCzs0YVPfPbfkc2VnnN1JFDpkYaGfw1gJsS~5hO5GMj0WoUyVFRTxvTZwFFvbov3X5Qa7KKhNahv__sQLk35_DWR1OK7g3vw8qJOGPU2sBg5~x_yOnFd~Zdq6_oCHo1F4lfnmNEbQqn3wuek4G8EFNpTwGX~OXEsOmFRBc8YL2dfLe0Bi23nJh2~nlv16agr2a0qhf9NBkuvHKWX3pafkBl~oN99hSc7Aybnkm92CjbZ9CG2EoY78H356AoQD4CZHWRyRMYQ8S9GbS4LUhlp2l0lmCiAd81T30kvx4x02xKDnByIL0k093lMm5AH94EcudyeETanKrGhLxdm5H8eOTZWMFWXYXhRYqmEDzccr7WfT~DVX6iMPTrcRFwIPCdHDfTg68JIJtD0-.jpg\"><\/picture>\t\t\t<\/figure>\n\t\t\t\t\t\t<span class=\"card-properties-ref position-absolute z-2 bottom-0 end-0 bg-white text-primary py-1 px-3 me-3\">\n\t\t\t\tPANR-16627\t\t\t<\/span>\n\t\t\t<button class=\"card-properties-portfolio d-flex align-items-center justify-content-center position-absolute z-3 end-0 text-white bg-primary me-3 border-0 px-0\" data-pfl-id=\"730739\" data-pfl-filter=\"sale\" aria-label=\"Add to portfolio\">\n\t\t\t\t<svg width=\"18\" fill=\"currentColor\" viewBox=\"0 0 512 512\">\n\t\t\t\t\t<use href=\"https:\/\/www.panoramamarbella.com\/wp-content\/themes\/panoramamarbella\/dist\/src\/images\/icons.svg#svgHeart\"><\/use>\n\t\t\t\t<\/svg>\n\t\t\t\t<svg width=\"18\" fill=\"currentColor\" viewBox=\"0 0 512 512\">\n\t\t\t\t\t<use href=\"https:\/\/www.panoramamarbella.com\/wp-content\/themes\/panoramamarbella\/dist\/src\/images\/icons.svg#svgHeartIn\"><\/use>\n\t\t\t\t<\/svg>\n\t\t\t<\/button>\n\t\t<\/div>\n\t\t\t\t<button\n\t\t\tclass=\"carousel-control-prev\"\n\t\t\ttype=\"button\"\n\t\t\tdata-bs-target=\"#carouselCardProperties-1-1\"\n\t\t\tdata-bs-slide=\"prev\">\n\t\t\t<span class=\"carousel-control-prev-icon\" aria-hidden=\"true\"><\/span>\n\t\t\t<span class=\"visually-hidden\">Vorherige<\/span>\n\t\t<\/button>\n\t\t<button\n\t\t\tclass=\"carousel-control-next\"\n\t\t\ttype=\"button\"\n\t\t\tdata-bs-target=\"#carouselCardProperties-1-1\"\n\t\t\tdata-bs-slide=\"next\">\n\t\t\t<span class=\"carousel-control-next-icon\" aria-hidden=\"true\"><\/span>\n\t\t\t<span class=\"visually-hidden\">N\u00e4chste<\/span>\n\t\t<\/button>\n\t\t\t<\/div>\n\t<div class=\"d-flex flex-column h-100 px-3 py-4 shadow\">\n\t\t\t\t<h3 class=\"card-properties-title mb-3\">\n\t\t\t<a class=\"stretched-link\" href=\"\/properties\/san-pedro-de-alcantara\/guadalmina-baja\/plots-and-land\/PANR-16627\">\n\t\t\t\tPlot zu verkaufen in Guadalmina Baja, San Pedro de Alcantara\t\t\t<\/a>\n\t\t<\/h3>\n\t\t<p class=\"mb-3 text-black-dark\">Guadalmina Baja, San Pedro de Alcantara<\/p>\n\t\t\t\t\t\t<p class=\"card-properties-description mb-3\">\n\t\t\tPlot zum Verkauf in Guadalmina Baja, San Pedro de Alcantara. Abmessungen: 1718m&sup2; Grundst\u00fcck.\n\nDiese Immobilie hat folgende Ausstattungen: beach side, street view, transport near, close to schools, security service 24h, close to sea \/ beach und&#8230;\t\t<\/p>\n\t\t\t\t<span class=\"card-properties-price mt-auto\">\n\t\t\t\n\t\t\t<span class=\"card-properties-price mt-auto\" data-original-price=\"2250000\">2.250.000\u00a0\u20ac<\/span>\n\t\t\t\t<\/span>\n\t\t\t\t<ul class=\"card-properties-features list-unstyled d-flex flex-wrap align-items-center gap-3 pt-3 border-top mt-3 mb-0\">\n\t\t\t\t\t\t\t<li class=\"d-flex align-items-center\">\n\t\t\t\t\t <span class=\"me-1\" data-original-value=\"1718\" data-original-unit=\"m&#038;sup2\">1.718 m&sup2;<\/span>Grundst\u00fcck\t\t\t\t<\/li>\n\t\t\t\t\t\t<\/ul>\n\t\t\t<\/div>\n<\/article>\n\n\n<article class=\"col card-properties position-relative d-flex flex-column\">\n\t<div id=\"carouselCardProperties-1-2\" class=\"card-properties-images carousel slide carousel-fade lazy\" data-bs-ride=\"carousel\" data-bs-interval=\"200000\" data-id=\"723402\">\n\t\t<div class=\"carousel-inner\">\n\t\t\t<figure class=\"carousel-item mb-0 active ratio ratio-4x3\">\n\t\t\t\t<picture><source sizes=\"(max-width: 575px) calc(100vw - 24px), (max-width: 767px) 516px, (max-width: 991px) 696px, (max-width: 1199px) 296px, (max-width: 1399px) 356px, 400px\" width=\"696\" height=\"522\" srcset=\"https:\/\/media.panoramamarbella.com\/imgV1\/B95mbh8olwFQm~uCUaVOI2kQT0hb0a8sZ9turUNfnwtvuccYCzs0YVPfPbfkc2VnnN1JFDpkYaGfw1gJsS~5hO3H2m1dwlnJcEvcwaYEsoEWlBGNAxX_PV9iTDlssGNn~3tHjq_HuVVlfAs2YpVL8uTvMCHFm2UbVTxUvzg0UTLMa3YnSC9ORDFto98_1K4kSgKkWX17EFSk_EyvmMNcy10TpUuJPkHWzkKgsUDNBP4DyRuygWkfpAjyBTrtVwLa2bWlZmRNuks1BFl6pCUiAYW~qlur9VKTrI9DoJ2phl5ZKjJALjOUo_tHdJLcLR_35GAjJxdgHGTfNQBFykxPivv~VhC9EfkaCRQi993WrOEzdHR9hk5gxWjyiq~EMmlM6TwtlmxOMqKF1YWZI9Tlko4Byqs6wzynYg0n~rZQ6WSrPjiWcECWiCQeIFeiFJLK11fh8n1QE1NLJClJSPHP.webp 696w,https:\/\/media.panoramamarbella.com\/imgV1\/B95mbh8olwFQm~uCUaVOI2kQT0hb0a8sZ9turUNfnwtvuccYCzs0YVPfPbfkc2VnnN1JFDpkYaGfw1gJsS~5hO3H2m1dwlnJcEvcwaYEsoEWlBGNAxX_PV9iTDlssGNn~3tHjq_HuVVlfAs2YpVL8uTvMCHFm2UbVTxUvzg0U5EH0xj0FkR6mZu25u4BO_lv3hhdN4w21lKV7xYgxnJu3blvoFxM8CK7Fd2SjDCP3wC6rwd4Rk66aJNdTKCmP3UDvEpRuZ1csMNPwfX3HbPixyBH~TcHWorQWxf_JpLU70T_8ostq0DsKEZUctesTpe07Spvxlc0GZuuRtDMel0~WsCtC4XBa99pKPRDEbNIwduIIUw3QsZS4AoFIWr_acySXpESY67iRnyaFU2~Ua4WcxU0p7LBCYsXrgPMtV_iKrKq4KbTyKqi9wpSi3Hng5U1r_aGCzHiY~3j9qmcRNg0.webp 400w\" type=\"image\/webp\"><img decoding=\"async\" class=\"position-absolute w-100 h-100 object-fit-cover\" alt=\"Apartment zu verkaufen in Los Monteros Palm Beach, Marbella Ost\" loading=\"lazy\" width=\"696\" height=\"522\" src=\"https:\/\/media.panoramamarbella.com\/imgV1\/B95mbh8olwFQm~uCUaVOI2kQT0hb0a8sZ9turUNfnwtvuccYCzs0YVPfPbfkc2VnnN1JFDpkYaGfw1gJsS~5hO3H2m1dwlnJcEvcwaYEsoEWlBGNAxX_PV9iTDlssGNn~3tHjq_HuVVlfAs2YpVL8uTvMCHFm2UbVTxUvzg0UTLMa3YnSC9ORDFto98_ylWmXdcsxT3ZVDW37FKjs0Y7uWs4Nfk8KEDY2F0xmzVzARcCtXitTgl1RMQH1R7bVUv7YcEQAx10n78mVaFa6_WsKQo~MOYomRfp024uk87Ir8eqrpdzPhsoLgArr0QyP_o8~bA8e7kLDGnKZRkOW6AxpyKgVGO0fqWY4VoGekL9D5T5Y~4wFfgCXljQI5nOQoNXh9ieQ~qPKIOUpQAF3Ke5WOucljfeLYjW4VoVoqTjTZ3DuA4sJAecgn0bmyw-.jpg\"><\/picture>\t\t\t<\/figure>\n\t\t\t\t\t\t<span class=\"card-properties-ref position-absolute z-2 bottom-0 end-0 bg-white text-primary py-1 px-3 me-3\">\n\t\t\t\tPANR-16550\t\t\t<\/span>\n\t\t\t<button class=\"card-properties-portfolio d-flex align-items-center justify-content-center position-absolute z-3 end-0 text-white bg-primary me-3 border-0 px-0\" data-pfl-id=\"723402\" data-pfl-filter=\"sale\" aria-label=\"Add to portfolio\">\n\t\t\t\t<svg width=\"18\" fill=\"currentColor\" viewBox=\"0 0 512 512\">\n\t\t\t\t\t<use href=\"https:\/\/www.panoramamarbella.com\/wp-content\/themes\/panoramamarbella\/dist\/src\/images\/icons.svg#svgHeart\"><\/use>\n\t\t\t\t<\/svg>\n\t\t\t\t<svg width=\"18\" fill=\"currentColor\" viewBox=\"0 0 512 512\">\n\t\t\t\t\t<use href=\"https:\/\/www.panoramamarbella.com\/wp-content\/themes\/panoramamarbella\/dist\/src\/images\/icons.svg#svgHeartIn\"><\/use>\n\t\t\t\t<\/svg>\n\t\t\t<\/button>\n\t\t<\/div>\n\t\t\t\t<button\n\t\t\tclass=\"carousel-control-prev\"\n\t\t\ttype=\"button\"\n\t\t\tdata-bs-target=\"#carouselCardProperties-1-2\"\n\t\t\tdata-bs-slide=\"prev\">\n\t\t\t<span class=\"carousel-control-prev-icon\" aria-hidden=\"true\"><\/span>\n\t\t\t<span class=\"visually-hidden\">Vorherige<\/span>\n\t\t<\/button>\n\t\t<button\n\t\t\tclass=\"carousel-control-next\"\n\t\t\ttype=\"button\"\n\t\t\tdata-bs-target=\"#carouselCardProperties-1-2\"\n\t\t\tdata-bs-slide=\"next\">\n\t\t\t<span class=\"carousel-control-next-icon\" aria-hidden=\"true\"><\/span>\n\t\t\t<span class=\"visually-hidden\">N\u00e4chste<\/span>\n\t\t<\/button>\n\t\t\t<\/div>\n\t<div class=\"d-flex flex-column h-100 px-3 py-4 shadow\">\n\t\t\t\t<h3 class=\"card-properties-title mb-3\">\n\t\t\t<a class=\"stretched-link\" href=\"\/properties\/marbella\/marbella-east\/los-monteros-palm-beach\/apartments\/PANR-16550\">\n\t\t\t\tApartment zu verkaufen in Los Monteros Palm Beach, Marbella Ost\t\t\t<\/a>\n\t\t<\/h3>\n\t\t<p class=\"mb-3 text-black-dark\">Los Monteros Palm Beach, Marbella Ost<\/p>\n\t\t\t\t\t\t<p class=\"card-properties-description mb-3\">\n\t\t\tApartment zum Verkauf in Los Monteros Palm Beach, Marbella Ost mit 3 Schlafzimmer, 3 Badezimmer, 3 Badezimmer en-suite, 1 Toilette, gebaut in 2001 und hat Schwimmbad (communal), Garage (private) und Garten (communal). Abmessungen: 161m&sup2; gebaut,&#8230;\t\t<\/p>\n\t\t\t\t<span class=\"card-properties-price mt-auto\">\n\t\t\t\n\t\t\t<span class=\"card-properties-price mt-auto\" data-original-price=\"2450000\">2.450.000\u00a0\u20ac<\/span>\n\t\t\t\t<\/span>\n\t\t\t\t<ul class=\"card-properties-features list-unstyled d-flex flex-wrap align-items-center gap-3 pt-3 border-top mt-3 mb-0\">\n\t\t\t<li class=\"d-flex align-items-center\">3 Schlafzimmer<\/li><li class=\"d-flex align-items-center\">3 B\u00e4der<\/li>\t\t\t\t<li class=\"d-flex align-items-center\">\n\t\t\t\t\t <span class=\"me-1\" data-original-value=\"161\" data-original-unit=\"m&#038;sup2\">161 m&sup2;<\/span>Gesamt\t\t\t\t<\/li>\n\t\t\t\t\t\t\t<li class=\"d-flex align-items-center\">\n\t\t\t\t\t <span class=\"me-1\" data-original-value=\"130\" data-original-unit=\"m&#038;sup2\">130 m&sup2;<\/span>Gebaut\t\t\t\t<\/li>\n\t\t\t\t\t\t\t<li class=\"d-flex align-items-center\">\n\t\t\t\t\t <span class=\"me-1\" data-original-value=\"31\" data-original-unit=\"m&#038;sup2\">31 m&sup2;<\/span>Terrassen\t\t\t\t<\/li>\n\t\t\t\t\t<\/ul>\n\t\t\t<\/div>\n<\/article>\n\t\t\t<\/div>\n\t\t\t<ul class=\"mw-100 d-flex flex-column flex-lg-row flex-lg-wrap justify-content-center gap-3 list-unstyled mt-5 mb-0\">\n    <li><a class=\"btn btn-primary w-100 px-4 py-2\" href=\"\/properties\">Properties for sale in Marbella area<\/a><\/li><\/ul>\n\t\t<\/section>\n\t\t\n","protected":false},"excerpt":{"rendered":"","protected":false},"author":8,"featured_media":0,"parent":0,"menu_order":12,"comment_status":"closed","ping_status":"closed","template":"","meta":{"_acf_changed":false,"footnotes":""},"class_list":["post-6221","page","type-page","status-publish","hentry"],"acf":[],"_links":{"self":[{"href":"https:\/\/www.panoramamarbella.com\/de\/wp-json\/wp\/v2\/pages\/6221","targetHints":{"allow":["GET"]}}],"collection":[{"href":"https:\/\/www.panoramamarbella.com\/de\/wp-json\/wp\/v2\/pages"}],"about":[{"href":"https:\/\/www.panoramamarbella.com\/de\/wp-json\/wp\/v2\/types\/page"}],"author":[{"embeddable":true,"href":"https:\/\/www.panoramamarbella.com\/de\/wp-json\/wp\/v2\/users\/8"}],"replies":[{"embeddable":true,"href":"https:\/\/www.panoramamarbella.com\/de\/wp-json\/wp\/v2\/comments?post=6221"}],"version-history":[{"count":1,"href":"https:\/\/www.panoramamarbella.com\/de\/wp-json\/wp\/v2\/pages\/6221\/revisions"}],"predecessor-version":[{"id":49236,"href":"https:\/\/www.panoramamarbella.com\/de\/wp-json\/wp\/v2\/pages\/6221\/revisions\/49236"}],"wp:attachment":[{"href":"https:\/\/www.panoramamarbella.com\/de\/wp-json\/wp\/v2\/media?parent=6221"}],"curies":[{"name":"wp","href":"https:\/\/api.w.org\/{rel}","templated":true}]}}