{"id":1048,"date":"2024-05-14T13:37:32","date_gmt":"2024-05-14T11:37:32","guid":{"rendered":"https:\/\/www.panoramamarbella.com\/?post_type=agents&#038;p=1048"},"modified":"2025-11-18T12:20:44","modified_gmt":"2025-11-18T11:20:44","slug":"christopher-lawton","status":"publish","type":"agents","link":"https:\/\/www.panoramamarbella.com\/es\/sobre-nosotros\/equipo\/christopher-lawton","title":{"rendered":"Christopher Lawton"},"content":{"rendered":"\n\n<p>Nacido en Londres,&nbsp;Christopher Lawton se ha dedicado a la banca e inmobiliaria durante toda su carrera, trabajando para Merril Lynch, Schroders, Lazards y Savills y especializ\u00e1ndose en propiedades comerciales, residenciales, tur\u00edsticas, nacionales e internacionales. Christopher tiene amplia experiencia en planificaci\u00f3n y desarrollo, en calcular costos de productos mixtos, en ventas sobre plano, nueva construcci\u00f3n y reventas. <\/p>\n\n\n\n<p>Ha trabajado con promotores de toda Europa y el Caribe y tiene un profundo conocimiento de Espa\u00f1a donde ha estado durante m\u00e1s de veinte a\u00f1os.<\/p>\n\n\n\n<p>Christopher habla ingl\u00e9s y espa\u00f1ol.<\/p>\n\n\n\n\n\t\t<section class=\"container wp-block-acf-inmpropselection\">\n\t\t\t<h2>Viviendas recomendadas por Christopher<\/h2>\t\t\t<div class=\"row row-cols-1 row-cols-lg-3 gy-5 g-xxl-5\">\n\t\t\t\t\n<article class=\"col card-properties position-relative d-flex flex-column\">\n\t<div id=\"carouselCardProperties-1-0\" class=\"card-properties-images carousel slide carousel-fade lazy\" data-bs-ride=\"carousel\" data-bs-interval=\"200000\" data-id=\"641835\">\n\t\t<div class=\"carousel-inner\">\n\t\t\t<figure class=\"carousel-item mb-0 active ratio ratio-4x3\">\n\t\t\t\t<picture><source sizes=\"(max-width: 575px) calc(100vw - 24px), (max-width: 767px) 516px, (max-width: 991px) 696px, (max-width: 1199px) 296px, (max-width: 1399px) 356px, 400px\" width=\"696\" height=\"522\" srcset=\"https:\/\/media.panoramamarbella.com\/imgV1\/B95mbh8olwFQm~uCUaVOI2kQT0hb0a8sZ9turUNfnwtvuccYCzs0YVPfPbfkc2VnnN1JFDpkYaGfw1gJsS~5h5io46HFCRHHwm4FeSPyadMIv3iFanD8l1AEvK7cXctHOU9T1qcuV62pKoHY_O8jm03rNeJ4YqXT03KhGmT86T2QRqtSoLJ_YPNxQ9ya~PECE9oTSlN23zvz0LCf1n2j~jdI7xgyVtcga37NLKHeyM0sJyMzHQRXg5XGkGh1mDZ7e1hFEpKBhlZTzm_bmcu3ojOXTD3zabXWh8hFqahuBspSsiT11k7aCi0Qd3dWKXqLxfWv6Vd9xV~s9Zf50Eh7U04RtCmPJw0zJ~JTi12zUGekfRBiPeLHeYhkpgWNDEV4KePCmZYRt7SDKbLubxbCazAXYDPkjWJ2Ol6iTmm5VrYUq15llyhvRCulguCO1BIjyE41gWxb4Zp3lNvJH31I.webp 696w,https:\/\/media.panoramamarbella.com\/imgV1\/B95mbh8olwFQm~uCUaVOI2kQT0hb0a8sZ9turUNfnwtvuccYCzs0YVPfPbfkc2VnnN1JFDpkYaGfw1gJsS~5h5io46HFCRHHwm4FeSPyadMIv3iFanD8l1AEvK7cXctHOU9T1qcuV62pKoHY_O8jm03rNeJ4YqXT03KhGmT86_FvOxBU9CIogqUA1~frIOcvQxY6IYtohXLOIySk90x0R2n87N~k5lQUknMBOVvTVvKI6X593a2FDsHeV0I9~nMf~xfAWFmBnPtj5fwBcNHI758ESiQ8GP03yDGhpWarKwCNvlU5mPNUDMSKCOGTxEeEJ89RylbP0Da_CGM~S0eIZZ33LaNCQtRG11NNZt2eKmCkb5ql_JZ1ogBp7rzTWKsZ84K6GVsFCEVQk_66zZpJ44MBUsNbcnKcTLRvK2gBMV0WiWeIqd7c68GFrnc4dTU1DuDD9qFUMmYQKcuWqEg2.webp 400w\" type=\"image\/webp\"><img decoding=\"async\" class=\"position-absolute w-100 h-100 object-fit-cover\" alt=\"Villa contempor\u00e1nea con vistas panor\u00e1micas en Valle Romano, Estepona\" loading=\"lazy\" width=\"696\" height=\"522\" src=\"https:\/\/media.panoramamarbella.com\/imgV1\/B95mbh8olwFQm~uCUaVOI2kQT0hb0a8sZ9turUNfnwtvuccYCzs0YVPfPbfkc2VnnN1JFDpkYaGfw1gJsS~5h5io46HFCRHHwm4FeSPyadMIv3iFanD8l1AEvK7cXctHOU9T1qcuV62pKoHY_O8jm03rNeJ4YqXT03KhGmT86T2QRqtSoLJ_YPNxQ9ya4hjViNWaotnAUeVK0k03HNLvFDsX5ee4~9LVmXaTeJ~0YN83I9oKNGWZil9JMG9wN3o9f4Uq3bN0W0_kSz367jF_UBi4QyEcjpW7HpwecS9fCES5lb4wLYENz0u62kiFZXxIiUxjOonSsHh~LyOrmEDkluSAh2Xt4fyN8SHBIn1adIb6wxrEXVZwNcGj0FXxRq9E3MjoUlQr1knR7wrlDF5HBWa8O3xtLYAQ54cAXPbyxnO2n~urtnKn2Q4DCNY-.jpg\"><\/picture>\t\t\t<\/figure>\n\t\t\t\t\t\t<span class=\"card-properties-ref position-absolute z-2 bottom-0 end-0 bg-white text-primary py-1 px-3 me-3\">\n\t\t\t\tPANR-15852\t\t\t<\/span>\n\t\t\t<button class=\"card-properties-portfolio d-flex align-items-center justify-content-center position-absolute z-3 end-0 text-white bg-primary me-3 border-0 px-0\" data-pfl-id=\"641835\" data-pfl-filter=\"sale\" aria-label=\"Add to portfolio\">\n\t\t\t\t<svg width=\"18\" fill=\"currentColor\" viewBox=\"0 0 512 512\">\n\t\t\t\t\t<use href=\"https:\/\/www.panoramamarbella.com\/wp-content\/themes\/panoramamarbella\/dist\/src\/images\/icons.svg#svgHeart\"><\/use>\n\t\t\t\t<\/svg>\n\t\t\t\t<svg width=\"18\" fill=\"currentColor\" viewBox=\"0 0 512 512\">\n\t\t\t\t\t<use href=\"https:\/\/www.panoramamarbella.com\/wp-content\/themes\/panoramamarbella\/dist\/src\/images\/icons.svg#svgHeartIn\"><\/use>\n\t\t\t\t<\/svg>\n\t\t\t<\/button>\n\t\t<\/div>\n\t\t\t\t<button\n\t\t\tclass=\"carousel-control-prev\"\n\t\t\ttype=\"button\"\n\t\t\tdata-bs-target=\"#carouselCardProperties-1-0\"\n\t\t\tdata-bs-slide=\"prev\">\n\t\t\t<span class=\"carousel-control-prev-icon\" aria-hidden=\"true\"><\/span>\n\t\t\t<span class=\"visually-hidden\">Anterior<\/span>\n\t\t<\/button>\n\t\t<button\n\t\t\tclass=\"carousel-control-next\"\n\t\t\ttype=\"button\"\n\t\t\tdata-bs-target=\"#carouselCardProperties-1-0\"\n\t\t\tdata-bs-slide=\"next\">\n\t\t\t<span class=\"carousel-control-next-icon\" aria-hidden=\"true\"><\/span>\n\t\t\t<span class=\"visually-hidden\">Siguiente<\/span>\n\t\t<\/button>\n\t\t\t<\/div>\n\t<div class=\"d-flex flex-column h-100 px-3 py-4 shadow\">\n\t\t\t\t<h3 class=\"card-properties-title mb-3\">\n\t\t\t<a class=\"stretched-link\" href=\"\/es\/propiedades\/estepona\/estepona-oeste\/valle-romano\/villas-y-chalets\/PANR-15852\">\n\t\t\t\tVilla contempor\u00e1nea con vistas panor\u00e1micas en Valle Romano, Estepona\t\t\t<\/a>\n\t\t<\/h3>\n\t\t<p class=\"mb-3 text-black-dark\">Valle Romano, Estepona Oeste<\/p>\n\t\t\t\t\t\t<p class=\"card-properties-description mb-3\">\n\t\t\tEsta moderna villa situada en Valle Romano, Estepona Oeste, ofrece una oportunidad \u00fanica de adquirir una propiedad totalmente terminada, con acabados de alta calidad y lista para su uso inmediato. Una de las principales ventajas&#8230;\t\t<\/p>\n\t\t\t\t<span class=\"card-properties-price mt-auto\">\n\t\t\t\n\t\t\t<span class=\"card-properties-price mt-auto\" data-original-price=\"2750000\">2.750.000\u00a0\u20ac<\/span>\n\t\t\t\t<\/span>\n\t\t\t\t<ul class=\"card-properties-features list-unstyled d-flex flex-wrap align-items-center gap-3 pt-3 border-top mt-3 mb-0\">\n\t\t\t<li class=\"d-flex align-items-center\">3 Dorms.<\/li><li class=\"d-flex align-items-center\">4 Ba\u00f1os<\/li>\t\t\t\t<li class=\"d-flex align-items-center\">\n\t\t\t\t\t <span class=\"me-1\" data-original-value=\"587\" data-original-unit=\"m&#038;sup2\">587 m&sup2;<\/span>Total\t\t\t\t<\/li>\n\t\t\t\t\t\t\t<li class=\"d-flex align-items-center\">\n\t\t\t\t\t <span class=\"me-1\" data-original-value=\"1034\" data-original-unit=\"m&#038;sup2\">1.034 m&sup2;<\/span>Parcela\t\t\t\t<\/li>\n\t\t\t\t\t\t\t\t<li class=\"d-flex align-items-center\">\n\t\t\t\t\t <span class=\"me-1\" data-original-value=\"375\" data-original-unit=\"m&#038;sup2\">375 m&sup2;<\/span>Construido\t\t\t\t<\/li>\n\t\t\t\t\t\t\t<li class=\"d-flex align-items-center\">\n\t\t\t\t\t <span class=\"me-1\" data-original-value=\"107\" data-original-unit=\"m&#038;sup2\">107 m&sup2;<\/span>Terrazas\t\t\t\t<\/li>\n\t\t\t\t\t<\/ul>\n\t\t\t<\/div>\n<\/article>\n\n\n<article class=\"col card-properties position-relative d-flex flex-column\">\n\t<div id=\"carouselCardProperties-1-1\" class=\"card-properties-images carousel slide carousel-fade lazy\" data-bs-ride=\"carousel\" data-bs-interval=\"200000\" data-id=\"625358\">\n\t\t<div class=\"carousel-inner\">\n\t\t\t<figure class=\"carousel-item mb-0 active ratio ratio-4x3\">\n\t\t\t\t<picture><source sizes=\"(max-width: 575px) calc(100vw - 24px), (max-width: 767px) 516px, (max-width: 991px) 696px, (max-width: 1199px) 296px, (max-width: 1399px) 356px, 400px\" width=\"696\" height=\"522\" srcset=\"https:\/\/media.panoramamarbella.com\/imgV1\/B95mbh8olwFQm~uCUaVOI2kQT0hb0a8sZ9turUNfnwtvuccYCzs0YVPfPbfkc2VnnN1JFDpkYaGfw1gJsS~5h5eJdUYhMaVBhPG5TTSddvahYgQxZgxiZDX0d21K9WHFRC5JADpbIEirk~p9GnUL_43P6Ek2PC6c_sc1o0rd8~pJErCOM01hSa22qc9qNx0pzwrrGlw4H62kSjXCtMAZZlxlAPZ0VRnakaITOEnwcR4k3c9Kzyo9dxqvR4C4yJQveoCf~hKbCwGc11nHEhn6KGzxTWZdF7RmNOM7Q85PVJbuE0~C7TuVq3R1jXkno5rYfugL0ruL~MvPn9RqazR40OjVqx9pZAV0_IlgR8ePwLHD4BEg4iFl6751pMSfD0v0REGIWaTsPDbvQdH4Hl05rgPG3kvdIvBzCtuVgZifHStiv7DX_vxFFhfUfZQD9F4sGUOmMtkBVUML1OBQIOd5.webp 696w,https:\/\/media.panoramamarbella.com\/imgV1\/B95mbh8olwFQm~uCUaVOI2kQT0hb0a8sZ9turUNfnwtvuccYCzs0YVPfPbfkc2VnnN1JFDpkYaGfw1gJsS~5h5eJdUYhMaVBhPG5TTSddvahYgQxZgxiZDX0d21K9WHFRC5JADpbIEirk~p9GnUL_43P6Ek2PC6c_sc1o0rd8RwJkevAeP_9_tpwpeHpMxA23UnHrGzoAqzqDsQdEU34OWyLyFTG2n4pZPyYCc8QlbXAWYA0zqEOZXY8w3eq3uQQhREZzucSM2OVU3htivNYQ6pWPXZCHWUAOFJzZCXRz9XoUm6NgHmJ~IO7Vjav5DWKzjT8NhjSOctpS0pMPCA5XgFa4TJFDT~G1r3Wogs0VmEFtlCHTXR_BVeL1JC3syrkYnFr4zeN1GwR2~pjrTxAXh9gass2eI8HA2eqsQPtumR90FfR4Ue7jyWMsR6VkbqYUZzNl0gzgUdyfeSJvjir.webp 400w\" type=\"image\/webp\"><img decoding=\"async\" class=\"position-absolute w-100 h-100 object-fit-cover\" alt=\"Villa contempor\u00e1nea con garaje para cinco coches y vistas panor\u00e1micas al mar en El Madro\u00f1al\" loading=\"lazy\" width=\"696\" height=\"522\" src=\"https:\/\/media.panoramamarbella.com\/imgV1\/B95mbh8olwFQm~uCUaVOI2kQT0hb0a8sZ9turUNfnwtvuccYCzs0YVPfPbfkc2VnnN1JFDpkYaGfw1gJsS~5h5eJdUYhMaVBhPG5TTSddvahYgQxZgxiZDX0d21K9WHFRC5JADpbIEirk~p9GnUL_43P6Ek2PC6c_sc1o0rd8~pJErCOM01hSa22qc9qKaBrbr2LNlBEVnAUUv7bAA5LJ3JMXuc09jaUGHvRRxIj3TTndMxegFszl16eZ3L0k8DsGFDkjTaYOae3jpU2qhqcpvxr1YGmlS0N0~ftRvEJfnwL1WcOmhxIX~jM8JVqgRZXtcl_Nomcsln3vFXBVtbHX0BZr1m4LcdWO9_xwzVVEFcFJRZD3kCCfjW0b2UlhBNID2I0e0VyGdRXAHisipUS1YuDfVfSg2CiklzQWVaB7fLk0acD7x2lLUdyIV8-.jpg\"><\/picture>\t\t\t<\/figure>\n\t\t\t\t\t\t<span class=\"card-properties-ref position-absolute z-2 bottom-0 end-0 bg-white text-primary py-1 px-3 me-3\">\n\t\t\t\tPANR-15709\t\t\t<\/span>\n\t\t\t<button class=\"card-properties-portfolio d-flex align-items-center justify-content-center position-absolute z-3 end-0 text-white bg-primary me-3 border-0 px-0\" data-pfl-id=\"625358\" data-pfl-filter=\"sale\" aria-label=\"Add to portfolio\">\n\t\t\t\t<svg width=\"18\" fill=\"currentColor\" viewBox=\"0 0 512 512\">\n\t\t\t\t\t<use href=\"https:\/\/www.panoramamarbella.com\/wp-content\/themes\/panoramamarbella\/dist\/src\/images\/icons.svg#svgHeart\"><\/use>\n\t\t\t\t<\/svg>\n\t\t\t\t<svg width=\"18\" fill=\"currentColor\" viewBox=\"0 0 512 512\">\n\t\t\t\t\t<use href=\"https:\/\/www.panoramamarbella.com\/wp-content\/themes\/panoramamarbella\/dist\/src\/images\/icons.svg#svgHeartIn\"><\/use>\n\t\t\t\t<\/svg>\n\t\t\t<\/button>\n\t\t<\/div>\n\t\t\t\t<button\n\t\t\tclass=\"carousel-control-prev\"\n\t\t\ttype=\"button\"\n\t\t\tdata-bs-target=\"#carouselCardProperties-1-1\"\n\t\t\tdata-bs-slide=\"prev\">\n\t\t\t<span class=\"carousel-control-prev-icon\" aria-hidden=\"true\"><\/span>\n\t\t\t<span class=\"visually-hidden\">Anterior<\/span>\n\t\t<\/button>\n\t\t<button\n\t\t\tclass=\"carousel-control-next\"\n\t\t\ttype=\"button\"\n\t\t\tdata-bs-target=\"#carouselCardProperties-1-1\"\n\t\t\tdata-bs-slide=\"next\">\n\t\t\t<span class=\"carousel-control-next-icon\" aria-hidden=\"true\"><\/span>\n\t\t\t<span class=\"visually-hidden\">Siguiente<\/span>\n\t\t<\/button>\n\t\t\t<\/div>\n\t<div class=\"d-flex flex-column h-100 px-3 py-4 shadow\">\n\t\t\t\t<h3 class=\"card-properties-title mb-3\">\n\t\t\t<a class=\"stretched-link\" href=\"\/es\/propiedades\/benahavis\/el-madronal\/villas-y-chalets\/PANR-15709\">\n\t\t\t\tVilla contempor\u00e1nea con garaje para cinco coches y vistas panor\u00e1micas al mar en El Madro\u00f1al\t\t\t<\/a>\n\t\t<\/h3>\n\t\t<p class=\"mb-3 text-black-dark\">El Madro\u00f1al, Benahavis<\/p>\n\t\t\t\t\t\t<p class=\"card-properties-description mb-3\">\n\t\t\tDise\u00f1ada por el reconocido arquitecto Marcio Kogan en colaboraci\u00f3n con Lamar Development. Ubicada en una de las comunidades cerradas m\u00e1s codiciadas, esta villa orientada al suroeste y actualmente en construcci\u00f3n ofrece impresionantes vistas panor\u00e1micas al&#8230;\t\t<\/p>\n\t\t\t\t<span class=\"card-properties-price mt-auto\">\n\t\t\t\n\t\t\t<span class=\"card-properties-price mt-auto\" data-original-price=\"10800000\">10.800.000\u00a0\u20ac<\/span>\n\t\t\t\t<\/span>\n\t\t\t\t<ul class=\"card-properties-features list-unstyled d-flex flex-wrap align-items-center gap-3 pt-3 border-top mt-3 mb-0\">\n\t\t\t<li class=\"d-flex align-items-center\">7 Dorms.<\/li><li class=\"d-flex align-items-center\">7 Ba\u00f1os<\/li>\t\t\t\t<li class=\"d-flex align-items-center\">\n\t\t\t\t\t <span class=\"me-1\" data-original-value=\"1408\" data-original-unit=\"m&#038;sup2\">1.408 m&sup2;<\/span>Total\t\t\t\t<\/li>\n\t\t\t\t\t\t\t<li class=\"d-flex align-items-center\">\n\t\t\t\t\t <span class=\"me-1\" data-original-value=\"4874\" data-original-unit=\"m&#038;sup2\">4.874 m&sup2;<\/span>Parcela\t\t\t\t<\/li>\n\t\t\t\t\t\t\t\t<li class=\"d-flex align-items-center\">\n\t\t\t\t\t <span class=\"me-1\" data-original-value=\"1073\" data-original-unit=\"m&#038;sup2\">1.073 m&sup2;<\/span>Construido\t\t\t\t<\/li>\n\t\t\t\t\t\t\t<li class=\"d-flex align-items-center\">\n\t\t\t\t\t <span class=\"me-1\" data-original-value=\"335\" data-original-unit=\"m&#038;sup2\">335 m&sup2;<\/span>Terrazas\t\t\t\t<\/li>\n\t\t\t\t\t<\/ul>\n\t\t\t<\/div>\n<\/article>\n\n\n<article class=\"col card-properties position-relative d-flex flex-column\">\n\t<div id=\"carouselCardProperties-1-2\" class=\"card-properties-images carousel slide carousel-fade lazy\" data-bs-ride=\"carousel\" data-bs-interval=\"200000\" data-id=\"564749\">\n\t\t<div class=\"carousel-inner\">\n\t\t\t<figure class=\"carousel-item mb-0 active ratio ratio-4x3\">\n\t\t\t\t<picture><source sizes=\"(max-width: 575px) calc(100vw - 24px), (max-width: 767px) 516px, (max-width: 991px) 696px, (max-width: 1199px) 296px, (max-width: 1399px) 356px, 400px\" width=\"696\" height=\"522\" srcset=\"https:\/\/media.panoramamarbella.com\/imgV1\/B95mbh8olwFQm~uCUaVOI2kQT0hb0a8sZ9turUNfnwtvuccYCzs0YVPfPbfkc2VnnN1JFDpkYaGfw1gJsS~5h5Fu7NaCwMu~Ac4ccfM6kl~oqLSs6ISHcGdvlLit~xw7VR_PP~Jy1kbohRH6FSip9LvttuOOhFw8aD_8ZzOBeN3tFiPp72VDu1Gr8Z_4snoDKXhAIuUy9R98t5MXeRJ_bjt21mkGCaSf2XieOspVm2EXiO7MD7XIkbuIrTbLpQGSsfnVNbOv_SUHKh9ujZelx56MmgrXF56pRZXI~TAB1qb~dvPeM3aub9Rlp2_CpGmkw1i0OyMZMmwj1WtBVEPplRGq3GVPtTsUD8mnjafEx6N8~3WPvDnK9cCkB1dgp7V6IQD1qWxdmQIDAMk376lcwFaUvQSy_PVuuX2xhTBRGUNqyg05COpc~3srdaH5MVCPtooff4h9xJz8eP53bAWV.webp 696w,https:\/\/media.panoramamarbella.com\/imgV1\/B95mbh8olwFQm~uCUaVOI2kQT0hb0a8sZ9turUNfnwtvuccYCzs0YVPfPbfkc2VnnN1JFDpkYaGfw1gJsS~5h5Fu7NaCwMu~Ac4ccfM6kl~oqLSs6ISHcGdvlLit~xw7VR_PP~Jy1kbohRH6FSip9LvttuOOhFw8aD_8ZzOBejKQHYFi7IlhGI2VvC500ut2lLR8kzv0NgRO8Of3gN2jOMR0A8X9_CjbAQnRfT8nm2m5gAjjCLsRgrYSE3fUYl_pfp0l9VMNCNxowIeAwnQup2q3Ue6E6FLSAdfSQLornqgptq1Y6boMhRclPSSFQ_5zq8rdJz1IRVmjtjZRO9cqyNY8QvVYR6PQ6mIizSAWW_RbceltNKr_s0z7lsMGbid_ti4L6yORSNFE50Jk_KMFDxnKBZdZmRq8CIKSeVBxg6hTBjexgG9Hm2O3cMHIdnLr9dQ_wTWD8ZKDCzKyE6b_.webp 400w\" type=\"image\/webp\"><img decoding=\"async\" class=\"position-absolute w-100 h-100 object-fit-cover\" alt=\"Enorme apartamento de lujo frente al mar con vistas al mar y jard\u00edn privado en Mar Azul, Nueva Milla de Oro\" loading=\"lazy\" width=\"696\" height=\"522\" src=\"https:\/\/media.panoramamarbella.com\/imgV1\/B95mbh8olwFQm~uCUaVOI2kQT0hb0a8sZ9turUNfnwtvuccYCzs0YVPfPbfkc2VnnN1JFDpkYaGfw1gJsS~5h5Fu7NaCwMu~Ac4ccfM6kl~oqLSs6ISHcGdvlLit~xw7VR_PP~Jy1kbohRH6FSip9LvttuOOhFw8aD_8ZzOBeN3tFiPp72VDu1Gr8Z_4rADvNGrVLdKC0qv6O2byFTTcQJ2dCPiMJMgGuTrYtrjlgPnzSNYCw5nwNWqxhBYYcPsX8spgE4ciwV3fkn9y1PlxOXqZjfy1C_lWcV90taGov8edbuCSuvSi2kr04QuxsM32baOtZqVzSFn6XV2pHrP8Gsu1_wFX1O0ezJA5wmt4pZYgWir_7KLKfWsGJSlbXwyAVXkmIyMUCocM~j2o2Fbc8Vb_CkKN8DeXVO4TWYoE6r3DWq821vLqMqX1D8Y-.jpg\"><\/picture>\t\t\t<\/figure>\n\t\t\t\t\t\t<span class=\"card-properties-ref position-absolute z-2 bottom-0 end-0 bg-white text-primary py-1 px-3 me-3\">\n\t\t\t\tPANR-15165\t\t\t<\/span>\n\t\t\t<button class=\"card-properties-portfolio d-flex align-items-center justify-content-center position-absolute z-3 end-0 text-white bg-primary me-3 border-0 px-0\" data-pfl-id=\"564749\" data-pfl-filter=\"sale\" aria-label=\"Add to portfolio\">\n\t\t\t\t<svg width=\"18\" fill=\"currentColor\" viewBox=\"0 0 512 512\">\n\t\t\t\t\t<use href=\"https:\/\/www.panoramamarbella.com\/wp-content\/themes\/panoramamarbella\/dist\/src\/images\/icons.svg#svgHeart\"><\/use>\n\t\t\t\t<\/svg>\n\t\t\t\t<svg width=\"18\" fill=\"currentColor\" viewBox=\"0 0 512 512\">\n\t\t\t\t\t<use href=\"https:\/\/www.panoramamarbella.com\/wp-content\/themes\/panoramamarbella\/dist\/src\/images\/icons.svg#svgHeartIn\"><\/use>\n\t\t\t\t<\/svg>\n\t\t\t<\/button>\n\t\t<\/div>\n\t\t\t\t<button\n\t\t\tclass=\"carousel-control-prev\"\n\t\t\ttype=\"button\"\n\t\t\tdata-bs-target=\"#carouselCardProperties-1-2\"\n\t\t\tdata-bs-slide=\"prev\">\n\t\t\t<span class=\"carousel-control-prev-icon\" aria-hidden=\"true\"><\/span>\n\t\t\t<span class=\"visually-hidden\">Anterior<\/span>\n\t\t<\/button>\n\t\t<button\n\t\t\tclass=\"carousel-control-next\"\n\t\t\ttype=\"button\"\n\t\t\tdata-bs-target=\"#carouselCardProperties-1-2\"\n\t\t\tdata-bs-slide=\"next\">\n\t\t\t<span class=\"carousel-control-next-icon\" aria-hidden=\"true\"><\/span>\n\t\t\t<span class=\"visually-hidden\">Siguiente<\/span>\n\t\t<\/button>\n\t\t\t<\/div>\n\t<div class=\"d-flex flex-column h-100 px-3 py-4 shadow\">\n\t\t\t\t<h3 class=\"card-properties-title mb-3\">\n\t\t\t<a class=\"stretched-link\" href=\"\/es\/propiedades\/estepona\/estepona-este\/mar-azul\/apartamentos-y-pisos\/PANR-15165\">\n\t\t\t\tEnorme apartamento de lujo frente al mar con vistas al mar y jard\u00edn privado en Mar Azul, Nueva Milla de Oro\t\t\t<\/a>\n\t\t<\/h3>\n\t\t<p class=\"mb-3 text-black-dark\">Mar Azul, Estepona Este<\/p>\n\t\t\t\t\t\t<p class=\"card-properties-description mb-3\">\n\t\t\tEste exquisito apartamento de lujo ofrece una rara oportunidad de disfrutar de la vida frente al mar en su m\u00e1xima expresi\u00f3n. Situado dentro de un exclusivo complejo cerrado en primera l\u00ednea de playa, junto al&#8230;\t\t<\/p>\n\t\t\t\t<span class=\"card-properties-price mt-auto\">\n\t\t\t\n\t\t\t<span class=\"card-properties-price mt-auto\" data-original-price=\"2050000\">2.050.000\u00a0\u20ac<\/span>\n\t\t\t\t<\/span>\n\t\t\t\t<ul class=\"card-properties-features list-unstyled d-flex flex-wrap align-items-center gap-3 pt-3 border-top mt-3 mb-0\">\n\t\t\t<li class=\"d-flex align-items-center\">4 Dorms.<\/li><li class=\"d-flex align-items-center\">4 Ba\u00f1os<\/li>\t\t\t\t<li class=\"d-flex align-items-center\">\n\t\t\t\t\t <span class=\"me-1\" data-original-value=\"365\" data-original-unit=\"m&#038;sup2\">365 m&sup2;<\/span>Total\t\t\t\t<\/li>\n\t\t\t\t\t\t\t<li class=\"d-flex align-items-center\">\n\t\t\t\t\t <span class=\"me-1\" data-original-value=\"68\" data-original-unit=\"m&#038;sup2\">68 m&sup2;<\/span>Parcela\t\t\t\t<\/li>\n\t\t\t\t\t\t\t\t<li class=\"d-flex align-items-center\">\n\t\t\t\t\t <span class=\"me-1\" data-original-value=\"310\" data-original-unit=\"m&#038;sup2\">310 m&sup2;<\/span>Construido\t\t\t\t<\/li>\n\t\t\t\t\t\t\t<li class=\"d-flex align-items-center\">\n\t\t\t\t\t <span class=\"me-1\" data-original-value=\"55\" data-original-unit=\"m&#038;sup2\">55 m&sup2;<\/span>Terrazas\t\t\t\t<\/li>\n\t\t\t\t\t<\/ul>\n\t\t\t<\/div>\n<\/article>\n\n\n<article class=\"col card-properties position-relative d-flex flex-column\">\n\t<div id=\"carouselCardProperties-1-3\" class=\"card-properties-images carousel slide carousel-fade lazy\" data-bs-ride=\"carousel\" data-bs-interval=\"200000\" data-id=\"497587\">\n\t\t<div class=\"carousel-inner\">\n\t\t\t<figure class=\"carousel-item mb-0 active ratio ratio-4x3\">\n\t\t\t\t<picture><source sizes=\"(max-width: 575px) calc(100vw - 24px), (max-width: 767px) 516px, (max-width: 991px) 696px, (max-width: 1199px) 296px, (max-width: 1399px) 356px, 400px\" width=\"696\" height=\"522\" srcset=\"https:\/\/media.panoramamarbella.com\/imgV1\/B95mbh8olwFQm~uCUaVOI2kQT0hb0a8sZ9turUNfnwtvuccYCzs0YVPfPbfkc2VnnN1JFDpkYaGfw1gJsS~5hpduCyhNVC8YAMM55pFnQTw30GrwMb5T_znXmo33rxQsOj8JBe6kwZm~8ED_P5qg3kqdJwQg2a6sqjMi6dr4vQNNl0NW4fEBmW2GT3S6eaL4HqHMDDs_~hzIvtxEHiTmgg9E~90bksLbB7MjNwY2JLSR7BMpU72JgO6DhR42Uduh5U87buSow~ztHYo0TRlG7_p3MWOmXuwTAQj~O1S1gi9J4gU~qejMUJE100xGmJ2cSYV~G2P7DyzjSERQeSzcJxsWeSoJMu4VF4CpQEhmiLaKPS0szq4T3goCDqFsAibFQVlkx2M9u1Ydu7~sdj8~qI8LE7HeF42mdJTnUcBRwFqo8zHjcbWxggB3JS1VH_SImeM8nuPw4iVJGugl1xTv.webp 696w,https:\/\/media.panoramamarbella.com\/imgV1\/B95mbh8olwFQm~uCUaVOI2kQT0hb0a8sZ9turUNfnwtvuccYCzs0YVPfPbfkc2VnnN1JFDpkYaGfw1gJsS~5hpduCyhNVC8YAMM55pFnQTw30GrwMb5T_znXmo33rxQsOj8JBe6kwZm~8ED_P5qg3kqdJwQg2a6sqjMi6dr4v5IKnPWAwJkY9eDr5ANdxmFFB5vQnFptgSEb~ta9B1T7WxkrES2wERGW3g_Fv00e9gQMkQqZlC88sMD~kgj7w2fU0X2Be3fbZ3a7FGqEGrV37QIzQQ8edcJ67a5uZQYvioSJ7B4uQ2s4OJum9gJ6csFjz3qiML~CKkeSP3WQNXhQ5j78v3OXOJtIR~GRXlhazOTVLZvH5t9PTT7GHLdtgrwOmws~NArXLKT8tAo11fur4UxH~tuc9uMAnX_ct7ehwE713o8ZJwHXLKBeoetqX0hFLJVJVubO1d_jSN_t3DHf.webp 400w\" type=\"image\/webp\"><img decoding=\"async\" class=\"position-absolute w-100 h-100 object-fit-cover\" alt=\"Impresionante villa a estrenar orientada al sur en Los Flamingos\" loading=\"lazy\" width=\"696\" height=\"522\" src=\"https:\/\/media.panoramamarbella.com\/imgV1\/B95mbh8olwFQm~uCUaVOI2kQT0hb0a8sZ9turUNfnwtvuccYCzs0YVPfPbfkc2VnnN1JFDpkYaGfw1gJsS~5hpduCyhNVC8YAMM55pFnQTw30GrwMb5T_znXmo33rxQsOj8JBe6kwZm~8ED_P5qg3kqdJwQg2a6sqjMi6dr4vQNNl0NW4fEBmW2GT3S6ZyBD~nBmXq3q6wDIn8ByOpppqsbiUoPVTpCxWfcswGjp~ZnHZbdtwOm0H8UPtxstsiDTBTJC6cGlRZ_8_eQEJrpuxAyFmTovJnAQmunxAsD9_IobIUafMUUwHgGSRhkv~Ekqbf3fr8sjdR4g6WhCk2GFawVVldQMpbbNTqNsrokT74kdwyC5PX9M2em1UsTfJIzirNquAmsWtJlXHJtI8ONhxklg3yRYcfW~zq5qHnXyWkFu8H7RgH15Ii1oDjI-.jpg\"><\/picture>\t\t\t<\/figure>\n\t\t\t\t\t\t<span class=\"card-properties-ref position-absolute z-2 bottom-0 end-0 bg-white text-primary py-1 px-3 me-3\">\n\t\t\t\tPANR-14452\t\t\t<\/span>\n\t\t\t<button class=\"card-properties-portfolio d-flex align-items-center justify-content-center position-absolute z-3 end-0 text-white bg-primary me-3 border-0 px-0\" data-pfl-id=\"497587\" data-pfl-filter=\"sale\" aria-label=\"Add to portfolio\">\n\t\t\t\t<svg width=\"18\" fill=\"currentColor\" viewBox=\"0 0 512 512\">\n\t\t\t\t\t<use href=\"https:\/\/www.panoramamarbella.com\/wp-content\/themes\/panoramamarbella\/dist\/src\/images\/icons.svg#svgHeart\"><\/use>\n\t\t\t\t<\/svg>\n\t\t\t\t<svg width=\"18\" fill=\"currentColor\" viewBox=\"0 0 512 512\">\n\t\t\t\t\t<use href=\"https:\/\/www.panoramamarbella.com\/wp-content\/themes\/panoramamarbella\/dist\/src\/images\/icons.svg#svgHeartIn\"><\/use>\n\t\t\t\t<\/svg>\n\t\t\t<\/button>\n\t\t<\/div>\n\t\t\t\t<button\n\t\t\tclass=\"carousel-control-prev\"\n\t\t\ttype=\"button\"\n\t\t\tdata-bs-target=\"#carouselCardProperties-1-3\"\n\t\t\tdata-bs-slide=\"prev\">\n\t\t\t<span class=\"carousel-control-prev-icon\" aria-hidden=\"true\"><\/span>\n\t\t\t<span class=\"visually-hidden\">Anterior<\/span>\n\t\t<\/button>\n\t\t<button\n\t\t\tclass=\"carousel-control-next\"\n\t\t\ttype=\"button\"\n\t\t\tdata-bs-target=\"#carouselCardProperties-1-3\"\n\t\t\tdata-bs-slide=\"next\">\n\t\t\t<span class=\"carousel-control-next-icon\" aria-hidden=\"true\"><\/span>\n\t\t\t<span class=\"visually-hidden\">Siguiente<\/span>\n\t\t<\/button>\n\t\t\t<\/div>\n\t<div class=\"d-flex flex-column h-100 px-3 py-4 shadow\">\n\t\t\t\t<h3 class=\"card-properties-title mb-3\">\n\t\t\t<a class=\"stretched-link\" href=\"\/es\/propiedades\/benahavis\/los-flamingos\/villas-y-chalets\/PANR-14452\">\n\t\t\t\tImpresionante villa a estrenar orientada al sur en Los Flamingos\t\t\t<\/a>\n\t\t<\/h3>\n\t\t<p class=\"mb-3 text-black-dark\">Los Flamingos, Benahavis<\/p>\n\t\t\t\t\t\t<p class=\"card-properties-description mb-3\">\n\t\t\tUbicada en una prestigiosa zona, esta espectacular villa de 4 dormitorios y 4 ba\u00f1os combina elegancia y estilo con un dise\u00f1o exquisito y acabados de calidad superior. Orientada al sur, la propiedad disfruta de abundante&#8230;\t\t<\/p>\n\t\t\t\t<span class=\"card-properties-price mt-auto\">\n\t\t\t\n\t\t\t<span class=\"card-properties-price mt-auto\" data-original-price=\"4785000\">4.785.000\u00a0\u20ac<\/span>\n\t\t\t\t<\/span>\n\t\t\t\t<ul class=\"card-properties-features list-unstyled d-flex flex-wrap align-items-center gap-3 pt-3 border-top mt-3 mb-0\">\n\t\t\t<li class=\"d-flex align-items-center\">4 Dorms.<\/li><li class=\"d-flex align-items-center\">4 Ba\u00f1os<\/li>\t\t\t\t<li class=\"d-flex align-items-center\">\n\t\t\t\t\t <span class=\"me-1\" data-original-value=\"842\" data-original-unit=\"m&#038;sup2\">842 m&sup2;<\/span>Total\t\t\t\t<\/li>\n\t\t\t\t\t\t\t<li class=\"d-flex align-items-center\">\n\t\t\t\t\t <span class=\"me-1\" data-original-value=\"1398\" data-original-unit=\"m&#038;sup2\">1.398 m&sup2;<\/span>Parcela\t\t\t\t<\/li>\n\t\t\t\t\t\t\t\t<li class=\"d-flex align-items-center\">\n\t\t\t\t\t <span class=\"me-1\" data-original-value=\"600\" data-original-unit=\"m&#038;sup2\">600 m&sup2;<\/span>Construido\t\t\t\t<\/li>\n\t\t\t\t\t\t\t<li class=\"d-flex align-items-center\">\n\t\t\t\t\t <span class=\"me-1\" data-original-value=\"242\" data-original-unit=\"m&#038;sup2\">242 m&sup2;<\/span>Terrazas\t\t\t\t<\/li>\n\t\t\t\t\t<\/ul>\n\t\t\t<\/div>\n<\/article>\n\n\n<article class=\"col card-properties position-relative d-flex flex-column\">\n\t<div id=\"carouselCardProperties-1-4\" class=\"card-properties-images carousel slide carousel-fade lazy\" data-bs-ride=\"carousel\" data-bs-interval=\"200000\" data-id=\"452524\">\n\t\t<div class=\"carousel-inner\">\n\t\t\t<figure class=\"carousel-item mb-0 active ratio ratio-4x3\">\n\t\t\t\t<picture><source sizes=\"(max-width: 575px) calc(100vw - 24px), (max-width: 767px) 516px, (max-width: 991px) 696px, (max-width: 1199px) 296px, (max-width: 1399px) 356px, 400px\" width=\"696\" height=\"522\" srcset=\"https:\/\/media.panoramamarbella.com\/imgV1\/B95mbh8olwFQm~uCUaVOI2kQT0hb0a8sZ9turUNfnwtvuccYCzs0YVPfPbfkc2VnnN1JFDpkYaGfw1gJsS~5gRFgNqDXGVb9Ig_f3OXUdeoy1SJs35zgB3kMTvOKJjppSRaMdlgIZVC1lH6PsKrGZciqQGlw_6g3O5uaLWs0uzCwcUDD8Z_246qElqXHSjYEiV5cjINlbZicd7LPhu5R3ViBYSnxXohD1fu8ZQyORorwoUzT~AmKLcxO6~Dxdz9iurWNA6ciwp9aN9rUHZ3MdB22h3X4HVQBSpY4eGGT~X2Ikc8vSaPZx3jRf1fvhiruYzQkP_Xo~D2K6RnSyTKXTV~iyIluNli7dD5a9klTRcFCcY_B9MR54gG59u73_QYaXmVxbrdiKWN3DAbeJrCfTRWjyn0hMr7zri7ONY5jg_UJoLp8ITGGvIEfLW8VhWabDX43~tCs_m6fivBz3n0H.webp 696w,https:\/\/media.panoramamarbella.com\/imgV1\/B95mbh8olwFQm~uCUaVOI2kQT0hb0a8sZ9turUNfnwtvuccYCzs0YVPfPbfkc2VnnN1JFDpkYaGfw1gJsS~5gRFgNqDXGVb9Ig_f3OXUdeoy1SJs35zgB3kMTvOKJjppSRaMdlgIZVC1lH6PsKrGZciqQGlw_6g3O5uaLWs0ubkruV2WrdVtsiRoaHNCd0jAKeraXnfHOuCqL4e_HOEh0Hgk~I9agiTqk1AefXniYAPqhssZtRof_QwgPJXV4OMXKepEfbClnzSBcwZcUoAr1ZOGE4m1SXt6H~eflWJnB1MkMEBEAQ3afweJ1fwXRj0vFYIoljEPaiM7pr2tfW2InGXsEuXYGEQrJKgkBl4p1VAr7~HPacrVFZ4FlQO7_nbmKmSf2RYRManFnlvcr5MMbbKuIlGAHAGRjxlwLBIOPrvO6~Rcz5VbiFx~gY5o_0NJfrRq1~FC6GBeWKa4Xw_P.webp 400w\" type=\"image\/webp\"><img decoding=\"async\" class=\"position-absolute w-100 h-100 object-fit-cover\" alt=\"Amplia y luminosa villa en El Para\u00edso\" loading=\"lazy\" width=\"696\" height=\"522\" src=\"https:\/\/media.panoramamarbella.com\/imgV1\/B95mbh8olwFQm~uCUaVOI2kQT0hb0a8sZ9turUNfnwtvuccYCzs0YVPfPbfkc2VnnN1JFDpkYaGfw1gJsS~5gRFgNqDXGVb9Ig_f3OXUdeoy1SJs35zgB3kMTvOKJjppSRaMdlgIZVC1lH6PsKrGZciqQGlw_6g3O5uaLWs0uzCwcUDD8Z_246qElqXHVKe~VHZ2rMI8LGWxbBuVx34o9EwMCGHeKehTPeCb72PeUajOkUCMf6OgIsuAFtjTLtPInR_kQet2~MiySzPNpp2yVFSKo3_pMpBaTGjfRUXFQkCM~Ye1ktwr64B4IxjUDmDbypeoOcf2zQplhZYv3nxXR6u8_NHMHK_sYRm8n3_8QEPQcxYlQSkXtrzaYDPKT3nQL7oOxpIi7sSePnqg1tjWtKVaDSMjAho9eoRYymkbpQRtrJ~IVqWhINlCgZs-.jpg\"><\/picture>\t\t\t<\/figure>\n\t\t\t\t\t\t<span class=\"card-properties-ref position-absolute z-2 bottom-0 end-0 bg-white text-primary py-1 px-3 me-3\">\n\t\t\t\tPANR-13942\t\t\t<\/span>\n\t\t\t<button class=\"card-properties-portfolio d-flex align-items-center justify-content-center position-absolute z-3 end-0 text-white bg-primary me-3 border-0 px-0\" data-pfl-id=\"452524\" data-pfl-filter=\"sale\" aria-label=\"Add to portfolio\">\n\t\t\t\t<svg width=\"18\" fill=\"currentColor\" viewBox=\"0 0 512 512\">\n\t\t\t\t\t<use href=\"https:\/\/www.panoramamarbella.com\/wp-content\/themes\/panoramamarbella\/dist\/src\/images\/icons.svg#svgHeart\"><\/use>\n\t\t\t\t<\/svg>\n\t\t\t\t<svg width=\"18\" fill=\"currentColor\" viewBox=\"0 0 512 512\">\n\t\t\t\t\t<use href=\"https:\/\/www.panoramamarbella.com\/wp-content\/themes\/panoramamarbella\/dist\/src\/images\/icons.svg#svgHeartIn\"><\/use>\n\t\t\t\t<\/svg>\n\t\t\t<\/button>\n\t\t<\/div>\n\t\t\t\t<button\n\t\t\tclass=\"carousel-control-prev\"\n\t\t\ttype=\"button\"\n\t\t\tdata-bs-target=\"#carouselCardProperties-1-4\"\n\t\t\tdata-bs-slide=\"prev\">\n\t\t\t<span class=\"carousel-control-prev-icon\" aria-hidden=\"true\"><\/span>\n\t\t\t<span class=\"visually-hidden\">Anterior<\/span>\n\t\t<\/button>\n\t\t<button\n\t\t\tclass=\"carousel-control-next\"\n\t\t\ttype=\"button\"\n\t\t\tdata-bs-target=\"#carouselCardProperties-1-4\"\n\t\t\tdata-bs-slide=\"next\">\n\t\t\t<span class=\"carousel-control-next-icon\" aria-hidden=\"true\"><\/span>\n\t\t\t<span class=\"visually-hidden\">Siguiente<\/span>\n\t\t<\/button>\n\t\t\t<\/div>\n\t<div class=\"d-flex flex-column h-100 px-3 py-4 shadow\">\n\t\t\t\t<h3 class=\"card-properties-title mb-3\">\n\t\t\t<a class=\"stretched-link\" href=\"\/es\/propiedades\/benahavis\/paraiso-alto\/villas-y-chalets\/PANR-13942\">\n\t\t\t\tAmplia y luminosa villa en El Para\u00edso\t\t\t<\/a>\n\t\t<\/h3>\n\t\t<p class=\"mb-3 text-black-dark\">Paraiso Alto, Benahavis<\/p>\n\t\t\t\t\t\t<p class=\"card-properties-description mb-3\">\n\t\t\tVilla en el Para\u00edso, una zona residencial bien establecida y muy solicitada que se construy\u00f3 originalmente alrededor del campo de golf El Para\u00edso a principios de la d\u00e9cada de 1970. La propiedad es una mansi\u00f3n&#8230;\t\t<\/p>\n\t\t\t\t<span class=\"card-properties-price mt-auto\">\n\t\t\t\n\t\t\t<span class=\"card-properties-price mt-auto\" data-original-price=\"2690000\">2.690.000\u00a0\u20ac<\/span>\n\t\t\t\t<\/span>\n\t\t\t\t<ul class=\"card-properties-features list-unstyled d-flex flex-wrap align-items-center gap-3 pt-3 border-top mt-3 mb-0\">\n\t\t\t<li class=\"d-flex align-items-center\">6 Dorms.<\/li><li class=\"d-flex align-items-center\">6 Ba\u00f1os<\/li>\t\t\t\t<li class=\"d-flex align-items-center\">\n\t\t\t\t\t <span class=\"me-1\" data-original-value=\"693\" data-original-unit=\"m&#038;sup2\">693 m&sup2;<\/span>Total\t\t\t\t<\/li>\n\t\t\t\t\t\t\t<li class=\"d-flex align-items-center\">\n\t\t\t\t\t <span class=\"me-1\" data-original-value=\"1618\" data-original-unit=\"m&#038;sup2\">1.618 m&sup2;<\/span>Parcela\t\t\t\t<\/li>\n\t\t\t\t\t\t\t\t<li class=\"d-flex align-items-center\">\n\t\t\t\t\t <span class=\"me-1\" data-original-value=\"630\" data-original-unit=\"m&#038;sup2\">630 m&sup2;<\/span>Construido\t\t\t\t<\/li>\n\t\t\t\t\t\t\t<li class=\"d-flex align-items-center\">\n\t\t\t\t\t <span class=\"me-1\" data-original-value=\"63\" data-original-unit=\"m&#038;sup2\">63 m&sup2;<\/span>Terrazas\t\t\t\t<\/li>\n\t\t\t\t\t<\/ul>\n\t\t\t<\/div>\n<\/article>\n\n\n<article class=\"col card-properties position-relative d-flex flex-column\">\n\t<div id=\"carouselCardProperties-1-5\" class=\"card-properties-images carousel slide carousel-fade lazy\" data-bs-ride=\"carousel\" data-bs-interval=\"200000\" data-id=\"451306\">\n\t\t<div class=\"carousel-inner\">\n\t\t\t<figure class=\"carousel-item mb-0 active ratio ratio-4x3\">\n\t\t\t\t<picture><source sizes=\"(max-width: 575px) calc(100vw - 24px), (max-width: 767px) 516px, (max-width: 991px) 696px, (max-width: 1199px) 296px, (max-width: 1399px) 356px, 400px\" width=\"696\" height=\"522\" srcset=\"https:\/\/media.panoramamarbella.com\/imgV1\/B95mbh8olwFQm~uCUaVOI2kQT0hb0a8sZ9turUNfnwtvuccYCzs0YVPfPbfkc2VnnN1JFDpkYaGfw1gJsS~5gRFmSP9yh8eeNYZ0WrvToIMGpK~Z5HfyYeGkD9tguNnyW6tgXCZacsh0MBXKuFDNEglflWEWPUcmc5gqFBpcZKKtShBOpUzOFE6MtQWW3S3F_93EbJX7WGzMoFMYR7N~4wh4~4HCh4FEkyiJd9_Pl5veNqC9qOW01Rwr0qI5DS3R0cixGWBIp3XQ5wR_ugj8jEmJabLcpYFgaFQyFBAM~9tS3Ihlmx0R0uZ~dO0mJw~K1d1JNMD8nbozK2C_Rc8T1KQXzCPfqpOeAH9DIcF46ytQsuuiS~~TMIG5ssklVvHKR5dATqK4jE0aCRKNpiYmlq~TAhfFhPwbdJchr59ZuGwYoqgY2GiCHZEcjAixfmq9jbol7uTH60sGq3NlOly2.webp 696w,https:\/\/media.panoramamarbella.com\/imgV1\/B95mbh8olwFQm~uCUaVOI2kQT0hb0a8sZ9turUNfnwtvuccYCzs0YVPfPbfkc2VnnN1JFDpkYaGfw1gJsS~5gRFmSP9yh8eeNYZ0WrvToIMGpK~Z5HfyYeGkD9tguNnyW6tgXCZacsh0MBXKuFDNEglflWEWPUcmc5gqFBpcZpFLofdLvZ30yG_ScktJpJKx5HXCGQ2l_h6xvryrfXcNfmsA8ViQxcpNw6LXMVZaoXRsPzVhPLK41frGmJC6NsRdXdHY5sNchAA1Z5AESNI2ZRlcQWPlkkJ7OZ6RJt8MD648Qg9Df_1thOcPkfs0~f2961iI6XFQmvZIuuFENSQvztNYB7o~kdBluHk8DhCLtJDpEcL9DS9aYlbOzpP4XLqrBLkcTvc35Utg3ToQaY6Fs3f8gTpIfh~aE2~k8~XEpGE3YcAeMH~xXwahiSxKN~Z6~1nUcBT9F4zJoSNPHosX.webp 400w\" type=\"image\/webp\"><img decoding=\"async\" class=\"position-absolute w-100 h-100 object-fit-cover\" alt=\"Preciosa Gran villa de lujo junto a la playa en Guadalmina baja\" loading=\"lazy\" width=\"696\" height=\"522\" src=\"https:\/\/media.panoramamarbella.com\/imgV1\/B95mbh8olwFQm~uCUaVOI2kQT0hb0a8sZ9turUNfnwtvuccYCzs0YVPfPbfkc2VnnN1JFDpkYaGfw1gJsS~5gRFmSP9yh8eeNYZ0WrvToIMGpK~Z5HfyYeGkD9tguNnyW6tgXCZacsh0MBXKuFDNEglflWEWPUcmc5gqFBpcZKKtShBOpUzOFE6MtQWWw6zr~7lg7lCRUJmWhy7btSacVRfdi61vZp2etcIcRgEG9aHpih~FQe6RQfHcfdsaWm~iXZwt8_nQqu0GsxcXVNB3bY~QpkaBpi0DodY_HlPXpftQqNvkXA63x2TwS61Zk5fHi1H4bF27fyu_dluhYWi0fViUu~y4i9zqW02CWwuM1kE~jg_WCIc8_8vQW6n~Uu69ogAaf~KBLgiBaHVgd48ab6WmPAOigtWB52DouhUovMlHMaPL0R72SpvfJf8-.jpg\"><\/picture>\t\t\t<\/figure>\n\t\t\t\t\t\t<span class=\"card-properties-ref position-absolute z-2 bottom-0 end-0 bg-white text-primary py-1 px-3 me-3\">\n\t\t\t\tPANR-13924\t\t\t<\/span>\n\t\t\t<button class=\"card-properties-portfolio d-flex align-items-center justify-content-center position-absolute z-3 end-0 text-white bg-primary me-3 border-0 px-0\" data-pfl-id=\"451306\" data-pfl-filter=\"sale\" aria-label=\"Add to portfolio\">\n\t\t\t\t<svg width=\"18\" fill=\"currentColor\" viewBox=\"0 0 512 512\">\n\t\t\t\t\t<use href=\"https:\/\/www.panoramamarbella.com\/wp-content\/themes\/panoramamarbella\/dist\/src\/images\/icons.svg#svgHeart\"><\/use>\n\t\t\t\t<\/svg>\n\t\t\t\t<svg width=\"18\" fill=\"currentColor\" viewBox=\"0 0 512 512\">\n\t\t\t\t\t<use href=\"https:\/\/www.panoramamarbella.com\/wp-content\/themes\/panoramamarbella\/dist\/src\/images\/icons.svg#svgHeartIn\"><\/use>\n\t\t\t\t<\/svg>\n\t\t\t<\/button>\n\t\t<\/div>\n\t\t\t\t<button\n\t\t\tclass=\"carousel-control-prev\"\n\t\t\ttype=\"button\"\n\t\t\tdata-bs-target=\"#carouselCardProperties-1-5\"\n\t\t\tdata-bs-slide=\"prev\">\n\t\t\t<span class=\"carousel-control-prev-icon\" aria-hidden=\"true\"><\/span>\n\t\t\t<span class=\"visually-hidden\">Anterior<\/span>\n\t\t<\/button>\n\t\t<button\n\t\t\tclass=\"carousel-control-next\"\n\t\t\ttype=\"button\"\n\t\t\tdata-bs-target=\"#carouselCardProperties-1-5\"\n\t\t\tdata-bs-slide=\"next\">\n\t\t\t<span class=\"carousel-control-next-icon\" aria-hidden=\"true\"><\/span>\n\t\t\t<span class=\"visually-hidden\">Siguiente<\/span>\n\t\t<\/button>\n\t\t\t<\/div>\n\t<div class=\"d-flex flex-column h-100 px-3 py-4 shadow\">\n\t\t\t\t<h3 class=\"card-properties-title mb-3\">\n\t\t\t<a class=\"stretched-link\" href=\"\/es\/propiedades\/san-pedro-de-alcantara\/guadalmina-baja\/villas-y-chalets\/PANR-13924\">\n\t\t\t\tPreciosa Gran villa de lujo junto a la playa en Guadalmina baja\t\t\t<\/a>\n\t\t<\/h3>\n\t\t<p class=\"mb-3 text-black-dark\">Guadalmina Baja, San Pedro de Alcantara<\/p>\n\t\t\t\t\t\t<p class=\"card-properties-description mb-3\">\n\t\t\tEsta impresionante propiedad de lujo en Guadalmina Baja, una encantadora zona costera del oeste de Marbella situada entre el legendario Puerto Ban\u00fas y Estepona, cerca de San Pedro, Valle del Golf de Nueva Andaluc\u00eda y&#8230;\t\t<\/p>\n\t\t\t\t<span class=\"card-properties-price mt-auto\">\n\t\t\t\n\t\t\t<span class=\"card-properties-price mt-auto\" data-original-price=\"10800000\">10.800.000\u00a0\u20ac<\/span>\n\t\t\t\t<\/span>\n\t\t\t\t<ul class=\"card-properties-features list-unstyled d-flex flex-wrap align-items-center gap-3 pt-3 border-top mt-3 mb-0\">\n\t\t\t<li class=\"d-flex align-items-center\">6 Dorms.<\/li><li class=\"d-flex align-items-center\">7 Ba\u00f1os<\/li>\t\t\t\t<li class=\"d-flex align-items-center\">\n\t\t\t\t\t <span class=\"me-1\" data-original-value=\"2083\" data-original-unit=\"m&#038;sup2\">2.083 m&sup2;<\/span>Total\t\t\t\t<\/li>\n\t\t\t\t\t\t\t<li class=\"d-flex align-items-center\">\n\t\t\t\t\t <span class=\"me-1\" data-original-value=\"4504\" data-original-unit=\"m&#038;sup2\">4.504 m&sup2;<\/span>Parcela\t\t\t\t<\/li>\n\t\t\t\t\t\t\t\t<li class=\"d-flex align-items-center\">\n\t\t\t\t\t <span class=\"me-1\" data-original-value=\"1502\" data-original-unit=\"m&#038;sup2\">1.502 m&sup2;<\/span>Construido\t\t\t\t<\/li>\n\t\t\t\t\t\t\t<li class=\"d-flex align-items-center\">\n\t\t\t\t\t <span class=\"me-1\" data-original-value=\"581\" data-original-unit=\"m&#038;sup2\">581 m&sup2;<\/span>Terrazas\t\t\t\t<\/li>\n\t\t\t\t\t<\/ul>\n\t\t\t<\/div>\n<\/article>\n\t\t\t<\/div>\n\t\t\t\t\t<\/section>\n\t\t\n","protected":false},"excerpt":{"rendered":"","protected":false},"template":"","meta":{"_acf_changed":true},"class_list":["post-1048","agents","type-agents","status-publish","hentry"],"acf":[],"_links":{"self":[{"href":"https:\/\/www.panoramamarbella.com\/es\/wp-json\/wp\/v2\/agents\/1048","targetHints":{"allow":["GET"]}}],"collection":[{"href":"https:\/\/www.panoramamarbella.com\/es\/wp-json\/wp\/v2\/agents"}],"about":[{"href":"https:\/\/www.panoramamarbella.com\/es\/wp-json\/wp\/v2\/types\/agents"}],"wp:attachment":[{"href":"https:\/\/www.panoramamarbella.com\/es\/wp-json\/wp\/v2\/media?parent=1048"}],"curies":[{"name":"wp","href":"https:\/\/api.w.org\/{rel}","templated":true}]}}