{"id":1169,"date":"2024-05-15T12:41:41","date_gmt":"2024-05-15T10:41:41","guid":{"rendered":"https:\/\/www.panoramamarbella.com\/?post_type=agents&#038;p=1169"},"modified":"2025-12-16T12:35:53","modified_gmt":"2025-12-16T11:35:53","slug":"luca-solari","status":"publish","type":"agents","link":"https:\/\/www.panoramamarbella.com\/es\/sobre-nosotros\/equipo\/luca-solari","title":{"rendered":"Luca Solari"},"content":{"rendered":"\n\n<p class=\"wp-block-paragraph\">Luca Solari naci\u00f3 en Piacenza, al norte de Italia, diplomado en Matem\u00e1ticas por la Universidad Cat\u00f3lica de PAVIA y ciclista profesional. Cuando acabo sus estudios universitarios, Luca estuvo viajando durante 15 a\u00f1os por todo el mundo debido a su carrera como ciclista, y en el a\u00f1o 2011 decide establecerse en Marbella.&nbsp;<\/p>\n\n\n\n<p class=\"wp-block-paragraph\">Tras 4 a\u00f1os de experiencia en el sector inmobiliario en Marbella, en el a\u00f1o 2023 se incorpora al equipo de Captaciones de Panorama para aportar sus conocimientos del sector en cada zona espec\u00edfica de Marbella y alrededores y, sobre todo, dada su mentalidad de deportista de elite, dar un salto m\u00e1s largo hacia adelante en su carrera profesional.<\/p>\n\n\n\n<p class=\"wp-block-paragraph\">Desde su posici\u00f3n de consultor inmobiliario, destaca su compromiso y capacidad para construir relaciones s\u00f3lidas con los clientes, siempre basadas en la honestidad y la profesionalidad y la confianza.&nbsp;<\/p>\n\n\n\n<p class=\"wp-block-paragraph\">Por su excelente desempe\u00f1o, esfuerzo y profesionalidad como captador, a principios de 2024 Luca fue ascendido a Director del Departamento de Captaciones.<\/p>\n\n\n\n<p class=\"wp-block-paragraph\">En palabras del propio Luca,&nbsp;<em>\u00abes tan&nbsp;emocionante tener la&nbsp;oportunidad que tengo de trabajar con la&nbsp;agencia inmobiliaria de Marbella de mayor prestigio y trayectoria.&nbsp;Es un orgullo para mi&nbsp;representar los&nbsp;valores profesionales y la&nbsp; \u00e9tica de trabajo de Panorama y tengo mucho para&nbsp;aportar, y mucho por aprender\u00bb.<\/em><\/p>\n\n\n\n<p class=\"wp-block-paragraph\">Luca es triling\u00fce, italiano, ingl\u00e9s y espa\u00f1ol.<\/p>\n\n\n<article class=\"col w-100 position-relative clearfix mb-5 wp-block-acf-banner\">\n    <div class=\"d-flex flex-wrap flex-column flex-xl-row align-items-start align-items-xl-end gap-4 w-100 bg-secondary text-white p-4\">\n        <div class=\"d-flex flex-column\">\n\t\t\t            <a href=\"\/vender\" class=\"stretched-link text-white text-decoration-none\" title=\"\u00bfInteresad@ en vender su vivienda?\">\n\t\t\t\t<h2 class=\"text-white mb-3\">\u00bfInteresad@ en vender su vivienda?<\/h2>            <\/a>\n\t\t\t            <p class=\"mb-0\">\n                Conozca mejor c\u00f3mo es el proceso de venta de su vivienda en Marbella con Panorama.            <\/p>\n\t\t\t        <\/div>\n\t\t        <span class=\"btn btn-outline-light ms-xl-auto\">Venda su propiedad en Marbella<\/span>\n\t\t    <\/div>\n<\/article>\n\n\n\n\n\n\t\t<section class=\"container wp-block-acf-inmpropselection\">\n\t\t\t<h2>Eche un vistazo a estas propiedades seleccionadas por Luca<\/h2>\t\t\t<div class=\"row row-cols-1 row-cols-lg-3 gy-5 g-xxl-5\">\n\t\t\t\t\n<article class=\"col card-properties position-relative d-flex flex-column\">\n\t<div id=\"carouselCardProperties-1-0\" class=\"card-properties-images carousel slide carousel-fade lazy\" data-bs-ride=\"carousel\" data-bs-interval=\"200000\" data-id=\"731605\">\n\t\t<div class=\"carousel-inner\">\n\t\t\t<figure class=\"carousel-item mb-0 active ratio ratio-4x3\">\n\t\t\t\t<picture><source sizes=\"(max-width: 575px) calc(100vw - 24px), (max-width: 767px) 516px, (max-width: 991px) 696px, (max-width: 1199px) 296px, (max-width: 1399px) 356px, 400px\" width=\"696\" height=\"522\" srcset=\"https:\/\/media.panoramamarbella.com\/imgV1\/B95mbh8olwFQm~uCUaVOI2kQT0hb0a8sZ9turUNfnwtvuccYCzs0YVPfPbfkc2VnnN1JFDpkYaGfw1gJsS~5hO5A0_SLu8g8ioOAGKxrCkPAZZQha9bF1PEUbluITUrotgjBFAxY8Vd1EjHxoMRPbmYfXkMngUp9JaeFLlSP_4EA9NCv3S4t1BdUHhJatOExMbL~Ux5LBqdDpPEi~hzSO95GxNEqFN5Si2jrzxrDCq2LzumqCFiis8nolS6vDAMQnSKajsIfivPT_ANl8ckGRjkkohd2Eu_pOSLHCbmAxSLa6X1a1uMgDxN6RAl4mumnqOBqjFCXFcOKrqYRF2_4ZQ441eyKmwKyEnjrB3_zNSI8m_4qDqO810Uu1_DknexnilFcOOMEZMsInFUVaxB1cujiScV3hxayQEsCjega14GR7BnUYf2fmFKNpYU__mdaFnNfxJYqe_QU3PCjvElU.webp 696w,https:\/\/media.panoramamarbella.com\/imgV1\/B95mbh8olwFQm~uCUaVOI2kQT0hb0a8sZ9turUNfnwtvuccYCzs0YVPfPbfkc2VnnN1JFDpkYaGfw1gJsS~5hO5A0_SLu8g8ioOAGKxrCkPAZZQha9bF1PEUbluITUrotgjBFAxY8Vd1EjHxoMRPbmYfXkMngUp9JaeFLlSP_Z5rYEDfoUY4yrWVxg~4VJsmiihKNs4KyAqwvBhcITZV9XqSaDGTo6fy5DBTJnBD0Rameij2CRoiwgJV83xIkVZlQZq9DMHEp~Z6~hyUbfR1FMt4Yk5h2vjI56aX~bgS~zbCEOOlf5~xRX48sqFfHTEDNuT9RSu4EFP2GpCFjiT4vm16eRu_E0BXvY8C0Wv3HK2B50v3DGzBGB_m2Ey3fJ_kXik~tHUJhDBiRyHgmk7jfc9vitTkOgM5jm45qUNzea~tH0dglx2jH0HK6Hg8heu4f3ybdqsvWd9zSPzASyzK.webp 400w\" type=\"image\/webp\"><img decoding=\"async\" class=\"position-absolute w-100 h-100 object-fit-cover\" alt=\"Espectacular apartamento con vistas al mar, en el coraz\u00f3n de Nueva Andaluc\u00eda y a pasos de Puerto Ban\u00fas y la playa\" loading=\"lazy\" width=\"696\" height=\"522\" src=\"https:\/\/media.panoramamarbella.com\/imgV1\/B95mbh8olwFQm~uCUaVOI2kQT0hb0a8sZ9turUNfnwtvuccYCzs0YVPfPbfkc2VnnN1JFDpkYaGfw1gJsS~5hO5A0_SLu8g8ioOAGKxrCkPAZZQha9bF1PEUbluITUrotgjBFAxY8Vd1EjHxoMRPbmYfXkMngUp9JaeFLlSP_4EA9NCv3S4t1BdUHhJaqgF60FF4u6Bf2_5K_IuEfpPTN_pcS~LRLz2dRwAyvcBHr~P3q4qX4abV47NBznMDZeMess1Cd7K5ARscSql_6CgBQVgJvX9pMrSCo9J3Q0gCvbJ7G4SK4KhP5ey8hfraZem3hDle2I8Ju0Z5kLb23bpxjNoKT14tfLp_HsWbTibF5pyjc_Orat5fS3cGqZUdFbXsBozFrVs4AsN0QsvQpK7_lpRYypqEcg2hfx9cybtXN9YhlT0_~9q52ZnMuuQ-.jpg\"><\/picture>\t\t\t<\/figure>\n\t\t\t\t\t\t<span class=\"card-properties-ref position-absolute z-2 bottom-0 end-0 bg-white text-primary py-1 px-3 me-3\">\n\t\t\t\tPANR-16644\t\t\t<\/span>\n\t\t\t<button class=\"card-properties-portfolio d-flex align-items-center justify-content-center position-absolute z-3 end-0 text-white bg-primary me-3 border-0 px-0\" data-pfl-id=\"731605\" data-pfl-filter=\"sale\" aria-label=\"Add to portfolio\">\n\t\t\t\t<svg width=\"18\" fill=\"currentColor\" viewBox=\"0 0 512 512\">\n\t\t\t\t\t<use href=\"https:\/\/www.panoramamarbella.com\/wp-content\/themes\/panoramamarbella\/dist\/src\/images\/icons.svg#svgHeart\"><\/use>\n\t\t\t\t<\/svg>\n\t\t\t\t<svg width=\"18\" fill=\"currentColor\" viewBox=\"0 0 512 512\">\n\t\t\t\t\t<use href=\"https:\/\/www.panoramamarbella.com\/wp-content\/themes\/panoramamarbella\/dist\/src\/images\/icons.svg#svgHeartIn\"><\/use>\n\t\t\t\t<\/svg>\n\t\t\t<\/button>\n\t\t<\/div>\n\t\t\t\t<button\n\t\t\tclass=\"carousel-control-prev\"\n\t\t\ttype=\"button\"\n\t\t\tdata-bs-target=\"#carouselCardProperties-1-0\"\n\t\t\tdata-bs-slide=\"prev\">\n\t\t\t<span class=\"carousel-control-prev-icon\" aria-hidden=\"true\"><\/span>\n\t\t\t<span class=\"visually-hidden\">Anterior<\/span>\n\t\t<\/button>\n\t\t<button\n\t\t\tclass=\"carousel-control-next\"\n\t\t\ttype=\"button\"\n\t\t\tdata-bs-target=\"#carouselCardProperties-1-0\"\n\t\t\tdata-bs-slide=\"next\">\n\t\t\t<span class=\"carousel-control-next-icon\" aria-hidden=\"true\"><\/span>\n\t\t\t<span class=\"visually-hidden\">Siguiente<\/span>\n\t\t<\/button>\n\t\t\t<\/div>\n\t<div class=\"d-flex flex-column h-100 px-3 py-4 shadow\">\n\t\t\t\t<h3 class=\"card-properties-title mb-3\">\n\t\t\t<a class=\"stretched-link\" href=\"\/es\/propiedades\/marbella\/nueva-andalucia\/conjunto-casano\/apartamentos-y-pisos\/PANR-16644\">\n\t\t\t\tEspectacular apartamento con vistas al mar, en el coraz\u00f3n de Nueva Andaluc\u00eda y a pasos de Puerto Ban\u00fas y la playa\t\t\t<\/a>\n\t\t<\/h3>\n\t\t<p class=\"mb-3 text-black-dark\">Conjunto Casa\u00f1o, Nueva Andalucia<\/p>\n\t\t\t\t\t\t<p class=\"card-properties-description mb-3\">\n\t\t\tUbicado en el coraz\u00f3n de Nueva Andaluc\u00eda, a tan solo cinco minutos a pie de la playa y del famoso Puerto Ban\u00fas, este espectacular apartamento ha sido completamente reformado con materiales de la m\u00e1s alta&#8230;\t\t<\/p>\n\t\t\t\t<span class=\"card-properties-price mt-auto\">\n\t\t\t\n\t\t\t<span class=\"card-properties-price mt-auto\" data-original-price=\"825000\">825.000\u00a0\u20ac<\/span>\n\t\t\t\t<\/span>\n\t\t\t\t<ul class=\"card-properties-features list-unstyled d-flex flex-wrap align-items-center gap-3 pt-3 border-top mt-3 mb-0\">\n\t\t\t<li class=\"d-flex align-items-center\">3 Dorms.<\/li><li class=\"d-flex align-items-center\">3 Ba\u00f1os<\/li>\t\t\t\t<li class=\"d-flex align-items-center\">\n\t\t\t\t\t <span class=\"me-1\" data-original-value=\"137\" data-original-unit=\"m&#038;sup2\">137 m&sup2;<\/span>Total\t\t\t\t<\/li>\n\t\t\t\t\t\t\t<li class=\"d-flex align-items-center\">\n\t\t\t\t\t <span class=\"me-1\" data-original-value=\"123\" data-original-unit=\"m&#038;sup2\">123 m&sup2;<\/span>Construido\t\t\t\t<\/li>\n\t\t\t\t\t\t\t<li class=\"d-flex align-items-center\">\n\t\t\t\t\t <span class=\"me-1\" data-original-value=\"14\" data-original-unit=\"m&#038;sup2\">14 m&sup2;<\/span>Terrazas\t\t\t\t<\/li>\n\t\t\t\t\t<\/ul>\n\t\t\t<\/div>\n<\/article>\n\n\n<article class=\"col card-properties position-relative d-flex flex-column\">\n\t<div id=\"carouselCardProperties-1-1\" class=\"card-properties-images carousel slide carousel-fade lazy\" data-bs-ride=\"carousel\" data-bs-interval=\"200000\" data-id=\"723402\">\n\t\t<div class=\"carousel-inner\">\n\t\t\t<figure class=\"carousel-item mb-0 active ratio ratio-4x3\">\n\t\t\t\t<picture><source sizes=\"(max-width: 575px) calc(100vw - 24px), (max-width: 767px) 516px, (max-width: 991px) 696px, (max-width: 1199px) 296px, (max-width: 1399px) 356px, 400px\" width=\"696\" height=\"522\" srcset=\"https:\/\/media.panoramamarbella.com\/imgV1\/B95mbh8olwFQm~uCUaVOI2kQT0hb0a8sZ9turUNfnwtvuccYCzs0YVPfPbfkc2VnnN1JFDpkYaGfw1gJsS~5hO3H2m1dwlnJcEvcwaYEsoEWlBGNAxX_PV9iTDlssGNn~3tHjq_HuVVlfAs2YpVL8uTvMCHFm2UbVTxUvzg0UTLMa3YnSC9ORDFto98_1K4kSgKkWX17EFSk_EyvmMNcy10TpUuJPkHWzkKgsUDNBP4DyRuygWkfpAjyBTrtVwLa2bWlZmRNuks1BFl6pCUiAYW~qlur9VKTrI9DoJ2phl5ZKjJALjOUo_tHdJLcLR_35GAjJxdgHGTfNQBFykxPivv~VhC9EfkaCRQi993WrOEzdHR9hk5gxWjyiq~EMmlM6TwtlmxOMqKF1YWZI9Tlko4Byqs6wzynYg0n~rZQ6WSrPjiWcECWiCQeIFeiFJLK11fh8n1QE1NLJClJSPHP.webp 696w,https:\/\/media.panoramamarbella.com\/imgV1\/B95mbh8olwFQm~uCUaVOI2kQT0hb0a8sZ9turUNfnwtvuccYCzs0YVPfPbfkc2VnnN1JFDpkYaGfw1gJsS~5hO3H2m1dwlnJcEvcwaYEsoEWlBGNAxX_PV9iTDlssGNn~3tHjq_HuVVlfAs2YpVL8uTvMCHFm2UbVTxUvzg0U5EH0xj0FkR6mZu25u4BO_lv3hhdN4w21lKV7xYgxnJu3blvoFxM8CK7Fd2SjDCP3wC6rwd4Rk66aJNdTKCmP3UDvEpRuZ1csMNPwfX3HbPixyBH~TcHWorQWxf_JpLU70T_8ostq0DsKEZUctesTpe07Spvxlc0GZuuRtDMel0~WsCtC4XBa99pKPRDEbNIwduIIUw3QsZS4AoFIWr_acySXpESY67iRnyaFU2~Ua4WcxU0p7LBCYsXrgPMtV_iKrKq4KbTyKqi9wpSi3Hng5U1r_aGCzHiY~3j9qmcRNg0.webp 400w\" type=\"image\/webp\"><img decoding=\"async\" class=\"position-absolute w-100 h-100 object-fit-cover\" alt=\"Palm Beach 20 \u2013 Elegante apartamento con privacidad y vistas al Mediterr\u00e1neo\" loading=\"lazy\" width=\"696\" height=\"522\" src=\"https:\/\/media.panoramamarbella.com\/imgV1\/B95mbh8olwFQm~uCUaVOI2kQT0hb0a8sZ9turUNfnwtvuccYCzs0YVPfPbfkc2VnnN1JFDpkYaGfw1gJsS~5hO3H2m1dwlnJcEvcwaYEsoEWlBGNAxX_PV9iTDlssGNn~3tHjq_HuVVlfAs2YpVL8uTvMCHFm2UbVTxUvzg0UTLMa3YnSC9ORDFto98_ylWmXdcsxT3ZVDW37FKjs0Y7uWs4Nfk8KEDY2F0xmzVzARcCtXitTgl1RMQH1R7bVUv7YcEQAx10n78mVaFa6_WsKQo~MOYomRfp024uk87Ir8eqrpdzPhsoLgArr0QyP_o8~bA8e7kLDGnKZRkOW6AxpyKgVGO0fqWY4VoGekL9D5T5Y~4wFfgCXljQI5nOQoNXh9ieQ~qPKIOUpQAF3Ke5WOucljfeLYjW4VoVoqTjTZ3DuA4sJAecgn0bmyw-.jpg\"><\/picture>\t\t\t<\/figure>\n\t\t\t\t\t\t<span class=\"card-properties-ref position-absolute z-2 bottom-0 end-0 bg-white text-primary py-1 px-3 me-3\">\n\t\t\t\tPANR-16550\t\t\t<\/span>\n\t\t\t<button class=\"card-properties-portfolio d-flex align-items-center justify-content-center position-absolute z-3 end-0 text-white bg-primary me-3 border-0 px-0\" data-pfl-id=\"723402\" data-pfl-filter=\"sale\" aria-label=\"Add to portfolio\">\n\t\t\t\t<svg width=\"18\" fill=\"currentColor\" viewBox=\"0 0 512 512\">\n\t\t\t\t\t<use href=\"https:\/\/www.panoramamarbella.com\/wp-content\/themes\/panoramamarbella\/dist\/src\/images\/icons.svg#svgHeart\"><\/use>\n\t\t\t\t<\/svg>\n\t\t\t\t<svg width=\"18\" fill=\"currentColor\" viewBox=\"0 0 512 512\">\n\t\t\t\t\t<use href=\"https:\/\/www.panoramamarbella.com\/wp-content\/themes\/panoramamarbella\/dist\/src\/images\/icons.svg#svgHeartIn\"><\/use>\n\t\t\t\t<\/svg>\n\t\t\t<\/button>\n\t\t<\/div>\n\t\t\t\t<button\n\t\t\tclass=\"carousel-control-prev\"\n\t\t\ttype=\"button\"\n\t\t\tdata-bs-target=\"#carouselCardProperties-1-1\"\n\t\t\tdata-bs-slide=\"prev\">\n\t\t\t<span class=\"carousel-control-prev-icon\" aria-hidden=\"true\"><\/span>\n\t\t\t<span class=\"visually-hidden\">Anterior<\/span>\n\t\t<\/button>\n\t\t<button\n\t\t\tclass=\"carousel-control-next\"\n\t\t\ttype=\"button\"\n\t\t\tdata-bs-target=\"#carouselCardProperties-1-1\"\n\t\t\tdata-bs-slide=\"next\">\n\t\t\t<span class=\"carousel-control-next-icon\" aria-hidden=\"true\"><\/span>\n\t\t\t<span class=\"visually-hidden\">Siguiente<\/span>\n\t\t<\/button>\n\t\t\t<\/div>\n\t<div class=\"d-flex flex-column h-100 px-3 py-4 shadow\">\n\t\t\t\t<h3 class=\"card-properties-title mb-3\">\n\t\t\t<a class=\"stretched-link\" href=\"\/es\/propiedades\/marbella\/marbella-este\/los-monteros-palm-beach\/apartamentos-y-pisos\/PANR-16550\">\n\t\t\t\tPalm Beach 20 \u2013 Elegante apartamento con privacidad y vistas al Mediterr\u00e1neo\t\t\t<\/a>\n\t\t<\/h3>\n\t\t<p class=\"mb-3 text-black-dark\">Los Monteros Palm Beach, Marbella Este<\/p>\n\t\t\t\t\t\t<p class=\"card-properties-description mb-3\">\n\t\t\tPalm Beach 20 es una impresionante residencia totalmente reformada, una aut\u00e9ntica joya de dise\u00f1o firmada por Cozy Modern Homes, ubicada dentro de la exclusiva comunidad cerrada de Palm Beach, una de las urbanizaciones residenciales m\u00e1s&#8230;\t\t<\/p>\n\t\t\t\t<span class=\"card-properties-price mt-auto\">\n\t\t\t\n\t\t\t<span class=\"card-properties-price mt-auto\" data-original-price=\"2450000\">2.450.000\u00a0\u20ac<\/span>\n\t\t\t\t<\/span>\n\t\t\t\t<ul class=\"card-properties-features list-unstyled d-flex flex-wrap align-items-center gap-3 pt-3 border-top mt-3 mb-0\">\n\t\t\t<li class=\"d-flex align-items-center\">3 Dorms.<\/li><li class=\"d-flex align-items-center\">3 Ba\u00f1os<\/li>\t\t\t\t<li class=\"d-flex align-items-center\">\n\t\t\t\t\t <span class=\"me-1\" data-original-value=\"161\" data-original-unit=\"m&#038;sup2\">161 m&sup2;<\/span>Total\t\t\t\t<\/li>\n\t\t\t\t\t\t\t<li class=\"d-flex align-items-center\">\n\t\t\t\t\t <span class=\"me-1\" data-original-value=\"130\" data-original-unit=\"m&#038;sup2\">130 m&sup2;<\/span>Construido\t\t\t\t<\/li>\n\t\t\t\t\t\t\t<li class=\"d-flex align-items-center\">\n\t\t\t\t\t <span class=\"me-1\" data-original-value=\"31\" data-original-unit=\"m&#038;sup2\">31 m&sup2;<\/span>Terrazas\t\t\t\t<\/li>\n\t\t\t\t\t<\/ul>\n\t\t\t<\/div>\n<\/article>\n\n\n<article class=\"col card-properties position-relative d-flex flex-column\">\n\t<div id=\"carouselCardProperties-1-2\" class=\"card-properties-images carousel slide carousel-fade lazy\" data-bs-ride=\"carousel\" data-bs-interval=\"200000\" data-id=\"728834\">\n\t\t<div class=\"carousel-inner\">\n\t\t\t<figure class=\"carousel-item mb-0 active ratio ratio-4x3\">\n\t\t\t\t<picture><source sizes=\"(max-width: 575px) calc(100vw - 24px), (max-width: 767px) 516px, (max-width: 991px) 696px, (max-width: 1199px) 296px, (max-width: 1399px) 356px, 400px\" width=\"696\" height=\"522\" srcset=\"https:\/\/media.panoramamarbella.com\/imgV1\/B95mbh8olwFQm~uCUaVOI2kQT0hb0a8sZ9turUNfnwtvuccYCzs0YVPfPbfkc2VnnN1JFDpkYaGfw1gJsS~5hO5FLcGAsYrHnYjyEjKXmcNPT4rXgeHenKGtbupeY4vwluJbHYdbChzqRDWRIjldyR6skxgbj4WFHNJxLg4hWw7mE99i0YVHDqUNR6bkyLBy3zYGgVpv3GlPwVWF8Hk7TdbSwnmSS1luHYmYBN7txlyJ_XCC~Wytg9Yv88fKMcXF2k5e_PKzDY1MFwE~NjAyYwP3UgIhyOtvUzqgSNfTSqDwQA0pKWe5gEPcVNQoQGdGn1K9qvdytl~doj8hjJya975aMTqmhkrAIl1aCKCA2jujRLzQyIjeS4k_0uUY7Bx0rJDPoVSqTSnuoU~genME3wk_m8~bxtuEygzEiSG~aNj_rzp_r2PZE2PdD3HALXdg38~kbBjN7Y~iTqCLZkyE.webp 696w,https:\/\/media.panoramamarbella.com\/imgV1\/B95mbh8olwFQm~uCUaVOI2kQT0hb0a8sZ9turUNfnwtvuccYCzs0YVPfPbfkc2VnnN1JFDpkYaGfw1gJsS~5hO5FLcGAsYrHnYjyEjKXmcNPT4rXgeHenKGtbupeY4vwluJbHYdbChzqRDWRIjldyR6skxgbj4WFHNJxLg4hWe7Zcd0QhXz55vAD_rtBDBVG~J~__8KLln_kJd0Gs_Reyh3OkuXyTtlOnma4AQNtvlx2iV4qTJp5VbDkpQAqnfWZUXnBq0Rxo__dZ25gfu230YpZ0V1ZH5Pym~EOyNo4cRZdPytkiuzJc~1ccqfly0RwXJceuTQRscI9fFiUeoyLnXy~McNXkeIW2JL1VLNkEwIH3t~vmZWfHHkPvpUJvd6YnTMbO~rTFbhnmoq5PFVbeOPMyOnZOV1vqSUTBO0I4orWYJcHdlYHBPIykt_jW3a5vnqAIBuL_OyRHMvc4dd_.webp 400w\" type=\"image\/webp\"><img decoding=\"async\" class=\"position-absolute w-100 h-100 object-fit-cover\" alt=\"Villa Aloha Green: oportunidad excepcional de reforma en primera l\u00ednea de Aloha Golf\" loading=\"lazy\" width=\"696\" height=\"522\" src=\"https:\/\/media.panoramamarbella.com\/imgV1\/B95mbh8olwFQm~uCUaVOI2kQT0hb0a8sZ9turUNfnwtvuccYCzs0YVPfPbfkc2VnnN1JFDpkYaGfw1gJsS~5hO5FLcGAsYrHnYjyEjKXmcNPT4rXgeHenKGtbupeY4vwluJbHYdbChzqRDWRIjldyR6skxgbj4WFHNJxLg4hWw7mE99i0YVHDqUNR6bk1vGRRJM88Ez0EOCLiFhJtjalC2s04T7fCXIQ9JiDE0AoHqoNWXDm37LBROtv_FLDmNTheoJoEHSj9RcyGDmFtbN9~VOgzDSp36tA2cBruGmopudjfsD8nL5tL5mNJxOk7~UQ7VF6Xe84w7sduJmS4nvskjz~ymU6pc9hxwQSImmWEsjgKlA3cNYn8LMjADAAku006lkqVDeK4p~C8Jf2~lygZS~zbb~Jzbb9WZ4dji4GGgcRswAQ19iWVQ70v3w-.jpg\"><\/picture>\t\t\t<\/figure>\n\t\t\t\t\t\t<span class=\"card-properties-ref position-absolute z-2 bottom-0 end-0 bg-white text-primary py-1 px-3 me-3\">\n\t\t\t\tPANR-16612\t\t\t<\/span>\n\t\t\t<button class=\"card-properties-portfolio d-flex align-items-center justify-content-center position-absolute z-3 end-0 text-white bg-primary me-3 border-0 px-0\" data-pfl-id=\"728834\" data-pfl-filter=\"sale\" aria-label=\"Add to portfolio\">\n\t\t\t\t<svg width=\"18\" fill=\"currentColor\" viewBox=\"0 0 512 512\">\n\t\t\t\t\t<use href=\"https:\/\/www.panoramamarbella.com\/wp-content\/themes\/panoramamarbella\/dist\/src\/images\/icons.svg#svgHeart\"><\/use>\n\t\t\t\t<\/svg>\n\t\t\t\t<svg width=\"18\" fill=\"currentColor\" viewBox=\"0 0 512 512\">\n\t\t\t\t\t<use href=\"https:\/\/www.panoramamarbella.com\/wp-content\/themes\/panoramamarbella\/dist\/src\/images\/icons.svg#svgHeartIn\"><\/use>\n\t\t\t\t<\/svg>\n\t\t\t<\/button>\n\t\t<\/div>\n\t\t\t\t<button\n\t\t\tclass=\"carousel-control-prev\"\n\t\t\ttype=\"button\"\n\t\t\tdata-bs-target=\"#carouselCardProperties-1-2\"\n\t\t\tdata-bs-slide=\"prev\">\n\t\t\t<span class=\"carousel-control-prev-icon\" aria-hidden=\"true\"><\/span>\n\t\t\t<span class=\"visually-hidden\">Anterior<\/span>\n\t\t<\/button>\n\t\t<button\n\t\t\tclass=\"carousel-control-next\"\n\t\t\ttype=\"button\"\n\t\t\tdata-bs-target=\"#carouselCardProperties-1-2\"\n\t\t\tdata-bs-slide=\"next\">\n\t\t\t<span class=\"carousel-control-next-icon\" aria-hidden=\"true\"><\/span>\n\t\t\t<span class=\"visually-hidden\">Siguiente<\/span>\n\t\t<\/button>\n\t\t\t<\/div>\n\t<div class=\"d-flex flex-column h-100 px-3 py-4 shadow\">\n\t\t\t\t<h3 class=\"card-properties-title mb-3\">\n\t\t\t<a class=\"stretched-link\" href=\"\/es\/propiedades\/marbella\/nueva-andalucia\/aloha\/villas-y-chalets\/PANR-16612\">\n\t\t\t\tVilla Aloha Green: oportunidad excepcional de reforma en primera l\u00ednea de Aloha Golf\t\t\t<\/a>\n\t\t<\/h3>\n\t\t<p class=\"mb-3 text-black-dark\">Aloha, Nueva Andalucia<\/p>\n\t\t\t\t\t\t<p class=\"card-properties-description mb-3\">\n\t\t\tUbicada directamente en primera l\u00ednea de Aloha Golf, en el coraz\u00f3n del prestigioso Valle del Golf de Nueva Andaluc\u00eda, Villa Aloha Green representa una oportunidad excepcional para reformar y crear una residencia contempor\u00e1nea a medida&#8230;\t\t<\/p>\n\t\t\t\t<span class=\"card-properties-price mt-auto\">\n\t\t\t\n\t\t\t<span class=\"card-properties-price mt-auto\" data-original-price=\"1595000\">1.595.000\u00a0\u20ac<\/span>\n\t\t\t\t<\/span>\n\t\t\t\t<ul class=\"card-properties-features list-unstyled d-flex flex-wrap align-items-center gap-3 pt-3 border-top mt-3 mb-0\">\n\t\t\t<li class=\"d-flex align-items-center\">6 Dorms.<\/li><li class=\"d-flex align-items-center\">3 Ba\u00f1os<\/li>\t\t\t\t<li class=\"d-flex align-items-center\">\n\t\t\t\t\t <span class=\"me-1\" data-original-value=\"297\" data-original-unit=\"m&#038;sup2\">297 m&sup2;<\/span>Total\t\t\t\t<\/li>\n\t\t\t\t\t\t\t<li class=\"d-flex align-items-center\">\n\t\t\t\t\t <span class=\"me-1\" data-original-value=\"997\" data-original-unit=\"m&#038;sup2\">997 m&sup2;<\/span>Parcela\t\t\t\t<\/li>\n\t\t\t\t\t\t\t\t<li class=\"d-flex align-items-center\">\n\t\t\t\t\t <span class=\"me-1\" data-original-value=\"229\" data-original-unit=\"m&#038;sup2\">229 m&sup2;<\/span>Construido\t\t\t\t<\/li>\n\t\t\t\t\t\t\t<li class=\"d-flex align-items-center\">\n\t\t\t\t\t <span class=\"me-1\" data-original-value=\"68\" data-original-unit=\"m&#038;sup2\">68 m&sup2;<\/span>Terrazas\t\t\t\t<\/li>\n\t\t\t\t\t<\/ul>\n\t\t\t<\/div>\n<\/article>\n\n\n<article class=\"col card-properties position-relative d-flex flex-column\">\n\t<div id=\"carouselCardProperties-1-3\" class=\"card-properties-images carousel slide carousel-fade lazy\" data-bs-ride=\"carousel\" data-bs-interval=\"200000\" data-id=\"728119\">\n\t\t<div class=\"carousel-inner\">\n\t\t\t<figure class=\"carousel-item mb-0 active ratio ratio-4x3\">\n\t\t\t\t<picture><source sizes=\"(max-width: 575px) calc(100vw - 24px), (max-width: 767px) 516px, (max-width: 991px) 696px, (max-width: 1199px) 296px, (max-width: 1399px) 356px, 400px\" width=\"696\" height=\"522\" srcset=\"https:\/\/media.panoramamarbella.com\/imgV1\/B95mbh8olwFQm~uCUaVOI2kQT0hb0a8sZ9turUNfnwtvuccYCzs0YVPfPbfkc2VnnN1JFDpkYaGfw1gJsS~5hO3LIGBFgHcjy2os4BYyxfix_Fi21k_t5ug2sfzmOQ3Tx3ZapJdW3HGOrirOpuKuA37h8Cm5sjnXjmDr0ns4t2iSYZtZ1J1p97X8JHYhXh2D~PhepL5M3XCeIQgsPtfeGokNScCSSKPHkUemwh7InoJpF_FepbowB3j8yyMuSp1NxQfT_PdEN5kuNirL82QPuwsrbb1QKZO8TnRhB4LlVcC1n_PsisBuetk6NCdLBMiTLBlU_5CNf5Lsk4nbt19~lg4CZm5yrF9bdwibAdt1t3yrD0lACh1B7CXcaB~4GjfWgzC2kDwSNU5hoPzkZjvcRH1Vcp8EJiO8c5wTLXd3IXFY6lBkDlhuz6CggCIploVS2Mz95aHfJ2Cq_PG_dOKt.webp 696w,https:\/\/media.panoramamarbella.com\/imgV1\/B95mbh8olwFQm~uCUaVOI2kQT0hb0a8sZ9turUNfnwtvuccYCzs0YVPfPbfkc2VnnN1JFDpkYaGfw1gJsS~5hO3LIGBFgHcjy2os4BYyxfix_Fi21k_t5ug2sfzmOQ3Tx3ZapJdW3HGOrirOpuKuA37h8Cm5sjnXjmDr0ns4tWGZ1nSDraDh7oowt5Bu6SE4A5Gj97zwshyEsVpsntwPKbLqsmDIJQGQDK9o2Dm5KEUg~5_J64w4ZftdIb43~ahB86J0Qr_x38nUFbFTZWD7OcuQzx7fu1KeF~ROntVoWRUi4sN_kQoIfjiemJJbKYmW1pYoi4p51n3bChRCMfB7Z9WqZyKiNn3nyRvnU_AZf6QMFzoWZ7bhV8gPQOec118sIz9ZBua7xemmD4iaurHMb9QU9xs42mR681CgKHlTn6d1OXoEhfLzaPT1OW_Nz5X2pOOu9T6xHAAG4YIw7GK7.webp 400w\" type=\"image\/webp\"><img decoding=\"async\" class=\"position-absolute w-100 h-100 object-fit-cover\" alt=\"Luminoso apartamento en la exclusiva comunidad frente al mar de La Reserva de Los Monteros\" loading=\"lazy\" width=\"696\" height=\"522\" src=\"https:\/\/media.panoramamarbella.com\/imgV1\/B95mbh8olwFQm~uCUaVOI2kQT0hb0a8sZ9turUNfnwtvuccYCzs0YVPfPbfkc2VnnN1JFDpkYaGfw1gJsS~5hO3LIGBFgHcjy2os4BYyxfix_Fi21k_t5ug2sfzmOQ3Tx3ZapJdW3HGOrirOpuKuA37h8Cm5sjnXjmDr0ns4t2iSYZtZ1J1p97X8JHYhQDx5PpnG5Z~3seNvcj~nGlOGzIyUOck13nfmC7L1ikxgETMKHcK2BuXTGwwVVX_wkWpJcvrbHWOmAc7Vkz1qie2tI7aTZaj3mPb6QG7XePLHONn2DI~imOsvvERbIsEguhKvOBt5dzwHRWeTBGZ6nTOjNHSbFYzDTc~7nUkdqXR2g3isbSDSr0wUoAOGg7tMn9CW4jnHAtM8WhVgAv44Sbl04KMtD~AjSWhwBnPckyM9DzVabxNKKuzg50UiEtQ-.jpg\"><\/picture>\t\t\t<\/figure>\n\t\t\t\t\t\t<span class=\"card-properties-ref position-absolute z-2 bottom-0 end-0 bg-white text-primary py-1 px-3 me-3\">\n\t\t\t\tPANR-16594\t\t\t<\/span>\n\t\t\t<button class=\"card-properties-portfolio d-flex align-items-center justify-content-center position-absolute z-3 end-0 text-white bg-primary me-3 border-0 px-0\" data-pfl-id=\"728119\" data-pfl-filter=\"sale\" aria-label=\"Add to portfolio\">\n\t\t\t\t<svg width=\"18\" fill=\"currentColor\" viewBox=\"0 0 512 512\">\n\t\t\t\t\t<use href=\"https:\/\/www.panoramamarbella.com\/wp-content\/themes\/panoramamarbella\/dist\/src\/images\/icons.svg#svgHeart\"><\/use>\n\t\t\t\t<\/svg>\n\t\t\t\t<svg width=\"18\" fill=\"currentColor\" viewBox=\"0 0 512 512\">\n\t\t\t\t\t<use href=\"https:\/\/www.panoramamarbella.com\/wp-content\/themes\/panoramamarbella\/dist\/src\/images\/icons.svg#svgHeartIn\"><\/use>\n\t\t\t\t<\/svg>\n\t\t\t<\/button>\n\t\t<\/div>\n\t\t\t\t<button\n\t\t\tclass=\"carousel-control-prev\"\n\t\t\ttype=\"button\"\n\t\t\tdata-bs-target=\"#carouselCardProperties-1-3\"\n\t\t\tdata-bs-slide=\"prev\">\n\t\t\t<span class=\"carousel-control-prev-icon\" aria-hidden=\"true\"><\/span>\n\t\t\t<span class=\"visually-hidden\">Anterior<\/span>\n\t\t<\/button>\n\t\t<button\n\t\t\tclass=\"carousel-control-next\"\n\t\t\ttype=\"button\"\n\t\t\tdata-bs-target=\"#carouselCardProperties-1-3\"\n\t\t\tdata-bs-slide=\"next\">\n\t\t\t<span class=\"carousel-control-next-icon\" aria-hidden=\"true\"><\/span>\n\t\t\t<span class=\"visually-hidden\">Siguiente<\/span>\n\t\t<\/button>\n\t\t\t<\/div>\n\t<div class=\"d-flex flex-column h-100 px-3 py-4 shadow\">\n\t\t\t\t<h3 class=\"card-properties-title mb-3\">\n\t\t\t<a class=\"stretched-link\" href=\"\/es\/propiedades\/marbella\/marbella-este\/los-monteros-playa\/apartamentos-y-pisos\/PANR-16594\">\n\t\t\t\tLuminoso apartamento en la exclusiva comunidad frente al mar de La Reserva de Los Monteros\t\t\t<\/a>\n\t\t<\/h3>\n\t\t<p class=\"mb-3 text-black-dark\">Los Monteros Playa, Marbella Este<\/p>\n\t\t\t\t\t\t<p class=\"card-properties-description mb-3\">\n\t\t\tEste extraordinario apartamento en primera planta, situado en el exclusivo complejo residencial Los Monteros Playa, en primera l\u00ednea de playa de La Reserva de Los Monteros, ofrece una combinaci\u00f3n excepcional de lujo, privacidad y aut\u00e9ntico&#8230;\t\t<\/p>\n\t\t\t\t<span class=\"card-properties-price mt-auto\">\n\t\t\t\n\t\t\t<span class=\"card-properties-price mt-auto\" data-original-price=\"2250000\">2.250.000\u00a0\u20ac<\/span>\n\t\t\t\t<\/span>\n\t\t\t\t<ul class=\"card-properties-features list-unstyled d-flex flex-wrap align-items-center gap-3 pt-3 border-top mt-3 mb-0\">\n\t\t\t<li class=\"d-flex align-items-center\">2 Dorms.<\/li><li class=\"d-flex align-items-center\">2 Ba\u00f1os<\/li>\t\t\t\t<li class=\"d-flex align-items-center\">\n\t\t\t\t\t <span class=\"me-1\" data-original-value=\"169\" data-original-unit=\"m&#038;sup2\">169 m&sup2;<\/span>Total\t\t\t\t<\/li>\n\t\t\t\t\t\t\t<li class=\"d-flex align-items-center\">\n\t\t\t\t\t <span class=\"me-1\" data-original-value=\"141\" data-original-unit=\"m&#038;sup2\">141 m&sup2;<\/span>Construido\t\t\t\t<\/li>\n\t\t\t\t\t\t\t<li class=\"d-flex align-items-center\">\n\t\t\t\t\t <span class=\"me-1\" data-original-value=\"28\" data-original-unit=\"m&#038;sup2\">28 m&sup2;<\/span>Terrazas\t\t\t\t<\/li>\n\t\t\t\t\t<\/ul>\n\t\t\t<\/div>\n<\/article>\n\n\n<article class=\"col card-properties position-relative d-flex flex-column\">\n\t<div id=\"carouselCardProperties-1-4\" class=\"card-properties-images carousel slide carousel-fade lazy\" data-bs-ride=\"carousel\" data-bs-interval=\"200000\" data-id=\"723554\">\n\t\t<div class=\"carousel-inner\">\n\t\t\t<figure class=\"carousel-item mb-0 active ratio ratio-4x3\">\n\t\t\t\t<picture><source sizes=\"(max-width: 575px) calc(100vw - 24px), (max-width: 767px) 516px, (max-width: 991px) 696px, (max-width: 1199px) 296px, (max-width: 1399px) 356px, 400px\" width=\"696\" height=\"522\" srcset=\"https:\/\/media.panoramamarbella.com\/imgV1\/B95mbh8olwFQm~uCUaVOI2kQT0hb0a8sZ9turUNfnwtvuccYCzs0YVPfPbfkc2VnnN1JFDpkYaGfw1gJsS~5hO3H2LVwNDDPJsMHirEVuZOrHsOEqQHrdchrkszNp37D7uW0dxUtaqQdk2TxoJbZkVoynhFYOuS~yc8fl1s4geq01t0iqwrJHvU_CbX5iNQ5f7_iIEgGmvOzGOFWzQMKuVg_amFHqHRzX_dUA_~2FyIqGW6S0q5kDjYvQ9L8ZsHQfK_m0SBhjMG~U41SpeFrFuRxD51S8KzVjpvtn97yPhMMoG7kOmcpN4UMCnmpO6ARXXdoG~SPRJtXUokj6oDeiEBrWiEgTgEsXWkwpeDdNWXFJI6n5gtWHuCHiNtnBC7a014LOZNB6els6PQDxHQ4E_0cOhrTqetvd9grEtDLHoBnqffqh7okpc2dBvLWMQPhaKA7YAJdgYGbzSBY2Xx2.webp 696w,https:\/\/media.panoramamarbella.com\/imgV1\/B95mbh8olwFQm~uCUaVOI2kQT0hb0a8sZ9turUNfnwtvuccYCzs0YVPfPbfkc2VnnN1JFDpkYaGfw1gJsS~5hO3H2LVwNDDPJsMHirEVuZOrHsOEqQHrdchrkszNp37D7uW0dxUtaqQdk2TxoJbZkVoynhFYOuS~yc8fl1s4g4fcbPOk3w_hfOg3jH7YpBxrN~l3zCfAnUQ2Y7qyFR_ObqYJ9_eDs~I1_c~9EkHyHjotge0PrHxyh0q5927yw2XHupagTE_Hc6LV_cMk8CAcc1bGaGeFH~0v1VPWhnBQokVms9ypINpCVWkVzHlihXktYrEi7mWv~mTKUh~gKNZRMIzZkENK9_LQCjXCrGtleAfNXoJxub597lhFLv3GSmukSC6DYc~9B0QGOCZrGZG9utsLwcgLY3bQR~t0biAPs66zK8F6K6Z1zFjfGVhT6bU5vmLfv1cy5R9cvBgOu2bg.webp 400w\" type=\"image\/webp\"><img decoding=\"async\" class=\"position-absolute w-100 h-100 object-fit-cover\" alt=\"Precioso apartamento con vistas al mar en Oasis de Marbella, a pasos de servicios y la playa\" loading=\"lazy\" width=\"696\" height=\"522\" src=\"https:\/\/media.panoramamarbella.com\/imgV1\/B95mbh8olwFQm~uCUaVOI2kQT0hb0a8sZ9turUNfnwtvuccYCzs0YVPfPbfkc2VnnN1JFDpkYaGfw1gJsS~5hO3H2LVwNDDPJsMHirEVuZOrHsOEqQHrdchrkszNp37D7uW0dxUtaqQdk2TxoJbZkVoynhFYOuS~yc8fl1s4geq01t0iqwrJHvU_CbX5lkOv2TPmW_jzZ8SQJjtX6zN13W1gI6IKSwVrEr1G7Wxc3rKSP~6q7Sng1QgsCosBKk3Oz9NyJ4BeYjlhg50VQazDB_36QjRXS3dnDmhY599KK9qPq1Xqur080E6yq2a6RfaUpuhrE7zwUX6m7W0jgQlgwOm3eTbeVF8a1cwkfE~wDEal1tm1Fgmof0CBFDm4gcWn74ZKyyIhZz2uHaMLEtAL9Pel69niHbZHiuo9Vjd3LIyB0mPSnipfuXnJWJ4-.jpg\"><\/picture>\t\t\t<\/figure>\n\t\t\t\t\t\t<span class=\"card-properties-ref position-absolute z-2 bottom-0 end-0 bg-white text-primary py-1 px-3 me-3\">\n\t\t\t\tPANR-16552\t\t\t<\/span>\n\t\t\t<button class=\"card-properties-portfolio d-flex align-items-center justify-content-center position-absolute z-3 end-0 text-white bg-primary me-3 border-0 px-0\" data-pfl-id=\"723554\" data-pfl-filter=\"sale\" aria-label=\"Add to portfolio\">\n\t\t\t\t<svg width=\"18\" fill=\"currentColor\" viewBox=\"0 0 512 512\">\n\t\t\t\t\t<use href=\"https:\/\/www.panoramamarbella.com\/wp-content\/themes\/panoramamarbella\/dist\/src\/images\/icons.svg#svgHeart\"><\/use>\n\t\t\t\t<\/svg>\n\t\t\t\t<svg width=\"18\" fill=\"currentColor\" viewBox=\"0 0 512 512\">\n\t\t\t\t\t<use href=\"https:\/\/www.panoramamarbella.com\/wp-content\/themes\/panoramamarbella\/dist\/src\/images\/icons.svg#svgHeartIn\"><\/use>\n\t\t\t\t<\/svg>\n\t\t\t<\/button>\n\t\t<\/div>\n\t\t\t\t<button\n\t\t\tclass=\"carousel-control-prev\"\n\t\t\ttype=\"button\"\n\t\t\tdata-bs-target=\"#carouselCardProperties-1-4\"\n\t\t\tdata-bs-slide=\"prev\">\n\t\t\t<span class=\"carousel-control-prev-icon\" aria-hidden=\"true\"><\/span>\n\t\t\t<span class=\"visually-hidden\">Anterior<\/span>\n\t\t<\/button>\n\t\t<button\n\t\t\tclass=\"carousel-control-next\"\n\t\t\ttype=\"button\"\n\t\t\tdata-bs-target=\"#carouselCardProperties-1-4\"\n\t\t\tdata-bs-slide=\"next\">\n\t\t\t<span class=\"carousel-control-next-icon\" aria-hidden=\"true\"><\/span>\n\t\t\t<span class=\"visually-hidden\">Siguiente<\/span>\n\t\t<\/button>\n\t\t\t<\/div>\n\t<div class=\"d-flex flex-column h-100 px-3 py-4 shadow\">\n\t\t\t\t<h3 class=\"card-properties-title mb-3\">\n\t\t\t<a class=\"stretched-link\" href=\"\/es\/propiedades\/marbella\/marbella-golden-mile\/oasis-de-marbella\/apartamentos-y-pisos\/PANR-16552\">\n\t\t\t\tPrecioso apartamento con vistas al mar en Oasis de Marbella, a pasos de servicios y la playa\t\t\t<\/a>\n\t\t<\/h3>\n\t\t<p class=\"mb-3 text-black-dark\">Oasis de Marbella, Marbella Golden Mile<\/p>\n\t\t\t\t\t\t<p class=\"card-properties-description mb-3\">\n\t\t\tEsta propiedad representa una oportunidad verdaderamente excepcional en el mercado inmobiliario: un elegante apartamento situado en Oasis de Marbella, una de las urbanizaciones m\u00e1s exclusivas de la Milla de Oro, con agradables vistas al mar&#8230;\t\t<\/p>\n\t\t\t\t<span class=\"card-properties-price mt-auto\">\n\t\t\t\n\t\t\t<span class=\"card-properties-price mt-auto\" data-original-price=\"795000\">795.000\u00a0\u20ac<\/span>\n\t\t\t\t<\/span>\n\t\t\t\t<ul class=\"card-properties-features list-unstyled d-flex flex-wrap align-items-center gap-3 pt-3 border-top mt-3 mb-0\">\n\t\t\t<li class=\"d-flex align-items-center\">2 Dorms.<\/li><li class=\"d-flex align-items-center\">2 Ba\u00f1os<\/li>\t\t\t\t<li class=\"d-flex align-items-center\">\n\t\t\t\t\t <span class=\"me-1\" data-original-value=\"125\" data-original-unit=\"m&#038;sup2\">125 m&sup2;<\/span>Total\t\t\t\t<\/li>\n\t\t\t\t\t\t\t<li class=\"d-flex align-items-center\">\n\t\t\t\t\t <span class=\"me-1\" data-original-value=\"108\" data-original-unit=\"m&#038;sup2\">108 m&sup2;<\/span>Construido\t\t\t\t<\/li>\n\t\t\t\t\t\t\t<li class=\"d-flex align-items-center\">\n\t\t\t\t\t <span class=\"me-1\" data-original-value=\"17\" data-original-unit=\"m&#038;sup2\">17 m&sup2;<\/span>Terrazas\t\t\t\t<\/li>\n\t\t\t\t\t<\/ul>\n\t\t\t<\/div>\n<\/article>\n\n\n<article class=\"col card-properties position-relative d-flex flex-column\">\n\t<div id=\"carouselCardProperties-1-5\" class=\"card-properties-images carousel slide carousel-fade lazy\" data-bs-ride=\"carousel\" data-bs-interval=\"200000\" data-id=\"723406\">\n\t\t<div class=\"carousel-inner\">\n\t\t\t<figure class=\"carousel-item mb-0 active ratio ratio-4x3\">\n\t\t\t\t<picture><source sizes=\"(max-width: 575px) calc(100vw - 24px), (max-width: 767px) 516px, (max-width: 991px) 696px, (max-width: 1199px) 296px, (max-width: 1399px) 356px, 400px\" width=\"696\" height=\"522\" srcset=\"https:\/\/media.panoramamarbella.com\/imgV1\/B95mbh8olwFQm~uCUaVOI2kQT0hb0a8sZ9turUNfnwtvuccYCzs0YVPfPbfkc2VnnN1JFDpkYaGfw1gJsS~5hO3H2~EKKP4VT~FE0~8yWwK8Jmvf4C0R9DMRXCk3LgqQgoTTZkoxI5bOjOB5sm_9BQnqxDlOg7O5zUcqzEohdzjku2JJEE8SZ_b2uAxhZlQkjZgaeTO0xH55xiR~llOTBCa4Lfw8hw40kq_C6f5fkznJYhvvV6EEVnQND~RXD06BofsgP7rFP20MQYVFunuM~WA4uQVZ0TeHBxMFdsF9W4SxG1OJEb6~DMCF8Dc9nVENFbMpAogIYS0kZVV25rhCNi5XiHZdRmqXbPKNnRYrJXHEYIwWoa5hQ6WCZzIbn~RoRTje6Wp0A5Zeiu6OmNVLx_bFfToAU~ZCgLGTI9qEjQZLleMo6rppSsfO4~CX5_z1QpUygBarj3Dc2jFo1KxA.webp 696w,https:\/\/media.panoramamarbella.com\/imgV1\/B95mbh8olwFQm~uCUaVOI2kQT0hb0a8sZ9turUNfnwtvuccYCzs0YVPfPbfkc2VnnN1JFDpkYaGfw1gJsS~5hO3H2~EKKP4VT~FE0~8yWwK8Jmvf4C0R9DMRXCk3LgqQgoTTZkoxI5bOjOB5sm_9BQnqxDlOg7O5zUcqzEohdfVUtWtNJmVGkuCy~xDtZJwy87nlgwKqSkPCHydLKwimnp1ezqFscN1XAZrjvAkNpc~Y13SReqo3YMOAWeMv_xEdWZzI9IjHyKvIZOsg1G7ymkoTw9~v~8qDLMxx_82~Fvi8fTTr618k0wXGqkXpbA4spP3Q1YuikCkD7GdZs_ftNRZywwDmVDJxZpAGRwdtka1kmPn4_sJ15_asIyaiJUhojkbVWFvNxGZSWzp4RhRykDYLmp1UbLznfptYjsMIhYszNRnw92svX~klXsA7~S7OrQzpIt5kiyOhiPKX~5_O.webp 400w\" type=\"image\/webp\"><img decoding=\"async\" class=\"position-absolute w-100 h-100 object-fit-cover\" alt=\"Precioso apartamento con vistas al mar en la exclusiva urbanizaci\u00f3n de Sierra Blanca\" loading=\"lazy\" width=\"696\" height=\"522\" src=\"https:\/\/media.panoramamarbella.com\/imgV1\/B95mbh8olwFQm~uCUaVOI2kQT0hb0a8sZ9turUNfnwtvuccYCzs0YVPfPbfkc2VnnN1JFDpkYaGfw1gJsS~5hO3H2~EKKP4VT~FE0~8yWwK8Jmvf4C0R9DMRXCk3LgqQgoTTZkoxI5bOjOB5sm_9BQnqxDlOg7O5zUcqzEohdzjku2JJEE8SZ_b2uAxheByhC1g_DMcxrjUbWlNxbFDMOIG8QhmwIQzk65J77lRwRZrIsAoUIw3L8B~uZufDj0aauD~xJnJSwL5mVPK39Dw4VOPmuop7PNf3Vv8vrLpjp1Tc0DN36vsHPqi54EeTYPUNrdh~uiyAmFPD75rWztW23c1dsK8oCnnOImhiN0xHnQG9n3VQw41zRnFAE9mOWvDnfnVcgboa74Z~h6Et9zrtZRi6NxATyXPy~Z3orosTqSUQ5APhV5OQhaTRPr8-.jpg\"><\/picture>\t\t\t<\/figure>\n\t\t\t\t\t\t<span class=\"card-properties-ref position-absolute z-2 bottom-0 end-0 bg-white text-primary py-1 px-3 me-3\">\n\t\t\t\tPANR-16551\t\t\t<\/span>\n\t\t\t<button class=\"card-properties-portfolio d-flex align-items-center justify-content-center position-absolute z-3 end-0 text-white bg-primary me-3 border-0 px-0\" data-pfl-id=\"723406\" data-pfl-filter=\"sale\" aria-label=\"Add to portfolio\">\n\t\t\t\t<svg width=\"18\" fill=\"currentColor\" viewBox=\"0 0 512 512\">\n\t\t\t\t\t<use href=\"https:\/\/www.panoramamarbella.com\/wp-content\/themes\/panoramamarbella\/dist\/src\/images\/icons.svg#svgHeart\"><\/use>\n\t\t\t\t<\/svg>\n\t\t\t\t<svg width=\"18\" fill=\"currentColor\" viewBox=\"0 0 512 512\">\n\t\t\t\t\t<use href=\"https:\/\/www.panoramamarbella.com\/wp-content\/themes\/panoramamarbella\/dist\/src\/images\/icons.svg#svgHeartIn\"><\/use>\n\t\t\t\t<\/svg>\n\t\t\t<\/button>\n\t\t<\/div>\n\t\t\t\t<button\n\t\t\tclass=\"carousel-control-prev\"\n\t\t\ttype=\"button\"\n\t\t\tdata-bs-target=\"#carouselCardProperties-1-5\"\n\t\t\tdata-bs-slide=\"prev\">\n\t\t\t<span class=\"carousel-control-prev-icon\" aria-hidden=\"true\"><\/span>\n\t\t\t<span class=\"visually-hidden\">Anterior<\/span>\n\t\t<\/button>\n\t\t<button\n\t\t\tclass=\"carousel-control-next\"\n\t\t\ttype=\"button\"\n\t\t\tdata-bs-target=\"#carouselCardProperties-1-5\"\n\t\t\tdata-bs-slide=\"next\">\n\t\t\t<span class=\"carousel-control-next-icon\" aria-hidden=\"true\"><\/span>\n\t\t\t<span class=\"visually-hidden\">Siguiente<\/span>\n\t\t<\/button>\n\t\t\t<\/div>\n\t<div class=\"d-flex flex-column h-100 px-3 py-4 shadow\">\n\t\t\t\t<h3 class=\"card-properties-title mb-3\">\n\t\t\t<a class=\"stretched-link\" href=\"\/es\/propiedades\/marbella\/marbella-golden-mile\/el-alfar\/apartamentos-y-pisos\/PANR-16551\">\n\t\t\t\tPrecioso apartamento con vistas al mar en la exclusiva urbanizaci\u00f3n de Sierra Blanca\t\t\t<\/a>\n\t\t<\/h3>\n\t\t<p class=\"mb-3 text-black-dark\">El Alfar, Marbella Golden Mile<\/p>\n\t\t\t\t\t\t<p class=\"card-properties-description mb-3\">\n\t\t\tEsta propiedad representa una oportunidad verdaderamente excepcional en el mercado inmobiliario: un elegante apartamento situado en Sierra Blanca, una de las zonas residenciales m\u00e1s exclusivas de Marbella, con preciosas vistas al mar y ubicado dentro&#8230;\t\t<\/p>\n\t\t\t\t<span class=\"card-properties-price mt-auto\">\n\t\t\t\n\t\t\t<span class=\"card-properties-price mt-auto\" data-original-price=\"750000\">750.000\u00a0\u20ac<\/span>\n\t\t\t\t<\/span>\n\t\t\t\t<ul class=\"card-properties-features list-unstyled d-flex flex-wrap align-items-center gap-3 pt-3 border-top mt-3 mb-0\">\n\t\t\t<li class=\"d-flex align-items-center\">2 Dorms.<\/li><li class=\"d-flex align-items-center\">2 Ba\u00f1os<\/li>\t\t\t\t<li class=\"d-flex align-items-center\">\n\t\t\t\t\t <span class=\"me-1\" data-original-value=\"107\" data-original-unit=\"m&#038;sup2\">107 m&sup2;<\/span>Total\t\t\t\t<\/li>\n\t\t\t\t\t\t\t<li class=\"d-flex align-items-center\">\n\t\t\t\t\t <span class=\"me-1\" data-original-value=\"90\" data-original-unit=\"m&#038;sup2\">90 m&sup2;<\/span>Construido\t\t\t\t<\/li>\n\t\t\t\t\t\t\t<li class=\"d-flex align-items-center\">\n\t\t\t\t\t <span class=\"me-1\" data-original-value=\"17\" data-original-unit=\"m&#038;sup2\">17 m&sup2;<\/span>Terrazas\t\t\t\t<\/li>\n\t\t\t\t\t<\/ul>\n\t\t\t<\/div>\n<\/article>\n\t\t\t<\/div>\n\t\t\t\t\t<\/section>\n\t\t\n","protected":false},"excerpt":{"rendered":"<p>Luca Solari: ciclista y matem\u00e1tico; se asent\u00f3 en Marbella 2011.<\/p>\n","protected":false},"template":"","meta":{"_acf_changed":true},"class_list":["post-1169","agents","type-agents","status-publish","hentry"],"acf":[],"_links":{"self":[{"href":"https:\/\/www.panoramamarbella.com\/es\/wp-json\/wp\/v2\/agents\/1169","targetHints":{"allow":["GET"]}}],"collection":[{"href":"https:\/\/www.panoramamarbella.com\/es\/wp-json\/wp\/v2\/agents"}],"about":[{"href":"https:\/\/www.panoramamarbella.com\/es\/wp-json\/wp\/v2\/types\/agents"}],"wp:attachment":[{"href":"https:\/\/www.panoramamarbella.com\/es\/wp-json\/wp\/v2\/media?parent=1169"}],"curies":[{"name":"wp","href":"https:\/\/api.w.org\/{rel}","templated":true}]}}