{"id":1211,"date":"2024-05-15T14:36:16","date_gmt":"2024-05-15T12:36:16","guid":{"rendered":"https:\/\/www.panoramamarbella.com\/?post_type=agents&#038;p=1211"},"modified":"2025-11-18T11:58:33","modified_gmt":"2025-11-18T10:58:33","slug":"sean-cannon","status":"publish","type":"agents","link":"https:\/\/www.panoramamarbella.com\/es\/sobre-nosotros\/equipo\/sean-cannon","title":{"rendered":"Sean Cannon"},"content":{"rendered":"\n\n<p>Sean Cannon naci\u00f3 en Dubl\u00edn, Irlanda, est\u00e1 Licenciado en T\u00e9cnicas de Gesti\u00f3n y Marketing de La universidad de Trinity, Dubl\u00edn y tiene a\u00f1os de experiencia en el Mercado Inmobiliario espa\u00f1ol, especializ\u00e1ndose en propiedades residenciales de alta categor\u00eda. <\/p>\n\n\n\n<p>Sean comenz\u00f3 en Panorama en 2008 y se ha convertido en Agente Senior de Ventas por su gran cuidado por el detalle y por su creciente lista de clientes satisfechos. <\/p>\n\n\n\n<p>Tras diez a\u00f1os de esfuerzo y dedicaci\u00f3n Sean se convirti\u00f3 en Consultor Comercial Senior&nbsp;en julio 2018.<\/p>\n\n\n\n<p>Sean tiene una excepcional habilidad comunicativa! Su encanto personal, experiencia, amplio conocimiento del producto, paciencia y actitud positiva hacia todo, Sean se ha convertido en una estrella en conseguir la casa ideal para sus clientes y de hacerse de nuevos amigos en el proceso. <\/p>\n\n\n\n<p>Habla ingl\u00e9s y castellano.<\/p>\n\n\n\n\n\t\t<section class=\"container wp-block-acf-inmpropselection\">\n\t\t\t<h2>Viviendas recomendadas por Sean<\/h2>\t\t\t<div class=\"row row-cols-1 row-cols-lg-3 gy-5 g-xxl-5\">\n\t\t\t\t\n<article class=\"col card-properties position-relative d-flex flex-column\">\n\t<div id=\"carouselCardProperties-1-0\" class=\"card-properties-images carousel slide carousel-fade lazy\" data-bs-ride=\"carousel\" data-bs-interval=\"200000\" data-id=\"658186\">\n\t\t<div class=\"carousel-inner\">\n\t\t\t<figure class=\"carousel-item mb-0 active ratio ratio-4x3\">\n\t\t\t\t<picture><source sizes=\"(max-width: 575px) calc(100vw - 24px), (max-width: 767px) 516px, (max-width: 991px) 696px, (max-width: 1199px) 296px, (max-width: 1399px) 356px, 400px\" width=\"696\" height=\"522\" srcset=\"https:\/\/media.panoramamarbella.com\/imgV1\/B95mbh8olwFQm~uCUaVOI2kQT0hb0a8sZ9turUNfnwtvuccYCzs0YVPfPbfkc2VnnN1JFDpkYaGfw1gJsS~5h5mx_i~ZBUpECX4hJ3w8j5A7fdy32H5IV6NPx4wR0O3mWXFdIGxyNJuPa3KQMEaQmilG~DGad49d4hCVzO4DLqB_hpHR~Az~UM1B5XT2vTYdiCb6dC_ax77kSVYwnwuRuZl5adrmAPaCK2EvTqOX0muK7RyK2m1XRD6gZVxWLTQEv6m7Jxwi0zbW97VAmuZakkUMrZXQzyB2suLaLih5C7JRZBg5Va2kLH0pMJwFGu6AfU9u9MUbGkTBDFpo9o2AIXSxg8v0S2eRDRIA8DICjZyk959GHc1Lc7KvcrdmL_d6gPmLnr7MuUecA~zmV6iTtdwvNIJ1SC6f5Q2yyMKtAywxwOm63mir~dpAlcc_45DW4qL4qRBu9L~B2wdRYoS9.webp 696w,https:\/\/media.panoramamarbella.com\/imgV1\/B95mbh8olwFQm~uCUaVOI2kQT0hb0a8sZ9turUNfnwtvuccYCzs0YVPfPbfkc2VnnN1JFDpkYaGfw1gJsS~5h5mx_i~ZBUpECX4hJ3w8j5A7fdy32H5IV6NPx4wR0O3mWXFdIGxyNJuPa3KQMEaQmilG~DGad49d4hCVzO4DLNbmB1s4U9WF0XdOB7C3aMsPGVO97QrQ6W2Cip_f8POY2bFdVTMgLKzZJbQxlhkoGAWeyJE~gX_Zyw3q6qa6m_khSJdj9KYD2BZX0IZwGNotrzAJgKYp6r7ITqg_hQrPiAOjxorvW1Zl_Ry0upQC2SkWjTuRPuCqAZ_3CbsgXddDCQymf6i5eWsiD~rskGT0FiMjQIV989zReCe2Q_NvQeVAnBDZYxtLcV1bkEbpCCJ_cSCr4wkLAPLjoi2v94IN5v~CAvU7F5AuSJfCqvEVQMCfKia7E3z~DS01dQ3jehKp.webp 400w\" type=\"image\/webp\"><img decoding=\"async\" class=\"position-absolute w-100 h-100 object-fit-cover\" alt=\"Villa contempor\u00e1nea en Atalaya R\u00edo Verde, totalmente amueblada y decorada, con vistas al mar y a la monta\u00f1a\" loading=\"lazy\" width=\"696\" height=\"522\" src=\"https:\/\/media.panoramamarbella.com\/imgV1\/B95mbh8olwFQm~uCUaVOI2kQT0hb0a8sZ9turUNfnwtvuccYCzs0YVPfPbfkc2VnnN1JFDpkYaGfw1gJsS~5h5mx_i~ZBUpECX4hJ3w8j5A7fdy32H5IV6NPx4wR0O3mWXFdIGxyNJuPa3KQMEaQmilG~DGad49d4hCVzO4DLqB_hpHR~Az~UM1B5XT2o~LCEfQFxYkZIj4wenf~WiZQbo5sRe8C6kqDe_6Ut7Geq7Z_45is1beueX5YOAZy1~rXq1~IdlFsOxtEUAi07Mx54_OMj~de6UCmLSlki044iODFlbDb2e7tqSEqzYBNKaS~ap5aDh9HCF53fnkquz9vBSq4EL5smaYsNRtBfZJdXrW8qAXQHG38fPEtc43EHndI4BrUFOO9GoETRRTP2l6cvsNxOVplVUkX3c8yPrZMKMvTvnzfBqktU1EpCiA-.jpg\"><\/picture>\t\t\t<\/figure>\n\t\t\t\t\t\t<span class=\"card-properties-ref position-absolute z-2 bottom-0 end-0 bg-white text-primary py-1 px-3 me-3\">\n\t\t\t\tPANR-15994\t\t\t<\/span>\n\t\t\t<button class=\"card-properties-portfolio d-flex align-items-center justify-content-center position-absolute z-3 end-0 text-white bg-primary me-3 border-0 px-0\" data-pfl-id=\"658186\" data-pfl-filter=\"sale\" aria-label=\"Add to portfolio\">\n\t\t\t\t<svg width=\"18\" fill=\"currentColor\" viewBox=\"0 0 512 512\">\n\t\t\t\t\t<use href=\"https:\/\/www.panoramamarbella.com\/wp-content\/themes\/panoramamarbella\/dist\/src\/images\/icons.svg#svgHeart\"><\/use>\n\t\t\t\t<\/svg>\n\t\t\t\t<svg width=\"18\" fill=\"currentColor\" viewBox=\"0 0 512 512\">\n\t\t\t\t\t<use href=\"https:\/\/www.panoramamarbella.com\/wp-content\/themes\/panoramamarbella\/dist\/src\/images\/icons.svg#svgHeartIn\"><\/use>\n\t\t\t\t<\/svg>\n\t\t\t<\/button>\n\t\t<\/div>\n\t\t\t\t<button\n\t\t\tclass=\"carousel-control-prev\"\n\t\t\ttype=\"button\"\n\t\t\tdata-bs-target=\"#carouselCardProperties-1-0\"\n\t\t\tdata-bs-slide=\"prev\">\n\t\t\t<span class=\"carousel-control-prev-icon\" aria-hidden=\"true\"><\/span>\n\t\t\t<span class=\"visually-hidden\">Anterior<\/span>\n\t\t<\/button>\n\t\t<button\n\t\t\tclass=\"carousel-control-next\"\n\t\t\ttype=\"button\"\n\t\t\tdata-bs-target=\"#carouselCardProperties-1-0\"\n\t\t\tdata-bs-slide=\"next\">\n\t\t\t<span class=\"carousel-control-next-icon\" aria-hidden=\"true\"><\/span>\n\t\t\t<span class=\"visually-hidden\">Siguiente<\/span>\n\t\t<\/button>\n\t\t\t<\/div>\n\t<div class=\"d-flex flex-column h-100 px-3 py-4 shadow\">\n\t\t\t\t<h3 class=\"card-properties-title mb-3\">\n\t\t\t<a class=\"stretched-link\" href=\"\/es\/propiedades\/marbella\/nueva-andalucia\/vilas-6\/villas-y-chalets\/PANR-15994\">\n\t\t\t\tVilla contempor\u00e1nea en Atalaya R\u00edo Verde, totalmente amueblada y decorada, con vistas al mar y a la monta\u00f1a\t\t\t<\/a>\n\t\t<\/h3>\n\t\t<p class=\"mb-3 text-black-dark\">Vilas 6, Nueva Andalucia<\/p>\n\t\t\t\t\t\t<p class=\"card-properties-description mb-3\">\n\t\t\tModerna y excepcional villa pareada situada en la prestigiosa urbanizaci\u00f3n Vilas 6, en Atalaya R\u00edo Verde, una de las zonas residenciales m\u00e1s exclusivas y demandadas de Nueva Andaluc\u00eda. La propiedad combina un dise\u00f1o arquitect\u00f3nico sobresaliente,&#8230;\t\t<\/p>\n\t\t\t\t<span class=\"card-properties-price mt-auto\">\n\t\t\t\n\t\t\t<span class=\"card-properties-price mt-auto\" data-original-price=\"5950000\">5.950.000\u00a0\u20ac<\/span>\n\t\t\t\t<\/span>\n\t\t\t\t<ul class=\"card-properties-features list-unstyled d-flex flex-wrap align-items-center gap-3 pt-3 border-top mt-3 mb-0\">\n\t\t\t<li class=\"d-flex align-items-center\">3 Dorms.<\/li><li class=\"d-flex align-items-center\">4 Ba\u00f1os<\/li>\t\t\t\t<li class=\"d-flex align-items-center\">\n\t\t\t\t\t <span class=\"me-1\" data-original-value=\"703\" data-original-unit=\"m&#038;sup2\">703 m&sup2;<\/span>Total\t\t\t\t<\/li>\n\t\t\t\t\t\t\t<li class=\"d-flex align-items-center\">\n\t\t\t\t\t <span class=\"me-1\" data-original-value=\"269\" data-original-unit=\"m&#038;sup2\">269 m&sup2;<\/span>Parcela\t\t\t\t<\/li>\n\t\t\t\t\t\t\t\t<li class=\"d-flex align-items-center\">\n\t\t\t\t\t <span class=\"me-1\" data-original-value=\"415\" data-original-unit=\"m&#038;sup2\">415 m&sup2;<\/span>Construido\t\t\t\t<\/li>\n\t\t\t\t\t\t\t<li class=\"d-flex align-items-center\">\n\t\t\t\t\t <span class=\"me-1\" data-original-value=\"288\" data-original-unit=\"m&#038;sup2\">288 m&sup2;<\/span>Terrazas\t\t\t\t<\/li>\n\t\t\t\t\t<\/ul>\n\t\t\t<\/div>\n<\/article>\n\n\n<article class=\"col card-properties position-relative d-flex flex-column\">\n\t<div id=\"carouselCardProperties-1-1\" class=\"card-properties-images carousel slide carousel-fade lazy\" data-bs-ride=\"carousel\" data-bs-interval=\"200000\" data-id=\"658185\">\n\t\t<div class=\"carousel-inner\">\n\t\t\t<figure class=\"carousel-item mb-0 active ratio ratio-4x3\">\n\t\t\t\t<picture><source sizes=\"(max-width: 575px) calc(100vw - 24px), (max-width: 767px) 516px, (max-width: 991px) 696px, (max-width: 1199px) 296px, (max-width: 1399px) 356px, 400px\" width=\"696\" height=\"522\" srcset=\"https:\/\/media.panoramamarbella.com\/imgV1\/B95mbh8olwFQm~uCUaVOI2kQT0hb0a8sZ9turUNfnwtvuccYCzs0YVPfPbfkc2VnnN1JFDpkYaGfw1gJsS~5h5mx~djNKYmaBUBTqWnUkJ3~yUaEOWxwsDpMSr~eb1rJO_j7lqShn46T9MNl1RVfYEB6D1veSt4ZODnZJnwq4R2PK8vvPClk35w34Q39JPpzJl862imLyjezuLvkL4SrcCcRMJlzo0yj6jL2n7Yxowq2f0Wu_XjdSaJLThWtvqMdoB0NXPHx3Q7~DAAVsowvMUGrP6u1v5iKlC_rQceh47Nu~rac76EGLfkJdTY5IMtC2m3mj1U~rcEj4XljwIypSV6U53jagviZIxo5GpiSOkyErlHQB8rkPJ6krlwEFyvebf9csUKPHnf8UWDEzh5yT3_ZwrD9w3ncElVTXJtwqmnu8TPJDAX8EQXzO~MMxp3fWYtD~CIUvG0w89rKchOt.webp 696w,https:\/\/media.panoramamarbella.com\/imgV1\/B95mbh8olwFQm~uCUaVOI2kQT0hb0a8sZ9turUNfnwtvuccYCzs0YVPfPbfkc2VnnN1JFDpkYaGfw1gJsS~5h5mx~djNKYmaBUBTqWnUkJ3~yUaEOWxwsDpMSr~eb1rJO_j7lqShn46T9MNl1RVfYEB6D1veSt4ZODnZJnwq4zOyAGNeBb6gsfVsv8CR9vxfdT5tOJKKT~HMRaCf5QQ1tdvVAXykXaTgvMQtjvyDeLhvaE4Z4MABfKUQtyBiyMP~UTiv1jtdpCS8yJvpqfrvT3XC3G3hCi~3O3inTMulntNfXQHNPhEICo2VuMROz1~L5vm_w_M_PoXMNx3wa6mS7b95xc27Xb_z~nvOFcl2445MxTvgXl8b65Jm1yfxizcLNheCWrwAAsuLt_Zt5YdZ7LkiXpMJEz8~s9uJjfOpN9jDAlJDrfjqvort4oztSSOUnYw7svFYDWeSTcTyILBE.webp 400w\" type=\"image\/webp\"><img decoding=\"async\" class=\"position-absolute w-100 h-100 object-fit-cover\" alt=\"Lujoso \u00e1tico d\u00faplex en EPIC, en pleno coraz\u00f3n de la Milla de Oro de Marbella\" loading=\"lazy\" width=\"696\" height=\"522\" src=\"https:\/\/media.panoramamarbella.com\/imgV1\/B95mbh8olwFQm~uCUaVOI2kQT0hb0a8sZ9turUNfnwtvuccYCzs0YVPfPbfkc2VnnN1JFDpkYaGfw1gJsS~5h5mx~djNKYmaBUBTqWnUkJ3~yUaEOWxwsDpMSr~eb1rJO_j7lqShn46T9MNl1RVfYEB6D1veSt4ZODnZJnwq4R2PK8vvPClk35w34Q39OnyndDVPHTpQEtC8zUJKQ2~hU1hx66KhD5Hi1TeKEPP5vEM3a1~HQSvc5vc5fcRp2vvL0bNZOuGkLVcT~QO_FxlNvsJEJPgWc4x7ovXAZjTcoACeeTu3mCJh9Uyeulr_bUcjLcFFiH1mOhYFR~uZclHRKd9~uiYOUAFNikGwQqeynyncX8xWc3vgLRgc1g86ie70qWtv~uK3J1k_MuOzrLEXXSc6Dkm8VyNijsK25hUN1pwcKPe0PZBA6QX4MW0-.jpg\"><\/picture>\t\t\t<\/figure>\n\t\t\t\t\t\t<span class=\"card-properties-ref position-absolute z-2 bottom-0 end-0 bg-white text-primary py-1 px-3 me-3\">\n\t\t\t\tPANR-15993\t\t\t<\/span>\n\t\t\t<button class=\"card-properties-portfolio d-flex align-items-center justify-content-center position-absolute z-3 end-0 text-white bg-primary me-3 border-0 px-0\" data-pfl-id=\"658185\" data-pfl-filter=\"sale\" aria-label=\"Add to portfolio\">\n\t\t\t\t<svg width=\"18\" fill=\"currentColor\" viewBox=\"0 0 512 512\">\n\t\t\t\t\t<use href=\"https:\/\/www.panoramamarbella.com\/wp-content\/themes\/panoramamarbella\/dist\/src\/images\/icons.svg#svgHeart\"><\/use>\n\t\t\t\t<\/svg>\n\t\t\t\t<svg width=\"18\" fill=\"currentColor\" viewBox=\"0 0 512 512\">\n\t\t\t\t\t<use href=\"https:\/\/www.panoramamarbella.com\/wp-content\/themes\/panoramamarbella\/dist\/src\/images\/icons.svg#svgHeartIn\"><\/use>\n\t\t\t\t<\/svg>\n\t\t\t<\/button>\n\t\t<\/div>\n\t\t\t\t<button\n\t\t\tclass=\"carousel-control-prev\"\n\t\t\ttype=\"button\"\n\t\t\tdata-bs-target=\"#carouselCardProperties-1-1\"\n\t\t\tdata-bs-slide=\"prev\">\n\t\t\t<span class=\"carousel-control-prev-icon\" aria-hidden=\"true\"><\/span>\n\t\t\t<span class=\"visually-hidden\">Anterior<\/span>\n\t\t<\/button>\n\t\t<button\n\t\t\tclass=\"carousel-control-next\"\n\t\t\ttype=\"button\"\n\t\t\tdata-bs-target=\"#carouselCardProperties-1-1\"\n\t\t\tdata-bs-slide=\"next\">\n\t\t\t<span class=\"carousel-control-next-icon\" aria-hidden=\"true\"><\/span>\n\t\t\t<span class=\"visually-hidden\">Siguiente<\/span>\n\t\t<\/button>\n\t\t\t<\/div>\n\t<div class=\"d-flex flex-column h-100 px-3 py-4 shadow\">\n\t\t\t\t<h3 class=\"card-properties-title mb-3\">\n\t\t\t<a class=\"stretched-link\" href=\"\/es\/propiedades\/marbella\/marbella-golden-mile\/epic-marbella\/apartamentos-y-pisos\/PANR-15993\">\n\t\t\t\tLujoso \u00e1tico d\u00faplex en EPIC, en pleno coraz\u00f3n de la Milla de Oro de Marbella\t\t\t<\/a>\n\t\t<\/h3>\n\t\t<p class=\"mb-3 text-black-dark\">Epic Marbella, Marbella Golden Mile<\/p>\n\t\t\t\t\t\t<p class=\"card-properties-description mb-3\">\n\t\t\tImpresionante \u00e1tico d\u00faplex de nueva construcci\u00f3n con 3 dormitorios, situado en la exclusiva Fase 3 de Epic, en pleno coraz\u00f3n de la Milla de Oro de Marbella. Epic representa un concepto \u00fanico de apartamentos y&#8230;\t\t<\/p>\n\t\t\t\t<span class=\"card-properties-price mt-auto\">\n\t\t\t\n\t\t\t<span class=\"card-properties-price mt-auto\" data-original-price=\"6500000\">6.500.000\u00a0\u20ac<\/span>\n\t\t\t\t<\/span>\n\t\t\t\t<ul class=\"card-properties-features list-unstyled d-flex flex-wrap align-items-center gap-3 pt-3 border-top mt-3 mb-0\">\n\t\t\t<li class=\"d-flex align-items-center\">3 Dorms.<\/li><li class=\"d-flex align-items-center\">3 Ba\u00f1os<\/li>\t\t\t\t<li class=\"d-flex align-items-center\">\n\t\t\t\t\t <span class=\"me-1\" data-original-value=\"579\" data-original-unit=\"m&#038;sup2\">579 m&sup2;<\/span>Total\t\t\t\t<\/li>\n\t\t\t\t\t\t\t<li class=\"d-flex align-items-center\">\n\t\t\t\t\t <span class=\"me-1\" data-original-value=\"265\" data-original-unit=\"m&#038;sup2\">265 m&sup2;<\/span>Construido\t\t\t\t<\/li>\n\t\t\t\t\t\t\t<li class=\"d-flex align-items-center\">\n\t\t\t\t\t <span class=\"me-1\" data-original-value=\"314\" data-original-unit=\"m&#038;sup2\">314 m&sup2;<\/span>Terrazas\t\t\t\t<\/li>\n\t\t\t\t\t<\/ul>\n\t\t\t<\/div>\n<\/article>\n\n\n<article class=\"col card-properties position-relative d-flex flex-column\">\n\t<div id=\"carouselCardProperties-1-2\" class=\"card-properties-images carousel slide carousel-fade lazy\" data-bs-ride=\"carousel\" data-bs-interval=\"200000\" data-id=\"658182\">\n\t\t<div class=\"carousel-inner\">\n\t\t\t<figure class=\"carousel-item mb-0 active ratio ratio-4x3\">\n\t\t\t\t<picture><source sizes=\"(max-width: 575px) calc(100vw - 24px), (max-width: 767px) 516px, (max-width: 991px) 696px, (max-width: 1199px) 296px, (max-width: 1399px) 356px, 400px\" width=\"696\" height=\"522\" srcset=\"https:\/\/media.panoramamarbella.com\/imgV1\/B95mbh8olwFQm~uCUaVOI2kQT0hb0a8sZ9turUNfnwtvuccYCzs0YVPfPbfkc2VnnN1JFDpkYaGfw1gJsS~5h5mx~L2TEjgvHXf~jz7gK5FFaJs6Ly9z7RDxEtxbg0fPC9rO4MNHNGOpFOzw1_HNmT8tG983a67kAJPGUllKQIhxWGLVc6bZj5QB3kuVsgXpwXsmGGYf_o42rCdKnEhJtzn_exSoxw5xYbWOuBPVUwJKcrYaOPKCadpG8RS8t7HsRvomQOnB_BbgUOUmUjm8A5wmtKIab6ZqVOTkbBkUgmtv0GdWPCNAxbxPxVFHwJCqcqPuPCwRCJGZtINOPR2G8dDPjn5gvXJ9D_O6pHpxR3QrQrdHHY1ZKypCdF_lXX4NfqdwAC9PbUTZTLjfPV8qk6KEPW6uUZkmhTC3ordalmhb4VaSojwcE6N6TMRZhol7vZzBGy13luDRloAXlJX8.webp 696w,https:\/\/media.panoramamarbella.com\/imgV1\/B95mbh8olwFQm~uCUaVOI2kQT0hb0a8sZ9turUNfnwtvuccYCzs0YVPfPbfkc2VnnN1JFDpkYaGfw1gJsS~5h5mx~L2TEjgvHXf~jz7gK5FFaJs6Ly9z7RDxEtxbg0fPC9rO4MNHNGOpFOzw1_HNmT8tG983a67kAJPGUllKQuF8gt_XcvMIjmRWk3TeGXgK1rDr71z8l1h263HLEL8wOMR70gvkM26vTniX1BIX_0Qiv7kjl8yfYClr6dT2wHteb_3hGf956f45_Il9VrTrgLuUD6rR4fo0Pojr_e2nU2DTw0AdGS27Aw~NUJgRERUCil_MZNid1qGFx7duvz1B3MyJDlzctuSlE7h~uwvT_nWJlDaUtnG0CwuuXa_IfvpCZlzLuM1ymbn8WSO9fd~dPsBFh7XDWNxpZT2IcFTUtYNy5uUxuG5Kprc6263mrb0y3LnyU5EbmiFKIiuU9yRu.webp 400w\" type=\"image\/webp\"><img decoding=\"async\" class=\"position-absolute w-100 h-100 object-fit-cover\" alt=\"\u00c1tico d\u00faplex de lujo dise\u00f1ado por Fendi Casa en Epic Marbella, Milla de Oro\" loading=\"lazy\" width=\"696\" height=\"522\" src=\"https:\/\/media.panoramamarbella.com\/imgV1\/B95mbh8olwFQm~uCUaVOI2kQT0hb0a8sZ9turUNfnwtvuccYCzs0YVPfPbfkc2VnnN1JFDpkYaGfw1gJsS~5h5mx~L2TEjgvHXf~jz7gK5FFaJs6Ly9z7RDxEtxbg0fPC9rO4MNHNGOpFOzw1_HNmT8tG983a67kAJPGUllKQIhxWGLVc6bZj5QB3kuVrAzil7glHAvf1VmLUIM~EfHwKKSmVGJBq0NFYROAsNXyTm5zlnmE3Mo9c8JRL72pRwKBF3WNKPq7z9lW7Gx1zS4vFUvzisxelOtfUckp3dz4Aq6I70gvPokql7I6rrVUV5fSYyrDqzhOLMftfojW7oldkHzVn4Skw08aiHp1U_9deiq_T34yxLTUVLTEwMJncx1mv2CjthmR~PqQRnw~KiUAKVs2mfy9sDIfKok0T6gfHSfjyCaczxbjE5_7ueI-.jpg\"><\/picture>\t\t\t<\/figure>\n\t\t\t\t\t\t<span class=\"card-properties-ref position-absolute z-2 bottom-0 end-0 bg-white text-primary py-1 px-3 me-3\">\n\t\t\t\tPANR-15992\t\t\t<\/span>\n\t\t\t<button class=\"card-properties-portfolio d-flex align-items-center justify-content-center position-absolute z-3 end-0 text-white bg-primary me-3 border-0 px-0\" data-pfl-id=\"658182\" data-pfl-filter=\"sale\" aria-label=\"Add to portfolio\">\n\t\t\t\t<svg width=\"18\" fill=\"currentColor\" viewBox=\"0 0 512 512\">\n\t\t\t\t\t<use href=\"https:\/\/www.panoramamarbella.com\/wp-content\/themes\/panoramamarbella\/dist\/src\/images\/icons.svg#svgHeart\"><\/use>\n\t\t\t\t<\/svg>\n\t\t\t\t<svg width=\"18\" fill=\"currentColor\" viewBox=\"0 0 512 512\">\n\t\t\t\t\t<use href=\"https:\/\/www.panoramamarbella.com\/wp-content\/themes\/panoramamarbella\/dist\/src\/images\/icons.svg#svgHeartIn\"><\/use>\n\t\t\t\t<\/svg>\n\t\t\t<\/button>\n\t\t<\/div>\n\t\t\t\t<button\n\t\t\tclass=\"carousel-control-prev\"\n\t\t\ttype=\"button\"\n\t\t\tdata-bs-target=\"#carouselCardProperties-1-2\"\n\t\t\tdata-bs-slide=\"prev\">\n\t\t\t<span class=\"carousel-control-prev-icon\" aria-hidden=\"true\"><\/span>\n\t\t\t<span class=\"visually-hidden\">Anterior<\/span>\n\t\t<\/button>\n\t\t<button\n\t\t\tclass=\"carousel-control-next\"\n\t\t\ttype=\"button\"\n\t\t\tdata-bs-target=\"#carouselCardProperties-1-2\"\n\t\t\tdata-bs-slide=\"next\">\n\t\t\t<span class=\"carousel-control-next-icon\" aria-hidden=\"true\"><\/span>\n\t\t\t<span class=\"visually-hidden\">Siguiente<\/span>\n\t\t<\/button>\n\t\t\t<\/div>\n\t<div class=\"d-flex flex-column h-100 px-3 py-4 shadow\">\n\t\t\t\t<h3 class=\"card-properties-title mb-3\">\n\t\t\t<a class=\"stretched-link\" href=\"\/es\/propiedades\/marbella\/marbella-golden-mile\/epic-marbella\/apartamentos-y-pisos\/PANR-15992\">\n\t\t\t\t\u00c1tico d\u00faplex de lujo dise\u00f1ado por Fendi Casa en Epic Marbella, Milla de Oro\t\t\t<\/a>\n\t\t<\/h3>\n\t\t<p class=\"mb-3 text-black-dark\">Epic Marbella, Marbella Golden Mile<\/p>\n\t\t\t\t\t\t<p class=\"card-properties-description mb-3\">\n\t\t\tImpresionante \u00e1tico d\u00faplex de nueva construcci\u00f3n con 3 dormitorios, ubicado en la Fase 3 de Epic, en el coraz\u00f3n de la Milla de Oro de Marbella.\r\nEpic representa un concepto \u00fanico de apartamentos y \u00e1ticos de&#8230;\t\t<\/p>\n\t\t\t\t<span class=\"card-properties-price mt-auto\">\n\t\t\t\n\t\t\t<span class=\"card-properties-price mt-auto\" data-original-price=\"6500000\">6.500.000\u00a0\u20ac<\/span>\n\t\t\t\t<\/span>\n\t\t\t\t<ul class=\"card-properties-features list-unstyled d-flex flex-wrap align-items-center gap-3 pt-3 border-top mt-3 mb-0\">\n\t\t\t<li class=\"d-flex align-items-center\">3 Dorms.<\/li><li class=\"d-flex align-items-center\">3 Ba\u00f1os<\/li>\t\t\t\t<li class=\"d-flex align-items-center\">\n\t\t\t\t\t <span class=\"me-1\" data-original-value=\"579\" data-original-unit=\"m&#038;sup2\">579 m&sup2;<\/span>Total\t\t\t\t<\/li>\n\t\t\t\t\t\t\t<li class=\"d-flex align-items-center\">\n\t\t\t\t\t <span class=\"me-1\" data-original-value=\"265\" data-original-unit=\"m&#038;sup2\">265 m&sup2;<\/span>Construido\t\t\t\t<\/li>\n\t\t\t\t\t\t\t<li class=\"d-flex align-items-center\">\n\t\t\t\t\t <span class=\"me-1\" data-original-value=\"314\" data-original-unit=\"m&#038;sup2\">314 m&sup2;<\/span>Terrazas\t\t\t\t<\/li>\n\t\t\t\t\t<\/ul>\n\t\t\t<\/div>\n<\/article>\n\n\n<article class=\"col card-properties position-relative d-flex flex-column\">\n\t<div id=\"carouselCardProperties-1-3\" class=\"card-properties-images carousel slide carousel-fade lazy\" data-bs-ride=\"carousel\" data-bs-interval=\"200000\" data-id=\"612683\">\n\t\t<div class=\"carousel-inner\">\n\t\t\t<figure class=\"carousel-item mb-0 active ratio ratio-4x3\">\n\t\t\t\t<picture><source sizes=\"(max-width: 575px) calc(100vw - 24px), (max-width: 767px) 516px, (max-width: 991px) 696px, (max-width: 1199px) 296px, (max-width: 1399px) 356px, 400px\" width=\"696\" height=\"522\" srcset=\"https:\/\/media.panoramamarbella.com\/imgV1\/B95mbh8olwFQm~uCUaVOI2kQT0hb0a8sZ9turUNfnwtvuccYCzs0YVPfPbfkc2VnnN1JFDpkYaGfw1gJsS~5h5UzL0qBFLM5A8U6aWAyUPaQontLoyyWZ9W~zBB7zVuKBRVrNjXR81X5lFjHjMfqYNgQGJRsmF4kcscBvNgJfe4y37MitDsddgPmbL2gzXEhkSAXVYzYRVxJfazPBeJirVpaVaLLEIUkjtuyyAQjBzXHn~YDtPuULuD1wbiQuepNWM_PoMPIRPKh1a8_WLCa1wYkaskV2KdcPD0FPENvVdyBKW9_YDkviVeV9Kan0Q8E7gpLSaAwGj6UIYI3Oh6wrd01vsJUteL6CjPVUp8Seg1V4FZscObu5GSnG9tyJLhgLj7I8HvgKfPbB1fSdqGTwbjp3YzKla_9232c3yLrXbcouuAfVlCwJi~wh1HiTyx1km~1XSOOh2Udq7p~OP8P.webp 696w,https:\/\/media.panoramamarbella.com\/imgV1\/B95mbh8olwFQm~uCUaVOI2kQT0hb0a8sZ9turUNfnwtvuccYCzs0YVPfPbfkc2VnnN1JFDpkYaGfw1gJsS~5h5UzL0qBFLM5A8U6aWAyUPaQontLoyyWZ9W~zBB7zVuKBRVrNjXR81X5lFjHjMfqYNgQGJRsmF4kcscBvNgJfze1fKQtyOWugvGqbJwKsDiJcrEG7IR~wJa0j8qowYCJMpQ8zlrLGYxQMFT5azg1RcuYQbz4W0rNQfFp~1yIz0iexI~zECMWbW9iCdeFIy_tIJX~weQpFBVtmFKl~CU6F2~ng5ZJpDaKvJF9MrK0SNTTjEvJYuSxMhlZPtiIUMBlwyI_TVNcYSeIeRE24l5sY8CSt60OG_accF9MooNAXgAyzz9bP0V~fgrtooj8y~e040h7jySEPlPJZmGyuPH0loB35uUp3VFdRaKYJC4miUTlJAW_c_tAV~IQBwoYOaU4.webp 400w\" type=\"image\/webp\"><img decoding=\"async\" class=\"position-absolute w-100 h-100 object-fit-cover\" alt=\"Moderno y elegante apartamento en el Jard\u00edn Andaluz, Marina Puente Romano \u2013 Una joya excepcional en la Milla de Oro de Marbella\" loading=\"lazy\" width=\"696\" height=\"522\" src=\"https:\/\/media.panoramamarbella.com\/imgV1\/B95mbh8olwFQm~uCUaVOI2kQT0hb0a8sZ9turUNfnwtvuccYCzs0YVPfPbfkc2VnnN1JFDpkYaGfw1gJsS~5h5UzL0qBFLM5A8U6aWAyUPaQontLoyyWZ9W~zBB7zVuKBRVrNjXR81X5lFjHjMfqYNgQGJRsmF4kcscBvNgJfe4y37MitDsddgPmbL2g01eEbHJt~mKJX_Dw2zAbpjRtkYEdZvaTZAazd3z3LTrDL_nEHQEUbetfmNN2Sw9Si~EcV_AEfkGrTPCe41NL1uientnbuxChJ5fR6LKM4YrY86G3~UABBRPfIqOgjJU_l0NaE8uPFvfN_fxP40FV4hyku~gKobf~M_kqC1Xu9xGLDKbYBMG~GPpg1i2n7RZLAb~5~KNHQf3VIGE6wj8NUlwW92JrV4KC2KKOJ9oeVvIHVmlObEHiVPFdgvbO8S8-.jpg\"><\/picture>\t\t\t<\/figure>\n\t\t\t\t\t\t<span class=\"card-properties-ref position-absolute z-2 bottom-0 end-0 bg-white text-primary py-1 px-3 me-3\">\n\t\t\t\tPANR-15580\t\t\t<\/span>\n\t\t\t<button class=\"card-properties-portfolio d-flex align-items-center justify-content-center position-absolute z-3 end-0 text-white bg-primary me-3 border-0 px-0\" data-pfl-id=\"612683\" data-pfl-filter=\"sale\" aria-label=\"Add to portfolio\">\n\t\t\t\t<svg width=\"18\" fill=\"currentColor\" viewBox=\"0 0 512 512\">\n\t\t\t\t\t<use href=\"https:\/\/www.panoramamarbella.com\/wp-content\/themes\/panoramamarbella\/dist\/src\/images\/icons.svg#svgHeart\"><\/use>\n\t\t\t\t<\/svg>\n\t\t\t\t<svg width=\"18\" fill=\"currentColor\" viewBox=\"0 0 512 512\">\n\t\t\t\t\t<use href=\"https:\/\/www.panoramamarbella.com\/wp-content\/themes\/panoramamarbella\/dist\/src\/images\/icons.svg#svgHeartIn\"><\/use>\n\t\t\t\t<\/svg>\n\t\t\t<\/button>\n\t\t<\/div>\n\t\t\t\t<button\n\t\t\tclass=\"carousel-control-prev\"\n\t\t\ttype=\"button\"\n\t\t\tdata-bs-target=\"#carouselCardProperties-1-3\"\n\t\t\tdata-bs-slide=\"prev\">\n\t\t\t<span class=\"carousel-control-prev-icon\" aria-hidden=\"true\"><\/span>\n\t\t\t<span class=\"visually-hidden\">Anterior<\/span>\n\t\t<\/button>\n\t\t<button\n\t\t\tclass=\"carousel-control-next\"\n\t\t\ttype=\"button\"\n\t\t\tdata-bs-target=\"#carouselCardProperties-1-3\"\n\t\t\tdata-bs-slide=\"next\">\n\t\t\t<span class=\"carousel-control-next-icon\" aria-hidden=\"true\"><\/span>\n\t\t\t<span class=\"visually-hidden\">Siguiente<\/span>\n\t\t<\/button>\n\t\t\t<\/div>\n\t<div class=\"d-flex flex-column h-100 px-3 py-4 shadow\">\n\t\t\t\t<h3 class=\"card-properties-title mb-3\">\n\t\t\t<a class=\"stretched-link\" href=\"\/es\/propiedades\/marbella\/marbella-golden-mile\/marina-puente-romano\/apartamentos-y-pisos\/PANR-15580\">\n\t\t\t\tModerno y elegante apartamento en el Jard\u00edn Andaluz, Marina Puente Romano \u2013 Una joya excepcional en la Milla de Oro de Marbella\t\t\t<\/a>\n\t\t<\/h3>\n\t\t<p class=\"mb-3 text-black-dark\">Marina Puente Romano, Marbella Golden Mile<\/p>\n\t\t\t\t\t\t<p class=\"card-properties-description mb-3\">\n\t\t\tDescubra el ep\u00edtome de la vida de lujo en este impresionante apartamento de tres dormitorios y tres ba\u00f1os, ubicado dentro del exclusivo complejo Marina Puente Romano. Situado en el prestigioso resort Puente Romano, este hogar&#8230;\t\t<\/p>\n\t\t\t\t<span class=\"card-properties-price mt-auto\">\n\t\t\t\n\t\t\t<span class=\"card-properties-price mt-auto\" data-original-price=\"2795000\">2.795.000\u00a0\u20ac<\/span>\n\t\t\t\t<\/span>\n\t\t\t\t<ul class=\"card-properties-features list-unstyled d-flex flex-wrap align-items-center gap-3 pt-3 border-top mt-3 mb-0\">\n\t\t\t<li class=\"d-flex align-items-center\">3 Dorms.<\/li><li class=\"d-flex align-items-center\">3 Ba\u00f1os<\/li>\t\t\t\t<li class=\"d-flex align-items-center\">\n\t\t\t\t\t <span class=\"me-1\" data-original-value=\"136\" data-original-unit=\"m&#038;sup2\">136 m&sup2;<\/span>Total\t\t\t\t<\/li>\n\t\t\t\t\t\t\t<li class=\"d-flex align-items-center\">\n\t\t\t\t\t <span class=\"me-1\" data-original-value=\"118\" data-original-unit=\"m&#038;sup2\">118 m&sup2;<\/span>Construido\t\t\t\t<\/li>\n\t\t\t\t\t\t\t<li class=\"d-flex align-items-center\">\n\t\t\t\t\t <span class=\"me-1\" data-original-value=\"18\" data-original-unit=\"m&#038;sup2\">18 m&sup2;<\/span>Terrazas\t\t\t\t<\/li>\n\t\t\t\t\t<\/ul>\n\t\t\t<\/div>\n<\/article>\n\n\n<article class=\"col card-properties position-relative d-flex flex-column\">\n\t<div id=\"carouselCardProperties-1-4\" class=\"card-properties-images carousel slide carousel-fade lazy\" data-bs-ride=\"carousel\" data-bs-interval=\"200000\" data-id=\"589414\">\n\t\t<div class=\"carousel-inner\">\n\t\t\t<figure class=\"carousel-item mb-0 active ratio ratio-4x3\">\n\t\t\t\t<picture><source sizes=\"(max-width: 575px) calc(100vw - 24px), (max-width: 767px) 516px, (max-width: 991px) 696px, (max-width: 1199px) 296px, (max-width: 1399px) 356px, 400px\" width=\"696\" height=\"522\" srcset=\"https:\/\/media.panoramamarbella.com\/imgV1\/B95mbh8olwFQm~uCUaVOI2kQT0hb0a8sZ9turUNfnwtvuccYCzs0YVPfPbfkc2VnnN1JFDpkYaGfw1gJsS~5h5Oy4uWdPkZWVuJ4LjJMyRWv1XV8oo_Tb6eecMWVii_dbP8wBptRjmj2qgF3UK2DwQPgZ~lv8TxEw4vsuyBashpayudQ_psjMqW9QVFCRdzJ0UQrmFH20mM2WUoolpuA_nE3hMoRTIYtxReOMKprqaRLiK5TpPd45sGtml5KRdrjdpD233uqKjgK8~hmyyR8rPylgJovwwLYza1HOP6MH~DbWuknBRcZmQDSq1x4qdUlQ8MUIHyVOJTLkphg_fcyOYKsWKoxt6fkSpwV5Os8ENKmJ9fQ_8h1bv_1Xif~c7xHGnN~bGrvnVVXFpTRVYDyCoQqfOl7WXUrIH_pd4GRm_K3_GBhEhFcRW~dYJM3lBcaSTEgT6iJlAlNFsgSDffk.webp 696w,https:\/\/media.panoramamarbella.com\/imgV1\/B95mbh8olwFQm~uCUaVOI2kQT0hb0a8sZ9turUNfnwtvuccYCzs0YVPfPbfkc2VnnN1JFDpkYaGfw1gJsS~5h5Oy4uWdPkZWVuJ4LjJMyRWv1XV8oo_Tb6eecMWVii_dbP8wBptRjmj2qgF3UK2DwQPgZ~lv8TxEw4vsuyBasCyRjgsp8tA7yheKjzSZzfxoqgZRtpRFVX5_aPo_EZB0f~69lbg1F~4b5TmxI~npjcI1GYN~z2S1_2_3yTyMtjPUugRkfv4tXa05QLRGl9gkSHU~DirrHwyQ0flXB8UHgxl~Zo7_se0WHh7QB4T3rKCTfr5on7Mto5pNv5MLC17NmEh~S4S7CoGsKG~llG5A3UkfPKV66h9N_XWDw4ht1rjvTBKfK01LZp_UqEf6JFjMTAcDnTPHF1aDwVzgypGfvFOdgy4DKoY2X~A2mBBZ7pddoaXZv2ydA0Xq0JPonWak.webp 400w\" type=\"image\/webp\"><img decoding=\"async\" class=\"position-absolute w-100 h-100 object-fit-cover\" alt=\"Exclusivo apartamento en planta baja en 9 Lions Residences con vistas al mar y la monta\u00f1a\" loading=\"lazy\" width=\"696\" height=\"522\" src=\"https:\/\/media.panoramamarbella.com\/imgV1\/B95mbh8olwFQm~uCUaVOI2kQT0hb0a8sZ9turUNfnwtvuccYCzs0YVPfPbfkc2VnnN1JFDpkYaGfw1gJsS~5h5Oy4uWdPkZWVuJ4LjJMyRWv1XV8oo_Tb6eecMWVii_dbP8wBptRjmj2qgF3UK2DwQPgZ~lv8TxEw4vsuyBashpayudQ_psjMqW9QVFCWwHWGHhnjXrDcFB8u_pX2YWntNoeonQ7oCCAm1VjXOf_RtQ2kVsouLI3n0GBEC4FC4LPjkt4ACabaTso0ncxzT4d_pcKXIrXRhMb1dW3tHIJsCBfbDGiSczb3cgknKB6C6Qh7iCoQy6l97mKUSrFN8fEz8ndKHrUWilcnMIhlyxbscJx9Hrgbgl7s6SU3HxTYrsDGGBidFKBkVjVdy4Mer~ghH_QllMgDV5mkUdWJAqUcOvthCGoowJelrY5JeE-.jpg\"><\/picture>\t\t\t<\/figure>\n\t\t\t\t\t\t<span class=\"card-properties-ref position-absolute z-2 bottom-0 end-0 bg-white text-primary py-1 px-3 me-3\">\n\t\t\t\tPANR-15395\t\t\t<\/span>\n\t\t\t<button class=\"card-properties-portfolio d-flex align-items-center justify-content-center position-absolute z-3 end-0 text-white bg-primary me-3 border-0 px-0\" data-pfl-id=\"589414\" data-pfl-filter=\"sale\" aria-label=\"Add to portfolio\">\n\t\t\t\t<svg width=\"18\" fill=\"currentColor\" viewBox=\"0 0 512 512\">\n\t\t\t\t\t<use href=\"https:\/\/www.panoramamarbella.com\/wp-content\/themes\/panoramamarbella\/dist\/src\/images\/icons.svg#svgHeart\"><\/use>\n\t\t\t\t<\/svg>\n\t\t\t\t<svg width=\"18\" fill=\"currentColor\" viewBox=\"0 0 512 512\">\n\t\t\t\t\t<use href=\"https:\/\/www.panoramamarbella.com\/wp-content\/themes\/panoramamarbella\/dist\/src\/images\/icons.svg#svgHeartIn\"><\/use>\n\t\t\t\t<\/svg>\n\t\t\t<\/button>\n\t\t<\/div>\n\t\t\t\t<button\n\t\t\tclass=\"carousel-control-prev\"\n\t\t\ttype=\"button\"\n\t\t\tdata-bs-target=\"#carouselCardProperties-1-4\"\n\t\t\tdata-bs-slide=\"prev\">\n\t\t\t<span class=\"carousel-control-prev-icon\" aria-hidden=\"true\"><\/span>\n\t\t\t<span class=\"visually-hidden\">Anterior<\/span>\n\t\t<\/button>\n\t\t<button\n\t\t\tclass=\"carousel-control-next\"\n\t\t\ttype=\"button\"\n\t\t\tdata-bs-target=\"#carouselCardProperties-1-4\"\n\t\t\tdata-bs-slide=\"next\">\n\t\t\t<span class=\"carousel-control-next-icon\" aria-hidden=\"true\"><\/span>\n\t\t\t<span class=\"visually-hidden\">Siguiente<\/span>\n\t\t<\/button>\n\t\t\t<\/div>\n\t<div class=\"d-flex flex-column h-100 px-3 py-4 shadow\">\n\t\t\t\t<h3 class=\"card-properties-title mb-3\">\n\t\t\t<a class=\"stretched-link\" href=\"\/es\/propiedades\/marbella\/nueva-andalucia\/9-lions-residences\/apartamentos-y-pisos\/PANR-15395\">\n\t\t\t\tExclusivo apartamento en planta baja en 9 Lions Residences con vistas al mar y la monta\u00f1a\t\t\t<\/a>\n\t\t<\/h3>\n\t\t<p class=\"mb-3 text-black-dark\">9 Lions Residences, Nueva Andalucia<\/p>\n\t\t\t\t\t\t<p class=\"card-properties-description mb-3\">\n\t\t\tImpresionante apartamento en planta baja en 9 Lions Residences, un exclusivo conjunto residencial de lujo. El complejo se finaliz\u00f3 en 2018, este excepcional apartamento destaca por su dise\u00f1o moderno, su elegante distribuci\u00f3n y sus inmejorables&#8230;\t\t<\/p>\n\t\t\t\t<span class=\"card-properties-price mt-auto\">\n\t\t\t\n\t\t\t<span class=\"card-properties-price mt-auto\" data-original-price=\"1695000\">1.695.000\u00a0\u20ac<\/span>\n\t\t\t\t<\/span>\n\t\t\t\t<ul class=\"card-properties-features list-unstyled d-flex flex-wrap align-items-center gap-3 pt-3 border-top mt-3 mb-0\">\n\t\t\t<li class=\"d-flex align-items-center\">3 Dorms.<\/li><li class=\"d-flex align-items-center\">3 Ba\u00f1os<\/li>\t\t\t\t<li class=\"d-flex align-items-center\">\n\t\t\t\t\t <span class=\"me-1\" data-original-value=\"248\" data-original-unit=\"m&#038;sup2\">248 m&sup2;<\/span>Total\t\t\t\t<\/li>\n\t\t\t\t\t\t\t<li class=\"d-flex align-items-center\">\n\t\t\t\t\t <span class=\"me-1\" data-original-value=\"47\" data-original-unit=\"m&#038;sup2\">47 m&sup2;<\/span>Parcela\t\t\t\t<\/li>\n\t\t\t\t\t\t\t\t<li class=\"d-flex align-items-center\">\n\t\t\t\t\t <span class=\"me-1\" data-original-value=\"188\" data-original-unit=\"m&#038;sup2\">188 m&sup2;<\/span>Construido\t\t\t\t<\/li>\n\t\t\t\t\t\t\t<li class=\"d-flex align-items-center\">\n\t\t\t\t\t <span class=\"me-1\" data-original-value=\"60\" data-original-unit=\"m&#038;sup2\">60 m&sup2;<\/span>Terrazas\t\t\t\t<\/li>\n\t\t\t\t\t<\/ul>\n\t\t\t<\/div>\n<\/article>\n\n\n<article class=\"col card-properties position-relative d-flex flex-column\">\n\t<div id=\"carouselCardProperties-1-5\" class=\"card-properties-images carousel slide carousel-fade lazy\" data-bs-ride=\"carousel\" data-bs-interval=\"200000\" data-id=\"586733\">\n\t\t<div class=\"carousel-inner\">\n\t\t\t<figure class=\"carousel-item mb-0 active ratio ratio-4x3\">\n\t\t\t\t<picture><source sizes=\"(max-width: 575px) calc(100vw - 24px), (max-width: 767px) 516px, (max-width: 991px) 696px, (max-width: 1199px) 296px, (max-width: 1399px) 356px, 400px\" width=\"696\" height=\"522\" srcset=\"https:\/\/media.panoramamarbella.com\/imgV1\/B95mbh8olwFQm~uCUaVOI2kQT0hb0a8sZ9turUNfnwtvuccYCzs0YVPfPbfkc2VnnN1JFDpkYaGfw1gJsS~5h5O9tEnAeXjnjHst7cKDVFxatbFe7UE5nKGl6NuUscZpv7IUqJtvhLOl7MfkErywdpp6fex6yVgbdzTVy19N4dtRWZSg0sLiGNBAz5nnqOr1Tof8nW9hynKp9hkX7RodniOO_AyGS7b8eJZQATUJMBAZmRqoc~H~LGHzxAM6XW8ClGWLEdeUH9W6QhCpW2KenhKRdqyXleB_HXJYxUM1xg4VDX_ZydNKG87hDa7GPXsh34N0rEsI0pdGvjf_vgFVgy6Yecdso32rvVNY0QukXpnkijf0XMc~MSDqooTLyYvFS9pIs3~tAvaJ4IsHvQch5KTmQM3elvnpShnldwGk_k1k592_gKzn1juFNDPKu2tCnUwSEHbfE9H10cHkyhaF.webp 696w,https:\/\/media.panoramamarbella.com\/imgV1\/B95mbh8olwFQm~uCUaVOI2kQT0hb0a8sZ9turUNfnwtvuccYCzs0YVPfPbfkc2VnnN1JFDpkYaGfw1gJsS~5h5O9tEnAeXjnjHst7cKDVFxatbFe7UE5nKGl6NuUscZpv7IUqJtvhLOl7MfkErywdpp6fex6yVgbdzTVy19N42ieD4BVy1i_Vp5G11VTgYAwa4vB6ztAO6v6kG~IBqNSFzLNWa_5BKz3t3nuftF~ClgSzEgHAFvab~RaXHstHR8Rp9w_ypqbBblmbU~t0q9RHypzbsKqy9F3egt~v_mTa4ViSGe5ZtDeCAuC33tpd44_mRVR_9RM0sQDNBJyJoyd6j_HRWa4IImuD03u6NdwgzQUGHwBPjRmDysbeZT24XBDfWNRUsULnhxDwV9OO3QWsp4bMhdfneNICungR_wMHsTvOrkZZzEkko7ssKpP1WpgOTbtOYHTI69pJo9YCZcR.webp 400w\" type=\"image\/webp\"><img decoding=\"async\" class=\"position-absolute w-100 h-100 object-fit-cover\" alt=\"Impresionante villa atemporal con vistas al mar en La Cerquilla en Nueva Andaluc\u00eda\" loading=\"lazy\" width=\"696\" height=\"522\" src=\"https:\/\/media.panoramamarbella.com\/imgV1\/B95mbh8olwFQm~uCUaVOI2kQT0hb0a8sZ9turUNfnwtvuccYCzs0YVPfPbfkc2VnnN1JFDpkYaGfw1gJsS~5h5O9tEnAeXjnjHst7cKDVFxatbFe7UE5nKGl6NuUscZpv7IUqJtvhLOl7MfkErywdpp6fex6yVgbdzTVy19N4dtRWZSg0sLiGNBAz5nntv0nCGXwcrnVNnCwBgQTVaCOS~Shcsd_j2n48vNKEqg5A392~MtEcCp5dvazlpQHAvQBVxp2BVAfhe_VZPDVHzloPk8c87mm5NCdnDFK0F4Qa__F5g5cLWSeaOF9wV_lBjcSeqyVQDK8~sMJX08~s1cfnzyYu8KtsHnTalQfJ_bJOXFWM4yW4P4gn5nyCOTUPm7fjfqZIG75PXE~ADkR7rlXu0XOsy3wUwL~L8lZbVHGn~~qaSJxfTZonSZ_6Og-.jpg\"><\/picture>\t\t\t<\/figure>\n\t\t\t\t\t\t<span class=\"card-properties-ref position-absolute z-2 bottom-0 end-0 bg-white text-primary py-1 px-3 me-3\">\n\t\t\t\tPANR-15365\t\t\t<\/span>\n\t\t\t<button class=\"card-properties-portfolio d-flex align-items-center justify-content-center position-absolute z-3 end-0 text-white bg-primary me-3 border-0 px-0\" data-pfl-id=\"586733\" data-pfl-filter=\"sale\" aria-label=\"Add to portfolio\">\n\t\t\t\t<svg width=\"18\" fill=\"currentColor\" viewBox=\"0 0 512 512\">\n\t\t\t\t\t<use href=\"https:\/\/www.panoramamarbella.com\/wp-content\/themes\/panoramamarbella\/dist\/src\/images\/icons.svg#svgHeart\"><\/use>\n\t\t\t\t<\/svg>\n\t\t\t\t<svg width=\"18\" fill=\"currentColor\" viewBox=\"0 0 512 512\">\n\t\t\t\t\t<use href=\"https:\/\/www.panoramamarbella.com\/wp-content\/themes\/panoramamarbella\/dist\/src\/images\/icons.svg#svgHeartIn\"><\/use>\n\t\t\t\t<\/svg>\n\t\t\t<\/button>\n\t\t<\/div>\n\t\t\t\t<button\n\t\t\tclass=\"carousel-control-prev\"\n\t\t\ttype=\"button\"\n\t\t\tdata-bs-target=\"#carouselCardProperties-1-5\"\n\t\t\tdata-bs-slide=\"prev\">\n\t\t\t<span class=\"carousel-control-prev-icon\" aria-hidden=\"true\"><\/span>\n\t\t\t<span class=\"visually-hidden\">Anterior<\/span>\n\t\t<\/button>\n\t\t<button\n\t\t\tclass=\"carousel-control-next\"\n\t\t\ttype=\"button\"\n\t\t\tdata-bs-target=\"#carouselCardProperties-1-5\"\n\t\t\tdata-bs-slide=\"next\">\n\t\t\t<span class=\"carousel-control-next-icon\" aria-hidden=\"true\"><\/span>\n\t\t\t<span class=\"visually-hidden\">Siguiente<\/span>\n\t\t<\/button>\n\t\t\t<\/div>\n\t<div class=\"d-flex flex-column h-100 px-3 py-4 shadow\">\n\t\t\t\t<h3 class=\"card-properties-title mb-3\">\n\t\t\t<a class=\"stretched-link\" href=\"\/es\/propiedades\/marbella\/nueva-andalucia\/la-cerquilla\/villas-y-chalets\/PANR-15365\">\n\t\t\t\tImpresionante villa atemporal con vistas al mar en La Cerquilla en Nueva Andaluc\u00eda\t\t\t<\/a>\n\t\t<\/h3>\n\t\t<p class=\"mb-3 text-black-dark\">La Cerquilla, Nueva Andalucia<\/p>\n\t\t\t\t\t\t<p class=\"card-properties-description mb-3\">\n\t\t\tUna hermosa propiedad atemporal en la prestigiosa comunidad de La Cerquilla en Nueva Andaluc\u00eda. Recientemente reformada por completo con un est\u00e1ndar muy alto, esta impresionante propiedad est\u00e1 situada en la calle m\u00e1s alta de La&#8230;\t\t<\/p>\n\t\t\t\t<span class=\"card-properties-price mt-auto\">\n\t\t\t\n\t\t\t<span class=\"card-properties-price mt-auto\" data-original-price=\"9995000\">9.995.000\u00a0\u20ac<\/span>\n\t\t\t\t<\/span>\n\t\t\t\t<ul class=\"card-properties-features list-unstyled d-flex flex-wrap align-items-center gap-3 pt-3 border-top mt-3 mb-0\">\n\t\t\t<li class=\"d-flex align-items-center\">6 Dorms.<\/li><li class=\"d-flex align-items-center\">6 Ba\u00f1os<\/li>\t\t\t\t<li class=\"d-flex align-items-center\">\n\t\t\t\t\t <span class=\"me-1\" data-original-value=\"1146\" data-original-unit=\"m&#038;sup2\">1.146 m&sup2;<\/span>Total\t\t\t\t<\/li>\n\t\t\t\t\t\t\t<li class=\"d-flex align-items-center\">\n\t\t\t\t\t <span class=\"me-1\" data-original-value=\"2778\" data-original-unit=\"m&#038;sup2\">2.778 m&sup2;<\/span>Parcela\t\t\t\t<\/li>\n\t\t\t\t\t\t\t\t<li class=\"d-flex align-items-center\">\n\t\t\t\t\t <span class=\"me-1\" data-original-value=\"946\" data-original-unit=\"m&#038;sup2\">946 m&sup2;<\/span>Construido\t\t\t\t<\/li>\n\t\t\t\t\t\t\t<li class=\"d-flex align-items-center\">\n\t\t\t\t\t <span class=\"me-1\" data-original-value=\"200\" data-original-unit=\"m&#038;sup2\">200 m&sup2;<\/span>Terrazas\t\t\t\t<\/li>\n\t\t\t\t\t<\/ul>\n\t\t\t<\/div>\n<\/article>\n\t\t\t<\/div>\n\t\t\t\t\t<\/section>\n\t\t\n","protected":false},"excerpt":{"rendered":"","protected":false},"template":"","meta":{"_acf_changed":true},"class_list":["post-1211","agents","type-agents","status-publish","hentry"],"acf":[],"_links":{"self":[{"href":"https:\/\/www.panoramamarbella.com\/es\/wp-json\/wp\/v2\/agents\/1211","targetHints":{"allow":["GET"]}}],"collection":[{"href":"https:\/\/www.panoramamarbella.com\/es\/wp-json\/wp\/v2\/agents"}],"about":[{"href":"https:\/\/www.panoramamarbella.com\/es\/wp-json\/wp\/v2\/types\/agents"}],"wp:attachment":[{"href":"https:\/\/www.panoramamarbella.com\/es\/wp-json\/wp\/v2\/media?parent=1211"}],"curies":[{"name":"wp","href":"https:\/\/api.w.org\/{rel}","templated":true}]}}