{"id":2261,"date":"2024-03-25T15:07:13","date_gmt":"2024-03-25T14:07:13","guid":{"rendered":"https:\/\/www.panoramamarbella.com\/?post_type=agents&#038;p=2261"},"modified":"2025-11-18T11:51:29","modified_gmt":"2025-11-18T10:51:29","slug":"alex-clover","status":"publish","type":"agents","link":"https:\/\/www.panoramamarbella.com\/es\/sobre-nosotros\/equipo\/alex-clover","title":{"rendered":"Alex Clover"},"content":{"rendered":"\n\n<p>Alex, el hijo mayor de Christopher, naci\u00f3 en M\u00e1laga, y pas\u00f3 su ni\u00f1ez y adolescencia principalmente en Marbella. Vivi\u00f3 en Estados Unidos durante casi diez a\u00f1os, donde obtuvo el t\u00edtulo de Diplomado en Relaciones Exteriores por la Universidad de Virginia. Ah\u00ed trabaj\u00f3 en relaciones p\u00fablicas y desarrollo de internet para una consultor\u00eda que serv\u00eda a varias empresas Fortune 500, asociaciones comerciales e industriales, grupos de presi\u00f3n del sector qu\u00edmico, agr\u00edcola y financiero, e importantes ONG nacionales e internacionales.<\/p>\n\n\n\n<p>En Estados Unidos, Alex conceptualiz\u00f3 y dirigi\u00f3 el desarrollo de la primera herramienta din\u00e1mica de medici\u00f3n de \u00e9xito para campa\u00f1as de relaciones p\u00fablicas, ganando as\u00ed varios premios internacionales de la industria. Hoy en d\u00eda, se sigue considerando el m\u00e9todo est\u00e1ndar de medici\u00f3n de \u00e9xito dentro de la industria.<\/p>\n\n\n\n<p>Tras su experiencia laboral en Estados Unidos, regres\u00f3 a Marbella en 2001 y comenz\u00f3 a trabajar en Panorama como miembro del Departamento de Captaci\u00f3n de Propiedades. En el 2009 se uni\u00f3 al Departamento de Ventas y actualmente es Director Gerente Adjunto de Panorama.<\/p>\n\n\n\n<p>Alex posee una excelente competencia e intuici\u00f3n para marketing, que combina con un profundo conocimiento de la industria inmobiliaria Marbell\u00ed. El trabajo de Alex ha sido clave para que Panorama lograra formar parte de las asociaciones m\u00e1s importantes y prestigiosas del sector y de recibir los galardones que posee. Alex gan\u00f3 el premio REAS Awards for Excellence por haber intervenido en la venta de una vivienda unifamiliar de mayor importe de 2015 en la Costa del Sol.<\/p>\n\n\n\n<p>Alex est\u00e1 orgulloso de ser parte &nbsp;de la cuarta generaci\u00f3n de la familia Clover que &nbsp;dedicada a la industria inmobiliaria. Alex habla castellano, ingl\u00e9s y franc\u00e9s.<\/p>\n\n\n\n\n\n\t\t<section class=\"container wp-block-acf-cardmosaic\">\n\t\t\t<h2 class=\"mb-4\">Art\u00edculos escritos por Alex<\/h2>\t\t\t<div class=\"card-mosaic row gy-4\">\n\t\t\t\t<div class=\"col-xl-6 col-xxl-8\">\n\t\t\t\t\t<article class=\"card-mosaic-featured position-relative\">\n    <figure class=\"ratio ratio-16x9 mb-0 overflow-hidden\">\n        <picture><source sizes=\"(max-width: 575px) calc(100vw - 24px), (max-width: 767px) 516px, (max-width: 991px) 696px, (max-width: 1199) 936px, (max-width: 1399) 546px, 856px\" width=\"936\" height=\"527\" srcset=\"https:\/\/media.panoramamarbella.com\/imgV1\/B95mbh8olwFQm~uCT2wPZMb8hll4wghQQQq6YWg0~c~U_DrmgY8pGP8pqaDzA6mvjyI_OPtcrHD_aKxAUQW30XRizjscZoeIH8~1k~oFlh1JTdkJ~HvGEX5SPMx~qhWscY7mY9OjyDmEcJaB5jdnyf1HVVUQOAxZbic8ggZbzD7eAIxzZaabCtSz3eEo8cHV6tqLgCBv6PBN.webp 936w,https:\/\/media.panoramamarbella.com\/imgV1\/B95mbh8olwFQm~uCT2wPZMb8hll4wghQQQq6YWg0~c~U_DrmgY8pGP8pqaDzA6mvjyI_OPtcrHD_aKxAUQW30XRizjscZoeIH8~1k~oFlh1JTdkJ~HvGEX5SPMx~qhWscY7mY9OjyU7vOCyqj8ecUxnBN6GyLyeQy3jrXyA4XbjpuVbmbWVIx6PpEVmaXC~Gg_Qfm3HbsP04.webp 856w\" type=\"image\/webp\"><img decoding=\"async\" class=\"position-absolute w-100 h-100 top-0 start-0 object-fit-cover\" loading=\"lazy\" alt=\"\u00e1ticos d\u00faplex. Zona de estar y comedor contempor\u00e1nea de planta abierta, con ventanales de suelo a techo, terraza y vistas panor\u00e1micas al mar y a la monta\u00f1a\" width=\"936\" height=\"527\" src=\"https:\/\/media.panoramamarbella.com\/imgV1\/B95mbh8olwFQm~uCT2wPZMb8hll4wghQQQq6YWg0~c~U_DrmgY8pGP8pqaDzA6mvjyI_OPtcrHD_aKxAUQW30XRizjscZoeIH8~1k~oFlh1JTdkJ~HvGEX5SPMx~qhWscY7mY9OjyDmEcJaB5jdnyf1HVVUQJjo45Re52fuLI6I91KNl~5M-.jpg\"><\/picture>    <\/figure>\n    <div class=\"px-3 py-4 shadow\">\n        <a href=\"https:\/\/www.panoramamarbella.com\/es\/news\/aticos-duplex-en-la-costa-del-sol\" title=\"5 excepcionales \u00e1ticos d\u00faplex en la Costa del Sol\" class=\"stretched-link\">\n            <strong class=\"card-mosaic-title fs-4 lh-1\">5 excepcionales \u00e1ticos d\u00faplex en la Costa del Sol<\/strong>\n        <\/a>\n        Te presentamos los 5 \u00e1ticos d\u00faplex m\u00e1s exclusivos del momento en la Costa del Sol, donde el espacio, las vistas y la vida en la azotea son de todo menos corrientes.    <\/div>\n<\/article>\t\t\t\t<\/div>\n\t\t\t\t<div class=\"col-xl-6 col-xxl-4 d-flex flex-column gap-4\">\n\t\t\t\t\t<article class=\"card-mosaic-item position-relative d-flex align-items-center flex-nowrap shadow\">\n    <figure class=\"ratio ratio-1x1 mb-0 overflow-hidden\">\n        <picture><source width=\"130\" height=\"130\" srcset=\"https:\/\/media.panoramamarbella.com\/imgV1\/B95mbh8olwFQm~uCT2wPZMb8hll4wghQQQq6YWg0~c~U_DrmgY8pGP8pqaDzA6mvjyI_OPtcrHD_aKxAUQW30SIKPY99N701plP6E2AIsLSyezfpe_zd_9pX5~esbNci33rAAwdFmT7ki~ujGd~NmXxOOuFQYPSg4MhoABf1cq~TlUNiqlgJO_HdKymzy2Cw7o5J_IaQaApAeZIV7cbW_srx~tpHCLEb.webp 130w\" type=\"image\/webp\"><img decoding=\"async\" class=\"position-absolute start-0 top-0 w-100 h-100 object-fit-cover\" loading=\"lazy\" alt=\"Pareja visitando una villa de lujo en Marbella con piscina y vistas al mar durante una visita inmobiliaria \u2013 consejos para ver viviendas de lujo\" width=\"130\" height=\"130\" src=\"https:\/\/media.panoramamarbella.com\/imgV1\/B95mbh8olwFQm~uCT2wPZMb8hll4wghQQQq6YWg0~c~U_DrmgY8pGP8pqaDzA6mvjyI_OPtcrHD_aKxAUQW30SIKPY99N701plP6E2AIsLSyezfpe_zd_9pX5~esbNci33rAAwdFmT7ki~ujGd~NmXxOOuFQYPSg4MhoABf1cq~TlUNitMYZ~qptAec7FlCCUEMLzUk-.jpg\"><\/picture>    <\/figure>\n\t<p class=\"p-3 mb-0\">\n        <a href=\"https:\/\/www.panoramamarbella.com\/es\/news\/consejos-para-ver-viviendas-lujo\" title=\"Consejos para ver viviendas de lujo en Marbella\" class=\"stretched-link\">\n            <strong class=\"card-mosaic-title fs-5 lh-1\">Consejos para ver viviendas de lujo en Marbella<\/strong>\n        <\/a>\n    <\/p>\n<\/article><article class=\"card-mosaic-item position-relative d-flex align-items-center flex-nowrap shadow\">\n    <figure class=\"ratio ratio-1x1 mb-0 overflow-hidden\">\n        <picture><source width=\"130\" height=\"130\" srcset=\"https:\/\/media.panoramamarbella.com\/imgV1\/B95mbh8olwFQm~uCT2wPZMb8hll4wghQQQq6YWg0~c~U_DrmgY8pGP8pqaDzA6mvjyI_OPtcrHD_aKxAUQW30SIKO5EBsZv5u_JamNxemWz3YhQc4Px1zenswO13d1LJ_9fTRfVJf2V0SHzKO4V81zgimBgWizWxbkmEhcpeTa3ZQbNj2q0wk0CKgbBsU9dPBqlTPM1VB0KgJGoMRA1u~K2dt6PkGAogUi8yusjtGBcDSJB0JICwxNA-.webp 130w\" type=\"image\/webp\"><img decoding=\"async\" class=\"position-absolute start-0 top-0 w-100 h-100 object-fit-cover\" loading=\"lazy\" alt=\"Villa moderna de una sola planta con cubierta verde y piscina rodeada de monta\u00f1as, que muestra la evoluci\u00f3n del dise\u00f1o en Marbella\" width=\"130\" height=\"130\" src=\"https:\/\/media.panoramamarbella.com\/imgV1\/B95mbh8olwFQm~uCT2wPZMb8hll4wghQQQq6YWg0~c~U_DrmgY8pGP8pqaDzA6mvjyI_OPtcrHD_aKxAUQW30SIKO5EBsZv5u_JamNxemWz3YhQc4Px1zenswO13d1LJ_9fTRfVJf2V0SHzKO4V81zgimBgWizWxbkmEhcpeTa3ZQbNj2q0wk0CKgbBsU9dPBqlTPM1L4QvV43bJ1rRaU0aocq6Zlg--.jpg\"><\/picture>    <\/figure>\n\t<p class=\"p-3 mb-0\">\n        <a href=\"https:\/\/www.panoramamarbella.com\/es\/news\/disenos-de-propiedades\" title=\"\u00bfC\u00f3mo evolucionan los dise\u00f1os de propiedades en Marbella?\" class=\"stretched-link\">\n            <strong class=\"card-mosaic-title fs-5 lh-1\">\u00bfC\u00f3mo evolucionan los dise\u00f1os de propiedades en Marbella?<\/strong>\n        <\/a>\n    <\/p>\n<\/article><article class=\"card-mosaic-item position-relative d-flex align-items-center flex-nowrap shadow\">\n    <figure class=\"ratio ratio-1x1 mb-0 overflow-hidden\">\n        <picture><source width=\"130\" height=\"130\" srcset=\"https:\/\/media.panoramamarbella.com\/imgV1\/B95mbh8olwFQm~uCT2wPZMb8hll4wghQQQq6YWg0~c~U_DrmgY8pGP8pqaDzA6mvjyI_OPtcrHD_aKxAUQWwUfr0Iy8e2nfqTx~Nf0Ydy0SvJ4y9uAeRCIMCUXMnzXwitJAbQnHS38S1y25ZIuFkbPIL0IaFOkmUQDZXHVyOIu9_FXMfysr5ZU5Gd693RIztkim10RDYtCA6.webp 130w\" type=\"image\/webp\"><img decoding=\"async\" class=\"position-absolute start-0 top-0 w-100 h-100 object-fit-cover\" loading=\"lazy\" alt=\"Un m\u00e9dico habla con un paciente tumbado en una cama de hospital, en una luminosa habitaci\u00f3n privada.\" width=\"130\" height=\"130\" src=\"https:\/\/media.panoramamarbella.com\/imgV1\/B95mbh8olwFQm~uCT2wPZMb8hll4wghQQQq6YWg0~c~U_DrmgY8pGP8pqaDzA6mvjyI_OPtcrHD_aKxAUQWwUfr0Iy8e2nfqTx~Nf0Ydy0SvJ4y9uAeRCIMCUXMnzXwitJAbQnHS38S1y25ZIuFkbPIL0IaFJM6n9hLxvX_gMqZDj_AS8KE-.jpg\"><\/picture>    <\/figure>\n\t<p class=\"p-3 mb-0\">\n        <a href=\"https:\/\/www.panoramamarbella.com\/es\/news\/sanidad-publica-para-extranjeros\" title=\"As\u00ed pueden acceder los extranjeros a la sanidad p\u00fablica en Espa\u00f1a\" class=\"stretched-link\">\n            <strong class=\"card-mosaic-title fs-5 lh-1\">As\u00ed pueden acceder los extranjeros a la sanidad p\u00fablica en Espa\u00f1a<\/strong>\n        <\/a>\n    <\/p>\n<\/article>\t\t\t\t\t<a href=\"\/es\/news\" class=\"btn btn-primary py-3 mt-auto\">Read all articles &amp; news<\/a>\t\t\t\t<\/div>\n\t\t\t<\/div>\n\t\t<\/section>\n\n\n\t\t<section class=\"container wp-block-acf-inmpropselection\">\n\t\t\t<h2>Viviendas recomendadas por Alex<\/h2>\t\t\t<div class=\"row row-cols-1 row-cols-lg-3 gy-5 g-xxl-5\">\n\t\t\t\t\n<article class=\"col card-properties position-relative d-flex flex-column\">\n\t<div id=\"carouselCardProperties-1-0\" class=\"card-properties-images carousel slide carousel-fade lazy\" data-bs-ride=\"carousel\" data-bs-interval=\"200000\" data-id=\"662415\">\n\t\t<div class=\"carousel-inner\">\n\t\t\t<figure class=\"carousel-item mb-0 active ratio ratio-4x3\">\n\t\t\t\t<picture><source sizes=\"(max-width: 575px) calc(100vw - 24px), (max-width: 767px) 516px, (max-width: 991px) 696px, (max-width: 1199px) 296px, (max-width: 1399px) 356px, 400px\" width=\"696\" height=\"522\" srcset=\"https:\/\/media.panoramamarbella.com\/imgV1\/B95mbh8olwFQm~uCUaVOI2kQT0hb0a8sZ9turUNfnwtvuccYCzs0YVPfPbfkc2VnnN1JFDpkYaGfw1gJsS~5hOh7bB4AaYxyzbewv9KqgsHjPfhemXVF~YPbkuXe6sdexseF3q88Qw5oaX2~vMHgRugns4iz_ns0IYhG8TRGjGC~7yx4bM6heAqubHQadkMcSnt3qHliNmWgKFwPPr7BK3buH6HmQ3ncL0EoycNPZFRUFLormGYy9G5hrYuKJ343pmflDN5JsuBheWHakq8X5xxblhNVAEsTEzvnhDN2AAkZqKX4MOZOCl0SN1QNhUt7rNUbJFyqXOwS3pgZODuY7vmbs6RM0os2aQlNVzZl0YpPkCvIW~gZG9XTDBaIKGY8j9O6ccw0vs1yW_Z0Nh808TsgWH9abBXEiNXdZd3b7aPucZ7mJ2G3fQVpaFDs~L4k4tKkB0PpqzhX1LVrX2pI.webp 696w,https:\/\/media.panoramamarbella.com\/imgV1\/B95mbh8olwFQm~uCUaVOI2kQT0hb0a8sZ9turUNfnwtvuccYCzs0YVPfPbfkc2VnnN1JFDpkYaGfw1gJsS~5hOh7bB4AaYxyzbewv9KqgsHjPfhemXVF~YPbkuXe6sdexseF3q88Qw5oaX2~vMHgRugns4iz_ns0IYhG8TRGjvfuQ7QA2nUrw4fHNG7ttRAo~Hc2Ylo3Ga~1O~X4iiqmUFvPaGeHI5Iwo8DYtM3BmkClietWG_fDZg8ZbeSRL8huRIXH~JPm2EqtXzAbdk9PWWOA77tPea7Blp1h5aS_XcCCxS6NwrA8XsBEfc0xVW3DsDKi7z8i30r0G9cU_RXMUK5dQ3ZgMkh0n6VzieZLkyyZhOjx~QeJ1aDzTjRUD1sRwhnrDuIP8C35OcGUnFT97c1eDpChP5V_8AlrOfSuBOjcLkfGBgmExSoTy2qreuvmxATeSEzq9dXsHYOI~Zz4.webp 400w\" type=\"image\/webp\"><img decoding=\"async\" class=\"position-absolute w-100 h-100 object-fit-cover\" alt=\"Impresionantes vistas panor\u00e1micas al mar en la exclusiva La Quinta \u2013 apartamento de lujo listo para entrar a vivir\" loading=\"lazy\" width=\"696\" height=\"522\" src=\"https:\/\/media.panoramamarbella.com\/imgV1\/B95mbh8olwFQm~uCUaVOI2kQT0hb0a8sZ9turUNfnwtvuccYCzs0YVPfPbfkc2VnnN1JFDpkYaGfw1gJsS~5hOh7bB4AaYxyzbewv9KqgsHjPfhemXVF~YPbkuXe6sdexseF3q88Qw5oaX2~vMHgRugns4iz_ns0IYhG8TRGjGC~7yx4bM6heAqubHQaaIEV8SA9JbY346VQ62WnUlRt5lesJuyJ_pVK1Ay6oBXZQJpbL4ouWq_1JNsCj~ZA_6ME9oZuq7bPcbzp03oY~dmISbOvIsiOIsJFUxeOaFlpEvAC9iZLnZ4G_Yc8DRwBPcLz2HkRA9l4XT0v1TCg1zJEjkt7VEOyquf_yHXqhglq9DOrHSuwWTFIcubRgpUOMRlQyVDcTIZnIs3Am1vR5V7MPouoDJkog7yOi9L9gBDTjlIEv2i_od9ti2FpIEY-.jpg\"><\/picture>\t\t\t<\/figure>\n\t\t\t\t\t\t<span class=\"card-properties-tag position-absolute z-2 top-0 start-0 bg-secondary text-white py-1 px-3 ms-3\">\n\t\t\t\tDestacado\t\t\t<\/span>\n\t\t\t\t\t\t<span class=\"card-properties-ref position-absolute z-2 bottom-0 end-0 bg-white text-primary py-1 px-3 me-3\">\n\t\t\t\tPANR-16034\t\t\t<\/span>\n\t\t\t<button class=\"card-properties-portfolio d-flex align-items-center justify-content-center position-absolute z-3 end-0 text-white bg-primary me-3 border-0 px-0\" data-pfl-id=\"662415\" data-pfl-filter=\"sale\" aria-label=\"Add to portfolio\">\n\t\t\t\t<svg width=\"18\" fill=\"currentColor\" viewBox=\"0 0 512 512\">\n\t\t\t\t\t<use href=\"https:\/\/www.panoramamarbella.com\/wp-content\/themes\/panoramamarbella\/dist\/src\/images\/icons.svg#svgHeart\"><\/use>\n\t\t\t\t<\/svg>\n\t\t\t\t<svg width=\"18\" fill=\"currentColor\" viewBox=\"0 0 512 512\">\n\t\t\t\t\t<use href=\"https:\/\/www.panoramamarbella.com\/wp-content\/themes\/panoramamarbella\/dist\/src\/images\/icons.svg#svgHeartIn\"><\/use>\n\t\t\t\t<\/svg>\n\t\t\t<\/button>\n\t\t<\/div>\n\t\t\t\t<button\n\t\t\tclass=\"carousel-control-prev\"\n\t\t\ttype=\"button\"\n\t\t\tdata-bs-target=\"#carouselCardProperties-1-0\"\n\t\t\tdata-bs-slide=\"prev\">\n\t\t\t<span class=\"carousel-control-prev-icon\" aria-hidden=\"true\"><\/span>\n\t\t\t<span class=\"visually-hidden\">Anterior<\/span>\n\t\t<\/button>\n\t\t<button\n\t\t\tclass=\"carousel-control-next\"\n\t\t\ttype=\"button\"\n\t\t\tdata-bs-target=\"#carouselCardProperties-1-0\"\n\t\t\tdata-bs-slide=\"next\">\n\t\t\t<span class=\"carousel-control-next-icon\" aria-hidden=\"true\"><\/span>\n\t\t\t<span class=\"visually-hidden\">Siguiente<\/span>\n\t\t<\/button>\n\t\t\t<\/div>\n\t<div class=\"d-flex flex-column h-100 px-3 py-4 shadow\">\n\t\t\t\t<h3 class=\"card-properties-title mb-3\">\n\t\t\t<a class=\"stretched-link\" href=\"\/es\/propiedades\/benahavis\/la-quinta\/apartamentos-y-pisos\/PANR-16034\">\n\t\t\t\tImpresionantes vistas panor\u00e1micas al mar en la exclusiva La Quinta \u2013 apartamento de lujo listo para entrar a vivir\t\t\t<\/a>\n\t\t<\/h3>\n\t\t<p class=\"mb-3 text-black-dark\">La Quinta, Benahavis<\/p>\n\t\t\t\t\t\t<p class=\"card-properties-description mb-3\">\n\t\t\tPresentamos una extraordinaria residencia en La Quinta que ofrece lo que los compradores m\u00e1s exigentes desean: impresionantes vistas mediterr\u00e1neas de 180\u00b0 desde la monta\u00f1a de La Concha, abarcando Marbella, Puerto Ban\u00fas hasta Cabopino, privacidad absoluta&#8230;\t\t<\/p>\n\t\t\t\t<span class=\"card-properties-price mt-auto\">\n\t\t\t\n\t\t\t<span class=\"card-properties-price mt-auto\" data-original-price=\"2150000\">2.150.000\u00a0\u20ac<\/span>\n\t\t\t\t<\/span>\n\t\t\t\t<ul class=\"card-properties-features list-unstyled d-flex flex-wrap align-items-center gap-3 pt-3 border-top mt-3 mb-0\">\n\t\t\t<li class=\"d-flex align-items-center\">3 Dorms.<\/li><li class=\"d-flex align-items-center\">3 Ba\u00f1os<\/li>\t\t\t\t<li class=\"d-flex align-items-center\">\n\t\t\t\t\t <span class=\"me-1\" data-original-value=\"243\" data-original-unit=\"m&#038;sup2\">243 m&sup2;<\/span>Total\t\t\t\t<\/li>\n\t\t\t\t\t\t\t<li class=\"d-flex align-items-center\">\n\t\t\t\t\t <span class=\"me-1\" data-original-value=\"160\" data-original-unit=\"m&#038;sup2\">160 m&sup2;<\/span>Construido\t\t\t\t<\/li>\n\t\t\t\t\t\t\t<li class=\"d-flex align-items-center\">\n\t\t\t\t\t <span class=\"me-1\" data-original-value=\"83\" data-original-unit=\"m&#038;sup2\">83 m&sup2;<\/span>Terrazas\t\t\t\t<\/li>\n\t\t\t\t\t<\/ul>\n\t\t\t<\/div>\n<\/article>\n\n\n<article class=\"col card-properties position-relative d-flex flex-column\">\n\t<div id=\"carouselCardProperties-1-1\" class=\"card-properties-images carousel slide carousel-fade lazy\" data-bs-ride=\"carousel\" data-bs-interval=\"200000\" data-id=\"442953\">\n\t\t<div class=\"carousel-inner\">\n\t\t\t<figure class=\"carousel-item mb-0 active ratio ratio-4x3\">\n\t\t\t\t<picture><source sizes=\"(max-width: 575px) calc(100vw - 24px), (max-width: 767px) 516px, (max-width: 991px) 696px, (max-width: 1199px) 296px, (max-width: 1399px) 356px, 400px\" width=\"696\" height=\"522\" srcset=\"https:\/\/media.panoramamarbella.com\/imgV1\/B95mbh8olwFQm~uCUaVOI2kQT0hb0a8sZ9turUNfnwtvuccYCzs0YVPfPbfkc2VnnN1JFDpkYaGfw1gJsS~5gR9Wfqdt8qykPPIRyc3dnoLPc~azuZk2PrN9fwdyvPEtEa9vRQnWs~An2IuNa4eyROIHrJ55SEdNWcPJhva4H9~O~idDDVAPTAOpPDDMli9PjkWNiti1o~yerzVYCXkJbAFVx5uRlHq7L3v~FQ~Ir6HjIrfMKlW9T6Cth1ODRYm6pLBB0RBqcFb~OaD6Hbii4l~8GhB7PZQCNpDIK3PDknyzfih4ppKVbBl28AiareV5doRX2elbtbxZm1Xm3QGfg158wHUrTC_M_KjMC2slwZ64UNo5sArYqh4dDUHiSMj2pWie~~8oPQVxwOkkPe3xiWOeiPSm655q2wx7Fl0F8cVoOGM9Zu7VaEb7suPE20gmbN0KeU8dym2oKPc9n5Vq.webp 696w,https:\/\/media.panoramamarbella.com\/imgV1\/B95mbh8olwFQm~uCUaVOI2kQT0hb0a8sZ9turUNfnwtvuccYCzs0YVPfPbfkc2VnnN1JFDpkYaGfw1gJsS~5gR9Wfqdt8qykPPIRyc3dnoLPc~azuZk2PrN9fwdyvPEtEa9vRQnWs~An2IuNa4eyROIHrJ55SEdNWcPJhva4HUNcBvUiXqiPqVLbcx7MbnEE5eLYaOCavS_PsHzRJ4LvKxlweAvkdpBBvLxGV_ntcLvJda3McTcytDgklSXTZWCICvoe0B9vXbwdRNOtsf7l~JMpJQlyRGoPcGHslB6eZjrsvGhzFQAEA7Z_mSgwIxph4Pb_MSYk~~gBBkV2cqsHsa0~mq4_rhajxAn7Uvx1QjqFwkA1IPB2Mg822F8Jp~2gEsjDPDGWkF11uDOEvAuROVzzydnuDaxZ3Wzu2aQmRt~tSZKtR5Qf6w7iq8eMet7YEu0qp8rKl2vq06OC6Ukx.webp 400w\" type=\"image\/webp\"><img decoding=\"async\" class=\"position-absolute w-100 h-100 object-fit-cover\" alt=\"Magn\u00edfica villa contempor\u00e1nea muy privada con vistas al mar y a la monta\u00f1a en Roc\u00edo de Nag\u00fceles\" loading=\"lazy\" width=\"696\" height=\"522\" src=\"https:\/\/media.panoramamarbella.com\/imgV1\/B95mbh8olwFQm~uCUaVOI2kQT0hb0a8sZ9turUNfnwtvuccYCzs0YVPfPbfkc2VnnN1JFDpkYaGfw1gJsS~5gR9Wfqdt8qykPPIRyc3dnoLPc~azuZk2PrN9fwdyvPEtEa9vRQnWs~An2IuNa4eyROIHrJ55SEdNWcPJhva4H9~O~idDDVAPTAOpPDDMiHpL64SJfFKnX~fN620SLQff8PPda4A6Zg0ryCTd_rBIrDyL9bGw9K5upC10uKXS577iAXFkmXfyabpnjAxoP0MiH4pXxhDj6hkoaNRjIUOvlYKG~4nd6~efblJmZ7fnQI7V2SctwdfkJtzqcgVijzrN9buTcOKP6wbURQHuN91ThJh0lUHs1pnDn63V5CfxVnnpgZ8UupCN_1uPHFUDdWj0bwUZCu7HmLYracT6qNyicGuNqCDrFX7~APcMIeo-.jpg\"><\/picture>\t\t\t<\/figure>\n\t\t\t\t\t\t<span class=\"card-properties-tag position-absolute z-2 top-0 start-0 bg-secondary text-white py-1 px-3 ms-3\">\n\t\t\t\tDestacado\t\t\t<\/span>\n\t\t\t\t\t\t<span class=\"card-properties-ref position-absolute z-2 bottom-0 end-0 bg-white text-primary py-1 px-3 me-3\">\n\t\t\t\tPANR-13789\t\t\t<\/span>\n\t\t\t<button class=\"card-properties-portfolio d-flex align-items-center justify-content-center position-absolute z-3 end-0 text-white bg-primary me-3 border-0 px-0\" data-pfl-id=\"442953\" data-pfl-filter=\"sale\" aria-label=\"Add to portfolio\">\n\t\t\t\t<svg width=\"18\" fill=\"currentColor\" viewBox=\"0 0 512 512\">\n\t\t\t\t\t<use href=\"https:\/\/www.panoramamarbella.com\/wp-content\/themes\/panoramamarbella\/dist\/src\/images\/icons.svg#svgHeart\"><\/use>\n\t\t\t\t<\/svg>\n\t\t\t\t<svg width=\"18\" fill=\"currentColor\" viewBox=\"0 0 512 512\">\n\t\t\t\t\t<use href=\"https:\/\/www.panoramamarbella.com\/wp-content\/themes\/panoramamarbella\/dist\/src\/images\/icons.svg#svgHeartIn\"><\/use>\n\t\t\t\t<\/svg>\n\t\t\t<\/button>\n\t\t<\/div>\n\t\t\t\t<button\n\t\t\tclass=\"carousel-control-prev\"\n\t\t\ttype=\"button\"\n\t\t\tdata-bs-target=\"#carouselCardProperties-1-1\"\n\t\t\tdata-bs-slide=\"prev\">\n\t\t\t<span class=\"carousel-control-prev-icon\" aria-hidden=\"true\"><\/span>\n\t\t\t<span class=\"visually-hidden\">Anterior<\/span>\n\t\t<\/button>\n\t\t<button\n\t\t\tclass=\"carousel-control-next\"\n\t\t\ttype=\"button\"\n\t\t\tdata-bs-target=\"#carouselCardProperties-1-1\"\n\t\t\tdata-bs-slide=\"next\">\n\t\t\t<span class=\"carousel-control-next-icon\" aria-hidden=\"true\"><\/span>\n\t\t\t<span class=\"visually-hidden\">Siguiente<\/span>\n\t\t<\/button>\n\t\t\t<\/div>\n\t<div class=\"d-flex flex-column h-100 px-3 py-4 shadow\">\n\t\t\t\t<h3 class=\"card-properties-title mb-3\">\n\t\t\t<a class=\"stretched-link\" href=\"\/es\/propiedades\/marbella\/marbella-golden-mile\/rocio-de-nagueles\/villas-y-chalets\/PANR-13789\">\n\t\t\t\tMagn\u00edfica villa contempor\u00e1nea muy privada con vistas al mar y a la monta\u00f1a en Roc\u00edo de Nag\u00fceles\t\t\t<\/a>\n\t\t<\/h3>\n\t\t<p class=\"mb-3 text-black-dark\">Rocio de Nag\u00fceles, Marbella Golden Mile<\/p>\n\t\t\t\t\t\t<p class=\"card-properties-description mb-3\">\n\t\t\tVilla moderna en Nag\u00fceles, situada justo al lado de Sierra Blanca en la Milla de Oro, con una ubicaci\u00f3n c\u00e9ntrica y a poca distancia en coche de la ciudad de Marbella y con vistas al&#8230;\t\t<\/p>\n\t\t\t\t<span class=\"card-properties-price mt-auto\">\n\t\t\t\n\t\t\t<span class=\"card-properties-price mt-auto\" data-original-price=\"4290000\">4.290.000\u00a0\u20ac<\/span>\n\t\t\t\t<\/span>\n\t\t\t\t<ul class=\"card-properties-features list-unstyled d-flex flex-wrap align-items-center gap-3 pt-3 border-top mt-3 mb-0\">\n\t\t\t<li class=\"d-flex align-items-center\">5 Dorms.<\/li><li class=\"d-flex align-items-center\">5 Ba\u00f1os<\/li>\t\t\t\t<li class=\"d-flex align-items-center\">\n\t\t\t\t\t <span class=\"me-1\" data-original-value=\"604\" data-original-unit=\"m&#038;sup2\">604 m&sup2;<\/span>Total\t\t\t\t<\/li>\n\t\t\t\t\t\t\t<li class=\"d-flex align-items-center\">\n\t\t\t\t\t <span class=\"me-1\" data-original-value=\"1533\" data-original-unit=\"m&#038;sup2\">1.533 m&sup2;<\/span>Parcela\t\t\t\t<\/li>\n\t\t\t\t\t\t\t\t<li class=\"d-flex align-items-center\">\n\t\t\t\t\t <span class=\"me-1\" data-original-value=\"409\" data-original-unit=\"m&#038;sup2\">409 m&sup2;<\/span>Construido\t\t\t\t<\/li>\n\t\t\t\t\t\t\t<li class=\"d-flex align-items-center\">\n\t\t\t\t\t <span class=\"me-1\" data-original-value=\"195\" data-original-unit=\"m&#038;sup2\">195 m&sup2;<\/span>Terrazas\t\t\t\t<\/li>\n\t\t\t\t\t<\/ul>\n\t\t\t<\/div>\n<\/article>\n\t\t\t<\/div>\n\t\t\t\t\t<\/section>\n\t\t\n","protected":false},"excerpt":{"rendered":"<p>Un visionario en relaciones p\u00fablicas e inmobiliaria, impulsando el \u00e9xito de Marbella.<\/p>\n","protected":false},"template":"","meta":{"_acf_changed":true},"class_list":["post-2261","agents","type-agents","status-publish","hentry"],"acf":[],"_links":{"self":[{"href":"https:\/\/www.panoramamarbella.com\/es\/wp-json\/wp\/v2\/agents\/2261","targetHints":{"allow":["GET"]}}],"collection":[{"href":"https:\/\/www.panoramamarbella.com\/es\/wp-json\/wp\/v2\/agents"}],"about":[{"href":"https:\/\/www.panoramamarbella.com\/es\/wp-json\/wp\/v2\/types\/agents"}],"wp:attachment":[{"href":"https:\/\/www.panoramamarbella.com\/es\/wp-json\/wp\/v2\/media?parent=2261"}],"curies":[{"name":"wp","href":"https:\/\/api.w.org\/{rel}","templated":true}]}}