{"id":3557,"date":"2024-05-31T15:28:00","date_gmt":"2024-05-31T13:28:00","guid":{"rendered":"https:\/\/www.panoramamarbella.com\/?post_type=agents&#038;p=3557"},"modified":"2025-11-19T14:23:09","modified_gmt":"2025-11-19T13:23:09","slug":"sarina-garber","status":"publish","type":"agents","link":"https:\/\/www.panoramamarbella.com\/es\/sobre-nosotros\/equipo\/sarina-garber","title":{"rendered":"Sarina Garber"},"content":{"rendered":"\n\n<p>Sarina Garber naci\u00f3 en Dubl\u00edn y se cri\u00f3 en Londres. Trabaja para Panorama desde 1995 y es el miembro fundador del Departamento de Alquileres, que ahora est\u00e1 formado por un equipo de asesores de alquileres altamente cualificados. Tras mudarse a Espa\u00f1a cuando era adolescente, se considera \u00abcasi espa\u00f1ola\u00bb, \u00a1pero no del todo!<\/p>\n\n\n\n<p>Los puntos fuertes de Sarina son su extraordinaria capacidad de organizaci\u00f3n y comunicaci\u00f3n, y su habilidad para articular ideas y conceptos.<\/p>\n\n\n\n<p>Es una de las personas m\u00e1s \u00abrepresentativas\u00bb de los valores de Panorama, como lo demuestran sus asombrosos 30 a\u00f1os de lealtad y \u00e9xito con la empresa.<\/p>\n\n\n\n<p>Es biling\u00fce ingl\u00e9s\/espa\u00f1ol y habla franc\u00e9s con fluidez.<\/p>\n\n\n\n\n\t\t<section class=\"container wp-block-acf-inmpropselection\">\n\t\t\t<h2>Propiedades en alquiler recomendadas por Sarina<\/h2>\t\t\t<div class=\"row row-cols-1 row-cols-lg-3 gy-5 g-xxl-5\">\n\t\t\t\t\n<article class=\"col card-properties position-relative d-flex flex-column\">\n\t<div id=\"carouselCardProperties-1-0\" class=\"card-properties-images carousel slide carousel-fade lazy\" data-bs-ride=\"carousel\" data-bs-interval=\"200000\" data-id=\"500202\">\n\t\t<div class=\"carousel-inner\">\n\t\t\t<figure class=\"carousel-item mb-0 active ratio ratio-4x3\">\n\t\t\t\t<picture><source sizes=\"(max-width: 575px) calc(100vw - 24px), (max-width: 767px) 516px, (max-width: 991px) 696px, (max-width: 1199px) 296px, (max-width: 1399px) 356px, 400px\" width=\"696\" height=\"522\" srcset=\"https:\/\/media.panoramamarbella.com\/imgV1\/B95mbh8olwFQm~uCUaVOI2kQT0hb0a8sZ9turUNfnwtvuccYCzs0YVPfPbfkc2VnnN1JFDpkYaGfw1gJsS~5hpdiua2XRhL_FK9tLTvXRoijpOcup4l11QuEeQ_WlSbAE5ig~l_anWDlyDt5n4JKCv9CnyrZEdHl5c8EevEArzftuHGZEQ_U37dkW_yAnMxNurHJM~OUqASg03zKg~WUz9RVDvmXgrTA0C6Z7ni~lwSVeJm5qqKSv5ir7rhOAxgL7AzhqiSdyXhltdQZos9PADYC2FFRBfjVHaysJXuQnuMoIVnmUjCJTXf3mYaKk_ZN6c0RVahidv6EF0ZbBOxbaaYcI_A5vxoJxqjUfIz53oP3sX2cT_6cLt4MS~XSwhyvY68xIeO5xEJobJiWjCRfUo1x8MrBgO1Oi71xaDuvdD_62dsZHBDJbEzTh0YSy_3BH1ybgl3uB8F9KEi3TKl1.webp 696w,https:\/\/media.panoramamarbella.com\/imgV1\/B95mbh8olwFQm~uCUaVOI2kQT0hb0a8sZ9turUNfnwtvuccYCzs0YVPfPbfkc2VnnN1JFDpkYaGfw1gJsS~5hpdiua2XRhL_FK9tLTvXRoijpOcup4l11QuEeQ_WlSbAE5ig~l_anWDlyDt5n4JKCv9CnyrZEdHl5c8EevEArYUOMfBQr4WwIa6yoZ3Ecab93~Fgwrx~SVJJyAzxxmk80Ikp7uI~JPCTjRKdZqzF1fMeZXl8tdBtWd0GVoR_2sS8EImLaL_IUO4xA3movpB3Z0GDtWq4zcIf57iH1EeoF1rRLawJpGnxfVE_I5uTGUeztxN7dgEzja10ctQPG2IGO_zUPO38U~DDRCJE0~pT9i~inDPVD8Dcmd4faUmEWy1oXCAm21jCk~ah9js_wQ8Q40D5RQm6MnbRBvH~nZKX05M05t7DB6BhG3aB6wRhV9GmNHvmKuI7sXAObWqeNhTL.webp 400w\" type=\"image\/webp\"><img decoding=\"async\" class=\"position-absolute w-100 h-100 object-fit-cover\" alt=\"Apartment en alquiler de larga temporada en Marina Puente Romano, Marbella Golden Mile\" loading=\"lazy\" width=\"696\" height=\"522\" src=\"https:\/\/media.panoramamarbella.com\/imgV1\/B95mbh8olwFQm~uCUaVOI2kQT0hb0a8sZ9turUNfnwtvuccYCzs0YVPfPbfkc2VnnN1JFDpkYaGfw1gJsS~5hpdiua2XRhL_FK9tLTvXRoijpOcup4l11QuEeQ_WlSbAE5ig~l_anWDlyDt5n4JKCv9CnyrZEdHl5c8EevEArzftuHGZEQ_U37dkW_yAgl6Dvf28hMnv8V_rMa1wquy0wZHbAW3eVBhLzZqg2xnQCIL~~jFV9ETj3ILsfAhs9RTi6l9aXJaUOqZYlm21Hz6RTMSJ22_1lJF9YPs1cbaDw2GGIuEe9ou84rau2YErUD2cSUDvkft4ZPTGhKWpQUChSyVQs_PfQ8XQhlldDoBAcQMfo33G2H1Rmfl9hsCTKW7StR3SiTltQj6RnFAS3Wp~mYqwuTx2_1RHR9WHpKIl2Wg6WXTY5Svxh1P2G~k-.jpg\"><\/picture>\t\t\t<\/figure>\n\t\t\t\t\t\t<span class=\"card-properties-tag position-absolute z-2 top-0 start-0 bg-secondary text-white py-1 px-3 ms-3\">\n\t\t\t\tDestacado\t\t\t<\/span>\n\t\t\t\t\t\t<span class=\"card-properties-ref position-absolute z-2 bottom-0 end-0 bg-white text-primary py-1 px-3 me-3\">\n\t\t\t\tPANR-14495\t\t\t<\/span>\n\t\t\t<button class=\"card-properties-portfolio d-flex align-items-center justify-content-center position-absolute z-3 end-0 text-white bg-primary me-3 border-0 px-0\" data-pfl-id=\"500202\" data-pfl-filter=\"rent-long\" aria-label=\"Add to portfolio\">\n\t\t\t\t<svg width=\"18\" fill=\"currentColor\" viewBox=\"0 0 512 512\">\n\t\t\t\t\t<use href=\"https:\/\/www.panoramamarbella.com\/wp-content\/themes\/panoramamarbella\/dist\/src\/images\/icons.svg#svgHeart\"><\/use>\n\t\t\t\t<\/svg>\n\t\t\t\t<svg width=\"18\" fill=\"currentColor\" viewBox=\"0 0 512 512\">\n\t\t\t\t\t<use href=\"https:\/\/www.panoramamarbella.com\/wp-content\/themes\/panoramamarbella\/dist\/src\/images\/icons.svg#svgHeartIn\"><\/use>\n\t\t\t\t<\/svg>\n\t\t\t<\/button>\n\t\t<\/div>\n\t\t\t\t<button\n\t\t\tclass=\"carousel-control-prev\"\n\t\t\ttype=\"button\"\n\t\t\tdata-bs-target=\"#carouselCardProperties-1-0\"\n\t\t\tdata-bs-slide=\"prev\">\n\t\t\t<span class=\"carousel-control-prev-icon\" aria-hidden=\"true\"><\/span>\n\t\t\t<span class=\"visually-hidden\">Anterior<\/span>\n\t\t<\/button>\n\t\t<button\n\t\t\tclass=\"carousel-control-next\"\n\t\t\ttype=\"button\"\n\t\t\tdata-bs-target=\"#carouselCardProperties-1-0\"\n\t\t\tdata-bs-slide=\"next\">\n\t\t\t<span class=\"carousel-control-next-icon\" aria-hidden=\"true\"><\/span>\n\t\t\t<span class=\"visually-hidden\">Siguiente<\/span>\n\t\t<\/button>\n\t\t\t<\/div>\n\t<div class=\"d-flex flex-column h-100 px-3 py-4 shadow\">\n\t\t\t\t<h3 class=\"card-properties-title mb-3\">\n\t\t\t<a class=\"stretched-link\" href=\"\/rentals\/marbella\/marbella-golden-mile\/marina-puente-romano\/apartments\/PANR-14495\">\n\t\t\t\tApartment en alquiler de larga temporada en Marina Puente Romano, Marbella Golden Mile\t\t\t<\/a>\n\t\t<\/h3>\n\t\t<p class=\"mb-3 text-black-dark\">Marina Puente Romano, Marbella Golden Mile<\/p>\n\t\t\t\t\t\t<p class=\"card-properties-description mb-3\">\n\t\t\tApartment en venta y alquiler en Marina Puente Romano, Marbella Golden Mile con 3 dormitorios, 3 ba\u00f1os, 3 ba\u00f1os en suite, construido en 1992 y tiene piscina (communal), garaje (private) y jard\u00edn (communal). Dimensiones: 202m&sup2;&#8230;\t\t<\/p>\n\t\t\t\t<span class=\"card-properties-price mt-auto\">\n\t\t\t<p class=\"d-flex flex-column flex-md-row gap-3 mt-auto mb-0\">\n\t\t<span class=\"d-block text-nowrap\">\n\t\t<small class=\"d-block\">Larga temporada<\/small>\n\t\t<span class=\"card-properties-price mt-auto\" data-original-price=\"15000\">15.000\u00a0\u20ac<\/span><small data-period> \/ Mes<\/small>\t<\/span>\n\t<\/p>\n\t\t<\/span>\n\t\t\t\t<ul class=\"card-properties-features list-unstyled d-flex flex-wrap align-items-center gap-3 pt-3 border-top mt-3 mb-0\">\n\t\t\t<li class=\"d-flex align-items-center\">3 Dorms.<\/li><li class=\"d-flex align-items-center\">3 Ba\u00f1os<\/li>\t\t\t\t<li class=\"d-flex align-items-center\">\n\t\t\t\t\t <span class=\"me-1\" data-original-value=\"202\" data-original-unit=\"m&#038;sup2\">202 m&sup2;<\/span>Total\t\t\t\t<\/li>\n\t\t\t\t\t\t\t<li class=\"d-flex align-items-center\">\n\t\t\t\t\t <span class=\"me-1\" data-original-value=\"150\" data-original-unit=\"m&#038;sup2\">150 m&sup2;<\/span>Construido\t\t\t\t<\/li>\n\t\t\t\t\t\t\t<li class=\"d-flex align-items-center\">\n\t\t\t\t\t <span class=\"me-1\" data-original-value=\"52\" data-original-unit=\"m&#038;sup2\">52 m&sup2;<\/span>Terrazas\t\t\t\t<\/li>\n\t\t\t\t\t<\/ul>\n\t\t\t<\/div>\n<\/article>\n\n\n<article class=\"col card-properties position-relative d-flex flex-column\">\n\t<div id=\"carouselCardProperties-1-1\" class=\"card-properties-images carousel slide carousel-fade lazy\" data-bs-ride=\"carousel\" data-bs-interval=\"200000\" data-id=\"697195\">\n\t\t<div class=\"carousel-inner\">\n\t\t\t<figure class=\"carousel-item mb-0 active ratio ratio-4x3\">\n\t\t\t\t<picture><source sizes=\"(max-width: 575px) calc(100vw - 24px), (max-width: 767px) 516px, (max-width: 991px) 696px, (max-width: 1199px) 296px, (max-width: 1399px) 356px, 400px\" width=\"696\" height=\"522\" srcset=\"https:\/\/media.panoramamarbella.com\/imgV1\/B95mbh8olwFQm~uCUaVOI2kQT0hb0a8sZ9turUNfnwtvuccYCzs0YVPfPbfkc2VnnN1JFDpkYaGfw1gJsS~5hOu6ZaB5BcoL0Jeu4NxffY_7AwTLbWTNfDlW9j0lPGLg1y4vYTldK9vOTGz0_~~rOrYkS_l4R5YgJSCVtDDlQjLPocLmdGmrz7EqecuZIfa11bkc_kEvFCx5hUqcNzuJe3jmTaALl7VfWDuF8thFccySoSPNcFDWEmEqohlBJUKh3o0RmsK3xElnkOWJEzwHJwdxpqOykJP_pUn1UsWi2m2VWcE5OEjfVyAqHqmAWRsWtlMxVJRLPEebNtVb0soNfiM3V_SL_1dHAl69wS9FbSukM8~UNw4zkVx87DhQgJ0pIxxEvbPMsiM~OrU1l1gQ7Jh6cI4RPz8AyRzrpwOzPSIxmoExFZfrPfrd6aC8ZWNwalmxdZJpZdee67~uSYNT.webp 696w,https:\/\/media.panoramamarbella.com\/imgV1\/B95mbh8olwFQm~uCUaVOI2kQT0hb0a8sZ9turUNfnwtvuccYCzs0YVPfPbfkc2VnnN1JFDpkYaGfw1gJsS~5hOu6ZaB5BcoL0Jeu4NxffY_7AwTLbWTNfDlW9j0lPGLg1y4vYTldK9vOTGz0_~~rOrYkS_l4R5YgJSCVtDDlQDH~v~o203thEn2DlLWUrnnp9wj1DfRrTsD3UUjihNi10vYb4KrUxIyiRi~6Wd1hQSuoNaTQcjO_BZVy8_5piFhnsE8c~ceHfn66G3KKpPJ55AQ~KZyVJiWKRNXkr3FUsfXG1LYHoTWca0VU8vvTETTO0C6jEh4hCbAVbNYKL40r9rFlWbA8Z4YYvlkw9H6FKQvdEo4Bvr~WmqYoi24xZaJA_0k~PWvEnRXS_dbwhadt6cu6ka27X29TaCTNa3VGghKvBRWlh4rZzq9G___cZBnRTc0txNquFSlqnFq0Pr57.webp 400w\" type=\"image\/webp\"><img decoding=\"async\" class=\"position-absolute w-100 h-100 object-fit-cover\" alt=\"Town House en alquiler de larga temporada en Azahara II, Nueva Andalucia\" loading=\"lazy\" width=\"696\" height=\"522\" src=\"https:\/\/media.panoramamarbella.com\/imgV1\/B95mbh8olwFQm~uCUaVOI2kQT0hb0a8sZ9turUNfnwtvuccYCzs0YVPfPbfkc2VnnN1JFDpkYaGfw1gJsS~5hOu6ZaB5BcoL0Jeu4NxffY_7AwTLbWTNfDlW9j0lPGLg1y4vYTldK9vOTGz0_~~rOrYkS_l4R5YgJSCVtDDlQjLPocLmdGmrz7EqecuZP_7pyUeNFD7~VUWujcEkYmAAqf232spo0wP5J9upWq3TR1_85fOFD3PV58v0g5fnnQyD4QWJPLfNcZJI~56Ebno01Cz0TGJvVRdLAvhyPtiIGHgCFr5wbzbGL_Ws2jB3PkW2sy8n4thw3OcR3jSMtMJMJIeMFnEG8elD~z7AdZIVxxUqX_5p6rYYUj3IB4yqMOSODZeOOTuw~o3__l2nJrles5Wn5ZMQ7~Wu3Hr5ysynp72u36X2bZtFD5u3_TM-.jpg\"><\/picture>\t\t\t<\/figure>\n\t\t\t\t\t\t<span class=\"card-properties-ref position-absolute z-2 bottom-0 end-0 bg-white text-primary py-1 px-3 me-3\">\n\t\t\t\tPANR-16335P-DUP\t\t\t<\/span>\n\t\t\t<button class=\"card-properties-portfolio d-flex align-items-center justify-content-center position-absolute z-3 end-0 text-white bg-primary me-3 border-0 px-0\" data-pfl-id=\"697195\" data-pfl-filter=\"rent-long\" aria-label=\"Add to portfolio\">\n\t\t\t\t<svg width=\"18\" fill=\"currentColor\" viewBox=\"0 0 512 512\">\n\t\t\t\t\t<use href=\"https:\/\/www.panoramamarbella.com\/wp-content\/themes\/panoramamarbella\/dist\/src\/images\/icons.svg#svgHeart\"><\/use>\n\t\t\t\t<\/svg>\n\t\t\t\t<svg width=\"18\" fill=\"currentColor\" viewBox=\"0 0 512 512\">\n\t\t\t\t\t<use href=\"https:\/\/www.panoramamarbella.com\/wp-content\/themes\/panoramamarbella\/dist\/src\/images\/icons.svg#svgHeartIn\"><\/use>\n\t\t\t\t<\/svg>\n\t\t\t<\/button>\n\t\t<\/div>\n\t\t\t\t<button\n\t\t\tclass=\"carousel-control-prev\"\n\t\t\ttype=\"button\"\n\t\t\tdata-bs-target=\"#carouselCardProperties-1-1\"\n\t\t\tdata-bs-slide=\"prev\">\n\t\t\t<span class=\"carousel-control-prev-icon\" aria-hidden=\"true\"><\/span>\n\t\t\t<span class=\"visually-hidden\">Anterior<\/span>\n\t\t<\/button>\n\t\t<button\n\t\t\tclass=\"carousel-control-next\"\n\t\t\ttype=\"button\"\n\t\t\tdata-bs-target=\"#carouselCardProperties-1-1\"\n\t\t\tdata-bs-slide=\"next\">\n\t\t\t<span class=\"carousel-control-next-icon\" aria-hidden=\"true\"><\/span>\n\t\t\t<span class=\"visually-hidden\">Siguiente<\/span>\n\t\t<\/button>\n\t\t\t<\/div>\n\t<div class=\"d-flex flex-column h-100 px-3 py-4 shadow\">\n\t\t\t\t<h3 class=\"card-properties-title mb-3\">\n\t\t\t<a class=\"stretched-link\" href=\"\/rentals\/marbella\/nueva-andalucia\/azahara-ii\/townhouses\/PANR-16335P-DUP\">\n\t\t\t\tTown House en alquiler de larga temporada en Azahara II, Nueva Andalucia\t\t\t<\/a>\n\t\t<\/h3>\n\t\t<p class=\"mb-3 text-black-dark\">Azahara II, Nueva Andalucia<\/p>\n\t\t\t\t\t\t<p class=\"card-properties-description mb-3\">\n\t\t\tTown House en alquiler en Azahara II, Nueva Andalucia con 3 dormitorios, 3 ba\u00f1os, 1 ba\u00f1o en suite, 1 aseo y tiene garaje (carport). Dimensiones: 213m&sup2; construido, 173m&sup2; interior y 129m&sup2; terraza.\n\nEsta propiedad, orientaci\u00f3n sur,&#8230;\t\t<\/p>\n\t\t\t\t<span class=\"card-properties-price mt-auto\">\n\t\t\t<p class=\"d-flex flex-column flex-md-row gap-3 mt-auto mb-0\">\n\t\t<span class=\"d-block text-nowrap\">\n\t\t<small class=\"d-block\">Larga temporada<\/small>\n\t\t<span class=\"card-properties-price mt-auto\" data-original-price=\"15000\">15.000\u00a0\u20ac<\/span><small data-period> \/ Mes<\/small>\t<\/span>\n\t<\/p>\n\t\t<\/span>\n\t\t\t\t<ul class=\"card-properties-features list-unstyled d-flex flex-wrap align-items-center gap-3 pt-3 border-top mt-3 mb-0\">\n\t\t\t<li class=\"d-flex align-items-center\">3 Dorms.<\/li><li class=\"d-flex align-items-center\">3 Ba\u00f1os<\/li>\t\t\t\t<li class=\"d-flex align-items-center\">\n\t\t\t\t\t <span class=\"me-1\" data-original-value=\"213\" data-original-unit=\"m&#038;sup2\">213 m&sup2;<\/span>Total\t\t\t\t<\/li>\n\t\t\t\t\t\t\t<li class=\"d-flex align-items-center\">\n\t\t\t\t\t <span class=\"me-1\" data-original-value=\"173\" data-original-unit=\"m&#038;sup2\">173 m&sup2;<\/span>Construido\t\t\t\t<\/li>\n\t\t\t\t\t\t\t<li class=\"d-flex align-items-center\">\n\t\t\t\t\t <span class=\"me-1\" data-original-value=\"129\" data-original-unit=\"m&#038;sup2\">129 m&sup2;<\/span>Terrazas\t\t\t\t<\/li>\n\t\t\t\t\t<\/ul>\n\t\t\t<\/div>\n<\/article>\n\n\n<article class=\"col card-properties position-relative d-flex flex-column\">\n\t<div id=\"carouselCardProperties-1-2\" class=\"card-properties-images carousel slide carousel-fade lazy\" data-bs-ride=\"carousel\" data-bs-interval=\"200000\" data-id=\"687854\">\n\t\t<div class=\"carousel-inner\">\n\t\t\t<figure class=\"carousel-item mb-0 active ratio ratio-4x3\">\n\t\t\t\t<picture><source sizes=\"(max-width: 575px) calc(100vw - 24px), (max-width: 767px) 516px, (max-width: 991px) 696px, (max-width: 1199px) 296px, (max-width: 1399px) 356px, 400px\" width=\"696\" height=\"522\" srcset=\"https:\/\/media.panoramamarbella.com\/imgV1\/B95mbh8olwFQm~uCUaVOI2kQT0hb0a8sZ9turUNfnwtvuccYCzs0YVPfPbfkc2VnnN1JFDpkYaGfw1gJsS~5hOp1u7RASAYDe9IubxAPq7yDjwozWt1qq8z4RtMxNzYAL7K5EOwDX4d9eF6b1FtNv5utwDbd__LrUGnaNAgBri69bbrcSs_TPP1KaEcHnBMDWow2jfNlWXv59K~rGMP4BhmigJ0JhA1uwEPSNsNpsJjxqgrbTxwEhD1MLM_TzzpnsOvgCnQdA6NEcFfiSDfWW5EpxlF~FcwuViv4jR2uoUaLRY8kpTMOPD0551XU1zov9RHRMABnkhTkztVDmiHYzuUHD7sAEIlgsYAgtiinm9uOwupo4KtfLVybH43Vp2NGl3ZAU9FJ7lUaR8tUBhMuvQX3G1txcSlsdcpY3fZQjhDGXC8czAfO3Z~SuGZobknv2RX7rWGiVvtT3s9psJcU.webp 696w,https:\/\/media.panoramamarbella.com\/imgV1\/B95mbh8olwFQm~uCUaVOI2kQT0hb0a8sZ9turUNfnwtvuccYCzs0YVPfPbfkc2VnnN1JFDpkYaGfw1gJsS~5hOp1u7RASAYDe9IubxAPq7yDjwozWt1qq8z4RtMxNzYAL7K5EOwDX4d9eF6b1FtNv5utwDbd__LrUGnaNAgBrDWD8OoQJ_pE7alXzNbGNPydIbxGKmtH3FhQpOaG0RYswyEETLDtg_imknY4R4l5rISwWu2~zh3o~t5z2mWxrHRcGf4u~fMPVrkkx1Fe8JGJXTHUpFyId2uQ13vVnaUbAM9SwRcumx~2hoWCsJ_qreyiekaTofxlxbUQWjv8BRLp8JTmLWsuqgmbgfSYEGNPampDzMajMxS3J_eJe2APSFH9NsJcKtZmZNRgyQmfLS1NdtpdlihB~F14uPKeS5LOd1IlKR1SnjVfZSTFSoIxWX_5vpyb9bhblzDATwqlEIgH.webp 400w\" type=\"image\/webp\"><img decoding=\"async\" class=\"position-absolute w-100 h-100 object-fit-cover\" alt=\"Villa en alquiler de larga temporada en Nag\u00fceles, Marbella Golden Mile\" loading=\"lazy\" width=\"696\" height=\"522\" src=\"https:\/\/media.panoramamarbella.com\/imgV1\/B95mbh8olwFQm~uCUaVOI2kQT0hb0a8sZ9turUNfnwtvuccYCzs0YVPfPbfkc2VnnN1JFDpkYaGfw1gJsS~5hOp1u7RASAYDe9IubxAPq7yDjwozWt1qq8z4RtMxNzYAL7K5EOwDX4d9eF6b1FtNv5utwDbd__LrUGnaNAgBri69bbrcSs_TPP1KaEcHgqFJAhzv6g_EeDxZsYgxke8NESFi07skvQV599vbqV4lfr6zBCfFYfJ9Flgvq6BUHKYYqcUfXvXdolDQSJ5gMY1j2BIp~t0mXs7SVTPjHA5dqumE~nP_c~p6gipdYaGWN6W8tCz3KHhAVCEnpWnsJTh8TPtaWKM_B5QGFG95NUvvfViIVPidlpVT4PtsVdkwblEwvd6PoIUfPG2HR84N3UDM5IHPIUgJ4H5oXXrak2gw0yySQHqzSadmnSYprlo-.jpg\"><\/picture>\t\t\t<\/figure>\n\t\t\t\t\t\t<span class=\"card-properties-ref position-absolute z-2 bottom-0 end-0 bg-white text-primary py-1 px-3 me-3\">\n\t\t\t\tPANR-16261\t\t\t<\/span>\n\t\t\t<button class=\"card-properties-portfolio d-flex align-items-center justify-content-center position-absolute z-3 end-0 text-white bg-primary me-3 border-0 px-0\" data-pfl-id=\"687854\" data-pfl-filter=\"rent-long\" aria-label=\"Add to portfolio\">\n\t\t\t\t<svg width=\"18\" fill=\"currentColor\" viewBox=\"0 0 512 512\">\n\t\t\t\t\t<use href=\"https:\/\/www.panoramamarbella.com\/wp-content\/themes\/panoramamarbella\/dist\/src\/images\/icons.svg#svgHeart\"><\/use>\n\t\t\t\t<\/svg>\n\t\t\t\t<svg width=\"18\" fill=\"currentColor\" viewBox=\"0 0 512 512\">\n\t\t\t\t\t<use href=\"https:\/\/www.panoramamarbella.com\/wp-content\/themes\/panoramamarbella\/dist\/src\/images\/icons.svg#svgHeartIn\"><\/use>\n\t\t\t\t<\/svg>\n\t\t\t<\/button>\n\t\t<\/div>\n\t\t\t\t<button\n\t\t\tclass=\"carousel-control-prev\"\n\t\t\ttype=\"button\"\n\t\t\tdata-bs-target=\"#carouselCardProperties-1-2\"\n\t\t\tdata-bs-slide=\"prev\">\n\t\t\t<span class=\"carousel-control-prev-icon\" aria-hidden=\"true\"><\/span>\n\t\t\t<span class=\"visually-hidden\">Anterior<\/span>\n\t\t<\/button>\n\t\t<button\n\t\t\tclass=\"carousel-control-next\"\n\t\t\ttype=\"button\"\n\t\t\tdata-bs-target=\"#carouselCardProperties-1-2\"\n\t\t\tdata-bs-slide=\"next\">\n\t\t\t<span class=\"carousel-control-next-icon\" aria-hidden=\"true\"><\/span>\n\t\t\t<span class=\"visually-hidden\">Siguiente<\/span>\n\t\t<\/button>\n\t\t\t<\/div>\n\t<div class=\"d-flex flex-column h-100 px-3 py-4 shadow\">\n\t\t\t\t<h3 class=\"card-properties-title mb-3\">\n\t\t\t<a class=\"stretched-link\" href=\"\/rentals\/marbella\/marbella-golden-mile\/nagueles\/villas\/PANR-16261\">\n\t\t\t\tVilla en alquiler de larga temporada en Nag\u00fceles, Marbella Golden Mile\t\t\t<\/a>\n\t\t<\/h3>\n\t\t<p class=\"mb-3 text-black-dark\">Nag\u00fceles, Marbella Golden Mile<\/p>\n\t\t\t\t\t\t<p class=\"card-properties-description mb-3\">\n\t\t\tVilla en alquiler en Nag\u00fceles, Marbella Golden Mile con 6 dormitorios, 6 ba\u00f1os, 6 ba\u00f1os en suite, 1 aseo, construido en 1967 y tiene piscina (private), garaje (private) y jard\u00edn (private). Dimensiones: 308m&sup2; construido, 924m&sup2;&#8230;\t\t<\/p>\n\t\t\t\t<span class=\"card-properties-price mt-auto\">\n\t\t\t<p class=\"d-flex flex-column flex-md-row gap-3 mt-auto mb-0\">\n\t\t<span class=\"d-block text-nowrap\">\n\t\t<small class=\"d-block\">Larga temporada<\/small>\n\t\t<span class=\"card-properties-price mt-auto\" data-original-price=\"25000\">25.000\u00a0\u20ac<\/span><small data-period> \/ Mes<\/small>\t<\/span>\n\t<\/p>\n\t\t<\/span>\n\t\t\t\t<ul class=\"card-properties-features list-unstyled d-flex flex-wrap align-items-center gap-3 pt-3 border-top mt-3 mb-0\">\n\t\t\t<li class=\"d-flex align-items-center\">6 Dorms.<\/li><li class=\"d-flex align-items-center\">6 Ba\u00f1os<\/li>\t\t\t\t<li class=\"d-flex align-items-center\">\n\t\t\t\t\t <span class=\"me-1\" data-original-value=\"308\" data-original-unit=\"m&#038;sup2\">308 m&sup2;<\/span>Total\t\t\t\t<\/li>\n\t\t\t\t\t\t\t<li class=\"d-flex align-items-center\">\n\t\t\t\t\t <span class=\"me-1\" data-original-value=\"924\" data-original-unit=\"m&#038;sup2\">924 m&sup2;<\/span>Parcela\t\t\t\t<\/li>\n\t\t\t\t\t\t\t\t<li class=\"d-flex align-items-center\">\n\t\t\t\t\t <span class=\"me-1\" data-original-value=\"216\" data-original-unit=\"m&#038;sup2\">216 m&sup2;<\/span>Construido\t\t\t\t<\/li>\n\t\t\t\t\t\t\t<li class=\"d-flex align-items-center\">\n\t\t\t\t\t <span class=\"me-1\" data-original-value=\"92\" data-original-unit=\"m&#038;sup2\">92 m&sup2;<\/span>Terrazas\t\t\t\t<\/li>\n\t\t\t\t\t<\/ul>\n\t\t\t<\/div>\n<\/article>\n\t\t\t<\/div>\n\t\t\t<ul class=\"mw-100 d-flex flex-column flex-lg-row flex-lg-wrap justify-content-center gap-3 list-unstyled mt-5 mb-0\">\n    <li><a class=\"btn btn-primary w-100 px-4 py-2\" href=\"https:\/\/www.panoramamarbella.com\/es\/alquileres\">Viviendas en alquiler en Marbella y alrededores<\/a><\/li><\/ul>\n\t\t<\/section>\n\t\t\n\n\t\t<section class=\"container wp-block-acf-inmpropselection\">\n\t\t\t<h2>Propiedades en venta recomendadas por Sarina<\/h2>\t\t\t<div class=\"row row-cols-1 row-cols-lg-3 gy-5 g-xxl-5\">\n\t\t\t\t\n<article class=\"col card-properties position-relative d-flex flex-column\">\n\t<div id=\"carouselCardProperties-2-0\" class=\"card-properties-images carousel slide carousel-fade lazy\" data-bs-ride=\"carousel\" data-bs-interval=\"200000\" data-id=\"500202\">\n\t\t<div class=\"carousel-inner\">\n\t\t\t<figure class=\"carousel-item mb-0 active ratio ratio-4x3\">\n\t\t\t\t<picture><source sizes=\"(max-width: 575px) calc(100vw - 24px), (max-width: 767px) 516px, (max-width: 991px) 696px, (max-width: 1199px) 296px, (max-width: 1399px) 356px, 400px\" width=\"696\" height=\"522\" srcset=\"https:\/\/media.panoramamarbella.com\/imgV1\/B95mbh8olwFQm~uCUaVOI2kQT0hb0a8sZ9turUNfnwtvuccYCzs0YVPfPbfkc2VnnN1JFDpkYaGfw1gJsS~5hpdiua2XRhL_FK9tLTvXRoijpOcup4l11QuEeQ_WlSbAE5ig~l_anWDlyDt5n4JKCv9CnyrZEdHl5c8EevEArzftuHGZEQ_U37dkW_yAnMxNurHJM~OUqASg03zKg~WUz9RVDvmXgrTA0C6Z7ni~lwSVeJm5qqKSv5ir7rhOAxgL7AzhqiSdyXhltdQZos9PADYC2FFRBfjVHaysJXuQnuMoIVnmUjCJTXf3mYaKk_ZN6c0RVahidv6EF0ZbBOxbaaYcI_A5vxoJxqjUfIz53oP3sX2cT_6cLt4MS~XSwhyvY68xIeO5xEJobJiWjCRfUo1x8MrBgO1Oi71xaDuvdD_62dsZHBDJbEzTh0YSy_3BH1ybgl3uB8F9KEi3TKl1.webp 696w,https:\/\/media.panoramamarbella.com\/imgV1\/B95mbh8olwFQm~uCUaVOI2kQT0hb0a8sZ9turUNfnwtvuccYCzs0YVPfPbfkc2VnnN1JFDpkYaGfw1gJsS~5hpdiua2XRhL_FK9tLTvXRoijpOcup4l11QuEeQ_WlSbAE5ig~l_anWDlyDt5n4JKCv9CnyrZEdHl5c8EevEArYUOMfBQr4WwIa6yoZ3Ecab93~Fgwrx~SVJJyAzxxmk80Ikp7uI~JPCTjRKdZqzF1fMeZXl8tdBtWd0GVoR_2sS8EImLaL_IUO4xA3movpB3Z0GDtWq4zcIf57iH1EeoF1rRLawJpGnxfVE_I5uTGUeztxN7dgEzja10ctQPG2IGO_zUPO38U~DDRCJE0~pT9i~inDPVD8Dcmd4faUmEWy1oXCAm21jCk~ah9js_wQ8Q40D5RQm6MnbRBvH~nZKX05M05t7DB6BhG3aB6wRhV9GmNHvmKuI7sXAObWqeNhTL.webp 400w\" type=\"image\/webp\"><img decoding=\"async\" class=\"position-absolute w-100 h-100 object-fit-cover\" alt=\"Impresionante y luminoso apartamento en primera planta en el Jard\u00edn Andaluz de Marina Puente Romano\" loading=\"lazy\" width=\"696\" height=\"522\" src=\"https:\/\/media.panoramamarbella.com\/imgV1\/B95mbh8olwFQm~uCUaVOI2kQT0hb0a8sZ9turUNfnwtvuccYCzs0YVPfPbfkc2VnnN1JFDpkYaGfw1gJsS~5hpdiua2XRhL_FK9tLTvXRoijpOcup4l11QuEeQ_WlSbAE5ig~l_anWDlyDt5n4JKCv9CnyrZEdHl5c8EevEArzftuHGZEQ_U37dkW_yAgl6Dvf28hMnv8V_rMa1wquy0wZHbAW3eVBhLzZqg2xnQCIL~~jFV9ETj3ILsfAhs9RTi6l9aXJaUOqZYlm21Hz6RTMSJ22_1lJF9YPs1cbaDw2GGIuEe9ou84rau2YErUD2cSUDvkft4ZPTGhKWpQUChSyVQs_PfQ8XQhlldDoBAcQMfo33G2H1Rmfl9hsCTKW7StR3SiTltQj6RnFAS3Wp~mYqwuTx2_1RHR9WHpKIl2Wg6WXTY5Svxh1P2G~k-.jpg\"><\/picture>\t\t\t<\/figure>\n\t\t\t\t\t\t<span class=\"card-properties-tag position-absolute z-2 top-0 start-0 bg-secondary text-white py-1 px-3 ms-3\">\n\t\t\t\tDestacado\t\t\t<\/span>\n\t\t\t\t\t\t<span class=\"card-properties-ref position-absolute z-2 bottom-0 end-0 bg-white text-primary py-1 px-3 me-3\">\n\t\t\t\tPANR-14495\t\t\t<\/span>\n\t\t\t<button class=\"card-properties-portfolio d-flex align-items-center justify-content-center position-absolute z-3 end-0 text-white bg-primary me-3 border-0 px-0\" data-pfl-id=\"500202\" data-pfl-filter=\"sale\" aria-label=\"Add to portfolio\">\n\t\t\t\t<svg width=\"18\" fill=\"currentColor\" viewBox=\"0 0 512 512\">\n\t\t\t\t\t<use href=\"https:\/\/www.panoramamarbella.com\/wp-content\/themes\/panoramamarbella\/dist\/src\/images\/icons.svg#svgHeart\"><\/use>\n\t\t\t\t<\/svg>\n\t\t\t\t<svg width=\"18\" fill=\"currentColor\" viewBox=\"0 0 512 512\">\n\t\t\t\t\t<use href=\"https:\/\/www.panoramamarbella.com\/wp-content\/themes\/panoramamarbella\/dist\/src\/images\/icons.svg#svgHeartIn\"><\/use>\n\t\t\t\t<\/svg>\n\t\t\t<\/button>\n\t\t<\/div>\n\t\t\t\t<button\n\t\t\tclass=\"carousel-control-prev\"\n\t\t\ttype=\"button\"\n\t\t\tdata-bs-target=\"#carouselCardProperties-2-0\"\n\t\t\tdata-bs-slide=\"prev\">\n\t\t\t<span class=\"carousel-control-prev-icon\" aria-hidden=\"true\"><\/span>\n\t\t\t<span class=\"visually-hidden\">Anterior<\/span>\n\t\t<\/button>\n\t\t<button\n\t\t\tclass=\"carousel-control-next\"\n\t\t\ttype=\"button\"\n\t\t\tdata-bs-target=\"#carouselCardProperties-2-0\"\n\t\t\tdata-bs-slide=\"next\">\n\t\t\t<span class=\"carousel-control-next-icon\" aria-hidden=\"true\"><\/span>\n\t\t\t<span class=\"visually-hidden\">Siguiente<\/span>\n\t\t<\/button>\n\t\t\t<\/div>\n\t<div class=\"d-flex flex-column h-100 px-3 py-4 shadow\">\n\t\t\t\t<h3 class=\"card-properties-title mb-3\">\n\t\t\t<a class=\"stretched-link\" href=\"\/es\/propiedades\/marbella\/marbella-golden-mile\/marina-puente-romano\/apartamentos-y-pisos\/PANR-14495\">\n\t\t\t\tImpresionante y luminoso apartamento en primera planta en el Jard\u00edn Andaluz de Marina Puente Romano\t\t\t<\/a>\n\t\t<\/h3>\n\t\t<p class=\"mb-3 text-black-dark\">Marina Puente Romano, Marbella Golden Mile<\/p>\n\t\t\t\t\t\t<p class=\"card-properties-description mb-3\">\n\t\t\tEEste impresionante apartamento en primera planta se encuentra en uno de los complejos residenciales m\u00e1s exclusivos en primera l\u00ednea de playa de la prestigiosa Milla de Oro de Marbella, considerada una de las zonas residenciales&#8230;\t\t<\/p>\n\t\t\t\t<span class=\"card-properties-price mt-auto\">\n\t\t\t\n\t\t\t<span class=\"card-properties-price mt-auto\" data-original-price=\"3800000\">3.800.000\u00a0\u20ac<\/span>\n\t\t\t\t<\/span>\n\t\t\t\t<ul class=\"card-properties-features list-unstyled d-flex flex-wrap align-items-center gap-3 pt-3 border-top mt-3 mb-0\">\n\t\t\t<li class=\"d-flex align-items-center\">3 Dorms.<\/li><li class=\"d-flex align-items-center\">3 Ba\u00f1os<\/li>\t\t\t\t<li class=\"d-flex align-items-center\">\n\t\t\t\t\t <span class=\"me-1\" data-original-value=\"202\" data-original-unit=\"m&#038;sup2\">202 m&sup2;<\/span>Total\t\t\t\t<\/li>\n\t\t\t\t\t\t\t<li class=\"d-flex align-items-center\">\n\t\t\t\t\t <span class=\"me-1\" data-original-value=\"150\" data-original-unit=\"m&#038;sup2\">150 m&sup2;<\/span>Construido\t\t\t\t<\/li>\n\t\t\t\t\t\t\t<li class=\"d-flex align-items-center\">\n\t\t\t\t\t <span class=\"me-1\" data-original-value=\"52\" data-original-unit=\"m&#038;sup2\">52 m&sup2;<\/span>Terrazas\t\t\t\t<\/li>\n\t\t\t\t\t<\/ul>\n\t\t\t<\/div>\n<\/article>\n\n\n<article class=\"col card-properties position-relative d-flex flex-column\">\n\t<div id=\"carouselCardProperties-2-1\" class=\"card-properties-images carousel slide carousel-fade lazy\" data-bs-ride=\"carousel\" data-bs-interval=\"200000\" data-id=\"440474\">\n\t\t<div class=\"carousel-inner\">\n\t\t\t<figure class=\"carousel-item mb-0 active ratio ratio-4x3\">\n\t\t\t\t<picture><source sizes=\"(max-width: 575px) calc(100vw - 24px), (max-width: 767px) 516px, (max-width: 991px) 696px, (max-width: 1199px) 296px, (max-width: 1399px) 356px, 400px\" width=\"696\" height=\"522\" srcset=\"https:\/\/media.panoramamarbella.com\/imgV1\/B95mbh8olwFQm~uCUaVOI2kQT0hb0a8sZ9turUNfnwtvuccYCzs0YVPfPbfkc2VnnN1JFDpkYaGfw1gJsS~5gR9bkhYY6HF3G50O1du9044vu4GbbYImMA0410_UZJ3MV_~WrWpnxBcYKoEojjvKqj4F2SRIYxpFXmj_mvyNiXiH9OClhhzCRaYC2JMi4oqhiH2pzE5YWNFbbsrjF8sVdz93bQRSqGSWGzn05l_ftJcI~FMR~sGMOpWGPmX~WASbzq546dHc39ecTazJkgjxeeapbHaI_UzcWELDkdhK15OHNoxXpDLzl0b25NR9kkEFAeqCKC_O3uXtowG831p1OVgDosOZYQADaQCVkVayiueiHDTegIwxUwOxemeVPUEyT9inJsAokGZWRNe9kNxliyskp0nv9At_rFLos6FJ871CvCHSnDTU6j3RQSFDiLwB7c1~gMz~h7xOWUhjLfrB.webp 696w,https:\/\/media.panoramamarbella.com\/imgV1\/B95mbh8olwFQm~uCUaVOI2kQT0hb0a8sZ9turUNfnwtvuccYCzs0YVPfPbfkc2VnnN1JFDpkYaGfw1gJsS~5gR9bkhYY6HF3G50O1du9044vu4GbbYImMA0410_UZJ3MV_~WrWpnxBcYKoEojjvKqj4F2SRIYxpFXmj_mvyNiwzEKgdJInEEu6KafKW_vM12TF1pV6M82qkH24EaFHmBZHbf7tBmWdU1NVC6WfhQ25TKxXJVbEdqqjlFBJFcQpEUPQkXHNZp~oKWaTTFZLcXzTVTkplA0pzv1bqdeVLkZJM126X22JnBaMu9C1_D7XgmBJaozfchsNElxP5tn8qJUVlkJ21lSjV~jdopnKMRZCOohNSZxQbtostjV1zEbmCHDfX7nuRD3g~YZfYpXPgSQNZEPid~s8fy4bXuX0Yf3hrRr7uXmCeIagxkL2RcKXQFu_mg34qUWYNP7Ji4dklA.webp 400w\" type=\"image\/webp\"><img decoding=\"async\" class=\"position-absolute w-100 h-100 object-fit-cover\" alt=\"Elegante apartamento moderno con jard\u00edn en una ubicaci\u00f3n privilegiada junto a la playa en Marina Puente Romano\" loading=\"lazy\" width=\"696\" height=\"522\" src=\"https:\/\/media.panoramamarbella.com\/imgV1\/B95mbh8olwFQm~uCUaVOI2kQT0hb0a8sZ9turUNfnwtvuccYCzs0YVPfPbfkc2VnnN1JFDpkYaGfw1gJsS~5gR9bkhYY6HF3G50O1du9044vu4GbbYImMA0410_UZJ3MV_~WrWpnxBcYKoEojjvKqj4F2SRIYxpFXmj_mvyNiXiH9OClhhzCRaYC2JMi~PexTF4znLJyKYRzn0Hb5WPudu23I6HtdA0YsSI4S6jF4xuDlpFr9fQfZXQsou7NBRjz4whWVSQbPbzaVxfODrZ3Hgvi9wo8wsO~hY99rsmolnOOOAivYG1SQziyk64uIqlSudLmdQHbri9DRWzehrUsZVf3okq8Bps9KajIN6d0_b4iTDrDrDu0zC7C8OkRAw41~sj6b8vc2n6RkhqpAkDRSNxCKh74Z1YwECYFQL8CAikRI2Rr4aqv2~raFlI-.jpg\"><\/picture>\t\t\t<\/figure>\n\t\t\t\t\t\t<span class=\"card-properties-tag position-absolute z-2 top-0 start-0 bg-secondary text-white py-1 px-3 ms-3\">\n\t\t\t\tDestacado\t\t\t<\/span>\n\t\t\t\t\t\t<span class=\"card-properties-ref position-absolute z-2 bottom-0 end-0 bg-white text-primary py-1 px-3 me-3\">\n\t\t\t\tPANR-13757\t\t\t<\/span>\n\t\t\t<button class=\"card-properties-portfolio d-flex align-items-center justify-content-center position-absolute z-3 end-0 text-white bg-primary me-3 border-0 px-0\" data-pfl-id=\"440474\" data-pfl-filter=\"sale\" aria-label=\"Add to portfolio\">\n\t\t\t\t<svg width=\"18\" fill=\"currentColor\" viewBox=\"0 0 512 512\">\n\t\t\t\t\t<use href=\"https:\/\/www.panoramamarbella.com\/wp-content\/themes\/panoramamarbella\/dist\/src\/images\/icons.svg#svgHeart\"><\/use>\n\t\t\t\t<\/svg>\n\t\t\t\t<svg width=\"18\" fill=\"currentColor\" viewBox=\"0 0 512 512\">\n\t\t\t\t\t<use href=\"https:\/\/www.panoramamarbella.com\/wp-content\/themes\/panoramamarbella\/dist\/src\/images\/icons.svg#svgHeartIn\"><\/use>\n\t\t\t\t<\/svg>\n\t\t\t<\/button>\n\t\t<\/div>\n\t\t\t\t<button\n\t\t\tclass=\"carousel-control-prev\"\n\t\t\ttype=\"button\"\n\t\t\tdata-bs-target=\"#carouselCardProperties-2-1\"\n\t\t\tdata-bs-slide=\"prev\">\n\t\t\t<span class=\"carousel-control-prev-icon\" aria-hidden=\"true\"><\/span>\n\t\t\t<span class=\"visually-hidden\">Anterior<\/span>\n\t\t<\/button>\n\t\t<button\n\t\t\tclass=\"carousel-control-next\"\n\t\t\ttype=\"button\"\n\t\t\tdata-bs-target=\"#carouselCardProperties-2-1\"\n\t\t\tdata-bs-slide=\"next\">\n\t\t\t<span class=\"carousel-control-next-icon\" aria-hidden=\"true\"><\/span>\n\t\t\t<span class=\"visually-hidden\">Siguiente<\/span>\n\t\t<\/button>\n\t\t\t<\/div>\n\t<div class=\"d-flex flex-column h-100 px-3 py-4 shadow\">\n\t\t\t\t<h3 class=\"card-properties-title mb-3\">\n\t\t\t<a class=\"stretched-link\" href=\"\/es\/propiedades\/marbella\/marbella-golden-mile\/marina-puente-romano\/apartamentos-y-pisos\/PANR-13757\">\n\t\t\t\tElegante apartamento moderno con jard\u00edn en una ubicaci\u00f3n privilegiada junto a la playa en Marina Puente Romano\t\t\t<\/a>\n\t\t<\/h3>\n\t\t<p class=\"mb-3 text-black-dark\">Marina Puente Romano, Marbella Golden Mile<\/p>\n\t\t\t\t\t\t<p class=\"card-properties-description mb-3\">\n\t\t\tUbicado junto al prestigioso resort Puente Romano en la Milla de Oro de Marbella, este magn\u00edfico apartamento en planta baja, completamente renovado, ofrece una oportunidad \u00fanica de adquirir una vivienda sofisticada en uno de los&#8230;\t\t<\/p>\n\t\t\t\t<span class=\"card-properties-price mt-auto\">\n\t\t\t\n\t\t\t<span class=\"card-properties-price mt-auto\" data-original-price=\"4650000\">4.650.000\u00a0\u20ac<\/span>\n\t\t\t\t<\/span>\n\t\t\t\t<ul class=\"card-properties-features list-unstyled d-flex flex-wrap align-items-center gap-3 pt-3 border-top mt-3 mb-0\">\n\t\t\t<li class=\"d-flex align-items-center\">3 Dorms.<\/li><li class=\"d-flex align-items-center\">3 Ba\u00f1os<\/li>\t\t\t\t<li class=\"d-flex align-items-center\">\n\t\t\t\t\t <span class=\"me-1\" data-original-value=\"180\" data-original-unit=\"m&#038;sup2\">180 m&sup2;<\/span>Total\t\t\t\t<\/li>\n\t\t\t\t\t\t\t<li class=\"d-flex align-items-center\">\n\t\t\t\t\t <span class=\"me-1\" data-original-value=\"138\" data-original-unit=\"m&#038;sup2\">138 m&sup2;<\/span>Construido\t\t\t\t<\/li>\n\t\t\t\t\t\t\t<li class=\"d-flex align-items-center\">\n\t\t\t\t\t <span class=\"me-1\" data-original-value=\"42\" data-original-unit=\"m&#038;sup2\">42 m&sup2;<\/span>Terrazas\t\t\t\t<\/li>\n\t\t\t\t\t<\/ul>\n\t\t\t<\/div>\n<\/article>\n\n\n<article class=\"col card-properties position-relative d-flex flex-column\">\n\t<div id=\"carouselCardProperties-2-2\" class=\"card-properties-images carousel slide carousel-fade lazy\" data-bs-ride=\"carousel\" data-bs-interval=\"200000\" data-id=\"392089\">\n\t\t<div class=\"carousel-inner\">\n\t\t\t<figure class=\"carousel-item mb-0 active ratio ratio-4x3\">\n\t\t\t\t<picture><source sizes=\"(max-width: 575px) calc(100vw - 24px), (max-width: 767px) 516px, (max-width: 991px) 696px, (max-width: 1199px) 296px, (max-width: 1399px) 356px, 400px\" width=\"696\" height=\"522\" srcset=\"https:\/\/media.panoramamarbella.com\/imgV1\/B95mbh8olwFQm~uCUaVOI2kQT0hb0a8sZ9turUNfnwtvuccYCzs0YVPfPbfkc2VnnN1JFDpkYaGfw1gJsS~5gRm2US_I7Irf2b32neVJjAblrhREeLHOF~n_sadBVTX~lTMsBuIRD6d6nhdTUXPqD3KjzvoVRBCDQt3IpTFISBZetZnBlt_2_sEnwKmQfefX_2lPkqbrzlYxKhGgn29HFaNnTPtNuHs738Ia1rcDRATgwnNoIop5UKKTrPOAodBlTJycHylKSw_EGZkbWdhFJDBQnUeQLKOh_0cwODwRdSd1UbPQi6GVdtgJXFjLbOkXg~FRd9SJa2DllJfoQPMhy00FUC~eViJUkOheWzRxIKx1d6tSAIcsONqs_NWsSUKyuctqVuQbEd5H1TDOKwQlcYmpKVRrqXGzpR7kVqLUN2DdHXJsnLIvCKIMKpcywrhAsCk3CmPwHY09H4K3NmEm.webp 696w,https:\/\/media.panoramamarbella.com\/imgV1\/B95mbh8olwFQm~uCUaVOI2kQT0hb0a8sZ9turUNfnwtvuccYCzs0YVPfPbfkc2VnnN1JFDpkYaGfw1gJsS~5gRm2US_I7Irf2b32neVJjAblrhREeLHOF~n_sadBVTX~lTMsBuIRD6d6nhdTUXPqD3KjzvoVRBCDQt3IpTFISj9RiZT3C96DUpNsmn6ZgohDE7vdaW6C9XqhrCeUm~8kZ8eTWA0ZudT6NaBwBI4XXh5j6~vH7gpG9QvpR3YnxmrjH054isxe8rdlSCR7qASB5Y139E9RT~DbyfI869R70iuM~kHPPEq4x_GLVslsX_rachpybL80Zs0EYa~swGxJWl67GhP9aEHocrkjN3PY5HMMHbVSdia~w84Gk8ZcNZImEtGCAlSHCpiTMASXRCGEj7JxJfObsQEEGnBok_3SvqEc5Q0soz4fxGLZ~sWY8ReYTkw0DduXgur_HK2WTA2n.webp 400w\" type=\"image\/webp\"><img decoding=\"async\" class=\"position-absolute w-100 h-100 object-fit-cover\" alt=\"Impresionante \u00e1tico d\u00faplex con preciosas vistas al mar junto a Puerto Ban\u00fas\" loading=\"lazy\" width=\"696\" height=\"522\" src=\"https:\/\/media.panoramamarbella.com\/imgV1\/B95mbh8olwFQm~uCUaVOI2kQT0hb0a8sZ9turUNfnwtvuccYCzs0YVPfPbfkc2VnnN1JFDpkYaGfw1gJsS~5gRm2US_I7Irf2b32neVJjAblrhREeLHOF~n_sadBVTX~lTMsBuIRD6d6nhdTUXPqD3KjzvoVRBCDQt3IpTFISBZetZnBlt_2_sEnwKmQYyc1ebvA6ubczYeUsIaICbv6YwNTm_2Xp5CSdD~MuxOyEL_HNsWy0x24RuhDyXdlF4yjEPhNnC5AyokkY3VWr__ncXtZicYuGlGBXrx2SIXwURrgJAPtgScefs2OWBn_iWhksRRtY6BSc7~LJhE0r~xo_t7g4mUQvdJQo3opkBpdhsPH0Hg~0zMWQyUHX5K03amVPFQXujpCk8b2J7y3uFdsSzhr6gaegTGcNwHEEZTEe0yF2z2S3_U94zoKiCE-.jpg\"><\/picture>\t\t\t<\/figure>\n\t\t\t\t\t\t<span class=\"card-properties-tag position-absolute z-2 top-0 start-0 bg-secondary text-white py-1 px-3 ms-3\">\n\t\t\t\tDestacado\t\t\t<\/span>\n\t\t\t\t\t\t<span class=\"card-properties-ref position-absolute z-2 bottom-0 end-0 bg-white text-primary py-1 px-3 me-3\">\n\t\t\t\tPANR-13178\t\t\t<\/span>\n\t\t\t<button class=\"card-properties-portfolio d-flex align-items-center justify-content-center position-absolute z-3 end-0 text-white bg-primary me-3 border-0 px-0\" data-pfl-id=\"392089\" data-pfl-filter=\"sale\" aria-label=\"Add to portfolio\">\n\t\t\t\t<svg width=\"18\" fill=\"currentColor\" viewBox=\"0 0 512 512\">\n\t\t\t\t\t<use href=\"https:\/\/www.panoramamarbella.com\/wp-content\/themes\/panoramamarbella\/dist\/src\/images\/icons.svg#svgHeart\"><\/use>\n\t\t\t\t<\/svg>\n\t\t\t\t<svg width=\"18\" fill=\"currentColor\" viewBox=\"0 0 512 512\">\n\t\t\t\t\t<use href=\"https:\/\/www.panoramamarbella.com\/wp-content\/themes\/panoramamarbella\/dist\/src\/images\/icons.svg#svgHeartIn\"><\/use>\n\t\t\t\t<\/svg>\n\t\t\t<\/button>\n\t\t<\/div>\n\t\t\t\t<button\n\t\t\tclass=\"carousel-control-prev\"\n\t\t\ttype=\"button\"\n\t\t\tdata-bs-target=\"#carouselCardProperties-2-2\"\n\t\t\tdata-bs-slide=\"prev\">\n\t\t\t<span class=\"carousel-control-prev-icon\" aria-hidden=\"true\"><\/span>\n\t\t\t<span class=\"visually-hidden\">Anterior<\/span>\n\t\t<\/button>\n\t\t<button\n\t\t\tclass=\"carousel-control-next\"\n\t\t\ttype=\"button\"\n\t\t\tdata-bs-target=\"#carouselCardProperties-2-2\"\n\t\t\tdata-bs-slide=\"next\">\n\t\t\t<span class=\"carousel-control-next-icon\" aria-hidden=\"true\"><\/span>\n\t\t\t<span class=\"visually-hidden\">Siguiente<\/span>\n\t\t<\/button>\n\t\t\t<\/div>\n\t<div class=\"d-flex flex-column h-100 px-3 py-4 shadow\">\n\t\t\t\t<h3 class=\"card-properties-title mb-3\">\n\t\t\t<a class=\"stretched-link\" href=\"\/es\/propiedades\/marbella\/puerto-banus\/el-embrujo-banus\/apartamentos-y-pisos\/PANR-13178\">\n\t\t\t\tImpresionante \u00e1tico d\u00faplex con preciosas vistas al mar junto a Puerto Ban\u00fas\t\t\t<\/a>\n\t\t<\/h3>\n\t\t<p class=\"mb-3 text-black-dark\">El Embrujo Ban\u00fas, Puerto Banus<\/p>\n\t\t\t\t\t\t<p class=\"card-properties-description mb-3\">\n\t\t\tEn el prestigioso complejo residencial Embrujo de Ban\u00fas, reconocido por su elegancia, exclusividad y privilegiada ubicaci\u00f3n, se encuentra este extraordinario \u00e1tico d\u00faplex, una aut\u00e9ntica joya en la Costa del Sol.\r\n\r\nLa urbanizaci\u00f3n ofrece a sus propietarios&#8230;\t\t<\/p>\n\t\t\t\t<span class=\"card-properties-price mt-auto\">\n\t\t\t\n\t\t\t<span class=\"card-properties-price mt-auto\" data-original-price=\"3895000\">3.895.000\u00a0\u20ac<\/span>\n\t\t\t\t<\/span>\n\t\t\t\t<ul class=\"card-properties-features list-unstyled d-flex flex-wrap align-items-center gap-3 pt-3 border-top mt-3 mb-0\">\n\t\t\t<li class=\"d-flex align-items-center\">4 Dorms.<\/li><li class=\"d-flex align-items-center\">4 Ba\u00f1os<\/li>\t\t\t\t<li class=\"d-flex align-items-center\">\n\t\t\t\t\t <span class=\"me-1\" data-original-value=\"632\" data-original-unit=\"m&#038;sup2\">632 m&sup2;<\/span>Total\t\t\t\t<\/li>\n\t\t\t\t\t\t\t<li class=\"d-flex align-items-center\">\n\t\t\t\t\t <span class=\"me-1\" data-original-value=\"342\" data-original-unit=\"m&#038;sup2\">342 m&sup2;<\/span>Construido\t\t\t\t<\/li>\n\t\t\t\t\t\t\t<li class=\"d-flex align-items-center\">\n\t\t\t\t\t <span class=\"me-1\" data-original-value=\"290\" data-original-unit=\"m&#038;sup2\">290 m&sup2;<\/span>Terrazas\t\t\t\t<\/li>\n\t\t\t\t\t<\/ul>\n\t\t\t<\/div>\n<\/article>\n\n\n<article class=\"col card-properties position-relative d-flex flex-column\">\n\t<div id=\"carouselCardProperties-2-3\" class=\"card-properties-images carousel slide carousel-fade lazy\" data-bs-ride=\"carousel\" data-bs-interval=\"200000\" data-id=\"344918\">\n\t\t<div class=\"carousel-inner\">\n\t\t\t<figure class=\"carousel-item mb-0 active ratio ratio-4x3\">\n\t\t\t\t<picture><source sizes=\"(max-width: 575px) calc(100vw - 24px), (max-width: 767px) 516px, (max-width: 991px) 696px, (max-width: 1199px) 296px, (max-width: 1399px) 356px, 400px\" width=\"696\" height=\"522\" srcset=\"https:\/\/media.panoramamarbella.com\/imgV1\/B95mbh8olwFQm~uCUaVOI2kQT0hb0a8sZ9turUNfnwtvuccYCzs0YVPfPbfkc2VnnN1JFDpkYaGfw1gJsS~5gJTl9jbDW2s3kKPyBUD4ne7FArid63aolGKAgdJC0a0~DEVcFVoAIYyuHfhxebQQPKEwuV9xm5t6tsbMWuvRYJor5T5dzCuCnoKJ0NY4~c3XuN50JFHRWpfG4_tYCsY06tnfcDKP_3qq~LjiNyzFlphjWMxCHePsdQnzllbqz8iRa7SIAgt4x05R86bGbSsowsaSXnUjGnN5CkCvXL~wwYKz3ExmgF_~BcoeW9~KmDxH5l24YqZiyzlGK8VEfjU0vcjIB1MLtAwmkGAAzCP5QYWBSZKIo13Rquvb3uO6QJSFdi9qhEcjCDjfZ_AqjB9rP6L1OCRmLV14cgHAQWAI9qevFwu9YRAqQoL9zfAalFLAHotgVfnU_6HzDzihmjX~.webp 696w,https:\/\/media.panoramamarbella.com\/imgV1\/B95mbh8olwFQm~uCUaVOI2kQT0hb0a8sZ9turUNfnwtvuccYCzs0YVPfPbfkc2VnnN1JFDpkYaGfw1gJsS~5gJTl9jbDW2s3kKPyBUD4ne7FArid63aolGKAgdJC0a0~DEVcFVoAIYyuHfhxebQQPKEwuV9xm5t6tsbMWuvRYtVQjWWEB9gfQD7DWAxN4ly0FVIfiNIHUKrwMzu~gSyTryvRH_MvrjxSi0Z378zv8U0zb9Tv0vkvtRlery7lQKtIocWtyLZMdwZbVX6UqFbiDjAhl5A2rhsTLBI4DjcwwpYDSXzm7WhRTGVlocBSv6x8nWJW_i89UFKskFwDdu8ICGvGG9n7QkyTBhC45_~d__b9a3bKWgmZz9U4yxZdpM_HyQLVdLnhDTIpulPMVlpaST6JehAN3g56OlWFvi12dS0I91y9sk6mEM6cMLN79CYlJ5TDWs_915D_INDZEG8J.webp 400w\" type=\"image\/webp\"><img decoding=\"async\" class=\"position-absolute w-100 h-100 object-fit-cover\" alt=\"Villa moderna con amplia parcela junto a Guadalmina Alta\" loading=\"lazy\" width=\"696\" height=\"522\" src=\"https:\/\/media.panoramamarbella.com\/imgV1\/B95mbh8olwFQm~uCUaVOI2kQT0hb0a8sZ9turUNfnwtvuccYCzs0YVPfPbfkc2VnnN1JFDpkYaGfw1gJsS~5gJTl9jbDW2s3kKPyBUD4ne7FArid63aolGKAgdJC0a0~DEVcFVoAIYyuHfhxebQQPKEwuV9xm5t6tsbMWuvRYJor5T5dzCuCnoKJ0NY449_9sCqV1r3~ObJCu50rEeJii0oYAwjvtqmdJW4fUp9E6ayAHQlO9L6~Q44Z7RuOhYQ9fHe61JoJlAdOUNM6J77gJqdBpgwbyQV0QZSidRbkaEKWdgtbo799g72bps2i8_hfUNMx2BxU72~rwYHEi3pXPQpnfCdihSKn0EuxR5GvAivIYenl1mWt16iOTWKgJDZYEI0BdCyvJxJg4o65EiZTrdLaMrz4nJjiuRMRR43hk8qRL19NU11e6nqQ8Oo-.jpg\"><\/picture>\t\t\t<\/figure>\n\t\t\t\t\t\t<span class=\"card-properties-tag position-absolute z-2 top-0 start-0 bg-secondary text-white py-1 px-3 ms-3\">\n\t\t\t\tDestacado\t\t\t<\/span>\n\t\t\t\t\t\t<span class=\"card-properties-ref position-absolute z-2 bottom-0 end-0 bg-white text-primary py-1 px-3 me-3\">\n\t\t\t\tPANR-12549\t\t\t<\/span>\n\t\t\t<button class=\"card-properties-portfolio d-flex align-items-center justify-content-center position-absolute z-3 end-0 text-white bg-primary me-3 border-0 px-0\" data-pfl-id=\"344918\" data-pfl-filter=\"sale\" aria-label=\"Add to portfolio\">\n\t\t\t\t<svg width=\"18\" fill=\"currentColor\" viewBox=\"0 0 512 512\">\n\t\t\t\t\t<use href=\"https:\/\/www.panoramamarbella.com\/wp-content\/themes\/panoramamarbella\/dist\/src\/images\/icons.svg#svgHeart\"><\/use>\n\t\t\t\t<\/svg>\n\t\t\t\t<svg width=\"18\" fill=\"currentColor\" viewBox=\"0 0 512 512\">\n\t\t\t\t\t<use href=\"https:\/\/www.panoramamarbella.com\/wp-content\/themes\/panoramamarbella\/dist\/src\/images\/icons.svg#svgHeartIn\"><\/use>\n\t\t\t\t<\/svg>\n\t\t\t<\/button>\n\t\t<\/div>\n\t\t\t\t<button\n\t\t\tclass=\"carousel-control-prev\"\n\t\t\ttype=\"button\"\n\t\t\tdata-bs-target=\"#carouselCardProperties-2-3\"\n\t\t\tdata-bs-slide=\"prev\">\n\t\t\t<span class=\"carousel-control-prev-icon\" aria-hidden=\"true\"><\/span>\n\t\t\t<span class=\"visually-hidden\">Anterior<\/span>\n\t\t<\/button>\n\t\t<button\n\t\t\tclass=\"carousel-control-next\"\n\t\t\ttype=\"button\"\n\t\t\tdata-bs-target=\"#carouselCardProperties-2-3\"\n\t\t\tdata-bs-slide=\"next\">\n\t\t\t<span class=\"carousel-control-next-icon\" aria-hidden=\"true\"><\/span>\n\t\t\t<span class=\"visually-hidden\">Siguiente<\/span>\n\t\t<\/button>\n\t\t\t<\/div>\n\t<div class=\"d-flex flex-column h-100 px-3 py-4 shadow\">\n\t\t\t\t<h3 class=\"card-properties-title mb-3\">\n\t\t\t<a class=\"stretched-link\" href=\"\/es\/propiedades\/san-pedro-de-alcantara\/valle-del-sol\/villas-y-chalets\/PANR-12549\">\n\t\t\t\tVilla moderna con amplia parcela junto a Guadalmina Alta\t\t\t<\/a>\n\t\t<\/h3>\n\t\t<p class=\"mb-3 text-black-dark\">Valle del Sol, San Pedro de Alcantara<\/p>\n\t\t\t\t\t\t<p class=\"card-properties-description mb-3\">\n\t\t\tImpresionante e impecable villa moderna situada justo al lado de Guadalmina Alta, cerca del campo de golf, de San Pedro y a unos pocos minutos en coche de la playa. Tiene una extensa parcela ofreciendo&#8230;\t\t<\/p>\n\t\t\t\t<span class=\"card-properties-price mt-auto\">\n\t\t\t\n\t\t\t<span class=\"card-properties-price mt-auto\" data-original-price=\"8500000\">8.500.000\u00a0\u20ac<\/span>\n\t\t\t\t<\/span>\n\t\t\t\t<ul class=\"card-properties-features list-unstyled d-flex flex-wrap align-items-center gap-3 pt-3 border-top mt-3 mb-0\">\n\t\t\t<li class=\"d-flex align-items-center\">6 Dorms.<\/li><li class=\"d-flex align-items-center\">5 Ba\u00f1os<\/li>\t\t\t\t<li class=\"d-flex align-items-center\">\n\t\t\t\t\t <span class=\"me-1\" data-original-value=\"1553\" data-original-unit=\"m&#038;sup2\">1.553 m&sup2;<\/span>Total\t\t\t\t<\/li>\n\t\t\t\t\t\t\t<li class=\"d-flex align-items-center\">\n\t\t\t\t\t <span class=\"me-1\" data-original-value=\"23130\" data-original-unit=\"m&#038;sup2\">23.130 m&sup2;<\/span>Parcela\t\t\t\t<\/li>\n\t\t\t\t\t\t\t\t<li class=\"d-flex align-items-center\">\n\t\t\t\t\t <span class=\"me-1\" data-original-value=\"1104\" data-original-unit=\"m&#038;sup2\">1.104 m&sup2;<\/span>Construido\t\t\t\t<\/li>\n\t\t\t\t\t\t\t<li class=\"d-flex align-items-center\">\n\t\t\t\t\t <span class=\"me-1\" data-original-value=\"449\" data-original-unit=\"m&#038;sup2\">449 m&sup2;<\/span>Terrazas\t\t\t\t<\/li>\n\t\t\t\t\t<\/ul>\n\t\t\t<\/div>\n<\/article>\n\n\n<article class=\"col card-properties position-relative d-flex flex-column\">\n\t<div id=\"carouselCardProperties-2-4\" class=\"card-properties-images carousel slide carousel-fade lazy\" data-bs-ride=\"carousel\" data-bs-interval=\"200000\" data-id=\"285617\">\n\t\t<div class=\"carousel-inner\">\n\t\t\t<figure class=\"carousel-item mb-0 active ratio ratio-4x3\">\n\t\t\t\t<picture><source sizes=\"(max-width: 575px) calc(100vw - 24px), (max-width: 767px) 516px, (max-width: 991px) 696px, (max-width: 1199px) 296px, (max-width: 1399px) 356px, 400px\" width=\"696\" height=\"522\" srcset=\"https:\/\/media.panoramamarbella.com\/imgV1\/B95mbh8olwFQm~uCUaVOI2kQT0hb0a8sZ9turUNfnwtvuccYCzs0YVPfPbfkc2VnnN1JFDpkYaGfoKzWEDo5cNMXql3i3rgWBBiWPpd5JOpXi5CGYXPIU1CzRH2WI54a4oley60ALo_kjfWLhNmsJnrq~9AaSRQf4KW7NjJqOqJAWUVKrIycSXTmC5QPRJxNGXQAGiKUufomL8npAXlmH8a66TXGvY3q4Cx9ZxSjghN3F3lKjf1ZYBpbjZaSdZSLPhTCNyvCHP7xc7jfBJ2HCFANWlvakKqhXWqK2xNxA1U_hZTdWfFSUKUgUZH6v1B312LL6VUlMTm7dXWz9SfBmwPkupwmLkuwe5UxJ22KkmkgNYF6bfme8armWRClUX9hXKsOXYR~QjWidZxwLYAn5GIMkw0~E2yozphtf64V5V3ND8386wp~Lp7OX~_EyTN5iDui7doo8MDPGQ--.webp 696w,https:\/\/media.panoramamarbella.com\/imgV1\/B95mbh8olwFQm~uCUaVOI2kQT0hb0a8sZ9turUNfnwtvuccYCzs0YVPfPbfkc2VnnN1JFDpkYaGfoKzWEDo5cNMXql3i3rgWBBiWPpd5JOpXi5CGYXPIU1CzRH2WI54a4oley60ALo_kjfWLhNmsJnrq~9AaSRQf4Kc98PF4rsy5mHX8jmpn1lIhKj63ROqgXW4alj5tEH118tmyPcAju_iqdR2IKvioemziydfpRH8C1O40iV_ZjytZ5oSDGTkn8RsXqUG9Nj538WYnqA8BIeBeRArLzH5YzttbpAtaY0NxOYVVH9odhjTzOQNvn3NBeSwuklYdyN6F2W79frOoVJJRhPZs1FlAYAZ3eDMN8YcLlkKq41SjCGQJAZCFHMsJIA1bFcYsCHt54j~nf_BdoI5d5~~RO4qLa7r3sxa_HGNlG3vC7TAcoazE2s5mJoTRX1WUCoAhtKHVQA--.webp 400w\" type=\"image\/webp\"><img decoding=\"async\" class=\"position-absolute w-100 h-100 object-fit-cover\" alt=\"Impresionante villa moderna frente al mar con vistas inigualables en Costabella, Marbella Este\" loading=\"lazy\" width=\"696\" height=\"522\" src=\"https:\/\/media.panoramamarbella.com\/imgV1\/B95mbh8olwFQm~uCUaVOI2kQT0hb0a8sZ9turUNfnwtvuccYCzs0YVPfPbfkc2VnnN1JFDpkYaGfoKzWEDo5cNMXql3i3rgWBBiWPpd5JOpXi5CGYXPIU1CzRH2WI54a4oley60ALo_kjfWLhNmsJnrq~9AaSRQf4KW7NjJqOqJAWUVKrIycSWo1QetWlVX9MpdJyU6tUUdz~TOHZmDY9FCj_vs4irWNzFizvZzoYZolNuO_D6z2ElDEbrgH1AIz7YYoEhh9dca0NyHxo6_GI2OYu3pItG6q6iaXqR1uK5FWrPR9IBIi4XqtBIASQf1A2Jw7Hyvil94zWHwtDgoz~795LTdzUBstzsRoWYkY4MX~NcY8PoCgW~y5hhUWspMRC0Ouc6msuRJSJLRVcaIhdaL01AtrjSHP80gB9tG4KyXtyUyh9QnO.jpg\"><\/picture>\t\t\t<\/figure>\n\t\t\t\t\t\t<span class=\"card-properties-tag position-absolute z-2 top-0 start-0 bg-secondary text-white py-1 px-3 ms-3\">\n\t\t\t\tDestacado\t\t\t<\/span>\n\t\t\t\t\t\t<span class=\"card-properties-ref position-absolute z-2 bottom-0 end-0 bg-white text-primary py-1 px-3 me-3\">\n\t\t\t\tR112-11770\t\t\t<\/span>\n\t\t\t<button class=\"card-properties-portfolio d-flex align-items-center justify-content-center position-absolute z-3 end-0 text-white bg-primary me-3 border-0 px-0\" data-pfl-id=\"285617\" data-pfl-filter=\"sale\" aria-label=\"Add to portfolio\">\n\t\t\t\t<svg width=\"18\" fill=\"currentColor\" viewBox=\"0 0 512 512\">\n\t\t\t\t\t<use href=\"https:\/\/www.panoramamarbella.com\/wp-content\/themes\/panoramamarbella\/dist\/src\/images\/icons.svg#svgHeart\"><\/use>\n\t\t\t\t<\/svg>\n\t\t\t\t<svg width=\"18\" fill=\"currentColor\" viewBox=\"0 0 512 512\">\n\t\t\t\t\t<use href=\"https:\/\/www.panoramamarbella.com\/wp-content\/themes\/panoramamarbella\/dist\/src\/images\/icons.svg#svgHeartIn\"><\/use>\n\t\t\t\t<\/svg>\n\t\t\t<\/button>\n\t\t<\/div>\n\t\t\t\t<button\n\t\t\tclass=\"carousel-control-prev\"\n\t\t\ttype=\"button\"\n\t\t\tdata-bs-target=\"#carouselCardProperties-2-4\"\n\t\t\tdata-bs-slide=\"prev\">\n\t\t\t<span class=\"carousel-control-prev-icon\" aria-hidden=\"true\"><\/span>\n\t\t\t<span class=\"visually-hidden\">Anterior<\/span>\n\t\t<\/button>\n\t\t<button\n\t\t\tclass=\"carousel-control-next\"\n\t\t\ttype=\"button\"\n\t\t\tdata-bs-target=\"#carouselCardProperties-2-4\"\n\t\t\tdata-bs-slide=\"next\">\n\t\t\t<span class=\"carousel-control-next-icon\" aria-hidden=\"true\"><\/span>\n\t\t\t<span class=\"visually-hidden\">Siguiente<\/span>\n\t\t<\/button>\n\t\t\t<\/div>\n\t<div class=\"d-flex flex-column h-100 px-3 py-4 shadow\">\n\t\t\t\t<h3 class=\"card-properties-title mb-3\">\n\t\t\t<a class=\"stretched-link\" href=\"\/es\/propiedades\/marbella\/marbella-este\/costabella\/villas-y-chalets\/R112-11770\">\n\t\t\t\tImpresionante villa moderna frente al mar con vistas inigualables en Costabella, Marbella Este\t\t\t<\/a>\n\t\t<\/h3>\n\t\t<p class=\"mb-3 text-black-dark\">Costabella, Marbella Este<\/p>\n\t\t\t\t\t\t<p class=\"card-properties-description mb-3\">\n\t\t\tEsta impresionante villa moderna frente al mar en Costabella, Marbella Este, personifica el lujo contempor\u00e1neo con su dise\u00f1o escandinavo y elegancia sofisticada. Totalmente reformada con los m\u00e1s altos est\u00e1ndares, esta villa destaca no solo por&#8230;\t\t<\/p>\n\t\t\t\t<span class=\"card-properties-price mt-auto\">\n\t\t\t\n\t\t\t<span class=\"card-properties-price mt-auto\" data-original-price=\"6500000\">6.500.000\u00a0\u20ac<\/span>\n\t\t\t\t<\/span>\n\t\t\t\t<ul class=\"card-properties-features list-unstyled d-flex flex-wrap align-items-center gap-3 pt-3 border-top mt-3 mb-0\">\n\t\t\t<li class=\"d-flex align-items-center\">6 Dorms.<\/li><li class=\"d-flex align-items-center\">4 Ba\u00f1os<\/li>\t\t\t\t<li class=\"d-flex align-items-center\">\n\t\t\t\t\t <span class=\"me-1\" data-original-value=\"566\" data-original-unit=\"m&#038;sup2\">566 m&sup2;<\/span>Total\t\t\t\t<\/li>\n\t\t\t\t\t\t\t<li class=\"d-flex align-items-center\">\n\t\t\t\t\t <span class=\"me-1\" data-original-value=\"749\" data-original-unit=\"m&#038;sup2\">749 m&sup2;<\/span>Parcela\t\t\t\t<\/li>\n\t\t\t\t\t\t\t\t<li class=\"d-flex align-items-center\">\n\t\t\t\t\t <span class=\"me-1\" data-original-value=\"437\" data-original-unit=\"m&#038;sup2\">437 m&sup2;<\/span>Construido\t\t\t\t<\/li>\n\t\t\t\t\t\t\t<li class=\"d-flex align-items-center\">\n\t\t\t\t\t <span class=\"me-1\" data-original-value=\"129\" data-original-unit=\"m&#038;sup2\">129 m&sup2;<\/span>Terrazas\t\t\t\t<\/li>\n\t\t\t\t\t<\/ul>\n\t\t\t<\/div>\n<\/article>\n\n\n<article class=\"col card-properties position-relative d-flex flex-column\">\n\t<div id=\"carouselCardProperties-2-5\" class=\"card-properties-images carousel slide carousel-fade lazy\" data-bs-ride=\"carousel\" data-bs-interval=\"200000\" data-id=\"257661\">\n\t\t<div class=\"carousel-inner\">\n\t\t\t<figure class=\"carousel-item mb-0 active ratio ratio-4x3\">\n\t\t\t\t<picture><source sizes=\"(max-width: 575px) calc(100vw - 24px), (max-width: 767px) 516px, (max-width: 991px) 696px, (max-width: 1199px) 296px, (max-width: 1399px) 356px, 400px\" width=\"696\" height=\"522\" srcset=\"https:\/\/media.panoramamarbella.com\/imgV1\/B95mbh8olwFQm~uCUaVOI2kQT0hb0a8sZ9turUNfnwtvuccYCzs0YVPfPbfkc2VnnN1JFDpkYaGfoKzWEDo32Bpr3SJaV5a0ImBAZZ7j3d3jsmvHVNIBzGMH5vhdnkcmiUr_d0xYfZnegiWGPnd1~u7bW~RdkWWHZnJMKQn7W6q8ViLKTxglcsm1nc_R__5A3krEqgmFq1IE63ItB3X7SN8iYeJ_RHg6XtMQ900L9vWGBUlqi35BS7F9yLMZaWZKRBr2Y_pmXpn4SkjDIsLj~7oJu46WnqaD7uXffgzbZy81pwitgixUyo~MiWbxJyU9l7Wmc0yo9HoLUsgp08ZYIkGK8VBwfp6ZzlXJ69VF4amR7uBD_I9C8nf1MYcA3cmNqsmKci5KADO_o9GUKrIWzEpgS7p0fKdPGkmsmoAeISGM4Dj4h_QliP6ui8awC~GCmwRB6mHalvd9UincNA--.webp 696w,https:\/\/media.panoramamarbella.com\/imgV1\/B95mbh8olwFQm~uCUaVOI2kQT0hb0a8sZ9turUNfnwtvuccYCzs0YVPfPbfkc2VnnN1JFDpkYaGfoKzWEDo32Bpr3SJaV5a0ImBAZZ7j3d3jsmvHVNIBzGMH5vhdnkcmiUr_d0xYfZnegiWGPnd1~u7bW~RdkWWHZnJMKQszb~QgD63CBSaEE25DpnpttMpC9p~otJznOTzdxXaWy7cYEzPUj00UybkYapMVQnpg8n9OEhBuXDZk2Nn2UPgGrXDg8bXUwSZWIy4lr_5EBJI8510wHjNyPaA7FaVQM0MWOEvifQvgi4DfzpwMq14n~DgXZKSw46RXVzURAfnz~UKpOR2qDO3_w5wsY~KN2WQn5KOf1gzIyy_CP_DXsN6ApfTYeX0RiwxfuKtMydJC5GcXHSKHO9HmoWyvGerJPF6OuJ_~uECTZ4UdrDwSS3zEKUJqSjIWe_xgahqiMyBNSw--.webp 400w\" type=\"image\/webp\"><img decoding=\"async\" class=\"position-absolute w-100 h-100 object-fit-cover\" alt=\"Villa de estilo contempor\u00e1neo con vistas impresionantes en Las Brisas, Nueva Andaluc\u00eda\" loading=\"lazy\" width=\"696\" height=\"522\" src=\"https:\/\/media.panoramamarbella.com\/imgV1\/B95mbh8olwFQm~uCUaVOI2kQT0hb0a8sZ9turUNfnwtvuccYCzs0YVPfPbfkc2VnnN1JFDpkYaGfoKzWEDo32Bpr3SJaV5a0ImBAZZ7j3d3jsmvHVNIBzGMH5vhdnkcmiUr_d0xYfZnegiWGPnd1~u7bW~RdkWWHZnJMKQn7W6q8ViLKTxglcsm1ndEhCO_wxmETj~9UDJzNm7et6ukf1NH~AfTbzFPjFbxdU8cOmC7oZ6~bgDxWxpP12CzdSnlC_RWmfJj5~qWCsFtdDZBoKyw~e__jgPAm2sRT9hUajvsB~ocxFEwa9UTI7gYcrUHgGWubhELlJs7QkyM0FAjJjHG0Ezs2HC2Vjl4NgIx14fZSWpk1zN5y9ehDfEjpa8nrTFIisBUC_EZeZPfm9jWUADTQj~SOqyoRJfHu5BlkJYZcdQlOhCx0RWeF.jpg\"><\/picture>\t\t\t<\/figure>\n\t\t\t\t\t\t<span class=\"card-properties-ref position-absolute z-2 bottom-0 end-0 bg-white text-primary py-1 px-3 me-3\">\n\t\t\t\tR112-09668\t\t\t<\/span>\n\t\t\t<button class=\"card-properties-portfolio d-flex align-items-center justify-content-center position-absolute z-3 end-0 text-white bg-primary me-3 border-0 px-0\" data-pfl-id=\"257661\" data-pfl-filter=\"sale\" aria-label=\"Add to portfolio\">\n\t\t\t\t<svg width=\"18\" fill=\"currentColor\" viewBox=\"0 0 512 512\">\n\t\t\t\t\t<use href=\"https:\/\/www.panoramamarbella.com\/wp-content\/themes\/panoramamarbella\/dist\/src\/images\/icons.svg#svgHeart\"><\/use>\n\t\t\t\t<\/svg>\n\t\t\t\t<svg width=\"18\" fill=\"currentColor\" viewBox=\"0 0 512 512\">\n\t\t\t\t\t<use href=\"https:\/\/www.panoramamarbella.com\/wp-content\/themes\/panoramamarbella\/dist\/src\/images\/icons.svg#svgHeartIn\"><\/use>\n\t\t\t\t<\/svg>\n\t\t\t<\/button>\n\t\t<\/div>\n\t\t\t\t<button\n\t\t\tclass=\"carousel-control-prev\"\n\t\t\ttype=\"button\"\n\t\t\tdata-bs-target=\"#carouselCardProperties-2-5\"\n\t\t\tdata-bs-slide=\"prev\">\n\t\t\t<span class=\"carousel-control-prev-icon\" aria-hidden=\"true\"><\/span>\n\t\t\t<span class=\"visually-hidden\">Anterior<\/span>\n\t\t<\/button>\n\t\t<button\n\t\t\tclass=\"carousel-control-next\"\n\t\t\ttype=\"button\"\n\t\t\tdata-bs-target=\"#carouselCardProperties-2-5\"\n\t\t\tdata-bs-slide=\"next\">\n\t\t\t<span class=\"carousel-control-next-icon\" aria-hidden=\"true\"><\/span>\n\t\t\t<span class=\"visually-hidden\">Siguiente<\/span>\n\t\t<\/button>\n\t\t\t<\/div>\n\t<div class=\"d-flex flex-column h-100 px-3 py-4 shadow\">\n\t\t\t\t<h3 class=\"card-properties-title mb-3\">\n\t\t\t<a class=\"stretched-link\" href=\"\/es\/propiedades\/marbella\/nueva-andalucia\/las-brisas\/villas-y-chalets\/R112-09668\">\n\t\t\t\tVilla de estilo contempor\u00e1neo con vistas impresionantes en Las Brisas, Nueva Andaluc\u00eda\t\t\t<\/a>\n\t\t<\/h3>\n\t\t<p class=\"mb-3 text-black-dark\">Las Brisas, Nueva Andalucia<\/p>\n\t\t\t\t\t\t<p class=\"card-properties-description mb-3\">\n\t\t\tVilla recientemente renovada de estilo contempor\u00e1neo, con vistas panor\u00e1micas y ubicada en Las Brisas Golf, Nueva Andaluc\u00eda. Originalmente dise\u00f1ada por el famoso arquitecto \u00c1ngel Taborda y distribuida en tres niveles, esta propiedad incluye, a nivel&#8230;\t\t<\/p>\n\t\t\t\t<span class=\"card-properties-price mt-auto\">\n\t\t\t\n\t\t\t<span class=\"card-properties-price mt-auto\" data-original-price=\"4400000\">4.400.000\u00a0\u20ac<\/span>\n\t\t\t\t<\/span>\n\t\t\t\t<ul class=\"card-properties-features list-unstyled d-flex flex-wrap align-items-center gap-3 pt-3 border-top mt-3 mb-0\">\n\t\t\t<li class=\"d-flex align-items-center\">7 Dorms.<\/li><li class=\"d-flex align-items-center\">6 Ba\u00f1os<\/li>\t\t\t\t<li class=\"d-flex align-items-center\">\n\t\t\t\t\t <span class=\"me-1\" data-original-value=\"668\" data-original-unit=\"m&#038;sup2\">668 m&sup2;<\/span>Total\t\t\t\t<\/li>\n\t\t\t\t\t\t\t<li class=\"d-flex align-items-center\">\n\t\t\t\t\t <span class=\"me-1\" data-original-value=\"1117\" data-original-unit=\"m&#038;sup2\">1.117 m&sup2;<\/span>Parcela\t\t\t\t<\/li>\n\t\t\t\t\t\t\t\t<li class=\"d-flex align-items-center\">\n\t\t\t\t\t <span class=\"me-1\" data-original-value=\"455\" data-original-unit=\"m&#038;sup2\">455 m&sup2;<\/span>Construido\t\t\t\t<\/li>\n\t\t\t\t\t\t\t<li class=\"d-flex align-items-center\">\n\t\t\t\t\t <span class=\"me-1\" data-original-value=\"213\" data-original-unit=\"m&#038;sup2\">213 m&sup2;<\/span>Terrazas\t\t\t\t<\/li>\n\t\t\t\t\t<\/ul>\n\t\t\t<\/div>\n<\/article>\n\t\t\t<\/div>\n\t\t\t\t\t<\/section>\n\t\t\n","protected":false},"excerpt":{"rendered":"","protected":false},"template":"","meta":{"_acf_changed":true},"class_list":["post-3557","agents","type-agents","status-publish","hentry"],"acf":[],"_links":{"self":[{"href":"https:\/\/www.panoramamarbella.com\/es\/wp-json\/wp\/v2\/agents\/3557","targetHints":{"allow":["GET"]}}],"collection":[{"href":"https:\/\/www.panoramamarbella.com\/es\/wp-json\/wp\/v2\/agents"}],"about":[{"href":"https:\/\/www.panoramamarbella.com\/es\/wp-json\/wp\/v2\/types\/agents"}],"wp:attachment":[{"href":"https:\/\/www.panoramamarbella.com\/es\/wp-json\/wp\/v2\/media?parent=3557"}],"curies":[{"name":"wp","href":"https:\/\/api.w.org\/{rel}","templated":true}]}}