{"id":964,"date":"2024-05-08T12:28:53","date_gmt":"2024-05-08T10:28:53","guid":{"rendered":"https:\/\/www.panoramamarbella.com\/?post_type=agents&#038;p=964"},"modified":"2025-11-19T13:19:02","modified_gmt":"2025-11-19T12:19:02","slug":"carolina-alaniz","status":"publish","type":"agents","link":"https:\/\/www.panoramamarbella.com\/es\/sobre-nosotros\/equipo\/carolina-alaniz","title":{"rendered":"Carolina Alaniz"},"content":{"rendered":"\n\n<p class=\"wp-block-paragraph\">Carolina Alaniz naci\u00f3 en C\u00f3rdoba, Argentina. Se gradu\u00f3 de la Facultad de Idiomas de la Universidad de C\u00f3rdoba, UNC como Traductora P\u00fablica de Castellano-Ingl\u00e9s. Se uni\u00f3 a Panorama finales de 2010, y fue ascendida r\u00e1pidamente a Coordinadora y Asistente Personal Sr. Clover.<\/p>\n\n\n\n<p class=\"wp-block-paragraph\">Carolina tiene el don de estar siempre feliz y maravillosa estar al alrededor suyo, dando una c\u00e1lida atenci\u00f3n por tel\u00e9fono o en persona con un incre\u00edble y contagioso entusiasmo e inteligencia. Su organizaci\u00f3n y cumplimiento de tareas son insuperables, as\u00ed como su incre\u00edble capacidad de hacer varias cosas a la vez y coordinar los diversos aspectos operativos de Panorama.<\/p>\n\n\n\n<p class=\"wp-block-paragraph\">Carolina habla castellano e ingl\u00e9s.<\/p>\n\n\n\n\n\n\t\t<section class=\"container wp-block-acf-cardmosaic\">\n\t\t\t<h2 class=\"mb-4\">Publicaciones recientes de Carolina<\/h2>\t\t\t<div class=\"card-mosaic row gy-4\">\n\t\t\t\t<div class=\"col-xl-6 col-xxl-8\">\n\t\t\t\t\t<article class=\"card-mosaic-featured position-relative\">\n    <figure class=\"ratio ratio-16x9 mb-0 overflow-hidden\">\n        <picture><source sizes=\"(max-width: 575px) calc(100vw - 24px), (max-width: 767px) 516px, (max-width: 991px) 696px, (max-width: 1199) 936px, (max-width: 1399) 546px, 856px\" width=\"936\" height=\"527\" srcset=\"https:\/\/media.panoramamarbella.com\/imgV1\/B95mbh8olwFQm~uCT2wPZMb8hll4wghQQQq6YWg0~c~U_DrmgY8pGP8pqaDzA6mvjyI_OPtcrHD_aKxAUQW6tCvquLbfQhqC7Kpzeuw_7VNgX6bKSK~b~7yXNWQoI~CNPQ2Vkzc1xn3GFp2yCYeCr55~~hMkcURSZZ4sNEL2Iu4t7f02QH62BFKG~wlYBAG6cm5m7i3Q6s5FgIxjEZo62S6HRjCKAA--.webp 936w,https:\/\/media.panoramamarbella.com\/imgV1\/B95mbh8olwFQm~uCT2wPZMb8hll4wghQQQq6YWg0~c~U_DrmgY8pGP8pqaDzA6mvjyI_OPtcrHD_aKxAUQW6tCvquLbfQhqC7Kpzeuw_7VNgX6bKSK~b~7yXNWQoI~CNPQ2Vkzc1xn3GFp2yCYeCr55~~hLAgF~DIfs7lYn2kppDNeGwcKd4z1xGSqQjuSRjaR4DRFQl5yW8_wgp1Zq9I7TS42SvCA--.webp 856w\" type=\"image\/webp\"><img decoding=\"async\" class=\"position-absolute w-100 h-100 top-0 start-0 object-fit-cover\" loading=\"lazy\" alt=\"Descubre las mejores playas de Marbella, con sus preciosas costas de arena, mar turquesa, paisajes costeros e impresionantes vistas a la monta\u00f1a.\" width=\"936\" height=\"527\" src=\"https:\/\/media.panoramamarbella.com\/imgV1\/B95mbh8olwFQm~uCT2wPZMb8hll4wghQQQq6YWg0~c~U_DrmgY8pGP8pqaDzA6mvjyI_OPtcrHD_aKxAUQW6tCvquLbfQhqC7Kpzeuw_7VNgX6bKSK~b~7yXNWQoI~CNPQ2Vkzc1xn3GFp2yCYeCr55~~hMkcURSZZ4sNEL2Iu4t7eMQHFQoRx1uYGZCXOJsHI57.jpg\"><\/picture>    <\/figure>\n    <div class=\"px-3 py-4 shadow\">\n        <a href=\"https:\/\/www.panoramamarbella.com\/es\/news\/mejores-playas-marbella\" title=\"Las mejores playas de Marbella: la selecci\u00f3n de Panorama\" class=\"stretched-link\">\n            <strong class=\"card-mosaic-title fs-4 lh-1\">Las mejores playas de Marbella: la selecci\u00f3n de Panorama<\/strong>\n        <\/a>\n        Desde dunas protegidas y largos arenales hasta playas c\u00e9ntricas y restaurantes junto al mar, estas son algunas de las mejores playas de Marbella.    <\/div>\n<\/article>\t\t\t\t<\/div>\n\t\t\t\t<div class=\"col-xl-6 col-xxl-4 d-flex flex-column gap-4\">\n\t\t\t\t\t<article class=\"card-mosaic-item position-relative d-flex align-items-center flex-nowrap shadow\">\n    <figure class=\"ratio ratio-1x1 mb-0 overflow-hidden\">\n        <picture><source width=\"130\" height=\"130\" srcset=\"https:\/\/media.panoramamarbella.com\/imgV1\/B95mbh8olwFQm~uCT2wPZMb8hll4wghQQQq6YWg0~c~U_DrmgY8pGP8pqaDzA6mvjyI_OPtcrHD_aKxAUQW7WoX9p6wg6eDGkbnygd4~hseGzy8_d6eU~r8qPS3qhpgvx~pc6afubP5PjiKCwwcdjIBwA51I0xWLxc5~HnBuvN3SqYZR1c4BdWPyANKd1cxn0E9iOJHK9v_NPrtPLKv9ieMpfIEMA2kX3NI-.webp 130w\" type=\"image\/webp\"><img decoding=\"async\" class=\"position-absolute start-0 top-0 w-100 h-100 object-fit-cover\" loading=\"lazy\" alt=\"Bandera espa\u00f1ola con vistas a la costa mediterr\u00e1nea, palmeras y villas, reflejo de la calidad de vida en Espa\u00f1a.\" width=\"130\" height=\"130\" src=\"https:\/\/media.panoramamarbella.com\/imgV1\/B95mbh8olwFQm~uCT2wPZMb8hll4wghQQQq6YWg0~c~U_DrmgY8pGP8pqaDzA6mvjyI_OPtcrHD_aKxAUQW7WoX9p6wg6eDGkbnygd4~hseGzy8_d6eU~r8qPS3qhpgvx~pc6afubP5PjiKCwwcdjIBwA51I0xWLxc5~HnBuvN3SqYZR1c4fd6FwL8T4NZQOHOfkjoX7kA--.jpg\"><\/picture>    <\/figure>\n\t<p class=\"p-3 mb-0\">\n        <a href=\"https:\/\/www.panoramamarbella.com\/es\/news\/espana-n1-calidad-de-vida\" title=\"Espa\u00f1a ocupa el n.\u00ba 1 en calidad de vida para expatriados por quinto a\u00f1o consecutivo\" class=\"stretched-link\">\n            <strong class=\"card-mosaic-title fs-5 lh-1\">Espa\u00f1a ocupa el n.\u00ba 1 en calidad de vida para expatriados por quinto a\u00f1o consecutivo<\/strong>\n        <\/a>\n    <\/p>\n<\/article><article class=\"card-mosaic-item position-relative d-flex align-items-center flex-nowrap shadow\">\n    <figure class=\"ratio ratio-1x1 mb-0 overflow-hidden\">\n        <picture><source width=\"130\" height=\"130\" srcset=\"https:\/\/media.panoramamarbella.com\/imgV1\/B95mbh8olwFQm~uCT2wPZMb8hll4wghQQQq6YWg0~c~U_DrmgY8pGP8pqaDzA6mvjyI_OPtcrHD_aKxAUQW0W5GEpZmBikoniES08cSvG0Rnyyc2atbhBM1VAwfq978GCcnkgoyptWMprwxsIoX5nFs9Z91Ug4DBy2lAkN9B3ep30rmmr9qAa4LtLz7BNelnShw9I2WXd4cZTkcP~jLc.webp 130w\" type=\"image\/webp\"><img decoding=\"async\" class=\"position-absolute start-0 top-0 w-100 h-100 object-fit-cover\" loading=\"lazy\" alt=\"Arco de entrada a Marbella enmarcado por palmeras bajo un cielo parcialmente nublado\" width=\"130\" height=\"130\" src=\"https:\/\/media.panoramamarbella.com\/imgV1\/B95mbh8olwFQm~uCT2wPZMb8hll4wghQQQq6YWg0~c~U_DrmgY8pGP8pqaDzA6mvjyI_OPtcrHD_aKxAUQW0W5GEpZmBikoniES08cSvG0Rnyyc2atbhBM1VAwfq978GCcnkgoyptWMprwxsIoX5nFs9Z91Ug4DBy2lAjuwvlNjBh2jrGIiQH8lfkkc-.jpg\"><\/picture>    <\/figure>\n\t<p class=\"p-3 mb-0\">\n        <a href=\"https:\/\/www.panoramamarbella.com\/es\/news\/atracciones-de-marbella\" title=\"Las mejores atracciones de Marbella: lugares que visitar, actividades y experiencias\" class=\"stretched-link\">\n            <strong class=\"card-mosaic-title fs-5 lh-1\">Las mejores atracciones de Marbella: lugares que visitar, actividades y experiencias<\/strong>\n        <\/a>\n    <\/p>\n<\/article><article class=\"card-mosaic-item position-relative d-flex align-items-center flex-nowrap shadow\">\n    <figure class=\"ratio ratio-1x1 mb-0 overflow-hidden\">\n        <picture><source width=\"130\" height=\"130\" srcset=\"https:\/\/media.panoramamarbella.com\/imgV1\/B95mbh8olwFQm~uCT2wPZMb8hll4wghQQQq6YWg0~c~U_DrmgY8pGP8pqaDzA6mvjyI_OPtcrHD_aKxAUQW0W5r~8E9Gn199f9C0HhJFIsZzotrW5VM9zVLtYiilmMB9wI~AhIUqH9YKDFNmcj6yCa4zMkNqTpSV1Z47YxwYXlTFuGOVytnhT3jyLfI5JyE2sw8dIbUZAjujfUKzgkmFLMY-.webp 130w\" type=\"image\/webp\"><img decoding=\"async\" class=\"position-absolute start-0 top-0 w-100 h-100 object-fit-cover\" loading=\"lazy\" alt=\"Pasarela moderna sobre el bulevar de San Pedro de Alc\u00e1ntara, con la monta\u00f1a de La Concha al fondo, que refleja el contraste entre la renovaci\u00f3n urbana y la historia de San Pedro de Alc\u00e1ntara.\" width=\"130\" height=\"130\" src=\"https:\/\/media.panoramamarbella.com\/imgV1\/B95mbh8olwFQm~uCT2wPZMb8hll4wghQQQq6YWg0~c~U_DrmgY8pGP8pqaDzA6mvjyI_OPtcrHD_aKxAUQW0W5r~8E9Gn199f9C0HhJFIsZzotrW5VM9zVLtYiilmMB9wI~AhIUqH9YKDFNmcj6yCa4zMkNqTpSV1Z47YxwGQqKEKxTkPFdkp6uF0qwZKQ--.jpg\"><\/picture>    <\/figure>\n\t<p class=\"p-3 mb-0\">\n        <a href=\"https:\/\/www.panoramamarbella.com\/es\/news\/historia-de-san-pedro-de-alcantara\" title=\"La historia de San Pedro Alc\u00e1ntara\" class=\"stretched-link\">\n            <strong class=\"card-mosaic-title fs-5 lh-1\">La historia de San Pedro Alc\u00e1ntara<\/strong>\n        <\/a>\n    <\/p>\n<\/article>\t\t\t\t\t\t\t\t\t<\/div>\n\t\t\t<\/div>\n\t\t<\/section>\n\n\n\t\t<section class=\"container wp-block-acf-inmpropselection\">\n\t\t\t<h2>Viviendas recomendadas por Carolina<\/h2>\t\t\t<div class=\"row row-cols-1 row-cols-lg-3 gy-5 g-xxl-5\">\n\t\t\t\t\n<article class=\"col card-properties position-relative d-flex flex-column\">\n\t<div id=\"carouselCardProperties-1-0\" class=\"card-properties-images carousel slide carousel-fade lazy\" data-bs-ride=\"carousel\" data-bs-interval=\"200000\" data-id=\"687808\">\n\t\t<div class=\"carousel-inner\">\n\t\t\t<figure class=\"carousel-item mb-0 active ratio ratio-4x3\">\n\t\t\t\t<picture><source sizes=\"(max-width: 575px) calc(100vw - 24px), (max-width: 767px) 516px, (max-width: 991px) 696px, (max-width: 1199px) 296px, (max-width: 1399px) 356px, 400px\" width=\"696\" height=\"522\" srcset=\"https:\/\/media.panoramamarbella.com\/imgV1\/B95mbh8olwFQm~uCUaVOI2kQT0hb0a8sZ9turUNfnwtvuccYCzs0YVPfPbfkc2VnnN1JFDpkYaGfw1gJsS~5hOp1ulhPh0X~7QWtJko1s6bH6gPSmCHZsmXS541XJseWPZOpPJtNIDIEa1yU_ANapBmw2AZMZKQX3NDHcRJI7H_Q~yIkItuz38hvaSwMOozCjFXkYp_8Y39mXaqW2zg68ymrL9CyOynQgdyPLpFHzibkNbk7ANMK7tMIrfV~XEg6tGUX~RRp2vDQ50MrmCxKbBYD_eCStCNdHObNwR5sWKHNmqSo8iyARaGMGgNqDfrgLwx8RMPSbhaSnJsmkn0lGEhg4yvLW9WZ63sPefsTEMptkkr4Fup0ruKsy52tqYAn8SO8FlNWJc6TD5~S1K6HObzPIXGHF3WvwSFilxle4OZPKiznf8YD3iMvPxk1gg06vOAow6ocq3h3IIGIfNJy.webp 696w,https:\/\/media.panoramamarbella.com\/imgV1\/B95mbh8olwFQm~uCUaVOI2kQT0hb0a8sZ9turUNfnwtvuccYCzs0YVPfPbfkc2VnnN1JFDpkYaGfw1gJsS~5hOp1ulhPh0X~7QWtJko1s6bH6gPSmCHZsmXS541XJseWPZOpPJtNIDIEa1yU_ANapBmw2AZMZKQX3NDHcRJI7kq8G68lBk13lS65tSUQNrVo2X2YCP1g_hjt_1c8v00mXexjU_mIpM1pvj8zcM~nZKRmwRtSIs5KiQP~uRY6gjOfKodR7XkZwIAHg98OrU6bm~5P8yaQZmIFaUhZ17OTLMct8RTVKlaLTYQRktsUfw~5t5tMrfASu~6mHCWWHoPCVauNPMJUt9dOFqqeeFc6P~6jO5NYN1jc08OjC9envg7n2_2kMk4YnOBMUCMVzcEiQbUo~jY6ZOfiXpCmJKx1l6kMt7eCZ2ycPKe1VtG_3LR_gjsEfeHT6247lt8LFvDA.webp 400w\" type=\"image\/webp\"><img decoding=\"async\" class=\"position-absolute w-100 h-100 object-fit-cover\" alt=\"Oportunidad excepcional: Villa para reformar con vistas panor\u00e1micas en Nueva Andaluc\u00eda\" loading=\"lazy\" width=\"696\" height=\"522\" src=\"https:\/\/media.panoramamarbella.com\/imgV1\/B95mbh8olwFQm~uCUaVOI2kQT0hb0a8sZ9turUNfnwtvuccYCzs0YVPfPbfkc2VnnN1JFDpkYaGfw1gJsS~5hOp1ulhPh0X~7QWtJko1s6bH6gPSmCHZsmXS541XJseWPZOpPJtNIDIEa1yU_ANapBmw2AZMZKQX3NDHcRJI7H_Q~yIkItuz38hvaSwMJPoyau48j7IThjxOTuJ5Pcp3m4Gib3fT8GbY143DwJarRuvpVUzd~cTeDqVfUy3s6nKFbFhAQsuzcki~brPudqwHkGGzORepdTM9UeYcAtyStKR8~8_JIlSxRmbemRYYYX8C33o01XjZN5XFCBna0ds5WTGXG~hFNS~dXrooWi0nLg4lCozDUdwJ5F~Lf34b~11FA6yUf1ylfIma2Wy1Up41zKqk45eUt7Dfk5MVqjpfV6e8_VEuYEHXYWC0y9o-.jpg\"><\/picture>\t\t\t<\/figure>\n\t\t\t\t\t\t<span class=\"card-properties-ref position-absolute z-2 bottom-0 end-0 bg-white text-primary py-1 px-3 me-3\">\n\t\t\t\tPANR-16260\t\t\t<\/span>\n\t\t\t<button class=\"card-properties-portfolio d-flex align-items-center justify-content-center position-absolute z-3 end-0 text-white bg-primary me-3 border-0 px-0\" data-pfl-id=\"687808\" data-pfl-filter=\"sale\" aria-label=\"Add to portfolio\">\n\t\t\t\t<svg width=\"18\" fill=\"currentColor\" viewBox=\"0 0 512 512\">\n\t\t\t\t\t<use href=\"https:\/\/www.panoramamarbella.com\/wp-content\/themes\/panoramamarbella\/dist\/src\/images\/icons.svg#svgHeart\"><\/use>\n\t\t\t\t<\/svg>\n\t\t\t\t<svg width=\"18\" fill=\"currentColor\" viewBox=\"0 0 512 512\">\n\t\t\t\t\t<use href=\"https:\/\/www.panoramamarbella.com\/wp-content\/themes\/panoramamarbella\/dist\/src\/images\/icons.svg#svgHeartIn\"><\/use>\n\t\t\t\t<\/svg>\n\t\t\t<\/button>\n\t\t<\/div>\n\t\t\t\t<button\n\t\t\tclass=\"carousel-control-prev\"\n\t\t\ttype=\"button\"\n\t\t\tdata-bs-target=\"#carouselCardProperties-1-0\"\n\t\t\tdata-bs-slide=\"prev\">\n\t\t\t<span class=\"carousel-control-prev-icon\" aria-hidden=\"true\"><\/span>\n\t\t\t<span class=\"visually-hidden\">Anterior<\/span>\n\t\t<\/button>\n\t\t<button\n\t\t\tclass=\"carousel-control-next\"\n\t\t\ttype=\"button\"\n\t\t\tdata-bs-target=\"#carouselCardProperties-1-0\"\n\t\t\tdata-bs-slide=\"next\">\n\t\t\t<span class=\"carousel-control-next-icon\" aria-hidden=\"true\"><\/span>\n\t\t\t<span class=\"visually-hidden\">Siguiente<\/span>\n\t\t<\/button>\n\t\t\t<\/div>\n\t<div class=\"d-flex flex-column h-100 px-3 py-4 shadow\">\n\t\t\t\t<h3 class=\"card-properties-title mb-3\">\n\t\t\t<a class=\"stretched-link\" href=\"\/es\/propiedades\/marbella\/nueva-andalucia\/villas-y-chalets\/PANR-16260\">\n\t\t\t\tOportunidad excepcional: Villa para reformar con vistas panor\u00e1micas en Nueva Andaluc\u00eda\t\t\t<\/a>\n\t\t<\/h3>\n\t\t<p class=\"mb-3 text-black-dark\">Nueva Andalucia, Marbella<\/p>\n\t\t\t\t\t\t<p class=\"card-properties-description mb-3\">\n\t\t\tUbicada en una posici\u00f3n elevada en Nueva Andaluc\u00eda, cerca de Magna Marbella, esta villa representa una oportunidad \u00fanica para adquirir una propiedad con un potencial excepcional en una de las zonas residenciales m\u00e1s codiciadas de&#8230;\t\t<\/p>\n\t\t\t\t<span class=\"card-properties-price mt-auto\">\n\t\t\t\n\t\t\t<span class=\"card-properties-price mt-auto\" data-original-price=\"2195000\">2.195.000\u00a0\u20ac<\/span>\n\t\t\t\t<\/span>\n\t\t\t\t<ul class=\"card-properties-features list-unstyled d-flex flex-wrap align-items-center gap-3 pt-3 border-top mt-3 mb-0\">\n\t\t\t<li class=\"d-flex align-items-center\">4 Dorms.<\/li><li class=\"d-flex align-items-center\">4 Ba\u00f1os<\/li>\t\t\t\t<li class=\"d-flex align-items-center\">\n\t\t\t\t\t <span class=\"me-1\" data-original-value=\"730\" data-original-unit=\"m&#038;sup2\">730 m&sup2;<\/span>Total\t\t\t\t<\/li>\n\t\t\t\t\t\t\t<li class=\"d-flex align-items-center\">\n\t\t\t\t\t <span class=\"me-1\" data-original-value=\"973\" data-original-unit=\"m&#038;sup2\">973 m&sup2;<\/span>Parcela\t\t\t\t<\/li>\n\t\t\t\t\t\t\t\t<li class=\"d-flex align-items-center\">\n\t\t\t\t\t <span class=\"me-1\" data-original-value=\"655\" data-original-unit=\"m&#038;sup2\">655 m&sup2;<\/span>Construido\t\t\t\t<\/li>\n\t\t\t\t\t\t\t<li class=\"d-flex align-items-center\">\n\t\t\t\t\t <span class=\"me-1\" data-original-value=\"75\" data-original-unit=\"m&#038;sup2\">75 m&sup2;<\/span>Terrazas\t\t\t\t<\/li>\n\t\t\t\t\t<\/ul>\n\t\t\t<\/div>\n<\/article>\n\n\n<article class=\"col card-properties position-relative d-flex flex-column\">\n\t<div id=\"carouselCardProperties-1-1\" class=\"card-properties-images carousel slide carousel-fade lazy\" data-bs-ride=\"carousel\" data-bs-interval=\"200000\" data-id=\"570540\">\n\t\t<div class=\"carousel-inner\">\n\t\t\t<figure class=\"carousel-item mb-0 active ratio ratio-4x3\">\n\t\t\t\t<picture><source sizes=\"(max-width: 575px) calc(100vw - 24px), (max-width: 767px) 516px, (max-width: 991px) 696px, (max-width: 1199px) 296px, (max-width: 1399px) 356px, 400px\" width=\"696\" height=\"522\" srcset=\"https:\/\/media.panoramamarbella.com\/imgV1\/B95mbh8olwFQm~uCUaVOI2kQT0hb0a8sZ9turUNfnwtvuccYCzs0YVPfPbfkc2VnnN1JFDpkYaGfw1gJsS~5h5IIXO65R0gvCdsJc886aJA8BgS_ZPkjgvpW0JnjwX5zhftlqk2MnQKWivaoBC5HBBsGUZ84FoSRA34anDD7_sz3PC2heBbEYCbCQYkOzRUOlDJO3hZv2cf0pr5kU3XGpULsfpQVz2_v5bnRZpK1oGjV6JD2Y2CazOyEhYyCcCsZnBnlgNXUVuLVlJZcm1FMsLBaJ3WeTVTQqbvyCLQEKHbtvdB7Me13arxzD24CO1rjVP1vfr~HFEr32jR7G1G7OeNxJdtEEufvuLJHG89CcaxfEUsARt_84_iycXz56LCy1UwmKNhhZ6VXQ13TCFxxO5jktEejsAZd2UR6BxOcP2un~c5NYbxHqNS3XGq0zC6_CC~gHQjWiEnB0d3zQP~l.webp 696w,https:\/\/media.panoramamarbella.com\/imgV1\/B95mbh8olwFQm~uCUaVOI2kQT0hb0a8sZ9turUNfnwtvuccYCzs0YVPfPbfkc2VnnN1JFDpkYaGfw1gJsS~5h5IIXO65R0gvCdsJc886aJA8BgS_ZPkjgvpW0JnjwX5zhftlqk2MnQKWivaoBC5HBBsGUZ84FoSRA34anDD7_Cc4OnSINA34EibOaQV9YR07QhXRWr7DSCKy~xQW7en0~FJevOG934WoQPSU69oDPLmJP~KqXSVxNFyBm5NX6~uoRizVaOClGI1q5ClsyW0jpe7qSrTLRrC~F1kQc0xHz2RKbfLjrW4o_J3r~wP1gGstR2yvsamgPm_GcXFCOQLUM41dCI5af9C4BHM~1zhrXSbuOEW~29pKxn5CvWeP6MhJGdAkZ5GxiRxn9D0IH1F0wI4Bz2IrMKC7f_j03~oGNKXgDuWCxnzkYyc8xW7zunB~umW8QKphXTrWQTQ~x4Qi.webp 400w\" type=\"image\/webp\"><img decoding=\"async\" class=\"position-absolute w-100 h-100 object-fit-cover\" alt=\"Parcela excepcional en La Alquer\u00eda: vistas panor\u00e1micas al mar, lago, monta\u00f1a y golf \u2013 entre las \u00faltimas disponibles.\" loading=\"lazy\" width=\"696\" height=\"522\" src=\"https:\/\/media.panoramamarbella.com\/imgV1\/B95mbh8olwFQm~uCUaVOI2kQT0hb0a8sZ9turUNfnwtvuccYCzs0YVPfPbfkc2VnnN1JFDpkYaGfw1gJsS~5h5IIXO65R0gvCdsJc886aJA8BgS_ZPkjgvpW0JnjwX5zhftlqk2MnQKWivaoBC5HBBsGUZ84FoSRA34anDD7_sz3PC2heBbEYCbCQYkO0_pc6Wi6~G9lpF8AXmyZC8vRyy7NfBxSXdarw6bZiGoxbnrqm72MaYph2U177~4VBqPo6Ydlu7jcR0ErUrfzrA5CpPkou4~15QNOD5xJ5mp2gEt8tBRb24fiKv2xnOMRJZ2e9mSHVULFSFHgwlI4U87zG~dsUnXRVfehzUwLhPvrSbx0Vb_Y7m0uhJO2kNH9hz_yg3aXx_ycb3DHfSZwyG8GDICN2BBWYK3IForhx9Wq85biwIJwYxUWi89v148-.jpg\"><\/picture>\t\t\t<\/figure>\n\t\t\t\t\t\t<span class=\"card-properties-ref position-absolute z-2 bottom-0 end-0 bg-white text-primary py-1 px-3 me-3\">\n\t\t\t\tPANR-15208\t\t\t<\/span>\n\t\t\t<button class=\"card-properties-portfolio d-flex align-items-center justify-content-center position-absolute z-3 end-0 text-white bg-primary me-3 border-0 px-0\" data-pfl-id=\"570540\" data-pfl-filter=\"sale\" aria-label=\"Add to portfolio\">\n\t\t\t\t<svg width=\"18\" fill=\"currentColor\" viewBox=\"0 0 512 512\">\n\t\t\t\t\t<use href=\"https:\/\/www.panoramamarbella.com\/wp-content\/themes\/panoramamarbella\/dist\/src\/images\/icons.svg#svgHeart\"><\/use>\n\t\t\t\t<\/svg>\n\t\t\t\t<svg width=\"18\" fill=\"currentColor\" viewBox=\"0 0 512 512\">\n\t\t\t\t\t<use href=\"https:\/\/www.panoramamarbella.com\/wp-content\/themes\/panoramamarbella\/dist\/src\/images\/icons.svg#svgHeartIn\"><\/use>\n\t\t\t\t<\/svg>\n\t\t\t<\/button>\n\t\t<\/div>\n\t\t\t\t<button\n\t\t\tclass=\"carousel-control-prev\"\n\t\t\ttype=\"button\"\n\t\t\tdata-bs-target=\"#carouselCardProperties-1-1\"\n\t\t\tdata-bs-slide=\"prev\">\n\t\t\t<span class=\"carousel-control-prev-icon\" aria-hidden=\"true\"><\/span>\n\t\t\t<span class=\"visually-hidden\">Anterior<\/span>\n\t\t<\/button>\n\t\t<button\n\t\t\tclass=\"carousel-control-next\"\n\t\t\ttype=\"button\"\n\t\t\tdata-bs-target=\"#carouselCardProperties-1-1\"\n\t\t\tdata-bs-slide=\"next\">\n\t\t\t<span class=\"carousel-control-next-icon\" aria-hidden=\"true\"><\/span>\n\t\t\t<span class=\"visually-hidden\">Siguiente<\/span>\n\t\t<\/button>\n\t\t\t<\/div>\n\t<div class=\"d-flex flex-column h-100 px-3 py-4 shadow\">\n\t\t\t\t<h3 class=\"card-properties-title mb-3\">\n\t\t\t<a class=\"stretched-link\" href=\"\/es\/propiedades\/benahavis\/la-alqueria\/parcelas-y-terrenos\/PANR-15208\">\n\t\t\t\tParcela excepcional en La Alquer\u00eda: vistas panor\u00e1micas al mar, lago, monta\u00f1a y golf \u2013 entre las \u00faltimas disponibles.\t\t\t<\/a>\n\t\t<\/h3>\n\t\t<p class=\"mb-3 text-black-dark\">La Alqueria, Benahavis<\/p>\n\t\t\t\t\t\t<p class=\"card-properties-description mb-3\">\n\t\t\tLes presentamos una oportunidad excepcional para adquirir una parcela de 2.145 m\u00b2 en la exclusiva y consolidada zona residencial de Nueva Atalaya, Benahav\u00eds. Esta parcela ofrece inigualables vistas panor\u00e1micas de 270 grados, que van desde&#8230;\t\t<\/p>\n\t\t\t\t<span class=\"card-properties-price mt-auto\">\n\t\t\t\n\t\t\t<span class=\"card-properties-price mt-auto\" data-original-price=\"2145000\">2.145.000\u00a0\u20ac<\/span>\n\t\t\t\t<\/span>\n\t\t\t\t<ul class=\"card-properties-features list-unstyled d-flex flex-wrap align-items-center gap-3 pt-3 border-top mt-3 mb-0\">\n\t\t\t\t\t\t\t<li class=\"d-flex align-items-center\">\n\t\t\t\t\t <span class=\"me-1\" data-original-value=\"2145\" data-original-unit=\"m&#038;sup2\">2.145 m&sup2;<\/span>Parcela\t\t\t\t<\/li>\n\t\t\t\t\t\t<\/ul>\n\t\t\t<\/div>\n<\/article>\n\t\t\t<\/div>\n\t\t\t\t\t<\/section>\n\t\t\n","protected":false},"excerpt":{"rendered":"<p>Asegura el buen funcionamiento de Panorama con organizaci\u00f3n y entusiasmo incomparables.<\/p>\n","protected":false},"template":"","meta":{"_acf_changed":true},"class_list":["post-964","agents","type-agents","status-publish","hentry"],"acf":[],"_links":{"self":[{"href":"https:\/\/www.panoramamarbella.com\/es\/wp-json\/wp\/v2\/agents\/964","targetHints":{"allow":["GET"]}}],"collection":[{"href":"https:\/\/www.panoramamarbella.com\/es\/wp-json\/wp\/v2\/agents"}],"about":[{"href":"https:\/\/www.panoramamarbella.com\/es\/wp-json\/wp\/v2\/types\/agents"}],"wp:attachment":[{"href":"https:\/\/www.panoramamarbella.com\/es\/wp-json\/wp\/v2\/media?parent=964"}],"curies":[{"name":"wp","href":"https:\/\/api.w.org\/{rel}","templated":true}]}}