{"id":1493,"date":"2024-05-10T13:11:30","date_gmt":"2024-05-10T11:11:30","guid":{"rendered":"https:\/\/www.panoramamarbella.com\/?post_type=areas&#038;p=1493"},"modified":"2026-02-13T11:54:16","modified_gmt":"2026-02-13T10:54:16","slug":"milla-de-oro-de-marbella","status":"publish","type":"areas","link":"https:\/\/www.panoramamarbella.com\/es\/zonas\/milla-de-oro-de-marbella","title":{"rendered":"La Milla de Oro Marbella: conozca la zona m\u00e1s cotizada"},"content":{"rendered":"\n\n<h2 class=\"wp-block-heading\">El origen de la Milla de Oro Marbella<\/h2>\n\n\n<div class=\"lead\"><p>El t\u00e9rmino \u00abMilla de Oro Marbella\u00bb fue acu\u00f1ado a principios de los a\u00f1os 80 por Roy Boston, el cantante alem\u00e1n convertido en exitoso promotor inmobiliario, que tuvo una muerte prematura a finales de los a\u00f1os 80, y en cuyo honor se ha bautizado una carretera cerca de su premiada urbanizaci\u00f3n Alhambra del Mar, en las afueras de la ciudad de Marbella.<\/p>\n<\/div>\n\n\n<ul class=\"table-index list-unstyled p-4 p-lg-5 ms-0 bg-light\"><li class=\"text-uppercase fw-bold mb-3\">Tabla de contenidos<\/li><li><a href=\"#el+origen+de+la+milla+de+oro+marbella\">\nEl origen de la Milla de Oro Marbella\n<\/a><\/li>\n<li><a href=\"#situacion+y+extension\">\nSituaci\u00f3n y extensi\u00f3n\n<\/a><\/li>\n<li><a href=\"#zonas+conocidas+dentro+de+la+milla+de+oro\">\nZonas conocidas dentro de la milla de oro\n<\/a><\/li>\n<li><a href=\"#panorama+properties+su+puerta+de+entrada+a+la+milla+de+oro+marbella\">\nPanorama Properties: su puerta de entrada a la Milla de Oro Marbella\n<\/a><\/li><\/ul>\n\n\n\n<h2 class=\"wp-block-heading\">Situaci\u00f3n y extensi\u00f3n<\/h2>\n\n\n\n<p>\u00ab<strong>La Milla de Oro Marbella<\/strong>\u00bb (Marbella Golden Mile), comienza en el extremo occidental de la ciudad de Marbella y se extiende unos 5 kil\u00f3metros hasta el R\u00edo Verde, que est\u00e1 justo antes de Puerto Ban\u00fas y Nueva Andaluc\u00eda, y se extiende hasta la monta\u00f1a de La Concha, que da a Marbella su especial microclima.<\/p>\n\n\n\n<h3 class=\"wp-block-heading\">Establecimientos emblem\u00e1ticos<\/h3>\n\n\n\n<p>Su nombre se debe a las numerosas fincas y establecimientos de gran belleza que se encuentran en esta zona, como el Hotel Marbella Club, y las numerosas mansiones junto a la playa que se encuentran junto a \u00e9l, donde comenzaron los or\u00edgenes del turismo de calidad en Marbella en 1954; el Hotel Puente Romano; y hermosas fincas (urbanizaciones) como Camoj\u00e1n, Marbella Sierra Blanca, Las Lomas del Marbella Club, la urbanizaci\u00f3n de la familia Bismarck conocida como Marbella Hill Club, y Roc\u00edo de Nag\u00fcelles.<\/p>\n\n\n\n<h3 class=\"wp-block-heading\">Construcciones peculiares y personajes famosos<\/h3>\n\n\n\n<p>&nbsp;Entre las fincas individuales se encuentran muchas de las mansiones m\u00e1s magn\u00edficas de Marbella, entre las que destacan los palacios del rey Fahad y de su hermano, el pr\u00edncipe Salman bin Abdel Aziz, y los de muchas otras personalidades.<\/p>\n\n\n\t<figure class=\"wp-caption aligncenter wp-block-acf-wpimage\">\n\t<picture><source width=\"700\" height=\"400\" srcset=\"https:\/\/media.panoramamarbella.com\/imgV1\/B95mbh8olwFQm~uCT2wPZMb8hll4wghQQQq6YWg0~c~U_DrmgY8pGP8pqaDzA6mvjyI_OPtcrHD_aKxCvYKLjbWY_x1XFrKLXwMw4yaG~ylxQX7sSV5v52GoOCQbCJRMlyKOZyxwYC_bwcLBC3LJkzKYYJJe6W53ZqrtRpUt9V0MzJsRqfmIb3MAMskYJ~iwQvZrLqvoFiKQ143ku6oKzFWMrpjbiL9AHg--.webp 700w\" type=\"image\/webp\"><img decoding=\"async\" class=\"img-fluid\" loading=\"lazy\" width=\"700\" height=\"400\" alt=\"Viviendas de Panorama en la Milla de Oro Marbella\" src=\"https:\/\/media.panoramamarbella.com\/imgV1\/B95mbh8olwFQm~uCT2wPZMb8hll4wghQQQq6YWg0~c~U_DrmgY8pGP8pqaDzA6mvjyI_OPtcrHD_aKxCvYKLjbWY_x1XFrKLXwMw4yaG~ylxQX7sSV5v52GoOCQbCJRMlyKOZyxwYC_bwcLBC3LJkzKYYJJe6W53ZqrtRpUt9V0MzJsRqed4bgWfu_xDwud2fqGU~NOV.jpg\"><\/picture>\t\t\t<figcaption class=\"wp-caption-text\">\n\t\tViviendas de Panorama en la Milla de Oro Marbella\t\t<\/figcaption>\n\t\t\t<\/figure>\n\t\n\n\n<h2 class=\"wp-block-heading\">Zonas conocidas dentro de la milla de oro<\/h2>\n\n\n\t\t<div class=\"row row-cols-1 row-cols-lg-2 gx-5 gy-4 mt-4\">\n\t\t<article class=\"col card-guides\">\n\t<figure class=\"d-flex flex-column align-items-start position-relative\">\n\t\t<picture><source width=\"426\" height=\"567\" srcset=\"https:\/\/media.panoramamarbella.com\/imgV1\/B95mbh8olwFQm~uCT2wPZMb8hll4wghQQQq6YWg0~c~U_DrmgY8pGP8pqaDzA6mvjyI_OPtcrHD_aKxCvYKGVuCGliGL1fj0pNSP34Ef8zG9ZLp6QW11EGNqxh3JBCOmifKxE6F3VPsQ2aPLashnPyzDNnuNSdqfIX431Reu4uy2HBHUwnkS92vcwBL_KMxfjUzGM2hFujU-.webp 426w\" type=\"image\/webp\"><img loading=\"lazy\" decoding=\"async\" class=\"position-absolute w-100 h-100 top-0 start-0 object-fit-cover\" width=\"426\" height=\"567\" src=\"https:\/\/media.panoramamarbella.com\/imgV1\/B95mbh8olwFQm~uCT2wPZMb8hll4wghQQQq6YWg0~c~U_DrmgY8pGP8pqaDzA6mvjyI_OPtcrHD_aKxCvYKGVuCGliGL1fj0pNSP34Ef8zG9ZLp6QW11EGNqxh3JBCOmifKxE6F3VPsQ2aPLashnPyzDNnuTZqnEVhdIoxS3tSI3s5PJSg--.jpg\"><\/picture>\t\t<figcaption class=\"text-white fs-6 fw-semibold shadow py-2 px-4 bottom-0 top-100 mt-n4 ms-0 ms-sm-n2 z-2\">\n\t\t\t<a href=\"https:\/\/www.panoramamarbella.com\/es\/zonas\/milla-de-oro-de-marbella\/puente-romano\" title=\"Puente Romano: una joya en la Milla de Oro\" class=\"stretched-link\">\n\t\t\t\tPuente Romano: una joya en la Milla de Oro\t\t\t<\/a>\n\t\t<\/figcaption>\n\t<\/figure>\n<\/article>\n<article class=\"col card-guides\">\n\t<figure class=\"d-flex flex-column align-items-start position-relative\">\n\t\t<picture><source width=\"426\" height=\"567\" srcset=\"https:\/\/media.panoramamarbella.com\/imgV1\/B95mbh8olwFQm~uCT2wPZMb8hll4wghQQQq6YWg0~c~U_DrmgY8pGP8pqaDzA6mvjyI_OPtcrHD_aKxAUQWwUfAixQ~Sd_d5FVd~IpR_YYwvvtNScTNYccqsBqke9ntL3I1YbxMC1FiPQlR5dqT3~njqXJ15jHyLuFVVSR7ZrNQN73KfeOVvGjnOxNaJk3dvdXllCkBvuHXgMaZR6NiGHRv4.webp 426w\" type=\"image\/webp\"><img loading=\"lazy\" decoding=\"async\" class=\"position-absolute w-100 h-100 top-0 start-0 object-fit-cover\" width=\"426\" height=\"567\" src=\"https:\/\/media.panoramamarbella.com\/imgV1\/B95mbh8olwFQm~uCT2wPZMb8hll4wghQQQq6YWg0~c~U_DrmgY8pGP8pqaDzA6mvjyI_OPtcrHD_aKxAUQWwUfAixQ~Sd_d5FVd~IpR_YYwvvtNScTNYccqsBqke9ntL3I1YbxMC1FiPQlR5dqT3~njqXJ15jHyLuFVVSR7Zsp1NuvmbN8avsCPutuEofQg-.jpg\"><\/picture>\t\t<figcaption class=\"text-white fs-6 fw-semibold shadow py-2 px-4 bottom-0 top-100 mt-n4 ms-0 ms-sm-n2 z-2\">\n\t\t\t<a href=\"https:\/\/www.panoramamarbella.com\/es\/zonas\/milla-de-oro-de-marbella\/las-lomas-del-marbella-club\" title=\"Las Lomas del Marbella Club\" class=\"stretched-link\">\n\t\t\t\tLas Lomas del Marbella Club\t\t\t<\/a>\n\t\t<\/figcaption>\n\t<\/figure>\n<\/article>\n\t<\/div>\n\t\n\n\n<h2 class=\"wp-block-heading\">Panorama Properties: su puerta de entrada a la Milla de Oro Marbella<\/h2>\n\n\n\n<p>En la Milla de Oro tambi\u00e9n se encuentran las dos <a href=\"https:\/\/www.panoramamarbella.com\/es\/sobre-nosotros\/oficinas-panorama\" data-type=\"page\" data-id=\"5095\">oficinas de Panorama Properties<\/a>, una en el Hotel Puente Romano y la otra justo enfrente del Hotel Marbella Club.<\/p>\n\n\n\n<h3 class=\"wp-block-heading\">Servicios inmobiliarios inigualables desde 1970<\/h3>\n\n\n\n<p>Panorama, fundada en Marbella en 1970 y ahora la<a href=\"https:\/\/www.panoramamarbella.com\/es\/sobre-nosotros\" data-type=\"page\" data-id=\"5093\"> agencia inmobiliaria m\u00e1s antigua de Marbella<\/a>, ofrece quiz\u00e1s la mejor selecci\u00f3n de <a href=\"\/es\/propiedades\/marbella\/marbella-golden-mile\/villas-y-chalets\">villas<\/a> y <a href=\"\/es\/propiedades\/marbella\/marbella-golden-mile\/apartamentos-y-pisos\">apartamentos y pisos de todo tipo en la Milla de Oro<\/a>, a precios que van desde 300.000 euros hasta m\u00e1s de 25.000.000 euros.<\/p>\n\n\n\n<p>Vea una peque\u00f1a selecci\u00f3n de villas y apartamentos en la Milla de Oro de Marbella. Si lo prefiere, puede ver todas nuestras propiedades en la zona de la Milla de Oro.<\/p>\n\n\n\n\n\t\t<section class=\"container wp-block-acf-inmpropselection\">\n\t\t\t<h2>Encuentre la casa de sus sue\u00f1os en la Milla de Oro Marbella<\/h2>\t\t\t<div class=\"row row-cols-1 row-cols-lg-3 gy-5 g-xxl-5\">\n\t\t\t\t\n<article class=\"col card-properties position-relative d-flex flex-column\">\n\t<div id=\"carouselCardProperties-1-0\" class=\"card-properties-images carousel slide carousel-fade lazy\" data-bs-ride=\"carousel\" data-bs-interval=\"200000\" data-id=\"698664\">\n\t\t<div class=\"carousel-inner\">\n\t\t\t<figure class=\"carousel-item mb-0 active ratio ratio-4x3\">\n\t\t\t\t<picture><source sizes=\"(max-width: 575px) calc(100vw - 24px), (max-width: 767px) 516px, (max-width: 991px) 696px, (max-width: 1199px) 296px, (max-width: 1399px) 356px, 400px\" width=\"696\" height=\"522\" srcset=\"https:\/\/media.panoramamarbella.com\/imgV1\/B95mbh8olwFQm~uCUaVOI2kQT0hb0a8sZ9turUNfnwtvuccYCzs0YVPfPbfkc2VnnN1JFDpkYaGfw1gJsS~5hOu8ClA27V6xVP6zyKoKPS1Mn7WRHYZMLWv_YHD73v3wTA8HWCCOpMnXwN2uAr5VSPiSO7karRIMiZTPqCu_dZ5fuWR0YCW6_1pG5Bl~Hp5WroeZ3HQAZ5bJuMGEOv79bl9k214P5Nw2k7gr9ANpozAASAFpx51KqYb~IgRpbC3Nm7LGaJqZPuy9KH5g7qzcuC2cvd8aXgZUiX05nn3MiVFBu3_R0uApWqg0GDDTU7GVpDHN0uiwmWHOPGRGcV19lVB5JeSIN5bWCc0XpEoi3uZ0T3eXN37TL0i518tYi19KAllVsHHd0sbTDHyPO_Nw~4KnnSNcB9zdZy_Falf9Nm2Qd8UylRZPY3Up0552~WYpYFfMu6~cQQhix6~xJmlu.webp 696w,https:\/\/media.panoramamarbella.com\/imgV1\/B95mbh8olwFQm~uCUaVOI2kQT0hb0a8sZ9turUNfnwtvuccYCzs0YVPfPbfkc2VnnN1JFDpkYaGfw1gJsS~5hOu8ClA27V6xVP6zyKoKPS1Mn7WRHYZMLWv_YHD73v3wTA8HWCCOpMnXwN2uAr5VSPiSO7karRIMiZTPqCu_dxsgwbeNJ3yUNRGy~HNlq7dkSM2WX~69OJOJ5Rf_OC19ofiiJFxHjWv2u3u0P4hi6O0xoN_eKF2nSgtPXKVIDb6vkB7sMfUcYSFaA8MkPym_Gpt83~i_ztzET0MbhzNjsKTdK5NbqRNgl5yWC5YxwwmAj1QP7QCWT0mNwDbjKvcT6HKFDihRXrRi~rK1hGgEsn~KGSB8yKC8a2ZAlw1Y0g7iH3vxsT0JHikRupGzmmtHsrKXqc6p8M2~T5e5ifxWDLJfJRqdDdAaQRy8mbVTKnDv_ya2ucuiMT0AMrtAXM~J.webp 400w\" type=\"image\/webp\"><img decoding=\"async\" class=\"position-absolute w-100 h-100 object-fit-cover\" alt=\"Exclusivo apartamento en planta baja con vistas al mar en los Jardines Japoneses de Marina Puente Romano\" loading=\"lazy\" width=\"696\" height=\"522\" src=\"https:\/\/media.panoramamarbella.com\/imgV1\/B95mbh8olwFQm~uCUaVOI2kQT0hb0a8sZ9turUNfnwtvuccYCzs0YVPfPbfkc2VnnN1JFDpkYaGfw1gJsS~5hOu8ClA27V6xVP6zyKoKPS1Mn7WRHYZMLWv_YHD73v3wTA8HWCCOpMnXwN2uAr5VSPiSO7karRIMiZTPqCu_dZ5fuWR0YCW6_1pG5Bl~AOWCKsfURyq35vm55dIauvG9uVaSivcgS4ajblndO75z1CH0f2jKmqCp4xxFvz8SGfsGZsvJDXqx_1ZOdq6C3Ciw5BdH3mBMTlmpWiwr03l4R5h6rIkh70WK8PZkn3TMc7aMyNa5IHcJVNmTEhV8AxRljU0iGmAWvH9H8Jc12IGx0P0jWsreOMhWj1MxEo9KATyoLWCUe5JwyP7SYClFp7YUmD7e40GOUqwrJuzlqrEiOyMmHv7XqSzouqYV54M-.jpg\"><\/picture>\t\t\t<\/figure>\n\t\t\t\t\t\t<span class=\"card-properties-tag position-absolute z-2 top-0 start-0 bg-secondary text-white py-1 px-3 ms-3\">\n\t\t\t\tDestacado\t\t\t<\/span>\n\t\t\t\t\t\t<span class=\"card-properties-ref position-absolute z-2 bottom-0 end-0 bg-white text-primary py-1 px-3 me-3\">\n\t\t\t\tPANR-16359\t\t\t<\/span>\n\t\t\t<button class=\"card-properties-portfolio d-flex align-items-center justify-content-center position-absolute z-3 end-0 text-white bg-primary me-3 border-0 px-0\" data-pfl-id=\"698664\" data-pfl-filter=\"sale\" aria-label=\"Add to portfolio\">\n\t\t\t\t<svg width=\"18\" fill=\"currentColor\" viewBox=\"0 0 512 512\">\n\t\t\t\t\t<use href=\"https:\/\/www.panoramamarbella.com\/wp-content\/themes\/panoramamarbella\/dist\/src\/images\/icons.svg#svgHeart\"><\/use>\n\t\t\t\t<\/svg>\n\t\t\t\t<svg width=\"18\" fill=\"currentColor\" viewBox=\"0 0 512 512\">\n\t\t\t\t\t<use href=\"https:\/\/www.panoramamarbella.com\/wp-content\/themes\/panoramamarbella\/dist\/src\/images\/icons.svg#svgHeartIn\"><\/use>\n\t\t\t\t<\/svg>\n\t\t\t<\/button>\n\t\t<\/div>\n\t\t\t\t<button\n\t\t\tclass=\"carousel-control-prev\"\n\t\t\ttype=\"button\"\n\t\t\tdata-bs-target=\"#carouselCardProperties-1-0\"\n\t\t\tdata-bs-slide=\"prev\">\n\t\t\t<span class=\"carousel-control-prev-icon\" aria-hidden=\"true\"><\/span>\n\t\t\t<span class=\"visually-hidden\">Anterior<\/span>\n\t\t<\/button>\n\t\t<button\n\t\t\tclass=\"carousel-control-next\"\n\t\t\ttype=\"button\"\n\t\t\tdata-bs-target=\"#carouselCardProperties-1-0\"\n\t\t\tdata-bs-slide=\"next\">\n\t\t\t<span class=\"carousel-control-next-icon\" aria-hidden=\"true\"><\/span>\n\t\t\t<span class=\"visually-hidden\">Siguiente<\/span>\n\t\t<\/button>\n\t\t\t<\/div>\n\t<div class=\"d-flex flex-column h-100 px-3 py-4 shadow\">\n\t\t\t\t<h3 class=\"card-properties-title mb-3\">\n\t\t\t<a class=\"stretched-link\" href=\"\/es\/propiedades\/marbella\/marbella-golden-mile\/marina-puente-romano\/apartamentos-y-pisos\/PANR-16359\">\n\t\t\t\tExclusivo apartamento en planta baja con vistas al mar en los Jardines Japoneses de Marina Puente Romano\t\t\t<\/a>\n\t\t<\/h3>\n\t\t<p class=\"mb-3 text-black-dark\">Marina Puente Romano, Marbella Golden Mile<\/p>\n\t\t\t\t\t\t<p class=\"card-properties-description mb-3\">\n\t\t\tDescubra el ep\u00edtome del lujo sin esfuerzo en este exquisito apartamento elevado en planta baja, orientado al suroeste, ubicado en el emblem\u00e1tico Puente Romano Beach Resort &amp; Spa, una de las direcciones m\u00e1s prestigiosas y&#8230;\t\t<\/p>\n\t\t\t\t<span class=\"card-properties-price mt-auto\">\n\t\t\t\n\t\t\t<span class=\"card-properties-price mt-auto\" data-original-price=\"4950000\">4.950.000\u00a0\u20ac<\/span>\n\t\t\t\t<\/span>\n\t\t\t\t<ul class=\"card-properties-features list-unstyled d-flex flex-wrap align-items-center gap-3 pt-3 border-top mt-3 mb-0\">\n\t\t\t<li class=\"d-flex align-items-center\">3 Dorms.<\/li><li class=\"d-flex align-items-center\">3 Ba\u00f1os<\/li>\t\t\t\t<li class=\"d-flex align-items-center\">\n\t\t\t\t\t <span class=\"me-1\" data-original-value=\"180\" data-original-unit=\"m&#038;sup2\">180 m&sup2;<\/span>Total\t\t\t\t<\/li>\n\t\t\t\t\t\t\t<li class=\"d-flex align-items-center\">\n\t\t\t\t\t <span class=\"me-1\" data-original-value=\"140\" data-original-unit=\"m&#038;sup2\">140 m&sup2;<\/span>Construido\t\t\t\t<\/li>\n\t\t\t\t\t\t\t<li class=\"d-flex align-items-center\">\n\t\t\t\t\t <span class=\"me-1\" data-original-value=\"40\" data-original-unit=\"m&#038;sup2\">40 m&sup2;<\/span>Terrazas\t\t\t\t<\/li>\n\t\t\t\t\t<\/ul>\n\t\t\t<\/div>\n<\/article>\n\n\n<article class=\"col card-properties position-relative d-flex flex-column\">\n\t<div id=\"carouselCardProperties-1-1\" class=\"card-properties-images carousel slide carousel-fade lazy\" data-bs-ride=\"carousel\" data-bs-interval=\"200000\" data-id=\"697691\">\n\t\t<div class=\"carousel-inner\">\n\t\t\t<figure class=\"carousel-item mb-0 active ratio ratio-4x3\">\n\t\t\t\t<picture><source sizes=\"(max-width: 575px) calc(100vw - 24px), (max-width: 767px) 516px, (max-width: 991px) 696px, (max-width: 1199px) 296px, (max-width: 1399px) 356px, 400px\" width=\"696\" height=\"522\" srcset=\"https:\/\/media.panoramamarbella.com\/imgV1\/B95mbh8olwFQm~uCUaVOI2kQT0hb0a8sZ9turUNfnwtvuccYCzs0YVPfPbfkc2VnnN1JFDpkYaGfw1gJsS~5hOu9X5J_GGESH79I62csjOueuTbhRLPEQEkioevvhdrpjaWZvyQirO9yl0pilvxoweqB_Ivhe0U_Jy8EpEUkkIerqgeQoKU1mQB5R7jXZ4z2~yGHtb6~CBhi84a2F0raVYWLu7HUrDtit56FaP4OzvluUMGSwtGFlSJjr8yarAflGi10pMdlOSw4pYbz1aqK6iIVhkYwfTShqk4tM8jcl3NydxgqIaQ5Hr3LCHJIjKmxTaM1YMrEvaemAODXyC~Axri4wdZFcJwZbcVOP6nZFqFub0gDbEaJ8ewY0NDjqGgCUFpu9RkXt5X2GSkuGu1KRN9zum7V9133uqsztpj3Tuu9VQfPyxoXd8UjT0SxZc5xix8YhCigEA3G9dEBKBQ2.webp 696w,https:\/\/media.panoramamarbella.com\/imgV1\/B95mbh8olwFQm~uCUaVOI2kQT0hb0a8sZ9turUNfnwtvuccYCzs0YVPfPbfkc2VnnN1JFDpkYaGfw1gJsS~5hOu9X5J_GGESH79I62csjOueuTbhRLPEQEkioevvhdrpjaWZvyQirO9yl0pilvxoweqB_Ivhe0U_Jy8EpEUkko1a78AnfDVp7Xlsgx3km_Rd47QqHGmTwbNqdRjMS62fS8JkHMlnjYi2Wtt450XydYXva8FoZJ25irlVO5Ob7WT2ai1w6Lt5Xskty6pLQlJxFmgZgJeqWTkfUbXDR1VHOqoNnqF4XSbRybXd4uMgVBoJgOCP8Pclw0gYC8Q12nBtMMEN1IEFdpKdFxHfuKC25RIEs5LT1WXuLWTNQdbX6ZFeI5ljV9FbJzAQWoXuA3_2bpay0lG_RdcVguU4wa~kZ90i1jVqD~4CMzTkUDnsFBpBXUK49EKzkx6U2GFqJIdV.webp 400w\" type=\"image\/webp\"><img decoding=\"async\" class=\"position-absolute w-100 h-100 object-fit-cover\" alt=\"Elegante y amplio apartamento en Monte Para\u00edso en la Milla de Oro de Marbella\" loading=\"lazy\" width=\"696\" height=\"522\" src=\"https:\/\/media.panoramamarbella.com\/imgV1\/B95mbh8olwFQm~uCUaVOI2kQT0hb0a8sZ9turUNfnwtvuccYCzs0YVPfPbfkc2VnnN1JFDpkYaGfw1gJsS~5hOu9X5J_GGESH79I62csjOueuTbhRLPEQEkioevvhdrpjaWZvyQirO9yl0pilvxoweqB_Ivhe0U_Jy8EpEUkkIerqgeQoKU1mQB5R7jXeWxKG4WFc0r0jyU19QwVg7FsBvsfoxVA5XgamVQrf_jARna9MwfGJ_sIy1TKvV_QvlsFKBbK~zX3vf_~yOuUhkGrWmJzk8aU07AVE9I41NTOfjcdfUJtORtzA_2sDztu73S3KXN9Rtr2rbiH_L2c4QOcSN1mofbCoiWIzmfLY6aEGmmMTYaeRyhsYnHOtCu1fX~dj5QBcJYiVpHwfmSiIlKruSq2F76orZwAj9Dx_4UUWOealiWClosu_VCJtYs-.jpg\"><\/picture>\t\t\t<\/figure>\n\t\t\t\t\t\t<span class=\"card-properties-ref position-absolute z-2 bottom-0 end-0 bg-white text-primary py-1 px-3 me-3\">\n\t\t\t\tPANR-16340\t\t\t<\/span>\n\t\t\t<button class=\"card-properties-portfolio d-flex align-items-center justify-content-center position-absolute z-3 end-0 text-white bg-primary me-3 border-0 px-0\" data-pfl-id=\"697691\" data-pfl-filter=\"sale\" aria-label=\"Add to portfolio\">\n\t\t\t\t<svg width=\"18\" fill=\"currentColor\" viewBox=\"0 0 512 512\">\n\t\t\t\t\t<use href=\"https:\/\/www.panoramamarbella.com\/wp-content\/themes\/panoramamarbella\/dist\/src\/images\/icons.svg#svgHeart\"><\/use>\n\t\t\t\t<\/svg>\n\t\t\t\t<svg width=\"18\" fill=\"currentColor\" viewBox=\"0 0 512 512\">\n\t\t\t\t\t<use href=\"https:\/\/www.panoramamarbella.com\/wp-content\/themes\/panoramamarbella\/dist\/src\/images\/icons.svg#svgHeartIn\"><\/use>\n\t\t\t\t<\/svg>\n\t\t\t<\/button>\n\t\t<\/div>\n\t\t\t\t<button\n\t\t\tclass=\"carousel-control-prev\"\n\t\t\ttype=\"button\"\n\t\t\tdata-bs-target=\"#carouselCardProperties-1-1\"\n\t\t\tdata-bs-slide=\"prev\">\n\t\t\t<span class=\"carousel-control-prev-icon\" aria-hidden=\"true\"><\/span>\n\t\t\t<span class=\"visually-hidden\">Anterior<\/span>\n\t\t<\/button>\n\t\t<button\n\t\t\tclass=\"carousel-control-next\"\n\t\t\ttype=\"button\"\n\t\t\tdata-bs-target=\"#carouselCardProperties-1-1\"\n\t\t\tdata-bs-slide=\"next\">\n\t\t\t<span class=\"carousel-control-next-icon\" aria-hidden=\"true\"><\/span>\n\t\t\t<span class=\"visually-hidden\">Siguiente<\/span>\n\t\t<\/button>\n\t\t\t<\/div>\n\t<div class=\"d-flex flex-column h-100 px-3 py-4 shadow\">\n\t\t\t\t<h3 class=\"card-properties-title mb-3\">\n\t\t\t<a class=\"stretched-link\" href=\"\/es\/propiedades\/marbella\/marbella-golden-mile\/monte-paraiso\/apartamentos-y-pisos\/PANR-16340\">\n\t\t\t\tElegante y amplio apartamento en Monte Para\u00edso en la Milla de Oro de Marbella\t\t\t<\/a>\n\t\t<\/h3>\n\t\t<p class=\"mb-3 text-black-dark\">Monte Paraiso, Marbella Golden Mile<\/p>\n\t\t\t\t\t\t<p class=\"card-properties-description mb-3\">\n\t\t\tEste apartamento, bellamente reformado, se encuentra en la prestigiosa comunidad de Monte Para\u00edso en la Milla de Oro de Marbella, una de las zonas m\u00e1s cotizadas de la Costa del Sol. Ubicado en una posici\u00f3n&#8230;\t\t<\/p>\n\t\t\t\t<span class=\"card-properties-price mt-auto\">\n\t\t\t\n\t\t\t<span class=\"card-properties-price mt-auto\" data-original-price=\"2450000\">2.450.000\u00a0\u20ac<\/span>\n\t\t\t\t<\/span>\n\t\t\t\t<ul class=\"card-properties-features list-unstyled d-flex flex-wrap align-items-center gap-3 pt-3 border-top mt-3 mb-0\">\n\t\t\t<li class=\"d-flex align-items-center\">4 Dorms.<\/li><li class=\"d-flex align-items-center\">4 Ba\u00f1os<\/li>\t\t\t\t<li class=\"d-flex align-items-center\">\n\t\t\t\t\t <span class=\"me-1\" data-original-value=\"210\" data-original-unit=\"m&#038;sup2\">210 m&sup2;<\/span>Total\t\t\t\t<\/li>\n\t\t\t\t\t\t\t<li class=\"d-flex align-items-center\">\n\t\t\t\t\t <span class=\"me-1\" data-original-value=\"169\" data-original-unit=\"m&#038;sup2\">169 m&sup2;<\/span>Construido\t\t\t\t<\/li>\n\t\t\t\t\t\t\t<li class=\"d-flex align-items-center\">\n\t\t\t\t\t <span class=\"me-1\" data-original-value=\"41\" data-original-unit=\"m&#038;sup2\">41 m&sup2;<\/span>Terrazas\t\t\t\t<\/li>\n\t\t\t\t\t<\/ul>\n\t\t\t<\/div>\n<\/article>\n\n\n<article class=\"col card-properties position-relative d-flex flex-column\">\n\t<div id=\"carouselCardProperties-1-2\" class=\"card-properties-images carousel slide carousel-fade lazy\" data-bs-ride=\"carousel\" data-bs-interval=\"200000\" data-id=\"693005\">\n\t\t<div class=\"carousel-inner\">\n\t\t\t<figure class=\"carousel-item mb-0 active ratio ratio-4x3\">\n\t\t\t\t<picture><source sizes=\"(max-width: 575px) calc(100vw - 24px), (max-width: 767px) 516px, (max-width: 991px) 696px, (max-width: 1199px) 296px, (max-width: 1399px) 356px, 400px\" width=\"696\" height=\"522\" srcset=\"https:\/\/media.panoramamarbella.com\/imgV1\/B95mbh8olwFQm~uCUaVOI2kQT0hb0a8sZ9turUNfnwtvuccYCzs0YVPfPbfkc2VnnN1JFDpkYaGfw1gJsS~5hOp6Va7l8qiXSigRxLaNuxD6YlUNlb9CuZrq~AQx7pYPCFVPBNpyX378yd_NQq5xkYxdsiQfxKXbyr0ytrL6Q4RI4FVuFoI3gpz_s1htrTYxZufXidr0_DOej0dHrGOWGSDCBuQcoWSih5CzeI32T8Yx~OKmgDSXoJEF8G~TRYIuU_nYqaxc7AtEvGkZy8YMB3MwWR3nT4tXFJb8whYQOb69PFlblwBNb0Q0fFEe41uRSgKnxV67MlooAvX~Kd58_60eF_5hSWx8g~fPUmKz0PAV06ao86uTISAmUe4zd7MyGVHD3TOaDy4Aa6MotadfbBNm2SGYE~JjU3vKI32KVN2WmqsV0BMSOmESmv4Sgn3m9MrVioV17LJu2m9FWFOC.webp 696w,https:\/\/media.panoramamarbella.com\/imgV1\/B95mbh8olwFQm~uCUaVOI2kQT0hb0a8sZ9turUNfnwtvuccYCzs0YVPfPbfkc2VnnN1JFDpkYaGfw1gJsS~5hOp6Va7l8qiXSigRxLaNuxD6YlUNlb9CuZrq~AQx7pYPCFVPBNpyX378yd_NQq5xkYxdsiQfxKXbyr0ytrL6QQ2eHZ3fEkH4dLMi6bnpwUQ0zgRpGhsH5Vh8ibDYM6oOcvfByVrHNQaWEqPTXPdNAisGlNTzMt5sl5t2fwaSDjmrWqkdNDGVwQ0b5cNwirkwt3~Ev~qEV9GyuZ1Gn1yfT~O6gZDC2dX8plIJRCZlf0k4LI_ijBWAMR0YIRXwL~HSt86w9zLnqxIlxR61Nl80HModbRJRviLuSqsDtvvKy2VhtYTAYtVj~5PD~JfhS0LrQD1pCjmVvYzPmodyPyoiKId4m5h9kHaORV7_WDvzEcj8u2WRLhihIISI8wrGplw4.webp 400w\" type=\"image\/webp\"><img decoding=\"async\" class=\"position-absolute w-100 h-100 object-fit-cover\" alt=\"Apartamento tr\u00edplex con piscina privada y vistas al mar en Benal\u00fas, en la Milla de Oro\" loading=\"lazy\" width=\"696\" height=\"522\" src=\"https:\/\/media.panoramamarbella.com\/imgV1\/B95mbh8olwFQm~uCUaVOI2kQT0hb0a8sZ9turUNfnwtvuccYCzs0YVPfPbfkc2VnnN1JFDpkYaGfw1gJsS~5hOp6Va7l8qiXSigRxLaNuxD6YlUNlb9CuZrq~AQx7pYPCFVPBNpyX378yd_NQq5xkYxdsiQfxKXbyr0ytrL6Q4RI4FVuFoI3gpz_s1hts5WnJWOpQZ4c7tAi72BINNZvISz491l04SlHZf5tQfBP9PpCt5CQSPkrqCd6jsoDQQDz8GXao_8yCVVr83~ZlZ5KVpdWgTm7YVsg6YFCKkbtTat96mlsGHbDXvFeLVU8tW7bLt02ZgppVC9RLQAWpSPdU~WPPLyPAdSP3CZ6issdhoSK32iJJyGCZjPw44vGx9A1oTvwmniLcczJ6IfP0BwhsBcGA~3YDPzEF6jOyTPmGtjQeD2pZztdtyOw6kI-.jpg\"><\/picture>\t\t\t<\/figure>\n\t\t\t\t\t\t<span class=\"card-properties-ref position-absolute z-2 bottom-0 end-0 bg-white text-primary py-1 px-3 me-3\">\n\t\t\t\tPANR-16292\t\t\t<\/span>\n\t\t\t<button class=\"card-properties-portfolio d-flex align-items-center justify-content-center position-absolute z-3 end-0 text-white bg-primary me-3 border-0 px-0\" data-pfl-id=\"693005\" data-pfl-filter=\"sale\" aria-label=\"Add to portfolio\">\n\t\t\t\t<svg width=\"18\" fill=\"currentColor\" viewBox=\"0 0 512 512\">\n\t\t\t\t\t<use href=\"https:\/\/www.panoramamarbella.com\/wp-content\/themes\/panoramamarbella\/dist\/src\/images\/icons.svg#svgHeart\"><\/use>\n\t\t\t\t<\/svg>\n\t\t\t\t<svg width=\"18\" fill=\"currentColor\" viewBox=\"0 0 512 512\">\n\t\t\t\t\t<use href=\"https:\/\/www.panoramamarbella.com\/wp-content\/themes\/panoramamarbella\/dist\/src\/images\/icons.svg#svgHeartIn\"><\/use>\n\t\t\t\t<\/svg>\n\t\t\t<\/button>\n\t\t<\/div>\n\t\t\t\t<button\n\t\t\tclass=\"carousel-control-prev\"\n\t\t\ttype=\"button\"\n\t\t\tdata-bs-target=\"#carouselCardProperties-1-2\"\n\t\t\tdata-bs-slide=\"prev\">\n\t\t\t<span class=\"carousel-control-prev-icon\" aria-hidden=\"true\"><\/span>\n\t\t\t<span class=\"visually-hidden\">Anterior<\/span>\n\t\t<\/button>\n\t\t<button\n\t\t\tclass=\"carousel-control-next\"\n\t\t\ttype=\"button\"\n\t\t\tdata-bs-target=\"#carouselCardProperties-1-2\"\n\t\t\tdata-bs-slide=\"next\">\n\t\t\t<span class=\"carousel-control-next-icon\" aria-hidden=\"true\"><\/span>\n\t\t\t<span class=\"visually-hidden\">Siguiente<\/span>\n\t\t<\/button>\n\t\t\t<\/div>\n\t<div class=\"d-flex flex-column h-100 px-3 py-4 shadow\">\n\t\t\t\t<h3 class=\"card-properties-title mb-3\">\n\t\t\t<a class=\"stretched-link\" href=\"\/es\/propiedades\/marbella\/marbella-golden-mile\/benalus\/apartamentos-y-pisos\/PANR-16292\">\n\t\t\t\tApartamento tr\u00edplex con piscina privada y vistas al mar en Benal\u00fas, en la Milla de Oro\t\t\t<\/a>\n\t\t<\/h3>\n\t\t<p class=\"mb-3 text-black-dark\">Benal\u00fas, Marbella Golden Mile<\/p>\n\t\t\t\t\t\t<p class=\"card-properties-description mb-3\">\n\t\t\tUbicado a lo largo de la emblem\u00e1tica Milla de Oro de Marbella, Benal\u00fas es un exclusivo enclave residencial que combina perfectamente la elegancia arquitect\u00f3nica contempor\u00e1nea con una ubicaci\u00f3n excepcional junto al prestigioso \u00e1rea de Puente&#8230;\t\t<\/p>\n\t\t\t\t<span class=\"card-properties-price mt-auto\">\n\t\t\t\n\t\t\t<span class=\"card-properties-price mt-auto\" data-original-price=\"4450000\">4.450.000\u00a0\u20ac<\/span>\n\t\t\t\t<\/span>\n\t\t\t\t<ul class=\"card-properties-features list-unstyled d-flex flex-wrap align-items-center gap-3 pt-3 border-top mt-3 mb-0\">\n\t\t\t<li class=\"d-flex align-items-center\">4 Dorms.<\/li><li class=\"d-flex align-items-center\">4 Ba\u00f1os<\/li>\t\t\t\t<li class=\"d-flex align-items-center\">\n\t\t\t\t\t <span class=\"me-1\" data-original-value=\"748\" data-original-unit=\"m&#038;sup2\">748 m&sup2;<\/span>Total\t\t\t\t<\/li>\n\t\t\t\t\t\t\t<li class=\"d-flex align-items-center\">\n\t\t\t\t\t <span class=\"me-1\" data-original-value=\"157\" data-original-unit=\"m&#038;sup2\">157 m&sup2;<\/span>Parcela\t\t\t\t<\/li>\n\t\t\t\t\t\t\t\t<li class=\"d-flex align-items-center\">\n\t\t\t\t\t <span class=\"me-1\" data-original-value=\"482\" data-original-unit=\"m&#038;sup2\">482 m&sup2;<\/span>Construido\t\t\t\t<\/li>\n\t\t\t\t\t\t\t<li class=\"d-flex align-items-center\">\n\t\t\t\t\t <span class=\"me-1\" data-original-value=\"266\" data-original-unit=\"m&#038;sup2\">266 m&sup2;<\/span>Terrazas\t\t\t\t<\/li>\n\t\t\t\t\t<\/ul>\n\t\t\t<\/div>\n<\/article>\n\t\t\t<\/div>\n\t\t\t<ul class=\"mw-100 d-flex flex-column flex-lg-row flex-lg-wrap justify-content-center gap-3 list-unstyled mt-5 mb-0\">\n    <li><a class=\"btn btn-primary w-100 px-4 py-2\" href=\"https:\/\/www.panoramamarbella.com\/es\/propiedades\/marbella\/marbella-golden-mile\">Viviendas en Milla de Oro Marbella<\/a><\/li><\/ul>\n\t\t<\/section>\n\t\t\n","protected":false},"excerpt":{"rendered":"<p>Conozca mejor la Milla de Oro Marbella con sus lujosas urbanizaciones y viviendas de primera categor\u00eda. Descubra la zona m\u00e1s exclusiva de Marbella.<\/p>\n","protected":false},"author":8,"featured_media":1484,"parent":0,"menu_order":3,"template":"","meta":{"_acf_changed":true},"tags":[62],"class_list":["post-1493","areas","type-areas","status-publish","has-post-thumbnail","hentry","tag-marbella-golden-mile-mainguide-2"],"acf":[],"_links":{"self":[{"href":"https:\/\/www.panoramamarbella.com\/es\/wp-json\/wp\/v2\/areas\/1493","targetHints":{"allow":["GET"]}}],"collection":[{"href":"https:\/\/www.panoramamarbella.com\/es\/wp-json\/wp\/v2\/areas"}],"about":[{"href":"https:\/\/www.panoramamarbella.com\/es\/wp-json\/wp\/v2\/types\/areas"}],"author":[{"embeddable":true,"href":"https:\/\/www.panoramamarbella.com\/es\/wp-json\/wp\/v2\/users\/8"}],"wp:featuredmedia":[{"embeddable":true,"href":"https:\/\/www.panoramamarbella.com\/es\/wp-json\/wp\/v2\/media\/1484"}],"wp:attachment":[{"href":"https:\/\/www.panoramamarbella.com\/es\/wp-json\/wp\/v2\/media?parent=1493"}],"wp:term":[{"taxonomy":"post_tag","embeddable":true,"href":"https:\/\/www.panoramamarbella.com\/es\/wp-json\/wp\/v2\/tags?post=1493"}],"curies":[{"name":"wp","href":"https:\/\/api.w.org\/{rel}","templated":true}]}}