{"id":42753,"date":"2025-10-01T03:35:15","date_gmt":"2025-10-01T01:35:15","guid":{"rendered":"https:\/\/www.panoramamarbella.com\/sobre-nosotros\/accreditations-awards-independence"},"modified":"2026-04-22T17:26:47","modified_gmt":"2026-04-22T15:26:47","slug":"acreditaciones-premios","status":"publish","type":"page","link":"https:\/\/www.panoramamarbella.com\/es\/sobre-nosotros\/acreditaciones-premios","title":{"rendered":"Panorama &#8211; regulaci\u00f3n RICS, premios, independencia e hitos en Marbella desde 1970"},"content":{"rendered":"\n\n<p><strong>La agencia inmobiliaria m\u00e1s antigua de Marbella<br><\/strong>Desde 1970 \u00b7 Regulado por RICS \u00b7 De propiedad independiente<\/p>\n\n\n<div class=\"lead\"><p>Panorama es una agencia inmobiliaria familiar, fundada en Marbella en 1970 y regulada por la Royal Institution of Chartered Surveyors (RICS). Esta p\u00e1gina re\u00fane las acreditaciones oficiales de Panorama, premios internacionales y locales, publicaciones (como nuestros informes anuales de mercado) y logros pioneros en el sector, ofreciendo una visi\u00f3n general clara y verificable de nuestra trayectoria.<\/p>\n<\/div>\n\n\n<p>Al elegir un asesor inmobiliario, los clientes suelen buscar regulaci\u00f3n formal y garant\u00edas para el cliente, amplia experiencia, toma de decisiones independiente, liderazgo disciplinado, satisfacci\u00f3n del cliente comprobada y una ejecuci\u00f3n consistente a lo largo del tiempo. Panorama ofrece una combinaci\u00f3n excepcional de todas estas fortalezas: <strong>regulaci\u00f3n de la RICS <\/strong>(desde 2015), <strong>propiedad familiar independiente<\/strong> (desde 1970), <strong>liderazgo FRICS y AssocRICS<\/strong>, premios <strong>europeos y locales<\/strong> reconocidos, <strong>numerosos testimonios verificados de clientes<\/strong> y valoraciones oficiales realizadas a trav\u00e9s de proveedores acreditados.<\/p>\n\n\n\t<figure class=\"wp-caption aligncenter wp-block-acf-wpimage\">\n\t<picture><source width=\"1170\" height=\"821.7421875\" srcset=\"https:\/\/media.panoramamarbella.com\/imgV1\/B95mbh8olwFQm~uCT2wPZMb8hll4wghQQQq6YWg0~c~U_DrmgY8pGP8pqaDzA6mvjyI_OPtcrHD_aKxDZZC5gTs47j5uekQET4lBG_pt0tYkO3mFLR3BVbDejuxo1UfQu2p~HTW6ntgHiwaG_8Hb8lo9f8Ti3kDAv9UPuGrcme4ufxkXLmGKgFkGZd2Eo1rrEA--.webp 1170w\" type=\"image\/webp\"><img decoding=\"async\" class=\"img-fluid\" loading=\"lazy\" width=\"1280\" height=\"899\" alt=\"Equipo de Panorama\" src=\"https:\/\/media.panoramamarbella.com\/imgV1\/B95mbh8olwFQm~uCT2wPZMb8hll4wghQQQq6YWg0~c~U_DrmgY8pGP8pqaDzA6mvjyI_OPtcrHD_aKxDZZC5gTs47j5uekQET4lBG_pt0tYkO3mFLR3BVbDejuxo1UfQu2p~HTW6ntgHiwaG_9_L24iIC5blfmi8t~Wnkmx6.jpg\"><\/picture>\t\t<\/figure>\n\t\n\n\n<p><strong>Aspectos destacados<\/strong><\/p>\n\n\n\n<p>Credenciales clave, reconocimientos y liderazgo de mercado resumidos en esta p\u00e1gina:<\/p>\n\n\n\n<ol class=\"wp-block-list\">\n<li><strong>Agencia regulada por RICS<\/strong> (desde 2015) \u2013 <strong>la \u00fanica agencia residencial regulada por RICS en Marbella <\/strong>y el sur de Espa\u00f1a<\/li>\n\n\n\n<li><strong>La agencia inmobiliaria m\u00e1s antigua de Marbella <\/strong>\u2013 operando de forma continua desde 1970<\/li>\n\n\n\n<li><strong>Larga trayectoria en lujo<\/strong> \u2013 presencia ininterrumpida en el mercado prime desde 1970<\/li>\n\n\n\n<li><strong>Empresa familiar 100 % independiente<\/strong> \u2013 sin franquicias, cuotas ni conflictos de inter\u00e9s<\/li>\n\n\n\n<li><strong>La oficina inmobiliaria m\u00e1s espectacular de la Costa del Sol <\/strong>\u2013 ubicaci\u00f3n insignia dentro del resort Puente Romano Marbella<\/li>\n\n\n\n<li><strong>Agente asociado<\/strong> <strong>\u2013 John D. Wood &amp; Co<\/strong>. (desde julio de 2024) \u2013 conectando el lujo inmobiliario de Marbella con especialistas consolidados del mercado prime londinense<\/li>\n\n\n\n<li><strong>M\u00faltiples hitos pioneros en Marbella<\/strong>, incluidos los inspection flights (1975) y el primer open house (1982)<\/li>\n\n\n\n<li><strong>Christopher Clover \u2013 categor\u00eda Fellowship de RICS (FRICS)<\/strong> por eminencia (2015)<\/li>\n\n\n\n<li><strong>Miembro fundador de LPA <\/strong>(Leading Property Agents of Spain); Christopher Clover nombrado Presidente Honorario en 2020<\/li>\n\n\n\n<li>Christopher Clover es miembro de <strong>GIPE<\/strong> (Gestores Inmobiliarios Profesionales Europeos) desde 1997<\/li>\n\n\n\n<li><strong>CIT Marbella \u2013 premio Business Leader of the Year<\/strong> (Christopher Clover), noviembre de 2024<\/li>\n\n\n\n<li><strong>Premios Europeos de la Propiedad <\/strong>\u2013 Mejor Agencia Inmobiliaria de Espa\u00f1a durante tres a\u00f1os consecutivos (2019\u20132021)<\/li>\n\n\n\n<li><strong>M\u00e1s de 55 a\u00f1os de an\u00e1lisis del mercado inmobiliario<\/strong> de Marbella por Christopher Clover, con informes ampliamente citados por medios locales y nacionales<\/li>\n\n\n\n<li><strong>Agencia de servicio integral y concierge de lujo<\/strong> \u2013 incluyendo alquileres en cumplimiento normativo, servicio al cliente, preparaci\u00f3n legal, abogados independientes y valoraciones acreditadas<\/li>\n\n\n\n<li><strong>Puente Romano Real Estate operada por Panorama<\/strong> \u2013 agencia oficial dentro del resort para Puente Romano Marbella y Nobu Marbella<\/li>\n\n\n\n<li><strong>M\u00e1s de 100 testimonios verificados de clientes de alto patrimonio<\/strong> entre las oficinas de Panorama en la Milla de Oro<\/li>\n<\/ol>\n\n\n\n<ul class=\"table-index list-unstyled p-4 p-lg-5 ms-0 bg-light\"><li class=\"text-uppercase fw-bold mb-3\">Tabla de contenidos<\/li><li><a href=\"#credenciales+y+regulacion\">\nCredenciales y regulaci\u00f3n\n<\/a><\/li>\n<li><a href=\"#independencia+y+alineacion+con+el+cliente+sin+presiones+de+franquicia\">\nIndependencia y alineaci\u00f3n con el cliente (sin presiones de franquicia)\n<\/a><\/li>\n<li><a href=\"#agencia+integral+servicios+al+cliente+alquileres+apoyo+legal+y+valoraciones\">\nAgencia integral: servicios al cliente, alquileres, apoyo legal y valoraciones\n<\/a><\/li>\n<li><a href=\"#premios+y+reconocimientos+orden+cronologico+inverso\">\nPremios y reconocimientos (orden cronol\u00f3gico inverso)\n<\/a><\/li>\n<li><a href=\"#liderazgo+de+mercado+y+credenciales+en+lujo\">\nLiderazgo de mercado y credenciales en lujo\n<\/a><\/li>\n<li><a href=\"#medios+y+publicaciones\">\nMedios y publicaciones\n<\/a><\/li>\n<li><a href=\"#asociaciones+y+organismos+profesionales+orden+cronologico+inverso\">\nAsociaciones y organismos profesionales (orden cronol\u00f3gico inverso)\n<\/a><\/li>\n<li><a href=\"#alianzas+comerciales+orden+cronologico+inverso\">\nAlianzas comerciales (orden cronol\u00f3gico inverso)\n<\/a><\/li>\n<li><a href=\"#hitos+orden+cronologico\">\nHitos (orden cronol\u00f3gico)\n<\/a><\/li>\n<li><a href=\"#presencia+y+oficinas\">\nPresencia y oficinas\n<\/a><\/li><\/ul>\n\n\n<hr class=\"w-75 mt-3 mt-md-5 mb-3 mb-md-6 mx-auto border-2 border-secondary opacity-50\">\n\n\n\n\n<h2 class=\"wp-block-heading clearfix mb-6\">Credenciales y regulaci\u00f3n<\/h2>\n\n\n\t<figure class=\"wp-caption alignright wp-block-acf-wpimage\">\n\t<picture><source width=\"600\" height=\"275\" srcset=\"https:\/\/media.panoramamarbella.com\/imgV1\/B95mbh8olwFQm~uCT2wPZMb8hll4wghQQQq6YWg0~c~U_DrmgY8pGP8pqaDzA6mvjyI_OPtcrHD_aKxDZZC7LjrY91ToWdJaG2qg0NOHTx_1idINyUlVzHTvGbVgi_51jkiQkJXuYsC7GFTkA5EN9s2zVBzix0_2MRJcOMgzq84Z_xKx0_sfebZDXJGm1II9YAqJN9yhFoWVCQ--.png 600w\" type=\"image\/webp\"><img decoding=\"async\" class=\"img-fluid\" loading=\"lazy\" width=\"600\" height=\"275\" alt=\"Panorama regulada por RICS - la \u00fanica agencia residencial regulada por RICS con sede en Marbella\" src=\"https:\/\/media.panoramamarbella.com\/imgV1\/B95mbh8olwFQm~uCT2wPZMb8hll4wghQQQq6YWg0~c~U_DrmgY8pGP8pqaDzA6mvjyI_OPtcrHD_aKxDZZC7LjrY91ToWdJaG2qg0NOHTx_1idINyUlVzHTvGbVgi_51jkiQkJXuYsC7GFTkA5EN9s2zVBzix0_2MRJcOMgzq84Z_w--.png\"><\/picture>\t\t<\/figure>\n\t\n\n\n<h3 class=\"wp-block-heading\">Panorama es la \u00fanica agencia residencial regulada por RICS en Marbella<\/h3>\n\n\n\n<p>15 de mayo de 2016 \u00b7 Acreditaci\u00f3n \u00b7 Internacional<\/p>\n\n\n\n<p>Desde 2015, Panorama est\u00e1 regulada por la prestigiosa Royal Institution of Chartered Surveyors (RICS), y es la \u00fanica agencia inmobiliaria residencial regulada por RICS con sede en Marbella y la Costa del Sol. RICS es el organismo mundial de est\u00e1ndares para suelo, propiedad, construcci\u00f3n e infraestructuras, con m\u00e1s de 130.000 miembros en m\u00e1s de 145 pa\u00edses. A diferencia de sistemas tipo ISO, la regulaci\u00f3n RICS es espec\u00edfica del sector inmobiliario: controles sobre dinero de clientes, gesti\u00f3n de reclamaciones con resoluci\u00f3n independiente de disputas, seguro de responsabilidad profesional y Rules of Conduct.<\/p>\n\n\n\n<p class=\"clearfix\">Leer m\u00e1s: <a href=\"https:\/\/www.panoramamarbella.com\/es\/news\/agencia-panorama-regulada-rics\">Panorama regulada por RICS &#8211; la \u00fanica agencia inmobiliaria residencial regulada por RICS con sede en Marbella<\/a><\/p>\n\n\n\n<p>&nbsp;<\/p>\n\n\n\t<figure class=\"wp-caption alignright wp-block-acf-wpimage\">\n\t<picture><source width=\"600\" height=\"275\" srcset=\"https:\/\/media.panoramamarbella.com\/imgV1\/B95mbh8olwFQm~uCT2wPZMb8hll4wghQQQq6YWg0~c~U_DrmgY8pGP8pqaDzA6mvjyI_OPtcrHD_aKxDZZC7LiJW_ChrG3RqUCPAdwAujhf1rsmN1YVF3of1Ca7IcuLfQ3g2_zgHW9pD~BwbJ5vga1jBLc0360l6qFXgyx6F2v2wclUNuaQL0W0lI2tkSfcuSeYQOYy34dZxdlYtnEywOqE-.webp 600w\" type=\"image\/webp\"><img decoding=\"async\" class=\"img-fluid\" loading=\"lazy\" width=\"600\" height=\"275\" alt=\"C\u00f3mo verificar la regulaci\u00f3n RICS de Panorama\" src=\"https:\/\/media.panoramamarbella.com\/imgV1\/B95mbh8olwFQm~uCT2wPZMb8hll4wghQQQq6YWg0~c~U_DrmgY8pGP8pqaDzA6mvjyI_OPtcrHD_aKxDZZC7LiJW_ChrG3RqUCPAdwAujhf1rsmN1YVF3of1Ca7IcuLfQ3g2_zgHW9pD~BwbJ5vga1jBLc0360l6qFXgyx6bY9uJohVAzan9z0__CgTLaw--.jpg\"><\/picture>\t\t<\/figure>\n\t\n\n\n<h3 class=\"wp-block-heading\">C\u00f3mo verificar la regulaci\u00f3n RICS de Panorama (con evidencia en directorio)<\/h3>\n\n\n\n<p>19 de septiembre de 2025 \u00b7 Acreditaci\u00f3n \u00b7 Internacional<br><br>El estatus RICS de Panorama puede comprobarse directamente en el directorio de RICS, donde figuran la empresa y sus miembros senior. La regulaci\u00f3n RICS en Marbella aporta est\u00e1ndares reconocidos en materia de dinero de clientes, reclamaciones y conducta profesional, ayudando a sostener transacciones medidas en el mercado prime de Marbella. Verificaci\u00f3n realizada en la fecha de publicaci\u00f3n; se facilita orientaci\u00f3n para interpretar correctamente las entradas.<\/p>\n\n\n\n<p>Leer m\u00e1s: <a href=\"https:\/\/www.panoramamarbella.com\/es\/news\/regulacion-rics-de-panorama\">c\u00f3mo verificar la regulaci\u00f3n RICS de Panorama<\/a><\/p>\n\n\n\n<p>&nbsp;<\/p>\n\n\n\t<figure class=\"wp-caption alignright wp-block-acf-wpimage\">\n\t<picture><source width=\"600\" height=\"275\" srcset=\"https:\/\/media.panoramamarbella.com\/imgV1\/B95mbh8olwFQm~uCT2wPZMb8hll4wghQQQq6YWg0~c~U_DrmgY8pGP8pqaDzA6mvjyI_OPtcrHD_aKxDZZC7LinT2AkYILLGVnfHlbh9J7L5XQtBmEyAL11UWvnkmbm6AykSHUHCJY87HvDq5r15HwGBfu48TM5q2ZZQTf_FcSPlrGss621uFLJ2TCymq3pS3F5gm2aaqg--.webp 600w\" type=\"image\/webp\"><img decoding=\"async\" class=\"img-fluid\" loading=\"lazy\" width=\"600\" height=\"275\" alt=\"Christopher Clover - Eminent Fellow de la Royal Institution of Chartered Surveyors (FRICS)\" src=\"https:\/\/media.panoramamarbella.com\/imgV1\/B95mbh8olwFQm~uCT2wPZMb8hll4wghQQQq6YWg0~c~U_DrmgY8pGP8pqaDzA6mvjyI_OPtcrHD_aKxDZZC7LinT2AkYILLGVnfHlbh9J7L5XQtBmEyAL11UWvnkmbm6AykSHUHCJY87HvDq5r15HwGBfvAE5fjRHng9EMUJRjquAfr0.jpg\"><\/picture>\t\t<\/figure>\n\t\n\n\n<h3 class=\"wp-block-heading\">Christopher Clover \u2013 FRICS (Miembro distinguido)<\/h3>\n\n\n\n<p>11 de agosto de 2015 \u00b7 Credencial \u00b7 Internacional<\/p>\n\n\n\n<p>En 2015, Christopher Clover, Director general de Panorama, fue admitido como miebro distinguido de la Royal Institution of Chartered Surveyors (FRICS), la categor\u00eda profesional m\u00e1s alta de la instituci\u00f3n, en reconocimiento a su liderazgo sostenido, integridad y contribuci\u00f3n a la profesi\u00f3n. Esta fellowship complementa la regulaci\u00f3n a nivel de empresa de Panorama, reforzando un enfoque centrado en la gobernanza a lo largo de distintos ciclos de mercado.<\/p>\n\n\n\n<p class=\"clearfix\">Leer m\u00e1s: <a href=\"https:\/\/www.panoramamarbella.com\/es\/news\/christopher-clover-frics\">Christopher Clover \u2013 FRICS (Miembro distinguido)<\/a><\/p>\n\n\n\n<p>&nbsp;<\/p>\n\n\n\t<figure class=\"wp-caption alignright wp-block-acf-wpimage\">\n\t<picture><source width=\"600\" height=\"275\" srcset=\"https:\/\/media.panoramamarbella.com\/imgV1\/B95mbh8olwFQm~uCT2wPZMb8hll4wghQQQq6YWg0~c~U_DrmgY8pGP8pqaDzA6mvjyI_OPtcrHD_aKxDZZC7LiteeEhGIUA6isHFK_2cFXw8YqGw3mThRRfwYdh5vK4ODr_4UtcJ3Ith6Ok0W2qqG5Qasu0hiR1noESP_SuPscIGGeKQMnzG.webp 600w\" type=\"image\/webp\"><img decoding=\"async\" class=\"img-fluid\" loading=\"lazy\" width=\"600\" height=\"275\" alt=\"Katinka Clover and Alfonso Mu\u00f1oz AssocRics\" src=\"https:\/\/media.panoramamarbella.com\/imgV1\/B95mbh8olwFQm~uCT2wPZMb8hll4wghQQQq6YWg0~c~U_DrmgY8pGP8pqaDzA6mvjyI_OPtcrHD_aKxDZZC7LiteeEhGIUA6isHFK_2cFXw8YqGw3mThRRfwYdh5vK4ODr_4TGPzq_BXcFEEoshyB3yRi~U-.jpg\"><\/picture>\t\t<\/figure>\n\t\n\n\n<h3 class=\"wp-block-heading\">Katinka Clover y Alfonso Mu\u00f1oz AssocRics<\/h3>\n\n\n\n<p>2022 \u00b7 Credencial \u00b7 Internacional<\/p>\n\n\n\n<p>En 2022, Katinka Clover y Alfonso Mu\u00f1oz obtuvieron la categor\u00eda AssocRICS, acreditando competencia aplicada y est\u00e1ndares \u00e9ticos dentro del marco profesional de RICS. Sus credenciales respaldan el trabajo diario de agencia \u2014disciplina de valoraci\u00f3n, documentaci\u00f3n y atenci\u00f3n al cliente\u2014 de forma coherente con una pr\u00e1ctica regulada que atiende operaciones prime y ultra-prime.<\/p>\n\n\n\n<p class=\"clearfix\">Leer m\u00e1s: <a href=\"https:\/\/www.panoramamarbella.com\/es\/news\/katinka-y-alfonso-assocrics\">AssocRICS \u2014 Katinka Clover y Alfonso Mu\u00f1oz (2022) \u2014 alcance, verificaci\u00f3n y recorrido del cliente<\/a><\/p>\n\n\n\n<p>&nbsp;<\/p>\n\n\n<hr class=\"w-75 mt-3 mt-md-5 mb-3 mb-md-6 mx-auto border-2 border-secondary opacity-50\">\n\n\n\n\n<h2 class=\"wp-block-heading clearfix mb-6\">Independencia y alineaci\u00f3n con el cliente (sin presiones de franquicia)<\/h2>\n\n\n\t<figure class=\"wp-caption alignright wp-block-acf-wpimage\">\n\t<picture><source width=\"600\" height=\"275\" srcset=\"https:\/\/media.panoramamarbella.com\/imgV1\/B95mbh8olwFQm~uCT2wPZMb8hll4wghQQQq6YWg0~c~U_DrmgY8pGP8pqaDzA6mvjyI_OPtcrHD_aKxDZZC7LjrY91ToWdJaG3FfIGqwIPuuuXbvWLqXMmhTXrioDoM1wOCNqcbhmxCC1JWEWL1YcqgGknfxy4qoPf1M~bnAne5p9mUuK7FPY8ArYAsULtcBsdXck2p1Jg--.webp 600w\" type=\"image\/webp\"><img decoding=\"async\" class=\"img-fluid\" loading=\"lazy\" width=\"600\" height=\"275\" alt=\"Pol\u00edtica de independencia de Panorama: una pr\u00e1ctica alineada con el cliente\" src=\"https:\/\/media.panoramamarbella.com\/imgV1\/B95mbh8olwFQm~uCT2wPZMb8hll4wghQQQq6YWg0~c~U_DrmgY8pGP8pqaDzA6mvjyI_OPtcrHD_aKxDZZC7LjrY91ToWdJaG3FfIGqwIPuuuXbvWLqXMmhTXrioDoM1wOCNqcbhmxCC1JWEWL1YcqgGkmmk6L8khsTIGXFVhYZNRKL9.jpg\"><\/picture>\t\t<\/figure>\n\t\n\n\n<h3 class=\"wp-block-heading\">Pol\u00edtica de independencia de Panorama: una pr\u00e1ctica alineada con el cliente (Marbella, desde 1970)<\/h3>\n\n\n\n<p>Desde 1970 \u00b7 Gobernanza \u00b7 Marbella<\/p>\n\n\n\n<p>Con propiedad independiente en Marbella desde 1970 y 100 % familiar, Panorama toma decisiones a nivel local sin cuotas de franquicia ni presi\u00f3n de inversores externos. Los roles se mantienen diferenciados, los conflictos se comprueban y se revelan, y las recomendaciones legales son independientes, siendo el cliente quien designa a su abogado. La regulaci\u00f3n RICS en Marbella aporta las salvaguardas formales que se esperan en mercados maduros.<\/p>\n\n\n\n<p class=\"clearfix\">Leer m\u00e1s: <a href=\"https:\/\/www.panoramamarbella.com\/es\/news\/politica-de-independencia-panorama\">pol\u00edtica de independencia de Panorama: una pr\u00e1ctica alineada con el cliente (Marbella, desde 1970)<\/a><\/p>\n\n\n\n<p>&nbsp;<\/p>\n\n\n<hr class=\"w-75 mt-3 mt-md-5 mb-3 mb-md-6 mx-auto border-2 border-secondary opacity-50\">\n\n\n\n\n<h2 class=\"wp-block-heading clearfix mb-6\">Agencia integral: servicios al cliente, alquileres, apoyo legal y valoraciones<\/h2>\n\n\n\t<figure class=\"wp-caption alignright wp-block-acf-wpimage\">\n\t<picture><source width=\"600\" height=\"275\" srcset=\"https:\/\/media.panoramamarbella.com\/imgV1\/B95mbh8olwFQm~uCT2wPZMb8hll4wghQQQq6YWg0~c~U_DrmgY8pGP8pqaDzA6mvjyI_OPtcrHD_aKxDZZC7LinX7GzJ6f0MsUOqqtDRNgA~kzXq7IpHWLNLjvGTn800Dp38cVytMjsO5KM202nEMHFaNUr8N3LptX~_wcb1IVYVfW0nZ3LYWbCJfQu0.webp 600w\" type=\"image\/webp\"><img decoding=\"async\" class=\"img-fluid\" loading=\"lazy\" width=\"600\" height=\"275\" alt=\"Luxury lifestyle concierge \u2013 atenci\u00f3n posventa integral m\u00e1s all\u00e1 de la operaci\u00f3n\" src=\"https:\/\/media.panoramamarbella.com\/imgV1\/B95mbh8olwFQm~uCT2wPZMb8hll4wghQQQq6YWg0~c~U_DrmgY8pGP8pqaDzA6mvjyI_OPtcrHD_aKxDZZC7LinX7GzJ6f0MsUOqqtDRNgA~kzXq7IpHWLNLjvGTn800Dp38cVytMjsO_uhEQ0~WpRQ9RjTRHMZcvwM-.jpg\"><\/picture>\t\t<\/figure>\n\t\n\n\n<h3 class=\"wp-block-heading\">Propiedades de Lujo \u2013 atenci\u00f3n posventa integral m\u00e1s all\u00e1 de la compra<\/h3>\n\n\n\n<p>2016-actualidad \u00b7 Servicio \u00b7 Marbella<\/p>\n\n\n\n<p>El Departamento de Servicios al Cliente de Panorama, creado en 2016, coordina la atenci\u00f3n posterior a la venta: cambio de cerraduras, alta de suministros y servicios, decoraci\u00f3n interior, supervisi\u00f3n de proyectos, paisajismo y seguridad, adem\u00e1s de tapicer\u00eda y textiles. El equipo tambi\u00e9n puede coordinar hipotecas con entidades o brokers de confianza y gestionar transferencias internacionales de divisa a trav\u00e9s de proveedores regulados para agilizar la firma y las tareas posteriores a la compra.<\/p>\n\n\n\n<p class=\"clearfix\">Leer m\u00e1s: <a href=\"https:\/\/www.panoramamarbella.com\/es\/servicios-al-cliente\">propiedades de lujo \u2013 atenci\u00f3n posventa integral m\u00e1s all\u00e1 de la operaci\u00f3n<\/a><\/p>\n\n\n\n<p>&nbsp;<\/p>\n\n\n\t<figure class=\"wp-caption alignright wp-block-acf-wpimage\">\n\t<picture><source width=\"600\" height=\"275\" srcset=\"https:\/\/media.panoramamarbella.com\/imgV1\/B95mbh8olwFQm~uCT2wPZMb8hll4wghQQQq6YWg0~c~U_DrmgY8pGP8pqaDzA6mvjyI_OPtcrHD_aKxDZZC7LjrY91ToWdJaG2qg2T6cNpFczh_VocWrN4kwFCEcAeaazD6E8XremUkpEWRa6WXsuytUxWoRXxHrSN5BlgOK1lsCGfkMfnGhr3mSkD3haA--.webp 600w\" type=\"image\/webp\"><img decoding=\"async\" class=\"img-fluid\" loading=\"lazy\" width=\"600\" height=\"275\" alt=\"Panorama Rentals \u2013 cumplimiento, licencias y procedimientos de hu\u00e9spedes\" src=\"https:\/\/media.panoramamarbella.com\/imgV1\/B95mbh8olwFQm~uCT2wPZMb8hll4wghQQQq6YWg0~c~U_DrmgY8pGP8pqaDzA6mvjyI_OPtcrHD_aKxDZZC7LjrY91ToWdJaG2qg2T6cNpFczh_VocWrN4kwFCEcAeaazD6E8XremUkpEXrlNZWI6d4h8epxQag1cnS6.jpg\"><\/picture>\t\t<\/figure>\n\t\n\n\n<h3 class=\"wp-block-heading\">Alquileres Panorama \u2013 cumplimiento, licencias y procedimientos de hu\u00e9spedes<\/h3>\n\n\n\n<p>1995-actualidad \u00b7 Servicio \u00b7 Marbella<\/p>\n\n\n\n<p>Los alquileres se gestionan con un enfoque pr\u00e1ctico de cumplimiento: licencias y registros cuando son necesarios, identificaci\u00f3n y registro de hu\u00e9spedes, dep\u00f3sitos e inventarios, y documentaci\u00f3n clara en lenguaje sencillo. Los procesos reflejan la evoluci\u00f3n de los requisitos locales, manteniendo al mismo tiempo los est\u00e1ndares de servicio para propietarios y hu\u00e9spedes, con coordinaci\u00f3n discreta por parte del equipo y asesoramiento jur\u00eddico independiente disponible a petici\u00f3n.<\/p>\n\n\n\n<p class=\"clearfix\">Leer m\u00e1s: <a href=\"https:\/\/www.panoramamarbella.com\/es\/por-que-alquilar-su-casa-con-panorama\" data-type=\"link\" data-id=\"https:\/\/www.panoramamarbella.com\/es\/por-que-alquilar-su-casa-con-panorama\">alquileres Panorama \u2013 cumplimiento, licencias y procedimientos de hu\u00e9spedes<\/a><\/p>\n\n\n\n<p>&nbsp;<\/p>\n\n\n\t<figure class=\"wp-caption alignright wp-block-acf-wpimage\">\n\t<picture><source width=\"600\" height=\"275\" srcset=\"https:\/\/media.panoramamarbella.com\/imgV1\/B95mbh8olwFQm~uCT2wPZMb8hll4wghQQQq6YWg0~c~U_DrmgY8pGP8pqaDzA6mvjyI_OPtcrHD_aKxDZZC7LieJ18~WHKrRLUsOUHgYciNVOVR0_8eXg~pyXIwBRKD756kGK7KORr6h4cxQHbW7hgNTta3gljcJZK_lp0bkO2uHwKIi2Xz95gkFCjmQIA--.webp 600w\" type=\"image\/webp\"><img decoding=\"async\" class=\"img-fluid\" loading=\"lazy\" width=\"600\" height=\"275\" alt=\"Abogados independientes en Marbella \u2013 c\u00f3mo Panorama orienta a los clientes hacia el despacho adecuado\" src=\"https:\/\/media.panoramamarbella.com\/imgV1\/B95mbh8olwFQm~uCT2wPZMb8hll4wghQQQq6YWg0~c~U_DrmgY8pGP8pqaDzA6mvjyI_OPtcrHD_aKxDZZC7LieJ18~WHKrRLUsOUHgYciNVOVR0_8eXg~pyXIwBRKD756kGK7KORr6h4dKuFTDquo9bmBU_IKrF7kJW.jpg\"><\/picture>\t\t<\/figure>\n\t\n\n\n<h3 class=\"wp-block-heading\">Abogados independientes en Marbella \u2013 c\u00f3mo Panorama orienta a los clientes hacia el despacho adecuado<\/h3>\n\n\n\n<p>En curso \u00b7 Asesoramiento \u00b7 Marbella<\/p>\n\n\n\n<p>Se facilitan presentaciones a despachos jur\u00eddicos independientes y multiling\u00fces adaptados al asunto concreto \u2014planeamiento, conciliaci\u00f3n de m\u00b2, estructuras de titularidad, financiaci\u00f3n y firma\u2014 sin acuerdos de referencia ni v\u00ednculos con los abogados. El cliente designa a su letrado; se ofrece una shortlist razonada y una interlocuci\u00f3n discreta cuando es necesario para mantener alineados documentos, financiaci\u00f3n y fechas de notar\u00eda.<\/p>\n\n\n\n<p class=\"clearfix\">Leer m\u00e1s: <a href=\"https:\/\/www.panoramamarbella.com\/es\/news\/abogados-recomendados-en-marbella\" data-type=\"post\" data-id=\"1429\">abogados independientes en Marbella \u2013 c\u00f3mo Panorama orienta a los clientes hacia el despacho adecuado<\/a><\/p>\n\n\n\n<p>&nbsp;<\/p>\n\n\n\t<figure class=\"wp-caption alignright wp-block-acf-wpimage\">\n\t<picture><source width=\"600\" height=\"275\" srcset=\"https:\/\/media.panoramamarbella.com\/imgV1\/B95mbh8olwFQm~uCT2wPZMb8hll4wghQQQq6YWg0~c~U_DrmgY8pGP8pqaDzA6mvjyI_OPtcrHD_aKxDZZC7LjrLWME8njCbF4pTGJvF~PYnFf_oY~DDSgskheyoGyhyNEPsvMMQ1MdBtdcIxKAxYHc87xoujSfezJ_cV5lKwEi3MsIDoZc3wQ7m1XHZax3m.webp 600w\" type=\"image\/webp\"><img decoding=\"async\" class=\"img-fluid\" loading=\"lazy\" width=\"600\" height=\"275\" alt=\"Valoraciones \u2013 gesti\u00f3n de valoraciones oficiales y valoraciones de agencia precisas\" src=\"https:\/\/media.panoramamarbella.com\/imgV1\/B95mbh8olwFQm~uCT2wPZMb8hll4wghQQQq6YWg0~c~U_DrmgY8pGP8pqaDzA6mvjyI_OPtcrHD_aKxDZZC7LjrLWME8njCbF4pTGJvF~PYnFf_oY~DDSgskheyoGyhyNEPsvMMQ1MdBtdcI2mzHmtJot1u2PuzGlN~MwP4-.jpg\"><\/picture>\t\t<\/figure>\n\t\n\n\n<h3 class=\"wp-block-heading\">Valoraciones y tasaciones \u2013 gesti\u00f3n de valoraciones oficiales y valoraciones de agencia precisas<\/h3>\n\n\n\n<p>En curso \u00b7 Servicio \u00b7 Marbella<\/p>\n\n\n\n<p>Panorama gestiona valoraciones oficiales a trav\u00e9s de proveedores acreditados cuando son necesarias para financiaci\u00f3n, herencias, contabilidad o fiscalidad, y ofrece valoraciones de agencia basadas en evidencia para fijaci\u00f3n de precio y estrategia. El trabajo se alinea con est\u00e1ndares internacionales y se apoya en comparables de mercado, revisi\u00f3n documental y conocimiento local, ayudando a compradores y vendedores a tomar decisiones medidas.<\/p>\n\n\n\n<p class=\"clearfix\">Leer m\u00e1s: <a href=\"https:\/\/www.panoramamarbella.com\/es\/vender\/valoraciones-tasaciones-propiedades\" data-type=\"page\" data-id=\"5071\">servicio de valoraci\u00f3n y tasaci\u00f3n de propiedades en Marbella por Panorama<\/a><\/p>\n\n\n\n<p>&nbsp;<\/p>\n\n\n<hr class=\"w-75 mt-3 mt-md-5 mb-3 mb-md-6 mx-auto border-2 border-secondary opacity-50\">\n\n\n\n\n<h2 class=\"wp-block-heading clearfix mb-6\" id=\"awards\">Premios y reconocimientos (orden cronol\u00f3gico inverso)<\/h2>\n\n\n\t<figure class=\"wp-caption alignright wp-block-acf-wpimage\">\n\t<picture><source width=\"600\" height=\"275\" srcset=\"https:\/\/media.panoramamarbella.com\/imgV1\/B95mbh8olwFQm~uCT2wPZMb8hll4wghQQQq6YWg0~c~U_DrmgY8pGP8pqaDzA6mvjyI_OPtcrHD_aKxAUQWx6HfuX4E39QRBL2UGn7gF4ey4Iz4RUnDwxjLNHK3WDhomy~EKzE98uL8_Yvj4LWwZSUQ5~fMdq9~wo7NiCjA~hrbRcommAk5pPWmu_Hk-.webp 600w\" type=\"image\/webp\"><img decoding=\"async\" class=\"img-fluid\" loading=\"lazy\" width=\"600\" height=\"275\" alt=\"Christopher Clover con el premio Bellevue 2026 Best Property Agents Award\" src=\"https:\/\/media.panoramamarbella.com\/imgV1\/B95mbh8olwFQm~uCT2wPZMb8hll4wghQQQq6YWg0~c~U_DrmgY8pGP8pqaDzA6mvjyI_OPtcrHD_aKxAUQWx6HfuX4E39QRBL2UGn7gF4ey4Iz4RUnDwxjLNHK3WDhomy~EKzE98uL8gHhXsJAOpBtjADwGsqXfIrg--.jpg\"><\/picture>\t\t<\/figure>\n\t\n\n\n<h3 class=\"wp-block-heading\">Panorama nombrada como una de las Mejores Agencias Inmobiliarias por Bellevue (2010, 2015-2020, 2026)<\/h3>\n\n\n\n<p>Enero de 2026 \u00b7 Premio \u00b7 Internacional<\/p>\n\n\n\n<p>Panorama volvi\u00f3 a ser nombrada entre las Mejores Agencias Inmobiliarias de Bellevue para 2026. En enero de 2026, Panorama recibi\u00f3 de nuevo este reconocimiento, reflejo de una excelencia sostenida, reputaci\u00f3n y profesionalidad dentro del mercado inmobiliario de lujo de Marbella. Esta distinci\u00f3n pone de relieve el rendimiento constante de Panorama a lo largo de distintos periodos premiados y refuerza su posici\u00f3n entre un selecto grupo de agencias l\u00edderes en Europa.<\/p>\n\n\n\n<p class=\"clearfix\">Leer m\u00e1s: <a href=\"https:\/\/www.panoramamarbella.com\/es\/news\/panorama-galardonada-por-bellevue\" data-type=\"post\" data-id=\"36095\">premio por ser una las Mejores Agencias Inmobiliarias otorgado por Bellevue<\/a><\/p>\n\n\n\n<p>&nbsp;<\/p>\n\n\n\t<figure class=\"wp-caption alignright wp-block-acf-wpimage\">\n\t<picture><source width=\"600\" height=\"275\" srcset=\"https:\/\/media.panoramamarbella.com\/imgV1\/B95mbh8olwFQm~uCT2wPZMb8hll4wghQQQq6YWg0~c~U_DrmgY8pGP8pqaDzA6mvjyI_OPtcrHD_aKxAUQWx6HX~hqGy~EbG_YOEqiVcD99LD3uJHIry3mrg1MfWyRzruhnByT96BuDOYV1CiHHrqRU6KIunfLRp5vk0zMIXPzUxFJMTGb6qxHi5BNxj85wCjv96lA--.webp 600w\" type=\"image\/webp\"><img decoding=\"async\" class=\"img-fluid\" loading=\"lazy\" width=\"600\" height=\"275\" alt=\"Christopher Clover: premio Business Leader of the Year de CIT en 2024\" src=\"https:\/\/media.panoramamarbella.com\/imgV1\/B95mbh8olwFQm~uCT2wPZMb8hll4wghQQQq6YWg0~c~U_DrmgY8pGP8pqaDzA6mvjyI_OPtcrHD_aKxAUQWx6HX~hqGy~EbG_YOEqiVcD99LD3uJHIry3mrg1MfWyRzruhnByT96BuDOYV1CiHHrqQtl8Ony3fyztNfkytMjAnWi.webp\"><\/picture>\t\t<\/figure>\n\t\n\n\n<h3 class=\"wp-block-heading\">Christopher Clover nombrado \u00abEmpresario del A\u00f1o 2024\u00bb por el CIT Marbella<\/h3>\n\n\n\n<p>29 de noviembre de 2024 \u00b7 Premio \u00b7 Costa del Sol<\/p>\n\n\n\n<p>CIT Marbella nombr\u00f3 a Christopher Clover Empresario del A\u00f1o, reconociendo d\u00e9cadas de contribuci\u00f3n a la vida empresarial de la ciudad y al mercado inmobiliario. La distinci\u00f3n lleg\u00f3 tras un periodo de inversi\u00f3n continuada en gobernanza, oficinas y publicaciones, subrayando una direcci\u00f3n constante m\u00e1s que titulares coyunturales.<\/p>\n\n\n\n<p class=\"clearfix\">Leer m\u00e1s: <a href=\"https:\/\/www.panoramamarbella.com\/es\/news\/chris-clover-empresario-del-ano-2024\" data-type=\"post\" data-id=\"8333\">Christopher Clover nombrado \u00abEmpresario del A\u00f1o\u00bb por el CIT Marbella 2024-11-29)<\/a><\/p>\n\n\n\n<p>&nbsp;<\/p>\n\n\n\t<figure class=\"wp-caption alignright wp-block-acf-wpimage\">\n\t<picture><source width=\"600\" height=\"275\" srcset=\"https:\/\/media.panoramamarbella.com\/imgV1\/B95mbh8olwFQm~uCT2wPZMb8hll4wghQQQq6YWg0~c~U_DrmgY8pGP8pqaDzA6mvjyI_OPtcrHD_aKxDZZC7LjmCBq0s1VRVUAAEcBMfZ5LDYBPUDmsmoGXIaogy45idIrATcCA5aJt6OZOh1XqVbJgEjXZysVl7Khsp1_L3SsC_GUkKyc057LG4CM7xtQz7uwM-.webp 600w\" type=\"image\/webp\"><img decoding=\"async\" class=\"img-fluid\" loading=\"lazy\" width=\"600\" height=\"275\" alt=\"SUR in English \u2013 reconocimiento por su 40 aniversario (oct 2024)\" src=\"https:\/\/media.panoramamarbella.com\/imgV1\/B95mbh8olwFQm~uCT2wPZMb8hll4wghQQQq6YWg0~c~U_DrmgY8pGP8pqaDzA6mvjyI_OPtcrHD_aKxDZZC7LjmCBq0s1VRVUAAEcBMfZ5LDYBPUDmsmoGXIaogy45idIrATcCA5aJt6OZOh1XqLpOQ9eUq77SXny7~ElAh65w--.jpg\"><\/picture>\t\t<\/figure>\n\t\n\n\n<h3 class=\"wp-block-heading\">SUR en ingl\u00e9s \u2013 reconocimiento por su 40\u00ba aniversario<\/h3>\n\n\n\n<p>7 de octubre de 2024 \u00b7 Premio \u00b7 Costa del Sol<\/p>\n\n\n\n<p>Con motivo de su 40\u00ba aniversario, SUR in English reconoci\u00f3 la larga trayectoria de Panorama al servicio de la comunidad internacional y del mercado local. Este reconocimiento refleja una continuidad operativa desde 1970 y una presencia estable en la Milla de Oro a trav\u00e9s de varios ciclos de mercado.<\/p>\n\n\n\n<p class=\"clearfix\">Leer m\u00e1s: <a href=\"https:\/\/www.panoramamarbella.com\/es\/news\/panorama-sur-in-english-40-aniversario\" data-type=\"post\" data-id=\"8128\">SUR en ingl\u00e9s \u2013 40\u00ba aniversario (Oct 2024)<\/a><\/p>\n\n\n\n<p>&nbsp;<\/p>\n\n\n\t<figure class=\"wp-caption alignright wp-block-acf-wpimage\">\n\t<picture><source width=\"600\" height=\"275\" srcset=\"https:\/\/media.panoramamarbella.com\/imgV1\/B95mbh8olwFQm~uCT2wPZMb8hll4wghQQQq6YWg0~c~U_DrmgY8pGP8pqaDzA6mvjyI_OPtcrHD_aKxDZZC7LiPXG1C8KWWuLTwMurTOaktfJWoHaJV9ApEMl7plRdPnb6A3wcBfoFn5tDZqPDTQeRPY9Eua4OO4maLg6uHh6ly_JxxH0Tib2kqDaJwbF_gIR28BrLS9RGRTeFNGm5ht.webp 600w\" type=\"image\/webp\"><img decoding=\"async\" class=\"img-fluid\" loading=\"lazy\" width=\"600\" height=\"275\" alt=\"European Property Awards \u2013 Best Real Estate Agency Spain (Single Office), 2019\u20132021\" src=\"https:\/\/media.panoramamarbella.com\/imgV1\/B95mbh8olwFQm~uCT2wPZMb8hll4wghQQQq6YWg0~c~U_DrmgY8pGP8pqaDzA6mvjyI_OPtcrHD_aKxDZZC7LiPXG1C8KWWuLTwMurTOaktfJWoHaJV9ApEMl7plRdPnb6A3wcBfoFn5tDZqPDTQeRPY9Eua4OO4maLg9ISOMXnwOLxwRoq9xYjUPlc-.jpg\"><\/picture>\t\t<\/figure>\n\t\n\n\n<h3 class=\"wp-block-heading\">International Property Awards \u2013 Mejor Agencia Inmobiliaria de Espa\u00f1a (Oficina \u00danica), 2019 a 2021<\/h3>\n\n\n\n<p>2019, 2020, 2021 \u00b7 Premio \u00b7 Internacional<\/p>\n\n\n\n<p>Tres Premios Europeos de Propiedad Inmobiliaria consecutivos como Best Real Estate Agency Spain (Single Office). Esta secuencia reconoce una calidad de servicio, presentaci\u00f3n y resultados constante a trav\u00e9s de distintas condiciones de mercado, complementando la base de gobernanza de Panorama y su larga trayectoria en el mercado prime de Marbella.<\/p>\n\n\n\n<p class=\"clearfix\">Leer m\u00e1s: <a href=\"https:\/\/www.panoramamarbella.com\/es\/news\/mejor-agencia-inmobiliaria-en-espana\" data-type=\"post\" data-id=\"1257\">International Property Awards \u2013 Mejor Agencia Inmobiliaria de Espa\u00f1a (Oficina \u00danica), 2019 a 2021<\/a><\/p>\n\n\n\n<p>&nbsp;<\/p>\n\n\n\t<figure class=\"wp-caption alignright wp-block-acf-wpimage\">\n\t<picture><source width=\"600\" height=\"275\" srcset=\"https:\/\/media.panoramamarbella.com\/imgV1\/B95mbh8olwFQm~uCT2wPZMb8hll4wghQQQq6YWg0~c~U_DrmgY8pGP8pqaDzA6mvjyI_OPtcrHD_aKxDZZC7LieJ18~WHKrRLUsaax0dshy3cGpVP7F09pQdKHRQTIlxAOjAX34tBWNUEraCtoIbX2wH4rBkGq9YoIuskgIDjcb4AX6zz7aSuKUE6HtQDRMEe9~atMU2vfxC.webp 600w\" type=\"image\/webp\"><img decoding=\"async\" class=\"img-fluid\" loading=\"lazy\" width=\"600\" height=\"275\" alt=\"Marbella Luxury Awards \u2013 Best Estate Agent (2017)\" src=\"https:\/\/media.panoramamarbella.com\/imgV1\/B95mbh8olwFQm~uCT2wPZMb8hll4wghQQQq6YWg0~c~U_DrmgY8pGP8pqaDzA6mvjyI_OPtcrHD_aKxDZZC7LieJ18~WHKrRLUsaax0dshy3cGpVP7F09pQdKHRQTIlxAOjAX34tBWNUEraCtoIbX2wH4rBkBNRNVq6P9WulHNfVY4hqbaI-.jpg\"><\/picture>\t\t<\/figure>\n\t\n\n\n<h3 class=\"wp-block-heading\">Marbella Luxury Awards \u2013 Mejor Agencia Inmobiliaria (2017)<\/h3>\n\n\n\n<p>18 de noviembre de 2017 \u00b7 Premios \u00b7 Marbella<\/p>\n\n\n\n<p>Panorama recibi\u00f3 el premio Best Estate Agent en los Marbella Luxury Awards, presentados por Dolph Lundgren, en reconocimiento a la calidad del servicio en un periodo de renovada fortaleza del mercado. Este premio se suma a otros reconocimientos europeos y locales que, en conjunto, reflejan est\u00e1ndares consistentes en presentaci\u00f3n y ejecuci\u00f3n.<\/p>\n\n\n\n<p class=\"clearfix\">Read more: <a href=\"https:\/\/rocksmag.com\/marbella-awards-2017-2\/\" data-type=\"attachment\" data-id=\"1527\" target=\"_blank\" rel=\"noopener\">Marbella Luxury Awards \u2013 Mejor Agencia Inmobiliaria (2017)<\/a><\/p>\n\n\n\n<p>&nbsp;<\/p>\n\n\n\t<figure class=\"wp-caption alignright wp-block-acf-wpimage\">\n\t<picture><source width=\"600\" height=\"275\" srcset=\"https:\/\/media.panoramamarbella.com\/imgV1\/B95mbh8olwFQm~uCT2wPZMb8hll4wghQQQq6YWg0~c~U_DrmgY8pGP8pqaDzA6mvjyI_OPtcrHD_aKxDZZC7LjjvI4gYUbul~SKKVhcHQ0mT6UDE3clmyEdEVGOGZgHwrNoMY_9eWHKqhPww4n3xl7USGbOKoO04La7SfVwqtUT74f3jHP2~ZrU-.webp 600w\" type=\"image\/webp\"><img decoding=\"async\" class=\"img-fluid\" loading=\"lazy\" width=\"600\" height=\"275\" alt=\"REAS Lifetime Achievement Award (2016, Christopher Clover)\" src=\"https:\/\/media.panoramamarbella.com\/imgV1\/B95mbh8olwFQm~uCT2wPZMb8hll4wghQQQq6YWg0~c~U_DrmgY8pGP8pqaDzA6mvjyI_OPtcrHD_aKxDZZC7LjjvI4gYUbul~SKKVhcHQ0mT6UDE3clmyEdEVGOGZgHwrNoMY_9Am1Q6F17vzj5ZqjA~F_MRew--.jpg\"><\/picture>\t\t<\/figure>\n\t\n\n\n<h3 class=\"wp-block-heading\">Christopher Clover, Premio Anual a la Excelencia por REAS (2016)<\/h3>\n\n\n\n<p>2016 \u00b7 Premio \u00b7 Costa del Sol<\/p>\n\n\n\n<p>REAS distingui\u00f3 a Christopher Clover con su Lifetime Achievement Award, reconociendo una trayectoria marcada por la independencia, la disciplina de valoraci\u00f3n y una ejecuci\u00f3n cuidadosa a trav\u00e9s de m\u00faltiples ciclos. Entregado en la gala de REAS con la presencia del alcalde Jos\u00e9 Bernal Guti\u00e9rrez, el reconocimiento puso en valor una carrera, no un solo ejercicio.<\/p>\n\n\n\n<p class=\"clearfix\">Leer m\u00e1s: <a href=\"https:\/\/www.panoramamarbella.com\/es\/news\/reas-premio-trayectoria-2016\" data-type=\"post\" data-id=\"37026\">Christopher Clover, Premio Anual a la Excelencia por REAS (2016)<\/a><\/p>\n\n\n\n<p>&nbsp;<\/p>\n\n\n\t<figure class=\"wp-caption alignright wp-block-acf-wpimage\">\n\t<picture><source width=\"600\" height=\"275\" srcset=\"https:\/\/media.panoramamarbella.com\/imgV1\/B95mbh8olwFQm~uCT2wPZMb8hll4wghQQQq6YWg0~c~U_DrmgY8pGP8pqaDzA6mvjyI_OPtcrHD_aKxDZZC7Ligc9qityFhxh6akS7Js7ni1TfZvUdAmxG3Nn1WTBa5dp01jE6_7zyGqGyTw~VjKzJVS_FUJnhqK38TGyqmKR4sXKtt0pHXSLcrGjnA2ufM-.webp 600w\" type=\"image\/webp\"><img decoding=\"async\" class=\"img-fluid\" loading=\"lazy\" width=\"600\" height=\"275\" alt=\"REAS \u2013 Biggest Sale of the Year (2016, Alex Clover)\" src=\"https:\/\/media.panoramamarbella.com\/imgV1\/B95mbh8olwFQm~uCT2wPZMb8hll4wghQQQq6YWg0~c~U_DrmgY8pGP8pqaDzA6mvjyI_OPtcrHD_aKxDZZC7Ligc9qityFhxh6akS7Js7ni1TfZvUdAmxG3Nn1WTBa5dp01jE6_7zyGqGyTuEA5gkWcjnY1NLxQed32xSw--.jpg\"><\/picture>\t\t<\/figure>\n\t\n\n\n<h3 class=\"wp-block-heading\">REAS \u2014 La mayor venta del a\u00f1o (2016, Alex Clover)<\/h3>\n\n\n\n<p>2016 \u00b7 Premio \u00b7 Costa del Sol<\/p>\n\n\n\n<p>Premio otorgado por la mayor venta verificada de 2016 en la Costa del Sol, tras presentaciones confidenciales de agencias miembro de REAS ante jueces independientes. La vivienda ultra-lujo de la Milla de Oro contaba con acceso privado y vistas panor\u00e1micas al mar; el resultado reflej\u00f3 un proceso disciplinado y una destacada colaboraci\u00f3n entre agencias.<\/p>\n\n\n\n<p class=\"clearfix\">Leer m\u00e1s: <a href=\"https:\/\/www.panoramamarbella.com\/es\/news\/la-mayor-venta-del-ano-alex-clover\" data-type=\"post\" data-id=\"38557\">REAS \u2014 La mayor venta del a\u00f1o (2016)<\/a><\/p>\n\n\n\n<p>&nbsp;<\/p>\n\n\n<hr class=\"w-75 mt-3 mt-md-5 mb-3 mb-md-6 mx-auto border-2 border-secondary opacity-50\">\n\n\n\n\n<h2 class=\"wp-block-heading clearfix mb-6\">Liderazgo de mercado y credenciales en lujo<\/h2>\n\n\n\t<figure class=\"wp-caption alignright wp-block-acf-wpimage\">\n\t<picture><source width=\"600\" height=\"275\" srcset=\"https:\/\/media.panoramamarbella.com\/imgV1\/B95mbh8olwFQm~uCT2wPZMb8hll4wghQQQq6YWg0~c~U_DrmgY8pGP8pqaDzA6mvjyI_OPtcrHD_aKxDZZC7LjrY91ToWdJaG2yJwGdtpVvO5AFC8_~erz8HLDkW5GPL3GfYwRVq0kG2FyBJHdOz2QGbSZSKZQdfnDkSLYhrNrMhuST6yiy4F9TnsPHJj1J1HzUA.webp 600w\" type=\"image\/webp\"><img decoding=\"async\" class=\"img-fluid\" loading=\"lazy\" width=\"600\" height=\"275\" alt=\"Testimonios de clientes HNW y reconocimiento de mercado\" src=\"https:\/\/media.panoramamarbella.com\/imgV1\/B95mbh8olwFQm~uCT2wPZMb8hll4wghQQQq6YWg0~c~U_DrmgY8pGP8pqaDzA6mvjyI_OPtcrHD_aKxDZZC7LjrY91ToWdJaG2yJwGdtpVvO5AFC8_~erz8HLDkW5GPL3GfYwRVq0kG2FyBJHdOzx6s6uxY4U1RW~kTTHKLtgv4-.jpg\"><\/picture>\t\t<\/figure>\n\t\n\n\n<h3 class=\"wp-block-heading\">Testimonios de clientes de alto patrimonio<\/h3>\n\n\n\n<p>Continuo \u00b7 Prueba social \u00b7 Internacional<\/p>\n\n\n\n<p>Testimonios de clientes de alto patrimonio y figuras p\u00fablicas de toda Europa y otros lugares, recopilados a lo largo de d\u00e9cadas de operaciones en la Milla de Oro y zonas prime colindantes. Las notas apuntan de forma consistente a una preparaci\u00f3n cuidadosa, una gesti\u00f3n discreta y una ejecuci\u00f3n estable hasta la firma. Se incorporan se\u00f1ales p\u00fablicas de rese\u00f1as como contexto adicional, presentadas sin tono promocional.<\/p>\n\n\n\n<p class=\"clearfix\">Leer m\u00e1s: <a href=\"https:\/\/www.panoramamarbella.com\/es\/sobre-nosotros\/opiniones-clientes\" data-type=\"page\" data-id=\"5100\">testimonios de clientes de alto patrimonio<\/a><\/p>\n\n\n\n<p>&nbsp;<\/p>\n\n\n<hr class=\"w-75 mt-3 mt-md-5 mb-3 mb-md-6 mx-auto border-2 border-secondary opacity-50\">\n\n\n\n\n<h2 class=\"wp-block-heading clearfix mb-6\">Medios y publicaciones<\/h2>\n\n\n\t<figure class=\"wp-caption alignright wp-block-acf-wpimage\">\n\t<picture><source width=\"600\" height=\"275\" srcset=\"https:\/\/media.panoramamarbella.com\/imgV1\/B95mbh8olwFQm~uCT2wPZMb8hll4wghQQQq6YWg0~c~U_DrmgY8pGP8pqaDzA6mvjyI_OPtcrHD_aKxDZZG5_xUYN6JuCAfIlJZkDAjbVHzRFY3qsOU8MwWoNBaHaX7dkfrBeBJAIRoqwNu4kGwCEk0VEO3AWDcsRiJAc9b2LL0tYx4M9bmzY2CRUrurlnfaApubm78~wDajNytWoQ--.webp 600w\" type=\"image\/webp\"><img decoding=\"async\" class=\"img-fluid\" loading=\"lazy\" width=\"600\" height=\"275\" alt=\"Marbella Property Magazine - \u00faltimo n\u00famero y archivo\" src=\"https:\/\/media.panoramamarbella.com\/imgV1\/B95mbh8olwFQm~uCT2wPZMb8hll4wghQQQq6YWg0~c~U_DrmgY8pGP8pqaDzA6mvjyI_OPtcrHD_aKxDZZG5_xUYN6JuCAfIlJZkDAjbVHzRFY3qsOU8MwWoNBaHaX7dkfrBeBJAIRoqwNu4kGwCEk0VEO3AWDcsRjxJ6jBekQMHj28MDPICtGph.jpg\"><\/picture>\t\t<\/figure>\n\t\n\n\n<h3 class=\"wp-block-heading\">Informe sobre el mercado inmobiliario de Marbella 2026 (actualizaci\u00f3n)<\/h3>\n\n\n\n<p>En curso \u00b7 Publicaci\u00f3n \u00b7 Marbella\/Costa del Sol<\/p>\n\n\n\n<p>Desde 2009, Christopher Clover publica completos informes anuales del mercado inmobiliario de Marbella, apoy\u00e1ndose en m\u00e1s de 55 a\u00f1os de experiencia de an\u00e1lisis de mercado. Los informes sintetizan din\u00e1micas de precios, patrones de demanda y contexto regulatorio en una narrativa medida utilizada por compradores, vendedores y profesionales. Son los informes m\u00e1s citados por medios locales y nacionales como an\u00e1lisis autorizado del mercado de Marbella. El \u00edndice enlaza a la \u00faltima edici\u00f3n y a un archivo parcial.<\/p>\n\n\n\n<p class=\"clearfix\">Leer m\u00e1s: <a href=\"https:\/\/www.panoramamarbella.com\/es\/informe-mercado-inmobiliario-marbella\" data-type=\"page\" data-id=\"27074\">informe sobre el mercado inmobiliario de Marbella 2026 (actualizaci\u00f3n)<\/a><\/p>\n\n\n\n<p>&nbsp;<\/p>\n\n\n\t<figure class=\"wp-caption alignright wp-block-acf-wpimage\">\n\t<picture><source width=\"600\" height=\"275\" srcset=\"https:\/\/media.panoramamarbella.com\/imgV1\/B95mbh8olwFQm~uCT2wPZMb8hll4wghQQQq6YWg0~c~U_DrmgY8pGP8pqaDzA6mvjyI_OPtcrHD_aKxDZZC7LieJwq~QXWQmVZeRBkBf3oZpEMFcEnK0tvK3D0SkPaXH8J6vfJavFMWghJWN7JUupzLmYKE6c4Zdzx1TAyvPHey_cmuuk3E-.webp 600w\" type=\"image\/webp\"><img decoding=\"async\" class=\"img-fluid\" loading=\"lazy\" width=\"600\" height=\"275\" alt=\"Revista inmobiliaria de Marbella: \u00faltimo n\u00famero y archivo.\" src=\"https:\/\/media.panoramamarbella.com\/imgV1\/B95mbh8olwFQm~uCT2wPZMb8hll4wghQQQq6YWg0~c~U_DrmgY8pGP8pqaDzA6mvjyI_OPtcrHD_aKxDZZC7LieJwq~QXWQmVZeRBkBf3oZpEMFcEnK0tvK3D0SkPaXH8J6x_Ca3onWu75hwGveEwxeYUw--.jpg\"><\/picture>\t\t<\/figure>\n\t\n\n\n<h3 class=\"wp-block-heading\">Marbella Property Magazine &#8211; \u00faltimo n\u00famero y archivo<\/h3>\n\n\n\n<p>2002-actualidad \u00b7 Publicaci\u00f3n \u00b7 Marbella<\/p>\n\n\n\n<p>Publicada desde 2002, Marbella Property Magazine ofrece una cobertura medida de zonas, regulaci\u00f3n, tendencias de mercado y contexto de precios. Escrita y editada \u00edntegramente in-house, con una circulaci\u00f3n superior a 25.000 copias, probablemente sea la revista inmobiliaria con mayor tirada en el \u00e1rea de Marbella. La \u00faltima edici\u00f3n est\u00e1 alojada en nuestra web para mayor claridad; la mayor\u00eda de n\u00fameros anteriores est\u00e1n disponibles en Issuu como referencia, aunque las primeras ediciones no est\u00e1n online. El archivo ofrece una visi\u00f3n continua de la pr\u00e1ctica a trav\u00e9s de distintos ciclos.<\/p>\n\n\n\n<p class=\"clearfix\">Leer m\u00e1s: <a href=\"https:\/\/www.panoramamarbella.com\/es\/revista-the-marbella-property-magazine\" data-type=\"page\" data-id=\"5111\">Marbella Property Magazine &#8211; \u00faltimo n\u00famero y archivo<\/a><\/p>\n\n\n\n<p>&nbsp;<\/p>\n\n\n\t<figure class=\"wp-caption alignright wp-block-acf-wpimage\">\n\t<picture><source width=\"600\" height=\"275\" srcset=\"https:\/\/media.panoramamarbella.com\/imgV1\/B95mbh8olwFQm~uCT2wPZMb8hll4wghQQQq6YWg0~c~U_DrmgY8pGP8pqaDzA6mvjyI_OPtcrHD_aKxDZZC7LjrMbEMVh9Bozsw85brqVr85d3tfIdmXzEZTz_RlNm0O3dzfTloMmSxqFUDAAZaBwpu8YVE3EDq_NRJuEHsS~pQS3vJLjZUX58W5O14LGU6yn4dAtA--.webp 600w\" type=\"image\/webp\"><img decoding=\"async\" class=\"img-fluid\" loading=\"lazy\" width=\"600\" height=\"275\" alt=\"Puente Romano Real Estate Magazine\" src=\"https:\/\/media.panoramamarbella.com\/imgV1\/B95mbh8olwFQm~uCT2wPZMb8hll4wghQQQq6YWg0~c~U_DrmgY8pGP8pqaDzA6mvjyI_OPtcrHD_aKxDZZC7LjrMbEMVh9Bozsw85brqVr85d3tfIdmXzEZTz_RlNm0O3dzfTloMmSxqFUDAAZaBwoXiHCA_vm4FDpsK27eOo8qi.jpg\"><\/picture>\t\t<\/figure>\n\t\n\n\n<h3 class=\"wp-block-heading\">Puente Romano Real Estate magazine: La Revista Puente Romano Real Estate<\/h3>\n\n\n\n<p>2020-actualidad \u00b7 Publicaci\u00f3n \u00b7 Marbella<\/p>\n\n\n\n<p>Desde 2020, Panorama gestiona y distribuye la revista Puente Romano Real Estate para la agencia oficial del resort. Es la \u00fanica revista distribuida por todo el resort y colocada en cada habitaci\u00f3n del hotel, ofreciendo acceso directo a hu\u00e9spedes de alto patrimonio.<\/p>\n\n\n\n<p class=\"clearfix\">Leer m\u00e1s: <a href=\"https:\/\/www.puenteromanorealestate.com\/es\/sobre-nosotros\/revista\" data-type=\"link\" data-id=\"https:\/\/www.puenteromanorealestate.com\/about-us\/magazine\" target=\"_blank\" rel=\"noopener\">Puente Romano Real Estate magazine: la Revista Puente Romano Real Estate<\/a><\/p>\n\n\n\n<p>&nbsp;<\/p>\n\n\n\t<figure class=\"wp-caption alignright wp-block-acf-wpimage\">\n\t<picture><source width=\"600\" height=\"275\" srcset=\"https:\/\/media.panoramamarbella.com\/imgV1\/B95mbh8olwFQm~uCT2wPZMb8hll4wghQQQq6YWg0~c~U_DrmgY8pGP8pqaDzA6mvjyI_OPtcrHD_aKxDZZC7LigA21Gq2OAmacLYiJjE9O13ahvO0s5CEkRp96lUjZ4e8KcExYzpoFZ1w95psJPVDfnP2s~0Cz0upDY1qUf0VzuDiCNh0gnffhklDvm8.webp 600w\" type=\"image\/webp\"><img decoding=\"async\" class=\"img-fluid\" loading=\"lazy\" width=\"600\" height=\"275\" alt=\"Gu\u00eda del comprador para adquirir una propiedad en Marbella\" src=\"https:\/\/media.panoramamarbella.com\/imgV1\/B95mbh8olwFQm~uCT2wPZMb8hll4wghQQQq6YWg0~c~U_DrmgY8pGP8pqaDzA6mvjyI_OPtcrHD_aKxDZZC7LigA21Gq2OAmacLYiJjE9O13ahvO0s5CEkRp96lUjZ4e8KcExYzpoFZ13fV4saiEOEAMiy9DY8Pa9YM-.jpg\"><\/picture>\t\t<\/figure>\n\t\n\n\n<h3 class=\"wp-block-heading\">Gu\u00eda del comprador para adquirir una propiedad en Marbella<\/h3>\n\n\n\n<p>Actualizada 2025 \u00b7 Publicaci\u00f3n \u00b7 Marbella\/Costa del Sol<\/p>\n\n\n\n<p>Escrita por Christopher Clover y basada en d\u00e9cadas de experiencia, la gu\u00eda explica c\u00f3mo navegan el mercado de Marbella los compradores serios: contar con un agente cualificado, nombrar abogado pronto, completar los controles AML, obtener un NIE y abrir una cuenta bancaria. Expone la pr\u00e1ctica de negociaci\u00f3n, los dep\u00f3sitos, la secuencia de compra y la inscripci\u00f3n registral, con una visi\u00f3n clara de costes y plazos habituales para una compraventa sencilla.<\/p>\n\n\n\n<p class=\"clearfix\">Leer m\u00e1s: <a href=\"https:\/\/www.panoramamarbella.com\/es\/guia-del-comprador-en-marbella\" data-type=\"page\" data-id=\"5087\">gu\u00eda del comprador de Panorama<\/a><\/p>\n\n\n\n<p>&nbsp;<\/p>\n\n\n\t<figure class=\"wp-caption alignright wp-block-acf-wpimage\">\n\t<picture><source width=\"600\" height=\"275\" srcset=\"https:\/\/media.panoramamarbella.com\/imgV1\/B95mbh8olwFQm~uCT2wPZMb8hll4wghQQQq6YWg0~c~U_DrmgY8pGP8pqaDzA6mvjyI_OPtcrHD_aKxDZZC7LjrY91ToWdJaG2uIFkcUFd41v2TvpSaXdE0ASKvocOxz3Is4KocdT~JPBCfw9nBZ5T98Y06_dPCmr80G~WzaLOjmzGg4WQg21MDdGMgn4WycamhYWA--.webp 600w\" type=\"image\/webp\"><img decoding=\"async\" class=\"img-fluid\" loading=\"lazy\" width=\"600\" height=\"275\" alt=\"Gu\u00eda del vendedor para la captaci\u00f3n y la firma en Marbella\" src=\"https:\/\/media.panoramamarbella.com\/imgV1\/B95mbh8olwFQm~uCT2wPZMb8hll4wghQQQq6YWg0~c~U_DrmgY8pGP8pqaDzA6mvjyI_OPtcrHD_aKxDZZC7LjrY91ToWdJaG2uIFkcUFd41v2TvpSaXdE0ASKvocOxz3Is4KocdT~JPBCfw9nBZ5SEl4wHpmGQI8RcrsJAVRDSF.jpg\"><\/picture>\t\t<\/figure>\n\t\n\n\n<h3 class=\"wp-block-heading\">Gu\u00eda para vendedores para vender una propiedad en Marbella.<\/h3>\n\n\n\n<p>Actualizada 2025 \u00b7 Publicaci\u00f3n \u00b7 Marbella\/Costa del Sol<\/p>\n\n\n\n<p>La gu\u00eda del vendedor de Panorama se apoya en d\u00e9cadas de pr\u00e1ctica en el mercado prime y ultra prime del \u00e1rea de Marbella, que es internacional y est\u00e1 impulsado mayoritariamente por compradores de segunda residencia. Expone lo esencial: precio realista para una base compradora dispersa, preparaci\u00f3n y documentaci\u00f3n cuidadosa, y un enfoque que favorece una ejecuci\u00f3n ordenada por encima del efecto teatral, para que las captaciones avancen de la oferta a la firma de manera estructurada.<\/p>\n\n\n\n<p class=\"clearfix\">Leer m\u00e1s: <a href=\"https:\/\/www.panoramamarbella.com\/es\/guia-del-vendedor-en-marbella\" data-type=\"page\" data-id=\"5089\">gu\u00eda para vendedores sobre c\u00f3mo publicar un anuncio y formalizar la compraventa en Marbella (edici\u00f3n actualizada)<\/a><\/p>\n\n\n\n<p>&nbsp;<\/p>\n\n\n\t<figure class=\"wp-caption alignright wp-block-acf-wpimage\">\n\t<picture><source width=\"600\" height=\"275\" srcset=\"https:\/\/media.panoramamarbella.com\/imgV1\/B95mbh8olwFQm~uCT2wPZMb8hll4wghQQQq6YWg0~c~U_DrmgY8pGP8pqaDzA6mvjyI_OPtcrHD_aKxDZZC7LiwpOK5lwmKOODn3bsa3np8ECnEeInWanEXQTvorrEaNh1fKN_glKGhLOsUsg3cCXMxaIL2n2XPx_Q8u4RGjkkSbXdjj2sQTudgx6pXVCSH5Fstt1aAM.webp 600w\" type=\"image\/webp\"><img decoding=\"async\" class=\"img-fluid\" loading=\"lazy\" width=\"600\" height=\"275\" alt=\"FAQs: comprar, tener y vender propiedad en Marbella\" src=\"https:\/\/media.panoramamarbella.com\/imgV1\/B95mbh8olwFQm~uCT2wPZMb8hll4wghQQQq6YWg0~c~U_DrmgY8pGP8pqaDzA6mvjyI_OPtcrHD_aKxDZZC7LiwpOK5lwmKOODn3bsa3np8ECnEeInWanEXQTvorrEaNh1fKN_glKGhLOsUsg3cCXMxaPoaCcK4hCRqzcUeHX0igEWc-.jpg\"><\/picture>\t\t<\/figure>\n\t\n\n\n<h3 class=\"wp-block-heading\">Preguntas frecuentes sobre la compra, propiedad y venta de una vivienda en Marbella<\/h3>\n\n\n\n<p>Actualizada 2025 \u00b7 Publicaci\u00f3n \u00b7 Marbella<\/p>\n\n\n\n<p>Preguntas frecuentes destiladas a partir de d\u00e9cadas de pr\u00e1ctica: marcos de compra, estructuras de titularidad, costes de mantenimiento, consideraciones sobre alquiler y venta. Las respuestas reflejan particularidades locales y los est\u00e1ndares documentales que esperan compradores, vendedores y sus asesores.<\/p>\n\n\n\n<p class=\"clearfix\">Leer m\u00e1s: <a href=\"https:\/\/www.panoramamarbella.com\/es\/preguntas-compra-propiedad-marbella\" data-type=\"page\" data-id=\"5091\">preguntas frecuentes: compra, propiedad y venta de inmuebles en Marbella (edici\u00f3n actual)<\/a><\/p>\n\n\n\n<p>&nbsp;<\/p>\n\n\n<hr class=\"w-75 mt-3 mt-md-5 mb-3 mb-md-6 mx-auto border-2 border-secondary opacity-50\">\n\n\n\n\n<h2 class=\"wp-block-heading\">Asociaciones y organismos profesionales (orden cronol\u00f3gico inverso)<\/h2>\n\n\n\t<figure class=\"wp-caption alignright wp-block-acf-wpimage\">\n\t<picture><source width=\"600\" height=\"275\" srcset=\"https:\/\/media.panoramamarbella.com\/imgV1\/B95mbh8olwFQm~uCT2wPZMb8hll4wghQQQq6YWg0~c~U_DrmgY8pGP8pqaDzA6mvjyI_OPtcrHD_aKxAUQW30XYA25caUCjX1_1L8nNya9wxf3Bor4A0YN46~_dii23V9JfPVXbWTMbZEEipcHKdZtwYs_6MYAr99hGyhvA6Nbo1cg--.png 600w\" type=\"image\/webp\"><img decoding=\"async\" class=\"img-fluid\" loading=\"lazy\" width=\"600\" height=\"275\" alt=\"Panorama Joins DOM3 Marbella\" src=\"https:\/\/media.panoramamarbella.com\/imgV1\/B95mbh8olwFQm~uCT2wPZMb8hll4wghQQQq6YWg0~c~U_DrmgY8pGP8pqaDzA6mvjyI_OPtcrHD_aKxAUQW30XYA25caUCjX1_1L8nNya9wxf3Bor4A0YN46~_dii23V9JfPVXbWTMbZEA--.png\"><\/picture>\t\t<\/figure>\n\t\n\n\n<h3 class=\"wp-block-heading\"><br>Panorama se une a DOM3 en Marbella<\/h3>\n\n\n\n<p>11 de febrero de 2025 \u00b7 Asociaci\u00f3n \u00b7 Costa del Sol<\/p>\n\n\n\n<p>Panorama se ha unido a DOM3 Marbella, reforzando su compromiso con la profesionalidad, la \u00e9tica y la excelencia en el sector inmobiliario de alta gama. Esta alianza alinea a Panorama con agencias l\u00edderes dedicadas a la transparencia, la colaboraci\u00f3n y el mantenimiento de los m\u00e1s altos est\u00e1ndares en el mercado inmobiliario de lujo de Marbella.<\/p>\n\n\n\n<p class=\"mb-6\">M\u00e1s informaci\u00f3n: <a href=\"https:\/\/www.panoramamarbella.com\/news\/panorama-joins-dom3-marbella\" data-type=\"link\" data-id=\"https:\/\/www.panoramamarbella.com\/news\/panorama-joins-dom3-marbella\">membres\u00eda DOM3, excelencia, est\u00e1ndares de lujo<\/a><\/p>\n\n\n\n<p><\/p>\n\n\n\t<figure class=\"wp-caption alignright wp-block-acf-wpimage\">\n\t<picture><source width=\"600\" height=\"275\" srcset=\"https:\/\/media.panoramamarbella.com\/imgV1\/B95mbh8olwFQm~uCT2wPZMb8hll4wghQQQq6YWg0~c~U_DrmgY8pGP8pqaDzA6mvjyI_OPtcrHD_aKxDZZC7LiZxYTY7P6~sJAOylDZojqVulvud418htM2D6zH0YvUQwf_KfXhGf_rDjPFrgXRIpU~qPWWOHw7k3x7biSrYXD_e.webp 600w\" type=\"image\/webp\"><img decoding=\"async\" class=\"img-fluid\" loading=\"lazy\" width=\"600\" height=\"275\" alt=\"Leading Property Agents of Spain (LPA) - founding member; Honorary President\" src=\"https:\/\/media.panoramamarbella.com\/imgV1\/B95mbh8olwFQm~uCT2wPZMb8hll4wghQQQq6YWg0~c~U_DrmgY8pGP8pqaDzA6mvjyI_OPtcrHD_aKxDZZC7LiZxYTY7P6~sJAOylDZojqVulvud418htM2D6zH0fBwJ8j1b1NdOU84M2X_HSVg-.jpg\"><\/picture>\t\t<\/figure>\n\t\n\n\n<h3 class=\"wp-block-heading\"><br>Leading Property Agents of Spain (LPA) &#8211; miembro fundador; Presidente Honorario<\/h3>\n\n\n\n<p>23 de julio de 2020 \u00b7 Asociaci\u00f3n \u00b7 Costa del Sol<\/p>\n\n\n\n<p>El 23 de julio de 2020, Panorama ayud\u00f3 a fundar Leading Property Agents of Spain (LPA). Christopher Clover ejerce como Presidente Honorario. LPA promueve est\u00e1ndares compartidos, colaboraci\u00f3n transparente y di\u00e1logo constructivo sobre planeamiento en toda la Costa del Sol. Es una s\u00f3lida asociaci\u00f3n sectorial que complementa la base de gobernanza de Panorama en el mercado prime.<\/p>\n\n\n\n<p class=\"clearfix\">Leer m\u00e1s: <a href=\"https:\/\/www.panoramamarbella.com\/es\/news\/christopher-clover-presidente-honorario-de-lpa\" data-type=\"post\" data-id=\"901\">Leading Property Agents of Spain (LPA) \u2014 miembro fundador; Presidente Honorario<\/a><\/p>\n\n\n\n<p>&nbsp;<\/p>\n\n\n\t<figure class=\"wp-caption alignright wp-block-acf-wpimage\">\n\t<picture><source width=\"600\" height=\"275\" srcset=\"https:\/\/media.panoramamarbella.com\/imgV1\/B95mbh8olwFQm~uCT2wPZMb8hll4wghQQQq6YWg0~c~U_DrmgY8pGP8pqaDzA6mvjyI_OPtcrHD_aKxDZZC7Li0DPQK6YzEE58htHhgWvWHJljks3mxiUT1Bgzar7l5ctC0XqEgTaf63Tsmx1oqqocdb9wsdZSd0axt0RL5MriuKcQ--.webp 600w\" type=\"image\/webp\"><img decoding=\"async\" class=\"img-fluid\" loading=\"lazy\" width=\"600\" height=\"275\" alt=\"Membres\u00eda GIPE - Christopher Clover (desde 1997)\" src=\"https:\/\/media.panoramamarbella.com\/imgV1\/B95mbh8olwFQm~uCT2wPZMb8hll4wghQQQq6YWg0~c~U_DrmgY8pGP8pqaDzA6mvjyI_OPtcrHD_aKxDZZC7Li0DPQK6YzEE58htHhgWvWHJljks3mxiUT1Bgzar7kAFbZrfoWB79fI0MfE6eATp.jpg\"><\/picture>\t\t<\/figure>\n\t\n\n\n<h3 class=\"wp-block-heading\">Membres\u00eda GIPE &#8211; Christopher Clover (desde 1997)<\/h3>\n\n\n\n<p>Desde 1997 \u00b7 Asociaci\u00f3n \u00b7 Espa\u00f1a\/Europa<\/p>\n\n\n\n<p>Christopher Clover es miembro de larga trayectoria de GIPE (Gestores Inmobiliarios Profesionales Europeos). La membres\u00eda incluye afiliaci\u00f3n CEPI (MMCEPI), aportando alineaci\u00f3n profesional paneuropea junto a la pr\u00e1ctica espa\u00f1ola. Existen enlaces p\u00fablicos de verificaci\u00f3n para la agencia y la asociaci\u00f3n; esta pertenencia ayuda a enmarcar una cooperaci\u00f3n ordenada en asuntos transfronterizos.<\/p>\n\n\n\n<p class=\"clearfix\">Leer m\u00e1s: <a href=\"https:\/\/www.panoramamarbella.com\/es\/news\/gipe-compra-segura-en-marbella\">membres\u00eda GIPE de Christopher Clover \u2013 perfil y protecciones al consumidor (desde 1997)<\/a><\/p>\n\n\n\n<p>&nbsp;<\/p>\n\n\n\t<figure class=\"wp-caption alignright wp-block-acf-wpimage\">\n\t<picture><source width=\"600\" height=\"275\" srcset=\"https:\/\/media.panoramamarbella.com\/imgV1\/B95mbh8olwFQm~uCT2wPZMb8hll4wghQQQq6YWg0~c~U_DrmgY8pGP8pqaDzA6mvjyI_OPtcrHD_aKxDZZC7LiwyS8T7FoacLWqG8DGTsYMFwciWm_f1_wiEaIRjiDF0Wja8Rhu~dAV1CA2K1uFqluHAor~sgEz7w3EbV~Q2IvOAxqNi1W8_zZCyrrh3cyo-.webp 600w\" type=\"image\/webp\"><img decoding=\"async\" class=\"img-fluid\" loading=\"lazy\" width=\"600\" height=\"275\" alt=\"Participaci\u00f3n en FIABCI \u2014 red profesional internacional (desde los a\u00f1os 70)\" src=\"https:\/\/media.panoramamarbella.com\/imgV1\/B95mbh8olwFQm~uCT2wPZMb8hll4wghQQQq6YWg0~c~U_DrmgY8pGP8pqaDzA6mvjyI_OPtcrHD_aKxDZZC7LiwyS8T7FoacLWqG8DGTsYMFwciWm_f1_wiEaIRjiDF0Wja8Rhu~dAV1CA2UfnshUN~WRKDZ~PnI5PbjQA--.jpg\"><\/picture>\t\t<\/figure>\n\t\n\n\n<h3 class=\"wp-block-heading\">Participaci\u00f3n en FIABCI \u2014 red profesional internacional (desde los a\u00f1os 70)<\/h3>\n\n\n\n<p>Desde los a\u00f1os 70 \u00b7 Asociaci\u00f3n \u00b7 Internacional<br><br>Panorama participa desde hace largo tiempo en FIABCI, la Federaci\u00f3n Internacional Inmobiliaria \u2014fundada en 1951 en Par\u00eds\u2014 como red empresarial mundial presente en m\u00e1s de 70 pa\u00edses y m\u00faltiples disciplinas inmobiliarias. FIABCI tiene estatus consultivo ante el ECOSOC de la ONU y facilita v\u00ednculos transfronterizos e intercambio de conocimiento. Aunque su funci\u00f3n no es la de regulaci\u00f3n, sigue siendo una red profesional internacional de gran relevancia.<br><br>Leer m\u00e1s: <a href=\"https:\/\/www.panoramamarbella.com\/es\/news\/fiabci-federacion-inmobiliaria\" data-type=\"post\" data-id=\"19912\">FIABCI \u2014 red profesional internacional (desde los a\u00f1os 70)<\/a><\/p>\n\n\n\n<p class=\"mb-6\"><\/p>\n\n\n\t<figure class=\"wp-caption alignright wp-block-acf-wpimage\">\n\t<picture><source width=\"600\" height=\"275\" srcset=\"https:\/\/media.panoramamarbella.com\/imgV1\/B95mbh8olwFQm~uCT2wPZMb8hll4wghQQQq6YWg0~c~U_DrmgY8pGP8pqaDzA6mvjyI_OPtcrHD_aKxDZZC7Ljjlwnoeb5T1moOTLg11USP7poNYSNM_nGqV0df7vVmNMQ7g1XwZmOjuOsG_vBZ4H3BAgtgRLujlMShJwMf8RYByWRo0StwjoLsl03f90OiKx5Y-.webp 600w\" type=\"image\/webp\"><img decoding=\"async\" class=\"img-fluid\" loading=\"lazy\" width=\"600\" height=\"275\" alt=\"Christopher Clover, miembro del Rotary Club durante 12 a\u00f1os\" src=\"https:\/\/media.panoramamarbella.com\/imgV1\/B95mbh8olwFQm~uCT2wPZMb8hll4wghQQQq6YWg0~c~U_DrmgY8pGP8pqaDzA6mvjyI_OPtcrHD_aKxDZZC7Ljjlwnoeb5T1moOTLg11USP7poNYSNM_nGqV0df7vVmNMQ7g1XwZmOjuOsG_vBZmGX9KNeG5XWfHT64YAZ3AfQ--.jpg\"><\/picture>\t\t<\/figure>\n\t\n\n\n<h3 class=\"wp-block-heading\">Christopher Clover, miembro del Rotary Club durante 12 a\u00f1os<\/h3>\n\n\n\n<p>A\u00f1os 90 y 2000 \u00b7 Asociaci\u00f3n \u00b7 Marbella<br><br>Christopher Clover, Director general, particip\u00f3 activamente en Rotary Club Marbella durante doce a\u00f1os, contribuyendo a campa\u00f1as de becas, limpiezas del litoral e iniciativas locales de salud. Esa labor refleja el ethos de Panorama de servicio constante y compromiso con la comunidad: discreto, pr\u00e1ctico y sostenido junto al liderazgo diario en el mercado prime.<br><br>Leer m\u00e1s: <a href=\"https:\/\/www.panoramamarbella.com\/es\/news\/rotary-club-marbella\" data-type=\"post\" data-id=\"22504\">Christopher Clover, miembro del Rotary Club durante 12 a\u00f1os<\/a><\/p>\n\n\n\n<p>&nbsp;<\/p>\n\n\n<hr class=\"w-75 mt-3 mt-md-5 mb-3 mb-md-6 mx-auto border-2 border-secondary opacity-50\">\n\n\n\n\n<h2 class=\"wp-block-heading clearfix mb-6\">Alianzas comerciales (orden cronol\u00f3gico inverso)<\/h2>\n\n\n\t<figure class=\"wp-caption alignright wp-block-acf-wpimage\">\n\t<picture><source width=\"600\" height=\"275\" srcset=\"https:\/\/media.panoramamarbella.com\/imgV1\/B95mbh8olwFQm~uCT2wPZMb8hll4wghQQQq6YWg0~c~U_DrmgY8pGP8pqaDzA6mvjyI_OPtcrHD_aKxDZZC7LiAQnFAqItwrpHEEO9mWtSa2M61ZgrREvc0EjIOBka8AVe3LC3A2dKxI1aIPkPxm~6cLAliEI99cwurdHdKzSJ3SzfUuX1acKG9lU2LuibPjvfBkBdw-.webp 600w\" type=\"image\/webp\"><img decoding=\"async\" class=\"img-fluid\" loading=\"lazy\" width=\"600\" height=\"275\" alt=\"Associated Agent \u2013 John D. Wood &amp; Co. (desde julio de 2024)\" src=\"https:\/\/media.panoramamarbella.com\/imgV1\/B95mbh8olwFQm~uCT2wPZMb8hll4wghQQQq6YWg0~c~U_DrmgY8pGP8pqaDzA6mvjyI_OPtcrHD_aKxDZZC7LiAQnFAqItwrpHEEO9mWtSa2M61ZgrREvc0EjIOBka8AVe3LC3A2dKxI1aIPkPxm~6cVJItFr5SVhlMHVKlHvs6qEw--.jpg\"><\/picture>\t\t<\/figure>\n\t\n\n\n<h3 class=\"wp-block-heading\">Agente asociado \u2013 John D. Wood &amp; Co. (desde julio de 2024)<\/h3>\n\n\n\n<p>5 de julio de 2024 \u00b7 Asociaciones \u00b7 UK\/Marbella<br><br>La relaci\u00f3n como Agente asociado con John D. Wood &amp; Co. (fundada en 1872) conecta activos en Marbella con la consolidada demanda ultra-prime de Londres. Esta cooperaci\u00f3n a\u00f1ade una v\u00eda pr\u00e1ctica transfronteriza para consultas cualificadas, preservando al mismo tiempo la independencia de Panorama y sus est\u00e1ndares de gobernanza diaria.<br><br>Leer m\u00e1s: <a href=\"https:\/\/www.panoramamarbella.com\/es\/news\/panorama-se-asocia-con-john-d-wood\" data-type=\"post\" data-id=\"20821\">agente asociado \u2013 John D. Wood &amp; Co. (desde julio de 2024)<\/a><\/p>\n\n\n\n<p>&nbsp;<\/p>\n\n\n\t<figure class=\"wp-caption alignright wp-block-acf-wpimage\">\n\t<picture><source width=\"600\" height=\"275\" srcset=\"https:\/\/media.panoramamarbella.com\/imgV1\/B95mbh8olwFQm~uCT2wPZMb8hll4wghQQQq6YWg0~c~U_DrmgY8pGP8pqaDzA6mvjyI_OPtcrHD_aKxDZZC7LjrMbEMVh9Bozsw85brqSef0kxsPTLvkHhU4pQKBUFh_BIGq_mJ_25PjrR2KvZYCbj8Ip2ShfoARucNRsClE2vPnfE_DHNVyy6a~JBgo~9BH~8bJpMtbvg--.webp 600w\" type=\"image\/webp\"><img decoding=\"async\" class=\"img-fluid\" loading=\"lazy\" width=\"600\" height=\"275\" alt=\"Puente Romano Real Estate - agencia oficial dentro del resort (operada por Panorama)\" src=\"https:\/\/media.panoramamarbella.com\/imgV1\/B95mbh8olwFQm~uCT2wPZMb8hll4wghQQQq6YWg0~c~U_DrmgY8pGP8pqaDzA6mvjyI_OPtcrHD_aKxDZZC7LjrMbEMVh9Bozsw85brqSef0kxsPTLvkHhU4pQKBUFh_BIGq_mJ_25PjrR2KvZYCbj8Ip3pkoJz5WEDTku6HOLyGR345.jpg\"><\/picture>\t\t<\/figure>\n\t\n\n\n<h3 class=\"wp-block-heading\">Puente Romano Real Estate &#8211; agencia oficial dentro del resort (operada por Panorama)<\/h3>\n\n\n\n<p>Continuo \u00b7 Colaboraci\u00f3n \u00b7 Marbella<br><br>Puente Romano Real Estate es la agencia oficial dentro del resort para dos de los hoteles m\u00e1s prestigiosos de Marbella \u2014Puente Romano Marbella y Nobu Marbella\u2014 y est\u00e1 operada por Panorama en nombre de los hoteles. La presencia in situ ofrece acceso inmediato para consultas cualificadas de hu\u00e9spedes y visitas privadas dentro del resort.<br><br>Leer m\u00e1s: <a href=\"https:\/\/www.puenteromanorealestate.com\/es\/sobre-nosotros\/quienes-somos\" target=\"_blank\" rel=\"noreferrer noopener nofollow\">Puente Romano Real Estate &#8211; agencia oficial dentro del resort (operada por Panorama)<\/a><\/p>\n\n\n\n<p>&nbsp;<\/p>\n\n\n<hr class=\"w-75 mt-3 mt-md-5 mb-3 mb-md-6 mx-auto border-2 border-secondary opacity-50\">\n\n\n\n\n<h2 class=\"wp-block-heading clearfix mb-6\">Hitos (orden cronol\u00f3gico)<\/h2>\n\n\n\t<figure class=\"wp-caption alignright wp-block-acf-wpimage\">\n\t<picture><source width=\"600\" height=\"275\" srcset=\"https:\/\/media.panoramamarbella.com\/imgV1\/B95mbh8olwFQm~uCT2wPZMb8hll4wghQQQq6YWg0~c~U_DrmgY8pGP8pqaDzA6mvjyI_OPtcrHD_aKxDZZC7Lnu9zb9UTcenrkniYjIJRUNcZXdkb4ua~MFtWkwVz1Bjj5WG2~skeF5H4XnQZsWNvajEys5aYKVM2B0nnpH8HKmw1iTYHvla.webp 600w\" type=\"image\/webp\"><img decoding=\"async\" class=\"img-fluid\" loading=\"lazy\" width=\"600\" height=\"275\" alt=\"herencia inmobiliaria familiar, desde 1904\" src=\"https:\/\/media.panoramamarbella.com\/imgV1\/B95mbh8olwFQm~uCT2wPZMb8hll4wghQQQq6YWg0~c~U_DrmgY8pGP8pqaDzA6mvjyI_OPtcrHD_aKxDZZC7Lnu9zb9UTcenrkniYjIJRUNcZXdkb4ua~MFtWkwVz1Bjj5WGxalDS7Yel_3p82D~q2UroN0-.jpg\"><\/picture>\t\t<\/figure>\n\t\n\n\n<h3 class=\"wp-block-heading\">Herencia inmobiliaria familiar, \u00fanica desde 1904<br><\/h3>\n\n\n\n<p class=\"has-text-align-left mb-6\">1904 hasta hoy \u00b7 Historia \u00b7 Internacional<br><br>Siguiendo cuatro generaciones desde 1904, la historia de Panorama va desde los suburbios de Chicago hasta la Milla de Oro de Marbella. Fundada localmente en 1970 como la primera agencia internacional de la ciudad, la familia Clover fue pionera en los inspection flights y marc\u00f3 pronto un est\u00e1ndar de \u00e9tica y servicio. Hoy, Christopher, Katinka y Alex contin\u00faan una visi\u00f3n a largo plazo del mercado inmobiliario de lujo.<br><br>Leer m\u00e1s: <a href=\"https:\/\/www.panoramamarbella.com\/es\/sobre-nosotros\/familia-inmobiliaria-mas-de-120-anos\" data-type=\"link\" data-id=\"https:\/\/www.panoramamarbella.com\/es\/sobre-nosotros\/familia-inmobiliaria-mas-de-120-anos\">descubre la herencia inmobiliaria de 120 a\u00f1os de Panorama<\/a><\/p>\n\n\n\n<p><\/p>\n\n\n\t<figure class=\"wp-caption alignright wp-block-acf-wpimage\">\n\t<picture><source width=\"600\" height=\"275\" srcset=\"https:\/\/media.panoramamarbella.com\/imgV1\/B95mbh8olwFQm~uCT2wPZMb8hll4wghQQQq6YWg0~c~U_DrmgY8pGP8pqaDzA6mvjyI_OPtcrHD_aKxDZZC7LieJ18~WHKrRLU44ojswna40qDXAm59b~eZ8i3Mym2to9W7ox93~ABgv9F4qaA14UDuhhf4X4zozjIRiEvXHbqrtftfvTr1BMzBT4urYBmcB9g--.webp 600w\" type=\"image\/webp\"><img decoding=\"async\" class=\"img-fluid\" loading=\"lazy\" width=\"600\" height=\"275\" alt=\"Panorama es la agencia inmobiliaria m\u00e1s antigua de Marbella, fundada en 1970\" src=\"https:\/\/media.panoramamarbella.com\/imgV1\/B95mbh8olwFQm~uCT2wPZMb8hll4wghQQQq6YWg0~c~U_DrmgY8pGP8pqaDzA6mvjyI_OPtcrHD_aKxDZZC7LieJ18~WHKrRLU44ojswna40qDXAm59b~eZ8i3Mym2to9W7ox93~ABgv9F4qaBMXaiu0g8_q~k8f0j0dq6sr.jpg\"><\/picture>\t\t<\/figure>\n\t\n\n\n<h3 class=\"wp-block-heading\">Panorama es la agencia inmobiliaria m\u00e1s antigua de Marbella, fundada en 1970<\/h3>\n\n\n\n<p class=\"has-text-align-left\">1970 hasta hoy \u00b7 Historia \u00b7 Marbella<br><br>Las memorias de Christopher Clover sobre los primeros a\u00f1os de Panorama retratan una Marbella de 1970 de caminos de grava e intriga internacional. Como primera agencia internacional de la costa, Panorama introdujo nuevas pr\u00e1cticas, aliment\u00f3 la demanda global y ayud\u00f3 a definir la trayectoria de lujo del destino, bases que siguen informando hoy la forma medida de trabajar de la firma.<br><br>Leer m\u00e1s: <a href=\"https:\/\/www.panoramamarbella.com\/es\/sobre-nosotros\/como-panorama-empezo-en-marbella\" data-type=\"link\" data-id=\"https:\/\/www.panoramamarbella.com\/es\/sobre-nosotros\/como-panorama-empezo-en-marbella\">los comienzos de Panorama en la Marbella de los a\u00f1os 70<\/a><\/p>\n\n\n\n<p class=\"mb-6\"><\/p>\n\n\n\t<figure class=\"wp-caption alignright wp-block-acf-wpimage\">\n\t<picture><source width=\"600\" height=\"275\" srcset=\"https:\/\/media.panoramamarbella.com\/imgV1\/B95mbh8olwFQm~uCT2wPZMb8hll4wghQQQq6YWg0~c~U_DrmgY8pGP8pqaDzA6mvjyI_OPtcrHD_aKxDZZC7LiwyWPovcrNKuS7o~0XoBBhksEjNnekCdeHZNqGg1kY9khGScPqguGfL_qAmJgt1J9NFRU82XiyiEAa9D4QTBSztOVAoabPSCi~JOHQWwwKc8MeC0Ht8.webp 600w\" type=\"image\/webp\"><img decoding=\"async\" class=\"img-fluid\" loading=\"lazy\" width=\"600\" height=\"275\" alt=\"Primera agencia inmobiliaria internacional en Marbella en traer inspection flights\" src=\"https:\/\/media.panoramamarbella.com\/imgV1\/B95mbh8olwFQm~uCT2wPZMb8hll4wghQQQq6YWg0~c~U_DrmgY8pGP8pqaDzA6mvjyI_OPtcrHD_aKxDZZC7LiwyWPovcrNKuS7o~0XoBBhksEjNnekCdeHZNqGg1kY9khGScPqguGfL_qAmJgt1J9NFW4ka~mNP24Tq_8cMhM8~mQU-.jpg\"><\/picture>\t\t<\/figure>\n\t\n\n\n<h3 class=\"wp-block-heading\">Primera agencia inmobiliaria internacional en Marbella en traer vuelos de inspecci\u00f3n de propiedades en 1968<\/h3>\n\n\n\n<p>13 de enero de 1975 \u00b7 Hito \u00b7 Costa del Sol<br><br>Desde 1968, y durante varios a\u00f1os despu\u00e9s, Panorama fue pionera en los vuelos ch\u00e1rter de inspecci\u00f3n, trayendo compradores internacionales cualificados para visitar y adquirir viviendas en la Costa del Sol. Esta iniciativa profesionaliz\u00f3 la generaci\u00f3n de demanda, ampli\u00f3 el alcance internacional y ayud\u00f3 a consolidar el surgimiento de Marbella como destino europeo de propiedad prime.<br><br>Leer m\u00e1s: <a href=\"https:\/\/www.panoramamarbella.com\/es\/news\/primera-inmobiliaria-internacional-de-marbella\" data-type=\"post\" data-id=\"21486\">Panorama fue la primera agencia de la Costa del Sol en organizar vuelos de inspecci\u00f3n<\/a><\/p>\n\n\n\n<p>&nbsp;<\/p>\n\n\n\t<figure class=\"wp-caption alignright wp-block-acf-wpimage\">\n\t<picture><source width=\"600\" height=\"275\" srcset=\"https:\/\/media.panoramamarbella.com\/imgV1\/B95mbh8olwFQm~uCT2wPZMb8hll4wghQQQq6YWg0~c~U_DrmgY8pGP8pqaDzA6mvjyI_OPtcrHD_aKxDZZC7LiwyWPovcrV8oJIYzxzUmuju_XzWkEuy9Uf3GQ~dGIpqr8bSn13ze_jssQNgUXI4LcimKkXgQI4oFaWT4YniyOyEXf8osCTdPPwNi1WJc84lgkBg7iXfhw__QrJK.webp 600w\" type=\"image\/webp\"><img decoding=\"async\" class=\"img-fluid\" loading=\"lazy\" width=\"600\" height=\"275\" alt=\"El primer open house de Marbella fue en 1982, organizado por Panorama\" src=\"https:\/\/media.panoramamarbella.com\/imgV1\/B95mbh8olwFQm~uCT2wPZMb8hll4wghQQQq6YWg0~c~U_DrmgY8pGP8pqaDzA6mvjyI_OPtcrHD_aKxDZZC7LiwyWPovcrV8oJIYzxzUmuju_XzWkEuy9Uf3GQ~dGIpqr8bSn13ze_jssQNgUXI4LcimKkXgQI4oC_y6OGQTp5c6isxKIKni0NA-.jpg\"><\/picture>\t\t<\/figure>\n\t\n\n\n<h3 class=\"wp-block-heading\">Primer Open House en la Costa del Sol<\/h3>\n\n\n\n<p>1982 \u00b7 Hito \u00b7 Marbella (Nueva Andaluc\u00eda)<br><br>En 1982, Panorama introdujo el primer open house de Marbella en Las Brisas, Nueva Andaluc\u00eda, invitando a otros agentes a visitar una propiedad y defendiendo la colaboraci\u00f3n mediante reparto de comisi\u00f3n. Liderada por la recordada agente formada en California Vicky de Rivera, con la orientaci\u00f3n de Christopher Clover, la iniciativa foment\u00f3 la transparencia y transform\u00f3 la pr\u00e1ctica local de marketing.<br><br>Leer m\u00e1s: <a href=\"https:\/\/www.panoramamarbella.com\/es\/news\/primer-open-house-de-marbella\" data-type=\"post\" data-id=\"22155\">Panorama fue pionera en el primer Open House de la Costa del Sol<\/a><\/p>\n\n\n\n<p class=\"mb-6\"><\/p>\n\n\n<hr class=\"w-75 mt-3 mt-md-5 mb-3 mb-md-6 mx-auto border-2 border-secondary opacity-50\">\n\n\n\n\n<h2 class=\"wp-block-heading clearfix mb-6\">Presencia y oficinas<\/h2>\n\n\n\t<figure class=\"wp-caption alignright wp-block-acf-wpimage\">\n\t<picture><source width=\"600\" height=\"275\" srcset=\"https:\/\/media.panoramamarbella.com\/imgV1\/B95mbh8olwFQm~uCT2wPZMb8hll4wghQQQq6YWg0~c~U_DrmgY8pGP8pqaDzA6mvjyI_OPtcrHD_aKxDZZC7LjrMbEMVh9Bozsw85brqS6Utio5esPk7_eFNJKzQKZd1qgSo7g1nlTs3biAkKXUreKY3qRL2~fg0hMBOXGiBHAxVw5ajcb2FTVV7mPoEyJNVBUyXhQpUVke5HVQ-.webp 600w\" type=\"image\/webp\"><img decoding=\"async\" class=\"img-fluid\" loading=\"lazy\" width=\"600\" height=\"275\" alt=\"Nuestra oficina de ventas renovada junto a la recepci\u00f3n del hotel Nobu en Puente Romano\" src=\"https:\/\/media.panoramamarbella.com\/imgV1\/B95mbh8olwFQm~uCT2wPZMb8hll4wghQQQq6YWg0~c~U_DrmgY8pGP8pqaDzA6mvjyI_OPtcrHD_aKxDZZC7LjrMbEMVh9Bozsw85brqS6Utio5esPk7_eFNJKzQKZd1qgSo7g1nlTs3biAkKXUreKY3qRL2~fgqwvgWhTnoFg3RNYYkAF4JjQ--.jpg\"><\/picture>\t\t<\/figure>\n\t\n\n\n<h3 class=\"wp-block-heading\">Oficinas insignia de Panorama &#8211; la oficina inmobiliaria m\u00e1s espectacular de la Costa del Sol dentro del resort Puente Romano, adem\u00e1s de otra frente al Marbella Club<\/h3>\n\n\n\n<p>11 de diciembre de 2020 \u00b7 Presencia \u00b7 Marbella (Golden Mile)<br><br>Doble presencia insignia en la Milla de Oro: una oficina dentro de Puente Romano Beach Resort y otra frente al Marbella Club Hotel. La oficina insignia de Puente Romano fue inaugurada por la alcaldesa en diciembre de 2020 y cuenta con se\u00f1al\u00e9tica digital de nivel retail y un mural a\u00e9reo retroiluminado de ocho metros.<br><br>Leer m\u00e1s: <a href=\"https:\/\/www.panoramamarbella.com\/es\/news\/oficina-en-puente-romano-marbella\" data-type=\"post\" data-id=\"39547\">Panorama inaugura su emblem\u00e1tica oficina en Marbella, celebrando 50 a\u00f1os de excelencia.<\/a><\/p>\n\n\n\n<p>&nbsp;<\/p>\n\n\n\t<figure class=\"wp-caption alignright wp-block-acf-wpimage\">\n\t<picture><source width=\"600\" height=\"275\" srcset=\"https:\/\/media.panoramamarbella.com\/imgV1\/B95mbh8olwFQm~uCT2wPZMb8hll4wghQQQq6YWg0~c~U_DrmgY8pGP8pqaDzA6mvjyI_OPtcrHD_aKxDZZC7LjrLRe0dcVGh8TpXng8t9UescEpBimXnQBvFSFUj1R~XF6JG1wqjLxBaSpk9oT7EVyl_06s5RHzr73WLGGSWrEMcu_OcWD0W9mE-.webp 600w\" type=\"image\/webp\"><img decoding=\"async\" class=\"img-fluid\" loading=\"lazy\" width=\"600\" height=\"275\" alt=\"Oficina de Puente Romano Real Estate\" src=\"https:\/\/media.panoramamarbella.com\/imgV1\/B95mbh8olwFQm~uCT2wPZMb8hll4wghQQQq6YWg0~c~U_DrmgY8pGP8pqaDzA6mvjyI_OPtcrHD_aKxDZZC7LjrLRe0dcVGh8TpXng8t9UescEpBimXnQBvFSFUj1R~XF6JG1wq9JCrCg75eQS0txLDmUwpFAg--.jpg\"><\/picture>\t\t<\/figure>\n\t\n\n\n<h3 class=\"wp-block-heading\">Oficina de Puente Romano Real Estate &#8211; agencia oficial independiente dentro de la recepci\u00f3n del hotel &#8211; operada por Panorama<\/h3>\n\n\n\n<p>Desde 2020 \u00b7 Presencia \u00b7 Marbella (Puente Romano)<br><br>Puente Romano Real Estate es la agencia oficial dentro del resort para Puente Romano y Nobu Marbella, operada por Panorama desde una oficina situada en la recepci\u00f3n del hotel. Es una agencia independiente, con su propia web, operada por Panorama en nombre de los hoteles y diferenciada de la oficina insignia de Panorama en la Milla de Oro.<br><br>Leer m\u00e1s: <a href=\"https:\/\/www.puenteromanorealestate.com\/es\/contacto\" target=\"_blank\" rel=\"noreferrer noopener nofollow\">oficina de Puente Romano Real Estate &#8211; agencia oficial independiente dentro de la recepci\u00f3n del hotel<\/a><\/p>\n\n\n\n<p>&nbsp;<\/p>\n\n","protected":false},"excerpt":{"rendered":"","protected":false},"author":11,"featured_media":32189,"parent":5093,"menu_order":1,"comment_status":"closed","ping_status":"closed","template":"","meta":{"_acf_changed":false,"footnotes":""},"class_list":["post-42753","page","type-page","status-publish","has-post-thumbnail","hentry"],"acf":[],"_links":{"self":[{"href":"https:\/\/www.panoramamarbella.com\/es\/wp-json\/wp\/v2\/pages\/42753","targetHints":{"allow":["GET"]}}],"collection":[{"href":"https:\/\/www.panoramamarbella.com\/es\/wp-json\/wp\/v2\/pages"}],"about":[{"href":"https:\/\/www.panoramamarbella.com\/es\/wp-json\/wp\/v2\/types\/page"}],"author":[{"embeddable":true,"href":"https:\/\/www.panoramamarbella.com\/es\/wp-json\/wp\/v2\/users\/11"}],"replies":[{"embeddable":true,"href":"https:\/\/www.panoramamarbella.com\/es\/wp-json\/wp\/v2\/comments?post=42753"}],"version-history":[{"count":118,"href":"https:\/\/www.panoramamarbella.com\/es\/wp-json\/wp\/v2\/pages\/42753\/revisions"}],"predecessor-version":[{"id":43870,"href":"https:\/\/www.panoramamarbella.com\/es\/wp-json\/wp\/v2\/pages\/42753\/revisions\/43870"}],"up":[{"embeddable":true,"href":"https:\/\/www.panoramamarbella.com\/es\/wp-json\/wp\/v2\/pages\/5093"}],"wp:featuredmedia":[{"embeddable":true,"href":"https:\/\/www.panoramamarbella.com\/es\/wp-json\/wp\/v2\/media\/32189"}],"wp:attachment":[{"href":"https:\/\/www.panoramamarbella.com\/es\/wp-json\/wp\/v2\/media?parent=42753"}],"curies":[{"name":"wp","href":"https:\/\/api.w.org\/{rel}","templated":true}]}}