{"id":5065,"date":"2024-06-06T15:06:15","date_gmt":"2024-06-06T13:06:15","guid":{"rendered":"https:\/\/www.panoramamarbella.com\/client-services"},"modified":"2025-02-10T09:40:16","modified_gmt":"2025-02-10T08:40:16","slug":"servicios-al-cliente","status":"publish","type":"page","link":"https:\/\/www.panoramamarbella.com\/es\/servicios-al-cliente","title":{"rendered":"Servicios al Cliente de Panorama"},"content":{"rendered":"\n<div class=\"lead\"><p>El departamento de Servicios al Cliente de Panorama se cre\u00f3 en 2016 para continuar con su compromiso de ofrecer el mejor servicio posible a sus clientes a\u00f1o tras a\u00f1o.<\/p>\n<p>Son muchas las cuestiones a las que se enfrentan nuestros clientes a la hora de vender o <a href=\"\/es\/propiedades\" title=\"Viviendas en venta en Marbella y alrededores\">comprar una vivienda en Marbella y alrededores<\/a>. Esta es la raz\u00f3n por la que <a href=\"https:\/\/www.panoramamarbella.com\/es\/sobre-nosotros\/equipo\/jo-borda\" title=\"Viviendas en venta en Marbella y alrededores\">Jo Borda<\/a>, Directora de nuestro Departamento de Atenci\u00f3n al Cliente, se ha encargado de asistir a todos los clientes en todo lo que puedan necesitar antes, durante y despu\u00e9s de que se complete el proceso de compra o venta.<\/p>\n<\/div>\n\n\n<ul class=\"table-index list-unstyled p-4 p-lg-5 ms-0 bg-light\"><li class=\"text-uppercase fw-bold mb-3\">Tabla de contenidos<\/li><li><a href=\"#la+demanda+de+viviendas+completamente+reformadas+sigue+en+auge\">\nLa demanda de viviendas completamente reformadas sigue en auge\n<\/a><\/li>\n<li><a href=\"#cuanto+debo+gastar+en+la+reforma\">\n\u00bfCu\u00e1nto debo gastar en la reforma?\n<\/a><\/li>\n<li><a href=\"#ventajas+fiscales+y+legales+al+reformar\">\nVentajas fiscales y legales al reformar\n<\/a><\/li>\n<li><a href=\"#de+acuerdo+quiero+renovar+como+empiezo\">\nDe acuerdo, quiero renovar, \u00bfc\u00f3mo empiezo?\n<\/a><\/li>\n<li><a href=\"#como+puede+ayudar+panorama\">\n\u00bfC\u00f3mo puede ayudar Panorama?\n<\/a><\/li><\/ul>\n\n\n\t<figure class=\"wp-caption aligncenter wp-block-acf-wpimage\">\n\t<picture><source width=\"740\" height=\"496\" srcset=\"https:\/\/media.panoramamarbella.com\/imgV1\/B95mbh8olwFQm~uCT2wPZMb8hll4wghQQQq6YWg0~c~U_DrmgY8pGP8pqaDzA6mvjyI_OPtcrHD_aKxCvYKIXoglPbuVlTbY7uzA6di9OCH8fzjxL9pMJjOAX1243LlcuAO9rIfgG_S28U~KevbLl9AX~4RzKoLDTJtFBcPm_RlzwQZXNDQqhQ7II6Jk.webp 740w\" type=\"image\/webp\"><img decoding=\"async\" class=\"img-fluid\" loading=\"lazy\" width=\"740\" height=\"496\" alt=\"Servicios al cliente de Panorama\" src=\"https:\/\/media.panoramamarbella.com\/imgV1\/B95mbh8olwFQm~uCT2wPZMb8hll4wghQQQq6YWg0~c~U_DrmgY8pGP8pqaDzA6mvjyI_OPtcrHD_aKxCvYKIXoglPbuVlTbY7uzA6di9OCH8fzjxL9pMJjOAX1243LlcuAO9rIfgG_S277iidBR7V~EFRw3dne1pjzQ-.jpg\"><\/picture>\t\t\t<figcaption class=\"wp-caption-text\">\n\t\tServicios al cliente de Panorama\t\t<\/figcaption>\n\t\t\t<\/figure>\n\t\n\n\n<h2 class=\"wp-block-heading\">Servicios<\/h2>\n\n\n\t<figure class=\"wp-caption alignright wp-block-acf-wpimage\">\n\t<picture><source width=\"450\" height=\"504\" srcset=\"https:\/\/media.panoramamarbella.com\/imgV1\/B95mbh8olwFQm~uCT2wPZMb8hll4wghQQQq6YWg0~c~U_DrmgY8pGP8pqaDzA6mvjyI_OPtcrHD_aKxCvYKIXoHifSfIHFjDZ5nFgw5ZpSwGeqDcb_nO6w1C~9yOsx4BJlYL4QQHI3V26lNjEWDCmYwWm8WSTb2pWRY8tg3THp2wu6F4014nSZ~PtHS3bVUR.webp 450w\" type=\"image\/webp\"><img decoding=\"async\" class=\"img-fluid\" loading=\"lazy\" width=\"450\" height=\"504\" alt=\"Jo Borda, Directora de Servicios al Cliente de Panorama\" src=\"https:\/\/media.panoramamarbella.com\/imgV1\/B95mbh8olwFQm~uCT2wPZMb8hll4wghQQQq6YWg0~c~U_DrmgY8pGP8pqaDzA6mvjyI_OPtcrHD_aKxCvYKIXoHifSfIHFjDZ5nFgw5ZpSwGeqDcb_nO6w1C~9yOsx4BJlYL4QQHI3V26lNjD~XUxv3l2Q7e8ogzgz95nNk-.jpg\"><\/picture>\t\t\t<figcaption class=\"wp-caption-text\">\n\t\tJo Borda, Directora de Servicios al Cliente de Panorama\t\t<\/figcaption>\n\t\t\t<\/figure>\n\t\n\n\n<p>Con <a href=\"https:\/\/www.panoramamarbella.com\/es\/sobre-nosotros\/mas-de-50-anos-en-marbella\" data-type=\"page\" data-id=\"5107\">m\u00e1s de 50 a\u00f1os de experiencia en Marbella<\/a>, Panorama ha seleccionado cuidadosamente las empresas y profesionales con los que trabajar para garantizar los mejores servicios y calidades posibles a todos sus clientes, en cuanto a:<\/p>\n\n\n\n<ul class=\"wp-block-list\">\n<li>Construcci\u00f3n y renovaci\u00f3n<\/li>\n\n\n\n<li>Interior design<\/li>\n\n\n\n<li>Paisajismo y jardiner\u00eda<\/li>\n\n\n\n<li>Arquitectura<\/li>\n\n\n\n<li>Dise\u00f1o y decoraci\u00f3n de interiores y exteriores<\/li>\n\n\n\n<li>Seguridad<\/li>\n\n\n\n<li>Corredur\u00eda de seguros<\/li>\n\n\n\n<li>Bancos: hipotecas, financiaci\u00f3n<\/li>\n\n\n\n<li>Personal de servicio: limpieza, mantenimiento, etc.<\/li>\n\n\n\n<li>Y muchos otros<\/li>\n<\/ul>\n\n\n\n<h2 class=\"wp-block-heading\">Gesti\u00f3n de proyectos<\/h2>\n\n\n\n<p>La renovaci\u00f3n y el dise\u00f1o de interiores son dos de los servicios m\u00e1s demandados y, gracias a la amplia experiencia de nuestro departamento en estas \u00e1reas, el proceso suele transcurrir con bastante facilidad y sin contratiempos.<\/p>\n\n\n<blockquote class=\"testimonial bg-secondary bg-opacity-10 text-dark wp-block-acf-blockquote\">\n    <p>\u00abEs un placer y un honor para m\u00ed haber asumido el liderazgo del Departamento de Servicios al Cliente de Panorama, encontrando soluciones sencillas a extensas para nuestros clientes compradores, y dedicando todos mis esfuerzos a garantizar que reciban la mejor calidad de servicio posible.\u00bb<br \/>\n\u2013 Jo Borda \u2013<\/p>\n    \n<\/blockquote>\n\n\n\n<p>Ofrecemos varias opciones de proyectos atendidos por diferentes empresas que mejor se adaptan al presupuesto y a las necesidades de cada cliente, entre las que podr\u00e1 elegir la que m\u00e1s le convenga. Garantizamos un proyecto \u00abllave en mano\u00bb, asistiendo al cliente a lo largo de todo el proceso, supervisando cuidadosamente la ejecuci\u00f3n de las obras desde su inicio hasta su finalizaci\u00f3n.<\/p>\n\n\n\n<h2 class=\"wp-block-heading\">Elegir a los mejores profesionales<\/h2>\n\n\n\n<p>Nuestro <strong>Departamento de Servicios al Cliente<\/strong> es muy accesible y directo: una vez que el cliente nos ha informado de sus necesidades y requisitos, nuestro trabajo consiste en ponernos en contacto con aquellas empresas y profesionales que pueden ofrecer las mejores soluciones para cada cliente. Una vez que nuestro cliente se decide por el proyecto m\u00e1s adecuado, acompa\u00f1amos tanto al cliente como a la empresa o profesional en cada paso del proceso. En la mayor\u00eda de los casos, nuestros clientes no se encuentran en Espa\u00f1a, por lo que actuamos como su \u00abparte representante\u00bb para garantizar que todas las obras se lleven a cabo seg\u00fan lo previsto.<\/p>\n\n\n\n<p>Jo dirige personalmente todos los proyectos y nuestros clientes est\u00e1n encantados y agradecidos por su profesionalidad, transparencia, dedicaci\u00f3n y compromiso.<\/p>\n\n\n\n<p>Para m\u00e1s informaci\u00f3n o cualquier consulta ll\u00e1meme al <a href=\"tel:+34 952 774 266\" target=\"_blank\" rel=\"noreferrer noopener\">+34 952 774 266 <\/a>o a mi m\u00f3vil, <a href=\"tel:+34 664 225 667\" target=\"_blank\" rel=\"noreferrer noopener\">+34 664 225 667<\/a> o rellene el siguiente formulario con sus datos de contacto.<\/p>\n\n\n\n<h2 class=\"wp-block-heading\">Contacte con el departamento de Servicios al Cliente de Panorama<\/h2>\n\n\n\n<div class=\"contact-only bg-light wp-block-acf-contactform\">\n\t\t<div class=\"position-relative\">\n\t\t<span id=\"inm-contact-form\" class=\"position-absolute\" style=\"top:-130px\"><\/span>\n\t<\/div>\n\t\t\n\t\t<script src=\"https:\/\/www.google.com\/recaptcha\/api.js?render=6LeWOaYZAAAAAGZM7q40J51QMau9I_gs19mp9lZJ&#038;hl=es\"><\/script>\n\t\n<form id=\"contact_form_1\" class=\"needs-validation h-100 d-flex flex-column p-4 p-md-5\" data-contact=\"contact_form_1\" action=\"localhost\" method=\"POST\" novalidate>\n\t\t<span id=\"contact_form_1-result\" data-stext=\"source\" data-source=\"contact\"><\/span>\n\t<input type=\"hidden\" name=\"success\" value=\"\/es\/exito?source=info\" \/>\n\t<input type=\"hidden\" name=\"lang\" value=\"es\" \/>\n\t<input type=\"hidden\" name=\"agency\" value=\"399\" \/>\n\t<input type=\"hidden\" name=\"recipient\" value=\"info\" \/>\n\t<input type=\"hidden\" name=\"source\" value=\"https:\/\/www.panoramamarbella.com\/es\/wp-json\/wp\/v2\/pages\/5065\" \/>\n\t<input type=\"hidden\" name=\"subject\" value=\"Information Request (ES)\" \/>\n\t\t\t<input type=\"hidden\" name=\"origin\" value=\"Servicios al Cliente de Panorama\" \/>\n\t\t<div class=\"row g-3\">\n\t\t<div class=\"col-md-6\">\n\t\t\t<label class=\"form-label\" for=\"name\">Nombre*<\/label>\n\t\t\t<input id=\"name\" name=\"name\" type=\"text\" class=\"form-control\" autocomplete=\"off\" required data-error=\"Nombre requerido\">\n\t\t<\/div>\n\t\t<div class=\"col-md-6\">\n\t\t\t<label class=\"form-label\" for=\"name\">Apellido*<\/label>\n\t\t\t<input id=\"lastname\" name=\"lastname\" type=\"text\" class=\"form-control\" autocomplete=\"off\" required data-error=\"Apellido\">\n\t\t<\/div>\n\t\t<div class=\"col-12\">\n\t\t\t<label class=\"form-label\" for=\"email\">Correo electr\u00f3nico*<\/label>\n\t\t\t<input id=\"email\" name=\"email\" type=\"email\" class=\"form-control\" autocomplete=\"off\" required data-error=\"Correo electr\u00f3nico requerido\">\n\t\t<\/div>\n\t\t\t\t<div class=\"col-md-6\">\n\t\t\t<label class=\"form-label\" for=\"phone\">N\u00famero de tel\u00e9fono <small><\/small><\/label>\n\t\t\t<input id=\"phone\" name=\"intphone\" type=\"tel\" class=\"form-control\" autocomplete=\"off\" placeholder=\"Tel\u00e9fono\" required data-error=\"Los n\u00fameros de tel\u00e9fono deben tener entre 8 y 20 d\u00edgitos\" pattern=\"(?:\\d\\s*){4,}\">\n\t\t<\/div>\n\t\t<div class=\"col-md-6\">\n\t\t\t<label class=\"form-label\">Mejor hora para llamar <small><\/small><\/label>\n\t\t\t<select class=\"form-select\" name=\"time\">\n\t\t\t\t<option selected>Cualquier momento<\/option>\n\t\t\t\t<option value=\"1\">Por la ma\u00f1ana<\/option>\n\t\t\t\t<option value=\"2\">Por la tarde<\/option>\n\t\t\t\t<option value=\"3\">Por la noche<\/option>\n\t\t\t<\/select>\n\t\t<\/div>\n\t\t<div class=\"col-12\">\n\t\t\t<label for=\"address\" class=\"form-label\">Direcci\u00f3n <small><\/small><\/label>\n\t\t\t<input id=\"address\" name=\"address\" type=\"text\" class=\"form-control\" \/>\n\t\t<\/div>\n\t\t<div class=\"col-12\">\n\t\t\t<label for=\"formComment\" class=\"form-label\">Mensaje<\/label>\n\t\t\t<textarea class=\"form-control\" placeholder=\"Deje su comentario aqu\u00ed\" name=\"comment\" id=\"formComment\" maxlength=\"8000\" rows=\"5\"><\/textarea>\n\t\t<\/div>\n\t\t\t\t<div class=\"col-12\">\n\t\t\t<div class=\"form-check\">\n\t\t\t\t<input type=\"checkbox\" class=\"form-check-input\" id=\"contact_form_1-customCheck1\" name=\"privacy_policy\" required data-error=\"Campo obligatorio\">\n\t\t\t\t<label class=\"form-check-label\" for=\"contact_form_1-customCheck1\">Acepto la <a target=\"_blank\" class=\"text-decoration-none\" href=\"https:\/\/www.panoramamarbella.com\/privacy-policy\">Condiciones generales<\/a><\/label>\n\t\t\t<\/div>\n\t\t\t<div class=\"form-check\">\n\t\t\t\t<input type=\"checkbox\" class=\"form-check-input\" id=\"contact_form_1-customCheck2\" name=\"commercial_information\">\n\t\t\t\t<label class=\"form-check-label\" for=\"contact_form_1-customCheck2\">Acepto recibir comunicaciones de Panorama<\/label>\n\t\t\t<\/div>\n\t\t<\/div>\n\t<\/div>\n\t<button data-ids=\"contact_form_1\" data-lang=\"es\" data-sitekey=\"6LeWOaYZAAAAAGZM7q40J51QMau9I_gs19mp9lZJ\" class=\"align-self-start btn btn-primary px-4 py-2 mt-4 g-recaptcha\" role=\"button\" aria-label=\"Send\">Enviar<\/button>\n<\/form><\/div>\n\n\n<hr class=\"w-75 mt-3 mt-md-5 mb-3 mb-md-6 mx-auto border-1 border-secondary opacity-50\">\n\n\n\n\n\n\t\t<section class=\"container mb-5 wp-block-acf-cardmosaic\">\n\t\t\t<h2 class=\"mb-4\">Tambi\u00e9n le podr\u00eda interesar<\/h2>\t\t\t<div class=\"card-mosaic row gy-4\">\n\t\t\t\t<div class=\"col-xl-6 col-xxl-8\">\n\t\t\t\t\t<article class=\"card-mosaic-featured position-relative\">\n    <figure class=\"ratio ratio-16x9 mb-0 overflow-hidden\">\n        <picture><source sizes=\"(max-width: 575px) calc(100vw - 24px), (max-width: 767px) 516px, (max-width: 991px) 696px, (max-width: 1199) 936px, (max-width: 1399) 546px, 856px\" width=\"936\" height=\"527\" srcset=\"https:\/\/media.panoramamarbella.com\/imgV1\/B95mbh8olwFQm~uCT2wPZMb8hll4wghQQQq6YWg0~c~U_DrmgY8pGP8pqaDzA6mvjyI_OPtcrHD_aKxDZZG4taWcE5usyFv7Mt1AMuyW8e6R5gYifsbK9vdh9iQRFyODYyWtUsrEc7bzFdBZwkR6QXVZDBqbLQYLYaIdTjrqo4zF42d~zHMhRSJ3tOXaRlMNvSNyPTDvh7AQ.webp 936w,https:\/\/media.panoramamarbella.com\/imgV1\/B95mbh8olwFQm~uCT2wPZMb8hll4wghQQQq6YWg0~c~U_DrmgY8pGP8pqaDzA6mvjyI_OPtcrHD_aKxDZZG4taWcE5usyFv7Mt1AMuyW8e6R5gYifsbK9vdh9iQRFyODYyWtUsrEcget0lWX2p_XpLOs9z4Z8bNK0Gyzl2i2fK8q4g19EOraH7d6rfOkCuJUcQ497M7q3Doc.webp 856w\" type=\"image\/webp\"><img decoding=\"async\" class=\"position-absolute w-100 h-100 top-0 start-0 object-fit-cover\" loading=\"lazy\" alt=\"Terraza soleada con sof\u00e1 de mimbre, cojines, plantas en macetas y vistas a la monta\u00f1a bajo un cielo azul.\" width=\"936\" height=\"527\" src=\"https:\/\/media.panoramamarbella.com\/imgV1\/B95mbh8olwFQm~uCT2wPZMb8hll4wghQQQq6YWg0~c~U_DrmgY8pGP8pqaDzA6mvjyI_OPtcrHD_aKxDZZG4taWcE5usyFv7Mt1AMuyW8e6R5gYifsbK9vdh9iQRFyODYyWtUsrEc7bzFdBZwkR6QXVZDBqbM16GQGs0l_Mpt7PMyhy5tbQ-.jpg\"><\/picture>    <\/figure>\n    <div class=\"px-3 py-4 shadow\">\n        <a href=\"https:\/\/www.panoramamarbella.com\/es\/news\/consejos-para-tu-vivienda-de-lujo\" title=\"\u00bfVendes tu vivienda en Marbella? Consejos para presentar tu vivienda de lujo\" class=\"stretched-link\">\n            <strong class=\"card-mosaic-title fs-4 lh-1\">\u00bfVendes tu vivienda en Marbella? Consejos para presentar tu vivienda de lujo<\/strong>\n        <\/a>\n        Prepara tu casa en Marbella con estilo y atractivo para destacar y asegurarte la mejor oferta.    <\/div>\n<\/article>\t\t\t\t<\/div>\n\t\t\t\t<div class=\"col-xl-6 col-xxl-4 d-flex flex-column gap-4\">\n\t\t\t\t\t<article class=\"card-mosaic-item position-relative d-flex align-items-center flex-nowrap shadow\">\n    <figure class=\"ratio ratio-1x1 mb-0 overflow-hidden\">\n        <picture><source width=\"130\" height=\"130\" srcset=\"https:\/\/media.panoramamarbella.com\/imgV1\/B95mbh8olwFQm~uCT2wPZMb8hll4wghQQQq6YWg0~c~U_DrmgY8pGP8pqaDzA6mvjyI_OPtcrHD_aKxDZZGzdMrlxux2GewoNBrrv2DVeEkYeePUgJoO4c8oEE_SxrqRMHUCUvygtdEJeFR7CVx7tSbesYH~O7cyDHaCAwMKiYVxmp3gQlp6ferEjR9QoGHGHYODDgrsLQ--.webp 130w\" type=\"image\/webp\"><img decoding=\"async\" class=\"position-absolute start-0 top-0 w-100 h-100 object-fit-cover\" loading=\"lazy\" alt=\"Seguro de hogar. Lluvia y paraguas que se tapan con la lluvia\" width=\"130\" height=\"130\" src=\"https:\/\/media.panoramamarbella.com\/imgV1\/B95mbh8olwFQm~uCT2wPZMb8hll4wghQQQq6YWg0~c~U_DrmgY8pGP8pqaDzA6mvjyI_OPtcrHD_aKxDZZGzdMrlxux2GewoNBrrv2DVeEkYeePUgJoO4c8oEE_SxrqRMHUCUvygtdEJeFR7CVx7tSbesZ~rL2SUR3Ox8e7dMdfuRHWM.jpg\"><\/picture>    <\/figure>\n\t<p class=\"p-3 mb-0\">\n        <a href=\"https:\/\/www.panoramamarbella.com\/es\/news\/seguro-de-hogar-en-espana\" title=\"\u00bfSu hogar est\u00e1 realmente protegido? Todo lo que debe saber sobre el seguro de hogar\" class=\"stretched-link\">\n            <strong class=\"card-mosaic-title fs-5 lh-1\">\u00bfSu hogar est\u00e1 realmente protegido? Todo lo que debe saber sobre el seguro de hogar<\/strong>\n        <\/a>\n    <\/p>\n<\/article><article class=\"card-mosaic-item position-relative d-flex align-items-center flex-nowrap shadow\">\n    <figure class=\"ratio ratio-1x1 mb-0 overflow-hidden\">\n        <picture><source width=\"130\" height=\"130\" srcset=\"https:\/\/media.panoramamarbella.com\/imgV1\/B95mbh8olwFQm~uCT2wPZMb8hll4wghQQQq6YWg0~c~U_DrmgY8pGP8pqaDzA6mvjyI_OPtcrHD_aKxCvYPm8lyM7DZ83Dwmp~RWv86_kJlyWvnJiXKuk_YBWrz8DyyrtSI0EDms_zLZwI20b6_Z7qetoy6Brec_U~fose0HY5WLygaQIBYHZ5aWcazgogc1zWIwwmRNBDw-.webp 130w\" type=\"image\/webp\"><img decoding=\"async\" class=\"position-absolute start-0 top-0 w-100 h-100 object-fit-cover\" loading=\"lazy\" alt=\"Descubre 8 tendencias actuales en dise\u00f1o para hogares en Marbella\" width=\"130\" height=\"130\" src=\"https:\/\/media.panoramamarbella.com\/imgV1\/B95mbh8olwFQm~uCT2wPZMb8hll4wghQQQq6YWg0~c~U_DrmgY8pGP8pqaDzA6mvjyI_OPtcrHD_aKxCvYPm8lyM7DZ83Dwmp~RWv86_kJlyWvnJiXKuk_YBWrz8DyyrtSI0EDms_zLZwI20b6_Z7qetoy6fsChiy96~xq_X6u_tVmKQLg--.jpg\"><\/picture>    <\/figure>\n\t<p class=\"p-3 mb-0\">\n        <a href=\"https:\/\/www.panoramamarbella.com\/es\/news\/diseno-para-hogares-en-marbella\" title=\"Descubre 8 tendencias actuales en dise\u00f1o para hogares en Marbella\" class=\"stretched-link\">\n            <strong class=\"card-mosaic-title fs-5 lh-1\">Descubre 8 tendencias actuales en dise\u00f1o para hogares en Marbella<\/strong>\n        <\/a>\n    <\/p>\n<\/article><article class=\"card-mosaic-item position-relative d-flex align-items-center flex-nowrap shadow\">\n    <figure class=\"ratio ratio-1x1 mb-0 overflow-hidden\">\n        <picture><source width=\"130\" height=\"130\" srcset=\"https:\/\/media.panoramamarbella.com\/imgV1\/B95mbh8olwFQm~uCT2wPZMb8hll4wghQQQq6YWg0~c~U_DrmgY8pGP8pqaDzA6mvjyI_OPtcrHD_aKxCvYKKgTdZepAooaPh1tI8nUAOpn~dscsqWEtHVoZTlrAZ~LvK60BeglJMwBo~WaEOuxx3lWEBs93j~7xL1naWFGQt7Ngn7MfG~nTkr8CFFgMnO0liA7Yi3c9qIkI-.webp 130w\" type=\"image\/webp\"><img decoding=\"async\" class=\"position-absolute start-0 top-0 w-100 h-100 object-fit-cover\" loading=\"lazy\" alt=\"\u00bfC\u00f3mo vender tu vivienda m\u00e1s r\u00e1pido y a mayor precio? \u00a1Ref\u00f3rmala!\" width=\"130\" height=\"130\" src=\"https:\/\/media.panoramamarbella.com\/imgV1\/B95mbh8olwFQm~uCT2wPZMb8hll4wghQQQq6YWg0~c~U_DrmgY8pGP8pqaDzA6mvjyI_OPtcrHD_aKxCvYKKgTdZepAooaPh1tI8nUAOpn~dscsqWEtHVoZTlrAZ~LvK60BeglJMwBo~WaEOuxx3lWEBs939eWRfVkYaWMC7vvOAXXwtdA--.jpg\"><\/picture>    <\/figure>\n\t<p class=\"p-3 mb-0\">\n        <a href=\"https:\/\/www.panoramamarbella.com\/es\/news\/vender-tu-vivienda-mas-rapido\" title=\"\u00bfC\u00f3mo vender su vivienda m\u00e1s r\u00e1pido y a mayor precio? \u00a1Ref\u00f3rmela!\" class=\"stretched-link\">\n            <strong class=\"card-mosaic-title fs-5 lh-1\">\u00bfC\u00f3mo vender su vivienda m\u00e1s r\u00e1pido y a mayor precio? \u00a1Ref\u00f3rmela!<\/strong>\n        <\/a>\n    <\/p>\n<\/article>\t\t\t\t\t<a href=\"\/es\/news\" class=\"btn btn-primary py-3 mt-auto\">Noticias y art\u00edculos<\/a>\t\t\t\t<\/div>\n\t\t\t<\/div>\n\t\t<\/section>\n\n","protected":false},"excerpt":{"rendered":"","protected":false},"author":2,"featured_media":3923,"parent":0,"menu_order":26,"comment_status":"closed","ping_status":"closed","template":"","meta":{"_acf_changed":false,"footnotes":""},"class_list":["post-5065","page","type-page","status-publish","has-post-thumbnail","hentry"],"acf":[],"_links":{"self":[{"href":"https:\/\/www.panoramamarbella.com\/es\/wp-json\/wp\/v2\/pages\/5065","targetHints":{"allow":["GET"]}}],"collection":[{"href":"https:\/\/www.panoramamarbella.com\/es\/wp-json\/wp\/v2\/pages"}],"about":[{"href":"https:\/\/www.panoramamarbella.com\/es\/wp-json\/wp\/v2\/types\/page"}],"author":[{"embeddable":true,"href":"https:\/\/www.panoramamarbella.com\/es\/wp-json\/wp\/v2\/users\/2"}],"replies":[{"embeddable":true,"href":"https:\/\/www.panoramamarbella.com\/es\/wp-json\/wp\/v2\/comments?post=5065"}],"version-history":[{"count":1,"href":"https:\/\/www.panoramamarbella.com\/es\/wp-json\/wp\/v2\/pages\/5065\/revisions"}],"predecessor-version":[{"id":12323,"href":"https:\/\/www.panoramamarbella.com\/es\/wp-json\/wp\/v2\/pages\/5065\/revisions\/12323"}],"wp:featuredmedia":[{"embeddable":true,"href":"https:\/\/www.panoramamarbella.com\/es\/wp-json\/wp\/v2\/media\/3923"}],"wp:attachment":[{"href":"https:\/\/www.panoramamarbella.com\/es\/wp-json\/wp\/v2\/media?parent=5065"}],"curies":[{"name":"wp","href":"https:\/\/api.w.org\/{rel}","templated":true}]}}