{"id":5079,"date":"2024-05-30T10:23:41","date_gmt":"2024-05-30T08:23:41","guid":{"rendered":"https:\/\/www.panoramamarbella.com\/why-rent-out-your-property-with-panorama"},"modified":"2025-09-30T10:32:49","modified_gmt":"2025-09-30T08:32:49","slug":"por-que-alquilar-su-casa-con-panorama","status":"publish","type":"page","link":"https:\/\/www.panoramamarbella.com\/es\/por-que-alquilar-su-casa-con-panorama","title":{"rendered":"\u00bfPor qu\u00e9 alquilar su casa en Marbella con Panorama?"},"content":{"rendered":"<div class=\"lead\"><p>Alquilar su casa puede ser un proceso complejo y lento, especialmente en un mercado tan competitivo como el de Marbella. En Panorama, entendemos estos retos y ofrecemos una amplia gama de servicios para que el alquiler de su propiedad sea fluido y rentable. Como la agencia inmobiliaria m\u00e1s antigua y de mayor confianza de Marbella, Panorama, con m\u00e1s de 50 a\u00f1os de experiencia, se encuentra en una posici\u00f3n \u00fanica para ofrecer una experiencia y un apoyo incomparables.<\/p>\n<\/div>\n\n\n<ul class=\"table-index list-unstyled p-4 p-lg-5 ms-0 bg-light\"><li class=\"text-uppercase fw-bold mb-3\">Tabla de contenidos<\/li><li><a href=\"#experiencia+y+confianza+inigualables\">\nExperiencia y confianza inigualables\n<\/a><\/li>\n<li><a href=\"#conocimiento+experto+de+las+leyes+y+normativas+locales\">\nConocimiento experto de las leyes y normativas locales\n<\/a><\/li>\n<li><a href=\"#mantenimiento+y+gestion+proactivos\">\nMantenimiento y gesti\u00f3n proactivos\n<\/a><\/li>\n<li><a href=\"#gestion+fluida+de+la+rotacion+de+inquilinos\">\nGesti\u00f3n fluida de la rotaci\u00f3n de inquilinos\n<\/a><\/li>\n<li><a href=\"#estrategias+de+marketing+a+medida\">\nEstrategias de marketing a medida\n<\/a><\/li>\n<li><a href=\"#experiencia+local+inigualable\">\nExperiencia local inigualable\n<\/a><\/li>\n<li><a href=\"#empiece+a+alquilar+su+casa+con+panorama\">\nEmpiece a alquilar su casa con Panorama\n<\/a><\/li><\/ul>\n\n\n\n<h2 class=\"wp-block-heading\">Experiencia y confianza inigualables<\/h2>\n\n\n\n<p>Con m\u00e1s de 50 a\u00f1os de experiencia, Panorama es la agencia inmobiliaria m\u00e1s antigua y de mayor confianza de Marbella. Nuestra larga presencia en el mercado inmobiliario de lujo es un testimonio de nuestra fiabilidad, experiencia y dedicaci\u00f3n al servicio de nuestros clientes.<\/p>\n\n\n\t<figure class=\"wp-caption alignleft mb-0 wp-block-acf-wpimage\">\n\t<picture><source width=\"500\" height=\"500\" srcset=\"https:\/\/media.panoramamarbella.com\/imgV1\/B95mbh8olwFQm~uCT2wPZMb8hll4wghQQQq6YWg0~c~U_DrmgY8pGP8pqaDzA6mvjyI_OPtcrHD_aKxCvYKIXpmQm5z1z8OkAuImAoXMAgaRGhmzxd4P2NFDirqOg~fFhGIqr9Vl2k3glp~1dlSlsfH4PBmBrH7FfcZgcexukL~~nB2EH3ky2xDuVJZXqXCm0299Lmou.webp 500w\" type=\"image\/webp\"><img decoding=\"async\" class=\"img-fluid\" loading=\"lazy\" width=\"500\" height=\"500\" alt=\"Villa en alquiler en Marbella.\" src=\"https:\/\/media.panoramamarbella.com\/imgV1\/B95mbh8olwFQm~uCT2wPZMb8hll4wghQQQq6YWg0~c~U_DrmgY8pGP8pqaDzA6mvjyI_OPtcrHD_aKxCvYKIXpmQm5z1z8OkAuImAoXMAgaRGhmzxd4P2NFDirqOg~fFhGIqr9Vl2k3glp~1dlSlsfH4IvI2MRiPy3eBxbaUFnECFrg-.jpg\"><\/picture>\t\t\t<figcaption class=\"wp-caption-text\">\n\t\tVilla en alquiler en Marbella\t\t<\/figcaption>\n\t\t\t<\/figure>\n\t\n\n\n<h3 class=\"wp-block-heading\">Alquileres de corta duraci\u00f3n y vacacionales.<\/h3>\n\n\n\n<p class=\"clearfix\">Gestionamos alquileres a corto plazo, perfectos para los veraneantes que buscan disfrutar del encanto de Marbella. Nuestros servicios incluyen marketing, gesti\u00f3n de reservas y servicios para hu\u00e9spedes para garantizar una experiencia sin complicaciones tanto para usted como para sus hu\u00e9spedes.<\/p>\n\n\n\n<h3 class=\"wp-block-heading\">Alquileres de larga duraci\u00f3n.<\/h3>\n\n\n\n<p>Para alquileres a largo plazo, nos encargamos de los contratos de arrendamiento, el cobro de las rentas y el mantenimiento continuo de la propiedad. Nuestro objetivo es proporcionar un flujo constante de ingresos y tranquilidad a los propietarios.<\/p>\n\n\n\n<h2 class=\"wp-block-heading\">Conocimiento experto de las leyes y normativas locales<\/h2>\n\n\n\n<p>Navegar por el panorama legal del alquiler de propiedades puede ser complejo. Nuestro equipo se mantiene al d\u00eda de las \u00faltimas normativas locales y garantiza su cumplimiento, protegiendo sus intereses y minimizando los riesgos legales. Desde la redacci\u00f3n de contratos de arrendamiento hasta la comprensi\u00f3n de las implicaciones fiscales, ofrecemos un apoyo jur\u00eddico integral.<\/p>\n\n\n<article class=\"col w-100 position-relative wp-block-acf-banner\">\n    <div class=\"d-flex flex-wrap flex-column flex-xl-row align-items-start align-items-xl-end gap-4 w-100 bg-primary text-white p-4\">\n        <div class=\"d-flex flex-column\">\n\t\t\t            <a href=\"https:\/\/www.panoramamarbella.com\/es\/contacto\" class=\"stretched-link text-white text-decoration-none\" title=\"\u00bfListo para sacar el m\u00e1ximo partido a su casa?\">\n\t\t\t\t<h2 class=\"text-white mb-3\">\u00bfListo para sacar el m\u00e1ximo partido a su casa?<\/h2>            <\/a>\n\t\t\t            <p class=\"mb-0\">\n                Alquile su vivienda con Panorama y despreoc\u00fapese de toda la gesti\u00f3n.             <\/p>\n\t\t\t        <\/div>\n\t\t        <span class=\"btn btn-outline-light ms-xl-auto\">\u00a1Contacte con nosotros!<\/span>\n\t\t    <\/div>\n<\/article>\n\n\n\n\t<figure class=\"wp-caption alignright mt-5 wp-block-acf-wpimage\">\n\t<picture><source width=\"500\" height=\"500\" srcset=\"https:\/\/media.panoramamarbella.com\/imgV1\/B95mbh8olwFQm~uCT2wPZMb8hll4wghQQQq6YWg0~c~U_DrmgY8pGP8pqaDzA6mvjyI_OPtcrHD_aKxCvYKIXptM61ZpXGS~yezcYFRx9XwSDzmz2V431N9fe22MqOGw~kaYT9EvjrrIlc7FtbqJs~AH2swLtnFA4EU~bos8o7XLtt6LF2Kn5782wCuI7A--.webp 500w\" type=\"image\/webp\"><img decoding=\"async\" class=\"img-fluid\" loading=\"lazy\" width=\"500\" height=\"500\" alt=\"Mantenimiento general de casas en alquiler\" src=\"https:\/\/media.panoramamarbella.com\/imgV1\/B95mbh8olwFQm~uCT2wPZMb8hll4wghQQQq6YWg0~c~U_DrmgY8pGP8pqaDzA6mvjyI_OPtcrHD_aKxCvYKIXptM61ZpXGS~yezcYFRx9XwSDzmz2V431N9fe22MqOGw~kaYT9EvjrrIldAbpMiRM4lTStg3bsCR5mdy.jpg\"><\/picture>\t\t\t<figcaption class=\"wp-caption-text\">\n\t\tMantenimiento de viviendas\t\t<\/figcaption>\n\t\t\t<\/figure>\n\t\n\n\n<h2 class=\"wp-block-heading\">Mantenimiento y gesti\u00f3n proactivos<\/h2>\n\n\n\n<p>Entendemos que el mantenimiento de su propiedad es crucial para preservar su valor y atractivo.<\/p>\n\n\n\n<p class=\"clearfix\">Nuestro equipo realiza inspecciones peri\u00f3dicas y coordina las reparaciones y el mantenimiento, garantizando que su propiedad se mantenga en excelentes condiciones. Nos encargamos de todo, desde el mantenimiento rutinario hasta las reparaciones de emergencia, para que usted no tenga que preocuparse.<\/p>\n\n\n\n<h2 class=\"wp-block-heading\">Gesti\u00f3n fluida de la rotaci\u00f3n de inquilinos<\/h2>\n\n\n\n<p>Gestionar la rotaci\u00f3n de inquilinos puede llevar mucho tiempo y ser estresante. En Panorama, nos encargamos de todo el proceso, desde la entrada hasta la salida de los inquilinos. Nuestros servicios incluyen:<\/p>\n\n\n\n<h3 class=\"wp-block-heading\">Registro de entrada y salida.<\/h3>\n\n\n\n<p>Gestionamos la log\u00edstica de las entradas y salidas de los inquilinos, incluidas las entregas de llaves y las inspecciones de la propiedad.<\/p>\n\n\n\n<h3 class=\"wp-block-heading\">Gesti\u00f3n de dep\u00f3sitos.<\/h3>\n\n\n\n<p>Gestionamos los dep\u00f3sitos de seguridad, garantizando una gesti\u00f3n justa y transparente de acuerdo con la legislaci\u00f3n local.<\/p>\n\n\n\n<h3 class=\"wp-block-heading\">Un servicio al cliente excepcional.<\/h3>\n\n\n\n<p>Nuestro compromiso con la excelencia se refleja en las opiniones de nuestros clientes satisfechos. Esto es lo que dicen algunos de ellos:<\/p>\n\n\n\n<section class=\"wp-block-inm-wrappertestimonials container d-flex flex-column align-items-center gap-5\">\t<blockquote class=\"testimonial position-relative p-5 p-lg-7 bg-secondary bg-opacity-10 text-dark mb-0 mb-5 wp-block-acf-testimonial\">\n\t\t<p class=\"testimonial-excerpt lead mb-3\">Experiencia perfecta con Panorama. La comunicaci\u00f3n con Sarina fue fluida y el servicio, excelente. 100% recomendable.<\/p>\t\t\t\t<div class=\"testimonial-author d-flex flex-column position-relative mb-0 pt-4\">\n\t\t\t\t\t<strong>Camilo Antezana<\/strong><small>Suiza<\/small>\t\t\t\t<\/div>\n\t\t\t\t<\/blockquote>\n\t<\/section>\n\n\n\n<p>M\u00e1s informaci\u00f3n sobre nuestro <a href=\"https:\/\/www.panoramamarbella.com\/es\/servicios-al-cliente\" data-type=\"page\" data-id=\"5065\">Departamento de Servicios al Cliente<\/a>.<\/p>\n\n\n\n<h2 class=\"wp-block-heading\">Estrategias de marketing a medida<\/h2>\n\n\n\n<p>Para maximizar el potencial de alquiler de su propiedad, empleamos estrategias de marketing personalizadas que destacan sus caracter\u00edsticas \u00fanicas. Nuestras fotograf\u00edas profesionales, descripciones atractivas y publicidad estrat\u00e9gica en las principales plataformas de alquiler garantizan que su propiedad tenga la visibilidad que merece.<\/p>\n\n\n\n<h2 class=\"wp-block-heading\">Experiencia local inigualable<\/h2>\n\n\n\n<p>Nuestro arraigado conocimiento del mercado inmobiliario de Marbella nos permite ofrecerle un asesoramiento y una visi\u00f3n inigualables. Ya sea propietario de una villa en primera l\u00ednea de playa, un apartamento de lujo o una encantadora casa adosada, entendemos los matices de cada tipo de propiedad y podemos posicionar eficazmente su propiedad para atraer a los inquilinos adecuados.<\/p>\n\n\n\n<h2 class=\"wp-block-heading\" id=\"contact\">Empiece a alquilar su casa con Panorama<\/h2>\n\n\n\n<p>Elegir Panorama significa elegir tranquilidad y rentabilidad. P\u00f3ngase en contacto con nosotros hoy mismo para obtener m\u00e1s informaci\u00f3n sobre nuestros servicios de gesti\u00f3n de alquileres y c\u00f3mo podemos ayudarle a maximizar el potencial de su propiedad en Marbella.<\/p>\n\n\n\n<div class=\"contact-only bg-light wp-block-acf-contactform\">\n\t\t<div class=\"position-relative\">\n\t\t<span id=\"inm-contact-form\" class=\"position-absolute\" style=\"top:-130px\"><\/span>\n\t<\/div>\n\t\t\n\t\t<script src=\"https:\/\/www.google.com\/recaptcha\/api.js?render=6LeWOaYZAAAAAGZM7q40J51QMau9I_gs19mp9lZJ&#038;hl=es\"><\/script>\n\t\n<form id=\"contact_form_1\" class=\"needs-validation h-100 d-flex flex-column p-4 p-md-5\" data-contact=\"contact_form_1\" action=\"localhost\" method=\"POST\" novalidate>\n\t<strong class=\"h3 align-self-start\">Contacte con nosotros<\/strong><p class=\"mb-5\">Si necesita m\u00e1s informaci\u00f3n, rellene este formulario y un miembro de nuestro equipo se pondr\u00e1 en contacto con usted lo antes posible.<\/p>\t<span id=\"contact_form_1-result\" data-stext=\"source\" data-source=\"contact\"><\/span>\n\t<input type=\"hidden\" name=\"success\" value=\"\/es\/exito?source=rentals\" \/>\n\t<input type=\"hidden\" name=\"lang\" value=\"es\" \/>\n\t<input type=\"hidden\" name=\"agency\" value=\"399\" \/>\n\t<input type=\"hidden\" name=\"recipient\" value=\"rentals\" \/>\n\t<input type=\"hidden\" name=\"source\" value=\"https:\/\/www.panoramamarbella.com\/es\/wp-json\/wp\/v2\/pages\/5079\" \/>\n\t<input type=\"hidden\" name=\"subject\" value=\"Rental Listing Request (ES)\" \/>\n\t\t\t<input type=\"hidden\" name=\"origin\" value=\"\u00bfPor qu\u00e9 alquilar su casa en Marbella con Panorama?\" \/>\n\t\t<div class=\"row g-3\">\n\t\t<div class=\"col-md-6\">\n\t\t\t<label class=\"form-label\" for=\"name\">Nombre*<\/label>\n\t\t\t<input id=\"name\" name=\"name\" type=\"text\" class=\"form-control\" autocomplete=\"off\" required data-error=\"Nombre requerido\">\n\t\t<\/div>\n\t\t<div class=\"col-md-6\">\n\t\t\t<label class=\"form-label\" for=\"name\">Apellido*<\/label>\n\t\t\t<input id=\"lastname\" name=\"lastname\" type=\"text\" class=\"form-control\" autocomplete=\"off\" required data-error=\"Apellido\">\n\t\t<\/div>\n\t\t<div class=\"col-12\">\n\t\t\t<label class=\"form-label\" for=\"email\">Correo electr\u00f3nico*<\/label>\n\t\t\t<input id=\"email\" name=\"email\" type=\"email\" class=\"form-control\" autocomplete=\"off\" required data-error=\"Correo electr\u00f3nico requerido\">\n\t\t<\/div>\n\t\t\t\t<div class=\"col-md-6\">\n\t\t\t<label class=\"form-label\" for=\"phone\">N\u00famero de tel\u00e9fono <small><\/small><\/label>\n\t\t\t<input id=\"phone\" name=\"intphone\" type=\"tel\" class=\"form-control\" autocomplete=\"off\" placeholder=\"Tel\u00e9fono\" required data-error=\"Los n\u00fameros de tel\u00e9fono deben tener entre 8 y 20 d\u00edgitos\" pattern=\"(?:\\d\\s*){4,}\">\n\t\t<\/div>\n\t\t<div class=\"col-md-6\">\n\t\t\t<label class=\"form-label\">Mejor hora para llamar <small><\/small><\/label>\n\t\t\t<select class=\"form-select\" name=\"time\">\n\t\t\t\t<option selected>Cualquier momento<\/option>\n\t\t\t\t<option value=\"1\">Por la ma\u00f1ana<\/option>\n\t\t\t\t<option value=\"2\">Por la tarde<\/option>\n\t\t\t\t<option value=\"3\">Por la noche<\/option>\n\t\t\t<\/select>\n\t\t<\/div>\n\t\t<div class=\"col-12\">\n\t\t\t<label for=\"address\" class=\"form-label\">Direcci\u00f3n <small><\/small><\/label>\n\t\t\t<input id=\"address\" name=\"address\" type=\"text\" class=\"form-control\" \/>\n\t\t<\/div>\n\t\t<div class=\"col-12\">\n\t\t\t<label for=\"formComment\" class=\"form-label\">Mensaje<\/label>\n\t\t\t<textarea class=\"form-control\" placeholder=\"Deje su comentario aqu\u00ed\" name=\"comment\" id=\"formComment\" maxlength=\"8000\" rows=\"5\"><\/textarea>\n\t\t<\/div>\n\t\t\t\t<div class=\"col-12\">\n\t\t\t<div class=\"form-check\">\n\t\t\t\t<input type=\"checkbox\" class=\"form-check-input\" id=\"contact_form_1-customCheck1\" name=\"privacy_policy\" required data-error=\"Campo obligatorio\">\n\t\t\t\t<label class=\"form-check-label\" for=\"contact_form_1-customCheck1\">Acepto la <a target=\"_blank\" class=\"text-decoration-none\" href=\"https:\/\/www.panoramamarbella.com\/privacy-policy\">Condiciones generales<\/a><\/label>\n\t\t\t<\/div>\n\t\t\t<div class=\"form-check\">\n\t\t\t\t<input type=\"checkbox\" class=\"form-check-input\" id=\"contact_form_1-customCheck2\" name=\"commercial_information\">\n\t\t\t\t<label class=\"form-check-label\" for=\"contact_form_1-customCheck2\">Acepto recibir comunicaciones de Panorama<\/label>\n\t\t\t<\/div>\n\t\t<\/div>\n\t<\/div>\n\t<button data-ids=\"contact_form_1\" data-lang=\"es\" data-sitekey=\"6LeWOaYZAAAAAGZM7q40J51QMau9I_gs19mp9lZJ\" class=\"align-self-start btn btn-primary px-4 py-2 mt-4 g-recaptcha\" role=\"button\" aria-label=\"Send\">Enviar<\/button>\n<\/form><\/div>\n","protected":false},"excerpt":{"rendered":"<p>Experiencia y confianza inigualables Con m\u00e1s de 50 a\u00f1os de experiencia, Panorama es la agencia inmobiliaria m\u00e1s antigua y de mayor confianza de Marbella. Nuestra larga presencia en el mercado inmobiliario de lujo es un testimonio de nuestra fiabilidad, experiencia y dedicaci\u00f3n al servicio de nuestros clientes. Alquileres de corta duraci\u00f3n y vacacionales. Gestionamos alquileres&#8230;<\/p>\n","protected":false},"author":8,"featured_media":3886,"parent":0,"menu_order":29,"comment_status":"closed","ping_status":"closed","template":"","meta":{"_acf_changed":false,"footnotes":""},"class_list":["post-5079","page","type-page","status-publish","has-post-thumbnail","hentry"],"acf":[],"_links":{"self":[{"href":"https:\/\/www.panoramamarbella.com\/es\/wp-json\/wp\/v2\/pages\/5079","targetHints":{"allow":["GET"]}}],"collection":[{"href":"https:\/\/www.panoramamarbella.com\/es\/wp-json\/wp\/v2\/pages"}],"about":[{"href":"https:\/\/www.panoramamarbella.com\/es\/wp-json\/wp\/v2\/types\/page"}],"author":[{"embeddable":true,"href":"https:\/\/www.panoramamarbella.com\/es\/wp-json\/wp\/v2\/users\/8"}],"replies":[{"embeddable":true,"href":"https:\/\/www.panoramamarbella.com\/es\/wp-json\/wp\/v2\/comments?post=5079"}],"version-history":[{"count":1,"href":"https:\/\/www.panoramamarbella.com\/es\/wp-json\/wp\/v2\/pages\/5079\/revisions"}],"predecessor-version":[{"id":24045,"href":"https:\/\/www.panoramamarbella.com\/es\/wp-json\/wp\/v2\/pages\/5079\/revisions\/24045"}],"wp:featuredmedia":[{"embeddable":true,"href":"https:\/\/www.panoramamarbella.com\/es\/wp-json\/wp\/v2\/media\/3886"}],"wp:attachment":[{"href":"https:\/\/www.panoramamarbella.com\/es\/wp-json\/wp\/v2\/media?parent=5079"}],"curies":[{"name":"wp","href":"https:\/\/api.w.org\/{rel}","templated":true}]}}