{"id":1085,"date":"2024-05-14T17:17:00","date_gmt":"2024-05-14T15:17:00","guid":{"rendered":"https:\/\/www.panoramamarbella.com\/?post_type=agents&#038;p=1085"},"modified":"2025-11-18T13:23:39","modified_gmt":"2025-11-18T12:23:39","slug":"johan-olson","status":"publish","type":"agents","link":"https:\/\/www.panoramamarbella.com\/fr\/a-propos\/equipe-panorama\/johan-olson","title":{"rendered":"Johan Olson"},"content":{"rendered":"\n\n<p>Johan Olson est n\u00e9 en Su\u00e8de, a grandi en \u00c9thiopie et est revenu en Su\u00e8de pour \u00e9tudier l&rsquo;\u00e9conomie \u00e0 l&rsquo;universit\u00e9 de Stockholm. Apr\u00e8s un premier emploi dans la soci\u00e9t\u00e9 de construction su\u00e9doise NPL International, Johan a pass\u00e9 la plus grande partie de sa carri\u00e8re professionnelle en Suisse, o\u00f9 il a travaill\u00e9 comme conseiller financier pour les soci\u00e9t\u00e9s am\u00e9ricaines Merrill Lynch et Lehman Brothers et les banques priv\u00e9es suisses Mirabaud &amp; Cie et Lombard Odier. Johan s&rsquo;est sp\u00e9cialis\u00e9 dans les investissements alternatifs, notamment les hedge funds et le private equity, y compris les investissements immobiliers. Depuis 2020, Johan travaille comme agent immobilier \u00e0 Marbella, aidant ses clients \u00e0 trouver non seulement la maison id\u00e9ale, mais aussi un bon investissement. Il a rejoint Panorama en 2023.<\/p>\n\n\n\n<p>Lorsqu&rsquo;il ne travaille pas, Johan joue au golf \u00e0 La Reserva Golf Club \u00e0 Sotogrande ou fait de la randonn\u00e9e dans les montagnes de Bermejo. Johan parle su\u00e9dois, anglais et fran\u00e7ais et apprend l&rsquo;espagnol.<\/p>\n\n\n\n\n\t\t<section class=\"container wp-block-acf-inmpropselection\">\n\t\t\t<h2>Propri\u00e9t\u00e9s recommand\u00e9es par Johan<\/h2>\t\t\t<div class=\"row row-cols-1 row-cols-lg-3 gy-5 g-xxl-5\">\n\t\t\t\t\n<article class=\"col card-properties position-relative d-flex flex-column\">\n\t<div id=\"carouselCardProperties-1-0\" class=\"card-properties-images carousel slide carousel-fade lazy\" data-bs-ride=\"carousel\" data-bs-interval=\"200000\" data-id=\"695118\">\n\t\t<div class=\"carousel-inner\">\n\t\t\t<figure class=\"carousel-item mb-0 active ratio ratio-4x3\">\n\t\t\t\t<picture><source sizes=\"(max-width: 575px) calc(100vw - 24px), (max-width: 767px) 516px, (max-width: 991px) 696px, (max-width: 1199px) 296px, (max-width: 1399px) 356px, 400px\" width=\"696\" height=\"522\" srcset=\"https:\/\/media.panoramamarbella.com\/imgV1\/B95mbh8olwFQm~uCUaVOI2kQT0hb0a8sZ9turUNfnwtvuccYCzs0YVPfPbfkc2VnnN1JFDpkYaGfw1gJsS~5hOu4DEBG602B7yC1Jdp3y4TeOLY1Z1ydnyCUtrZ_cg55b9oh_lBvgazy5O2g1_gcM1Mn1Ow5PKX57OmbI4LX9N1iZovDKdS7h2NKdCmu5rv2j3N5kmwyemzDviQCpZfh8oYiiycDfthWmsViL7m2SGu22dk3pYQwmonTGBVTMPnpok2iLA1s~Ez31zUif6YQ_T1RuoX8YUYJ0hQjxiqdRuucVt_OV_0Tl11ziS7D3b0Qd5l9W7j8Z4YL392tHHQG2gq1L1DgtsKT8tHn77MvpaJlRCzlgLMcCKysTnNdVP9IFQrByMRnnF4eaC3bt86MY2cYZuOXeqBkzJ2Ev9TcMExrVWMRzqF5ThzENfAa_I4hfSoSfqyAk0wmYOg1NDJy.webp 696w,https:\/\/media.panoramamarbella.com\/imgV1\/B95mbh8olwFQm~uCUaVOI2kQT0hb0a8sZ9turUNfnwtvuccYCzs0YVPfPbfkc2VnnN1JFDpkYaGfw1gJsS~5hOu4DEBG602B7yC1Jdp3y4TeOLY1Z1ydnyCUtrZ_cg55b9oh_lBvgazy5O2g1_gcM1Mn1Ow5PKX57OmbI4LX9vV4DQRVSkKDaK19Ew4ElBmV0iOMk_NmyAmobpJPaFYwCu3B5bDun3QbHKzcYLvzSIuDZ3g98DrfEuIwz21OE2ZEymoJg8jIcw2xyI2zCddCF3qd_N~1h7kTkFJcvqprSbJHgOvrGVPnj1PIbpSCoyLlpuM3oUYQYVg0QWDoSF34Wglv94UbOb08lyB5qtaSpaPoEAdU~gdcy_Bvah5MHGMC9bs2ibOaPQNoru87QTYhswDc540iAW~w89r1Ohcmgp~06Qj7bqMU_2qMaIPt~uP6jOM3GQjIAQ4evOsAaWJt.webp 400w\" type=\"image\/webp\"><img decoding=\"async\" class=\"position-absolute w-100 h-100 object-fit-cover\" alt=\"Villa moderne avec vues spectaculaires sur la mer et la montagne \u00e0 La Finca de Marbella\" loading=\"lazy\" width=\"696\" height=\"522\" src=\"https:\/\/media.panoramamarbella.com\/imgV1\/B95mbh8olwFQm~uCUaVOI2kQT0hb0a8sZ9turUNfnwtvuccYCzs0YVPfPbfkc2VnnN1JFDpkYaGfw1gJsS~5hOu4DEBG602B7yC1Jdp3y4TeOLY1Z1ydnyCUtrZ_cg55b9oh_lBvgazy5O2g1_gcM1Mn1Ow5PKX57OmbI4LX9N1iZovDKdS7h2NKdCmu_IcCCbamB32OI8CN8lT5QSl0X~nNxhFpfCwovvgWNQudb7Q2RN5O2Ue2kLBWgvuDn_tZS1ODfuw~1DW3x0aSvYWwofvNJMZmUSD~oV~HuQFMu_Ch8UCZyJhUQ0qAb6W4nOpxht4ph2ixgaTIBXNYtZtZIIoxHHJpTe2~AXkZNfZPNT559CE_jHvDjrElZuXHkXdKkoSVl7bOp0ygRdmxuoIfkV~_j2Dwr_yQ1MoO1ryTQV2aTqeJxTeLv3cFgV8-.jpg\"><\/picture>\t\t\t<\/figure>\n\t\t\t\t\t\t<span class=\"card-properties-ref position-absolute z-2 bottom-0 end-0 bg-white text-primary py-1 px-3 me-3\">\n\t\t\t\tPANR-16316\t\t\t<\/span>\n\t\t\t<button class=\"card-properties-portfolio d-flex align-items-center justify-content-center position-absolute z-3 end-0 text-white bg-primary me-3 border-0 px-0\" data-pfl-id=\"695118\" data-pfl-filter=\"sale\" aria-label=\"Add to portfolio\">\n\t\t\t\t<svg width=\"18\" fill=\"currentColor\" viewBox=\"0 0 512 512\">\n\t\t\t\t\t<use href=\"https:\/\/www.panoramamarbella.com\/wp-content\/themes\/panoramamarbella\/dist\/src\/images\/icons.svg#svgHeart\"><\/use>\n\t\t\t\t<\/svg>\n\t\t\t\t<svg width=\"18\" fill=\"currentColor\" viewBox=\"0 0 512 512\">\n\t\t\t\t\t<use href=\"https:\/\/www.panoramamarbella.com\/wp-content\/themes\/panoramamarbella\/dist\/src\/images\/icons.svg#svgHeartIn\"><\/use>\n\t\t\t\t<\/svg>\n\t\t\t<\/button>\n\t\t<\/div>\n\t\t\t\t<button\n\t\t\tclass=\"carousel-control-prev\"\n\t\t\ttype=\"button\"\n\t\t\tdata-bs-target=\"#carouselCardProperties-1-0\"\n\t\t\tdata-bs-slide=\"prev\">\n\t\t\t<span class=\"carousel-control-prev-icon\" aria-hidden=\"true\"><\/span>\n\t\t\t<span class=\"visually-hidden\">Pr\u00e9c\u00e9dent<\/span>\n\t\t<\/button>\n\t\t<button\n\t\t\tclass=\"carousel-control-next\"\n\t\t\ttype=\"button\"\n\t\t\tdata-bs-target=\"#carouselCardProperties-1-0\"\n\t\t\tdata-bs-slide=\"next\">\n\t\t\t<span class=\"carousel-control-next-icon\" aria-hidden=\"true\"><\/span>\n\t\t\t<span class=\"visually-hidden\">Suivant<\/span>\n\t\t<\/button>\n\t\t\t<\/div>\n\t<div class=\"d-flex flex-column h-100 px-3 py-4 shadow\">\n\t\t\t\t<h3 class=\"card-properties-title mb-3\">\n\t\t\t<a class=\"stretched-link\" href=\"\/fr\/proprietes\/marbella\/marbella-est\/la-finca-de-marbella\/villas-maisons-isolee\/PANR-16316\">\n\t\t\t\tVilla moderne avec vues spectaculaires sur la mer et la montagne \u00e0 La Finca de Marbella\t\t\t<\/a>\n\t\t<\/h3>\n\t\t<p class=\"mb-3 text-black-dark\">La Finca de Marbella, Marbella Est<\/p>\n\t\t\t\t\t\t<p class=\"card-properties-description mb-3\">\n\t\t\tImpressionnante villa au design contemporain situ\u00e9e \u00e0 La Finca de Marbella, une communaut\u00e9 ferm\u00e9e exclusive \u00e0 l\u2019est de Marbella avec s\u00e9curit\u00e9 nocturne. La propri\u00e9t\u00e9 dispose de 609 m\u00b2 construits sur un terrain de 652 m\u00b2&#8230;\t\t<\/p>\n\t\t\t\t<span class=\"card-properties-price mt-auto\">\n\t\t\t\n\t\t\t<span class=\"card-properties-price mt-auto\" data-original-price=\"3095000\">3\u202f095\u202f000\u00a0\u20ac<\/span>\n\t\t\t\t<\/span>\n\t\t\t\t<ul class=\"card-properties-features list-unstyled d-flex flex-wrap align-items-center gap-3 pt-3 border-top mt-3 mb-0\">\n\t\t\t<li class=\"d-flex align-items-center\">5 Chambres<\/li><li class=\"d-flex align-items-center\">5 Bains<\/li>\t\t\t\t<li class=\"d-flex align-items-center\">\n\t\t\t\t\t <span class=\"me-1\" data-original-value=\"609\" data-original-unit=\"m&#038;sup2\">609 m&sup2;<\/span>Total\t\t\t\t<\/li>\n\t\t\t\t\t\t\t<li class=\"d-flex align-items-center\">\n\t\t\t\t\t <span class=\"me-1\" data-original-value=\"652\" data-original-unit=\"m&#038;sup2\">652 m&sup2;<\/span>Terrain\t\t\t\t<\/li>\n\t\t\t\t\t\t\t\t<li class=\"d-flex align-items-center\">\n\t\t\t\t\t <span class=\"me-1\" data-original-value=\"400\" data-original-unit=\"m&#038;sup2\">400 m&sup2;<\/span>Construit\t\t\t\t<\/li>\n\t\t\t\t\t\t\t<li class=\"d-flex align-items-center\">\n\t\t\t\t\t <span class=\"me-1\" data-original-value=\"209\" data-original-unit=\"m&#038;sup2\">209 m&sup2;<\/span>Terrasses\t\t\t\t<\/li>\n\t\t\t\t\t<\/ul>\n\t\t\t<\/div>\n<\/article>\n\n\n<article class=\"col card-properties position-relative d-flex flex-column\">\n\t<div id=\"carouselCardProperties-1-1\" class=\"card-properties-images carousel slide carousel-fade lazy\" data-bs-ride=\"carousel\" data-bs-interval=\"200000\" data-id=\"689292\">\n\t\t<div class=\"carousel-inner\">\n\t\t\t<figure class=\"carousel-item mb-0 active ratio ratio-4x3\">\n\t\t\t\t<picture><source sizes=\"(max-width: 575px) calc(100vw - 24px), (max-width: 767px) 516px, (max-width: 991px) 696px, (max-width: 1199px) 296px, (max-width: 1399px) 356px, 400px\" width=\"696\" height=\"522\" srcset=\"https:\/\/media.panoramamarbella.com\/imgV1\/B95mbh8olwFQm~uCUaVOI2kQT0hb0a8sZ9turUNfnwtvuccYCzs0YVPfPbfkc2VnnN1JFDpkYaGfw1gJsS~5hOp7Xz8SFsXPWMV1FDeT8DC4oVPL3NyGaXEc9r7z_k8hJcpKuSksvA8UrTk6PdGMFSx0IiJJs4u2FaETcCB0cTV7_8UtgpvxV9NINGIOHPlKocngeirR0bgXShaHrJg3tFXq8EEc7tidiyT5LdxDi4hSDtyQZbHUslHG6XJPlicOExH8BW1a1P5cg8DOZ83bBpyl2hmp0cf3cn37ZAIgyuMA4hNCtFlGnbmi1~5RShpN7OnO7WDyghmmjejdxFrd~InvY6rJPaGqmo3Cl~Y~9Tze_43~agVTeEfpgcVUhRRRB45jeT1mALOaN1FKKk8pKbSaVdEQEJBbo5~SwRUiUtWhXaI4rkFhQ3TUXQ7NzCAMjBxcKYg21DHM~ul6yrqC.webp 696w,https:\/\/media.panoramamarbella.com\/imgV1\/B95mbh8olwFQm~uCUaVOI2kQT0hb0a8sZ9turUNfnwtvuccYCzs0YVPfPbfkc2VnnN1JFDpkYaGfw1gJsS~5hOp7Xz8SFsXPWMV1FDeT8DC4oVPL3NyGaXEc9r7z_k8hJcpKuSksvA8UrTk6PdGMFSx0IiJJs4u2FaETcCB0c4~uttBsB0mvqQ~kW9qPD6fgwsqubsRn~1pqlJNzGW0cAlJfZIL2vKoiC8tQXz8hdL38uZoA0Q~selcg2xUQfzZZ9RmPxCelOB1WR_d7cdeb_n9SAgjaFQJPxkGfoS6sGT1lb21LWRk~vSRmdNYrxR9~6chcbIyKEsalSSzbEP1TeSX1qy7y_sD1h1x0~p5uJhZK_MRdnbVRt4vWl~B3NRJCZMjXj5JjAzxskmJgghjlyDdhus4q9gitW~tfPij1zB5s2tOTuLQpATJG7npFRftSrStLZHolTXELyCccdIOS.webp 400w\" type=\"image\/webp\"><img decoding=\"async\" class=\"position-absolute w-100 h-100 object-fit-cover\" alt=\"Penthouse avec terrasse priv\u00e9e sur le toit, piscine et vue sur la Concha au centre de Marbella\" loading=\"lazy\" width=\"696\" height=\"522\" src=\"https:\/\/media.panoramamarbella.com\/imgV1\/B95mbh8olwFQm~uCUaVOI2kQT0hb0a8sZ9turUNfnwtvuccYCzs0YVPfPbfkc2VnnN1JFDpkYaGfw1gJsS~5hOp7Xz8SFsXPWMV1FDeT8DC4oVPL3NyGaXEc9r7z_k8hJcpKuSksvA8UrTk6PdGMFSx0IiJJs4u2FaETcCB0cTV7_8UtgpvxV9NINGIOAq~3X58XBhchXcQaZ0fTyQU~nzcMyp7LkeJ7eGEe4q0EILW0788_Aq_ha3ADMtuYd_75dKxnmsvuSImLE4PdxCVbB~6b_qyhPHV3ZRPoggqZ1~KEiYfs7a04brDZWDu_7p2ralL3BjCTrZOFIBjipnS__4az7l7v_WDuKyvKlTlQeOrKAKJkSC65eIDs33NyhGXMe14y63m0xRzD69PTQFAAhF9mFx4MZt~R3xdzLI800_lUu7hR3eysQhxUTEE-.jpg\"><\/picture>\t\t\t<\/figure>\n\t\t\t\t\t\t<span class=\"card-properties-ref position-absolute z-2 bottom-0 end-0 bg-white text-primary py-1 px-3 me-3\">\n\t\t\t\tPANR-16284\t\t\t<\/span>\n\t\t\t<button class=\"card-properties-portfolio d-flex align-items-center justify-content-center position-absolute z-3 end-0 text-white bg-primary me-3 border-0 px-0\" data-pfl-id=\"689292\" data-pfl-filter=\"sale\" aria-label=\"Add to portfolio\">\n\t\t\t\t<svg width=\"18\" fill=\"currentColor\" viewBox=\"0 0 512 512\">\n\t\t\t\t\t<use href=\"https:\/\/www.panoramamarbella.com\/wp-content\/themes\/panoramamarbella\/dist\/src\/images\/icons.svg#svgHeart\"><\/use>\n\t\t\t\t<\/svg>\n\t\t\t\t<svg width=\"18\" fill=\"currentColor\" viewBox=\"0 0 512 512\">\n\t\t\t\t\t<use href=\"https:\/\/www.panoramamarbella.com\/wp-content\/themes\/panoramamarbella\/dist\/src\/images\/icons.svg#svgHeartIn\"><\/use>\n\t\t\t\t<\/svg>\n\t\t\t<\/button>\n\t\t<\/div>\n\t\t\t\t<button\n\t\t\tclass=\"carousel-control-prev\"\n\t\t\ttype=\"button\"\n\t\t\tdata-bs-target=\"#carouselCardProperties-1-1\"\n\t\t\tdata-bs-slide=\"prev\">\n\t\t\t<span class=\"carousel-control-prev-icon\" aria-hidden=\"true\"><\/span>\n\t\t\t<span class=\"visually-hidden\">Pr\u00e9c\u00e9dent<\/span>\n\t\t<\/button>\n\t\t<button\n\t\t\tclass=\"carousel-control-next\"\n\t\t\ttype=\"button\"\n\t\t\tdata-bs-target=\"#carouselCardProperties-1-1\"\n\t\t\tdata-bs-slide=\"next\">\n\t\t\t<span class=\"carousel-control-next-icon\" aria-hidden=\"true\"><\/span>\n\t\t\t<span class=\"visually-hidden\">Suivant<\/span>\n\t\t<\/button>\n\t\t\t<\/div>\n\t<div class=\"d-flex flex-column h-100 px-3 py-4 shadow\">\n\t\t\t\t<h3 class=\"card-properties-title mb-3\">\n\t\t\t<a class=\"stretched-link\" href=\"\/fr\/proprietes\/marbella\/marbella-ville\/appartements-habitats\/PANR-16284\">\n\t\t\t\tPenthouse avec terrasse priv\u00e9e sur le toit, piscine et vue sur la Concha au centre de Marbella\t\t\t<\/a>\n\t\t<\/h3>\n\t\t<p class=\"mb-3 text-black-dark\">Marbella Ville<\/p>\n\t\t\t\t\t\t<p class=\"card-properties-description mb-3\">\n\t\t\tAu c\u0153ur de Marbella, \u00e0 quelques pas seulement de la promenade du bord de mer, ce superbe penthouse de 3 chambres enti\u00e8rement r\u00e9nov\u00e9 offre un savant m\u00e9lange de confort, de style et d\u2019emplacement. Situ\u00e9 dans&#8230;\t\t<\/p>\n\t\t\t\t<span class=\"card-properties-price mt-auto\">\n\t\t\t\n\t\t\t<span class=\"card-properties-price mt-auto\" data-original-price=\"1695000\">1\u202f695\u202f000\u00a0\u20ac<\/span>\n\t\t\t\t<\/span>\n\t\t\t\t<ul class=\"card-properties-features list-unstyled d-flex flex-wrap align-items-center gap-3 pt-3 border-top mt-3 mb-0\">\n\t\t\t<li class=\"d-flex align-items-center\">3 Chambres<\/li><li class=\"d-flex align-items-center\">3 Bains<\/li>\t\t\t\t<li class=\"d-flex align-items-center\">\n\t\t\t\t\t <span class=\"me-1\" data-original-value=\"255\" data-original-unit=\"m&#038;sup2\">255 m&sup2;<\/span>Total\t\t\t\t<\/li>\n\t\t\t\t\t\t\t<li class=\"d-flex align-items-center\">\n\t\t\t\t\t <span class=\"me-1\" data-original-value=\"130\" data-original-unit=\"m&#038;sup2\">130 m&sup2;<\/span>Construit\t\t\t\t<\/li>\n\t\t\t\t\t\t\t<li class=\"d-flex align-items-center\">\n\t\t\t\t\t <span class=\"me-1\" data-original-value=\"125\" data-original-unit=\"m&#038;sup2\">125 m&sup2;<\/span>Terrasses\t\t\t\t<\/li>\n\t\t\t\t\t<\/ul>\n\t\t\t<\/div>\n<\/article>\n\n\n<article class=\"col card-properties position-relative d-flex flex-column\">\n\t<div id=\"carouselCardProperties-1-2\" class=\"card-properties-images carousel slide carousel-fade lazy\" data-bs-ride=\"carousel\" data-bs-interval=\"200000\" data-id=\"682898\">\n\t\t<div class=\"carousel-inner\">\n\t\t\t<figure class=\"carousel-item mb-0 active ratio ratio-4x3\">\n\t\t\t\t<picture><source sizes=\"(max-width: 575px) calc(100vw - 24px), (max-width: 767px) 516px, (max-width: 991px) 696px, (max-width: 1199px) 296px, (max-width: 1399px) 356px, 400px\" width=\"696\" height=\"522\" srcset=\"https:\/\/media.panoramamarbella.com\/imgV1\/B95mbh8olwFQm~uCUaVOI2kQT0hb0a8sZ9turUNfnwtvuccYCzs0YVPfPbfkc2VnnN1JFDpkYaGfw1gJsS~5hOluMr3gPKODo2IWE8T8mK7QFDcwIqG3Sl_evg9WJHcRyk_P~N34TXLyeQDn95Hr8j97NGJj1sCpsEy8oG8pQWZFbhN~daFBDsprz6OMhi1hRFCHg~ZoFyxpjR78hB0A3Jje9mdWoDEMHBwkSpWllrTLvPFprTS74~eYHuM~guOQEWBweyWQvuz4dezzIQXW2xzWJDGj96zfLDJ6nG~49A1zvWjoSVFrf98lGEx7jqdanp_E~R1oL6J2eiqxJezfyu1E7OOcqWNaZ5AS9FMRr1lMmM0aSKtVXCEE2M2Qu5isIeekLZOWH_oJR0ltpo7hO3UVB8vpxKU52LnZNFTfWSZuU3V5Rj03pZyEmUuVMOUvcV6xTVMbmWKvlJja2TMY.webp 696w,https:\/\/media.panoramamarbella.com\/imgV1\/B95mbh8olwFQm~uCUaVOI2kQT0hb0a8sZ9turUNfnwtvuccYCzs0YVPfPbfkc2VnnN1JFDpkYaGfw1gJsS~5hOluMr3gPKODo2IWE8T8mK7QFDcwIqG3Sl_evg9WJHcRyk_P~N34TXLyeQDn95Hr8j97NGJj1sCpsEy8oG8pQwACejTlUgd~MIRf_fxqqttm00q3pY9yQFbFMgUfhnb09sOVC30fN_AZg4pL5wh6_mas2M~rKdRNJGeKd9KmseFbcaFFRKltq_PIenXIB4sRX1Fps8fKpI6J5~SCayMDZEXCXAFoW31di~RoJ5tpKQ3twZNZPKxO8sf8GaC2LEWLdskETaGkY3TjwR2wRXPlo1zGUDi3WcpFDnWlHgJ5W5cZVbtMqjTIcDts8X0_PqnZTuM~EoFZKakJIzrDwKeKbtd8SMu0t4DFvI7n9iLExaXGNeWN~yynnfGl~BpbTgKU.webp 400w\" type=\"image\/webp\"><img decoding=\"async\" class=\"position-absolute w-100 h-100 object-fit-cover\" alt=\"Duplex impressionnant de quatre chambres dans le prestigieux Alcores del Golf\" loading=\"lazy\" width=\"696\" height=\"522\" src=\"https:\/\/media.panoramamarbella.com\/imgV1\/B95mbh8olwFQm~uCUaVOI2kQT0hb0a8sZ9turUNfnwtvuccYCzs0YVPfPbfkc2VnnN1JFDpkYaGfw1gJsS~5hOluMr3gPKODo2IWE8T8mK7QFDcwIqG3Sl_evg9WJHcRyk_P~N34TXLyeQDn95Hr8j97NGJj1sCpsEy8oG8pQWZFbhN~daFBDsprz6OMmMaEZWutrajHPftz3uMlAMVL1Bx4zSPggNBBLCheoTZ4SOvKlsCKgqjkV7_5kmVK8HDIhuk9GnxcubxXUfEII2pxO5osL9ckgHi62CAfAE5rqrQDWtYdMBtnLnSSijtX_fdYjeB0bSH47rlpD1fHyGraea8ymFMpkBPQxs810llaiDWgP~QYAFQ5y2b5zMbvWxtjyb5FVVjkSxAANKlwNL7TeS41uZ2RSCqaFktuG9oRnU3oJbSPTahGw8s11TU-.jpg\"><\/picture>\t\t\t<\/figure>\n\t\t\t\t\t\t<span class=\"card-properties-ref position-absolute z-2 bottom-0 end-0 bg-white text-primary py-1 px-3 me-3\">\n\t\t\t\tPANR-16196\t\t\t<\/span>\n\t\t\t<button class=\"card-properties-portfolio d-flex align-items-center justify-content-center position-absolute z-3 end-0 text-white bg-primary me-3 border-0 px-0\" data-pfl-id=\"682898\" data-pfl-filter=\"sale\" aria-label=\"Add to portfolio\">\n\t\t\t\t<svg width=\"18\" fill=\"currentColor\" viewBox=\"0 0 512 512\">\n\t\t\t\t\t<use href=\"https:\/\/www.panoramamarbella.com\/wp-content\/themes\/panoramamarbella\/dist\/src\/images\/icons.svg#svgHeart\"><\/use>\n\t\t\t\t<\/svg>\n\t\t\t\t<svg width=\"18\" fill=\"currentColor\" viewBox=\"0 0 512 512\">\n\t\t\t\t\t<use href=\"https:\/\/www.panoramamarbella.com\/wp-content\/themes\/panoramamarbella\/dist\/src\/images\/icons.svg#svgHeartIn\"><\/use>\n\t\t\t\t<\/svg>\n\t\t\t<\/button>\n\t\t<\/div>\n\t\t\t\t<button\n\t\t\tclass=\"carousel-control-prev\"\n\t\t\ttype=\"button\"\n\t\t\tdata-bs-target=\"#carouselCardProperties-1-2\"\n\t\t\tdata-bs-slide=\"prev\">\n\t\t\t<span class=\"carousel-control-prev-icon\" aria-hidden=\"true\"><\/span>\n\t\t\t<span class=\"visually-hidden\">Pr\u00e9c\u00e9dent<\/span>\n\t\t<\/button>\n\t\t<button\n\t\t\tclass=\"carousel-control-next\"\n\t\t\ttype=\"button\"\n\t\t\tdata-bs-target=\"#carouselCardProperties-1-2\"\n\t\t\tdata-bs-slide=\"next\">\n\t\t\t<span class=\"carousel-control-next-icon\" aria-hidden=\"true\"><\/span>\n\t\t\t<span class=\"visually-hidden\">Suivant<\/span>\n\t\t<\/button>\n\t\t\t<\/div>\n\t<div class=\"d-flex flex-column h-100 px-3 py-4 shadow\">\n\t\t\t\t<h3 class=\"card-properties-title mb-3\">\n\t\t\t<a class=\"stretched-link\" href=\"\/fr\/proprietes\/marbella\/nueva-andalucia\/alcores-del-golf\/appartements-habitats\/PANR-16196\">\n\t\t\t\tDuplex impressionnant de quatre chambres dans le prestigieux Alcores del Golf\t\t\t<\/a>\n\t\t<\/h3>\n\t\t<p class=\"mb-3 text-black-dark\">Alcores del Golf, Nueva Andalucia<\/p>\n\t\t\t\t\t\t<p class=\"card-properties-description mb-3\">\n\t\t\tSitu\u00e9 au sein de la communaut\u00e9 prestigieuse d&#039;Alcores del Golf, au c\u0153ur du Los Naranjos Golf, ce magnifique duplex de quatre chambres offre une r\u00e9sidence \u00e9l\u00e9gante et confortable dans l\u2019un des quartiers r\u00e9sidentiels les plus&#8230;\t\t<\/p>\n\t\t\t\t<span class=\"card-properties-price mt-auto\">\n\t\t\t\n\t\t\t<span class=\"card-properties-price mt-auto\" data-original-price=\"2250000\">2\u202f250\u202f000\u00a0\u20ac<\/span>\n\t\t\t\t<\/span>\n\t\t\t\t<ul class=\"card-properties-features list-unstyled d-flex flex-wrap align-items-center gap-3 pt-3 border-top mt-3 mb-0\">\n\t\t\t<li class=\"d-flex align-items-center\">4 Chambres<\/li><li class=\"d-flex align-items-center\">4 Bains<\/li>\t\t\t\t<li class=\"d-flex align-items-center\">\n\t\t\t\t\t <span class=\"me-1\" data-original-value=\"240\" data-original-unit=\"m&#038;sup2\">240 m&sup2;<\/span>Total\t\t\t\t<\/li>\n\t\t\t\t\t\t\t<li class=\"d-flex align-items-center\">\n\t\t\t\t\t <span class=\"me-1\" data-original-value=\"240\" data-original-unit=\"m&#038;sup2\">240 m&sup2;<\/span>Construit\t\t\t\t<\/li>\n\t\t\t\t\t\t\t<li class=\"d-flex align-items-center\">\n\t\t\t\t\t <span class=\"me-1\" data-original-value=\"85\" data-original-unit=\"m&#038;sup2\">85 m&sup2;<\/span>Terrasses\t\t\t\t<\/li>\n\t\t\t\t\t<\/ul>\n\t\t\t<\/div>\n<\/article>\n\n\n<article class=\"col card-properties position-relative d-flex flex-column\">\n\t<div id=\"carouselCardProperties-1-3\" class=\"card-properties-images carousel slide carousel-fade lazy\" data-bs-ride=\"carousel\" data-bs-interval=\"200000\" data-id=\"678543\">\n\t\t<div class=\"carousel-inner\">\n\t\t\t<figure class=\"carousel-item mb-0 active ratio ratio-4x3\">\n\t\t\t\t<picture><source sizes=\"(max-width: 575px) calc(100vw - 24px), (max-width: 767px) 516px, (max-width: 991px) 696px, (max-width: 1199px) 296px, (max-width: 1399px) 356px, 400px\" width=\"696\" height=\"522\" srcset=\"https:\/\/media.panoramamarbella.com\/imgV1\/B95mbh8olwFQm~uCUaVOI2kQT0hb0a8sZ9turUNfnwtvuccYCzs0YVPfPbfkc2VnnN1JFDpkYaGfw1gJsS~5hOliXsiMybr4hSiiigth_2qN1PfmqJLifiAQwvAyBlkaT2ZDZpemuaSig447oD7Wrgs~7AguBvxQI~x7vSQraQYx2gWDQh0kFlXPnT376iA_mAZWFeR94Bjq1z~xD35PUbZ5aRtqkS0MQY7WUeeNfouGLZvjiBmIHwyRmCUR~rjgRFKUS5uzda43jQoFAhIOB~wC3qs9tVZTZ4rr4yTI8wsLTkvGIDuKE46InYCiD556FRnuVyWZTWvJ176cgVtharvQ1KwUIOAeWVinFXKATsV7cYTxzFAcdlcgr4xp6dlzVAPxexvi_so_yHuxB6g0Sg9rmWLSWZBLw6MnjXxsTbL6t59oGatu6dUBN5kMojTM5XZKixZQuV6vcImYtUkD.webp 696w,https:\/\/media.panoramamarbella.com\/imgV1\/B95mbh8olwFQm~uCUaVOI2kQT0hb0a8sZ9turUNfnwtvuccYCzs0YVPfPbfkc2VnnN1JFDpkYaGfw1gJsS~5hOliXsiMybr4hSiiigth_2qN1PfmqJLifiAQwvAyBlkaT2ZDZpemuaSig447oD7Wrgs~7AguBvxQI~x7vSQra5vJyZVjKZCAGIsVfGyrlOFXQ5XlCUfg8CccCgrQziyY9199Z0DTRmUnUQAVfJuyZO0CUZfJagx449gM7Y6hHM07Re2KA0p2Ujz3CfU4iemiwX8U0TKgY_453qZmSLf9DcgpX0I6xR~khezFoxF6p0FvN85WCdnqHxW2~gakUQHMFKr794~s9Mzvs6aHq3fa7vZBtpCJ_DihB0PqT4j4M9~thj6uwXUplG92rLs8bpiXFbNXJFe~2NhsmSmyrIiavWY3461Fu~vy7qZ7Vkt3UzX3OhRJ~~3112~K9zpE0H9f.webp 400w\" type=\"image\/webp\"><img decoding=\"async\" class=\"position-absolute w-100 h-100 object-fit-cover\" alt=\"Local commercial exceptionnel dans un emplacement strat\u00e9gique et privil\u00e9gi\u00e9 au Centre d\u2019Affaires Puerta de Ban\u00fas\" loading=\"lazy\" width=\"696\" height=\"522\" src=\"https:\/\/media.panoramamarbella.com\/imgV1\/B95mbh8olwFQm~uCUaVOI2kQT0hb0a8sZ9turUNfnwtvuccYCzs0YVPfPbfkc2VnnN1JFDpkYaGfw1gJsS~5hOliXsiMybr4hSiiigth_2qN1PfmqJLifiAQwvAyBlkaT2ZDZpemuaSig447oD7Wrgs~7AguBvxQI~x7vSQraQYx2gWDQh0kFlXPnT379C1GO0xZnBUftExCS~ZkxGFzZ6HkssuePFkh4xdDg0JWSmwy98U2rclt2FQwCyZMarsirVrHvhDzeG6WE8T9EUzs4LpOvKrT6drmfTwxFvvouZeHBQfCfYJixgmgWz4LZxJ2qIfDPMTIw6sZZy6UWLxXCaRTk224~bYZp9gj3g2Nk4SoNodzF9SSa2UP7gpYLxKo0GTvMTJF~~wojvZY1vz~SDt3XZQx2YalDfEZ8SLfBqUjx9a8frM4gQONFms-.jpg\"><\/picture>\t\t\t<\/figure>\n\t\t\t\t\t\t<span class=\"card-properties-ref position-absolute z-2 bottom-0 end-0 bg-white text-primary py-1 px-3 me-3\">\n\t\t\t\tPANR-16151\t\t\t<\/span>\n\t\t\t<button class=\"card-properties-portfolio d-flex align-items-center justify-content-center position-absolute z-3 end-0 text-white bg-primary me-3 border-0 px-0\" data-pfl-id=\"678543\" data-pfl-filter=\"sale\" aria-label=\"Add to portfolio\">\n\t\t\t\t<svg width=\"18\" fill=\"currentColor\" viewBox=\"0 0 512 512\">\n\t\t\t\t\t<use href=\"https:\/\/www.panoramamarbella.com\/wp-content\/themes\/panoramamarbella\/dist\/src\/images\/icons.svg#svgHeart\"><\/use>\n\t\t\t\t<\/svg>\n\t\t\t\t<svg width=\"18\" fill=\"currentColor\" viewBox=\"0 0 512 512\">\n\t\t\t\t\t<use href=\"https:\/\/www.panoramamarbella.com\/wp-content\/themes\/panoramamarbella\/dist\/src\/images\/icons.svg#svgHeartIn\"><\/use>\n\t\t\t\t<\/svg>\n\t\t\t<\/button>\n\t\t<\/div>\n\t\t\t\t<button\n\t\t\tclass=\"carousel-control-prev\"\n\t\t\ttype=\"button\"\n\t\t\tdata-bs-target=\"#carouselCardProperties-1-3\"\n\t\t\tdata-bs-slide=\"prev\">\n\t\t\t<span class=\"carousel-control-prev-icon\" aria-hidden=\"true\"><\/span>\n\t\t\t<span class=\"visually-hidden\">Pr\u00e9c\u00e9dent<\/span>\n\t\t<\/button>\n\t\t<button\n\t\t\tclass=\"carousel-control-next\"\n\t\t\ttype=\"button\"\n\t\t\tdata-bs-target=\"#carouselCardProperties-1-3\"\n\t\t\tdata-bs-slide=\"next\">\n\t\t\t<span class=\"carousel-control-next-icon\" aria-hidden=\"true\"><\/span>\n\t\t\t<span class=\"visually-hidden\">Suivant<\/span>\n\t\t<\/button>\n\t\t\t<\/div>\n\t<div class=\"d-flex flex-column h-100 px-3 py-4 shadow\">\n\t\t\t\t<h3 class=\"card-properties-title mb-3\">\n\t\t\t<a class=\"stretched-link\" href=\"\/fr\/proprietes\/marbella\/puerto-banus\/locaux-commerciaux\/PANR-16151\">\n\t\t\t\tLocal commercial exceptionnel dans un emplacement strat\u00e9gique et privil\u00e9gi\u00e9 au Centre d\u2019Affaires Puerta de Ban\u00fas\t\t\t<\/a>\n\t\t<\/h3>\n\t\t<p class=\"mb-3 text-black-dark\">Puerto Banus, Marbella<\/p>\n\t\t\t\t\t\t<p class=\"card-properties-description mb-3\">\n\t\t\tCette propri\u00e9t\u00e9 exceptionnelle de 919 m\u00b2 b\u00e9n\u00e9ficie d\u2019un emplacement imbattable, directement sur l\u2019A-7\/N-340, l\u2019une des art\u00e8res les plus fr\u00e9quent\u00e9es de la Costa del Sol, offrant une visibilit\u00e9 maximale et un flux constant de clients. Elle&#8230;\t\t<\/p>\n\t\t\t\t<span class=\"card-properties-price mt-auto\">\n\t\t\t\n\t\t\t<span class=\"card-properties-price mt-auto\" data-original-price=\"4000000\">4\u202f000\u202f000\u00a0\u20ac<\/span>\n\t\t\t\t<\/span>\n\t\t\t\t<ul class=\"card-properties-features list-unstyled d-flex flex-wrap align-items-center gap-3 pt-3 border-top mt-3 mb-0\">\n\t\t\t\t\t\t\t<li class=\"d-flex align-items-center\">\n\t\t\t\t\t <span class=\"me-1\" data-original-value=\"1019\" data-original-unit=\"m&#038;sup2\">1\u202f019 m&sup2;<\/span>Total\t\t\t\t<\/li>\n\t\t\t\t\t\t\t<li class=\"d-flex align-items-center\">\n\t\t\t\t\t <span class=\"me-1\" data-original-value=\"919\" data-original-unit=\"m&#038;sup2\">919 m&sup2;<\/span>Construit\t\t\t\t<\/li>\n\t\t\t\t\t\t\t<li class=\"d-flex align-items-center\">\n\t\t\t\t\t <span class=\"me-1\" data-original-value=\"100\" data-original-unit=\"m&#038;sup2\">100 m&sup2;<\/span>Terrasses\t\t\t\t<\/li>\n\t\t\t\t\t<\/ul>\n\t\t\t<\/div>\n<\/article>\n\n\n<article class=\"col card-properties position-relative d-flex flex-column\">\n\t<div id=\"carouselCardProperties-1-4\" class=\"card-properties-images carousel slide carousel-fade lazy\" data-bs-ride=\"carousel\" data-bs-interval=\"200000\" data-id=\"676901\">\n\t\t<div class=\"carousel-inner\">\n\t\t\t<figure class=\"carousel-item mb-0 active ratio ratio-4x3\">\n\t\t\t\t<picture><source sizes=\"(max-width: 575px) calc(100vw - 24px), (max-width: 767px) 516px, (max-width: 991px) 696px, (max-width: 1199px) 296px, (max-width: 1399px) 356px, 400px\" width=\"696\" height=\"522\" srcset=\"https:\/\/media.panoramamarbella.com\/imgV1\/B95mbh8olwFQm~uCUaVOI2kQT0hb0a8sZ9turUNfnwtvuccYCzs0YVPfPbfkc2VnnN1JFDpkYaGfw1gJsS~5hOljsC0ykFLlNhDH67lNbMxLyNOIfOAg5b1p_rgcqtftQWkCavAj0h_bLuENUlQ7xX73w6geQFeyfZzpDwSZmUQhOr~Z85uEblKwmJLPbnpK3MquQ3gvT8yUJzdRNtYUhKPIgKIxLpC~3rjTRiEOZXcwAhdBoJUVAVgZQh1J~qoTP0SdsqffV5UN2Z3nia39v0nIh1yiYbwN~9V52URBHs~qelzxYGXZt6NqHvC6R9yLzl8B2G~SZi3KR88GFtkrv51Svlm~fETdR4_bIXLtowS2S7M5itEL6YPr8aKv4zm3VAa50I1PbXyhAIBhtcxPZlgYRhOOxa7WPZrLd~Zprbth0EX0ts1iF8SkwK6N0se9UmtYekxynkPERdbfLN6t.webp 696w,https:\/\/media.panoramamarbella.com\/imgV1\/B95mbh8olwFQm~uCUaVOI2kQT0hb0a8sZ9turUNfnwtvuccYCzs0YVPfPbfkc2VnnN1JFDpkYaGfw1gJsS~5hOljsC0ykFLlNhDH67lNbMxLyNOIfOAg5b1p_rgcqtftQWkCavAj0h_bLuENUlQ7xX73w6geQFeyfZzpDwSZmwDFp8_kf362dw68UYfUPZ8vZ6F6v9t6ZZFENNGc4~VtbJCTPt6rc~viO4QWwfgsE22ju6OqK_KSnjY4tgEEcqZxpZRiBnaPwFZSG3wFbG18bO7LxU8y8ww05s~CY47kBjFc23mwnfPpmKxpa~m1Dp1BzbdUAMI2xWLfFhipcN3JEL4uzhLA6O5elIRc~xioMHMUmRiVHwGP7aFGXsVEl6qhTUui1GFwrBiIvPpeD144f8E7UcySF3e4eZ~WGADtGhg24veh38StQQs3Sr7EnpSLP2CDv8Z6~tkSTAQ1xi8n.webp 400w\" type=\"image\/webp\"><img decoding=\"async\" class=\"position-absolute w-100 h-100 object-fit-cover\" alt=\"Villa Vivaldi \u2013 une propri\u00e9t\u00e9 \u00e9l\u00e9gante et luxueuse offrant des vues \u00e0 couper le souffle \u00e0 Sierra Blanca\" loading=\"lazy\" width=\"696\" height=\"522\" src=\"https:\/\/media.panoramamarbella.com\/imgV1\/B95mbh8olwFQm~uCUaVOI2kQT0hb0a8sZ9turUNfnwtvuccYCzs0YVPfPbfkc2VnnN1JFDpkYaGfw1gJsS~5hOljsC0ykFLlNhDH67lNbMxLyNOIfOAg5b1p_rgcqtftQWkCavAj0h_bLuENUlQ7xX73w6geQFeyfZzpDwSZmUQhOr~Z85uEblKwmJLPcK9Kljco1XK1pqmtaZ5rgsWkjdRCObEfStLW8sylToPni0xwYcz0T_BN1aC6ZTJF1CAfsrS~HEN1mqDdEq2DzNMx8SwPxk3cS0hyYyb56oO2BIMjrZNEhfBbVEFRbKv7314vcwozheZJU5kBxo_~ucR2ExKXlWlLsyrvHCA_iwO4iFpCQWIiATH5jpHfMInAqo8850xQ5dT7GnqGIYNmaJpEiNRWz6wWjL36yAIDpM1Y~uORLpi2A_v8hCx_UAY-.jpg\"><\/picture>\t\t\t<\/figure>\n\t\t\t\t\t\t<span class=\"card-properties-ref position-absolute z-2 bottom-0 end-0 bg-white text-primary py-1 px-3 me-3\">\n\t\t\t\tPANR-16143\t\t\t<\/span>\n\t\t\t<button class=\"card-properties-portfolio d-flex align-items-center justify-content-center position-absolute z-3 end-0 text-white bg-primary me-3 border-0 px-0\" data-pfl-id=\"676901\" data-pfl-filter=\"sale\" aria-label=\"Add to portfolio\">\n\t\t\t\t<svg width=\"18\" fill=\"currentColor\" viewBox=\"0 0 512 512\">\n\t\t\t\t\t<use href=\"https:\/\/www.panoramamarbella.com\/wp-content\/themes\/panoramamarbella\/dist\/src\/images\/icons.svg#svgHeart\"><\/use>\n\t\t\t\t<\/svg>\n\t\t\t\t<svg width=\"18\" fill=\"currentColor\" viewBox=\"0 0 512 512\">\n\t\t\t\t\t<use href=\"https:\/\/www.panoramamarbella.com\/wp-content\/themes\/panoramamarbella\/dist\/src\/images\/icons.svg#svgHeartIn\"><\/use>\n\t\t\t\t<\/svg>\n\t\t\t<\/button>\n\t\t<\/div>\n\t\t\t\t<button\n\t\t\tclass=\"carousel-control-prev\"\n\t\t\ttype=\"button\"\n\t\t\tdata-bs-target=\"#carouselCardProperties-1-4\"\n\t\t\tdata-bs-slide=\"prev\">\n\t\t\t<span class=\"carousel-control-prev-icon\" aria-hidden=\"true\"><\/span>\n\t\t\t<span class=\"visually-hidden\">Pr\u00e9c\u00e9dent<\/span>\n\t\t<\/button>\n\t\t<button\n\t\t\tclass=\"carousel-control-next\"\n\t\t\ttype=\"button\"\n\t\t\tdata-bs-target=\"#carouselCardProperties-1-4\"\n\t\t\tdata-bs-slide=\"next\">\n\t\t\t<span class=\"carousel-control-next-icon\" aria-hidden=\"true\"><\/span>\n\t\t\t<span class=\"visually-hidden\">Suivant<\/span>\n\t\t<\/button>\n\t\t\t<\/div>\n\t<div class=\"d-flex flex-column h-100 px-3 py-4 shadow\">\n\t\t\t\t<h3 class=\"card-properties-title mb-3\">\n\t\t\t<a class=\"stretched-link\" href=\"\/fr\/proprietes\/marbella\/marbella-golden-mile\/sierra-blanca\/villas-maisons-isolee\/PANR-16143\">\n\t\t\t\tVilla Vivaldi \u2013 une propri\u00e9t\u00e9 \u00e9l\u00e9gante et luxueuse offrant des vues \u00e0 couper le souffle \u00e0 Sierra Blanca\t\t\t<\/a>\n\t\t<\/h3>\n\t\t<p class=\"mb-3 text-black-dark\">Sierra Blanca, Marbella Golden Mile<\/p>\n\t\t\t\t\t\t<p class=\"card-properties-description mb-3\">\n\t\t\tNich\u00e9e au sein de l\u2019une des communaut\u00e9s ferm\u00e9es les plus exclusives de Marbella, cette \u00e9l\u00e9gante villa de luxe b\u00e9n\u00e9ficie d\u2019une position sur\u00e9lev\u00e9e privil\u00e9gi\u00e9e avec des vues imprenables. \u00c0 l\u2019arri\u00e8re, les sommets spectaculaires de la Sierra&#8230;\t\t<\/p>\n\t\t\t\t<span class=\"card-properties-price mt-auto\">\n\t\t\t\n\t\t\t<span class=\"card-properties-price mt-auto\" data-original-price=\"12000000\">12\u202f000\u202f000\u00a0\u20ac<\/span>\n\t\t\t\t<\/span>\n\t\t\t\t<ul class=\"card-properties-features list-unstyled d-flex flex-wrap align-items-center gap-3 pt-3 border-top mt-3 mb-0\">\n\t\t\t<li class=\"d-flex align-items-center\">6 Chambres<\/li><li class=\"d-flex align-items-center\">7 Bains<\/li>\t\t\t\t<li class=\"d-flex align-items-center\">\n\t\t\t\t\t <span class=\"me-1\" data-original-value=\"1082\" data-original-unit=\"m&#038;sup2\">1\u202f082 m&sup2;<\/span>Total\t\t\t\t<\/li>\n\t\t\t\t\t\t\t<li class=\"d-flex align-items-center\">\n\t\t\t\t\t <span class=\"me-1\" data-original-value=\"2005\" data-original-unit=\"m&#038;sup2\">2\u202f005 m&sup2;<\/span>Terrain\t\t\t\t<\/li>\n\t\t\t\t\t\t\t\t<li class=\"d-flex align-items-center\">\n\t\t\t\t\t <span class=\"me-1\" data-original-value=\"682\" data-original-unit=\"m&#038;sup2\">682 m&sup2;<\/span>Construit\t\t\t\t<\/li>\n\t\t\t\t\t\t\t<li class=\"d-flex align-items-center\">\n\t\t\t\t\t <span class=\"me-1\" data-original-value=\"400\" data-original-unit=\"m&#038;sup2\">400 m&sup2;<\/span>Terrasses\t\t\t\t<\/li>\n\t\t\t\t\t<\/ul>\n\t\t\t<\/div>\n<\/article>\n\n\n<article class=\"col card-properties position-relative d-flex flex-column\">\n\t<div id=\"carouselCardProperties-1-5\" class=\"card-properties-images carousel slide carousel-fade lazy\" data-bs-ride=\"carousel\" data-bs-interval=\"200000\" data-id=\"658127\">\n\t\t<div class=\"carousel-inner\">\n\t\t\t<figure class=\"carousel-item mb-0 active ratio ratio-4x3\">\n\t\t\t\t<picture><source sizes=\"(max-width: 575px) calc(100vw - 24px), (max-width: 767px) 516px, (max-width: 991px) 696px, (max-width: 1199px) 296px, (max-width: 1399px) 356px, 400px\" width=\"696\" height=\"522\" srcset=\"https:\/\/media.panoramamarbella.com\/imgV1\/B95mbh8olwFQm~uCUaVOI2kQT0hb0a8sZ9turUNfnwtvuccYCzs0YVPfPbfkc2VnnN1JFDpkYaGfw1gJsS~5h5mx~~60mtipIX8ptwZHRkZOx95AtVexwQ3lMLcqJutPTNJi1ZpGAX6px1F3YYEbJ98NDoFB3VxVyZmG2~Y_jfCq72b_bqr2rf2ZIV5QoN5Ouwf8hChxmz38f~qUDR588j8iLSJ19kmmTrcMrrqwrHV57d4X3fv~U90m0Cu8TssWgYAHXkx6uKEzb7dez9CnFQrM~bVPjRxsHz__ExnP4~RvNp4pr7K0PXWDFlhHT~fYinpxy1Zoo08YvtOHMhsz5fVGm_M5jvk_D_rgDSPKyiVfB851P~d1_PEUbMhF_AtdwbhRiRutUIty1UmK_R6V0CUQSOzg0q4kmA0v4nB106ZmnirYfGBGw0RKCdYKLq8XhMX9Y90WMgmtcNXWj0kR.webp 696w,https:\/\/media.panoramamarbella.com\/imgV1\/B95mbh8olwFQm~uCUaVOI2kQT0hb0a8sZ9turUNfnwtvuccYCzs0YVPfPbfkc2VnnN1JFDpkYaGfw1gJsS~5h5mx~~60mtipIX8ptwZHRkZOx95AtVexwQ3lMLcqJutPTNJi1ZpGAX6px1F3YYEbJ98NDoFB3VxVyZmG2~Y_j80s1PlwNsCq1d8m83C2zKM3XqCv7_hM3KDJrv03_v2h5BCUEgObq339EoRfgRnSkwNZb5AoJ6Z1hoU9bZnpBSNkkVQr5tfAOvcOSB4E3cXYvnT02EhNOwwB9MHK~ql_D4y41DWBug8NgLTMqGsfY7HaXH98IfQXMAtmnBpBhjlR9I1ocijEs0I7KC_5E0Pkwak8LXv8Jd0_CpEUGl5_jEHfuqb0Jbf8Nx1uDcQqlXgv~RYDArrO6nBIonFWUuV_pCOK~M4CH7izO7M6qW0CxA3tIeSudnCWJs0Y90oClwoq.webp 400w\" type=\"image\/webp\"><img decoding=\"async\" class=\"position-absolute w-100 h-100 object-fit-cover\" alt=\"Villa magnifique \u00e0 Sierra Blanca avec vue imprenable sur la mer\" loading=\"lazy\" width=\"696\" height=\"522\" src=\"https:\/\/media.panoramamarbella.com\/imgV1\/B95mbh8olwFQm~uCUaVOI2kQT0hb0a8sZ9turUNfnwtvuccYCzs0YVPfPbfkc2VnnN1JFDpkYaGfw1gJsS~5h5mx~~60mtipIX8ptwZHRkZOx95AtVexwQ3lMLcqJutPTNJi1ZpGAX6px1F3YYEbJ98NDoFB3VxVyZmG2~Y_jfCq72b_bqr2rf2ZIV5Qvsw6E14B83BjQC4ybuNChyfwMt_kBh7EAGeNrz3ALbhHsPNxBkSRqrHF_hY5Y7ya~sa7r4GETmFj3TQT_USfHkjYwrHhfi1Xa5HN09ezAZW8Ik74OHXyYxCyYJCRCn12~ZNZZBxItzXcGctjW82hMwCflz7Rqeathhav0HqHLXWtFgDi1pt21yAaPcJJcanpiZ52ulXUtTQnCAPi2YGT2vtdv6tDzRy4HJMBaT_tzpjEK8SeOkU3Dyqez1dY_Kg-.jpg\"><\/picture>\t\t\t<\/figure>\n\t\t\t\t\t\t<span class=\"card-properties-ref position-absolute z-2 bottom-0 end-0 bg-white text-primary py-1 px-3 me-3\">\n\t\t\t\tPANR-15991\t\t\t<\/span>\n\t\t\t<button class=\"card-properties-portfolio d-flex align-items-center justify-content-center position-absolute z-3 end-0 text-white bg-primary me-3 border-0 px-0\" data-pfl-id=\"658127\" data-pfl-filter=\"sale\" aria-label=\"Add to portfolio\">\n\t\t\t\t<svg width=\"18\" fill=\"currentColor\" viewBox=\"0 0 512 512\">\n\t\t\t\t\t<use href=\"https:\/\/www.panoramamarbella.com\/wp-content\/themes\/panoramamarbella\/dist\/src\/images\/icons.svg#svgHeart\"><\/use>\n\t\t\t\t<\/svg>\n\t\t\t\t<svg width=\"18\" fill=\"currentColor\" viewBox=\"0 0 512 512\">\n\t\t\t\t\t<use href=\"https:\/\/www.panoramamarbella.com\/wp-content\/themes\/panoramamarbella\/dist\/src\/images\/icons.svg#svgHeartIn\"><\/use>\n\t\t\t\t<\/svg>\n\t\t\t<\/button>\n\t\t<\/div>\n\t\t\t\t<button\n\t\t\tclass=\"carousel-control-prev\"\n\t\t\ttype=\"button\"\n\t\t\tdata-bs-target=\"#carouselCardProperties-1-5\"\n\t\t\tdata-bs-slide=\"prev\">\n\t\t\t<span class=\"carousel-control-prev-icon\" aria-hidden=\"true\"><\/span>\n\t\t\t<span class=\"visually-hidden\">Pr\u00e9c\u00e9dent<\/span>\n\t\t<\/button>\n\t\t<button\n\t\t\tclass=\"carousel-control-next\"\n\t\t\ttype=\"button\"\n\t\t\tdata-bs-target=\"#carouselCardProperties-1-5\"\n\t\t\tdata-bs-slide=\"next\">\n\t\t\t<span class=\"carousel-control-next-icon\" aria-hidden=\"true\"><\/span>\n\t\t\t<span class=\"visually-hidden\">Suivant<\/span>\n\t\t<\/button>\n\t\t\t<\/div>\n\t<div class=\"d-flex flex-column h-100 px-3 py-4 shadow\">\n\t\t\t\t<h3 class=\"card-properties-title mb-3\">\n\t\t\t<a class=\"stretched-link\" href=\"\/fr\/proprietes\/marbella\/marbella-golden-mile\/sierra-blanca\/villas-maisons-isolee\/PANR-15991\">\n\t\t\t\tVilla magnifique \u00e0 Sierra Blanca avec vue imprenable sur la mer\t\t\t<\/a>\n\t\t<\/h3>\n\t\t<p class=\"mb-3 text-black-dark\">Sierra Blanca, Marbella Golden Mile<\/p>\n\t\t\t\t\t\t<p class=\"card-properties-description mb-3\">\n\t\t\tBienvenue dans ce domaine m\u00e9diterran\u00e9en d\u2019exception situ\u00e9 \u00e0 Sierra Blanca, la communaut\u00e9 ferm\u00e9e la plus prestigieuse de Marbella. \u00c9difi\u00e9e sur un vaste terrain de 4 200 m\u00b2, cette propri\u00e9t\u00e9 offre une intimit\u00e9 totale et de&#8230;\t\t<\/p>\n\t\t\t\t<span class=\"card-properties-price mt-auto\">\n\t\t\t\n\t\t\t<span class=\"card-properties-price mt-auto\" data-original-price=\"11950000\">11\u202f950\u202f000\u00a0\u20ac<\/span>\n\t\t\t\t<\/span>\n\t\t\t\t<ul class=\"card-properties-features list-unstyled d-flex flex-wrap align-items-center gap-3 pt-3 border-top mt-3 mb-0\">\n\t\t\t<li class=\"d-flex align-items-center\">6 Chambres<\/li><li class=\"d-flex align-items-center\">6 Bains<\/li>\t\t\t\t<li class=\"d-flex align-items-center\">\n\t\t\t\t\t <span class=\"me-1\" data-original-value=\"1740\" data-original-unit=\"m&#038;sup2\">1\u202f740 m&sup2;<\/span>Total\t\t\t\t<\/li>\n\t\t\t\t\t\t\t<li class=\"d-flex align-items-center\">\n\t\t\t\t\t <span class=\"me-1\" data-original-value=\"4212\" data-original-unit=\"m&#038;sup2\">4\u202f212 m&sup2;<\/span>Terrain\t\t\t\t<\/li>\n\t\t\t\t\t\t\t\t<li class=\"d-flex align-items-center\">\n\t\t\t\t\t <span class=\"me-1\" data-original-value=\"1284\" data-original-unit=\"m&#038;sup2\">1\u202f284 m&sup2;<\/span>Construit\t\t\t\t<\/li>\n\t\t\t\t\t\t\t<li class=\"d-flex align-items-center\">\n\t\t\t\t\t <span class=\"me-1\" data-original-value=\"456\" data-original-unit=\"m&#038;sup2\">456 m&sup2;<\/span>Terrasses\t\t\t\t<\/li>\n\t\t\t\t\t<\/ul>\n\t\t\t<\/div>\n<\/article>\n\t\t\t<\/div>\n\t\t\t\t\t<\/section>\n\t\t\n","protected":false},"excerpt":{"rendered":"","protected":false},"template":"","meta":{"_acf_changed":true},"class_list":["post-1085","agents","type-agents","status-publish","hentry"],"acf":[],"_links":{"self":[{"href":"https:\/\/www.panoramamarbella.com\/fr\/wp-json\/wp\/v2\/agents\/1085","targetHints":{"allow":["GET"]}}],"collection":[{"href":"https:\/\/www.panoramamarbella.com\/fr\/wp-json\/wp\/v2\/agents"}],"about":[{"href":"https:\/\/www.panoramamarbella.com\/fr\/wp-json\/wp\/v2\/types\/agents"}],"wp:attachment":[{"href":"https:\/\/www.panoramamarbella.com\/fr\/wp-json\/wp\/v2\/media?parent=1085"}],"curies":[{"name":"wp","href":"https:\/\/api.w.org\/{rel}","templated":true}]}}