{"id":1096,"date":"2024-05-15T09:32:54","date_gmt":"2024-05-15T07:32:54","guid":{"rendered":"https:\/\/www.panoramamarbella.com\/?post_type=agents&#038;p=1096"},"modified":"2025-11-19T14:20:49","modified_gmt":"2025-11-19T13:20:49","slug":"beatriz-garvayo","status":"publish","type":"agents","link":"https:\/\/www.panoramamarbella.com\/fr\/a-propos\/equipe-panorama\/beatriz-garvayo","title":{"rendered":"Beatriz Garvayo"},"content":{"rendered":"\n\n<p>Beatriz Garvayo est une professionnelle de l\u2019immobilier qui travaille au sein du d\u00e9partement des locations de Panorama Properties \u00e0 Marbella depuis 2001. N\u00e9e et \u00e9lev\u00e9e \u00e0 Malaga, Beatriz se distingue par sa connaissance approfondie du march\u00e9 immobilier local et ses comp\u00e9tences interpersonnelles, qui lui permettent d\u2019interagir efficacement avec une client\u00e8le internationale.<\/p>\n\n\n\n<p>Dans son r\u00f4le de consultante en location, Beatriz g\u00e8re un vaste portefeuille de propri\u00e9t\u00e9s \u00e0 Marbella et dans les environs, conseillant aussi bien les propri\u00e9taires que les locataires tout au long du processus de location. Son exp\u00e9rience et son d\u00e9vouement font d\u2019elle une figure cl\u00e9 chez Panorama Properties, contribuant au succ\u00e8s et \u00e0 la r\u00e9putation de l\u2019entreprise sur le march\u00e9 immobilier de la Costa del Sol.<\/p>\n\n\n\n<p>Beatriz parle anglais, espagnol et un peu d&rsquo;allemand.<\/p>\n\n\n\n\n\t\t<section class=\"container wp-block-acf-inmpropselection\">\n\t\t\t<h2>Propri\u00e9t\u00e9s \u00e0 louer recommand\u00e9es par Beatriz<\/h2>\t\t\t<div class=\"row row-cols-1 row-cols-lg-3 gy-5 g-xxl-5\">\n\t\t\t\t\n<article class=\"col card-properties position-relative d-flex flex-column\">\n\t<div id=\"carouselCardProperties-1-0\" class=\"card-properties-images carousel slide carousel-fade lazy\" data-bs-ride=\"carousel\" data-bs-interval=\"200000\" data-id=\"419771\">\n\t\t<div class=\"carousel-inner\">\n\t\t\t<figure class=\"carousel-item mb-0 active ratio ratio-4x3\">\n\t\t\t\t<picture><source sizes=\"(max-width: 575px) calc(100vw - 24px), (max-width: 767px) 516px, (max-width: 991px) 696px, (max-width: 1199px) 296px, (max-width: 1399px) 356px, 400px\" width=\"696\" height=\"522\" srcset=\"https:\/\/media.panoramamarbella.com\/imgV1\/B95mbh8olwFQm~uCUaVOI2kQT0hb0a8sZ9turUNfnwtvuccYCzs0YVPfPbfkc2VnnN1JFDpkYaGfw1gJsS~5gR2TDxIpMmQZTB36UyxDL6AVo5T5XWBk3fBbtf4EAlQWKQZjx5nCMCfJ3Vs~danoBVsr1~bBEIttQOwRHLTqvR2qerazWI1d64ipiG4gM~Xnwp4PdtGix9tm9Js1JIKeYvKoULy1JNEdEtK20qqiVFXJcsupHyyDMHcErnC4NZuN6cymTrtMGFDibp4Eq3C5SSI2A1_KoQ3Wyu5DWjwav_6j2bakyswXt4Wa_babqLwAfZuMLdLimiX~8R2VYf~lsPOyXMjGKYmVy7aWoTLEH5spySBHtzT2DrRmGrYze_yTGjQ6zdlhLrsjWk7wxWoJhzO3xqwgBx07zym~9kYIQmc3osyvm19R4AFwJ5Q1HaofHEeWxkVFNIR_e8Nx6c89.webp 696w,https:\/\/media.panoramamarbella.com\/imgV1\/B95mbh8olwFQm~uCUaVOI2kQT0hb0a8sZ9turUNfnwtvuccYCzs0YVPfPbfkc2VnnN1JFDpkYaGfw1gJsS~5gR2TDxIpMmQZTB36UyxDL6AVo5T5XWBk3fBbtf4EAlQWKQZjx5nCMCfJ3Vs~danoBVsr1~bBEIttQOwRHLTqv79H8VkHXZ1hfkbmwhh0VmNqAyO4rZ6CgQMKkgoP9yVE5KwdGBCtYJ0DsuC0GpJIJ9VMR7e1hHzW7TV8vXDdZFbnUhNRtTfJyDd7ZN73LLFDI52HnVMHlKJDwhYf6dDgf8CHPkf50UjJz~AS6553iRRfVncFrK0k7c~cyLWr9RycZGyaDe8C3veJESjFnNpvEtekpUKzBpmTYfT0E_c0C8jlKGiBfIrbkt29kCUttE07ZHRI732J20JCLiJLiZySSggFUd~uxh~9NJR9NfF5vfUbS4HslpynC3viCwGy2uBB.webp 400w\" type=\"image\/webp\"><img decoding=\"async\" class=\"position-absolute w-100 h-100 object-fit-cover\" alt=\"Villa m\u00e9diterran\u00e9enne intemporelle dans le prestigieux quartier de Sierra Blanca \u00e0 Marbella\" loading=\"lazy\" width=\"696\" height=\"522\" src=\"https:\/\/media.panoramamarbella.com\/imgV1\/B95mbh8olwFQm~uCUaVOI2kQT0hb0a8sZ9turUNfnwtvuccYCzs0YVPfPbfkc2VnnN1JFDpkYaGfw1gJsS~5gR2TDxIpMmQZTB36UyxDL6AVo5T5XWBk3fBbtf4EAlQWKQZjx5nCMCfJ3Vs~danoBVsr1~bBEIttQOwRHLTqvR2qerazWI1d64ipiG4gLQghqCQoIn9cGvpBdXDbgUaQjrruUB1qG37KTDM3vCIPVLsSQ1lposL154mDMkmgrkru5XWIXpTap8XqtYbje7KRdF3wuEL_TsZdGW94H61wJ0KdFTk4bWBWHsMFQRWNe8YnAxBwqDrxCio7T4UxnH6MMeMl6Wq8~s4aLawnWMh3nqSiYsMX8ZGOwf8UXOkw1C2HtTrdFy96~oVy1~l037zjdLgiQmy9u2p1Zlfpe2L3TxNc3QnPJY2WElGj_UI-.jpg\"><\/picture>\t\t\t<\/figure>\n\t\t\t\t\t\t<span class=\"card-properties-ref position-absolute z-2 bottom-0 end-0 bg-white text-primary py-1 px-3 me-3\">\n\t\t\t\tPANR-13533\t\t\t<\/span>\n\t\t\t<button class=\"card-properties-portfolio d-flex align-items-center justify-content-center position-absolute z-3 end-0 text-white bg-primary me-3 border-0 px-0\" data-pfl-id=\"419771\" data-pfl-filter=\"rent-long\" aria-label=\"Add to portfolio\">\n\t\t\t\t<svg width=\"18\" fill=\"currentColor\" viewBox=\"0 0 512 512\">\n\t\t\t\t\t<use href=\"https:\/\/www.panoramamarbella.com\/wp-content\/themes\/panoramamarbella\/dist\/src\/images\/icons.svg#svgHeart\"><\/use>\n\t\t\t\t<\/svg>\n\t\t\t\t<svg width=\"18\" fill=\"currentColor\" viewBox=\"0 0 512 512\">\n\t\t\t\t\t<use href=\"https:\/\/www.panoramamarbella.com\/wp-content\/themes\/panoramamarbella\/dist\/src\/images\/icons.svg#svgHeartIn\"><\/use>\n\t\t\t\t<\/svg>\n\t\t\t<\/button>\n\t\t<\/div>\n\t\t\t\t<button\n\t\t\tclass=\"carousel-control-prev\"\n\t\t\ttype=\"button\"\n\t\t\tdata-bs-target=\"#carouselCardProperties-1-0\"\n\t\t\tdata-bs-slide=\"prev\">\n\t\t\t<span class=\"carousel-control-prev-icon\" aria-hidden=\"true\"><\/span>\n\t\t\t<span class=\"visually-hidden\">Pr\u00e9c\u00e9dent<\/span>\n\t\t<\/button>\n\t\t<button\n\t\t\tclass=\"carousel-control-next\"\n\t\t\ttype=\"button\"\n\t\t\tdata-bs-target=\"#carouselCardProperties-1-0\"\n\t\t\tdata-bs-slide=\"next\">\n\t\t\t<span class=\"carousel-control-next-icon\" aria-hidden=\"true\"><\/span>\n\t\t\t<span class=\"visually-hidden\">Suivant<\/span>\n\t\t<\/button>\n\t\t\t<\/div>\n\t<div class=\"d-flex flex-column h-100 px-3 py-4 shadow\">\n\t\t\t\t<h3 class=\"card-properties-title mb-3\">\n\t\t\t<a class=\"stretched-link\" href=\"\/fr\/locations\/marbella\/marbella-golden-mile\/balcones-de-sierra-blanca\/villas-maisons-isolee\/PANR-13533\">\n\t\t\t\tVilla m\u00e9diterran\u00e9enne intemporelle dans le prestigieux quartier de Sierra Blanca \u00e0 Marbella\t\t\t<\/a>\n\t\t<\/h3>\n\t\t<p class=\"mb-3 text-black-dark\">Balcones de Sierra Blanca, Marbella Golden Mile<\/p>\n\t\t\t\t\t\t<p class=\"card-properties-description mb-3\">\n\t\t\tAlliant confort et raffinement, cette villa classique de style andalou est situ\u00e9e dans l\u2019enclave pris\u00e9e de Sierra Blanca, sur les hauteurs de la c\u00e9l\u00e8bre Golden Mile de Marbella. Mariant le charme m\u00e9diterran\u00e9en intemporel aux commodit\u00e9s&#8230;\t\t<\/p>\n\t\t\t\t<span class=\"card-properties-price mt-auto\">\n\t\t\t<p class=\"d-flex flex-column flex-md-row gap-3 mt-auto mb-0\">\n\t\t<span class=\"d-block text-nowrap\">\n\t\t<small class=\"d-block\">Long terme<\/small>\n\t\t<span class=\"card-properties-price mt-auto\" data-original-price=\"15000\">15\u202f000\u00a0\u20ac<\/span><small data-period> \/ Mois<\/small>\t<\/span>\n\t<\/p>\n\t\t<\/span>\n\t\t\t\t<ul class=\"card-properties-features list-unstyled d-flex flex-wrap align-items-center gap-3 pt-3 border-top mt-3 mb-0\">\n\t\t\t<li class=\"d-flex align-items-center\">5 Chambres<\/li><li class=\"d-flex align-items-center\">4 Bains<\/li>\t\t\t\t<li class=\"d-flex align-items-center\">\n\t\t\t\t\t <span class=\"me-1\" data-original-value=\"571\" data-original-unit=\"m&#038;sup2\">571 m&sup2;<\/span>Total\t\t\t\t<\/li>\n\t\t\t\t\t\t\t<li class=\"d-flex align-items-center\">\n\t\t\t\t\t <span class=\"me-1\" data-original-value=\"960\" data-original-unit=\"m&#038;sup2\">960 m&sup2;<\/span>Terrain\t\t\t\t<\/li>\n\t\t\t\t\t\t\t\t<li class=\"d-flex align-items-center\">\n\t\t\t\t\t <span class=\"me-1\" data-original-value=\"476\" data-original-unit=\"m&#038;sup2\">476 m&sup2;<\/span>Construit\t\t\t\t<\/li>\n\t\t\t\t\t\t\t<li class=\"d-flex align-items-center\">\n\t\t\t\t\t <span class=\"me-1\" data-original-value=\"95\" data-original-unit=\"m&#038;sup2\">95 m&sup2;<\/span>Terrasses\t\t\t\t<\/li>\n\t\t\t\t\t<\/ul>\n\t\t\t<\/div>\n<\/article>\n\n\n<article class=\"col card-properties position-relative d-flex flex-column\">\n\t<div id=\"carouselCardProperties-1-1\" class=\"card-properties-images carousel slide carousel-fade lazy\" data-bs-ride=\"carousel\" data-bs-interval=\"200000\" data-id=\"698671\">\n\t\t<div class=\"carousel-inner\">\n\t\t\t<figure class=\"carousel-item mb-0 active ratio ratio-4x3\">\n\t\t\t\t<picture><source sizes=\"(max-width: 575px) calc(100vw - 24px), (max-width: 767px) 516px, (max-width: 991px) 696px, (max-width: 1199px) 296px, (max-width: 1399px) 356px, 400px\" width=\"696\" height=\"522\" srcset=\"https:\/\/media.panoramamarbella.com\/imgV1\/B95mbh8olwFQm~uCUaVOI2kQT0hb0a8sZ9turUNfnwtvuccYCzs0YVPfPbfkc2VnnN1JFDpkYaGfw1gJsS~5hOu~znu0mVpGFPkGIOtGjrlhffRS3hFUR5SH9Ddi93rZluz81zhRT3KTb2qSJmzny5yBZ1O0K5pZuqmk8U~KPGzrz8Qu9ecQ3q8AEmS8v8g_8xDPfEanLVRcdqE3Y~FIGYbpx9ttu_~j4M_jW7qwGCywjoK0wU_j9FNvSYtneHKZxenifaUa2IzwDcO1BJEUyFuBHLn6t9SdSlbc8uV0lJSYzkADM~oG9XO9Uup7YYYTkHe4bISeFHGvwguiavBX6Ii3sYp~H5TiHv2uo~qiLwmU2Di4WbbkJtq5qjSisOxS0LqDJiMM_oHw6dxId19vZ4xZ9wwRCkeaqjG0FuoBS~5uGvPfTB2qobMERtoNTa4UGXoUcCv~h4erNeIGlNUZ.webp 696w,https:\/\/media.panoramamarbella.com\/imgV1\/B95mbh8olwFQm~uCUaVOI2kQT0hb0a8sZ9turUNfnwtvuccYCzs0YVPfPbfkc2VnnN1JFDpkYaGfw1gJsS~5hOu~znu0mVpGFPkGIOtGjrlhffRS3hFUR5SH9Ddi93rZluz81zhRT3KTb2qSJmzny5yBZ1O0K5pZuqmk8U~KPkoj7OcRS0FbQPenMed9VbzoYD9P~qqhsXKDwzHRjOgpRV_iqIzG71B2oj6C_qn3t0oWePDvslgX3fImekMLoaJk56dVL6oZ0NPeroZHH1VFJmDJhalHt2sEUo1k9DP3MOd1xe9owUjh4hldsGrct_fVyvTKRKnwuoPGwuy0c5siBslilSWyTF89uYf0tNktWmUgxlb93GCGlWlf~VDqtFEJn8TK8xvJtQ8r5zevfgkBZFE2QgwlOpJdukJU7jRpdUhfA02336mV_bsJ6VIW_MKK~Hv4wCFUP5UIv0cr~8X3.webp 400w\" type=\"image\/webp\"><img decoding=\"async\" class=\"position-absolute w-100 h-100 object-fit-cover\" alt=\"Superbe appartement en premi\u00e8re ligne de mer dans l\u2019iconique immeuble Marbell Center\" loading=\"lazy\" width=\"696\" height=\"522\" src=\"https:\/\/media.panoramamarbella.com\/imgV1\/B95mbh8olwFQm~uCUaVOI2kQT0hb0a8sZ9turUNfnwtvuccYCzs0YVPfPbfkc2VnnN1JFDpkYaGfw1gJsS~5hOu~znu0mVpGFPkGIOtGjrlhffRS3hFUR5SH9Ddi93rZluz81zhRT3KTb2qSJmzny5yBZ1O0K5pZuqmk8U~KPGzrz8Qu9ecQ3q8AEmS8oV6ZAr9wKHPqsJ_8P5iJEx~a9pIYT9jRgACRgTtS8acbLwEXElNEwtqUd_IfmNn_KjucKeHcI3nkYBEI6_ZUb123al06FJ9Fn7f2yW69L7KJDpbJl~IXiS7ZeL2v80G7CBRB4Mr~N8yfsiGkxo_URgqM72ChNveYJGlm3qQixS6rDt6bHm8Rset33oEyk~JUWJpAAyiYArXJHYIwkhQF8mwxCq15EoatfYw~jqNDTjc9Aer_ozZ_CRAqW~lsL6I-.jpg\"><\/picture>\t\t\t<\/figure>\n\t\t\t\t\t\t<span class=\"card-properties-ref position-absolute z-2 bottom-0 end-0 bg-white text-primary py-1 px-3 me-3\">\n\t\t\t\tPANR-16360\t\t\t<\/span>\n\t\t\t<button class=\"card-properties-portfolio d-flex align-items-center justify-content-center position-absolute z-3 end-0 text-white bg-primary me-3 border-0 px-0\" data-pfl-id=\"698671\" data-pfl-filter=\"rent-long\" aria-label=\"Add to portfolio\">\n\t\t\t\t<svg width=\"18\" fill=\"currentColor\" viewBox=\"0 0 512 512\">\n\t\t\t\t\t<use href=\"https:\/\/www.panoramamarbella.com\/wp-content\/themes\/panoramamarbella\/dist\/src\/images\/icons.svg#svgHeart\"><\/use>\n\t\t\t\t<\/svg>\n\t\t\t\t<svg width=\"18\" fill=\"currentColor\" viewBox=\"0 0 512 512\">\n\t\t\t\t\t<use href=\"https:\/\/www.panoramamarbella.com\/wp-content\/themes\/panoramamarbella\/dist\/src\/images\/icons.svg#svgHeartIn\"><\/use>\n\t\t\t\t<\/svg>\n\t\t\t<\/button>\n\t\t<\/div>\n\t\t\t\t<button\n\t\t\tclass=\"carousel-control-prev\"\n\t\t\ttype=\"button\"\n\t\t\tdata-bs-target=\"#carouselCardProperties-1-1\"\n\t\t\tdata-bs-slide=\"prev\">\n\t\t\t<span class=\"carousel-control-prev-icon\" aria-hidden=\"true\"><\/span>\n\t\t\t<span class=\"visually-hidden\">Pr\u00e9c\u00e9dent<\/span>\n\t\t<\/button>\n\t\t<button\n\t\t\tclass=\"carousel-control-next\"\n\t\t\ttype=\"button\"\n\t\t\tdata-bs-target=\"#carouselCardProperties-1-1\"\n\t\t\tdata-bs-slide=\"next\">\n\t\t\t<span class=\"carousel-control-next-icon\" aria-hidden=\"true\"><\/span>\n\t\t\t<span class=\"visually-hidden\">Suivant<\/span>\n\t\t<\/button>\n\t\t\t<\/div>\n\t<div class=\"d-flex flex-column h-100 px-3 py-4 shadow\">\n\t\t\t\t<h3 class=\"card-properties-title mb-3\">\n\t\t\t<a class=\"stretched-link\" href=\"\/fr\/locations\/marbella\/appartements-habitats\/PANR-16360\">\n\t\t\t\tSuperbe appartement en premi\u00e8re ligne de mer dans l\u2019iconique immeuble Marbell Center\t\t\t<\/a>\n\t\t<\/h3>\n\t\t<p class=\"mb-3 text-black-dark\">Marbella<\/p>\n\t\t\t\t\t\t<p class=\"card-properties-description mb-3\">\n\t\t\tSitu\u00e9 au quatri\u00e8me \u00e9tage du c\u00e9l\u00e8bre immeuble Marbell Center, cet appartement s\u00e9duisant b\u00e9n\u00e9ficie de l\u2019une des meilleures situations au c\u0153ur de Marbella. Son principal atout est sa vue imprenable sur la mer, qui apporte luminosit\u00e9,&#8230;\t\t<\/p>\n\t\t\t\t<span class=\"card-properties-price mt-auto\">\n\t\t\t<p class=\"d-flex flex-column flex-md-row gap-3 mt-auto mb-0\">\n\t\t<span class=\"d-block text-nowrap\">\n\t\t<small class=\"d-block\">Long terme<\/small>\n\t\t<span class=\"card-properties-price mt-auto\" data-original-price=\"3500\">3\u202f500\u00a0\u20ac<\/span><small data-period> \/ Mois<\/small>\t<\/span>\n\t<\/p>\n\t\t<\/span>\n\t\t\t\t<ul class=\"card-properties-features list-unstyled d-flex flex-wrap align-items-center gap-3 pt-3 border-top mt-3 mb-0\">\n\t\t\t<li class=\"d-flex align-items-center\">3 Chambres<\/li><li class=\"d-flex align-items-center\">2 Bains<\/li>\t\t\t\t<li class=\"d-flex align-items-center\">\n\t\t\t\t\t <span class=\"me-1\" data-original-value=\"135\" data-original-unit=\"m&#038;sup2\">135 m&sup2;<\/span>Total\t\t\t\t<\/li>\n\t\t\t\t\t<\/ul>\n\t\t\t<\/div>\n<\/article>\n\n\n<article class=\"col card-properties position-relative d-flex flex-column\">\n\t<div id=\"carouselCardProperties-1-2\" class=\"card-properties-images carousel slide carousel-fade lazy\" data-bs-ride=\"carousel\" data-bs-interval=\"200000\" data-id=\"663433\">\n\t\t<div class=\"carousel-inner\">\n\t\t\t<figure class=\"carousel-item mb-0 active ratio ratio-4x3\">\n\t\t\t\t<picture><source sizes=\"(max-width: 575px) calc(100vw - 24px), (max-width: 767px) 516px, (max-width: 991px) 696px, (max-width: 1199px) 296px, (max-width: 1399px) 356px, 400px\" width=\"696\" height=\"522\" srcset=\"https:\/\/media.panoramamarbella.com\/imgV1\/B95mbh8olwFQm~uCUaVOI2kQT0hb0a8sZ9turUNfnwtvuccYCzs0YVPfPbfkc2VnnN1JFDpkYaGfw1gJsS~5hOh9eONhfUC1nQkvcfufy23U~TgRVMVBqxaho3KV~2nlW9XbFUQ3w8eE~WRBWueFCDOR0k2vV3K4agP8jgWcx_n1~_d5yX9QLyxspdmdtO7H_k0rHIvI5iitVRKNGKBIyvk5cbY1x5qJqSvaTYGN2mw0deoHDoFk9RqCJTx3sOd4VkL01Q_lygGMiJjVl_0R5nXmLu12YqVUae0eW7XYXaX~8lLSsILDE2zUA9OotLPz1AtAzhJcFX2~v_PFlobaTRewE8H0WdW~rZvsaCJurbo9oTbXuq8Np2WfqnKwceC1tSzvvOXy2sFH6J6pYBF_2fS591oQgsZFGbWrWNF8TlnoCodESIKi9I8u6U12cMFuXH4ZM0VJsPrWsaN4Npjv.webp 696w,https:\/\/media.panoramamarbella.com\/imgV1\/B95mbh8olwFQm~uCUaVOI2kQT0hb0a8sZ9turUNfnwtvuccYCzs0YVPfPbfkc2VnnN1JFDpkYaGfw1gJsS~5hOh9eONhfUC1nQkvcfufy23U~TgRVMVBqxaho3KV~2nlW9XbFUQ3w8eE~WRBWueFCDOR0k2vV3K4agP8jgWcxdG4f9j0lqOglNVXC8QjZA77s3iEHKL0eS3olh4_iME~64azh6Lo7BOu0lKZ5q~ZdHEuERnvqUMQwz5nRNtAm_aemBpyLwCWRVfXYdPW_xawRqR~tLdIC5bIN959ZthKucXO3eriUObM3aSE9onXYc5Oz27PdHRGHbmHvVlh4sP3cxUowZmsgvxa6Hi4EEzTFEKehWVkZwmivTKJ8FYPt9clAupvq3AkYkuGbXfG_e_FYFAdC2M7V0lOeKASLFmkiqukVsm83aYsz1msgvKkDryUC3yqx0DAgjWfm8G3jxib.webp 400w\" type=\"image\/webp\"><img decoding=\"async\" class=\"position-absolute w-100 h-100 object-fit-cover\" alt=\"Magnifique maison mitoyenne en deuxi\u00e8me ligne de plage \u00e0 Costabella, Marbella Est\" loading=\"lazy\" width=\"696\" height=\"522\" src=\"https:\/\/media.panoramamarbella.com\/imgV1\/B95mbh8olwFQm~uCUaVOI2kQT0hb0a8sZ9turUNfnwtvuccYCzs0YVPfPbfkc2VnnN1JFDpkYaGfw1gJsS~5hOh9eONhfUC1nQkvcfufy23U~TgRVMVBqxaho3KV~2nlW9XbFUQ3w8eE~WRBWueFCDOR0k2vV3K4agP8jgWcx_n1~_d5yX9QLyxspdmdqoxww7fJsFXD8SwDzuhEU9vQlsbJypdfpSae9r0~GYJN0KFgcelzPQJO1ApDx8me82sUzNyruza52p3XHRhFI2J2r9dJWD_KKOysIEzugvq1JkR348XVOx05hReno8M2A1DunARL6fYPfEYmSpdHwNLLSnsDnNzUZquAkyhhfGwRcOZlDZHlJx1y_svs2XSZ1zaVI3E_DN6qmly99s_330roNziC6NhKZIqITALggU0O7lwfOdm2YcTeOAHcZVE-.jpg\"><\/picture>\t\t\t<\/figure>\n\t\t\t\t\t\t<span class=\"card-properties-tag position-absolute z-2 top-0 start-0 bg-secondary text-white py-1 px-3 ms-3\">\n\t\t\t\tEn vedette\t\t\t<\/span>\n\t\t\t\t\t\t<span class=\"card-properties-ref position-absolute z-2 bottom-0 end-0 bg-white text-primary py-1 px-3 me-3\">\n\t\t\t\tPANR-16054\t\t\t<\/span>\n\t\t\t<button class=\"card-properties-portfolio d-flex align-items-center justify-content-center position-absolute z-3 end-0 text-white bg-primary me-3 border-0 px-0\" data-pfl-id=\"663433\" data-pfl-filter=\"rent-long\" aria-label=\"Add to portfolio\">\n\t\t\t\t<svg width=\"18\" fill=\"currentColor\" viewBox=\"0 0 512 512\">\n\t\t\t\t\t<use href=\"https:\/\/www.panoramamarbella.com\/wp-content\/themes\/panoramamarbella\/dist\/src\/images\/icons.svg#svgHeart\"><\/use>\n\t\t\t\t<\/svg>\n\t\t\t\t<svg width=\"18\" fill=\"currentColor\" viewBox=\"0 0 512 512\">\n\t\t\t\t\t<use href=\"https:\/\/www.panoramamarbella.com\/wp-content\/themes\/panoramamarbella\/dist\/src\/images\/icons.svg#svgHeartIn\"><\/use>\n\t\t\t\t<\/svg>\n\t\t\t<\/button>\n\t\t<\/div>\n\t\t\t\t<button\n\t\t\tclass=\"carousel-control-prev\"\n\t\t\ttype=\"button\"\n\t\t\tdata-bs-target=\"#carouselCardProperties-1-2\"\n\t\t\tdata-bs-slide=\"prev\">\n\t\t\t<span class=\"carousel-control-prev-icon\" aria-hidden=\"true\"><\/span>\n\t\t\t<span class=\"visually-hidden\">Pr\u00e9c\u00e9dent<\/span>\n\t\t<\/button>\n\t\t<button\n\t\t\tclass=\"carousel-control-next\"\n\t\t\ttype=\"button\"\n\t\t\tdata-bs-target=\"#carouselCardProperties-1-2\"\n\t\t\tdata-bs-slide=\"next\">\n\t\t\t<span class=\"carousel-control-next-icon\" aria-hidden=\"true\"><\/span>\n\t\t\t<span class=\"visually-hidden\">Suivant<\/span>\n\t\t<\/button>\n\t\t\t<\/div>\n\t<div class=\"d-flex flex-column h-100 px-3 py-4 shadow\">\n\t\t\t\t<h3 class=\"card-properties-title mb-3\">\n\t\t\t<a class=\"stretched-link\" href=\"\/fr\/locations\/marbella\/marbella-est\/costabella\/maisons-de-ville\/PANR-16054\">\n\t\t\t\tMagnifique maison mitoyenne en deuxi\u00e8me ligne de plage \u00e0 Costabella, Marbella Est\t\t\t<\/a>\n\t\t<\/h3>\n\t\t<p class=\"mb-3 text-black-dark\">Costabella, Marbella Est<\/p>\n\t\t\t\t\t\t<p class=\"card-properties-description mb-3\">\n\t\t\tD\u00e9couvrez cette maison mitoyenne exceptionnelle situ\u00e9e en deuxi\u00e8me ligne de plage \u00e0 Costabella, l\u2019un des quartiers les plus exclusifs et paisibles de Marbella Est. Cette propri\u00e9t\u00e9 repr\u00e9sente une opportunit\u00e9 unique pour ceux qui recherchent une&#8230;\t\t<\/p>\n\t\t\t\t<span class=\"card-properties-price mt-auto\">\n\t\t\t<p class=\"d-flex flex-column flex-md-row gap-3 mt-auto mb-0\">\n\t\t<span class=\"d-block text-nowrap\">\n\t\t<small class=\"d-block\">Long terme<\/small>\n\t\t<span class=\"card-properties-price mt-auto\" data-original-price=\"3300\">3\u202f300\u00a0\u20ac<\/span><small data-period> \/ Mois<\/small>\t<\/span>\n\t<\/p>\n\t\t<\/span>\n\t\t\t\t<ul class=\"card-properties-features list-unstyled d-flex flex-wrap align-items-center gap-3 pt-3 border-top mt-3 mb-0\">\n\t\t\t<li class=\"d-flex align-items-center\">4 Chambres<\/li><li class=\"d-flex align-items-center\">3 Bains<\/li>\t\t\t\t<li class=\"d-flex align-items-center\">\n\t\t\t\t\t <span class=\"me-1\" data-original-value=\"227\" data-original-unit=\"m&#038;sup2\">227 m&sup2;<\/span>Total\t\t\t\t<\/li>\n\t\t\t\t\t<\/ul>\n\t\t\t<\/div>\n<\/article>\n\t\t\t<\/div>\n\t\t\t<ul class=\"mw-100 d-flex flex-column flex-lg-row flex-lg-wrap justify-content-center gap-3 list-unstyled mt-5 mb-0\">\n    <li><a class=\"btn btn-primary w-100 px-4 py-2\" href=\"https:\/\/www.panoramamarbella.com\/fr\/locations\">Propri\u00e9t\u00e9s \u00e0 louer \u00e0 Marbella et ses environs<\/a><\/li><\/ul>\n\t\t<\/section>\n\t\t\n\n\t\t<section class=\"container wp-block-acf-inmpropselection\">\n\t\t\t<h2>Propri\u00e9t\u00e9s \u00e0 vendre recommand\u00e9es par Beatriz<\/h2>\t\t\t<div class=\"row row-cols-1 row-cols-lg-3 gy-5 g-xxl-5\">\n\t\t\t\t\n<article class=\"col card-properties position-relative d-flex flex-column\">\n\t<div id=\"carouselCardProperties-2-0\" class=\"card-properties-images carousel slide carousel-fade lazy\" data-bs-ride=\"carousel\" data-bs-interval=\"200000\" data-id=\"586099\">\n\t\t<div class=\"carousel-inner\">\n\t\t\t<figure class=\"carousel-item mb-0 active ratio ratio-4x3\">\n\t\t\t\t<picture><source sizes=\"(max-width: 575px) calc(100vw - 24px), (max-width: 767px) 516px, (max-width: 991px) 696px, (max-width: 1199px) 296px, (max-width: 1399px) 356px, 400px\" width=\"696\" height=\"522\" srcset=\"https:\/\/media.panoramamarbella.com\/imgV1\/B95mbh8olwFQm~uCUaVOI2kQT0hb0a8sZ9turUNfnwtvuccYCzs0YVPfPbfkc2VnnN1JFDpkYaGfw1gJsS~5h5O_yNjYS417kgGNYdh_0wSvHI0ZdHFzql29clKEaHXDrY8TtJA6_r9QjN3PAx10ir387R6saSgH4ATKBq_VUxEe9hxhmkXJRZTrOO6ng1rDbjFPNNYDvE2yrX6~q6JSQjFkVYLBWJEvBAV7yo112LO3QY6EkzRlG02evW24DZsu7RxvqoaZkMmNH54eIhRNy9nQgZ9h~5QIdBCe3_aaT~vCVxbK_g2emHierL~4WTtekdMIjmBUq~MWMNOtmpCdTBw_E__UYJDSderbRBA32xO95IJZDPYJDiSCrCHzq1WFU7vS57~~TFH4DbGc8s_KG3ky5ckfOK2UwU22~YX0jW0ndHSXcP2rwk2qdgk_JLRBtGzxU2edVi~QakeikKnb.png 696w,https:\/\/media.panoramamarbella.com\/imgV1\/B95mbh8olwFQm~uCUaVOI2kQT0hb0a8sZ9turUNfnwtvuccYCzs0YVPfPbfkc2VnnN1JFDpkYaGfw1gJsS~5h5O_yNjYS417kgGNYdh_0wSvHI0ZdHFzql29clKEaHXDrY8TtJA6_r9QjN3PAx10ir387R6saSgH4ATKBq_VUSs1C3J1joe1LYEFAQuZtQruOcMN3rw~VDEHpPOpuC4paaKzytM8ZezXhFf0BDG0MvFLE3j0Kw_s7KIXIMuibVm~h1ah4IDaT41c1jr3flgXaQgJeVprWydXYspViLERvii0RB9k58xDB_MWbPV~81VDWmZ0m~WhTI2szJviDUaazGYZEoJRItyFuljNNsRdnvQaLaX1DJSly0dZgpVYGtrPMhcduSUPo2K7dYOu30t7U_wfn2RHIifE9~UmOeW~_d5bFFHKgdH5JIwneoYFumxErAcrKaWagsrY5xTT_5UI.png 400w\" type=\"image\/webp\"><img decoding=\"async\" class=\"position-absolute w-100 h-100 object-fit-cover\" alt=\"Superbe penthouse duplex avec vue imprenable sur la mer \u00e0 proximit\u00e9 de Puerto Ban\u00fas\" loading=\"lazy\" width=\"696\" height=\"522\" src=\"https:\/\/media.panoramamarbella.com\/imgV1\/B95mbh8olwFQm~uCUaVOI2kQT0hb0a8sZ9turUNfnwtvuccYCzs0YVPfPbfkc2VnnN1JFDpkYaGfw1gJsS~5h5O_yNjYS417kgGNYdh_0wSvHI0ZdHFzql29clKEaHXDrY8TtJA6_r9QjN3PAx10ir387R6saSgH4ATKBq_VUxEe9hxhmkXJRZTrOO6ng1rDbjFPNNYDvE2yrW~hl8w7B~P_jL1N1v1uUtsBI~WLQ8R4dBBpAy1yDI3b4mF9rmJ1nKEa0Ozln414K~~L9epgkjs_X989UZ8q77STmDsyZ4ObPjJ0QI3z4WiCiQ6mW1uAU4FmpLDNH~10KIIPTDVAcVGVhQoGoB8H3vbrL4GboLx5ByxdUyX5yHSEan9MBXLto578te0KE_oVn6CsCP_TdDinSptxTDxMuVVZLfR0wE3nkA05ZOR0.png\"><\/picture>\t\t\t<\/figure>\n\t\t\t\t\t\t<span class=\"card-properties-ref position-absolute z-2 bottom-0 end-0 bg-white text-primary py-1 px-3 me-3\">\n\t\t\t\tPANR-15355\t\t\t<\/span>\n\t\t\t<button class=\"card-properties-portfolio d-flex align-items-center justify-content-center position-absolute z-3 end-0 text-white bg-primary me-3 border-0 px-0\" data-pfl-id=\"586099\" data-pfl-filter=\"sale\" aria-label=\"Add to portfolio\">\n\t\t\t\t<svg width=\"18\" fill=\"currentColor\" viewBox=\"0 0 512 512\">\n\t\t\t\t\t<use href=\"https:\/\/www.panoramamarbella.com\/wp-content\/themes\/panoramamarbella\/dist\/src\/images\/icons.svg#svgHeart\"><\/use>\n\t\t\t\t<\/svg>\n\t\t\t\t<svg width=\"18\" fill=\"currentColor\" viewBox=\"0 0 512 512\">\n\t\t\t\t\t<use href=\"https:\/\/www.panoramamarbella.com\/wp-content\/themes\/panoramamarbella\/dist\/src\/images\/icons.svg#svgHeartIn\"><\/use>\n\t\t\t\t<\/svg>\n\t\t\t<\/button>\n\t\t<\/div>\n\t\t\t\t<button\n\t\t\tclass=\"carousel-control-prev\"\n\t\t\ttype=\"button\"\n\t\t\tdata-bs-target=\"#carouselCardProperties-2-0\"\n\t\t\tdata-bs-slide=\"prev\">\n\t\t\t<span class=\"carousel-control-prev-icon\" aria-hidden=\"true\"><\/span>\n\t\t\t<span class=\"visually-hidden\">Pr\u00e9c\u00e9dent<\/span>\n\t\t<\/button>\n\t\t<button\n\t\t\tclass=\"carousel-control-next\"\n\t\t\ttype=\"button\"\n\t\t\tdata-bs-target=\"#carouselCardProperties-2-0\"\n\t\t\tdata-bs-slide=\"next\">\n\t\t\t<span class=\"carousel-control-next-icon\" aria-hidden=\"true\"><\/span>\n\t\t\t<span class=\"visually-hidden\">Suivant<\/span>\n\t\t<\/button>\n\t\t\t<\/div>\n\t<div class=\"d-flex flex-column h-100 px-3 py-4 shadow\">\n\t\t\t\t<h3 class=\"card-properties-title mb-3\">\n\t\t\t<a class=\"stretched-link\" href=\"\/fr\/proprietes\/marbella\/puerto-banus\/el-embrujo-banus\/appartements-habitats\/PANR-15355\">\n\t\t\t\tSuperbe penthouse duplex avec vue imprenable sur la mer \u00e0 proximit\u00e9 de Puerto Ban\u00fas\t\t\t<\/a>\n\t\t<\/h3>\n\t\t<p class=\"mb-3 text-black-dark\">El Embrujo Ban\u00fas, Puerto Banus<\/p>\n\t\t\t\t\t\t<p class=\"card-properties-description mb-3\">\n\t\t\tLuxueux penthouse duplex dans Embrujo de Ban\u00fas, un complexe d&#039;appartements haut de gamme, avec de magnifiques jardins tropicaux, 2 piscines, une salle de sport, un sauna et un SPA, une s\u00e9curit\u00e9 24h\/24, ainsi qu&#039;une proximit\u00e9&#8230;\t\t<\/p>\n\t\t\t\t<span class=\"card-properties-price mt-auto\">\n\t\t\t\n\t\t\t<span class=\"card-properties-price mt-auto\" data-original-price=\"3950000\">3\u202f950\u202f000\u00a0\u20ac<\/span>\n\t\t\t\t<\/span>\n\t\t\t\t<ul class=\"card-properties-features list-unstyled d-flex flex-wrap align-items-center gap-3 pt-3 border-top mt-3 mb-0\">\n\t\t\t<li class=\"d-flex align-items-center\">4 Chambres<\/li><li class=\"d-flex align-items-center\">4 Bains<\/li>\t\t\t\t<li class=\"d-flex align-items-center\">\n\t\t\t\t\t <span class=\"me-1\" data-original-value=\"712\" data-original-unit=\"m&#038;sup2\">712 m&sup2;<\/span>Total\t\t\t\t<\/li>\n\t\t\t\t\t<\/ul>\n\t\t\t<\/div>\n<\/article>\n\n\n<article class=\"col card-properties position-relative d-flex flex-column\">\n\t<div id=\"carouselCardProperties-2-1\" class=\"card-properties-images carousel slide carousel-fade lazy\" data-bs-ride=\"carousel\" data-bs-interval=\"200000\" data-id=\"470348\">\n\t\t<div class=\"carousel-inner\">\n\t\t\t<figure class=\"carousel-item mb-0 active ratio ratio-4x3\">\n\t\t\t\t<picture><source sizes=\"(max-width: 575px) calc(100vw - 24px), (max-width: 767px) 516px, (max-width: 991px) 696px, (max-width: 1199px) 296px, (max-width: 1399px) 356px, 400px\" width=\"696\" height=\"522\" srcset=\"https:\/\/media.panoramamarbella.com\/imgV1\/B95mbh8olwFQm~uCUaVOI2kQT0hb0a8sZ9turUNfnwtvuccYCzs0YVPfPbfkc2VnnN1JFDpkYaGfw1gJsS~5hpKDMUgmWJTDRRRowDU15_oPJytr_tLHzjWvbcZxTK9vV3zQlBkXku2~Pfxa3mzv87isN5TJqVQ6JnIgk3StNpC9KJGxOYhHvCuRUPrVqgqKeFxbVAnhlExGwahrhiJu94581PwSWigkTioBLeJ6gb3rM9ep7ZWZ74_LQ8j~5t3BkVak4BttM0GjkuVmS1RbU1PJ2bki7IRMbu8OU2jC0PF0t3Hn_jIVR3mJcPxHkhAl0X66h93wST8jNa5asEjhNKXXKXSSi7OVn4VbjZBaAT6ay2zKVy3EpMkZvh5cYHrDjjcFlDT20D~Xgjff6S3S8Y8GbSQrcOoH1HqTzcNTcXf5OKD8MgtBNZh2V1UevEgPLYlpyL7BFl~AAfuhbmbR.webp 696w,https:\/\/media.panoramamarbella.com\/imgV1\/B95mbh8olwFQm~uCUaVOI2kQT0hb0a8sZ9turUNfnwtvuccYCzs0YVPfPbfkc2VnnN1JFDpkYaGfw1gJsS~5hpKDMUgmWJTDRRRowDU15_oPJytr_tLHzjWvbcZxTK9vV3zQlBkXku2~Pfxa3mzv87isN5TJqVQ6JnIgk3StNF9rvGBr7qe9~zQmr3bT6ge_lzVM_stoIzHAkh4fgJH1kUNr~tqZBZehLPFONTuAs5f9AmYEmkttTaTAe~VPPDtajisUS~4AbJ2HC4gLeBY0OGlUr~UGjBlNGc2MgOafoqxDt3Y3VLB3L4BBK6f50FPMux9OohjCsIE9EmcqwNJ2dq97X4IKoOCARVy4Nl2vUYiutCO2T_bxdSFHLgEKqEGV1f1EKybCmSCy4SMShQjnz0mlH558s1IIWoyHL813E49NMBdh9CsCpIVyjs6zGCZt~nTa1sSpM0Xh1GxsU17W.webp 400w\" type=\"image\/webp\"><img decoding=\"async\" class=\"position-absolute w-100 h-100 object-fit-cover\" alt=\"Appartement duplex penthouse en premi\u00e8re ligne de golf \u00e0 Capanes del Golf\" loading=\"lazy\" width=\"696\" height=\"522\" src=\"https:\/\/media.panoramamarbella.com\/imgV1\/B95mbh8olwFQm~uCUaVOI2kQT0hb0a8sZ9turUNfnwtvuccYCzs0YVPfPbfkc2VnnN1JFDpkYaGfw1gJsS~5hpKDMUgmWJTDRRRowDU15_oPJytr_tLHzjWvbcZxTK9vV3zQlBkXku2~Pfxa3mzv87isN5TJqVQ6JnIgk3StNpC9KJGxOYhHvCuRUPrVtKwL8YyFYtsRM_770Y5gN9Yfu4hpItIAj4oQH8CboyGb2ANcS5gXxDLhEAyioZvQ4~mlWYlmTmD4cL309IxFeLvcdpt7Dr4H0q8IhyEvMPT9J54LlOQ9gFofEXUmVAKawHcj3p9RcKnF7GIPW7~yBap0lqmBEvbKLkX0SOZxsbkknHP6mgd6ZKWSJcVkH3MvoQvumzF8gk1PN5W_ucAgGe4c9BPiy30YX66NjvGL7DAg7eylFqgBNjnmdxJF9sI-.jpg\"><\/picture>\t\t\t<\/figure>\n\t\t\t\t\t\t<span class=\"card-properties-ref position-absolute z-2 bottom-0 end-0 bg-white text-primary py-1 px-3 me-3\">\n\t\t\t\tPANR-14116\t\t\t<\/span>\n\t\t\t<button class=\"card-properties-portfolio d-flex align-items-center justify-content-center position-absolute z-3 end-0 text-white bg-primary me-3 border-0 px-0\" data-pfl-id=\"470348\" data-pfl-filter=\"sale\" aria-label=\"Add to portfolio\">\n\t\t\t\t<svg width=\"18\" fill=\"currentColor\" viewBox=\"0 0 512 512\">\n\t\t\t\t\t<use href=\"https:\/\/www.panoramamarbella.com\/wp-content\/themes\/panoramamarbella\/dist\/src\/images\/icons.svg#svgHeart\"><\/use>\n\t\t\t\t<\/svg>\n\t\t\t\t<svg width=\"18\" fill=\"currentColor\" viewBox=\"0 0 512 512\">\n\t\t\t\t\t<use href=\"https:\/\/www.panoramamarbella.com\/wp-content\/themes\/panoramamarbella\/dist\/src\/images\/icons.svg#svgHeartIn\"><\/use>\n\t\t\t\t<\/svg>\n\t\t\t<\/button>\n\t\t<\/div>\n\t\t\t\t<button\n\t\t\tclass=\"carousel-control-prev\"\n\t\t\ttype=\"button\"\n\t\t\tdata-bs-target=\"#carouselCardProperties-2-1\"\n\t\t\tdata-bs-slide=\"prev\">\n\t\t\t<span class=\"carousel-control-prev-icon\" aria-hidden=\"true\"><\/span>\n\t\t\t<span class=\"visually-hidden\">Pr\u00e9c\u00e9dent<\/span>\n\t\t<\/button>\n\t\t<button\n\t\t\tclass=\"carousel-control-next\"\n\t\t\ttype=\"button\"\n\t\t\tdata-bs-target=\"#carouselCardProperties-2-1\"\n\t\t\tdata-bs-slide=\"next\">\n\t\t\t<span class=\"carousel-control-next-icon\" aria-hidden=\"true\"><\/span>\n\t\t\t<span class=\"visually-hidden\">Suivant<\/span>\n\t\t<\/button>\n\t\t\t<\/div>\n\t<div class=\"d-flex flex-column h-100 px-3 py-4 shadow\">\n\t\t\t\t<h3 class=\"card-properties-title mb-3\">\n\t\t\t<a class=\"stretched-link\" href=\"\/fr\/proprietes\/benahavis\/los-capanes-del-golf\/appartements-habitats\/PANR-14116\">\n\t\t\t\tAppartement duplex penthouse en premi\u00e8re ligne de golf \u00e0 Capanes del Golf\t\t\t<\/a>\n\t\t<\/h3>\n\t\t<p class=\"mb-3 text-black-dark\">Los Capanes del Golf, Benahavis<\/p>\n\t\t\t\t\t\t<p class=\"card-properties-description mb-3\">\n\t\t\tExceptionnel penthouse duplex de 4 chambres \u00e0 Capanes del Golf, offrant des vues panoramiques sur la mer M\u00e9diterran\u00e9e et le parcours de golf El Higueral. Ce d\u00e9veloppement s\u00e9curis\u00e9 dispose d&#039;une s\u00e9curit\u00e9 24 heures sur 24&#8230;\t\t<\/p>\n\t\t\t\t<span class=\"card-properties-price mt-auto\">\n\t\t\t\n\t\t\t<span class=\"card-properties-price mt-auto\" data-original-price=\"1790000\">1\u202f790\u202f000\u00a0\u20ac<\/span>\n\t\t\t\t<\/span>\n\t\t\t\t<ul class=\"card-properties-features list-unstyled d-flex flex-wrap align-items-center gap-3 pt-3 border-top mt-3 mb-0\">\n\t\t\t<li class=\"d-flex align-items-center\">4 Chambres<\/li><li class=\"d-flex align-items-center\">4 Bains<\/li>\t\t\t\t<li class=\"d-flex align-items-center\">\n\t\t\t\t\t <span class=\"me-1\" data-original-value=\"396\" data-original-unit=\"m&#038;sup2\">396 m&sup2;<\/span>Total\t\t\t\t<\/li>\n\t\t\t\t\t\t\t<li class=\"d-flex align-items-center\">\n\t\t\t\t\t <span class=\"me-1\" data-original-value=\"281\" data-original-unit=\"m&#038;sup2\">281 m&sup2;<\/span>Construit\t\t\t\t<\/li>\n\t\t\t\t\t\t\t<li class=\"d-flex align-items-center\">\n\t\t\t\t\t <span class=\"me-1\" data-original-value=\"115\" data-original-unit=\"m&#038;sup2\">115 m&sup2;<\/span>Terrasses\t\t\t\t<\/li>\n\t\t\t\t\t<\/ul>\n\t\t\t<\/div>\n<\/article>\n\n\n<article class=\"col card-properties position-relative d-flex flex-column\">\n\t<div id=\"carouselCardProperties-2-2\" class=\"card-properties-images carousel slide carousel-fade lazy\" data-bs-ride=\"carousel\" data-bs-interval=\"200000\" data-id=\"419771\">\n\t\t<div class=\"carousel-inner\">\n\t\t\t<figure class=\"carousel-item mb-0 active ratio ratio-4x3\">\n\t\t\t\t<picture><source sizes=\"(max-width: 575px) calc(100vw - 24px), (max-width: 767px) 516px, (max-width: 991px) 696px, (max-width: 1199px) 296px, (max-width: 1399px) 356px, 400px\" width=\"696\" height=\"522\" srcset=\"https:\/\/media.panoramamarbella.com\/imgV1\/B95mbh8olwFQm~uCUaVOI2kQT0hb0a8sZ9turUNfnwtvuccYCzs0YVPfPbfkc2VnnN1JFDpkYaGfw1gJsS~5gR2TDxIpMmQZTB36UyxDL6AVo5T5XWBk3fBbtf4EAlQWKQZjx5nCMCfJ3Vs~danoBVsr1~bBEIttQOwRHLTqvR2qerazWI1d64ipiG4gM~Xnwp4PdtGix9tm9Js1JIKeYvKoULy1JNEdEtK20qqiVFXJcsupHyyDMHcErnC4NZuN6cymTrtMGFDibp4Eq3C5SSI2A1_KoQ3Wyu5DWjwav_6j2bakyswXt4Wa_babqLwAfZuMLdLimiX~8R2VYf~lsPOyXMjGKYmVy7aWoTLEH5spySBHtzT2DrRmGrYze_yTGjQ6zdlhLrsjWk7wxWoJhzO3xqwgBx07zym~9kYIQmc3osyvm19R4AFwJ5Q1HaofHEeWxkVFNIR_e8Nx6c89.webp 696w,https:\/\/media.panoramamarbella.com\/imgV1\/B95mbh8olwFQm~uCUaVOI2kQT0hb0a8sZ9turUNfnwtvuccYCzs0YVPfPbfkc2VnnN1JFDpkYaGfw1gJsS~5gR2TDxIpMmQZTB36UyxDL6AVo5T5XWBk3fBbtf4EAlQWKQZjx5nCMCfJ3Vs~danoBVsr1~bBEIttQOwRHLTqv79H8VkHXZ1hfkbmwhh0VmNqAyO4rZ6CgQMKkgoP9yVE5KwdGBCtYJ0DsuC0GpJIJ9VMR7e1hHzW7TV8vXDdZFbnUhNRtTfJyDd7ZN73LLFDI52HnVMHlKJDwhYf6dDgf8CHPkf50UjJz~AS6553iRRfVncFrK0k7c~cyLWr9RycZGyaDe8C3veJESjFnNpvEtekpUKzBpmTYfT0E_c0C8jlKGiBfIrbkt29kCUttE07ZHRI732J20JCLiJLiZySSggFUd~uxh~9NJR9NfF5vfUbS4HslpynC3viCwGy2uBB.webp 400w\" type=\"image\/webp\"><img decoding=\"async\" class=\"position-absolute w-100 h-100 object-fit-cover\" alt=\"Villa m\u00e9diterran\u00e9enne intemporelle dans le prestigieux quartier de Sierra Blanca \u00e0 Marbella\" loading=\"lazy\" width=\"696\" height=\"522\" src=\"https:\/\/media.panoramamarbella.com\/imgV1\/B95mbh8olwFQm~uCUaVOI2kQT0hb0a8sZ9turUNfnwtvuccYCzs0YVPfPbfkc2VnnN1JFDpkYaGfw1gJsS~5gR2TDxIpMmQZTB36UyxDL6AVo5T5XWBk3fBbtf4EAlQWKQZjx5nCMCfJ3Vs~danoBVsr1~bBEIttQOwRHLTqvR2qerazWI1d64ipiG4gLQghqCQoIn9cGvpBdXDbgUaQjrruUB1qG37KTDM3vCIPVLsSQ1lposL154mDMkmgrkru5XWIXpTap8XqtYbje7KRdF3wuEL_TsZdGW94H61wJ0KdFTk4bWBWHsMFQRWNe8YnAxBwqDrxCio7T4UxnH6MMeMl6Wq8~s4aLawnWMh3nqSiYsMX8ZGOwf8UXOkw1C2HtTrdFy96~oVy1~l037zjdLgiQmy9u2p1Zlfpe2L3TxNc3QnPJY2WElGj_UI-.jpg\"><\/picture>\t\t\t<\/figure>\n\t\t\t\t\t\t<span class=\"card-properties-ref position-absolute z-2 bottom-0 end-0 bg-white text-primary py-1 px-3 me-3\">\n\t\t\t\tPANR-13533\t\t\t<\/span>\n\t\t\t<button class=\"card-properties-portfolio d-flex align-items-center justify-content-center position-absolute z-3 end-0 text-white bg-primary me-3 border-0 px-0\" data-pfl-id=\"419771\" data-pfl-filter=\"sale\" aria-label=\"Add to portfolio\">\n\t\t\t\t<svg width=\"18\" fill=\"currentColor\" viewBox=\"0 0 512 512\">\n\t\t\t\t\t<use href=\"https:\/\/www.panoramamarbella.com\/wp-content\/themes\/panoramamarbella\/dist\/src\/images\/icons.svg#svgHeart\"><\/use>\n\t\t\t\t<\/svg>\n\t\t\t\t<svg width=\"18\" fill=\"currentColor\" viewBox=\"0 0 512 512\">\n\t\t\t\t\t<use href=\"https:\/\/www.panoramamarbella.com\/wp-content\/themes\/panoramamarbella\/dist\/src\/images\/icons.svg#svgHeartIn\"><\/use>\n\t\t\t\t<\/svg>\n\t\t\t<\/button>\n\t\t<\/div>\n\t\t\t\t<button\n\t\t\tclass=\"carousel-control-prev\"\n\t\t\ttype=\"button\"\n\t\t\tdata-bs-target=\"#carouselCardProperties-2-2\"\n\t\t\tdata-bs-slide=\"prev\">\n\t\t\t<span class=\"carousel-control-prev-icon\" aria-hidden=\"true\"><\/span>\n\t\t\t<span class=\"visually-hidden\">Pr\u00e9c\u00e9dent<\/span>\n\t\t<\/button>\n\t\t<button\n\t\t\tclass=\"carousel-control-next\"\n\t\t\ttype=\"button\"\n\t\t\tdata-bs-target=\"#carouselCardProperties-2-2\"\n\t\t\tdata-bs-slide=\"next\">\n\t\t\t<span class=\"carousel-control-next-icon\" aria-hidden=\"true\"><\/span>\n\t\t\t<span class=\"visually-hidden\">Suivant<\/span>\n\t\t<\/button>\n\t\t\t<\/div>\n\t<div class=\"d-flex flex-column h-100 px-3 py-4 shadow\">\n\t\t\t\t<h3 class=\"card-properties-title mb-3\">\n\t\t\t<a class=\"stretched-link\" href=\"\/fr\/proprietes\/marbella\/marbella-golden-mile\/balcones-de-sierra-blanca\/villas-maisons-isolee\/PANR-13533\">\n\t\t\t\tVilla m\u00e9diterran\u00e9enne intemporelle dans le prestigieux quartier de Sierra Blanca \u00e0 Marbella\t\t\t<\/a>\n\t\t<\/h3>\n\t\t<p class=\"mb-3 text-black-dark\">Balcones de Sierra Blanca, Marbella Golden Mile<\/p>\n\t\t\t\t\t\t<p class=\"card-properties-description mb-3\">\n\t\t\tAlliant confort et raffinement, cette villa classique de style andalou est situ\u00e9e dans l\u2019enclave pris\u00e9e de Sierra Blanca, sur les hauteurs de la c\u00e9l\u00e8bre Golden Mile de Marbella. Mariant le charme m\u00e9diterran\u00e9en intemporel aux commodit\u00e9s&#8230;\t\t<\/p>\n\t\t\t\t<span class=\"card-properties-price mt-auto\">\n\t\t\t\n\t\t\t<span class=\"card-properties-price mt-auto\" data-original-price=\"4195000\">4\u202f195\u202f000\u00a0\u20ac<\/span>\n\t\t\t\t<\/span>\n\t\t\t\t<ul class=\"card-properties-features list-unstyled d-flex flex-wrap align-items-center gap-3 pt-3 border-top mt-3 mb-0\">\n\t\t\t<li class=\"d-flex align-items-center\">5 Chambres<\/li><li class=\"d-flex align-items-center\">4 Bains<\/li>\t\t\t\t<li class=\"d-flex align-items-center\">\n\t\t\t\t\t <span class=\"me-1\" data-original-value=\"571\" data-original-unit=\"m&#038;sup2\">571 m&sup2;<\/span>Total\t\t\t\t<\/li>\n\t\t\t\t\t\t\t<li class=\"d-flex align-items-center\">\n\t\t\t\t\t <span class=\"me-1\" data-original-value=\"960\" data-original-unit=\"m&#038;sup2\">960 m&sup2;<\/span>Terrain\t\t\t\t<\/li>\n\t\t\t\t\t\t\t\t<li class=\"d-flex align-items-center\">\n\t\t\t\t\t <span class=\"me-1\" data-original-value=\"476\" data-original-unit=\"m&#038;sup2\">476 m&sup2;<\/span>Construit\t\t\t\t<\/li>\n\t\t\t\t\t\t\t<li class=\"d-flex align-items-center\">\n\t\t\t\t\t <span class=\"me-1\" data-original-value=\"95\" data-original-unit=\"m&#038;sup2\">95 m&sup2;<\/span>Terrasses\t\t\t\t<\/li>\n\t\t\t\t\t<\/ul>\n\t\t\t<\/div>\n<\/article>\n\n\n<article class=\"col card-properties position-relative d-flex flex-column\">\n\t<div id=\"carouselCardProperties-2-3\" class=\"card-properties-images carousel slide carousel-fade lazy\" data-bs-ride=\"carousel\" data-bs-interval=\"200000\" data-id=\"257402\">\n\t\t<div class=\"carousel-inner\">\n\t\t\t<figure class=\"carousel-item mb-0 active ratio ratio-4x3\">\n\t\t\t\t<picture><source sizes=\"(max-width: 575px) calc(100vw - 24px), (max-width: 767px) 516px, (max-width: 991px) 696px, (max-width: 1199px) 296px, (max-width: 1399px) 356px, 400px\" width=\"696\" height=\"522\" srcset=\"https:\/\/media.panoramamarbella.com\/imgV1\/B95mbh8olwFQm~uCUaVOI2kQT0hb0a8sZ9turUNfnwtvuccYCzs0YVPfPbfkc2VnnN1JFDpkYaGfoKzWEDo5doiUbxEA9G4nUVrgplD6fZ0Sz6vIodGxkCKNqYElkgNQZnl8v6dSKRg9H55hIohq8RrOHsrzqedmgT76usFI0HqlDo6fR9i5mevMCMK5TxqtuR2Cxk_9HrOooJLR1WAjaqF1c80cwWFcd_04av~N5bCZEL65_fc592l_Ca230i8KjecCY2HeR2M3c_G~mA6WTa0h_Wohd3xTngkOlfXeS88NrknQd6Kp2PvCTXg3yKCKFzb5rrEOnlvPAZxW8d6K03hwQvSEhTxyu4VfIqlsyztk3P3RQkOaT09Fq81HnHrc2vrPGc6i9OVn89RXlkOzPMGtU8R5m~CKVmdqtkfduOnTdNm6fTKNLGSDjmA~oiI0CvP65Um4MNpDcEU9LQ--.webp 696w,https:\/\/media.panoramamarbella.com\/imgV1\/B95mbh8olwFQm~uCUaVOI2kQT0hb0a8sZ9turUNfnwtvuccYCzs0YVPfPbfkc2VnnN1JFDpkYaGfoKzWEDo5doiUbxEA9G4nUVrgplD6fZ0Sz6vIodGxkCKNqYElkgNQZnl8v6dSKRg9H55hIohq8RrOHsrzqedmgT76usPDEMVhuY0ZLIRHu4pIBNbq5B0W2UD70VfCqgFI23_NZGT2mvoCOO~wYXULACXjFK_o7KOwZiA5ERN2WsHlp4vrG0Gr15FqDJr~esbtP3d_zfWYsUIyQSz15Zclwf1I~S1HPEvUPWB7IBWE5VmJ0y0pTh8wFdgsxmqpt3ubhpBrUNo1FEzigksjwylFLM2ebeCgLPuCLCWgC8yW_NGQPLt1wVrEUHOgkkNUkPBrctxYXG0KgwSP4aD3palMX3W56yDPG~8gfzmneMLM7wd6WJ06ENO4rOrnUPleYB0CIO_UkQ--.webp 400w\" type=\"image\/webp\"><img decoding=\"async\" class=\"position-absolute w-100 h-100 object-fit-cover\" alt=\"Villa familiale de tr\u00e8s haute qualit\u00e9 \u00e0 Altos de Puente Romano, emplacement r\u00e9sidentiel id\u00e9al sur le Golden Mile\" loading=\"lazy\" width=\"696\" height=\"522\" src=\"https:\/\/media.panoramamarbella.com\/imgV1\/B95mbh8olwFQm~uCUaVOI2kQT0hb0a8sZ9turUNfnwtvuccYCzs0YVPfPbfkc2VnnN1JFDpkYaGfoKzWEDo5doiUbxEA9G4nUVrgplD6fZ0Sz6vIodGxkCKNqYElkgNQZnl8v6dSKRg9H55hIohq8RrOHsrzqedmgT76usFI0HqlDo6fR9i5mevMCNz_GfuvGf6mDdfRy8KyTgO4KIy4Xr4KyznmAE8jLZzx2U91kZWEj_QnssH~QIFu3ii~2SZjq2xbOb9vhV1yEyhSAluK11Mvs6eZNKkfMor7tTdrBcuMTKPxw79MJQSfloaQc0NNZh5y9SFjlgTSCde30cuk5MOTv8_rqx1TV_c4KRnrcjsdo_o5~0kAZp_CqpFkOFCqGrX9G_NCSMlyc5788SReiP2WkYL_UlDiZiDj2Ww7nKwXuazCwLN~R0cx.jpg\"><\/picture>\t\t\t<\/figure>\n\t\t\t\t\t\t<span class=\"card-properties-ref position-absolute z-2 bottom-0 end-0 bg-white text-primary py-1 px-3 me-3\">\n\t\t\t\tR112-07711\t\t\t<\/span>\n\t\t\t<button class=\"card-properties-portfolio d-flex align-items-center justify-content-center position-absolute z-3 end-0 text-white bg-primary me-3 border-0 px-0\" data-pfl-id=\"257402\" data-pfl-filter=\"sale\" aria-label=\"Add to portfolio\">\n\t\t\t\t<svg width=\"18\" fill=\"currentColor\" viewBox=\"0 0 512 512\">\n\t\t\t\t\t<use href=\"https:\/\/www.panoramamarbella.com\/wp-content\/themes\/panoramamarbella\/dist\/src\/images\/icons.svg#svgHeart\"><\/use>\n\t\t\t\t<\/svg>\n\t\t\t\t<svg width=\"18\" fill=\"currentColor\" viewBox=\"0 0 512 512\">\n\t\t\t\t\t<use href=\"https:\/\/www.panoramamarbella.com\/wp-content\/themes\/panoramamarbella\/dist\/src\/images\/icons.svg#svgHeartIn\"><\/use>\n\t\t\t\t<\/svg>\n\t\t\t<\/button>\n\t\t<\/div>\n\t\t\t\t<button\n\t\t\tclass=\"carousel-control-prev\"\n\t\t\ttype=\"button\"\n\t\t\tdata-bs-target=\"#carouselCardProperties-2-3\"\n\t\t\tdata-bs-slide=\"prev\">\n\t\t\t<span class=\"carousel-control-prev-icon\" aria-hidden=\"true\"><\/span>\n\t\t\t<span class=\"visually-hidden\">Pr\u00e9c\u00e9dent<\/span>\n\t\t<\/button>\n\t\t<button\n\t\t\tclass=\"carousel-control-next\"\n\t\t\ttype=\"button\"\n\t\t\tdata-bs-target=\"#carouselCardProperties-2-3\"\n\t\t\tdata-bs-slide=\"next\">\n\t\t\t<span class=\"carousel-control-next-icon\" aria-hidden=\"true\"><\/span>\n\t\t\t<span class=\"visually-hidden\">Suivant<\/span>\n\t\t<\/button>\n\t\t\t<\/div>\n\t<div class=\"d-flex flex-column h-100 px-3 py-4 shadow\">\n\t\t\t\t<h3 class=\"card-properties-title mb-3\">\n\t\t\t<a class=\"stretched-link\" href=\"\/fr\/proprietes\/marbella\/marbella-golden-mile\/altos-de-puente-romano\/villas-maisons-isolee\/R112-07711\">\n\t\t\t\tVilla familiale de tr\u00e8s haute qualit\u00e9 \u00e0 Altos de Puente Romano, emplacement r\u00e9sidentiel id\u00e9al sur le Golden Mile\t\t\t<\/a>\n\t\t<\/h3>\n\t\t<p class=\"mb-3 text-black-dark\">Altos de Puente Romano, Marbella Golden Mile<\/p>\n\t\t\t\t\t\t<p class=\"card-properties-description mb-3\">\n\t\t\tSitu\u00e9e dans le cadre le plus prestigieux du Golden Mile de Marbella, cette villa exquise allie \u00e9l\u00e9gance intemporelle et confort moderne, offrant un style de vie v\u00e9ritablement exceptionnel dans l\u2019une des adresses les plus recherch\u00e9es&#8230;\t\t<\/p>\n\t\t\t\t<span class=\"card-properties-price mt-auto\">\n\t\t\t\n\t\t\t<span class=\"card-properties-price mt-auto\" data-original-price=\"4500000\">4\u202f500\u202f000\u00a0\u20ac<\/span>\n\t\t\t\t<\/span>\n\t\t\t\t<ul class=\"card-properties-features list-unstyled d-flex flex-wrap align-items-center gap-3 pt-3 border-top mt-3 mb-0\">\n\t\t\t<li class=\"d-flex align-items-center\">5 Chambres<\/li><li class=\"d-flex align-items-center\">5 Bains<\/li>\t\t\t\t<li class=\"d-flex align-items-center\">\n\t\t\t\t\t <span class=\"me-1\" data-original-value=\"744\" data-original-unit=\"m&#038;sup2\">744 m&sup2;<\/span>Total\t\t\t\t<\/li>\n\t\t\t\t\t\t\t<li class=\"d-flex align-items-center\">\n\t\t\t\t\t <span class=\"me-1\" data-original-value=\"1083\" data-original-unit=\"m&#038;sup2\">1\u202f083 m&sup2;<\/span>Terrain\t\t\t\t<\/li>\n\t\t\t\t\t\t\t\t<li class=\"d-flex align-items-center\">\n\t\t\t\t\t <span class=\"me-1\" data-original-value=\"544\" data-original-unit=\"m&#038;sup2\">544 m&sup2;<\/span>Construit\t\t\t\t<\/li>\n\t\t\t\t\t\t\t<li class=\"d-flex align-items-center\">\n\t\t\t\t\t <span class=\"me-1\" data-original-value=\"200\" data-original-unit=\"m&#038;sup2\">200 m&sup2;<\/span>Terrasses\t\t\t\t<\/li>\n\t\t\t\t\t<\/ul>\n\t\t\t<\/div>\n<\/article>\n\n\n<article class=\"col card-properties position-relative d-flex flex-column\">\n\t<div id=\"carouselCardProperties-2-4\" class=\"card-properties-images carousel slide carousel-fade lazy\" data-bs-ride=\"carousel\" data-bs-interval=\"200000\" data-id=\"654223\">\n\t\t<div class=\"carousel-inner\">\n\t\t\t<figure class=\"carousel-item mb-0 active ratio ratio-4x3\">\n\t\t\t\t<picture><source sizes=\"(max-width: 575px) calc(100vw - 24px), (max-width: 767px) 516px, (max-width: 991px) 696px, (max-width: 1199px) 296px, (max-width: 1399px) 356px, 400px\" width=\"696\" height=\"522\" srcset=\"https:\/\/media.panoramamarbella.com\/imgV1\/B95mbh8olwFQm~uCUaVOI2kQT0hb0a8sZ9turUNfnwtvuccYCzs0YVPfPbfkc2VnnN1JFDpkYaGfw1gJsS~5h5m9tALXzCaZ5EkVpluuPvtY~chi8i0OqZBP28LXZxBmiO4GyIXdHQx7RVaJsVaJAxwx5U1uoNeKeXbX~9~8Voc62FsJiPVIb7aF43qSgHJ1pfU~3j9A~~T62fWpw6LzIna8OI7xiurFBTigIjQFr9osvla9_4Z1zyQfaEdXsBh0Z2iGAcxdST9TltVXeUBMdYP0SronbMr5qY90qzHrnbjaP7P456d5jHRMZ4p43PEQ3dBsxNUpVmGrneyt8w5RjU38iETOqzeipIknoyEqrxZHNsB~grQAXGEPPer2ZMbpn1nhTbVVP__Ms07TC_ZUZ~yDBF6gEr0b8rhgh4l9XVDQIxnpUTYQwNk7PyksBUyvbMsnRyAkp8Q0h58p73pS.webp 696w,https:\/\/media.panoramamarbella.com\/imgV1\/B95mbh8olwFQm~uCUaVOI2kQT0hb0a8sZ9turUNfnwtvuccYCzs0YVPfPbfkc2VnnN1JFDpkYaGfw1gJsS~5h5m9tALXzCaZ5EkVpluuPvtY~chi8i0OqZBP28LXZxBmiO4GyIXdHQx7RVaJsVaJAxwx5U1uoNeKeXbX~9~8VAskrWj06sbnY2mleEBGKSkWswkd76l4F606bAA3FF0XSi51xgJzVQjn8G8enARYVkEWU8Y7xPlXYHudw2OWj4DmTuWo~hF_kLCzFaewdyZfFxozvwHIhkjevOkkF_EUKCPij2nYjk372Zggh5yMMBmRY_IUXPl2~bhXGX6aY~~QDha3AJ2YiZT5GmmRyldmp5P9Ng4i67GFLU91CKMQffo60t5GiPEpZ2JBukV_0gIG1V0s_hPNBBl04hjnkqJJ~tGCtHmQ28BcA_sn6gDusYmUS3TdZJYg9UVLILQ8GuKa.webp 400w\" type=\"image\/webp\"><img decoding=\"async\" class=\"position-absolute w-100 h-100 object-fit-cover\" alt=\"Superbe propri\u00e9t\u00e9 de campagne avec charme rustique \u00e0 Sayalonga\" loading=\"lazy\" width=\"696\" height=\"522\" src=\"https:\/\/media.panoramamarbella.com\/imgV1\/B95mbh8olwFQm~uCUaVOI2kQT0hb0a8sZ9turUNfnwtvuccYCzs0YVPfPbfkc2VnnN1JFDpkYaGfw1gJsS~5h5m9tALXzCaZ5EkVpluuPvtY~chi8i0OqZBP28LXZxBmiO4GyIXdHQx7RVaJsVaJAxwx5U1uoNeKeXbX~9~8Voc62FsJiPVIb7aF43qSnv~MAJjx0S5iUSoEdYDB1NWmLj8g8agvzbXFXadNU1bu8t9aDtlVPgHsduY9RHAZAXB2oKnYNpx4ctppM6spDVRLY_onhUj4iyf268UyGKt0hiSp~xkjKbl5gm5A78HoBW9rfzojF2vkc_o~ZfzeLSV5yimHeHsHsfpzhPsQ54AzkPZQZnxpqtzi~Uc1U2V7xNe30ta7K9k~vzAsplTCmFbzcrvJPGlS6hHHDtv_DUKc98979ESmsmEMvES70lU-.jpg\"><\/picture>\t\t\t<\/figure>\n\t\t\t\t\t\t<span class=\"card-properties-ref position-absolute z-2 bottom-0 end-0 bg-white text-primary py-1 px-3 me-3\">\n\t\t\t\tPANR-15953\t\t\t<\/span>\n\t\t\t<button class=\"card-properties-portfolio d-flex align-items-center justify-content-center position-absolute z-3 end-0 text-white bg-primary me-3 border-0 px-0\" data-pfl-id=\"654223\" data-pfl-filter=\"sale\" aria-label=\"Add to portfolio\">\n\t\t\t\t<svg width=\"18\" fill=\"currentColor\" viewBox=\"0 0 512 512\">\n\t\t\t\t\t<use href=\"https:\/\/www.panoramamarbella.com\/wp-content\/themes\/panoramamarbella\/dist\/src\/images\/icons.svg#svgHeart\"><\/use>\n\t\t\t\t<\/svg>\n\t\t\t\t<svg width=\"18\" fill=\"currentColor\" viewBox=\"0 0 512 512\">\n\t\t\t\t\t<use href=\"https:\/\/www.panoramamarbella.com\/wp-content\/themes\/panoramamarbella\/dist\/src\/images\/icons.svg#svgHeartIn\"><\/use>\n\t\t\t\t<\/svg>\n\t\t\t<\/button>\n\t\t<\/div>\n\t\t\t\t<button\n\t\t\tclass=\"carousel-control-prev\"\n\t\t\ttype=\"button\"\n\t\t\tdata-bs-target=\"#carouselCardProperties-2-4\"\n\t\t\tdata-bs-slide=\"prev\">\n\t\t\t<span class=\"carousel-control-prev-icon\" aria-hidden=\"true\"><\/span>\n\t\t\t<span class=\"visually-hidden\">Pr\u00e9c\u00e9dent<\/span>\n\t\t<\/button>\n\t\t<button\n\t\t\tclass=\"carousel-control-next\"\n\t\t\ttype=\"button\"\n\t\t\tdata-bs-target=\"#carouselCardProperties-2-4\"\n\t\t\tdata-bs-slide=\"next\">\n\t\t\t<span class=\"carousel-control-next-icon\" aria-hidden=\"true\"><\/span>\n\t\t\t<span class=\"visually-hidden\">Suivant<\/span>\n\t\t<\/button>\n\t\t\t<\/div>\n\t<div class=\"d-flex flex-column h-100 px-3 py-4 shadow\">\n\t\t\t\t<h3 class=\"card-properties-title mb-3\">\n\t\t\t<a class=\"stretched-link\" href=\"\/fr\/proprietes\/sayalonga\/villas-maisons-isolee\/PANR-15953\">\n\t\t\t\tSuperbe propri\u00e9t\u00e9 de campagne avec charme rustique \u00e0 Sayalonga\t\t\t<\/a>\n\t\t<\/h3>\n\t\t<p class=\"mb-3 text-black-dark\">Sayalonga<\/p>\n\t\t\t\t\t\t<p class=\"card-properties-description mb-3\">\n\t\t\tCette charmante maison de campagne \u00e0 vendre est situ\u00e9e dans un environnement paisible, \u00e0 quelques pas du magnifique village blanchi \u00e0 la chaux de Sayalonga, offrant l\u2019\u00e9quilibre parfait entre la tranquillit\u00e9 rurale et la proximit\u00e9&#8230;\t\t<\/p>\n\t\t\t\t<span class=\"card-properties-price mt-auto\">\n\t\t\t\n\t\t\t<span class=\"card-properties-price mt-auto\" data-original-price=\"690000\">690\u202f000\u00a0\u20ac<\/span>\n\t\t\t\t<\/span>\n\t\t\t\t<ul class=\"card-properties-features list-unstyled d-flex flex-wrap align-items-center gap-3 pt-3 border-top mt-3 mb-0\">\n\t\t\t<li class=\"d-flex align-items-center\">6 Chambres<\/li><li class=\"d-flex align-items-center\">2 Bains<\/li>\t\t\t\t<li class=\"d-flex align-items-center\">\n\t\t\t\t\t <span class=\"me-1\" data-original-value=\"295\" data-original-unit=\"m&#038;sup2\">295 m&sup2;<\/span>Total\t\t\t\t<\/li>\n\t\t\t\t\t\t\t<li class=\"d-flex align-items-center\">\n\t\t\t\t\t <span class=\"me-1\" data-original-value=\"11000\" data-original-unit=\"m&#038;sup2\">11\u202f000 m&sup2;<\/span>Terrain\t\t\t\t<\/li>\n\t\t\t\t\t\t<\/ul>\n\t\t\t<\/div>\n<\/article>\n\n\n<article class=\"col card-properties position-relative d-flex flex-column\">\n\t<div id=\"carouselCardProperties-2-5\" class=\"card-properties-images carousel slide carousel-fade lazy\" data-bs-ride=\"carousel\" data-bs-interval=\"200000\" data-id=\"631321\">\n\t\t<div class=\"carousel-inner\">\n\t\t\t<figure class=\"carousel-item mb-0 active ratio ratio-4x3\">\n\t\t\t\t<picture><source sizes=\"(max-width: 575px) calc(100vw - 24px), (max-width: 767px) 516px, (max-width: 991px) 696px, (max-width: 1199px) 296px, (max-width: 1399px) 356px, 400px\" width=\"696\" height=\"522\" srcset=\"https:\/\/media.panoramamarbella.com\/imgV1\/B95mbh8olwFQm~uCUaVOI2kQT0hb0a8sZ9turUNfnwtvuccYCzs0YVPfPbfkc2VnnN1JFDpkYaGfw1gJsS~5h5ePrUWGPRhxefggNIP9NDq1WcGAxdrrOAGdnDWWB22H7sf~X66PQ4Udq7pBWQmBRNmWBIzxSnZRHLy0NfZ0hiBNUd4MWxj9oYw6Qn6hClSYOUiudfkymd0SwIGA3YbDOKnlWXmVDn3GuSmwGGXntuEmsUwG5jgNPw47IswBbLjw2j6wmU9N8p6J7R3r7s3oGfK_eMAe5KcYMkqBDE~1sU2xOVCLYRBax4Rplhqmy1cDbF99VIlif1pm8chyWmjQF9KdJiAsh~1fhM6vCaC2HBYqLnmH1GpLombH2r7P2EDRjE08kvYiJeL89FbwrW5fIrVh9NB7AZsDLA4XpAStLDleiezSsZ_EGHb8ER_G8YsHhp7_tQwzd7TWPcWRpBNI.webp 696w,https:\/\/media.panoramamarbella.com\/imgV1\/B95mbh8olwFQm~uCUaVOI2kQT0hb0a8sZ9turUNfnwtvuccYCzs0YVPfPbfkc2VnnN1JFDpkYaGfw1gJsS~5h5ePrUWGPRhxefggNIP9NDq1WcGAxdrrOAGdnDWWB22H7sf~X66PQ4Udq7pBWQmBRNmWBIzxSnZRHLy0NfZ0hJYzTUJF16gBI99jRC2sM7mjfPNqWfVbKk_6ZMi4bw5oK5dqZxEAJ8er3G8oaOdq7pCeXZf0hMIl8tBtTODiYIei8I8tk3CWLY45f6OWxCXSu9u3jHs~3qH7HZ1ESSc_B7R4N45vfBVbwDl3diTbIXcXXzcYE9LjVXFRWHJpFeCjjw5NEtRhPg8XFUqA4P2pRjVJ1q5Ae5LLax7lKY7nZUwXH6G_KUTc5UWKb0KUpZHTVIECoxCSJXa9aLWRQn7xbMclCWxisL8XVdTHo4ULK0y6QPVcKgHE9wbVfkQU313m.webp 400w\" type=\"image\/webp\"><img decoding=\"async\" class=\"position-absolute w-100 h-100 object-fit-cover\" alt=\"Local commercial dans un emplacement privil\u00e9gi\u00e9 au centre de Marbella\" loading=\"lazy\" width=\"696\" height=\"522\" src=\"https:\/\/media.panoramamarbella.com\/imgV1\/B95mbh8olwFQm~uCUaVOI2kQT0hb0a8sZ9turUNfnwtvuccYCzs0YVPfPbfkc2VnnN1JFDpkYaGfw1gJsS~5h5ePrUWGPRhxefggNIP9NDq1WcGAxdrrOAGdnDWWB22H7sf~X66PQ4Udq7pBWQmBRNmWBIzxSnZRHLy0NfZ0hiBNUd4MWxj9oYw6Qn6hFNRGIHT9Xwlwflg771fsRSLKXDAWjqdBnR7SiXsVc5rrvc4Ega_wYQmfO4riXnkHlP11YFyU6VgarI5lbA9iWYVppmG_E50~x2FThfAHGQzba5xIu8u3hHM1lgUw4FpCyh2~jhpJDjdvdijeIhpy42nGwk_SK5Vglx6B5bTXYexdrkX8o8OtQ_bdUXUU60eJJ95ZojCQKek6UNDl9h2N9Y5qgKP9JIrxxFB3VmOCmEUirlPYGHoayY1L4P_hUU8-.jpg\"><\/picture>\t\t\t<\/figure>\n\t\t\t\t\t\t<span class=\"card-properties-ref position-absolute z-2 bottom-0 end-0 bg-white text-primary py-1 px-3 me-3\">\n\t\t\t\tPANR-15768\t\t\t<\/span>\n\t\t\t<button class=\"card-properties-portfolio d-flex align-items-center justify-content-center position-absolute z-3 end-0 text-white bg-primary me-3 border-0 px-0\" data-pfl-id=\"631321\" data-pfl-filter=\"sale\" aria-label=\"Add to portfolio\">\n\t\t\t\t<svg width=\"18\" fill=\"currentColor\" viewBox=\"0 0 512 512\">\n\t\t\t\t\t<use href=\"https:\/\/www.panoramamarbella.com\/wp-content\/themes\/panoramamarbella\/dist\/src\/images\/icons.svg#svgHeart\"><\/use>\n\t\t\t\t<\/svg>\n\t\t\t\t<svg width=\"18\" fill=\"currentColor\" viewBox=\"0 0 512 512\">\n\t\t\t\t\t<use href=\"https:\/\/www.panoramamarbella.com\/wp-content\/themes\/panoramamarbella\/dist\/src\/images\/icons.svg#svgHeartIn\"><\/use>\n\t\t\t\t<\/svg>\n\t\t\t<\/button>\n\t\t<\/div>\n\t\t\t\t<button\n\t\t\tclass=\"carousel-control-prev\"\n\t\t\ttype=\"button\"\n\t\t\tdata-bs-target=\"#carouselCardProperties-2-5\"\n\t\t\tdata-bs-slide=\"prev\">\n\t\t\t<span class=\"carousel-control-prev-icon\" aria-hidden=\"true\"><\/span>\n\t\t\t<span class=\"visually-hidden\">Pr\u00e9c\u00e9dent<\/span>\n\t\t<\/button>\n\t\t<button\n\t\t\tclass=\"carousel-control-next\"\n\t\t\ttype=\"button\"\n\t\t\tdata-bs-target=\"#carouselCardProperties-2-5\"\n\t\t\tdata-bs-slide=\"next\">\n\t\t\t<span class=\"carousel-control-next-icon\" aria-hidden=\"true\"><\/span>\n\t\t\t<span class=\"visually-hidden\">Suivant<\/span>\n\t\t<\/button>\n\t\t\t<\/div>\n\t<div class=\"d-flex flex-column h-100 px-3 py-4 shadow\">\n\t\t\t\t<h3 class=\"card-properties-title mb-3\">\n\t\t\t<a class=\"stretched-link\" href=\"\/fr\/proprietes\/marbella\/marbella-ville\/marbella-centre\/locaux-commerciaux\/PANR-15768\">\n\t\t\t\tLocal commercial dans un emplacement privil\u00e9gi\u00e9 au centre de Marbella\t\t\t<\/a>\n\t\t<\/h3>\n\t\t<p class=\"mb-3 text-black-dark\">Marbella Centre, Marbella Ville<\/p>\n\t\t\t\t\t\t<p class=\"card-properties-description mb-3\">\n\t\t\tCe spacieux local commercial est situ\u00e9 en plein c\u0153ur de Marbella, sur la principale avenue de la ville \u2014 Ricardo Soriano. Implant\u00e9 dans un quartier central et anim\u00e9, b\u00e9n\u00e9ficiant d\u2019un excellent passage pi\u00e9tonnier et d\u2019une&#8230;\t\t<\/p>\n\t\t\t\t<span class=\"card-properties-price mt-auto\">\n\t\t\t\n\t\t\t<span class=\"card-properties-price mt-auto\" data-original-price=\"595000\">595\u202f000\u00a0\u20ac<\/span>\n\t\t\t\t<\/span>\n\t\t\t\t<ul class=\"card-properties-features list-unstyled d-flex flex-wrap align-items-center gap-3 pt-3 border-top mt-3 mb-0\">\n\t\t\t<li class=\"d-flex align-items-center\">4 Chambres<\/li><li class=\"d-flex align-items-center\">1 Bain<\/li>\t\t\t\t<li class=\"d-flex align-items-center\">\n\t\t\t\t\t <span class=\"me-1\" data-original-value=\"133\" data-original-unit=\"m&#038;sup2\">133 m&sup2;<\/span>Total\t\t\t\t<\/li>\n\t\t\t\t\t<\/ul>\n\t\t\t<\/div>\n<\/article>\n\t\t\t<\/div>\n\t\t\t\t\t<\/section>\n\t\t\n","protected":false},"excerpt":{"rendered":"","protected":false},"template":"","meta":{"_acf_changed":true},"class_list":["post-1096","agents","type-agents","status-publish","hentry"],"acf":[],"_links":{"self":[{"href":"https:\/\/www.panoramamarbella.com\/fr\/wp-json\/wp\/v2\/agents\/1096","targetHints":{"allow":["GET"]}}],"collection":[{"href":"https:\/\/www.panoramamarbella.com\/fr\/wp-json\/wp\/v2\/agents"}],"about":[{"href":"https:\/\/www.panoramamarbella.com\/fr\/wp-json\/wp\/v2\/types\/agents"}],"wp:attachment":[{"href":"https:\/\/www.panoramamarbella.com\/fr\/wp-json\/wp\/v2\/media?parent=1096"}],"curies":[{"name":"wp","href":"https:\/\/api.w.org\/{rel}","templated":true}]}}