{"id":1128,"date":"2024-05-15T10:50:55","date_gmt":"2024-05-15T08:50:55","guid":{"rendered":"https:\/\/www.panoramamarbella.com\/?post_type=agents&#038;p=1128"},"modified":"2025-11-18T11:44:10","modified_gmt":"2025-11-18T10:44:10","slug":"katinka-clover","status":"publish","type":"agents","link":"https:\/\/www.panoramamarbella.com\/fr\/a-propos\/equipe-panorama\/katinka-clover","title":{"rendered":"Katinka Clover"},"content":{"rendered":"\n\n<p>Katinka Clover est n\u00e9e \u00e0 Malaga, et a r\u00e9alis\u00e9 ses \u00e9tudes universitaires \u00e0 l\u2019universit\u00e9 de St. Louis de Madrid et \u00e0 l\u2019universit\u00e9 am\u00e9ricaine de Paris, o\u00f9 elle a obtenu son dipl\u00f4me en communication internationale. Moiti\u00e9 danoise et moiti\u00e9 am\u00e9ricaine, et ayant grandi dans un endroit multiculturel comme Marbella, elle est heureuse d\u2019avoir de nombreux amis d\u2019origines diff\u00e9rentes, et elle trouve tr\u00e8s int\u00e9ressant de d\u00e9couvrir leurs coutumes.<\/p>\n\n\n\n<p>Apr\u00e8s avoir termin\u00e9 ses \u00e9tudes et r\u00e9alis\u00e9 des stages dans plusieurs entreprises, elle a rejoint Panorama en 2003 comme agent de captations, et fut nomm\u00e9e par la suite directrice de captations et marketing.&nbsp;<br><br>En 2022, Katinka a r\u00e9ussi tous les examens et cas pratiques, et devint membre AssocRics de la Royal institution of Chartered Surveyors, l\u2019organisme professionnel mondial qui encourage et renforce l\u2019\u00e9thique et les standards professionnels internationaux les plus \u00e9lev\u00e9s. Apr\u00e8s avoir dirig\u00e9 avec succ\u00e8s ces d\u00e9partements durant de nombreuses ann\u00e9es, elle fut promue en d\u00e9cembre 2022 \u00e0 directrice g\u00e9n\u00e9rale adjointe, travaillant coude \u00e0 coude avec son p\u00e8re Christopher.&nbsp;<\/p>\n\n\n\n<p>Elle profite de son travail tous les jours, car elle a l\u2019opportunit\u00e9 de faire la connaissance de personnes merveilleuses et de visiter des propri\u00e9t\u00e9s extraordinaires.&nbsp;<\/p>\n\n\n\n<p>Elle adore la nature et les animaux et, quand son emploi du temps le permet, elle aime voyager.&nbsp;<\/p>\n\n\n\n<p>Katinka est trilingue, elle parle anglais, espagnol et fran\u00e7ais.<\/p>\n\n\n\n\n\t\t<section class=\"container wp-block-acf-inmpropselection\">\n\t\t\t<h2>Propri\u00e9t\u00e9s recommand\u00e9es par Katinka<\/h2>\t\t\t<div class=\"row row-cols-1 row-cols-lg-3 gy-5 g-xxl-5\">\n\t\t\t\t\n<article class=\"col card-properties position-relative d-flex flex-column\">\n\t<div id=\"carouselCardProperties-1-0\" class=\"card-properties-images carousel slide carousel-fade lazy\" data-bs-ride=\"carousel\" data-bs-interval=\"200000\" data-id=\"692958\">\n\t\t<div class=\"carousel-inner\">\n\t\t\t<figure class=\"carousel-item mb-0 active ratio ratio-4x3\">\n\t\t\t\t<picture><source sizes=\"(max-width: 575px) calc(100vw - 24px), (max-width: 767px) 516px, (max-width: 991px) 696px, (max-width: 1199px) 296px, (max-width: 1399px) 356px, 400px\" width=\"696\" height=\"522\" srcset=\"https:\/\/media.panoramamarbella.com\/imgV1\/B95mbh8olwFQm~uCUaVOI2kQT0hb0a8sZ9turUNfnwtvuccYCzs0YVPfPbfkc2VnnN1JFDpkYaGfw1gJsS~5hOp6VuaarS4VhBdLIeCHKx_KLMjDaJRQqWVGAi9oYjxqEvJfdfls5I8tHxsSl5bJkLfSNxE4Oga209sii9j5i2NyZxYAOk4zTtLqP594I3QCAA_OUObdUzfjOFFvHhkINRrOSjFfIVBUhwzTwfzgtL2YErtgDLgytK_jTMcP2K7TqSXDNqvGEDcVEdwYCGLP6ZeW5o~pCLj7NI4_Cy2rKWV6CQ~yt9WSNdsoy8~3dX5gybAXieg6E47aS0HqqSeORY~sWxfOGCm7xLGqe3Ag3d2xOZnMQaNHpYUGGQMrbFFaJqeA_FOJRg5txEpN_3NW5qd2VZwatBdTl53nmTJbdSLkoGcLcYTj6AzHBk1BlwAY2Gh1GX_LzNqrdhuaynec.webp 696w,https:\/\/media.panoramamarbella.com\/imgV1\/B95mbh8olwFQm~uCUaVOI2kQT0hb0a8sZ9turUNfnwtvuccYCzs0YVPfPbfkc2VnnN1JFDpkYaGfw1gJsS~5hOp6VuaarS4VhBdLIeCHKx_KLMjDaJRQqWVGAi9oYjxqEvJfdfls5I8tHxsSl5bJkLfSNxE4Oga209sii9j5iQux1UUTndNeN7PdpvS9Ggd19HQPgLbUBClwMi~YImzhpGCEpSTW2je3b7c7mp5YA5bRyVamC2vEWGVYDJ6iqXXMb6ZDYoFC5QhUd56JkPe00_0R5ZSwYqfCqU43p~~w88ykAsjplShu91WzRGg4SoW2qod~uhqMhpbDL~rSYfRjZSiqUXb0VodwqYx9dz42b9Jgy4mZf_uvMsj3uq2~jVBna6iTDmNMQCVFJCtUcfcWPCfbqPVoRsSK2QyvicqJHnEE62Egoztn0zTBZ3iD8s0a1unVoM7Y0x629OTZbJfe.webp 400w\" type=\"image\/webp\"><img decoding=\"async\" class=\"position-absolute w-100 h-100 object-fit-cover\" alt=\"Appartement avec vue sur la mer \u00e0 La Trinidad, au c\u0153ur du Golden Mile, \u00e0 proximit\u00e9 de tout\" loading=\"lazy\" width=\"696\" height=\"522\" src=\"https:\/\/media.panoramamarbella.com\/imgV1\/B95mbh8olwFQm~uCUaVOI2kQT0hb0a8sZ9turUNfnwtvuccYCzs0YVPfPbfkc2VnnN1JFDpkYaGfw1gJsS~5hOp6VuaarS4VhBdLIeCHKx_KLMjDaJRQqWVGAi9oYjxqEvJfdfls5I8tHxsSl5bJkLfSNxE4Oga209sii9j5i2NyZxYAOk4zTtLqP594PbAoKwR9GBaIhZ037AkJtBA30IUMZ5xenGR2zK60ofe1p6Ca4YzJ6r6R~UdusCfYnhfD3Zp_DX~N6EMnANsmC_xQQIgY8BS_DWxiQCwAzktLmATPNSJIBq8dCjNUJFknbmoFSMq5jUKVSk3GKnRlF1S1_kAhxlpEYRvKpDX_IvecSpDPAYA5RRfJElGFTKB_sZoslfym5dg80_wn8NQlpzAH_lEum2QRPLYcImz3gZOYOT4hLoed08W~vrYZWBo-.jpg\"><\/picture>\t\t\t<\/figure>\n\t\t\t\t\t\t<span class=\"card-properties-ref position-absolute z-2 bottom-0 end-0 bg-white text-primary py-1 px-3 me-3\">\n\t\t\t\tPANR-16291\t\t\t<\/span>\n\t\t\t<button class=\"card-properties-portfolio d-flex align-items-center justify-content-center position-absolute z-3 end-0 text-white bg-primary me-3 border-0 px-0\" data-pfl-id=\"692958\" data-pfl-filter=\"sale\" aria-label=\"Add to portfolio\">\n\t\t\t\t<svg width=\"18\" fill=\"currentColor\" viewBox=\"0 0 512 512\">\n\t\t\t\t\t<use href=\"https:\/\/www.panoramamarbella.com\/wp-content\/themes\/panoramamarbella\/dist\/src\/images\/icons.svg#svgHeart\"><\/use>\n\t\t\t\t<\/svg>\n\t\t\t\t<svg width=\"18\" fill=\"currentColor\" viewBox=\"0 0 512 512\">\n\t\t\t\t\t<use href=\"https:\/\/www.panoramamarbella.com\/wp-content\/themes\/panoramamarbella\/dist\/src\/images\/icons.svg#svgHeartIn\"><\/use>\n\t\t\t\t<\/svg>\n\t\t\t<\/button>\n\t\t<\/div>\n\t\t\t\t<button\n\t\t\tclass=\"carousel-control-prev\"\n\t\t\ttype=\"button\"\n\t\t\tdata-bs-target=\"#carouselCardProperties-1-0\"\n\t\t\tdata-bs-slide=\"prev\">\n\t\t\t<span class=\"carousel-control-prev-icon\" aria-hidden=\"true\"><\/span>\n\t\t\t<span class=\"visually-hidden\">Pr\u00e9c\u00e9dent<\/span>\n\t\t<\/button>\n\t\t<button\n\t\t\tclass=\"carousel-control-next\"\n\t\t\ttype=\"button\"\n\t\t\tdata-bs-target=\"#carouselCardProperties-1-0\"\n\t\t\tdata-bs-slide=\"next\">\n\t\t\t<span class=\"carousel-control-next-icon\" aria-hidden=\"true\"><\/span>\n\t\t\t<span class=\"visually-hidden\">Suivant<\/span>\n\t\t<\/button>\n\t\t\t<\/div>\n\t<div class=\"d-flex flex-column h-100 px-3 py-4 shadow\">\n\t\t\t\t<h3 class=\"card-properties-title mb-3\">\n\t\t\t<a class=\"stretched-link\" href=\"\/fr\/proprietes\/marbella\/marbella-golden-mile\/la-trinidad\/appartements-habitats\/PANR-16291\">\n\t\t\t\tAppartement avec vue sur la mer \u00e0 La Trinidad, au c\u0153ur du Golden Mile, \u00e0 proximit\u00e9 de tout\t\t\t<\/a>\n\t\t<\/h3>\n\t\t<p class=\"mb-3 text-black-dark\">La Trinidad, Marbella Golden Mile<\/p>\n\t\t\t\t\t\t<p class=\"card-properties-description mb-3\">\n\t\t\tCe magnifique appartement est situ\u00e9 dans une urbanisation embl\u00e9matique du Mille d&#039;Or de Marbella, offrant des vues imprenables sur la mer M\u00e9diterran\u00e9e.\r\n\r\nLa propri\u00e9t\u00e9 b\u00e9n\u00e9ficie d&#039;un cadre \u00e9l\u00e9gant, moderne et exclusif, au sein d&#039;un complexe con\u00e7u&#8230;\t\t<\/p>\n\t\t\t\t<span class=\"card-properties-price mt-auto\">\n\t\t\t\n\t\t\t<span class=\"card-properties-price mt-auto\" data-original-price=\"2680000\">2\u202f680\u202f000\u00a0\u20ac<\/span>\n\t\t\t\t<\/span>\n\t\t\t\t<ul class=\"card-properties-features list-unstyled d-flex flex-wrap align-items-center gap-3 pt-3 border-top mt-3 mb-0\">\n\t\t\t<li class=\"d-flex align-items-center\">2 Chambres<\/li><li class=\"d-flex align-items-center\">2 Bains<\/li>\t\t\t\t<li class=\"d-flex align-items-center\">\n\t\t\t\t\t <span class=\"me-1\" data-original-value=\"235\" data-original-unit=\"m&#038;sup2\">235 m&sup2;<\/span>Total\t\t\t\t<\/li>\n\t\t\t\t\t\t\t<li class=\"d-flex align-items-center\">\n\t\t\t\t\t <span class=\"me-1\" data-original-value=\"174\" data-original-unit=\"m&#038;sup2\">174 m&sup2;<\/span>Construit\t\t\t\t<\/li>\n\t\t\t\t\t\t\t<li class=\"d-flex align-items-center\">\n\t\t\t\t\t <span class=\"me-1\" data-original-value=\"61\" data-original-unit=\"m&#038;sup2\">61 m&sup2;<\/span>Terrasses\t\t\t\t<\/li>\n\t\t\t\t\t<\/ul>\n\t\t\t<\/div>\n<\/article>\n\n\n<article class=\"col card-properties position-relative d-flex flex-column\">\n\t<div id=\"carouselCardProperties-1-1\" class=\"card-properties-images carousel slide carousel-fade lazy\" data-bs-ride=\"carousel\" data-bs-interval=\"200000\" data-id=\"684856\">\n\t\t<div class=\"carousel-inner\">\n\t\t\t<figure class=\"carousel-item mb-0 active ratio ratio-4x3\">\n\t\t\t\t<picture><source sizes=\"(max-width: 575px) calc(100vw - 24px), (max-width: 767px) 516px, (max-width: 991px) 696px, (max-width: 1199px) 296px, (max-width: 1399px) 356px, 400px\" width=\"696\" height=\"522\" srcset=\"https:\/\/media.panoramamarbella.com\/imgV1\/B95mbh8olwFQm~uCUaVOI2kQT0hb0a8sZ9turUNfnwtvuccYCzs0YVPfPbfkc2VnnN1JFDpkYaGfw1gJsS~5hOpxNKj1XCoqkmx~DolChQvm0oftfzAA~Iaat5W7z11VxFfnO54mzaMDHN4E_nP33BuzfaRFHSmc0joo3QZlmRaVirgsf7iDTbHIYgw5ZwHbW_pZ_PHpyPbSniP_iTMXcrQAeIP04WhyQkPtDUS9aCDU1nVHhasUsjpCf7Ah0SiivMmGU~FM8q02YWNjrAlpev5ysWmoIhXoLqt4pTtsQxEavPMrTpMcaSCgvcaT_OvfmTVA22byVIHlNDy69th71AGSgRMote1YCWCk5q4ir7c~nQS7qFR5~P1~v2U0SUptyBZhUFTNY44~iFKMfeeFyLaLWHReua0qjOqMsJPqu6bRlIWtR3Ay6rsbJKSnMP119Cp2k_ZzITPYEYHqVrOu.webp 696w,https:\/\/media.panoramamarbella.com\/imgV1\/B95mbh8olwFQm~uCUaVOI2kQT0hb0a8sZ9turUNfnwtvuccYCzs0YVPfPbfkc2VnnN1JFDpkYaGfw1gJsS~5hOpxNKj1XCoqkmx~DolChQvm0oftfzAA~Iaat5W7z11VxFfnO54mzaMDHN4E_nP33BuzfaRFHSmc0joo3QZlm4ddHqISLOXkEjLyaoUBMg98C_tex~8jd8ZvYT0Zf6ckPtyePhwRNz73uiMXQG37Xy3dDr9Gz1IEkVOuXhjKDszB6miVMvqQmwjeltw5Hw2u4hfBQJgA2CXrlNif7KhZMecKrAIQZLoQOeZ0WYCbZ2344ifR2wWUPk6WK3vMXc4SUV6vBvKaF_zV1foSckpqo0GZ5rWrsn_BdtXeD92ShGVDD_JrCoswOL_Tvu7p6QQkpbOhyT4pHc0CDeYJTp5u8w~MEunbymuLvMgJM9tWY0tHpif5Ji5ymltibPI2FnSl.webp 400w\" type=\"image\/webp\"><img decoding=\"async\" class=\"position-absolute w-100 h-100 object-fit-cover\" alt=\"Demeure d\u2019exception avec vue panoramique sur la mer \u00e0 Los Picos de Nag\u00fceles, Golden Mile\" loading=\"lazy\" width=\"696\" height=\"522\" src=\"https:\/\/media.panoramamarbella.com\/imgV1\/B95mbh8olwFQm~uCUaVOI2kQT0hb0a8sZ9turUNfnwtvuccYCzs0YVPfPbfkc2VnnN1JFDpkYaGfw1gJsS~5hOpxNKj1XCoqkmx~DolChQvm0oftfzAA~Iaat5W7z11VxFfnO54mzaMDHN4E_nP33BuzfaRFHSmc0joo3QZlmRaVirgsf7iDTbHIYgw5efK7c5DGJq9zCSFADH1mSZ_miwz~Ozqd~YNQyOWD7o7D3ccUMggLQtkyzWqwxlXsxCs_SeBLRuUWZSwBaCqvIsRe0wFLAQHyi7YqIcxVhwyfkSVitV32mFMyNYUWIoGatysYeBS6Rhbm96lTLmfMaNa_BNWYSuGC_es_1jtFAPcWVYiQeQebofWDjCBtkLmP9TshEoAT9CUDyqNQEDIGV3E3nxRwJeEWjVBIMj3Kkzb3q95b0wo4r~2TK2OFdmo-.jpg\"><\/picture>\t\t\t<\/figure>\n\t\t\t\t\t\t<span class=\"card-properties-ref position-absolute z-2 bottom-0 end-0 bg-white text-primary py-1 px-3 me-3\">\n\t\t\t\tPANR-16227\t\t\t<\/span>\n\t\t\t<button class=\"card-properties-portfolio d-flex align-items-center justify-content-center position-absolute z-3 end-0 text-white bg-primary me-3 border-0 px-0\" data-pfl-id=\"684856\" data-pfl-filter=\"sale\" aria-label=\"Add to portfolio\">\n\t\t\t\t<svg width=\"18\" fill=\"currentColor\" viewBox=\"0 0 512 512\">\n\t\t\t\t\t<use href=\"https:\/\/www.panoramamarbella.com\/wp-content\/themes\/panoramamarbella\/dist\/src\/images\/icons.svg#svgHeart\"><\/use>\n\t\t\t\t<\/svg>\n\t\t\t\t<svg width=\"18\" fill=\"currentColor\" viewBox=\"0 0 512 512\">\n\t\t\t\t\t<use href=\"https:\/\/www.panoramamarbella.com\/wp-content\/themes\/panoramamarbella\/dist\/src\/images\/icons.svg#svgHeartIn\"><\/use>\n\t\t\t\t<\/svg>\n\t\t\t<\/button>\n\t\t<\/div>\n\t\t\t\t<button\n\t\t\tclass=\"carousel-control-prev\"\n\t\t\ttype=\"button\"\n\t\t\tdata-bs-target=\"#carouselCardProperties-1-1\"\n\t\t\tdata-bs-slide=\"prev\">\n\t\t\t<span class=\"carousel-control-prev-icon\" aria-hidden=\"true\"><\/span>\n\t\t\t<span class=\"visually-hidden\">Pr\u00e9c\u00e9dent<\/span>\n\t\t<\/button>\n\t\t<button\n\t\t\tclass=\"carousel-control-next\"\n\t\t\ttype=\"button\"\n\t\t\tdata-bs-target=\"#carouselCardProperties-1-1\"\n\t\t\tdata-bs-slide=\"next\">\n\t\t\t<span class=\"carousel-control-next-icon\" aria-hidden=\"true\"><\/span>\n\t\t\t<span class=\"visually-hidden\">Suivant<\/span>\n\t\t<\/button>\n\t\t\t<\/div>\n\t<div class=\"d-flex flex-column h-100 px-3 py-4 shadow\">\n\t\t\t\t<h3 class=\"card-properties-title mb-3\">\n\t\t\t<a class=\"stretched-link\" href=\"\/fr\/proprietes\/marbella\/marbella-golden-mile\/los-picos-de-nagueles\/villas-maisons-isolee\/PANR-16227\">\n\t\t\t\tDemeure d\u2019exception avec vue panoramique sur la mer \u00e0 Los Picos de Nag\u00fceles, Golden Mile\t\t\t<\/a>\n\t\t<\/h3>\n\t\t<p class=\"mb-3 text-black-dark\">Los Picos de Nag\u00fceles, Marbella Golden Mile<\/p>\n\t\t\t\t\t\t<p class=\"card-properties-description mb-3\">\n\t\t\tSitu\u00e9e dans les prestigieux contreforts de La Concha, au sein de l\u2019enclave r\u00e9sidentielle tr\u00e8s pris\u00e9e de Los Picos de Nag\u00fceles, cette remarquable villa contemporaine b\u00e9n\u00e9ficie de vues panoramiques spectaculaires sur la c\u00f4te m\u00e9diterran\u00e9enne. Implant\u00e9e dans&#8230;\t\t<\/p>\n\t\t\t\t<span class=\"card-properties-price mt-auto\">\n\t\t\t\n\t\t\t<span class=\"card-properties-price mt-auto\" data-original-price=\"8500000\">8\u202f500\u202f000\u00a0\u20ac<\/span>\n\t\t\t\t<\/span>\n\t\t\t\t<ul class=\"card-properties-features list-unstyled d-flex flex-wrap align-items-center gap-3 pt-3 border-top mt-3 mb-0\">\n\t\t\t<li class=\"d-flex align-items-center\">5 Chambres<\/li><li class=\"d-flex align-items-center\">5 Bains<\/li>\t\t\t\t<li class=\"d-flex align-items-center\">\n\t\t\t\t\t <span class=\"me-1\" data-original-value=\"1280\" data-original-unit=\"m&#038;sup2\">1\u202f280 m&sup2;<\/span>Total\t\t\t\t<\/li>\n\t\t\t\t\t\t\t<li class=\"d-flex align-items-center\">\n\t\t\t\t\t <span class=\"me-1\" data-original-value=\"3203\" data-original-unit=\"m&#038;sup2\">3\u202f203 m&sup2;<\/span>Terrain\t\t\t\t<\/li>\n\t\t\t\t\t\t\t\t<li class=\"d-flex align-items-center\">\n\t\t\t\t\t <span class=\"me-1\" data-original-value=\"1134\" data-original-unit=\"m&#038;sup2\">1\u202f134 m&sup2;<\/span>Construit\t\t\t\t<\/li>\n\t\t\t\t\t\t\t<li class=\"d-flex align-items-center\">\n\t\t\t\t\t <span class=\"me-1\" data-original-value=\"146\" data-original-unit=\"m&#038;sup2\">146 m&sup2;<\/span>Terrasses\t\t\t\t<\/li>\n\t\t\t\t\t<\/ul>\n\t\t\t<\/div>\n<\/article>\n\n\n<article class=\"col card-properties position-relative d-flex flex-column\">\n\t<div id=\"carouselCardProperties-1-2\" class=\"card-properties-images carousel slide carousel-fade lazy\" data-bs-ride=\"carousel\" data-bs-interval=\"200000\" data-id=\"683961\">\n\t\t<div class=\"carousel-inner\">\n\t\t\t<figure class=\"carousel-item mb-0 active ratio ratio-4x3\">\n\t\t\t\t<picture><source sizes=\"(max-width: 575px) calc(100vw - 24px), (max-width: 767px) 516px, (max-width: 991px) 696px, (max-width: 1199px) 296px, (max-width: 1399px) 356px, 400px\" width=\"696\" height=\"522\" srcset=\"https:\/\/media.panoramamarbella.com\/imgV1\/B95mbh8olwFQm~uCUaVOI2kQT0hb0a8sZ9turUNfnwtvuccYCzs0YVPfPbfkc2VnnN1JFDpkYaGfw1gJsS~5hOpy8an90Km7o72IBayeRdqaLDyIBqbXeQcdVmt8MjwC6oQrE2PmNPpOLyBZocE6b8ZYOH4eUxkuov8~UJX3d3agv7a3mPv~TmRibYyMZGg67zOTuAN7jiP3779uxfIJHDssgKAQ2W85B7EdFpCjFOPhDdHziEX4DrhE8TqxNT9YwKb~FnZ8cD0y9KrzIIpLxmAEZzfQFniv~HO9bLKY3x6W1P5h3ZqpjOutAVPM567LsvOZeWj2tldT~9ZG0n2v6vVZWdLqLngF_DCP92jQwHAbb9bXOBG~Nu3CgmUrSxTUHu0tdhZdpkScpQqTbXvHN6FbsUercyAD9reMjzA20~W7mSTgudHP3AkIN_O82TFEOg~AvCY1JO08pldViojG.webp 696w,https:\/\/media.panoramamarbella.com\/imgV1\/B95mbh8olwFQm~uCUaVOI2kQT0hb0a8sZ9turUNfnwtvuccYCzs0YVPfPbfkc2VnnN1JFDpkYaGfw1gJsS~5hOpy8an90Km7o72IBayeRdqaLDyIBqbXeQcdVmt8MjwC6oQrE2PmNPpOLyBZocE6b8ZYOH4eUxkuov8~UJX3ddFIdi18dMRjACgCjj0AWkNB0MuF_vd9wxl5X5YltgovagAX~TapdpriAVFWJfKtcmUQel1bgSmkY3b54UrPiRAvRLAKCQGu_nRXw7b1ldP15P_0u2XbEJJH2wgFlI8NVKQrd1FAY_lNhA6WdNXjPMX1h2wNOz4AjJf0~4k2n2qDKOrIcWs8KyzonMxih24m1d0fY9TlpEuDypDyQbb8MZExVf2Qt6D~7kuyEZDlcWPdxFU2YL4aPHR~xgmITH1~Rt4zwe0GQG1btZbjUqFlJMapZV1BX4qM3mPNjf6LRglJ.webp 400w\" type=\"image\/webp\"><img decoding=\"async\" class=\"position-absolute w-100 h-100 object-fit-cover\" alt=\"Penthouse en duplex en bord de mer dans le Jard\u00edn Andaluz \u00e0 Marina Puente Romano\" loading=\"lazy\" width=\"696\" height=\"522\" src=\"https:\/\/media.panoramamarbella.com\/imgV1\/B95mbh8olwFQm~uCUaVOI2kQT0hb0a8sZ9turUNfnwtvuccYCzs0YVPfPbfkc2VnnN1JFDpkYaGfw1gJsS~5hOpy8an90Km7o72IBayeRdqaLDyIBqbXeQcdVmt8MjwC6oQrE2PmNPpOLyBZocE6b8ZYOH4eUxkuov8~UJX3d3agv7a3mPv~TmRibYyMelWzr10iTUby7h4yAWb4m2scI8xgNZQ05dTgXA8wYnq1q0dxfab5KMA8QWgH7H6ULRtUv_qdxu3lNqFxiabZlcN6iLacOIYeMVoIBLvOTJ5WW_MtlB5QuMKroWoqW5wtcoGCploJi9ZOM4kP57D7z_VC9N~UV_bpC8zoeAeDzl5aFnzTIUP9yZa0oqKtyp4rlgAu8JSmh~30o01bi0Dqz7yssBT2Ib1iqDNI6kpHrEYhHA2I1xKefIIhnQ2HhOw-.jpg\"><\/picture>\t\t\t<\/figure>\n\t\t\t\t\t\t<span class=\"card-properties-ref position-absolute z-2 bottom-0 end-0 bg-white text-primary py-1 px-3 me-3\">\n\t\t\t\tPANR-16212\t\t\t<\/span>\n\t\t\t<button class=\"card-properties-portfolio d-flex align-items-center justify-content-center position-absolute z-3 end-0 text-white bg-primary me-3 border-0 px-0\" data-pfl-id=\"683961\" data-pfl-filter=\"sale\" aria-label=\"Add to portfolio\">\n\t\t\t\t<svg width=\"18\" fill=\"currentColor\" viewBox=\"0 0 512 512\">\n\t\t\t\t\t<use href=\"https:\/\/www.panoramamarbella.com\/wp-content\/themes\/panoramamarbella\/dist\/src\/images\/icons.svg#svgHeart\"><\/use>\n\t\t\t\t<\/svg>\n\t\t\t\t<svg width=\"18\" fill=\"currentColor\" viewBox=\"0 0 512 512\">\n\t\t\t\t\t<use href=\"https:\/\/www.panoramamarbella.com\/wp-content\/themes\/panoramamarbella\/dist\/src\/images\/icons.svg#svgHeartIn\"><\/use>\n\t\t\t\t<\/svg>\n\t\t\t<\/button>\n\t\t<\/div>\n\t\t\t\t<button\n\t\t\tclass=\"carousel-control-prev\"\n\t\t\ttype=\"button\"\n\t\t\tdata-bs-target=\"#carouselCardProperties-1-2\"\n\t\t\tdata-bs-slide=\"prev\">\n\t\t\t<span class=\"carousel-control-prev-icon\" aria-hidden=\"true\"><\/span>\n\t\t\t<span class=\"visually-hidden\">Pr\u00e9c\u00e9dent<\/span>\n\t\t<\/button>\n\t\t<button\n\t\t\tclass=\"carousel-control-next\"\n\t\t\ttype=\"button\"\n\t\t\tdata-bs-target=\"#carouselCardProperties-1-2\"\n\t\t\tdata-bs-slide=\"next\">\n\t\t\t<span class=\"carousel-control-next-icon\" aria-hidden=\"true\"><\/span>\n\t\t\t<span class=\"visually-hidden\">Suivant<\/span>\n\t\t<\/button>\n\t\t\t<\/div>\n\t<div class=\"d-flex flex-column h-100 px-3 py-4 shadow\">\n\t\t\t\t<h3 class=\"card-properties-title mb-3\">\n\t\t\t<a class=\"stretched-link\" href=\"\/fr\/proprietes\/marbella\/marbella-golden-mile\/marina-puente-romano\/appartements-habitats\/PANR-16212\">\n\t\t\t\tPenthouse en duplex en bord de mer dans le Jard\u00edn Andaluz \u00e0 Marina Puente Romano\t\t\t<\/a>\n\t\t<\/h3>\n\t\t<p class=\"mb-3 text-black-dark\">Marina Puente Romano, Marbella Golden Mile<\/p>\n\t\t\t\t\t\t<p class=\"card-properties-description mb-3\">\n\t\t\tUn exceptionnel penthouse en duplex orient\u00e9 sud, situ\u00e9 dans le prestigieux Jard\u00edn Andaluz de Marina Puente Romano, l\u2019une des adresses baln\u00e9aires les plus pris\u00e9es de Marbella. Alliant un design raffin\u00e9, un emplacement de choix et&#8230;\t\t<\/p>\n\t\t\t\t<span class=\"card-properties-price mt-auto\">\n\t\t\t\n\t\t\t<span class=\"card-properties-price mt-auto\" data-original-price=\"5100000\">5\u202f100\u202f000\u00a0\u20ac<\/span>\n\t\t\t\t<\/span>\n\t\t\t\t<ul class=\"card-properties-features list-unstyled d-flex flex-wrap align-items-center gap-3 pt-3 border-top mt-3 mb-0\">\n\t\t\t<li class=\"d-flex align-items-center\">4 Chambres<\/li><li class=\"d-flex align-items-center\">3 Bains<\/li>\t\t\t\t<li class=\"d-flex align-items-center\">\n\t\t\t\t\t <span class=\"me-1\" data-original-value=\"245\" data-original-unit=\"m&#038;sup2\">245 m&sup2;<\/span>Total\t\t\t\t<\/li>\n\t\t\t\t\t\t\t<li class=\"d-flex align-items-center\">\n\t\t\t\t\t <span class=\"me-1\" data-original-value=\"200\" data-original-unit=\"m&#038;sup2\">200 m&sup2;<\/span>Construit\t\t\t\t<\/li>\n\t\t\t\t\t\t\t<li class=\"d-flex align-items-center\">\n\t\t\t\t\t <span class=\"me-1\" data-original-value=\"45\" data-original-unit=\"m&#038;sup2\">45 m&sup2;<\/span>Terrasses\t\t\t\t<\/li>\n\t\t\t\t\t<\/ul>\n\t\t\t<\/div>\n<\/article>\n\n\n<article class=\"col card-properties position-relative d-flex flex-column\">\n\t<div id=\"carouselCardProperties-1-3\" class=\"card-properties-images carousel slide carousel-fade lazy\" data-bs-ride=\"carousel\" data-bs-interval=\"200000\" data-id=\"665486\">\n\t\t<div class=\"carousel-inner\">\n\t\t\t<figure class=\"carousel-item mb-0 active ratio ratio-4x3\">\n\t\t\t\t<picture><source sizes=\"(max-width: 575px) calc(100vw - 24px), (max-width: 767px) 516px, (max-width: 991px) 696px, (max-width: 1199px) 296px, (max-width: 1399px) 356px, 400px\" width=\"696\" height=\"522\" srcset=\"https:\/\/media.panoramamarbella.com\/imgV1\/B95mbh8olwFQm~uCUaVOI2kQT0hb0a8sZ9turUNfnwtvuccYCzs0YVPfPbfkc2VnnN1JFDpkYaGfw1gJsS~5hOh_dKWItYKieotsowurC_vjH2MptSjWJTdtqG1H4Zk2hjzeU1uJyeZ1RNZv45e5Fk5WzC6reqxkDZRg9hsgvfbMY2gGGjNFNP2r5f2ObbEEF4dSM_6VGofdFVA2I0XuuteiMwzMRwTPCLrp1NBsNHWZ94ZPsKPXo6PsuIGP8OtTa~l8zITg3anzZZ2UDMcFDqj25wB2dOkR0of1GabQDs6BG~dGEWNgN5inlGdTyOM~5IB8B_dI1D1LCmv3s0OxVdveCHxkyyTAWGuCEN0kxu3Q6qjrAueWxRe_dc0~aRBaoW2DZ_QWhyg~XeJn0BF1I1M7ypJxQV5njNT2N~RwKV7TOhs7QklnKiWwsH8s6PdZxL12wuVNGfzLMrfWbUyb.webp 696w,https:\/\/media.panoramamarbella.com\/imgV1\/B95mbh8olwFQm~uCUaVOI2kQT0hb0a8sZ9turUNfnwtvuccYCzs0YVPfPbfkc2VnnN1JFDpkYaGfw1gJsS~5hOh_dKWItYKieotsowurC_vjH2MptSjWJTdtqG1H4Zk2hjzeU1uJyeZ1RNZv45e5Fk5WzC6reqxkDZRg9hsgv1NqCaNFENV0_SKdPtXccoF1rt~DQJ6AKsdlH2IL~DwccOTfW2D3PHGrpB6NA3UdvRZusCRyEfwnjcZn7pw5BayEABuQ9E8vVpllsofxeVbqJROqcBNSIw7r3CdAD7RXrRmRduFoH4182K9myprlumbJLKxPIGanf17CThC2dehfRps9V9ssIx8_uDpdd2Y16I3A0XxMqjqZWYEX43XWsPfGDfizWIVDxlSRx5~xWizP1sJkRGK2yg75P662ZOrtiPwTrK8xsxillh_5rkv5YzsRwdT0iY9We5CejsD_KSdE.webp 400w\" type=\"image\/webp\"><img decoding=\"async\" class=\"position-absolute w-100 h-100 object-fit-cover\" alt=\"Nouveau projet de villas en bord de mer \u00e0 Cortijo Blanco au sein d\u2019une communaut\u00e9 s\u00e9curis\u00e9e\" loading=\"lazy\" width=\"696\" height=\"522\" src=\"https:\/\/media.panoramamarbella.com\/imgV1\/B95mbh8olwFQm~uCUaVOI2kQT0hb0a8sZ9turUNfnwtvuccYCzs0YVPfPbfkc2VnnN1JFDpkYaGfw1gJsS~5hOh_dKWItYKieotsowurC_vjH2MptSjWJTdtqG1H4Zk2hjzeU1uJyeZ1RNZv45e5Fk5WzC6reqxkDZRg9hsgvfbMY2gGGjNFNP2r5f2Oc8Rss9F1SbdZ5oGWafXzkzA~VmZoouwTcxxTeLK2fgf4wXp4cJXIv2PSP~gwGayKmXi4V3Ni1M0ZDfWVnJeqw3jNM40UejoElbA61lq407MOaHGL7~VOAU5mUZCWuSnt_XPZpjD0UbcVDwh0agjQGL66m86Sp2_ej_2RmYlP_uKR1Az~QMAdqzvNasVB4LRhl64PIq3bcSVTfDfeZFxWveYRqgxDaUtObHV_TeJ2xIbcXoRlUmrSASzRADnf_oY-.jpg\"><\/picture>\t\t\t<\/figure>\n\t\t\t\t\t\t<span class=\"card-properties-ref position-absolute z-2 bottom-0 end-0 bg-white text-primary py-1 px-3 me-3\">\n\t\t\t\tPANR-16063\t\t\t<\/span>\n\t\t\t<button class=\"card-properties-portfolio d-flex align-items-center justify-content-center position-absolute z-3 end-0 text-white bg-primary me-3 border-0 px-0\" data-pfl-id=\"665486\" data-pfl-filter=\"sale\" aria-label=\"Add to portfolio\">\n\t\t\t\t<svg width=\"18\" fill=\"currentColor\" viewBox=\"0 0 512 512\">\n\t\t\t\t\t<use href=\"https:\/\/www.panoramamarbella.com\/wp-content\/themes\/panoramamarbella\/dist\/src\/images\/icons.svg#svgHeart\"><\/use>\n\t\t\t\t<\/svg>\n\t\t\t\t<svg width=\"18\" fill=\"currentColor\" viewBox=\"0 0 512 512\">\n\t\t\t\t\t<use href=\"https:\/\/www.panoramamarbella.com\/wp-content\/themes\/panoramamarbella\/dist\/src\/images\/icons.svg#svgHeartIn\"><\/use>\n\t\t\t\t<\/svg>\n\t\t\t<\/button>\n\t\t<\/div>\n\t\t\t\t<button\n\t\t\tclass=\"carousel-control-prev\"\n\t\t\ttype=\"button\"\n\t\t\tdata-bs-target=\"#carouselCardProperties-1-3\"\n\t\t\tdata-bs-slide=\"prev\">\n\t\t\t<span class=\"carousel-control-prev-icon\" aria-hidden=\"true\"><\/span>\n\t\t\t<span class=\"visually-hidden\">Pr\u00e9c\u00e9dent<\/span>\n\t\t<\/button>\n\t\t<button\n\t\t\tclass=\"carousel-control-next\"\n\t\t\ttype=\"button\"\n\t\t\tdata-bs-target=\"#carouselCardProperties-1-3\"\n\t\t\tdata-bs-slide=\"next\">\n\t\t\t<span class=\"carousel-control-next-icon\" aria-hidden=\"true\"><\/span>\n\t\t\t<span class=\"visually-hidden\">Suivant<\/span>\n\t\t<\/button>\n\t\t\t<\/div>\n\t<div class=\"d-flex flex-column h-100 px-3 py-4 shadow\">\n\t\t\t\t<h3 class=\"card-properties-title mb-3\">\n\t\t\t<a class=\"stretched-link\" href=\"\/fr\/proprietes\/san-pedro-de-alcantara\/cortijo-blanco\/villas-maisons-isolee\/PANR-16063\">\n\t\t\t\tNouveau projet de villas en bord de mer \u00e0 Cortijo Blanco au sein d\u2019une communaut\u00e9 s\u00e9curis\u00e9e\t\t\t<\/a>\n\t\t<\/h3>\n\t\t<p class=\"mb-3 text-black-dark\">Cortijo Blanco, San Pedro de Alcantara<\/p>\n\t\t\t\t\t\t<p class=\"card-properties-description mb-3\">\n\t\t\t\u00c0 quelques pas seulement de la plage et de la marina anim\u00e9e de Puerto Ban\u00fas, cette collection exceptionnelle de sept villas de luxe \u00e9tablit une nouvelle r\u00e9f\u00e9rence en mati\u00e8re de vie c\u00f4ti\u00e8re contemporaine. Situ\u00e9 dans&#8230;\t\t<\/p>\n\t\t\t\t<span class=\"card-properties-price mt-auto\">\n\t\t\t\n\t\t\t<span class=\"card-properties-price mt-auto\" data-original-price=\"3990000\">3\u202f990\u202f000\u00a0\u20ac<\/span>\n\t\t\t\t<\/span>\n\t\t\t\t<ul class=\"card-properties-features list-unstyled d-flex flex-wrap align-items-center gap-3 pt-3 border-top mt-3 mb-0\">\n\t\t\t<li class=\"d-flex align-items-center\">4 Chambres<\/li><li class=\"d-flex align-items-center\">5 Bains<\/li>\t\t\t\t<li class=\"d-flex align-items-center\">\n\t\t\t\t\t <span class=\"me-1\" data-original-value=\"780\" data-original-unit=\"m&#038;sup2\">780 m&sup2;<\/span>Total\t\t\t\t<\/li>\n\t\t\t\t\t\t\t<li class=\"d-flex align-items-center\">\n\t\t\t\t\t <span class=\"me-1\" data-original-value=\"812\" data-original-unit=\"m&#038;sup2\">812 m&sup2;<\/span>Terrain\t\t\t\t<\/li>\n\t\t\t\t\t\t\t\t<li class=\"d-flex align-items-center\">\n\t\t\t\t\t <span class=\"me-1\" data-original-value=\"602\" data-original-unit=\"m&#038;sup2\">602 m&sup2;<\/span>Construit\t\t\t\t<\/li>\n\t\t\t\t\t\t\t<li class=\"d-flex align-items-center\">\n\t\t\t\t\t <span class=\"me-1\" data-original-value=\"178\" data-original-unit=\"m&#038;sup2\">178 m&sup2;<\/span>Terrasses\t\t\t\t<\/li>\n\t\t\t\t\t<\/ul>\n\t\t\t<\/div>\n<\/article>\n\n\n<article class=\"col card-properties position-relative d-flex flex-column\">\n\t<div id=\"carouselCardProperties-1-4\" class=\"card-properties-images carousel slide carousel-fade lazy\" data-bs-ride=\"carousel\" data-bs-interval=\"200000\" data-id=\"662415\">\n\t\t<div class=\"carousel-inner\">\n\t\t\t<figure class=\"carousel-item mb-0 active ratio ratio-4x3\">\n\t\t\t\t<picture><source sizes=\"(max-width: 575px) calc(100vw - 24px), (max-width: 767px) 516px, (max-width: 991px) 696px, (max-width: 1199px) 296px, (max-width: 1399px) 356px, 400px\" width=\"696\" height=\"522\" srcset=\"https:\/\/media.panoramamarbella.com\/imgV1\/B95mbh8olwFQm~uCUaVOI2kQT0hb0a8sZ9turUNfnwtvuccYCzs0YVPfPbfkc2VnnN1JFDpkYaGfw1gJsS~5hOh7bB4AaYxyzbewv9KqgsHjPfhemXVF~YPbkuXe6sdexseF3q88Qw5oaX2~vMHgRugns4iz_ns0IYhG8TRGjGC~7yx4bM6heAqubHQadkMcSnt3qHliNmWgKFwPPr7BK3buH6HmQ3ncL0EoycNPZFRUFLormGYy9G5hrYuKJ343pmflDN5JsuBheWHakq8X5xxblhNVAEsTEzvnhDN2AAkZqKX4MOZOCl0SN1QNhUt7rNUbJFyqXOwS3pgZODuY7vmbs6RM0os2aQlNVzZl0YpPkCvIW~gZG9XTDBaIKGY8j9O6ccw0vs1yW_Z0Nh808TsgWH9abBXEiNXdZd3b7aPucZ7mJ2G3fQVpaFDs~L4k4tKkB0PpqzhX1LVrX2pI.webp 696w,https:\/\/media.panoramamarbella.com\/imgV1\/B95mbh8olwFQm~uCUaVOI2kQT0hb0a8sZ9turUNfnwtvuccYCzs0YVPfPbfkc2VnnN1JFDpkYaGfw1gJsS~5hOh7bB4AaYxyzbewv9KqgsHjPfhemXVF~YPbkuXe6sdexseF3q88Qw5oaX2~vMHgRugns4iz_ns0IYhG8TRGjvfuQ7QA2nUrw4fHNG7ttRAo~Hc2Ylo3Ga~1O~X4iiqmUFvPaGeHI5Iwo8DYtM3BmkClietWG_fDZg8ZbeSRL8huRIXH~JPm2EqtXzAbdk9PWWOA77tPea7Blp1h5aS_XcCCxS6NwrA8XsBEfc0xVW3DsDKi7z8i30r0G9cU_RXMUK5dQ3ZgMkh0n6VzieZLkyyZhOjx~QeJ1aDzTjRUD1sRwhnrDuIP8C35OcGUnFT97c1eDpChP5V_8AlrOfSuBOjcLkfGBgmExSoTy2qreuvmxATeSEzq9dXsHYOI~Zz4.webp 400w\" type=\"image\/webp\"><img decoding=\"async\" class=\"position-absolute w-100 h-100 object-fit-cover\" alt=\"Vues panoramiques \u00e0 couper le souffle sur la mer dans le quartier exclusif de La Quinta \u2013 appartement de luxe pr\u00eat \u00e0 emm\u00e9nager\" loading=\"lazy\" width=\"696\" height=\"522\" src=\"https:\/\/media.panoramamarbella.com\/imgV1\/B95mbh8olwFQm~uCUaVOI2kQT0hb0a8sZ9turUNfnwtvuccYCzs0YVPfPbfkc2VnnN1JFDpkYaGfw1gJsS~5hOh7bB4AaYxyzbewv9KqgsHjPfhemXVF~YPbkuXe6sdexseF3q88Qw5oaX2~vMHgRugns4iz_ns0IYhG8TRGjGC~7yx4bM6heAqubHQaaIEV8SA9JbY346VQ62WnUlRt5lesJuyJ_pVK1Ay6oBXZQJpbL4ouWq_1JNsCj~ZA_6ME9oZuq7bPcbzp03oY~dmISbOvIsiOIsJFUxeOaFlpEvAC9iZLnZ4G_Yc8DRwBPcLz2HkRA9l4XT0v1TCg1zJEjkt7VEOyquf_yHXqhglq9DOrHSuwWTFIcubRgpUOMRlQyVDcTIZnIs3Am1vR5V7MPouoDJkog7yOi9L9gBDTjlIEv2i_od9ti2FpIEY-.jpg\"><\/picture>\t\t\t<\/figure>\n\t\t\t\t\t\t<span class=\"card-properties-tag position-absolute z-2 top-0 start-0 bg-secondary text-white py-1 px-3 ms-3\">\n\t\t\t\tEn vedette\t\t\t<\/span>\n\t\t\t\t\t\t<span class=\"card-properties-ref position-absolute z-2 bottom-0 end-0 bg-white text-primary py-1 px-3 me-3\">\n\t\t\t\tPANR-16034\t\t\t<\/span>\n\t\t\t<button class=\"card-properties-portfolio d-flex align-items-center justify-content-center position-absolute z-3 end-0 text-white bg-primary me-3 border-0 px-0\" data-pfl-id=\"662415\" data-pfl-filter=\"sale\" aria-label=\"Add to portfolio\">\n\t\t\t\t<svg width=\"18\" fill=\"currentColor\" viewBox=\"0 0 512 512\">\n\t\t\t\t\t<use href=\"https:\/\/www.panoramamarbella.com\/wp-content\/themes\/panoramamarbella\/dist\/src\/images\/icons.svg#svgHeart\"><\/use>\n\t\t\t\t<\/svg>\n\t\t\t\t<svg width=\"18\" fill=\"currentColor\" viewBox=\"0 0 512 512\">\n\t\t\t\t\t<use href=\"https:\/\/www.panoramamarbella.com\/wp-content\/themes\/panoramamarbella\/dist\/src\/images\/icons.svg#svgHeartIn\"><\/use>\n\t\t\t\t<\/svg>\n\t\t\t<\/button>\n\t\t<\/div>\n\t\t\t\t<button\n\t\t\tclass=\"carousel-control-prev\"\n\t\t\ttype=\"button\"\n\t\t\tdata-bs-target=\"#carouselCardProperties-1-4\"\n\t\t\tdata-bs-slide=\"prev\">\n\t\t\t<span class=\"carousel-control-prev-icon\" aria-hidden=\"true\"><\/span>\n\t\t\t<span class=\"visually-hidden\">Pr\u00e9c\u00e9dent<\/span>\n\t\t<\/button>\n\t\t<button\n\t\t\tclass=\"carousel-control-next\"\n\t\t\ttype=\"button\"\n\t\t\tdata-bs-target=\"#carouselCardProperties-1-4\"\n\t\t\tdata-bs-slide=\"next\">\n\t\t\t<span class=\"carousel-control-next-icon\" aria-hidden=\"true\"><\/span>\n\t\t\t<span class=\"visually-hidden\">Suivant<\/span>\n\t\t<\/button>\n\t\t\t<\/div>\n\t<div class=\"d-flex flex-column h-100 px-3 py-4 shadow\">\n\t\t\t\t<h3 class=\"card-properties-title mb-3\">\n\t\t\t<a class=\"stretched-link\" href=\"\/fr\/proprietes\/benahavis\/la-quinta\/appartements-habitats\/PANR-16034\">\n\t\t\t\tVues panoramiques \u00e0 couper le souffle sur la mer dans le quartier exclusif de La Quinta \u2013 appartement de luxe pr\u00eat \u00e0 emm\u00e9nager\t\t\t<\/a>\n\t\t<\/h3>\n\t\t<p class=\"mb-3 text-black-dark\">La Quinta, Benahavis<\/p>\n\t\t\t\t\t\t<p class=\"card-properties-description mb-3\">\n\t\t\tPr\u00e9sentation d&#039;une r\u00e9sidence extraordinaire \u00e0 La Quinta, offrant ce dont r\u00eavent les acheteurs les plus exigeants : des vues m\u00e9diterran\u00e9ennes \u00e0 180\u00b0 s&#039;\u00e9tendant de la montagne de La Concha \u00e0 Marbella, Puerto Ban\u00fas jusqu&#039;\u00e0 Cabopino,&#8230;\t\t<\/p>\n\t\t\t\t<span class=\"card-properties-price mt-auto\">\n\t\t\t\n\t\t\t<span class=\"card-properties-price mt-auto\" data-original-price=\"2150000\">2\u202f150\u202f000\u00a0\u20ac<\/span>\n\t\t\t\t<\/span>\n\t\t\t\t<ul class=\"card-properties-features list-unstyled d-flex flex-wrap align-items-center gap-3 pt-3 border-top mt-3 mb-0\">\n\t\t\t<li class=\"d-flex align-items-center\">3 Chambres<\/li><li class=\"d-flex align-items-center\">3 Bains<\/li>\t\t\t\t<li class=\"d-flex align-items-center\">\n\t\t\t\t\t <span class=\"me-1\" data-original-value=\"243\" data-original-unit=\"m&#038;sup2\">243 m&sup2;<\/span>Total\t\t\t\t<\/li>\n\t\t\t\t\t\t\t<li class=\"d-flex align-items-center\">\n\t\t\t\t\t <span class=\"me-1\" data-original-value=\"160\" data-original-unit=\"m&#038;sup2\">160 m&sup2;<\/span>Construit\t\t\t\t<\/li>\n\t\t\t\t\t\t\t<li class=\"d-flex align-items-center\">\n\t\t\t\t\t <span class=\"me-1\" data-original-value=\"83\" data-original-unit=\"m&#038;sup2\">83 m&sup2;<\/span>Terrasses\t\t\t\t<\/li>\n\t\t\t\t\t<\/ul>\n\t\t\t<\/div>\n<\/article>\n\n\n<article class=\"col card-properties position-relative d-flex flex-column\">\n\t<div id=\"carouselCardProperties-1-5\" class=\"card-properties-images carousel slide carousel-fade lazy\" data-bs-ride=\"carousel\" data-bs-interval=\"200000\" data-id=\"648963\">\n\t\t<div class=\"carousel-inner\">\n\t\t\t<figure class=\"carousel-item mb-0 active ratio ratio-4x3\">\n\t\t\t\t<picture><source sizes=\"(max-width: 575px) calc(100vw - 24px), (max-width: 767px) 516px, (max-width: 991px) 696px, (max-width: 1199px) 296px, (max-width: 1399px) 356px, 400px\" width=\"696\" height=\"522\" srcset=\"https:\/\/media.panoramamarbella.com\/imgV1\/B95mbh8olwFQm~uCUaVOI2kQT0hb0a8sZ9turUNfnwtvuccYCzs0YVPfPbfkc2VnnN1JFDpkYaGfw1gJsS~5h5m5yy530XIDlQvGT0QQkGz6NGmTIZ_XALQjAd0Z8Zde1m_rETlBOmheNsBa75jR0hWAaiKaHiv6Cx5UP_IdN5EFP9z4c6YPt_N4Rw~hLRgnZbc8YYhBEPWLXfaohYtJmPlPXzi8FWM2i1QMjirODxJ3hoiCgyUtAYhZRNa6ZUunECOh~PJy5YnJFBg3oPMufFYbd8gPJ7wOV~200RkpaK06HPplHVqeyvYFhFSV~7muVgtFqMkjIJ1e1_S1ppqub8B1Vdu5rAChNol2oCDMB9rRfhbvCU2SyLHvb_xqdsVGBNompZfKgeC97EMw46DEIxxvtV9C~WYi8FOKKpaY_AUFYQMCOicUSIEsTzo7YtXSeNA7mWHxCS5XvRalr2wG.webp 696w,https:\/\/media.panoramamarbella.com\/imgV1\/B95mbh8olwFQm~uCUaVOI2kQT0hb0a8sZ9turUNfnwtvuccYCzs0YVPfPbfkc2VnnN1JFDpkYaGfw1gJsS~5h5m5yy530XIDlQvGT0QQkGz6NGmTIZ_XALQjAd0Z8Zde1m_rETlBOmheNsBa75jR0hWAaiKaHiv6Cx5UP_IdNb5yopWa_h0qoNQJj9GSdKfbVTk7rOyJUyqHOCgCF7sSiedi463sg53oqcQ_K3Id6XCXFohW6wuETxGQIK0iaiGbHrO3r4rwk5BMNK3jUXxuSq4_hLsIrEq5Ie09b0qI6zw25gl_432sl9nUNsyTZH7Xd489sO4jj15vHLgqrKzqE473TlMRZNAOErtsDvFG8ut~S6jvv_3IAq1ZiK70JQcTCE4JWpIWNbrmk32JyChpVefOO5JcZhtyj4P~Zo_3cl4ngesWa2z~z8Cajw59UmykTp2RcKs2F~spMiTUUHqC.webp 400w\" type=\"image\/webp\"><img decoding=\"async\" class=\"position-absolute w-100 h-100 object-fit-cover\" alt=\"Villa d\u2019exception dans la prestigieuse communaut\u00e9 s\u00e9curis\u00e9e de Los Flamingos, Benahav\u00eds\" loading=\"lazy\" width=\"696\" height=\"522\" src=\"https:\/\/media.panoramamarbella.com\/imgV1\/B95mbh8olwFQm~uCUaVOI2kQT0hb0a8sZ9turUNfnwtvuccYCzs0YVPfPbfkc2VnnN1JFDpkYaGfw1gJsS~5h5m5yy530XIDlQvGT0QQkGz6NGmTIZ_XALQjAd0Z8Zde1m_rETlBOmheNsBa75jR0hWAaiKaHiv6Cx5UP_IdN5EFP9z4c6YPt_N4Rw~hMzjQ4v2~W7LCQTFLDLJ10in6Di~Ma9uiZfPA_VT491lvK9urA4P1INoKU4lWj___1JrGTZoxlkb1rHeAu7eeg_~EK55_eBEw0DIKJ_EURd7v_rLcJyaCyy99nSy45~~Rrp~s9bH~vhatwiWGJfV5M2bVkIIrPRtg93Ik9zgEJ9mMbiZyx5yZS7UjnkezSNUlMnbDD2EZBJAmtZ0yCgcOqw5J0wa_eu~~tAj8glMWwQfr~~_sYHKSHqWD5WMmnUo-.jpg\"><\/picture>\t\t\t<\/figure>\n\t\t\t\t\t\t<span class=\"card-properties-ref position-absolute z-2 bottom-0 end-0 bg-white text-primary py-1 px-3 me-3\">\n\t\t\t\tPANR-15919\t\t\t<\/span>\n\t\t\t<button class=\"card-properties-portfolio d-flex align-items-center justify-content-center position-absolute z-3 end-0 text-white bg-primary me-3 border-0 px-0\" data-pfl-id=\"648963\" data-pfl-filter=\"sale\" aria-label=\"Add to portfolio\">\n\t\t\t\t<svg width=\"18\" fill=\"currentColor\" viewBox=\"0 0 512 512\">\n\t\t\t\t\t<use href=\"https:\/\/www.panoramamarbella.com\/wp-content\/themes\/panoramamarbella\/dist\/src\/images\/icons.svg#svgHeart\"><\/use>\n\t\t\t\t<\/svg>\n\t\t\t\t<svg width=\"18\" fill=\"currentColor\" viewBox=\"0 0 512 512\">\n\t\t\t\t\t<use href=\"https:\/\/www.panoramamarbella.com\/wp-content\/themes\/panoramamarbella\/dist\/src\/images\/icons.svg#svgHeartIn\"><\/use>\n\t\t\t\t<\/svg>\n\t\t\t<\/button>\n\t\t<\/div>\n\t\t\t\t<button\n\t\t\tclass=\"carousel-control-prev\"\n\t\t\ttype=\"button\"\n\t\t\tdata-bs-target=\"#carouselCardProperties-1-5\"\n\t\t\tdata-bs-slide=\"prev\">\n\t\t\t<span class=\"carousel-control-prev-icon\" aria-hidden=\"true\"><\/span>\n\t\t\t<span class=\"visually-hidden\">Pr\u00e9c\u00e9dent<\/span>\n\t\t<\/button>\n\t\t<button\n\t\t\tclass=\"carousel-control-next\"\n\t\t\ttype=\"button\"\n\t\t\tdata-bs-target=\"#carouselCardProperties-1-5\"\n\t\t\tdata-bs-slide=\"next\">\n\t\t\t<span class=\"carousel-control-next-icon\" aria-hidden=\"true\"><\/span>\n\t\t\t<span class=\"visually-hidden\">Suivant<\/span>\n\t\t<\/button>\n\t\t\t<\/div>\n\t<div class=\"d-flex flex-column h-100 px-3 py-4 shadow\">\n\t\t\t\t<h3 class=\"card-properties-title mb-3\">\n\t\t\t<a class=\"stretched-link\" href=\"\/fr\/proprietes\/benahavis\/los-flamingos\/villas-maisons-isolee\/PANR-15919\">\n\t\t\t\tVilla d\u2019exception dans la prestigieuse communaut\u00e9 s\u00e9curis\u00e9e de Los Flamingos, Benahav\u00eds\t\t\t<\/a>\n\t\t<\/h3>\n\t\t<p class=\"mb-3 text-black-dark\">Los Flamingos, Benahavis<\/p>\n\t\t\t\t\t\t<p class=\"card-properties-description mb-3\">\n\t\t\tCette villa exceptionnelle est situ\u00e9e dans l\u2019exclusive communaut\u00e9 ferm\u00e9e de Los Flamingos, \u00e0 Benahav\u00eds. \u00c9difi\u00e9e sur un rare double terrain, la r\u00e9sidence allie proportions majestueuses, \u00e9l\u00e9gance contemporaine et vues spectaculaires. Gr\u00e2ce \u00e0 sa position privil\u00e9gi\u00e9e&#8230;\t\t<\/p>\n\t\t\t\t<span class=\"card-properties-price mt-auto\">\n\t\t\t\n\t\t\t<span class=\"card-properties-price mt-auto\" data-original-price=\"5500000\">5\u202f500\u202f000\u00a0\u20ac<\/span>\n\t\t\t\t<\/span>\n\t\t\t\t<ul class=\"card-properties-features list-unstyled d-flex flex-wrap align-items-center gap-3 pt-3 border-top mt-3 mb-0\">\n\t\t\t<li class=\"d-flex align-items-center\">8 Chambres<\/li><li class=\"d-flex align-items-center\">8 Bains<\/li>\t\t\t\t<li class=\"d-flex align-items-center\">\n\t\t\t\t\t <span class=\"me-1\" data-original-value=\"1085\" data-original-unit=\"m&#038;sup2\">1\u202f085 m&sup2;<\/span>Total\t\t\t\t<\/li>\n\t\t\t\t\t\t\t<li class=\"d-flex align-items-center\">\n\t\t\t\t\t <span class=\"me-1\" data-original-value=\"3925\" data-original-unit=\"m&#038;sup2\">3\u202f925 m&sup2;<\/span>Terrain\t\t\t\t<\/li>\n\t\t\t\t\t\t<\/ul>\n\t\t\t<\/div>\n<\/article>\n\t\t\t<\/div>\n\t\t\t\t\t<\/section>\n\t\t\n","protected":false},"excerpt":{"rendered":"","protected":false},"template":"","meta":{"_acf_changed":true},"class_list":["post-1128","agents","type-agents","status-publish","hentry"],"acf":[],"_links":{"self":[{"href":"https:\/\/www.panoramamarbella.com\/fr\/wp-json\/wp\/v2\/agents\/1128","targetHints":{"allow":["GET"]}}],"collection":[{"href":"https:\/\/www.panoramamarbella.com\/fr\/wp-json\/wp\/v2\/agents"}],"about":[{"href":"https:\/\/www.panoramamarbella.com\/fr\/wp-json\/wp\/v2\/types\/agents"}],"wp:attachment":[{"href":"https:\/\/www.panoramamarbella.com\/fr\/wp-json\/wp\/v2\/media?parent=1128"}],"curies":[{"name":"wp","href":"https:\/\/api.w.org\/{rel}","templated":true}]}}