{"id":1223,"date":"2024-05-15T15:33:22","date_gmt":"2024-05-15T13:33:22","guid":{"rendered":"https:\/\/www.panoramamarbella.com\/?post_type=agents&#038;p=1223"},"modified":"2025-11-18T12:26:47","modified_gmt":"2025-11-18T11:26:47","slug":"steve-barre","status":"publish","type":"agents","link":"https:\/\/www.panoramamarbella.com\/fr\/a-propos\/equipe-panorama\/steve-barre","title":{"rendered":"Steve Barre"},"content":{"rendered":"\n\n<p>Steve Barre est n\u00e9 \u00e0 Anvers, Belgique, et a \u00e9tudi\u00e9 l\u2019\u00e9conomie \u00e0 l\u2019\u00a0\u00bbUniversit\u00e9 Libre de Bruxelles\u00a0\u00bb.&nbsp;<\/p>\n\n\n\n<p>Steve est arriv\u00e9 \u00e0 Marbella en 1981 et s\u2019est consacr\u00e9 au business immobilier dans la zone depuis lors, la majeure partie du temps en dirigeant sa propre agence.&nbsp;<\/p>\n\n\n\n<p>Ces derni\u00e8res ann\u00e9es, Steve a travaill\u00e9 dans le Sud de la France et \u00e0 Monaco, mais il d\u00e9cida de revenir \u00e0 Marbella en raison de la magie qu\u2019elle repr\u00e9sente.&nbsp;<\/p>\n\n\n\n\n\t\t<section class=\"container wp-block-acf-inmpropselection\">\n\t\t\t<h2>Propri\u00e9t\u00e9s recommand\u00e9es par Steve<\/h2>\t\t\t<div class=\"row row-cols-1 row-cols-lg-3 gy-5 g-xxl-5\">\n\t\t\t\t\n<article class=\"col card-properties position-relative d-flex flex-column\">\n\t<div id=\"carouselCardProperties-1-0\" class=\"card-properties-images carousel slide carousel-fade lazy\" data-bs-ride=\"carousel\" data-bs-interval=\"200000\" data-id=\"662558\">\n\t\t<div class=\"carousel-inner\">\n\t\t\t<figure class=\"carousel-item mb-0 active ratio ratio-4x3\">\n\t\t\t\t<picture><source sizes=\"(max-width: 575px) calc(100vw - 24px), (max-width: 767px) 516px, (max-width: 991px) 696px, (max-width: 1199px) 296px, (max-width: 1399px) 356px, 400px\" width=\"696\" height=\"522\" srcset=\"https:\/\/media.panoramamarbella.com\/imgV1\/B95mbh8olwFQm~uCUaVOI2kQT0hb0a8sZ9turUNfnwtvuccYCzs0YVPfPbfkc2VnnN1JFDpkYaGfw1gJsS~5hOh7bqABac1spfJ2OTZvsIlC3DF6p~3Jhhf1ttEwe3uMHen15CsZtsoabMk5DUAOgBNlkSLzqke5DSRT0SXmK3HP53K63I7ZOP7dBqxWNl0ReLo1rCQMxC28R8B36~vyrv6iDp1YVT57_BGqGjGYrc46vrZbqUYxGgjBs7CA3k2MrPHrVJS7AAvXEvI~CJYMAdpJkbJwzeu_SPdo7Ip7lBbkL5JxqwxEln9Malck1W_byKpCKBmzKXg~xiGCWsswoRFm_jaRQdRL6yKovY868MWwmmrwaFPuy4Z708NcgTDQ7gy26zazx0uqhG4UDegQZju_d7GEGGcGIZsCGirLOWHTvIl28cCC_r91CWK6FMfR7Ok3tcAK4wHsDW11Rl1e.webp 696w,https:\/\/media.panoramamarbella.com\/imgV1\/B95mbh8olwFQm~uCUaVOI2kQT0hb0a8sZ9turUNfnwtvuccYCzs0YVPfPbfkc2VnnN1JFDpkYaGfw1gJsS~5hOh7bqABac1spfJ2OTZvsIlC3DF6p~3Jhhf1ttEwe3uMHen15CsZtsoabMk5DUAOgBNlkSLzqke5DSRT0SXmKeVAaD~du1YbzNHn7EvFF8BzE7jbqTTliDCiNZBMEQYlMI_cx2VkG4zRbT0IFP2ca06GO1S0VTbwOX5kJ5OkcCNva8sqJJMvMsqOm6d9nLs8HRqM8UjSw4F3Fn06Isde7mfclWfM_7JONjkETIjSa~XiM_hFfTuIcYSl9zOj3mJeFbT4DMlE3T77uzaMAhOgAsMLUTIcFxZ1uFTP0wPk3EgdFw8Qf9xQNtgG0mNUFiuRgYNEE~iVLQlrzwV8xu_QJdCTUNOtmcDSaDB0JaBu~icbe4PmP96eEIgFu8Ay48a2.webp 400w\" type=\"image\/webp\"><img decoding=\"async\" class=\"position-absolute w-100 h-100 object-fit-cover\" alt=\"Villa Jardin - un havre de raffinement au c\u0153ur de Nueva Andaluc\u00eda\" loading=\"lazy\" width=\"696\" height=\"522\" src=\"https:\/\/media.panoramamarbella.com\/imgV1\/B95mbh8olwFQm~uCUaVOI2kQT0hb0a8sZ9turUNfnwtvuccYCzs0YVPfPbfkc2VnnN1JFDpkYaGfw1gJsS~5hOh7bqABac1spfJ2OTZvsIlC3DF6p~3Jhhf1ttEwe3uMHen15CsZtsoabMk5DUAOgBNlkSLzqke5DSRT0SXmK3HP53K63I7ZOP7dBqxWKNDit1gXvWjKAWcheIajLwc42bXOmK3iUda8RttV1psUIkp97SPGGdPU8FE70SfK3VSfOHqaimwonOsWFZJIrnkKCMLEYbluJU1MQPAk9K_9aiSYBZDIJzxRXqIOCS_JwTaxPCk8~kWApY~umpKrNx0jnnzjRrOQ8M3ry0AdpRl2dzthQ6z~9l~jLROapmSE5eyZphQpZzIEgufu~ci5nmrfVdnJZneXnQtoq9ZjyB7K~~yBC6ghguUawYmikFA-.jpg\"><\/picture>\t\t\t<\/figure>\n\t\t\t\t\t\t<span class=\"card-properties-ref position-absolute z-2 bottom-0 end-0 bg-white text-primary py-1 px-3 me-3\">\n\t\t\t\tPANR-16036\t\t\t<\/span>\n\t\t\t<button class=\"card-properties-portfolio d-flex align-items-center justify-content-center position-absolute z-3 end-0 text-white bg-primary me-3 border-0 px-0\" data-pfl-id=\"662558\" data-pfl-filter=\"sale\" aria-label=\"Add to portfolio\">\n\t\t\t\t<svg width=\"18\" fill=\"currentColor\" viewBox=\"0 0 512 512\">\n\t\t\t\t\t<use href=\"https:\/\/www.panoramamarbella.com\/wp-content\/themes\/panoramamarbella\/dist\/src\/images\/icons.svg#svgHeart\"><\/use>\n\t\t\t\t<\/svg>\n\t\t\t\t<svg width=\"18\" fill=\"currentColor\" viewBox=\"0 0 512 512\">\n\t\t\t\t\t<use href=\"https:\/\/www.panoramamarbella.com\/wp-content\/themes\/panoramamarbella\/dist\/src\/images\/icons.svg#svgHeartIn\"><\/use>\n\t\t\t\t<\/svg>\n\t\t\t<\/button>\n\t\t<\/div>\n\t\t\t\t<button\n\t\t\tclass=\"carousel-control-prev\"\n\t\t\ttype=\"button\"\n\t\t\tdata-bs-target=\"#carouselCardProperties-1-0\"\n\t\t\tdata-bs-slide=\"prev\">\n\t\t\t<span class=\"carousel-control-prev-icon\" aria-hidden=\"true\"><\/span>\n\t\t\t<span class=\"visually-hidden\">Pr\u00e9c\u00e9dent<\/span>\n\t\t<\/button>\n\t\t<button\n\t\t\tclass=\"carousel-control-next\"\n\t\t\ttype=\"button\"\n\t\t\tdata-bs-target=\"#carouselCardProperties-1-0\"\n\t\t\tdata-bs-slide=\"next\">\n\t\t\t<span class=\"carousel-control-next-icon\" aria-hidden=\"true\"><\/span>\n\t\t\t<span class=\"visually-hidden\">Suivant<\/span>\n\t\t<\/button>\n\t\t\t<\/div>\n\t<div class=\"d-flex flex-column h-100 px-3 py-4 shadow\">\n\t\t\t\t<h3 class=\"card-properties-title mb-3\">\n\t\t\t<a class=\"stretched-link\" href=\"\/fr\/proprietes\/marbella\/nueva-andalucia\/villas-maisons-isolee\/PANR-16036\">\n\t\t\t\tVilla Jardin &#8211; un havre de raffinement au c\u0153ur de Nueva Andaluc\u00eda\t\t\t<\/a>\n\t\t<\/h3>\n\t\t<p class=\"mb-3 text-black-dark\">Nueva Andalucia, Marbella<\/p>\n\t\t\t\t\t\t<p class=\"card-properties-description mb-3\">\n\t\t\tVilla Jardin est une villa contemporaine \u00e0 vendre \u00e0 Nueva Andaluc\u00eda, offrant un cadre de vie moderne \u00e0 seulement quelques minutes de Puerto Ban\u00fas et de la plage. Il s\u2019agit d\u2019une demeure \u00e9l\u00e9gante et confortable,&#8230;\t\t<\/p>\n\t\t\t\t<span class=\"card-properties-price mt-auto\">\n\t\t\t\n\t\t\t<span class=\"card-properties-price mt-auto\" data-original-price=\"4895000\">4\u202f895\u202f000\u00a0\u20ac<\/span>\n\t\t\t\t<\/span>\n\t\t\t\t<ul class=\"card-properties-features list-unstyled d-flex flex-wrap align-items-center gap-3 pt-3 border-top mt-3 mb-0\">\n\t\t\t<li class=\"d-flex align-items-center\">5 Chambres<\/li><li class=\"d-flex align-items-center\">5 Bains<\/li>\t\t\t\t<li class=\"d-flex align-items-center\">\n\t\t\t\t\t <span class=\"me-1\" data-original-value=\"815\" data-original-unit=\"m&#038;sup2\">815 m&sup2;<\/span>Total\t\t\t\t<\/li>\n\t\t\t\t\t\t\t<li class=\"d-flex align-items-center\">\n\t\t\t\t\t <span class=\"me-1\" data-original-value=\"999\" data-original-unit=\"m&#038;sup2\">999 m&sup2;<\/span>Terrain\t\t\t\t<\/li>\n\t\t\t\t\t\t\t\t<li class=\"d-flex align-items-center\">\n\t\t\t\t\t <span class=\"me-1\" data-original-value=\"517\" data-original-unit=\"m&#038;sup2\">517 m&sup2;<\/span>Construit\t\t\t\t<\/li>\n\t\t\t\t\t\t\t<li class=\"d-flex align-items-center\">\n\t\t\t\t\t <span class=\"me-1\" data-original-value=\"298\" data-original-unit=\"m&#038;sup2\">298 m&sup2;<\/span>Terrasses\t\t\t\t<\/li>\n\t\t\t\t\t<\/ul>\n\t\t\t<\/div>\n<\/article>\n\n\n<article class=\"col card-properties position-relative d-flex flex-column\">\n\t<div id=\"carouselCardProperties-1-1\" class=\"card-properties-images carousel slide carousel-fade lazy\" data-bs-ride=\"carousel\" data-bs-interval=\"200000\" data-id=\"645326\">\n\t\t<div class=\"carousel-inner\">\n\t\t\t<figure class=\"carousel-item mb-0 active ratio ratio-4x3\">\n\t\t\t\t<picture><source sizes=\"(max-width: 575px) calc(100vw - 24px), (max-width: 767px) 516px, (max-width: 991px) 696px, (max-width: 1199px) 296px, (max-width: 1399px) 356px, 400px\" width=\"696\" height=\"522\" srcset=\"https:\/\/media.panoramamarbella.com\/imgV1\/B95mbh8olwFQm~uCUaVOI2kQT0hb0a8sZ9turUNfnwtvuccYCzs0YVPfPbfkc2VnnN1JFDpkYaGfw1gJsS~5h5ikXZxI5iDFuckRQbMMYfQPaEUrjMc1_7iUwZDdZmpUrkLTf41ZPYoRTWqEJr~dIb5FhTWjMrDRmaQMf8if6lpB02MreGjU5ZxOOlgDoLarp21GTZgqa9RjnPtu5a~rBmO9SqIiPfk9fUo10cI_AZkYa3A9_6fbEIZiKC3UWdFs7KUhJh0D4qDUkFQdmkEy0UfqEdz528DIigF23LNMl9giMZUu4f1nqQA8chtu9T~FJGutjEkm8L23T6u22seIaqgYkr4nFQ35j5mT95Hv8KAim7xv9rVk31JKaQr4kDJ3EXmb_T0EFjBuvcMolB4s7Ns3HBx90G6~_pWWsPD9S0rh~uF2C7Q3jszWBfEXN75aGO3wSpoC9HbIODVzVDsK.webp 696w,https:\/\/media.panoramamarbella.com\/imgV1\/B95mbh8olwFQm~uCUaVOI2kQT0hb0a8sZ9turUNfnwtvuccYCzs0YVPfPbfkc2VnnN1JFDpkYaGfw1gJsS~5h5ikXZxI5iDFuckRQbMMYfQPaEUrjMc1_7iUwZDdZmpUrkLTf41ZPYoRTWqEJr~dIb5FhTWjMrDRmaQMf8if6NqveN6aujTIW1mcDYXSi5kHOCPzSxAOBeIXnlUg2gCFqFprQBA~kq9g8k0WwssnhvCC9YQJfFtC74UmBTsfpbjkjtYOJ~rX3pamjxbdoOtiPkG6ch~M8BtYnt209dca~NYcuVKLytXScTT~NWE82xAVYrTL7RRzRcUaql5UK4JAEviZIc5kTbejASwRFtQH~WXQyyQRzJna4BDJU6WVj2Uu46mQWvZNwMUZ5frni9QJwAOlciDPekYqE66lP9itqK7uHAhq~7UwmVvz8E~csBabT2uAAmlCu9g6I2DhdM5P.webp 400w\" type=\"image\/webp\"><img decoding=\"async\" class=\"position-absolute w-100 h-100 object-fit-cover\" alt=\"Superbe maison de ville familiale au Monte Marbella Club, \u00e0 distance de marche de Puente Romano\" loading=\"lazy\" width=\"696\" height=\"522\" src=\"https:\/\/media.panoramamarbella.com\/imgV1\/B95mbh8olwFQm~uCUaVOI2kQT0hb0a8sZ9turUNfnwtvuccYCzs0YVPfPbfkc2VnnN1JFDpkYaGfw1gJsS~5h5ikXZxI5iDFuckRQbMMYfQPaEUrjMc1_7iUwZDdZmpUrkLTf41ZPYoRTWqEJr~dIb5FhTWjMrDRmaQMf8if6lpB02MreGjU5ZxOOlgDvjnC9kNTr1p65rlinkPZwu7Vdk~h67fURrStSYLPH9x0A8U_m~CIgUHUxmsYqJpcwntgNhwUE9VOTEunF89f3Or6FA7~Vcw605DKr2MfjPE09Go03zmqakecztu1X5b1_hr5atYF6d1K~JebUiTrTWZ_q~qSNavBcrhO6mfWs_7xftaopC4A~XewKu0iXeDMGoFQyE8QTf1DShDdD0A5KNW7Prg0vcY3TK9x8nDDrMxSaHz_Xfruf3Zu~6kwcgo-.jpg\"><\/picture>\t\t\t<\/figure>\n\t\t\t\t\t\t<span class=\"card-properties-ref position-absolute z-2 bottom-0 end-0 bg-white text-primary py-1 px-3 me-3\">\n\t\t\t\tPANR-15890\t\t\t<\/span>\n\t\t\t<button class=\"card-properties-portfolio d-flex align-items-center justify-content-center position-absolute z-3 end-0 text-white bg-primary me-3 border-0 px-0\" data-pfl-id=\"645326\" data-pfl-filter=\"sale\" aria-label=\"Add to portfolio\">\n\t\t\t\t<svg width=\"18\" fill=\"currentColor\" viewBox=\"0 0 512 512\">\n\t\t\t\t\t<use href=\"https:\/\/www.panoramamarbella.com\/wp-content\/themes\/panoramamarbella\/dist\/src\/images\/icons.svg#svgHeart\"><\/use>\n\t\t\t\t<\/svg>\n\t\t\t\t<svg width=\"18\" fill=\"currentColor\" viewBox=\"0 0 512 512\">\n\t\t\t\t\t<use href=\"https:\/\/www.panoramamarbella.com\/wp-content\/themes\/panoramamarbella\/dist\/src\/images\/icons.svg#svgHeartIn\"><\/use>\n\t\t\t\t<\/svg>\n\t\t\t<\/button>\n\t\t<\/div>\n\t\t\t\t<button\n\t\t\tclass=\"carousel-control-prev\"\n\t\t\ttype=\"button\"\n\t\t\tdata-bs-target=\"#carouselCardProperties-1-1\"\n\t\t\tdata-bs-slide=\"prev\">\n\t\t\t<span class=\"carousel-control-prev-icon\" aria-hidden=\"true\"><\/span>\n\t\t\t<span class=\"visually-hidden\">Pr\u00e9c\u00e9dent<\/span>\n\t\t<\/button>\n\t\t<button\n\t\t\tclass=\"carousel-control-next\"\n\t\t\ttype=\"button\"\n\t\t\tdata-bs-target=\"#carouselCardProperties-1-1\"\n\t\t\tdata-bs-slide=\"next\">\n\t\t\t<span class=\"carousel-control-next-icon\" aria-hidden=\"true\"><\/span>\n\t\t\t<span class=\"visually-hidden\">Suivant<\/span>\n\t\t<\/button>\n\t\t\t<\/div>\n\t<div class=\"d-flex flex-column h-100 px-3 py-4 shadow\">\n\t\t\t\t<h3 class=\"card-properties-title mb-3\">\n\t\t\t<a class=\"stretched-link\" href=\"\/fr\/proprietes\/marbella\/marbella-golden-mile\/altos-de-puente-romano\/maisons-de-ville\/PANR-15890\">\n\t\t\t\tSuperbe maison de ville familiale au Monte Marbella Club, \u00e0 distance de marche de Puente Romano\t\t\t<\/a>\n\t\t<\/h3>\n\t\t<p class=\"mb-3 text-black-dark\">Altos de Puente Romano, Marbella Golden Mile<\/p>\n\t\t\t\t\t\t<p class=\"card-properties-description mb-3\">\n\t\t\tAltos de Puente Romano 13 repr\u00e9sente une opportunit\u00e9 exceptionnelle d\u2019acqu\u00e9rir une maison de ville enti\u00e8rement r\u00e9nov\u00e9e de quatre chambres dans l\u2019un des quartiers les plus pris\u00e9s de Marbella. Situ\u00e9e au sein du prestigieux complexe Monte&#8230;\t\t<\/p>\n\t\t\t\t<span class=\"card-properties-price mt-auto\">\n\t\t\t\n\t\t\t<span class=\"card-properties-price mt-auto\" data-original-price=\"2150000\">2\u202f150\u202f000\u00a0\u20ac<\/span>\n\t\t\t\t<\/span>\n\t\t\t\t<ul class=\"card-properties-features list-unstyled d-flex flex-wrap align-items-center gap-3 pt-3 border-top mt-3 mb-0\">\n\t\t\t<li class=\"d-flex align-items-center\">4 Chambres<\/li><li class=\"d-flex align-items-center\">3 Bains<\/li>\t\t\t\t<li class=\"d-flex align-items-center\">\n\t\t\t\t\t <span class=\"me-1\" data-original-value=\"351\" data-original-unit=\"m&#038;sup2\">351 m&sup2;<\/span>Total\t\t\t\t<\/li>\n\t\t\t\t\t\t\t<li class=\"d-flex align-items-center\">\n\t\t\t\t\t <span class=\"me-1\" data-original-value=\"217\" data-original-unit=\"m&#038;sup2\">217 m&sup2;<\/span>Construit\t\t\t\t<\/li>\n\t\t\t\t\t\t\t<li class=\"d-flex align-items-center\">\n\t\t\t\t\t <span class=\"me-1\" data-original-value=\"134\" data-original-unit=\"m&#038;sup2\">134 m&sup2;<\/span>Terrasses\t\t\t\t<\/li>\n\t\t\t\t\t<\/ul>\n\t\t\t<\/div>\n<\/article>\n\n\n<article class=\"col card-properties position-relative d-flex flex-column\">\n\t<div id=\"carouselCardProperties-1-2\" class=\"card-properties-images carousel slide carousel-fade lazy\" data-bs-ride=\"carousel\" data-bs-interval=\"200000\" data-id=\"614529\">\n\t\t<div class=\"carousel-inner\">\n\t\t\t<figure class=\"carousel-item mb-0 active ratio ratio-4x3\">\n\t\t\t\t<picture><source sizes=\"(max-width: 575px) calc(100vw - 24px), (max-width: 767px) 516px, (max-width: 991px) 696px, (max-width: 1199px) 296px, (max-width: 1399px) 356px, 400px\" width=\"696\" height=\"522\" srcset=\"https:\/\/media.panoramamarbella.com\/imgV1\/B95mbh8olwFQm~uCUaVOI2kQT0hb0a8sZ9turUNfnwtvuccYCzs0YVPfPbfkc2VnnN1JFDpkYaGfw1gJsS~5h5ZrhISxv_dwI0USMgavyG6cNnZ19pdBIUslBogfeRgyYtPwaHHcpI11qY2M5h8HSbqONiNKno4CtZcAsmKRuxTj_LDet4RpmcgLP13A8NnFhiSyxp1cV0zQZzYwLOtFHDuaEQnn~6ZXIEbjJd3kYuOX_JgCvxjJlXbvQGI9yxaXfLi1E8nJ~~RLzekM_kQK3rDWVAAC0WHybS8UEE1UX2wrRsQhG8kuoSFQQDwYt4NnL6oYVLdGqGS16gQYTB0FijGfDSWDzKN58ZrkgTZJfHeybb3ouO0~giI2geJyb~zWR9ARdDPT~g0SYrLmtWzeoQ2WmX84Uq0pfQINE3hD4DNqnkws~moKi0KggFmE7QavT0pcS3WmWQY9_s9e8CKr.webp 696w,https:\/\/media.panoramamarbella.com\/imgV1\/B95mbh8olwFQm~uCUaVOI2kQT0hb0a8sZ9turUNfnwtvuccYCzs0YVPfPbfkc2VnnN1JFDpkYaGfw1gJsS~5h5ZrhISxv_dwI0USMgavyG6cNnZ19pdBIUslBogfeRgyYtPwaHHcpI11qY2M5h8HSbqONiNKno4CtZcAsmKRuY1acRfEcnr2k8RMZIBylnkCLTpO8ZpUlfNe0~Im28UOgW4WqLdkGSBGcChl8u22tjxjYcF40MFrPHzTm_0G4y1jjkm~c~htZBTDl77rqk_43u5DFdyl2~QEkl0Al8G7mj3gYOz79diTih~~mQIpYeRQ4kQWqeDyPpMKmH7X7rossBYKFR0y2Fpq1MZ2b_KVk8vYJi5NLxWTdin63tkPu9R_P7lLMrNPP8cMFAHsJHCIOx2i9M1_Klz~7bXKuSEkGpx0_U4thOTatlF9RuT63uANfJLTx5KrL6vCFc2sCBLe.webp 400w\" type=\"image\/webp\"><img decoding=\"async\" class=\"position-absolute w-100 h-100 object-fit-cover\" alt=\"Villa moderne b\u00e9n\u00e9ficiant de vues d\u00e9gag\u00e9es sur le parcours de golf \u00e0 Nueva Andaluc\u00eda\" loading=\"lazy\" width=\"696\" height=\"522\" src=\"https:\/\/media.panoramamarbella.com\/imgV1\/B95mbh8olwFQm~uCUaVOI2kQT0hb0a8sZ9turUNfnwtvuccYCzs0YVPfPbfkc2VnnN1JFDpkYaGfw1gJsS~5h5ZrhISxv_dwI0USMgavyG6cNnZ19pdBIUslBogfeRgyYtPwaHHcpI11qY2M5h8HSbqONiNKno4CtZcAsmKRuxTj_LDet4RpmcgLP13A7vF9mCgXmdf9TMy~vgPsD_0wyvGIdY~LxCko5yKcZL2PkVN5bfqvC98nD9F6z5UChB3V0gj8_wLKdyBDj_LD2CV8k0PsygWR~~h~NhztR~Y5T328Lb0ZJIAGpwUveHZ8tFxsacHWlSSYPo__kM87d9~ZJQgcKum3hlBtKdck1Ib8dtU9SLflAtPmgWHNvMdObJ~mWAZKG42jh~D8JX9riux7urF4WWKSRiiwHgqlCvV9YbJRndqIo8ImGQoGuQg-.jpg\"><\/picture>\t\t\t<\/figure>\n\t\t\t\t\t\t<span class=\"card-properties-ref position-absolute z-2 bottom-0 end-0 bg-white text-primary py-1 px-3 me-3\">\n\t\t\t\tPANR-15603\t\t\t<\/span>\n\t\t\t<button class=\"card-properties-portfolio d-flex align-items-center justify-content-center position-absolute z-3 end-0 text-white bg-primary me-3 border-0 px-0\" data-pfl-id=\"614529\" data-pfl-filter=\"sale\" aria-label=\"Add to portfolio\">\n\t\t\t\t<svg width=\"18\" fill=\"currentColor\" viewBox=\"0 0 512 512\">\n\t\t\t\t\t<use href=\"https:\/\/www.panoramamarbella.com\/wp-content\/themes\/panoramamarbella\/dist\/src\/images\/icons.svg#svgHeart\"><\/use>\n\t\t\t\t<\/svg>\n\t\t\t\t<svg width=\"18\" fill=\"currentColor\" viewBox=\"0 0 512 512\">\n\t\t\t\t\t<use href=\"https:\/\/www.panoramamarbella.com\/wp-content\/themes\/panoramamarbella\/dist\/src\/images\/icons.svg#svgHeartIn\"><\/use>\n\t\t\t\t<\/svg>\n\t\t\t<\/button>\n\t\t<\/div>\n\t\t\t\t<button\n\t\t\tclass=\"carousel-control-prev\"\n\t\t\ttype=\"button\"\n\t\t\tdata-bs-target=\"#carouselCardProperties-1-2\"\n\t\t\tdata-bs-slide=\"prev\">\n\t\t\t<span class=\"carousel-control-prev-icon\" aria-hidden=\"true\"><\/span>\n\t\t\t<span class=\"visually-hidden\">Pr\u00e9c\u00e9dent<\/span>\n\t\t<\/button>\n\t\t<button\n\t\t\tclass=\"carousel-control-next\"\n\t\t\ttype=\"button\"\n\t\t\tdata-bs-target=\"#carouselCardProperties-1-2\"\n\t\t\tdata-bs-slide=\"next\">\n\t\t\t<span class=\"carousel-control-next-icon\" aria-hidden=\"true\"><\/span>\n\t\t\t<span class=\"visually-hidden\">Suivant<\/span>\n\t\t<\/button>\n\t\t\t<\/div>\n\t<div class=\"d-flex flex-column h-100 px-3 py-4 shadow\">\n\t\t\t\t<h3 class=\"card-properties-title mb-3\">\n\t\t\t<a class=\"stretched-link\" href=\"\/fr\/proprietes\/marbella\/nueva-andalucia\/villas-maisons-isolee\/PANR-15603\">\n\t\t\t\tVilla moderne b\u00e9n\u00e9ficiant de vues d\u00e9gag\u00e9es sur le parcours de golf \u00e0 Nueva Andaluc\u00eda\t\t\t<\/a>\n\t\t<\/h3>\n\t\t<p class=\"mb-3 text-black-dark\">Nueva Andalucia, Marbella<\/p>\n\t\t\t\t\t\t<p class=\"card-properties-description mb-3\">\n\t\t\tSitu\u00e9e sur le magnifique arri\u00e8re-plan de la montagne La Concha et profitant de vues d\u00e9gag\u00e9es sur le parcours de golf, cette villa enti\u00e8rement r\u00e9nov\u00e9e de cinq chambres \u00e0 Nueva Andaluc\u00eda allie sans effort le charme&#8230;\t\t<\/p>\n\t\t\t\t<span class=\"card-properties-price mt-auto\">\n\t\t\t\n\t\t\t<span class=\"card-properties-price mt-auto\" data-original-price=\"3495000\">3\u202f495\u202f000\u00a0\u20ac<\/span>\n\t\t\t\t<\/span>\n\t\t\t\t<ul class=\"card-properties-features list-unstyled d-flex flex-wrap align-items-center gap-3 pt-3 border-top mt-3 mb-0\">\n\t\t\t<li class=\"d-flex align-items-center\">5 Chambres<\/li><li class=\"d-flex align-items-center\">4 Bains<\/li>\t\t\t\t<li class=\"d-flex align-items-center\">\n\t\t\t\t\t <span class=\"me-1\" data-original-value=\"378\" data-original-unit=\"m&#038;sup2\">378 m&sup2;<\/span>Total\t\t\t\t<\/li>\n\t\t\t\t\t\t\t<li class=\"d-flex align-items-center\">\n\t\t\t\t\t <span class=\"me-1\" data-original-value=\"1126\" data-original-unit=\"m&#038;sup2\">1\u202f126 m&sup2;<\/span>Terrain\t\t\t\t<\/li>\n\t\t\t\t\t\t<\/ul>\n\t\t\t<\/div>\n<\/article>\n\n\n<article class=\"col card-properties position-relative d-flex flex-column\">\n\t<div id=\"carouselCardProperties-1-3\" class=\"card-properties-images carousel slide carousel-fade lazy\" data-bs-ride=\"carousel\" data-bs-interval=\"200000\" data-id=\"608095\">\n\t\t<div class=\"carousel-inner\">\n\t\t\t<figure class=\"carousel-item mb-0 active ratio ratio-4x3\">\n\t\t\t\t<picture><source sizes=\"(max-width: 575px) calc(100vw - 24px), (max-width: 767px) 516px, (max-width: 991px) 696px, (max-width: 1199px) 296px, (max-width: 1399px) 356px, 400px\" width=\"696\" height=\"522\" srcset=\"https:\/\/media.panoramamarbella.com\/imgV1\/B95mbh8olwFQm~uCUaVOI2kQT0hb0a8sZ9turUNfnwtvuccYCzs0YVPfPbfkc2VnnN1JFDpkYaGfw1gJsS~5h5U4u2Gvu2B6QPB8z~4XEJbv5PViuSX5DsVKhOp709KnhDXfh~vjfHODqsOa8kDPpCLvosTkK9TkKj6ORBdDUVALXFO38b4SRMYh5vy6JmpFe8wjRgLjZRnSXzABHjILx5iPAonCUdAgrVYQ_IH9x5JhaI9I64rvIynoOpfad3Q9CXJUpzf1_B0XipUlohrvjF80BpRstcXUYCl8QmspSrkuMDQtH~PFcDj~iT7G1QL2yiku~inYvg6WPQWwhOdTb0feBSoBcayRvyUvSJTvuqdizAL4D1HQ4gur6K23eaYKJHTaWM0Q5J78SoZiyOTQMK3HwIp7uZnIEUS2puusMgu9loVFGqTIkQ~h8yOEagV5_tvaAphVoil2iwBdWegO.webp 696w,https:\/\/media.panoramamarbella.com\/imgV1\/B95mbh8olwFQm~uCUaVOI2kQT0hb0a8sZ9turUNfnwtvuccYCzs0YVPfPbfkc2VnnN1JFDpkYaGfw1gJsS~5h5U4u2Gvu2B6QPB8z~4XEJbv5PViuSX5DsVKhOp709KnhDXfh~vjfHODqsOa8kDPpCLvosTkK9TkKj6ORBdDUytCGabPVxQ4oYxWNgLlcLrKfbWjFbP13qzSUo_7_J~fBjpb_7YahD1Hckai0SQT2V2yHmAHIQD7KNCderRYGFAbGjKte6UJanQtPUXrIYMFYQ18uySi~uLb9jFQ6T2g7nivYqcS4zIDNIYnDQKsj9hAq7J4ydobYlBW60kkIc~4zqVyh8spaggdpwHyk81VVoXG5QjPwdK1rTGOcV1KWQpbnwDaHyn7N_x10JIG9_jkNAXGy0M__Wua9lC8qbPbVKgz4scQ5m94PNQq1q06pxTUtMqlUiZG6Q6brMOpah9Z.webp 400w\" type=\"image\/webp\"><img decoding=\"async\" class=\"position-absolute w-100 h-100 object-fit-cover\" alt=\"Superbe villa dans un emplacement privil\u00e9gi\u00e9 pour les amateurs de golf \u00e0 La Quinta, Benahav\u00eds\" loading=\"lazy\" width=\"696\" height=\"522\" src=\"https:\/\/media.panoramamarbella.com\/imgV1\/B95mbh8olwFQm~uCUaVOI2kQT0hb0a8sZ9turUNfnwtvuccYCzs0YVPfPbfkc2VnnN1JFDpkYaGfw1gJsS~5h5U4u2Gvu2B6QPB8z~4XEJbv5PViuSX5DsVKhOp709KnhDXfh~vjfHODqsOa8kDPpCLvosTkK9TkKj6ORBdDUVALXFO38b4SRMYh5vy6OPhIGaIma2BCIr963kPmdEUdMI0OXYHt7sxqtTnikt4t8OGdGb1KuxLIuDZofYGfK_IYvg8_PBOdg6ZXNUOsDy2INMr6_YsgziG5UizdJGBT6AsD6MreSlaAmiV9RSQNWwltY07huCE9w2abZCIe98KjfbKXk68t33vo2SFxYcNsjxYR_XKs8pu1kD7gBMZDhXIKxgFPUZSgAqrHJdtvDzQIR9emfE~zBgONB3Mq5mLQzItxPsIcZFu0J0u7xmw-.jpg\"><\/picture>\t\t\t<\/figure>\n\t\t\t\t\t\t<span class=\"card-properties-ref position-absolute z-2 bottom-0 end-0 bg-white text-primary py-1 px-3 me-3\">\n\t\t\t\tPANR-15536\t\t\t<\/span>\n\t\t\t<button class=\"card-properties-portfolio d-flex align-items-center justify-content-center position-absolute z-3 end-0 text-white bg-primary me-3 border-0 px-0\" data-pfl-id=\"608095\" data-pfl-filter=\"sale\" aria-label=\"Add to portfolio\">\n\t\t\t\t<svg width=\"18\" fill=\"currentColor\" viewBox=\"0 0 512 512\">\n\t\t\t\t\t<use href=\"https:\/\/www.panoramamarbella.com\/wp-content\/themes\/panoramamarbella\/dist\/src\/images\/icons.svg#svgHeart\"><\/use>\n\t\t\t\t<\/svg>\n\t\t\t\t<svg width=\"18\" fill=\"currentColor\" viewBox=\"0 0 512 512\">\n\t\t\t\t\t<use href=\"https:\/\/www.panoramamarbella.com\/wp-content\/themes\/panoramamarbella\/dist\/src\/images\/icons.svg#svgHeartIn\"><\/use>\n\t\t\t\t<\/svg>\n\t\t\t<\/button>\n\t\t<\/div>\n\t\t\t\t<button\n\t\t\tclass=\"carousel-control-prev\"\n\t\t\ttype=\"button\"\n\t\t\tdata-bs-target=\"#carouselCardProperties-1-3\"\n\t\t\tdata-bs-slide=\"prev\">\n\t\t\t<span class=\"carousel-control-prev-icon\" aria-hidden=\"true\"><\/span>\n\t\t\t<span class=\"visually-hidden\">Pr\u00e9c\u00e9dent<\/span>\n\t\t<\/button>\n\t\t<button\n\t\t\tclass=\"carousel-control-next\"\n\t\t\ttype=\"button\"\n\t\t\tdata-bs-target=\"#carouselCardProperties-1-3\"\n\t\t\tdata-bs-slide=\"next\">\n\t\t\t<span class=\"carousel-control-next-icon\" aria-hidden=\"true\"><\/span>\n\t\t\t<span class=\"visually-hidden\">Suivant<\/span>\n\t\t<\/button>\n\t\t\t<\/div>\n\t<div class=\"d-flex flex-column h-100 px-3 py-4 shadow\">\n\t\t\t\t<h3 class=\"card-properties-title mb-3\">\n\t\t\t<a class=\"stretched-link\" href=\"\/fr\/proprietes\/benahavis\/la-quinta\/villas-maisons-isolee\/PANR-15536\">\n\t\t\t\tSuperbe villa dans un emplacement privil\u00e9gi\u00e9 pour les amateurs de golf \u00e0 La Quinta, Benahav\u00eds\t\t\t<\/a>\n\t\t<\/h3>\n\t\t<p class=\"mb-3 text-black-dark\">La Quinta, Benahavis<\/p>\n\t\t\t\t\t\t<p class=\"card-properties-description mb-3\">\n\t\t\tSitu\u00e9e dans l\u2019un des quartiers les plus recherch\u00e9s de la Costa del Sol, cette \u00e9l\u00e9gante villa \u00e0 La Quinta, Benahav\u00eds repr\u00e9sente une opportunit\u00e9 exceptionnelle de profiter du style de vie m\u00e9diterran\u00e9en. Entour\u00e9e par la nature&#8230;\t\t<\/p>\n\t\t\t\t<span class=\"card-properties-price mt-auto\">\n\t\t\t\n\t\t\t<span class=\"card-properties-price mt-auto\" data-original-price=\"2950000\">2\u202f950\u202f000\u00a0\u20ac<\/span>\n\t\t\t\t<\/span>\n\t\t\t\t<ul class=\"card-properties-features list-unstyled d-flex flex-wrap align-items-center gap-3 pt-3 border-top mt-3 mb-0\">\n\t\t\t<li class=\"d-flex align-items-center\">4 Chambres<\/li><li class=\"d-flex align-items-center\">5 Bains<\/li>\t\t\t\t<li class=\"d-flex align-items-center\">\n\t\t\t\t\t <span class=\"me-1\" data-original-value=\"495\" data-original-unit=\"m&#038;sup2\">495 m&sup2;<\/span>Total\t\t\t\t<\/li>\n\t\t\t\t\t\t\t<li class=\"d-flex align-items-center\">\n\t\t\t\t\t <span class=\"me-1\" data-original-value=\"1035\" data-original-unit=\"m&#038;sup2\">1\u202f035 m&sup2;<\/span>Terrain\t\t\t\t<\/li>\n\t\t\t\t\t\t\t\t<li class=\"d-flex align-items-center\">\n\t\t\t\t\t <span class=\"me-1\" data-original-value=\"373\" data-original-unit=\"m&#038;sup2\">373 m&sup2;<\/span>Construit\t\t\t\t<\/li>\n\t\t\t\t\t\t\t<li class=\"d-flex align-items-center\">\n\t\t\t\t\t <span class=\"me-1\" data-original-value=\"122\" data-original-unit=\"m&#038;sup2\">122 m&sup2;<\/span>Terrasses\t\t\t\t<\/li>\n\t\t\t\t\t<\/ul>\n\t\t\t<\/div>\n<\/article>\n\n\n<article class=\"col card-properties position-relative d-flex flex-column\">\n\t<div id=\"carouselCardProperties-1-4\" class=\"card-properties-images carousel slide carousel-fade lazy\" data-bs-ride=\"carousel\" data-bs-interval=\"200000\" data-id=\"600804\">\n\t\t<div class=\"carousel-inner\">\n\t\t\t<figure class=\"carousel-item mb-0 active ratio ratio-4x3\">\n\t\t\t\t<picture><source sizes=\"(max-width: 575px) calc(100vw - 24px), (max-width: 767px) 516px, (max-width: 991px) 696px, (max-width: 1199px) 296px, (max-width: 1399px) 356px, 400px\" width=\"696\" height=\"522\" srcset=\"https:\/\/media.panoramamarbella.com\/imgV1\/B95mbh8olwFQm~uCUaVOI2kQT0hb0a8sZ9turUNfnwtvuccYCzs0YVPfPbfkc2VnnN1JFDpkYaGfw1gJsS~5h5TLd8dF3TjvQdxtvZ6HMPUFlupSDlEBTlA8PhwSlnT4qkSW1xKhCktGICB9pPTDj1Jbsby5ymjDbdDuZe0GesEKxjimTcQSIH0ygO7iLHez39fu8z3i7inU6QycA0oclYBZmfwkZPxG_f~tEej3YK054iOS9b~9Kl6DB67nJIvZawLKFTVMdlxOIpkkExToTYRgNq6QymH9XIKEDttQC1s9TQPhHWSxbN_3ZGv0w61RxAJ2rsslzIVKDlxEv0IcwNhLn3cat0nXEOz_3dTmoXHMrHLixVQfJa_269aWSTe3lrGmXQo0FP630DOTUQCVOjdjDj5keFrTNofQY9scT1fSRNED8r4MsopYubta9PGD~dh1y86OyIzh~zWBASSr.webp 696w,https:\/\/media.panoramamarbella.com\/imgV1\/B95mbh8olwFQm~uCUaVOI2kQT0hb0a8sZ9turUNfnwtvuccYCzs0YVPfPbfkc2VnnN1JFDpkYaGfw1gJsS~5h5TLd8dF3TjvQdxtvZ6HMPUFlupSDlEBTlA8PhwSlnT4qkSW1xKhCktGICB9pPTDj1Jbsby5ymjDbdDuZe0GeD0_Zez4lz29pd5VQY6eYItGt3EGhV_N8Lr~uLZD5gewhzwfvapwrDYGw9DMull_rUAYtbJ4f97d9FLhLOUIKkz2eVDfIXCLzh3XDl_o_wH6Y94i37RlPhuUsqmaBXkaxnpVBYr_VMQBVJWRAiFd3OnFhs5f5F8TddModfokr_yZnjx66xmPRz1xhUlbuxNpi1gSK_G~j2ijv3qMZcdlMh1q5AHp~1iBpfH4__r0KlUXNHPaTXxzFiDdRljyLp8QN6R3cVizY3NM7GFuqybkrd25Rrspf99B6mO5wSBn3pTq.webp 400w\" type=\"image\/webp\"><img decoding=\"async\" class=\"position-absolute w-100 h-100 object-fit-cover\" alt=\"Spectaculaire villa contemporaine \u00e0 deux pas de la plage \u00e0 Marbesa, l\u2019un des secteurs les plus pris\u00e9s de Marbella Est\" loading=\"lazy\" width=\"696\" height=\"522\" src=\"https:\/\/media.panoramamarbella.com\/imgV1\/B95mbh8olwFQm~uCUaVOI2kQT0hb0a8sZ9turUNfnwtvuccYCzs0YVPfPbfkc2VnnN1JFDpkYaGfw1gJsS~5h5TLd8dF3TjvQdxtvZ6HMPUFlupSDlEBTlA8PhwSlnT4qkSW1xKhCktGICB9pPTDj1Jbsby5ymjDbdDuZe0GesEKxjimTcQSIH0ygO7iMhbC2_FNEHpSFON6edW7YMAY80GpIcxOnsG23PU4HOxOxH9hKpTjBFTxwKq3Oz9DZVrk2Lhzv93GXLd2O8v25C0b1TyhgqDyd6GUXvcmIITqh~QVfGF6AIUdlpj1j~rTYR~TAiIzdz9oqRNmCut~ngcyX8vuKW2~ihziJmsqCeEg4ZqC2dVxU27tYqPgLEkk1EzZgJj68fs7NzO5NxT47ellr6vVGYIXqkvUGX6OZUYcgAHLERAXJwTAtg82Vxk-.jpg\"><\/picture>\t\t\t<\/figure>\n\t\t\t\t\t\t<span class=\"card-properties-ref position-absolute z-2 bottom-0 end-0 bg-white text-primary py-1 px-3 me-3\">\n\t\t\t\tPANR-15470\t\t\t<\/span>\n\t\t\t<button class=\"card-properties-portfolio d-flex align-items-center justify-content-center position-absolute z-3 end-0 text-white bg-primary me-3 border-0 px-0\" data-pfl-id=\"600804\" data-pfl-filter=\"sale\" aria-label=\"Add to portfolio\">\n\t\t\t\t<svg width=\"18\" fill=\"currentColor\" viewBox=\"0 0 512 512\">\n\t\t\t\t\t<use href=\"https:\/\/www.panoramamarbella.com\/wp-content\/themes\/panoramamarbella\/dist\/src\/images\/icons.svg#svgHeart\"><\/use>\n\t\t\t\t<\/svg>\n\t\t\t\t<svg width=\"18\" fill=\"currentColor\" viewBox=\"0 0 512 512\">\n\t\t\t\t\t<use href=\"https:\/\/www.panoramamarbella.com\/wp-content\/themes\/panoramamarbella\/dist\/src\/images\/icons.svg#svgHeartIn\"><\/use>\n\t\t\t\t<\/svg>\n\t\t\t<\/button>\n\t\t<\/div>\n\t\t\t\t<button\n\t\t\tclass=\"carousel-control-prev\"\n\t\t\ttype=\"button\"\n\t\t\tdata-bs-target=\"#carouselCardProperties-1-4\"\n\t\t\tdata-bs-slide=\"prev\">\n\t\t\t<span class=\"carousel-control-prev-icon\" aria-hidden=\"true\"><\/span>\n\t\t\t<span class=\"visually-hidden\">Pr\u00e9c\u00e9dent<\/span>\n\t\t<\/button>\n\t\t<button\n\t\t\tclass=\"carousel-control-next\"\n\t\t\ttype=\"button\"\n\t\t\tdata-bs-target=\"#carouselCardProperties-1-4\"\n\t\t\tdata-bs-slide=\"next\">\n\t\t\t<span class=\"carousel-control-next-icon\" aria-hidden=\"true\"><\/span>\n\t\t\t<span class=\"visually-hidden\">Suivant<\/span>\n\t\t<\/button>\n\t\t\t<\/div>\n\t<div class=\"d-flex flex-column h-100 px-3 py-4 shadow\">\n\t\t\t\t<h3 class=\"card-properties-title mb-3\">\n\t\t\t<a class=\"stretched-link\" href=\"\/fr\/proprietes\/marbella\/marbella-est\/marbesa\/villas-maisons-isolee\/PANR-15470\">\n\t\t\t\tSpectaculaire villa contemporaine \u00e0 deux pas de la plage \u00e0 Marbesa, l\u2019un des secteurs les plus pris\u00e9s de Marbella Est\t\t\t<\/a>\n\t\t<\/h3>\n\t\t<p class=\"mb-3 text-black-dark\">Marbesa, Marbella Est<\/p>\n\t\t\t\t\t\t<p class=\"card-properties-description mb-3\">\n\t\t\tCette spectaculaire villa contemporaine offre un cadre de vacances exceptionnel dans l\u2019un des quartiers les plus pris\u00e9s de Marbella Est, \u00e0 quelques pas seulement de l\u2019une des plus belles plages d\u2019Elviria. Lumineuse, priv\u00e9e et parfaitement&#8230;\t\t<\/p>\n\t\t\t\t<span class=\"card-properties-price mt-auto\">\n\t\t\t\n\t\t\t<span class=\"card-properties-price mt-auto\" data-original-price=\"6250000\">6\u202f250\u202f000\u00a0\u20ac<\/span>\n\t\t\t\t<\/span>\n\t\t\t\t<ul class=\"card-properties-features list-unstyled d-flex flex-wrap align-items-center gap-3 pt-3 border-top mt-3 mb-0\">\n\t\t\t<li class=\"d-flex align-items-center\">6 Chambres<\/li><li class=\"d-flex align-items-center\">7 Bains<\/li>\t\t\t\t<li class=\"d-flex align-items-center\">\n\t\t\t\t\t <span class=\"me-1\" data-original-value=\"725\" data-original-unit=\"m&#038;sup2\">725 m&sup2;<\/span>Total\t\t\t\t<\/li>\n\t\t\t\t\t\t\t<li class=\"d-flex align-items-center\">\n\t\t\t\t\t <span class=\"me-1\" data-original-value=\"1060\" data-original-unit=\"m&#038;sup2\">1\u202f060 m&sup2;<\/span>Terrain\t\t\t\t<\/li>\n\t\t\t\t\t\t\t\t<li class=\"d-flex align-items-center\">\n\t\t\t\t\t <span class=\"me-1\" data-original-value=\"645\" data-original-unit=\"m&#038;sup2\">645 m&sup2;<\/span>Construit\t\t\t\t<\/li>\n\t\t\t\t\t\t\t<li class=\"d-flex align-items-center\">\n\t\t\t\t\t <span class=\"me-1\" data-original-value=\"80\" data-original-unit=\"m&#038;sup2\">80 m&sup2;<\/span>Terrasses\t\t\t\t<\/li>\n\t\t\t\t\t<\/ul>\n\t\t\t<\/div>\n<\/article>\n\n\n<article class=\"col card-properties position-relative d-flex flex-column\">\n\t<div id=\"carouselCardProperties-1-5\" class=\"card-properties-images carousel slide carousel-fade lazy\" data-bs-ride=\"carousel\" data-bs-interval=\"200000\" data-id=\"588236\">\n\t\t<div class=\"carousel-inner\">\n\t\t\t<figure class=\"carousel-item mb-0 active ratio ratio-4x3\">\n\t\t\t\t<picture><source sizes=\"(max-width: 575px) calc(100vw - 24px), (max-width: 767px) 516px, (max-width: 991px) 696px, (max-width: 1199px) 296px, (max-width: 1399px) 356px, 400px\" width=\"696\" height=\"522\" srcset=\"https:\/\/media.panoramamarbella.com\/imgV1\/B95mbh8olwFQm~uCUaVOI2kQT0hb0a8sZ9turUNfnwtvuccYCzs0YVPfPbfkc2VnnN1JFDpkYaGfw1gJsS~5h5OzMRcYKrAunC8lmrhXsMg_h9Lv01fVBwJbC03ZJOeIMxt5Zfc6O9_UMUNz570uK7Aqsccr5ssjsttoD2s~uJ014jp2685b9EZsE4grEPRXyMbxkdL0ddtyErgQ0LTSRa6ZjfKkoJ3hhprANBlb~YzX06GiepFfLwWAmdcQ1X1YxQirdgvkKQk6VFvQUQMOfiZkyrphmFGZt1z6x4QwD5DxO5Eqhw~KKqykCZFdkPMwjcYXA3lNbmJ08QgIfXkcHY4Z5UMO~c9vXqD5fq7CUa9TObGhSXmkHfQfoT0JNu7MqWIJk2F4N0PfOvknon9R7z3s1M4151~Otsma5XGo2pwHrR~Uj~UUHDyFDm9XLalnbooagFn7jN1x3~Gct~vm.webp 696w,https:\/\/media.panoramamarbella.com\/imgV1\/B95mbh8olwFQm~uCUaVOI2kQT0hb0a8sZ9turUNfnwtvuccYCzs0YVPfPbfkc2VnnN1JFDpkYaGfw1gJsS~5h5OzMRcYKrAunC8lmrhXsMg_h9Lv01fVBwJbC03ZJOeIMxt5Zfc6O9_UMUNz570uK7Aqsccr5ssjsttoD2s~untpM859bDONjzzrWwxGuVloSxiECe5o8_gFHQ_bQw1ej9W3ALg3_8q1roZ~y8GV15jdovqnI8YX6GC9bzoBVneNQJsfbZ5LZ1nGMZ_~1zTWGMzMAoFDY9NfjoFA0cEiKG~xjiGuJqWrkTnABlDVOwG_zbIsRB7ermb5wv74T4MoTdP5_qs8QSwAYApBAk8j1zD3JknTnYAIdMVA5gHI3Y6iz0SNhRx3tyeR8YyB9R2BzeCSeP_Ku5rfLTjXoXaLswYVSAoOOghiNqu1NW3SVcSgMyF56B6F8m~vP328KQ~h.webp 400w\" type=\"image\/webp\"><img decoding=\"async\" class=\"position-absolute w-100 h-100 object-fit-cover\" alt=\"Villa de golf en premi\u00e8re ligne avec vue spectaculaire \u00e0 La Cerquilla en Nueva Andaluc\u00eda\" loading=\"lazy\" width=\"696\" height=\"522\" src=\"https:\/\/media.panoramamarbella.com\/imgV1\/B95mbh8olwFQm~uCUaVOI2kQT0hb0a8sZ9turUNfnwtvuccYCzs0YVPfPbfkc2VnnN1JFDpkYaGfw1gJsS~5h5OzMRcYKrAunC8lmrhXsMg_h9Lv01fVBwJbC03ZJOeIMxt5Zfc6O9_UMUNz570uK7Aqsccr5ssjsttoD2s~uJ014jp2685b9EZsE4grDktghqPLGnpqY8pRtTXud6VQiH0achURG1ijhYe9FwPz_5RjjGqT9H3MfHTAIqqB3zWP55iYNo4XvMJZASqkENtW5X8K6NBDlBzZBPkNmv72duPk8AkH8qkrYU7RuQaY5GfLp5uN3mPCe63pr83vhdSEEfAolP0kLy7vbgFfAY~ZG_ak3OGV4Ta2xtv8WVjL3FzAZcuSHd787zDoarngDbbwJOUgJAojdOa7xcAzE7_zLusPZmo6466eyzUSvwE-.jpg\"><\/picture>\t\t\t<\/figure>\n\t\t\t\t\t\t<span class=\"card-properties-ref position-absolute z-2 bottom-0 end-0 bg-white text-primary py-1 px-3 me-3\">\n\t\t\t\tPANR-15383\t\t\t<\/span>\n\t\t\t<button class=\"card-properties-portfolio d-flex align-items-center justify-content-center position-absolute z-3 end-0 text-white bg-primary me-3 border-0 px-0\" data-pfl-id=\"588236\" data-pfl-filter=\"sale\" aria-label=\"Add to portfolio\">\n\t\t\t\t<svg width=\"18\" fill=\"currentColor\" viewBox=\"0 0 512 512\">\n\t\t\t\t\t<use href=\"https:\/\/www.panoramamarbella.com\/wp-content\/themes\/panoramamarbella\/dist\/src\/images\/icons.svg#svgHeart\"><\/use>\n\t\t\t\t<\/svg>\n\t\t\t\t<svg width=\"18\" fill=\"currentColor\" viewBox=\"0 0 512 512\">\n\t\t\t\t\t<use href=\"https:\/\/www.panoramamarbella.com\/wp-content\/themes\/panoramamarbella\/dist\/src\/images\/icons.svg#svgHeartIn\"><\/use>\n\t\t\t\t<\/svg>\n\t\t\t<\/button>\n\t\t<\/div>\n\t\t\t\t<button\n\t\t\tclass=\"carousel-control-prev\"\n\t\t\ttype=\"button\"\n\t\t\tdata-bs-target=\"#carouselCardProperties-1-5\"\n\t\t\tdata-bs-slide=\"prev\">\n\t\t\t<span class=\"carousel-control-prev-icon\" aria-hidden=\"true\"><\/span>\n\t\t\t<span class=\"visually-hidden\">Pr\u00e9c\u00e9dent<\/span>\n\t\t<\/button>\n\t\t<button\n\t\t\tclass=\"carousel-control-next\"\n\t\t\ttype=\"button\"\n\t\t\tdata-bs-target=\"#carouselCardProperties-1-5\"\n\t\t\tdata-bs-slide=\"next\">\n\t\t\t<span class=\"carousel-control-next-icon\" aria-hidden=\"true\"><\/span>\n\t\t\t<span class=\"visually-hidden\">Suivant<\/span>\n\t\t<\/button>\n\t\t\t<\/div>\n\t<div class=\"d-flex flex-column h-100 px-3 py-4 shadow\">\n\t\t\t\t<h3 class=\"card-properties-title mb-3\">\n\t\t\t<a class=\"stretched-link\" href=\"\/fr\/proprietes\/marbella\/nueva-andalucia\/la-cerquilla\/villas-maisons-isolee\/PANR-15383\">\n\t\t\t\tVilla de golf en premi\u00e8re ligne avec vue spectaculaire \u00e0 La Cerquilla en Nueva Andaluc\u00eda\t\t\t<\/a>\n\t\t<\/h3>\n\t\t<p class=\"mb-3 text-black-dark\">La Cerquilla, Nueva Andalucia<\/p>\n\t\t\t\t\t\t<p class=\"card-properties-description mb-3\">\n\t\t\tSitu\u00e9e dans la prestigieuse Vall\u00e9e du Golf de Nueva Andaluc\u00eda, la Villa Olivia est un m\u00e9lange \u00e9poustouflant d&#039;\u00e9l\u00e9gance m\u00e9diterran\u00e9enne et d&#039;influences balinaises contemporaines. Situ\u00e9e sur un terrain de golf en premi\u00e8re ligne, cette r\u00e9sidence remarquable&#8230;\t\t<\/p>\n\t\t\t\t<span class=\"card-properties-price mt-auto\">\n\t\t\t\n\t\t\t<span class=\"card-properties-price mt-auto\" data-original-price=\"10950000\">10\u202f950\u202f000\u00a0\u20ac<\/span>\n\t\t\t\t<\/span>\n\t\t\t\t<ul class=\"card-properties-features list-unstyled d-flex flex-wrap align-items-center gap-3 pt-3 border-top mt-3 mb-0\">\n\t\t\t<li class=\"d-flex align-items-center\">6 Chambres<\/li><li class=\"d-flex align-items-center\">7 Bains<\/li>\t\t\t\t<li class=\"d-flex align-items-center\">\n\t\t\t\t\t <span class=\"me-1\" data-original-value=\"1281\" data-original-unit=\"m&#038;sup2\">1\u202f281 m&sup2;<\/span>Total\t\t\t\t<\/li>\n\t\t\t\t\t\t\t<li class=\"d-flex align-items-center\">\n\t\t\t\t\t <span class=\"me-1\" data-original-value=\"1543\" data-original-unit=\"m&#038;sup2\">1\u202f543 m&sup2;<\/span>Terrain\t\t\t\t<\/li>\n\t\t\t\t\t\t\t\t<li class=\"d-flex align-items-center\">\n\t\t\t\t\t <span class=\"me-1\" data-original-value=\"854\" data-original-unit=\"m&#038;sup2\">854 m&sup2;<\/span>Construit\t\t\t\t<\/li>\n\t\t\t\t\t\t\t<li class=\"d-flex align-items-center\">\n\t\t\t\t\t <span class=\"me-1\" data-original-value=\"427\" data-original-unit=\"m&#038;sup2\">427 m&sup2;<\/span>Terrasses\t\t\t\t<\/li>\n\t\t\t\t\t<\/ul>\n\t\t\t<\/div>\n<\/article>\n\t\t\t<\/div>\n\t\t\t\t\t<\/section>\n\t\t\n","protected":false},"excerpt":{"rendered":"","protected":false},"template":"","meta":{"_acf_changed":true},"class_list":["post-1223","agents","type-agents","status-publish","hentry"],"acf":[],"_links":{"self":[{"href":"https:\/\/www.panoramamarbella.com\/fr\/wp-json\/wp\/v2\/agents\/1223","targetHints":{"allow":["GET"]}}],"collection":[{"href":"https:\/\/www.panoramamarbella.com\/fr\/wp-json\/wp\/v2\/agents"}],"about":[{"href":"https:\/\/www.panoramamarbella.com\/fr\/wp-json\/wp\/v2\/types\/agents"}],"wp:attachment":[{"href":"https:\/\/www.panoramamarbella.com\/fr\/wp-json\/wp\/v2\/media?parent=1223"}],"curies":[{"name":"wp","href":"https:\/\/api.w.org\/{rel}","templated":true}]}}