{"id":2260,"date":"2024-03-25T15:07:13","date_gmt":"2024-03-25T14:07:13","guid":{"rendered":"https:\/\/www.panoramamarbella.com\/?post_type=agents&#038;p=2260"},"modified":"2025-11-18T11:53:27","modified_gmt":"2025-11-18T10:53:27","slug":"alex-clover","status":"publish","type":"agents","link":"https:\/\/www.panoramamarbella.com\/fr\/a-propos\/equipe-panorama\/alex-clover","title":{"rendered":"Alex Clover"},"content":{"rendered":"\n\n<p>Alex Clover, le fils de Christopher, est n\u00e9 \u00e0 Malaga et a pass\u00e9 la plus grande partie de sa jeunesse \u00e0 Marbella. Il a v\u00e9cu aux \u00c9tats-Unis pendant plus de dix ans, o\u00f9 il a obtenu une licence en affaires \u00e9trang\u00e8res \u00e0 l&rsquo;universit\u00e9 de Virginie. Pendant qu&rsquo;il vivait aux \u00c9tats-Unis, il a travaill\u00e9 dans le domaine des relations publiques et du d\u00e9veloppement Internet pour une soci\u00e9t\u00e9 de conseil fournissant des services \u00e0 plusieurs entreprises Fortune 500, \u00e0 des associations commerciales pour les industries chimiques, agricoles et financi\u00e8res, ainsi qu&rsquo;\u00e0 des organisations internationales \u00e0 but non lucratif.<\/p>\n\n\n\n<p>Aux \u00c9tats-Unis, Alex a conceptualis\u00e9 et dirig\u00e9 le d\u00e9veloppement du premier outil dynamique qui mesure le succ\u00e8s des campagnes de relations publiques, un produit qui a fini par remporter plusieurs prix internationaux de l&rsquo;industrie des relations publiques. Aujourd&rsquo;hui, cette m\u00e9thode est toujours consid\u00e9r\u00e9e comme la norme de mesure de l&rsquo;industrie des relations publiques.<\/p>\n\n\n\n<p>Alex est retourn\u00e9 \u00e0 Marbella et a rejoint Panorama en 2001 en tant que membre du service des inscriptions. En 2009, il a rejoint l&rsquo;\u00e9quipe des ventes et est actuellement directeur g\u00e9n\u00e9ral adjoint.<\/p>\n\n\n\n<p>Alex poss\u00e8de d&rsquo;excellentes comp\u00e9tences et une grande intuition en mati\u00e8re de marketing, qu&rsquo;il associe \u00e0 une connaissance approfondie du secteur immobilier de Marbella. La contribution d&rsquo;Alex a \u00e9t\u00e9 primordiale pour que Panorama soit associ\u00e9 aux organisations et aux entreprises les plus importantes et les plus prestigieuses de l&rsquo;industrie immobili\u00e8re, et pour qu&rsquo;il obtienne une vari\u00e9t\u00e9 de prix et d&rsquo;accolades importants. En 2015, Alex a re\u00e7u le prix d&rsquo;excellence REAS pour avoir particip\u00e9 \u00e0 la plus grande vente d&rsquo;une propri\u00e9t\u00e9 r\u00e9sidentielle sur la Costa del Sol.<\/p>\n\n\n\n<p>Alex est fier de repr\u00e9senter la quatri\u00e8me g\u00e9n\u00e9ration de la famille Clover qui se consacre \u00e0 l&rsquo;immobilier. Il parle anglais, espagnol et fran\u00e7ais.<\/p>\n\n\n\n\n\n\t\t<section class=\"container wp-block-acf-cardmosaic\">\n\t\t\t<h2 class=\"mb-4\">Articles \u00e9crits par Alex<\/h2>\t\t\t<div class=\"card-mosaic row gy-4\">\n\t\t\t\t<div class=\"col-xl-6 col-xxl-8\">\n\t\t\t\t\t<article class=\"card-mosaic-featured position-relative\">\n    <figure class=\"ratio ratio-16x9 mb-0 overflow-hidden\">\n        <picture><source sizes=\"(max-width: 575px) calc(100vw - 24px), (max-width: 767px) 516px, (max-width: 991px) 696px, (max-width: 1199) 936px, (max-width: 1399) 546px, 856px\" width=\"936\" height=\"527\" srcset=\"https:\/\/media.panoramamarbella.com\/imgV1\/B95mbh8olwFQm~uCT2wPZMb8hll4wghQQQq6YWg0~c~U_DrmgY8pGP8pqaDzA6mvjyI_OPtcrHD_aKxAUQW30XRizjscZoeIH8~1k~oFlh1LqOo6PC3cL~RZXN7S29JKbUzBev0f8Vh~FOq2~TxKb4buRe~hSZJURixTvmQYUQiW69J8TAo6i4LM7nZVWp5cYqomby5YMzUM.webp 936w,https:\/\/media.panoramamarbella.com\/imgV1\/B95mbh8olwFQm~uCT2wPZMb8hll4wghQQQq6YWg0~c~U_DrmgY8pGP8pqaDzA6mvjyI_OPtcrHD_aKxAUQW30XRizjscZoeIH8~1k~oFlh1LqOo6PC3cL~RZXN7S29JKbUzBev0f8JCi6bj6UZbh1q25elcKb4jMP0NAGA_1dWJHfIYLHeJOj8xeOKe0uxBSVdsfGMlERAOd.webp 856w\" type=\"image\/webp\"><img decoding=\"async\" class=\"position-absolute w-100 h-100 top-0 start-0 object-fit-cover\" loading=\"lazy\" alt=\"Vue a\u00e9rienne du front de mer de Marbella, montrant des immeubles d\u2019appartements en bord de mer, la promenade, la plage de sable et la mer M\u00e9diterran\u00e9e.\" width=\"936\" height=\"527\" src=\"https:\/\/media.panoramamarbella.com\/imgV1\/B95mbh8olwFQm~uCT2wPZMb8hll4wghQQQq6YWg0~c~U_DrmgY8pGP8pqaDzA6mvjyI_OPtcrHD_aKxAUQW30XRizjscZoeIH8~1k~oFlh1LqOo6PC3cL~RZXN7S29JKbUzBev0f8Vh~FOq2~TxKb4buRe~hV1TWKlLoJAmGDRsuksL2oR4-.jpg\"><\/picture>    <\/figure>\n    <div class=\"px-3 py-4 shadow\">\n        <a href=\"https:\/\/www.panoramamarbella.com\/fr\/news\/plan-durbanisme-de-marbella\" title=\"Plan d&rsquo;urbanisme de Marbella : ce que les acheteurs doivent savoir\" class=\"stretched-link\">\n            <strong class=\"card-mosaic-title fs-4 lh-1\">Plan d&rsquo;urbanisme de Marbella : ce que les acheteurs doivent savoir<\/strong>\n        <\/a>\n        Nous expliquons le nouveau plan d\u2019urbanisme de Marbella, son impact sur les acheteurs, les r\u00e8gles d\u2019am\u00e9nagement et les v\u00e9rifications \u00e0 effectuer avant d\u2019acheter.    <\/div>\n<\/article>\t\t\t\t<\/div>\n\t\t\t\t<div class=\"col-xl-6 col-xxl-4 d-flex flex-column gap-4\">\n\t\t\t\t\t<article class=\"card-mosaic-item position-relative d-flex align-items-center flex-nowrap shadow\">\n    <figure class=\"ratio ratio-1x1 mb-0 overflow-hidden\">\n        <picture><source width=\"130\" height=\"130\" srcset=\"https:\/\/media.panoramamarbella.com\/imgV1\/B95mbh8olwFQm~uCT2wPZMb8hll4wghQQQq6YWg0~c~U_DrmgY8pGP8pqaDzA6mvjyI_OPtcrHD_aKxAUQW30XRizjscZoeIH8~1k~oFlh1JTdkJ~HvGEX5SPMx~qhWscY7mY9OjwCfQXygyjCLnfHnb4FZ78Szf3aq6mjvujIGxkWG50JRpt5wGbzRPCckGXIJtG6P7VNng.webp 130w\" type=\"image\/webp\"><img decoding=\"async\" class=\"position-absolute start-0 top-0 w-100 h-100 object-fit-cover\" loading=\"lazy\" alt=\"penthouses en duplex. Salon et salle \u00e0 manger contemporains en open space, avec baies vitr\u00e9es toute hauteur, terrasse et vues panoramiques sur la mer et les montagnes\" width=\"130\" height=\"130\" src=\"https:\/\/media.panoramamarbella.com\/imgV1\/B95mbh8olwFQm~uCT2wPZMb8hll4wghQQQq6YWg0~c~U_DrmgY8pGP8pqaDzA6mvjyI_OPtcrHD_aKxAUQW30XRizjscZoeIH8~1k~oFlh1JTdkJ~HvGEX5SPMx~qhWscY7mY9OjwCfQXygyjCLnfHnb4FZ77yVciHsEb1WuXiVzB87eaxo-.jpg\"><\/picture>    <\/figure>\n\t<p class=\"p-3 mb-0\">\n        <a href=\"https:\/\/www.panoramamarbella.com\/fr\/news\/penthouses-en-duplex-costa-del-sol\" title=\"5 penthouses en duplex exceptionnels sur la Costa del Sol\" class=\"stretched-link\">\n            <strong class=\"card-mosaic-title fs-5 lh-1\">5 penthouses en duplex exceptionnels sur la Costa del Sol<\/strong>\n        <\/a>\n    <\/p>\n<\/article><article class=\"card-mosaic-item position-relative d-flex align-items-center flex-nowrap shadow\">\n    <figure class=\"ratio ratio-1x1 mb-0 overflow-hidden\">\n        <picture><source width=\"130\" height=\"130\" srcset=\"https:\/\/media.panoramamarbella.com\/imgV1\/B95mbh8olwFQm~uCT2wPZMb8hll4wghQQQq6YWg0~c~U_DrmgY8pGP8pqaDzA6mvjyI_OPtcrHD_aKxAUQW30SIKPY99N701plP6E2AIsLSyezfpe_zd_9pX5~esbNci33rAAwdFmT7ki~ujGd~NmXxOOuFQYPSg4MhoABf1cq~TlUNiqlgJO_HdKymzy2Cw7o5J_IaQaApAeZIV7cbW_srx~tpHCLEb.webp 130w\" type=\"image\/webp\"><img decoding=\"async\" class=\"position-absolute start-0 top-0 w-100 h-100 object-fit-cover\" loading=\"lazy\" alt=\"Couple visitant une villa de luxe \u00e0 Marbella avec piscine et vue sur la mer lors d\u2019une visite immobili\u00e8re \u2013 conseils de visite pour biens de luxe\" width=\"130\" height=\"130\" src=\"https:\/\/media.panoramamarbella.com\/imgV1\/B95mbh8olwFQm~uCT2wPZMb8hll4wghQQQq6YWg0~c~U_DrmgY8pGP8pqaDzA6mvjyI_OPtcrHD_aKxAUQW30SIKPY99N701plP6E2AIsLSyezfpe_zd_9pX5~esbNci33rAAwdFmT7ki~ujGd~NmXxOOuFQYPSg4MhoABf1cq~TlUNitMYZ~qptAec7FlCCUEMLzUk-.jpg\"><\/picture>    <\/figure>\n\t<p class=\"p-3 mb-0\">\n        <a href=\"https:\/\/www.panoramamarbella.com\/fr\/news\/conseils-de-visite-pour-biens-de-luxe\" title=\"Conseils de visite pour biens de luxe \u00e0 Marbella\" class=\"stretched-link\">\n            <strong class=\"card-mosaic-title fs-5 lh-1\">Conseils de visite pour biens de luxe \u00e0 Marbella<\/strong>\n        <\/a>\n    <\/p>\n<\/article><article class=\"card-mosaic-item position-relative d-flex align-items-center flex-nowrap shadow\">\n    <figure class=\"ratio ratio-1x1 mb-0 overflow-hidden\">\n        <picture><source width=\"130\" height=\"130\" srcset=\"https:\/\/media.panoramamarbella.com\/imgV1\/B95mbh8olwFQm~uCT2wPZMb8hll4wghQQQq6YWg0~c~U_DrmgY8pGP8pqaDzA6mvjyI_OPtcrHD_aKxAUQW30SIKO5EBsZv5u_JamNxemWz3YhQc4Px1zenswO13d1LJ_9fTRfVJf2V0SHzKO4V81zgimBgWizWxbkmEhcpeTa3ZQbNj2q0wk0CKgbBsU9dPBqlTPM1VB0KgJGoMRA1u~K2dt6PkGAogUi8yusjtGBcDSJB0JICwxNA-.webp 130w\" type=\"image\/webp\"><img decoding=\"async\" class=\"position-absolute start-0 top-0 w-100 h-100 object-fit-cover\" loading=\"lazy\" alt=\"Villa moderne de plain-pied avec toit v\u00e9g\u00e9talis\u00e9 et piscine entour\u00e9e de montagnes, illustrant l\u2019\u00e9volution du design \u00e0 Marbella\" width=\"130\" height=\"130\" src=\"https:\/\/media.panoramamarbella.com\/imgV1\/B95mbh8olwFQm~uCT2wPZMb8hll4wghQQQq6YWg0~c~U_DrmgY8pGP8pqaDzA6mvjyI_OPtcrHD_aKxAUQW30SIKO5EBsZv5u_JamNxemWz3YhQc4Px1zenswO13d1LJ_9fTRfVJf2V0SHzKO4V81zgimBgWizWxbkmEhcpeTa3ZQbNj2q0wk0CKgbBsU9dPBqlTPM1L4QvV43bJ1rRaU0aocq6Zlg--.jpg\"><\/picture>    <\/figure>\n\t<p class=\"p-3 mb-0\">\n        <a href=\"https:\/\/www.panoramamarbella.com\/fr\/news\/designs-de-proprietes\" title=\"Comment \u00e9voluent les designs de propri\u00e9t\u00e9s \u00e0 Marbella ?\" class=\"stretched-link\">\n            <strong class=\"card-mosaic-title fs-5 lh-1\">Comment \u00e9voluent les designs de propri\u00e9t\u00e9s \u00e0 Marbella ?<\/strong>\n        <\/a>\n    <\/p>\n<\/article>\t\t\t\t\t<a href=\"https:\/\/www.panoramamarbella.com\/fr\/news\" class=\"btn btn-primary py-3 mt-auto\">Lire toutes les nouvelles et tous les articles<\/a>\t\t\t\t<\/div>\n\t\t\t<\/div>\n\t\t<\/section>\n\n\n\t\t<section class=\"container wp-block-acf-inmpropselection\">\n\t\t\t<h2>Propri\u00e9t\u00e9s recommand\u00e9es par Alex<\/h2>\t\t\t<div class=\"row row-cols-1 row-cols-lg-3 gy-5 g-xxl-5\">\n\t\t\t\t\n<article class=\"col card-properties position-relative d-flex flex-column\">\n\t<div id=\"carouselCardProperties-1-0\" class=\"card-properties-images carousel slide carousel-fade lazy\" data-bs-ride=\"carousel\" data-bs-interval=\"200000\" data-id=\"662415\">\n\t\t<div class=\"carousel-inner\">\n\t\t\t<figure class=\"carousel-item mb-0 active ratio ratio-4x3\">\n\t\t\t\t<picture><source sizes=\"(max-width: 575px) calc(100vw - 24px), (max-width: 767px) 516px, (max-width: 991px) 696px, (max-width: 1199px) 296px, (max-width: 1399px) 356px, 400px\" width=\"696\" height=\"522\" srcset=\"https:\/\/media.panoramamarbella.com\/imgV1\/B95mbh8olwFQm~uCUaVOI2kQT0hb0a8sZ9turUNfnwtvuccYCzs0YVPfPbfkc2VnnN1JFDpkYaGfw1gJsS~5hOh7bB4AaYxyzbewv9KqgsHjPfhemXVF~YPbkuXe6sdexseF3q88Qw5oaX2~vMHgRugns4iz_ns0IYhG8TRGjGC~7yx4bM6heAqubHQadkMcSnt3qHliNmWgKFwPPr7BK3buH6HmQ3ncL0EoycNPZFRUFLormGYy9G5hrYuKJ343pmflDN5JsuBheWHakq8X5xxblhNVAEsTEzvnhDN2AAkZqKX4MOZOCl0SN1QNhUt7rNUbJFyqXOwS3pgZODuY7vmbs6RM0os2aQlNVzZl0YpPkCvIW~gZG9XTDBaIKGY8j9O6ccw0vs1yW_Z0Nh808TsgWH9abBXEiNXdZd3b7aPucZ7mJ2G3fQVpaFDs~L4k4tKkB0PpqzhX1LVrX2pI.webp 696w,https:\/\/media.panoramamarbella.com\/imgV1\/B95mbh8olwFQm~uCUaVOI2kQT0hb0a8sZ9turUNfnwtvuccYCzs0YVPfPbfkc2VnnN1JFDpkYaGfw1gJsS~5hOh7bB4AaYxyzbewv9KqgsHjPfhemXVF~YPbkuXe6sdexseF3q88Qw5oaX2~vMHgRugns4iz_ns0IYhG8TRGjvfuQ7QA2nUrw4fHNG7ttRAo~Hc2Ylo3Ga~1O~X4iiqmUFvPaGeHI5Iwo8DYtM3BmkClietWG_fDZg8ZbeSRL8huRIXH~JPm2EqtXzAbdk9PWWOA77tPea7Blp1h5aS_XcCCxS6NwrA8XsBEfc0xVW3DsDKi7z8i30r0G9cU_RXMUK5dQ3ZgMkh0n6VzieZLkyyZhOjx~QeJ1aDzTjRUD1sRwhnrDuIP8C35OcGUnFT97c1eDpChP5V_8AlrOfSuBOjcLkfGBgmExSoTy2qreuvmxATeSEzq9dXsHYOI~Zz4.webp 400w\" type=\"image\/webp\"><img decoding=\"async\" class=\"position-absolute w-100 h-100 object-fit-cover\" alt=\"Vues panoramiques \u00e0 couper le souffle sur la mer dans le quartier exclusif de La Quinta \u2013 appartement de luxe pr\u00eat \u00e0 emm\u00e9nager\" loading=\"lazy\" width=\"696\" height=\"522\" src=\"https:\/\/media.panoramamarbella.com\/imgV1\/B95mbh8olwFQm~uCUaVOI2kQT0hb0a8sZ9turUNfnwtvuccYCzs0YVPfPbfkc2VnnN1JFDpkYaGfw1gJsS~5hOh7bB4AaYxyzbewv9KqgsHjPfhemXVF~YPbkuXe6sdexseF3q88Qw5oaX2~vMHgRugns4iz_ns0IYhG8TRGjGC~7yx4bM6heAqubHQaaIEV8SA9JbY346VQ62WnUlRt5lesJuyJ_pVK1Ay6oBXZQJpbL4ouWq_1JNsCj~ZA_6ME9oZuq7bPcbzp03oY~dmISbOvIsiOIsJFUxeOaFlpEvAC9iZLnZ4G_Yc8DRwBPcLz2HkRA9l4XT0v1TCg1zJEjkt7VEOyquf_yHXqhglq9DOrHSuwWTFIcubRgpUOMRlQyVDcTIZnIs3Am1vR5V7MPouoDJkog7yOi9L9gBDTjlIEv2i_od9ti2FpIEY-.jpg\"><\/picture>\t\t\t<\/figure>\n\t\t\t\t\t\t<span class=\"card-properties-tag position-absolute z-2 top-0 start-0 bg-secondary text-white py-1 px-3 ms-3\">\n\t\t\t\tEn vedette\t\t\t<\/span>\n\t\t\t\t\t\t<span class=\"card-properties-ref position-absolute z-2 bottom-0 end-0 bg-white text-primary py-1 px-3 me-3\">\n\t\t\t\tPANR-16034\t\t\t<\/span>\n\t\t\t<button class=\"card-properties-portfolio d-flex align-items-center justify-content-center position-absolute z-3 end-0 text-white bg-primary me-3 border-0 px-0\" data-pfl-id=\"662415\" data-pfl-filter=\"sale\" aria-label=\"Add to portfolio\">\n\t\t\t\t<svg width=\"18\" fill=\"currentColor\" viewBox=\"0 0 512 512\">\n\t\t\t\t\t<use href=\"https:\/\/www.panoramamarbella.com\/wp-content\/themes\/panoramamarbella\/dist\/src\/images\/icons.svg#svgHeart\"><\/use>\n\t\t\t\t<\/svg>\n\t\t\t\t<svg width=\"18\" fill=\"currentColor\" viewBox=\"0 0 512 512\">\n\t\t\t\t\t<use href=\"https:\/\/www.panoramamarbella.com\/wp-content\/themes\/panoramamarbella\/dist\/src\/images\/icons.svg#svgHeartIn\"><\/use>\n\t\t\t\t<\/svg>\n\t\t\t<\/button>\n\t\t<\/div>\n\t\t\t\t<button\n\t\t\tclass=\"carousel-control-prev\"\n\t\t\ttype=\"button\"\n\t\t\tdata-bs-target=\"#carouselCardProperties-1-0\"\n\t\t\tdata-bs-slide=\"prev\">\n\t\t\t<span class=\"carousel-control-prev-icon\" aria-hidden=\"true\"><\/span>\n\t\t\t<span class=\"visually-hidden\">Pr\u00e9c\u00e9dent<\/span>\n\t\t<\/button>\n\t\t<button\n\t\t\tclass=\"carousel-control-next\"\n\t\t\ttype=\"button\"\n\t\t\tdata-bs-target=\"#carouselCardProperties-1-0\"\n\t\t\tdata-bs-slide=\"next\">\n\t\t\t<span class=\"carousel-control-next-icon\" aria-hidden=\"true\"><\/span>\n\t\t\t<span class=\"visually-hidden\">Suivant<\/span>\n\t\t<\/button>\n\t\t\t<\/div>\n\t<div class=\"d-flex flex-column h-100 px-3 py-4 shadow\">\n\t\t\t\t<h3 class=\"card-properties-title mb-3\">\n\t\t\t<a class=\"stretched-link\" href=\"\/fr\/proprietes\/benahavis\/la-quinta\/appartements-habitats\/PANR-16034\">\n\t\t\t\tVues panoramiques \u00e0 couper le souffle sur la mer dans le quartier exclusif de La Quinta \u2013 appartement de luxe pr\u00eat \u00e0 emm\u00e9nager\t\t\t<\/a>\n\t\t<\/h3>\n\t\t<p class=\"mb-3 text-black-dark\">La Quinta, Benahavis<\/p>\n\t\t\t\t\t\t<p class=\"card-properties-description mb-3\">\n\t\t\tPr\u00e9sentation d&#039;une r\u00e9sidence extraordinaire \u00e0 La Quinta, offrant ce dont r\u00eavent les acheteurs les plus exigeants : des vues m\u00e9diterran\u00e9ennes \u00e0 180\u00b0 s&#039;\u00e9tendant de la montagne de La Concha \u00e0 Marbella, Puerto Ban\u00fas jusqu&#039;\u00e0 Cabopino,&#8230;\t\t<\/p>\n\t\t\t\t<span class=\"card-properties-price mt-auto\">\n\t\t\t\n\t\t\t<span class=\"card-properties-price mt-auto\" data-original-price=\"2150000\">2\u202f150\u202f000\u00a0\u20ac<\/span>\n\t\t\t\t<\/span>\n\t\t\t\t<ul class=\"card-properties-features list-unstyled d-flex flex-wrap align-items-center gap-3 pt-3 border-top mt-3 mb-0\">\n\t\t\t<li class=\"d-flex align-items-center\">3 Chambres<\/li><li class=\"d-flex align-items-center\">3 Bains<\/li>\t\t\t\t<li class=\"d-flex align-items-center\">\n\t\t\t\t\t <span class=\"me-1\" data-original-value=\"243\" data-original-unit=\"m&#038;sup2\">243 m&sup2;<\/span>Total\t\t\t\t<\/li>\n\t\t\t\t\t\t\t<li class=\"d-flex align-items-center\">\n\t\t\t\t\t <span class=\"me-1\" data-original-value=\"160\" data-original-unit=\"m&#038;sup2\">160 m&sup2;<\/span>Construit\t\t\t\t<\/li>\n\t\t\t\t\t\t\t<li class=\"d-flex align-items-center\">\n\t\t\t\t\t <span class=\"me-1\" data-original-value=\"83\" data-original-unit=\"m&#038;sup2\">83 m&sup2;<\/span>Terrasses\t\t\t\t<\/li>\n\t\t\t\t\t<\/ul>\n\t\t\t<\/div>\n<\/article>\n\n\n<article class=\"col card-properties position-relative d-flex flex-column\">\n\t<div id=\"carouselCardProperties-1-1\" class=\"card-properties-images carousel slide carousel-fade lazy\" data-bs-ride=\"carousel\" data-bs-interval=\"200000\" data-id=\"442953\">\n\t\t<div class=\"carousel-inner\">\n\t\t\t<figure class=\"carousel-item mb-0 active ratio ratio-4x3\">\n\t\t\t\t<picture><source sizes=\"(max-width: 575px) calc(100vw - 24px), (max-width: 767px) 516px, (max-width: 991px) 696px, (max-width: 1199px) 296px, (max-width: 1399px) 356px, 400px\" width=\"696\" height=\"522\" srcset=\"https:\/\/media.panoramamarbella.com\/imgV1\/B95mbh8olwFQm~uCUaVOI2kQT0hb0a8sZ9turUNfnwtvuccYCzs0YVPfPbfkc2VnnN1JFDpkYaGfw1gJsS~5gR9Wfqdt8qykPPIRyc3dnoLPc~azuZk2PrN9fwdyvPEtEa9vRQnWs~An2IuNa4eyROIHrJ55SEdNWcPJhva4H9~O~idDDVAPTAOpPDDMli9PjkWNiti1o~yerzVYCXkJbAFVx5uRlHq7L3v~FQ~Ir6HjIrfMKlW9T6Cth1ODRYm6pLBB0RBqcFb~OaD6Hbii4l~8GhB7PZQCNpDIK3PDknyzfih4ppKVbBl28AiareV5doRX2elbtbxZm1Xm3QGfg158wHUrTC_M_KjMC2slwZ64UNo5sArYqh4dDUHiSMj2pWie~~8oPQVxwOkkPe3xiWOeiPSm655q2wx7Fl0F8cVoOGM9Zu7VaEb7suPE20gmbN0KeU8dym2oKPc9n5Vq.webp 696w,https:\/\/media.panoramamarbella.com\/imgV1\/B95mbh8olwFQm~uCUaVOI2kQT0hb0a8sZ9turUNfnwtvuccYCzs0YVPfPbfkc2VnnN1JFDpkYaGfw1gJsS~5gR9Wfqdt8qykPPIRyc3dnoLPc~azuZk2PrN9fwdyvPEtEa9vRQnWs~An2IuNa4eyROIHrJ55SEdNWcPJhva4HUNcBvUiXqiPqVLbcx7MbnEE5eLYaOCavS_PsHzRJ4LvKxlweAvkdpBBvLxGV_ntcLvJda3McTcytDgklSXTZWCICvoe0B9vXbwdRNOtsf7l~JMpJQlyRGoPcGHslB6eZjrsvGhzFQAEA7Z_mSgwIxph4Pb_MSYk~~gBBkV2cqsHsa0~mq4_rhajxAn7Uvx1QjqFwkA1IPB2Mg822F8Jp~2gEsjDPDGWkF11uDOEvAuROVzzydnuDaxZ3Wzu2aQmRt~tSZKtR5Qf6w7iq8eMet7YEu0qp8rKl2vq06OC6Ukx.webp 400w\" type=\"image\/webp\"><img decoding=\"async\" class=\"position-absolute w-100 h-100 object-fit-cover\" alt=\"Superbe villa contemporaine tr\u00e8s priv\u00e9e avec vue sur la mer et la montagne sur Roc\u00edo de Nag\u00fceles\" loading=\"lazy\" width=\"696\" height=\"522\" src=\"https:\/\/media.panoramamarbella.com\/imgV1\/B95mbh8olwFQm~uCUaVOI2kQT0hb0a8sZ9turUNfnwtvuccYCzs0YVPfPbfkc2VnnN1JFDpkYaGfw1gJsS~5gR9Wfqdt8qykPPIRyc3dnoLPc~azuZk2PrN9fwdyvPEtEa9vRQnWs~An2IuNa4eyROIHrJ55SEdNWcPJhva4H9~O~idDDVAPTAOpPDDMiHpL64SJfFKnX~fN620SLQff8PPda4A6Zg0ryCTd_rBIrDyL9bGw9K5upC10uKXS577iAXFkmXfyabpnjAxoP0MiH4pXxhDj6hkoaNRjIUOvlYKG~4nd6~efblJmZ7fnQI7V2SctwdfkJtzqcgVijzrN9buTcOKP6wbURQHuN91ThJh0lUHs1pnDn63V5CfxVnnpgZ8UupCN_1uPHFUDdWj0bwUZCu7HmLYracT6qNyicGuNqCDrFX7~APcMIeo-.jpg\"><\/picture>\t\t\t<\/figure>\n\t\t\t\t\t\t<span class=\"card-properties-tag position-absolute z-2 top-0 start-0 bg-secondary text-white py-1 px-3 ms-3\">\n\t\t\t\tEn vedette\t\t\t<\/span>\n\t\t\t\t\t\t<span class=\"card-properties-ref position-absolute z-2 bottom-0 end-0 bg-white text-primary py-1 px-3 me-3\">\n\t\t\t\tPANR-13789\t\t\t<\/span>\n\t\t\t<button class=\"card-properties-portfolio d-flex align-items-center justify-content-center position-absolute z-3 end-0 text-white bg-primary me-3 border-0 px-0\" data-pfl-id=\"442953\" data-pfl-filter=\"sale\" aria-label=\"Add to portfolio\">\n\t\t\t\t<svg width=\"18\" fill=\"currentColor\" viewBox=\"0 0 512 512\">\n\t\t\t\t\t<use href=\"https:\/\/www.panoramamarbella.com\/wp-content\/themes\/panoramamarbella\/dist\/src\/images\/icons.svg#svgHeart\"><\/use>\n\t\t\t\t<\/svg>\n\t\t\t\t<svg width=\"18\" fill=\"currentColor\" viewBox=\"0 0 512 512\">\n\t\t\t\t\t<use href=\"https:\/\/www.panoramamarbella.com\/wp-content\/themes\/panoramamarbella\/dist\/src\/images\/icons.svg#svgHeartIn\"><\/use>\n\t\t\t\t<\/svg>\n\t\t\t<\/button>\n\t\t<\/div>\n\t\t\t\t<button\n\t\t\tclass=\"carousel-control-prev\"\n\t\t\ttype=\"button\"\n\t\t\tdata-bs-target=\"#carouselCardProperties-1-1\"\n\t\t\tdata-bs-slide=\"prev\">\n\t\t\t<span class=\"carousel-control-prev-icon\" aria-hidden=\"true\"><\/span>\n\t\t\t<span class=\"visually-hidden\">Pr\u00e9c\u00e9dent<\/span>\n\t\t<\/button>\n\t\t<button\n\t\t\tclass=\"carousel-control-next\"\n\t\t\ttype=\"button\"\n\t\t\tdata-bs-target=\"#carouselCardProperties-1-1\"\n\t\t\tdata-bs-slide=\"next\">\n\t\t\t<span class=\"carousel-control-next-icon\" aria-hidden=\"true\"><\/span>\n\t\t\t<span class=\"visually-hidden\">Suivant<\/span>\n\t\t<\/button>\n\t\t\t<\/div>\n\t<div class=\"d-flex flex-column h-100 px-3 py-4 shadow\">\n\t\t\t\t<h3 class=\"card-properties-title mb-3\">\n\t\t\t<a class=\"stretched-link\" href=\"\/fr\/proprietes\/marbella\/marbella-golden-mile\/rocio-de-nagueles\/villas-maisons-isolee\/PANR-13789\">\n\t\t\t\tSuperbe villa contemporaine tr\u00e8s priv\u00e9e avec vue sur la mer et la montagne sur Roc\u00edo de Nag\u00fceles\t\t\t<\/a>\n\t\t<\/h3>\n\t\t<p class=\"mb-3 text-black-dark\">Rocio de Nag\u00fceles, Marbella Golden Mile<\/p>\n\t\t\t\t\t\t<p class=\"card-properties-description mb-3\">\n\t\t\tVilla moderne \u00e0 Nagueles, une communaut\u00e9 \u00e9tablie juste \u00e0 c\u00f4t\u00e9 de Sierra Blanca sur le Golden Mile, id\u00e9alement situ\u00e9e et \u00e0 quelques minutes en voiture de la ville de Marbella, offrant une vue sur la&#8230;\t\t<\/p>\n\t\t\t\t<span class=\"card-properties-price mt-auto\">\n\t\t\t\n\t\t\t<span class=\"card-properties-price mt-auto\" data-original-price=\"4290000\">4\u202f290\u202f000\u00a0\u20ac<\/span>\n\t\t\t\t<\/span>\n\t\t\t\t<ul class=\"card-properties-features list-unstyled d-flex flex-wrap align-items-center gap-3 pt-3 border-top mt-3 mb-0\">\n\t\t\t<li class=\"d-flex align-items-center\">5 Chambres<\/li><li class=\"d-flex align-items-center\">5 Bains<\/li>\t\t\t\t<li class=\"d-flex align-items-center\">\n\t\t\t\t\t <span class=\"me-1\" data-original-value=\"604\" data-original-unit=\"m&#038;sup2\">604 m&sup2;<\/span>Total\t\t\t\t<\/li>\n\t\t\t\t\t\t\t<li class=\"d-flex align-items-center\">\n\t\t\t\t\t <span class=\"me-1\" data-original-value=\"1533\" data-original-unit=\"m&#038;sup2\">1\u202f533 m&sup2;<\/span>Terrain\t\t\t\t<\/li>\n\t\t\t\t\t\t\t\t<li class=\"d-flex align-items-center\">\n\t\t\t\t\t <span class=\"me-1\" data-original-value=\"409\" data-original-unit=\"m&#038;sup2\">409 m&sup2;<\/span>Construit\t\t\t\t<\/li>\n\t\t\t\t\t\t\t<li class=\"d-flex align-items-center\">\n\t\t\t\t\t <span class=\"me-1\" data-original-value=\"195\" data-original-unit=\"m&#038;sup2\">195 m&sup2;<\/span>Terrasses\t\t\t\t<\/li>\n\t\t\t\t\t<\/ul>\n\t\t\t<\/div>\n<\/article>\n\t\t\t<\/div>\n\t\t\t\t\t<\/section>\n\t\t\n","protected":false},"excerpt":{"rendered":"<p>Un visionnaire en relations publiques et immobilier, dynamisant le succ\u00e8s de Marbella.<\/p>\n","protected":false},"template":"","meta":{"_acf_changed":true},"class_list":["post-2260","agents","type-agents","status-publish","hentry"],"acf":[],"_links":{"self":[{"href":"https:\/\/www.panoramamarbella.com\/fr\/wp-json\/wp\/v2\/agents\/2260","targetHints":{"allow":["GET"]}}],"collection":[{"href":"https:\/\/www.panoramamarbella.com\/fr\/wp-json\/wp\/v2\/agents"}],"about":[{"href":"https:\/\/www.panoramamarbella.com\/fr\/wp-json\/wp\/v2\/types\/agents"}],"wp:attachment":[{"href":"https:\/\/www.panoramamarbella.com\/fr\/wp-json\/wp\/v2\/media?parent=2260"}],"curies":[{"name":"wp","href":"https:\/\/api.w.org\/{rel}","templated":true}]}}