{"id":1468,"date":"2024-05-22T14:49:01","date_gmt":"2024-05-22T12:49:01","guid":{"rendered":"https:\/\/www.panoramamarbella.com\/?post_type=areas&#038;p=1468"},"modified":"2025-07-02T11:28:58","modified_gmt":"2025-07-02T09:28:58","slug":"san-pedro-de-alcantara","status":"publish","type":"areas","link":"https:\/\/www.panoramamarbella.com\/fr\/zones\/san-pedro-de-alcantara","title":{"rendered":"San Pedro de Alc\u00e1ntara : D\u00e9couvrez la vie c\u00f4ti\u00e8re authentique pr\u00e8s de Marbella"},"content":{"rendered":"\n\n<h2 class=\"wp-block-heading\">San Pedro de Alc\u00e1ntara : entre tradition et luxe<\/h2>\n\n\n<div class=\"lead\"><p>San Pedro de Alc\u00e1ntara, situ\u00e9 \u00e0 Marbella, Malaga, offre une charmante combinaison de tradition andalouse et de modernit\u00e9. Cette ville pittoresque conserve l&rsquo;essence d&rsquo;un village andalou typique, avec ses rues pav\u00e9es, ses charmantes places et sa vie locale anim\u00e9e. Fl\u00e2ner dans sa vieille ville est un voyage dans le temps, o\u00f9 les visiteurs peuvent d\u00e9guster d&rsquo;authentiques tapas et d\u00e9couvrir de petites boutiques familiales.<\/p>\n<\/div>\n\n\n<ul class=\"table-index list-unstyled p-4 p-lg-5 ms-0 bg-light\"><li class=\"text-uppercase fw-bold mb-3\">Table des mati\u00e8res<\/li><li><a href=\"#san+pedro+de+alcantara++entre+tradition+et+luxe\">\nSan Pedro de Alc\u00e1ntara : entre tradition et luxe\n<\/a><\/li>\n<li><a href=\"#zones+residentielles\">\nZones r\u00e9sidentielles\n<\/a><\/li>\n<li><a href=\"#urbanisations+exclusives\">\nUrbanisations exclusives\n<\/a><\/li><\/ul>\n\n\n\n<h2 class=\"wp-block-heading\">Zones r\u00e9sidentielles<\/h2>\n\n\n\n<p>Voir ci-dessous quelques quartiers r\u00e9sidentiels de San Pedro.<\/p>\n\n\n\t\t<div class=\"row row-cols-1 row-cols-lg-2 gx-5 gy-4 mt-4\">\n\t\t<article class=\"col card-guides\">\n\t<figure class=\"d-flex flex-column align-items-start position-relative\">\n\t\t<picture><source width=\"426\" height=\"567\" srcset=\"https:\/\/media.panoramamarbella.com\/imgV1\/B95mbh8olwFQm~uCT2wPZMb8hll4wghQQQq6YWg0~c~U_DrmgY8pGP8pqaDzA6mvjyI_OPtcrHD_aKxCvYKLjaJCWaax6zRLv3FgQomNd_XzQJgVYRfVkd9wWv_8WOWPrR0_TDkhqOLrEnyU6LflzdEqWDdDIojPMbtbkiikmFQ7pMuueQyKPOJyg7DR49zoSrwnDykGLLjW6w--.webp 426w\" type=\"image\/webp\"><img loading=\"lazy\" decoding=\"async\" class=\"position-absolute w-100 h-100 top-0 start-0 object-fit-cover\" width=\"426\" height=\"567\" src=\"https:\/\/media.panoramamarbella.com\/imgV1\/B95mbh8olwFQm~uCT2wPZMb8hll4wghQQQq6YWg0~c~U_DrmgY8pGP8pqaDzA6mvjyI_OPtcrHD_aKxCvYKLjaJCWaax6zRLv3FgQomNd_XzQJgVYRfVkd9wWv_8WOWPrR0_TDkhqOLrEnyU6LflzdEqWDdDIpZlTfaC6rfAGPpD5lZ13jrT.jpg\"><\/picture>\t\t<figcaption class=\"text-white fs-6 fw-semibold shadow py-2 px-4 bottom-0 top-100 mt-n4 ms-0 ms-sm-n2 z-2\">\n\t\t\t<a href=\"https:\/\/www.panoramamarbella.com\/fr\/zones\/san-pedro-de-alcantara\/guadalmina-baja\" title=\"Guadalmina Baja, Marbella\" class=\"stretched-link\">\n\t\t\t\tGuadalmina Baja, Marbella\t\t\t<\/a>\n\t\t<\/figcaption>\n\t<\/figure>\n<\/article>\n\t<\/div>\n\t\n\n\n<h2 class=\"wp-block-heading\">Urbanisations exclusives<\/h2>\n\n\n\t<figure class=\"wp-caption alignright wp-block-acf-wpimage\">\n\t<picture><source width=\"450\" height=\"452\" srcset=\"https:\/\/media.panoramamarbella.com\/imgV1\/B95mbh8olwFQm~uCT2wPZMb8hll4wghQQQq6YWg0~c~U_DrmgY8pGP8pqaDzA6mvjyI_OPtcrHD_aKxCvYKLjauvO6I6RE8OvdVK~FidkzDabH07rn6X1RoBgl3UvDdFAM_ljQyAwFFr4ov4VlS1lCiBsb6c9bN0aova~L1zdNhpWm1im7KIxW99IQONszUlPdhtOSPd.webp 450w\" type=\"image\/webp\"><img decoding=\"async\" class=\"img-fluid\" loading=\"lazy\" width=\"450\" height=\"452\" alt=\"Nouveau projet r\u00e9sidentiel \u00e0 San Pedro\" src=\"https:\/\/media.panoramamarbella.com\/imgV1\/B95mbh8olwFQm~uCT2wPZMb8hll4wghQQQq6YWg0~c~U_DrmgY8pGP8pqaDzA6mvjyI_OPtcrHD_aKxCvYKLjauvO6I6RE8OvdVK~FidkzDabH07rn6X1RoBgl3UvDdFAM_ljQyAwFFr4ov4VlS1lCiBr8v4pUeACgcWY3mw2SxImoA-.jpg\"><\/picture>\t\t\t<figcaption class=\"wp-caption-text\">\n\t\tNouveau projet r\u00e9sidentiel\t\t<\/figcaption>\n\t\t\t<\/figure>\n\t\n\n\n<p>\u00c0 quelques minutes seulement de l&rsquo;agitation traditionnelle, San Pedro abrite \u00e9galement des <a href=\"https:\/\/www.panoramamarbella.com\/fr\/developpements\/san-pedro-de-alcantara\">d\u00e9veloppements luxueux<\/a> qui attirent ceux qui recherchent des r\u00e9sidences exclusives dans un environnement paisible. Ces quartiers r\u00e9sidentiels proposent des propri\u00e9t\u00e9s haut de gamme, allant des villas modernes aux <a href=\"https:\/\/www.panoramamarbella.com\/fr\/developpements\/san-pedro-de-alcantara\/appartements-habitats\">appartements avec vue sur la mer dans San Pedro de Alc\u00e1ntara<\/a>. En outre, sa situation \u00e0 proximit\u00e9 de Marbella et de <a href=\"https:\/\/www.panoramamarbella.com\/fr\/zones\/puerto-banus\">Puerto Ban\u00fas<\/a> en fait un lieu id\u00e9al pour ceux qui souhaitent profiter de la tranquillit\u00e9 sans renoncer au luxe et \u00e0 la proximit\u00e9 des meilleures plages, des meilleurs restaurants et des meilleurs services de la Costa del Sol.<\/p>\n\n\n\n<p>San Pedro est, sans aucun doute, un joyau qui combine le meilleur de deux mondes : l&rsquo;authentique vie andalouse et le style de vie sophistiqu\u00e9 qui caract\u00e9rise Marbella.<\/p>\n\n\n<hr class=\"w-75 mt-3 mt-md-5 mb-3 mb-md-6 mx-auto border-2 border-secondary opacity-50\">\n\n\n\n\n\t\t<section class=\"container wp-block-acf-inmpropselection\">\n\t\t\t<h2>Propri\u00e9t\u00e9s en vente \u00e0 San Pedro de Alc\u00e1ntara<\/h2>\t\t\t<div class=\"row row-cols-1 row-cols-lg-3 gy-5 g-xxl-5\">\n\t\t\t\t\n<article class=\"col card-properties position-relative d-flex flex-column\">\n\t<div id=\"carouselCardProperties-1-0\" class=\"card-properties-images carousel slide carousel-fade lazy\" data-bs-ride=\"carousel\" data-bs-interval=\"200000\" data-id=\"684584\">\n\t\t<div class=\"carousel-inner\">\n\t\t\t<figure class=\"carousel-item mb-0 active ratio ratio-4x3\">\n\t\t\t\t<picture><source sizes=\"(max-width: 575px) calc(100vw - 24px), (max-width: 767px) 516px, (max-width: 991px) 696px, (max-width: 1199px) 296px, (max-width: 1399px) 356px, 400px\" width=\"696\" height=\"522\" srcset=\"https:\/\/media.panoramamarbella.com\/imgV1\/B95mbh8olwFQm~uCUaVOI2kQT0hb0a8sZ9turUNfnwtvuccYCzs0YVPfPbfkc2VnnN1JFDpkYaGfw1gJsS~5hOpxMc7cFfFHvqMv~s617T0OtAHYjFJSIaBiochEFtY0GIHzRfcUxWb8OzZI5fmklVyeLGp9jcmBEx8iZonusG_d4SygVMDgEW3P2lW9~AC1eUiV2XfVypzvUTc~7evd9RgTq6yxqgnojHRglgZNmg3tqATQlo8z0npcy99gzNKDPsLJEJB5Qac2u_eqJNjC3PQJ8PmiT5PdpUdTyoKZ2a1NAyj28Dv9ofNgsnkiDKPRM~CvIpnawNyK4b8LlL15CvNFx0D55v_rKto0Xu2p2LkWaWfeWCmqe_dT7cj4j~3sDUb6AK4yHHuGGVPGt2TCHq5U0AxjCW6EvcZ_89QiMfENj9A6Xoe9dij0gdB8VduFTYk8KQCPJEnNR~8Z~9zr.webp 696w,https:\/\/media.panoramamarbella.com\/imgV1\/B95mbh8olwFQm~uCUaVOI2kQT0hb0a8sZ9turUNfnwtvuccYCzs0YVPfPbfkc2VnnN1JFDpkYaGfw1gJsS~5hOpxMc7cFfFHvqMv~s617T0OtAHYjFJSIaBiochEFtY0GIHzRfcUxWb8OzZI5fmklVyeLGp9jcmBEx8iZonusiu4MYIoVGV9bdRpVoHfk1Dm2AhBUrnu0c7LT05WgcmgCtX4TL7Z_Md90ucAS~J24gM160ixLlmcKNtv6xYuni1RwFPNm4CTIx30j93LDzjgrhtpf4mrUAXhhP0CEtfuF6jzSjmQjTL4SO7QD1Red~0~1BlLGe~dPHm8mMjrIpQevkMOdSYiRR5f11XPdmtpfbAzhqfov45BySflwZOrowUW91qcrUJfM5lgt7vxo52ErqSIY~QZt0TVOaENO~bh0SMd4Uhoh9FYQ_izZFVBnIm8e59fQfoVCjjyWN_sveYT.webp 400w\" type=\"image\/webp\"><img decoding=\"async\" class=\"position-absolute w-100 h-100 object-fit-cover\" alt=\"Maison mitoyenne \u00e9l\u00e9gamment r\u00e9nov\u00e9e \u00e0 quelques pas de la plage et des commodit\u00e9s \u00e0 San Pedro\" loading=\"lazy\" width=\"696\" height=\"522\" src=\"https:\/\/media.panoramamarbella.com\/imgV1\/B95mbh8olwFQm~uCUaVOI2kQT0hb0a8sZ9turUNfnwtvuccYCzs0YVPfPbfkc2VnnN1JFDpkYaGfw1gJsS~5hOpxMc7cFfFHvqMv~s617T0OtAHYjFJSIaBiochEFtY0GIHzRfcUxWb8OzZI5fmklVyeLGp9jcmBEx8iZonusG_d4SygVMDgEW3P2lW94lE8QOOApAddL97nibE9g6FEwkRb_JVzdm_BfuEQf512ZzROWd4GFZY1hE7wC9BRgsERdtGBdwpKdBcji2MDat8miQ0aBnwayVkmE9x3_vXwLIJGD4WqL1lYIObOSQtcHRLXKx1R5R9MYfIM5Tyyht6j7nh3KiPWJK51r_0Yi~5uxBzHalXarkr8rV7jLIovHeJtnVy8b3TUVdELF_eL8HSzGtR9MLBCwdJcAMut5eGRonvIExTS_1s2jXT_Lx0-.jpg\"><\/picture>\t\t\t<\/figure>\n\t\t\t\t\t\t<span class=\"card-properties-ref position-absolute z-2 bottom-0 end-0 bg-white text-primary py-1 px-3 me-3\">\n\t\t\t\tPANR-16222\t\t\t<\/span>\n\t\t\t<button class=\"card-properties-portfolio d-flex align-items-center justify-content-center position-absolute z-3 end-0 text-white bg-primary me-3 border-0 px-0\" data-pfl-id=\"684584\" data-pfl-filter=\"sale\" aria-label=\"Add to portfolio\">\n\t\t\t\t<svg width=\"18\" fill=\"currentColor\" viewBox=\"0 0 512 512\">\n\t\t\t\t\t<use href=\"https:\/\/www.panoramamarbella.com\/wp-content\/themes\/panoramamarbella\/dist\/src\/images\/icons.svg#svgHeart\"><\/use>\n\t\t\t\t<\/svg>\n\t\t\t\t<svg width=\"18\" fill=\"currentColor\" viewBox=\"0 0 512 512\">\n\t\t\t\t\t<use href=\"https:\/\/www.panoramamarbella.com\/wp-content\/themes\/panoramamarbella\/dist\/src\/images\/icons.svg#svgHeartIn\"><\/use>\n\t\t\t\t<\/svg>\n\t\t\t<\/button>\n\t\t<\/div>\n\t\t\t\t<button\n\t\t\tclass=\"carousel-control-prev\"\n\t\t\ttype=\"button\"\n\t\t\tdata-bs-target=\"#carouselCardProperties-1-0\"\n\t\t\tdata-bs-slide=\"prev\">\n\t\t\t<span class=\"carousel-control-prev-icon\" aria-hidden=\"true\"><\/span>\n\t\t\t<span class=\"visually-hidden\">Pr\u00e9c\u00e9dent<\/span>\n\t\t<\/button>\n\t\t<button\n\t\t\tclass=\"carousel-control-next\"\n\t\t\ttype=\"button\"\n\t\t\tdata-bs-target=\"#carouselCardProperties-1-0\"\n\t\t\tdata-bs-slide=\"next\">\n\t\t\t<span class=\"carousel-control-next-icon\" aria-hidden=\"true\"><\/span>\n\t\t\t<span class=\"visually-hidden\">Suivant<\/span>\n\t\t<\/button>\n\t\t\t<\/div>\n\t<div class=\"d-flex flex-column h-100 px-3 py-4 shadow\">\n\t\t\t\t<h3 class=\"card-properties-title mb-3\">\n\t\t\t<a class=\"stretched-link\" href=\"\/fr\/proprietes\/san-pedro-de-alcantara\/las-petunias\/maisons-de-ville\/PANR-16222\">\n\t\t\t\tMaison mitoyenne \u00e9l\u00e9gamment r\u00e9nov\u00e9e \u00e0 quelques pas de la plage et des commodit\u00e9s \u00e0 San Pedro\t\t\t<\/a>\n\t\t<\/h3>\n\t\t<p class=\"mb-3 text-black-dark\">Las Petunias, San Pedro de Alcantara<\/p>\n\t\t\t\t\t\t<p class=\"card-properties-description mb-3\">\n\t\t\tSitu\u00e9e au sein d&#039;une communaut\u00e9 s\u00e9curis\u00e9e et ferm\u00e9e dans le secteur tr\u00e8s pris\u00e9 de San Pedro Beach, Marbella, cette r\u00e9sidence mitoyenne magnifiquement r\u00e9nov\u00e9e offre un \u00e9quilibre exceptionnel entre confort, design et emplacement. \u00c0 seulement quelques&#8230;\t\t<\/p>\n\t\t\t\t<span class=\"card-properties-price mt-auto\">\n\t\t\t\n\t\t\t<span class=\"card-properties-price mt-auto\" data-original-price=\"1595000\">1\u202f595\u202f000\u00a0\u20ac<\/span>\n\t\t\t\t<\/span>\n\t\t\t\t<ul class=\"card-properties-features list-unstyled d-flex flex-wrap align-items-center gap-3 pt-3 border-top mt-3 mb-0\">\n\t\t\t<li class=\"d-flex align-items-center\">4 Chambres<\/li><li class=\"d-flex align-items-center\">3 Bains<\/li>\t\t\t\t<li class=\"d-flex align-items-center\">\n\t\t\t\t\t <span class=\"me-1\" data-original-value=\"211\" data-original-unit=\"m&#038;sup2\">211 m&sup2;<\/span>Total\t\t\t\t<\/li>\n\t\t\t\t\t\t\t<li class=\"d-flex align-items-center\">\n\t\t\t\t\t <span class=\"me-1\" data-original-value=\"170\" data-original-unit=\"m&#038;sup2\">170 m&sup2;<\/span>Terrain\t\t\t\t<\/li>\n\t\t\t\t\t\t\t\t<li class=\"d-flex align-items-center\">\n\t\t\t\t\t <span class=\"me-1\" data-original-value=\"163\" data-original-unit=\"m&#038;sup2\">163 m&sup2;<\/span>Construit\t\t\t\t<\/li>\n\t\t\t\t\t\t\t<li class=\"d-flex align-items-center\">\n\t\t\t\t\t <span class=\"me-1\" data-original-value=\"48\" data-original-unit=\"m&#038;sup2\">48 m&sup2;<\/span>Terrasses\t\t\t\t<\/li>\n\t\t\t\t\t<\/ul>\n\t\t\t<\/div>\n<\/article>\n\n\n<article class=\"col card-properties position-relative d-flex flex-column\">\n\t<div id=\"carouselCardProperties-1-1\" class=\"card-properties-images carousel slide carousel-fade lazy\" data-bs-ride=\"carousel\" data-bs-interval=\"200000\" data-id=\"683670\">\n\t\t<div class=\"carousel-inner\">\n\t\t\t<figure class=\"carousel-item mb-0 active ratio ratio-4x3\">\n\t\t\t\t<picture><source sizes=\"(max-width: 575px) calc(100vw - 24px), (max-width: 767px) 516px, (max-width: 991px) 696px, (max-width: 1199px) 296px, (max-width: 1399px) 356px, 400px\" width=\"696\" height=\"522\" srcset=\"https:\/\/media.panoramamarbella.com\/imgV1\/B95mbh8olwFQm~uCUaVOI2kQT0hb0a8sZ9turUNfnwtvuccYCzs0YVPfPbfkc2VnnN1JFDpkYaGfw1gJsS~5hOpz2dWx4F~_FC8daH8r4SHhKZQFvWSi5EDbn9DtZ~qZFaevhIwc_nMZkO6N_extBtX~M~lX5AP57yw6Say00ispSnOk18Balp7DI2MoygLoJF02gLLeQyaBPft5tD1kvgBt1wYt3syhB7IOhEUP89P3BEfBgLy3xwJrRlP8ZTXvZKDCwl~unJ87lCkNPV01I2fKOSfmUI9HUDQO2tjDM1YlacvEXCjqa7t5Qut_eLzRC3xp45cNHKfyB0dogA5hONcfwMZ61kKAAyfsoseqOTDZPEFXGiwvZIrH3GVnQHxA0eFj1o06sfwRkyEXy1JYJpV6t3llS_Rzm43M0wLnoPcQVxSv4koHNHiFb2Qetcr99Ic~9snZQBlGUVrkA0eh.webp 696w,https:\/\/media.panoramamarbella.com\/imgV1\/B95mbh8olwFQm~uCUaVOI2kQT0hb0a8sZ9turUNfnwtvuccYCzs0YVPfPbfkc2VnnN1JFDpkYaGfw1gJsS~5hOpz2dWx4F~_FC8daH8r4SHhKZQFvWSi5EDbn9DtZ~qZFaevhIwc_nMZkO6N_extBtX~M~lX5AP57yw6Say00PUjvvanY05IOzAUfPIYd_8EH8pnsot2tkxA5BeS_EOKVq6qMrsurxtjIJeai2vVMZL6jUbZOD3_YBKKYyjVDL~qXuos6rHViHKRgxGodnxSy~9qIuyTSJ0~HDrZX8i3A7gZEOR3hFYZeMBPMwjsufOaZBxNqZZ7QiXWsQ0sjUgxGhAMEwlyL3FL6Z7HNhuAUtnpHs4lDJHRTH3M_f~M~gnbHykhsPxghOvfp9TsP0dQ~C_WYrSXGSPIwWJZb8QZQ~69cEAgaMTnF_oo2N03gFCscfnX3ahXzUdvkooMUlBT.webp 400w\" type=\"image\/webp\"><img decoding=\"async\" class=\"position-absolute w-100 h-100 object-fit-cover\" alt=\"Villas neuves et ind\u00e9pendantes avec piscines priv\u00e9es \u00e0 proximit\u00e9 de la plage de San Pedro Alc\u00e1ntara\" loading=\"lazy\" width=\"696\" height=\"522\" src=\"https:\/\/media.panoramamarbella.com\/imgV1\/B95mbh8olwFQm~uCUaVOI2kQT0hb0a8sZ9turUNfnwtvuccYCzs0YVPfPbfkc2VnnN1JFDpkYaGfw1gJsS~5hOpz2dWx4F~_FC8daH8r4SHhKZQFvWSi5EDbn9DtZ~qZFaevhIwc_nMZkO6N_extBtX~M~lX5AP57yw6Say00ispSnOk18Balp7DI2Mo1OCD9UF~WXLyhku1R_kK_czPAUvNL1muoMfeF1gD61oDRifPtWvAYO6f2GmXcQSSM5eQZWDP7BH~09O9BKeDb_jQVCNtlDmtysXrYE3kXrPcZNZM2F6ZPyEfxEfTY6netuhunJvJu_Iyj2AucnqhwMevt1cz3MX79tpVTp1N86mtDMJF~U6i4V8Z1ybM3R32f40sVRL6JWTBdS3BDWvpSiKMXEt0xmH3Hl9sKE3TxzwZXdiMeYOEtiMMpkigx8s-.jpg\"><\/picture>\t\t\t<\/figure>\n\t\t\t\t\t\t<span class=\"card-properties-ref position-absolute z-2 bottom-0 end-0 bg-white text-primary py-1 px-3 me-3\">\n\t\t\t\tPANR-16206\t\t\t<\/span>\n\t\t\t<button class=\"card-properties-portfolio d-flex align-items-center justify-content-center position-absolute z-3 end-0 text-white bg-primary me-3 border-0 px-0\" data-pfl-id=\"683670\" data-pfl-filter=\"sale\" aria-label=\"Add to portfolio\">\n\t\t\t\t<svg width=\"18\" fill=\"currentColor\" viewBox=\"0 0 512 512\">\n\t\t\t\t\t<use href=\"https:\/\/www.panoramamarbella.com\/wp-content\/themes\/panoramamarbella\/dist\/src\/images\/icons.svg#svgHeart\"><\/use>\n\t\t\t\t<\/svg>\n\t\t\t\t<svg width=\"18\" fill=\"currentColor\" viewBox=\"0 0 512 512\">\n\t\t\t\t\t<use href=\"https:\/\/www.panoramamarbella.com\/wp-content\/themes\/panoramamarbella\/dist\/src\/images\/icons.svg#svgHeartIn\"><\/use>\n\t\t\t\t<\/svg>\n\t\t\t<\/button>\n\t\t<\/div>\n\t\t\t\t<button\n\t\t\tclass=\"carousel-control-prev\"\n\t\t\ttype=\"button\"\n\t\t\tdata-bs-target=\"#carouselCardProperties-1-1\"\n\t\t\tdata-bs-slide=\"prev\">\n\t\t\t<span class=\"carousel-control-prev-icon\" aria-hidden=\"true\"><\/span>\n\t\t\t<span class=\"visually-hidden\">Pr\u00e9c\u00e9dent<\/span>\n\t\t<\/button>\n\t\t<button\n\t\t\tclass=\"carousel-control-next\"\n\t\t\ttype=\"button\"\n\t\t\tdata-bs-target=\"#carouselCardProperties-1-1\"\n\t\t\tdata-bs-slide=\"next\">\n\t\t\t<span class=\"carousel-control-next-icon\" aria-hidden=\"true\"><\/span>\n\t\t\t<span class=\"visually-hidden\">Suivant<\/span>\n\t\t<\/button>\n\t\t\t<\/div>\n\t<div class=\"d-flex flex-column h-100 px-3 py-4 shadow\">\n\t\t\t\t<h3 class=\"card-properties-title mb-3\">\n\t\t\t<a class=\"stretched-link\" href=\"\/fr\/proprietes\/san-pedro-de-alcantara\/villas-maisons-isolee\/PANR-16206\">\n\t\t\t\tVillas neuves et ind\u00e9pendantes avec piscines priv\u00e9es \u00e0 proximit\u00e9 de la plage de San Pedro Alc\u00e1ntara\t\t\t<\/a>\n\t\t<\/h3>\n\t\t<p class=\"mb-3 text-black-dark\">San Pedro de Alcantara<\/p>\n\t\t\t\t\t\t<p class=\"card-properties-description mb-3\">\n\t\t\tUn nouveau projet exclusif compos\u00e9 de seulement 32 r\u00e9sidences d\u2019exception, cette r\u00e9alisation boutique b\u00e9n\u00e9ficie d\u2019un emplacement id\u00e9al \u00e0 quelques pas seulement du littoral m\u00e9diterran\u00e9en \u00e9tincelant. Situ\u00e9 le long du dynamique Boulevard de San Pedro de&#8230;\t\t<\/p>\n\t\t\t\t<span class=\"card-properties-price mt-auto\">\n\t\t\t\n\t\t\t<span class=\"card-properties-price mt-auto\" data-original-price=\"2167000\">2\u202f167\u202f000\u00a0\u20ac<\/span>\n\t\t\t\t<\/span>\n\t\t\t\t<ul class=\"card-properties-features list-unstyled d-flex flex-wrap align-items-center gap-3 pt-3 border-top mt-3 mb-0\">\n\t\t\t<li class=\"d-flex align-items-center\">6 Chambres<\/li><li class=\"d-flex align-items-center\">5 Bains<\/li>\t\t\t\t<li class=\"d-flex align-items-center\">\n\t\t\t\t\t <span class=\"me-1\" data-original-value=\"749\" data-original-unit=\"m&#038;sup2\">749 m&sup2;<\/span>Total\t\t\t\t<\/li>\n\t\t\t\t\t\t\t<li class=\"d-flex align-items-center\">\n\t\t\t\t\t <span class=\"me-1\" data-original-value=\"306\" data-original-unit=\"m&#038;sup2\">306 m&sup2;<\/span>Terrain\t\t\t\t<\/li>\n\t\t\t\t\t\t\t\t<li class=\"d-flex align-items-center\">\n\t\t\t\t\t <span class=\"me-1\" data-original-value=\"450\" data-original-unit=\"m&#038;sup2\">450 m&sup2;<\/span>Construit\t\t\t\t<\/li>\n\t\t\t\t\t\t\t<li class=\"d-flex align-items-center\">\n\t\t\t\t\t <span class=\"me-1\" data-original-value=\"298\" data-original-unit=\"m&#038;sup2\">298 m&sup2;<\/span>Terrasses\t\t\t\t<\/li>\n\t\t\t\t\t<\/ul>\n\t\t\t<\/div>\n<\/article>\n\n\n<article class=\"col card-properties position-relative d-flex flex-column\">\n\t<div id=\"carouselCardProperties-1-2\" class=\"card-properties-images carousel slide carousel-fade lazy\" data-bs-ride=\"carousel\" data-bs-interval=\"200000\" data-id=\"665486\">\n\t\t<div class=\"carousel-inner\">\n\t\t\t<figure class=\"carousel-item mb-0 active ratio ratio-4x3\">\n\t\t\t\t<picture><source sizes=\"(max-width: 575px) calc(100vw - 24px), (max-width: 767px) 516px, (max-width: 991px) 696px, (max-width: 1199px) 296px, (max-width: 1399px) 356px, 400px\" width=\"696\" height=\"522\" srcset=\"https:\/\/media.panoramamarbella.com\/imgV1\/B95mbh8olwFQm~uCUaVOI2kQT0hb0a8sZ9turUNfnwtvuccYCzs0YVPfPbfkc2VnnN1JFDpkYaGfw1gJsS~5hOh_dKWItYKieotsowurC_vjH2MptSjWJTdtqG1H4Zk2hjzeU1uJyeZ1RNZv45e5Fk5WzC6reqxkDZRg9hsgvfbMY2gGGjNFNP2r5f2ObbEEF4dSM_6VGofdFVA2I0XuuteiMwzMRwTPCLrp1NBsNHWZ94ZPsKPXo6PsuIGP8OtTa~l8zITg3anzZZ2UDMcFDqj25wB2dOkR0of1GabQDs6BG~dGEWNgN5inlGdTyOM~5IB8B_dI1D1LCmv3s0OxVdveCHxkyyTAWGuCEN0kxu3Q6qjrAueWxRe_dc0~aRBaoW2DZ_QWhyg~XeJn0BF1I1M7ypJxQV5njNT2N~RwKV7TOhs7QklnKiWwsH8s6PdZxL12wuVNGfzLMrfWbUyb.webp 696w,https:\/\/media.panoramamarbella.com\/imgV1\/B95mbh8olwFQm~uCUaVOI2kQT0hb0a8sZ9turUNfnwtvuccYCzs0YVPfPbfkc2VnnN1JFDpkYaGfw1gJsS~5hOh_dKWItYKieotsowurC_vjH2MptSjWJTdtqG1H4Zk2hjzeU1uJyeZ1RNZv45e5Fk5WzC6reqxkDZRg9hsgv1NqCaNFENV0_SKdPtXccoF1rt~DQJ6AKsdlH2IL~DwccOTfW2D3PHGrpB6NA3UdvRZusCRyEfwnjcZn7pw5BayEABuQ9E8vVpllsofxeVbqJROqcBNSIw7r3CdAD7RXrRmRduFoH4182K9myprlumbJLKxPIGanf17CThC2dehfRps9V9ssIx8_uDpdd2Y16I3A0XxMqjqZWYEX43XWsPfGDfizWIVDxlSRx5~xWizP1sJkRGK2yg75P662ZOrtiPwTrK8xsxillh_5rkv5YzsRwdT0iY9We5CejsD_KSdE.webp 400w\" type=\"image\/webp\"><img decoding=\"async\" class=\"position-absolute w-100 h-100 object-fit-cover\" alt=\"Nouveau projet de villas en bord de mer \u00e0 Cortijo Blanco au sein d\u2019une communaut\u00e9 s\u00e9curis\u00e9e\" loading=\"lazy\" width=\"696\" height=\"522\" src=\"https:\/\/media.panoramamarbella.com\/imgV1\/B95mbh8olwFQm~uCUaVOI2kQT0hb0a8sZ9turUNfnwtvuccYCzs0YVPfPbfkc2VnnN1JFDpkYaGfw1gJsS~5hOh_dKWItYKieotsowurC_vjH2MptSjWJTdtqG1H4Zk2hjzeU1uJyeZ1RNZv45e5Fk5WzC6reqxkDZRg9hsgvfbMY2gGGjNFNP2r5f2Oc8Rss9F1SbdZ5oGWafXzkzA~VmZoouwTcxxTeLK2fgf4wXp4cJXIv2PSP~gwGayKmXi4V3Ni1M0ZDfWVnJeqw3jNM40UejoElbA61lq407MOaHGL7~VOAU5mUZCWuSnt_XPZpjD0UbcVDwh0agjQGL66m86Sp2_ej_2RmYlP_uKR1Az~QMAdqzvNasVB4LRhl64PIq3bcSVTfDfeZFxWveYRqgxDaUtObHV_TeJ2xIbcXoRlUmrSASzRADnf_oY-.jpg\"><\/picture>\t\t\t<\/figure>\n\t\t\t\t\t\t<span class=\"card-properties-ref position-absolute z-2 bottom-0 end-0 bg-white text-primary py-1 px-3 me-3\">\n\t\t\t\tPANR-16063\t\t\t<\/span>\n\t\t\t<button class=\"card-properties-portfolio d-flex align-items-center justify-content-center position-absolute z-3 end-0 text-white bg-primary me-3 border-0 px-0\" data-pfl-id=\"665486\" data-pfl-filter=\"sale\" aria-label=\"Add to portfolio\">\n\t\t\t\t<svg width=\"18\" fill=\"currentColor\" viewBox=\"0 0 512 512\">\n\t\t\t\t\t<use href=\"https:\/\/www.panoramamarbella.com\/wp-content\/themes\/panoramamarbella\/dist\/src\/images\/icons.svg#svgHeart\"><\/use>\n\t\t\t\t<\/svg>\n\t\t\t\t<svg width=\"18\" fill=\"currentColor\" viewBox=\"0 0 512 512\">\n\t\t\t\t\t<use href=\"https:\/\/www.panoramamarbella.com\/wp-content\/themes\/panoramamarbella\/dist\/src\/images\/icons.svg#svgHeartIn\"><\/use>\n\t\t\t\t<\/svg>\n\t\t\t<\/button>\n\t\t<\/div>\n\t\t\t\t<button\n\t\t\tclass=\"carousel-control-prev\"\n\t\t\ttype=\"button\"\n\t\t\tdata-bs-target=\"#carouselCardProperties-1-2\"\n\t\t\tdata-bs-slide=\"prev\">\n\t\t\t<span class=\"carousel-control-prev-icon\" aria-hidden=\"true\"><\/span>\n\t\t\t<span class=\"visually-hidden\">Pr\u00e9c\u00e9dent<\/span>\n\t\t<\/button>\n\t\t<button\n\t\t\tclass=\"carousel-control-next\"\n\t\t\ttype=\"button\"\n\t\t\tdata-bs-target=\"#carouselCardProperties-1-2\"\n\t\t\tdata-bs-slide=\"next\">\n\t\t\t<span class=\"carousel-control-next-icon\" aria-hidden=\"true\"><\/span>\n\t\t\t<span class=\"visually-hidden\">Suivant<\/span>\n\t\t<\/button>\n\t\t\t<\/div>\n\t<div class=\"d-flex flex-column h-100 px-3 py-4 shadow\">\n\t\t\t\t<h3 class=\"card-properties-title mb-3\">\n\t\t\t<a class=\"stretched-link\" href=\"\/fr\/proprietes\/san-pedro-de-alcantara\/cortijo-blanco\/villas-maisons-isolee\/PANR-16063\">\n\t\t\t\tNouveau projet de villas en bord de mer \u00e0 Cortijo Blanco au sein d\u2019une communaut\u00e9 s\u00e9curis\u00e9e\t\t\t<\/a>\n\t\t<\/h3>\n\t\t<p class=\"mb-3 text-black-dark\">Cortijo Blanco, San Pedro de Alcantara<\/p>\n\t\t\t\t\t\t<p class=\"card-properties-description mb-3\">\n\t\t\t\u00c0 quelques pas seulement de la plage et de la marina anim\u00e9e de Puerto Ban\u00fas, cette collection exceptionnelle de sept villas de luxe \u00e9tablit une nouvelle r\u00e9f\u00e9rence en mati\u00e8re de vie c\u00f4ti\u00e8re contemporaine. Situ\u00e9 dans&#8230;\t\t<\/p>\n\t\t\t\t<span class=\"card-properties-price mt-auto\">\n\t\t\t\n\t\t\t<span class=\"card-properties-price mt-auto\" data-original-price=\"3990000\">3\u202f990\u202f000\u00a0\u20ac<\/span>\n\t\t\t\t<\/span>\n\t\t\t\t<ul class=\"card-properties-features list-unstyled d-flex flex-wrap align-items-center gap-3 pt-3 border-top mt-3 mb-0\">\n\t\t\t<li class=\"d-flex align-items-center\">4 Chambres<\/li><li class=\"d-flex align-items-center\">5 Bains<\/li>\t\t\t\t<li class=\"d-flex align-items-center\">\n\t\t\t\t\t <span class=\"me-1\" data-original-value=\"780\" data-original-unit=\"m&#038;sup2\">780 m&sup2;<\/span>Total\t\t\t\t<\/li>\n\t\t\t\t\t\t\t<li class=\"d-flex align-items-center\">\n\t\t\t\t\t <span class=\"me-1\" data-original-value=\"812\" data-original-unit=\"m&#038;sup2\">812 m&sup2;<\/span>Terrain\t\t\t\t<\/li>\n\t\t\t\t\t\t\t\t<li class=\"d-flex align-items-center\">\n\t\t\t\t\t <span class=\"me-1\" data-original-value=\"602\" data-original-unit=\"m&#038;sup2\">602 m&sup2;<\/span>Construit\t\t\t\t<\/li>\n\t\t\t\t\t\t\t<li class=\"d-flex align-items-center\">\n\t\t\t\t\t <span class=\"me-1\" data-original-value=\"178\" data-original-unit=\"m&#038;sup2\">178 m&sup2;<\/span>Terrasses\t\t\t\t<\/li>\n\t\t\t\t\t<\/ul>\n\t\t\t<\/div>\n<\/article>\n\t\t\t<\/div>\n\t\t\t<ul class=\"mw-100 d-flex flex-column flex-lg-row flex-lg-wrap justify-content-center gap-3 list-unstyled mt-5 mb-0\">\n    <li><a class=\"btn btn-primary w-100 px-4 py-2\" href=\"https:\/\/www.panoramamarbella.com\/fr\/proprietes\/san-pedro-de-alcantara\">Propri\u00e9t\u00e9s \u00e0 San Pedro de Alc\u00e1ntara<\/a><\/li><\/ul>\n\t\t<\/section>\n\t\t\n","protected":false},"excerpt":{"rendered":"<p>San Pedro de Alc\u00e1ntara allie authenticit\u00e9 andalouse et urbanisations de luxe dans un cadre privil\u00e9gi\u00e9 pr\u00e8s de Marbella.<\/p>\n","protected":false},"author":8,"featured_media":7217,"parent":0,"menu_order":4,"template":"","meta":{"_acf_changed":true},"tags":[56],"class_list":["post-1468","areas","type-areas","status-publish","has-post-thumbnail","hentry","tag-san-pedro-de-alcantara-mainguide-4"],"acf":[],"_links":{"self":[{"href":"https:\/\/www.panoramamarbella.com\/fr\/wp-json\/wp\/v2\/areas\/1468","targetHints":{"allow":["GET"]}}],"collection":[{"href":"https:\/\/www.panoramamarbella.com\/fr\/wp-json\/wp\/v2\/areas"}],"about":[{"href":"https:\/\/www.panoramamarbella.com\/fr\/wp-json\/wp\/v2\/types\/areas"}],"author":[{"embeddable":true,"href":"https:\/\/www.panoramamarbella.com\/fr\/wp-json\/wp\/v2\/users\/8"}],"wp:featuredmedia":[{"embeddable":true,"href":"https:\/\/www.panoramamarbella.com\/fr\/wp-json\/wp\/v2\/media\/7217"}],"wp:attachment":[{"href":"https:\/\/www.panoramamarbella.com\/fr\/wp-json\/wp\/v2\/media?parent=1468"}],"wp:term":[{"taxonomy":"post_tag","embeddable":true,"href":"https:\/\/www.panoramamarbella.com\/fr\/wp-json\/wp\/v2\/tags?post=1468"}],"curies":[{"name":"wp","href":"https:\/\/api.w.org\/{rel}","templated":true}]}}