{"id":1496,"date":"2024-05-10T13:11:30","date_gmt":"2024-05-10T11:11:30","guid":{"rendered":"https:\/\/www.panoramamarbella.com\/?post_type=areas&#038;p=1496"},"modified":"2025-10-02T11:35:55","modified_gmt":"2025-10-02T09:35:55","slug":"le-mille-dor-de-marbella","status":"publish","type":"areas","link":"https:\/\/www.panoramamarbella.com\/fr\/zones\/le-mille-dor-de-marbella","title":{"rendered":"D\u00e9couvrez le Mille d&rsquo;Or de Marbella: Vie de Luxe &amp; Immobilier"},"content":{"rendered":"\n\n<h2 class=\"wp-block-heading\">L&rsquo;origine du \u00ab\u00a0le Mille d&rsquo;Or de Marbella\u00a0\u00bb<\/h2>\n\n\n<div class=\"lead\"><p>Le terme \u00ab\u00a0le Mille d&rsquo;Or de Marbella\u00a0\u00bb a \u00e9t\u00e9 invent\u00e9 au d\u00e9but des ann\u00e9es 1980 par Roy Boston, le chanteur allemand devenu promoteur immobilier \u00e0 succ\u00e8s, qui est d\u00e9c\u00e9d\u00e9 pr\u00e9matur\u00e9ment \u00e0 la fin des ann\u00e9es 1980, et pour lequel une route a \u00e9t\u00e9 nomm\u00e9e pr\u00e8s de son projet prim\u00e9 Alhambra del Mar, en bordure de la ville de Marbella.<\/p>\n<\/div>\n\n\n<ul class=\"table-index list-unstyled p-4 p-lg-5 ms-0 bg-light\"><li class=\"text-uppercase fw-bold mb-3\">Table des mati\u00e8res<\/li><li><a href=\"#lorigine+du+le+mille+dor+de+marbella\">\nL'origine du \"le Mille d'Or de Marbella\"\n<\/a><\/li>\n<li><a href=\"#faits+et+situation+du+mille+dor+de+marbella\">\nFaits et situation du Mille d'Or de Marbella\n<\/a><\/li>\n<li><a href=\"#zones+connues+du+golden+mile\">\nZones connues du Golden Mile\n<\/a><\/li>\n<li><a href=\"#panorama+properties++votre+porte+dentree+au+mille+dor+de+marbella\">\nPanorama Properties : Votre porte d'entr\u00e9e au Mille d'Or de Marbella\n<\/a><\/li><\/ul>\n\n\n\n<h2 class=\"wp-block-heading\">Faits et situation du Mille d&rsquo;Or de Marbella<\/h2>\n\n\n\n<p><strong>Le Mille d&rsquo;Or de Marbella<\/strong>&nbsp;commence \u00e0 l&rsquo;extr\u00e9mit\u00e9 ouest de la ville de Marbella et s&rsquo;\u00e9tend sur environ 5 kilom\u00e8tres jusqu&rsquo;au R\u00edo Verde, qui se trouve juste avant Puerto Ban\u00fas et Nueva Andaluc\u00eda, et s&rsquo;\u00e9tend jusqu&rsquo;\u00e0 la montagne La Concha, qui donne \u00e0 Marbella son microclimat particulier.<\/p>\n\n\n\n<h3 class=\"wp-block-heading\">\u00c9tablissements Iconiques le Long du Mille d&rsquo;Or<\/h3>\n\n\n\n<p>Elle a re\u00e7u son nom en raison des nombreux beaux domaines et \u00e9tablissements de cette zone, dont l&rsquo;h\u00f4tel Marbella Club et les nombreuses maisons de ma\u00eetre en bord de mer qui lui sont adjacentes, o\u00f9 les origines du tourisme de qualit\u00e9 \u00e0 Marbella ont commenc\u00e9 en 1954 ; l&rsquo;h\u00f4tel Puente Romano ; et de beaux domaines (urbanisations) tels que <a href=\"\/fr\/proprietes\/marbella\/marbella-golden-mile\/cascada-de-camojan\">Camojan<\/a>, <a href=\"\/fr\/proprietes\/marbella\/marbella-golden-mile\/sierra-blanca\">Marbella Sierra Blanca<\/a>, <a href=\"\/fr\/proprietes\/marbella\/marbella-golden-mile\/las-lomas-del-marbella-club\">Las Lomas del Marbella Club<\/a>, le d\u00e9veloppement de la famille Bismarck connu sous le nom de Marbella Hill Club, et <a href=\"\/fr\/proprietes\/marbella\/marbella-golden-mile\/rocio-de-nagueles\">Roc\u00edo de Nag\u00fcelles<\/a>.<\/p>\n\n\n\n<h3 class=\"wp-block-heading\">Domaines et Personnalit\u00e9s C\u00e9l\u00e8bres<\/h3>\n\n\n\n<p>Parmi les propri\u00e9t\u00e9s individuelles, on trouve de nombreuses demeures parmi les plus magnifiques de Marbella, dont les palais du roi Fahad et de son fr\u00e8re le prince Salman bin Abdel Aziz, ainsi que ceux de nombreuses autres personnalit\u00e9s..<\/p>\n\n\n\t<figure class=\"wp-caption aligncenter wp-block-acf-wpimage\">\n\t<picture><source width=\"700\" height=\"400\" srcset=\"https:\/\/media.panoramamarbella.com\/imgV1\/B95mbh8olwFQm~uCT2wPZMb8hll4wghQQQq6YWg0~c~U_DrmgY8pGP8pqaDzA6mvjyI_OPtcrHD_aKxCvYKLjbWY_x1XFrKLXwMw4yaG~ylxQX7sSV5v52GoOCQbCJRMlyKOZyxwYC_bwcLBC3LJkzKYYJJe6W53ZqrtRpUt9V0MzJsRqfmIb3MAMskYJ~iwQvZrLqvoFiKQ143ku6oKzFWMrpjbiL9AHg--.webp 700w\" type=\"image\/webp\"><img decoding=\"async\" class=\"img-fluid\" loading=\"lazy\" width=\"700\" height=\"400\" alt=\"Propri\u00e9t\u00e9s de Panorama dans le Mille d&#039;Or de Marbella\" src=\"https:\/\/media.panoramamarbella.com\/imgV1\/B95mbh8olwFQm~uCT2wPZMb8hll4wghQQQq6YWg0~c~U_DrmgY8pGP8pqaDzA6mvjyI_OPtcrHD_aKxCvYKLjbWY_x1XFrKLXwMw4yaG~ylxQX7sSV5v52GoOCQbCJRMlyKOZyxwYC_bwcLBC3LJkzKYYJJe6W53ZqrtRpUt9V0MzJsRqed4bgWfu_xDwud2fqGU~NOV.jpg\"><\/picture>\t\t\t<figcaption class=\"wp-caption-text\">\n\t\tPropri\u00e9t\u00e9s de Panorama dans le Mille d&rsquo;Or de Marbella\t\t<\/figcaption>\n\t\t\t<\/figure>\n\t\n\n\n<h2 class=\"wp-block-heading\">Zones connues du Golden Mile<\/h2>\n\n\n\t\t<div class=\"row row-cols-1 row-cols-lg-2 gx-5 gy-4 mt-4\">\n\t\t<article class=\"col card-guides\">\n\t<figure class=\"d-flex flex-column align-items-start position-relative\">\n\t\t<picture><source width=\"426\" height=\"567\" srcset=\"https:\/\/media.panoramamarbella.com\/imgV1\/B95mbh8olwFQm~uCT2wPZMb8hll4wghQQQq6YWg0~c~U_DrmgY8pGP8pqaDzA6mvjyI_OPtcrHD_aKxCvYKGVuCGliGL1fj0pNSP34Ef8zG9ZLp6QW11EGNqxh3JBCOmifKxE6F3VPsQ2aPLashnPyzDNnuNSdqfIX431Reu4uy2HBHUwnkS92vcwBL_KMxfjUzGM2hFujU-.webp 426w\" type=\"image\/webp\"><img loading=\"lazy\" decoding=\"async\" class=\"position-absolute w-100 h-100 top-0 start-0 object-fit-cover\" width=\"426\" height=\"567\" src=\"https:\/\/media.panoramamarbella.com\/imgV1\/B95mbh8olwFQm~uCT2wPZMb8hll4wghQQQq6YWg0~c~U_DrmgY8pGP8pqaDzA6mvjyI_OPtcrHD_aKxCvYKGVuCGliGL1fj0pNSP34Ef8zG9ZLp6QW11EGNqxh3JBCOmifKxE6F3VPsQ2aPLashnPyzDNnuTZqnEVhdIoxS3tSI3s5PJSg--.jpg\"><\/picture>\t\t<figcaption class=\"text-white fs-6 fw-semibold shadow py-2 px-4 bottom-0 top-100 mt-n4 ms-0 ms-sm-n2 z-2\">\n\t\t\t<a href=\"https:\/\/www.panoramamarbella.com\/fr\/zones\/le-mille-dor-de-marbella\/puente-romano\" title=\"Puente Romano : un joyau sur le Golden Mile de Marbella\" class=\"stretched-link\">\n\t\t\t\tPuente Romano : un joyau sur le Golden Mile de Marbella\t\t\t<\/a>\n\t\t<\/figcaption>\n\t<\/figure>\n<\/article>\n<article class=\"col card-guides\">\n\t<figure class=\"d-flex flex-column align-items-start position-relative\">\n\t\t<picture><source width=\"426\" height=\"567\" srcset=\"https:\/\/media.panoramamarbella.com\/imgV1\/B95mbh8olwFQm~uCT2wPZMb8hll4wghQQQq6YWg0~c~U_DrmgY8pGP8pqaDzA6mvjyI_OPtcrHD_aKxAUQWwUfAixQ~Sd_d5FVd~IpR_YYwvvtNScTNYccqsBqke9ntL3I1YbxMC1FiPQlR5dqT3~njqXJ15jHyLuFVVSR7ZrNQN73KfeOVvGjnOxNaJk3dvdXllCkBvuHXgMaZR6NiGHRv4.webp 426w\" type=\"image\/webp\"><img loading=\"lazy\" decoding=\"async\" class=\"position-absolute w-100 h-100 top-0 start-0 object-fit-cover\" width=\"426\" height=\"567\" src=\"https:\/\/media.panoramamarbella.com\/imgV1\/B95mbh8olwFQm~uCT2wPZMb8hll4wghQQQq6YWg0~c~U_DrmgY8pGP8pqaDzA6mvjyI_OPtcrHD_aKxAUQWwUfAixQ~Sd_d5FVd~IpR_YYwvvtNScTNYccqsBqke9ntL3I1YbxMC1FiPQlR5dqT3~njqXJ15jHyLuFVVSR7Zsp1NuvmbN8avsCPutuEofQg-.jpg\"><\/picture>\t\t<figcaption class=\"text-white fs-6 fw-semibold shadow py-2 px-4 bottom-0 top-100 mt-n4 ms-0 ms-sm-n2 z-2\">\n\t\t\t<a href=\"https:\/\/www.panoramamarbella.com\/fr\/zones\/le-mille-dor-de-marbella\/las-lomas-del-marbella-club\" title=\"Las Lomas del Marbella Club\" class=\"stretched-link\">\n\t\t\t\tLas Lomas del Marbella Club\t\t\t<\/a>\n\t\t<\/figcaption>\n\t<\/figure>\n<\/article>\n\t<\/div>\n\t\n\n\n<h2 class=\"wp-block-heading\">Panorama Properties : Votre porte d&rsquo;entr\u00e9e au Mille d&rsquo;Or de Marbella<\/h2>\n\n\n\n<p><a href=\"https:\/\/www.panoramamarbella.com\/fr\/a-propos\/bureaux-panorama\" data-type=\"page\" data-id=\"5160\">Les deux bureaux de Panorama Properties<\/a> sont \u00e9galement situ\u00e9s le long du Mille d&rsquo;Or, l&rsquo;un dans l&rsquo;h\u00f4tel Puente Romano et l&rsquo;autre juste en face de l&rsquo;h\u00f4tel Marbella Club.<\/p>\n\n\n\n<h3 class=\"wp-block-heading\">Service Immobilier In\u00e9gal\u00e9 Depuis 1970<\/h3>\n\n\n\n<p>Panorama Properties, \u00e9tabli \u00e0 Marbella depuis 1970 et maintenant <a href=\"https:\/\/www.panoramamarbella.com\/fr\/a-propos\" data-type=\"page\" data-id=\"5158\">l&rsquo;agence immobili\u00e8re la plus ancienne de Marbella<\/a>, offre peut-\u00eatre <a href=\"\/fr\/proprietes\/marbella\/marbella-golden-mile\/villas-maisons-isolee\">la meilleure s\u00e9lection de villas<\/a> et <a href=\"\/fr\/proprietes\/marbella\/marbella-golden-mile\/appartements-habitats\" target=\"_blank\" rel=\"noreferrer noopener\">appartements de qualit\u00e9 de tous types sur le Mille d&rsquo;Or<\/a>, \u00e0 des prix allant de 300.000 \u20ac \u00e0 plus de 25.000.000 \u20ac.<\/p>\n\n\n\n<p>Voir une petite s\u00e9lection de villas et d&rsquo;appartements le long du Mille d&rsquo;Or de Marbella. Si vous pr\u00e9f\u00e9rez, vous pouvez consulter toutes nos propri\u00e9t\u00e9s dans la zone du Golden Mile.<\/p>\n\n\n\n\n\t\t<section class=\"container wp-block-acf-inmpropselection\">\n\t\t\t<h2>D\u00e9couvrez Votre Maison de R\u00eave sur le Mille d&rsquo;Or<\/h2>\t\t\t<div class=\"row row-cols-1 row-cols-lg-3 gy-5 g-xxl-5\">\n\t\t\t\t\n<article class=\"col card-properties position-relative d-flex flex-column\">\n\t<div id=\"carouselCardProperties-1-0\" class=\"card-properties-images carousel slide carousel-fade lazy\" data-bs-ride=\"carousel\" data-bs-interval=\"200000\" data-id=\"687618\">\n\t\t<div class=\"carousel-inner\">\n\t\t\t<figure class=\"carousel-item mb-0 active ratio ratio-4x3\">\n\t\t\t\t<picture><source sizes=\"(max-width: 575px) calc(100vw - 24px), (max-width: 767px) 516px, (max-width: 991px) 696px, (max-width: 1199px) 296px, (max-width: 1399px) 356px, 400px\" width=\"696\" height=\"522\" srcset=\"https:\/\/media.panoramamarbella.com\/imgV1\/B95mbh8olwFQm~uCUaVOI2kQT0hb0a8sZ9turUNfnwtvuccYCzs0YVPfPbfkc2VnnN1JFDpkYaGfw1gJsS~5hOp2jVT_WMdY8MUihqIy_maw9G~dG_WQdhN9cGLvfDCdgD0OxABNOAn0VpdCSlKlrH0FgOIWkTuijWl23Io5O5hiACPEaRMx9lic07cCNeyckL8LupAHxrx3TwmBU8CgKE8xGI1dyCu9adslJaWBTUCoKBV6RFG_v54UMoJGFRU5TRxB356L~pLJmZxlG43fkNWbq9F71OYeGK0QrwvO3BrIOnyLpH22Z6b189X~SHRATmO5yqvescLBr4iqOK_euhKtqsL9dOve1wXHmRVWgtJyPRaHe9eszK2rBPw90G5_s7Py_otgd1u_Mu5WkcalfWfXCtSDgPZarUtXn35tH8GNlkwqY~Et4ukdDNtMPpiy2f1nFTv5rCmAbJRITlV~.webp 696w,https:\/\/media.panoramamarbella.com\/imgV1\/B95mbh8olwFQm~uCUaVOI2kQT0hb0a8sZ9turUNfnwtvuccYCzs0YVPfPbfkc2VnnN1JFDpkYaGfw1gJsS~5hOp2jVT_WMdY8MUihqIy_maw9G~dG_WQdhN9cGLvfDCdgD0OxABNOAn0VpdCSlKlrH0FgOIWkTuijWl23Io5ObeKAeay4UeEJqVeHKJKmjRiMX6zARkj8ofJx88QzhRAkPPfxGghfQPCgoQsWANhStZHZ8ujQ1jzur9jUMEetlLBjRypTueAkQmn_Dy~mVx8JtV~GLeu0H~DLtF9zj60kjHd0LVOTMDGvOezvcPK1CCN5n6u_Q6g__~dthw5nH5QZkSXmBkf1lPUBi0tqMtYonCIBGzOTyFE5hCdFEmHB7NP8I2_c~Y3X3V0PPaU8a2XzD2cXH9l62jMt3x3g_PsbfA~FzYVv8O8RdTLEnEMF8OSFnuiJifUeEE7vnAcTvL_.webp 400w\" type=\"image\/webp\"><img decoding=\"async\" class=\"position-absolute w-100 h-100 object-fit-cover\" alt=\"Magnifique villa mitoyenne situ\u00e9e dans le centre du Golden Mile et \u00e0 distance de marche de la plage.\" loading=\"lazy\" width=\"696\" height=\"522\" src=\"https:\/\/media.panoramamarbella.com\/imgV1\/B95mbh8olwFQm~uCUaVOI2kQT0hb0a8sZ9turUNfnwtvuccYCzs0YVPfPbfkc2VnnN1JFDpkYaGfw1gJsS~5hOp2jVT_WMdY8MUihqIy_maw9G~dG_WQdhN9cGLvfDCdgD0OxABNOAn0VpdCSlKlrH0FgOIWkTuijWl23Io5O5hiACPEaRMx9lic07cCK9bjnirz7~bY4cJR6qnDAJew_pUIlYKXtlFUbKzVG_LdNCg3ysC5imLD7SYe5Yoq0SjuAwhB_GVaIzPs_8qOTYPKdstiALFQubebjjYlsG2Es9COJiOMWNLLFKv78mObavWmZr0lypI5hGb25Bg9nn7tfZror_XSWzSsX5BnqqqitMKXomUdHP5NHUK7Qh6PrU_3W_QTdN5PLQtrFC8LmCIZ96SDvMoOL67~WMVeiZ85L6ck3Xf9r77E5Uw_oIw-.jpg\"><\/picture>\t\t\t<\/figure>\n\t\t\t\t\t\t<span class=\"card-properties-ref position-absolute z-2 bottom-0 end-0 bg-white text-primary py-1 px-3 me-3\">\n\t\t\t\tPANR-16255\t\t\t<\/span>\n\t\t\t<button class=\"card-properties-portfolio d-flex align-items-center justify-content-center position-absolute z-3 end-0 text-white bg-primary me-3 border-0 px-0\" data-pfl-id=\"687618\" data-pfl-filter=\"sale\" aria-label=\"Add to portfolio\">\n\t\t\t\t<svg width=\"18\" fill=\"currentColor\" viewBox=\"0 0 512 512\">\n\t\t\t\t\t<use href=\"https:\/\/www.panoramamarbella.com\/wp-content\/themes\/panoramamarbella\/dist\/src\/images\/icons.svg#svgHeart\"><\/use>\n\t\t\t\t<\/svg>\n\t\t\t\t<svg width=\"18\" fill=\"currentColor\" viewBox=\"0 0 512 512\">\n\t\t\t\t\t<use href=\"https:\/\/www.panoramamarbella.com\/wp-content\/themes\/panoramamarbella\/dist\/src\/images\/icons.svg#svgHeartIn\"><\/use>\n\t\t\t\t<\/svg>\n\t\t\t<\/button>\n\t\t<\/div>\n\t\t\t\t<button\n\t\t\tclass=\"carousel-control-prev\"\n\t\t\ttype=\"button\"\n\t\t\tdata-bs-target=\"#carouselCardProperties-1-0\"\n\t\t\tdata-bs-slide=\"prev\">\n\t\t\t<span class=\"carousel-control-prev-icon\" aria-hidden=\"true\"><\/span>\n\t\t\t<span class=\"visually-hidden\">Pr\u00e9c\u00e9dent<\/span>\n\t\t<\/button>\n\t\t<button\n\t\t\tclass=\"carousel-control-next\"\n\t\t\ttype=\"button\"\n\t\t\tdata-bs-target=\"#carouselCardProperties-1-0\"\n\t\t\tdata-bs-slide=\"next\">\n\t\t\t<span class=\"carousel-control-next-icon\" aria-hidden=\"true\"><\/span>\n\t\t\t<span class=\"visually-hidden\">Suivant<\/span>\n\t\t<\/button>\n\t\t\t<\/div>\n\t<div class=\"d-flex flex-column h-100 px-3 py-4 shadow\">\n\t\t\t\t<h3 class=\"card-properties-title mb-3\">\n\t\t\t<a class=\"stretched-link\" href=\"\/fr\/proprietes\/marbella\/marbella-golden-mile\/vilas-12\/villas-maisons-isolee\/PANR-16255\">\n\t\t\t\tMagnifique villa mitoyenne situ\u00e9e dans le centre du Golden Mile et \u00e0 distance de marche de la plage.\t\t\t<\/a>\n\t\t<\/h3>\n\t\t<p class=\"mb-3 text-black-dark\">Vilas 12, Marbella Golden Mile<\/p>\n\t\t\t\t\t\t<p class=\"card-properties-description mb-3\">\n\t\t\tUne occasion unique d&#039;acqu\u00e9rir une propri\u00e9t\u00e9 exclusive haut de gamme sur le c\u00e9l\u00e8bre Golden Mile ! Cette magnifique maison est situ\u00e9e dans un complexe s\u00e9curis\u00e9 de villas mitoyennes et jumel\u00e9es, id\u00e9al pour ceux qui recherchent&#8230;\t\t<\/p>\n\t\t\t\t<span class=\"card-properties-price mt-auto\">\n\t\t\t\n\t\t\t<span class=\"card-properties-price mt-auto\" data-original-price=\"6300000\">6\u202f300\u202f000\u00a0\u20ac<\/span>\n\t\t\t\t<\/span>\n\t\t\t\t<ul class=\"card-properties-features list-unstyled d-flex flex-wrap align-items-center gap-3 pt-3 border-top mt-3 mb-0\">\n\t\t\t<li class=\"d-flex align-items-center\">4 Chambres<\/li><li class=\"d-flex align-items-center\">5 Bains<\/li>\t\t\t\t<li class=\"d-flex align-items-center\">\n\t\t\t\t\t <span class=\"me-1\" data-original-value=\"614\" data-original-unit=\"m&#038;sup2\">614 m&sup2;<\/span>Total\t\t\t\t<\/li>\n\t\t\t\t\t\t\t<li class=\"d-flex align-items-center\">\n\t\t\t\t\t <span class=\"me-1\" data-original-value=\"103\" data-original-unit=\"m&#038;sup2\">103 m&sup2;<\/span>Terrain\t\t\t\t<\/li>\n\t\t\t\t\t\t\t\t<li class=\"d-flex align-items-center\">\n\t\t\t\t\t <span class=\"me-1\" data-original-value=\"372\" data-original-unit=\"m&#038;sup2\">372 m&sup2;<\/span>Construit\t\t\t\t<\/li>\n\t\t\t\t\t\t\t<li class=\"d-flex align-items-center\">\n\t\t\t\t\t <span class=\"me-1\" data-original-value=\"242\" data-original-unit=\"m&#038;sup2\">242 m&sup2;<\/span>Terrasses\t\t\t\t<\/li>\n\t\t\t\t\t<\/ul>\n\t\t\t<\/div>\n<\/article>\n\n\n<article class=\"col card-properties position-relative d-flex flex-column\">\n\t<div id=\"carouselCardProperties-1-1\" class=\"card-properties-images carousel slide carousel-fade lazy\" data-bs-ride=\"carousel\" data-bs-interval=\"200000\" data-id=\"684856\">\n\t\t<div class=\"carousel-inner\">\n\t\t\t<figure class=\"carousel-item mb-0 active ratio ratio-4x3\">\n\t\t\t\t<picture><source sizes=\"(max-width: 575px) calc(100vw - 24px), (max-width: 767px) 516px, (max-width: 991px) 696px, (max-width: 1199px) 296px, (max-width: 1399px) 356px, 400px\" width=\"696\" height=\"522\" srcset=\"https:\/\/media.panoramamarbella.com\/imgV1\/B95mbh8olwFQm~uCUaVOI2kQT0hb0a8sZ9turUNfnwtvuccYCzs0YVPfPbfkc2VnnN1JFDpkYaGfw1gJsS~5hOpxNKj1XCoqkmx~DolChQvm0oftfzAA~Iaat5W7z11VxFfnO54mzaMDHN4E_nP33BuzfaRFHSmc0joo3QZlmRaVirgsf7iDTbHIYgw5ZwHbW_pZ_PHpyPbSniP_iTMXcrQAeIP04WhyQkPtDUS9aCDU1nVHhasUsjpCf7Ah0SiivMmGU~FM8q02YWNjrAlpev5ysWmoIhXoLqt4pTtsQxEavPMrTpMcaSCgvcaT_OvfmTVA22byVIHlNDy69th71AGSgRMote1YCWCk5q4ir7c~nQS7qFR5~P1~v2U0SUptyBZhUFTNY44~iFKMfeeFyLaLWHReua0qjOqMsJPqu6bRlIWtR3Ay6rsbJKSnMP119Cp2k_ZzITPYEYHqVrOu.webp 696w,https:\/\/media.panoramamarbella.com\/imgV1\/B95mbh8olwFQm~uCUaVOI2kQT0hb0a8sZ9turUNfnwtvuccYCzs0YVPfPbfkc2VnnN1JFDpkYaGfw1gJsS~5hOpxNKj1XCoqkmx~DolChQvm0oftfzAA~Iaat5W7z11VxFfnO54mzaMDHN4E_nP33BuzfaRFHSmc0joo3QZlm4ddHqISLOXkEjLyaoUBMg98C_tex~8jd8ZvYT0Zf6ckPtyePhwRNz73uiMXQG37Xy3dDr9Gz1IEkVOuXhjKDszB6miVMvqQmwjeltw5Hw2u4hfBQJgA2CXrlNif7KhZMecKrAIQZLoQOeZ0WYCbZ2344ifR2wWUPk6WK3vMXc4SUV6vBvKaF_zV1foSckpqo0GZ5rWrsn_BdtXeD92ShGVDD_JrCoswOL_Tvu7p6QQkpbOhyT4pHc0CDeYJTp5u8w~MEunbymuLvMgJM9tWY0tHpif5Ji5ymltibPI2FnSl.webp 400w\" type=\"image\/webp\"><img decoding=\"async\" class=\"position-absolute w-100 h-100 object-fit-cover\" alt=\"Demeure d\u2019exception avec vue panoramique sur la mer \u00e0 Los Picos de Nag\u00fceles, Golden Mile\" loading=\"lazy\" width=\"696\" height=\"522\" src=\"https:\/\/media.panoramamarbella.com\/imgV1\/B95mbh8olwFQm~uCUaVOI2kQT0hb0a8sZ9turUNfnwtvuccYCzs0YVPfPbfkc2VnnN1JFDpkYaGfw1gJsS~5hOpxNKj1XCoqkmx~DolChQvm0oftfzAA~Iaat5W7z11VxFfnO54mzaMDHN4E_nP33BuzfaRFHSmc0joo3QZlmRaVirgsf7iDTbHIYgw5efK7c5DGJq9zCSFADH1mSZ_miwz~Ozqd~YNQyOWD7o7D3ccUMggLQtkyzWqwxlXsxCs_SeBLRuUWZSwBaCqvIsRe0wFLAQHyi7YqIcxVhwyfkSVitV32mFMyNYUWIoGatysYeBS6Rhbm96lTLmfMaNa_BNWYSuGC_es_1jtFAPcWVYiQeQebofWDjCBtkLmP9TshEoAT9CUDyqNQEDIGV3E3nxRwJeEWjVBIMj3Kkzb3q95b0wo4r~2TK2OFdmo-.jpg\"><\/picture>\t\t\t<\/figure>\n\t\t\t\t\t\t<span class=\"card-properties-ref position-absolute z-2 bottom-0 end-0 bg-white text-primary py-1 px-3 me-3\">\n\t\t\t\tPANR-16227\t\t\t<\/span>\n\t\t\t<button class=\"card-properties-portfolio d-flex align-items-center justify-content-center position-absolute z-3 end-0 text-white bg-primary me-3 border-0 px-0\" data-pfl-id=\"684856\" data-pfl-filter=\"sale\" aria-label=\"Add to portfolio\">\n\t\t\t\t<svg width=\"18\" fill=\"currentColor\" viewBox=\"0 0 512 512\">\n\t\t\t\t\t<use href=\"https:\/\/www.panoramamarbella.com\/wp-content\/themes\/panoramamarbella\/dist\/src\/images\/icons.svg#svgHeart\"><\/use>\n\t\t\t\t<\/svg>\n\t\t\t\t<svg width=\"18\" fill=\"currentColor\" viewBox=\"0 0 512 512\">\n\t\t\t\t\t<use href=\"https:\/\/www.panoramamarbella.com\/wp-content\/themes\/panoramamarbella\/dist\/src\/images\/icons.svg#svgHeartIn\"><\/use>\n\t\t\t\t<\/svg>\n\t\t\t<\/button>\n\t\t<\/div>\n\t\t\t\t<button\n\t\t\tclass=\"carousel-control-prev\"\n\t\t\ttype=\"button\"\n\t\t\tdata-bs-target=\"#carouselCardProperties-1-1\"\n\t\t\tdata-bs-slide=\"prev\">\n\t\t\t<span class=\"carousel-control-prev-icon\" aria-hidden=\"true\"><\/span>\n\t\t\t<span class=\"visually-hidden\">Pr\u00e9c\u00e9dent<\/span>\n\t\t<\/button>\n\t\t<button\n\t\t\tclass=\"carousel-control-next\"\n\t\t\ttype=\"button\"\n\t\t\tdata-bs-target=\"#carouselCardProperties-1-1\"\n\t\t\tdata-bs-slide=\"next\">\n\t\t\t<span class=\"carousel-control-next-icon\" aria-hidden=\"true\"><\/span>\n\t\t\t<span class=\"visually-hidden\">Suivant<\/span>\n\t\t<\/button>\n\t\t\t<\/div>\n\t<div class=\"d-flex flex-column h-100 px-3 py-4 shadow\">\n\t\t\t\t<h3 class=\"card-properties-title mb-3\">\n\t\t\t<a class=\"stretched-link\" href=\"\/fr\/proprietes\/marbella\/marbella-golden-mile\/los-picos-de-nagueles\/villas-maisons-isolee\/PANR-16227\">\n\t\t\t\tDemeure d\u2019exception avec vue panoramique sur la mer \u00e0 Los Picos de Nag\u00fceles, Golden Mile\t\t\t<\/a>\n\t\t<\/h3>\n\t\t<p class=\"mb-3 text-black-dark\">Los Picos de Nag\u00fceles, Marbella Golden Mile<\/p>\n\t\t\t\t\t\t<p class=\"card-properties-description mb-3\">\n\t\t\tSitu\u00e9e dans les prestigieux contreforts de La Concha, au sein de l\u2019enclave r\u00e9sidentielle tr\u00e8s pris\u00e9e de Los Picos de Nag\u00fceles, cette remarquable villa contemporaine b\u00e9n\u00e9ficie de vues panoramiques spectaculaires sur la c\u00f4te m\u00e9diterran\u00e9enne. Implant\u00e9e dans&#8230;\t\t<\/p>\n\t\t\t\t<span class=\"card-properties-price mt-auto\">\n\t\t\t\n\t\t\t<span class=\"card-properties-price mt-auto\" data-original-price=\"8500000\">8\u202f500\u202f000\u00a0\u20ac<\/span>\n\t\t\t\t<\/span>\n\t\t\t\t<ul class=\"card-properties-features list-unstyled d-flex flex-wrap align-items-center gap-3 pt-3 border-top mt-3 mb-0\">\n\t\t\t<li class=\"d-flex align-items-center\">5 Chambres<\/li><li class=\"d-flex align-items-center\">5 Bains<\/li>\t\t\t\t<li class=\"d-flex align-items-center\">\n\t\t\t\t\t <span class=\"me-1\" data-original-value=\"1280\" data-original-unit=\"m&#038;sup2\">1\u202f280 m&sup2;<\/span>Total\t\t\t\t<\/li>\n\t\t\t\t\t\t\t<li class=\"d-flex align-items-center\">\n\t\t\t\t\t <span class=\"me-1\" data-original-value=\"3203\" data-original-unit=\"m&#038;sup2\">3\u202f203 m&sup2;<\/span>Terrain\t\t\t\t<\/li>\n\t\t\t\t\t\t\t\t<li class=\"d-flex align-items-center\">\n\t\t\t\t\t <span class=\"me-1\" data-original-value=\"1134\" data-original-unit=\"m&#038;sup2\">1\u202f134 m&sup2;<\/span>Construit\t\t\t\t<\/li>\n\t\t\t\t\t\t\t<li class=\"d-flex align-items-center\">\n\t\t\t\t\t <span class=\"me-1\" data-original-value=\"146\" data-original-unit=\"m&#038;sup2\">146 m&sup2;<\/span>Terrasses\t\t\t\t<\/li>\n\t\t\t\t\t<\/ul>\n\t\t\t<\/div>\n<\/article>\n\n\n<article class=\"col card-properties position-relative d-flex flex-column\">\n\t<div id=\"carouselCardProperties-1-2\" class=\"card-properties-images carousel slide carousel-fade lazy\" data-bs-ride=\"carousel\" data-bs-interval=\"200000\" data-id=\"676901\">\n\t\t<div class=\"carousel-inner\">\n\t\t\t<figure class=\"carousel-item mb-0 active ratio ratio-4x3\">\n\t\t\t\t<picture><source sizes=\"(max-width: 575px) calc(100vw - 24px), (max-width: 767px) 516px, (max-width: 991px) 696px, (max-width: 1199px) 296px, (max-width: 1399px) 356px, 400px\" width=\"696\" height=\"522\" srcset=\"https:\/\/media.panoramamarbella.com\/imgV1\/B95mbh8olwFQm~uCUaVOI2kQT0hb0a8sZ9turUNfnwtvuccYCzs0YVPfPbfkc2VnnN1JFDpkYaGfw1gJsS~5hOljsC0ykFLlNhDH67lNbMxLyNOIfOAg5b1p_rgcqtftQWkCavAj0h_bLuENUlQ7xX73w6geQFeyfZzpDwSZmUQhOr~Z85uEblKwmJLPbnpK3MquQ3gvT8yUJzdRNtYUhKPIgKIxLpC~3rjTRiEOZXcwAhdBoJUVAVgZQh1J~qoTP0SdsqffV5UN2Z3nia39v0nIh1yiYbwN~9V52URBHs~qelzxYGXZt6NqHvC6R9yLzl8B2G~SZi3KR88GFtkrv51Svlm~fETdR4_bIXLtowS2S7M5itEL6YPr8aKv4zm3VAa50I1PbXyhAIBhtcxPZlgYRhOOxa7WPZrLd~Zprbth0EX0ts1iF8SkwK6N0se9UmtYekxynkPERdbfLN6t.webp 696w,https:\/\/media.panoramamarbella.com\/imgV1\/B95mbh8olwFQm~uCUaVOI2kQT0hb0a8sZ9turUNfnwtvuccYCzs0YVPfPbfkc2VnnN1JFDpkYaGfw1gJsS~5hOljsC0ykFLlNhDH67lNbMxLyNOIfOAg5b1p_rgcqtftQWkCavAj0h_bLuENUlQ7xX73w6geQFeyfZzpDwSZmwDFp8_kf362dw68UYfUPZ8vZ6F6v9t6ZZFENNGc4~VtbJCTPt6rc~viO4QWwfgsE22ju6OqK_KSnjY4tgEEcqZxpZRiBnaPwFZSG3wFbG18bO7LxU8y8ww05s~CY47kBjFc23mwnfPpmKxpa~m1Dp1BzbdUAMI2xWLfFhipcN3JEL4uzhLA6O5elIRc~xioMHMUmRiVHwGP7aFGXsVEl6qhTUui1GFwrBiIvPpeD144f8E7UcySF3e4eZ~WGADtGhg24veh38StQQs3Sr7EnpSLP2CDv8Z6~tkSTAQ1xi8n.webp 400w\" type=\"image\/webp\"><img decoding=\"async\" class=\"position-absolute w-100 h-100 object-fit-cover\" alt=\"Villa Vivaldi \u2013 une propri\u00e9t\u00e9 \u00e9l\u00e9gante et luxueuse offrant des vues \u00e0 couper le souffle \u00e0 Sierra Blanca\" loading=\"lazy\" width=\"696\" height=\"522\" src=\"https:\/\/media.panoramamarbella.com\/imgV1\/B95mbh8olwFQm~uCUaVOI2kQT0hb0a8sZ9turUNfnwtvuccYCzs0YVPfPbfkc2VnnN1JFDpkYaGfw1gJsS~5hOljsC0ykFLlNhDH67lNbMxLyNOIfOAg5b1p_rgcqtftQWkCavAj0h_bLuENUlQ7xX73w6geQFeyfZzpDwSZmUQhOr~Z85uEblKwmJLPcK9Kljco1XK1pqmtaZ5rgsWkjdRCObEfStLW8sylToPni0xwYcz0T_BN1aC6ZTJF1CAfsrS~HEN1mqDdEq2DzNMx8SwPxk3cS0hyYyb56oO2BIMjrZNEhfBbVEFRbKv7314vcwozheZJU5kBxo_~ucR2ExKXlWlLsyrvHCA_iwO4iFpCQWIiATH5jpHfMInAqo8850xQ5dT7GnqGIYNmaJpEiNRWz6wWjL36yAIDpM1Y~uORLpi2A_v8hCx_UAY-.jpg\"><\/picture>\t\t\t<\/figure>\n\t\t\t\t\t\t<span class=\"card-properties-ref position-absolute z-2 bottom-0 end-0 bg-white text-primary py-1 px-3 me-3\">\n\t\t\t\tPANR-16143\t\t\t<\/span>\n\t\t\t<button class=\"card-properties-portfolio d-flex align-items-center justify-content-center position-absolute z-3 end-0 text-white bg-primary me-3 border-0 px-0\" data-pfl-id=\"676901\" data-pfl-filter=\"sale\" aria-label=\"Add to portfolio\">\n\t\t\t\t<svg width=\"18\" fill=\"currentColor\" viewBox=\"0 0 512 512\">\n\t\t\t\t\t<use href=\"https:\/\/www.panoramamarbella.com\/wp-content\/themes\/panoramamarbella\/dist\/src\/images\/icons.svg#svgHeart\"><\/use>\n\t\t\t\t<\/svg>\n\t\t\t\t<svg width=\"18\" fill=\"currentColor\" viewBox=\"0 0 512 512\">\n\t\t\t\t\t<use href=\"https:\/\/www.panoramamarbella.com\/wp-content\/themes\/panoramamarbella\/dist\/src\/images\/icons.svg#svgHeartIn\"><\/use>\n\t\t\t\t<\/svg>\n\t\t\t<\/button>\n\t\t<\/div>\n\t\t\t\t<button\n\t\t\tclass=\"carousel-control-prev\"\n\t\t\ttype=\"button\"\n\t\t\tdata-bs-target=\"#carouselCardProperties-1-2\"\n\t\t\tdata-bs-slide=\"prev\">\n\t\t\t<span class=\"carousel-control-prev-icon\" aria-hidden=\"true\"><\/span>\n\t\t\t<span class=\"visually-hidden\">Pr\u00e9c\u00e9dent<\/span>\n\t\t<\/button>\n\t\t<button\n\t\t\tclass=\"carousel-control-next\"\n\t\t\ttype=\"button\"\n\t\t\tdata-bs-target=\"#carouselCardProperties-1-2\"\n\t\t\tdata-bs-slide=\"next\">\n\t\t\t<span class=\"carousel-control-next-icon\" aria-hidden=\"true\"><\/span>\n\t\t\t<span class=\"visually-hidden\">Suivant<\/span>\n\t\t<\/button>\n\t\t\t<\/div>\n\t<div class=\"d-flex flex-column h-100 px-3 py-4 shadow\">\n\t\t\t\t<h3 class=\"card-properties-title mb-3\">\n\t\t\t<a class=\"stretched-link\" href=\"\/fr\/proprietes\/marbella\/marbella-golden-mile\/sierra-blanca\/villas-maisons-isolee\/PANR-16143\">\n\t\t\t\tVilla Vivaldi \u2013 une propri\u00e9t\u00e9 \u00e9l\u00e9gante et luxueuse offrant des vues \u00e0 couper le souffle \u00e0 Sierra Blanca\t\t\t<\/a>\n\t\t<\/h3>\n\t\t<p class=\"mb-3 text-black-dark\">Sierra Blanca, Marbella Golden Mile<\/p>\n\t\t\t\t\t\t<p class=\"card-properties-description mb-3\">\n\t\t\tNich\u00e9e au sein de l\u2019une des communaut\u00e9s ferm\u00e9es les plus exclusives de Marbella, cette \u00e9l\u00e9gante villa de luxe b\u00e9n\u00e9ficie d\u2019une position sur\u00e9lev\u00e9e privil\u00e9gi\u00e9e avec des vues imprenables. \u00c0 l\u2019arri\u00e8re, les sommets spectaculaires de la Sierra&#8230;\t\t<\/p>\n\t\t\t\t<span class=\"card-properties-price mt-auto\">\n\t\t\t\n\t\t\t<span class=\"card-properties-price mt-auto\" data-original-price=\"12000000\">12\u202f000\u202f000\u00a0\u20ac<\/span>\n\t\t\t\t<\/span>\n\t\t\t\t<ul class=\"card-properties-features list-unstyled d-flex flex-wrap align-items-center gap-3 pt-3 border-top mt-3 mb-0\">\n\t\t\t<li class=\"d-flex align-items-center\">6 Chambres<\/li><li class=\"d-flex align-items-center\">7 Bains<\/li>\t\t\t\t<li class=\"d-flex align-items-center\">\n\t\t\t\t\t <span class=\"me-1\" data-original-value=\"1082\" data-original-unit=\"m&#038;sup2\">1\u202f082 m&sup2;<\/span>Total\t\t\t\t<\/li>\n\t\t\t\t\t\t\t<li class=\"d-flex align-items-center\">\n\t\t\t\t\t <span class=\"me-1\" data-original-value=\"2005\" data-original-unit=\"m&#038;sup2\">2\u202f005 m&sup2;<\/span>Terrain\t\t\t\t<\/li>\n\t\t\t\t\t\t\t\t<li class=\"d-flex align-items-center\">\n\t\t\t\t\t <span class=\"me-1\" data-original-value=\"682\" data-original-unit=\"m&#038;sup2\">682 m&sup2;<\/span>Construit\t\t\t\t<\/li>\n\t\t\t\t\t\t\t<li class=\"d-flex align-items-center\">\n\t\t\t\t\t <span class=\"me-1\" data-original-value=\"400\" data-original-unit=\"m&#038;sup2\">400 m&sup2;<\/span>Terrasses\t\t\t\t<\/li>\n\t\t\t\t\t<\/ul>\n\t\t\t<\/div>\n<\/article>\n\t\t\t<\/div>\n\t\t\t<ul class=\"mw-100 d-flex flex-column flex-lg-row flex-lg-wrap justify-content-center gap-3 list-unstyled mt-5 mb-0\">\n    <li><a class=\"btn btn-primary w-100 px-4 py-2\" href=\"https:\/\/www.panoramamarbella.com\/fr\/proprietes\/marbella\/marbella-golden-mile\">Propri\u00e9t\u00e9s \u00e0 Marbella Golden Mile<\/a><\/li><\/ul>\n\t\t<\/section>\n\t\t\n","protected":false},"excerpt":{"rendered":"<p>En savoir plus sur le Mille d&rsquo;or de Marbella, avec ses urbanisations luxueuses et ses maisons de premi\u00e8re classe. D\u00e9couvrez le quartier le plus exclusif de Marbella.<\/p>\n","protected":false},"author":8,"featured_media":1482,"parent":0,"menu_order":3,"template":"","meta":{"_acf_changed":true},"tags":[64],"class_list":["post-1496","areas","type-areas","status-publish","has-post-thumbnail","hentry","tag-marbella-golden-mile-mainguide-4"],"acf":[],"_links":{"self":[{"href":"https:\/\/www.panoramamarbella.com\/fr\/wp-json\/wp\/v2\/areas\/1496","targetHints":{"allow":["GET"]}}],"collection":[{"href":"https:\/\/www.panoramamarbella.com\/fr\/wp-json\/wp\/v2\/areas"}],"about":[{"href":"https:\/\/www.panoramamarbella.com\/fr\/wp-json\/wp\/v2\/types\/areas"}],"author":[{"embeddable":true,"href":"https:\/\/www.panoramamarbella.com\/fr\/wp-json\/wp\/v2\/users\/8"}],"wp:featuredmedia":[{"embeddable":true,"href":"https:\/\/www.panoramamarbella.com\/fr\/wp-json\/wp\/v2\/media\/1482"}],"wp:attachment":[{"href":"https:\/\/www.panoramamarbella.com\/fr\/wp-json\/wp\/v2\/media?parent=1496"}],"wp:term":[{"taxonomy":"post_tag","embeddable":true,"href":"https:\/\/www.panoramamarbella.com\/fr\/wp-json\/wp\/v2\/tags?post=1496"}],"curies":[{"name":"wp","href":"https:\/\/api.w.org\/{rel}","templated":true}]}}