{"id":7574,"date":"2024-10-03T12:45:44","date_gmt":"2024-10-03T10:45:44","guid":{"rendered":"https:\/\/www.panoramamarbella.com\/areas\/nueva-andalucia"},"modified":"2025-05-09T17:51:10","modified_gmt":"2025-05-09T15:51:10","slug":"nueva-andalucia","status":"publish","type":"areas","link":"https:\/\/www.panoramamarbella.com\/fr\/zones\/nueva-andalucia","title":{"rendered":"Nueva Andaluc\u00eda, Marbella"},"content":{"rendered":"\n\n<h1 class=\"wp-block-heading\">Nueva Andaluc\u00eda : Vie de luxe et golf \u00e0 Marbella<\/h1>\n\n\n<div class=\"lead\"><p>Nueva Andaluc\u00eda, de loin la plus grande urbanisation de Marbella, avec une superficie de plusieurs kilom\u00e8tres carr\u00e9s, est l&rsquo;id\u00e9e de Jos\u00e9 Ban\u00fas Masdeu, qui est venu \u00e0 Marbella en 1962 et a acquis les terres, y compris ce qui est aujourd&rsquo;hui Puerto Ban\u00fas, et a imm\u00e9diatement demand\u00e9 des permis de construire. <\/p>\n<\/div>\n\n\n<ul class=\"table-index list-unstyled p-4 p-lg-5 ms-0 bg-light\"><li class=\"text-uppercase fw-bold mb-3\">Table des mati\u00e8res<\/li><li><a href=\"#les+origines++le+developpement+visionnaire+de+jose+banus\">\nLes origines : le d\u00e9veloppement visionnaire de Jos\u00e9 Ban\u00fas\n<\/a><\/li>\n<li><a href=\"#panorama++les+pionniers+de+limmobilier\">\nPanorama : les pionniers de l'immobilier\n<\/a><\/li>\n<li><a href=\"#regions+cles\">\nR\u00e9gions cl\u00e9s\n<\/a><\/li>\n<li><a href=\"#la+golf+valley+et+les+developpements+environnants\">\nLa \"Golf Valley\" et les d\u00e9veloppements environnants\n<\/a><\/li>\n<li><a href=\"#commerces+et+loisirs\">\nCommerces et loisirs\n<\/a><\/li><\/ul>\n\n\n\n<h2 class=\"wp-block-heading\">Les origines : le d\u00e9veloppement visionnaire de Jos\u00e9 Ban\u00fas<\/h2>\n\n\n\n<p>La construction de <a href=\"https:\/\/www.panoramamarbella.com\/fr\/zones\/puerto-banus\" data-type=\"areas\" data-id=\"7510\">Puerto Ban\u00fas<\/a> a commenc\u00e9 en 1965 et a \u00e9t\u00e9 inaugur\u00e9e en 1968. Durant cette p\u00e9riode, les principales infrastructures de Nueva Andaluc\u00eda ont \u00e9t\u00e9 install\u00e9es, d&rsquo;un seul coup et non par \u00e9tapes, ce qui devait co\u00fbter cher \u00e0 M. Ban\u00fas avant la fin de la d\u00e9cennie.<\/p>\n\n\n\n<h3 class=\"wp-block-heading\">L&rsquo;h\u00e9ritage de Ban\u00fas et le succ\u00e8s de Puerto Ban\u00fas.<\/h3>\n\n\n\n<p>Ban\u00fas est issu d&rsquo;une famille de b\u00e2tisseurs et a connu un grand succ\u00e8s dans la construction d&rsquo;immeubles \u00e0 loyer mod\u00e9r\u00e9 \u00e0 Madrid et dans d&rsquo;autres villes d&rsquo;Espagne. Plus tard, il a re\u00e7u certaines des plus hautes d\u00e9corations d&rsquo;Espagne pour son travail. Son projet \u00e0 Marbella a \u00e9t\u00e9 qualifi\u00e9 de \u00ab fou \u00bb et de \u00ab stupide \u00bb lorsqu&rsquo;il a annonc\u00e9 ses plans, mais sa vision s&rsquo;est av\u00e9r\u00e9e tout \u00e0 fait pertinente, avec un succ\u00e8s incroyable dans les ann\u00e9es 70 et la reconnaissance mondiale de l&rsquo;imagination dans la conception et l&rsquo;architecture de Puerto Ban\u00fas.<\/p>\n\n\n\n<p>Ban\u00fas a bien s\u00fbr \u00e9t\u00e9 influenc\u00e9 par le succ\u00e8s du <a href=\"https:\/\/www.panoramamarbella.com\/fr\/news\/les-debuts-du-marbella-club\" data-type=\"post\" data-id=\"6665\">Marbella Club<\/a> du Prince Alfonso de Hohenlohe et par toutes les c\u00e9l\u00e9brit\u00e9s qui venaient \u00e0 Marbella \u00e0 l&rsquo;\u00e9poque, ce qui a fortement appuy\u00e9 sa d\u00e9cision de devenir le plus important promoteur de la Costa del Sol \u00e0 l&rsquo;\u00e9poque, en pariant carr\u00e9ment sur l&rsquo;avenir du tourisme r\u00e9sidentiel \u00e0 Marbella.<\/p>\n\n\n\t<figure class=\"wp-caption aligncenter wp-block-acf-wpimage\">\n\t<picture><source width=\"900\" height=\"600\" srcset=\"https:\/\/media.panoramamarbella.com\/imgV1\/B95mbh8olwFQm~uCT2wPZMb8hll4wghQQQq6YWg0~c~U_DrmgY8pGP8pqaDzA6mvjyI_OPtcrHD_aKxCvYPkzFG5MBW9Bhd0AyklL9zYhRVqKv~mG~UryTezBXAJWmoBgM9bvg6Z3Y5VKYNMmnET5DerAhE40BWQBRnm6OY8ydfdTBVrTbwEHjnB7AYTndsqa3HkdQ--.webp 900w\" type=\"image\/webp\"><img decoding=\"async\" class=\"img-fluid\" loading=\"lazy\" width=\"900\" height=\"600\" alt=\"Panorama propose des villas de luxe \u00e0 vendre \u00e0 Nueva Andaluc\u00eda\" src=\"https:\/\/media.panoramamarbella.com\/imgV1\/B95mbh8olwFQm~uCT2wPZMb8hll4wghQQQq6YWg0~c~U_DrmgY8pGP8pqaDzA6mvjyI_OPtcrHD_aKxCvYPkzFG5MBW9Bhd0AyklL9zYhRVqKv~mG~UryTezBXAJWmoBgM9bvg6Z3Y5VKYNMmnET5CmMZvsYVU6CDEKQ8Gg4mAAp.jpg\"><\/picture>\t\t<\/figure>\n\t\n\n\n<h2 class=\"wp-block-heading\">Panorama : les pionniers de l&rsquo;immobilier<\/h2>\n\n\n\n<p>Panorama Properties a \u00e9t\u00e9 l&rsquo;un des premiers agents internationaux \u00e0 vendre \u00e0 Nueva Andaluc\u00eda et, au d\u00e9but des ann\u00e9es 70, a vendu quelque 120 nouvelles propri\u00e9t\u00e9s construites par Ban\u00fas, y compris des <a href=\"https:\/\/www.panoramamarbella.com\/fr\/proprietes\/marbella\/nueva-andalucia\/appartements-habitats\">appartements<\/a>, des <a href=\"https:\/\/www.panoramamarbella.com\/fr\/proprietes\/marbella\/nueva-andalucia\/maisons-de-ville\">maisons de ville <\/a>et des <a href=\"https:\/\/www.panoramamarbella.com\/fr\/proprietes\/marbella\/nueva-andalucia\/villas-maisons-isolee\">villas<\/a>. Panorama conserve une grande vari\u00e9t\u00e9 de <a href=\"https:\/\/www.panoramamarbella.com\/fr\/proprietes\/marbella\/nueva-andalucia\">propri\u00e9t\u00e9s \u00e0 vendre \u00e0 Nueva Andaluc\u00eda<\/a> et dans la zone adjacente du <a href=\"https:\/\/www.panoramamarbella.com\/fr\/proprietes\/marbella\/marbella-golden-mile\">Golden Mile de Marbella<\/a>.<\/p>\n\n\n\t<figure class=\"wp-caption alignright wp-block-acf-wpimage\">\n\t<picture><source width=\"500\" height=\"625\" srcset=\"https:\/\/media.panoramamarbella.com\/imgV1\/B95mbh8olwFQm~uCT2wPZMb8hll4wghQQQq6YWg0~c~U_DrmgY8pGP8pqaDzA6mvjyI_OPtcrHD_aKxCvYPkzEx_iT5pM9Lv6ESNUYmL~ruTmoBBf2jniiUt8syP0BZ4LRiL0bGxIPo4IOLR9A9TT_FmW8kppGtXq1OrtveyJIKVeeg0xBnF.webp 500w\" type=\"image\/webp\"><img decoding=\"async\" class=\"img-fluid\" loading=\"lazy\" width=\"500\" height=\"625\" alt=\"R\u00e9gions cl\u00e9s de Nueva Andaluc\u00eda\" src=\"https:\/\/media.panoramamarbella.com\/imgV1\/B95mbh8olwFQm~uCT2wPZMb8hll4wghQQQq6YWg0~c~U_DrmgY8pGP8pqaDzA6mvjyI_OPtcrHD_aKxCvYPkzEx_iT5pM9Lv6ESNUYmL~ruTmoBBf2jniiUt8syP0BZ4LRiLzy7_uFHWKh2FcIcxcSEab6A-.jpg\"><\/picture>\t\t\t<figcaption class=\"wp-caption-text\">\n\t\tLa Nueva Andaluc\u00eda est r\u00e9put\u00e9e pour la qualit\u00e9 et le luxe de ses maisons.\t\t<\/figcaption>\n\t\t\t<\/figure>\n\t\n\n\n<h2 class=\"wp-block-heading\">R\u00e9gions cl\u00e9s<\/h2>\n\n\n\n<p>Nueva Andaluc\u00eda est divis\u00e9e en deux zones de base :<\/p>\n\n\n\n<ul class=\"wp-block-list\">\n<li>La partie orientale, qui comprend la zone de <a href=\"https:\/\/www.panoramamarbella.com\/fr\/proprietes\/marbella\/nueva-andalucia\/las-brisas\">Las Brisas del Golf<\/a> et d&rsquo;autres secteurs de <a href=\"https:\/\/www.panoramamarbella.com\/fr\/proprietes\/marbella\/nueva-andalucia\/las-brisas\/villas-maisons-isolee\">villas de plus grande qualit\u00e9<\/a>.<\/li>\n\n\n\n<li>la partie occidentale qui est s\u00e9par\u00e9e de Las Brisas del Golf par une cr\u00eate tr\u00e8s \u00e9lev\u00e9e et qui comprend des propri\u00e9t\u00e9s moins ch\u00e8res, dont le village de <a href=\"https:\/\/www.panoramamarbella.com\/fr\/proprietes\/marbella\/nueva-andalucia\/la-campana\">La Campana<\/a>, la Torre de Andaluc\u00eda, et de petites villas et maisons de ville s&rsquo;\u00e9tendant jusqu&rsquo;\u00e0 la route principale.<\/li>\n<\/ul>\n\n\n\n<p class=\"clearfix\">Chaque zone est subdivis\u00e9e en plusieurs \u00ab\u00a0Supermanzanas\u00a0\u00bb, de diff\u00e9rents types de <a href=\"https:\/\/www.panoramamarbella.com\/fr\/developpements\">d\u00e9veloppements r\u00e9sidentiels<\/a>.<\/p>\n\n\n\n<h3 class=\"wp-block-heading\">Terrains de golf c\u00e9l\u00e8bres.<\/h3>\n\n\n\n<p>La partie orientale, comme indiqu\u00e9 ci-dessus, comprend le c\u00e9l\u00e8bre Las Brisas Golf Course, un parcours de championnat Robert Trent Jones par 72 inaugur\u00e9 en 1968, ainsi qu&rsquo;un magnifique club de golf et un h\u00f4tel de golf, et le Los Naranjos Golf Course, juste derri\u00e8re le Las Brisas Course, \u00e9galement con\u00e7u par Trent Jones, et inaugur\u00e9 en 1977, avec un club de golf et un restaurant tr\u00e8s populaires \u00e9galement.<\/p>\n\n\n\t<figure class=\"wp-caption aligncenter wp-block-acf-wpimage\">\n\t<picture><source width=\"900\" height=\"600\" srcset=\"https:\/\/media.panoramamarbella.com\/imgV1\/B95mbh8olwFQm~uCT2wPZMb8hll4wghQQQq6YWg0~c~U_DrmgY8pGP8pqaDzA6mvjyI_OPtcrHD_aKxCvYPkzENzOvhGMF8XI2keZitE1W187TAbiuyUoVkjN9Y5DJKPDVVJL6BC0m0J_eZ9i80Loa6urgPpYDmhw~5wpyUuF1JtzClBCWSoKQktePjThd761pUGfQ--.webp 900w\" type=\"image\/webp\"><img decoding=\"async\" class=\"img-fluid\" loading=\"lazy\" width=\"900\" height=\"600\" alt=\"Nouveaux d\u00e9veloppements \u00e0 proximit\u00e9 des terrains de golf\" src=\"https:\/\/media.panoramamarbella.com\/imgV1\/B95mbh8olwFQm~uCT2wPZMb8hll4wghQQQq6YWg0~c~U_DrmgY8pGP8pqaDzA6mvjyI_OPtcrHD_aKxCvYPkzENzOvhGMF8XI2keZitE1W187TAbiuyUoVkjN9Y5DJKPDVVJL6BC0m0J_eZ9i80LobD97eRt~1jqFc28CB3EmFxN.jpg\"><\/picture>\t\t\t<figcaption class=\"wp-caption-text\">\n\t\tFirst line golf properties\t\t<\/figcaption>\n\t\t\t<\/figure>\n\t\n\n\n<h2 class=\"wp-block-heading\" id=\"golf-valley\">La \u00ab\u00a0Golf Valley\u00a0\u00bb et les d\u00e9veloppements environnants<\/h2>\n\n\n\n<p>\u00c0 l&rsquo;est de Nueva Andaluc\u00eda se trouve <a href=\"https:\/\/www.panoramamarbella.com\/fr\/proprietes\/marbella\/nueva-andalucia\/aloha\">Aloha<\/a> Golf, avec un autre excellent terrain de golf, avec encore un autre excellent terrain de golf, un club de golf et un restaurant, un d\u00e9veloppement de la filiale du Banco de Bilbao, Inmobiliaria Bilbao &#8211; dont le terrain a \u00e9t\u00e9 acquis \u00e0 la fin des ann\u00e9es 60 lorsque Ban\u00fas a eu des probl\u00e8mes pour payer ses pr\u00eats bancaires pour le d\u00e9veloppement de ses infrastructures et que la banque est intervenue pour lui prendre le terrain.<\/p>\n\n\n\n<p>\u00c0 l&rsquo;ouest se trouve le terrain de golf <a href=\"https:\/\/www.panoramamarbella.com\/fr\/proprietes\/benahavis\/la-quinta\">La Quinta<\/a>, qui comprend trois parcours de 9 trous et un magnifique h\u00f4tel 5 \u00e9toiles offrant tous les services imaginables, ainsi qu&rsquo;un ensemble de villas et de maisons de ville de grande qualit\u00e9 entourant l&rsquo;h\u00f4tel, le tout cr\u00e9\u00e9 par le c\u00e9l\u00e8bre promoteur immobilier et h\u00f4telier Ricardo Arranz, qui conna\u00eet un succ\u00e8s incroyable. Pas \u00e9tonnant que cette r\u00e9gion soit appel\u00e9e la \u00ab vall\u00e9e du golf \u00bb, est entour\u00e9e de <a href=\"https:\/\/www.panoramamarbella.com\/fr\/proprietes\/marbella\/nueva-andalucia\/aloha\/villas-maisons-isolee\">villas de luxe<\/a> et de <a href=\"https:\/\/www.panoramamarbella.com\/fr\/proprietes\/marbella\/nueva-andalucia\/aloha\/maisons-de-ville\">maisons de ville<\/a>.<\/p>\n\n\n\n<p class=\"clearfix\">Plus d&rsquo;informations sur les <a href=\"https:\/\/www.panoramamarbella.com\/fr\/news\/terrains-de-golf-la-costa-del-sol\">terrains de golf de la Costa del Sol<\/a><\/p>\n\n\n\n<h2 class=\"wp-block-heading\">Commerces et loisirs<\/h2>\n\n\n\n<p>Nueva Andaluc\u00eda comprend \u00e9galement les ar\u00e8nes \u00ab\u00a0Plaza de Toros\u00a0\u00bb, l&rsquo;h\u00f4tel-casino Andaluc\u00eda Plaza et le centre commercial Centro Plaza. Avec plus de trente restaurants et tous les services imaginables, le quartier offre commodit\u00e9 et luxe aux r\u00e9sidents comme aux visiteurs.<\/p>\n\n\n\n<h3 class=\"wp-block-heading\">Proximit\u00e9 de Puerto Ban\u00fas et de boutiques exclusives.<\/h3>\n\n\n\n<p>Situ\u00e9 juste \u00e0 c\u00f4t\u00e9 de <a href=\"https:\/\/www.panoramamarbella.com\/fr\/zones\/puerto-banus\">Puerto Ban\u00fas<\/a>, Nueva Andaluc\u00eda b\u00e9n\u00e9ficie de la proximit\u00e9 de la zone commerciale la plus \u00e9l\u00e9gante de Marbella, comprenant El Corte Ingl\u00e9s, un cin\u00e9ma et un large \u00e9ventail de boutiques et de restaurants.<\/p>\n\n\n<hr class=\"w-75 mt-3 mt-md-5 mb-3 mb-md-6 mx-auto border-2 border-secondary opacity-50\">\n\n\n\n\n\n\t\t<section class=\"container wp-block-acf-inmpropselection\">\n\t\t\t<h2>Propri\u00e9t\u00e9s \u00e0 vendre \u00e0 Nueva Andaluc\u00eda<\/h2>\t\t\t<div class=\"row row-cols-1 row-cols-lg-3 gy-5 g-xxl-5\">\n\t\t\t\t\n<article class=\"col card-properties position-relative d-flex flex-column\">\n\t<div id=\"carouselCardProperties-1-0\" class=\"card-properties-images carousel slide carousel-fade lazy\" data-bs-ride=\"carousel\" data-bs-interval=\"200000\" data-id=\"678209\">\n\t\t<div class=\"carousel-inner\">\n\t\t\t<figure class=\"carousel-item mb-0 active ratio ratio-4x3\">\n\t\t\t\t<picture><source sizes=\"(max-width: 575px) calc(100vw - 24px), (max-width: 767px) 516px, (max-width: 991px) 696px, (max-width: 1199px) 296px, (max-width: 1399px) 356px, 400px\" width=\"696\" height=\"522\" srcset=\"https:\/\/media.panoramamarbella.com\/imgV1\/B95mbh8olwFQm~uCUaVOI2kQT0hb0a8sZ9turUNfnwtvuccYCzs0YVPfPbfkc2VnnN1JFDpkYaGfw1gJsS~5hOljugr5XSaTO3MfP18aAOkhqgbPE8CWUScJXN_riB51lCCZXT7lka0jEwW0kTQuaElFpl3PpleseGd2Ee8Eoaxgg0lslRDlZXrcEy7kDckE33LmCpy8iKoQFLGileNAefs4OpP4qa1lz90e0_L~VZ3ujlLITq4wllXB6FkECOiWb7ssuso8SAMP8_7FLNnLIHOXjBVFPtWrEw9H9WoSLmiiYD6DnQTZETWu3Nefsadsk3yYIxohgoAx6q4SF8_SG4JiTOLZ5qJOXALW7LWJt2_c7P9tOO8O2S8oyK6pFhmi9WCgfWlbW_qOMXW7hTuZkeKF1Ez2HTjkGFR5p2oyz2aqaE~n5b11ulGBmOlpHYILCWO~QNIao1z3_f8hyrhq.webp 696w,https:\/\/media.panoramamarbella.com\/imgV1\/B95mbh8olwFQm~uCUaVOI2kQT0hb0a8sZ9turUNfnwtvuccYCzs0YVPfPbfkc2VnnN1JFDpkYaGfw1gJsS~5hOljugr5XSaTO3MfP18aAOkhqgbPE8CWUScJXN_riB51lCCZXT7lka0jEwW0kTQuaElFpl3PpleseGd2Ee8Eo9JsfrxFBzjJolt5_L_ONj3D1AMz5tYT_LHA744HbDkG9BLs6uI0PYU4X1sFRlgfcBwJY5iRBcFr5HvToElaZjxsdCs8~5Hgvvy_kpaunVUxRSZ8IfxWJFQyQgV3QX0dfNyLnfLklky2oR2tJxM2SC6R1Gh2ZBb~wGOGiQ7EcLAIgfe2gvfoX9YhwrqyfJoF9x0F7qtd7I~KuXsYFYl3J7mD1bCRjtv4qVHVCEnk39bqtad8164P2jccsAP0LG097tuupu_HlBzx2I9NfmHBSsIRPgoiiLH4NAyoC5YSZhd6.webp 400w\" type=\"image\/webp\"><img decoding=\"async\" class=\"position-absolute w-100 h-100 object-fit-cover\" alt=\"Villa de luxe en construction avec vue sur la mer et la montagne de La Concha dans la Vall\u00e9e du Golf\" loading=\"lazy\" width=\"696\" height=\"522\" src=\"https:\/\/media.panoramamarbella.com\/imgV1\/B95mbh8olwFQm~uCUaVOI2kQT0hb0a8sZ9turUNfnwtvuccYCzs0YVPfPbfkc2VnnN1JFDpkYaGfw1gJsS~5hOljugr5XSaTO3MfP18aAOkhqgbPE8CWUScJXN_riB51lCCZXT7lka0jEwW0kTQuaElFpl3PpleseGd2Ee8Eoaxgg0lslRDlZXrcEy7kEy~XdUNb5UGIsKcFUq0_EO4hR3AnQczd~V4LBoYA1X5pZPTYKOvp9ZeTxNYL4LiUfDZ7rk0uF6vUUV5Pr5KJWjYu6M4OxGSgVjluMXMR2_beul4LMY3cdjE0uBRZOfVrWw8EhmSWdPH1fVm7eo53aFrvCc3RnDpPfEHWhcwDUIVJuFzcqDcK7gmqwZed0eIPXcxw01soaEYe9tyHkCH_NJAIBmZJGa~MldQng2JhXfqwy3QHf6VcFKZdzjHCFyE-.jpg\"><\/picture>\t\t\t<\/figure>\n\t\t\t\t\t\t<span class=\"card-properties-ref position-absolute z-2 bottom-0 end-0 bg-white text-primary py-1 px-3 me-3\">\n\t\t\t\tPANR-16149\t\t\t<\/span>\n\t\t\t<button class=\"card-properties-portfolio d-flex align-items-center justify-content-center position-absolute z-3 end-0 text-white bg-primary me-3 border-0 px-0\" data-pfl-id=\"678209\" data-pfl-filter=\"sale\" aria-label=\"Add to portfolio\">\n\t\t\t\t<svg width=\"18\" fill=\"currentColor\" viewBox=\"0 0 512 512\">\n\t\t\t\t\t<use href=\"https:\/\/www.panoramamarbella.com\/wp-content\/themes\/panoramamarbella\/dist\/src\/images\/icons.svg#svgHeart\"><\/use>\n\t\t\t\t<\/svg>\n\t\t\t\t<svg width=\"18\" fill=\"currentColor\" viewBox=\"0 0 512 512\">\n\t\t\t\t\t<use href=\"https:\/\/www.panoramamarbella.com\/wp-content\/themes\/panoramamarbella\/dist\/src\/images\/icons.svg#svgHeartIn\"><\/use>\n\t\t\t\t<\/svg>\n\t\t\t<\/button>\n\t\t<\/div>\n\t\t\t\t<button\n\t\t\tclass=\"carousel-control-prev\"\n\t\t\ttype=\"button\"\n\t\t\tdata-bs-target=\"#carouselCardProperties-1-0\"\n\t\t\tdata-bs-slide=\"prev\">\n\t\t\t<span class=\"carousel-control-prev-icon\" aria-hidden=\"true\"><\/span>\n\t\t\t<span class=\"visually-hidden\">Pr\u00e9c\u00e9dent<\/span>\n\t\t<\/button>\n\t\t<button\n\t\t\tclass=\"carousel-control-next\"\n\t\t\ttype=\"button\"\n\t\t\tdata-bs-target=\"#carouselCardProperties-1-0\"\n\t\t\tdata-bs-slide=\"next\">\n\t\t\t<span class=\"carousel-control-next-icon\" aria-hidden=\"true\"><\/span>\n\t\t\t<span class=\"visually-hidden\">Suivant<\/span>\n\t\t<\/button>\n\t\t\t<\/div>\n\t<div class=\"d-flex flex-column h-100 px-3 py-4 shadow\">\n\t\t\t\t<h3 class=\"card-properties-title mb-3\">\n\t\t\t<a class=\"stretched-link\" href=\"\/fr\/proprietes\/marbella\/nueva-andalucia\/villas-maisons-isolee\/PANR-16149\">\n\t\t\t\tVilla de luxe en construction avec vue sur la mer et la montagne de La Concha dans la Vall\u00e9e du Golf\t\t\t<\/a>\n\t\t<\/h3>\n\t\t<p class=\"mb-3 text-black-dark\">Nueva Andalucia, Marbella<\/p>\n\t\t\t\t\t\t<p class=\"card-properties-description mb-3\">\n\t\t\tSitu\u00e9e dans l\u2019un des quartiers r\u00e9sidentiels les plus recherch\u00e9s de Nueva Andaluc\u00eda, cette impressionnante villa neuve actuellement en construction repr\u00e9sente une occasion rare d\u2019acqu\u00e9rir une demeure contemporaine avec des vues spectaculaires sur la mer M\u00e9diterran\u00e9e&#8230;\t\t<\/p>\n\t\t\t\t<span class=\"card-properties-price mt-auto\">\n\t\t\t\n\t\t\t<span class=\"card-properties-price mt-auto\" data-original-price=\"9450000\">9\u202f450\u202f000\u00a0\u20ac<\/span>\n\t\t\t\t<\/span>\n\t\t\t\t<ul class=\"card-properties-features list-unstyled d-flex flex-wrap align-items-center gap-3 pt-3 border-top mt-3 mb-0\">\n\t\t\t<li class=\"d-flex align-items-center\">6 Chambres<\/li><li class=\"d-flex align-items-center\">6 Bains<\/li>\t\t\t\t<li class=\"d-flex align-items-center\">\n\t\t\t\t\t <span class=\"me-1\" data-original-value=\"941\" data-original-unit=\"m&#038;sup2\">941 m&sup2;<\/span>Total\t\t\t\t<\/li>\n\t\t\t\t\t\t\t<li class=\"d-flex align-items-center\">\n\t\t\t\t\t <span class=\"me-1\" data-original-value=\"1612\" data-original-unit=\"m&#038;sup2\">1\u202f612 m&sup2;<\/span>Terrain\t\t\t\t<\/li>\n\t\t\t\t\t\t<\/ul>\n\t\t\t<\/div>\n<\/article>\n\n\n<article class=\"col card-properties position-relative d-flex flex-column\">\n\t<div id=\"carouselCardProperties-1-1\" class=\"card-properties-images carousel slide carousel-fade lazy\" data-bs-ride=\"carousel\" data-bs-interval=\"200000\" data-id=\"670788\">\n\t\t<div class=\"carousel-inner\">\n\t\t\t<figure class=\"carousel-item mb-0 active ratio ratio-4x3\">\n\t\t\t\t<picture><source sizes=\"(max-width: 575px) calc(100vw - 24px), (max-width: 767px) 516px, (max-width: 991px) 696px, (max-width: 1199px) 296px, (max-width: 1399px) 356px, 400px\" width=\"696\" height=\"522\" srcset=\"https:\/\/media.panoramamarbella.com\/imgV1\/B95mbh8olwFQm~uCUaVOI2kQT0hb0a8sZ9turUNfnwtvuccYCzs0YVPfPbfkc2VnnN1JFDpkYaGfw1gJsS~5hOhx87s~Zs0jov_O8nfrsYsk2SFPzTb~DWkWOX__hIN6t6MEZExKxt9yX4tF02ZJ5ca2fD0~VmYUTmjnr2njc8TIYz0MyW6GUmItWN9lgPO3IAiIWw2udHe5GOkCEENuK0JCDc8dZ8GsY77fGYVONiLkXeO1216kQGP3FCRhQzhpM01BA5qUOvfC9hSiXVpnLKmPJX9pa6HD3GLEA2BNIj3t4D0slb98Kyf1qmItx8UXzPAN2akK5OuMUtpZ6wiVt1uW2e4W9GE0nb9qIHhuaPkPm_QbtL7uGbkcsiWTk5dYOtuka6QiZu4PSVdXg3Ycg8vv5bG2BJshIhBGTn49FgzDpVBOSuFw5Lp91mlyhQsENcpUSNeKXMzgDX6taf_Y.webp 696w,https:\/\/media.panoramamarbella.com\/imgV1\/B95mbh8olwFQm~uCUaVOI2kQT0hb0a8sZ9turUNfnwtvuccYCzs0YVPfPbfkc2VnnN1JFDpkYaGfw1gJsS~5hOhx87s~Zs0jov_O8nfrsYsk2SFPzTb~DWkWOX__hIN6t6MEZExKxt9yX4tF02ZJ5ca2fD0~VmYUTmjnr2njcXvQbxTD~NfbytHG6HWusD3NyCp4Bj0cPvGkvJg9SpFNQ0fOXEMxxTbrwJmgMVmaRNnIFgjGrfAv7vDUTMb5lCo8MtKWTryK26dHWDXYP15mRUnpe1PMXk4JViOpWqgdIutMtTxb8fDvK7Vgehc98HNWxN5qmVAMmDPC3rfHEptW5zR~fkueNNQGSXiY01b_prDugNjVcE99ChFkK6tbfu0U3FFTYfyiX8AGSQV_8N0Acy2scN9kb2bsFvn4WBpSkNCtNPiGyogLFHEI36akn1u03G6Oy9oacjYwpl6A~k20.webp 400w\" type=\"image\/webp\"><img decoding=\"async\" class=\"position-absolute w-100 h-100 object-fit-cover\" alt=\"Villa de luxe dans la premi\u00e8re ligne de golf \u00e0 Los Naranjos, Nova Andaluzia\" loading=\"lazy\" width=\"696\" height=\"522\" src=\"https:\/\/media.panoramamarbella.com\/imgV1\/B95mbh8olwFQm~uCUaVOI2kQT0hb0a8sZ9turUNfnwtvuccYCzs0YVPfPbfkc2VnnN1JFDpkYaGfw1gJsS~5hOhx87s~Zs0jov_O8nfrsYsk2SFPzTb~DWkWOX__hIN6t6MEZExKxt9yX4tF02ZJ5ca2fD0~VmYUTmjnr2njc8TIYz0MyW6GUmItWN9lnjInbFAkCyomFBUu8uqlG2FYU0qohAa4ebKXKejyXo2Xoh9pTpGcjbV_5RdxQ8K6IIFE0eMXPCiAJ4Rfw2rdxYrPs3ZPvwhNew88VtUU_U0H0r74W0jp09f~xUAUCCCUPaWuTThTCEKnUU6TCfyFQGin83m1v5fYoVB5ka_PACgKxzsvq5GqYvmzE03S0kQvPirUv8uLTAxGcfOd4AYhe18sVa7lGz~vKG71qQ8aGv4R0Pzfp8n55JLnBcHWDV8-.jpg\"><\/picture>\t\t\t<\/figure>\n\t\t\t\t\t\t<span class=\"card-properties-ref position-absolute z-2 bottom-0 end-0 bg-white text-primary py-1 px-3 me-3\">\n\t\t\t\tPANR-16093\t\t\t<\/span>\n\t\t\t<button class=\"card-properties-portfolio d-flex align-items-center justify-content-center position-absolute z-3 end-0 text-white bg-primary me-3 border-0 px-0\" data-pfl-id=\"670788\" data-pfl-filter=\"sale\" aria-label=\"Add to portfolio\">\n\t\t\t\t<svg width=\"18\" fill=\"currentColor\" viewBox=\"0 0 512 512\">\n\t\t\t\t\t<use href=\"https:\/\/www.panoramamarbella.com\/wp-content\/themes\/panoramamarbella\/dist\/src\/images\/icons.svg#svgHeart\"><\/use>\n\t\t\t\t<\/svg>\n\t\t\t\t<svg width=\"18\" fill=\"currentColor\" viewBox=\"0 0 512 512\">\n\t\t\t\t\t<use href=\"https:\/\/www.panoramamarbella.com\/wp-content\/themes\/panoramamarbella\/dist\/src\/images\/icons.svg#svgHeartIn\"><\/use>\n\t\t\t\t<\/svg>\n\t\t\t<\/button>\n\t\t<\/div>\n\t\t\t\t<button\n\t\t\tclass=\"carousel-control-prev\"\n\t\t\ttype=\"button\"\n\t\t\tdata-bs-target=\"#carouselCardProperties-1-1\"\n\t\t\tdata-bs-slide=\"prev\">\n\t\t\t<span class=\"carousel-control-prev-icon\" aria-hidden=\"true\"><\/span>\n\t\t\t<span class=\"visually-hidden\">Pr\u00e9c\u00e9dent<\/span>\n\t\t<\/button>\n\t\t<button\n\t\t\tclass=\"carousel-control-next\"\n\t\t\ttype=\"button\"\n\t\t\tdata-bs-target=\"#carouselCardProperties-1-1\"\n\t\t\tdata-bs-slide=\"next\">\n\t\t\t<span class=\"carousel-control-next-icon\" aria-hidden=\"true\"><\/span>\n\t\t\t<span class=\"visually-hidden\">Suivant<\/span>\n\t\t<\/button>\n\t\t\t<\/div>\n\t<div class=\"d-flex flex-column h-100 px-3 py-4 shadow\">\n\t\t\t\t<h3 class=\"card-properties-title mb-3\">\n\t\t\t<a class=\"stretched-link\" href=\"\/fr\/proprietes\/marbella\/nueva-andalucia\/los-naranjos\/villas-maisons-isolee\/PANR-16093\">\n\t\t\t\tVilla de luxe dans la premi\u00e8re ligne de golf \u00e0 Los Naranjos, Nova Andaluzia\t\t\t<\/a>\n\t\t<\/h3>\n\t\t<p class=\"mb-3 text-black-dark\">Los Naranjos, Nueva Andalucia<\/p>\n\t\t\t\t\t\t<p class=\"card-properties-description mb-3\">\n\t\t\tCette impressionnante villa est situ\u00e9e dans la premi\u00e8re ligne de Los Naranjos Golf Club, l&#039;une des zones les plus prestigieuses de la Nouvelle Andalousie, Marbella, Malaga, \u00e0 proximit\u00e9 de tous les services et restaurants, la&#8230;\t\t<\/p>\n\t\t\t\t<span class=\"card-properties-price mt-auto\">\n\t\t\t\n\t\t\t<span class=\"card-properties-price mt-auto\" data-original-price=\"6850000\">6\u202f850\u202f000\u00a0\u20ac<\/span>\n\t\t\t\t<\/span>\n\t\t\t\t<ul class=\"card-properties-features list-unstyled d-flex flex-wrap align-items-center gap-3 pt-3 border-top mt-3 mb-0\">\n\t\t\t<li class=\"d-flex align-items-center\">6 Chambres<\/li><li class=\"d-flex align-items-center\">6 Bains<\/li>\t\t\t\t<li class=\"d-flex align-items-center\">\n\t\t\t\t\t <span class=\"me-1\" data-original-value=\"881\" data-original-unit=\"m&#038;sup2\">881 m&sup2;<\/span>Total\t\t\t\t<\/li>\n\t\t\t\t\t\t\t<li class=\"d-flex align-items-center\">\n\t\t\t\t\t <span class=\"me-1\" data-original-value=\"1431\" data-original-unit=\"m&#038;sup2\">1\u202f431 m&sup2;<\/span>Terrain\t\t\t\t<\/li>\n\t\t\t\t\t\t\t\t<li class=\"d-flex align-items-center\">\n\t\t\t\t\t <span class=\"me-1\" data-original-value=\"740\" data-original-unit=\"m&#038;sup2\">740 m&sup2;<\/span>Construit\t\t\t\t<\/li>\n\t\t\t\t\t\t\t<li class=\"d-flex align-items-center\">\n\t\t\t\t\t <span class=\"me-1\" data-original-value=\"256\" data-original-unit=\"m&#038;sup2\">256 m&sup2;<\/span>Terrasses\t\t\t\t<\/li>\n\t\t\t\t\t<\/ul>\n\t\t\t<\/div>\n<\/article>\n\n\n<article class=\"col card-properties position-relative d-flex flex-column\">\n\t<div id=\"carouselCardProperties-1-2\" class=\"card-properties-images carousel slide carousel-fade lazy\" data-bs-ride=\"carousel\" data-bs-interval=\"200000\" data-id=\"659255\">\n\t\t<div class=\"carousel-inner\">\n\t\t\t<figure class=\"carousel-item mb-0 active ratio ratio-4x3\">\n\t\t\t\t<picture><source sizes=\"(max-width: 575px) calc(100vw - 24px), (max-width: 767px) 516px, (max-width: 991px) 696px, (max-width: 1199px) 296px, (max-width: 1399px) 356px, 400px\" width=\"696\" height=\"522\" srcset=\"https:\/\/media.panoramamarbella.com\/imgV1\/B95mbh8olwFQm~uCUaVOI2kQT0hb0a8sZ9turUNfnwtvuccYCzs0YVPfPbfkc2VnnN1JFDpkYaGfw1gJsS~5hOh5rHhV2F2~N_LRDxue_szo8w9H7nx2Ik~16jtqsNuheL_6rZZbfwR1gw7VFbajb1GvvioIP0xmuDmACwwX4HRgrVVISEUVkpN9tNDZKdAF96dTog3fuRVnVba02bRrop4k9d46uEvbN48CnI72~PbxFgz~gs~CygBtOku5HGgryDn~~eAZL3EZJiFXim39LHmsMt~pKp1pP9Wfdh9H9cbgK3YYaPvWzDVj1dP5Hz1gk9_yMFzKj5kDWH7gx5leIl0Lr37mVz9atEPHPF749mlX_pNKN5IueXCDKua2v2AiyQnvpragJDkBsormFOsyC3PCE6JBxubBS~QFnpwJwCn5gvUcD57CZtVAOtNdF0enQU~1SR7Kqf4kgZ0Ckvp9.webp 696w,https:\/\/media.panoramamarbella.com\/imgV1\/B95mbh8olwFQm~uCUaVOI2kQT0hb0a8sZ9turUNfnwtvuccYCzs0YVPfPbfkc2VnnN1JFDpkYaGfw1gJsS~5hOh5rHhV2F2~N_LRDxue_szo8w9H7nx2Ik~16jtqsNuheL_6rZZbfwR1gw7VFbajb1GvvioIP0xmuDmACwwX4h_tpeXNBNnMniASNhg7QrCXOLSVmiaeKIp49ACti9QqUVqHDShVYOzqNSfW8ZHd9kLYoL3nL3OHOMDzg9AAXgzE7fDgTF5Rp_pyHSeKs7j3yAY_6mprixVOf2sft_21vBwqB7Ko5DPFMhB3axd1qQ~aMhLMh0SBBe9ysXU_cRCOQmyMf4v5Aad0fCCFQsoLBB43BtafiINGXruJvtH0tAeCdgTQY5Rp_nHCp2sC_ngzj6AdYQrwqsc0V8scoAg73exiVxNuTDY0qvwr5e2h1KE0kn0TioIawhHKW7B2spby.webp 400w\" type=\"image\/webp\"><img decoding=\"async\" class=\"position-absolute w-100 h-100 object-fit-cover\" alt=\"R\u00e9sidence de luxe moderne neuve \u00e0 Las Brisas, Nueva Andaluc\u00eda\" loading=\"lazy\" width=\"696\" height=\"522\" src=\"https:\/\/media.panoramamarbella.com\/imgV1\/B95mbh8olwFQm~uCUaVOI2kQT0hb0a8sZ9turUNfnwtvuccYCzs0YVPfPbfkc2VnnN1JFDpkYaGfw1gJsS~5hOh5rHhV2F2~N_LRDxue_szo8w9H7nx2Ik~16jtqsNuheL_6rZZbfwR1gw7VFbajb1GvvioIP0xmuDmACwwX4HRgrVVISEUVkpN9tNDZNwOD6xwW8ZseOKCSe1_UKdcGyzup2_oebDyQPqgjWjkap8HlHKigRU1GetL6dTSB2fqniNRAeiU6Dhp091fj_2UevwceqLDlQnXvnhpWFfdvmZC9f9TMva8lIRrHQ5~QwJBoYY1yN7VBvaBqpNF~rDggqEqSuzXNS8xwEvvnWb3A~dd_RKmgqYFN6ktPzya_JzrWeoS~UOylmV68WzxE~_IbQXKvkBJu28~f4oaYIrIQ6aIjydrnckH9HMISeSo-.jpg\"><\/picture>\t\t\t<\/figure>\n\t\t\t\t\t\t<span class=\"card-properties-ref position-absolute z-2 bottom-0 end-0 bg-white text-primary py-1 px-3 me-3\">\n\t\t\t\tPANR-16011\t\t\t<\/span>\n\t\t\t<button class=\"card-properties-portfolio d-flex align-items-center justify-content-center position-absolute z-3 end-0 text-white bg-primary me-3 border-0 px-0\" data-pfl-id=\"659255\" data-pfl-filter=\"sale\" aria-label=\"Add to portfolio\">\n\t\t\t\t<svg width=\"18\" fill=\"currentColor\" viewBox=\"0 0 512 512\">\n\t\t\t\t\t<use href=\"https:\/\/www.panoramamarbella.com\/wp-content\/themes\/panoramamarbella\/dist\/src\/images\/icons.svg#svgHeart\"><\/use>\n\t\t\t\t<\/svg>\n\t\t\t\t<svg width=\"18\" fill=\"currentColor\" viewBox=\"0 0 512 512\">\n\t\t\t\t\t<use href=\"https:\/\/www.panoramamarbella.com\/wp-content\/themes\/panoramamarbella\/dist\/src\/images\/icons.svg#svgHeartIn\"><\/use>\n\t\t\t\t<\/svg>\n\t\t\t<\/button>\n\t\t<\/div>\n\t\t\t\t<button\n\t\t\tclass=\"carousel-control-prev\"\n\t\t\ttype=\"button\"\n\t\t\tdata-bs-target=\"#carouselCardProperties-1-2\"\n\t\t\tdata-bs-slide=\"prev\">\n\t\t\t<span class=\"carousel-control-prev-icon\" aria-hidden=\"true\"><\/span>\n\t\t\t<span class=\"visually-hidden\">Pr\u00e9c\u00e9dent<\/span>\n\t\t<\/button>\n\t\t<button\n\t\t\tclass=\"carousel-control-next\"\n\t\t\ttype=\"button\"\n\t\t\tdata-bs-target=\"#carouselCardProperties-1-2\"\n\t\t\tdata-bs-slide=\"next\">\n\t\t\t<span class=\"carousel-control-next-icon\" aria-hidden=\"true\"><\/span>\n\t\t\t<span class=\"visually-hidden\">Suivant<\/span>\n\t\t<\/button>\n\t\t\t<\/div>\n\t<div class=\"d-flex flex-column h-100 px-3 py-4 shadow\">\n\t\t\t\t<h3 class=\"card-properties-title mb-3\">\n\t\t\t<a class=\"stretched-link\" href=\"\/fr\/proprietes\/marbella\/nueva-andalucia\/villas-maisons-isolee\/PANR-16011\">\n\t\t\t\tR\u00e9sidence de luxe moderne neuve \u00e0 Las Brisas, Nueva Andaluc\u00eda\t\t\t<\/a>\n\t\t<\/h3>\n\t\t<p class=\"mb-3 text-black-dark\">Nueva Andalucia, Marbella<\/p>\n\t\t\t\t\t\t<p class=\"card-properties-description mb-3\">\n\t\t\tCette r\u00e9sidence contemporaine exceptionnelle incarne le luxe moderne, alliant excellence architecturale et int\u00e9rieurs sur mesure pour cr\u00e9er une demeure d\u2019une \u00e9l\u00e9gance et d\u2019un raffinement in\u00e9gal\u00e9s. Chaque aspect a \u00e9t\u00e9 soigneusement con\u00e7u pour r\u00e9pondre aux plus&#8230;\t\t<\/p>\n\t\t\t\t<span class=\"card-properties-price mt-auto\">\n\t\t\t\n\t\t\t<span class=\"card-properties-price mt-auto\" data-original-price=\"6100000\">6\u202f100\u202f000\u00a0\u20ac<\/span>\n\t\t\t\t<\/span>\n\t\t\t\t<ul class=\"card-properties-features list-unstyled d-flex flex-wrap align-items-center gap-3 pt-3 border-top mt-3 mb-0\">\n\t\t\t<li class=\"d-flex align-items-center\">5 Chambres<\/li><li class=\"d-flex align-items-center\">6 Bains<\/li>\t\t\t\t<li class=\"d-flex align-items-center\">\n\t\t\t\t\t <span class=\"me-1\" data-original-value=\"650\" data-original-unit=\"m&#038;sup2\">650 m&sup2;<\/span>Total\t\t\t\t<\/li>\n\t\t\t\t\t\t\t<li class=\"d-flex align-items-center\">\n\t\t\t\t\t <span class=\"me-1\" data-original-value=\"1014.96\" data-original-unit=\"m&#038;sup2\">1\u202f014,96 m&sup2;<\/span>Terrain\t\t\t\t<\/li>\n\t\t\t\t\t\t\t\t<li class=\"d-flex align-items-center\">\n\t\t\t\t\t <span class=\"me-1\" data-original-value=\"534\" data-original-unit=\"m&#038;sup2\">534 m&sup2;<\/span>Construit\t\t\t\t<\/li>\n\t\t\t\t\t\t\t<li class=\"d-flex align-items-center\">\n\t\t\t\t\t <span class=\"me-1\" data-original-value=\"116\" data-original-unit=\"m&#038;sup2\">116 m&sup2;<\/span>Terrasses\t\t\t\t<\/li>\n\t\t\t\t\t<\/ul>\n\t\t\t<\/div>\n<\/article>\n\t\t\t<\/div>\n\t\t\t<ul class=\"mw-100 d-flex flex-column flex-lg-row flex-lg-wrap justify-content-center gap-3 list-unstyled mt-5 mb-0\">\n    <li><a class=\"btn btn-primary w-100 px-4 py-2\" href=\"https:\/\/www.panoramamarbella.com\/fr\/proprietes\/marbella\/nueva-andalucia\">Propri\u00e9t\u00e9s \u00e0 vendre \u00e0 Nueva Andaluc\u00eda<\/a><\/li><\/ul>\n\t\t<\/section>\n\t\t\n","protected":false},"excerpt":{"rendered":"<p>Nueva Andaluc\u00eda offre des villas de luxe, des parcours de golf et des services exclusifs, pr\u00e8s du glamour de Puerto Ban\u00fas.<\/p>\n","protected":false},"author":8,"featured_media":7527,"parent":0,"menu_order":0,"template":"template-pages\/template-parent-guide.php","meta":{"_acf_changed":true},"tags":[182],"class_list":["post-7574","areas","type-areas","status-publish","has-post-thumbnail","hentry","tag-nueva-andalucia-mainguide-fr"],"acf":[],"_links":{"self":[{"href":"https:\/\/www.panoramamarbella.com\/fr\/wp-json\/wp\/v2\/areas\/7574","targetHints":{"allow":["GET"]}}],"collection":[{"href":"https:\/\/www.panoramamarbella.com\/fr\/wp-json\/wp\/v2\/areas"}],"about":[{"href":"https:\/\/www.panoramamarbella.com\/fr\/wp-json\/wp\/v2\/types\/areas"}],"author":[{"embeddable":true,"href":"https:\/\/www.panoramamarbella.com\/fr\/wp-json\/wp\/v2\/users\/8"}],"wp:featuredmedia":[{"embeddable":true,"href":"https:\/\/www.panoramamarbella.com\/fr\/wp-json\/wp\/v2\/media\/7527"}],"wp:attachment":[{"href":"https:\/\/www.panoramamarbella.com\/fr\/wp-json\/wp\/v2\/media?parent=7574"}],"wp:term":[{"taxonomy":"post_tag","embeddable":true,"href":"https:\/\/www.panoramamarbella.com\/fr\/wp-json\/wp\/v2\/tags?post=7574"}],"curies":[{"name":"wp","href":"https:\/\/api.w.org\/{rel}","templated":true}]}}