{"id":43472,"date":"2025-10-01T03:35:15","date_gmt":"2025-10-01T01:35:15","guid":{"rendered":"https:\/\/www.panoramamarbella.com\/a-propos\/accreditations-awards-independence"},"modified":"2026-04-27T14:19:00","modified_gmt":"2026-04-27T12:19:00","slug":"agence-immobiliere-marbella","status":"publish","type":"page","link":"https:\/\/www.panoramamarbella.com\/fr\/a-propos\/agence-immobiliere-marbella","title":{"rendered":"Panorama &#8211; r\u00e9glementation RICS, prix, ind\u00e9pendance et premi\u00e8res pionni\u00e8res \u00e0 Marbella depuis 1970"},"content":{"rendered":"\n\n<p><strong>L\u2019agence immobili\u00e8re \u00e0 Marbella la plus ancienne<br><\/strong>Depuis 1970 \u00b7 R\u00e9glement\u00e9e par la RICS \u00b7 Propri\u00e9t\u00e9 ind\u00e9pendante<\/p>\n\n\n<div class=\"lead\"><p>Panorama est une agence immobili\u00e8re \u00e0 Marbella, familiale, \u00e9tablie en 1970 et r\u00e9glement\u00e9e par la Royal Institution of Chartered Surveyors (RICS). Cette page r\u00e9unit les accr\u00e9ditations formelles de Panorama, ses prix internationaux et locaux, ses publications (comme nos rapports annuels de march\u00e9) et ses premi\u00e8res notables dans le secteur, offrant une vue d\u2019ensemble claire et v\u00e9rifiable de nos r\u00e9f\u00e9rences.<\/p>\n<\/div>\n\n\n<p>Lorsqu\u2019ils choisissent un conseiller immobilier, les clients recherchent g\u00e9n\u00e9ralement une r\u00e9glementation formelle et des garanties pour le client, une exp\u00e9rience de long terme, une prise de d\u00e9cision ind\u00e9pendante, un leadership disciplin\u00e9, une satisfaction client av\u00e9r\u00e9e et une ex\u00e9cution constante dans le temps. Panorama offre une combinaison rare de toutes ces forces : <strong>r\u00e9glementation de l\u2019entreprise par la RICS<\/strong> (depuis 2015), <strong>propri\u00e9t\u00e9 familiale ind\u00e9pendante<\/strong> (depuis 1970), direction <strong>FRICS et AssocRICS<\/strong>, prix <strong>europ\u00e9ens et locaux reconnus<\/strong>, nombreux <strong>t\u00e9moignages clients v\u00e9rifi\u00e9s<\/strong> et expertises officielles organis\u00e9es par l\u2019interm\u00e9diaire de prestataires accr\u00e9dit\u00e9s.<\/p>\n\n\n\t<figure class=\"wp-caption aligncenter wp-block-acf-wpimage\">\n\t<picture><source width=\"1170\" height=\"821.7421875\" srcset=\"https:\/\/media.panoramamarbella.com\/imgV1\/B95mbh8olwFQm~uCT2wPZMb8hll4wghQQQq6YWg0~c~U_DrmgY8pGP8pqaDzA6mvjyI_OPtcrHD_aKxDZZC5gTs47j5uekQET4lBG_pt0tYkO3mFLR3BVbDejuxo1UfQu2p~HTW6ntgHiwaG_8Hb8lo9f8Ti3kDAv9UPuGrcme4ufxkXLmGKgFkGZd2Eo1rrEA--.webp 1170w\" type=\"image\/webp\"><img decoding=\"async\" class=\"img-fluid\" loading=\"lazy\" width=\"1280\" height=\"899\" alt=\"\u00c9quipe Panorama\" src=\"https:\/\/media.panoramamarbella.com\/imgV1\/B95mbh8olwFQm~uCT2wPZMb8hll4wghQQQq6YWg0~c~U_DrmgY8pGP8pqaDzA6mvjyI_OPtcrHD_aKxDZZC5gTs47j5uekQET4lBG_pt0tYkO3mFLR3BVbDejuxo1UfQu2p~HTW6ntgHiwaG_9_L24iIC5blfmi8t~Wnkmx6.jpg\"><\/picture>\t\t<\/figure>\n\t\n\n\n<p><strong>Points forts<\/strong><\/p>\n\n\n\n<p>Principales r\u00e9f\u00e9rences, distinctions et signes de leadership de march\u00e9 de cette page en un coup d\u2019\u0153il :<\/p>\n\n\n\n<ol class=\"wp-block-list\">\n<li>Agence <strong>r\u00e9glement\u00e9e par la RICS<\/strong> (depuis 2015) &#8211; seule agence <strong>immobili\u00e8re r\u00e9sidentielle r\u00e9glement\u00e9e par la RICS<\/strong> \u00e0 Marbella et dans le sud de l\u2019Espagne<\/li>\n\n\n\n<li><strong>L\u2019agence immobili\u00e8re \u00e0 Marbella la plus ancienne<\/strong> &#8211; au service du march\u00e9 de fa\u00e7on continue depuis 1970<\/li>\n\n\n\n<li>Pratique de longue date dans <strong>l\u2019immobilier de luxe<\/strong> &#8211; pr\u00e9sence ininterrompue sur le march\u00e9 prime depuis 1970<\/li>\n\n\n\n<li><strong>Soci\u00e9t\u00e9 familiale d\u00e9tenue et exploit\u00e9e de mani\u00e8re 100 % ind\u00e9pendante<\/strong> &#8211; sans frais de franchise, quotas ni conflits d\u2019int\u00e9r\u00eats<\/li>\n\n\n\n<li><strong>Le bureau immobilier le plus spectaculaire de la Costa del Sol<\/strong> &#8211; emplacement phare au sein du resort Puente Romano Marbella<\/li>\n\n\n\n<li><strong>Associated Agent &#8211; John D. Wood &amp; Co.<\/strong> (depuis juillet 2024) &#8211; reliant l\u2019immobilier de luxe \u00e0 Marbella aux sp\u00e9cialistes \u00e9tablis du march\u00e9 prime londonien<\/li>\n\n\n\n<li><strong>Plusieurs premi\u00e8res pionni\u00e8res \u00e0 Marbella<\/strong>, notamment les vols d\u2019inspection (1975) et la premi\u00e8re open house (1982)<\/li>\n\n\n\n<li><strong>Christopher Clover &#8211; titre de Fellow de la RICS (FRICS)<\/strong> accord\u00e9 pour \u00e9minence (2015)<\/li>\n\n\n\n<li><strong>Membre fondateur de la LPA <\/strong>(Leading Property Agents of Spain) ; Christopher Clover nomm\u00e9 Pr\u00e9sident d\u2019honneur en 2020<\/li>\n\n\n\n<li>Adh\u00e9sion \u00e0 la <strong>GIPE<\/strong> (Gestores Inmobiliarios Profesionales Europeos) d\u00e9tenue par Christopher Clover depuis 1997<\/li>\n\n\n\n<li><strong>CIT Marbella &#8211; prix Business Leader of the Year<\/strong> (Christopher Clover), novembre 2024<\/li>\n\n\n\n<li><strong>European Property Awards<\/strong> &#8211; Best Real Estate Agency Spain pendant trois ann\u00e9es cons\u00e9cutives (2019\u20132021)<\/li>\n\n\n\n<li>Plus de <strong>55 ans de commentaires sur le march\u00e9 immobilier de Marbella<\/strong> par Christopher Clover, avec des rapports largement cit\u00e9s dans les m\u00e9dias locaux et nationaux<\/li>\n\n\n\n<li><strong>Agence full-service et luxury concierge<\/strong> &#8211; comprenant locations conformes, client services, pr\u00e9paration juridique, avocats ind\u00e9pendants et expertises accr\u00e9dit\u00e9es<\/li>\n\n\n\n<li><strong>Puente Romano Real Estate exploit\u00e9e par Panorama<\/strong> &#8211; agence officielle du resort pour Puente Romano Marbella et Nobu Marbella<\/li>\n\n\n\n<li>Plus de 100 t\u00e9moignages <strong>v\u00e9rifi\u00e9s de clients fortun\u00e9s dans les bureaux Panorama<\/strong> de la Golden Mile<\/li>\n<\/ol>\n\n\n\n<ul class=\"table-index list-unstyled p-4 p-lg-5 ms-0 bg-light\"><li class=\"text-uppercase fw-bold mb-3\">Table des mati\u00e8res<\/li><li><a href=\"#references+et+reglementation\">\nR\u00e9f\u00e9rences et r\u00e9glementation\n<\/a><\/li>\n<li><a href=\"#independante+et+alignee+avec+le+client+sans+pressions+de+franchise\">\nInd\u00e9pendante et align\u00e9e avec le client (sans pressions de franchise)\n<\/a><\/li>\n<li><a href=\"#agence+fullservice++client+services+locations+assistance+juridique+et+expertises\">\nAgence full-service : client services, locations, assistance juridique et expertises\n<\/a><\/li>\n<li><a href=\"#prix+et+distinctions+ordre+chronologique+inverse\">\nPrix et distinctions (ordre chronologique inverse)\n<\/a><\/li>\n<li><a href=\"#leadership+de+marche+et+references+de+luxe\">\nLeadership de march\u00e9 et r\u00e9f\u00e9rences de luxe\n<\/a><\/li>\n<li><a href=\"#leadership+dopinion+et+publications\">\nLeadership d\u2019opinion et publications\n<\/a><\/li>\n<li><a href=\"#associations+et+organismes+professionnels+ordre+chronologique+inverse\">\nAssociations et organismes professionnels (ordre chronologique inverse)\n<\/a><\/li>\n<li><a href=\"#partenariats+commerciaux+ordre+chronologique+inverse\">\nPartenariats commerciaux (ordre chronologique inverse)\n<\/a><\/li>\n<li><a href=\"#jalons+pionniers+chronologique\">\nJalons pionniers (chronologique)\n<\/a><\/li>\n<li><a href=\"#presence+et+bureaux\">\nPr\u00e9sence et bureaux\n<\/a><\/li><\/ul>\n\n\n<hr class=\"w-75 mt-3 mt-md-5 mb-3 mb-md-6 mx-auto border-2 border-secondary opacity-50\">\n\n\n\n\n<h2 class=\"wp-block-heading clearfix mb-6\">R\u00e9f\u00e9rences et r\u00e9glementation<\/h2>\n\n\n\t<figure class=\"wp-caption alignright wp-block-acf-wpimage\">\n\t<picture><source width=\"600\" height=\"275\" srcset=\"https:\/\/media.panoramamarbella.com\/imgV1\/B95mbh8olwFQm~uCT2wPZMb8hll4wghQQQq6YWg0~c~U_DrmgY8pGP8pqaDzA6mvjyI_OPtcrHD_aKxDZZC7LjrY91ToWdJaG2qg0NOHTx_1idINyUlVzHTvGbVgi_51jkiQkJXuYsC7GFTkA5EN9s2zVBzix0_2MRJcOMgzq84Z_xKx0_sfebZDXJGm1II9YAqJN9yhFoWVCQ--.png 600w\" type=\"image\/webp\"><img decoding=\"async\" class=\"img-fluid\" loading=\"lazy\" width=\"600\" height=\"275\" alt=\"Panorama r\u00e9glement\u00e9e par la RICS - la seule agence immobili\u00e8re r\u00e9sidentielle r\u00e9glement\u00e9e par la RICS bas\u00e9e \u00e0 Marbella\" src=\"https:\/\/media.panoramamarbella.com\/imgV1\/B95mbh8olwFQm~uCT2wPZMb8hll4wghQQQq6YWg0~c~U_DrmgY8pGP8pqaDzA6mvjyI_OPtcrHD_aKxDZZC7LjrY91ToWdJaG2qg0NOHTx_1idINyUlVzHTvGbVgi_51jkiQkJXuYsC7GFTkA5EN9s2zVBzix0_2MRJcOMgzq84Z_w--.png\"><\/picture>\t\t<\/figure>\n\t\n\n\n<h3 class=\"wp-block-heading\">Panorama est la seule agence r\u00e9sidentielle r\u00e9glement\u00e9e par la RICS \u00e0 Marbella<\/h3>\n\n\n\n<p>5 mai 2016 \u00b7 Accr\u00e9ditation \u00b7 International<br><br>Depuis 2015, Panorama est r\u00e9glement\u00e9e par la prestigieuse Royal Institution of Chartered Surveyors (RICS) et constitue la seule agence immobili\u00e8re r\u00e9sidentielle r\u00e9glement\u00e9e par la RICS bas\u00e9e \u00e0 Marbella et sur la Costa del Sol. La RICS est l\u2019organisme mondial de r\u00e9f\u00e9rence en mati\u00e8re de normes pour le foncier, l\u2019immobilier, la construction et les infrastructures, avec plus de 130 000 membres dans plus de 145 pays. Contrairement aux syst\u00e8mes de type ISO, la r\u00e9glementation RICS est sp\u00e9cifique \u00e0 l\u2019immobilier : contr\u00f4le des fonds clients, traitement des r\u00e9clamations avec r\u00e9solution ind\u00e9pendante des litiges, assurance responsabilit\u00e9 professionnelle et Rules of Conduct.<br><br>En savoir plus: <a href=\"https:\/\/www.panoramamarbella.com\/fr\/news\/agence-panorama-agreee-rics\" data-type=\"post\" data-id=\"1017\">Panorama r\u00e9glement\u00e9e par la RICS &#8211; la seule agence immobili\u00e8re r\u00e9sidentielle r\u00e9glement\u00e9e par la RICS bas\u00e9e \u00e0 Marbella<\/a><\/p>\n\n\n\n<p>&nbsp;<\/p>\n\n\n\t<figure class=\"wp-caption alignright wp-block-acf-wpimage\">\n\t<picture><source width=\"600\" height=\"275\" srcset=\"https:\/\/media.panoramamarbella.com\/imgV1\/B95mbh8olwFQm~uCT2wPZMb8hll4wghQQQq6YWg0~c~U_DrmgY8pGP8pqaDzA6mvjyI_OPtcrHD_aKxDZZC7LiJW_ChrG3RqUCPAdwAujhf1rsmN1YVF3of1Ca7IcuLfQ3g2_zgHW9pD~BwbJ5vga1jBLc0360l6qFXgyx6F2v2wclUNuaQL0W0lI2tkSfcuSeYQOYy34dZxdlYtnEywOqE-.webp 600w\" type=\"image\/webp\"><img decoding=\"async\" class=\"img-fluid\" loading=\"lazy\" width=\"600\" height=\"275\" alt=\"Comment v\u00e9rifier la r\u00e9glementation RICS de Panorama\" src=\"https:\/\/media.panoramamarbella.com\/imgV1\/B95mbh8olwFQm~uCT2wPZMb8hll4wghQQQq6YWg0~c~U_DrmgY8pGP8pqaDzA6mvjyI_OPtcrHD_aKxDZZC7LiJW_ChrG3RqUCPAdwAujhf1rsmN1YVF3of1Ca7IcuLfQ3g2_zgHW9pD~BwbJ5vga1jBLc0360l6qFXgyx6bY9uJohVAzan9z0__CgTLaw--.jpg\"><\/picture>\t\t<\/figure>\n\t\n\n\n<h3 class=\"wp-block-heading\">Comment v\u00e9rifier la r\u00e9glementation RICS de Panorama (avec preuve dans l\u2019annuaire)<\/h3>\n\n\n\n<p>19 septembre 2025 \u00b7 Accr\u00e9ditation \u00b7 International<br><br>Le statut RICS de Panorama peut \u00eatre v\u00e9rifi\u00e9 directement dans l\u2019annuaire RICS, o\u00f9 figurent la soci\u00e9t\u00e9 et ses membres dirigeants. La r\u00e9glementation RICS apporte des standards reconnus en mati\u00e8re de fonds clients, de r\u00e9clamations et de conduite professionnelle, soutenant des transactions mesur\u00e9es sur le march\u00e9 prime de Marbella. V\u00e9rification effectu\u00e9e au moment de la publication ; des indications sont fournies pour interpr\u00e9ter correctement les entr\u00e9es.<br><br>En savoir plus: <a href=\"https:\/\/www.panoramamarbella.com\/fr\/news\/regulation-rics-de-panorama\" data-type=\"post\" data-id=\"38846\">Comment v\u00e9rifier la r\u00e9glementation RICS de Panorama<\/a><\/p>\n\n\n\n<p>&nbsp;<\/p>\n\n\n\t<figure class=\"wp-caption alignright wp-block-acf-wpimage\">\n\t<picture><source width=\"600\" height=\"275\" srcset=\"https:\/\/media.panoramamarbella.com\/imgV1\/B95mbh8olwFQm~uCT2wPZMb8hll4wghQQQq6YWg0~c~U_DrmgY8pGP8pqaDzA6mvjyI_OPtcrHD_aKxDZZC7LinT2AkYILLGVnfHlbh9J7L5XQtBmEyAL11UWvnkmbm6AykSHUHCJY87HvDq5r15HwGBfu48TM5q2ZZQTf_FcSPlrGss621uFLJ2TCymq3pS3F5gm2aaqg--.webp 600w\" type=\"image\/webp\"><img decoding=\"async\" class=\"img-fluid\" loading=\"lazy\" width=\"600\" height=\"275\" alt=\"Christopher Clover - Eminent Fellow de la Royal Institution of Chartered Surveyors (FRICS)\" src=\"https:\/\/media.panoramamarbella.com\/imgV1\/B95mbh8olwFQm~uCT2wPZMb8hll4wghQQQq6YWg0~c~U_DrmgY8pGP8pqaDzA6mvjyI_OPtcrHD_aKxDZZC7LinT2AkYILLGVnfHlbh9J7L5XQtBmEyAL11UWvnkmbm6AykSHUHCJY87HvDq5r15HwGBfvAE5fjRHng9EMUJRjquAfr0.jpg\"><\/picture>\t\t<\/figure>\n\t\n\n\n<h3 class=\"wp-block-heading\">Christopher Clover &#8211; Membre \u00e9minent de la Royal Institution of Chartered Surveyors (FRICS)<\/h3>\n\n\n\n<p>11 ao\u00fbt 2015 \u00b7 R\u00e9f\u00e9rence \u00b7 International<br><br>En 2015, Christopher Clover, Managing Director de Panorama, a \u00e9t\u00e9 admis comme Fellow de la Royal Institution of Chartered Surveyors (FRICS) &#8211; le plus haut grade professionnel de l\u2019institution &#8211; en reconnaissance d\u2019un leadership durable, de son int\u00e9grit\u00e9 et de sa contribution \u00e0 la profession. Ce fellowship compl\u00e8te la r\u00e9glementation de Panorama au niveau de l\u2019entreprise, renfor\u00e7ant une approche privil\u00e9giant la gouvernance \u00e0 travers les cycles de march\u00e9.<br><br>En savoir plus: <a href=\"https:\/\/www.panoramamarbella.com\/fr\/news\/christopher-clover-frics\" data-type=\"link\" data-id=\"https:\/\/www.panoramamarbella.com\/fr\/news\/christopher-clover-frics\">Christopher Clover \u2013 FRICS (Membre \u00e9minent) (2015)<\/a><\/p>\n\n\n\n<p>&nbsp;<\/p>\n\n\n\t<figure class=\"wp-caption alignright wp-block-acf-wpimage\">\n\t<picture><source width=\"600\" height=\"275\" srcset=\"https:\/\/media.panoramamarbella.com\/imgV1\/B95mbh8olwFQm~uCT2wPZMb8hll4wghQQQq6YWg0~c~U_DrmgY8pGP8pqaDzA6mvjyI_OPtcrHD_aKxDZZC7LiteeEhGIUA6isHFK_2cFXw8YqGw3mThRRfwYdh5vK4ODr_4UtcJ3Ith6Ok0W2qqG5Qasu0hiR1noESP_SuPscIGGeKQMnzG.webp 600w\" type=\"image\/webp\"><img decoding=\"async\" class=\"img-fluid\" loading=\"lazy\" width=\"600\" height=\"275\" alt=\"Katinka Clover et Alfonso Mu\u00f1oz AssocRICS\" src=\"https:\/\/media.panoramamarbella.com\/imgV1\/B95mbh8olwFQm~uCT2wPZMb8hll4wghQQQq6YWg0~c~U_DrmgY8pGP8pqaDzA6mvjyI_OPtcrHD_aKxDZZC7LiteeEhGIUA6isHFK_2cFXw8YqGw3mThRRfwYdh5vK4ODr_4TGPzq_BXcFEEoshyB3yRi~U-.jpg\"><\/picture>\t\t<\/figure>\n\t\n\n\n<h3 class=\"wp-block-heading\">Katinka Clover et Alfonso Mu\u00f1oz AssocRICS<\/h3>\n\n\n\n<p>2022 \u00b7 R\u00e9f\u00e9rence \u00b7 International<br><br>En 2022, Katinka Clover et Alfonso Mu\u00f1oz ont obtenu le statut AssocRICS, attestant d\u2019une comp\u00e9tence appliqu\u00e9e et de standards \u00e9thiques dans le cadre professionnel de la RICS. Leurs r\u00e9f\u00e9rences soutiennent le travail quotidien de l\u2019agence \u2014 discipline d\u2019\u00e9valuation, documentation et service client \u2014, en coh\u00e9rence avec une pratique r\u00e9glement\u00e9e au service de transactions prime et ultra-prime.<br><br>En savoir plus: <a href=\"https:\/\/www.panoramamarbella.com\/fr\/news\/katinka-et-alfonso-assocrics\" data-type=\"post\" data-id=\"39222\">AssocRICS \u2014 Katinka Clover &amp; Alfonso Mu\u00f1oz (2022) \u2014 port\u00e9e, v\u00e9rification et parcours client<\/a><\/p>\n\n\n\n<p>&nbsp;<\/p>\n\n\n<hr class=\"w-75 mt-3 mt-md-5 mb-3 mb-md-6 mx-auto border-2 border-secondary opacity-50\">\n\n\n\n\n<h2 class=\"wp-block-heading clearfix mb-6\">Ind\u00e9pendante et align\u00e9e avec le client (sans pressions de franchise)<\/h2>\n\n\n\t<figure class=\"wp-caption alignright wp-block-acf-wpimage\">\n\t<picture><source width=\"600\" height=\"275\" srcset=\"https:\/\/media.panoramamarbella.com\/imgV1\/B95mbh8olwFQm~uCT2wPZMb8hll4wghQQQq6YWg0~c~U_DrmgY8pGP8pqaDzA6mvjyI_OPtcrHD_aKxDZZC7LjrY91ToWdJaG3FfIGqwIPuuuXbvWLqXMmhTXrioDoM1wOCNqcbhmxCC1JWEWL1YcqgGknfxy4qoPf1M~bnAne5p9mUuK7FPY8ArYAsULtcBsdXck2p1Jg--.webp 600w\" type=\"image\/webp\"><img decoding=\"async\" class=\"img-fluid\" loading=\"lazy\" width=\"600\" height=\"275\" alt=\"Politique d\u2019ind\u00e9pendance de Panorama : une pratique align\u00e9e sur le client\" src=\"https:\/\/media.panoramamarbella.com\/imgV1\/B95mbh8olwFQm~uCT2wPZMb8hll4wghQQQq6YWg0~c~U_DrmgY8pGP8pqaDzA6mvjyI_OPtcrHD_aKxDZZC7LjrY91ToWdJaG3FfIGqwIPuuuXbvWLqXMmhTXrioDoM1wOCNqcbhmxCC1JWEWL1YcqgGkmmk6L8khsTIGXFVhYZNRKL9.jpg\"><\/picture>\t\t<\/figure>\n\t\n\n\n<h3 class=\"wp-block-heading\">Politique d\u2019ind\u00e9pendance de Panorama : une pratique align\u00e9e sur le client (Marbella, depuis 1970)<\/h3>\n\n\n\n<p>Depuis 1970 \u00b7 Gouvernance \u00b7 Marbella<br><br>D\u00e9tenue de mani\u00e8re ind\u00e9pendante \u00e0 Marbella depuis 1970 et 100 % familiale, Panorama prend ses d\u00e9cisions localement sans quotas de franchise ni pression d\u2019investisseurs ext\u00e9rieurs. Les r\u00f4les restent distincts, les conflits sont contr\u00f4l\u00e9s et divulgu\u00e9s, et les recommandations juridiques sont ind\u00e9pendantes, les clients d\u00e9signant eux-m\u00eames leur conseil. La r\u00e9glementation RICS apporte les garanties formelles attendues sur les march\u00e9s matures.<br><br>En savoir plus: <a href=\"https:\/\/www.panoramamarbella.com\/fr\/news\/politique-dindependance-panorama\" data-type=\"post\" data-id=\"39432\">Politique d\u2019ind\u00e9pendance de Panorama : une pratique align\u00e9e sur le client (Marbella, depuis 1970)<\/a><\/p>\n\n\n\n<p>&nbsp;<\/p>\n\n\n<hr class=\"w-75 mt-3 mt-md-5 mb-3 mb-md-6 mx-auto border-2 border-secondary opacity-50\">\n\n\n\n\n<h2 class=\"wp-block-heading clearfix mb-6\">Agence full-service : client services, locations, assistance juridique et expertises<\/h2>\n\n\n\t<figure class=\"wp-caption alignright wp-block-acf-wpimage\">\n\t<picture><source width=\"600\" height=\"275\" srcset=\"https:\/\/media.panoramamarbella.com\/imgV1\/B95mbh8olwFQm~uCT2wPZMb8hll4wghQQQq6YWg0~c~U_DrmgY8pGP8pqaDzA6mvjyI_OPtcrHD_aKxDZZC7LinX7GzJ6f0MsUOqqtDRNgA~kzXq7IpHWLNLjvGTn800Dp38cVytMjsO5KM202nEMHFaNUr8N3LptX~_wcb1IVYVfW0nZ3LYWbCJfQu0.webp 600w\" type=\"image\/webp\"><img decoding=\"async\" class=\"img-fluid\" loading=\"lazy\" width=\"600\" height=\"275\" alt=\"Luxury lifestyle concierge \u2013 prise en charge apr\u00e8s-vente compl\u00e8te au-del\u00e0 de la finalisation de la transaction\" src=\"https:\/\/media.panoramamarbella.com\/imgV1\/B95mbh8olwFQm~uCT2wPZMb8hll4wghQQQq6YWg0~c~U_DrmgY8pGP8pqaDzA6mvjyI_OPtcrHD_aKxDZZC7LinX7GzJ6f0MsUOqqtDRNgA~kzXq7IpHWLNLjvGTn800Dp38cVytMjsO_uhEQ0~WpRQ9RjTRHMZcvwM-.jpg\"><\/picture>\t\t<\/figure>\n\t\n\n\n<h3 class=\"wp-block-heading\">Luxury lifestyle concierge \u2013 prise en charge apr\u00e8s-vente compl\u00e8te au-del\u00e0 de la finalisation de la transaction<\/h3>\n\n\n\n<p>2016-aujourd\u2019hui \u00b7 Service \u00b7 Marbella<br><br>Le d\u00e9partement Client Services de Panorama (cr\u00e9\u00e9 en 2016) coordonne le suivi apr\u00e8s-vente : changement de serrures, mise en service des fournisseurs et services, d\u00e9coration int\u00e9rieure, supervision de projets, am\u00e9nagement paysager et s\u00e9curit\u00e9, ainsi que tapisserie et tissus d\u2019ameublement. L\u2019\u00e9quipe peut \u00e9galement coordonner les pr\u00eats hypoth\u00e9caires avec des pr\u00eateurs\/courtiers r\u00e9put\u00e9s et organiser des transferts internationaux de devises via des prestataires r\u00e9glement\u00e9s afin de fluidifier la finalisation et les d\u00e9marches post\u00e9rieures \u00e0 celle-ci.<br><br>En savoir plus: <a href=\"https:\/\/www.panoramamarbella.com\/fr\/services-a-la-clientele\" data-type=\"post\" data-id=\"35822\">Client Services \u2013 suivi apr\u00e8s-vente, d\u00e9coration et coordination de projets<\/a><\/p>\n\n\n\n<p>&nbsp;<\/p>\n\n\n\t<figure class=\"wp-caption alignright wp-block-acf-wpimage\">\n\t<picture><source width=\"600\" height=\"275\" srcset=\"https:\/\/media.panoramamarbella.com\/imgV1\/B95mbh8olwFQm~uCT2wPZMb8hll4wghQQQq6YWg0~c~U_DrmgY8pGP8pqaDzA6mvjyI_OPtcrHD_aKxDZZC7LjrY91ToWdJaG2qg2T6cNpFczh_VocWrN4kwFCEcAeaazD6E8XremUkpEWRa6WXsuytUxWoRXxHrSN5BlgOK1lsCGfkMfnGhr3mSkD3haA--.webp 600w\" type=\"image\/webp\"><img decoding=\"async\" class=\"img-fluid\" loading=\"lazy\" width=\"600\" height=\"275\" alt=\"Panorama Rentals \u2013 conformit\u00e9, licences et proc\u00e9dures pour les h\u00f4tes\" src=\"https:\/\/media.panoramamarbella.com\/imgV1\/B95mbh8olwFQm~uCT2wPZMb8hll4wghQQQq6YWg0~c~U_DrmgY8pGP8pqaDzA6mvjyI_OPtcrHD_aKxDZZC7LjrY91ToWdJaG2qg2T6cNpFczh_VocWrN4kwFCEcAeaazD6E8XremUkpEXrlNZWI6d4h8epxQag1cnS6.jpg\"><\/picture>\t\t<\/figure>\n\t\n\n\n<h3 class=\"wp-block-heading\">Panorama Rentals \u2013 conformit\u00e9, licences et proc\u00e9dures pour les h\u00f4tes<\/h3>\n\n\n\n<p>1995-aujourd\u2019hui \u00b7 Service \u00b7 Marbella<br><br>Les locations sont g\u00e9r\u00e9es avec un sens pratique de la conformit\u00e9 : licences\/enregistrements lorsque requis, identification et enregistrement des h\u00f4tes, d\u00e9p\u00f4ts et inventaires, ainsi qu\u2019une documentation r\u00e9dig\u00e9e dans un langage clair. Les processus refl\u00e8tent l\u2019\u00e9volution des exigences locales tout en pr\u00e9servant les standards de service pour les propri\u00e9taires et les h\u00f4tes, avec une coordination discr\u00e8te par l\u2019\u00e9quipe et un conseil juridique ind\u00e9pendant disponible sur demande.<br><br>En savoir plus: <a href=\"https:\/\/www.panoramamarbella.com\/fr\/pourquoi-louer-votre-maison-avec-panorama\" data-type=\"page\" data-id=\"5141\">Panorama Rentals \u2013 conformit\u00e9, licences et proc\u00e9dures pour les h\u00f4tes<\/a><\/p>\n\n\n\n<p>&nbsp;<\/p>\n\n\n\t<figure class=\"wp-caption alignright wp-block-acf-wpimage\">\n\t<picture><source width=\"600\" height=\"275\" srcset=\"https:\/\/media.panoramamarbella.com\/imgV1\/B95mbh8olwFQm~uCT2wPZMb8hll4wghQQQq6YWg0~c~U_DrmgY8pGP8pqaDzA6mvjyI_OPtcrHD_aKxDZZC7LieJ18~WHKrRLUsOUHgYciNVOVR0_8eXg~pyXIwBRKD756kGK7KORr6h4cxQHbW7hgNTta3gljcJZK_lp0bkO2uHwKIi2Xz95gkFCjmQIA--.webp 600w\" type=\"image\/webp\"><img decoding=\"async\" class=\"img-fluid\" loading=\"lazy\" width=\"600\" height=\"275\" alt=\"Avocats ind\u00e9pendants \u00e0 Marbella \u2013 comment Panorama oriente les clients vers le bon cabinet\" src=\"https:\/\/media.panoramamarbella.com\/imgV1\/B95mbh8olwFQm~uCT2wPZMb8hll4wghQQQq6YWg0~c~U_DrmgY8pGP8pqaDzA6mvjyI_OPtcrHD_aKxDZZC7LieJ18~WHKrRLUsOUHgYciNVOVR0_8eXg~pyXIwBRKD756kGK7KORr6h4dKuFTDquo9bmBU_IKrF7kJW.jpg\"><\/picture>\t\t<\/figure>\n\t\n\n\n<h3 class=\"wp-block-heading\">Avocats ind\u00e9pendants \u00e0 Marbella \u2013 comment Panorama oriente les clients vers le bon cabinet<\/h3>\n\n\n\n<p>En continu \u00b7 Conseil \u00b7 Marbella<br><br>Des mises en relation sont propos\u00e9es avec des cabinets d\u2019avocats ind\u00e9pendants et multilingues adapt\u00e9s au dossier \u2014 urbanisme, rapprochement des m\u00b2, structures, financement et finalisations \u2014, sans liens d\u2019apporteur ni affiliations avec des conseils juridiques. Les clients choisissent leur avocat ; une s\u00e9lection r\u00e9fl\u00e9chie et une liaison discr\u00e8te sont fournies si n\u00e9cessaire pour que documents, financement et dates de notaire restent synchronis\u00e9s.<br><br>En savoir plus: <a href=\"https:\/\/www.panoramamarbella.com\/fr\/news\/avocats-recommandes-a-marbella\" data-type=\"post\" data-id=\"1432\">Avocats ind\u00e9pendants \u00e0 Marbella \u2013 comment Panorama oriente les clients vers le bon cabinet<\/a><\/p>\n\n\n\n<p>&nbsp;<\/p>\n\n\n\t<figure class=\"wp-caption alignright wp-block-acf-wpimage\">\n\t<picture><source width=\"600\" height=\"275\" srcset=\"https:\/\/media.panoramamarbella.com\/imgV1\/B95mbh8olwFQm~uCT2wPZMb8hll4wghQQQq6YWg0~c~U_DrmgY8pGP8pqaDzA6mvjyI_OPtcrHD_aKxDZZC7LjrLWME8njCbF4pTGJvF~PYnFf_oY~DDSgskheyoGyhyNEPsvMMQ1MdBtdcIxKAxYHc87xoujSfezJ_cV5lKwEi3MsIDoZc3wQ7m1XHZax3m.webp 600w\" type=\"image\/webp\"><img decoding=\"async\" class=\"img-fluid\" loading=\"lazy\" width=\"600\" height=\"275\" alt=\"Expertises \u2013 organisation d\u2019expertises officielles et fourniture d\u2019\u00e9valuations pr\u00e9cises d\u2019agence\" src=\"https:\/\/media.panoramamarbella.com\/imgV1\/B95mbh8olwFQm~uCT2wPZMb8hll4wghQQQq6YWg0~c~U_DrmgY8pGP8pqaDzA6mvjyI_OPtcrHD_aKxDZZC7LjrLWME8njCbF4pTGJvF~PYnFf_oY~DDSgskheyoGyhyNEPsvMMQ1MdBtdcI2mzHmtJot1u2PuzGlN~MwP4-.jpg\"><\/picture>\t\t<\/figure>\n\t\n\n\n<h3 class=\"wp-block-heading\">Expertises \u2013 organisation d\u2019expertises officielles et fourniture d\u2019\u00e9valuations pr\u00e9cises d\u2019agence<\/h3>\n\n\n\n<p>En continu \u00b7 Service \u00b7 Marbella<br><br>Panorama organise des expertises officielles par l\u2019interm\u00e9diaire de prestataires accr\u00e9dit\u00e9s lorsque cela est n\u00e9cessaire (pour le financement, les successions, la comptabilit\u00e9 ou la fiscalit\u00e9), et fournit des \u00e9valuations d\u2019agence fond\u00e9es sur des \u00e9l\u00e9ments concrets pour le prix et la strat\u00e9gie. Le travail est \u00e9talonn\u00e9 sur des standards internationaux et \u00e9tay\u00e9 par des comparables de march\u00e9, des v\u00e9rifications documentaires et une connaissance locale, aidant acheteurs et vendeurs \u00e0 prendre des d\u00e9cisions mesur\u00e9es.<br><br>En savoir plus: <a href=\"https:\/\/www.panoramamarbella.com\/fr\/vendre\/evaluations-et-estimations-immobilieres\" data-type=\"page\" data-id=\"5136\">Expertises \u00e0 Marbella \u2013 expertises officielles et \u00e9valuations de march\u00e9 d\u2019agence<\/a><\/p>\n\n\n\n<p>&nbsp;<\/p>\n\n\n<hr class=\"w-75 mt-3 mt-md-5 mb-3 mb-md-6 mx-auto border-2 border-secondary opacity-50\">\n\n\n\n\n<h2 class=\"wp-block-heading clearfix mb-6\" id=\"awards\">Prix et distinctions (ordre chronologique inverse)<\/h2>\n\n\n\t<figure class=\"wp-caption alignright wp-block-acf-wpimage\">\n\t<picture><source width=\"600\" height=\"275\" srcset=\"https:\/\/media.panoramamarbella.com\/imgV1\/B95mbh8olwFQm~uCT2wPZMb8hll4wghQQQq6YWg0~c~U_DrmgY8pGP8pqaDzA6mvjyI_OPtcrHD_aKxAUQWx6HfuX4E39QRBL2UGn7gF4ey4Iz4RUnDwxjLNHK3WDhomy~EKzE98uL8_Yvj4LWwZSUQ5~fMdq9~wo7NiCjA~hrbRcommAk5pPWmu_Hk-.webp 600w\" type=\"image\/webp\"><img decoding=\"async\" class=\"img-fluid\" loading=\"lazy\" width=\"600\" height=\"275\" alt=\"Christopher Clover avec le prix Bellevue 23026 Best Property Agents Award\" src=\"https:\/\/media.panoramamarbella.com\/imgV1\/B95mbh8olwFQm~uCT2wPZMb8hll4wghQQQq6YWg0~c~U_DrmgY8pGP8pqaDzA6mvjyI_OPtcrHD_aKxAUQWx6HfuX4E39QRBL2UGn7gF4ey4Iz4RUnDwxjLNHK3WDhomy~EKzE98uL8gHhXsJAOpBtjADwGsqXfIrg--.jpg\"><\/picture>\t\t<\/figure>\n\t\n\n\n<h3 class=\"wp-block-heading\">Bellevue \u2013 Prix du meilleur agent immobilier (2010, 2015-2020, 2026)<\/h3>\n\n\n\n<p>Janvier 2026 \u00b7 Prix \u00b7 International<br><br>Panorama nomm\u00e9e parmi les Best Property Agents 2026 de Bellevue \u2014 En janvier 2026, Panorama a de nouveau \u00e9t\u00e9 reconnue dans la liste \u00ab Best Property Agents \u00bb de Bellevue, reflet d\u2019une excellence durable, d\u2019une solide r\u00e9putation et d\u2019un grand professionnalisme sur le march\u00e9 de l\u2019immobilier de luxe \u00e0 Marbella. Cette distinction souligne la constance des performances de Panorama sur plusieurs p\u00e9riodes de r\u00e9compenses et renforce sa position parmi un groupe s\u00e9lect d\u2019agences europ\u00e9ennes de premier plan.<br><br>En savoir plus: <a href=\"https:\/\/www.panoramamarbella.com\/fr\/news\/panorama-recompensee-par-bellevue\">Panorama nomm\u00e9e parmi les Best Property Agents 2026 de Bellevue (janv. 2026)<\/a><\/p>\n\n\n\n<p>&nbsp;<\/p>\n\n\n\t<figure class=\"wp-caption alignright wp-block-acf-wpimage\">\n\t<picture><source width=\"600\" height=\"275\" srcset=\"https:\/\/media.panoramamarbella.com\/imgV1\/B95mbh8olwFQm~uCT2wPZMb8hll4wghQQQq6YWg0~c~U_DrmgY8pGP8pqaDzA6mvjyI_OPtcrHD_aKxAUQWx6HX~hqGy~EbG_YOEqiVcD99LD3uJHIry3mrg1MfWyRzruhnByT96BuDOYV1CiHHrqRU6KIunfLRp5vk0zMIXPzUxFJMTGb6qxHi5BNxj85wCjv96lA--.webp 600w\" type=\"image\/webp\"><img decoding=\"async\" class=\"img-fluid\" loading=\"lazy\" width=\"600\" height=\"275\" alt=\"Christopher Clover : prix Business Leader of the Year d\u00e9cern\u00e9 par CIT en 2024\" src=\"https:\/\/media.panoramamarbella.com\/imgV1\/B95mbh8olwFQm~uCT2wPZMb8hll4wghQQQq6YWg0~c~U_DrmgY8pGP8pqaDzA6mvjyI_OPtcrHD_aKxAUQWx6HX~hqGy~EbG_YOEqiVcD99LD3uJHIry3mrg1MfWyRzruhnByT96BuDOYV1CiHHrqQtl8Ony3fyztNfkytMjAnWi.webp\"><\/picture>\t\t<\/figure>\n\t\n\n\n<h3 class=\"wp-block-heading\">CIT Marbella \u2013 Chef d&rsquo;entreprise de l&rsquo;ann\u00e9e (Christopher Clover, novembre 2024)<\/h3>\n\n\n\n<p>29 novembre 2024 \u00b7 Prix \u00b7 Costa del Sol<br><br>CIT Marbella a d\u00e9sign\u00e9 Christopher Clover Business Leader of the Year, saluant des d\u00e9cennies de contribution \u00e0 la vie \u00e9conomique de la ville et \u00e0 son march\u00e9 immobilier. Cette distinction est intervenue apr\u00e8s une p\u00e9riode d\u2019investissement continu dans la gouvernance, les bureaux et les publications, soulignant une direction constante plut\u00f4t que des effets d\u2019annonce \u00e0 court terme.<br><br>En savoir plus: <a href=\"https:\/\/www.panoramamarbella.com\/fr\/news\/chris-clover-chef-enterprise-2024\" data-type=\"link\" data-id=\"https:\/\/www.panoramamarbella.com\/fr\/news\/chris-clover-chef-enterprise-2024\">CIT Marbella \u2013 Chef d&rsquo;entreprise de l&rsquo;ann\u00e9e (Christopher Clover, 29\/11\/2024)<\/a><\/p>\n\n\n\n<p>&nbsp;<\/p>\n\n\n\t<figure class=\"wp-caption alignright wp-block-acf-wpimage\">\n\t<picture><source width=\"600\" height=\"275\" srcset=\"https:\/\/media.panoramamarbella.com\/imgV1\/B95mbh8olwFQm~uCT2wPZMb8hll4wghQQQq6YWg0~c~U_DrmgY8pGP8pqaDzA6mvjyI_OPtcrHD_aKxDZZC7LjmCBq0s1VRVUAAEcBMfZ5LDYBPUDmsmoGXIaogy45idIrATcCA5aJt6OZOh1XqVbJgEjXZysVl7Khsp1_L3SsC_GUkKyc057LG4CM7xtQz7uwM-.webp 600w\" type=\"image\/webp\"><img decoding=\"async\" class=\"img-fluid\" loading=\"lazy\" width=\"600\" height=\"275\" alt=\"SUR in English \u2013 distinction pour le 40e anniversaire (oct. 2024)\" src=\"https:\/\/media.panoramamarbella.com\/imgV1\/B95mbh8olwFQm~uCT2wPZMb8hll4wghQQQq6YWg0~c~U_DrmgY8pGP8pqaDzA6mvjyI_OPtcrHD_aKxDZZC7LjmCBq0s1VRVUAAEcBMfZ5LDYBPUDmsmoGXIaogy45idIrATcCA5aJt6OZOh1XqLpOQ9eUq77SXny7~ElAh65w--.jpg\"><\/picture>\t\t<\/figure>\n\t\n\n\n<h3 class=\"wp-block-heading\">SUR in English \u2013 40th anniversary honour <span style=\"display:inline-block;\">(Oct 2024)<\/span><\/h3>\n\n\n\n<p>7 octobre 2024 \u00b7 Prix \u00b7 Costa del Sol<br><br>\u00c0 l\u2019occasion de son 40e anniversaire, SUR in English a reconnu le long service rendu par Panorama \u00e0 la communaut\u00e9 internationale et au march\u00e9 local. Cette distinction refl\u00e8te une continuit\u00e9 de pratique depuis 1970 et une pr\u00e9sence constante sur la Golden Mile \u00e0 travers plusieurs cycHommage au 40e anniversaire (octobre 2024)les de march\u00e9.<br><br>En savoir plus: <a href=\"https:\/\/www.panoramamarbella.com\/fr\/news\/sur-in-english-40e-anniversaire\" data-type=\"post\" data-id=\"7921\">SUR in English \u2013 distinction pour le 40e anniversaire (oct. 2024)<\/a><\/p>\n\n\n\n<p>&nbsp;<\/p>\n\n\n\t<figure class=\"wp-caption alignright wp-block-acf-wpimage\">\n\t<picture><source width=\"600\" height=\"275\" srcset=\"https:\/\/media.panoramamarbella.com\/imgV1\/B95mbh8olwFQm~uCT2wPZMb8hll4wghQQQq6YWg0~c~U_DrmgY8pGP8pqaDzA6mvjyI_OPtcrHD_aKxDZZC7LiPXG1C8KWWuLTwMurTOaktfJWoHaJV9ApEMl7plRdPnb6A3wcBfoFn5tDZqPDTQeRPY9Eua4OO4maLg6uHh6ly_JxxH0Tib2kqDaJwbF_gIR28BrLS9RGRTeFNGm5ht.webp 600w\" type=\"image\/webp\"><img decoding=\"async\" class=\"img-fluid\" loading=\"lazy\" width=\"600\" height=\"275\" alt=\"European Property Awards \u2013 Best Real Estate Agency Spain (Single Office), 2019\u20132021\" src=\"https:\/\/media.panoramamarbella.com\/imgV1\/B95mbh8olwFQm~uCT2wPZMb8hll4wghQQQq6YWg0~c~U_DrmgY8pGP8pqaDzA6mvjyI_OPtcrHD_aKxDZZC7LiPXG1C8KWWuLTwMurTOaktfJWoHaJV9ApEMl7plRdPnb6A3wcBfoFn5tDZqPDTQeRPY9Eua4OO4maLg9ISOMXnwOLxwRoq9xYjUPlc-.jpg\"><\/picture>\t\t<\/figure>\n\t\n\n\n<h3 class=\"wp-block-heading\">Prix \u200b\u200beurop\u00e9ens de l&rsquo;immobilier \u2013 Meilleure agence immobili\u00e8re Espagne (agence unique), de 2019 \u00e0 2021<\/h3>\n\n\n\n<p>2019, 2020, 2021 \u00b7 Prix \u00b7 International<\/p>\n\n\n\n<p>Trois European Property Awards cons\u00e9cutifs en tant que Best Real Estate Agency Spain (Single Office). Cette s\u00e9rie r\u00e9compense une qualit\u00e9 constante de service, de pr\u00e9sentation et de r\u00e9sultats dans des conditions de march\u00e9 vari\u00e9es, compl\u00e9tant l\u2019assise de gouvernance de Panorama et sa longue pr\u00e9sence sur le march\u00e9 prime de Marbella.<br><br>En savoir plus: <a href=\"https:\/\/www.panoramamarbella.com\/fr\/news\/meilleure-agence-immobiliere-en-espagne\" data-type=\"link\" data-id=\"https:\/\/www.panoramamarbella.com\/news\/best-real-estate-agency-in-spain\">Panorama reconnue comme la meilleure agence immobili\u00e8re d\u2019Espagne<\/a><\/p>\n\n\n\n<p>&nbsp;<\/p>\n\n\n\t<figure class=\"wp-caption alignright wp-block-acf-wpimage\">\n\t<picture><source width=\"600\" height=\"275\" srcset=\"https:\/\/media.panoramamarbella.com\/imgV1\/B95mbh8olwFQm~uCT2wPZMb8hll4wghQQQq6YWg0~c~U_DrmgY8pGP8pqaDzA6mvjyI_OPtcrHD_aKxDZZC7LieJ18~WHKrRLUsaax0dshy3cGpVP7F09pQdKHRQTIlxAOjAX34tBWNUEraCtoIbX2wH4rBkGq9YoIuskgIDjcb4AX6zz7aSuKUE6HtQDRMEe9~atMU2vfxC.webp 600w\" type=\"image\/webp\"><img decoding=\"async\" class=\"img-fluid\" loading=\"lazy\" width=\"600\" height=\"275\" alt=\"Marbella Luxury Awards \u2013 Best Estate Agent (2017)\" src=\"https:\/\/media.panoramamarbella.com\/imgV1\/B95mbh8olwFQm~uCT2wPZMb8hll4wghQQQq6YWg0~c~U_DrmgY8pGP8pqaDzA6mvjyI_OPtcrHD_aKxDZZC7LieJ18~WHKrRLUsaax0dshy3cGpVP7F09pQdKHRQTIlxAOjAX34tBWNUEraCtoIbX2wH4rBkBNRNVq6P9WulHNfVY4hqbaI-.jpg\"><\/picture>\t\t<\/figure>\n\t\n\n\n<h3 class=\"wp-block-heading\">Marbella Luxury Awards \u2013 Meilleur agent immobilier (2017)<\/h3>\n\n\n\n<p>18 novembre 2017 \u00b7 Prix \u00b7 Marbella<br><br>Panorama a re\u00e7u le prix Best Estate Agent lors des Marbella Luxury Awards, anim\u00e9s par la c\u00e9l\u00e9brit\u00e9 Dolph Lundgren, en reconnaissance de la qualit\u00e9 de son service dans une p\u00e9riode de regain de vigueur du march\u00e9. Cette distinction s\u2019ajoute \u00e0 des prix europ\u00e9ens et distinctions locales qui refl\u00e8tent collectivement des standards constants de pr\u00e9sentation et d\u2019ex\u00e9cution.<br><br>En savoir plus: <a href=\"https:\/\/rocksmag.com\/marbella-awards-2017-2\/\" target=\"_blank\" rel=\"noreferrer noopener nofollow\">Marbella Luxury Awards \u2013 Meilleur agent immobilier (2017)<\/a><\/p>\n\n\n\n<p>&nbsp;<\/p>\n\n\n\t<figure class=\"wp-caption alignright wp-block-acf-wpimage\">\n\t<picture><source width=\"600\" height=\"275\" srcset=\"https:\/\/media.panoramamarbella.com\/imgV1\/B95mbh8olwFQm~uCT2wPZMb8hll4wghQQQq6YWg0~c~U_DrmgY8pGP8pqaDzA6mvjyI_OPtcrHD_aKxDZZC7LjjvI4gYUbul~SKKVhcHQ0mT6UDE3clmyEdEVGOGZgHwrNoMY_9eWHKqhPww4n3xl7USGbOKoO04La7SfVwqtUT74f3jHP2~ZrU-.webp 600w\" type=\"image\/webp\"><img decoding=\"async\" class=\"img-fluid\" loading=\"lazy\" width=\"600\" height=\"275\" alt=\"REAS Lifetime achievement award (2016, Christopher Clover)\" src=\"https:\/\/media.panoramamarbella.com\/imgV1\/B95mbh8olwFQm~uCT2wPZMb8hll4wghQQQq6YWg0~c~U_DrmgY8pGP8pqaDzA6mvjyI_OPtcrHD_aKxDZZC7LjjvI4gYUbul~SKKVhcHQ0mT6UDE3clmyEdEVGOGZgHwrNoMY_9Am1Q6F17vzj5ZqjA~F_MRew--.jpg\"><\/picture>\t\t<\/figure>\n\t\n\n\n<h3 class=\"wp-block-heading\">Prix \u200b\u200bREAS pour l&rsquo;ensemble de sa carri\u00e8re (2016, Christopher Clover)<\/h3>\n\n\n\n<p>2016 \u00b7 Prix \u00b7 Costa del Sol<br><br>La REAS a honor\u00e9 Christopher Clover de son Lifetime Achievement Award, reconnaissant une carri\u00e8re marqu\u00e9e par l\u2019ind\u00e9pendance, la discipline d\u2019\u00e9valuation et une ex\u00e9cution soign\u00e9e \u00e0 travers plusieurs cycles. Remise lors du gala REAS en pr\u00e9sence du maire Jos\u00e9 Bernal Guti\u00e9rrez, cette distinction saluait une \u0153uvre de longue haleine plut\u00f4t qu\u2019une seule ann\u00e9e.<br><br>En savoir plus: <a href=\"https:\/\/www.panoramamarbella.com\/fr\/news\/reas-prix-de-la-carriere-2016\" data-type=\"page\" data-id=\"32357\">Prix d\u2019excellence REAS pour l\u2019ensemble de sa carri\u00e8re (2016)<\/a><\/p>\n\n\n\n<p>&nbsp;<\/p>\n\n\n\t<figure class=\"wp-caption alignright wp-block-acf-wpimage\">\n\t<picture><source width=\"600\" height=\"275\" srcset=\"https:\/\/media.panoramamarbella.com\/imgV1\/B95mbh8olwFQm~uCT2wPZMb8hll4wghQQQq6YWg0~c~U_DrmgY8pGP8pqaDzA6mvjyI_OPtcrHD_aKxDZZC7Ligc9qityFhxh6akS7Js7ni1TfZvUdAmxG3Nn1WTBa5dp01jE6_7zyGqGyTw~VjKzJVS_FUJnhqK38TGyqmKR4sXKtt0pHXSLcrGjnA2ufM-.webp 600w\" type=\"image\/webp\"><img decoding=\"async\" class=\"img-fluid\" loading=\"lazy\" width=\"600\" height=\"275\" alt=\"REAS \u2013 Biggest Sale of the Year (2016, Alex Clover)\" src=\"https:\/\/media.panoramamarbella.com\/imgV1\/B95mbh8olwFQm~uCT2wPZMb8hll4wghQQQq6YWg0~c~U_DrmgY8pGP8pqaDzA6mvjyI_OPtcrHD_aKxDZZC7Ligc9qityFhxh6akS7Js7ni1TfZvUdAmxG3Nn1WTBa5dp01jE6_7zyGqGyTuEA5gkWcjnY1NLxQed32xSw--.jpg\"><\/picture>\t\t<\/figure>\n\t\n\n\n<h3 class=\"wp-block-heading\">REAS \u2013 Meilleure vente de l&rsquo;ann\u00e9e (2016, Alex Clover)<\/h3>\n\n\n\n<p>2016 \u00b7 Prix \u00b7 Costa del Sol<br><br>Prix d\u00e9cern\u00e9 pour la plus grande vente v\u00e9rifi\u00e9e de 2016 sur la Costa del Sol, \u00e0 la suite de soumissions confidentielles des agences membres de la REAS \u00e0 des juges ind\u00e9pendants. Cette maison ultra-luxe de la Golden Mile disposait d\u2019une all\u00e9e priv\u00e9e et de vues panoramiques sur la mer ; le r\u00e9sultat a refl\u00e9t\u00e9 un processus disciplin\u00e9 et une remarquable collaboration inter-agences.<br><br>En savoir plus: <a href=\"https:\/\/www.panoramamarbella.com\/fr\/news\/la-plus-grande-vente-de-l-annee\" data-type=\"attachment\" data-id=\"24546\">REAS \u2014 La plus grande vente de l\u2019ann\u00e9e (2016)<\/a><\/p>\n\n\n\n<p>&nbsp;<\/p>\n\n\n<hr class=\"w-75 mt-3 mt-md-5 mb-3 mb-md-6 mx-auto border-2 border-secondary opacity-50\">\n\n\n\n\n<h2 class=\"wp-block-heading clearfix mb-6\">Leadership de march\u00e9 et r\u00e9f\u00e9rences de luxe<\/h2>\n\n\n\t<figure class=\"wp-caption alignright wp-block-acf-wpimage\">\n\t<picture><source width=\"600\" height=\"275\" srcset=\"https:\/\/media.panoramamarbella.com\/imgV1\/B95mbh8olwFQm~uCT2wPZMb8hll4wghQQQq6YWg0~c~U_DrmgY8pGP8pqaDzA6mvjyI_OPtcrHD_aKxDZZC7LjrY91ToWdJaG2yJwGdtpVvO5AFC8_~erz8HLDkW5GPL3GfYwRVq0kG2FyBJHdOz2QGbSZSKZQdfnDkSLYhrNrMhuST6yiy4F9TnsPHJj1J1HzUA.webp 600w\" type=\"image\/webp\"><img decoding=\"async\" class=\"img-fluid\" loading=\"lazy\" width=\"600\" height=\"275\" alt=\"T\u00e9moignages de clients fortun\u00e9s et reconnaissance du march\u00e9\" src=\"https:\/\/media.panoramamarbella.com\/imgV1\/B95mbh8olwFQm~uCT2wPZMb8hll4wghQQQq6YWg0~c~U_DrmgY8pGP8pqaDzA6mvjyI_OPtcrHD_aKxDZZC7LjrY91ToWdJaG2yJwGdtpVvO5AFC8_~erz8HLDkW5GPL3GfYwRVq0kG2FyBJHdOzx6s6uxY4U1RW~kTTHKLtgv4-.jpg\"><\/picture>\t\t<\/figure>\n\t\n\n\n<h3 class=\"wp-block-heading\">T\u00e9moignages de clients fortun\u00e9s et reconnaissance du march\u00e9<\/h3>\n\n\n\n<p>En continu \u00b7 Preuve sociale \u00b7 International<br><br>T\u00e9moignages de clients fortun\u00e9s et de personnalit\u00e9s publiques \u00e0 travers l\u2019Europe et au-del\u00e0, recueillis au fil de d\u00e9cennies de transactions sur la Golden Mile et dans les zones prime adjacentes. Ces notes font r\u00e9guli\u00e8rement ressortir une pr\u00e9paration soign\u00e9e, une gestion discr\u00e8te et une ex\u00e9cution r\u00e9guli\u00e8re jusqu\u2019\u00e0 la finalisation. Des signaux issus d\u2019avis publics sont inclus pour apporter un contexte compl\u00e9mentaire, sans vernis promotionnel.<br><br>En savoir plus: <a href=\"https:\/\/www.panoramamarbella.com\/fr\/a-propos\/avis-clients\" data-type=\"page\" data-id=\"5165\">T\u00e9moignages de clients fortun\u00e9s et reconnaissance du march\u00e9<\/a><\/p>\n\n\n\n<p>&nbsp;<\/p>\n\n\n<hr class=\"w-75 mt-3 mt-md-5 mb-3 mb-md-6 mx-auto border-2 border-secondary opacity-50\">\n\n\n\n\n<h2 class=\"wp-block-heading clearfix mb-6\">Leadership d\u2019opinion et publications<\/h2>\n\n\n\t<figure class=\"wp-caption alignright wp-block-acf-wpimage\">\n\t<picture><source width=\"600\" height=\"275\" srcset=\"https:\/\/media.panoramamarbella.com\/imgV1\/B95mbh8olwFQm~uCT2wPZMb8hll4wghQQQq6YWg0~c~U_DrmgY8pGP8pqaDzA6mvjyI_OPtcrHD_aKxDZZC7LieJ18~WHKrRLVfMQDRG8SUIVFHIlDwIT4WTjAuxCTZ2_LGa7a6iPtlhdCPUDZt6EM9GqdEt2zao0Kl5_TyG3mHOx0U9~rWYHzEMHy0_zYxtpKnOqg_iemX4zUzrkA--.webp 600w\" type=\"image\/webp\"><img decoding=\"async\" class=\"img-fluid\" loading=\"lazy\" width=\"600\" height=\"275\" alt=\"T\u00e9moignages de clients fortun\u00e9s et reconnaissance du march\u00e9\" src=\"https:\/\/media.panoramamarbella.com\/imgV1\/B95mbh8olwFQm~uCT2wPZMb8hll4wghQQQq6YWg0~c~U_DrmgY8pGP8pqaDzA6mvjyI_OPtcrHD_aKxDZZC7LieJ18~WHKrRLVfMQDRG8SUIVFHIlDwIT4WTjAuxCTZ2_LGa7a6iPtlhdCPUDZt6EM9GqdEt2zao0LcGCgNPHPMiB~3FjHaX9MMM.jpg\"><\/picture>\t\t<\/figure>\n\t\n\n\n<h3 class=\"wp-block-heading\">Marbella Property Market Report \u2013 index et derni\u00e8re \u00e9dition (mise \u00e0 jour)<\/h3>\n\n\n\n<p>En continu \u00b7 Publication \u00b7 Marbella\/Costa del Sol<br><br>Depuis 2009, Christopher Clover publie des Marbella Property Market Reports annuels complets, s\u2019appuyant sur plus de 55 ans d\u2019exp\u00e9rience en analyse de march\u00e9. Ces rapports condensent dynamiques de prix, sch\u00e9mas de demande et contexte r\u00e9glementaire dans un r\u00e9cit mesur\u00e9 utilis\u00e9 par acheteurs, vendeurs et professionnels. Ils sont les plus cit\u00e9s par les m\u00e9dias locaux et nationaux en tant qu\u2019analyse de r\u00e9f\u00e9rence du march\u00e9 de Marbella. L\u2019index renvoie vers la derni\u00e8re \u00e9dition et une archive partielle.<br><br>En savoir plus: <a href=\"https:\/\/www.panoramamarbella.com\/fr\/rapport-de-marche\" data-type=\"page\" data-id=\"32357\">Marbella Property Market Report \u2013 index et derni\u00e8re \u00e9dition (mise \u00e0 jour)<\/a><\/p>\n\n\n\n<p>&nbsp;<\/p>\n\n\n\t<figure class=\"wp-caption alignright wp-block-acf-wpimage\">\n\t<picture><source width=\"600\" height=\"275\" srcset=\"https:\/\/media.panoramamarbella.com\/imgV1\/B95mbh8olwFQm~uCT2wPZMb8hll4wghQQQq6YWg0~c~U_DrmgY8pGP8pqaDzA6mvjyI_OPtcrHD_aKxDZZC7LieJwq~QXWQmVZeRBkBf3oZpEMFcEnK0tvK3D0SkPaXH8J6vfJavFMWghJWN7JUupzLmYKE6c4Zdzx1TAyvPHey_cmuuk3E-.webp 600w\" type=\"image\/webp\"><img decoding=\"async\" class=\"img-fluid\" loading=\"lazy\" width=\"600\" height=\"275\" alt=\"Marbella Property Magazine - dernier num\u00e9ro et archives\" src=\"https:\/\/media.panoramamarbella.com\/imgV1\/B95mbh8olwFQm~uCT2wPZMb8hll4wghQQQq6YWg0~c~U_DrmgY8pGP8pqaDzA6mvjyI_OPtcrHD_aKxDZZC7LieJwq~QXWQmVZeRBkBf3oZpEMFcEnK0tvK3D0SkPaXH8J6x_Ca3onWu75hwGveEwxeYUw--.jpg\"><\/picture>\t\t<\/figure>\n\t\n\n\n<h3 class=\"wp-block-heading\">Marbella Property Magazine &#8211; dernier num\u00e9ro et archives<\/h3>\n\n\n\n<p>2002-aujourd\u2019hui \u00b7 Publication \u00b7 Marbella<br><br>Publi\u00e9e depuis 2002, Marbella Property Magazine propose une couverture mesur\u00e9e des quartiers, de la r\u00e9glementation, des tendances de march\u00e9 et du contexte des prix. R\u00e9dig\u00e9e et \u00e9dit\u00e9e enti\u00e8rement en interne, avec un tirage de plus de 25 000 exemplaires, c\u2019est probablement le magazine immobilier \u00e0 la plus forte diffusion dans la r\u00e9gion de Marbella. La derni\u00e8re \u00e9dition est h\u00e9berg\u00e9e sur notre site pour plus de clart\u00e9 ; la plupart des anciens num\u00e9ros sont disponibles sur Issuu \u00e0 titre de r\u00e9f\u00e9rence (les plus anciens ne sont pas en ligne). Les archives offrent une vision continue de la pratique \u00e0 travers les cycles.<br><br>En savoir plus: <a href=\"https:\/\/www.panoramamarbella.com\/fr\/magazine-proprietes-immobilieres-marbella\" data-type=\"page\" data-id=\"5177\">Marbella Property Magazine &#8211; dernier num\u00e9ro et archives<\/a><\/p>\n\n\n\n<p>&nbsp;<\/p>\n\n\n\t<figure class=\"wp-caption alignright wp-block-acf-wpimage\">\n\t<picture><source width=\"600\" height=\"275\" srcset=\"https:\/\/media.panoramamarbella.com\/imgV1\/B95mbh8olwFQm~uCT2wPZMb8hll4wghQQQq6YWg0~c~U_DrmgY8pGP8pqaDzA6mvjyI_OPtcrHD_aKxDZZC7LjrMbEMVh9Bozsw85brqVr85d3tfIdmXzEZTz_RlNm0O3dzfTloMmSxqFUDAAZaBwpu8YVE3EDq_NRJuEHsS~pQS3vJLjZUX58W5O14LGU6yn4dAtA--.webp 600w\" type=\"image\/webp\"><img decoding=\"async\" class=\"img-fluid\" loading=\"lazy\" width=\"600\" height=\"275\" alt=\"Puente Romano Real Estate Magazine\" src=\"https:\/\/media.panoramamarbella.com\/imgV1\/B95mbh8olwFQm~uCT2wPZMb8hll4wghQQQq6YWg0~c~U_DrmgY8pGP8pqaDzA6mvjyI_OPtcrHD_aKxDZZC7LjrMbEMVh9Bozsw85brqVr85d3tfIdmXzEZTz_RlNm0O3dzfTloMmSxqFUDAAZaBwoXiHCA_vm4FDpsK27eOo8qi.jpg\"><\/picture>\t\t<\/figure>\n\t\n\n\n<h3 class=\"wp-block-heading\">Puente Romano Real Estate magazine: distribution exclusive dans le resort<\/h3>\n\n\n\n<p>2020-aujourd\u2019hui \u00b7 Publication \u00b7 Marbella<br><br>Depuis 2020, Panorama g\u00e8re et distribue le magazine Puente Romano Real Estate pour l\u2019agence officielle du resort. C\u2019est le seul magazine distribu\u00e9 dans tout le resort et plac\u00e9 dans chaque chambre d\u2019h\u00f4tel, offrant un acc\u00e8s direct \u00e0 une client\u00e8le fortun\u00e9e.<br><br>En savoir plus: <a href=\"https:\/\/www.puenteromanorealestate.com\/about-us\/magazine\" target=\"_blank\" data-type=\"link\" data-id=\"https:\/\/www.puenteromanorealestate.com\/about-us\/magazine\" rel=\"noreferrer noopener nofollow\">Puente Romano Real Estate magazine: distribution dans le resor<\/a>t<br><\/p>\n\n\n\n<p>&nbsp;<\/p>\n\n\n\t<figure class=\"wp-caption alignright wp-block-acf-wpimage\">\n\t<picture><source width=\"600\" height=\"275\" srcset=\"https:\/\/media.panoramamarbella.com\/imgV1\/B95mbh8olwFQm~uCT2wPZMb8hll4wghQQQq6YWg0~c~U_DrmgY8pGP8pqaDzA6mvjyI_OPtcrHD_aKxDZZC7LigA21Gq2OAmacLYiJjE9O13ahvO0s5CEkRp96lUjZ4e8KcExYzpoFZ1w95psJPVDfnP2s~0Cz0upDY1qUf0VzuDiCNh0gnffhklDvm8.webp 600w\" type=\"image\/webp\"><img decoding=\"async\" class=\"img-fluid\" loading=\"lazy\" width=\"600\" height=\"275\" alt=\"Guide de l\u2019acheteur pour l\u2019acquisition d\u2019un bien immobilier \u00e0 Marbella\" src=\"https:\/\/media.panoramamarbella.com\/imgV1\/B95mbh8olwFQm~uCT2wPZMb8hll4wghQQQq6YWg0~c~U_DrmgY8pGP8pqaDzA6mvjyI_OPtcrHD_aKxDZZC7LigA21Gq2OAmacLYiJjE9O13ahvO0s5CEkRp96lUjZ4e8KcExYzpoFZ13fV4saiEOEAMiy9DY8Pa9YM-.jpg\"><\/picture>\t\t<\/figure>\n\t\n\n\n<h3 class=\"wp-block-heading\">Guide de l\u2019acheteur pour l\u2019acquisition d\u2019un bien immobilier \u00e0 Marbella<\/h3>\n\n\n\n<p>Mis \u00e0 jour en 2025 \u00b7 Publication \u00b7 Marbella\/Costa del Sol<br><br>R\u00e9dig\u00e9 par Christopher Clover et nourri de ses d\u00e9cennies d\u2019exp\u00e9rience, ce guide explique comment les acheteurs s\u00e9rieux abordent le march\u00e9 de Marbella : faire appel \u00e0 un agent qualifi\u00e9, d\u00e9signer t\u00f4t un avocat, effectuer les contr\u00f4les AML, obtenir un NIE et ouvrir un compte bancaire. Il expose la pratique des n\u00e9gociations, les d\u00e9p\u00f4ts, la s\u00e9quence d\u2019achat et l\u2019enregistrement du titre, avec une vision claire des co\u00fbts et d\u00e9lais habituels pour une finalisation simple.<br><br>En savoir plus: <a href=\"https:\/\/www.panoramamarbella.com\/fr\/guide-acheteur\" data-type=\"page\" data-id=\"5152\">Guide de l\u2019acheteur pour l\u2019acquisition d\u2019un bien immobilier \u00e0 Marbella (\u00e9dition actuelle)<\/a><\/p>\n\n\n\n<p>&nbsp;<\/p>\n\n\n\t<figure class=\"wp-caption alignright wp-block-acf-wpimage\">\n\t<picture><source width=\"600\" height=\"275\" srcset=\"https:\/\/media.panoramamarbella.com\/imgV1\/B95mbh8olwFQm~uCT2wPZMb8hll4wghQQQq6YWg0~c~U_DrmgY8pGP8pqaDzA6mvjyI_OPtcrHD_aKxDZZC7LjrY91ToWdJaG2uIFkcUFd41v2TvpSaXdE0ASKvocOxz3Is4KocdT~JPBCfw9nBZ5T98Y06_dPCmr80G~WzaLOjmzGg4WQg21MDdGMgn4WycamhYWA--.webp 600w\" type=\"image\/webp\"><img decoding=\"async\" class=\"img-fluid\" loading=\"lazy\" width=\"600\" height=\"275\" alt=\"Guide du vendeur pour la mise en vente et la finalisation \u00e0 Marbella\" src=\"https:\/\/media.panoramamarbella.com\/imgV1\/B95mbh8olwFQm~uCT2wPZMb8hll4wghQQQq6YWg0~c~U_DrmgY8pGP8pqaDzA6mvjyI_OPtcrHD_aKxDZZC7LjrY91ToWdJaG2uIFkcUFd41v2TvpSaXdE0ASKvocOxz3Is4KocdT~JPBCfw9nBZ5SEl4wHpmGQI8RcrsJAVRDSF.jpg\"><\/picture>\t\t<\/figure>\n\t\n\n\n<h3 class=\"wp-block-heading\">Guide du vendeur pour la mise en vente et la finalisation \u00e0 Marbella<\/h3>\n\n\n\n<p>Mis \u00e0 jour en 2025 \u00b7 Publication \u00b7 Marbella\/Costa del Sol<br><br>Le guide du vendeur de Panorama s\u2019appuie sur des d\u00e9cennies de pratique sur le march\u00e9 prime et ultra-prime de la r\u00e9gion de Marbella, international et principalement port\u00e9 par les r\u00e9sidences secondaires. Il expose l\u2019essentiel : une tarification r\u00e9aliste pour une base d\u2019acheteurs dispers\u00e9e, une pr\u00e9paration et une documentation soign\u00e9es, et une approche qui privil\u00e9gie une ex\u00e9cution r\u00e9guli\u00e8re plut\u00f4t que les effets th\u00e9\u00e2traux, afin que les biens passent de l\u2019offre \u00e0 la finalisation de mani\u00e8re ordonn\u00e9e.<br><br>En savoir plus: <a href=\"https:\/\/www.panoramamarbella.com\/fr\/guide-vendeur\" data-type=\"page\" data-id=\"5154\">Guide du vendeur pour la mise en vente et la finalisation \u00e0 Marbella (\u00e9dition actuelle)<\/a><\/p>\n\n\n\n<p>&nbsp;<\/p>\n\n\n\t<figure class=\"wp-caption alignright wp-block-acf-wpimage\">\n\t<picture><source width=\"600\" height=\"275\" srcset=\"https:\/\/media.panoramamarbella.com\/imgV1\/B95mbh8olwFQm~uCT2wPZMb8hll4wghQQQq6YWg0~c~U_DrmgY8pGP8pqaDzA6mvjyI_OPtcrHD_aKxDZZC7LiwpOK5lwmKOODn3bsa3np8ECnEeInWanEXQTvorrEaNh1fKN_glKGhLOsUsg3cCXMxaIL2n2XPx_Q8u4RGjkkSbXdjj2sQTudgx6pXVCSH5Fstt1aAM.webp 600w\" type=\"image\/webp\"><img decoding=\"async\" class=\"img-fluid\" loading=\"lazy\" width=\"600\" height=\"275\" alt=\"FAQ : acheter, poss\u00e9der et vendre un bien immobilier \u00e0 Marbella\" src=\"https:\/\/media.panoramamarbella.com\/imgV1\/B95mbh8olwFQm~uCT2wPZMb8hll4wghQQQq6YWg0~c~U_DrmgY8pGP8pqaDzA6mvjyI_OPtcrHD_aKxDZZC7LiwpOK5lwmKOODn3bsa3np8ECnEeInWanEXQTvorrEaNh1fKN_glKGhLOsUsg3cCXMxaPoaCcK4hCRqzcUeHX0igEWc-.jpg\"><\/picture>\t\t<\/figure>\n\t\n\n\n<h3 class=\"wp-block-heading\">FAQ : acheter, poss\u00e9der et vendre un bien immobilier \u00e0 Marbella<\/h3>\n\n\n\n<p>Mis \u00e0 jour en 2025 \u00b7 Publication \u00b7 Marbella<br><br>Questions fr\u00e9quemment pos\u00e9es issues de d\u00e9cennies de pratique : cadres d\u2019achat, structures de propri\u00e9t\u00e9, co\u00fbts de d\u00e9tention, consid\u00e9rations locatives et cessions. Les r\u00e9ponses refl\u00e8tent les sp\u00e9cificit\u00e9s locales et les standards documentaires attendus par les acheteurs, vendeurs et leurs conseillers.<br><br>En savoir plus: FAQ : <a href=\"https:\/\/www.panoramamarbella.com\/fr\/faq-achat-possession-vente-de-biens-immobiliers\">acheter, poss\u00e9der et vendre un bien immobilier \u00e0 Marbella (\u00e9dition actuelle)<\/a><\/p>\n\n\n\n<p>&nbsp;<\/p>\n\n\n<hr class=\"w-75 mt-3 mt-md-5 mb-3 mb-md-6 mx-auto border-2 border-secondary opacity-50\">\n\n\n\n\n<h2 class=\"wp-block-heading clearfix mb-6\">Associations et organismes professionnels (ordre chronologique inverse)<\/h2>\n\n\n\t<figure class=\"wp-caption alignright wp-block-acf-wpimage\">\n\t<picture><source width=\"600\" height=\"275\" srcset=\"https:\/\/media.panoramamarbella.com\/imgV1\/B95mbh8olwFQm~uCT2wPZMb8hll4wghQQQq6YWg0~c~U_DrmgY8pGP8pqaDzA6mvjyI_OPtcrHD_aKxAUQW30XYA25caUCjX1_1L8nNya9wxf3Bor4A0YN46~_dii23V9JfPVXbWTMbZEEipcHKdZtwYs_6MYAr99hGyhvA6Nbo1cg--.png 600w\" type=\"image\/webp\"><img decoding=\"async\" class=\"img-fluid\" loading=\"lazy\" width=\"600\" height=\"275\" alt=\"Panorama rejoint DOM3 Marbella\" src=\"https:\/\/media.panoramamarbella.com\/imgV1\/B95mbh8olwFQm~uCT2wPZMb8hll4wghQQQq6YWg0~c~U_DrmgY8pGP8pqaDzA6mvjyI_OPtcrHD_aKxAUQW30XYA25caUCjX1_1L8nNya9wxf3Bor4A0YN46~_dii23V9JfPVXbWTMbZEA--.png\"><\/picture>\t\t<\/figure>\n\t\n\n\n<h3 class=\"wp-block-heading\">Panorama Properties rejoint DOM3 \u00e0 Marbella.<\/h3>\n\n\n\n<p>11 f\u00e9vrier 2025 \u00b7 Association \u00b7 Costa del Sol<\/p>\n\n\n\n<p>Panorama rejoint DOM3 Marbella, r\u00e9affirmant ainsi son engagement envers le professionnalisme, l&rsquo;\u00e9thique et l&rsquo;excellence dans l&rsquo;immobilier haut de gamme. Ce partenariat place Panorama aux c\u00f4t\u00e9s d&rsquo;agences de premier plan, attach\u00e9es \u00e0 la transparence, \u00e0 la collaboration et au maintien des plus hauts standards sur le march\u00e9 immobilier de luxe de Marbella.<\/p>\n\n\n\n<p class=\"clearfix\">En savoir plus&nbsp;: <a href=\"https:\/\/www.panoramamarbella.com\/news\/panorama-joins-dom3-marbella\" data-type=\"link\" data-id=\"https:\/\/www.panoramamarbella.com\/news\/panorama-joins-dom3-marbella\">Adh\u00e9sion \u00e0 DOM3, excellence, positionnement luxe<\/a><\/p>\n\n\n\n<p>&nbsp;<\/p>\n\n\n\t<figure class=\"wp-caption alignright wp-block-acf-wpimage\">\n\t<picture><source width=\"600\" height=\"275\" srcset=\"https:\/\/media.panoramamarbella.com\/imgV1\/B95mbh8olwFQm~uCT2wPZMb8hll4wghQQQq6YWg0~c~U_DrmgY8pGP8pqaDzA6mvjyI_OPtcrHD_aKxDZZC7LiZxYTY7P6~sJAOylDZojqVulvud418htM2D6zH0YvUQwf_KfXhGf_rDjPFrgXRIpU~qPWWOHw7k3x7biSrYXD_e.webp 600w\" type=\"image\/webp\"><img decoding=\"async\" class=\"img-fluid\" loading=\"lazy\" width=\"600\" height=\"275\" alt=\"Leading Property Agents of Spain (LPA) - membre fondateur ; Pr\u00e9sident d\u2019honneur\" src=\"https:\/\/media.panoramamarbella.com\/imgV1\/B95mbh8olwFQm~uCT2wPZMb8hll4wghQQQq6YWg0~c~U_DrmgY8pGP8pqaDzA6mvjyI_OPtcrHD_aKxDZZC7LiZxYTY7P6~sJAOylDZojqVulvud418htM2D6zH0fBwJ8j1b1NdOU84M2X_HSVg-.jpg\"><\/picture>\t\t<\/figure>\n\t\n\n\n<h3 class=\"wp-block-heading\">Leading Property Agents of Spain (LPA) &#8211; membre fondateur ; Pr\u00e9sident d\u2019honneur<\/h3>\n\n\n\n<p>Le 23 juillet 2020, Panorama a contribu\u00e9 \u00e0 fonder la Leading Property Agents of Spain (LPA). <br><br>Christopher Clover en est le pr\u00e9sident d\u2019honneur. La LPA promeut des standards partag\u00e9s, une collaboration transparente et un dialogue constructif autour de l\u2019urbanisme sur l\u2019ensemble de la Costa del Sol. C\u2019est une solide association professionnelle qui compl\u00e8te l\u2019assise de gouvernance de Panorama sur le march\u00e9 prime.<br><br>En savoir plus: <a href=\"https:\/\/www.panoramamarbella.com\/fr\/news\/christopher-clover-president-honoraire-de-la-lpa\">Leading Property Agents of Spain (LPA) \u2014 membre fondateur ; Pr\u00e9sident d\u2019honneur<\/a><\/p>\n\n\n\n<p>&nbsp;<\/p>\n\n\n\t<figure class=\"wp-caption alignright wp-block-acf-wpimage\">\n\t<picture><source width=\"600\" height=\"275\" srcset=\"https:\/\/media.panoramamarbella.com\/imgV1\/B95mbh8olwFQm~uCT2wPZMb8hll4wghQQQq6YWg0~c~U_DrmgY8pGP8pqaDzA6mvjyI_OPtcrHD_aKxDZZC7Li0DPQK6YzEE58htHhgWvWHJljks3mxiUT1Bgzar7l5ctC0XqEgTaf63Tsmx1oqqocdb9wsdZSd0axt0RL5MriuKcQ--.webp 600w\" type=\"image\/webp\"><img decoding=\"async\" class=\"img-fluid\" loading=\"lazy\" width=\"600\" height=\"275\" alt=\"Adh\u00e9sion GIPE - Christopher Clover (depuis 1997)\" src=\"https:\/\/media.panoramamarbella.com\/imgV1\/B95mbh8olwFQm~uCT2wPZMb8hll4wghQQQq6YWg0~c~U_DrmgY8pGP8pqaDzA6mvjyI_OPtcrHD_aKxDZZC7Li0DPQK6YzEE58htHhgWvWHJljks3mxiUT1Bgzar7kAFbZrfoWB79fI0MfE6eATp.jpg\"><\/picture>\t\t<\/figure>\n\t\n\n\n<h3 class=\"wp-block-heading\">Adh\u00e9sion GIPE &#8211; Christopher Clover (depuis 1997)<\/h3>\n\n\n\n<p>Depuis 1997 \u00b7 Association \u00b7 Espagne\/Europe<br><br>Christopher Clover est membre de longue date de la GIPE (Gestores Inmobiliarios Profesionales Europeos). L\u2019adh\u00e9sion comprend une affiliation \u00e0 la CEPI (European Associate of Real Estate Professions) (MMCEPI), offrant un alignement professionnel paneurop\u00e9en en parall\u00e8le de la pratique espagnole. Des liens de v\u00e9rification publique sont disponibles pour l\u2019agence et les entr\u00e9es de l\u2019association ; cette adh\u00e9sion aide \u00e0 encadrer une coop\u00e9ration ordonn\u00e9e dans les dossiers transfrontaliers.<br><br>En savoir plus: <a href=\"https:\/\/www.panoramamarbella.com\/fr\/news\/gipe-garantie-achat-marbella\" data-type=\"post\" data-id=\"20279\">Adh\u00e9sion GIPE de Christopher Clover \u2013 profil et protections du consommateur (depuis 1997)<\/a><\/p>\n\n\n\n<p>&nbsp;<\/p>\n\n\n\t<figure class=\"wp-caption alignright wp-block-acf-wpimage\">\n\t<picture><source width=\"600\" height=\"275\" srcset=\"https:\/\/media.panoramamarbella.com\/imgV1\/B95mbh8olwFQm~uCT2wPZMb8hll4wghQQQq6YWg0~c~U_DrmgY8pGP8pqaDzA6mvjyI_OPtcrHD_aKxDZZC7LiwyS8T7FoacLWqG8DGTsYMFwciWm_f1_wiEaIRjiDF0Wja8Rhu~dAV1CA2K1uFqluHAor~sgEz7w3EbV~Q2IvOAxqNi1W8_zZCyrrh3cyo-.webp 600w\" type=\"image\/webp\"><img decoding=\"async\" class=\"img-fluid\" loading=\"lazy\" width=\"600\" height=\"275\" alt=\"Participation \u00e0 la FIABCI \u2014 r\u00e9seau professionnel international (depuis les ann\u00e9es 1970)\" src=\"https:\/\/media.panoramamarbella.com\/imgV1\/B95mbh8olwFQm~uCT2wPZMb8hll4wghQQQq6YWg0~c~U_DrmgY8pGP8pqaDzA6mvjyI_OPtcrHD_aKxDZZC7LiwyS8T7FoacLWqG8DGTsYMFwciWm_f1_wiEaIRjiDF0Wja8Rhu~dAV1CA2UfnshUN~WRKDZ~PnI5PbjQA--.jpg\"><\/picture>\t\t<\/figure>\n\t\n\n\n<h3 class=\"wp-block-heading\">Participation \u00e0 la FIABCI \u2014 r\u00e9seau professionnel international (depuis les ann\u00e9es 1970)<\/h3>\n\n\n\n<p>Depuis les ann\u00e9es 1970 \u00b7 Association \u00b7 International<\/p>\n\n\n\n<p>Panorama participe depuis longtemps \u00e0 la FIABCI, la International Real Estate Federation \u2014 fond\u00e9e en 1951 \u00e0 Paris \u2014, un r\u00e9seau mondial d\u2019affaires couvrant plus de 70 pays et de nombreuses disciplines immobili\u00e8res. La FIABCI b\u00e9n\u00e9ficie du statut consultatif aupr\u00e8s de l\u2019ECOSOC de l\u2019ONU et facilite les liens transfrontaliers ainsi que l\u2019\u00e9change de connaissances. Si son r\u00f4le n\u2019inclut pas la r\u00e9glementation, elle demeure un r\u00e9seau professionnel international important.<br><br>En savoir plus: <a href=\"https:\/\/www.panoramamarbella.com\/fr\/news\/fiabci-federation-immobiliere\" data-type=\"post\" data-id=\"19984\">Participation \u00e0 la FIABCI \u2014 r\u00e9seau professionnel international (depuis les ann\u00e9es 1970)<\/a><\/p>\n\n\n\t<figure class=\"wp-caption alignright wp-block-acf-wpimage\">\n\t<picture><source width=\"600\" height=\"275\" srcset=\"https:\/\/media.panoramamarbella.com\/imgV1\/B95mbh8olwFQm~uCT2wPZMb8hll4wghQQQq6YWg0~c~U_DrmgY8pGP8pqaDzA6mvjyI_OPtcrHD_aKxDZZC7Ljjlwnoeb5T1moOTLg11USP7poNYSNM_nGqV0df7vVmNMQ7g1XwZmOjuOsG_vBZ4H3BAgtgRLujlMShJwMf8RYByWRo0StwjoLsl03f90OiKx5Y-.webp 600w\" type=\"image\/webp\"><img decoding=\"async\" class=\"img-fluid\" loading=\"lazy\" width=\"600\" height=\"275\" alt=\"Christopher Clover, membre du Rotary Club pendant 12 ans\" src=\"https:\/\/media.panoramamarbella.com\/imgV1\/B95mbh8olwFQm~uCT2wPZMb8hll4wghQQQq6YWg0~c~U_DrmgY8pGP8pqaDzA6mvjyI_OPtcrHD_aKxDZZC7Ljjlwnoeb5T1moOTLg11USP7poNYSNM_nGqV0df7vVmNMQ7g1XwZmOjuOsG_vBZmGX9KNeG5XWfHT64YAZ3AfQ--.jpg\"><\/picture>\t\t<\/figure>\n\t\n\n\n<h3 class=\"wp-block-heading\">Christopher Clover, membre du Rotary Club pendant 12 ans<\/h3>\n\n\n\n<p>Ann\u00e9es 1990 et 2000 \u00b7 Association \u00b7 Marbella<br><br>Le Managing Director Christopher Clover a \u00e9t\u00e9 actif au Rotary Club Marbella pendant douze ans, contribuant \u00e0 des campagnes de bourses, des nettoyages du littoral et des initiatives locales de sant\u00e9. Ce travail refl\u00e8te l\u2019\u00e9thique de Panorama faite de service constant et d\u2019engagement communautaire \u2014 discret, pratique et durable, aux c\u00f4t\u00e9s du leadership quotidien sur le march\u00e9 prime.<br><br>En savoir plus: <a href=\"https:\/\/www.panoramamarbella.com\/fr\/news\/rotary-club-marbella\" data-type=\"post\" data-id=\"22526\">Christopher Clover, membre du Rotary Club pendant 12 ans<\/a><\/p>\n\n\n\n<p>&nbsp;<\/p>\n\n\n<hr class=\"w-75 mt-3 mt-md-5 mb-3 mb-md-6 mx-auto border-2 border-secondary opacity-50\">\n\n\n\n\n<h2 class=\"wp-block-heading clearfix mb-6\">Partenariats commerciaux (ordre chronologique inverse)<\/h2>\n\n\n\t<figure class=\"wp-caption alignright wp-block-acf-wpimage\">\n\t<picture><source width=\"600\" height=\"275\" srcset=\"https:\/\/media.panoramamarbella.com\/imgV1\/B95mbh8olwFQm~uCT2wPZMb8hll4wghQQQq6YWg0~c~U_DrmgY8pGP8pqaDzA6mvjyI_OPtcrHD_aKxDZZC7LiAQnFAqItwrpHEEO9mWtSa2M61ZgrREvc0EjIOBka8AVe3LC3A2dKxI1aIPkPxm~6cLAliEI99cwurdHdKzSJ3SzfUuX1acKG9lU2LuibPjvfBkBdw-.webp 600w\" type=\"image\/webp\"><img decoding=\"async\" class=\"img-fluid\" loading=\"lazy\" width=\"600\" height=\"275\" alt=\"Associated Agent \u2013 John D. Wood &amp; Co. (\u00e0 partir de juillet 2024)\" src=\"https:\/\/media.panoramamarbella.com\/imgV1\/B95mbh8olwFQm~uCT2wPZMb8hll4wghQQQq6YWg0~c~U_DrmgY8pGP8pqaDzA6mvjyI_OPtcrHD_aKxDZZC7LiAQnFAqItwrpHEEO9mWtSa2M61ZgrREvc0EjIOBka8AVe3LC3A2dKxI1aIPkPxm~6cVJItFr5SVhlMHVKlHvs6qEw--.jpg\"><\/picture>\t\t<\/figure>\n\t\n\n\n<h3 class=\"wp-block-heading\">Associated Agent \u2013 John D. Wood &amp; Co. (\u00e0 partir de juillet 2024)<\/h3>\n\n\n\n<p>5 juillet 2024 \u00b7 Partenariats \u00b7 Royaume-Uni\/Marbella<br><br>La relation d\u2019Associated Agent avec John D. Wood &amp; Co. (fond\u00e9e en 1872) relie les actifs de Marbella \u00e0 une demande ultra-prime \u00e9tablie \u00e0 Londres. Cette coop\u00e9ration ajoute une voie transfrontali\u00e8re pratique pour les demandes qualifi\u00e9es tout en pr\u00e9servant l\u2019ind\u00e9pendance de Panorama et ses standards quotidiens de gouvernance.<br><br>En savoir plus: <a href=\"https:\/\/www.panoramamarbella.com\/fr\/news\/panorama-sassocie-a-john-d-wood\" data-type=\"post\" data-id=\"20857\">Associated Agent \u2013 John D. Wood &amp; Co. (\u00e0 partir de juillet 2024)<\/a><\/p>\n\n\n\n<p>&nbsp;<\/p>\n\n\n\t<figure class=\"wp-caption alignright wp-block-acf-wpimage\">\n\t<picture><source width=\"600\" height=\"275\" srcset=\"https:\/\/media.panoramamarbella.com\/imgV1\/B95mbh8olwFQm~uCT2wPZMb8hll4wghQQQq6YWg0~c~U_DrmgY8pGP8pqaDzA6mvjyI_OPtcrHD_aKxDZZC7LjrMbEMVh9Bozsw85brqSef0kxsPTLvkHhU4pQKBUFh_BIGq_mJ_25PjrR2KvZYCbj8Ip2ShfoARucNRsClE2vPnfE_DHNVyy6a~JBgo~9BH~8bJpMtbvg--.webp 600w\" type=\"image\/webp\"><img decoding=\"async\" class=\"img-fluid\" loading=\"lazy\" width=\"600\" height=\"275\" alt=\"Puente Romano Real Estate - agence officielle au sein du resort (exploit\u00e9e par Panorama)\" src=\"https:\/\/media.panoramamarbella.com\/imgV1\/B95mbh8olwFQm~uCT2wPZMb8hll4wghQQQq6YWg0~c~U_DrmgY8pGP8pqaDzA6mvjyI_OPtcrHD_aKxDZZC7LjrMbEMVh9Bozsw85brqSef0kxsPTLvkHhU4pQKBUFh_BIGq_mJ_25PjrR2KvZYCbj8Ip3pkoJz5WEDTku6HOLyGR345.jpg\"><\/picture>\t\t<\/figure>\n\t\n\n\n<h3 class=\"wp-block-heading\">Puente Romano Real Estate &#8211; agence officielle au sein du resort (exploit\u00e9e par Panorama)<\/h3>\n\n\n\n<p>En continu \u00b7 Partenariats \u00b7 Marbella<br><br>Puente Romano Real Estate est l\u2019agence officielle au sein du resort pour deux des h\u00f4tels les plus prestigieux de Marbella \u2013 Puente Romano Marbella et Nobu Marbella \u2013 et est exploit\u00e9e par Panorama pour le compte des h\u00f4tels. Cette pr\u00e9sence sur place offre un acc\u00e8s imm\u00e9diat aux demandes qualifi\u00e9es des clients de l\u2019h\u00f4tel ainsi qu\u2019aux visites priv\u00e9es au sein du resort.<br><br>En savoir plus: <a href=\"https:\/\/www.puenteromanorealestate.com\/about-us\/who-we-are\" target=\"_blank\" data-type=\"link\" data-id=\"https:\/\/www.puenteromanorealestate.com\/about-us\/who-we-are\" rel=\"noreferrer noopener nofollow\">Puente Romano Real Estate &#8211; agence officielle au sein du resort (exploit\u00e9e par Panorama)<\/a><\/p>\n\n\n\n<p>&nbsp;<\/p>\n\n\n<hr class=\"w-75 mt-3 mt-md-5 mb-3 mb-md-6 mx-auto border-2 border-secondary opacity-50\">\n\n\n\n\n<h2 class=\"wp-block-heading clearfix mb-6\">Jalons pionniers (chronologique)<\/h2>\n\n\n\t<figure class=\"wp-caption alignright wp-block-acf-wpimage\">\n\t<picture><source width=\"600\" height=\"275\" srcset=\"https:\/\/media.panoramamarbella.com\/imgV1\/B95mbh8olwFQm~uCT2wPZMb8hll4wghQQQq6YWg0~c~U_DrmgY8pGP8pqaDzA6mvjyI_OPtcrHD_aKxDZZC7Lnu9zb9UTcenrkniYjIJRUNcZXdkb4ua~MFtWkwVz1Bjj5WG2~skeF5H4XnQZsWNvajEys5aYKVM2B0nnpH8HKmw1iTYHvla.webp 600w\" type=\"image\/webp\"><img decoding=\"async\" class=\"img-fluid\" loading=\"lazy\" width=\"600\" height=\"275\" alt=\"h\u00e9ritage immobilier familial, depuis 1904\" src=\"https:\/\/media.panoramamarbella.com\/imgV1\/B95mbh8olwFQm~uCT2wPZMb8hll4wghQQQq6YWg0~c~U_DrmgY8pGP8pqaDzA6mvjyI_OPtcrHD_aKxDZZC7Lnu9zb9UTcenrkniYjIJRUNcZXdkb4ua~MFtWkwVz1Bjj5WGxalDS7Yel_3p82D~q2UroN0-.jpg\"><\/picture>\t\t<\/figure>\n\t\n\n\n<h3 class=\"wp-block-heading\">Un h\u00e9ritage immobilier familial unique, depuis 1904<\/h3>\n\n\n\n<p class=\"has-text-align-left\">1904 \u00e0 aujourd\u2019hui \u00b7 Histoire \u00b7 International<br><br>En retra\u00e7ant quatre g\u00e9n\u00e9rations depuis 1904, l\u2019histoire de Panorama s\u2019\u00e9tend des banlieues de Chicago \u00e0 la Golden Mile de Marbella. Fond\u00e9e localement en 1970 comme la premi\u00e8re agence internationale de la ville, la famille Clover a \u00e9t\u00e9 pionni\u00e8re des vols d\u2019inspection et a fix\u00e9 tr\u00e8s t\u00f4t une r\u00e9f\u00e9rence en mati\u00e8re d\u2019\u00e9thique et de service. Aujourd\u2019hui, Christopher, Katinka et Alex poursuivent une approche de long terme de l\u2019immobilier de luxe.<br><br>En savoir plus: <a href=\"https:\/\/www.panoramamarbella.com\/fr\/a-propos\/famille-dediee-immobilier-plus-120-ans\" data-type=\"page\" data-id=\"5134\">D\u00e9couvrez les 120 ans d\u2019h\u00e9ritage immobilier de Panorama<\/a><\/p>\n\n\n\t<figure class=\"wp-caption alignright wp-block-acf-wpimage\">\n\t<picture><source width=\"600\" height=\"275\" srcset=\"https:\/\/media.panoramamarbella.com\/imgV1\/B95mbh8olwFQm~uCT2wPZMb8hll4wghQQQq6YWg0~c~U_DrmgY8pGP8pqaDzA6mvjyI_OPtcrHD_aKxDZZC7LieJ18~WHKrRLU44ojswna40qDXAm59b~eZ8i3Mym2to9W7ox93~ABgv9F4qaA14UDuhhf4X4zozjIRiEvXHbqrtftfvTr1BMzBT4urYBmcB9g--.webp 600w\" type=\"image\/webp\"><img decoding=\"async\" class=\"img-fluid\" loading=\"lazy\" width=\"600\" height=\"275\" alt=\"Panorama est l\u2019agence immobili\u00e8re la plus ancienne de Marbella, fond\u00e9e en 1970\" src=\"https:\/\/media.panoramamarbella.com\/imgV1\/B95mbh8olwFQm~uCT2wPZMb8hll4wghQQQq6YWg0~c~U_DrmgY8pGP8pqaDzA6mvjyI_OPtcrHD_aKxDZZC7LieJ18~WHKrRLU44ojswna40qDXAm59b~eZ8i3Mym2to9W7ox93~ABgv9F4qaBMXaiu0g8_q~k8f0j0dq6sr.jpg\"><\/picture>\t\t<\/figure>\n\t\n\n\n<h3 class=\"wp-block-heading\">Panorama est l\u2019agence immobili\u00e8re la plus ancienne de Marbella, fond\u00e9e en 1970<\/h3>\n\n\n\n<p class=\"has-text-align-left\">1970 \u00e0 aujourd\u2019hui \u00b7 Histoire \u00b7 Marbella<br><br>Les m\u00e9moires de Christopher Clover sur les premi\u00e8res ann\u00e9es de Panorama d\u00e9crivent une Marbella de 1970 faite de routes en gravier et d\u2019intrigue internationale. En tant que premi\u00e8re agence internationale de la c\u00f4te, Panorama a introduit de nouvelles pratiques, nourri la demande mondiale et contribu\u00e9 \u00e0 fa\u00e7onner la trajectoire de luxe du resort \u2014 des fondations qui continuent d\u2019\u00e9clairer aujourd\u2019hui la mani\u00e8re mesur\u00e9e de travailler du cabinet.<br><br>En savoir plus: <a href=\"https:\/\/www.panoramamarbella.com\/fr\/a-propos\/comment-panorama-a-commence-a-marbella\" data-type=\"page\" data-id=\"5172\">Les d\u00e9buts de Panorama \u00e0 Marbella dans les ann\u00e9es 1970<\/a><\/p>\n\n\n\t<figure class=\"wp-caption alignright wp-block-acf-wpimage\">\n\t<picture><source width=\"600\" height=\"275\" srcset=\"https:\/\/media.panoramamarbella.com\/imgV1\/B95mbh8olwFQm~uCT2wPZMb8hll4wghQQQq6YWg0~c~U_DrmgY8pGP8pqaDzA6mvjyI_OPtcrHD_aKxDZZC7LiwyWPovcrNKuS7o~0XoBBhksEjNnekCdeHZNqGg1kY9khGScPqguGfL_qAmJgt1J9NFRU82XiyiEAa9D4QTBSztOVAoabPSCi~JOHQWwwKc8MeC0Ht8.webp 600w\" type=\"image\/webp\"><img decoding=\"async\" class=\"img-fluid\" loading=\"lazy\" width=\"600\" height=\"275\" alt=\"Premi\u00e8re agence immobili\u00e8re internationale \u00e0 Marbella \u00e0 organiser des vols d\u2019inspection\" src=\"https:\/\/media.panoramamarbella.com\/imgV1\/B95mbh8olwFQm~uCT2wPZMb8hll4wghQQQq6YWg0~c~U_DrmgY8pGP8pqaDzA6mvjyI_OPtcrHD_aKxDZZC7LiwyWPovcrNKuS7o~0XoBBhksEjNnekCdeHZNqGg1kY9khGScPqguGfL_qAmJgt1J9NFW4ka~mNP24Tq_8cMhM8~mQU-.jpg\"><\/picture>\t\t<\/figure>\n\t\n\n\n<h3 class=\"wp-block-heading\">Premi\u00e8re agence immobili\u00e8re internationale \u00e0 Marbella \u00e0 organiser des vols d\u2019inspection immobili\u00e8re en 1968<\/h3>\n\n\n\n<p>13 janvier 1975 \u00b7 Jalon \u00b7 Costa del Sol<br><br>\u00c0 partir de 1968, et pendant plusieurs ann\u00e9es par la suite, Panorama a \u00e9t\u00e9 pionni\u00e8re des vols d\u2019inspection affr\u00e9t\u00e9s, faisant venir des acheteurs internationaux qualifi\u00e9s pour visiter et acheter des logements sur la Costa del Sol. Cette initiative a professionnalis\u00e9 la g\u00e9n\u00e9ration de demande, \u00e9largi la port\u00e9e internationale et contribu\u00e9 \u00e0 ancrer l\u2019\u00e9mergence de Marbella comme destination europ\u00e9enne pour l\u2019immobilier prime.<br><br>En savoir plus:<a href=\"https:\/\/www.panoramamarbella.com\/fr\/news\/premiere-agence-immobiliere-internationale-marbella\" data-type=\"post\" data-id=\"21510\"> Panorama a \u00e9t\u00e9 la premi\u00e8re agence de la Costa del Sol \u00e0 organiser des vols d\u2019inspection<\/a><\/p>\n\n\n\n<p>&nbsp;<\/p>\n\n\n\t<figure class=\"wp-caption alignright wp-block-acf-wpimage\">\n\t<picture><source width=\"600\" height=\"275\" srcset=\"https:\/\/media.panoramamarbella.com\/imgV1\/B95mbh8olwFQm~uCT2wPZMb8hll4wghQQQq6YWg0~c~U_DrmgY8pGP8pqaDzA6mvjyI_OPtcrHD_aKxDZZC7LiwyWPovcrV8oJIYzxzUmuju_XzWkEuy9Uf3GQ~dGIpqr8bSn13ze_jssQNgUXI4LcimKkXgQI4oFaWT4YniyOyEXf8osCTdPPwNi1WJc84lgkBg7iXfhw__QrJK.webp 600w\" type=\"image\/webp\"><img decoding=\"async\" class=\"img-fluid\" loading=\"lazy\" width=\"600\" height=\"275\" alt=\"La premi\u00e8re open house de Marbella a eu lieu en 1982, organis\u00e9e par Panorama\" src=\"https:\/\/media.panoramamarbella.com\/imgV1\/B95mbh8olwFQm~uCT2wPZMb8hll4wghQQQq6YWg0~c~U_DrmgY8pGP8pqaDzA6mvjyI_OPtcrHD_aKxDZZC7LiwyWPovcrV8oJIYzxzUmuju_XzWkEuy9Uf3GQ~dGIpqr8bSn13ze_jssQNgUXI4LcimKkXgQI4oC_y6OGQTp5c6isxKIKni0NA-.jpg\"><\/picture>\t\t<\/figure>\n\t\n\n\n<h3 class=\"wp-block-heading\">Premi\u00e8re Open House sur la Costa del Sol<\/h3>\n\n\n\n<p>1982 \u00b7 Jalon \u00b7 Marbella (Nueva Andaluc\u00eda)<br><br>En 1982, Panorama a introduit la premi\u00e8re open house de Marbella \u00e0 Las Brisas, Nueva Andaluc\u00eda, en invitant d\u2019autres agents \u00e0 visiter un bien et en d\u00e9fendant une coop\u00e9ration fond\u00e9e sur le partage de commission. Men\u00e9e par la regrett\u00e9e agente form\u00e9e en Californie Vicky de Rivera, avec les conseils de Christopher Clover, l\u2019initiative a favoris\u00e9 la transparence et transform\u00e9 les pratiques locales de commercialisation.<br><br>En savoir plus: <a href=\"https:\/\/www.panoramamarbella.com\/fr\/news\/premier-open-house-de-marbella\" data-type=\"post\" data-id=\"22180\">Panorama a \u00e9t\u00e9 pionni\u00e8re de la premi\u00e8re open house sur la Costa del Sol<\/a><\/p>\n\n\n<hr class=\"w-75 mt-3 mt-md-5 mb-3 mb-md-6 mx-auto border-2 border-secondary opacity-50\">\n\n\n\n\n<h2 class=\"wp-block-heading clearfix mb-6\">Pr\u00e9sence et bureaux<\/h2>\n\n\n\t<figure class=\"wp-caption alignright wp-block-acf-wpimage\">\n\t<picture><source width=\"600\" height=\"275\" srcset=\"https:\/\/media.panoramamarbella.com\/imgV1\/B95mbh8olwFQm~uCT2wPZMb8hll4wghQQQq6YWg0~c~U_DrmgY8pGP8pqaDzA6mvjyI_OPtcrHD_aKxDZZC7LjrMbEMVh9Bozsw85brqS6Utio5esPk7_eFNJKzQKZd1qgSo7g1nlTs3biAkKXUreKY3qRL2~fg0hMBOXGiBHAxVw5ajcb2FTVV7mPoEyJNVBUyXhQpUVke5HVQ-.webp 600w\" type=\"image\/webp\"><img decoding=\"async\" class=\"img-fluid\" loading=\"lazy\" width=\"600\" height=\"275\" alt=\"Notre bureau de vente r\u00e9nov\u00e9 \u00e0 c\u00f4t\u00e9 de la r\u00e9ception de l\u2019h\u00f4tel Nobu \u00e0 Puente Romano\" src=\"https:\/\/media.panoramamarbella.com\/imgV1\/B95mbh8olwFQm~uCT2wPZMb8hll4wghQQQq6YWg0~c~U_DrmgY8pGP8pqaDzA6mvjyI_OPtcrHD_aKxDZZC7LjrMbEMVh9Bozsw85brqS6Utio5esPk7_eFNJKzQKZd1qgSo7g1nlTs3biAkKXUreKY3qRL2~fgqwvgWhTnoFg3RNYYkAF4JjQ--.jpg\"><\/picture>\t\t<\/figure>\n\t\n\n\n<h3 class=\"wp-block-heading\">Bureaux phares de Panorama &#8211; le bureau le plus spectaculaire de la Costa del Sol dans le Puente Romano Resort, ainsi qu\u2019en face du Marbella Club<\/h3>\n\n\n\n<p>11 d\u00e9cembre 2020 \u00b7 Pr\u00e9sence \u00b7 Marbella (Golden Mile)<br><br>Une double pr\u00e9sence phare sur la Golden Mile : un bureau au sein du Puente Romano Beach Resort et un autre en face du Marbella Club Hotel. Le bureau phare de Puente Romano a \u00e9t\u00e9 inaugur\u00e9 par le maire en d\u00e9cembre 2020 et comprend une signal\u00e9tique num\u00e9rique de niveau retail ainsi qu\u2019une fresque a\u00e9rienne r\u00e9tro\u00e9clair\u00e9e de huit m\u00e8tres.<br><br>En savoir plus:<a href=\"https:\/\/www.panoramamarbella.com\/fr\/news\/bureau-a-puente-romano-marbella\" data-type=\"link\" data-id=\"https:\/\/www.panoramamarbella.com\/news\/puente-romano-flagship-inauguration\"> Panorama d\u00e9voile son bureau phare \u00e0 Marbella, marquant 50 ans d\u2019excellence<\/a><\/p>\n\n\n\n<p>&nbsp;<\/p>\n\n\n\t<figure class=\"wp-caption alignright wp-block-acf-wpimage\">\n\t<picture><source width=\"600\" height=\"275\" srcset=\"https:\/\/media.panoramamarbella.com\/imgV1\/B95mbh8olwFQm~uCT2wPZMb8hll4wghQQQq6YWg0~c~U_DrmgY8pGP8pqaDzA6mvjyI_OPtcrHD_aKxDZZC7LjrLRe0dcVGh8TpXng8t9UescEpBimXnQBvFSFUj1R~XF6JG1wqjLxBaSpk9oT7EVyl_06s5RHzr73WLGGSWrEMcu_OcWD0W9mE-.webp 600w\" type=\"image\/webp\"><img decoding=\"async\" class=\"img-fluid\" loading=\"lazy\" width=\"600\" height=\"275\" alt=\"Bureau de Puente Romano Real Estate\" src=\"https:\/\/media.panoramamarbella.com\/imgV1\/B95mbh8olwFQm~uCT2wPZMb8hll4wghQQQq6YWg0~c~U_DrmgY8pGP8pqaDzA6mvjyI_OPtcrHD_aKxDZZC7LjrLRe0dcVGh8TpXng8t9UescEpBimXnQBvFSFUj1R~XF6JG1wq9JCrCg75eQS0txLDmUwpFAg--.jpg\"><\/picture>\t\t<\/figure>\n\t\n\n\n<h3 class=\"wp-block-heading\">Bureau de Puente Romano Real Estate &#8211; agence officielle distincte du resort \u00e0 l\u2019int\u00e9rieur de la r\u00e9ception de l\u2019h\u00f4tel &#8211; exploit\u00e9e par Panorama<\/h3>\n\n\n\n<p>Depuis 2020 \u00b7 Pr\u00e9sence \u00b7 Marbella (Puente Romano)<br><br>Puente Romano Real Estate est l\u2019agence officielle au sein du resort pour Puente Romano et Nobu Marbella, exploit\u00e9e par Panorama depuis un bureau situ\u00e9 dans la r\u00e9ception de l\u2019h\u00f4tel. Il s\u2019agit d\u2019une agence distincte disposant de son propre site web et exploit\u00e9e par Panorama pour le compte des h\u00f4tels, s\u00e9par\u00e9e du bureau phare de Panorama sur la Golden Mile.<br><br>En savoir plus: <a href=\"https:\/\/www.puenteromanorealestate.com\/contact\" target=\"_blank\" data-type=\"link\" data-id=\"https:\/\/www.puenteromanorealestate.com\/contact\" rel=\"noreferrer noopener nofollow\">Bureau de Puente Romano Real Estate &#8211; agence officielle distincte du resort \u00e0 l\u2019int\u00e9rieur de la r\u00e9ception de l\u2019h\u00f4tel<\/a><\/p>\n\n\n\n<p>&nbsp;<\/p>\n\n","protected":false},"excerpt":{"rendered":"","protected":false},"author":11,"featured_media":32187,"parent":5158,"menu_order":1,"comment_status":"closed","ping_status":"closed","template":"","meta":{"_acf_changed":false,"footnotes":""},"class_list":["post-43472","page","type-page","status-publish","has-post-thumbnail","hentry"],"acf":[],"_links":{"self":[{"href":"https:\/\/www.panoramamarbella.com\/fr\/wp-json\/wp\/v2\/pages\/43472","targetHints":{"allow":["GET"]}}],"collection":[{"href":"https:\/\/www.panoramamarbella.com\/fr\/wp-json\/wp\/v2\/pages"}],"about":[{"href":"https:\/\/www.panoramamarbella.com\/fr\/wp-json\/wp\/v2\/types\/page"}],"author":[{"embeddable":true,"href":"https:\/\/www.panoramamarbella.com\/fr\/wp-json\/wp\/v2\/users\/11"}],"replies":[{"embeddable":true,"href":"https:\/\/www.panoramamarbella.com\/fr\/wp-json\/wp\/v2\/comments?post=43472"}],"version-history":[{"count":78,"href":"https:\/\/www.panoramamarbella.com\/fr\/wp-json\/wp\/v2\/pages\/43472\/revisions"}],"predecessor-version":[{"id":44796,"href":"https:\/\/www.panoramamarbella.com\/fr\/wp-json\/wp\/v2\/pages\/43472\/revisions\/44796"}],"up":[{"embeddable":true,"href":"https:\/\/www.panoramamarbella.com\/fr\/wp-json\/wp\/v2\/pages\/5158"}],"wp:featuredmedia":[{"embeddable":true,"href":"https:\/\/www.panoramamarbella.com\/fr\/wp-json\/wp\/v2\/media\/32187"}],"wp:attachment":[{"href":"https:\/\/www.panoramamarbella.com\/fr\/wp-json\/wp\/v2\/media?parent=43472"}],"curies":[{"name":"wp","href":"https:\/\/api.w.org\/{rel}","templated":true}]}}