{"id":5167,"date":"2024-06-07T16:15:43","date_gmt":"2024-06-07T14:15:43","guid":{"rendered":"https:\/\/www.panoramamarbella.com\/a-propos\/family-real-estate-120-years"},"modified":"2025-01-07T13:18:39","modified_gmt":"2025-01-07T12:18:39","slug":"famille-dediee-immobilier-plus-120-ans","status":"publish","type":"page","link":"https:\/\/www.panoramamarbella.com\/fr\/a-propos\/famille-dediee-immobilier-plus-120-ans","title":{"rendered":"Une famille consacr\u00e9e \u00e0 l\u2019immobilier depuis plus de 120 ans"},"content":{"rendered":"\n<div class=\"lead\"><p style=\"text-align: left;\">C\u2019est un fait, personne ne conna\u00eet mieux le secteur immobilier. En effet, Panorama est l\u2019agence immobili\u00e8re la plus ancienne de Marbella, et son propri\u00e9taire, Christopher Clover, perp\u00e9tue une tradition familiale dans le secteur qui date depuis plus de 120 ans !<\/p>\n<\/div>\n\n\t<figure class=\"wp-caption alignright wp-block-acf-wpimage\">\n\t<picture><source width=\"630\" height=\"768\" srcset=\"https:\/\/media.panoramamarbella.com\/imgV1\/B95mbh8olwFQm~uCT2wPZMb8hll4wghQQQq6YWg0~c~U_DrmgY8pGP8pqaDzA6mvjyI_OPtcrHD_aKxCvYKIXtsK7h36qOpqdhPKZmpFfWHI8jZY_0JlOLG2WezQV0Nl2riZfKwhjawbsjj~GNxXuEpQ5K87ySGMqABA~SagMNutNM2aO1ly~s8hZXa3wAccfHAo2KyfSix22chy.webp 630w\" type=\"image\/webp\"><img decoding=\"async\" class=\"img-fluid\" loading=\"lazy\" width=\"630\" height=\"768\" alt=\"Chris, M\u00e8re, P\u00e8re et Bill\" src=\"https:\/\/media.panoramamarbella.com\/imgV1\/B95mbh8olwFQm~uCT2wPZMb8hll4wghQQQq6YWg0~c~U_DrmgY8pGP8pqaDzA6mvjyI_OPtcrHD_aKxCvYKIXtsK7h36qOpqdhPKZmpFfWHI8jZY_0JlOLG2WezQV0Nl2riZfKwhjawbsjj~GNxXuEpQ5K87ySGMtvpGcekhMx1lF6P2_kfzVzs-.jpg\"><\/picture>\t\t\t<figcaption class=\"wp-caption-text\">\n\t\tP\u00e8re M\u00e8re Cece Bill-BW\t\t<\/figcaption>\n\t\t\t<\/figure>\n\t\n\n\n<p class=\"clearfix\">Panorama, comme beaucoup le savent, est <a href=\"https:\/\/www.panoramamarbella.com\/fr\/a-propos\" data-type=\"page\" data-id=\"5158\">l\u2019agence immobili\u00e8re la plus ancienne de Marbella<\/a>. Elle fut fond\u00e9e en 1970, elle s\u2019est forg\u00e9 une forte r\u00e9putation gr\u00e2ce aux services professionnels de premier ordre qu\u2019elle fournit tant aux acheteurs qu\u2019aux vendeurs, et elle figure parmi les meilleures au monde. En revanche, peu de gens savent que Christopher Clover, propri\u00e9taire et directeur g\u00e9n\u00e9ral de Panorama, est issu d\u2019une famille de trois g\u00e9n\u00e9rations d\u2019agents et entrepreneurs immobiliers. La quatri\u00e8me g\u00e9n\u00e9ration de cette famille de professionnels, les enfants de Christopher, Alex et Katinka, ont \u00e9galement rejoint Panorama au d\u00e9but de l\u2019ann\u00e9e 2000.<\/p>\n\n\n\t<figure class=\"wp-caption alignleft wp-block-acf-wpimage\">\n\t<picture><source width=\"1170\" height=\"1367.3214285714\" srcset=\"https:\/\/media.panoramamarbella.com\/imgV1\/B95mbh8olwFQm~uCT2wPZMb8hll4wghQQQq6YWg0~c~U_DrmgY8pGP8pqaDzA6mvjyI_OPtcrHD_aKxCvYKIXtsPBLTviMZb~LZkX5k8NnKtlC0w65gVLWA5wsswtMXIaGDee20LCjszYL2D205kCBg9A1pKxUyG71V6cV0DgKp_WgEpdqynOhdjTlskZjkjCLmfzkAR5VSxvE8440xR71XCdQ0sXcZHN7Du79tmF7PshOT0yVJ4.webp 1170w\" type=\"image\/webp\"><img decoding=\"async\" class=\"img-fluid\" loading=\"lazy\" width=\"2520\" height=\"2945\" alt=\"Chris et son fr\u00e8re \u00e0 une exposition de b\u00e9tail vers 1958\" src=\"https:\/\/media.panoramamarbella.com\/imgV1\/B95mbh8olwFQm~uCT2wPZMb8hll4wghQQQq6YWg0~c~U_DrmgY8pGP8pqaDzA6mvjyI_OPtcrHD_aKxCvYKIXtsPBLTviMZb~LZkX5k8NnKtlC0w65gVLWA5wsswtMXIaGDee20LCjszYL2D205kCBg9A1pKxUyG71V6cV0DgKp_WgEpdqynOhdjTlskZjkjCLmf0HX7kiCVM~CHHDs95kmWF94-.jpg\"><\/picture>\t\t\t<figcaption class=\"wp-caption-text\">\n\t\tChris et son fr\u00e8re \u00e0 une exposition de b\u00e9tail vers 1958\t\t<\/figcaption>\n\t\t\t<\/figure>\n\t\n\n\n<p class=\"clearfix\">Le grand-p\u00e8re de Christopher, Burtt Byron(B.B.) Clover (1876- 1970) , fut l\u2019un des premiers promoteurs de terrains de golf aux Etats-Unis et \u00e9galement promoteur de maisons unifamiliales \u00e0 Chicago. En 1904, apr\u00e8s avoir travaill\u00e9 pendant quatre ans comme directeu de l\u2019agence immobili\u00e8re W.A. Marigold and Company, il fonda B.B. Clover and Company, agence immobili\u00e8re et soci\u00e9t\u00e9 de d\u00e9veloppement immobilier, ayant son si\u00e8ge \u00e0 Chicago, sur l\u2019Evanston Avenue. B.B. Clover commen\u00e7a par r\u00e9aliser des promotions dans le village d\u2019Itasca et alentours, dans la banlieue de Chicago. Il ouvrit ensuite une filiale \u00e0 Itasca pour promouvoir encore mieux ses produits immobiliers. Il transforma Itasca en un endroit id\u00e9al pour construire une r\u00e9sidence et profiter d\u2019un style de vie confortable en banlieue, ce qui entra\u00eena une explosion d\u00e9mographique dont la ville b\u00e9n\u00e9ficia au cours des ann\u00e9es 20 et 30.<\/p>\n\n\n\n<p> <\/p>\n\n\n\n<p>L\u2019une des premi\u00e8res et plus importantes contributions de B.B. Clover \u00e0 Itasca fut l\u2019implantation d\u2019un terrain de golf et d\u2019un Clubhouse sur des terrains qui appartenaient \u00e0 l\u2019origine au premier habitant d\u2019Itasca. De nos jours, l\u2019Itasca Country Club est toujours l\u2019une des zones r\u00e9sidentielles les plus luxueuses de la banlieue de Chicago.<\/p>\n\n\n\n<p>Quand B.B. prit sa retraite en 1952, il fonda la Clover Realty Company \u00e0 Charlottesville, Virginie, avec son fils, le p\u00e8re de Christopher, Williston (Bill) L. Clover (1915-2010), qui perp\u00e9tua la tradition familiale comme agent et promoteur immobilier pendant plus de 40 ans. Charlottesville est une tr\u00e8s jolie ville situ\u00e9e au centre de l\u2019Etat de Virginie, \u00e0 environ deux heures de route au sud de Washington DC. Charlottesville, d\u2019o\u00f9 Chris est originaire, est \u00e9galement le lieu de naissance de Thomas Jefferson (troisi\u00e8me pr\u00e9sident des Etats- Unis) et le si\u00e8ge de l\u2019Universit\u00e9 de Virginie (la meilleure universit\u00e9 nationale), o\u00f9 Chris obtint son dipl\u00f4me avec mention en 1969, suivi par son fils Alex en 1998.<\/p>\n\n\n\t<figure class=\"wp-caption aligncenter wp-block-acf-wpimage\">\n\t<picture><source width=\"1170\" height=\"1144.9234537661\" srcset=\"https:\/\/media.panoramamarbella.com\/imgV1\/B95mbh8olwFQm~uCT2wPZMb8hll4wghQQQq6YWg0~c~U_DrmgY8pGP8pqaDzA6mvjyI_OPtcrHD_aKxCvYKIXtq0qwgI7HwCuv6StOyK78UWeirF9cvAkfQbxz_ZgbQR2MhUWTB4zCjh0esUhIVXJrQ6XKNCBv5n3usuVYQnHMATear8v~Ju2pJqKZG6guBxTyYTxaPxuogCUbIg_OVn.webp 1170w\" type=\"image\/webp\"><img decoding=\"async\" class=\"img-fluid\" loading=\"lazy\" width=\"1633\" height=\"1598\" alt=\"Clover Realty Co. dans les ann\u00e9es 60\" src=\"https:\/\/media.panoramamarbella.com\/imgV1\/B95mbh8olwFQm~uCT2wPZMb8hll4wghQQQq6YWg0~c~U_DrmgY8pGP8pqaDzA6mvjyI_OPtcrHD_aKxCvYKIXtq0qwgI7HwCuv6StOyK78UWeirF9cvAkfQbxz_ZgbQR2MhUWTB4zCjh0esUhIVXJrQ6XKNCBv5n3usuSxQeLiBy9_U3GPvphGqVLQA-.jpg\"><\/picture>\t\t\t<figcaption class=\"wp-caption-text\">\n\t\tClover Realty Co. dans les ann\u00e9es 60\t\t<\/figcaption>\n\t\t\t<\/figure>\n\t\n\n\n<p>A la t\u00eate de la Clover Realty Company, Bill Clover, fut l\u2019un des plus importants courtiers en grands domaines et belles demeures historiques de cette magnifique et prosp\u00e8re r\u00e9gion des Etats-Unis. Apr\u00e8s des ann\u00e9es de dur labeur, et gr\u00e2ce \u00e0 son excellente r\u00e9putation et int\u00e9grit\u00e9, il vendit un grand nombre des plus importantes propri\u00e9t\u00e9s et demeures historiques de cette partie de la c\u00f4te est des Etats-Unis.<\/p>\n\n\n\n<p>Bill Clover fut \u00e9galement un pionnier en techniques d\u2019\u00e9levage de pur-sang de la race de b\u00e9tail Aberdeen Angus, un joueur de tennis class\u00e9 au niveau national, un architecte accompli, un professeur et un inventeur ainsi qu\u2019un constructeur et un promoteur immobilier comptant plusieurs ouvrages \u00e0 son actif, \u00e0 Charlottesville et environs. Bill avait toutefois toujours esp\u00e9r\u00e9 d\u00e9velopper son entreprise au-del\u00e0 des fronti\u00e8res am\u00e9ricaines, et en 1968, il fit l\u2019acquisition d\u2019une soci\u00e9t\u00e9 bas\u00e9e \u00e0 Washington DC : Panorama International Ltd.<\/p>\n\n\n\t<figure class=\"wp-caption alignleft wp-block-acf-wpimage\">\n\t<picture><source width=\"500\" height=\"346\" srcset=\"https:\/\/media.panoramamarbella.com\/imgV1\/B95mbh8olwFQm~uCT2wPZMb8hll4wghQQQq6YWg0~c~U_DrmgY8pGP8pqaDzA6mvjyI_OPtcrHD_aKxCvYKIXtq~OGUCOzfhNaWGAblyH4NF~SXmXPBFyOJKLs1SGv09jodCmrYybtRa9XNSEriH53gvKKbWz8Mas05fWqJIAw4NicDsgcTxbtEE3v~Da7sXGR9YbP0L0Q--.webp 500w\" type=\"image\/webp\"><img decoding=\"async\" class=\"img-fluid\" loading=\"lazy\" width=\"500\" height=\"346\" alt=\"Publicit\u00e9 am\u00e9ricaine en 1971 : Panorama a vendu plus de 150 maisons \u00e0 Nueva Andalucia au d\u00e9but des ann\u00e9es 70.\" src=\"https:\/\/media.panoramamarbella.com\/imgV1\/B95mbh8olwFQm~uCT2wPZMb8hll4wghQQQq6YWg0~c~U_DrmgY8pGP8pqaDzA6mvjyI_OPtcrHD_aKxCvYKIXtq~OGUCOzfhNaWGAblyH4NF~SXmXPBFyOJKLs1SGv09jodCmrYybtRa9XNSEriH53gvKLi8YV21gqt3bsZsq_n95_Vz.webp\"><\/picture>\t\t\t<figcaption class=\"wp-caption-text\">\n\t\tPublicit\u00e9 am\u00e9ricaine en 1971.\t\t<\/figcaption>\n\t\t\t<\/figure>\n\t\n\n\n<p>Panorama International Ltd. fut la premi\u00e8re entreprise \u00e0 proposer des propri\u00e9t\u00e9s et valeurs immobili\u00e8res internationales \u00e0 des investisseurs aux Etats-Unis. La soci\u00e9t\u00e9 se fit conna\u00eetre en vendant des r\u00e9sidences secondaires et des maisons pour y jouir<br>de la retraite au Mexique, aux Cara\u00efbes, en France, au Maroc, et tr\u00e8s particuli\u00e8rement, en Espagne. Il \u00e9tablit un premier bureau immobilier international \u00e0 Marbella en 1970, initialement pr\u00e9vu pour traiter avec des clients envoy\u00e9s \u00e0 Marbella depuis les Etats-Unis et, peu apr\u00e8s, d\u2019autres bureaux furent ouverts \u00e0 Mexico et \u00e0 Majorque.<\/p>\n\n\n\n<p>\u00c0 cette \u00e9poque, Marbella commen\u00e7ait \u00e0 b\u00e2tir sa r\u00e9putation de destination de vill\u00e9giature<br>de luxe. La soci\u00e9t\u00e9, qui se sp\u00e9cialisait alors dans la vente de biens immobiliers haut de gamme, principalement \u00e0 des clients am\u00e9ricains, connut un succ\u00e8s fulgurant. Panorama International fut la toute premi\u00e8re agence immobili\u00e8re \u00e0 organiser des vols d\u2019inspection \u00e0 destination de la Costa del Sol. Les acheteurs venaient en masse, mis en confiance par le professionnalisme, l\u2019int\u00e9grit\u00e9 et la r\u00e9putation de Bill Clover et attir\u00e9s par le charme singulier de l\u2019Espagne et de la Costa del Sol, et ses prix tr\u00e8s comp\u00e9titifs.<\/p>\n\n\n\n<p>Christopher Clover obtint son premier dipl\u00f4me \u00e0 la St. Andrew\u2019s School, Delaware, en 1965 et il se licencia ensuite en sciences \u00e9conomiques \u00e0 l\u2019Universit\u00e9 de Virginie en 1969. A travers cette universit\u00e9, il participa \u00e0 un programme d\u2019\u00e9change avec l\u2019Universit\u00e9 de Lyon en France en 1967 et 1968. Post\u00e9rieurement il enseigna le fran\u00e7ais \u00e0 la Landon School de Bethesda, dans le Maryland, pendant deux ans, avant de rejoindre son p\u00e8re et son fr\u00e8re (Williston H. Clover) \u00e0 Panorama International \u00e0  Washington DC en 1971.<\/p>\n\n\n\n<p>Muni d\u2019un solide bagage linguistique et d\u2019une grande exp\u00e9rience en promotion immobili\u00e8re aux Etats-Unis, Chris arriva en Espagne en f\u00e9vrier 1973, le jour de ses 26 ans. Il prit la direction des bureaux de Panorama International \u00e0 Marbella, qui, \u00e0 l\u2019\u00e9poque, accueillait les clients envoy\u00e9s depuis les Etats-Unis. Cette m\u00eame ann\u00e9e, et avec le soutien En-haut : Annonce, 1971 \u00c0 gauche : coupure de presse, Iberian Daily Sun, mars 1973 inconditionnel de son p\u00e8re, Chris d\u00e9veloppa l\u2019agence espagnole pour se sp\u00e9cialiser dans la captation et vente de propri\u00e9t\u00e9s de prestige \u00e0 un march\u00e9 international dans la zone de Marbella. Au fils<br>des ans, Panorama a vendu des propri\u00e9t\u00e9s \u00e0 des clients originaires de plus de quarante pays diff\u00e9rents. (Pour plus  d\u2019informations, lisez l\u2019article sur \u201c<a href=\"https:\/\/www.panoramamarbella.com\/fr\/a-propos\/comment-panorama-a-commence-a-marbella\" data-type=\"page\" data-id=\"5172\">la Marbella des ann\u00e9es soixante-dix<\/a>\u201d sur notre blog).<\/p>\n\n\n\t<figure class=\"wp-caption aligncenter wp-block-acf-wpimage\">\n\t<picture><source width=\"1126\" height=\"768\" srcset=\"https:\/\/media.panoramamarbella.com\/imgV1\/B95mbh8olwFQm~uCT2wPZMb8hll4wghQQQq6YWg0~c~U_DrmgY8pGP8pqaDzA6mvjyI_OPtcrHD_aKxCvYKIXtq8Bp_9z_7tCyoky5VeBECpU1lZNhrRA1a~eZmeECFZeUWcp6p4UByFV1eLVzclM73sticIJAkC3AM4uamc_IFQU~wLLpUikN~H~V_n4rdQGJeDh2mUNswbE47oSomPQyiyL1rH~sy3jWW0YTlv.webp 1126w\" type=\"image\/webp\"><img decoding=\"async\" class=\"img-fluid\" loading=\"lazy\" width=\"1126\" height=\"768\" alt=\"1969 Chris Chris Dipl\u00f4me de l&#039;Universit\u00e9 de Virginie\" src=\"https:\/\/media.panoramamarbella.com\/imgV1\/B95mbh8olwFQm~uCT2wPZMb8hll4wghQQQq6YWg0~c~U_DrmgY8pGP8pqaDzA6mvjyI_OPtcrHD_aKxCvYKIXtq8Bp_9z_7tCyoky5VeBECpU1lZNhrRA1a~eZmeECFZeUWcp6p4UByFV1eLVzclM73sticIJAkC3AM4uamc_IFQU~wLLpUikN~H43spZedG1COmMRE19nx9JY8-.jpg\"><\/picture>\t\t\t<figcaption class=\"wp-caption-text\">\n\t\t1969 Chris Dipl\u00f4me de l&rsquo;Universit\u00e9 de Virginie\t\t<\/figcaption>\n\t\t\t<\/figure>\n\t\n\n\n<p>En 1975, Panorama International ferma ses bureaux de Washington DC en raison d\u2019une forte r\u00e9cession, \u00e0 laquelle s\u2019ajoutait une nouvelle l\u00e9gislation sur les valeurs mobili\u00e8res, rendant impossible la continuation du n\u00e9goce dans sa structure initiale. La philosophie de Chris, tendant \u00e0 se centrer sur une r\u00e9gion particuli\u00e8re et 1995 en promouvoir les propri\u00e9t\u00e9s aupr\u00e8s d\u2019un public international, encouragea Bill (1939-2022), son fr\u00e8re, \u00e0 transformer la filiale de Panorama International du Mexique en une compagnie internationale de conseil et finances d\u2019envergure mondiale, connue aujourd\u2019hui comme Panorama International, Inc.<\/p>\n\n\n\t<figure class=\"wp-caption alignleft wp-block-acf-wpimage\">\n\t<picture><source width=\"573\" height=\"768\" srcset=\"https:\/\/media.panoramamarbella.com\/imgV1\/B95mbh8olwFQm~uCT2wPZMb8hll4wghQQQq6YWg0~c~U_DrmgY8pGP8pqaDzA6mvjyI_OPtcrHD_aKxCvYKIXt~JYzWqye77bCHgXK4QFOgOuB5lAuXmotcL4oKu1q2zYpGMUOP4bMC2bIlkJVt_Tea0pqoG8VgDYsHNkeJat5_Ti05YaPTQAMRV83T6KKgnzH85idYyAaKL7FiWbXTDMYormPGnD6iv5bwBnNA-.webp 573w\" type=\"image\/webp\"><img decoding=\"async\" class=\"img-fluid\" loading=\"lazy\" width=\"573\" height=\"768\" alt=\"2006 Chris et son \u00e9pouse actuelle Jovita lors d&#039;une soir\u00e9e de gala\" src=\"https:\/\/media.panoramamarbella.com\/imgV1\/B95mbh8olwFQm~uCT2wPZMb8hll4wghQQQq6YWg0~c~U_DrmgY8pGP8pqaDzA6mvjyI_OPtcrHD_aKxCvYKIXt~JYzWqye77bCHgXK4QFOgOuB5lAuXmotcL4oKu1q2zYpGMUOP4bMC2bIlkJVt_Tea0pqoG8VgDYsHNkeJat5_Ti05YaPTQAMRLsTVuMW4d48io~gakIzz8PA--.jpg\"><\/picture>\t\t\t<figcaption class=\"wp-caption-text\">\n\t\t2006 Chris et son \u00e9pouse actuelle Jovita \u00e0 la soir\u00e9e de gala\t\t<\/figcaption>\n\t\t\t<\/figure>\n\t\n\n\n<p>Bill a personnellement men\u00e9 des missions de consultation dans plus de 65 pays. Il vivait \u00e0 San Antonio, au Texas, o\u00f9 il dirigeait Panorama International, Inc. <\/p>\n\n\n\n<p>Il agissait \u00e9galement en qualit\u00e9 de conseiller actif et indispensable au sein de la propre soci\u00e9t\u00e9 de Chris. <\/p>\n\n\n\n<p class=\"clearfix\">Depuis sa base \u00e0 Marbella, Panorama Properties a r\u00e9alis\u00e9 des op\u00e9rations en tout genre, depuis la gestion d\u2019achat et l\u2019administration de palais et r\u00e9sidences royales, jusqu\u2019\u00e0 l\u2019acquisition d\u2019un immeuble pour une ambassade \u00e0 Tokyo, pour le compte du minist\u00e8re des Affaires \u00e9trang\u00e8res d\u2019Arabie Saoudite.<\/p>\n\n\n\n<p>Ses transactions les plus importantes comprennent la vente de grandes parcelles de terrain sur la Costa del Sol et l\u2019interm\u00e9diation des immeubles de bureaux \u00e0 Madrid et \u00e0 Londres. Toutefois, l\u2019activit\u00e9 principale de Panorama a toujours \u00e9t\u00e9 la promotion de propri\u00e9t\u00e9s r\u00e9sidentielles de premi\u00e8re cat\u00e9gorie pour une client\u00e8le nationale et internationale. Gr\u00e2ce \u00e0 des services personnalis\u00e9s haut de gamme, une \u00e9thique professionnelle de grande int\u00e9grit\u00e9 et des talents ind\u00e9niables de n\u00e9gociation, Panorama a conquis une excellente et durable r\u00e9putation dont peu d\u2019agents peuvent se vanter de b\u00e9n\u00e9ficier.<\/p>\n\n\n\n<p>Aujourd\u2019hui, Panorama dispose de deux bureaux sur la prestigieuse \u201cMille d\u2019Or\u201d de Marbella, o\u00f9 \u00ab l\u2019image de qualit\u00e9 \u00bb de Marbella fut lanc\u00e9e avec la cr\u00e9ation du Marbella Club au d\u00e9but des ann\u00e9es 50. Une \u00e9quipe constitu\u00e9e de 30 professionnels, s\u2019occupant des ventes, captation, administration et assistance, travaille dans les deux bureaux. Fid\u00e8le \u00e0 sa client\u00e8le internationale, Panorama a une \u00e9quipe de professionnels qui dans leur ensemble parlent treize langues. La soci\u00e9t\u00e9 a grandi et s\u2019occupe \u00e9galement d\u2019activit\u00e9s commerciales et d\u2019investissement ainsi que de location immobili\u00e8re de haut standing.<\/p>\n\n\n<blockquote class=\"testimonial bg-secondary bg-opacity-10 text-dark wp-block-acf-blockquote\">\n    <p>Les principes directeurs de Panorama sont les valeurs familiales d&rsquo;\u00e9quit\u00e9, d&rsquo;honn\u00eatet\u00e9 et de transparence, accompagn\u00e9es d&rsquo;un travail acharn\u00e9, comme mon p\u00e8re me l&rsquo;a enseign\u00e9 et comme son p\u00e8re le lui a enseign\u00e9. Si nous avons r\u00e9ussi, c&rsquo;est gr\u00e2ce au respect scrupuleux de ces principes, \u00e0 notre personnel d\u00e9vou\u00e9 et talentueux, au soutien inestimable de nos nombreux amis, \u00e0 notre capacit\u00e9 \u00e0 nous adapter \u00e0 l&rsquo;\u00e9volution des march\u00e9s, \u00e0 apprendre de nos concurrents et \u00e0 collaborer avec eux.<\/p>\n<p>\u2013 Chris \u2013<\/p>\n    \n<\/blockquote>\n\n\n\n<p>Depuis son arriv\u00e9e \u00e0 Marbella, Christopher Clover s\u2019est distingu\u00e9 en tant que leader au sein de la communaut\u00e9 immobili\u00e8re mais \u00e9galement au niveau municipal et communautaire. Toutefois, la plus belle r\u00e9compense de la famille est sans aucun doute la participation des deux enfants de Christopher au d\u00e9veloppement de l\u2019entreprise \u2013 Alex est un maillon indispensable dans la gestion et l\u2019expansion de nouveaux projets pour la soci\u00e9t\u00e9 tandis que Katinka, dipl\u00f4m\u00e9e de l\u2019Universit\u00e9 Am\u00e9ricaine de Paris, a \u00e9t\u00e9 nomm\u00e9e directrice g\u00e9n\u00e9rale adjointe de Panorama. La quatri\u00e8me g\u00e9n\u00e9ration des Clover perp\u00e9tue l\u2019entreprise familiale et ses principes de mani\u00e8re bien r\u00e9elle.<\/p>\n\n\n\t<figure class=\"wp-caption aligncenter wp-block-acf-wpimage\">\n\t<picture><source width=\"1140\" height=\"759\" srcset=\"https:\/\/media.panoramamarbella.com\/imgV1\/B95mbh8olwFQm~uCT2wPZMb8hll4wghQQQq6YWg0~c~U_DrmgY8pGP8pqaDzA6mvjyI_OPtcrHD_aKxCvYKIXoghT22zj4fv75KM0_ASOrkeZ2LrApku8dX7FCoHvQEE2k8dFwGFKpgBauqyg6RO4~akX7EPCBqxE7k8TX4QrnBUS9jbmL5t25Wgy2Z9v_WDzV8_CPZ3f~5tcw--.webp 1140w\" type=\"image\/webp\"><img decoding=\"async\" class=\"img-fluid\" loading=\"lazy\" width=\"1140\" height=\"759\" alt=\"Katinka, Chris et Alex\" src=\"https:\/\/media.panoramamarbella.com\/imgV1\/B95mbh8olwFQm~uCT2wPZMb8hll4wghQQQq6YWg0~c~U_DrmgY8pGP8pqaDzA6mvjyI_OPtcrHD_aKxCvYKIXoghT22zj4fv75KM0_ASOrkeZ2LrApku8dX7FCoHvQEE2k8dFwGFKpgBauqyg6RO4~akX7EPCASE_b8W9txLkNEp9yGsZHi~.webp\"><\/picture>\t\t\t<figcaption class=\"wp-caption-text\">\n\t\tKatinka, Chris et Alex\t\t<\/figcaption>\n\t\t\t<\/figure>\n\t\n\n\n<p><em><strong>par Williston H. Clover \u00a9 2023 Panorama Properties S.L. Publi\u00e9 \u00e0 l&rsquo;origine en 2004<\/strong><\/em><\/p>\n\n\n<article class=\"col w-100 position-relative wp-block-acf-banner\">\n    <div class=\"d-flex flex-wrap flex-column flex-xl-row align-items-start align-items-xl-end gap-4 w-100 bg-secondary text-white p-4\">\n        <div class=\"d-flex flex-column\">\n\t\t\t            <a href=\"https:\/\/www.panoramamarbella.com\/fr\/a-propos\/chronologie-panorama\" class=\"stretched-link text-white text-decoration-none\" title=\"Chronologie de Panorama\">\n\t\t\t\t<h2 class=\"text-white mb-3\">Chronologie de Panorama<\/h2>            <\/a>\n\t\t\t            <p class=\"mb-0\">\n                Lisez un r\u00e9sum\u00e9 de tous les moments cl\u00e9s des 120 ans d&rsquo;histoire du Panorama dans la chronologie du Panorama.            <\/p>\n\t\t\t        <\/div>\n\t\t        <span class=\"btn btn-outline-light ms-xl-auto\">Chronologie du Panorama<\/span>\n\t\t    <\/div>\n<\/article>\n\n\n\n\n\n<section class=\"links-section py-5 text-primary bg-secondary bg-opacity-10 wp-block-acf-linkssection\">\n\t<div class=\"container\">\n\t\t<h3 class=\"mb-3\">Vous pouvez \u00eatre int\u00e9ress\u00e9 par<\/h3>\t\t\t<div class=\"mb-0\">\n\t\t\t\t<p>En savoir plus sur Panorama \u00e0 Marbella.<\/p>\n\t\t\t<\/div>\n\t\t\t\t\t\t\t<ul class=\"list-unstyled row row-cols-1 row-cols-md-2 row-cols-xl-4 mt-4 mb-0 w-100\">\n\t\t\t\t<li class=\"col\"><a href=\"\/fr\" title=\"Panorama, Immobilier de luxe \u00e0 Marbella\">Panorama, Immobilier de luxe \u00e0 Marbella<\/a><\/li><li class=\"col\"><a href=\"https:\/\/www.panoramamarbella.com\/fr\/a-propos\/plus-de-50-ans-a-marbella\" title=\"Panorama f\u00eate ses 50 ans \u00e0 Marbella\">Panorama f\u00eate ses 50 ans \u00e0 Marbella<\/a><\/li><li class=\"col\"><a href=\"https:\/\/www.panoramamarbella.com\/fr\/a-propos\/comment-panorama-a-commence-a-marbella\" title=\"Marbella des ann\u00e9es 70\">Marbella des ann\u00e9es 70<\/a><\/li><li class=\"col\"><a href=\"https:\/\/www.panoramamarbella.com\/fr\/news\/meilleure-agence-immobiliere-en-espagne\" title=\"Panorama reconnue comme la meilleure agence immobili\u00e8re d'Espagne\">Panorama reconnue comme la meilleure agence immobili\u00e8re d&rsquo;Espagne<\/a><\/li>\t\t\t<\/ul>\n\t\t\t<\/div>\n<\/section>\n\n","protected":false},"excerpt":{"rendered":"","protected":false},"author":8,"featured_media":4108,"parent":5158,"menu_order":4,"comment_status":"closed","ping_status":"closed","template":"","meta":{"_acf_changed":false,"footnotes":""},"class_list":["post-5167","page","type-page","status-publish","has-post-thumbnail","hentry"],"acf":[],"_links":{"self":[{"href":"https:\/\/www.panoramamarbella.com\/fr\/wp-json\/wp\/v2\/pages\/5167","targetHints":{"allow":["GET"]}}],"collection":[{"href":"https:\/\/www.panoramamarbella.com\/fr\/wp-json\/wp\/v2\/pages"}],"about":[{"href":"https:\/\/www.panoramamarbella.com\/fr\/wp-json\/wp\/v2\/types\/page"}],"author":[{"embeddable":true,"href":"https:\/\/www.panoramamarbella.com\/fr\/wp-json\/wp\/v2\/users\/8"}],"replies":[{"embeddable":true,"href":"https:\/\/www.panoramamarbella.com\/fr\/wp-json\/wp\/v2\/comments?post=5167"}],"version-history":[{"count":1,"href":"https:\/\/www.panoramamarbella.com\/fr\/wp-json\/wp\/v2\/pages\/5167\/revisions"}],"predecessor-version":[{"id":9979,"href":"https:\/\/www.panoramamarbella.com\/fr\/wp-json\/wp\/v2\/pages\/5167\/revisions\/9979"}],"up":[{"embeddable":true,"href":"https:\/\/www.panoramamarbella.com\/fr\/wp-json\/wp\/v2\/pages\/5158"}],"wp:featuredmedia":[{"embeddable":true,"href":"https:\/\/www.panoramamarbella.com\/fr\/wp-json\/wp\/v2\/media\/4108"}],"wp:attachment":[{"href":"https:\/\/www.panoramamarbella.com\/fr\/wp-json\/wp\/v2\/media?parent=5167"}],"curies":[{"name":"wp","href":"https:\/\/api.w.org\/{rel}","templated":true}]}}