{"id":5172,"date":"2012-06-22T11:43:00","date_gmt":"2012-06-22T09:43:00","guid":{"rendered":"https:\/\/www.panoramamarbella.com\/a-propos\/how-panorama-began-in-marbella"},"modified":"2026-04-09T10:42:01","modified_gmt":"2026-04-09T08:42:01","slug":"comment-panorama-a-commence-a-marbella","status":"publish","type":"page","link":"https:\/\/www.panoramamarbella.com\/fr\/a-propos\/comment-panorama-a-commence-a-marbella","title":{"rendered":"Les d\u00e9buts du Panorama \u00e0 Marbella dans les ann\u00e9es 1970"},"content":{"rendered":"\n\n<h2 class=\"wp-block-heading\">Nos premi\u00e8res ann\u00e9es \u00e0 Marbella : Construction des fondations de Panorama<\/h2>\n\n\n<div class=\"lead\"><p>En tant qu\u2019introduction \u00e0 cette l\u2019histoire, j\u2019aimerais avant tout partager quelques-uns des motifs pour lesquels la ville, dans les ann\u00e9es soixante-dix, nous a tellement fascin\u00e9s que nous avons d\u00e9cid\u00e9 d\u2019y ouvrir une agence. <\/p>\n<p><em>Par Christopher Clover, propri\u00e9taire et directeur g\u00e9n\u00e9ral de Panorama Properties, la plus ancienne agence immobili\u00e8re de Marbella.<\/em><\/p>\n<\/div>\n\n\t<figure class=\"wp-caption aligncenter wp-block-acf-wpimage\">\n\t<picture><source width=\"1140\" height=\"760\" srcset=\"https:\/\/media.panoramamarbella.com\/imgV1\/B95mbh8olwFQm~uCT2wPZMb8hll4wghQQQq6YWg0~c~U_DrmgY8pGP8pqaDzA6mvjyI_OPtcrHD_aKxCvYKIXtsIywiSFkhpEmyLFpTRq5ZWW5n3OTITkhzRumIDReiiMs8SoFtqc8zq0bsUxVan61VMKQTavwnypmf81cmFh7X_BhRNHiyoPjAWaSgwYgKxRsCHH7r6CLtH3FPmoj2H2~MghEDaQHsa9XdgD7bYNMouPbw7NN2dl5A5dejNvjt~O7FDLfvTy2dT_e7pbEXUG6srO5szfr_6aC4s7d3zjG7JpG13QcJGZXrFiqYmLhI7~xpoMtVMlM8hkrIeQXxvOFYQpoZE1SkIPNgq8ru5QWjPwfAIZ0PsBtHdFOoCJhSS~9HwgggHBKCBzhebapIiRwwbvGGQfeqKfgCEy6G_VO39i4rBbeuZ0sQebqdc.webp 1140w\" type=\"image\/webp\"><img decoding=\"async\" class=\"img-fluid\" loading=\"lazy\" width=\"1140\" height=\"760\" alt=\"Bapt\u00eame de Sophie von Sch\u00f6nburg, reine Sof\u00eda\" src=\"https:\/\/media.panoramamarbella.com\/imgV1\/B95mbh8olwFQm~uCT2wPZMb8hll4wghQQQq6YWg0~c~U_DrmgY8pGP8pqaDzA6mvjyI_OPtcrHD_aKxCvYKIXtsIywiSFkhpEmyLFpTRq5ZWW5n3OTITkhzRumIDReiiMs8SoFtqc8zq0bsUxVan61VMKQTavwnypmf8y6JvSxBD2YovAddNh1BCHTym~SyopQUdYCQhYz8G67WDMyDmXVf5YSOFRZ~uhUJLnEjrNSUDih9kXbki2K31gMzgDBYrDBf3DURY0k_I6OaqUHl5ZBZjhSEWmJyPw23_W797sGpQi~dkzqd_m~yF2qIKA_EV7ZS8wsvVNFQ3GefJOXZEBbRv4FrW_5mHLWq6zVl6jI6jBvawJ_oCs73qDDDI_Ej64TZ49wyeGsWf~1qgzG8~FWzWUYFY_8pLx_0-.webp\"><\/picture>\t\t\t<figcaption class=\"wp-caption-text\">\n\t\tBapt\u00eame de Sophie von Sch\u00f6nburg, reine Sof\u00eda\t\t<\/figcaption>\n\t\t\t<\/figure>\n\t\n\n\n<h2 class=\"wp-block-heading\">Les commencements<\/h2>\n\n\n\n<p>C\u2019\u00e9tait en 1946, environ sept ans apr\u00e8s la fin de la Guerre Civile espagnole, Marbella \u00e9tait alors un petit village de moins de 10 000 habitants et avec une histoire tr\u00e8s int\u00e9ressante. Au c\u0153ur du village se trouvait (encore actuellement) l\u2019ancien ch\u00e2teau arabe construit au IXe si\u00e8cle et entour\u00e9 de ruines romaines qui sont encore visibles aujourd\u2019hui, tout au long de la ville. S\u2019\u00e9levant \u00e0 l\u2019horizon, la montagne La Concha cr\u00e9ait ce microclimat si unique de Marbella, le meilleur climat de tous les villages europ\u00e9ens.<\/p>\n\n\n\t<figure class=\"wp-caption alignleft wp-block-acf-wpimage\">\n\t<picture><source width=\"1140\" height=\"622\" srcset=\"https:\/\/media.panoramamarbella.com\/imgV1\/B95mbh8olwFQm~uCT2wPZMb8hll4wghQQQq6YWg0~c~U_DrmgY8pGP8pqaDzA6mvjyI_OPtcrHD_aKxCvYKIXtsJjBTu2gNaf1jDHh1VqC4X~lXMgyyIjIDFY2K4lE5B_yXQh2bJ7Y2vZQWLhH36t7BGyJ5VOmPSq5SsGpA~0xBNkPt7ZGpJcVdGOCaeIxj4_ahX~hJV9J1qFVbycScq5nC3TYMO2FrxYa61MItpcqKPzFjUFcWXbTivCKL2qyJ6ZNjnrfBp5IBQl9B3qBXYiJhVqueb5w2pXiW08BAbI~TY3WRlcTOmJA37QnkFJWk_KPGvjnAyku_htv3ZX9GN~zoJvzVVTUKpf4UkT_ek3Xyc3a_~1_ttysOqQVObmKVDKnJfiZb1XX8MLM_IyxkRcVu6_UFGfxfYPIi2dOqcGSi8Ik4T5UyWDXccYGyb0bJM.webp 1140w\" type=\"image\/webp\"><img decoding=\"async\" class=\"img-fluid\" loading=\"lazy\" width=\"1140\" height=\"622\" alt=\"Marbella vieille photo. H\u00f4tel Marbella Club Vers 1955.\" src=\"https:\/\/media.panoramamarbella.com\/imgV1\/B95mbh8olwFQm~uCT2wPZMb8hll4wghQQQq6YWg0~c~U_DrmgY8pGP8pqaDzA6mvjyI_OPtcrHD_aKxCvYKIXtsJjBTu2gNaf1jDHh1VqC4X~lXMgyyIjIDFY2K4lE5B_yXQh2bJ7Y2vZQWLhH36t7BGyJ5VOmPSq5SsGpA~zUHbWWuikJxyZNQT19th9UtvQPR6rV7TcqBG726QJVV2J1SBGs3_YXTK6iUib5dTVKnrfOKcT0GQxlJLY9R7Yj9h6TmI7YYlwjP66KFIYW32m3qeNepabiqKjMkpbg5t4dzDnDlEH6lw7Kyo3Fh41ACSZR066GMg2Sbz9gWb031VxS8nOQaHoFEUPTqxkQrmNrQA6oqOuLWvVm5bEbw6sQXDwIg0OQyw9FaPMjMZOqglkxK2MLbxpn1leJIejEg-.webp\"><\/picture>\t\t\t<figcaption class=\"wp-caption-text\">\n\t\tMarbella vieille photo. H\u00f4tel Marbella Club Vers 1955\t\t<\/figcaption>\n\t\t\t<\/figure>\n\t\n\n\n<p class=\"clearfix\">\u00c0 cette \u00e9poque, les parcelles les plus \u00e9tendues appartenaient \u00e0 cinq familles : Juan et Enrique Bel\u00f3n, Juan Lavigne et Juan Lima, originaires de Marbella, Elvira Tallefer et son mari Salvador Guerrero de M\u00e1laga (le nom d\u2019Elviria fut donn\u00e9 en son honneur), et Norberto Goizueta de Navarra (le fondateur de <strong>Guadalmina<\/strong>). La majorit\u00e9 des champs \u00e9taient lou\u00e9s et cultiv\u00e9s par des paysans. L\u2019activit\u00e9 \u00e9conomique principale en ce temps-l\u00e0 \u00e9tait l\u2019agriculture et l\u2019extraction mini\u00e8re du fer et du graphite.<\/p>\n\n\n\n<p>Gr\u00e2ce \u00e0 tous ces \u00e9l\u00e9ments, Marbella a \u00e9volu\u00e9 pour devenir la principale ville de complexes de toute la c\u00f4te m\u00e9diterran\u00e9enne.<\/p>\n\n\n\n<p>Marbella doit \u00e9galement son \u00e9volution \u00e0 un coup de chance : il suffit d\u2019observer l\u2019\u00e9volution d\u2019autres villes du littoral espagnol, comme par exemple Torremolinos et Benalm\u00e1dena, qui furent jadis de jolis petits villages, et qui sont aujourd\u2019hui c\u00e9l\u00e8bres pour leurs constructions et hauteurs excessives.<\/p>\n\n\n\n<p><strong>Le premier \u00e0 promouvoir la ville de Marbella fut le versatile et \u00e9clectique aristocrate espagnol Ricardo Soriano Sholtz von Hemensdorff, Marquis d\u2019Ivanrey<\/strong>, qui acheta en1943 \u00e0 son ami Norberto Goizueto la propri\u00e9t\u00e9 El Rodeo, d\u2019une \u00e9tendue de 220 000 m2 (22 hectares), qui poss\u00e9dait de son c\u00f4t\u00e9 une immense parcelle de 350 hectares dans la zone. En 1945, Ricardo construisit et inaugura l\u2019H\u00f4tel El Rodeo, le premier h\u00f4tel de style \u201cmotel\u201d am\u00e9ricain \u00e0 Marbella, et invita plusieurs de ses amis \u00e0 venir visiter la r\u00e9gion. En 1946&nbsp; Ricardo invita son neveu, le prince Alfonso von Hohenlohe et le p\u00e8re de celui-ci, le prince Maximilian Egon von Hohenlohe-Langenburg, \u00e0 venir d\u00e9couvrir et exp\u00e9rimenter l\u2019authentique Marbella. Maximilian, le p\u00e8re d\u2019Alfonso \u00e9tait un aristocrate allemand tr\u00e8s connu, dont l\u2019ascendance remonte au VI<sup>e <\/sup>si\u00e8cle. La m\u00e8re d\u2019Alfonso, la marquise de Belv\u00eds de las Navas, \u00e9tait \u00e9galement connue en Espagne, et son parrain \u00e9tait le roi d\u2019Espagne, Alfonso XIII. Sa lign\u00e9e, unie \u00e0 la vision pionni\u00e8re de son oncle Ricardo, poussa Alfonso \u00e0 continuer de promouvoir la vision de son oncle.<\/p>\n\n\n\n<p><strong>Autrefois, rejoindre Marbella depuis Malaga prenait deux heures en voiture sur une effrayante route c\u00f4ti\u00e8re \u00e0 double sens.<\/strong> Alfonso et son p\u00e8re arriv\u00e8rent \u00e0 Marbella dans une vieille Rolls Royce \u00e9quip\u00e9e d\u2019un moteur qui, en raison de la p\u00e9nurie d\u2019essence durant ces ann\u00e9es de l\u2019apr\u00e8s-guerre, avait \u00e9t\u00e9 transform\u00e9 en un moteur \u00e0 traction de charbon.<\/p>\n\n\n\n<p>D\u00e8s leur arriv\u00e9e \u00e0 Marbella et en attendant que l\u2019oncle Ricardo revienne d\u2019une excursion de p\u00eache, ils d\u00e9cid\u00e8rent de faire un pique-nique \u00e0 l\u2019ombre des pins du beau domaine Santa Margarita, bordant la mer, \u00e0 l\u2019ouest du village. Ils tomb\u00e8rent tellement amoureux de Marbella, et sp\u00e9cialement de ce domaine, qu\u2019ils revinrent l\u2019ann\u00e9e suivante pour l\u2019acheter.<\/p>\n\n\n\n<p>Alfonso et son p\u00e8re construisirent une magnifique maison dans leur nouvelle propri\u00e9t\u00e9, et avaient pour habitude d\u2019y inviter leurs amis. La ferme originale de la propri\u00e9t\u00e9 fut rapidement transform\u00e9e en un club social bar-restaurant, qui \u00e9tait fr\u00e9quent\u00e9 par les habitants de la r\u00e9gion\u2026et c\u2019est ainsi qu\u2019est n\u00e9 le \u201cMarbella Club\u201d. Ce furent les premi\u00e8res semences du r\u00e9veil de la nouvelle Marbella, un endroit destin\u00e9 depuis lors \u00e0 devenir la destination touristique de qualit\u00e9 la plus importante de l\u2019Espagne.<\/p>\n\n\n\n<p><strong>Gr\u00e2ce aux contacts d\u2019Alfonso, de su p\u00e8re, de sa m\u00e8re et de son oncle Ricardo, une grande quantit\u00e9 de gens visit\u00e8rent la zone<\/strong> (et le Marbella Club), et nombreux furent ceux qui ne trouvaient pas de logement. Le flux de visiteurs \u00e9tait tel que, en 1953, Alfonso d\u00e9cida de construire, \u00e0 c\u00f4te de la ferme originelle, un petit h\u00f4tel de 18 chambres distribu\u00e9es autour d\u2019un patio central, semblable aux typiques \u201cmotels\u201d des \u00c9tats-Unis qu\u2019il avait d\u00e9couverts lors de ces r\u00e9cents voyages. Il d\u00e9cida de l\u2019appeler l\u2019<em>H\u00f4tel Marbella Club<\/em>. L\u2019h\u00f4tel ouvrit ses portes au public en 1954 et attira imm\u00e9diatement le tourisme de qualit\u00e9. En 1955, le Comte Rudi von Sch\u00f6nburg, parent d\u2019Alfonso, venait d\u2019obtenir son dipl\u00f4me \u00e0 l\u2019universit\u00e9 <em>Swiss Hotel Management University<\/em> de Lausanne, et s\u2019unit \u00e0 Alfonso comme directeur de l\u2019h\u00f4tel. Encore actuellement, le Comte Rudi joue toujours un r\u00f4le important au Marbella Club et au sein du Groupe, o\u00f9 on peut le rencontrer chaque jour.<\/p>\n\n\n\n<p><strong>Actuellement, la ferme originelle se trouve en parfait \u00e9tat,<\/strong> et a \u00e9t\u00e9 transform\u00e9e en restaurant et bar principal de l\u2019H\u00f4tel.<\/p>\n\n\n\t<figure class=\"wp-caption aligncenter wp-block-acf-wpimage\">\n\t<picture><source width=\"1140\" height=\"882\" srcset=\"https:\/\/media.panoramamarbella.com\/imgV1\/B95mbh8olwFQm~uCT2wPZMb8hll4wghQQQq6YWg0~c~U_DrmgY8pGP8pqaDzA6mvjyI_OPtcrHD_aKxCvYKIXtsKpeOskS1vhhLDOp2wFGYPixLQXp0TG0z7~kUrQtZ7Q~lt_~eqbpehmif4GzMZ3U9d4SdBEWxHNKbLFFRx3NYGTESz3i33NsHZ2Y_6~r0mCBydgfHtn8VcukGl86mmkuJqY1Frwc~_jlJFK9eGn4gshiPAkpqxI0OEWtYOTVhYLK4Yd45M8dDtjD6xiFGl_2wygdTY23IWemhfsS3S5F0OtIDMgsnjzgUSlONpjfNwbyLX7Ov36cyjwxkZe_QLZDHOGTd4LXkT~sX_j9wgxAHaqDl826EGT12iutvX_pVYTxkr_vf33oC_L0xZyNHIbZyzCJvUqRbEaxuHl6MsHjevyyjA.webp 1140w\" type=\"image\/webp\"><img decoding=\"async\" class=\"img-fluid\" loading=\"lazy\" width=\"1140\" height=\"882\" alt=\"Personnes c\u00e9l\u00e8bres au Marbella Club\" src=\"https:\/\/media.panoramamarbella.com\/imgV1\/B95mbh8olwFQm~uCT2wPZMb8hll4wghQQQq6YWg0~c~U_DrmgY8pGP8pqaDzA6mvjyI_OPtcrHD_aKxCvYKIXtsKpeOskS1vhhLDOp2wFGYPixLQXp0TG0z7~kUrQtZ7Q~lt_~eqbpehmif4GzMZ3U9d~5dxLQQ4Wwf8MjR3LTWyMgu4VMiR7AhpmPwc7TIcCeXjb~p7NIYwqdJFNLtlEGOjx_HklZkCs5l0buVAYYDe4rAWzIaiHtjmd8gt0i2ApnMUfaljcfOCNy9ihP5LvS_h8ovIPzAXLiSLH63SsSlA440NAD398kROxU8dPwNRhQ8Ej1sosizdtla_JcdyLdSd6CkavM3FMFSpsf5WC03aSz5n26EJZuByQlxK8Ae9vAtETHRcoXBnNmPDo7zhRSM-.webp\"><\/picture>\t\t\t<figcaption class=\"wp-caption-text\">\n\t\tPersonnes c\u00e9l\u00e8bres \u00e0 l&rsquo;h\u00f4tel Marbella Club\t\t<\/figcaption>\n\t\t\t<\/figure>\n\t\n\n\t<figure class=\"wp-caption alignleft wp-block-acf-wpimage\">\n\t<picture><source width=\"1140\" height=\"1154\" srcset=\"https:\/\/media.panoramamarbella.com\/imgV1\/B95mbh8olwFQm~uCT2wPZMb8hll4wghQQQq6YWg0~c~U_DrmgY8pGP8pqaDzA6mvjyI_OPtcrHD_aKxCvYKIXtsLtod9ctkUrFJTTBrIgLEfFzRsopPUNrqk_Xp38RdeNgJ1JxhMwtmbt9XElor9XzpzQL_TKY8NBncjyCIPx_9Ck8XeKj9nGiFNCGF1COZcG1fB7kdtWrM1F5uAqLaidBiFudmPiGEdRaHwrkEPXqm6Ttpw2B7IVYJ_0V5ofzZAS030HrIwVb31RNHYBrDmueODW_~IHzQ_EQax9_rRbNJYZTs1KqYPVoXz9mCELqqq48WJa0n1Jkk8~I0UvXzHK9kCTE7gA66jkMePsIkMwWZAIAF903~PoNd6zaC3L1c3SHn6NfiotBGb8bW5x4yruQop~fp95EtWTiLCn4aBr0~p7W0IkwNQDgl38pfCm4_ZIHCdmVFyjsN4WZMd8rNkcA~Rz44-.webp 1140w\" type=\"image\/webp\"><img decoding=\"async\" class=\"img-fluid\" loading=\"lazy\" width=\"1140\" height=\"1154\" alt=\"Mariage de la princesse Marie Louise et du comte Rudi von Sch\u00f6nburg, 1971.\" src=\"https:\/\/media.panoramamarbella.com\/imgV1\/B95mbh8olwFQm~uCT2wPZMb8hll4wghQQQq6YWg0~c~U_DrmgY8pGP8pqaDzA6mvjyI_OPtcrHD_aKxCvYKIXtsLtod9ctkUrFJTTBrIgLEfFzRsopPUNrqk_Xp38RdeNgJ1JxhMwtmbt9XElor9XzpzQL_TKY8NBncjyCIPx_9Ck8XeKj9nGiFNCGF1COZcG1ffCuK49tOKN_fkg2pEMuMfuT_vUoAXf1Un0uSK7pfFb4uQJPkAdrqa_C_9efwp32Jvw2hxqoOfcNzZdO95nQkc0P0YCCq89M~HsLwEhj_LmbKhICklHHAkx8LQgSnBnK3s8SQ9equsH4ysyBermpCq8uz8nUygS0Zqcx6XrVwU7Rg6uXWtOREo0SFpo~qtJ3_mct_KJgdEmP~thMrdhyllA5ct9P4aQkS5un~ZXK1MVrM29LgXYRf3LMrt7UhQUQ--.webp\"><\/picture>\t\t\t<figcaption class=\"wp-caption-text\">\n\t\tMariage de la princesse Marie Louise et du comte Rudi von Sch\u00f6nburg, 1971\t\t<\/figcaption>\n\t\t\t<\/figure>\n\t\n\n\n<h2 class=\"wp-block-heading\">Attirer les \u201cgrands noms\u201d<\/h2>\n\n\n\n<p class=\"clearfix\">Son merveilleux microclimat, sa situation strat\u00e9gique, la relative facilit\u00e9 d\u2019acc\u00e8s, et l\u2019accueil chaleureux de ses habitants contribu\u00e8rent \u00e0 la transformation de Marbella en un centre d\u2019attraction pour ceux qui cherchaient une destination diff\u00e9rente et sp\u00e9ciale, o\u00f9 profiter de leurs vacances. Alfonso ne douta pas \u00e0 inviter toute la jet-set du moment au premier h\u00f4tel de luxe de la Costa del Sol. Marbella devint imm\u00e9diatement l\u2019endroit \u00e0 la mode de toute l\u2019Europe. Dans les ann\u00e9es soixante, de nombreuses c\u00e9l\u00e9brit\u00e9s visitaient d\u00e9j\u00e0 Marbella et l\u2019H\u00f4tel Marbella Club assez fr\u00e9quemment. La plupart d\u2019entre elles achet\u00e8rent des parcelles pour construire leurs maisons, parfois directement \u00e0 Alfonso.<\/p>\n\n\n\n<p>Parmi ces \u201cgrands noms\u201d se trouvait Jos\u00e9 Ban\u00fas, qui vint \u00e0 Marbella en 1962 et acquit les terres de l\u2019actuel Puerto Ban\u00fas et <strong>Nueva Andaluc\u00eda <\/strong>(\u00e0 cette \u00e9poque de nombreuses personnes consid\u00e9raient que sa vision \u00e9tait \u201cd\u00e9traqu\u00e9e\u201d), Jaime de Mora, Manolo Lapique, Ignacio Coca \u2013 fondateur de Los Monteros et du Club de Golf Rio Real \u2013 et d\u2019autres grands noms tels que les von Thyssen, Princess von Bismark, la famille F\u00fcstenberg, Mel Ferrer et Audrey Hepburn, le Duc et la Duchesse de Windsor, le Prince Rainier de Monaco et Grace Kelly, Ava Gardner, Cary Grant, Laurence Olivier, Guy de Rothschild, Terry von Pantz, Deborah Kerr, Jimmy Stewart, Teddy Kennedy, Jean Negulesco et de nombreux autres.<\/p>\n\n\n\n<p>Alfonso succ\u00e8da avec succ\u00e8s \u00e0 son oncle Ricardo comme le principal promoteur de la zone. Marbella \u00e9tait devenue \u201cun endroit sp\u00e9cial pour des gens sp\u00e9ciaux\u201d, slogan qui fut utilis\u00e9 par Panorama durant ses premi\u00e8res ann\u00e9es \u00e0 Marbella.<\/p>\n\n\n \n\t<div class=\"wp-gallery row row-cols-2 row-cold-lg-2 g-3 mb-4\">\n\t\t\t\t<div class=\"col\">\n\t\t\t\t\t\t\t<figure class=\"ratio ratio-1x1 mb-0\">\n\t\t\t\t\t<picture><source width=\"334\" height=\"334\" srcset=\"https:\/\/media.panoramamarbella.com\/imgV1\/B95mbh8olwFQm~uCT2wPZMb8hll4wghQQQq6YWg0~c~U_DrmgY8pGP8pqaDzA6mvjyI_OPtcrHD_aKxCvYKIXtsM2tSNS9Lf0E7MzNOxORbNtZYtWcC5DfBcfrI25OQxJ_v1~Swuv8tgjcSK6LuUdZtC919JrI7At_jujtefjG~xjf2uJXJTBGLi_YvTauWuAy17PT4sQbIoWQ--.webp 334w\" type=\"image\/webp\"><img loading=\"lazy\" decoding=\"async\" class=\"position-absolute w-100 h-100 object-fit-cover\" alt=\"Prince Alfonso and Jackie\" width=\"334\" height=\"334\" src=\"https:\/\/media.panoramamarbella.com\/imgV1\/B95mbh8olwFQm~uCT2wPZMb8hll4wghQQQq6YWg0~c~U_DrmgY8pGP8pqaDzA6mvjyI_OPtcrHD_aKxCvYKIXtsM2tSNS9Lf0E7MzNOxORbNtZYtWcC5DfBcfrI25OQxJ_v1~Swuv8tgjcSK6LuUdZtC919JrJBxKmNlWX1ZpF9dLfvNUV3a.webp\"><\/picture>\t\t\t\t<\/figure>\n\t\t\t\t\t<\/div>\n\t\t\t\t<div class=\"col\">\n\t\t\t\t\t\t\t<figure class=\"ratio ratio-1x1 mb-0\">\n\t\t\t\t\t<picture><source width=\"334\" height=\"334\" srcset=\"https:\/\/media.panoramamarbella.com\/imgV1\/B95mbh8olwFQm~uCT2wPZMb8hll4wghQQQq6YWg0~c~U_DrmgY8pGP8pqaDzA6mvjyI_OPtcrHD_aKxCvYKIXtsNDblVYz_kSmiT5QonHEtRhF5ul4QjytL1sx9TK9VG3pABxzDMuXtyPuxWbleW5h777xQDYcpG9kGKO85B8eTUyvZzGVVN2zZDzam~_WzpyT__4VH4srNC74bUelcApA4nb6F7gRmZ~8PBobinSP4f5mYIgCFoywD3s6CoONVmNGPhZJQtN5~NlAdxTA_7pBYAyeo-.webp 334w\" type=\"image\/webp\"><img loading=\"lazy\" decoding=\"async\" class=\"position-absolute w-100 h-100 object-fit-cover\" alt=\"Grace Kelly, Prince Rainier &amp; Jose Ban\u00fas at the inauguration of Puerto Ban\u00fas\" width=\"334\" height=\"334\" src=\"https:\/\/media.panoramamarbella.com\/imgV1\/B95mbh8olwFQm~uCT2wPZMb8hll4wghQQQq6YWg0~c~U_DrmgY8pGP8pqaDzA6mvjyI_OPtcrHD_aKxCvYKIXtsNDblVYz_kSmiT5QonHEtRhF5ul4QjytL1sx9TK9VG3pABxzDMuXtyPuxWbleW5h777xQDYcpG9kGKO85B8eTUyvZzGVVN2zZDzam~_WzpyT__4VH4srNC74bUelcApA4nb6F7gRmZ~8PBobinSP4BEoEURxQzx98OzcOu~LBctA--.webp\"><\/picture>\t\t\t\t<\/figure>\n\t\t\t\t\t<\/div>\n\t\t\t<\/div>\n\n\n\t<figure class=\"wp-caption aligncenter wp-block-acf-wpimage\">\n\t<picture><source width=\"1140\" height=\"817\" srcset=\"https:\/\/media.panoramamarbella.com\/imgV1\/B95mbh8olwFQm~uCT2wPZMb8hll4wghQQQq6YWg0~c~U_DrmgY8pGP8pqaDzA6mvjyI_OPtcrHD_aKxCvYKIXtsOSiEUTTDOQSjetPc~UT7e_DwygcZAoyWgc735twu7evpqJeJMVdaRRqPd4hRKvPZLLc06xVsqpNcJHjs9n6jjkPilKv7_snOx2Nhs~e7F~PIl0CF4XMjPgNRGMeHzcDf3TjM46WJUu~G8H9GgOWhgBkfzcAun3Se0MpT8N4U7lh_BuymKb2lIlZbC0HOS62pWH6Q6bylJAMl~W8_Mwfw_DMejA5qphaZFdV0GggeobX7Y29r60mEL6MZBV9FLq_gMQfsHSstXs642TPiL~r9aJn0YyN4wRd9NPFkY~Chijy8lRdmC53fPYKk5_qjBKxGM8YLhCxtpTAz3FdUIo1TZg4WfElIo6tv6Cf6yCMBQ~w--.webp 1140w\" type=\"image\/webp\"><img decoding=\"async\" class=\"img-fluid\" loading=\"lazy\" width=\"1140\" height=\"817\" alt=\"James Stewart et le Prince Alfonso.\" src=\"https:\/\/media.panoramamarbella.com\/imgV1\/B95mbh8olwFQm~uCT2wPZMb8hll4wghQQQq6YWg0~c~U_DrmgY8pGP8pqaDzA6mvjyI_OPtcrHD_aKxCvYKIXtsOSiEUTTDOQSjetPc~UT7e_DwygcZAoyWgc735twu7evpqJeJMVdaRRqPd4hRKvPZLLc06xVsqpNcJHjs9n7YQztOKGL0H_OLIYtTXKoXoOlhrxBr2qml8CBD~EdWq0X7vXD1ryN85ONPXdeZnltQ8ybHwxvppus8dyhvaXeTMC7Q9LkKGpPZIWEf9OoR2nnRxWTlo8w7JZeB0Dko61tV0B3WDcY7QE31Q1su8IxtYU2vnTOjSZ34GAuCXhoQ8fdCHZcF~X2Ytq6JXoegrSVje_IyNIRUDY4M1zpk2Gnnid_AY4LSe_g4VOMMQe_NzG4kkvaecD0dB90vvc~gm.webp\"><\/picture>\t\t\t<figcaption class=\"wp-caption-text\">\n\t\tJames Stewart et le Prince Alfonso\t\t<\/figcaption>\n\t\t\t<\/figure>\n\t\n\n\n<h3 class=\"wp-block-heading\">R\u00e9duisant l\u2019\u00e9cart entre charmant petit village c\u00f4tier et destination cosmopolite \u00e0 la mode.<\/h3>\n\n\n\n<p>Comme r\u00e9sultat de l\u2019excellente promotion d\u2019Alfonso et du fait que ses amis avaient construit des maisons et des urbanisations dans la r\u00e9gion, la population officielle de Marbella exp\u00e9rimenta une augmentation significative de sa population, de 12 156 habitants en 1960, \u00e0 29 253 habitants en 1970. Toutefois, \u00e0 notre arriv\u00e9e au d\u00e9but des ann\u00e9es soixante-dix, Marbella avait toujours un air de village, avec ses gens si int\u00e9ressants et sympathiques. Les endroits cl\u00e9s \u00e0 fr\u00e9quenter \u00e9taient \u2013 \u00e0 part le vieux centre \u2013 l\u2019H\u00f4tel Marbella Club, Puerto Ban\u00fas, Nueva Andaluc\u00eda, Los Monteros et Guadalmina ; ces trois derniers avec leurs clubs sociaux respectifs et leurs terrains de golf qui avaient \u00e9t\u00e9 construits par quelques visionnaires misant sur le futur du tourisme r\u00e9sidentiel dans la r\u00e9gion.<\/p>\n\n\n\n<p>Vers la fin des ann\u00e9es soixante, Marbella avait r\u00e9uni presque tous les ingr\u00e9dients pour cesser d\u2019\u00eatre une destination touristique d\u2019\u00e9t\u00e9 et devenir finalement une destination r\u00e9sidentielle et de vacances de qualit\u00e9 pendant les 12 mois de l\u2019ann\u00e9e.<\/p>\n\n\n\n<p>Cependant, pour qu\u2019une ville puisse rester ouverte toute l\u2019ann\u00e9e avec suffisamment de public pour les boutiques de luxe, restaurants, bars, discoth\u00e8ques et installations de loisirs et d\u2019amusement, un noyau minimum de population d\u2019environ 150 000 habitants \u201cdurant la basse saison d\u2019hiver\u201d entre les r\u00e9sidents recens\u00e9s et le tourisme r\u00e9sidentiel \u00e9tait n\u00e9cessaire. Ce chiffre ne fut atteint qu\u2019\u00e0 partir de 1996, suite \u00e0 l\u2019apparition de la \u201cbasse saison\u201d, transformant Marbella en l\u2019unique destination touristique de la M\u00e9diterran\u00e9e avec une saison de 12 mois. Marbella compte aujourd\u2019hui entre 250 000 et 300 000 r\u00e9sidents en basse saison.<\/p>\n\n\n\n<h2 class=\"wp-block-heading\">Notre exp\u00e9rience personnelle de Marbella dans les ann\u00e9es soixante-dix<\/h2>\n\n\n\t<figure class=\"wp-caption alignleft wp-block-acf-wpimage\">\n\t<picture><source width=\"1140\" height=\"798\" srcset=\"https:\/\/media.panoramamarbella.com\/imgV1\/B95mbh8olwFQm~uCT2wPZMb8hll4wghQQQq6YWg0~c~U_DrmgY8pGP8pqaDzA6mvjyI_OPtcrHD_aKxCvYKIXtsPBLMGVbetssRKUm~C2lfdlPZW2yIuICnRw3lZuHNl7NfV9PR_QFwMatGVIFcIpGj4uaVSM98HNFOSTPAyT_oBmp54XDKLXFyJXZuDBEZsvO5zu8neViUXSKVS3acbkvysxe0FMzbKblGBHNdyqiJ7XoA2Rb95OQ0AXWMoMwhNQdYyNmG8p0SCRwtpqdAdYJWgUfxyVbMysPYJ9iMxmCSgJIi~1fhDFQ84VPe96464EofRIA~LoYEDjufAjSYObvroFqYa0pyacjowXQLfnce5B1lUzzOSCwwFFSqpvovLFzP3lqN9vGbREbRiSwznP4sgGWA3FK4mjcACUwNqdYc-.webp 1140w\" type=\"image\/webp\"><img decoding=\"async\" class=\"img-fluid\" loading=\"lazy\" width=\"1140\" height=\"798\" alt=\"Les Ducs d&#039;Albe.\" src=\"https:\/\/media.panoramamarbella.com\/imgV1\/B95mbh8olwFQm~uCT2wPZMb8hll4wghQQQq6YWg0~c~U_DrmgY8pGP8pqaDzA6mvjyI_OPtcrHD_aKxCvYKIXtsPBLMGVbetssRKUm~C2lfdlPZW2yIuICnRw3lZuHNl7NfV9PR_QFwMatGVIFcWLrUaq_nmk28Ioj6hs06BIiAOiNbzmEDXCthqQ0b1uUki2S37lF~X8K2uBZkjQtSPGgVfb1Q4DlmTZ37gPziEdpswSXym8snrqad9duCiNqIeTsOuoe98fCbTYOMFKXgvCfgLoqAKWOTA32KzDXWtDdzR9u3ndDJHjag6vVFbjD5PsXlpwIyK4iiJJziaUzbpJ~JQXu2AWnRYpWwMmwAbSjWYskFjQ__gXLra_Zfe9Vh9tvB5YZp16VLs_sCNlA--.webp\"><\/picture>\t\t\t<figcaption class=\"wp-caption-text\">\n\t\tLes Ducs d&rsquo;Albe\t\t<\/figcaption>\n\t\t\t<\/figure>\n\t\n\n\n<p class=\"clearfix\">Dans les ann\u00e9es soixante-dix, Marbella \u00e9tait enfin devenue un endroit assez renomm\u00e9 au niveau mondial. Mon p\u00e8re, Bill Clover, un agent immobilier \u00e0 Charlottesville, Virginie, depuis l\u2019ann\u00e9e 1952 (suivant les pas de son son p\u00e8re, B.B. Clover, \u00e0 Chicago depuis l\u2019ann\u00e9e 1904), d\u00e9cida en 1968 de d\u00e9velopper ses affaires, en achetant une agence immobili\u00e8re d\u00e9nomm\u00e9e Panorama International Ltd., avec si\u00e8ge principal \u00e0 Washington D.C, \u00e0 environ deux heures en voiture au nord de Charlottesville.<\/p>\n\n\n\n<p>\u00c0 cette \u00e9poque, mon p\u00e8re avait un associ\u00e9 fran\u00e7ais, qui s\u2019appelait Ren\u00e9 Frank, lequel nous commenta que Marbella \u00e9tait \u00e0 la mode comme la nouvelle destination touristique de la jet-set europ\u00e9enne, et nous sugg\u00e9ra s\u00e9rieusement d\u2019y ouvrir une agence.<\/p>\n\n\n\n<p>Et nous avons suivi ses conseils, en ouvrant une agence \u00e0 Marbella au d\u00e9but de l\u2019ann\u00e9e 1970, ainsi qu\u2019\u00e0 Majorque et dans la Ville de Mexico un peu plus tard (dirig\u00e9e par mon fr\u00e8re Bill). Panorama fut la premi\u00e8re agence immobili\u00e8re internationale \u00e0 Marbella et la premi\u00e8re agence \u00e0 faire venir les clients dans des vols \u201ccharter\u201d.<\/p>\n\n\n\n<p><strong>La succursale de Marbella fut bri\u00e8vement \u00e0 charge de Phil Kelly, un Capitaine anglais retrait\u00e9<\/strong>, qui la laissa ensuite aux commandes de G. Bland Hoke. Bland avait travaill\u00e9 comme d\u00e9l\u00e9gu\u00e9 commercial \u00e0 notre agence de Washington et devint ensuite un agent immobilier \u00e0 succ\u00e8s \u00e0 Jackson Hole, Wyoming. Le travail principal de Bland et de son \u00e9quipe de cinq commerciaux consistait \u00e0 recevoir les vols de prospection depuis Washington, et de commencer \u00e0 construire une base professionnelle de captation de propri\u00e9t\u00e9s en revente et d\u2019investissement.<\/p>\n\n\n\n<p>En f\u00e9vrier 1973, Bland retourna aux EU, et ma premi\u00e8re \u00e9pouse Kirsten et moi-m\u00eame avons entrepris notre chemin vers Marbella dans le but d\u2019y rester un an afin de r\u00e9organiser la succursale europ\u00e9enne de Panorama, et ce qui allait \u00eatre en principe un voyage de 12 mois s\u2019est transform\u00e9 en toute une vie.<\/p>\n\n\n\t<figure class=\"wp-caption aligncenter wp-block-acf-wpimage\">\n\t<picture><source width=\"1140\" height=\"1033\" srcset=\"https:\/\/media.panoramamarbella.com\/imgV1\/B95mbh8olwFQm~uCT2wPZMb8hll4wghQQQq6YWg0~c~U_DrmgY8pGP8pqaDzA6mvjyI_OPtcrHD_aKxCvYKIXtsAXPYM2c9MqE6BU5v00UQNU~PjdKb3VYuij_HA24SJ6vsDGVJb6dSYklMI4XYjgLxmWUlL4a1ZeMzMBtdOUU9NZs9PbbxdAcquCnRTOkKP4TGFgkl6c6sTZGMJlu7yU1JJTpzieFuA1TYl4dOT6t1iTmFWmLwRfFRVSFgvVrpjpOUM2ZUkZJmABto4z9vzaPkVlSN4a9fy1Rg~tX9RpkfjoKd6~_iBj90CFcaWWI_2j8cr2BQEG0BoGajAEXvmyBx9mJyPrgx6n1LvcI~L~jTslJlQgk6WrSnmk8NrkeQ~qbECvQd2DboHO4~OwP5PkxP~QEuk98i~bKMGJuRnVteRA6j4bDVCAdPptOjUcfB2PaLQqeqQsxAq26fZT1b3w8f43ex_~kLrRnNuRw--.webp 1140w\" type=\"image\/webp\"><img decoding=\"async\" class=\"img-fluid\" loading=\"lazy\" width=\"1140\" height=\"1033\" alt=\"Chris et sa premi\u00e8re femme Kirsten, Katinka et la m\u00e8re d&#039;Alex, 1975.\" src=\"https:\/\/media.panoramamarbella.com\/imgV1\/B95mbh8olwFQm~uCT2wPZMb8hll4wghQQQq6YWg0~c~U_DrmgY8pGP8pqaDzA6mvjyI_OPtcrHD_aKxCvYKIXtsAXPYM2c9MqE6BU5v00UQNU~PjdKb3VYuij_HA24SJ6vsDGVJb6dSYklMI4XYjgLxmWUlL4a1ZeMzMBtdOUU9NZs9PbbxdAcquCnRTOkKP4TGFgkl6c6sTZH102StNu6e6o46WWY6UQ8V2N5jAe~6RhQELmMXOGhR3PfJdbQNGxUxbsKWWZZ1uVlVBKimCuDxJgIE_Eo~XZlPuXqEje6Ho4XMDJaBv0CWJkUzA33k1LsJjktupgapnIVshxLrpM43tbXiDow2y38b7DAFVmTTuhRqu1lcg6TgPAoaFr9cVX8cL~62Vj4cNI7G6sm_mmVzfJ3BKmOBeE_CYkpij9nbJA8w05Lc5rAwfr9LMg5L6gZ6ouSu9oZPt.webp\"><\/picture>\t\t\t<figcaption class=\"wp-caption-text\">\n\t\tChris et sa premi\u00e8re femme Kirsten, Katinka et la m\u00e8re d&rsquo;Alex, 1975\t\t<\/figcaption>\n\t\t\t<\/figure>\n\t\n\n\n<p><strong>Lors de notre arriv\u00e9e, Marbella \u00e9tait encore un petit village<\/strong>. Pour r\u00e9aliser un appel&nbsp; \u00e0 l\u2019\u00e9tranger \u00e0 cette \u00e9poque, il fallait r\u00e9server un espace aupr\u00e8s de l\u2019op\u00e9ratrice de Malaga, et nous devions parfois attendre des heures avant de pouvoir \u00e9tablir la connexion. Notre t\u00e9lex de seconde main dot\u00e9 de la technologie des ann\u00e9es trente \u00e9tait la seule m\u00e9thode fiable pour communiquer avec le monde ext\u00e9rieur. \u00c0 cette \u00e9poque, le transport de marchandises \u00e9tait encore r\u00e9alis\u00e9 avec des charrettes tir\u00e9es par des \u00e2nes qui se faufilaient entre les Seat 600 et les Seat 124 Sedan carr\u00e9s. La route g\u00e9n\u00e9rale \u00e0 double sens qui menait \u00e0 l\u2019a\u00e9roport passait par le centre de Fuengirola et Benalm\u00e1dena Costa, et \u00e9tait connue comme la \u201cRoute de la Mort\u201d. En g\u00e9n\u00e9ral, les infrastructures \u00e9taient d\u00e9ficientes et peu fiables, nous subissions des coupures d\u2019\u00e9lectricit\u00e9 presque tous les mois, ce qui \u00e9tait compr\u00e9hensible tenant compte du fait que nombre d\u2019habitants s\u2019\u00e9tait multipli\u00e9 par deux et demi par rapport \u00e0 la d\u00e9cade pr\u00e9c\u00e9dente.<\/p>\n\n\n\n<p><strong>Nous vivions encore sous la stricte dictature du G\u00e9n\u00e9ral Francisco Franco et, <\/strong>selon la l\u00e9gende, lors de son dernier voyage \u00e0 Marbella pour inaugurer la nouvelle Clinique Incosol en 1973, il observa les tours de l\u2019H\u00f4tel Hilton et de l\u2019appart-h\u00f4tel contigu (actuellement connu comme l\u2019H\u00f4tel Don Carlos) \u00e0 c\u00f4t\u00e9 de la Tour Royale en face de l\u2019Incosol, et il fut horrifi\u00e9 par la hauteur de ces b\u00e2timents dans une si belle r\u00e9gion. Il ordonna sur le champ l\u2019interdiction de construire des buildings qui ab\u00eemeraient l\u2019horizon de Marbella, comme dans les cas de Torremolinos et Benalm\u00e1dena.<\/p>\n\n\n\n<p><strong>La vision de Franco co\u00efncidait avec la perspective d\u2019une construction de qualit\u00e9<\/strong>, <strong>d\u2019une hauteur minime et faible densit\u00e9<\/strong>, une vision qui avait d\u00e9j\u00e0 \u00e9t\u00e9 introduite par ses fondateurs, en commen\u00e7ant par Ricardo Soriano lui-m\u00eame, qui \u201cinterdit\u201d \u00e0 ses amis de construire des maisons de plus d\u2019un \u00e9tage et leur recommanda de conserver le style typiquement andalou. Ce style fut conserv\u00e9 par le Prince Alfonso, Jos\u00e9 Ban\u00fas, Norberto Goizueta (le fondateur de <strong>Guadalmina<\/strong>) et autres. L\u2019opinion de Franco contribua \u00e0 renforcer l\u2019effort des autorit\u00e9s locales pour maintenir cette tradition, et depuis 1973 plus jamais de buildings r\u00e9sidentiels n\u2019ont \u00e9t\u00e9 construits \u00e0 Marbella. Gr\u00e2ce \u00e0 l\u2019influence importante et persistante de ces personnalit\u00e9s, il fut possible de cr\u00e9er et de conserver une ville avec des constructions de qualit\u00e9 et de luxe, compl\u00e8tement diff\u00e9rente de la jungle de ciment des autres villes \u00e0 l\u2019Est et \u00e0 d\u2019autres endroits touristiques le long de la C\u00f4te M\u00e9diterran\u00e9enne.<\/p>\n\n\n\n<p>\u00c0 cette \u00e9poque \u00e0 Marbella, il n\u2019y avait qu\u2019un seul notaire, M. Luis Oliver Sacrist\u00e1n. Bien qu\u2019il ne f\u00fbt pas tr\u00e8s \u00e2g\u00e9, Monsieur Luis me donna&nbsp; la sensation d\u2019\u00eatre beaucoup plus vieux, \u00e0 cause de sa voix rev\u00eache, mais avec un accueil toujours aimable pour les Espagnols et les \u00e9trangers. Quand il prit sa retraite, en 1985, il me rejoignit durant un acte social et me dit : \u201cClover, je veux travailler avec toi quand je prendrai ma retraite\u201d. Quel honneur d\u2019entendre ces mots de la part d\u2019un citoyen si illustre de la communaut\u00e9 ! <\/p>\n\n\n\n<p>Peu de temps apr\u00e8s, M. Jaime de Mora m\u2019adressa les m\u00eames paroles, et de fait, nous avons travaill\u00e9 ensemble sur plusieurs op\u00e9rations.<\/p>\n\n\n\n<p><strong>Le caract\u00e8re gentil et amical des Andalous<\/strong> faisait que tous nous nous sentions comme chez nous, y compris ceux qui ne parlaient pas l\u2019espagnol et communiquaient par le biais de signes. Leur franchise et leur amabilit\u00e9 sont dues en grande partie \u00e0 leurs fortes valeurs en faveur de la tradition familiale, la d\u00e9votion pour leur \u00e9glise, la cons\u00e9cration au travail et leur g\u00e9n\u00e9reuse hospitalit\u00e9. Les professionnels que nous trouvons aujourd\u2019hui \u00e0 Marbella : avocats, architectes, banquiers, h\u00f4teliers ou propri\u00e9taires de boutiques qui sont n\u00e9s et ont grandi dans la ville ont non seulement conserv\u00e9 ces valeurs, mais ils ont \u00e9galement pu faire des \u00e9tudes dans les ann\u00e9es soixante et soixante-dix gr\u00e2ce au fait que leurs parents ont mis\u00e9 sur le futur qui s\u2019approchait \u00e0 cette \u00e9poque et, pour cette raison, ils comprirent l\u2019importance d\u2019apprendre l\u2019anglais, et ils y sont arriv\u00e9s.<\/p>\n\n\n\n<h2 class=\"wp-block-heading\">La chance de nous trouver dans ce lieu au bon moment !<\/h2>\n\n\n\t<figure class=\"wp-caption alignleft wp-block-acf-wpimage\">\n\t<picture><source width=\"1140\" height=\"824\" srcset=\"https:\/\/media.panoramamarbella.com\/imgV1\/B95mbh8olwFQm~uCT2wPZMb8hll4wghQQQq6YWg0~c~U_DrmgY8pGP8pqaDzA6mvjyI_OPtcrHD_aKxCvYKIXtsBuPydvOdntRr4dsrjGkl8RTteO43Yh8WFyAGqqfF~U98Yv~vdnTWfPJPBXkAuW~WGr_bQSQiruv~7ptbVKi0JwYnUg59JergBalx9TZi9NU5c7SpyCFfoyYYEWWrJ_7b4dTFdEYUPbsaiYn3n0il34TnSUAMSOOZRiUoWRVbT7UU_rOWR7SQzTcx~XMLz2A5jUCvIIk5JmTZidN4ZqcRk90xU6Z5n3CgcdK8w~iGLAzF4zqMSriI_CqrIMbnqIV0D2AxjUBJ1Av_nVILK0479RjrNXcHTOO2NiatAUol4OgWeUYdeFNdplCvTmoV_kaoMgAheqoJH9Y1DfZQFmZ6Pto8YnzLjFzLxJATVcVTBqzF_0BoEAj6D23blxxnYms_mn9EGN0DZwrpVKHEm3_Tq.webp 1140w\" type=\"image\/webp\"><img decoding=\"async\" class=\"img-fluid\" loading=\"lazy\" width=\"1140\" height=\"824\" alt=\"Isidro Sierra Mu\u00f1oz, Luis Oliver Sacrist\u00e1n &amp; Julio Fern\u00e1ndez Nespal.\" src=\"https:\/\/media.panoramamarbella.com\/imgV1\/B95mbh8olwFQm~uCT2wPZMb8hll4wghQQQq6YWg0~c~U_DrmgY8pGP8pqaDzA6mvjyI_OPtcrHD_aKxCvYKIXtsBuPydvOdntRr4dsrjGkl8RTteO43Yh8WFyAGqqfF~U98Yv~vdnTWfPJPBXkAuW~WGr_bQSQiruv~7ptbVKi0JwYnUg59JergBalx9TZi9NU5c7SpyCFfoyYYEWWrJ5Tjl4PRfOE~yurbqfVo1kHPWle6sVzhCxgU5xl1PrqN5heg_MZMPdAy_CsUEN~mxiX8BE3it5f_R0kNfDu8d7sdeiY13u1b4ExCwIXYIxCaB4E_DpT2ZpyMIyf5Od7TE14WbA25nja2B8FFJnrPZC5E2RjXdezLAOBIzD~L6VAby~8RFdJ8UskOwmqxoGHcP_yStZMfFsKYXODB1n6FOiMvXm4dH9gOC~R_F1HamBEeq6Kj~7MIcJvhRIoQD2H8-.webp\"><\/picture>\t\t\t<figcaption class=\"wp-caption-text\">\n\t\tIsidro Sierra Mu\u00f1oz, Luis Oliver Sacrist\u00e1n &#038; Julio Fern\u00e1ndez Nespal\t\t<\/figcaption>\n\t\t\t<\/figure>\n\t\n\n\n<p>\u00c0 cette \u00e9poque, conna\u00eetre des gens et faire des amis \u00e9tait assez facile. Il n\u2019y avait alors que six ou sept agences immobili\u00e8res \u00e0 Marbella, et Panorama constituait une nouveaut\u00e9. En allant seulement une ou deux fois par semaine au Marbella Club, j\u2019ai pu faire la connaissance de ceux qui \u00e9taient consid\u00e9r\u00e9s comme la \u201ccr\u00e8me de la cr\u00e8me\u201d de Marbella, en faisant des amis qui \u00e0 leur tour me pr\u00e9sentaient \u00e0 leurs amis. Nous avons non seulement conclu de bonnes op\u00e9rations, mais nous avons aussi su mettre en pratique les principes immobiliers professionnels et \u00e9tiques que mon p\u00e8re et mon grand-p\u00e8re m\u2019avaient inculqu\u00e9s durant de nombreuses ann\u00e9es, et qui furent fondamentaux pour nous aider \u00e0 gagner la confiance de nouveaux clients, condition indispensable pour qu\u2019une entreprise si jeune que la n\u00f4tre prosp\u00e8re.<\/p>\n\n\n\n<p>Le Marbella Club \u00e9tait, et est toujours, mon bar et restaurant favori, chaleureux et romantique, avec de la classe, un excellent service et une cuisine exquise. Tout simplement fantastique.<\/p>\n\n\n\n<p>The salary I allocated to myself when I arrived in Marbella was 25,000 pesetas per month, which was the equivalent at the time of about $420, and with which we were able to live very decently.<\/p>\n\n\n\n<p>Le salaire que je me suis attribu\u00e9 quand je suis arriv\u00e9 \u00e0 Marbella s\u2019\u00e9levait \u00e0 environ 25 000 pesetas par mois, l\u2019\u00e9quivalent \u00e0 cette \u00e9poque \u00e0 quelques $420, et qui me permettait de vivre d\u00e9cemment. La voiture la plus ch\u00e8re produite en Espagne \u00e9tait la Seat 124 Sport 1800, qui \u00e9tait en r\u00e9alit\u00e9 un mod\u00e8le de Fiat mont\u00e9 en Espagne, avec un moteur et une transmission espagnols, qui co\u00fbtait aux alentours de 350 000 pesetas, $5 800 au change actuel, ce qui repr\u00e9sentait \u00e0 l\u2019\u00e9poque une v\u00e9ritable fortune. J\u2019en ai achet\u00e9 une de seconde main en 1978, qui est toujours en ma possession. Parmi les voitures fabriqu\u00e9es en Espagne \u00e0 cette \u00e9poque, la meilleure \u00e9tait la Dodge 3700 GT (fabriqu\u00e9e par Chrysler Espagne) \u2013, en conduire une \u00e9tait un v\u00e9ritable signe de richesse. \u00c0 cette \u00e9poque, importer une voiture d\u2019Allemagne, des \u00c9tats-Unis ou d\u2019Angleterre \u00e9tait prohibitif, car les tarifs douaniers faisaient doubler le prix final d\u2019une voiture, qui \u00e9tait d\u00e9j\u00e0 un luxe en elle-m\u00eame. Il convient de souligner que, jusqu\u2019au milieu des ann\u00e9es quatre-vingt, il existait un \u201cstigmate-social\u201d li\u00e9 \u00e0 l\u2019\u00e9talement somptueux de richesse associ\u00e9 non seulement \u00e0 la Dodge \u201cespagnole\u201d mais aussi \u00e0 tout type de Mercedes ou tout autre voiture de luxe d\u2019importation.<\/p>\n\n\n\t<figure class=\"wp-caption alignleft wp-block-acf-wpimage\">\n\t<picture><source width=\"1140\" height=\"859\" srcset=\"https:\/\/media.panoramamarbella.com\/imgV1\/B95mbh8olwFQm~uCT2wPZMb8hll4wghQQQq6YWg0~c~U_DrmgY8pGP8pqaDzA6mvjyI_OPtcrHD_aKxCvYKIXtq97SHK4XV8mTGVTY8sdP2zwWn6bOEry_o4ywJuo~KNtDfSwq0_VVQWrwpAu8~K6shKC8Fm6GTwQ1nLxXiz6nFDyUu0Oa73cOHMlR1teqKaTXFSpS56e_ou2V5cUT4jtrSHVPBomYHyq~ynFUeXH3q5KRfFtoaG35UqiBjGmtkG5QghzueQrk3DzQhb5dekVjOMySPehyLbXx3UsjI7vUSSxpKRIdF__6pOTJgbyCBddrThMbL1Uj24eHvus9aFBpPxH8FXj25J3Rq08yp~8s2yXkX5IfdJdjcEdj70XY1EoyjDyso~r_k2zdrqSG38t_hLeE66j~4AG0r5TYKaijrxbo098DSL.webp 1140w\" type=\"image\/webp\"><img decoding=\"async\" class=\"img-fluid\" loading=\"lazy\" width=\"1140\" height=\"859\" alt=\"Ma Seat 124 Sport aujourd&#039;hui.\" src=\"https:\/\/media.panoramamarbella.com\/imgV1\/B95mbh8olwFQm~uCT2wPZMb8hll4wghQQQq6YWg0~c~U_DrmgY8pGP8pqaDzA6mvjyI_OPtcrHD_aKxCvYKIXtq97SHK4XV8mTGVTY8sdP2zwWn6bOEry_o4ywJuo~KNtDfSwq0_VVQWrwpAu8~K6shKC8Fm9rIOc4BWREX7DTxI3xVa0oWWompyAt9LWntoPNoi9~JS1RCl6xq77fNhPuG2kLPxx3fMd4aHxr6O78KGAA_yEXPx6Hfma~DGn2Fh5G_IuEJ0cAhc~3xFOwZ7oqI5DjOoNBUCN~jRvhvyx4G9byJTlxS9gTlaIQnSOxC46YN8ZJvdhUexSFyfcqUrBMBX6tkNv0hc2rLkegQlrNH1vuQrV7ne3WEEEsu7JbBdxzID5NtyNaQDvA6tdAolHtpUW9Q-.webp\"><\/picture>\t\t\t<figcaption class=\"wp-caption-text\">\n\t\tMa Seat 124 Sport aujourd&rsquo;hui\t\t<\/figcaption>\n\t\t\t<\/figure>\n\t\n\n\n<p><strong>Dans les ann\u00e9es soixante-dix, quatre-vingt et jusqu\u2019au milieu des ann\u00e9es quatre-vingt-dix, le co\u00fbt de la vie en Espagne \u00e9tait r\u00e9ellement bas,<\/strong> ce qui \u00e9tait d\u00fb en partie aux 6 d\u00e9valuations subies par la peseta entre 1977 et 1993. Cela contribua \u00e9galement \u00e0 la comp\u00e9titivit\u00e9 des prix des exportations et du tourisme, et \u00e0 la croissance de l\u2019\u00e9conomie espagnole chaque ann\u00e9e. Toutefois, en janvier 1999, l\u2019Euro devint la monnaie l\u00e9gale en Espagne, et \u00e0 la fin de 2001 la Peseta fut mise hors circulation.<\/p>\n\n\n\n<p><strong>Dans les ann\u00e9es soixante-dix, les prix des logements \u00e9taient \u00e9galement abordables, tout comme le co\u00fbt de la vie.<\/strong> Panorama fut la premi\u00e8re \u00e0 faire venir des vols charter depuis les \u00c9tats-Unis, avec des clients qui acqu\u00e9raient des villas \u00e0 des prix entre $12 000 et $20 000, et des appartements \u00e0 <strong>Nueva Andaluc\u00eda<\/strong> depuis $5 000 jusqu\u2019\u00e0 $15 000.<\/p>\n\n\n\t<figure class=\"wp-caption aligncenter wp-block-acf-wpimage\">\n\t<picture><source width=\"1140\" height=\"1206\" srcset=\"https:\/\/media.panoramamarbella.com\/imgV1\/B95mbh8olwFQm~uCT2wPZMb8hll4wghQQQq6YWg0~c~U_DrmgY8pGP8pqaDzA6mvjyI_OPtcrHD_aKxCvYKIXtq8BsTIA1czv5TnqzJhMZ5In4tMlgBcUd5ciU8jsKR37FmSzgEKLPIGmIQgoGQJG1MnwhX7FPALTNstlZFIRnOlYuAZ72EpNDAiR_8TjjiYfevB7haeU4r7Uurs6C23aB7X~KGel1GlwG4k_iT5UsG9HHamoS5SvGJGyIsJGYAXgLY8t8cMmUEZGbAFSARVX3HEWr5YimPPWUWzsac0rKgiPVzKwvB1fUkSb16XEnQ~Nn3Nb9BrFtB7kPUiwv3FEdXfoaM0RdzyqPkHCR26l8_8xc0ONifPXULBeCafOvstBMgSXrYANS2v~XWBUlfVFB84Lal3wl1TWX4QstawfvieOcxmlahT.webp 1140w\" type=\"image\/webp\"><img decoding=\"async\" class=\"img-fluid\" loading=\"lazy\" width=\"1140\" height=\"1206\" alt=\"Jaime de Mora y Arag\u00f3n et son \u00e9pouse Margit Ohlson.\" src=\"https:\/\/media.panoramamarbella.com\/imgV1\/B95mbh8olwFQm~uCT2wPZMb8hll4wghQQQq6YWg0~c~U_DrmgY8pGP8pqaDzA6mvjyI_OPtcrHD_aKxCvYKIXtq8BsTIA1czv5TnqzJhMZ5In4tMlgBcUd5ciU8jsKR37FmSzgEKLPIGmIQgoGQJG1MnwhX7CvL~p7BxbLW0h9ZD3PoJurxbbD_4el7r3Kf3ZcTF8JT1zwHVaB3VzWl5cCFLbo0rWLRsvDnKTxqRZa6Wsl0ILedpHSAvAN3UAYmlbgdeTqRgHUXfwGwcu7EeE4g7R3IITU1JdRvfprw3UmF7hsjw~hFLknSExTUyIPFtxePzUPu6KOCgdI3MWyZlsPvaQ5mxCESCzOaerTuxJWopHDVgwZqs~s_iVuUakSa5aPGfFtM9YWgbmI390eTZ2cmLwv8-.webp\"><\/picture>\t\t\t<figcaption class=\"wp-caption-text\">\n\t\tJaime de Mora y Arag\u00f3n et son \u00e9pouse Margit Ohlson\t\t<\/figcaption>\n\t\t\t<\/figure>\n\t\n\n\t<figure class=\"wp-caption alignleft wp-block-acf-wpimage\">\n\t<picture><source width=\"500\" height=\"346\" srcset=\"https:\/\/media.panoramamarbella.com\/imgV1\/B95mbh8olwFQm~uCT2wPZMb8hll4wghQQQq6YWg0~c~U_DrmgY8pGP8pqaDzA6mvjyI_OPtcrHD_aKxCvYKIXtq~OGUCOzfhNaWGAblyH4NF~SXmXPBFyOJKLs1SGv09jodCmrYybtRa9XNSEriH53gvKKbWz8Mas05fWqJIAw4NicDsgcTxbtEE3v~Da7sXGR9YbP0L0Qbz8mcHkKPh8rokHTXzEHJrykwqwZDkGKB5K8FUzB28yIhot~ERQEU2we_kRrugmCfOVYE8FjHeuU0cJkhXsnAtiPBLYmX45IyM1xPj_bYIzTynJx0nqE0QYJaXgdU58CYbG0xBDL3hxsgbEX7IccoGKpoIajyEPLfhOre56bwvQZt7w4Qw_uFRLvp9SE4j3Eh~XrQxEEM1VOviuQD5CtQhOxDj1Z7Xsc9XkID0MA--.webp 500w\" type=\"image\/webp\"><img decoding=\"async\" class=\"img-fluid\" loading=\"lazy\" width=\"500\" height=\"346\" alt=\"Publicit\u00e9 am\u00e9ricaine en 1971 : Panorama a vendu plus de 150 maisons \u00e0 Nueva Andalucia au d\u00e9but des ann\u00e9es 70.\" src=\"https:\/\/media.panoramamarbella.com\/imgV1\/B95mbh8olwFQm~uCT2wPZMb8hll4wghQQQq6YWg0~c~U_DrmgY8pGP8pqaDzA6mvjyI_OPtcrHD_aKxCvYKIXtq~OGUCOzfhNaWGAblyH4NF~SXmXPBFyOJKLs1SGv09jodCmrYybtRa9XNSEriH53gvKLi8YV21gqt3bsZsq_n95_Vzfof1jOzJfblm~b0HH93JHMw4OIeh98L03ot1P_07soZxXobzEl8SHCyVkkGRhJquFj~gLOwwWo2C3GB6JTqZye10Xb6VZncS3yuOksL2YMB4TBRcTQKaGb21YRCV8HR2gvXNuzfcsM5a_nAQhsvx3dWdOS8llUdC9eFEe7JE8~XF7F0Q0wZzDudNcWNYmxxZEm_KBjlsZIlfkxmsu8M_4RnbiIhS6QZsSAFEVYEk.webp\"><\/picture>\t\t\t<figcaption class=\"wp-caption-text\">\n\t\tPublicit\u00e9 am\u00e9ricaine en 1971\t\t<\/figcaption>\n\t\t\t<\/figure>\n\t\n\n\n<p>Le \u201cfacteur investissement\u201d favorisa la vente de propri\u00e9t\u00e9s aux clients internationaux, mais la magie m\u00eame de Marbella fut le catalyseur fondamental pour la vente de propri\u00e9t\u00e9s.<\/p>\n\n\n\n<p class=\"clearfix\">Lorsque l\u2019agence principale de Panorama Intl. \u00e0 Washington ferma ses portes au d\u00e9but de l\u2019ann\u00e9e 1975 en raison de la forte r\u00e9cession de l\u2019\u00e9poque, Panorama \u00e0 Marbella devint une agence immobili\u00e8re ind\u00e9pendante.<\/p>\n\n\n\n<h2 class=\"wp-block-heading\">La naissance d\u2019un march\u00e9 international et le succ\u00e8s de Panorama<\/h2>\n\n\n\n<h3 class=\"wp-block-heading\">Les march\u00e9s saoudien et arabe.<\/h3>\n\n\n\n<p><strong>Le premier grand succ\u00e8s de Panorama<\/strong> d\u00e9buta en 1974, apr\u00e8s avoir \u00e9t\u00e9 d\u00e9sign\u00e9s Administrateurs des Propri\u00e9t\u00e9s de M. David Shamoon (que nous avons administr\u00e9es durant 33 ans). David, qui d\u00e9c\u00e9da en juillet 2013, d\u2019origine iraquienne, avait d\u00e9m\u00e9nag\u00e9 \u00e0 Londres en 1950, et avait r\u00e9ussi \u00e0 devenir un homme d\u2019affaires important, notamment dans le secteur immobilier. David \u00e9tait le propri\u00e9taire d\u2019une magnifique villa, presque un palais, situ\u00e9e juste en face d\u2019El Anc\u00f3n, \u00e0 la <strong>Mille d\u2019Or <\/strong>de Marbella, qu\u2019il avait achet\u00e9e au milieu des ann\u00e9es soixante-dix au Roi Fahad d\u2019Arabie Saoudite (autrefois le Prince h\u00e9ritier). Au milieu des ann\u00e9es quatre-vingt-dix, David acheta&nbsp; les h\u00f4tels Marbella Club et Puente Romano, ajoutant ces deux h\u00f4tels embl\u00e9matiques de Marbella \u00e0 son portefeuille h\u00f4telier international, et dirigeant ses entreprises jusqu\u2019\u00e0 son d\u00e9c\u00e8s, quand son brillant fils Daniel et sa fille Jennica ont pris les r\u00eanes des entreprises.<\/p>\n\n\n\n<p><strong>David m\u2019a toujours trait\u00e9 de fa\u00e7on proche et sp\u00e9ciale<\/strong>, et il devint non seulement notre client le plus important lorsqu\u2019il acheta plusieurs propri\u00e9t\u00e9s exceptionnelles par notre interm\u00e9diaire, mais c\u2019est aussi gr\u00e2ce \u00e0 lui que j\u2019ai fait la connaissance de plusieurs personnages cl\u00e9s qui \u00e0 leur tour m\u2019en ont pr\u00e9sent\u00e9 d\u2019autres. En grand mesure, ce fut gr\u00e2ce \u00e0 lui que nous avons conclu, depuis le milieu jusqu\u2019\u00e0 la fin des ann\u00e9es soixante-dix, de nombreuses op\u00e9rations immobili\u00e8res avec la Famille Royale saoudienne et avec d\u2019autres clients du Moyen-Orient, ce qui relan\u00e7a le nom de Panorama \u00e0 un moment critique de son histoire.<\/p>\n\n\n\n<p><strong>\u00c0 cette \u00e9poque, nous sommes \u00e9galement devenus les administrateurs d\u2019Akram Ojjeh, fondateur du Groupe d\u2019entreprises TAG<\/strong> ; du Prince Salman, fr\u00e8re du jadis Prince h\u00e9ritier Fahad, et actuellement Roi d\u2019Arabie Saoudite \u00e0 travers Eyad Kayali, son homme de confiance et main droite en Espagne, et du fils a\u00een\u00e9 de l\u2019alors Prince Fahad, le Prince Faisal Bin Fahd, et S.E. Sheikh Kamal Adham, notamment.<\/p>\n\n\n\t<figure class=\"wp-caption aligncenter wp-block-acf-wpimage\">\n\t<picture><source width=\"1140\" height=\"812\" srcset=\"https:\/\/media.panoramamarbella.com\/imgV1\/B95mbh8olwFQm~uCT2wPZMb8hll4wghQQQq6YWg0~c~U_DrmgY8pGP8pqaDzA6mvjyI_OPtcrHD_aKxCvYKIXtq_L_d_0n1K3xc07hFe8tX7pLfaFiqUDVU2ThIYuYBqdQ84jHJcsNyqpg1CqQ3cm4nARwdIm5TW9usF6Gg0kIDArPDZBlh_T9GFOyIPTNA041RFZnPnTYDcWN4LmzdtxEvlFMMJj5XCwGFc30xt4~DYX0~UrrR76QRZXw41DnUAvlKLYBMqkJsqRfSMuT6lxKPjtlq8dr7QrPUKcpwY6BeHldiodA6JtBwomyELVV1V0lkEPlHmWVo3yPDNB3n2G6tHW_QSoaj4r7XdCPoAm8xbVSeo~3nz91OwcjG6oftkFSgBdqMjxTFWVt4t8EzHc4ma740jsyRiJgKHXAxbjtKZ5U_bK5O7QTI1sIgBGTwAXF5ibsSB_3cDCC6sAedHhl4zgAERufD8kPIhgMz2kT4aRcXK1fQ-.webp 1140w\" type=\"image\/webp\"><img decoding=\"async\" class=\"img-fluid\" loading=\"lazy\" width=\"1140\" height=\"812\" alt=\"Les Shamoons, Chris et sa premi\u00e8re femme Kirsten, et les Corners en 1977.\" src=\"https:\/\/media.panoramamarbella.com\/imgV1\/B95mbh8olwFQm~uCT2wPZMb8hll4wghQQQq6YWg0~c~U_DrmgY8pGP8pqaDzA6mvjyI_OPtcrHD_aKxCvYKIXtq_L_d_0n1K3xc07hFe8tX7pLfaFiqUDVU2ThIYuYBqdQ84jHJcsNyqpg1CqQ3cm4nARwdIm5TW9usF6Gg0kIDArPDZBlh_T9GFOyIPTNA041RFZnPnTYDcWN4LmzdtxEvlFMMXIG9xJ5A9Sg7bUFZcadjdRGK57aIGfOCZZUku8esaoUIMGNffYBYaGPGjKdUr2Iq_ncumYJXBxftcCJyGMprTpEAjOflANfMQoVepTq4pZr46XqLtsBEQaY4FjTlDSC1R8WnMilD7YVb0p5EanPcwjCbdqFxZHGpsvqQruU40Hjska6Z0MA4MosuyYZQKhBfh4_HQLZpGyoqMSUSydARwbpEYnSOdzwRo3vA0zu0znVLUwqXvm3XYPU2yZPn3Ww--.webp\"><\/picture>\t\t\t<figcaption class=\"wp-caption-text\">\n\t\tLes Shamoons, Chris et sa premi\u00e8re femme Kirsten, et les Corners en 1977\t\t<\/figcaption>\n\t\t\t<\/figure>\n\t\n\n\t<figure class=\"wp-caption aligncenter wp-block-acf-wpimage\">\n\t<picture><source width=\"1140\" height=\"859\" srcset=\"https:\/\/media.panoramamarbella.com\/imgV1\/B95mbh8olwFQm~uCT2wPZMb8hll4wghQQQq6YWg0~c~U_DrmgY8pGP8pqaDzA6mvjyI_OPtcrHD_aKxCvYKIXtq5e4EiDEw33L1wC0Y5dqIvM4tQwAtdYhZMF9~MaIhQrn9V8xav9~eJ4pO2JrZMU0Zmccb41pCmqD2SdC8YppjlKOzdArzqJ~PPit9QZ0bmG6qf6hLpsN4zPgNFJEMs6Z6RmcY2jIw_3I~zyHu_RDodoOPyeoZHgvHwbMlL7R1cRM9vstwJ0v~CPzucnNOPYDJaXFTtz5kxZ~F8VMI9C2418qcionZgdNrRbWAWUxis6kPf_omLk1oEhrljKv5u6jmnYhIX1YjwZ_DxXGC7zFFTV87XUKxV7mAh3MKtVY4BmtN27VwS~fWVOlf_QNaMySJS2GXzpd8zFi2BV4eF0FgFJbAwlG3pZZ9R2LPM7OOKUhajJQDBT4CnaQ--.webp 1140w\" type=\"image\/webp\"><img decoding=\"async\" class=\"img-fluid\" loading=\"lazy\" width=\"1140\" height=\"859\" alt=\"Chris avec un vieil ami, l&#039;ambassadeur M. Bashir Kurdi.\" src=\"https:\/\/media.panoramamarbella.com\/imgV1\/B95mbh8olwFQm~uCT2wPZMb8hll4wghQQQq6YWg0~c~U_DrmgY8pGP8pqaDzA6mvjyI_OPtcrHD_aKxCvYKIXtq5e4EiDEw33L1wC0Y5dqIvM4tQwAtdYhZMF9~MaIhQrn9V8xav9~eJ4pO2JrZMU0Zmccb41pCmqD2SdC8YppjlKOzdArzqJ_3pqiVyyzA~yaNgtx_BwvOLYUYmm2Ky6YDWTkD1_dHn71ryMPhSpKFyh2RNkPqkwfbqTGOGo9L4Af3XJ3Kzi4Z41LiPpOphG2WNxF1iDw0JAOWULZh~gjPWpVQid7MsyuoTgcV9zOjP~Y5YYCvbPCOcqufSWryOQEcMV_4T8aN35oFP8cuxgood~1wTFVFSuDOonWIbm5myA87mxqwJm0Z8L3CoGoZXR0PIGTcAOEZdnzLYEs_F1_E2Y6zHJPhb.webp\"><\/picture>\t\t\t<figcaption class=\"wp-caption-text\">\n\t\tChris avec un vieil ami, l&rsquo;ambassadeur M. Bashir Kurdi\t\t<\/figcaption>\n\t\t\t<\/figure>\n\t\n\n\n<p><strong>Gr\u00e2ce aux contacts que nous avons \u00e9tablis au d\u00e9but des ann\u00e9es soixante-dix, <\/strong>nous avons pu conclure de nombreuses op\u00e9rations importantes, \u00e9galement par l\u2019interm\u00e9diaire de mon ami intime Bashir. Il \u00e9tait alors le Consul d\u2019Arabie Saoudite \u00e0 Malaga et me chargea de la n\u00e9gociation et acquisition d\u2019une parcelle \u00e0 Malaga pour y construire le Centre Culturel Islamique. Quand il fut nomm\u00e9 Ambassadeur saoudien au Japon au milieu des ann\u00e9es quatre-vingt-dix, il me demanda de l\u2019aider \u00e0 trouver un b\u00e2timent repr\u00e9sentatif pour l\u2019Ambassade saoudienne \u00e0 Tokyo. Un an et demi plus tard, nous avons conclu avec succ\u00e8s l\u2019acquisition d\u2019un b\u00e2timent compl\u00e8tement neuf de 11 \u00e9tages, y compris un penthouse duplex pour l\u2019Ambassadeur, situ\u00e9 \u00e0 Roppongi, dans le centre de Tokyo. Elle est toujours \u00e0 l\u2019heure actuelle l\u2019Ambassade saoudienne la plus belle du monde entier.<\/p>\n\n\n\n<p><strong>Le fait que le Prince h\u00e9ritier Fahad et sa famille aient achet\u00e9 plusieurs propri\u00e9t\u00e9s \u00e0 Marbella encouragea plusieurs clients du Moyen-Orient <\/strong>\u00e0 y acheter des logements \u00e0 la fin des ann\u00e9es soixante-dix et au d\u00e9but des ann\u00e9es quatre-vingt. D\u2019autres Princes, en plus d\u2019importants \u2013 et m\u00eame l\u00e9gendaires \u2013 hommes d\u2019affaires et dignitaires de chacun des pays du Moyen-Orient achet\u00e8rent des propri\u00e9t\u00e9s \u00e0 Marbella, contribuant \u00e0 la merveilleuse diversit\u00e9 et m\u00e9lange culturel de la ville. Il s\u2019agissait notamment du Sheik Zayed bin Sultan Al Nahyan, \u00c9mir d\u2019Abu Dhabi et Pr\u00e9sident des \u00c9mirats Arabes Unis, dont la famille&nbsp; poss\u00e8de encore de magnifiques propri\u00e9t\u00e9s contig\u00fces \u00e0 Roc\u00edo de Nag\u00fceles ; plusieurs membres de la famille Marzook du Kowe\u00eft ; Adnan Kashoggi et beaucoup de ses connaissances ; le magnat de la technologie Mouffac Al Midani ; Rafic Harriri, qui devint par la suite Premier Ministre du Liban ; le Sheik Kamal Adham, et de nombreux autres.<\/p>\n\n\n\n<p><strong>Si nous nous penchons sur l\u2019histoire de l\u2019Al-\u00c1ndalus, nous comprenons&nbsp; mieux le fait que le peuple arabe se sente si \u00e0 l\u2019aise \u00e0 Marbella et dans le Sud de l\u2019Espagne en g\u00e9n\u00e9ral.<\/strong> Des fleuves, des villages et d\u2019autres zones g\u00e9ographiques portent encore des noms arabes, des milliers de mots du dictionnaire espagnol ont des racines arabes, comme r\u00e9sultat des 781 ann\u00e9es d\u2019occupation morisque en Espagne, de 711 \u00e0 1492. Depuis Marbella, on aper\u00e7oit les montagnes Rif du Maroc presque tous les jours, ainsi que les lumi\u00e8res de Tanger la nuit derri\u00e8re le Rocher de Gibraltar, ce qui nous donne une sensation tr\u00e8s sp\u00e9ciale de notre situation g\u00e9ographique exacte.<\/p>\n\n\n\n<h2 class=\"wp-block-heading\">Une enclave britannique<\/h2>\n\n\n\n<p><strong>Au d\u00e9but des ann\u00e9es soixante-dix, un petit groupe de citoyens britanniques, entre deux ou trois mille personnes, s\u2019\u00e9tait install\u00e9 sur la Costa del Sol<\/strong>. Alors que certains d\u2019entre eux n\u2019y venaient que pour des vacances, d\u2019autres y r\u00e9sidaient en permanence, dont notamment des personnalit\u00e9s assez importantes. La raison de ce si petit nombre de Britanniques \u00e9tait tr\u00e8s simple : comme le Royaume-Uni avait impos\u00e9 des restrictions au change de monnaie (l\u2019inf\u00e2me \u201cdollar Premium\u201d ou \u201csuppl\u00e9ment au dollar\u201d), les restrictions serr\u00e9es pour tout type de d\u00e9penses \u00e0 l\u2019\u00e9tranger \u00e9taient un obstacle pour que les Britanniques profitent de vacances dans d\u2019autres pays, ou qu\u2019ils ach\u00e8tent des logements \u00e0 l\u2019\u00e9tranger \u00e0 grande \u00e9chelle, comme maintenant, ou m\u00eame pour qu\u2019ils ach\u00e8tent des actions dans des entreprises de \u00e9trang\u00e8res. \u00c0 un moment donn\u00e9, il n\u2019\u00e9tait m\u00eame plus possible d\u2019emporter plus de \u00a350 en esp\u00e8ces en-dehors du pays, m\u00eame pas pour aller en vacances ! Ils devaient m\u00eame faire cacheter le passeport \u00e0 la banque lors du retrait de l\u2019argent !<\/p>\n\n\n\n<p>Quand feu Margaret Thatcher fut \u00e9lue Premier Ministre du Royaume-Uni en 1979, et flexibilisa cette m\u00eame ann\u00e9e (pour ensuite les \u00e9liminer) les contr\u00f4les de change de monnaie, la demande explosa litt\u00e9ralement et on assista \u00e0 une v\u00e9ritable fr\u00e9n\u00e9sie d\u2019achats immobiliers \u00e0 l\u2019\u00e9tranger, un ph\u00e9nom\u00e8ne qui n\u2019a pas diminu\u00e9 depuis lors, \u00e0 exception des fluctuations naturelles du march\u00e9 en g\u00e9n\u00e9ral des trente derni\u00e8res ann\u00e9es.<\/p>\n\n\n\t<figure class=\"wp-caption aligncenter wp-block-acf-wpimage\">\n\t<picture><source width=\"1140\" height=\"771\" srcset=\"https:\/\/media.panoramamarbella.com\/imgV1\/B95mbh8olwFQm~uCT2wPZMb8hll4wghQQQq6YWg0~c~U_DrmgY8pGP8pqaDzA6mvjyI_OPtcrHD_aKxCvYKIXtq4wjuknPsTCcyfbZcNaUQlpxvaz3JPU2JCFWxP65elXrvgn6EBdfpeqd3k4cIgZREfjQal2wc6Hfw3mraXW3rSrapV1S_TVzrq3sBymMFVdv8EDMUVP88igc~st9ipjN77cmWFitOwY7ACeu_4TTmvbBe4g75pyu4H84hwdP6TOz7xXPPSyJvm96L3uwu0FJ~1D4Zyr4IlwfQZI5pFnnZgrFKXJHSDf5uKvpR4sy8pDCvcLLPraVZWWI6Y8VL8jH~JXC4ls10gRHLtxsuOW72PV0_SEdUCe1ovP07U7lZH~nWt8zRG3D8uGh0DhUeQ_77Q0EMgkxASQcHIlM6RUAawoEXfiwY4UAEM.webp 1140w\" type=\"image\/webp\"><img decoding=\"async\" class=\"img-fluid\" loading=\"lazy\" width=\"1140\" height=\"771\" alt=\"B\u00e2timent Skol dans les ann\u00e9es 70.\" src=\"https:\/\/media.panoramamarbella.com\/imgV1\/B95mbh8olwFQm~uCT2wPZMb8hll4wghQQQq6YWg0~c~U_DrmgY8pGP8pqaDzA6mvjyI_OPtcrHD_aKxCvYKIXtq4wjuknPsTCcyfbZcNaUQlpxvaz3JPU2JCFWxP65elXrvgn6EBdfpeqd3k4cIgZREfjQal2wc6A50VED0pcPVvgDFhUvzF3LL9wVk0cqJ~tbvNDNEQoKjX_h8jj9AewuS0glIfz2E1BEquULv7GlViYTktEFrPX_MK~ZOyNrNx2UXJfH7MpPKd8qBiX8pTPje_3Hph_IVmnRlCsMGlnfdU0tZk08mBr4NMKEDj_SOc1Ah5CNoasNfy~pLWE70I79~O~GNl3ALGOHfkvs5oDr2Sw4kAPJ4qi2L3JeCLI~2V5Ln3Ufux8pJiitIgipgCI0EV88s77bM-.webp\"><\/picture>\t\t\t<figcaption class=\"wp-caption-text\">\n\t\tB\u00e2timent Skol dans les ann\u00e9es 70\t\t<\/figcaption>\n\t\t\t<\/figure>\n\t\n\n\n<p>Marbella a b\u00e9n\u00e9fici\u00e9 de cette demande explosive \u00e0 c\u00f4t\u00e9 d\u2019autres zones de l\u2019Espagne, de la France, de l\u2019Italie, et des E.U. (sp\u00e9cialement la Floride), notamment. Les vols en provenance du Royaume-Uni ont consid\u00e9rablement augment\u00e9, et la Costa del Sol est devenue la destination touristique et r\u00e9sidentielle pr\u00e9f\u00e9r\u00e9e des Britanniques, et Marbella sa capitale de qualit\u00e9.<\/p>\n\n\n\n<p><strong>\u00c0 cette \u00e9poque, Panorama publiait des annonces dans la presse locale du Royaume-Unid, particuli\u00e8rement dans le \u201cThe Times\u201d et \u201cFinancial Times\u201d<\/strong> pour faire la promotion directe des logements au Royaume-Uni. Nous avons conclu de nombreuses op\u00e9rations avec des clients britanniques au pouvoir d\u2019achat \u00e9lev\u00e9, sp\u00e9cialement dans les ann\u00e9es quatre-vingt et au milieu des ann\u00e9es quatre-vingt-dix, en partie gr\u00e2ce \u00e0 l\u2019\u00e9troite collaboration que nous maintenions alors avec Chesterton\u2019s, une importante agence immobili\u00e8re londonienne.<\/p>\n\n\n\n<p>Actuellement, apr\u00e8s les Espagnols, les Britanniques repr\u00e9sentent la majorit\u00e9 des r\u00e9sidents, permanents et temporels de la zone de Marbella.<\/p>\n\n\n\t<figure class=\"wp-caption aligncenter wp-block-acf-wpimage\">\n\t<picture><source width=\"1140\" height=\"754\" srcset=\"https:\/\/media.panoramamarbella.com\/imgV1\/B95mbh8olwFQm~uCT2wPZMb8hll4wghQQQq6YWg0~c~U_DrmgY8pGP8pqaDzA6mvjyI_OPtcrHD_aKxCvYKIXtq7TfkEfH0uLZCekAjbvdnt4FWlwwaufDVAJKWp3d4CQ7cWh~RQl~S8x0Oxgn1lI~mgagjNf2XeVNYD0SXGVSTJsDH0J6KOJwyDP4rqqB~_8zbRJ~xH~2_z3HPi2l~FfmtEzI~FA8kB6WA3eIpmfBjCLu9ZoOKms9R5KqGKptk_uYseQEp9pD9~BvriFuavIRvYsIZb8bHni_y7_poOW0i6FPSMnTw48OKfPF6zzizcXO6Xvdi0F2yeW6f1Ffjv3SeLnnjJ8JdoY6tVBdoTqrNoXki4NH2BwSvkeddFQ91iOjSOGlKwIqr1y2pkeXh2sEXMvL5cOzkbWjp8.webp 1140w\" type=\"image\/webp\"><img decoding=\"async\" class=\"img-fluid\" loading=\"lazy\" width=\"1140\" height=\"754\" alt=\"Mel Ferrer.\" src=\"https:\/\/media.panoramamarbella.com\/imgV1\/B95mbh8olwFQm~uCT2wPZMb8hll4wghQQQq6YWg0~c~U_DrmgY8pGP8pqaDzA6mvjyI_OPtcrHD_aKxCvYKIXtq7TfkEfH0uLZCekAjbvdnt4FWlwwaufDVAJKWp3d4CQ7cWh~RQl~S82SGfomjp6oT6RgV5VOxIEOjCd~2ORUVpb6VRXVROCP1hDX6qIJePL8MsV_jPYdl~cXjO40C8mxRAl7yYbpfuZ4P2AWmOrs_xFFpqQMu75V0Aqe7T6R9mzCVLOg~jwBPbjQcHGdtZe8QaqCAcvR6EQgYQK07lOEJZXGBoO18PrLPj54OIV94HPyEzP_2M43pa87gX9fitWR7SrpmzX8Nq40RhZTm9tsmT1Eu7wN01g66KAtFrm109LWAMF3sGeXE-.webp\"><\/picture>\t\t\t<figcaption class=\"wp-caption-text\">\n\t\tMel Ferrer\t\t<\/figcaption>\n\t\t\t<\/figure>\n\t\n\n\n<h2 class=\"wp-block-heading\">Nouvelles amiti\u00e9s, contacts professionnels et c\u00e9l\u00e9brit\u00e9s<\/h2>\n\n\n\n<p><strong>Durant cette premi\u00e8re \u00e9tape de Panorama \u00e0 Marbella, parmi d\u2019autres personnes influentes, j\u2019ai eu l\u2019opportunit\u00e9 de faire la connaissance de<\/strong> Rafael Zea. Rafael \u00e9tait un promoteur pionnier qui, parmi plusieurs projets, construisit le b\u00e2timent \u201cSkol\u201d au bord de la plage \u00e0 Marbella. Rafael \u00e9tait pr\u00e9sident de l\u2019entreprise promotrice de l\u2019urbanisation <strong>\u201cLas Lomas de Marbella Club\u201d<\/strong> et vint \u00e0 Panorama en 1974, suite \u00e0 la recommandation de quelques amis en commun. Nous nous entendions bien et il accorda tout de suite de nous donner en exclusivit\u00e9 la vente de ses parcelles \u00e0 <strong>Las Lomas<\/strong>. Dans les ann\u00e9es suivantes nous avons vendu la majeure partie de cette magnifique urbanisation situ\u00e9e dans le c\u0153ur de la <strong>Mille d\u2019Or<\/strong> de Marbella. Rafael me conc\u00e9da \u00e9galement une r\u00e9duction importante lors de l\u2019acquisition de notre premi\u00e8re villa \u00e0 Marbella, qui lui appartenait. <\/p>\n\n\n\n<p>J\u2019ai \u00e9galement fait des affaires avec Mel Ferrer, amateur de la construction et de la vente de villas rustiques \u00e0 des prix abordables. Mel \u00e9tait un homme g\u00e9nial, extr\u00eamement poli et avec les pieds sur terre.<\/p>\n\n\n\n<h2 class=\"wp-block-heading\">Stars de Hollywood, f\u00eates de luxe et nouvelles opportunit\u00e9s<\/h2>\n\n\n\n<p><strong>J\u2019ai eu le privil\u00e8ge de conna\u00eetre Ray Milland et sa femme Mal et nous sommes devenus de bons amis (en 1946 Ray gagna l\u2019Oscar du Meilleur Acteur pour le film de Billy Wilder \u201cJours sans Tra\u00e7e\u201d),<\/strong> et je fis \u00e9galement la connaissance de Stewart Granger, l\u2019une des plus grandes stars de Hollywood, qui vendit \u00e9galement un important domaine entre Marbella et Estepona.<\/p>\n\n\n\n<p>Ray Milland prit contact avec nous en 1975 pour une annonce dans l\u2019International Herald Tribune et vint visiter quelques maisons au bord de la plage. Il \u00e9tait devenu une star de cin\u00e9ma un peu avant mon \u00e9poque, et m\u00eame s\u2019il avait une des t\u00eates les plus connues au monde \u00e0 ce moment-l\u00e0, moi je ne savais pas qui il \u00e9tait. Quand j\u2019ai \u00e9t\u00e9 le chercher \u00e0 l\u2019a\u00e9roport, il prit place sur le si\u00e8ge arri\u00e8re de ma Seat, et sa femme sur le si\u00e8ge avant, et je n\u2019ai rien trouv\u00e9 de mieux que de lui demander \u00e0 quoi il se consacrait ! Apr\u00e8s un bref silence et un profond soupir, il me r\u00e9pondit avec un peu d\u2019exasp\u00e9ration dans la voix\u2026 (je le regardais \u00e0 travers le r\u00e9troviseur)\u2026 \u201cJe travaille dans l\u2019industrie du cin\u00e9ma\u201d. J\u2019ai malheureusement continu\u00e9 \u00e0 faire des gaffes et je lui ai demand\u00e9 \u201cdans quelle partie de l\u2019industrie ?\u201d Nous nous sommes finalement tr\u00e8s bien entendus, et nous sommes devenus de tr\u00e8s bons amis, tout comme nos \u00e9pouses.<\/p>\n\n\n\t<figure class=\"wp-caption aligncenter wp-block-acf-wpimage\">\n\t<picture><source width=\"1140\" height=\"859\" srcset=\"https:\/\/media.panoramamarbella.com\/imgV1\/B95mbh8olwFQm~uCT2wPZMb8hll4wghQQQq6YWg0~c~U_DrmgY8pGP8pqaDzA6mvjyI_OPtcrHD_aKxCvYKIXtq6eg6K2SBNgnbvfddTko9v0ZOzMRO06ODXZQgJrONN2CfO_hxok5tNFMNS4Mm7kGIg3FQKLs7~mLPArOt3Z0nge1utZcAER297Xe4BbS_mIGKRi654NFHHTq6iTU~HEM3K3m4WoFC~orK2P_B135JfDqA55H1co5B3eNrkLN2wmDDQuCLCp4OAU2FPTLNZwpw0oiW_hXP2KOQk9MaOyaiifGR~~DwJq0Cb6yV5M4mi795r8Q7InWE_~W8ONwiVmxKR3kIH5MYPIgDTJTvepCwyRHEF~STRijp1o_o9RcvySLKGgwp7FpM2GrzzTOfDu_jdEfI8oHglMOxckN6SZSY~EOAZ9ek94eT~2lJmTPX1cYGJIxWwCPmitUy6lli3GTZsp50N10ZCwY8-.webp 1140w\" type=\"image\/webp\"><img decoding=\"async\" class=\"img-fluid\" loading=\"lazy\" width=\"1140\" height=\"859\" alt=\"Jacqui &amp; John Green avec Jovita, la seconde femme de Chris, r\u00e9cemment.\" src=\"https:\/\/media.panoramamarbella.com\/imgV1\/B95mbh8olwFQm~uCT2wPZMb8hll4wghQQQq6YWg0~c~U_DrmgY8pGP8pqaDzA6mvjyI_OPtcrHD_aKxCvYKIXtq6eg6K2SBNgnbvfddTko9v0ZOzMRO06ODXZQgJrONN2CfO_hxok5tNFMNS4Mm7kGIg3FQKLs7~mLPArOt3Z0nge1utZcAER297Xe4BbS_mIGKRi654NFHZw434~GfYuQOH7lfJe_aaf9AwR8PjKVNpqBKIJYSar60wPRpsfPFUx9Kh3VKPIlYItq4pMSN7Ysy37NmgscixipgsvUPLq3hb8QNORfFgADAPR_YOltBgOeJNBmUafSN1~C_VwOUX1f_N9eLcctzquAXFudRIdEonBHvGHl7JjVb~R26NUqrg8VUmg4bjjVDBR4jTr7AINAPiWm9VazZqtcFf9INKCqYcvLP4dd4j2c0FNuLzMtX1IjsPLka4Cw--.webp\"><\/picture>\t\t\t<figcaption class=\"wp-caption-text\">\n\t\tJacqui &#038; John Green avec Jovita, la seconde femme de Chris, r\u00e9cemment\t\t<\/figcaption>\n\t\t\t<\/figure>\n\t\n\n\n<p>Les Millands finirent par acheter un petit joyau au bord de la plage dans l\u2019urbanisation \u201cEl Anc\u00f3n\u201d \u00e0 la Mille d\u2019Or, qui avait appartenu \u00e0 M. Brown (en espagnol, M. \u201cBrun\u201d). Le long du bord de mer d\u2019El Anc\u00f3n, il y avait quatre autres maisons \u00e0 c\u00f4t\u00e9 de celle de M. Brown : deux \u00e0 droite et deux \u00e0 gauche. La derni\u00e8re sur la droite appartenait \u00e0 M. Green (en espagnol, M. \u201cVert\u201d), le promoteur originel de l\u2019urbanisation. La seconde appartenait au fameux entrepreneur Gordon White (en espagnol, Gordon \u201cBlanc\u201d). \u00c0 gauche se trouvait M. Black (en espagnol, M. \u201cNoir\u201d) et \u00e0 la fin, Warren Gold (en espagnol, Warren \u201cDor\u00e9\u201d). Incroyable mais vrai, nous l\u2019appelions la rue de l\u2019arc-en-ciel.<\/p>\n\n\n\n<p>John Green, le fr\u00e8re du propri\u00e9taire de la fameuse galerie d\u2019art londonienne, Richard Green, est un promoteur \u00e0 succ\u00e8s et extr\u00eamement cr\u00e9atif, non seulement pour ses projets \u00e0 Marbella mais aussi pour ceux r\u00e9alis\u00e9s \u00e0 Londres. Apr\u00e8s avoir construit El Anc\u00f3n, il construisit entre 1981 et 1985 une autre magnifique urbanisation ferm\u00e9e sur les collines en face d\u2019El Anc\u00f3n qu\u2019il d\u00e9nomma \u201cEl Anc\u00f3n Sierra\u201d. Je me chargea de lui vendre le terrain, et ensuite de vendre la majorit\u00e9 des logements termin\u00e9s, en faisant partie de son Comit\u00e9 Directif. John et son \u00e9pouse Jacqui ont conserv\u00e9 leur propri\u00e9t\u00e9 \u00e0 El Anc\u00f3n jusqu\u2019\u00e0 la mort de John en 2019.<\/p>\n\n\n\n<h2 class=\"wp-block-heading\">L\u2019h\u00f4tesse parfaite<\/h2>\n\n\n\n<p><strong>Parmi tous les gens que nous fr\u00e9quentions \u00e0 cette \u00e9poque,<\/strong> l\u2019une des personnalit\u00e9s de laquelle nous \u00e9tions tr\u00e8s proches jusqu\u2019au milieu des ann\u00e9es quatre-vingt-dix, quand elle d\u00e9c\u00e9da, fut la Barone Teresa (Terry) von Pantz, l\u2019h\u00e9riti\u00e8re de l\u2019empire Avon. Terry avait h\u00e9rit\u00e9 sa fortune de l\u2019un de ses pr\u00e9c\u00e9dents maris, et elle avait l\u2019habitude d\u2019appeler affectueusement \u201cson dernier mari\u201d, le Baron Hubert von Pantz,&nbsp; \u201cHubert le Cinqui\u00e8me\u201d \u00e9tant donn\u00e9 qu\u2019elle avait surv\u00e9cu \u00e0 ses quatre autres maris. Hubert \u00e9tait \u00e9galement assez connu en raison de son aventure avec la fameuse cr\u00e9atrice de mode fran\u00e7aise Coco Chanel. Aussi bien Hubert que Terry \u00e9taient tr\u00e8s g\u00e9n\u00e9reux, et ils adoraient organiser des f\u00eates majestueuses pour inviter tous leurs amis et connaissances : Terry fut connue durant trente ans \u00e0 Marbella comme \u201cl\u2019h\u00f4tesse parfaite\u201d. Son hobby pr\u00e9f\u00e9r\u00e9 \u00e9tait de concevoir et de construire des maisons, le client r\u00eav\u00e9 de n\u2019importe quel agent immobilier. Elle \u00e9tait une personne merveilleuse, tr\u00e8s ouverte et int\u00e9ressante, aimable avec tout le monde et l\u2019une de nos clientes les plus importantes durant de nombreuses ann\u00e9es.<\/p>\n\n\n\t<figure class=\"wp-caption aligncenter wp-block-acf-wpimage\">\n\t<picture><source width=\"1140\" height=\"927\" srcset=\"https:\/\/media.panoramamarbella.com\/imgV1\/B95mbh8olwFQm~uCT2wPZMb8hll4wghQQQq6YWg0~c~U_DrmgY8pGP8pqaDzA6mvjyI_OPtcrHD_aKxCvYKIXtq1hzXcNarK2n2TX29PELIj74uHrB3p613bv10l6vTj5IF1QNCXj9SYKdZCN01IwQ0oyYCGrcNgPIdxHJbZkgRgL5v8ldUy2bn8Rq1kJfKPIiOnHfJb~oumhiaCG7X2DQf2w0xWcB0B_is8_YyABtx4xo~iQoR72JKP1rX8ZNQ9CsPOwnYZEP7PxbjwImzfB_t181ybL_wN8C6NJkzWHw_smbLROryxRKiG6kpnaxgVWjQM7IiiYYvfC6W9z12j224WfMoiTH1FH8IM81KZwLr4qW7J7raxmcBrLHDW54~piDqNf~Znl2fn4MbNSiT6T1M1LQKu8b6_6G6CIV6AB6~zhrpfDvGH4Os-.webp 1140w\" type=\"image\/webp\"><img decoding=\"async\" class=\"img-fluid\" loading=\"lazy\" width=\"1140\" height=\"927\" alt=\"Chris et le comte Rudi r\u00e9cemment.\" src=\"https:\/\/media.panoramamarbella.com\/imgV1\/B95mbh8olwFQm~uCT2wPZMb8hll4wghQQQq6YWg0~c~U_DrmgY8pGP8pqaDzA6mvjyI_OPtcrHD_aKxCvYKIXtq1hzXcNarK2n2TX29PELIj74uHrB3p613bv10l6vTj5IF1QNCXj9SYKdZCN01IwQ0oyYCGrcN_dlPJEFfs0FOC9PcPx9bc4QBikwCjBBca9r~BsSfUwZ4nEa2O4~GrTjMxYSu0mJxM5ULYzvZHXVGCF4P9Y3I86ZiaVBtXwxYY5oaqBJPzs~pQi120iwFI65wt7D1_uKMCEJHJPSAyaTtEbvRMqpGFiHrqt~Sz_RfnhtxJdM9sa_bkji5LacExdsfyCThGHxaLcX4~i7LZziCe~BcYmhrHAjjXkbzr2~e6W1IXSvWWZXeCmNeHa62Sr48Kovl~Ig--.webp\"><\/picture>\t\t\t<figcaption class=\"wp-caption-text\">\n\t\tChris et le comte Rudi r\u00e9cemment\t\t<\/figcaption>\n\t\t\t<\/figure>\n\t\n\n\n<h2 class=\"wp-block-heading\">Marbella Sierra Blanca<\/h2>\n\n\n\n<p><strong>\u00c0 la fin des ann\u00e9es soixante-dix, nous avons fait la connaissance d\u2019Elizabeth et de David Brockman<\/strong>, lesquels avec leur associ\u00e9 Connie M\u00fcnemann et sa famille \u00e9taient propri\u00e9taires des plus beaux terrains de Marbella, aujourd\u2019hui connus comme Marbella Sierra Blanca. Une petite anecdote : l\u2019un de nos clients koweitiens avait d\u00e9cid\u00e9 d\u2019acheter le terrain dans sa totalit\u00e9, dont le plan partiel devait encore \u00eatre approuv\u00e9 par la mairie. En m\u00eame temps, un groupe d\u2019\u00e9cologistes retardait l\u2019approbation et ce client, un an et demi plus tard, d\u00e9cida d\u2019annuler l\u2019op\u00e9ration. Le prix du terrain complet sans aucun type d\u2019infrastructure \u00e9tait de $3 000 000 ! Les Brockman trouv\u00e8rent alors un autre associ\u00e9, le promoteur \u00e0 succ\u00e8s Pedro Rodr\u00edguez (du Groupe Sierra Blanca), qui r\u00e9alisa le premier investissement dans l\u2019entreprise des Brockman et lanc\u00e8rent l\u2019installation de toute l\u2019infrastructure et la vente de parcelles.<\/p>\n\n\n\t<figure class=\"wp-caption aligncenter wp-block-acf-wpimage\">\n\t<picture><source width=\"1140\" height=\"859\" srcset=\"https:\/\/media.panoramamarbella.com\/imgV1\/B95mbh8olwFQm~uCT2wPZMb8hll4wghQQQq6YWg0~c~U_DrmgY8pGP8pqaDzA6mvjyI_OPtcrHD_aKxCvYKIXtq0sE1BujjjgHpTKkmCCC3s7sXyWy~rhQb_ubQ_KacuqatjZoaEX6anCEfKlFIIwjMk_SrYiEAavGGMOQfh584KUEH2gKkdYmQsfWj7pIGzbrTIHjQ3ZbUdTyBuaW3FAuejjiWeTxfQlQBglUxFt4MQTI8us_5pO80lCKEAKiljj7uRQGketqnAJZAojv~aEp4M7u~UaX1UWXIKLPt5ZvK9YwNdQhS5SyOmL2JN5IjYPHgxnp~Or2QydsNM6BPzUZT2kdXpkhK228a1~NQNjENiuOKjQjDK2hOhzthm503jv931kYtqW5r9XlS2AyWYIxiRpWXiYZGDdQ3j4K06_TnP9XToZUOSlp33dzg5eBLg3yXW4aTipIQXGubXFA--.webp 1140w\" type=\"image\/webp\"><img decoding=\"async\" class=\"img-fluid\" loading=\"lazy\" width=\"1140\" height=\"859\" alt=\"Chris a r\u00e9cemment rencontr\u00e9 un vieil ami, Patrick op de Beeck.\" src=\"https:\/\/media.panoramamarbella.com\/imgV1\/B95mbh8olwFQm~uCT2wPZMb8hll4wghQQQq6YWg0~c~U_DrmgY8pGP8pqaDzA6mvjyI_OPtcrHD_aKxCvYKIXtq0sE1BujjjgHpTKkmCCC3s7sXyWy~rhQb_ubQ_KacuqatjZoaEX6anCEfKlFIIwjMk_SrYiEAavGGMOQfh584KUEH2gKkdYmQsfXbgLWPD_mPBwRMA5LjvJFFz663m7JmTxuAbPS5Ekjbg3DjpiM2PVwQIrFCRyDTAJnIB~bsTqwiDkm31JeIWCcjqtCq0sY3us193SlF0XugLeJ~GfBYtWTFIKHB9yxw9_PrewEpaPcrFe0KnpGc7Nf_xs69KE6fRvqJ4bPiK_oVROl~yeAUzKkuVnvYOgz57cLPwiQu70CzPwKHNwkXdY0izIcgfV0dC44bqX001XC~KtK9_YxJHDTu2rpIpMret.webp\"><\/picture>\t\t\t<figcaption class=\"wp-caption-text\">\n\t\tChris a r\u00e9cemment rencontr\u00e9 un vieil ami, Patrick op de Beeck\t\t<\/figcaption>\n\t\t\t<\/figure>\n\t\n\n\n<h2 class=\"wp-block-heading\">Amis depuis les ann\u00e9es 70<\/h2>\n\n\n\n<p>Parmi les autres innombrables et magnifiques personnalit\u00e9s dont nous avons fait la connaissance \u00e0 travers notre agence \u00e0 cette \u00e9poque, se trouvent Ferdinand Beguin, le \u00ab\u00a0Roi du Sucre\u00a0\u00bb fran\u00e7ais, auquel nous avons vendu une magnifique propri\u00e9t\u00e9 \u00e0 l\u2019endroit connu aujourd\u2019hui comme \u201cAltos Reales \u00bb sur la route de Camoj\u00e1n ; Antonio Bel\u00f3n Cantos qui nous a conseill\u00e9 en mati\u00e8re urbanistique, devenant par la suite un bon ami ; Jos\u00e9 Ban\u00fas et son homme de confiance, C\u00e1ndido Fern\u00e1ndez Ledo, qui occupa le poste de pr\u00e9sident de la Fondation Ban\u00fas et fut le fondateur du CIT, l\u2019Association des Entrepreneurs et Professionnels de Marbella, la Duchesse d\u2019Alba, qui souhaita \u00e0 un moment donn\u00e9 nous confier la vente de sa propri\u00e9t\u00e9\u2026 et de nombreuses autres.<\/p>\n\n\n\t<figure class=\"wp-caption aligncenter wp-block-acf-wpimage\">\n\t<picture><source width=\"1140\" height=\"917\" srcset=\"https:\/\/media.panoramamarbella.com\/imgV1\/B95mbh8olwFQm~uCT2wPZMb8hll4wghQQQq6YWg0~c~U_DrmgY8pGP8pqaDzA6mvjyI_OPtcrHD_aKxCvYKIXtlds4KMSaFQ0e76PwOxDbxhVLfhfbNg2a3rvEXNptIAVH9oUZ2hkTU57AkxqLH0t455HhAiK6Te8o4DZH8ORcd8pAFPjGSn2XmzzneITlXY27BpoyDBTsLHL5ClejppJowvSluR~ZXhHc7cUvB~tt72ynSEi5RtGi_lv3dqZLvueSAXIY_9APft_nTS5Skdr6r9ctohtHpRdTgolSdESx~XLr5r~oazX~6vVeL9NyZEsIswawlAgVwByVI0CyBmbRaBHeCqJWGqxLeynZRaPLyM2BeMSvXoIe8C_~KjVaLhyNbpdDTaMecYIcHkt36X3JmXLclLP6fBXiFvzums2DX4T6SHl0_vd3aFWFXd3uef7yExMXNPxdPK0g--.webp 1140w\" type=\"image\/webp\"><img decoding=\"async\" class=\"img-fluid\" loading=\"lazy\" width=\"1140\" height=\"917\" alt=\"Chris with H.E. Sheikh Kamal Adham in 1998.\" src=\"https:\/\/media.panoramamarbella.com\/imgV1\/B95mbh8olwFQm~uCT2wPZMb8hll4wghQQQq6YWg0~c~U_DrmgY8pGP8pqaDzA6mvjyI_OPtcrHD_aKxCvYKIXtlds4KMSaFQ0e76PwOxDbxhVLfhfbNg2a3rvEXNptIAVH9oUZ2hkTU57AkxqLH0t455HhAiK6Te8o4DZH8ORcd8pAFPjGSn2WduRousT9cObaL8KWCXjFxqxFDNi6S3vdpUrcx~xTqb5r31DhaUxl7TthsOaenAgjINhdKTS90jqmPnHTDsuw_ZLZAzvg_1q8PWr8qBqugrd1AOKmJPwnsrpQTgYAefWOb_sq70uRgpzaE69nIwyOPkQnk_XvfY9HKT2WRQoz7QO5suUYpkF0wvFHAOqUAiYxTOf9ZCwesudc34MWvvFnf6ewQKneBEYIKGvrCPaCtKv46lXgnhpoVtv5MZ4pog.webp\"><\/picture>\t\t\t<figcaption class=\"wp-caption-text\">\n\t\tChris with H.E. Sheikh Kamal Adham in 1998.\t\t<\/figcaption>\n\t\t\t<\/figure>\n\t\n\n\n<p><strong>Quelques autres des merveilleuses personnes qui nous ouvrirent leurs portes durant nos premi\u00e8res ann\u00e9es \u00e0 Marbella <\/strong>furent Miguel G\u00f3mez Verd\u00fan et son \u00e9pouse Antonia, propri\u00e9taires des bijouteries G\u00f3mez y Molina. Miguel, maintenant d\u00e9c\u00e9d\u00e9, \u00e9tait alors \u00e9galement Directeur de l\u2019h\u00f4tel El Rodeo, le premier h\u00f4tel de Marbella fond\u00e9 par Ricardo Soriano en 1945 ; Archie et Cathy McNair \u2013 Archie \u00e9tait le Pr\u00e9sident de Quant, qu\u2019il fonda ensemble avec Mary Quant en 1950 ; le d\u00e9funt Bill Genske et son \u00e9pouse Silvia, les promoteurs de <strong>Las Lomas del Marbella Club Pueblo<\/strong> ; Nielson S\u00e1nchez Stuart et son \u00e9pouse Alicia, qui \u00e9tait et est toujours un avocat reconnu et un bon ami, tout comme Antonio de Fortuny. Rafael Cruz-Conde fut un grand ami et le principal avocat de Panorama, depuis la fin des ann\u00e9es soixante-dix jusqu\u2019\u00e0 son d\u00e9c\u00e8s en 2012, et son travail avec Panorama continue \u00e0 travers son brillant fils Mauro jusqu\u2019\u00e0 aujourd\u2019hui. Le Comte Hans Larsich et son \u00e9pouse Mar\u00eda, la Marquise de Salamanca, furent \u00e9galement de bons amis. Peut-\u00eatre notre ami le plus ancien et le plus proche est Patrick Op de Beeck, le reconnu courtier en assurances. Nos agences \u00e9taient voisines lors de notre arriv\u00e9e \u00e0 Marbella.<\/p>\n\n\n\t<figure class=\"wp-caption aligncenter wp-block-acf-wpimage\">\n\t<picture><source width=\"1140\" height=\"894\" srcset=\"https:\/\/media.panoramamarbella.com\/imgV1\/B95mbh8olwFQm~uCT2wPZMb8hll4wghQQQq6YWg0~c~U_DrmgY8pGP8pqaDzA6mvjyI_OPtcrHD_aKxCvYKIXtlcEtLi4vpvTseukhIqUNEVKuflqn9RJbXS3FWmO7fmtSDKvwZbI8e2SbWQCP34zFeCsUd7FQvAPYZTfaQJDQ1RGkK3bM_vSHrzdqPR8Sjl9KeZEocCZocHE7bf2HH5ZiE_L~s6xEqaGwN7_BBOKE0ZmqKZsXUOQdGYHLNDoUTR~Ddb1kqBejd0jmHS9S8SJekG25tnQoPVljVPXv7yotL3geFtJ2u0t2X9Qf_Gb~uCVZUFdC9~APThKgSb1LeccSRfD9_s3DvdvhyXzFNYrOqvWKA8PqO2qx~5c~3mga131Rh26va5eq8j1_rgnSqIV1rMh5zuzVYCKaSGY5HJa_EsZod~mnQLC~SULURSFgc7dtN91pyeH2JRd5YPYqk_a7XoyVg7BqlzsN2EFzTrv7VnPA--.webp 1140w\" type=\"image\/webp\"><img decoding=\"async\" class=\"img-fluid\" loading=\"lazy\" width=\"1140\" height=\"894\" alt=\"Chris avec un vieil ami, d\u00e9veloppeur pionnier depuis 1960, Leo Shriqui.\" src=\"https:\/\/media.panoramamarbella.com\/imgV1\/B95mbh8olwFQm~uCT2wPZMb8hll4wghQQQq6YWg0~c~U_DrmgY8pGP8pqaDzA6mvjyI_OPtcrHD_aKxCvYKIXtlcEtLi4vpvTseukhIqUNEVKuflqn9RJbXS3FWmO7fmtSDKvwZbI8e2SbWQCP34zFeCsUd7FQvAPYZTfaQJDQ1RGkK3bM_vSHrzdqPR8Sjl9KeZEocCZocHE7bf2HH5Zj~w4WhV44ZXskwQ3jRJF3XS047MmhluufPaZ0BcgprhFaEavYdht8lhKp4YobmVfH2CzcwsW9QqoDUjbtMUJeeC2~e8eBvSQRIh34vHTqOy9k7zQy1OeZHCA65R8I23JcoJjJ8YW8CHyghiApj4_hguLGRJsQuerFK~O2rdia3mDaTX6AOFjfhTLCC8xsIFRGL9veO205e6NxZwCW4KThiSmwwfNomY2AbuiJ5pJqb_rXWal3TXYqfYwJearZOB.webp\"><\/picture>\t\t\t<figcaption class=\"wp-caption-text\">\n\t\tChris avec un vieil ami, d\u00e9veloppeur pionnier depuis 1960, Leo Shriqui\t\t<\/figcaption>\n\t\t\t<\/figure>\n\t\n\n\n<p>Si nous regardons en arri\u00e8re, nous avons eu la chance d\u2019avoir connu, vers la fin des ann\u00e9es soixante-dix, la majorit\u00e9 des personnes influentes de l\u2019\u00e9poque, ainsi que la chance d\u2019avoir connu des centaines de personnes merveilleuses avec lesquelles nous sommes toujours de bons amis \u00e0 l\u2019heure actuelle.<\/p>\n\n\n\n<p>Je suis si reconnaissant d\u2019avoir profit\u00e9 d\u2019un si magnifique d\u00e9but de notre nouvelle vie en Espagne, gr\u00e2ce \u00e0 l\u2019amabilit\u00e9, le soutien et l\u2019amiti\u00e9 que nous avons re\u00e7us durant ces ann\u00e9es.<\/p>\n\n\n\n<p><strong>\u00a9 2025 Panorama Properties S.L.<\/strong> <strong>Publi\u00e9 \u00e0 l\u2019origine en 2012<\/strong><\/p>\n\n\n\n<p><em>Nous remercions le comte Rudi von Sch\u00f6nburg de nous avoir permis de reproduire de nombreuses photos lui appartenant pour cet article, ainsi qu\u2019Antonio Belon Cantos, pour ses conseils concernant l\u2019histoire des d\u00e9buts de Marbella avant notre arriv\u00e9e.<\/em><\/p>\n\n\n\t<figure class=\"wp-caption aligncenter wp-block-acf-wpimage\">\n\t<picture><source width=\"1140\" height=\"759\" srcset=\"https:\/\/media.panoramamarbella.com\/imgV1\/B95mbh8olwFQm~uCT2wPZMb8hll4wghQQQq6YWg0~c~U_DrmgY8pGP8pqaDzA6mvjyI_OPtcrHD_aKxCvYKIXoD_mPqvPHDf6My9Crx4WgdRAwzrF52Ui2QtwXmYEbOfXr8tb94oEIBQBXcPcE2GmfnTh8QQt__YXMI_PjBlnTOisQMWoOQkL8sY_DkgResdXVvxSW5dw44P5rlLopLRcf9DwvFBVjYhATgFZOnw9fF2ayFRuR5TO4~zIK8K6Y8gxN_VS~ym_2LlSr2b61aU3h84Q9erRLHJjLvP8RZA6r5yidDorcqo7zK6VpakxJgs1fPvNWakcdrr9eGn3udQhhEcb7nq3XokizgrW9UpBgmsLrTabryjZTAn0GKkA5a99FxctIpQxQq0TGSLLLm7DRIeFiFihcLIzR_SGsw0GR4XA~PP.webp 1140w\" type=\"image\/webp\"><img decoding=\"async\" class=\"img-fluid\" loading=\"lazy\" width=\"1140\" height=\"759\" alt=\"Katinka, Chris et Alex Clover.\" src=\"https:\/\/media.panoramamarbella.com\/imgV1\/B95mbh8olwFQm~uCT2wPZMb8hll4wghQQQq6YWg0~c~U_DrmgY8pGP8pqaDzA6mvjyI_OPtcrHD_aKxCvYKIXoD_mPqvPHDf6My9Crx4WgdRAwzrF52Ui2QtwXmYEbOfXr8tb94oEIBQBXcPcE2GmfnTmYaBFpvOLfikRIMb4RVF8MUHBtJXwJrnXYNeXh9sKIQep5xdskNRMJUA_0hYH0R7tliNxW_92i00pP1BIqIJuV68egX~POnIu9_LrIRwpmbS0sUQHHcjLGg1bbaxP8qXJW8Il8j20YnOgjJSFXX7rj~Z7TRt3ZbE5olry2jmCYMYbdSCVHFQnxk518MEbA46hZloBIM0x_L4QyXfWZ3tjNc8joG6hUPX~n4U2qol9mx24xUKQT9jvoo3qEXKmDc-.webp\"><\/picture>\t\t\t<figcaption class=\"wp-caption-text\">\n\t\tKatinka, Chris et Alex Clover\t\t<\/figcaption>\n\t\t\t<\/figure>\n\t\n\n<hr class=\"w-75 mt-3 mt-md-5 mb-3 mb-md-6 mx-auto border-2 border-secondary opacity-50\">\n\n\n\n\n<section class=\"links-section py-5 text-primary bg-secondary bg-opacity-10 wp-block-acf-linkssection\">\n\t<div class=\"container\">\n\t\t<h3 class=\"mb-3\">Vous pouvez \u00eatre int\u00e9ress\u00e9 par<\/h3>\t\t\t<div class=\"mb-0\">\n\t\t\t\t<p>En savoir plus sur Panorama \u00e0 Marbella.<\/p>\n\t\t\t<\/div>\n\t\t\t\t\t\t\t<ul class=\"list-unstyled row row-cols-1 row-cols-md-2 row-cols-xl-4 mt-4 mb-0 w-100\">\n\t\t\t\t<li class=\"col\"><a href=\"\/fr\" title=\"Panorama Immobilier \u00e0 Marbella\">Panorama Immobilier \u00e0 Marbella<\/a><\/li><li class=\"col\"><a href=\"https:\/\/www.panoramamarbella.com\/fr\/a-propos\/plus-de-50-ans-a-marbella\" title=\"Panorama f\u00eate ses 50 ans \u00e0 Marbella\">Panorama f\u00eate ses 50 ans \u00e0 Marbella<\/a><\/li><li class=\"col\"><a href=\"https:\/\/www.panoramamarbella.com\/fr\/a-propos\/famille-dediee-immobilier-plus-120-ans\" title=\"Une famille d\u00e9di\u00e9e \u00e0 l'immobilier depuis plus de 120 ans\">Une famille d\u00e9di\u00e9e \u00e0 l&rsquo;immobilier depuis plus de 120 ans<\/a><\/li><li class=\"col\"><a href=\"https:\/\/www.panoramamarbella.com\/fr\/news\/meilleure-agence-immobiliere-en-espagne\" title=\" Panorama reconnue comme la meilleure agence immobili\u00e8re d'Espagne\"> Panorama reconnue comme la meilleure agence immobili\u00e8re d&rsquo;Espagne<\/a><\/li>\t\t\t<\/ul>\n\t\t\t<\/div>\n<\/section>\n\n","protected":false},"excerpt":{"rendered":"","protected":false},"author":8,"featured_media":4766,"parent":5158,"menu_order":6,"comment_status":"closed","ping_status":"closed","template":"","meta":{"_acf_changed":false,"footnotes":""},"class_list":["post-5172","page","type-page","status-publish","has-post-thumbnail","hentry"],"acf":[],"_links":{"self":[{"href":"https:\/\/www.panoramamarbella.com\/fr\/wp-json\/wp\/v2\/pages\/5172","targetHints":{"allow":["GET"]}}],"collection":[{"href":"https:\/\/www.panoramamarbella.com\/fr\/wp-json\/wp\/v2\/pages"}],"about":[{"href":"https:\/\/www.panoramamarbella.com\/fr\/wp-json\/wp\/v2\/types\/page"}],"author":[{"embeddable":true,"href":"https:\/\/www.panoramamarbella.com\/fr\/wp-json\/wp\/v2\/users\/8"}],"replies":[{"embeddable":true,"href":"https:\/\/www.panoramamarbella.com\/fr\/wp-json\/wp\/v2\/comments?post=5172"}],"version-history":[{"count":1,"href":"https:\/\/www.panoramamarbella.com\/fr\/wp-json\/wp\/v2\/pages\/5172\/revisions"}],"predecessor-version":[{"id":42269,"href":"https:\/\/www.panoramamarbella.com\/fr\/wp-json\/wp\/v2\/pages\/5172\/revisions\/42269"}],"up":[{"embeddable":true,"href":"https:\/\/www.panoramamarbella.com\/fr\/wp-json\/wp\/v2\/pages\/5158"}],"wp:featuredmedia":[{"embeddable":true,"href":"https:\/\/www.panoramamarbella.com\/fr\/wp-json\/wp\/v2\/media\/4766"}],"wp:attachment":[{"href":"https:\/\/www.panoramamarbella.com\/fr\/wp-json\/wp\/v2\/media?parent=5172"}],"curies":[{"name":"wp","href":"https:\/\/api.w.org\/{rel}","templated":true}]}}