{"id":2263,"date":"2024-03-25T15:07:13","date_gmt":"2024-03-25T14:07:13","guid":{"rendered":"https:\/\/www.panoramamarbella.com\/?post_type=agents&#038;p=2263"},"modified":"2025-11-18T11:54:43","modified_gmt":"2025-11-18T10:54:43","slug":"alex-clover","status":"publish","type":"agents","link":"https:\/\/www.panoramamarbella.com\/nl\/over-ons\/team\/alex-clover","title":{"rendered":"Alex Clover"},"content":{"rendered":"\n\n<p>Alex Clover, de zoon van Christopher, is geboren in Malaga en bracht het grootste deel van zijn jeugd door in Marbella. Hij woonde meer dan tien jaar in de Verenigde Staten waar hij een Bachelor of Arts in Buitenlandse Zaken behaalde aan de Universiteit van Virginia. Toen hij in de Verenigde Staten woonde, werkte hij in public relations en internetontwikkeling voor een adviesbureau dat diensten verleende aan verschillende Fortune 500 bedrijven, handelsverenigingen voor de chemische, agrarische en financi\u00eble industrie en internationale non-profitorganisaties.<\/p>\n\n\n\n<p>In de Verenigde Staten bedacht en leidde Alex de ontwikkeling van de eerste dynamische tool die het succes van PR-campagnes meet, een product dat uiteindelijk verschillende internationale PR-onderscheidingen won. Vandaag de dag wordt deze methode nog steeds beschouwd als de PR-industriestandaard voor metingen.<\/p>\n\n\n\n<p>Alex keerde terug naar Marbella en kwam in 2001 bij Panorama als lid van de afdeling Listings. In 2009 kwam hij bij het verkoopteam en momenteel is hij Assistant Managing Director.<\/p>\n\n\n\n<p>Alex heeft uitstekende vaardigheden en intu\u00eftie in marketing, die hij combineert met een grondige kennis van Marbella&#8217;s vastgoedsector. Alex&#8217;s bijdrage is van het grootste belang geweest voor Panorama&#8217;s succes om geassocieerd te worden met de meest belangrijke en prestigieuze organisaties en bedrijven in de vastgoedsector, en voor het behalen van een verscheidenheid aan belangrijke prijzen en onderscheidingen. In 2015 ontving Alex de REAS Awards for Excellence voor zijn deelname aan de grootste verkoop van een woning aan de Costa del Sol.<\/p>\n\n\n\n<p>Alex is er trots op dat hij de vierde generatie van de familie Klaver vertegenwoordigt die zich toelegt op de vastgoedsector. Hij spreekt Engels, Spaans en Frans.<\/p>\n\n\n\n\n\n\t\t<section class=\"container wp-block-acf-cardmosaic\">\n\t\t\t<h2 class=\"mb-4\">Artikelen geschreven door Alex<\/h2>\t\t\t<div class=\"card-mosaic row gy-4\">\n\t\t\t\t<div class=\"col-xl-6 col-xxl-8\">\n\t\t\t\t\t<article class=\"card-mosaic-featured position-relative\">\n    <figure class=\"ratio ratio-16x9 mb-0 overflow-hidden\">\n        <picture><source sizes=\"(max-width: 575px) calc(100vw - 24px), (max-width: 767px) 516px, (max-width: 991px) 696px, (max-width: 1199) 936px, (max-width: 1399) 546px, 856px\" width=\"936\" height=\"527\" srcset=\"https:\/\/media.panoramamarbella.com\/imgV1\/B95mbh8olwFQm~uCT2wPZMb8hll4wghQQQq6YWg0~c~U_DrmgY8pGP8pqaDzA6mvjyI_OPtcrHD_aKxAUQW30XRizjscZoeIH8~1k~oFlh1JTdkJ~HvGEX5SPMx~qhWscY7mY9OjyDmEcJaB5jdnyf1HVVUQOAxZbic8ggZbzD7eAIxzZaabCtSz3eEo8cHV6tqLgCBv6PBN.webp 936w,https:\/\/media.panoramamarbella.com\/imgV1\/B95mbh8olwFQm~uCT2wPZMb8hll4wghQQQq6YWg0~c~U_DrmgY8pGP8pqaDzA6mvjyI_OPtcrHD_aKxAUQW30XRizjscZoeIH8~1k~oFlh1JTdkJ~HvGEX5SPMx~qhWscY7mY9OjyU7vOCyqj8ecUxnBN6GyLyeQy3jrXyA4XbjpuVbmbWVIx6PpEVmaXC~Gg_Qfm3HbsP04.webp 856w\" type=\"image\/webp\"><img decoding=\"async\" class=\"position-absolute w-100 h-100 top-0 start-0 object-fit-cover\" loading=\"lazy\" alt=\"duplex-penthouses Moderne open woon- en eetruimte met kamerhoge ramen, terras en panoramisch uitzicht op zee en bergen\" width=\"936\" height=\"527\" src=\"https:\/\/media.panoramamarbella.com\/imgV1\/B95mbh8olwFQm~uCT2wPZMb8hll4wghQQQq6YWg0~c~U_DrmgY8pGP8pqaDzA6mvjyI_OPtcrHD_aKxAUQW30XRizjscZoeIH8~1k~oFlh1JTdkJ~HvGEX5SPMx~qhWscY7mY9OjyDmEcJaB5jdnyf1HVVUQJjo45Re52fuLI6I91KNl~5M-.jpg\"><\/picture>    <\/figure>\n    <div class=\"px-3 py-4 shadow\">\n        <a href=\"https:\/\/www.panoramamarbella.com\/nl\/news\/duplex-penthouses-costa-del-sol\" title=\"5 uitzonderlijke duplex-penthouses aan de Costa del Sol\" class=\"stretched-link\">\n            <strong class=\"card-mosaic-title fs-4 lh-1\">5 uitzonderlijke duplex-penthouses aan de Costa del Sol<\/strong>\n        <\/a>\n        Wij presenteren de 5 meest exclusieve duplex-penthouses van dit moment aan de Costa del Sol, waar ruimte, uitzicht en wonen op het dakterras allesbehalve alledaags zijn.    <\/div>\n<\/article>\t\t\t\t<\/div>\n\t\t\t\t<div class=\"col-xl-6 col-xxl-4 d-flex flex-column gap-4\">\n\t\t\t\t\t<article class=\"card-mosaic-item position-relative d-flex align-items-center flex-nowrap shadow\">\n    <figure class=\"ratio ratio-1x1 mb-0 overflow-hidden\">\n        <picture><source width=\"130\" height=\"130\" srcset=\"https:\/\/media.panoramamarbella.com\/imgV1\/B95mbh8olwFQm~uCT2wPZMb8hll4wghQQQq6YWg0~c~U_DrmgY8pGP8pqaDzA6mvjyI_OPtcrHD_aKxAUQW30SIKPY99N701plP6E2AIsLSyezfpe_zd_9pX5~esbNci33rAAwdFmT7ki~ujGd~NmXxOOuFQYPSg4MhoABf1cq~TlUNiqlgJO_HdKymzy2Cw7o5J_IaQaApAeZIV7cbW_srx~tpHCLEb.webp 130w\" type=\"image\/webp\"><img decoding=\"async\" class=\"position-absolute start-0 top-0 w-100 h-100 object-fit-cover\" loading=\"lazy\" alt=\"Stel bezichtigt luxe villa in Marbella met zwembad en zeezicht tijdens een vastgoedbezoek \u2013 bezichtigingstips voor luxe woningen\" width=\"130\" height=\"130\" src=\"https:\/\/media.panoramamarbella.com\/imgV1\/B95mbh8olwFQm~uCT2wPZMb8hll4wghQQQq6YWg0~c~U_DrmgY8pGP8pqaDzA6mvjyI_OPtcrHD_aKxAUQW30SIKPY99N701plP6E2AIsLSyezfpe_zd_9pX5~esbNci33rAAwdFmT7ki~ujGd~NmXxOOuFQYPSg4MhoABf1cq~TlUNitMYZ~qptAec7FlCCUEMLzUk-.jpg\"><\/picture>    <\/figure>\n\t<p class=\"p-3 mb-0\">\n        <a href=\"https:\/\/www.panoramamarbella.com\/nl\/news\/bezichtigingstips-voor-woningen\" title=\"Bezichtigingstips voor luxe woningen in Marbella\" class=\"stretched-link\">\n            <strong class=\"card-mosaic-title fs-5 lh-1\">Bezichtigingstips voor luxe woningen in Marbella<\/strong>\n        <\/a>\n    <\/p>\n<\/article><article class=\"card-mosaic-item position-relative d-flex align-items-center flex-nowrap shadow\">\n    <figure class=\"ratio ratio-1x1 mb-0 overflow-hidden\">\n        <picture><source width=\"130\" height=\"130\" srcset=\"https:\/\/media.panoramamarbella.com\/imgV1\/B95mbh8olwFQm~uCT2wPZMb8hll4wghQQQq6YWg0~c~U_DrmgY8pGP8pqaDzA6mvjyI_OPtcrHD_aKxAUQW30SIKO5EBsZv5u_JamNxemWz3YhQc4Px1zenswO13d1LJ_9fTRfVJf2V0SHzKO4V81zgimBgWizWxbkmEhcpeTa3ZQbNj2q0wk0CKgbBsU9dPBqlTPM1VB0KgJGoMRA1u~K2dt6PkGAogUi8yusjtGBcDSJB0JICwxNA-.webp 130w\" type=\"image\/webp\"><img decoding=\"async\" class=\"position-absolute start-0 top-0 w-100 h-100 object-fit-cover\" loading=\"lazy\" alt=\"Gelijkvloerse moderne villa met groendak en zwembad omringd door bergen, die de evoluerende vormgeving van Marbella laat zien\" width=\"130\" height=\"130\" src=\"https:\/\/media.panoramamarbella.com\/imgV1\/B95mbh8olwFQm~uCT2wPZMb8hll4wghQQQq6YWg0~c~U_DrmgY8pGP8pqaDzA6mvjyI_OPtcrHD_aKxAUQW30SIKO5EBsZv5u_JamNxemWz3YhQc4Px1zenswO13d1LJ_9fTRfVJf2V0SHzKO4V81zgimBgWizWxbkmEhcpeTa3ZQbNj2q0wk0CKgbBsU9dPBqlTPM1L4QvV43bJ1rRaU0aocq6Zlg--.jpg\"><\/picture>    <\/figure>\n\t<p class=\"p-3 mb-0\">\n        <a href=\"https:\/\/www.panoramamarbella.com\/nl\/news\/woningontwerpen-zich-ontwikkelen\" title=\"Hoe evolueren woningontwerpen in Marbella?\" class=\"stretched-link\">\n            <strong class=\"card-mosaic-title fs-5 lh-1\">Hoe evolueren woningontwerpen in Marbella?<\/strong>\n        <\/a>\n    <\/p>\n<\/article><article class=\"card-mosaic-item position-relative d-flex align-items-center flex-nowrap shadow\">\n    <figure class=\"ratio ratio-1x1 mb-0 overflow-hidden\">\n        <picture><source width=\"130\" height=\"130\" srcset=\"https:\/\/media.panoramamarbella.com\/imgV1\/B95mbh8olwFQm~uCT2wPZMb8hll4wghQQQq6YWg0~c~U_DrmgY8pGP8pqaDzA6mvjyI_OPtcrHD_aKxAUQWwUfr0Iy8e2nfqTx~Nf0Ydy0SvJ4y9uAeRCIMCUXMnzXwitJAbQnHS38S1y25ZIuFkbPIL0IaFOkmUQDZXHVyOIu9_FXMfysr5ZU5Gd693RIztkim10RDYtCA6.webp 130w\" type=\"image\/webp\"><img decoding=\"async\" class=\"position-absolute start-0 top-0 w-100 h-100 object-fit-cover\" loading=\"lazy\" alt=\"Een arts spreekt met een pati\u00ebnt die in een ziekenhuisbed ligt, in een lichte priv\u00e9kamer.\" width=\"130\" height=\"130\" src=\"https:\/\/media.panoramamarbella.com\/imgV1\/B95mbh8olwFQm~uCT2wPZMb8hll4wghQQQq6YWg0~c~U_DrmgY8pGP8pqaDzA6mvjyI_OPtcrHD_aKxAUQWwUfr0Iy8e2nfqTx~Nf0Ydy0SvJ4y9uAeRCIMCUXMnzXwitJAbQnHS38S1y25ZIuFkbPIL0IaFJM6n9hLxvX_gMqZDj_AS8KE-.jpg\"><\/picture>    <\/figure>\n\t<p class=\"p-3 mb-0\">\n        <a href=\"https:\/\/www.panoramamarbella.com\/nl\/news\/publieke-gezondheidszorg-spanje\" title=\"Publieke gezondheidszorg in Spanje: toegang voor buitenlanders\" class=\"stretched-link\">\n            <strong class=\"card-mosaic-title fs-5 lh-1\">Publieke gezondheidszorg in Spanje: toegang voor buitenlanders<\/strong>\n        <\/a>\n    <\/p>\n<\/article>\t\t\t\t\t<a href=\"\/nl\/news\" class=\"btn btn-primary py-3 mt-auto\">Lees alle nieuws &amp; artikelen<\/a>\t\t\t\t<\/div>\n\t\t\t<\/div>\n\t\t<\/section>\n\n\n\t\t<section class=\"container wp-block-acf-inmpropselection\">\n\t\t\t<h2>Aanbevolen eigendommen door Alex<\/h2>\t\t\t<div class=\"row row-cols-1 row-cols-lg-3 gy-5 g-xxl-5\">\n\t\t\t\t\n<article class=\"col card-properties position-relative d-flex flex-column\">\n\t<div id=\"carouselCardProperties-1-0\" class=\"card-properties-images carousel slide carousel-fade lazy\" data-bs-ride=\"carousel\" data-bs-interval=\"200000\" data-id=\"662415\">\n\t\t<div class=\"carousel-inner\">\n\t\t\t<figure class=\"carousel-item mb-0 active ratio ratio-4x3\">\n\t\t\t\t<picture><source sizes=\"(max-width: 575px) calc(100vw - 24px), (max-width: 767px) 516px, (max-width: 991px) 696px, (max-width: 1199px) 296px, (max-width: 1399px) 356px, 400px\" width=\"696\" height=\"522\" srcset=\"https:\/\/media.panoramamarbella.com\/imgV1\/B95mbh8olwFQm~uCUaVOI2kQT0hb0a8sZ9turUNfnwtvuccYCzs0YVPfPbfkc2VnnN1JFDpkYaGfw1gJsS~5hOh7bB4AaYxyzbewv9KqgsHjPfhemXVF~YPbkuXe6sdexseF3q88Qw5oaX2~vMHgRugns4iz_ns0IYhG8TRGjGC~7yx4bM6heAqubHQadkMcSnt3qHliNmWgKFwPPr7BK3buH6HmQ3ncL0EoycNPZFRUFLormGYy9G5hrYuKJ343pmflDN5JsuBheWHakq8X5xxblhNVAEsTEzvnhDN2AAkZqKX4MOZOCl0SN1QNhUt7rNUbJFyqXOwS3pgZODuY7vmbs6RM0os2aQlNVzZl0YpPkCvIW~gZG9XTDBaIKGY8j9O6ccw0vs1yW_Z0Nh808TsgWH9abBXEiNXdZd3b7aPucZ7mJ2G3fQVpaFDs~L4k4tKkB0PpqzhX1LVrX2pI.webp 696w,https:\/\/media.panoramamarbella.com\/imgV1\/B95mbh8olwFQm~uCUaVOI2kQT0hb0a8sZ9turUNfnwtvuccYCzs0YVPfPbfkc2VnnN1JFDpkYaGfw1gJsS~5hOh7bB4AaYxyzbewv9KqgsHjPfhemXVF~YPbkuXe6sdexseF3q88Qw5oaX2~vMHgRugns4iz_ns0IYhG8TRGjvfuQ7QA2nUrw4fHNG7ttRAo~Hc2Ylo3Ga~1O~X4iiqmUFvPaGeHI5Iwo8DYtM3BmkClietWG_fDZg8ZbeSRL8huRIXH~JPm2EqtXzAbdk9PWWOA77tPea7Blp1h5aS_XcCCxS6NwrA8XsBEfc0xVW3DsDKi7z8i30r0G9cU_RXMUK5dQ3ZgMkh0n6VzieZLkyyZhOjx~QeJ1aDzTjRUD1sRwhnrDuIP8C35OcGUnFT97c1eDpChP5V_8AlrOfSuBOjcLkfGBgmExSoTy2qreuvmxATeSEzq9dXsHYOI~Zz4.webp 400w\" type=\"image\/webp\"><img decoding=\"async\" class=\"position-absolute w-100 h-100 object-fit-cover\" alt=\"Adembenemend panoramisch zeezicht in het exclusieve La Quinta \u2013 luxe appartement, instapklaar\" loading=\"lazy\" width=\"696\" height=\"522\" src=\"https:\/\/media.panoramamarbella.com\/imgV1\/B95mbh8olwFQm~uCUaVOI2kQT0hb0a8sZ9turUNfnwtvuccYCzs0YVPfPbfkc2VnnN1JFDpkYaGfw1gJsS~5hOh7bB4AaYxyzbewv9KqgsHjPfhemXVF~YPbkuXe6sdexseF3q88Qw5oaX2~vMHgRugns4iz_ns0IYhG8TRGjGC~7yx4bM6heAqubHQaaIEV8SA9JbY346VQ62WnUlRt5lesJuyJ_pVK1Ay6oBXZQJpbL4ouWq_1JNsCj~ZA_6ME9oZuq7bPcbzp03oY~dmISbOvIsiOIsJFUxeOaFlpEvAC9iZLnZ4G_Yc8DRwBPcLz2HkRA9l4XT0v1TCg1zJEjkt7VEOyquf_yHXqhglq9DOrHSuwWTFIcubRgpUOMRlQyVDcTIZnIs3Am1vR5V7MPouoDJkog7yOi9L9gBDTjlIEv2i_od9ti2FpIEY-.jpg\"><\/picture>\t\t\t<\/figure>\n\t\t\t\t\t\t<span class=\"card-properties-tag position-absolute z-2 top-0 start-0 bg-secondary text-white py-1 px-3 ms-3\">\n\t\t\t\tAanbevolen\t\t\t<\/span>\n\t\t\t\t\t\t<span class=\"card-properties-ref position-absolute z-2 bottom-0 end-0 bg-white text-primary py-1 px-3 me-3\">\n\t\t\t\tPANR-16034\t\t\t<\/span>\n\t\t\t<button class=\"card-properties-portfolio d-flex align-items-center justify-content-center position-absolute z-3 end-0 text-white bg-primary me-3 border-0 px-0\" data-pfl-id=\"662415\" data-pfl-filter=\"sale\" aria-label=\"Add to portfolio\">\n\t\t\t\t<svg width=\"18\" fill=\"currentColor\" viewBox=\"0 0 512 512\">\n\t\t\t\t\t<use href=\"https:\/\/www.panoramamarbella.com\/wp-content\/themes\/panoramamarbella\/dist\/src\/images\/icons.svg#svgHeart\"><\/use>\n\t\t\t\t<\/svg>\n\t\t\t\t<svg width=\"18\" fill=\"currentColor\" viewBox=\"0 0 512 512\">\n\t\t\t\t\t<use href=\"https:\/\/www.panoramamarbella.com\/wp-content\/themes\/panoramamarbella\/dist\/src\/images\/icons.svg#svgHeartIn\"><\/use>\n\t\t\t\t<\/svg>\n\t\t\t<\/button>\n\t\t<\/div>\n\t\t\t\t<button\n\t\t\tclass=\"carousel-control-prev\"\n\t\t\ttype=\"button\"\n\t\t\tdata-bs-target=\"#carouselCardProperties-1-0\"\n\t\t\tdata-bs-slide=\"prev\">\n\t\t\t<span class=\"carousel-control-prev-icon\" aria-hidden=\"true\"><\/span>\n\t\t\t<span class=\"visually-hidden\">Vorige<\/span>\n\t\t<\/button>\n\t\t<button\n\t\t\tclass=\"carousel-control-next\"\n\t\t\ttype=\"button\"\n\t\t\tdata-bs-target=\"#carouselCardProperties-1-0\"\n\t\t\tdata-bs-slide=\"next\">\n\t\t\t<span class=\"carousel-control-next-icon\" aria-hidden=\"true\"><\/span>\n\t\t\t<span class=\"visually-hidden\">Volgende<\/span>\n\t\t<\/button>\n\t\t\t<\/div>\n\t<div class=\"d-flex flex-column h-100 px-3 py-4 shadow\">\n\t\t\t\t<h3 class=\"card-properties-title mb-3\">\n\t\t\t<a class=\"stretched-link\" href=\"\/nl\/eigendom\/benahavis\/la-quinta\/appartementen\/PANR-16034\">\n\t\t\t\tAdembenemend panoramisch zeezicht in het exclusieve La Quinta \u2013 luxe appartement, instapklaar\t\t\t<\/a>\n\t\t<\/h3>\n\t\t<p class=\"mb-3 text-black-dark\">La Quinta, Benahavis<\/p>\n\t\t\t\t\t\t<p class=\"card-properties-description mb-3\">\n\t\t\tWij presenteren een buitengewone residentie in La Quinta die voldoet aan de wensen van de meest veeleisende kopers: een adembenemend 180\u00b0 uitzicht over de Middellandse Zee, van de La Concha berg tot aan Marbella, Puerto&#8230;\t\t<\/p>\n\t\t\t\t<span class=\"card-properties-price mt-auto\">\n\t\t\t\n\t\t\t<span class=\"card-properties-price mt-auto\" data-original-price=\"2150000\">\u20ac\u00a02.150.000<\/span>\n\t\t\t\t<\/span>\n\t\t\t\t<ul class=\"card-properties-features list-unstyled d-flex flex-wrap align-items-center gap-3 pt-3 border-top mt-3 mb-0\">\n\t\t\t<li class=\"d-flex align-items-center\">3 Slaapkamers<\/li><li class=\"d-flex align-items-center\">3 Baden<\/li>\t\t\t\t<li class=\"d-flex align-items-center\">\n\t\t\t\t\t <span class=\"me-1\" data-original-value=\"243\" data-original-unit=\"m&#038;sup2\">243 m&sup2;<\/span>Totaal\t\t\t\t<\/li>\n\t\t\t\t\t\t\t<li class=\"d-flex align-items-center\">\n\t\t\t\t\t <span class=\"me-1\" data-original-value=\"160\" data-original-unit=\"m&#038;sup2\">160 m&sup2;<\/span>Gebouwd\t\t\t\t<\/li>\n\t\t\t\t\t\t\t<li class=\"d-flex align-items-center\">\n\t\t\t\t\t <span class=\"me-1\" data-original-value=\"83\" data-original-unit=\"m&#038;sup2\">83 m&sup2;<\/span>Terrassen\t\t\t\t<\/li>\n\t\t\t\t\t<\/ul>\n\t\t\t<\/div>\n<\/article>\n\n\n<article class=\"col card-properties position-relative d-flex flex-column\">\n\t<div id=\"carouselCardProperties-1-1\" class=\"card-properties-images carousel slide carousel-fade lazy\" data-bs-ride=\"carousel\" data-bs-interval=\"200000\" data-id=\"442953\">\n\t\t<div class=\"carousel-inner\">\n\t\t\t<figure class=\"carousel-item mb-0 active ratio ratio-4x3\">\n\t\t\t\t<picture><source sizes=\"(max-width: 575px) calc(100vw - 24px), (max-width: 767px) 516px, (max-width: 991px) 696px, (max-width: 1199px) 296px, (max-width: 1399px) 356px, 400px\" width=\"696\" height=\"522\" srcset=\"https:\/\/media.panoramamarbella.com\/imgV1\/B95mbh8olwFQm~uCUaVOI2kQT0hb0a8sZ9turUNfnwtvuccYCzs0YVPfPbfkc2VnnN1JFDpkYaGfw1gJsS~5gR9Wfqdt8qykPPIRyc3dnoLPc~azuZk2PrN9fwdyvPEtEa9vRQnWs~An2IuNa4eyROIHrJ55SEdNWcPJhva4H9~O~idDDVAPTAOpPDDMli9PjkWNiti1o~yerzVYCXkJbAFVx5uRlHq7L3v~FQ~Ir6HjIrfMKlW9T6Cth1ODRYm6pLBB0RBqcFb~OaD6Hbii4l~8GhB7PZQCNpDIK3PDknyzfih4ppKVbBl28AiareV5doRX2elbtbxZm1Xm3QGfg158wHUrTC_M_KjMC2slwZ64UNo5sArYqh4dDUHiSMj2pWie~~8oPQVxwOkkPe3xiWOeiPSm655q2wx7Fl0F8cVoOGM9Zu7VaEb7suPE20gmbN0KeU8dym2oKPc9n5Vq.webp 696w,https:\/\/media.panoramamarbella.com\/imgV1\/B95mbh8olwFQm~uCUaVOI2kQT0hb0a8sZ9turUNfnwtvuccYCzs0YVPfPbfkc2VnnN1JFDpkYaGfw1gJsS~5gR9Wfqdt8qykPPIRyc3dnoLPc~azuZk2PrN9fwdyvPEtEa9vRQnWs~An2IuNa4eyROIHrJ55SEdNWcPJhva4HUNcBvUiXqiPqVLbcx7MbnEE5eLYaOCavS_PsHzRJ4LvKxlweAvkdpBBvLxGV_ntcLvJda3McTcytDgklSXTZWCICvoe0B9vXbwdRNOtsf7l~JMpJQlyRGoPcGHslB6eZjrsvGhzFQAEA7Z_mSgwIxph4Pb_MSYk~~gBBkV2cqsHsa0~mq4_rhajxAn7Uvx1QjqFwkA1IPB2Mg822F8Jp~2gEsjDPDGWkF11uDOEvAuROVzzydnuDaxZ3Wzu2aQmRt~tSZKtR5Qf6w7iq8eMet7YEu0qp8rKl2vq06OC6Ukx.webp 400w\" type=\"image\/webp\"><img decoding=\"async\" class=\"position-absolute w-100 h-100 object-fit-cover\" alt=\"Prachtige, zeer priv\u00e9 moderne villa met uitzicht op zee en de bergen aan Roc\u00edo de Nag\u00fceles\" loading=\"lazy\" width=\"696\" height=\"522\" src=\"https:\/\/media.panoramamarbella.com\/imgV1\/B95mbh8olwFQm~uCUaVOI2kQT0hb0a8sZ9turUNfnwtvuccYCzs0YVPfPbfkc2VnnN1JFDpkYaGfw1gJsS~5gR9Wfqdt8qykPPIRyc3dnoLPc~azuZk2PrN9fwdyvPEtEa9vRQnWs~An2IuNa4eyROIHrJ55SEdNWcPJhva4H9~O~idDDVAPTAOpPDDMiHpL64SJfFKnX~fN620SLQff8PPda4A6Zg0ryCTd_rBIrDyL9bGw9K5upC10uKXS577iAXFkmXfyabpnjAxoP0MiH4pXxhDj6hkoaNRjIUOvlYKG~4nd6~efblJmZ7fnQI7V2SctwdfkJtzqcgVijzrN9buTcOKP6wbURQHuN91ThJh0lUHs1pnDn63V5CfxVnnpgZ8UupCN_1uPHFUDdWj0bwUZCu7HmLYracT6qNyicGuNqCDrFX7~APcMIeo-.jpg\"><\/picture>\t\t\t<\/figure>\n\t\t\t\t\t\t<span class=\"card-properties-tag position-absolute z-2 top-0 start-0 bg-secondary text-white py-1 px-3 ms-3\">\n\t\t\t\tAanbevolen\t\t\t<\/span>\n\t\t\t\t\t\t<span class=\"card-properties-ref position-absolute z-2 bottom-0 end-0 bg-white text-primary py-1 px-3 me-3\">\n\t\t\t\tPANR-13789\t\t\t<\/span>\n\t\t\t<button class=\"card-properties-portfolio d-flex align-items-center justify-content-center position-absolute z-3 end-0 text-white bg-primary me-3 border-0 px-0\" data-pfl-id=\"442953\" data-pfl-filter=\"sale\" aria-label=\"Add to portfolio\">\n\t\t\t\t<svg width=\"18\" fill=\"currentColor\" viewBox=\"0 0 512 512\">\n\t\t\t\t\t<use href=\"https:\/\/www.panoramamarbella.com\/wp-content\/themes\/panoramamarbella\/dist\/src\/images\/icons.svg#svgHeart\"><\/use>\n\t\t\t\t<\/svg>\n\t\t\t\t<svg width=\"18\" fill=\"currentColor\" viewBox=\"0 0 512 512\">\n\t\t\t\t\t<use href=\"https:\/\/www.panoramamarbella.com\/wp-content\/themes\/panoramamarbella\/dist\/src\/images\/icons.svg#svgHeartIn\"><\/use>\n\t\t\t\t<\/svg>\n\t\t\t<\/button>\n\t\t<\/div>\n\t\t\t\t<button\n\t\t\tclass=\"carousel-control-prev\"\n\t\t\ttype=\"button\"\n\t\t\tdata-bs-target=\"#carouselCardProperties-1-1\"\n\t\t\tdata-bs-slide=\"prev\">\n\t\t\t<span class=\"carousel-control-prev-icon\" aria-hidden=\"true\"><\/span>\n\t\t\t<span class=\"visually-hidden\">Vorige<\/span>\n\t\t<\/button>\n\t\t<button\n\t\t\tclass=\"carousel-control-next\"\n\t\t\ttype=\"button\"\n\t\t\tdata-bs-target=\"#carouselCardProperties-1-1\"\n\t\t\tdata-bs-slide=\"next\">\n\t\t\t<span class=\"carousel-control-next-icon\" aria-hidden=\"true\"><\/span>\n\t\t\t<span class=\"visually-hidden\">Volgende<\/span>\n\t\t<\/button>\n\t\t\t<\/div>\n\t<div class=\"d-flex flex-column h-100 px-3 py-4 shadow\">\n\t\t\t\t<h3 class=\"card-properties-title mb-3\">\n\t\t\t<a class=\"stretched-link\" href=\"\/nl\/eigendom\/marbella\/marbella-golden-mile\/rocio-de-nagueles\/villas\/PANR-13789\">\n\t\t\t\tPrachtige, zeer priv\u00e9 moderne villa met uitzicht op zee en de bergen aan Roc\u00edo de Nag\u00fceles\t\t\t<\/a>\n\t\t<\/h3>\n\t\t<p class=\"mb-3 text-black-dark\">Rocio de Nag\u00fceles, Marbella Golden Mile<\/p>\n\t\t\t\t\t\t<p class=\"card-properties-description mb-3\">\n\t\t\tModerne villa in Nagueles, een gevestigde gemeenschap vlak naast Sierra Blanca aan de Golden Mile, centraal gelegen en op korte rijafstand van Marbella stad en met uitzicht op zee en de bergen vanaf het entreeniveau&#8230;.\t\t<\/p>\n\t\t\t\t<span class=\"card-properties-price mt-auto\">\n\t\t\t\n\t\t\t<span class=\"card-properties-price mt-auto\" data-original-price=\"4290000\">\u20ac\u00a04.290.000<\/span>\n\t\t\t\t<\/span>\n\t\t\t\t<ul class=\"card-properties-features list-unstyled d-flex flex-wrap align-items-center gap-3 pt-3 border-top mt-3 mb-0\">\n\t\t\t<li class=\"d-flex align-items-center\">5 Slaapkamers<\/li><li class=\"d-flex align-items-center\">5 Baden<\/li>\t\t\t\t<li class=\"d-flex align-items-center\">\n\t\t\t\t\t <span class=\"me-1\" data-original-value=\"604\" data-original-unit=\"m&#038;sup2\">604 m&sup2;<\/span>Totaal\t\t\t\t<\/li>\n\t\t\t\t\t\t\t<li class=\"d-flex align-items-center\">\n\t\t\t\t\t <span class=\"me-1\" data-original-value=\"1533\" data-original-unit=\"m&#038;sup2\">1.533 m&sup2;<\/span>Perceel\t\t\t\t<\/li>\n\t\t\t\t\t\t\t\t<li class=\"d-flex align-items-center\">\n\t\t\t\t\t <span class=\"me-1\" data-original-value=\"409\" data-original-unit=\"m&#038;sup2\">409 m&sup2;<\/span>Gebouwd\t\t\t\t<\/li>\n\t\t\t\t\t\t\t<li class=\"d-flex align-items-center\">\n\t\t\t\t\t <span class=\"me-1\" data-original-value=\"195\" data-original-unit=\"m&#038;sup2\">195 m&sup2;<\/span>Terrassen\t\t\t\t<\/li>\n\t\t\t\t\t<\/ul>\n\t\t\t<\/div>\n<\/article>\n\t\t\t<\/div>\n\t\t\t\t\t<\/section>\n\t\t\n","protected":false},"excerpt":{"rendered":"<p>Een visionair in PR en vastgoed, die het succes van Marbella bevordert.<\/p>\n","protected":false},"template":"","meta":{"_acf_changed":true},"class_list":["post-2263","agents","type-agents","status-publish","hentry"],"acf":[],"_links":{"self":[{"href":"https:\/\/www.panoramamarbella.com\/nl\/wp-json\/wp\/v2\/agents\/2263","targetHints":{"allow":["GET"]}}],"collection":[{"href":"https:\/\/www.panoramamarbella.com\/nl\/wp-json\/wp\/v2\/agents"}],"about":[{"href":"https:\/\/www.panoramamarbella.com\/nl\/wp-json\/wp\/v2\/types\/agents"}],"wp:attachment":[{"href":"https:\/\/www.panoramamarbella.com\/nl\/wp-json\/wp\/v2\/media?parent=2263"}],"curies":[{"name":"wp","href":"https:\/\/api.w.org\/{rel}","templated":true}]}}