{"id":1499,"date":"2024-05-10T13:11:30","date_gmt":"2024-05-10T11:11:30","guid":{"rendered":"https:\/\/www.panoramamarbella.com\/?post_type=areas&#038;p=1499"},"modified":"2025-07-02T12:22:25","modified_gmt":"2025-07-02T10:22:25","slug":"marbella-golden-mile","status":"publish","type":"areas","link":"https:\/\/www.panoramamarbella.com\/nl\/gebieden\/marbella-golden-mile","title":{"rendered":"Marbella Golden Mile: Ontdek de meest gewilde wijk in Marbella"},"content":{"rendered":"\n\n<h2 class=\"wp-block-heading\">De oorsprong van de Marbella Golden Mile<\/h2>\n\n\n<div class=\"lead\"><p>De term &#8220;Marbella Golden Mile&#8221; werd in het begin van de jaren 1980 bedacht door Roy Boston, de Duitse zanger die succesvol projectontwikkelaar werd, die eind jaren 1980 vroegtijdig overleed en naar wie een weg is vernoemd in de buurt van zijn prijswinnende project Alhambra del Mar, aan de rand van Marbella.<\/p>\n<\/div>\n\n\n<ul class=\"table-index list-unstyled p-4 p-lg-5 ms-0 bg-light\"><li class=\"text-uppercase fw-bold mb-3\">Inhoudsopgave<\/li><li><a href=\"#de+oorsprong+van+de+marbella+golden+mile\">\nDe oorsprong van de Marbella Golden Mile\n<\/a><\/li>\n<li><a href=\"#locatie+en+feiten+over+marbella+golden+mile\">\nLocatie en feiten over Marbella Golden Mile\n<\/a><\/li>\n<li><a href=\"#bekende+gebieden+binnen+de+golden+mile\">\nBekende gebieden binnen de Golden Mile\n<\/a><\/li>\n<li><a href=\"#panorama+properties+uw+toegangspoort+tot+marbellas+golden+mile\">\nPanorama Properties: Uw toegangspoort tot Marbella's Golden Mile\n<\/a><\/li><\/ul>\n\n\n\n<h2 class=\"wp-block-heading\">Locatie en feiten over Marbella Golden Mile<\/h2>\n\n\n\n<p>Marbella Golden Mile begint aan de westelijke rand van Marbella City en strekt zich uit over zo&#8217;n 5 kilometer tot aan de R\u00edo Verde, die net voor Puerto Ban\u00fas en Nueva Andaluc\u00eda ligt, en strekt zich uit tot aan de La Concha berg, die Marbella zijn speciale microklimaat geeft.<\/p>\n\n\n\n<h3 class=\"wp-block-heading\">Iconische etablissementen langs de Golden Mile<\/h3>\n\n\n\n<p>Het kreeg zijn naam door de vele prachtige landgoederen en etablissementen in dit gebied, waaronder het Marbella Club Hotel, en de vele herenhuizen aan het strand ernaast, waar de oorsprong van het kwaliteitstoerisme in Marbella begon in 1954; het Puente Romano Hotel; en prachtige landgoederen (urbanisaties) zoals Camojan, Marbella Sierra Blanca, Las Lomas del Marbella Club, het project van de familie Bismarck bekend als de Marbella Hill Club, en Roc\u00edo de Nag\u00fcelles.<\/p>\n\n\n\n<h3 class=\"wp-block-heading\">Beroemde landgoederen en persoonlijkheden<\/h3>\n\n\n\n<p>Individual estates include many of the most magnificent mansions in Marbella, not the least of which are the Palaces of King Fahad and his brother Prince Salman bin Abdel Aziz, and those of many other personalities.<\/p>\n\n\n\t<figure class=\"wp-caption aligncenter wp-block-acf-wpimage\">\n\t<picture><source width=\"700\" height=\"400\" srcset=\"https:\/\/media.panoramamarbella.com\/imgV1\/B95mbh8olwFQm~uCT2wPZMb8hll4wghQQQq6YWg0~c~U_DrmgY8pGP8pqaDzA6mvjyI_OPtcrHD_aKxCvYKLjbWY_x1XFrKLXwMw4yaG~ylxQX7sSV5v52GoOCQbCJRMlyKOZyxwYC_bwcLBC3LJkzKYYJJe6W53ZqrtRpUt9V0MzJsRqfmIb3MAMskYJ~iwQvZrLqvoFiKQ143ku6oKzFWMrpjbiL9AHg--.webp 700w\" type=\"image\/webp\"><img decoding=\"async\" class=\"img-fluid\" loading=\"lazy\" width=\"700\" height=\"400\" alt=\"Panorama-woningen in Marbella Golden Mile\" src=\"https:\/\/media.panoramamarbella.com\/imgV1\/B95mbh8olwFQm~uCT2wPZMb8hll4wghQQQq6YWg0~c~U_DrmgY8pGP8pqaDzA6mvjyI_OPtcrHD_aKxCvYKLjbWY_x1XFrKLXwMw4yaG~ylxQX7sSV5v52GoOCQbCJRMlyKOZyxwYC_bwcLBC3LJkzKYYJJe6W53ZqrtRpUt9V0MzJsRqed4bgWfu_xDwud2fqGU~NOV.jpg\"><\/picture>\t\t\t<figcaption class=\"wp-caption-text\">\n\t\tPanorama-woningen in Marbella Golden Mile\t\t<\/figcaption>\n\t\t\t<\/figure>\n\t\n\n\n<h2 class=\"wp-block-heading\">Bekende gebieden binnen de Golden Mile<\/h2>\n\n\n\t\t<div class=\"row row-cols-1 row-cols-lg-2 gx-5 gy-4 mt-4\">\n\t\t<article class=\"col card-guides\">\n\t<figure class=\"d-flex flex-column align-items-start position-relative\">\n\t\t<picture><source width=\"426\" height=\"567\" srcset=\"https:\/\/media.panoramamarbella.com\/imgV1\/B95mbh8olwFQm~uCT2wPZMb8hll4wghQQQq6YWg0~c~U_DrmgY8pGP8pqaDzA6mvjyI_OPtcrHD_aKxCvYKGVuCGliGL1fj0pNSP34Ef8zG9ZLp6QW11EGNqxh3JBCOmifKxE6F3VPsQ2aPLashnPyzDNnuNSdqfIX431Reu4uy2HBHUwnkS92vcwBL_KMxfjUzGM2hFujU-.webp 426w\" type=\"image\/webp\"><img loading=\"lazy\" decoding=\"async\" class=\"position-absolute w-100 h-100 top-0 start-0 object-fit-cover\" width=\"426\" height=\"567\" src=\"https:\/\/media.panoramamarbella.com\/imgV1\/B95mbh8olwFQm~uCT2wPZMb8hll4wghQQQq6YWg0~c~U_DrmgY8pGP8pqaDzA6mvjyI_OPtcrHD_aKxCvYKGVuCGliGL1fj0pNSP34Ef8zG9ZLp6QW11EGNqxh3JBCOmifKxE6F3VPsQ2aPLashnPyzDNnuTZqnEVhdIoxS3tSI3s5PJSg--.jpg\"><\/picture>\t\t<figcaption class=\"text-white fs-6 fw-semibold shadow py-2 px-4 bottom-0 top-100 mt-n4 ms-0 ms-sm-n2 z-2\">\n\t\t\t<a href=\"https:\/\/www.panoramamarbella.com\/nl\/gebieden\/marbella-golden-mile\/puente-romano\" title=\"Puente Romano: een juweeltje aan de Golden Mile van Marbella\" class=\"stretched-link\">\n\t\t\t\tPuente Romano: een juweeltje aan de Golden Mile van Marbella\t\t\t<\/a>\n\t\t<\/figcaption>\n\t<\/figure>\n<\/article>\n<article class=\"col card-guides\">\n\t<figure class=\"d-flex flex-column align-items-start position-relative\">\n\t\t<picture><source width=\"426\" height=\"567\" srcset=\"https:\/\/media.panoramamarbella.com\/imgV1\/B95mbh8olwFQm~uCT2wPZMb8hll4wghQQQq6YWg0~c~U_DrmgY8pGP8pqaDzA6mvjyI_OPtcrHD_aKxAUQWwUfAixQ~Sd_d5FVd~IpR_YYwvvtNScTNYccqsBqke9ntL3I1YbxMC1FiPQlR5dqT3~njqXJ15jHyLuFVVSR7ZrNQN73KfeOVvGjnOxNaJk3dvdXllCkBvuHXgMaZR6NiGHRv4.webp 426w\" type=\"image\/webp\"><img loading=\"lazy\" decoding=\"async\" class=\"position-absolute w-100 h-100 top-0 start-0 object-fit-cover\" width=\"426\" height=\"567\" src=\"https:\/\/media.panoramamarbella.com\/imgV1\/B95mbh8olwFQm~uCT2wPZMb8hll4wghQQQq6YWg0~c~U_DrmgY8pGP8pqaDzA6mvjyI_OPtcrHD_aKxAUQWwUfAixQ~Sd_d5FVd~IpR_YYwvvtNScTNYccqsBqke9ntL3I1YbxMC1FiPQlR5dqT3~njqXJ15jHyLuFVVSR7Zsp1NuvmbN8avsCPutuEofQg-.jpg\"><\/picture>\t\t<figcaption class=\"text-white fs-6 fw-semibold shadow py-2 px-4 bottom-0 top-100 mt-n4 ms-0 ms-sm-n2 z-2\">\n\t\t\t<a href=\"https:\/\/www.panoramamarbella.com\/nl\/gebieden\/marbella-golden-mile\/las-lomas-del-marbella-club\" title=\"Las Lomas del Marbella Club\" class=\"stretched-link\">\n\t\t\t\tLas Lomas del Marbella Club\t\t\t<\/a>\n\t\t<\/figcaption>\n\t<\/figure>\n<\/article>\n\t<\/div>\n\t\n\n\n<h2 class=\"wp-block-heading\">Panorama Properties: Uw toegangspoort tot Marbella&#8217;s Golden Mile<\/h2>\n\n\n\n<p>Ook gelegen langs de Golden Mile zijn de twee<a href=\"https:\/\/www.panoramamarbella.com\/nl\/over-ons\/panorama-kantoren\"> kantoren van Panorama Properties<\/a>, een in het Hotel Puente Romano en de andere net tegenover het Marbella Club Hotel.<\/p>\n\n\n\n<h3 class=\"wp-block-heading\">Onge\u00ebvenaarde onroerend goed diensten sinds 1970<\/h3>\n\n\n\n<p>Panorama Properties, gevestigd in Marbella sinds 1970 en nu Marbella&#8217;s langst bestaande makelaarskantoor, biedt misschien wel de beste selectie van <a href=\"https:\/\/www.panoramamarbella.com\/nl\/eigendom\/marbella\/marbella-golden-mile\/rijtjeshuizen\">kwaliteitsvolle Marbella herenhuizen<\/a>, <a href=\"https:\/\/www.panoramamarbella.com\/nl\/eigendom\/marbella\/marbella-golden-mile\/villas\">villa&#8217;s<\/a>, <a href=\"https:\/\/www.panoramamarbella.com\/nl\/eigendom\/marbella\/marbella-golden-mile\/appartementen\">appartementen van alle types<\/a> en <a href=\"https:\/\/www.panoramamarbella.com\/nl\/eigendom\/marbella\/marbella-golden-mile\/penthouses\">prachtige penthouses aan de Golden Mile<\/a>, voor prijzen gaande van \u20ac300.000 tot meer dan \u20ac25.000.000.<\/p>\n\n\n\n<p>See below a small selection of villas along Marbella\u2019s Golden Mile. If you prefer, you can see all our properties in the Golden Mile area.<\/p>\n\n\n\n\n\t\t<section class=\"container wp-block-acf-inmpropselection\">\n\t\t\t<h2>Ontdek uw droomhuis aan de Golden Mile<\/h2>\t\t\t<div class=\"row row-cols-1 row-cols-lg-3 gy-5 g-xxl-5\">\n\t\t\t\t\n<article class=\"col card-properties position-relative d-flex flex-column\">\n\t<div id=\"carouselCardProperties-1-0\" class=\"card-properties-images carousel slide carousel-fade lazy\" data-bs-ride=\"carousel\" data-bs-interval=\"200000\" data-id=\"698664\">\n\t\t<div class=\"carousel-inner\">\n\t\t\t<figure class=\"carousel-item mb-0 active ratio ratio-4x3\">\n\t\t\t\t<picture><source sizes=\"(max-width: 575px) calc(100vw - 24px), (max-width: 767px) 516px, (max-width: 991px) 696px, (max-width: 1199px) 296px, (max-width: 1399px) 356px, 400px\" width=\"696\" height=\"522\" srcset=\"https:\/\/media.panoramamarbella.com\/imgV1\/B95mbh8olwFQm~uCUaVOI2kQT0hb0a8sZ9turUNfnwtvuccYCzs0YVPfPbfkc2VnnN1JFDpkYaGfw1gJsS~5hOu8ClA27V6xVP6zyKoKPS1Mn7WRHYZMLWv_YHD73v3wTA8HWCCOpMnXwN2uAr5VSPiSO7karRIMiZTPqCu_dZ5fuWR0YCW6_1pG5Bl~Hp5WroeZ3HQAZ5bJuMGEOv79bl9k214P5Nw2k7gr9ANpozAASAFpx51KqYb~IgRpbC3Nm7LGaJqZPuy9KH5g7qzcuC2cvd8aXgZUiX05nn3MiVFBu3_R0uApWqg0GDDTU7GVpDHN0uiwmWHOPGRGcV19lVB5JeSIN5bWCc0XpEoi3uZ0T3eXN37TL0i518tYi19KAllVsHHd0sbTDHyPO_Nw~4KnnSNcB9zdZy_Falf9Nm2Qd8UylRZPY3Up0552~WYpYFfMu6~cQQhix6~xJmlu.webp 696w,https:\/\/media.panoramamarbella.com\/imgV1\/B95mbh8olwFQm~uCUaVOI2kQT0hb0a8sZ9turUNfnwtvuccYCzs0YVPfPbfkc2VnnN1JFDpkYaGfw1gJsS~5hOu8ClA27V6xVP6zyKoKPS1Mn7WRHYZMLWv_YHD73v3wTA8HWCCOpMnXwN2uAr5VSPiSO7karRIMiZTPqCu_dxsgwbeNJ3yUNRGy~HNlq7dkSM2WX~69OJOJ5Rf_OC19ofiiJFxHjWv2u3u0P4hi6O0xoN_eKF2nSgtPXKVIDb6vkB7sMfUcYSFaA8MkPym_Gpt83~i_ztzET0MbhzNjsKTdK5NbqRNgl5yWC5YxwwmAj1QP7QCWT0mNwDbjKvcT6HKFDihRXrRi~rK1hGgEsn~KGSB8yKC8a2ZAlw1Y0g7iH3vxsT0JHikRupGzmmtHsrKXqc6p8M2~T5e5ifxWDLJfJRqdDdAaQRy8mbVTKnDv_ya2ucuiMT0AMrtAXM~J.webp 400w\" type=\"image\/webp\"><img decoding=\"async\" class=\"position-absolute w-100 h-100 object-fit-cover\" alt=\"Uniek appartement op de begane grond met zeezicht in de Japanse Tuinen van Marina Puente Romano\" loading=\"lazy\" width=\"696\" height=\"522\" src=\"https:\/\/media.panoramamarbella.com\/imgV1\/B95mbh8olwFQm~uCUaVOI2kQT0hb0a8sZ9turUNfnwtvuccYCzs0YVPfPbfkc2VnnN1JFDpkYaGfw1gJsS~5hOu8ClA27V6xVP6zyKoKPS1Mn7WRHYZMLWv_YHD73v3wTA8HWCCOpMnXwN2uAr5VSPiSO7karRIMiZTPqCu_dZ5fuWR0YCW6_1pG5Bl~AOWCKsfURyq35vm55dIauvG9uVaSivcgS4ajblndO75z1CH0f2jKmqCp4xxFvz8SGfsGZsvJDXqx_1ZOdq6C3Ciw5BdH3mBMTlmpWiwr03l4R5h6rIkh70WK8PZkn3TMc7aMyNa5IHcJVNmTEhV8AxRljU0iGmAWvH9H8Jc12IGx0P0jWsreOMhWj1MxEo9KATyoLWCUe5JwyP7SYClFp7YUmD7e40GOUqwrJuzlqrEiOyMmHv7XqSzouqYV54M-.jpg\"><\/picture>\t\t\t<\/figure>\n\t\t\t\t\t\t<span class=\"card-properties-tag position-absolute z-2 top-0 start-0 bg-secondary text-white py-1 px-3 ms-3\">\n\t\t\t\tAanbevolen\t\t\t<\/span>\n\t\t\t\t\t\t<span class=\"card-properties-ref position-absolute z-2 bottom-0 end-0 bg-white text-primary py-1 px-3 me-3\">\n\t\t\t\tPANR-16359\t\t\t<\/span>\n\t\t\t<button class=\"card-properties-portfolio d-flex align-items-center justify-content-center position-absolute z-3 end-0 text-white bg-primary me-3 border-0 px-0\" data-pfl-id=\"698664\" data-pfl-filter=\"sale\" aria-label=\"Add to portfolio\">\n\t\t\t\t<svg width=\"18\" fill=\"currentColor\" viewBox=\"0 0 512 512\">\n\t\t\t\t\t<use href=\"https:\/\/www.panoramamarbella.com\/wp-content\/themes\/panoramamarbella\/dist\/src\/images\/icons.svg#svgHeart\"><\/use>\n\t\t\t\t<\/svg>\n\t\t\t\t<svg width=\"18\" fill=\"currentColor\" viewBox=\"0 0 512 512\">\n\t\t\t\t\t<use href=\"https:\/\/www.panoramamarbella.com\/wp-content\/themes\/panoramamarbella\/dist\/src\/images\/icons.svg#svgHeartIn\"><\/use>\n\t\t\t\t<\/svg>\n\t\t\t<\/button>\n\t\t<\/div>\n\t\t\t\t<button\n\t\t\tclass=\"carousel-control-prev\"\n\t\t\ttype=\"button\"\n\t\t\tdata-bs-target=\"#carouselCardProperties-1-0\"\n\t\t\tdata-bs-slide=\"prev\">\n\t\t\t<span class=\"carousel-control-prev-icon\" aria-hidden=\"true\"><\/span>\n\t\t\t<span class=\"visually-hidden\">Vorige<\/span>\n\t\t<\/button>\n\t\t<button\n\t\t\tclass=\"carousel-control-next\"\n\t\t\ttype=\"button\"\n\t\t\tdata-bs-target=\"#carouselCardProperties-1-0\"\n\t\t\tdata-bs-slide=\"next\">\n\t\t\t<span class=\"carousel-control-next-icon\" aria-hidden=\"true\"><\/span>\n\t\t\t<span class=\"visually-hidden\">Volgende<\/span>\n\t\t<\/button>\n\t\t\t<\/div>\n\t<div class=\"d-flex flex-column h-100 px-3 py-4 shadow\">\n\t\t\t\t<h3 class=\"card-properties-title mb-3\">\n\t\t\t<a class=\"stretched-link\" href=\"\/nl\/eigendom\/marbella\/marbella-golden-mile\/marina-puente-romano\/appartementen\/PANR-16359\">\n\t\t\t\tUniek appartement op de begane grond met zeezicht in de Japanse Tuinen van Marina Puente Romano\t\t\t<\/a>\n\t\t<\/h3>\n\t\t<p class=\"mb-3 text-black-dark\">Marina Puente Romano, Marbella Golden Mile<\/p>\n\t\t\t\t\t\t<p class=\"card-properties-description mb-3\">\n\t\t\tOntdek het toppunt van moeiteloos luxe wonen in dit schitterende, zuidwestelijk geori\u00ebnteerde verhoogde appartement op de begane grond, gelegen in het iconische Puente Romano Beach Resort en Spa \u2014 een van Marbella\u2019s meest prestigieuze en&#8230;\t\t<\/p>\n\t\t\t\t<span class=\"card-properties-price mt-auto\">\n\t\t\t\n\t\t\t<span class=\"card-properties-price mt-auto\" data-original-price=\"4950000\">\u20ac\u00a04.950.000<\/span>\n\t\t\t\t<\/span>\n\t\t\t\t<ul class=\"card-properties-features list-unstyled d-flex flex-wrap align-items-center gap-3 pt-3 border-top mt-3 mb-0\">\n\t\t\t<li class=\"d-flex align-items-center\">3 Slaapkamers<\/li><li class=\"d-flex align-items-center\">3 Baden<\/li>\t\t\t\t<li class=\"d-flex align-items-center\">\n\t\t\t\t\t <span class=\"me-1\" data-original-value=\"180\" data-original-unit=\"m&#038;sup2\">180 m&sup2;<\/span>Totaal\t\t\t\t<\/li>\n\t\t\t\t\t\t\t<li class=\"d-flex align-items-center\">\n\t\t\t\t\t <span class=\"me-1\" data-original-value=\"140\" data-original-unit=\"m&#038;sup2\">140 m&sup2;<\/span>Gebouwd\t\t\t\t<\/li>\n\t\t\t\t\t\t\t<li class=\"d-flex align-items-center\">\n\t\t\t\t\t <span class=\"me-1\" data-original-value=\"40\" data-original-unit=\"m&#038;sup2\">40 m&sup2;<\/span>Terrassen\t\t\t\t<\/li>\n\t\t\t\t\t<\/ul>\n\t\t\t<\/div>\n<\/article>\n\n\n<article class=\"col card-properties position-relative d-flex flex-column\">\n\t<div id=\"carouselCardProperties-1-1\" class=\"card-properties-images carousel slide carousel-fade lazy\" data-bs-ride=\"carousel\" data-bs-interval=\"200000\" data-id=\"693005\">\n\t\t<div class=\"carousel-inner\">\n\t\t\t<figure class=\"carousel-item mb-0 active ratio ratio-4x3\">\n\t\t\t\t<picture><source sizes=\"(max-width: 575px) calc(100vw - 24px), (max-width: 767px) 516px, (max-width: 991px) 696px, (max-width: 1199px) 296px, (max-width: 1399px) 356px, 400px\" width=\"696\" height=\"522\" srcset=\"https:\/\/media.panoramamarbella.com\/imgV1\/B95mbh8olwFQm~uCUaVOI2kQT0hb0a8sZ9turUNfnwtvuccYCzs0YVPfPbfkc2VnnN1JFDpkYaGfw1gJsS~5hOp6Va7l8qiXSigRxLaNuxD6YlUNlb9CuZrq~AQx7pYPCFVPBNpyX378yd_NQq5xkYxdsiQfxKXbyr0ytrL6Q4RI4FVuFoI3gpz_s1htrTYxZufXidr0_DOej0dHrGOWGSDCBuQcoWSih5CzeI32T8Yx~OKmgDSXoJEF8G~TRYIuU_nYqaxc7AtEvGkZy8YMB3MwWR3nT4tXFJb8whYQOb69PFlblwBNb0Q0fFEe41uRSgKnxV67MlooAvX~Kd58_60eF_5hSWx8g~fPUmKz0PAV06ao86uTISAmUe4zd7MyGVHD3TOaDy4Aa6MotadfbBNm2SGYE~JjU3vKI32KVN2WmqsV0BMSOmESmv4Sgn3m9MrVioV17LJu2m9FWFOC.webp 696w,https:\/\/media.panoramamarbella.com\/imgV1\/B95mbh8olwFQm~uCUaVOI2kQT0hb0a8sZ9turUNfnwtvuccYCzs0YVPfPbfkc2VnnN1JFDpkYaGfw1gJsS~5hOp6Va7l8qiXSigRxLaNuxD6YlUNlb9CuZrq~AQx7pYPCFVPBNpyX378yd_NQq5xkYxdsiQfxKXbyr0ytrL6QQ2eHZ3fEkH4dLMi6bnpwUQ0zgRpGhsH5Vh8ibDYM6oOcvfByVrHNQaWEqPTXPdNAisGlNTzMt5sl5t2fwaSDjmrWqkdNDGVwQ0b5cNwirkwt3~Ev~qEV9GyuZ1Gn1yfT~O6gZDC2dX8plIJRCZlf0k4LI_ijBWAMR0YIRXwL~HSt86w9zLnqxIlxR61Nl80HModbRJRviLuSqsDtvvKy2VhtYTAYtVj~5PD~JfhS0LrQD1pCjmVvYzPmodyPyoiKId4m5h9kHaORV7_WDvzEcj8u2WRLhihIISI8wrGplw4.webp 400w\" type=\"image\/webp\"><img decoding=\"async\" class=\"position-absolute w-100 h-100 object-fit-cover\" alt=\"Triplex appartement met priv\u00e9zwembad en zeezicht in Benal\u00fas aan de Golden Mile\" loading=\"lazy\" width=\"696\" height=\"522\" src=\"https:\/\/media.panoramamarbella.com\/imgV1\/B95mbh8olwFQm~uCUaVOI2kQT0hb0a8sZ9turUNfnwtvuccYCzs0YVPfPbfkc2VnnN1JFDpkYaGfw1gJsS~5hOp6Va7l8qiXSigRxLaNuxD6YlUNlb9CuZrq~AQx7pYPCFVPBNpyX378yd_NQq5xkYxdsiQfxKXbyr0ytrL6Q4RI4FVuFoI3gpz_s1hts5WnJWOpQZ4c7tAi72BINNZvISz491l04SlHZf5tQfBP9PpCt5CQSPkrqCd6jsoDQQDz8GXao_8yCVVr83~ZlZ5KVpdWgTm7YVsg6YFCKkbtTat96mlsGHbDXvFeLVU8tW7bLt02ZgppVC9RLQAWpSPdU~WPPLyPAdSP3CZ6issdhoSK32iJJyGCZjPw44vGx9A1oTvwmniLcczJ6IfP0BwhsBcGA~3YDPzEF6jOyTPmGtjQeD2pZztdtyOw6kI-.jpg\"><\/picture>\t\t\t<\/figure>\n\t\t\t\t\t\t<span class=\"card-properties-ref position-absolute z-2 bottom-0 end-0 bg-white text-primary py-1 px-3 me-3\">\n\t\t\t\tPANR-16292\t\t\t<\/span>\n\t\t\t<button class=\"card-properties-portfolio d-flex align-items-center justify-content-center position-absolute z-3 end-0 text-white bg-primary me-3 border-0 px-0\" data-pfl-id=\"693005\" data-pfl-filter=\"sale\" aria-label=\"Add to portfolio\">\n\t\t\t\t<svg width=\"18\" fill=\"currentColor\" viewBox=\"0 0 512 512\">\n\t\t\t\t\t<use href=\"https:\/\/www.panoramamarbella.com\/wp-content\/themes\/panoramamarbella\/dist\/src\/images\/icons.svg#svgHeart\"><\/use>\n\t\t\t\t<\/svg>\n\t\t\t\t<svg width=\"18\" fill=\"currentColor\" viewBox=\"0 0 512 512\">\n\t\t\t\t\t<use href=\"https:\/\/www.panoramamarbella.com\/wp-content\/themes\/panoramamarbella\/dist\/src\/images\/icons.svg#svgHeartIn\"><\/use>\n\t\t\t\t<\/svg>\n\t\t\t<\/button>\n\t\t<\/div>\n\t\t\t\t<button\n\t\t\tclass=\"carousel-control-prev\"\n\t\t\ttype=\"button\"\n\t\t\tdata-bs-target=\"#carouselCardProperties-1-1\"\n\t\t\tdata-bs-slide=\"prev\">\n\t\t\t<span class=\"carousel-control-prev-icon\" aria-hidden=\"true\"><\/span>\n\t\t\t<span class=\"visually-hidden\">Vorige<\/span>\n\t\t<\/button>\n\t\t<button\n\t\t\tclass=\"carousel-control-next\"\n\t\t\ttype=\"button\"\n\t\t\tdata-bs-target=\"#carouselCardProperties-1-1\"\n\t\t\tdata-bs-slide=\"next\">\n\t\t\t<span class=\"carousel-control-next-icon\" aria-hidden=\"true\"><\/span>\n\t\t\t<span class=\"visually-hidden\">Volgende<\/span>\n\t\t<\/button>\n\t\t\t<\/div>\n\t<div class=\"d-flex flex-column h-100 px-3 py-4 shadow\">\n\t\t\t\t<h3 class=\"card-properties-title mb-3\">\n\t\t\t<a class=\"stretched-link\" href=\"\/nl\/eigendom\/marbella\/marbella-golden-mile\/benalus\/appartementen\/PANR-16292\">\n\t\t\t\tTriplex appartement met priv\u00e9zwembad en zeezicht in Benal\u00fas aan de Golden Mile\t\t\t<\/a>\n\t\t<\/h3>\n\t\t<p class=\"mb-3 text-black-dark\">Benal\u00fas, Marbella Golden Mile<\/p>\n\t\t\t\t\t\t<p class=\"card-properties-description mb-3\">\n\t\t\tGelegen aan Marbella\u2019s iconische Golden Mile is Benal\u00fas een exclusieve residenti\u00eble enclave die hedendaagse architecturale elegantie perfect combineert met een uitzonderlijke ligging naast het prestigieuze Puente Romano-gebied. Dit boetiekproject, bestaande uit slechts 28 woningen, biedt&#8230;\t\t<\/p>\n\t\t\t\t<span class=\"card-properties-price mt-auto\">\n\t\t\t\n\t\t\t<span class=\"card-properties-price mt-auto\" data-original-price=\"4450000\">\u20ac\u00a04.450.000<\/span>\n\t\t\t\t<\/span>\n\t\t\t\t<ul class=\"card-properties-features list-unstyled d-flex flex-wrap align-items-center gap-3 pt-3 border-top mt-3 mb-0\">\n\t\t\t<li class=\"d-flex align-items-center\">4 Slaapkamers<\/li><li class=\"d-flex align-items-center\">4 Baden<\/li>\t\t\t\t<li class=\"d-flex align-items-center\">\n\t\t\t\t\t <span class=\"me-1\" data-original-value=\"748\" data-original-unit=\"m&#038;sup2\">748 m&sup2;<\/span>Totaal\t\t\t\t<\/li>\n\t\t\t\t\t\t\t<li class=\"d-flex align-items-center\">\n\t\t\t\t\t <span class=\"me-1\" data-original-value=\"157\" data-original-unit=\"m&#038;sup2\">157 m&sup2;<\/span>Perceel\t\t\t\t<\/li>\n\t\t\t\t\t\t\t\t<li class=\"d-flex align-items-center\">\n\t\t\t\t\t <span class=\"me-1\" data-original-value=\"482\" data-original-unit=\"m&#038;sup2\">482 m&sup2;<\/span>Gebouwd\t\t\t\t<\/li>\n\t\t\t\t\t\t\t<li class=\"d-flex align-items-center\">\n\t\t\t\t\t <span class=\"me-1\" data-original-value=\"266\" data-original-unit=\"m&#038;sup2\">266 m&sup2;<\/span>Terrassen\t\t\t\t<\/li>\n\t\t\t\t\t<\/ul>\n\t\t\t<\/div>\n<\/article>\n\n\n<article class=\"col card-properties position-relative d-flex flex-column\">\n\t<div id=\"carouselCardProperties-1-2\" class=\"card-properties-images carousel slide carousel-fade lazy\" data-bs-ride=\"carousel\" data-bs-interval=\"200000\" data-id=\"692958\">\n\t\t<div class=\"carousel-inner\">\n\t\t\t<figure class=\"carousel-item mb-0 active ratio ratio-4x3\">\n\t\t\t\t<picture><source sizes=\"(max-width: 575px) calc(100vw - 24px), (max-width: 767px) 516px, (max-width: 991px) 696px, (max-width: 1199px) 296px, (max-width: 1399px) 356px, 400px\" width=\"696\" height=\"522\" srcset=\"https:\/\/media.panoramamarbella.com\/imgV1\/B95mbh8olwFQm~uCUaVOI2kQT0hb0a8sZ9turUNfnwtvuccYCzs0YVPfPbfkc2VnnN1JFDpkYaGfw1gJsS~5hOp6VuaarS4VhBdLIeCHKx_KLMjDaJRQqWVGAi9oYjxqEvJfdfls5I8tHxsSl5bJkLfSNxE4Oga209sii9j5i2NyZxYAOk4zTtLqP594I3QCAA_OUObdUzfjOFFvHhkINRrOSjFfIVBUhwzTwfzgtL2YErtgDLgytK_jTMcP2K7TqSXDNqvGEDcVEdwYCGLP6ZeW5o~pCLj7NI4_Cy2rKWV6CQ~yt9WSNdsoy8~3dX5gybAXieg6E47aS0HqqSeORY~sWxfOGCm7xLGqe3Ag3d2xOZnMQaNHpYUGGQMrbFFaJqeA_FOJRg5txEpN_3NW5qd2VZwatBdTl53nmTJbdSLkoGcLcYTj6AzHBk1BlwAY2Gh1GX_LzNqrdhuaynec.webp 696w,https:\/\/media.panoramamarbella.com\/imgV1\/B95mbh8olwFQm~uCUaVOI2kQT0hb0a8sZ9turUNfnwtvuccYCzs0YVPfPbfkc2VnnN1JFDpkYaGfw1gJsS~5hOp6VuaarS4VhBdLIeCHKx_KLMjDaJRQqWVGAi9oYjxqEvJfdfls5I8tHxsSl5bJkLfSNxE4Oga209sii9j5iQux1UUTndNeN7PdpvS9Ggd19HQPgLbUBClwMi~YImzhpGCEpSTW2je3b7c7mp5YA5bRyVamC2vEWGVYDJ6iqXXMb6ZDYoFC5QhUd56JkPe00_0R5ZSwYqfCqU43p~~w88ykAsjplShu91WzRGg4SoW2qod~uhqMhpbDL~rSYfRjZSiqUXb0VodwqYx9dz42b9Jgy4mZf_uvMsj3uq2~jVBna6iTDmNMQCVFJCtUcfcWPCfbqPVoRsSK2QyvicqJHnEE62Egoztn0zTBZ3iD8s0a1unVoM7Y0x629OTZbJfe.webp 400w\" type=\"image\/webp\"><img decoding=\"async\" class=\"position-absolute w-100 h-100 object-fit-cover\" alt=\"Appartement met zeezicht in La Trinidad, in het hart van de Golden Mile, dicht bij alles\" loading=\"lazy\" width=\"696\" height=\"522\" src=\"https:\/\/media.panoramamarbella.com\/imgV1\/B95mbh8olwFQm~uCUaVOI2kQT0hb0a8sZ9turUNfnwtvuccYCzs0YVPfPbfkc2VnnN1JFDpkYaGfw1gJsS~5hOp6VuaarS4VhBdLIeCHKx_KLMjDaJRQqWVGAi9oYjxqEvJfdfls5I8tHxsSl5bJkLfSNxE4Oga209sii9j5i2NyZxYAOk4zTtLqP594PbAoKwR9GBaIhZ037AkJtBA30IUMZ5xenGR2zK60ofe1p6Ca4YzJ6r6R~UdusCfYnhfD3Zp_DX~N6EMnANsmC_xQQIgY8BS_DWxiQCwAzktLmATPNSJIBq8dCjNUJFknbmoFSMq5jUKVSk3GKnRlF1S1_kAhxlpEYRvKpDX_IvecSpDPAYA5RRfJElGFTKB_sZoslfym5dg80_wn8NQlpzAH_lEum2QRPLYcImz3gZOYOT4hLoed08W~vrYZWBo-.jpg\"><\/picture>\t\t\t<\/figure>\n\t\t\t\t\t\t<span class=\"card-properties-ref position-absolute z-2 bottom-0 end-0 bg-white text-primary py-1 px-3 me-3\">\n\t\t\t\tPANR-16291\t\t\t<\/span>\n\t\t\t<button class=\"card-properties-portfolio d-flex align-items-center justify-content-center position-absolute z-3 end-0 text-white bg-primary me-3 border-0 px-0\" data-pfl-id=\"692958\" data-pfl-filter=\"sale\" aria-label=\"Add to portfolio\">\n\t\t\t\t<svg width=\"18\" fill=\"currentColor\" viewBox=\"0 0 512 512\">\n\t\t\t\t\t<use href=\"https:\/\/www.panoramamarbella.com\/wp-content\/themes\/panoramamarbella\/dist\/src\/images\/icons.svg#svgHeart\"><\/use>\n\t\t\t\t<\/svg>\n\t\t\t\t<svg width=\"18\" fill=\"currentColor\" viewBox=\"0 0 512 512\">\n\t\t\t\t\t<use href=\"https:\/\/www.panoramamarbella.com\/wp-content\/themes\/panoramamarbella\/dist\/src\/images\/icons.svg#svgHeartIn\"><\/use>\n\t\t\t\t<\/svg>\n\t\t\t<\/button>\n\t\t<\/div>\n\t\t\t\t<button\n\t\t\tclass=\"carousel-control-prev\"\n\t\t\ttype=\"button\"\n\t\t\tdata-bs-target=\"#carouselCardProperties-1-2\"\n\t\t\tdata-bs-slide=\"prev\">\n\t\t\t<span class=\"carousel-control-prev-icon\" aria-hidden=\"true\"><\/span>\n\t\t\t<span class=\"visually-hidden\">Vorige<\/span>\n\t\t<\/button>\n\t\t<button\n\t\t\tclass=\"carousel-control-next\"\n\t\t\ttype=\"button\"\n\t\t\tdata-bs-target=\"#carouselCardProperties-1-2\"\n\t\t\tdata-bs-slide=\"next\">\n\t\t\t<span class=\"carousel-control-next-icon\" aria-hidden=\"true\"><\/span>\n\t\t\t<span class=\"visually-hidden\">Volgende<\/span>\n\t\t<\/button>\n\t\t\t<\/div>\n\t<div class=\"d-flex flex-column h-100 px-3 py-4 shadow\">\n\t\t\t\t<h3 class=\"card-properties-title mb-3\">\n\t\t\t<a class=\"stretched-link\" href=\"\/nl\/eigendom\/marbella\/marbella-golden-mile\/la-trinidad\/appartementen\/PANR-16291\">\n\t\t\t\tAppartement met zeezicht in La Trinidad, in het hart van de Golden Mile, dicht bij alles\t\t\t<\/a>\n\t\t<\/h3>\n\t\t<p class=\"mb-3 text-black-dark\">La Trinidad, Marbella Golden Mile<\/p>\n\t\t\t\t\t\t<p class=\"card-properties-description mb-3\">\n\t\t\tDit prachtige appartement bevindt zich in een iconische urbanisatie aan de Gouden Mijl van Marbella en biedt een indrukwekkend uitzicht op de Middellandse Zee.\r\n\r\nDe woning geniet van een elegante, moderne en exclusieve omgeving, in een&#8230;\t\t<\/p>\n\t\t\t\t<span class=\"card-properties-price mt-auto\">\n\t\t\t\n\t\t\t<span class=\"card-properties-price mt-auto\" data-original-price=\"2680000\">\u20ac\u00a02.680.000<\/span>\n\t\t\t\t<\/span>\n\t\t\t\t<ul class=\"card-properties-features list-unstyled d-flex flex-wrap align-items-center gap-3 pt-3 border-top mt-3 mb-0\">\n\t\t\t<li class=\"d-flex align-items-center\">2 Slaapkamers<\/li><li class=\"d-flex align-items-center\">2 Baden<\/li>\t\t\t\t<li class=\"d-flex align-items-center\">\n\t\t\t\t\t <span class=\"me-1\" data-original-value=\"235\" data-original-unit=\"m&#038;sup2\">235 m&sup2;<\/span>Totaal\t\t\t\t<\/li>\n\t\t\t\t\t\t\t<li class=\"d-flex align-items-center\">\n\t\t\t\t\t <span class=\"me-1\" data-original-value=\"174\" data-original-unit=\"m&#038;sup2\">174 m&sup2;<\/span>Gebouwd\t\t\t\t<\/li>\n\t\t\t\t\t\t\t<li class=\"d-flex align-items-center\">\n\t\t\t\t\t <span class=\"me-1\" data-original-value=\"61\" data-original-unit=\"m&#038;sup2\">61 m&sup2;<\/span>Terrassen\t\t\t\t<\/li>\n\t\t\t\t\t<\/ul>\n\t\t\t<\/div>\n<\/article>\n\t\t\t<\/div>\n\t\t\t<ul class=\"mw-100 d-flex flex-column flex-lg-row flex-lg-wrap justify-content-center gap-3 list-unstyled mt-5 mb-0\">\n    <li><a class=\"btn btn-primary w-100 px-4 py-2\" href=\"https:\/\/www.panoramamarbella.com\/nl\/eigendom\/marbella\/marbella-golden-mile\">Ontdek uw droomhuis aan de Golden Mile<\/a><\/li><\/ul>\n\t\t<\/section>\n\t\t\n","protected":false},"excerpt":{"rendered":"<p>Verken Marbella Golden Mile, een mediterrane hotspot die luxe, elegantie en kustsfeer combineert.<\/p>\n","protected":false},"author":8,"featured_media":1481,"parent":0,"menu_order":3,"template":"","meta":{"_acf_changed":true},"tags":[91],"class_list":["post-1499","areas","type-areas","status-publish","has-post-thumbnail","hentry","tag-marbella-golden-mile-mainguide-5"],"acf":[],"_links":{"self":[{"href":"https:\/\/www.panoramamarbella.com\/nl\/wp-json\/wp\/v2\/areas\/1499","targetHints":{"allow":["GET"]}}],"collection":[{"href":"https:\/\/www.panoramamarbella.com\/nl\/wp-json\/wp\/v2\/areas"}],"about":[{"href":"https:\/\/www.panoramamarbella.com\/nl\/wp-json\/wp\/v2\/types\/areas"}],"author":[{"embeddable":true,"href":"https:\/\/www.panoramamarbella.com\/nl\/wp-json\/wp\/v2\/users\/8"}],"wp:featuredmedia":[{"embeddable":true,"href":"https:\/\/www.panoramamarbella.com\/nl\/wp-json\/wp\/v2\/media\/1481"}],"wp:attachment":[{"href":"https:\/\/www.panoramamarbella.com\/nl\/wp-json\/wp\/v2\/media?parent=1499"}],"wp:term":[{"taxonomy":"post_tag","embeddable":true,"href":"https:\/\/www.panoramamarbella.com\/nl\/wp-json\/wp\/v2\/tags?post=1499"}],"curies":[{"name":"wp","href":"https:\/\/api.w.org\/{rel}","templated":true}]}}