{"id":43732,"date":"2025-10-01T03:35:15","date_gmt":"2025-10-01T01:35:15","guid":{"rendered":"https:\/\/www.panoramamarbella.com\/over-ons\/accreditations-awards-independence"},"modified":"2026-04-27T13:31:56","modified_gmt":"2026-04-27T11:31:56","slug":"vastgoedmakelaar-in-marbella","status":"publish","type":"page","link":"https:\/\/www.panoramamarbella.com\/nl\/over-ons\/vastgoedmakelaar-in-marbella","title":{"rendered":"Panorama &#8211; RICS-regulering, awards, onafhankelijkheid en baanbrekende primeurs in Marbella sinds 1970"},"content":{"rendered":"\n\n<p><strong>De langst gevestigde vastgoedmakelaar in Marbella<br><\/strong>Sinds 1970 \u00b7 RICS-gereguleerd \u00b7 Onafhankelijk eigendom<\/p>\n\n\n<div class=\"lead\"><p>Panorama is een familievastgoedmakelaar in Marbella, opgericht in 1970 en gereguleerd door de Royal Institution of Chartered Surveyors (RICS). Op deze pagina worden de formele accreditaties van Panorama, internationale en lokale awards, publicaties (zoals onze jaarlijkse marktrapporten) en opvallende primeurs in de sector samengebracht, met een helder en verifieerbaar overzicht van onze referenties.<\/p>\n<\/div>\n\n\n<p>Bij het kiezen van een vastgoedadviseur zoeken cli\u00ebnten doorgaans naar formele regulering en cli\u00ebntbescherming, langetermijnervaring, onafhankelijke besluitvorming, gedisciplineerd leiderschap, bewezen cli\u00ebnttevredenheid en consistente uitvoering in de tijd. Panorama biedt een zeldzame combinatie van al deze kwaliteiten: <strong>RICS-bedrijfsregulering<\/strong> (sinds 2015), <strong>onafhankelijk familiebezit<\/strong> (sinds 1970), leiderschap met <strong>FRICS en AssocRICS<\/strong>, erkende <strong>Europese en lokale awards<\/strong>, uitgebreide geverifieerde <strong>cli\u00ebnttestimonials<\/strong> en offici\u00eble taxaties via geaccrediteerde aanbieders.<\/p>\n\n\n\t<figure class=\"wp-caption aligncenter wp-block-acf-wpimage\">\n\t<picture><source width=\"1170\" height=\"821.7421875\" srcset=\"https:\/\/media.panoramamarbella.com\/imgV1\/B95mbh8olwFQm~uCT2wPZMb8hll4wghQQQq6YWg0~c~U_DrmgY8pGP8pqaDzA6mvjyI_OPtcrHD_aKxDZZC5gTs47j5uekQET4lBG_pt0tYkO3mFLR3BVbDejuxo1UfQu2p~HTW6ntgHiwaG_8Hb8lo9f8Ti3kDAv9UPuGrcme4ufxkXLmGKgFkGZd2Eo1rrEA--.webp 1170w\" type=\"image\/webp\"><img decoding=\"async\" class=\"img-fluid\" loading=\"lazy\" width=\"1280\" height=\"899\" alt=\"Panorama-team\" src=\"https:\/\/media.panoramamarbella.com\/imgV1\/B95mbh8olwFQm~uCT2wPZMb8hll4wghQQQq6YWg0~c~U_DrmgY8pGP8pqaDzA6mvjyI_OPtcrHD_aKxDZZC5gTs47j5uekQET4lBG_pt0tYkO3mFLR3BVbDejuxo1UfQu2p~HTW6ntgHiwaG_9_L24iIC5blfmi8t~Wnkmx6.jpg\"><\/picture>\t\t<\/figure>\n\t\n\n\n<p><strong>Highlights<\/strong><\/p>\n\n\n\n<p>Belangrijkste referenties, erkenningen en marktleiderschap van deze pagina in \u00e9\u00e9n oogopslag:<\/p>\n\n\n\n<ol class=\"wp-block-list\">\n<li><strong>RICS-gereguleerd kantoor<\/strong> (sinds 2015) &#8211; <strong>enige RICS-gereguleerde residenti\u00eble makelaar in Marbella<\/strong> en Zuid-Spanje<\/li>\n\n\n\n<li><strong>De langst gevestigde vastgoedmakelaar in Marbella<\/strong> &#8211; onafgebroken actief in de markt sinds 1970<\/li>\n\n\n\n<li><strong>Langdurige aanwezigheid in het luxesegment<\/strong> &#8211; onafgebroken aanwezigheid in de prime markt sinds 1970<\/li>\n\n\n\n<li><strong>100% onafhankelijk eigendom en exploitatie als familiebedrijf <\/strong>&#8211; geen franchisekosten, quota of belangenconflicten<\/li>\n\n\n\n<li><strong>Het meest spectaculaire vastgoedkantoor van de Costa del Sol <\/strong>&#8211; flagship-locatie in Puente Romano Marbella resort<\/li>\n\n\n\n<li><strong>Associated Agent &#8211; John D. Wood &amp; Co<\/strong>. (sinds juli 2024) &#8211; koppelt luxe vastgoed in Marbella aan de gevestigde specialisten van de Londense prime markt<\/li>\n\n\n\n<li><strong>Meerdere baanbrekende primeurs in Marbella<\/strong>, waaronder inspection flights (1975) en de eerste open house (1982)<\/li>\n\n\n\n<li><strong>Christopher Clover &#8211; RICS Fellowship-kwalificatie (FRICS)<\/strong> op basis van eminentie (2015)<\/li>\n\n\n\n<li><strong>Oprichtend lid van LPA<\/strong> (Leading Property Agents of Spain); Christopher Clover benoemd tot erevoorzitter in 2020<\/li>\n\n\n\n<li><strong>GIPE-lidmaatschap<\/strong> (Gestores Inmobiliarios Profesionales Europeos) van Christopher Clover sinds 1997<\/li>\n\n\n\n<li><strong>CIT Marbella &#8211; award Business Leader of the Year <\/strong>(Christopher Clover), november 2024<\/li>\n\n\n\n<li><strong>European Property Awards<\/strong> &#8211; Best Real Estate Agency Spain gedurende drie opeenvolgende jaren (2019\u20132021)<\/li>\n\n\n\n<li>Meer dan <strong>55 jaar commentaar op de vastgoedmarkt van Marbella<\/strong> door Christopher Clover, met rapporten die breed worden aangehaald in lokale en nationale media<\/li>\n\n\n\n<li><strong>Full-service agency en luxury concierge<\/strong> &#8211; inclusief conforme verhuur, client services, juridische voorbereiding, onafhankelijke advocaten en geaccrediteerde taxaties<\/li>\n\n\n\n<li><strong>Puente Romano Real Estate ge\u00ebxploiteerd door Panorama<\/strong> &#8211; offici\u00eble on-resort agency voor Puente Romano Marbella en Nobu Marbella<\/li>\n\n\n\n<li>Meer dan 100 <strong>geverifieerde testimonials<\/strong> van vermogende cli\u00ebnten in de Golden Mile-kantoren van Panorama<\/li>\n<\/ol>\n\n\n\n<ul class=\"table-index list-unstyled p-4 p-lg-5 ms-0 bg-light\"><li class=\"text-uppercase fw-bold mb-3\">Inhoudsopgave<\/li><li><a href=\"#referenties+en+regulering\">\nReferenties en regulering\n<\/a><\/li>\n<li><a href=\"#onafhankelijk+en+in+lijn+met+de+client+zonder+franchisedruk\">\nOnafhankelijk en in lijn met de cli\u00ebnt (zonder franchisedruk)\n<\/a><\/li>\n<li><a href=\"#fullservice+agency+client+services+verhuur+juridische+ondersteuning+en+taxaties\">\nFull-service agency: client services, verhuur, juridische ondersteuning en taxaties\n<\/a><\/li>\n<li><a href=\"#awards+en+erkenningen+in+omgekeerd+chronologische+volgorde\">\nAwards en erkenningen (in omgekeerd chronologische volgorde)\n<\/a><\/li>\n<li><a href=\"#marktleiderschap+en+luxury+credentials\">\nMarktleiderschap en luxury credentials\n<\/a><\/li>\n<li><a href=\"#thought+leadership+en+publicaties\">\nThought leadership en publicaties\n<\/a><\/li>\n<li><a href=\"#verenigingen+en+beroepsorganisaties+in+chronologische+volgorde\">\nVerenigingen en beroepsorganisaties (in chronologische volgorde)\n<\/a><\/li>\n<li><a href=\"#commerciele+partnerships+in+omgekeerd+chronologische+volgorde\">\nCommerci\u00eble partnerships (in omgekeerd chronologische volgorde)\n<\/a><\/li>\n<li><a href=\"#baanbrekende+mijlpalen+chronologisch\">\nBaanbrekende mijlpalen (chronologisch)\n<\/a><\/li>\n<li><a href=\"#aanwezigheid+en+kantoren\">\nAanwezigheid en kantoren\n<\/a><\/li><\/ul>\n\n\n<hr class=\"w-75 mt-3 mt-md-5 mb-3 mb-md-6 mx-auto border-2 border-secondary opacity-50\">\n\n\n\n\n<h2 class=\"wp-block-heading clearfix mb-6\">Referenties en regulering<\/h2>\n\n\n\t<figure class=\"wp-caption alignright wp-block-acf-wpimage\">\n\t<picture><source width=\"600\" height=\"275\" srcset=\"https:\/\/media.panoramamarbella.com\/imgV1\/B95mbh8olwFQm~uCT2wPZMb8hll4wghQQQq6YWg0~c~U_DrmgY8pGP8pqaDzA6mvjyI_OPtcrHD_aKxDZZC7LjrY91ToWdJaG2qg0NOHTx_1idINyUlVzHTvGbVgi_51jkiQkJXuYsC7GFTkA5EN9s2zVBzix0_2MRJcOMgzq84Z_xKx0_sfebZDXJGm1II9YAqJN9yhFoWVCQ--.png 600w\" type=\"image\/webp\"><img decoding=\"async\" class=\"img-fluid\" loading=\"lazy\" width=\"600\" height=\"275\" alt=\"Panorama gereguleerd door RICS - de enige RICS-gereguleerde residenti\u00eble makelaar met vestiging in Marbella\" src=\"https:\/\/media.panoramamarbella.com\/imgV1\/B95mbh8olwFQm~uCT2wPZMb8hll4wghQQQq6YWg0~c~U_DrmgY8pGP8pqaDzA6mvjyI_OPtcrHD_aKxDZZC7LjrY91ToWdJaG2qg0NOHTx_1idINyUlVzHTvGbVgi_51jkiQkJXuYsC7GFTkA5EN9s2zVBzix0_2MRJcOMgzq84Z_w--.png\"><\/picture>\t\t<\/figure>\n\t\n\n\n<h3 class=\"wp-block-heading\">Panorama is de enige residenti\u00eble makelaar in Marbella die door RICS wordt gereguleerd<\/h3>\n\n\n\n<p>15 mei 2016 \u00b7 Accreditatie \u00b7 Internationaal<br><br>Sinds 2015 wordt Panorama gereguleerd door de prestigieuze Royal Institution of Chartered Surveyors (RICS) en is het de enige RICS-gereguleerde residenti\u00eble makelaar met vestiging in Marbella en aan de Costa del Sol. RICS is de wereldwijde standaardinstantie voor land, vastgoed, bouw en infrastructuur, met meer dan 130.000 leden in meer dan 145 landen. In tegenstelling tot ISO-achtige systemen is RICS-regulering specifiek voor vastgoed: controle op cli\u00ebntgelden, klachtenafhandeling met onafhankelijke geschillenbeslechting, beroepsaansprakelijkheidsverzekering en Rules of Conduct.<br><br>Lees meer: <a href=\"https:\/\/www.panoramamarbella.com\/nl\/news\/agentschap-panorama-gereguleerd-rics\" data-type=\"post\" data-id=\"1018\">Panorama gereguleerd door RICS &#8211; de enige RICS-gereguleerde residenti\u00eble makelaar met vestiging in Marbella<\/a><\/p>\n\n\n\n<p>&nbsp;<\/p>\n\n\n\t<figure class=\"wp-caption alignright wp-block-acf-wpimage\">\n\t<picture><source width=\"600\" height=\"275\" srcset=\"https:\/\/media.panoramamarbella.com\/imgV1\/B95mbh8olwFQm~uCT2wPZMb8hll4wghQQQq6YWg0~c~U_DrmgY8pGP8pqaDzA6mvjyI_OPtcrHD_aKxDZZC7LiJW_ChrG3RqUCPAdwAujhf1rsmN1YVF3of1Ca7IcuLfQ3g2_zgHW9pD~BwbJ5vga1jBLc0360l6qFXgyx6F2v2wclUNuaQL0W0lI2tkSfcuSeYQOYy34dZxdlYtnEywOqE-.webp 600w\" type=\"image\/webp\"><img decoding=\"async\" class=\"img-fluid\" loading=\"lazy\" width=\"600\" height=\"275\" alt=\"Hoe u de RICS-regulering van Panorama kunt verifi\u00ebren\" src=\"https:\/\/media.panoramamarbella.com\/imgV1\/B95mbh8olwFQm~uCT2wPZMb8hll4wghQQQq6YWg0~c~U_DrmgY8pGP8pqaDzA6mvjyI_OPtcrHD_aKxDZZC7LiJW_ChrG3RqUCPAdwAujhf1rsmN1YVF3of1Ca7IcuLfQ3g2_zgHW9pD~BwbJ5vga1jBLc0360l6qFXgyx6bY9uJohVAzan9z0__CgTLaw--.jpg\"><\/picture>\t\t<\/figure>\n\t\n\n\n<h3 class=\"wp-block-heading\">Hoe u de RICS-regulering van Panorama kunt verifi\u00ebren (met bewijs uit het register)<\/h3>\n\n\n\n<p>19 september 2025 \u00b7 Accreditatie \u00b7 Internationaal<br><br>De RICS-status van Panorama kan rechtstreeks in het RICS-register worden gecontroleerd, waar de bedrijfsvermelding en senior members zichtbaar zijn. RICS-regulering brengt erkende normen mee voor cli\u00ebntgelden, klachten en professioneel gedrag, die zorgvuldige transacties in de prime markt van Marbella ondersteunen. Geverifieerd op het moment van publicatie; er wordt toelichting gegeven om de vermeldingen correct te interpreteren.<br><br>Lees meer: <a href=\"https:\/\/www.panoramamarbella.com\/nl\/news\/panoramas-rics-regulering\">Hoe u de RICS-regulering van Panorama kunt verifi\u00ebren<\/a><\/p>\n\n\n\n<p>&nbsp;<\/p>\n\n\n\t<figure class=\"wp-caption alignright wp-block-acf-wpimage\">\n\t<picture><source width=\"600\" height=\"275\" srcset=\"https:\/\/media.panoramamarbella.com\/imgV1\/B95mbh8olwFQm~uCT2wPZMb8hll4wghQQQq6YWg0~c~U_DrmgY8pGP8pqaDzA6mvjyI_OPtcrHD_aKxDZZC7LinT2AkYILLGVnfHlbh9J7L5XQtBmEyAL11UWvnkmbm6AykSHUHCJY87HvDq5r15HwGBfu48TM5q2ZZQTf_FcSPlrGss621uFLJ2TCymq3pS3F5gm2aaqg--.webp 600w\" type=\"image\/webp\"><img decoding=\"async\" class=\"img-fluid\" loading=\"lazy\" width=\"600\" height=\"275\" alt=\"Christopher Clover - Eminent Fellow van de Royal Institution of Chartered Surveyors (FRICS)\" src=\"https:\/\/media.panoramamarbella.com\/imgV1\/B95mbh8olwFQm~uCT2wPZMb8hll4wghQQQq6YWg0~c~U_DrmgY8pGP8pqaDzA6mvjyI_OPtcrHD_aKxDZZC7LinT2AkYILLGVnfHlbh9J7L5XQtBmEyAL11UWvnkmbm6AykSHUHCJY87HvDq5r15HwGBfvAE5fjRHng9EMUJRjquAfr0.jpg\"><\/picture>\t\t<\/figure>\n\t\n\n\n<h3 class=\"wp-block-heading\">Christopher Clover &#8211; Eminent Fellow van de Royal Institution of Chartered Surveyors (FRICS)<\/h3>\n\n\n\n<p>11 augustus 2015 \u00b7 Kwalificatie \u00b7 Internationaal<br><br>In 2015 werd Christopher Clover, Managing Director van Panorama, toegelaten als Fellow van de Royal Institution of Chartered Surveyors (FRICS) &#8211; de hoogste professionele graad van het instituut &#8211; als erkenning voor duurzaam leiderschap, integriteit en bijdrage aan het vak. Het fellowship vult de regulering van Panorama op bedrijfsniveau aan en versterkt een governance-first benadering door de marktcycli heen.<br><br>Lees meer: <a href=\"https:\/\/www.panoramamarbella.com\/nl\/news\/christopher-clover-frics-marbella\">Christopher Clover \u2013 FRICS (lid)<\/a><\/p>\n\n\n\n<p>&nbsp;<\/p>\n\n\n\t<figure class=\"wp-caption alignright wp-block-acf-wpimage\">\n\t<picture><source width=\"600\" height=\"275\" srcset=\"https:\/\/media.panoramamarbella.com\/imgV1\/B95mbh8olwFQm~uCT2wPZMb8hll4wghQQQq6YWg0~c~U_DrmgY8pGP8pqaDzA6mvjyI_OPtcrHD_aKxDZZC7LiteeEhGIUA6isHFK_2cFXw8YqGw3mThRRfwYdh5vK4ODr_4UtcJ3Ith6Ok0W2qqG5Qasu0hiR1noESP_SuPscIGGeKQMnzG.webp 600w\" type=\"image\/webp\"><img decoding=\"async\" class=\"img-fluid\" loading=\"lazy\" width=\"600\" height=\"275\" alt=\"Katinka Clover and Alfonso Mu\u00f1oz AssocRics\" src=\"https:\/\/media.panoramamarbella.com\/imgV1\/B95mbh8olwFQm~uCT2wPZMb8hll4wghQQQq6YWg0~c~U_DrmgY8pGP8pqaDzA6mvjyI_OPtcrHD_aKxDZZC7LiteeEhGIUA6isHFK_2cFXw8YqGw3mThRRfwYdh5vK4ODr_4TGPzq_BXcFEEoshyB3yRi~U-.jpg\"><\/picture>\t\t<\/figure>\n\t\n\n\n<h3 class=\"wp-block-heading\">Katinka Clover and Alfonso Mu\u00f1oz AssocRics<\/h3>\n\n\n\n<p>2022 \u00b7 Kwalificatie \u00b7 Internationaal<br><br>In 2022 behaalden Katinka Clover en Alfonso Mu\u00f1oz de AssocRICS-status, waarmee toegepaste deskundigheid en ethische normen binnen het professionele RICS-kader worden aangetoond. Hun kwalificaties ondersteunen het dagelijkse werk van het kantoor \u2014 waarderingsdiscipline, documentatie en cli\u00ebntzorg \u2014 in lijn met een gereguleerde praktijk voor prime en ultra-prime transacties.<br><br>Lees meer: <a href=\"https:\/\/www.panoramamarbella.com\/nl\/news\/katinka-en-alfonso-worden-assocrics\">AssocRICS \u2014 Katinka Clover &amp; Alfonso Mu\u00f1oz (2022) \u2014 scope, verificatie en client journey<\/a><\/p>\n\n\n\n<p>&nbsp;<\/p>\n\n\n<hr class=\"w-75 mt-3 mt-md-5 mb-3 mb-md-6 mx-auto border-2 border-secondary opacity-50\">\n\n\n\n\n<h2 class=\"wp-block-heading clearfix mb-6\">Onafhankelijk en in lijn met de cli\u00ebnt (zonder franchisedruk)<\/h2>\n\n\n\t<figure class=\"wp-caption alignright wp-block-acf-wpimage\">\n\t<picture><source width=\"600\" height=\"275\" srcset=\"https:\/\/media.panoramamarbella.com\/imgV1\/B95mbh8olwFQm~uCT2wPZMb8hll4wghQQQq6YWg0~c~U_DrmgY8pGP8pqaDzA6mvjyI_OPtcrHD_aKxDZZC7LjrY91ToWdJaG3FfIGqwIPuuuXbvWLqXMmhTXrioDoM1wOCNqcbhmxCC1JWEWL1YcqgGknfxy4qoPf1M~bnAne5p9mUuK7FPY8ArYAsULtcBsdXck2p1Jg--.webp 600w\" type=\"image\/webp\"><img decoding=\"async\" class=\"img-fluid\" loading=\"lazy\" width=\"600\" height=\"275\" alt=\"Het onafhankelijkheidsbeleid van Panorama: een praktijk die in lijn is met de cli\u00ebnt\" src=\"https:\/\/media.panoramamarbella.com\/imgV1\/B95mbh8olwFQm~uCT2wPZMb8hll4wghQQQq6YWg0~c~U_DrmgY8pGP8pqaDzA6mvjyI_OPtcrHD_aKxDZZC7LjrY91ToWdJaG3FfIGqwIPuuuXbvWLqXMmhTXrioDoM1wOCNqcbhmxCC1JWEWL1YcqgGkmmk6L8khsTIGXFVhYZNRKL9.jpg\"><\/picture>\t\t<\/figure>\n\t\n\n\n<h3 class=\"wp-block-heading\">Het onafhankelijkheidsbeleid van Panorama: een praktijk die in lijn is met de cli\u00ebnt (Marbella, sinds 1970)<\/h3>\n\n\n\n<p>Sinds 1970 \u00b7 Governance \u00b7 Marbella<br><br>Sinds 1970 onafhankelijk eigendom in Marbella en 100% familiebezit: Panorama neemt beslissingen lokaal, zonder franchisequota of druk van externe investeerders. Rollen blijven gescheiden, conflicten worden gecontroleerd en bekendgemaakt, en juridische introducties zijn onafhankelijk waarbij cli\u00ebnten zelf hun advocaat aanwijzen. RICS-regulering biedt de formele waarborgen die in volwassen markten worden verwacht.<br><br>Lees meer: <a href=\"https:\/\/www.panoramamarbella.com\/nl\/news\/onafhankelijkheidsbeleid-panorama\" data-type=\"link\" data-id=\"https:\/\/www.panoramamarbella.com\/nl\/news\/onafhankelijkheidsbeleid-panorama\">Het onafhankelijkheidsbeleid van Panorama: een praktijk die in lijn is met de cli\u00ebnt (Marbella, sinds 1970)<\/a><\/p>\n\n\n\n<p>&nbsp;<\/p>\n\n\n<hr class=\"w-75 mt-3 mt-md-5 mb-3 mb-md-6 mx-auto border-2 border-secondary opacity-50\">\n\n\n\n\n<h2 class=\"wp-block-heading clearfix mb-6\">Full-service agency: client services, verhuur, juridische ondersteuning en taxaties<\/h2>\n\n\n\t<figure class=\"wp-caption alignright wp-block-acf-wpimage\">\n\t<picture><source width=\"600\" height=\"275\" srcset=\"https:\/\/media.panoramamarbella.com\/imgV1\/B95mbh8olwFQm~uCT2wPZMb8hll4wghQQQq6YWg0~c~U_DrmgY8pGP8pqaDzA6mvjyI_OPtcrHD_aKxDZZC7LinX7GzJ6f0MsUOqqtDRNgA~kzXq7IpHWLNLjvGTn800Dp38cVytMjsO5KM202nEMHFaNUr8N3LptX~_wcb1IVYVfW0nZ3LYWbCJfQu0.webp 600w\" type=\"image\/webp\"><img decoding=\"async\" class=\"img-fluid\" loading=\"lazy\" width=\"600\" height=\"275\" alt=\"Luxury lifestyle concierge \u2013 uitgebreide after-sales zorg die verder gaat dan het afronden van de transactie\" src=\"https:\/\/media.panoramamarbella.com\/imgV1\/B95mbh8olwFQm~uCT2wPZMb8hll4wghQQQq6YWg0~c~U_DrmgY8pGP8pqaDzA6mvjyI_OPtcrHD_aKxDZZC7LinX7GzJ6f0MsUOqqtDRNgA~kzXq7IpHWLNLjvGTn800Dp38cVytMjsO_uhEQ0~WpRQ9RjTRHMZcvwM-.jpg\"><\/picture>\t\t<\/figure>\n\t\n\n\n<h3 class=\"wp-block-heading\">Luxury lifestyle concierge \u2013 uitgebreide after-sales zorg die verder gaat dan het afronden van de transactie<\/h3>\n\n\n\n<p>2016-heden \u00b7 Service \u00b7 Marbella<br><br>De Client Services-afdeling van Panorama (opgericht in 2016) co\u00f6rdineert after-sales zorg: slotwissels, aansluiting van nutsvoorzieningen en diensten, interieurdecoratie, projecttoezicht, landscaping en beveiliging, en stoffering\/zachte inrichting. Het team kan ook hypotheken co\u00f6rdineren met gerenommeerde kredietverstrekkers\/brokers en internationale valutatransfers regelen via gereguleerde aanbieders om de afronding en de werkzaamheden daarna te stroomlijnen.<br><br>Lees meer: <a href=\"https:\/\/www.panoramamarbella.com\/nl\/klantenservice-projectmanagement\">Client Services \u2013 after-sales zorg, decoratie en projectco\u00f6rdinatie<\/a><\/p>\n\n\n\n<p>&nbsp;<\/p>\n\n\n\t<figure class=\"wp-caption alignright wp-block-acf-wpimage\">\n\t<picture><source width=\"600\" height=\"275\" srcset=\"https:\/\/media.panoramamarbella.com\/imgV1\/B95mbh8olwFQm~uCT2wPZMb8hll4wghQQQq6YWg0~c~U_DrmgY8pGP8pqaDzA6mvjyI_OPtcrHD_aKxDZZC7LjrY91ToWdJaG2qg2T6cNpFczh_VocWrN4kwFCEcAeaazD6E8XremUkpEWRa6WXsuytUxWoRXxHrSN5BlgOK1lsCGfkMfnGhr3mSkD3haA--.webp 600w\" type=\"image\/webp\"><img decoding=\"async\" class=\"img-fluid\" loading=\"lazy\" width=\"600\" height=\"275\" alt=\"Panorama Rentals \u2013 compliance, licenties en procedures voor gasten\" src=\"https:\/\/media.panoramamarbella.com\/imgV1\/B95mbh8olwFQm~uCT2wPZMb8hll4wghQQQq6YWg0~c~U_DrmgY8pGP8pqaDzA6mvjyI_OPtcrHD_aKxDZZC7LjrY91ToWdJaG2qg2T6cNpFczh_VocWrN4kwFCEcAeaazD6E8XremUkpEXrlNZWI6d4h8epxQag1cnS6.jpg\"><\/picture>\t\t<\/figure>\n\t\n\n\n<h3 class=\"wp-block-heading\">Panorama Rentals \u2013 compliance, licenties en procedures voor gasten<\/h3>\n\n\n\n<p>1995-heden \u00b7 Service \u00b7 Marbella<br><br>Verhuur wordt beheerd met praktische compliance: licenties\/registratie waar vereist, identificatie en registratie van gasten, borgsommen en inventarissen, en heldere documentatie in gewone taal. Processen weerspiegelen veranderende lokale vereisten en behouden tegelijk servicenormen voor eigenaars en gasten, met discrete co\u00f6rdinatie door het team en onafhankelijke juridische begeleiding op verzoek.<br><br>Lees meer: <a href=\"https:\/\/www.panoramamarbella.com\/nl\/waarom-verhuren-met-panorama\">Panorama Rentals \u2013 compliance, licenties en procedures voor gasten<\/a><\/p>\n\n\n\n<p>&nbsp;<\/p>\n\n\n\t<figure class=\"wp-caption alignright wp-block-acf-wpimage\">\n\t<picture><source width=\"600\" height=\"275\" srcset=\"https:\/\/media.panoramamarbella.com\/imgV1\/B95mbh8olwFQm~uCT2wPZMb8hll4wghQQQq6YWg0~c~U_DrmgY8pGP8pqaDzA6mvjyI_OPtcrHD_aKxDZZC7LieJ18~WHKrRLUsOUHgYciNVOVR0_8eXg~pyXIwBRKD756kGK7KORr6h4cxQHbW7hgNTta3gljcJZK_lp0bkO2uHwKIi2Xz95gkFCjmQIA--.webp 600w\" type=\"image\/webp\"><img decoding=\"async\" class=\"img-fluid\" loading=\"lazy\" width=\"600\" height=\"275\" alt=\"Onafhankelijke advocaten in Marbella \u2013 hoe Panorama cli\u00ebnten koppelt aan het juiste kantoor\" src=\"https:\/\/media.panoramamarbella.com\/imgV1\/B95mbh8olwFQm~uCT2wPZMb8hll4wghQQQq6YWg0~c~U_DrmgY8pGP8pqaDzA6mvjyI_OPtcrHD_aKxDZZC7LieJ18~WHKrRLUsOUHgYciNVOVR0_8eXg~pyXIwBRKD756kGK7KORr6h4dKuFTDquo9bmBU_IKrF7kJW.jpg\"><\/picture>\t\t<\/figure>\n\t\n\n\n<h3 class=\"wp-block-heading\">Onafhankelijke advocaten in Marbella \u2013 hoe Panorama cli\u00ebnten koppelt aan het juiste kantoor<\/h3>\n\n\n\n<p>Doorlopend \u00b7 Advies \u00b7 Marbella<br><br>Er worden introducties verzorgd naar onafhankelijke, meertalige advocatenkantoren die passen bij de kwestie \u2014 planning, afstemming van m\u00b2, structuren, financiering en afrondingen \u2014, zonder doorverwijzingsbanden of affiliaties met juridisch adviseurs. Cli\u00ebnten kiezen hun advocaat; een zorgvuldige shortlist en discrete liaison worden waar nodig verzorgd om documenten, financiering en notarisdata op elkaar afgestemd te houden.<br><br>Lees meer: <a href=\"https:\/\/www.panoramamarbella.com\/nl\/news\/aanbevolen-advocaten-in-marbella\">Onafhankelijke advocaten in Marbella \u2013 hoe Panorama cli\u00ebnten koppelt aan het juiste kantoor<\/a><\/p>\n\n\n\n<p>&nbsp;<\/p>\n\n\n\t<figure class=\"wp-caption alignright wp-block-acf-wpimage\">\n\t<picture><source width=\"600\" height=\"275\" srcset=\"https:\/\/media.panoramamarbella.com\/imgV1\/B95mbh8olwFQm~uCT2wPZMb8hll4wghQQQq6YWg0~c~U_DrmgY8pGP8pqaDzA6mvjyI_OPtcrHD_aKxDZZC7LjrLWME8njCbF4pTGJvF~PYnFf_oY~DDSgskheyoGyhyNEPsvMMQ1MdBtdcIxKAxYHc87xoujSfezJ_cV5lKwEi3MsIDoZc3wQ7m1XHZax3m.webp 600w\" type=\"image\/webp\"><img decoding=\"async\" class=\"img-fluid\" loading=\"lazy\" width=\"600\" height=\"275\" alt=\"Taxaties \u2013 het regelen van offici\u00eble taxaties en het geven van nauwkeurige waarderingen door het kantoor\" src=\"https:\/\/media.panoramamarbella.com\/imgV1\/B95mbh8olwFQm~uCT2wPZMb8hll4wghQQQq6YWg0~c~U_DrmgY8pGP8pqaDzA6mvjyI_OPtcrHD_aKxDZZC7LjrLWME8njCbF4pTGJvF~PYnFf_oY~DDSgskheyoGyhyNEPsvMMQ1MdBtdcI2mzHmtJot1u2PuzGlN~MwP4-.jpg\"><\/picture>\t\t<\/figure>\n\t\n\n\n<h3 class=\"wp-block-heading\">Taxaties \u2013 het regelen van offici\u00eble taxaties en het geven van nauwkeurige waarderingen door het kantoor<\/h3>\n\n\n\n<p>Doorlopend \u00b7 Service \u00b7 Marbella<br><br>Panorama regelt offici\u00eble taxaties via geaccrediteerde aanbieders wanneer dat nodig is (voor financiering, nalatenschap, boekhouding of fiscale doeleinden) en levert op bewijs gebaseerde waarderingen van het kantoor voor prijsstelling en strategie. Het werk wordt getoetst aan internationale normen en ondersteund door marktvergelijkingen, documentcontrole en lokale kennis, zodat kopers en verkopers zorgvuldige beslissingen kunnen nemen.<br><br>Lees meer: <a href=\"https:\/\/www.panoramamarbella.com\/nl\/verkoop\/marbella-eigendomswaardering\">Taxaties in Marbella \u2013 offici\u00eble taxaties en marktwaarderingen door het kantoor<\/a><\/p>\n\n\n\n<p>&nbsp;<\/p>\n\n\n<hr class=\"w-75 mt-3 mt-md-5 mb-3 mb-md-6 mx-auto border-2 border-secondary opacity-50\">\n\n\n\n\n<h2 class=\"wp-block-heading clearfix mb-6\" id=\"awards\">Awards en erkenningen (in omgekeerd chronologische volgorde)<\/h2>\n\n\n\t<figure class=\"wp-caption alignright wp-block-acf-wpimage\">\n\t<picture><source width=\"600\" height=\"275\" srcset=\"https:\/\/media.panoramamarbella.com\/imgV1\/B95mbh8olwFQm~uCT2wPZMb8hll4wghQQQq6YWg0~c~U_DrmgY8pGP8pqaDzA6mvjyI_OPtcrHD_aKxAUQWx6HfuX4E39QRBL2UGn7gF4ey4Iz4RUnDwxjLNHK3WDhomy~EKzE98uL8_Yvj4LWwZSUQ5~fMdq9~wo7NiCjA~hrbRcommAk5pPWmu_Hk-.webp 600w\" type=\"image\/webp\"><img decoding=\"async\" class=\"img-fluid\" loading=\"lazy\" width=\"600\" height=\"275\" alt=\"Christopher Clover met de Bellevue 23026 Best Property Agents Award\" src=\"https:\/\/media.panoramamarbella.com\/imgV1\/B95mbh8olwFQm~uCT2wPZMb8hll4wghQQQq6YWg0~c~U_DrmgY8pGP8pqaDzA6mvjyI_OPtcrHD_aKxAUQWx6HfuX4E39QRBL2UGn7gF4ey4Iz4RUnDwxjLNHK3WDhomy~EKzE98uL8gHhXsJAOpBtjADwGsqXfIrg--.jpg\"><\/picture>\t\t<\/figure>\n\t\n\n\n<h3 class=\"wp-block-heading\">Bellevue \u2013 Prijs voor Beste Vastgoedmakelaars (2010, 2015-2020, 2026)<\/h3>\n\n\n\n<p>Januari 2026 \u00b7 Award \u00b7 Internationaal<br><br>Panorama genoemd bij Bellevue\u2019s Best Property Agents 2026 \u2014 In januari 2026 werd Panorama opnieuw opgenomen in Bellevue\u2019s lijst van \u201cBest Property Agents\u201d, als weerspiegeling van blijvende excellentie, reputatie en professionaliteit binnen de luxe vastgoedmarkt van Marbella. Deze onderscheiding benadrukt de consistente prestaties van Panorama over meerdere awardperiodes heen en versterkt haar positie binnen een selecte groep toonaangevende Europese kantoren.<br><br>Lees meer: <a href=\"https:\/\/www.panoramamarbella.com\/nl\/news\/panorama-onderscheiden-door-bellevue\" data-type=\"link\" data-id=\"https:\/\/www.panoramamarbella.com\/nl\/news\/panorama-onderscheiden-door-bellevue\">Panorama genoemd bij Bellevue\u2019s 2026 Best Property Agents (jan. 2026)<\/a><\/p>\n\n\n\n<p>&nbsp;<\/p>\n\n\n\t<figure class=\"wp-caption alignright wp-block-acf-wpimage\">\n\t<picture><source width=\"600\" height=\"275\" srcset=\"https:\/\/media.panoramamarbella.com\/imgV1\/B95mbh8olwFQm~uCT2wPZMb8hll4wghQQQq6YWg0~c~U_DrmgY8pGP8pqaDzA6mvjyI_OPtcrHD_aKxAUQWx6HX~hqGy~EbG_YOEqiVcD99LD3uJHIry3mrg1MfWyRzruhnByT96BuDOYV1CiHHrqRU6KIunfLRp5vk0zMIXPzUxFJMTGb6qxHi5BNxj85wCjv96lA--.webp 600w\" type=\"image\/webp\"><img decoding=\"async\" class=\"img-fluid\" loading=\"lazy\" width=\"600\" height=\"275\" alt=\"Christopher Clover: Business Leader of the Year award van CIT in 2024\" src=\"https:\/\/media.panoramamarbella.com\/imgV1\/B95mbh8olwFQm~uCT2wPZMb8hll4wghQQQq6YWg0~c~U_DrmgY8pGP8pqaDzA6mvjyI_OPtcrHD_aKxAUQWx6HX~hqGy~EbG_YOEqiVcD99LD3uJHIry3mrg1MfWyRzruhnByT96BuDOYV1CiHHrqQtl8Ony3fyztNfkytMjAnWi.webp\"><\/picture>\t\t<\/figure>\n\t\n\n\n<h3 class=\"wp-block-heading\">CIT Marbella \u2013 Business Leader of the Year (Christopher Clover, nov. 2024)<\/h3>\n\n\n\n<p>29 november 2024 \u00b7 Award \u00b7 Costa del Sol<br><br>CIT Marbella riep Christopher Clover uit tot Business Leader of the Year en erkende daarmee tientallen jaren van bijdrage aan het zakenleven van de stad en haar vastgoedmarkt. De onderscheiding volgde op een periode van voortdurende investeringen in governance, kantoren en publicaties en onderstreepte stabiel rentmeesterschap in plaats van kortetermijnkoppen.<br><br>Lees meer: <a href=\"https:\/\/www.panoramamarbella.com\/nl\/news\/chris-clover-prijs-cit-marbella\" data-type=\"link\" data-id=\"https:\/\/www.panoramamarbella.com\/nl\/news\/chris-clover-prijs-cit-marbella\">CIT Marbella \u2013 Zakelijk leider van het jaar (Christopher Clover, 29-11-2024)<\/a><\/p>\n\n\n\n<p>&nbsp;<\/p>\n\n\n\t<figure class=\"wp-caption alignright wp-block-acf-wpimage\">\n\t<picture><source width=\"600\" height=\"275\" srcset=\"https:\/\/media.panoramamarbella.com\/imgV1\/B95mbh8olwFQm~uCT2wPZMb8hll4wghQQQq6YWg0~c~U_DrmgY8pGP8pqaDzA6mvjyI_OPtcrHD_aKxDZZC7LjmCBq0s1VRVUAAEcBMfZ5LDYBPUDmsmoGXIaogy45idIrATcCA5aJt6OZOh1XqVbJgEjXZysVl7Khsp1_L3SsC_GUkKyc057LG4CM7xtQz7uwM-.webp 600w\" type=\"image\/webp\"><img decoding=\"async\" class=\"img-fluid\" loading=\"lazy\" width=\"600\" height=\"275\" alt=\"SUR in English \u2013 eerbetoon voor het 40-jarig jubileum (okt. 2024)\" src=\"https:\/\/media.panoramamarbella.com\/imgV1\/B95mbh8olwFQm~uCT2wPZMb8hll4wghQQQq6YWg0~c~U_DrmgY8pGP8pqaDzA6mvjyI_OPtcrHD_aKxDZZC7LjmCBq0s1VRVUAAEcBMfZ5LDYBPUDmsmoGXIaogy45idIrATcCA5aJt6OZOh1XqLpOQ9eUq77SXny7~ElAh65w--.jpg\"><\/picture>\t\t<\/figure>\n\t\n\n\n<h3 class=\"wp-block-heading\">SUR in het Engels \u2013 eerbetoon ter ere van het 40-jarig jubileum (oktober 2024)<\/h3>\n\n\n\n<p>7 oktober 2024 \u00b7 Award \u00b7 Costa del Sol<br><br>Bij het 40-jarig jubileum erkende SUR in English de langdurige inzet van Panorama voor de internationale gemeenschap en de lokale markt. Deze eer weerspiegelt continu\u00efteit in de praktijk sinds 1970 en een stabiele aanwezigheid op de Golden Mile gedurende meerdere marktcycli.<br><br>Lees meer: <a href=\"https:\/\/www.panoramamarbella.com\/nl\/news\/sur-in-english-40ste-verjaardag\">SUR in English \u2013 eerbetoon voor het 40-jarig jubileum (okt. 2024)<\/a><\/p>\n\n\n\n<p>&nbsp;<\/p>\n\n\n\t<figure class=\"wp-caption alignright wp-block-acf-wpimage\">\n\t<picture><source width=\"600\" height=\"275\" srcset=\"https:\/\/media.panoramamarbella.com\/imgV1\/B95mbh8olwFQm~uCT2wPZMb8hll4wghQQQq6YWg0~c~U_DrmgY8pGP8pqaDzA6mvjyI_OPtcrHD_aKxDZZC7LiPXG1C8KWWuLTwMurTOaktfJWoHaJV9ApEMl7plRdPnb6A3wcBfoFn5tDZqPDTQeRPY9Eua4OO4maLg6uHh6ly_JxxH0Tib2kqDaJwbF_gIR28BrLS9RGRTeFNGm5ht.webp 600w\" type=\"image\/webp\"><img decoding=\"async\" class=\"img-fluid\" loading=\"lazy\" width=\"600\" height=\"275\" alt=\"European Property Awards \u2013 Best Real Estate Agency Spain (Single Office), 2019\u20132021\" src=\"https:\/\/media.panoramamarbella.com\/imgV1\/B95mbh8olwFQm~uCT2wPZMb8hll4wghQQQq6YWg0~c~U_DrmgY8pGP8pqaDzA6mvjyI_OPtcrHD_aKxDZZC7LiPXG1C8KWWuLTwMurTOaktfJWoHaJV9ApEMl7plRdPnb6A3wcBfoFn5tDZqPDTQeRPY9Eua4OO4maLg9ISOMXnwOLxwRoq9xYjUPlc-.jpg\"><\/picture>\t\t<\/figure>\n\t\n\n\n<h3 class=\"wp-block-heading\">European Property Awards \u2013 Beste makelaarskantoor Spanje (\u00e9\u00e9n vestiging), 2019 tot en met 2021<\/h3>\n\n\n\n<p>2019, 2020, 2021 \u00b7 Award \u00b7 Internationaal<br><br>Drie opeenvolgende European Property Awards als Best Real Estate Agency Spain (Single Office). Die reeks erkent consistente kwaliteit van service, presentatie en resultaten onder uiteenlopende marktomstandigheden en sluit aan bij Panorama\u2019s governance-first basis en lange aanwezigheid in de prime markt van Marbella.<br><br>Lees meer: <a href=\"https:\/\/www.panoramamarbella.com\/nl\/news\/beste-makelaar-van-spanje\">Panorama erkend als beste makelaar van Spanje<\/a><\/p>\n\n\n\n<p>&nbsp;<\/p>\n\n\n\t<figure class=\"wp-caption alignright wp-block-acf-wpimage\">\n\t<picture><source width=\"600\" height=\"275\" srcset=\"https:\/\/media.panoramamarbella.com\/imgV1\/B95mbh8olwFQm~uCT2wPZMb8hll4wghQQQq6YWg0~c~U_DrmgY8pGP8pqaDzA6mvjyI_OPtcrHD_aKxDZZC7LieJ18~WHKrRLUsaax0dshy3cGpVP7F09pQdKHRQTIlxAOjAX34tBWNUEraCtoIbX2wH4rBkGq9YoIuskgIDjcb4AX6zz7aSuKUE6HtQDRMEe9~atMU2vfxC.webp 600w\" type=\"image\/webp\"><img decoding=\"async\" class=\"img-fluid\" loading=\"lazy\" width=\"600\" height=\"275\" alt=\"Marbella Luxury Awards \u2013 Beste Makelaar (2017)\" src=\"https:\/\/media.panoramamarbella.com\/imgV1\/B95mbh8olwFQm~uCT2wPZMb8hll4wghQQQq6YWg0~c~U_DrmgY8pGP8pqaDzA6mvjyI_OPtcrHD_aKxDZZC7LieJ18~WHKrRLUsaax0dshy3cGpVP7F09pQdKHRQTIlxAOjAX34tBWNUEraCtoIbX2wH4rBkBNRNVq6P9WulHNfVY4hqbaI-.jpg\"><\/picture>\t\t<\/figure>\n\t\n\n\n<h3 class=\"wp-block-heading\">Marbella Luxury Awards \u2013 Beste Makelaar (2017)<\/h3>\n\n\n\n<p>18 november 2017 \u00b7 Awards \u00b7 Marbella<br><br>Panorama ontving de prijs Best Estate Agent bij de Marbella Luxury Awards, gepresenteerd door beroemdheid Dolph Lundgren, als erkenning voor de kwaliteit van de dienstverlening in een periode van hernieuwde marktkracht. Deze erkenning staat naast Europese awards en lokale onderscheidingen die samen consistente normen in presentatie en uitvoering weerspiegelen.<br><br>Lees meer: <a href=\"https:\/\/rocksmag.com\/marbella-awards-2017-2\/\" target=\"_blank\" data-type=\"link\" data-id=\"https:\/\/rocksmag.com\/marbella-awards-2017-2\/\" rel=\"noreferrer noopener nofollow\">Marbella Luxury Awards \u2013 Beste Makelaar (2017)<\/a><\/p>\n\n\n\n<p>&nbsp;<\/p>\n\n\n\t<figure class=\"wp-caption alignright wp-block-acf-wpimage\">\n\t<picture><source width=\"600\" height=\"275\" srcset=\"https:\/\/media.panoramamarbella.com\/imgV1\/B95mbh8olwFQm~uCT2wPZMb8hll4wghQQQq6YWg0~c~U_DrmgY8pGP8pqaDzA6mvjyI_OPtcrHD_aKxDZZC7LjjvI4gYUbul~SKKVhcHQ0mT6UDE3clmyEdEVGOGZgHwrNoMY_9eWHKqhPww4n3xl7USGbOKoO04La7SfVwqtUT74f3jHP2~ZrU-.webp 600w\" type=\"image\/webp\"><img decoding=\"async\" class=\"img-fluid\" loading=\"lazy\" width=\"600\" height=\"275\" alt=\"REAS Lifetime achievement award (2016, Christopher Clover)\" src=\"https:\/\/media.panoramamarbella.com\/imgV1\/B95mbh8olwFQm~uCT2wPZMb8hll4wghQQQq6YWg0~c~U_DrmgY8pGP8pqaDzA6mvjyI_OPtcrHD_aKxDZZC7LjjvI4gYUbul~SKKVhcHQ0mT6UDE3clmyEdEVGOGZgHwrNoMY_9Am1Q6F17vzj5ZqjA~F_MRew--.jpg\"><\/picture>\t\t<\/figure>\n\t\n\n\n<h3 class=\"wp-block-heading\">REAS-prijs voor levenslange prestaties (2016, Christopher Clover)<\/h3>\n\n\n\n<p>2016 \u00b7 Award \u00b7 Costa del Sol<br><br>REAS eerde Christopher Clover met de Lifetime Achievement Award en erkende daarmee een loopbaan die werd gevormd door onafhankelijkheid, waarderingsdiscipline en zorgvuldige uitvoering door meerdere cycli heen. De onderscheiding werd uitgereikt tijdens het REAS-gala in aanwezigheid van burgemeester Jos\u00e9 Bernal Guti\u00e9rrez en erkende een volledig oeuvre in plaats van \u00e9\u00e9n enkel jaar.<br><br>Lees meer: <a href=\"https:\/\/www.panoramamarbella.com\/nl\/news\/reas-jaarlijkse-prijs-uitmuntendheid\" data-type=\"link\" data-id=\"https:\/\/www.panoramamarbella.com\/nl\/news\/reas-jaarlijkse-prijs-uitmuntendheid\">Christopher Clover ontvangt de jaarlijkse prijs voor uitmuntendheid van REAS (2016)<\/a><\/p>\n\n\n\n<p>&nbsp;<\/p>\n\n\n\t<figure class=\"wp-caption alignright wp-block-acf-wpimage\">\n\t<picture><source width=\"600\" height=\"275\" srcset=\"https:\/\/media.panoramamarbella.com\/imgV1\/B95mbh8olwFQm~uCT2wPZMb8hll4wghQQQq6YWg0~c~U_DrmgY8pGP8pqaDzA6mvjyI_OPtcrHD_aKxDZZC7Ligc9qityFhxh6akS7Js7ni1TfZvUdAmxG3Nn1WTBa5dp01jE6_7zyGqGyTw~VjKzJVS_FUJnhqK38TGyqmKR4sXKtt0pHXSLcrGjnA2ufM-.webp 600w\" type=\"image\/webp\"><img decoding=\"async\" class=\"img-fluid\" loading=\"lazy\" width=\"600\" height=\"275\" alt=\"REAS \u2013 Biggest Sale of the Year (2016, Alex Clover)\" src=\"https:\/\/media.panoramamarbella.com\/imgV1\/B95mbh8olwFQm~uCT2wPZMb8hll4wghQQQq6YWg0~c~U_DrmgY8pGP8pqaDzA6mvjyI_OPtcrHD_aKxDZZC7Ligc9qityFhxh6akS7Js7ni1TfZvUdAmxG3Nn1WTBa5dp01jE6_7zyGqGyTuEA5gkWcjnY1NLxQed32xSw--.jpg\"><\/picture>\t\t<\/figure>\n\t\n\n\n<h3 class=\"wp-block-heading\">REAS \u2013 Grootste verkoop van het jaar (2016, Alex Clover)<\/h3>\n\n\n\n<p>2016 \u00b7 Award \u00b7 Costa del Sol<br><br>Toegekend voor de grootste geverifieerde verkoop van 2016 aan de Costa del Sol, na vertrouwelijke inzendingen van REAS-lidkantoren aan onafhankelijke juryleden. De ultra-luxe woning aan de Golden Mile beschikte over een priv\u00e9oprit en panoramisch zeezicht; het resultaat weerspiegelde een gedisciplineerd proces en opvallende samenwerking tussen kantoren.<br><br>Lees meer: <a href=\"https:\/\/www.panoramamarbella.com\/nl\/news\/grootste-verkoop-van-het-jaar-2016\">REAS \u2014 Grootste verkoop van het jaar (2016)<\/a><\/p>\n\n\n\n<p>&nbsp;<\/p>\n\n\n<hr class=\"w-75 mt-3 mt-md-5 mb-3 mb-md-6 mx-auto border-2 border-secondary opacity-50\">\n\n\n\n\n<h2 class=\"wp-block-heading clearfix mb-6\">Marktleiderschap en luxury credentials<\/h2>\n\n\n\t<figure class=\"wp-caption alignright wp-block-acf-wpimage\">\n\t<picture><source width=\"600\" height=\"275\" srcset=\"https:\/\/media.panoramamarbella.com\/imgV1\/B95mbh8olwFQm~uCT2wPZMb8hll4wghQQQq6YWg0~c~U_DrmgY8pGP8pqaDzA6mvjyI_OPtcrHD_aKxDZZC7LjrY91ToWdJaG2yJwGdtpVvO5AFC8_~erz8HLDkW5GPL3GfYwRVq0kG2FyBJHdOz2QGbSZSKZQdfnDkSLYhrNrMhuST6yiy4F9TnsPHJj1J1HzUA.webp 600w\" type=\"image\/webp\"><img decoding=\"async\" class=\"img-fluid\" loading=\"lazy\" width=\"600\" height=\"275\" alt=\"Testimonials van vermogende cli\u00ebnten en markterkenning\" src=\"https:\/\/media.panoramamarbella.com\/imgV1\/B95mbh8olwFQm~uCT2wPZMb8hll4wghQQQq6YWg0~c~U_DrmgY8pGP8pqaDzA6mvjyI_OPtcrHD_aKxDZZC7LjrY91ToWdJaG2yJwGdtpVvO5AFC8_~erz8HLDkW5GPL3GfYwRVq0kG2FyBJHdOzx6s6uxY4U1RW~kTTHKLtgv4-.jpg\"><\/picture>\t\t<\/figure>\n\t\n\n\n<h3 class=\"wp-block-heading\">Testimonials van vermogende cli\u00ebnten en markterkenning<\/h3>\n\n\n\n<p>Doorlopend \u00b7 Social proof \u00b7 Internationaal<br><br>Testimonials van vermogende cli\u00ebnten en publieke figuren uit heel Europa en daarbuiten, verzameld over tientallen jaren transacties op de Golden Mile en aangrenzende prime gebieden. De opmerkingen wijzen consequent op zorgvuldige voorbereiding, discrete afhandeling en stabiele uitvoering tot aan de afronding. Openbare reviewsignalen zijn opgenomen voor extra context, zonder promotionele glans.<br><br>Lees meer: <a href=\"https:\/\/www.panoramamarbella.com\/nl\/over-ons\/testimonials\" data-type=\"link\" data-id=\"https:\/\/www.panoramamarbella.com\/nl\/over-ons\/testimonials\">Testimonials van vermogende cli\u00ebnten en markterkenning<\/a><\/p>\n\n\n\n<p>&nbsp;<\/p>\n\n\n<hr class=\"w-75 mt-3 mt-md-5 mb-3 mb-md-6 mx-auto border-2 border-secondary opacity-50\">\n\n\n\n\n<h2 class=\"wp-block-heading clearfix mb-6\">Thought leadership en publicaties<\/h2>\n\n\n\t<figure class=\"wp-caption alignright wp-block-acf-wpimage\">\n\t<picture><source width=\"600\" height=\"275\" srcset=\"https:\/\/media.panoramamarbella.com\/imgV1\/B95mbh8olwFQm~uCT2wPZMb8hll4wghQQQq6YWg0~c~U_DrmgY8pGP8pqaDzA6mvjyI_OPtcrHD_aKxDZZG5_xUYN6JuCAfIlJZkDAjbVHzRFY3qsOU8MwWoNBaHaX7dkfrBeBJAIRoqwNu4kGwCEk0VEO3AWDcsRiJAc9b2LL0tYx4M9bmzY2CRUrurlnfaApubm78~wDajNytWoQ--.webp 600w\" type=\"image\/webp\"><img decoding=\"async\" class=\"img-fluid\" loading=\"lazy\" width=\"600\" height=\"275\" alt=\"Testimonials van vermogende cli\u00ebnten en markterkenning\" src=\"https:\/\/media.panoramamarbella.com\/imgV1\/B95mbh8olwFQm~uCT2wPZMb8hll4wghQQQq6YWg0~c~U_DrmgY8pGP8pqaDzA6mvjyI_OPtcrHD_aKxDZZG5_xUYN6JuCAfIlJZkDAjbVHzRFY3qsOU8MwWoNBaHaX7dkfrBeBJAIRoqwNu4kGwCEk0VEO3AWDcsRjxJ6jBekQMHj28MDPICtGph.jpg\"><\/picture>\t\t<\/figure>\n\t\n\n\n<h3 class=\"wp-block-heading\">Marbella Property Market Report \u2013 index en laatste editie (update)<\/h3>\n\n\n\n<p>Doorlopend \u00b7 Publicatie \u00b7 Marbella\/Costa del Sol<br><br>Sinds 2009 publiceert Christopher Clover uitgebreide jaarlijkse Marbella Property Market Reports, voortbouwend op meer dan 55 jaar ervaring in marktanalyse. De rapporten vatten prijsdynamiek, vraagpatronen en de regulatoire context samen in een afgewogen verhaal dat wordt gebruikt door kopers, verkopers en professionals. Deze rapporten worden het meest aangehaald door lokale en nationale media als gezaghebbende analyse van de markt in Marbella. De index linkt naar de laatste editie en een gedeeltelijk archief.<br><br>Lees meer: <a href=\"https:\/\/www.panoramamarbella.com\/nl\/verslag-vastgoedmarkt-marbella\">Marbella Property Market Report \u2013 index en laatste editie (update)<\/a><\/p>\n\n\n\n<p>&nbsp;<\/p>\n\n\n\t<figure class=\"wp-caption alignright wp-block-acf-wpimage\">\n\t<picture><source width=\"600\" height=\"275\" srcset=\"https:\/\/media.panoramamarbella.com\/imgV1\/B95mbh8olwFQm~uCT2wPZMb8hll4wghQQQq6YWg0~c~U_DrmgY8pGP8pqaDzA6mvjyI_OPtcrHD_aKxDZZC7LieJwq~QXWQmVZeRBkBf3oZpEMFcEnK0tvK3D0SkPaXH8J6vfJavFMWghJWN7JUupzLmYKE6c4Zdzx1TAyvPHey_cmuuk3E-.webp 600w\" type=\"image\/webp\"><img decoding=\"async\" class=\"img-fluid\" loading=\"lazy\" width=\"600\" height=\"275\" alt=\"Marbella Property Magazine - laatste nummer en archief\" src=\"https:\/\/media.panoramamarbella.com\/imgV1\/B95mbh8olwFQm~uCT2wPZMb8hll4wghQQQq6YWg0~c~U_DrmgY8pGP8pqaDzA6mvjyI_OPtcrHD_aKxDZZC7LieJwq~QXWQmVZeRBkBf3oZpEMFcEnK0tvK3D0SkPaXH8J6x_Ca3onWu75hwGveEwxeYUw--.jpg\"><\/picture>\t\t<\/figure>\n\t\n\n\n<h3 class=\"wp-block-heading\">Marbella Property Magazine &#8211; laatste nummer en archief<\/h3>\n\n\n\n<p>2002-heden \u00b7 Publicatie \u00b7 Marbella<br><br>Marbella Property Magazine wordt sinds 2002 gepubliceerd en biedt een afgewogen verslag van woonwijken, regulering, markttrends en prijscontext. Volledig intern geschreven en geredigeerd, met een oplage van meer dan 25.000 exemplaren, is het waarschijnlijk het vastgoedmagazine met de grootste oplage in de regio Marbella. De laatste editie staat voor de duidelijkheid op onze website; de meeste eerdere nummers zijn ter referentie beschikbaar op Issuu (de vroegste edities staan niet online). Het archief biedt een doorlopend beeld van de praktijk door de verschillende marktcycli heen.<br><br>Lees meer: <a href=\"https:\/\/www.panoramamarbella.com\/nl\/het-marbella-eigendomsmagazine\" data-type=\"link\" data-id=\"https:\/\/www.panoramamarbella.com\/nl\/het-marbella-eigendomsmagazine\">Marbella Property Magazine &#8211; laatste nummer en archief<\/a><\/p>\n\n\n\n<p>&nbsp;<\/p>\n\n\n\t<figure class=\"wp-caption alignright wp-block-acf-wpimage\">\n\t<picture><source width=\"600\" height=\"275\" srcset=\"https:\/\/media.panoramamarbella.com\/imgV1\/B95mbh8olwFQm~uCT2wPZMb8hll4wghQQQq6YWg0~c~U_DrmgY8pGP8pqaDzA6mvjyI_OPtcrHD_aKxDZZC7LjrMbEMVh9Bozsw85brqVr85d3tfIdmXzEZTz_RlNm0O3dzfTloMmSxqFUDAAZaBwpu8YVE3EDq_NRJuEHsS~pQS3vJLjZUX58W5O14LGU6yn4dAtA--.webp 600w\" type=\"image\/webp\"><img decoding=\"async\" class=\"img-fluid\" loading=\"lazy\" width=\"600\" height=\"275\" alt=\"Puente Romano Real Estate Magazine\" src=\"https:\/\/media.panoramamarbella.com\/imgV1\/B95mbh8olwFQm~uCT2wPZMb8hll4wghQQQq6YWg0~c~U_DrmgY8pGP8pqaDzA6mvjyI_OPtcrHD_aKxDZZC7LjrMbEMVh9Bozsw85brqVr85d3tfIdmXzEZTz_RlNm0O3dzfTloMmSxqFUDAAZaBwoXiHCA_vm4FDpsK27eOo8qi.jpg\"><\/picture>\t\t<\/figure>\n\t\n\n\n<h3 class=\"wp-block-heading\">Puente Romano Real Estate magazine: exclusieve distributie in het resort<\/h3>\n\n\n\n<p>2020-heden \u00b7 Publicatie \u00b7 Marbella<br><br>Sinds 2020 beheert en distribueert Panorama het Puente Romano Real Estate magazine voor het offici\u00eble agentschap van het resort. Het is het enige magazine dat in het hele resort wordt verspreid en in elke hotelkamer wordt geplaatst, met directe reikwijdte onder vermogende gasten.<br><br>Lees meer: <a href=\"https:\/\/www.puenteromanorealestate.com\/about-us\/magazine\" target=\"_blank\" data-type=\"link\" data-id=\"https:\/\/www.puenteromanorealestate.com\/about-us\/magazine\" rel=\"noreferrer noopener nofollow\">Puente Romano Real Estate magazine: distributie in het resort<\/a><\/p>\n\n\n\n<p>&nbsp;<\/p>\n\n\n\t<figure class=\"wp-caption alignright wp-block-acf-wpimage\">\n\t<picture><source width=\"600\" height=\"275\" srcset=\"https:\/\/media.panoramamarbella.com\/imgV1\/B95mbh8olwFQm~uCT2wPZMb8hll4wghQQQq6YWg0~c~U_DrmgY8pGP8pqaDzA6mvjyI_OPtcrHD_aKxDZZC7LigA21Gq2OAmacLYiJjE9O13ahvO0s5CEkRp96lUjZ4e8KcExYzpoFZ1w95psJPVDfnP2s~0Cz0upDY1qUf0VzuDiCNh0gnffhklDvm8.webp 600w\" type=\"image\/webp\"><img decoding=\"async\" class=\"img-fluid\" loading=\"lazy\" width=\"600\" height=\"275\" alt=\"Kopersgids voor het kopen van vastgoed in Marbella\" src=\"https:\/\/media.panoramamarbella.com\/imgV1\/B95mbh8olwFQm~uCT2wPZMb8hll4wghQQQq6YWg0~c~U_DrmgY8pGP8pqaDzA6mvjyI_OPtcrHD_aKxDZZC7LigA21Gq2OAmacLYiJjE9O13ahvO0s5CEkRp96lUjZ4e8KcExYzpoFZ13fV4saiEOEAMiy9DY8Pa9YM-.jpg\"><\/picture>\t\t<\/figure>\n\t\n\n\n<h3 class=\"wp-block-heading\">Kopersgids voor het kopen van vastgoed in Marbella<\/h3>\n\n\n\n<p>Bijgewerkt 2025 \u00b7 Publicatie \u00b7 Marbella\/Costa del Sol<br><br>De gids is geschreven door Christopher Clover en put uit zijn tientallen jaren ervaring. Hij legt uit hoe serieuze kopers zich op de markt van Marbella bewegen: werk met een gekwalificeerde agent, stel vroeg een advocaat aan, rond AML-controles af, verkrijg een NIE en open een bankrekening. De gids zet de onderhandelingspraktijk, aanbetalingen, de aankoopvolgorde en de eigendomsregistratie uiteen, met een helder beeld van gebruikelijke kosten en timing voor een rechtlijnige afronding.<br><br>Lees meer: <a href=\"https:\/\/www.panoramamarbella.com\/nl\/kopersgids\">Kopersgids voor het kopen van vastgoed in Marbella (huidige editie)<\/a><\/p>\n\n\n\n<p>&nbsp;<\/p>\n\n\n\t<figure class=\"wp-caption alignright wp-block-acf-wpimage\">\n\t<picture><source width=\"600\" height=\"275\" srcset=\"https:\/\/media.panoramamarbella.com\/imgV1\/B95mbh8olwFQm~uCT2wPZMb8hll4wghQQQq6YWg0~c~U_DrmgY8pGP8pqaDzA6mvjyI_OPtcrHD_aKxDZZC7LjrY91ToWdJaG2uIFkcUFd41v2TvpSaXdE0ASKvocOxz3Is4KocdT~JPBCfw9nBZ5T98Y06_dPCmr80G~WzaLOjmzGg4WQg21MDdGMgn4WycamhYWA--.webp 600w\" type=\"image\/webp\"><img decoding=\"async\" class=\"img-fluid\" loading=\"lazy\" width=\"600\" height=\"275\" alt=\"Verkopersgids voor verkoop en afronding in Marbella\" src=\"https:\/\/media.panoramamarbella.com\/imgV1\/B95mbh8olwFQm~uCT2wPZMb8hll4wghQQQq6YWg0~c~U_DrmgY8pGP8pqaDzA6mvjyI_OPtcrHD_aKxDZZC7LjrY91ToWdJaG2uIFkcUFd41v2TvpSaXdE0ASKvocOxz3Is4KocdT~JPBCfw9nBZ5SEl4wHpmGQI8RcrsJAVRDSF.jpg\"><\/picture>\t\t<\/figure>\n\t\n\n\n<h3 class=\"wp-block-heading\">Verkopersgids voor verkoop en afronding in Marbella<\/h3>\n\n\n\n<p>Bijgewerkt 2025 \u00b7 Publicatie \u00b7 Marbella\/Costa del Sol<br><br>Panorama&#8217;s verkopersgids is gebaseerd op tientallen jaren praktijk in de internationale en voornamelijk second-home-gedreven prime en ultra-prime markt in de regio Marbella. De gids zet de essentie uiteen: realistische prijsstelling voor een verspreide kopersbasis, zorgvuldige voorbereiding en documentatie, en een aanpak die stabiele uitvoering verkiest boven theatrale effecten \u2014 zodat woningen ordelijk van bod naar afronding gaan.<br><br>Lees meer: <a href=\"https:\/\/www.panoramamarbella.com\/nl\/de-gids-voor-de-verkoper-in-marbella\">Verkopersgids voor verkoop en afronding in Marbella (huidige editie)<\/a><\/p>\n\n\n\n<p>&nbsp;<\/p>\n\n\n\t<figure class=\"wp-caption alignright wp-block-acf-wpimage\">\n\t<picture><source width=\"600\" height=\"275\" srcset=\"https:\/\/media.panoramamarbella.com\/imgV1\/B95mbh8olwFQm~uCT2wPZMb8hll4wghQQQq6YWg0~c~U_DrmgY8pGP8pqaDzA6mvjyI_OPtcrHD_aKxDZZC7LiwpOK5lwmKOODn3bsa3np8ECnEeInWanEXQTvorrEaNh1fKN_glKGhLOsUsg3cCXMxaIL2n2XPx_Q8u4RGjkkSbXdjj2sQTudgx6pXVCSH5Fstt1aAM.webp 600w\" type=\"image\/webp\"><img decoding=\"async\" class=\"img-fluid\" loading=\"lazy\" width=\"600\" height=\"275\" alt=\"FAQ\u2019s: vastgoed kopen, bezitten en verkopen in Marbella\" src=\"https:\/\/media.panoramamarbella.com\/imgV1\/B95mbh8olwFQm~uCT2wPZMb8hll4wghQQQq6YWg0~c~U_DrmgY8pGP8pqaDzA6mvjyI_OPtcrHD_aKxDZZC7LiwpOK5lwmKOODn3bsa3np8ECnEeInWanEXQTvorrEaNh1fKN_glKGhLOsUsg3cCXMxaPoaCcK4hCRqzcUeHX0igEWc-.jpg\"><\/picture>\t\t<\/figure>\n\t\n\n\n<h3 class=\"wp-block-heading\">FAQs: Buying, owning &amp; selling property in Marbella<\/h3>\n\n\n\n<p>FAQ\u2019s: vastgoed kopen, bezitten en verkopen in Marbella<br><br>Bijgewerkt 2025 \u00b7 Publicatie \u00b7 Marbella<br>Veelgestelde vragen, gedestilleerd uit tientallen jaren praktijk: aankoopkaders, eigendomsstructuren, lopende kosten, verhuuroverwegingen en verkoop. De antwoorden weerspiegelen lokale bijzonderheden en de documentatiestandaarden die serieuze kopers, verkopers en hun adviseurs verwachten.<br><br>Lees meer: FAQ\u2019s: <a href=\"https:\/\/www.panoramamarbella.com\/nl\/faq-kopen-bezitten-verkopen-marbella\" data-type=\"page\" data-id=\"5261\">vastgoed kopen, bezitten en verkopen in Marbella (huidige editie)<\/a><\/p>\n\n\n\n<p>&nbsp;<\/p>\n\n\n<hr class=\"w-75 mt-3 mt-md-5 mb-3 mb-md-6 mx-auto border-2 border-secondary opacity-50\">\n\n\n\n\n<h2 class=\"wp-block-heading clearfix mb-6\">Verenigingen en beroepsorganisaties (in chronologische volgorde)<\/h2>\n\n\n\t<figure class=\"wp-caption alignright wp-block-acf-wpimage\">\n\t<picture><source width=\"600\" height=\"275\" srcset=\"https:\/\/media.panoramamarbella.com\/imgV1\/B95mbh8olwFQm~uCT2wPZMb8hll4wghQQQq6YWg0~c~U_DrmgY8pGP8pqaDzA6mvjyI_OPtcrHD_aKxAUQW30XYA25caUCjX1_1L8nNya9wxf3Bor4A0YN46~_dii23V9JfPVXbWTMbZEEipcHKdZtwYs_6MYAr99hGyhvA6Nbo1cg--.png 600w\" type=\"image\/webp\"><img decoding=\"async\" class=\"img-fluid\" loading=\"lazy\" width=\"600\" height=\"275\" alt=\"Panorama sluit zich aan bij DOM3 Marbella\" src=\"https:\/\/media.panoramamarbella.com\/imgV1\/B95mbh8olwFQm~uCT2wPZMb8hll4wghQQQq6YWg0~c~U_DrmgY8pGP8pqaDzA6mvjyI_OPtcrHD_aKxAUQW30XYA25caUCjX1_1L8nNya9wxf3Bor4A0YN46~_dii23V9JfPVXbWTMbZEA--.png\"><\/picture>\t\t<\/figure>\n\t\n\n\n<h3 class=\"wp-block-heading\">Panorama Properties Joins DOM3 in Marbella<\/h3>\n\n\n\n<p>11 februari 2025 \u00b7 Vereniging \u00b7 Costa del Sol<\/p>\n\n\n\n<p>Panorama is lid geworden van DOM3 Marbella en versterkt daarmee haar commitment aan professionaliteit, ethiek en uitmuntendheid in de luxe vastgoedsector. Deze samenwerking brengt Panorama in lijn met toonaangevende makelaarskantoren die zich inzetten voor transparantie, samenwerking en het handhaven van de hoogste normen in de luxe vastgoedmarkt van Marbella.<\/p>\n\n\n\n<p class=\"clearfix\">Lees meer: \u200b\u200b<a href=\"https:\/\/www.panoramamarbella.com\/news\/panorama-joins-dom3-marbella\">DOM3-lidmaatschap, uitmuntendheid, luxe standaarden<\/a><\/p>\n\n\n\n<p>&nbsp;<\/p>\n\n\n\t<figure class=\"wp-caption alignright wp-block-acf-wpimage\">\n\t<picture><source width=\"600\" height=\"275\" srcset=\"https:\/\/media.panoramamarbella.com\/imgV1\/B95mbh8olwFQm~uCT2wPZMb8hll4wghQQQq6YWg0~c~U_DrmgY8pGP8pqaDzA6mvjyI_OPtcrHD_aKxDZZC7LiZxYTY7P6~sJAOylDZojqVulvud418htM2D6zH0YvUQwf_KfXhGf_rDjPFrgXRIpU~qPWWOHw7k3x7biSrYXD_e.webp 600w\" type=\"image\/webp\"><img decoding=\"async\" class=\"img-fluid\" loading=\"lazy\" width=\"600\" height=\"275\" alt=\"Leading Property Agents of Spain (LPA) - oprichtend lid; erevoorzitter\" src=\"https:\/\/media.panoramamarbella.com\/imgV1\/B95mbh8olwFQm~uCT2wPZMb8hll4wghQQQq6YWg0~c~U_DrmgY8pGP8pqaDzA6mvjyI_OPtcrHD_aKxDZZC7LiZxYTY7P6~sJAOylDZojqVulvud418htM2D6zH0fBwJ8j1b1NdOU84M2X_HSVg-.jpg\"><\/picture>\t\t<\/figure>\n\t\n\n\n<h3 class=\"wp-block-heading\">Leading Property Agents of Spain (LPA) &#8211; oprichtend lid; erevoorzitter<\/h3>\n\n\n\n<p>23 juli 2020 \u00b7 Vereniging \u00b7 Costa del Sol<br><br>Op 23 juli 2020 hielp Panorama bij de oprichting van Leading Property Agents of Spain (LPA). Christopher Clover is erevoorzitter. LPA bevordert gedeelde standaarden, transparante samenwerking en een constructieve dialoog over planning langs de hele Costa del Sol. Het is een sterke branchevereniging die Panorama\u2019s governance-first positie in de prime markt aanvult.<br><br>Lees meer: <a href=\"https:\/\/www.panoramamarbella.com\/nl\/news\/christopher-clover-erevoorzitter-lpa\">Leading Property Agents of Spain (LPA) \u2014 oprichtend lid; erevoorzitter<\/a><\/p>\n\n\n\n<p>&nbsp;<\/p>\n\n\n\t<figure class=\"wp-caption alignright wp-block-acf-wpimage\">\n\t<picture><source width=\"600\" height=\"275\" srcset=\"https:\/\/media.panoramamarbella.com\/imgV1\/B95mbh8olwFQm~uCT2wPZMb8hll4wghQQQq6YWg0~c~U_DrmgY8pGP8pqaDzA6mvjyI_OPtcrHD_aKxDZZC7Li0DPQK6YzEE58htHhgWvWHJljks3mxiUT1Bgzar7l5ctC0XqEgTaf63Tsmx1oqqocdb9wsdZSd0axt0RL5MriuKcQ--.webp 600w\" type=\"image\/webp\"><img decoding=\"async\" class=\"img-fluid\" loading=\"lazy\" width=\"600\" height=\"275\" alt=\"GIPE-lidmaatschap - Christopher Clover (sinds 1997)\" src=\"https:\/\/media.panoramamarbella.com\/imgV1\/B95mbh8olwFQm~uCT2wPZMb8hll4wghQQQq6YWg0~c~U_DrmgY8pGP8pqaDzA6mvjyI_OPtcrHD_aKxDZZC7Li0DPQK6YzEE58htHhgWvWHJljks3mxiUT1Bgzar7kAFbZrfoWB79fI0MfE6eATp.jpg\"><\/picture>\t\t<\/figure>\n\t\n\n\n<h3 class=\"wp-block-heading\">GIPE-lidmaatschap &#8211; Christopher Clover (sinds 1997)<\/h3>\n\n\n\n<p>Sinds 1997 \u00b7 Vereniging \u00b7 Spanje\/Europa<br><br>Christopher Clover is al lange tijd lid van GIPE (Gestores Inmobiliarios Profesionales Europeos). Het lidmaatschap omvat CEPI-affiliatie (European Associate of Real Estate Professions) (MMCEPI), wat een pan-Europese professionele inbedding biedt naast de Spaanse praktijk. Er zijn openbare verificatielinks beschikbaar voor de vermeldingen van het kantoor en de vereniging; het lidmaatschap helpt om ordelijke samenwerking bij grensoverschrijdende zaken te kaderen.<br><br>Lees meer: <a href=\"https:\/\/www.panoramamarbella.com\/nl\/news\/gipe\">Christopher Clovers GIPE-lidmaatschap \u2013 profiel en consumentenbescherming (sinds)<\/a><\/p>\n\n\n\n<p>&nbsp;<\/p>\n\n\n\t<figure class=\"wp-caption alignright wp-block-acf-wpimage\">\n\t<picture><source width=\"600\" height=\"275\" srcset=\"https:\/\/media.panoramamarbella.com\/imgV1\/B95mbh8olwFQm~uCT2wPZMb8hll4wghQQQq6YWg0~c~U_DrmgY8pGP8pqaDzA6mvjyI_OPtcrHD_aKxDZZC7LiwyS8T7FoacLWqG8DGTsYMFwciWm_f1_wiEaIRjiDF0Wja8Rhu~dAV1CA2K1uFqluHAor~sgEz7w3EbV~Q2IvOAxqNi1W8_zZCyrrh3cyo-.webp 600w\" type=\"image\/webp\"><img decoding=\"async\" class=\"img-fluid\" loading=\"lazy\" width=\"600\" height=\"275\" alt=\"Deelname aan FIABCI \u2014 internationaal professioneel netwerk (sinds de jaren 70)\" src=\"https:\/\/media.panoramamarbella.com\/imgV1\/B95mbh8olwFQm~uCT2wPZMb8hll4wghQQQq6YWg0~c~U_DrmgY8pGP8pqaDzA6mvjyI_OPtcrHD_aKxDZZC7LiwyS8T7FoacLWqG8DGTsYMFwciWm_f1_wiEaIRjiDF0Wja8Rhu~dAV1CA2UfnshUN~WRKDZ~PnI5PbjQA--.jpg\"><\/picture>\t\t<\/figure>\n\t\n\n\n<h3 class=\"wp-block-heading\">Deelname aan FIABCI \u2014 internationaal professioneel netwerk (sinds de jaren 70)<\/h3>\n\n\n\n<p>Sinds de jaren 70 \u00b7 Vereniging \u00b7 Internationaal<br><br>Panorama neemt al lange tijd deel aan FIABCI, de International Real Estate Federation \u2014 opgericht in 1951 in Parijs \u2014, als wereldwijd zakelijk netwerk dat meer dan 70 landen en vele vastgoeddisciplines omvat. FIABCI heeft consultatieve status bij de VN ECOSOC en faciliteert grensoverschrijdende verbindingen en kennisuitwisseling. Hoewel de rol niet die van regulering omvat, is het nog steeds een belangrijk internationaal professioneel netwerk.<br><br>Lees meer: <a href=\"https:\/\/www.panoramamarbella.com\/nl\/news\/fiabci-vastgoedfederatie\">Deelname aan FIABCI \u2014 internationaal professioneel netwerk (sinds de jaren 70)<\/a><\/p>\n\n\n\t<figure class=\"wp-caption alignright wp-block-acf-wpimage\">\n\t<picture><source width=\"600\" height=\"275\" srcset=\"https:\/\/media.panoramamarbella.com\/imgV1\/B95mbh8olwFQm~uCT2wPZMb8hll4wghQQQq6YWg0~c~U_DrmgY8pGP8pqaDzA6mvjyI_OPtcrHD_aKxDZZC7Ljjlwnoeb5T1moOTLg11USP7poNYSNM_nGqV0df7vVmNMQ7g1XwZmOjuOsG_vBZ4H3BAgtgRLujlMShJwMf8RYByWRo0StwjoLsl03f90OiKx5Y-.webp 600w\" type=\"image\/webp\"><img decoding=\"async\" class=\"img-fluid\" loading=\"lazy\" width=\"600\" height=\"275\" alt=\"Christopher Clover, 12 jaar lid van de Rotary Club\" src=\"https:\/\/media.panoramamarbella.com\/imgV1\/B95mbh8olwFQm~uCT2wPZMb8hll4wghQQQq6YWg0~c~U_DrmgY8pGP8pqaDzA6mvjyI_OPtcrHD_aKxDZZC7Ljjlwnoeb5T1moOTLg11USP7poNYSNM_nGqV0df7vVmNMQ7g1XwZmOjuOsG_vBZmGX9KNeG5XWfHT64YAZ3AfQ--.jpg\"><\/picture>\t\t<\/figure>\n\t\n\n\n<h3 class=\"wp-block-heading\">Christopher Clover, 12 jaar lid van de Rotary Club<\/h3>\n\n\n\n<p>Jaren 90 en 2000 \u00b7 Vereniging \u00b7 Marbella<br><br>Managing Director Christopher Clover was twaalf jaar actief bij Rotary Club Marbella en droeg bij aan beurscampagnes, kustschoonmaakacties en lokale gezondheidsinitiatieven. Dat werk weerspiegelt Panorama\u2019s ethos van gestage dienstverlening en maatschappelijke betrokkenheid \u2014 rustig, praktisch en volgehouden naast het dagelijkse leiderschap in de prime markt.<br><br>Lees meer: <a href=\"https:\/\/www.panoramamarbella.com\/nl\/news\/rotary-club-marbella\">Christopher Clover, 12 jaar lid van de Rotary Club<\/a><\/p>\n\n\n\n<p>&nbsp;<\/p>\n\n\n<hr class=\"w-75 mt-3 mt-md-5 mb-3 mb-md-6 mx-auto border-2 border-secondary opacity-50\">\n\n\n\n\n<h2 class=\"wp-block-heading clearfix mb-6\">Commerci\u00eble partnerships (in omgekeerd chronologische volgorde)<\/h2>\n\n\n\t<figure class=\"wp-caption alignright wp-block-acf-wpimage\">\n\t<picture><source width=\"600\" height=\"275\" srcset=\"https:\/\/media.panoramamarbella.com\/imgV1\/B95mbh8olwFQm~uCT2wPZMb8hll4wghQQQq6YWg0~c~U_DrmgY8pGP8pqaDzA6mvjyI_OPtcrHD_aKxDZZC7LiAQnFAqItwrpHEEO9mWtSa2M61ZgrREvc0EjIOBka8AVe3LC3A2dKxI1aIPkPxm~6cLAliEI99cwurdHdKzSJ3SzfUuX1acKG9lU2LuibPjvfBkBdw-.webp 600w\" type=\"image\/webp\"><img decoding=\"async\" class=\"img-fluid\" loading=\"lazy\" width=\"600\" height=\"275\" alt=\"Associated Agent \u2013 John D. Wood &amp; Co. (vanaf juli 2024)\" src=\"https:\/\/media.panoramamarbella.com\/imgV1\/B95mbh8olwFQm~uCT2wPZMb8hll4wghQQQq6YWg0~c~U_DrmgY8pGP8pqaDzA6mvjyI_OPtcrHD_aKxDZZC7LiAQnFAqItwrpHEEO9mWtSa2M61ZgrREvc0EjIOBka8AVe3LC3A2dKxI1aIPkPxm~6cVJItFr5SVhlMHVKlHvs6qEw--.jpg\"><\/picture>\t\t<\/figure>\n\t\n\n\n<h3 class=\"wp-block-heading\">Associated Agent \u2013 John D. Wood &amp; Co. (vanaf juli 2024)<\/h3>\n\n\n\n<p>5 juli 2024 \u00b7 Partnerships \u00b7 VK\/Marbella<br><br>De relatie als Associated Agent met John D. Wood &amp; Co. (opgericht in 1872) verbindt vastgoed in Marbella met de gevestigde ultra-prime vraag in Londen. De samenwerking voegt een praktische grensoverschrijdende route toe voor gekwalificeerde aanvragen en bewaart tegelijk de onafhankelijkheid van Panorama en de dagelijkse governance-standaarden.<br><br>Lees meer: <a href=\"https:\/\/www.panoramamarbella.com\/nl\/news\/panorama-en-john-d-wood\">Associated Agent \u2013 John D. Wood &amp; Co. (vanaf juli 2024)<\/a><\/p>\n\n\n\n<p>&nbsp;<\/p>\n\n\n\t<figure class=\"wp-caption alignright wp-block-acf-wpimage\">\n\t<picture><source width=\"600\" height=\"275\" srcset=\"https:\/\/media.panoramamarbella.com\/imgV1\/B95mbh8olwFQm~uCT2wPZMb8hll4wghQQQq6YWg0~c~U_DrmgY8pGP8pqaDzA6mvjyI_OPtcrHD_aKxDZZC7LjrMbEMVh9Bozsw85brqSef0kxsPTLvkHhU4pQKBUFh_BIGq_mJ_25PjrR2KvZYCbj8Ip2ShfoARucNRsClE2vPnfE_DHNVyy6a~JBgo~9BH~8bJpMtbvg--.webp 600w\" type=\"image\/webp\"><img decoding=\"async\" class=\"img-fluid\" loading=\"lazy\" width=\"600\" height=\"275\" alt=\"Puente Romano Real Estate - offici\u00eble on-resort agency (ge\u00ebxploiteerd door Panorama)\" src=\"https:\/\/media.panoramamarbella.com\/imgV1\/B95mbh8olwFQm~uCT2wPZMb8hll4wghQQQq6YWg0~c~U_DrmgY8pGP8pqaDzA6mvjyI_OPtcrHD_aKxDZZC7LjrMbEMVh9Bozsw85brqSef0kxsPTLvkHhU4pQKBUFh_BIGq_mJ_25PjrR2KvZYCbj8Ip3pkoJz5WEDTku6HOLyGR345.jpg\"><\/picture>\t\t<\/figure>\n\t\n\n\n<h3 class=\"wp-block-heading\">Puente Romano Real Estate &#8211; offici\u00eble on-resort agency (ge\u00ebxploiteerd door Panorama)<\/h3>\n\n\n\n<p>Doorlopend \u00b7 Partnerships \u00b7 Marbella<br><br>Puente Romano Real Estate is de offici\u00eble on-resort agency voor twee van de meest prestigieuze hotels van Marbella \u2013 Puente Romano Marbella en Nobu Marbella \u2013 en wordt door Panorama ge\u00ebxploiteerd namens de hotels. De aanwezigheid op locatie biedt directe toegang voor gekwalificeerde vragen van gasten en private viewings binnen het resort.<br><br>Lees meer: <a href=\"https:\/\/www.puenteromanorealestate.com\/about-us\/who-we-are\" target=\"_blank\" data-type=\"link\" data-id=\"https:\/\/www.puenteromanorealestate.com\/about-us\/who-we-are\" rel=\"noreferrer noopener nofollow\">Puente Romano Real Estate &#8211; offici\u00eble on-resort agency (ge\u00ebxploiteerd door Panorama)<\/a><\/p>\n\n\n\n<p>&nbsp;<\/p>\n\n\n<hr class=\"w-75 mt-3 mt-md-5 mb-3 mb-md-6 mx-auto border-2 border-secondary opacity-50\">\n\n\n\n\n<h2 class=\"wp-block-heading clearfix mb-6\">Baanbrekende mijlpalen (chronologisch)<\/h2>\n\n\n\t<figure class=\"wp-caption alignright wp-block-acf-wpimage\">\n\t<picture><source width=\"600\" height=\"275\" srcset=\"https:\/\/media.panoramamarbella.com\/imgV1\/B95mbh8olwFQm~uCT2wPZMb8hll4wghQQQq6YWg0~c~U_DrmgY8pGP8pqaDzA6mvjyI_OPtcrHD_aKxDZZC7Lnu9zb9UTcenrkniYjIJRUNcZXdkb4ua~MFtWkwVz1Bjj5WG2~skeF5H4XnQZsWNvajEys5aYKVM2B0nnpH8HKmw1iTYHvla.webp 600w\" type=\"image\/webp\"><img decoding=\"async\" class=\"img-fluid\" loading=\"lazy\" width=\"600\" height=\"275\" alt=\"familiaal vastgoed\u00aderfgoed, sinds 1904\" src=\"https:\/\/media.panoramamarbella.com\/imgV1\/B95mbh8olwFQm~uCT2wPZMb8hll4wghQQQq6YWg0~c~U_DrmgY8pGP8pqaDzA6mvjyI_OPtcrHD_aKxDZZC7Lnu9zb9UTcenrkniYjIJRUNcZXdkb4ua~MFtWkwVz1Bjj5WGxalDS7Yel_3p82D~q2UroN0-.jpg\"><\/picture>\t\t<\/figure>\n\t\n\n\n<h3 class=\"wp-block-heading\">Een uniek familiaal vastgoed\u00aderfgoed, sinds 1904<\/h3>\n\n\n\n<p class=\"has-text-align-left\">1904 tot heden \u00b7 Geschiedenis \u00b7 Internationaal<br><br>Door vier generaties sinds 1904 te volgen, loopt het verhaal van Panorama van de buitenwijken van Chicago tot de Golden Mile van Marbella. Lokaal opgericht in 1970 als de eerste internationale agency van de stad, was de familie Clover pionier met inspection flights en zette zij vroeg een maatstaf voor ethiek en service. Vandaag zetten Christopher, Katinka en Alex een langetermijnvisie op luxe vastgoed voort.<br><br>Lees meer: <a href=\"https:\/\/www.panoramamarbella.com\/nl\/over-ons\/120-jaar-vastgoedfamilie\">Ontdek Panorama\u2019s 120-jarige vastgoed\u00aderfgoed<\/a><\/p>\n\n\n\t<figure class=\"wp-caption alignright wp-block-acf-wpimage\">\n\t<picture><source width=\"600\" height=\"275\" srcset=\"https:\/\/media.panoramamarbella.com\/imgV1\/B95mbh8olwFQm~uCT2wPZMb8hll4wghQQQq6YWg0~c~U_DrmgY8pGP8pqaDzA6mvjyI_OPtcrHD_aKxDZZC7LieJ18~WHKrRLU44ojswna40qDXAm59b~eZ8i3Mym2to9W7ox93~ABgv9F4qaA14UDuhhf4X4zozjIRiEvXHbqrtftfvTr1BMzBT4urYBmcB9g--.webp 600w\" type=\"image\/webp\"><img decoding=\"async\" class=\"img-fluid\" loading=\"lazy\" width=\"600\" height=\"275\" alt=\"Panorama is de langst gevestigde vastgoedmakelaar in Marbella, opgericht in 1970\" src=\"https:\/\/media.panoramamarbella.com\/imgV1\/B95mbh8olwFQm~uCT2wPZMb8hll4wghQQQq6YWg0~c~U_DrmgY8pGP8pqaDzA6mvjyI_OPtcrHD_aKxDZZC7LieJ18~WHKrRLU44ojswna40qDXAm59b~eZ8i3Mym2to9W7ox93~ABgv9F4qaBMXaiu0g8_q~k8f0j0dq6sr.jpg\"><\/picture>\t\t<\/figure>\n\t\n\n\n<h3 class=\"wp-block-heading\">Panorama is de langst gevestigde vastgoedmakelaar in Marbella, opgericht in 1970<\/h3>\n\n\n\n<p class=\"has-text-align-left\">1970 tot heden \u00b7 Geschiedenis \u00b7 Marbella<br><br>De memoires van Christopher Clover over de beginjaren van Panorama schetsen een Marbella van 1970 met grindwegen en internationale intrige. Als eerste internationale agency aan de kust introduceerde Panorama nieuwe praktijken, voedde het de wereldwijde vraag en hielp het het luxe traject van het resort vorm te geven \u2014 fundamenten die nog altijd doorklinken in de bedachtzame werkwijze van het kantoor.<br><br>Lees meer: <a href=\"https:\/\/www.panoramamarbella.com\/nl\/over-ons\/marbella-in-de-jaren-70\">Het begin van Panorama in Marbella in de jaren 70<\/a><\/p>\n\n\n\t<figure class=\"wp-caption alignright wp-block-acf-wpimage\">\n\t<picture><source width=\"600\" height=\"275\" srcset=\"https:\/\/media.panoramamarbella.com\/imgV1\/B95mbh8olwFQm~uCT2wPZMb8hll4wghQQQq6YWg0~c~U_DrmgY8pGP8pqaDzA6mvjyI_OPtcrHD_aKxDZZC7LiwyWPovcrNKuS7o~0XoBBhksEjNnekCdeHZNqGg1kY9khGScPqguGfL_qAmJgt1J9NFRU82XiyiEAa9D4QTBSztOVAoabPSCi~JOHQWwwKc8MeC0Ht8.webp 600w\" type=\"image\/webp\"><img decoding=\"async\" class=\"img-fluid\" loading=\"lazy\" width=\"600\" height=\"275\" alt=\"Eerste internationale vastgoedagency in Marbella die inspection flights introduceerde\" src=\"https:\/\/media.panoramamarbella.com\/imgV1\/B95mbh8olwFQm~uCT2wPZMb8hll4wghQQQq6YWg0~c~U_DrmgY8pGP8pqaDzA6mvjyI_OPtcrHD_aKxDZZC7LiwyWPovcrNKuS7o~0XoBBhksEjNnekCdeHZNqGg1kY9khGScPqguGfL_qAmJgt1J9NFW4ka~mNP24Tq_8cMhM8~mQU-.jpg\"><\/picture>\t\t<\/figure>\n\t\n\n\n<h3 class=\"wp-block-heading\">Eerste internationale vastgoedagency in Marbella die in 1968 property inspection flights introduceerde<\/h3>\n\n\n\n<p>13 januari 1975 \u00b7 Mijlpaal \u00b7 Costa del Sol<br><br>Vanaf 1968, en gedurende meerdere jaren daarna, was Panorama pionier met gecharterde inspection flights, waarbij gekwalificeerde buitenlandse kopers werden ingevlogen om woningen aan de Costa del Sol te bekijken en te kopen. Het initiatief professionaliseerde de vraaggeneratie, vergrootte het internationale bereik en hielp Marbella te verankeren als Europese bestemming voor prime vastgoed.<br><br>Lees meer: <a href=\"https:\/\/www.panoramamarbella.com\/nl\/news\/eerste-internationale-makelaarskantoor-marbella\">Panorama was het eerste kantoor aan de Costa del Sol dat inspection flights introduceerde<\/a><\/p>\n\n\n\t<figure class=\"wp-caption alignright wp-block-acf-wpimage\">\n\t<picture><source width=\"600\" height=\"275\" srcset=\"https:\/\/media.panoramamarbella.com\/imgV1\/B95mbh8olwFQm~uCT2wPZMb8hll4wghQQQq6YWg0~c~U_DrmgY8pGP8pqaDzA6mvjyI_OPtcrHD_aKxDZZC7LiwyWPovcrV8oJIYzxzUmuju_XzWkEuy9Uf3GQ~dGIpqr8bSn13ze_jssQNgUXI4LcimKkXgQI4oFaWT4YniyOyEXf8osCTdPPwNi1WJc84lgkBg7iXfhw__QrJK.webp 600w\" type=\"image\/webp\"><img decoding=\"async\" class=\"img-fluid\" loading=\"lazy\" width=\"600\" height=\"275\" alt=\"Marbella\u2019s eerste open house was in 1982, georganiseerd door Panorama\" src=\"https:\/\/media.panoramamarbella.com\/imgV1\/B95mbh8olwFQm~uCT2wPZMb8hll4wghQQQq6YWg0~c~U_DrmgY8pGP8pqaDzA6mvjyI_OPtcrHD_aKxDZZC7LiwyWPovcrV8oJIYzxzUmuju_XzWkEuy9Uf3GQ~dGIpqr8bSn13ze_jssQNgUXI4LcimKkXgQI4oC_y6OGQTp5c6isxKIKni0NA-.jpg\"><\/picture>\t\t<\/figure>\n\t\n\n\n<h3 class=\"wp-block-heading\">Eerste Open House aan de Costa del Sol<\/h3>\n\n\n\n<p>1982 \u00b7 Mijlpaal \u00b7 Marbella (Nueva Andaluc\u00eda)<br><br>In 1982 introduceerde Panorama Marbella\u2019s eerste open house in Las Brisas, Nueva Andaluc\u00eda, waarbij collega-makelaars werden uitgenodigd om een woning te bezichtigen en samenwerking met commissiedeling werd bevorderd. Onder leiding van wijlen de in Californi\u00eb opgeleide makelaar Vicky de Rivera, met begeleiding van Christopher Clover, stimuleerde het initiatief transparantie en veranderde het de lokale marketingpraktijk.<br><br>Lees meer: <a href=\"https:\/\/www.panoramamarbella.com\/nl\/news\/eerste-open-house-marbella-in-1982\">Panorama was pionier van het eerste open house aan de Costa del Sol<\/a><\/p>\n\n\n<hr class=\"w-75 mt-3 mt-md-5 mb-3 mb-md-6 mx-auto border-2 border-secondary opacity-50\">\n\n\n\n\n<h2 class=\"wp-block-heading clearfix mb-6\">Aanwezigheid en kantoren<\/h2>\n\n\n\t<figure class=\"wp-caption alignright wp-block-acf-wpimage\">\n\t<picture><source width=\"600\" height=\"275\" srcset=\"https:\/\/media.panoramamarbella.com\/imgV1\/B95mbh8olwFQm~uCT2wPZMb8hll4wghQQQq6YWg0~c~U_DrmgY8pGP8pqaDzA6mvjyI_OPtcrHD_aKxDZZC7LjrMbEMVh9Bozsw85brqS6Utio5esPk7_eFNJKzQKZd1qgSo7g1nlTs3biAkKXUreKY3qRL2~fg0hMBOXGiBHAxVw5ajcb2FTVV7mPoEyJNVBUyXhQpUVke5HVQ-.webp 600w\" type=\"image\/webp\"><img decoding=\"async\" class=\"img-fluid\" loading=\"lazy\" width=\"600\" height=\"275\" alt=\"Ons gerenoveerde verkoopkantoor naast de receptie van het Nobu hotel in Puente Romano\" src=\"https:\/\/media.panoramamarbella.com\/imgV1\/B95mbh8olwFQm~uCT2wPZMb8hll4wghQQQq6YWg0~c~U_DrmgY8pGP8pqaDzA6mvjyI_OPtcrHD_aKxDZZC7LjrMbEMVh9Bozsw85brqS6Utio5esPk7_eFNJKzQKZd1qgSo7g1nlTs3biAkKXUreKY3qRL2~fgqwvgWhTnoFg3RNYYkAF4JjQ--.jpg\"><\/picture>\t\t<\/figure>\n\t\n\n\n<h3 class=\"wp-block-heading\">Panorama flagship-kantoren &#8211; het spectaculairste kantoor van de Costa del Sol in Puente Romano Resort, plus tegenover de Marbella Club<\/h3>\n\n\n\n<p>11 december 2020 \u00b7 Aanwezigheid \u00b7 Marbella (Golden Mile)<br><br>Een dubbele flagship-aanwezigheid aan de Golden Mile: een kantoor in Puente Romano Beach Resort en nog een kantoor tegenover het Marbella Club Hotel. Het flagship-kantoor in Puente Romano werd in december 2020 door de burgemeester ingewijd en beschikt over digitale signage van retailkwaliteit en een acht meter brede verlichte luchtfoto-muur.<br><br>Lees meer: <a href=\"https:\/\/www.panoramamarbella.com\/nl\/news\/kantoor-in-puente-romano-marbella\">Panorama onthult zijn flagship-kantoor in Marbella en markeert 50 jaar excellentie<\/a><\/p>\n\n\n\n<p>&nbsp;<\/p>\n\n\n\t<figure class=\"wp-caption alignright wp-block-acf-wpimage\">\n\t<picture><source width=\"600\" height=\"275\" srcset=\"https:\/\/media.panoramamarbella.com\/imgV1\/B95mbh8olwFQm~uCT2wPZMb8hll4wghQQQq6YWg0~c~U_DrmgY8pGP8pqaDzA6mvjyI_OPtcrHD_aKxDZZC7LjrLRe0dcVGh8TpXng8t9UescEpBimXnQBvFSFUj1R~XF6JG1wqjLxBaSpk9oT7EVyl_06s5RHzr73WLGGSWrEMcu_OcWD0W9mE-.webp 600w\" type=\"image\/webp\"><img decoding=\"async\" class=\"img-fluid\" loading=\"lazy\" width=\"600\" height=\"275\" alt=\"Kantoor van Puente Romano Real Estate\" src=\"https:\/\/media.panoramamarbella.com\/imgV1\/B95mbh8olwFQm~uCT2wPZMb8hll4wghQQQq6YWg0~c~U_DrmgY8pGP8pqaDzA6mvjyI_OPtcrHD_aKxDZZC7LjrLRe0dcVGh8TpXng8t9UescEpBimXnQBvFSFUj1R~XF6JG1wq9JCrCg75eQS0txLDmUwpFAg--.jpg\"><\/picture>\t\t<\/figure>\n\t\n\n\n<h3 class=\"wp-block-heading\">Kantoor van Puente Romano Real Estate &#8211; aparte offici\u00eble resort-agency in de hotelreceptie &#8211; ge\u00ebxploiteerd door Panorama<\/h3>\n\n\n\n<p>Sinds 2020 \u00b7 Aanwezigheid \u00b7 Marbella (Puente Romano)<br><br>Puente Romano Real Estate is de offici\u00eble on-resort agency voor Puente Romano en Nobu Marbella, ge\u00ebxploiteerd door Panorama vanuit een kantoor in de hotelreceptie. Het is een aparte agency met een eigen website en wordt door Panorama namens de hotels ge\u00ebxploiteerd, onderscheiden van Panorama\u2019s flagship-kantoor aan de Golden Mile.<br><br>Lees meer: <a href=\"https:\/\/www.puenteromanorealestate.com\/contact\" target=\"_blank\" rel=\"noreferrer noopener nofollow\">Kantoor van Puente Romano Real Estate &#8211; aparte offici\u00eble resort-agency in de hotelreceptie<\/a><\/p>\n\n\n\n<p>&nbsp;<\/p>\n\n","protected":false},"excerpt":{"rendered":"","protected":false},"author":11,"featured_media":32186,"parent":5265,"menu_order":1,"comment_status":"closed","ping_status":"closed","template":"","meta":{"_acf_changed":false,"footnotes":""},"class_list":["post-43732","page","type-page","status-publish","has-post-thumbnail","hentry"],"acf":[],"_links":{"self":[{"href":"https:\/\/www.panoramamarbella.com\/nl\/wp-json\/wp\/v2\/pages\/43732","targetHints":{"allow":["GET"]}}],"collection":[{"href":"https:\/\/www.panoramamarbella.com\/nl\/wp-json\/wp\/v2\/pages"}],"about":[{"href":"https:\/\/www.panoramamarbella.com\/nl\/wp-json\/wp\/v2\/types\/page"}],"author":[{"embeddable":true,"href":"https:\/\/www.panoramamarbella.com\/nl\/wp-json\/wp\/v2\/users\/11"}],"replies":[{"embeddable":true,"href":"https:\/\/www.panoramamarbella.com\/nl\/wp-json\/wp\/v2\/comments?post=43732"}],"version-history":[{"count":74,"href":"https:\/\/www.panoramamarbella.com\/nl\/wp-json\/wp\/v2\/pages\/43732\/revisions"}],"predecessor-version":[{"id":44767,"href":"https:\/\/www.panoramamarbella.com\/nl\/wp-json\/wp\/v2\/pages\/43732\/revisions\/44767"}],"up":[{"embeddable":true,"href":"https:\/\/www.panoramamarbella.com\/nl\/wp-json\/wp\/v2\/pages\/5265"}],"wp:featuredmedia":[{"embeddable":true,"href":"https:\/\/www.panoramamarbella.com\/nl\/wp-json\/wp\/v2\/media\/32186"}],"wp:attachment":[{"href":"https:\/\/www.panoramamarbella.com\/nl\/wp-json\/wp\/v2\/media?parent=43732"}],"curies":[{"name":"wp","href":"https:\/\/api.w.org\/{rel}","templated":true}]}}